{"id":59883,"date":"2019-01-25T17:13:37","date_gmt":"2019-01-25T15:13:37","guid":{"rendered":"https:\/\/www.smarttravelers.de\/portugal\/lissabon\/"},"modified":"2020-12-28T23:45:00","modified_gmt":"2020-12-28T21:45:00","slug":"lisbon","status":"publish","type":"page","link":"https:\/\/www.smarttravelers.de\/en\/portugal\/lisbon\/","title":{"rendered":"Lisbon"},"content":{"rendered":"<div class=\"fusion-fullwidth fullwidth-box fusion-builder-row-1 nonhundred-percent-fullwidth non-hundred-percent-height-scrolling\" style=\"background-color: #ffffff;background-position: center center;background-repeat: no-repeat;padding-top:0px;padding-right:0px;padding-bottom:0px;padding-left:0px;margin-bottom: 0px;margin-top: 0px;border-width: 0px 0px 0px 0px;border-color:rgba(255,255,255,0);border-style:solid;\" ><div class=\"fusion-builder-row fusion-row\"><div class=\"fusion-layout-column fusion_builder_column fusion-builder-column-0 fusion_builder_column_1_1 1_1 fusion-one-full fusion-column-first fusion-column-last\" style=\"margin-top:0px;margin-bottom:20px;\"><div class=\"fusion-column-wrapper fusion-flex-column-wrapper-legacy\" style=\"background-position:left top;background-repeat:no-repeat;-webkit-background-size:cover;-moz-background-size:cover;-o-background-size:cover;background-size:cover;padding: 0px 0px 0px 0px;\"><style type=\"text\/css\"><\/style><div class=\"fusion-title title fusion-title-1 fusion-sep-none fusion-title-center fusion-title-text fusion-title-size-one\" style=\"margin-top:0px;margin-right:0px;margin-bottom:31px;margin-left:0px;\"><h1 class=\"title-heading-center\" style=\"margin:0;\"><h1 style=\"text-align: center;\"><strong>LISBON<\/strong><\/h1><\/h1><\/div><div class=\"fusion-sep-clear\"><\/div><div class=\"fusion-separator\" style=\"margin-left: auto;margin-right: auto;margin-top:5px;margin-bottom:30px;width:100%;max-width:150px;\"><div class=\"fusion-separator-border sep-single sep-solid\" style=\"border-color:#e0dede;border-top-width:1px;\"><\/div><\/div><div class=\"fusion-sep-clear\"><\/div><div class=\"fusion-clearfix\"><\/div><\/div><\/div><\/div><\/div><div class=\"fusion-fullwidth fullwidth-box fusion-builder-row-2 nonhundred-percent-fullwidth non-hundred-percent-height-scrolling\" style=\"background-color: #ffffff;background-position: center center;background-repeat: no-repeat;padding-top:0px;padding-right:10%;padding-bottom:0px;padding-left:10%;margin-bottom: 40px;margin-top: 0px;border-width: 0px 0px 0px 0px;border-color:rgba(255,255,255,0);border-style:solid;\" ><div class=\"fusion-builder-row fusion-row\"><div class=\"fusion-layout-column fusion_builder_column fusion-builder-column-1 fusion_builder_column_1_6 1_6 fusion-one-sixth fusion-column-first\" style=\"width:16.6666666667%;width:calc(16.6666666667% - ( ( 4% + 4% + 4% + 4% + 4% ) * 0.166666666667 ) );margin-right: 4%;margin-top:0px;margin-bottom:20px;\"><div class=\"fusion-column-wrapper fusion-flex-column-wrapper-legacy\" style=\"background-position:left top;background-repeat:no-repeat;-webkit-background-size:cover;-moz-background-size:cover;-o-background-size:cover;background-size:cover;padding: 0px 0px 0px 0px;\"><div class=\"imageframe-align-center\"><span class=\" fusion-imageframe imageframe-none imageframe-1 hover-type-none\"><a class=\"fusion-no-lightbox\" href=\"#wen\" target=\"_self\" aria-label=\"icon_person\"><img decoding=\"async\" width=\"68\" height=\"68\" src=\"http:\/\/www.smarttravelers.de\/wp-content\/uploads\/2018\/02\/icon_person-1.png\" class=\"img-responsive wp-image-34575\" srcset=\"https:\/\/www.smarttravelers.de\/wp-content\/uploads\/2018\/02\/icon_person-1-66x66.png 66w, https:\/\/www.smarttravelers.de\/wp-content\/uploads\/2018\/02\/icon_person-1.png 68w\" sizes=\"(max-width: 68px) 100vw, 68px\" \/><\/a><\/span><\/div><div class=\"fusion-clearfix\"><\/div><\/div><\/div><div class=\"fusion-layout-column fusion_builder_column fusion-builder-column-2 fusion_builder_column_1_6 1_6 fusion-one-sixth\" style=\"width:16.6666666667%;width:calc(16.6666666667% - ( ( 4% + 4% + 4% + 4% + 4% ) * 0.166666666667 ) );margin-right: 4%;margin-top:0px;margin-bottom:20px;\"><div class=\"fusion-column-wrapper fusion-flex-column-wrapper-legacy\" style=\"background-position:left top;background-repeat:no-repeat;-webkit-background-size:cover;-moz-background-size:cover;-o-background-size:cover;background-size:cover;padding: 0px 0px 0px 0px;\"><div class=\"imageframe-align-center\"><span class=\" fusion-imageframe imageframe-none imageframe-2 hover-type-none\"><a class=\"fusion-no-lightbox\" href=\"#wann\" target=\"_self\" aria-label=\"icon_kalender\"><img decoding=\"async\" width=\"68\" height=\"68\" src=\"http:\/\/www.smarttravelers.de\/wp-content\/uploads\/2018\/02\/icon_kalender-2.png\" class=\"img-responsive wp-image-34571\" srcset=\"https:\/\/www.smarttravelers.de\/wp-content\/uploads\/2018\/02\/icon_kalender-2-66x66.png 66w, https:\/\/www.smarttravelers.de\/wp-content\/uploads\/2018\/02\/icon_kalender-2.png 68w\" sizes=\"(max-width: 68px) 100vw, 68px\" \/><\/a><\/span><\/div><div class=\"fusion-clearfix\"><\/div><\/div><\/div><div class=\"fusion-layout-column fusion_builder_column fusion-builder-column-3 fusion_builder_column_1_6 1_6 fusion-one-sixth\" style=\"width:16.6666666667%;width:calc(16.6666666667% - ( ( 4% + 4% + 4% + 4% + 4% ) * 0.166666666667 ) );margin-right: 4%;margin-top:0px;margin-bottom:20px;\"><div class=\"fusion-column-wrapper fusion-flex-column-wrapper-legacy\" style=\"background-position:left top;background-repeat:no-repeat;-webkit-background-size:cover;-moz-background-size:cover;-o-background-size:cover;background-size:cover;padding: 0px 0px 0px 0px;\"><div class=\"imageframe-align-center\"><span class=\" fusion-imageframe imageframe-none imageframe-3 hover-type-none\"><a class=\"fusion-no-lightbox\" href=\"#wohin\" target=\"_self\" aria-label=\"trinken\"><img decoding=\"async\" width=\"68\" height=\"68\" src=\"http:\/\/www.smarttravelers.de\/wp-content\/uploads\/2018\/02\/trinken-2.png\" class=\"img-responsive wp-image-34580\" srcset=\"https:\/\/www.smarttravelers.de\/wp-content\/uploads\/2018\/02\/trinken-2-66x66.png 66w, https:\/\/www.smarttravelers.de\/wp-content\/uploads\/2018\/02\/trinken-2.png 68w\" sizes=\"(max-width: 68px) 100vw, 68px\" \/><\/a><\/span><\/div><div class=\"fusion-clearfix\"><\/div><\/div><\/div><div class=\"fusion-layout-column fusion_builder_column fusion-builder-column-4 fusion_builder_column_1_6 1_6 fusion-one-sixth\" style=\"width:16.6666666667%;width:calc(16.6666666667% - ( ( 4% + 4% + 4% + 4% + 4% ) * 0.166666666667 ) );margin-right: 4%;margin-top:0px;margin-bottom:20px;\"><div class=\"fusion-column-wrapper fusion-flex-column-wrapper-legacy\" style=\"background-position:left top;background-repeat:no-repeat;-webkit-background-size:cover;-moz-background-size:cover;-o-background-size:cover;background-size:cover;padding: 0px 0px 0px 0px;\"><div class=\"imageframe-align-center\"><span class=\" fusion-imageframe imageframe-none imageframe-4 hover-type-none\"><a class=\"fusion-no-lightbox\" href=\"#was\" target=\"_self\" aria-label=\"icon_sehensw\u00fcrdigkeiten\"><img decoding=\"async\" width=\"68\" height=\"68\" src=\"http:\/\/www.smarttravelers.de\/wp-content\/uploads\/2018\/02\/icon_sehensw\u00fcrdigkeiten-1.png\" class=\"img-responsive wp-image-34576\" srcset=\"https:\/\/www.smarttravelers.de\/wp-content\/uploads\/2018\/02\/icon_sehensw\u00fcrdigkeiten-1-66x66.png 66w, https:\/\/www.smarttravelers.de\/wp-content\/uploads\/2018\/02\/icon_sehensw\u00fcrdigkeiten-1.png 68w\" sizes=\"(max-width: 68px) 100vw, 68px\" \/><\/a><\/span><\/div><div class=\"fusion-clearfix\"><\/div><\/div><\/div><div class=\"fusion-layout-column fusion_builder_column fusion-builder-column-5 fusion_builder_column_1_6 1_6 fusion-one-sixth\" style=\"width:16.6666666667%;width:calc(16.6666666667% - ( ( 4% + 4% + 4% + 4% + 4% ) * 0.166666666667 ) );margin-right: 4%;margin-top:0px;margin-bottom:20px;\"><div class=\"fusion-column-wrapper fusion-flex-column-wrapper-legacy\" style=\"background-position:left top;background-repeat:no-repeat;-webkit-background-size:cover;-moz-background-size:cover;-o-background-size:cover;background-size:cover;padding: 0px 0px 0px 0px;\"><div class=\"imageframe-align-center\"><span class=\" fusion-imageframe imageframe-none imageframe-5 hover-type-none\"><a class=\"fusion-no-lightbox\" href=\"#fluege\" target=\"_self\" aria-label=\"icon_fluege\"><img decoding=\"async\" width=\"68\" height=\"68\" src=\"http:\/\/www.smarttravelers.de\/wp-content\/uploads\/2018\/03\/icon_fluege.png\" class=\"img-responsive wp-image-59943\" srcset=\"https:\/\/www.smarttravelers.de\/wp-content\/uploads\/2018\/03\/icon_fluege-66x66.png 66w, https:\/\/www.smarttravelers.de\/wp-content\/uploads\/2018\/03\/icon_fluege.png 68w\" sizes=\"(max-width: 68px) 100vw, 68px\" \/><\/a><\/span><\/div><div class=\"fusion-clearfix\"><\/div><\/div><\/div><div class=\"fusion-layout-column fusion_builder_column fusion-builder-column-6 fusion_builder_column_1_6 1_6 fusion-one-sixth fusion-column-last\" style=\"width:16.6666666667%;width:calc(16.6666666667% - ( ( 4% + 4% + 4% + 4% + 4% ) * 0.166666666667 ) );margin-top:0px;margin-bottom:20px;\"><div class=\"fusion-column-wrapper fusion-flex-column-wrapper-legacy\" style=\"background-position:left top;background-repeat:no-repeat;-webkit-background-size:cover;-moz-background-size:cover;-o-background-size:cover;background-size:cover;padding: 0px 0px 0px 0px;\"><div class=\"imageframe-align-center\"><span class=\" fusion-imageframe imageframe-none imageframe-6 hover-type-none\"><a class=\"fusion-no-lightbox\" href=\"#hotels\" target=\"_self\" aria-label=\"iconhotels\"><img decoding=\"async\" width=\"68\" height=\"68\" src=\"http:\/\/www.smarttravelers.de\/wp-content\/uploads\/2018\/03\/iconhotels.png\" class=\"img-responsive wp-image-59956\" srcset=\"https:\/\/www.smarttravelers.de\/wp-content\/uploads\/2018\/03\/iconhotels-66x66.png 66w, https:\/\/www.smarttravelers.de\/wp-content\/uploads\/2018\/03\/iconhotels.png 68w\" sizes=\"(max-width: 68px) 100vw, 68px\" \/><\/a><\/span><\/div><div class=\"fusion-clearfix\"><\/div><\/div><\/div><\/div><\/div>\n<div class=\"fusion-fullwidth fullwidth-box fusion-builder-row-3 nonhundred-percent-fullwidth non-hundred-percent-height-scrolling\" style=\"background-color: #ffffff;background-position: center center;background-repeat: no-repeat;padding-top:0px;padding-right:0px;padding-bottom:0px;padding-left:0px;margin-bottom: 0px;margin-top: 0px;border-width: 0px 0px 0px 0px;border-color:rgba(255,255,255,0);border-style:solid;\" ><div class=\"fusion-builder-row fusion-row\"><div class=\"fusion-layout-column fusion_builder_column fusion-builder-column-7 fusion_builder_column_1_1 1_1 fusion-one-full fusion-column-first fusion-column-last\" style=\"margin-top:0px;margin-bottom:20px;\"><div class=\"fusion-column-wrapper fusion-flex-column-wrapper-legacy\" style=\"background-position:left top;background-repeat:no-repeat;-webkit-background-size:cover;-moz-background-size:cover;-o-background-size:cover;background-size:cover;padding: 0px 0px 0px 0px;\">\n<div class=\"fusion-slider-revolution rev_slider_wrapper\">\t\t\t<!-- START Lissabon REVOLUTION SLIDER 6.2.1 --><p class=\"rs-p-wp-fix\"><\/p>\n\t\t\t<rs-module-wrap id=\"rev_slider_1048_1_wrapper\" data-source=\"gallery\" style=\"background:transparent;padding:0;margin:0px auto;margin-top:0;margin-bottom:0;\">\n\t\t\t\t<rs-module id=\"rev_slider_1048_1\" style=\"display:none;\" data-version=\"6.2.1\">\n\t\t\t\t\t<rs-slides>\n\t\t\t\t\t\t<rs-slide data-key=\"rs-3595\" data-title=\"Slide\" data-thumb=\"\/\/www.smarttravelers.de\/wp-content\/uploads\/2019\/01\/Alfama2-100x50.jpg\" data-anim=\"ei:d;eo:d;s:600;r:0;t:fade;sl:d;\">\n\t\t\t\t\t\t\t<img decoding=\"async\" src=\"\/\/www.smarttravelers.de\/wp-content\/plugins\/revslider\/public\/assets\/assets\/dummy.png\" alt=\"Blick \u00fcber die D\u00e4cher von Alfama\" title=\"Alfama2\" width=\"1200\" height=\"675\" data-lazyload=\"\/\/www.smarttravelers.de\/wp-content\/uploads\/2019\/01\/Alfama2.jpg\" data-parallax=\"off\" class=\"rev-slidebg\" data-no-retina>\n<!---->\t\t\t\t\t\t<\/rs-slide>\n\t\t\t\t\t\t<rs-slide data-key=\"rs-3592\" data-title=\"Slide\" data-thumb=\"\/\/www.smarttravelers.de\/wp-content\/uploads\/2019\/01\/Pra\u00e7a-do-Com\u00e9rcio2-100x50.jpg\" data-anim=\"ei:d;eo:d;s:600;r:0;t:fade;sl:d;\">\n\t\t\t\t\t\t\t<img decoding=\"async\" src=\"\/\/www.smarttravelers.de\/wp-content\/plugins\/revslider\/public\/assets\/assets\/dummy.png\" alt=\"Luftbild der Pra\u00e7a do Com\u00e9rcio\" title=\"Pra\u00e7a do Com\u00e9rcio2\" width=\"1200\" height=\"899\" data-lazyload=\"\/\/www.smarttravelers.de\/wp-content\/uploads\/2019\/01\/Pra\u00e7a-do-Com\u00e9rcio2.jpg\" data-parallax=\"off\" class=\"rev-slidebg\" data-no-retina>\n<!---->\t\t\t\t\t\t<\/rs-slide>\n\t\t\t\t\t\t<rs-slide data-key=\"rs-3597\" data-title=\"Slide\" data-thumb=\"\/\/www.smarttravelers.de\/wp-content\/uploads\/2019\/01\/Padr\u00e3o-dos-Descobrimentos1-100x50.jpg\" data-anim=\"ei:d;eo:d;s:600;r:0;t:fade;sl:d;\">\n\t\t\t\t\t\t\t<img decoding=\"async\" src=\"\/\/www.smarttravelers.de\/wp-content\/plugins\/revslider\/public\/assets\/assets\/dummy.png\" alt=\"Das Padr\u00e3o dos Descobrimentos am Ufer des Tejo\" title=\"Padr\u00e3o dos Descobrimentos1\" width=\"1200\" height=\"900\" data-lazyload=\"\/\/www.smarttravelers.de\/wp-content\/uploads\/2019\/01\/Padr\u00e3o-dos-Descobrimentos1.jpg\" data-parallax=\"off\" class=\"rev-slidebg\" data-no-retina>\n<!---->\t\t\t\t\t\t<\/rs-slide>\n\t\t\t\t\t\t<rs-slide data-key=\"rs-3600\" data-title=\"Slide\" data-thumb=\"\/\/www.smarttravelers.de\/wp-content\/uploads\/2019\/01\/Castelo-de-S\u00e3o-Jorge1-100x50.jpg\" data-anim=\"ei:d;eo:d;s:600;r:0;t:fade;sl:d;\">\n\t\t\t\t\t\t\t<img decoding=\"async\" src=\"\/\/www.smarttravelers.de\/wp-content\/plugins\/revslider\/public\/assets\/assets\/dummy.png\" alt=\"Blick auf das Castelo de S\u00e3o Jorge von der Baixa\" title=\"Castelo de S\u00e3o Jorge1\" width=\"1200\" height=\"800\" data-lazyload=\"\/\/www.smarttravelers.de\/wp-content\/uploads\/2019\/01\/Castelo-de-S\u00e3o-Jorge1.jpg\" data-parallax=\"off\" class=\"rev-slidebg\" data-no-retina>\n<!---->\t\t\t\t\t\t<\/rs-slide>\n\t\t\t\t\t\t<rs-slide data-key=\"rs-3606\" data-title=\"Slide\" data-thumb=\"\/\/www.smarttravelers.de\/wp-content\/uploads\/2019\/01\/Mosteiro-dos-Jer\u00f3nimos3-100x50.png\" data-anim=\"ei:d;eo:d;s:600;r:0;t:fade;sl:d;\">\n\t\t\t\t\t\t\t<img decoding=\"async\" src=\"\/\/www.smarttravelers.de\/wp-content\/plugins\/revslider\/public\/assets\/assets\/dummy.png\" alt=\"Die Hauptfassade des Mosteiro dos Jer\u00f3nimos\" title=\"Mosteiro dos Jer\u00f3nimos3\" width=\"1200\" height=\"800\" data-lazyload=\"\/\/www.smarttravelers.de\/wp-content\/uploads\/2019\/01\/Mosteiro-dos-Jer\u00f3nimos3.png\" data-parallax=\"off\" class=\"rev-slidebg\" data-no-retina>\n<!---->\t\t\t\t\t\t<\/rs-slide>\n\t\t\t\t\t\t<rs-slide data-key=\"rs-3605\" data-title=\"Slide\" data-thumb=\"\/\/www.smarttravelers.de\/wp-content\/uploads\/2019\/01\/Kloster-S\u00e3o-Vicente-de-Fora1-100x50.jpg\" data-anim=\"ei:d;eo:d;s:600;r:0;t:fade;sl:d;\">\n\t\t\t\t\t\t\t<img decoding=\"async\" src=\"\/\/www.smarttravelers.de\/wp-content\/plugins\/revslider\/public\/assets\/assets\/dummy.png\" alt=\"Luftbild des Klosters S\u00e3o Vicente de Fora\" title=\"Kloster S\u00e3o Vicente de Fora1\" width=\"1200\" height=\"671\" data-lazyload=\"\/\/www.smarttravelers.de\/wp-content\/uploads\/2019\/01\/Kloster-S\u00e3o-Vicente-de-Fora1.jpg\" data-parallax=\"off\" class=\"rev-slidebg\" data-no-retina>\n<!---->\t\t\t\t\t\t<\/rs-slide>\n\t\t\t\t\t\t<rs-slide data-key=\"rs-3604\" data-title=\"Slide\" data-thumb=\"\/\/www.smarttravelers.de\/wp-content\/uploads\/2019\/01\/Convento-do-Carmo2-100x50.jpg\" data-anim=\"ei:d;eo:d;s:600;r:0;t:fade;sl:d;\">\n\t\t\t\t\t\t\t<img decoding=\"async\" src=\"\/\/www.smarttravelers.de\/wp-content\/plugins\/revslider\/public\/assets\/assets\/dummy.png\" alt=\"Die Ruine des Convento do Carmo\" title=\"Convento do Carmo2\" width=\"1200\" height=\"800\" data-lazyload=\"\/\/www.smarttravelers.de\/wp-content\/uploads\/2019\/01\/Convento-do-Carmo2.jpg\" data-parallax=\"off\" class=\"rev-slidebg\" data-no-retina>\n<!---->\t\t\t\t\t\t<\/rs-slide>\n\t\t\t\t\t\t<rs-slide data-key=\"rs-3590\" data-title=\"Slide\" data-thumb=\"\/\/www.smarttravelers.de\/wp-content\/uploads\/2019\/01\/Tramlinie-283-100x50.jpg\" data-anim=\"ei:d;eo:d;s:600;r:0;t:fade;sl:d;\">\n\t\t\t\t\t\t\t<img decoding=\"async\" src=\"\/\/www.smarttravelers.de\/wp-content\/plugins\/revslider\/public\/assets\/assets\/dummy.png\" alt=\"Wagen der Tramlinie 28\" title=\"Tramlinie 283\" width=\"1200\" height=\"886\" data-lazyload=\"\/\/www.smarttravelers.de\/wp-content\/uploads\/2019\/01\/Tramlinie-283.jpg\" data-parallax=\"off\" class=\"rev-slidebg\" data-no-retina>\n<!---->\t\t\t\t\t\t<\/rs-slide>\n\t\t\t\t\t\t<rs-slide data-key=\"rs-3589\" data-title=\"Slide\" data-thumb=\"\/\/www.smarttravelers.de\/wp-content\/uploads\/2019\/01\/Rossio1-100x50.jpg\" data-anim=\"ei:d;eo:d;s:600;r:0;t:fade;sl:d;\">\n\t\t\t\t\t\t\t<img decoding=\"async\" src=\"\/\/www.smarttravelers.de\/wp-content\/plugins\/revslider\/public\/assets\/assets\/dummy.png\" alt=\"Springbrunnen und Teatro Nacional D. Maria II auf dem Rossio\" title=\"Rossio1\" width=\"1200\" height=\"800\" data-lazyload=\"\/\/www.smarttravelers.de\/wp-content\/uploads\/2019\/01\/Rossio1.jpg\" data-parallax=\"off\" class=\"rev-slidebg\" data-no-retina>\n<!---->\t\t\t\t\t\t<\/rs-slide>\n\t\t\t\t\t\t<rs-slide data-key=\"rs-3602\" data-title=\"Slide\" data-thumb=\"\/\/www.smarttravelers.de\/wp-content\/uploads\/2019\/01\/Miradouro-de-S\u00e3o-Pedro-de-Alc\u00e2ntara1-100x50.jpg\" data-anim=\"ei:d;eo:d;s:600;r:0;t:fade;sl:d;\">\n\t\t\t\t\t\t\t<img decoding=\"async\" src=\"\/\/www.smarttravelers.de\/wp-content\/plugins\/revslider\/public\/assets\/assets\/dummy.png\" alt=\"Blick vom Miradouro de S\u00e3o Pedro de Alc\u00e2ntara auf die Baixa und Alfama\" title=\"Miradouro de S\u00e3o Pedro de Alc\u00e2ntara1\" width=\"1200\" height=\"800\" data-lazyload=\"\/\/www.smarttravelers.de\/wp-content\/uploads\/2019\/01\/Miradouro-de-S\u00e3o-Pedro-de-Alc\u00e2ntara1.jpg\" data-parallax=\"off\" class=\"rev-slidebg\" data-no-retina>\n<!---->\t\t\t\t\t\t<\/rs-slide>\n\t\t\t\t\t\t<rs-slide data-key=\"rs-3593\" data-title=\"Slide\" data-thumb=\"\/\/www.smarttravelers.de\/wp-content\/uploads\/2019\/01\/Ponte-25-de-Abril2-100x50.jpg\" data-anim=\"ei:d;eo:d;s:600;r:0;t:fade;sl:d;\">\n\t\t\t\t\t\t\t<img decoding=\"async\" src=\"\/\/www.smarttravelers.de\/wp-content\/plugins\/revslider\/public\/assets\/assets\/dummy.png\" alt=\"Die Ponte 25 de Abril \u00fcber den Tejo\" title=\"Ponte 25 de Abril2\" width=\"1200\" height=\"803\" data-lazyload=\"\/\/www.smarttravelers.de\/wp-content\/uploads\/2019\/01\/Ponte-25-de-Abril2.jpg\" data-parallax=\"off\" class=\"rev-slidebg\" data-no-retina>\n<!---->\t\t\t\t\t\t<\/rs-slide>\n\t\t\t\t\t\t<rs-slide data-key=\"rs-3594\" data-title=\"Slide\" data-thumb=\"\/\/www.smarttravelers.de\/wp-content\/uploads\/2019\/01\/Pal\u00e1cio-Nacional-de-Queluz1-100x50.jpg\" data-anim=\"ei:d;eo:d;s:600;r:0;t:fade;sl:d;\">\n\t\t\t\t\t\t\t<img decoding=\"async\" src=\"\/\/www.smarttravelers.de\/wp-content\/plugins\/revslider\/public\/assets\/assets\/dummy.png\" alt=\"Der Garten des Pal\u00e1cio Nacional de Queluz\" title=\"Pal\u00e1cio Nacional de Queluz1\" width=\"1200\" height=\"675\" data-lazyload=\"\/\/www.smarttravelers.de\/wp-content\/uploads\/2019\/01\/Pal\u00e1cio-Nacional-de-Queluz1.jpg\" data-parallax=\"off\" class=\"rev-slidebg\" data-no-retina>\n<!---->\t\t\t\t\t\t<\/rs-slide>\n\t\t\t\t\t\t<rs-slide data-key=\"rs-3596\" data-title=\"Slide\" data-thumb=\"\/\/www.smarttravelers.de\/wp-content\/uploads\/2019\/01\/Pal\u00e1cio-Nacional-de-Mafra1-100x50.jpg\" data-anim=\"ei:d;eo:d;s:600;r:0;t:fade;sl:d;\">\n\t\t\t\t\t\t\t<img decoding=\"async\" src=\"\/\/www.smarttravelers.de\/wp-content\/plugins\/revslider\/public\/assets\/assets\/dummy.png\" alt=\"Die Hauptfassade des Pal\u00e1cio Nacional de Mafra\" title=\"Pal\u00e1cio Nacional de Mafra1\" width=\"1200\" height=\"831\" data-lazyload=\"\/\/www.smarttravelers.de\/wp-content\/uploads\/2019\/01\/Pal\u00e1cio-Nacional-de-Mafra1.jpg\" data-parallax=\"off\" class=\"rev-slidebg\" data-no-retina>\n<!---->\t\t\t\t\t\t<\/rs-slide>\n\t\t\t\t\t\t<rs-slide data-key=\"rs-3601\" data-title=\"Slide\" data-thumb=\"\/\/www.smarttravelers.de\/wp-content\/uploads\/2019\/01\/Museu-de-Arte-Arquitetura-e-Tecnologia1-100x50.jpg\" data-anim=\"ei:d;eo:d;s:600;r:0;t:fade;sl:d;\">\n\t\t\t\t\t\t\t<img decoding=\"async\" src=\"\/\/www.smarttravelers.de\/wp-content\/plugins\/revslider\/public\/assets\/assets\/dummy.png\" alt=\"Das Dach des Museu de Arte, Arquitetura e Tecnologia\" title=\"Museu de Arte, Arquitetura e Tecnologia1\" width=\"1200\" height=\"800\" data-lazyload=\"\/\/www.smarttravelers.de\/wp-content\/uploads\/2019\/01\/Museu-de-Arte-Arquitetura-e-Tecnologia1.jpg\" data-parallax=\"off\" class=\"rev-slidebg\" data-no-retina>\n<!---->\t\t\t\t\t\t<\/rs-slide>\n\t\t\t\t\t\t<rs-slide data-key=\"rs-3599\" data-title=\"Slide\" data-thumb=\"\/\/www.smarttravelers.de\/wp-content\/uploads\/2019\/01\/Ocean\u00e1rio-de-Lisboa3-100x50.jpg\" data-anim=\"ei:d;eo:d;s:600;r:0;t:fade;sl:d;\">\n\t\t\t\t\t\t\t<img decoding=\"async\" src=\"\/\/www.smarttravelers.de\/wp-content\/plugins\/revslider\/public\/assets\/assets\/dummy.png\" alt=\"Aquarium im Ocean\u00e1rio de Lisboa\" title=\"Ocean\u00e1rio de Lisboa3\" width=\"1200\" height=\"797\" data-lazyload=\"\/\/www.smarttravelers.de\/wp-content\/uploads\/2019\/01\/Ocean\u00e1rio-de-Lisboa3.jpg\" data-parallax=\"off\" class=\"rev-slidebg\" data-no-retina>\n<!---->\t\t\t\t\t\t<\/rs-slide>\n\t\t\t\t\t\t<rs-slide data-key=\"rs-3588\" data-title=\"Slide\" data-thumb=\"\/\/www.smarttravelers.de\/wp-content\/uploads\/2019\/01\/Parque-das-Na\u00e7\u00f5es1-100x50.jpg\" data-anim=\"ei:d;eo:d;s:600;r:0;t:fade;sl:d;\">\n\t\t\t\t\t\t\t<img decoding=\"async\" src=\"\/\/www.smarttravelers.de\/wp-content\/plugins\/revslider\/public\/assets\/assets\/dummy.png\" alt=\"Die Seilbahn im Parque das Na\u00e7\u00f5es mit dem Vasco-da-Gama-Turm im Hintergrund\" title=\"Parque das Na\u00e7\u00f5es1\" width=\"1200\" height=\"676\" data-lazyload=\"\/\/www.smarttravelers.de\/wp-content\/uploads\/2019\/01\/Parque-das-Na\u00e7\u00f5es1.jpg\" data-parallax=\"off\" class=\"rev-slidebg\" data-no-retina>\n<!---->\t\t\t\t\t\t<\/rs-slide>\n\t\t\t\t\t\t<rs-slide data-key=\"rs-3607\" data-title=\"Slide\" data-thumb=\"\/\/www.smarttravelers.de\/wp-content\/uploads\/2019\/01\/Cristo-Rei3-100x50.jpg\" data-anim=\"ei:d;eo:d;s:600;r:0;t:fade;sl:d;\">\n\t\t\t\t\t\t\t<img decoding=\"async\" src=\"\/\/www.smarttravelers.de\/wp-content\/plugins\/revslider\/public\/assets\/assets\/dummy.png\" alt=\"Die Statue Cristo Rei\" title=\"Cristo Rei3\" width=\"675\" height=\"900\" data-lazyload=\"\/\/www.smarttravelers.de\/wp-content\/uploads\/2019\/01\/Cristo-Rei3.jpg\" data-parallax=\"off\" class=\"rev-slidebg\" data-no-retina>\n<!---->\t\t\t\t\t\t<\/rs-slide>\n\t\t\t\t\t\t<rs-slide data-key=\"rs-3598\" data-title=\"Slide\" data-thumb=\"\/\/www.smarttravelers.de\/wp-content\/uploads\/2019\/01\/Ponte-Vasco-da-Gama1-100x50.jpeg\" data-anim=\"ei:d;eo:d;s:600;r:0;t:fade;sl:d;\">\n\t\t\t\t\t\t\t<img decoding=\"async\" src=\"\/\/www.smarttravelers.de\/wp-content\/plugins\/revslider\/public\/assets\/assets\/dummy.png\" alt=\"Sonnenuntergang an der Ponte Vasco da Gama\" title=\"Ponte Vasco da Gama1\" width=\"1200\" height=\"800\" data-lazyload=\"\/\/www.smarttravelers.de\/wp-content\/uploads\/2019\/01\/Ponte-Vasco-da-Gama1.jpeg\" data-parallax=\"off\" class=\"rev-slidebg\" data-no-retina>\n<!---->\t\t\t\t\t\t<\/rs-slide>\n\t\t\t\t\t\t<rs-slide data-key=\"rs-3591\" data-title=\"Slide\" data-thumb=\"\/\/www.smarttravelers.de\/wp-content\/uploads\/2019\/01\/Torre-de-Bel\u00e9m1-100x50.jpg\" data-anim=\"ei:d;eo:d;s:600;r:0;t:fade;sl:d;\">\n\t\t\t\t\t\t\t<img decoding=\"async\" src=\"\/\/www.smarttravelers.de\/wp-content\/plugins\/revslider\/public\/assets\/assets\/dummy.png\" alt=\"Der Torre de Bel\u00e9m am Abend\" title=\"Torre de Bel\u00e9m1\" width=\"1200\" height=\"795\" data-lazyload=\"\/\/www.smarttravelers.de\/wp-content\/uploads\/2019\/01\/Torre-de-Bel\u00e9m1.jpg\" data-parallax=\"off\" class=\"rev-slidebg\" data-no-retina>\n<!---->\t\t\t\t\t\t<\/rs-slide>\n\t\t\t\t\t\t<rs-slide data-key=\"rs-3603\" data-title=\"Slide\" data-thumb=\"\/\/www.smarttravelers.de\/wp-content\/uploads\/2019\/01\/Elevador-de-Santa-Justa2-100x50.jpg\" data-anim=\"ei:d;eo:d;s:600;r:0;t:fade;sl:d;\">\n\t\t\t\t\t\t\t<img decoding=\"async\" src=\"\/\/www.smarttravelers.de\/wp-content\/plugins\/revslider\/public\/assets\/assets\/dummy.png\" alt=\"Der Elevador de Santa Justa bei Nacht\" title=\"Elevador de Santa Justa2\" width=\"600\" height=\"900\" data-lazyload=\"\/\/www.smarttravelers.de\/wp-content\/uploads\/2019\/01\/Elevador-de-Santa-Justa2.jpg\" data-parallax=\"off\" class=\"rev-slidebg\" data-no-retina>\n<!---->\t\t\t\t\t\t<\/rs-slide>\n\t\t\t\t\t<\/rs-slides>\n\t\t\t\t\t<rs-progress class=\"rs-bottom\" style=\"visibility: hidden !important;\"><\/rs-progress>\n\t\t\t\t<\/rs-module>\n\t\t\t\t<script type=\"text\/javascript\">\n\t\t\t\t\tsetREVStartSize({c: 'rev_slider_1048_1',rl:[1240,1024,778,480],el:[],gw:[600],gh:[600],type:'carousel',justify:'',layout:'fullwidth',mh:\"0\"});\n\t\t\t\t\tvar\trevapi1048,\n\t\t\t\t\t\ttpj;\n\t\t\t\t\tjQuery(function() {\n\t\t\t\t\t\ttpj = jQuery;\n\t\t\t\t\t\tif(tpj(\"#rev_slider_1048_1\").revolution == undefined){\n\t\t\t\t\t\t\trevslider_showDoubleJqueryError(\"#rev_slider_1048_1\");\n\t\t\t\t\t\t}else{\n\t\t\t\t\t\t\trevapi1048 = tpj(\"#rev_slider_1048_1\").show().revolution({\n\t\t\t\t\t\t\t\tsliderType:\"carousel\",\n\t\t\t\t\t\t\t\tjsFileLocation:\"\/\/www.smarttravelers.de\/wp-content\/plugins\/revslider\/public\/assets\/js\/\",\n\t\t\t\t\t\t\t\tsliderLayout:\"fullwidth\",\n\t\t\t\t\t\t\t\tduration:1600,\n\t\t\t\t\t\t\t\tvisibilityLevels:\"1240,1024,778,480\",\n\t\t\t\t\t\t\t\tgridwidth:600,\n\t\t\t\t\t\t\t\tgridheight:600,\n\t\t\t\t\t\t\t\tlazyType:\"smart\",\n\t\t\t\t\t\t\t\tresponsiveLevels:\"1240,1024,778,480\",\n\t\t\t\t\t\t\t\tdisableProgressBar:\"on\",\n\t\t\t\t\t\t\t\tcarousel: {\n\t\t\t\t\t\t\t\t\tinfinity:true,\n\t\t\t\t\t\t\t\t\tspace:-150,\n\t\t\t\t\t\t\t\t\tmaxRotation:65,\n\t\t\t\t\t\t\t\t\tvary_rotation:true,\n\t\t\t\t\t\t\t\t\tminScale:45,\n\t\t\t\t\t\t\t\t\tvary_fade:true\n\t\t\t\t\t\t\t\t},\n\t\t\t\t\t\t\t\tnavigation: {\n\t\t\t\t\t\t\t\t\tmouseScrollNavigation:false,\n\t\t\t\t\t\t\t\t\tonHoverStop:false,\n\t\t\t\t\t\t\t\t\ttouch: {\n\t\t\t\t\t\t\t\t\t\ttouchenabled:true,\n\t\t\t\t\t\t\t\t\t\tswipe_min_touches:50\n\t\t\t\t\t\t\t\t\t},\n\t\t\t\t\t\t\t\t\tarrows: {\n\t\t\t\t\t\t\t\t\t\tenable:true,\n\t\t\t\t\t\t\t\t\t\tstyle:\"hesperiden\",\n\t\t\t\t\t\t\t\t\t\tleft: {\n\t\t\t\t\t\t\t\t\t\t\th_offset:30\n\t\t\t\t\t\t\t\t\t\t},\n\t\t\t\t\t\t\t\t\t\tright: {\n\t\t\t\t\t\t\t\t\t\t\th_offset:30\n\t\t\t\t\t\t\t\t\t\t}\n\t\t\t\t\t\t\t\t\t}\n\t\t\t\t\t\t\t\t},\n\t\t\t\t\t\t\t\tparallax: {\n\t\t\t\t\t\t\t\t\tlevels:[2,3,4,5,6,7,12,16,10,50,47,48,49,50,51,55],\n\t\t\t\t\t\t\t\t\ttype:\"mouse\",\n\t\t\t\t\t\t\t\t\torigo:\"slidercenter\",\n\t\t\t\t\t\t\t\t\tspeed:2000\n\t\t\t\t\t\t\t\t},\n\t\t\t\t\t\t\t\tfallbacks: {\n\t\t\t\t\t\t\t\t\tallowHTML5AutoPlayOnAndroid:true\n\t\t\t\t\t\t\t\t},\n\t\t\t\t\t\t\t});\n\t\t\t\t\t\t}\n\t\t\t\t\t\t\n\t\t\t\t\t});\n\t\t\t\t<\/script>\n\t\t\t\t<script>\n\t\t\t\t\tvar htmlDivCss = unescape(\"%23rev_slider_1048_1_wrapper%20.hesperiden.tparrows%20%7B%0A%09cursor%3Apointer%3B%0A%09background%3Argba%280%2C0%2C0%2C0.5%29%3B%0A%09width%3A40px%3B%0A%09height%3A40px%3B%0A%09position%3Aabsolute%3B%0A%09display%3Ablock%3B%0A%09z-index%3A1000%3B%0A%20%20%20%20border-radius%3A%2050%25%3B%0A%7D%0A%23rev_slider_1048_1_wrapper%20.hesperiden.tparrows%3Ahover%20%7B%0A%09background%3A%23000000%3B%0A%7D%0A%23rev_slider_1048_1_wrapper%20.hesperiden.tparrows%3Abefore%20%7B%0A%09font-family%3A%20%27revicons%27%3B%0A%09font-size%3A20px%3B%0A%09color%3A%23ffffff%3B%0A%09display%3Ablock%3B%0A%09line-height%3A%2040px%3B%0A%09text-align%3A%20center%3B%0A%7D%0A%23rev_slider_1048_1_wrapper%20.hesperiden.tparrows.tp-leftarrow%3Abefore%20%7B%0A%09content%3A%20%27%5Ce82c%27%3B%0A%20%20%20%20margin-left%3A-3px%3B%0A%7D%0A%23rev_slider_1048_1_wrapper%20.hesperiden.tparrows.tp-rightarrow%3Abefore%20%7B%0A%09content%3A%20%27%5Ce82d%27%3B%0A%20%20%20%20margin-right%3A-3px%3B%0A%7D%0A\");\n\t\t\t\t\tvar htmlDiv = document.getElementById('rs-plugin-settings-inline-css');\n\t\t\t\t\tif(htmlDiv) {\n\t\t\t\t\t\thtmlDiv.innerHTML = htmlDiv.innerHTML + htmlDivCss;\n\t\t\t\t\t}else{\n\t\t\t\t\t\tvar htmlDiv = document.createElement('div');\n\t\t\t\t\t\thtmlDiv.innerHTML = '<style>' + htmlDivCss + '<\/style>';\n\t\t\t\t\t\tdocument.getElementsByTagName('head')[0].appendChild(htmlDiv.childNodes[0]);\n\t\t\t\t\t}\n\t\t\t\t<\/script>\n\t\t\t\t<script>\n\t\t\t\t\tvar htmlDivCss = unescape(\"%0A%0A%0A%0A%0A%0A%0A%0A%0A%0A%0A%0A%0A%0A%0A%0A%0A%0A%0A%0A\");\n\t\t\t\t\tvar htmlDiv = document.getElementById('rs-plugin-settings-inline-css');\n\t\t\t\t\tif(htmlDiv) {\n\t\t\t\t\t\thtmlDiv.innerHTML = htmlDiv.innerHTML + htmlDivCss;\n\t\t\t\t\t}else{\n\t\t\t\t\t\tvar htmlDiv = document.createElement('div');\n\t\t\t\t\t\thtmlDiv.innerHTML = '<style>' + htmlDivCss + '<\/style>';\n\t\t\t\t\t\tdocument.getElementsByTagName('head')[0].appendChild(htmlDiv.childNodes[0]);\n\t\t\t\t\t}\n\t\t\t\t<\/script>\n\t\t\t<\/rs-module-wrap>\n\t\t\t<!-- END REVOLUTION SLIDER -->\n<\/div><div class=\"fusion-clearfix\"><\/div><\/div><\/div><\/div><\/div><div id=\"warum\"><div class=\"fusion-fullwidth fullwidth-box fusion-builder-row-4 nonhundred-percent-fullwidth non-hundred-percent-height-scrolling\" style=\"background-color: #f4f4f4;background-position: center center;background-repeat: no-repeat;padding-top:0px;padding-right:15%;padding-bottom:0px;padding-left:15%;margin-bottom: 0px;margin-top: -18px;border-width: 0px 0px 0px 0px;border-color:rgba(255,255,255,0);border-style:solid;\" ><div class=\"fusion-builder-row fusion-row\"><div class=\"fusion-layout-column fusion_builder_column fusion-builder-column-8 fusion_builder_column_1_1 1_1 fusion-one-full fusion-column-first fusion-column-last\" style=\"margin-top:0px;margin-bottom:20px;\"><div class=\"fusion-column-wrapper fusion-flex-column-wrapper-legacy\" style=\"background-position:left top;background-repeat:no-repeat;-webkit-background-size:cover;-moz-background-size:cover;-o-background-size:cover;background-size:cover;background-color:#f4f4f4;padding: 0px -50px 0px -50px;\"><div class=\"fusion-sep-clear\"><\/div><div class=\"fusion-separator\" style=\"margin-left: auto;margin-right: auto;margin-top:5px;margin-bottom:30px;width:100%;max-width:150px;\"><div class=\"fusion-separator-border sep-single sep-solid\" style=\"border-color:rgba(255,252,252,0);border-top-width:1px;\"><\/div><\/div><div class=\"fusion-sep-clear\"><\/div><div class=\"imageframe-align-center\"><span class=\" fusion-imageframe imageframe-none imageframe-7 hover-type-none\" style=\"border-radius:30px;\"><img decoding=\"async\" width=\"68\" height=\"68\" title=\"icon_frage\" src=\"http:\/\/www.smarttravelers.de\/wp-content\/uploads\/2018\/02\/icon_frage-1.png\" class=\"img-responsive wp-image-34568\" srcset=\"https:\/\/www.smarttravelers.de\/wp-content\/uploads\/2018\/02\/icon_frage-1-66x66.png 66w, https:\/\/www.smarttravelers.de\/wp-content\/uploads\/2018\/02\/icon_frage-1.png 68w\" sizes=\"(max-width: 68px) 100vw, 68px\" \/><\/span><\/div><div class=\"fusion-sep-clear\"><\/div><div class=\"fusion-separator\" style=\"margin-left: auto;margin-right: auto;margin-top:5px;margin-bottom:30px;width:100%;max-width:150px;\"><\/div><div class=\"fusion-sep-clear\"><\/div><div class=\"fusion-text fusion-text-1\"><h2 style=\"text-align: center;\">Why is Lisbon worth a visit?<\/h2>\n<\/div><div class=\"fusion-text fusion-text-2\"><p>Lisbon has long ceased to be an insider&#8217;s tip among city break destinations in Europe. For many years, the capital of Portugal has experienced a real tourist boom. And rightly so, because Lisbon is undoubtedly one of the most beautiful and charming cities on the continent. If you are looking for a combination of a great historical building stock, beautiful churches and palaces, extraordinary sights, breathtaking viewpoints, a diverse museum landscape, an excellent gastronomic scene, wonderful weather and a lot of flair, you will be enchanted by this city.<\/p>\n<\/div><div class=\"fusion-text fusion-text-3\"><h3 style=\"text-align: left;\"><strong>Here are our top 10 reasons to travel to Lisbon:<\/strong><\/h3>\n<p>1. Lisbon is one of the most beautiful cities in Europe. Hardly any other European city has so much historical building stock to offer as the capital of Portugal. Although much was destroyed in the Great Earthquake of 1755, everything was subsequently rebuilt (in a new form).<\/p>\n<p>2. Lisbon is by no means stuck in the past. In recent decades, many modern buildings have been built in the city, which provide a nice contrast to the historic buildings.<\/p>\n<p>3. Lisbon is a city of extraordinary sights. From historic elevators, funiculars and streetcars to castle and church ruins and an oversized statue of Christ, the capital of Portugal offers its visitors some attractions that do not exist in this form a second time.<\/p>\n<p>4. Lisbon is a city of churches. Few cities in Europe can match the number and beauty of the churches in the Portuguese capital.<\/p>\n<p>5. Lisbon is a city of palaces. For many centuries, the Portuguese royal family was one of the richest dynasties in the world, which is reflected in their magnificent residences in and around Lisbon.<\/p>\n<p>6. Lisbon has an excellent museum landscape. The city&#8217;s museums are among the best and most interesting of their kind in Europe in terms of archaeology, history and art.<\/p>\n<p>7. The many hills make Lisbon a city of viewpoints. The Miradouros, with their magnificent views of the city and the river Tagus, are not without reason among the most popular sights.<\/p>\n<p>8. Lisbon has indisputably the best weather of all European capitals. Throughout the year, the climate is pleasantly mild and not too warm. And with over 300 days of sunshine a year, no other capital city can compete anyway.<\/p>\n<p>9. You can eat fantastic food in Lisbon. Portuguese cuisine is not without reason popular far beyond the borders of the country.<\/p>\n<p>10. Lisbon is one of the most charming cities in Europe. The flair of Portugal&#8217;s capital is hard to put into words. So just hop on a plane and experience it for yourself.<\/p>\n<\/div><div class=\"fusion-sep-clear\"><\/div><div class=\"fusion-separator\" style=\"margin-left: auto;margin-right: auto;margin-top:5px;margin-bottom:30px;width:100%;max-width:150px;\"><\/div><div class=\"fusion-sep-clear\"><\/div><div class=\"fusion-clearfix\"><\/div><\/div><\/div><\/div><\/div><\/div><div id=\"wen\"><div class=\"fusion-fullwidth fullwidth-box fusion-builder-row-5 nonhundred-percent-fullwidth non-hundred-percent-height-scrolling\" style=\"background-color: #ffffff;background-position: center center;background-repeat: no-repeat;padding-top:0px;padding-right:15%;padding-bottom:0px;padding-left:15%;margin-bottom: 0px;margin-top: 0px;border-width: 0px 0px 0px 0px;border-color:rgba(255,255,255,0);border-style:solid;\" ><div class=\"fusion-builder-row fusion-row\"><div class=\"fusion-layout-column fusion_builder_column fusion-builder-column-9 fusion_builder_column_1_1 1_1 fusion-one-full fusion-column-first fusion-column-last\" style=\"margin-top:0px;margin-bottom:20px;\"><div class=\"fusion-column-wrapper fusion-flex-column-wrapper-legacy\" style=\"background-position:left top;background-repeat:no-repeat;-webkit-background-size:cover;-moz-background-size:cover;-o-background-size:cover;background-size:cover;padding: 0px 0px 0px 0px;\"><div class=\"fusion-sep-clear\"><\/div><div class=\"fusion-separator\" style=\"margin-left: auto;margin-right: auto;margin-top:5px;margin-bottom:30px;width:100%;max-width:150px;\"><div class=\"fusion-separator-border sep-single sep-solid\" style=\"border-color:rgba(255,252,252,0);border-top-width:1px;\"><\/div><\/div><div class=\"fusion-sep-clear\"><\/div><div class=\"imageframe-align-center\"><span class=\" fusion-imageframe imageframe-none imageframe-8 hover-type-none\" style=\"border-radius:30px;\"><img decoding=\"async\" width=\"68\" height=\"68\" title=\"icon_person\" src=\"http:\/\/www.smarttravelers.de\/wp-content\/uploads\/2018\/02\/icon_person-1.png\" class=\"img-responsive wp-image-34575\" srcset=\"https:\/\/www.smarttravelers.de\/wp-content\/uploads\/2018\/02\/icon_person-1-66x66.png 66w, https:\/\/www.smarttravelers.de\/wp-content\/uploads\/2018\/02\/icon_person-1.png 68w\" sizes=\"(max-width: 68px) 100vw, 68px\" \/><\/span><\/div><div class=\"fusion-sep-clear\"><\/div><div class=\"fusion-separator\" style=\"margin-left: auto;margin-right: auto;margin-top:5px;margin-bottom:30px;width:100%;max-width:150px;\"><\/div><div class=\"fusion-sep-clear\"><\/div><div class=\"fusion-text fusion-text-4\"><h2 class=\"content-box-heading\" style=\"text-align: center;\">For whom is Lisbon worth a visit?<\/h2>\n<\/div><div class=\"fusion-text fusion-text-5\"><h3><strong>History buffs:<\/strong><\/h3>\n<p>Lisbon is one of the cities in Europe with the longest history. Especially the golden age of Portugal, when the country&#8217;s seafarers discovered large parts of the globe and made Portugal the world&#8217;s leading trading and maritime power, left significant historical traces here in Lisbon.<\/p>\n<h3><strong>Architecture buffs:<\/strong><\/h3>\n<p>It is true that Lisbon is clearly dominated by historic buildings. But in recent decades, modern buildings, such as the <a href=\"https:\/\/www.smarttravelers.de\/en\/sights\/portugal\/lisbon\/museum-of-art-architecture-and-technology\/\" target=\"_blank\" rel=\"noopener\">Museum of Art, Architecture and Technology<\/a>, and new neighborhoods, such as the <a href=\"https:\/\/www.smarttravelers.de\/en\/sights\/portugal\/lisbon\/parque-das-nacoes\/\" target=\"_blank\" rel=\"noopener\">Parque das Na\u00e7oes<\/a>, have emerged, providing an architecturally interesting counterpoint to the old buildings.<\/p>\n<h3><strong>Museum visitors:<\/strong><\/h3>\n<p>Lisbon&#8217;s museum landscape is one of the best and most diverse in Europe. Archaeology fans will get their money&#8217;s worth at the <a href=\"https:\/\/www.smarttravelers.de\/en\/sights\/portugal\/lisbon\/national-archaeology-museum\/\" target=\"_blank\" rel=\"noopener\">National Archaeology Museum<\/a> and the <a href=\"https:\/\/www.smarttravelers.de\/en\/sights\/portugal\/lisbon\/carmo-archaeological-museum\/\" target=\"_blank\" rel=\"noopener\">Carmo Archaeological Museum<\/a>. Art lovers will be able to spend many hours at the <a href=\"https:\/\/www.smarttravelers.de\/en\/sights\/portugal\/lisbon\/calouste-gulbenkian-museum\/\" target=\"_blank\" rel=\"noopener\">Calouste Gulbenkian Museum<\/a>, the <a href=\"https:\/\/www.smarttravelers.de\/en\/sights\/portugal\/lisbon\/berardo-collection-musuem\/\" target=\"_blank\" rel=\"noopener\">Berardo Collection Museum<\/a> and the <a href=\"https:\/\/www.smarttravelers.de\/en\/sights\/portugal\/lisbon\/national-museum-of-ancient-art\/\" target=\"_blank\" rel=\"noopener\">National Museum of Ancient Art<\/a>. And for typical Portuguese, there is the <a href=\"https:\/\/www.smarttravelers.de\/en\/sights\/portugal\/lisbon\/fado-museum\/\" target=\"_blank\" rel=\"noopener\">Fado Museum<\/a> and the <a href=\"https:\/\/www.smarttravelers.de\/en\/sights\/portugal\/lisbon\/national-museum-of-the-azulejo\/\" target=\"_blank\" rel=\"noopener\">National Museum of the Azulejo<\/a>.<\/p>\n<h3><strong>Palace lovers:<\/strong><\/h3>\n<p>Portugal has a centuries-old history as a monarchy. Since the palaces of the Portuguese monarchs were not destroyed by revolutions or wars, palace lovers can see three beautiful former royal residences in Lisbon: the <a href=\"https:\/\/www.smarttravelers.de\/en\/sights\/portugal\/lisbon\/palace-of-ajuda\/\" target=\"_blank\" rel=\"noopener\">Palace of Ajuda<\/a>, the <a href=\"https:\/\/www.smarttravelers.de\/en\/sights\/portugal\/lisbon\/palace-of-mafra\/\" target=\"_blank\" rel=\"noopener\">Palace of Mafra<\/a> and the <a href=\"https:\/\/www.smarttravelers.de\/en\/sights\/portugal\/lisbon\/palace-of-queluz\/\" target=\"_blank\" rel=\"noopener\">Palace of Queluz<\/a>.<\/p>\n<h3><strong>Churchgoers:<\/strong><\/h3>\n<p>Those who enjoy visiting churches will be able to spend many days visiting Lisbon&#8217;s places of worship. The city&#8217;s many churches are among the most beautiful sacred buildings in all of Europe. And when it comes to monasteries, Lisbon ups the ante. The\u00a0<a href=\"https:\/\/www.smarttravelers.de\/en\/sights\/portugal\/lisbon\/monastery-of-sao-vicente-da-fora\/\" target=\"_blank\" rel=\"noopener\">Monastery of S\u00e3o Vicente de Fora<\/a> and especially the <a href=\"https:\/\/www.smarttravelers.de\/en\/sights\/portugal\/lisbon\/jeronimos-monastery\/\" target=\"_blank\" rel=\"noopener\">Jer\u00f3nimos Monastery<\/a>, a UNESCO World Heritage Site, are among the most magnificent monastic buildings in the world.<\/p>\n<h3><strong>Fans of ruins:<\/strong><\/h3>\n<p>Historical ruins in the middle of a big city are something rather rare. Not so in Lisbon. Some of the buildings destroyed in the Great Earthquake of 1755 were not reconstructed afterwards. And so the ruins of the former royal <a href=\"https:\/\/www.smarttravelers.de\/en\/sights\/portugal\/lisbon\/sao-jorge-castle\/\" target=\"_blank\" rel=\"noopener\">S\u00e3o Jorge Castle<\/a> and the <a href=\"https:\/\/www.smarttravelers.de\/en\/sights\/portugal\/lisbon\/carmo-convent\/\" target=\"_blank\" rel=\"noopener\">Carmo Convent<\/a>\u00a0church exude their very own charm of times gone by.<\/p>\n<h3><strong>Fans of exceptional transportation:\u00a0<\/strong><\/h3>\n<p>Historic streetcars, elevators and funiculars &#8211; to experience such extraordinary means of transport, you really have to travel to Lisbon. A ride on <a href=\"https:\/\/www.smarttravelers.de\/en\/sights\/portugal\/lisbon\/tram-line-28\/\" target=\"_blank\" rel=\"noopener\">Tram line 28<\/a>, the <a href=\"https:\/\/www.smarttravelers.de\/en\/sights\/portugal\/lisbon\/santa-justa-lift\/\" target=\"_blank\" rel=\"noopener\">Santa Justa Lift<\/a> and the <a href=\"https:\/\/www.smarttravelers.de\/en\/sights\/portugal\/lisbon\/ascensor-da-gloria\/\" target=\"_blank\" rel=\"noopener\">Ascensor da Gl\u00f3ria<\/a> are among the must-dos when visiting the Portuguese capital.<\/p>\n<h3><strong>Lovers of views:<\/strong><\/h3>\n<p>Lisbon is one of the hilliest cities in Europe. The hills mean that Lisbon has a large number of viewpoints from which you can enjoy fantastic views of the city and the Tagus River. No wonder that the <a href=\"https:\/\/www.smarttravelers.de\/en\/sights\/portugal\/lisbon\/miradouro-da-senhora-do-monte\/\" target=\"_blank\" rel=\"noopener\">Miradouro do Senhora do Monte<\/a>, the <a href=\"https:\/\/www.smarttravelers.de\/en\/sights\/portugal\/lisbon\/miradouro-de-santa-catarina\/\" target=\"_blank\" rel=\"noopener\">Miradouro de Santa Catarina<\/a> and the <a href=\"https:\/\/www.smarttravelers.de\/en\/sights\/portugal\/lisbon\/miradouro-de-sao-pedro-de-alcantara\/\" target=\"_blank\" rel=\"noopener\">Miradouro de S\u00e3o Pedro de Alc\u00e2ntara<\/a> (to name just three) are among the most popular sights of the city.<\/p>\n<h3><strong>Gourmets:<\/strong><\/h3>\n<p>Lisbon is a true paradise for lovers of good food. There is hardly any other city in Europe where you are spoiled for choice between so many such good restaurants. Not surprisingly, Lisbon has long ceased to be an insider tip for gourmets from all over Europe.<\/p>\n<h3><strong>Bridge fans:<\/strong><\/h3>\n<p>Anyone interested in large bridges will not be able to avoid a visit to Lisbon. Due to the very wide mouth of the Tagus River, two of Europe&#8217;s most impressive bridge structures are located here. The beautiful <a href=\"https:\/\/www.smarttravelers.de\/en\/sights\/portugal\/lisbon\/25-de-abril-bridge\/\" target=\"_blank\" rel=\"noopener\">25 de Abril Bridge<\/a> &#8211; Portugal&#8217;s answer to the <a href=\"https:\/\/www.smarttravelers.de\/en\/sights\/usa\/san-francisco\/golden-gate-bridge\/\" target=\"_blank\" rel=\"noopener\">Golden Gate Bridge<\/a> &#8211; and the <a href=\"https:\/\/www.smarttravelers.de\/en\/sights\/portugal\/lisbon\/vasco-da-gama-bridge\/\" target=\"_blank\" rel=\"noopener\">Vasco da Gama Bridge<\/a> &#8211; Europe&#8217;s longest bridge.<\/p>\n<h3><strong>Zoo fans:\u00a0<\/strong><\/h3>\n<p>Animal lovers get their money&#8217;s worth in Lisbon, as Portugal&#8217;s capital is home to two of Europe&#8217;s best and most important zoos. The <a href=\"https:\/\/www.smarttravelers.de\/en\/sights\/portugal\/lisbon\/lisbon-oceanarium\/\" target=\"_blank\" rel=\"noopener\">Lisbon Oceanarium<\/a> is the largest indoor aquarium in Europe. And the <a href=\"https:\/\/www.smarttravelers.de\/en\/sights\/portugal\/lisbon\/libon-zoo\/\" target=\"_blank\" rel=\"noopener\">Lisbon Zoo<\/a> is one of the oldest and most beautiful animal parks.<\/p>\n<h3><strong>Families and children:<\/strong><\/h3>\n<p>And last but not least, it should also be said that Lisbon is best visited with children. The many hills and cobblestone streets of the city make getting around with (small) children not necessarily easy. But the many child-friendly attractions of the city compensate for this, such as a ride on the historic <a href=\"https:\/\/www.smarttravelers.de\/en\/sights\/portugal\/lisbon\/tram-line-28\/\" target=\"_blank\" rel=\"noopener\">Tram line 28<\/a> or the ferry on the Tagus and a visit to the <a href=\"https:\/\/www.smarttravelers.de\/en\/sights\/portugal\/lisbon\/libon-zoo\/\" target=\"_blank\" rel=\"noopener\">Lisbon Zoo<\/a> or the <a href=\"https:\/\/www.smarttravelers.de\/en\/sights\/portugal\/lisbon\/lisbon-oceanarium\/\" target=\"_blank\" rel=\"noopener\">Lisbon Oceanarium<\/a>.<\/p>\n<\/div><div class=\"fusion-clearfix\"><\/div><\/div><\/div><\/div><\/div><\/div><div id=\"wann\"><div class=\"fusion-fullwidth fullwidth-box fusion-builder-row-6 nonhundred-percent-fullwidth non-hundred-percent-height-scrolling\" style=\"background-color: #f4f4f4;background-position: center center;background-repeat: no-repeat;padding-top:0px;padding-right:15%;padding-bottom:0px;padding-left:15%;margin-bottom: 0px;margin-top: 0px;border-width: 0px 0px 0px 0px;border-color:rgba(255,255,255,0);border-style:solid;\" ><div class=\"fusion-builder-row fusion-row\"><div class=\"fusion-layout-column fusion_builder_column fusion-builder-column-10 fusion_builder_column_1_1 1_1 fusion-one-full fusion-column-first fusion-column-last\" style=\"margin-top:0px;margin-bottom:20px;\"><div class=\"fusion-column-wrapper fusion-flex-column-wrapper-legacy\" style=\"background-position:left top;background-repeat:no-repeat;-webkit-background-size:cover;-moz-background-size:cover;-o-background-size:cover;background-size:cover;padding: 0px 0px 0px 0px;\"><div class=\"fusion-sep-clear\"><\/div><div class=\"fusion-separator\" style=\"margin-left: auto;margin-right: auto;margin-top:5px;margin-bottom:30px;width:100%;max-width:150px;\"><div class=\"fusion-separator-border sep-single sep-solid\" style=\"border-color:rgba(255,252,252,0);border-top-width:1px;\"><\/div><\/div><div class=\"fusion-sep-clear\"><\/div><div class=\"imageframe-align-center\"><span class=\" fusion-imageframe imageframe-none imageframe-9 hover-type-none\" style=\"border-radius:30px;\"><img decoding=\"async\" width=\"68\" height=\"68\" title=\"icon_kalender\" src=\"http:\/\/www.smarttravelers.de\/wp-content\/uploads\/2018\/02\/icon_kalender-2.png\" class=\"img-responsive wp-image-34571\" srcset=\"https:\/\/www.smarttravelers.de\/wp-content\/uploads\/2018\/02\/icon_kalender-2-66x66.png 66w, https:\/\/www.smarttravelers.de\/wp-content\/uploads\/2018\/02\/icon_kalender-2.png 68w\" sizes=\"(max-width: 68px) 100vw, 68px\" \/><\/span><\/div><div class=\"fusion-sep-clear\"><\/div><div class=\"fusion-separator\" style=\"margin-left: auto;margin-right: auto;margin-top:5px;margin-bottom:30px;width:100%;max-width:150px;\"><\/div><div class=\"fusion-sep-clear\"><\/div><div class=\"fusion-text fusion-text-6\"><h2 class=\"content-box-heading\" style=\"text-align: center;\">Best time to travel<\/h2>\n<\/div><div class=\"fusion-text fusion-text-7\"><div class=\"fusion-counters-circle counters-circle\"><div class=\"counter-circle-wrapper\" style=\"height:60px;width:60px;\" data-originalsize=\"60\" data-animationOffset=\"100%\"><div class=\"fusion-counter-circle counter-circle counter-circle-content\" data-percent=\"100\" data-countdown=\"\" data-filledcolor=\"#ffe500\" data-unfilledcolor=\"#f6f6f6\" data-scale=\"\" data-size=\"60\" data-speed=\"1500\" data-strokesize=\"3\" style=\"font-size:13.6363636364px;height:60px;width:60px;\"><div class=\"fusion-counter-circle-content-inner\">Jan<\/div><\/div><\/div><div class=\"counter-circle-wrapper\" style=\"height:60px;width:60px;\" data-originalsize=\"60\" data-animationOffset=\"100%\"><div class=\"fusion-counter-circle counter-circle counter-circle-content\" data-percent=\"100\" data-countdown=\"\" data-filledcolor=\"#ffe500\" data-unfilledcolor=\"#f6f6f6\" data-scale=\"\" data-size=\"60\" data-speed=\"1500\" data-strokesize=\"3\" style=\"font-size:13.6363636364px;height:60px;width:60px;\"><div class=\"fusion-counter-circle-content-inner\">Feb<\/div><\/div><\/div><div class=\"counter-circle-wrapper\" style=\"height:60px;width:60px;\" data-originalsize=\"60\" data-animationOffset=\"100%\"><div class=\"fusion-counter-circle counter-circle counter-circle-content\" data-percent=\"100\" data-countdown=\"\" data-filledcolor=\"#ffe500\" data-unfilledcolor=\"#f6f6f6\" data-scale=\"\" data-size=\"60\" data-speed=\"1500\" data-strokesize=\"3\" style=\"font-size:13.6363636364px;height:60px;width:60px;\"><div class=\"fusion-counter-circle-content-inner\">Mrz<\/div><\/div><\/div><div class=\"counter-circle-wrapper\" style=\"height:60px;width:60px;\" data-originalsize=\"60\" data-animationOffset=\"100%\"><div class=\"fusion-counter-circle counter-circle counter-circle-content\" data-percent=\"100\" data-countdown=\"\" data-filledcolor=\"#ffe500\" data-unfilledcolor=\"#f6f6f6\" data-scale=\"\" data-size=\"60\" data-speed=\"1500\" data-strokesize=\"3\" style=\"font-size:13.6363636364px;height:60px;width:60px;\"><div class=\"fusion-counter-circle-content-inner\">Apr<\/div><\/div><\/div><div class=\"counter-circle-wrapper\" style=\"height:60px;width:60px;\" data-originalsize=\"60\" data-animationOffset=\"100%\"><div class=\"fusion-counter-circle counter-circle counter-circle-content\" data-percent=\"100\" data-countdown=\"\" data-filledcolor=\"#82ce00\" data-unfilledcolor=\"#f6f6f6\" data-scale=\"\" data-size=\"60\" data-speed=\"1500\" data-strokesize=\"3\" style=\"font-size:13.6363636364px;height:60px;width:60px;\"><div class=\"fusion-counter-circle-content-inner\">Mai<\/div><\/div><\/div><div class=\"counter-circle-wrapper\" style=\"height:60px;width:60px;\" data-originalsize=\"60\" data-animationOffset=\"100%\"><div class=\"fusion-counter-circle counter-circle counter-circle-content\" data-percent=\"100\" data-countdown=\"\" data-filledcolor=\"#82ce00\" data-unfilledcolor=\"#f6f6f6\" data-scale=\"\" data-size=\"60\" data-speed=\"1500\" data-strokesize=\"3\" style=\"font-size:13.6363636364px;height:60px;width:60px;\"><div class=\"fusion-counter-circle-content-inner\">Jun<\/div><\/div><\/div><div class=\"counter-circle-wrapper\" style=\"height:60px;width:60px;\" data-originalsize=\"60\" data-animationOffset=\"100%\"><div class=\"fusion-counter-circle counter-circle counter-circle-content\" data-percent=\"100\" data-countdown=\"\" data-filledcolor=\"#ffe500\" data-unfilledcolor=\"#f6f6f6\" data-scale=\"\" data-size=\"60\" data-speed=\"1500\" data-strokesize=\"3\" style=\"font-size:13.6363636364px;height:60px;width:60px;\"><div class=\"fusion-counter-circle-content-inner\">Jul<\/div><\/div><\/div><div class=\"counter-circle-wrapper\" style=\"height:60px;width:60px;\" data-originalsize=\"60\" data-animationOffset=\"100%\"><div class=\"fusion-counter-circle counter-circle counter-circle-content\" data-percent=\"100\" data-countdown=\"\" data-filledcolor=\"#ffe500\" data-unfilledcolor=\"#f6f6f6\" data-scale=\"\" data-size=\"60\" data-speed=\"1500\" data-strokesize=\"3\" style=\"font-size:13.6363636364px;height:60px;width:60px;\"><div class=\"fusion-counter-circle-content-inner\">Aug<\/div><\/div><\/div><div class=\"counter-circle-wrapper\" style=\"height:60px;width:60px;\" data-originalsize=\"60\" data-animationOffset=\"100%\"><div class=\"fusion-counter-circle counter-circle counter-circle-content\" data-percent=\"100\" data-countdown=\"\" data-filledcolor=\"#82ce00\" data-unfilledcolor=\"#f6f6f6\" data-scale=\"\" data-size=\"60\" data-speed=\"1500\" data-strokesize=\"3\" style=\"font-size:13.6363636364px;height:60px;width:60px;\"><div class=\"fusion-counter-circle-content-inner\">Sep<\/div><\/div><\/div><div class=\"counter-circle-wrapper\" style=\"height:60px;width:60px;\" data-originalsize=\"60\" data-animationOffset=\"100%\"><div class=\"fusion-counter-circle counter-circle counter-circle-content\" data-percent=\"100\" data-countdown=\"\" data-filledcolor=\"#82ce00\" data-unfilledcolor=\"#f6f6f6\" data-scale=\"\" data-size=\"60\" data-speed=\"1500\" data-strokesize=\"3\" style=\"font-size:13.6363636364px;height:60px;width:60px;\"><div class=\"fusion-counter-circle-content-inner\">Okt<\/div><\/div><\/div><div class=\"counter-circle-wrapper\" style=\"height:60px;width:60px;\" data-originalsize=\"60\" data-animationOffset=\"100%\"><div class=\"fusion-counter-circle counter-circle counter-circle-content\" data-percent=\"100\" data-countdown=\"\" data-filledcolor=\"#ffe500\" data-unfilledcolor=\"#f6f6f6\" data-scale=\"\" data-size=\"60\" data-speed=\"1500\" data-strokesize=\"3\" style=\"font-size:13.6363636364px;height:60px;width:60px;\"><div class=\"fusion-counter-circle-content-inner\">Nov<\/div><\/div><\/div><div class=\"counter-circle-wrapper\" style=\"height:60px;width:60px;\" data-originalsize=\"60\" data-animationOffset=\"100%\"><div class=\"fusion-counter-circle counter-circle counter-circle-content\" data-percent=\"100\" data-countdown=\"\" data-filledcolor=\"#ffe500\" data-unfilledcolor=\"#f6f6f6\" data-scale=\"\" data-size=\"60\" data-speed=\"1500\" data-strokesize=\"3\" style=\"font-size:13.6363636364px;height:60px;width:60px;\"><div class=\"fusion-counter-circle-content-inner\">Dez<\/div><\/div><\/div><\/div>\n<\/div><div class=\"fusion-text fusion-text-8\"><p>Lisbon is the European capital with probably the most pleasant climate. It is Atlantic-mild all year round and gives Portugal&#8217;s capital an unbeatable weather superlative: the sun shines here on more than 300 days a year. No other European capital can compete with this. The best time to visit Lisbon is early summer (May and June) and fall (September and October). During these months, daytime temperatures average a pleasant 22 to 26 degrees, the sun shines between 7 and 10 hours a day, and there is relatively little rain. In midsummer (July and August), the thermometer in Lisbon likes to rise to over 30 degrees every now and then. Then sightseeing in the narrow streets of the old town can be quite exhausting. The winter months in Lisbon are somewhat cooler and, above all, significantly rainier.<\/p>\n<\/div><div class=\"fusion-clearfix\"><\/div><\/div><\/div><\/div><\/div><\/div><div id=\"fluege\"><div class=\"fusion-fullwidth fullwidth-box fusion-builder-row-7 nonhundred-percent-fullwidth non-hundred-percent-height-scrolling\" style=\"background-color: #1a0535;background-position: center center;background-repeat: no-repeat;padding-top:0px;padding-right:10%;padding-bottom:0px;padding-left:10%;margin-bottom: 0px;margin-top: 0px;border-width: 0px 0px 0px 0px;border-color:rgba(255,255,255,0);border-style:solid;\" ><div class=\"fusion-builder-row fusion-row\"><div class=\"fusion-layout-column fusion_builder_column fusion-builder-column-11 fusion_builder_column_1_1 1_1 fusion-one-full fusion-column-first fusion-column-last\" style=\"margin-top:0px;margin-bottom:20px;\"><div class=\"fusion-column-wrapper fusion-flex-column-wrapper-legacy\" style=\"background-position:left top;background-repeat:no-repeat;-webkit-background-size:cover;-moz-background-size:cover;-o-background-size:cover;background-size:cover;padding: 0px 0px 0px 0px;\"><div class=\"fusion-sep-clear\"><\/div><div class=\"fusion-separator\" style=\"margin-left: auto;margin-right: auto;margin-top:5px;margin-bottom:30px;width:100%;max-width:150px;\"><div class=\"fusion-separator-border sep-single sep-solid\" style=\"border-color:rgba(255,252,252,0);border-top-width:1px;\"><\/div><\/div><div class=\"fusion-sep-clear\"><\/div><div class=\"imageframe-align-center\"><span class=\" fusion-imageframe imageframe-none imageframe-10 hover-type-none\" style=\"border-radius:30px;\"><img decoding=\"async\" width=\"68\" height=\"68\" title=\"icon_fluege-hell\" src=\"https:\/\/www.smarttravelers.de\/wp-content\/uploads\/2018\/03\/icon_fluege-hell.png\" class=\"img-responsive wp-image-59957\" srcset=\"https:\/\/www.smarttravelers.de\/wp-content\/uploads\/2018\/03\/icon_fluege-hell-66x66.png 66w, https:\/\/www.smarttravelers.de\/wp-content\/uploads\/2018\/03\/icon_fluege-hell.png 68w\" sizes=\"(max-width: 68px) 100vw, 68px\" \/><\/span><\/div><div class=\"fusion-sep-clear\"><\/div><div class=\"fusion-separator\" style=\"margin-left: auto;margin-right: auto;margin-top:5px;margin-bottom:30px;width:100%;max-width:150px;\"><div class=\"fusion-separator-border sep-single sep-solid\" style=\"border-color:rgba(255,252,252,0);border-top-width:1px;\"><\/div><\/div><div class=\"fusion-sep-clear\"><\/div><div class=\"imageframe-align-center\"><span class=\" fusion-imageframe imageframe-none imageframe-11 hover-type-none\" style=\"border-radius:30px;\"><img decoding=\"async\" width=\"200\" height=\"52\" title=\"momondologo\" src=\"http:\/\/www.smarttravelers.de\/wp-content\/uploads\/2018\/03\/momondologo-200x52.png\" class=\"img-responsive wp-image-59950\" srcset=\"https:\/\/www.smarttravelers.de\/wp-content\/uploads\/2018\/03\/momondologo-200x52.png 200w, https:\/\/www.smarttravelers.de\/wp-content\/uploads\/2018\/03\/momondologo-400x105.png 400w, https:\/\/www.smarttravelers.de\/wp-content\/uploads\/2018\/03\/momondologo.png 436w\" sizes=\"(max-width: 500px) 100vw, 200px\" \/><\/span><\/div><div class=\"fusion-sep-clear\"><\/div><div class=\"fusion-separator\" style=\"margin-left: auto;margin-right: auto;margin-top:5px;margin-bottom:30px;width:100%;max-width:150px;\"><div class=\"fusion-separator-border sep-single sep-solid\" style=\"border-color:rgba(255,252,252,0);border-top-width:1px;\"><\/div><\/div><div class=\"fusion-sep-clear\"><\/div><div class=\"fusion-align-block\"><style type=\"text\/css\">.fusion-button.button-1 .fusion-button-text, .fusion-button.button-1 i {color:#000000;}.fusion-button.button-1 .fusion-button-icon-divider{border-color:#000000;}.fusion-button.button-1:hover .fusion-button-text, .fusion-button.button-1:hover i,.fusion-button.button-1:focus .fusion-button-text, .fusion-button.button-1:focus i,.fusion-button.button-1:active .fusion-button-text, .fusion-button.button-1:active{color:#000000;}.fusion-button.button-1:hover .fusion-button-icon-divider, .fusion-button.button-1:hover .fusion-button-icon-divider, .fusion-button.button-1:active .fusion-button-icon-divider{border-color:#000000;}.fusion-button.button-1:hover, .fusion-button.button-1:focus, .fusion-button.button-1:active{border-color:#000000;}.fusion-button.button-1 {border-color:#000000;border-radius:2px;}.fusion-button.button-1{background: #f44d8e;}.fusion-button.button-1:hover,.button-1:focus,.fusion-button.button-1:active{background: #2c94c6;}.fusion-button.button-1 .fusion-button-text {text-transform:none;}<\/style><a class=\"fusion-button button-flat button-xlarge button-custom button-1 fusion-button-span-yes fusion-button-default-type\" target=\"_blank\" rel=\"noopener noreferrer\" href=\"https:\/\/www.awin1.com\/cread.php?awinmid=10635&amp;awinaffid=378875&amp;clickref=lissabon&amp;p=https%3A%2F%2Fwww.momondo.de%2Ffluege%2Flissabon\"><i class=\"fa-paper-plane fas button-icon-left\" aria-hidden=\"true\"><\/i><span class=\"fusion-button-text\">Find flights to Lisbon<\/span><\/a><\/div><div class=\"fusion-sep-clear\"><\/div><div class=\"fusion-separator\" style=\"margin-left: auto;margin-right: auto;margin-top:5px;margin-bottom:30px;width:100%;max-width:150px;\"><\/div><div class=\"fusion-sep-clear\"><\/div><div class=\"fusion-clearfix\"><\/div><\/div><\/div><\/div><\/div><\/div><div id=\"anreise\"><div class=\"fusion-fullwidth fullwidth-box fusion-builder-row-8 nonhundred-percent-fullwidth non-hundred-percent-height-scrolling\" style=\"background-color: #ffffff;background-position: center center;background-repeat: no-repeat;padding-top:0px;padding-right:15%;padding-bottom:0px;padding-left:15%;margin-bottom: 0px;margin-top: 0px;border-width: 0px 0px 0px 0px;border-color:rgba(255,255,255,0);border-style:solid;\" ><div class=\"fusion-builder-row fusion-row\"><div class=\"fusion-layout-column fusion_builder_column fusion-builder-column-12 fusion_builder_column_1_1 1_1 fusion-one-full fusion-column-first fusion-column-last\" style=\"margin-top:0px;margin-bottom:20px;\"><div class=\"fusion-column-wrapper fusion-flex-column-wrapper-legacy\" style=\"background-position:left top;background-repeat:no-repeat;-webkit-background-size:cover;-moz-background-size:cover;-o-background-size:cover;background-size:cover;padding: 0px 0px 0px 0px;\"><div class=\"fusion-sep-clear\"><\/div><div class=\"fusion-separator\" style=\"margin-left: auto;margin-right: auto;margin-top:5px;margin-bottom:30px;width:100%;max-width:150px;\"><div class=\"fusion-separator-border sep-single sep-solid\" style=\"border-color:rgba(255,252,252,0);border-top-width:1px;\"><\/div><\/div><div class=\"fusion-sep-clear\"><\/div><div class=\"imageframe-align-center\"><span class=\" fusion-imageframe imageframe-none imageframe-12 hover-type-none\" style=\"border-radius:30px;\"><img decoding=\"async\" width=\"68\" height=\"68\" title=\"icon_anfahrt\" src=\"http:\/\/www.smarttravelers.de\/wp-content\/uploads\/2018\/02\/icon_anfahrt-1.png\" class=\"img-responsive wp-image-34565\" srcset=\"https:\/\/www.smarttravelers.de\/wp-content\/uploads\/2018\/02\/icon_anfahrt-1-66x66.png 66w, https:\/\/www.smarttravelers.de\/wp-content\/uploads\/2018\/02\/icon_anfahrt-1.png 68w\" sizes=\"(max-width: 68px) 100vw, 68px\" \/><\/span><\/div><div class=\"fusion-sep-clear\"><\/div><div class=\"fusion-separator\" style=\"margin-left: auto;margin-right: auto;margin-top:5px;margin-bottom:30px;width:100%;max-width:150px;\"><\/div><div class=\"fusion-sep-clear\"><\/div><div class=\"fusion-text fusion-text-9\"><h2 class=\"content-box-heading\" style=\"text-align: center;\">Getting there<\/h2>\n<\/div><div class=\"fusion-text fusion-text-10\"><h3><strong>By car:<\/strong><\/h3>\n<p>Not advisable, unless you want to cross France and Spain completely.<\/p>\n<h3><strong>By train:<\/strong><\/h3>\n<p>See By car.<\/p>\n<h3><strong>By plane:<\/strong><\/h3>\n<p>All major airports in Germany offer daily connections to Lisbon. Thus, the Portuguese capital is served daily from <a href=\"https:\/\/www.smarttravelers.de\/en\/germany\/berlin\/\" target=\"_blank\" rel=\"noopener\">Berlin<\/a>, D\u00fcsseldorf, Frankfurt\/Main, <a href=\"https:\/\/www.smarttravelers.de\/en\/germany\/hamburg\/\" target=\"_blank\" rel=\"noopener\">Hamburg<\/a>, Cologne\/Bonn, <a href=\"https:\/\/www.smarttravelers.de\/en\/germany\/munich\/\" target=\"_blank\" rel=\"noopener\">Munich<\/a> and Stuttgart, mostly by several airlines. There are also daily flights to Lisbon from <a href=\"https:\/\/www.smarttravelers.de\/en\/austria\/vienna\/\" target=\"_blank\" rel=\"noopener\">Vienna<\/a> in Austria and Basel, Geneva and Zurich in Switzerland.<\/p>\n<\/div><div class=\"fusion-clearfix\"><\/div><\/div><\/div><\/div><\/div><\/div><div id=\"hotels\"><div class=\"fusion-fullwidth fullwidth-box fusion-builder-row-9 nonhundred-percent-fullwidth non-hundred-percent-height-scrolling\" style=\"background-color: #003580;background-position: center center;background-repeat: no-repeat;padding-top:0px;padding-right:10%;padding-bottom:0px;padding-left:10%;margin-bottom: 0px;margin-top: 0px;border-width: 0px 0px 0px 0px;border-color:rgba(255,255,255,0);border-style:solid;\" ><div class=\"fusion-builder-row fusion-row\"><div class=\"fusion-layout-column fusion_builder_column fusion-builder-column-13 fusion_builder_column_1_1 1_1 fusion-one-full fusion-column-first fusion-column-last\" style=\"margin-top:0px;margin-bottom:20px;\"><div class=\"fusion-column-wrapper fusion-flex-column-wrapper-legacy\" style=\"background-position:left top;background-repeat:no-repeat;-webkit-background-size:cover;-moz-background-size:cover;-o-background-size:cover;background-size:cover;padding: 0px 0px 0px 0px;\"><div class=\"fusion-sep-clear\"><\/div><div class=\"fusion-separator\" style=\"margin-left: auto;margin-right: auto;margin-top:5px;margin-bottom:30px;width:100%;max-width:150px;\"><div class=\"fusion-separator-border sep-single sep-solid\" style=\"border-color:rgba(255,252,252,0);border-top-width:1px;\"><\/div><\/div><div class=\"fusion-sep-clear\"><\/div><div class=\"imageframe-align-center\"><span class=\" fusion-imageframe imageframe-none imageframe-13 hover-type-none\" style=\"border-radius:30px;\"><img decoding=\"async\" width=\"68\" height=\"68\" title=\"icon_hotels-hell\" src=\"https:\/\/www.smarttravelers.de\/wp-content\/uploads\/2018\/03\/icon_hotels-hell.png\" class=\"img-responsive wp-image-59958\" srcset=\"https:\/\/www.smarttravelers.de\/wp-content\/uploads\/2018\/03\/icon_hotels-hell-66x66.png 66w, https:\/\/www.smarttravelers.de\/wp-content\/uploads\/2018\/03\/icon_hotels-hell.png 68w\" sizes=\"(max-width: 68px) 100vw, 68px\" \/><\/span><\/div><div class=\"fusion-sep-clear\"><\/div><div class=\"fusion-separator\" style=\"margin-left: auto;margin-right: auto;margin-top:5px;margin-bottom:30px;width:100%;max-width:150px;\"><div class=\"fusion-separator-border sep-single sep-solid\" style=\"border-color:rgba(255,252,252,0);border-top-width:1px;\"><\/div><\/div><div class=\"fusion-sep-clear\"><\/div><div class=\"imageframe-align-center\"><span class=\" fusion-imageframe imageframe-none imageframe-14 hover-type-none\" style=\"border-radius:30px;\"><img decoding=\"async\" width=\"200\" height=\"48\" title=\"Bildschirmfoto 2018-03-08 um 15.02.21\" src=\"http:\/\/www.smarttravelers.de\/wp-content\/uploads\/2018\/03\/Bildschirmfoto-2018-03-08-um-15.02.21-200x48.png\" class=\"img-responsive wp-image-59945\" srcset=\"https:\/\/www.smarttravelers.de\/wp-content\/uploads\/2018\/03\/Bildschirmfoto-2018-03-08-um-15.02.21-200x48.png 200w, https:\/\/www.smarttravelers.de\/wp-content\/uploads\/2018\/03\/Bildschirmfoto-2018-03-08-um-15.02.21.png 366w\" sizes=\"(max-width: 500px) 100vw, 200px\" \/><\/span><\/div><div class=\"fusion-sep-clear\"><\/div><div class=\"fusion-separator\" style=\"margin-left: auto;margin-right: auto;margin-top:5px;margin-bottom:30px;width:100%;max-width:150px;\"><div class=\"fusion-separator-border sep-single sep-solid\" style=\"border-color:rgba(255,252,252,0);border-top-width:1px;\"><\/div><\/div><div class=\"fusion-sep-clear\"><\/div><div class=\"fusion-text fusion-text-11\"><p><ins class=\"bookingaff\" data-aid=\"1694157\" data-target_aid=\"1694157\" data-prod=\"map\" data-width=\"100%\" data-height=\"590\" data-lang=\"ualng\" data-dest_id=\"0\" data-dest_type=\"landmark\" data-latitude=\"38.7222524\" data-longitude=\"-9.1393366\" data-mwhsb=\"0\"><br \/>\n<!-- Anything inside will go away once widget is loaded. --><br \/>\n<a href=\"\/\/www.booking.com?aid=1694157\">Booking.com<\/a><br \/>\n<\/ins><br \/>\n<script type=\"text\/javascript\">\n    (function(d, sc, u) {\n      var s = d.createElement(sc), p = d.getElementsByTagName(sc)[0];\n      s.type = 'text\/javascript';\n      s.async = true;\n      s.src = u + '?v=' + (+new Date());\n      p.parentNode.insertBefore(s,p);\n      })(document, 'script', '\/\/aff.bstatic.com\/static\/affiliate_base\/js\/flexiproduct.js');\n<\/script><\/p>\n<\/div><div class=\"fusion-sep-clear\"><\/div><div class=\"fusion-separator\" style=\"margin-left: auto;margin-right: auto;margin-top:5px;margin-bottom:0px;width:100%;max-width:150px;\"><\/div><div class=\"fusion-sep-clear\"><\/div><div class=\"fusion-clearfix\"><\/div><\/div><\/div><\/div><\/div><\/div><div class=\"fusion-fullwidth fullwidth-box fusion-builder-row-10 nonhundred-percent-fullwidth non-hundred-percent-height-scrolling\" style=\"background-color: #f4f4f4;background-position: center center;background-repeat: no-repeat;padding-top:0px;padding-right:15%;padding-bottom:0px;padding-left:15%;margin-bottom: 0px;margin-top: 0px;border-width: 0px 0px 0px 0px;border-color:rgba(255,255,255,0);border-style:solid;\" ><div class=\"fusion-builder-row fusion-row\"><div class=\"fusion-layout-column fusion_builder_column fusion-builder-column-14 fusion_builder_column_1_1 1_1 fusion-one-full fusion-column-first fusion-column-last\" style=\"margin-top:0px;margin-bottom:20px;\"><div class=\"fusion-column-wrapper fusion-flex-column-wrapper-legacy\" style=\"background-position:left top;background-repeat:no-repeat;-webkit-background-size:cover;-moz-background-size:cover;-o-background-size:cover;background-size:cover;padding: 0px 0px 0px 0px;\"><div class=\"fusion-sep-clear\"><\/div><div class=\"fusion-separator\" style=\"margin-left: auto;margin-right: auto;margin-top:5px;margin-bottom:30px;width:100%;max-width:150px;\"><div class=\"fusion-separator-border sep-single sep-solid\" style=\"border-color:rgba(255,252,252,0);border-top-width:1px;\"><\/div><\/div><div class=\"fusion-sep-clear\"><\/div><div class=\"imageframe-align-center\"><span class=\" fusion-imageframe imageframe-none imageframe-15 hover-type-none\" style=\"border-radius:30px;\"><img decoding=\"async\" width=\"68\" height=\"68\" title=\"icon_einkaufen\" src=\"http:\/\/www.smarttravelers.de\/wp-content\/uploads\/2018\/02\/icon_einkaufen-2.png\" class=\"img-responsive wp-image-34567\" srcset=\"https:\/\/www.smarttravelers.de\/wp-content\/uploads\/2018\/02\/icon_einkaufen-2-66x66.png 66w, https:\/\/www.smarttravelers.de\/wp-content\/uploads\/2018\/02\/icon_einkaufen-2.png 68w\" sizes=\"(max-width: 68px) 100vw, 68px\" \/><\/span><\/div><div class=\"fusion-sep-clear\"><\/div><div class=\"fusion-separator\" style=\"margin-left: auto;margin-right: auto;margin-top:5px;margin-bottom:30px;width:100%;max-width:150px;\"><\/div><div class=\"fusion-sep-clear\"><\/div><div class=\"fusion-text fusion-text-12\"><h2 class=\"content-box-heading\" style=\"text-align: center;\">Shopping<\/h2>\n<\/div><div class=\"fusion-text fusion-text-13\"><p>Lisbon does not necessarily have the reputation of a shopping metropolis. But this is completely unjustified, because in the capital of Portugal you can shop excellently. Of course, the large international chains of all categories of goods are represented in Lisbon. However, these are by no means the main reason for a shopping trip through the city. Because what makes the real shopping flair of Lisbon are the typical Portuguese products, which in most cases can still be found in traditional, owner-operated stores.<\/p>\n<p>Such traditional stores with goods typical of the country are mainly located in the smaller side streets of Lisbon&#8217;s old town. From sewing thread and socks to embroidery and corkwork to ceramics and the famous painted tiles called azulejos, the stores sell everything that makes up Portugal&#8217;s world of goods.\u00a0Shopping in one of these Lisbon traditional stores is a quaint and nostalgic experience. Time seems to have simply stood still there. Often the whole family is still behind the counter and the store design has often not changed for many decades.<\/p>\n<p>By the way, very popular souvenirs from Lisbon are also Portuguese culinary specialties such as honey, olive oils, sheep&#8217;s cheese and wine. Leather goods as well as gold and silver jewelry are also available in Lisbon in excellent quality and usually somewhat cheaper than in Germany.<\/p>\n<p>Lisbon&#8217;s main shopping district is the lower town of <em>Baixa<\/em>. The central shopping street is <em>Rua Augusta<\/em>, which connects the two most important squares in the city center, <a href=\"https:\/\/www.smarttravelers.de\/en\/sights\/portugal\/lisbon\/praca-do-comercio\/\" target=\"_blank\" rel=\"noopener\">Pra\u00e7a do Com\u00e9rcio<\/a> and <a href=\"https:\/\/www.smarttravelers.de\/en\/sights\/portugal\/lisbon\/rossio\/\" target=\"_blank\" rel=\"noopener\">Rossio<\/a>.\u00a0Those who like to stock their closet in posh boutiques should stroll along the boulevard <a href=\"https:\/\/www.smarttravelers.de\/en\/sights\/portugal\/lisbon\/avenida-da-liberdade\/\" target=\"_blank\" rel=\"noopener\">Avenida da Liberdade<\/a>. This is where the stores of the Who-is-who of the international fashion world line up.\u00a0The upper town, <a href=\"https:\/\/www.smarttravelers.de\/en\/sights\/portugal\/lisbon\/bairro-alto\/\" target=\"_blank\" rel=\"noopener\">Bairro Alto<\/a>, is also worth a shopping trip. Here not only a lot of bars and restaurants are to be found, but also many individual stores for art, fashion and jewelry.<\/p>\n<p>Those who prefer to fill their pockets in big shopping malls will not be disappointed by Lisbon either. The Portuguese capital has a whole series of modern shopping malls with a huge range of goods. Due to the large number of shopping centers, only three of the most prominent ones should be mentioned here:<\/p>\n<p>With over 400 stores and 60 restaurants, the <em>Colombo Shopping Center<\/em> holds the title of the largest shopping center on the Iberian Peninsula. For those who need a break from shopping, the center offers bowling, go-karting and cinema. The <em>Colombo Shopping Center<\/em> is located in the <em>Benfica<\/em> district, directly opposite the famous <em>Estadio da Luz<\/em> stadium of the <em>Benfica Lisbon<\/em> soccer club.<\/p>\n<p>Also worth mentioning is the <em>Vasco da Gama Shopping Center<\/em>, located on the former Expo site <a href=\"https:\/\/www.smarttravelers.de\/en\/sights\/portugal\/lisbon\/parque-das-nacoes\/\" target=\"_blank\" rel=\"noopener\">Parque das Na\u00e7\u00f5es<\/a>. At the time, it was still the entrance building for the World Expo and was subsequently converted into an architecturally attractive shopping center with over 150 stores and a food court with 30 restaurants. A shopping trip to the <em>Vasco da Gama Shopping Center<\/em> can be combined with a visit to the many sights in the <a href=\"https:\/\/www.smarttravelers.de\/en\/sights\/portugal\/lisbon\/parque-das-nacoes\/\" target=\"_blank\" rel=\"noopener\">Parque das Na\u00e7\u00f5es<\/a>.<\/p>\n<p>The most central and perhaps most beautiful shopping center is the <em>Armaz\u00e9ns do Chiado<\/em>, located in the <em>Chiado<\/em> district of the same name, right next to the famous <a href=\"https:\/\/www.smarttravelers.de\/en\/sights\/portugal\/lisbon\/santa-justa-lift\/\" target=\"_blank\" rel=\"noopener\">Santa Justa Lift<\/a>. Anyone standing in front of the historic Art Deco-style building fa\u00e7ade would hardly suspect that a modern shopping center is hidden behind it. The <em>Armaz\u00e9ns do Chiado<\/em> is relatively small with about 50 stores, but still definitely worth a visit &#8211; especially because of the great view of the old town of Lisbon, which you have from the very nice food court of the shopping center.<\/p>\n<\/div><div class=\"fusion-clearfix\"><\/div><\/div><\/div><\/div><\/div><div id=\"wohin\"><div class=\"fusion-fullwidth fullwidth-box fusion-builder-row-11 nonhundred-percent-fullwidth non-hundred-percent-height-scrolling\" style=\"background-color: #ffffff;background-position: center center;background-repeat: no-repeat;padding-top:0px;padding-right:15%;padding-bottom:0px;padding-left:15%;margin-bottom: 0px;margin-top: 0px;border-width: 0px 0px 0px 0px;border-color:rgba(255,255,255,0);border-style:solid;\" ><div class=\"fusion-builder-row fusion-row\"><div class=\"fusion-layout-column fusion_builder_column fusion-builder-column-15 fusion_builder_column_1_1 1_1 fusion-one-full fusion-column-first fusion-column-last\" style=\"margin-top:0px;margin-bottom:20px;\"><div class=\"fusion-column-wrapper fusion-flex-column-wrapper-legacy\" style=\"background-position:left top;background-repeat:no-repeat;-webkit-background-size:cover;-moz-background-size:cover;-o-background-size:cover;background-size:cover;padding: 0px 0px 0px 0px;\"><div class=\"fusion-sep-clear\"><\/div><div class=\"fusion-separator\" style=\"margin-left: auto;margin-right: auto;margin-top:5px;margin-bottom:30px;width:100%;max-width:150px;\"><div class=\"fusion-separator-border sep-single sep-solid\" style=\"border-color:rgba(255,252,252,0);border-top-width:1px;\"><\/div><\/div><div class=\"fusion-sep-clear\"><\/div><div class=\"imageframe-align-center\"><span class=\" fusion-imageframe imageframe-none imageframe-16 hover-type-none\" style=\"border-radius:30px;\"><img decoding=\"async\" width=\"68\" height=\"68\" title=\"trinken\" src=\"http:\/\/www.smarttravelers.de\/wp-content\/uploads\/2018\/02\/trinken-2.png\" class=\"img-responsive wp-image-34580\" srcset=\"https:\/\/www.smarttravelers.de\/wp-content\/uploads\/2018\/02\/trinken-2-66x66.png 66w, https:\/\/www.smarttravelers.de\/wp-content\/uploads\/2018\/02\/trinken-2.png 68w\" sizes=\"(max-width: 68px) 100vw, 68px\" \/><\/span><\/div><div class=\"fusion-sep-clear\"><\/div><div class=\"fusion-separator\" style=\"margin-left: auto;margin-right: auto;margin-top:5px;margin-bottom:30px;width:100%;max-width:150px;\"><\/div><div class=\"fusion-sep-clear\"><\/div><div class=\"fusion-text fusion-text-14\"><h2 class=\"content-box-heading\" style=\"text-align: center;\">Food and drink<\/h2>\n<\/div><div class=\"fusion-text fusion-text-15\"><p>Lisbon is a true paradise for lovers of good food. In hardly any other city in Europe can you eat so deliciously in so many places as in the Portuguese capital. No wonder that the capital of Portugal has long since ceased to be an insider tip for gourmets from all over Europe.<\/p>\n<p>When you eat out in Lisbon, the first thing you come into contact with is traditional Portuguese cuisine. It is simple, rustic and hearty. On the plate there is usually a lot of fish, meat, rice, potatoes and a salad. Because of Portugal&#8217;s long history as a colonial power, you should definitely try the national specialties of the former colonies in Lisbon. There are many excellent African, Brazilian and Indian restaurants.<\/p>\n<p>The Portuguese national dish number one is stockfish called &#8220;Bacalhau&#8221;. It is so popular that there are said to be 365 different ways to prepare it. Lovers of fish and seafood get their money&#8217;s worth in Portugal anyway. The country&#8217;s long Atlantic coast provides an ample supply. In the seafood restaurants called &#8220;marisqueiras&#8221;, fried sardines (pt. &#8220;sardinhas assadas&#8221;) and shellfish such as lobster (pt. &#8220;lavagante&#8221;) and rock lobsters (pt. &#8220;lagostas&#8221;) are often served.<\/p>\n<p>But also meat is eaten by the Portuguese with pleasure and a lot. From steak (pt. &#8220;bife&#8221;) to lamb (pt. &#8220;borrego&#8221;) and grilled chicken (pt. &#8220;frango assado&#8221;) to suckling pig (pt. &#8220;leit\u00e3o assado&#8221;) and the famous porco preto (a black pig that feeds mainly on cork oak), which is often eaten with mussels and vegetables, the choice of meat dishes is very diverse.<\/p>\n<p>Well known far beyond the country&#8217;s borders are the Portuguese desserts (pt. &#8220;sobremesas&#8221;), which truly live up to their name. In addition to rice pudding (pt. &#8220;arroz doce&#8221;), caramel custard (pt. &#8220;pudim flan&#8221;) and milk cream (pt. &#8220;leite creme&#8221;) are often served after a meal. However, one dessert of Portugal must be highlighted in particular, as it now enjoys world fame: The Pasteis de Bel\u00e9m, better known as Pasteis de Nata. No visit to Lisbon should end without eating one of the pudding pastry tarts (usually you don&#8217;t eat only one Nata). The monks of the <a href=\"https:\/\/www.smarttravelers.de\/en\/sights\/portugal\/lisbon\/jeronimos-monastery\/\" target=\"_blank\" rel=\"noopener\">Jer\u00f3nimos Monastery<\/a> baked the little tarts before the 18th century according to a secret recipe. Today, there is no Lisbon bakery or pastry shop that does not offer natas.<\/p>\n<p>Pasteis de Nata, by the way, go perfectly with coffee drinking, one of the favorite pastimes of Lisboners. The locals are truly crazy about coffee &#8211; hardly a street in Lisbon is without a small caf\u00e9. By the way, the tradition of drinking coffee in Portugal goes way back. The drink was brought back by sailors from their voyages of discovery from South America and Africa. No wonder Lisboners drink their coffee in countless different ways, from a simple espresso with a little water, to a double espresso, to a gal\u00e3o.<\/p>\n<p>Besides coffee drinkers, wine lovers will also enjoy a trip to Lisbon. Although still rather unknown in this country, Portuguese wines are among the best in all of Europe. Whether red wine (pt. &#8220;vinho tinto&#8221;) or white wine (pt. &#8220;vinho branco&#8221;), the selection is good and large everywhere. The tangy vinho verde is also popular and should be served chilled.<\/p>\n<p>And last but not least, a note on eating out in Lisbon. At lunchtime, almost all restaurants and cafes in the city offer lunch (pt. &#8220;pratos do dia&#8221;). Mostly, these are dishes of the day from Portuguese cuisine, which usually don&#8217;t cost much (and are delicious). Dinner in Lisbon tends to be larger, often with several courses. As for meal times, the Portuguese are a bit later than the average Central European. Lunch is usually served between 12:30 and 3 pm. Dinner is rarely served before 8 pm. Locals usually don&#8217;t go out to dinner until after 9 pm. And a note on a Portuguese peculiarity: in restaurants you almost always get a cover of olives, bread, oil and sometimes spreads and butter. If you don&#8217;t want it, you simply don&#8217;t touch it and then you don&#8217;t have to pay for it.<\/p>\n<\/div><div class=\"fusion-clearfix\"><\/div><\/div><\/div><\/div><\/div><\/div><div class=\"fusion-fullwidth fullwidth-box fusion-builder-row-12 nonhundred-percent-fullwidth non-hundred-percent-height-scrolling\" style=\"background-color: #f4f4f4;background-position: center center;background-repeat: no-repeat;padding-top:0px;padding-right:15%;padding-bottom:0px;padding-left:15%;margin-bottom: 0px;margin-top: 0px;border-width: 0px 0px 0px 0px;border-color:rgba(255,255,255,0);border-style:solid;\" ><div class=\"fusion-builder-row fusion-row\"><div class=\"fusion-layout-column fusion_builder_column fusion-builder-column-16 fusion_builder_column_1_1 1_1 fusion-one-full fusion-column-first fusion-column-last\" style=\"margin-top:0px;margin-bottom:20px;\"><div class=\"fusion-column-wrapper fusion-flex-column-wrapper-legacy\" style=\"background-position:left top;background-repeat:no-repeat;-webkit-background-size:cover;-moz-background-size:cover;-o-background-size:cover;background-size:cover;padding: 0px 0px 0px 0px;\"><div class=\"fusion-sep-clear\"><\/div><div class=\"fusion-separator\" style=\"margin-left: auto;margin-right: auto;margin-top:5px;margin-bottom:30px;width:100%;max-width:150px;\"><div class=\"fusion-separator-border sep-single sep-solid\" style=\"border-color:rgba(255,252,252,0);border-top-width:1px;\"><\/div><\/div><div class=\"fusion-sep-clear\"><\/div><div class=\"imageframe-align-center\"><span class=\" fusion-imageframe imageframe-none imageframe-17 hover-type-none\" style=\"border-radius:30px;\"><img decoding=\"async\" width=\"68\" height=\"68\" title=\"icon_nachtleben\" src=\"http:\/\/www.smarttravelers.de\/wp-content\/uploads\/2018\/02\/icon_nachtleben-2.png\" class=\"img-responsive wp-image-34574\" srcset=\"https:\/\/www.smarttravelers.de\/wp-content\/uploads\/2018\/02\/icon_nachtleben-2-66x66.png 66w, https:\/\/www.smarttravelers.de\/wp-content\/uploads\/2018\/02\/icon_nachtleben-2.png 68w\" sizes=\"(max-width: 68px) 100vw, 68px\" \/><\/span><\/div><div class=\"fusion-sep-clear\"><\/div><div class=\"fusion-separator\" style=\"margin-left: auto;margin-right: auto;margin-top:5px;margin-bottom:30px;width:100%;max-width:150px;\"><\/div><div class=\"fusion-sep-clear\"><\/div><div class=\"fusion-text fusion-text-16\"><h2 class=\"content-box-heading\" style=\"text-align: center;\">Nightlife and entertainment<\/h2>\n<\/div><div class=\"fusion-text fusion-text-17\"><p>Those who want to go out in Lisbon will find that the nights are long in Portugal&#8217;s capital. To warm up and get in the mood for a night of partying, they should do as many locals do: they meet at one of the numerous miradouros (engl. &#8220;lookout points&#8221;) and enjoy the sunset and Lisbon&#8217;s beautiful evening light with a beer or glass of wine. Probably the most popular viewpoint in the evening is the <a href=\"https:\/\/www.smarttravelers.de\/en\/sights\/portugal\/lisbon\/miradouro-de-santa-catarina\/\" target=\"_blank\" rel=\"noopener\">Miradouro de Santa Catarina<\/a> with its magnificent view of the Tagus.<\/p>\n<p>Afterwards, it is only a stone&#8217;s throw to the <a href=\"https:\/\/www.smarttravelers.de\/en\/sights\/portugal\/lisbon\/bairro-alto\/\" target=\"_blank\" rel=\"noopener\">Bairro Alto<\/a>, Lisbon&#8217;s bar and pub district par excellence. Here, from traditional <em>toscas<\/em> playing fado to trendy cocktail bars, there&#8217;s something for every drinking and musical taste. The bars and clubs of <a href=\"https:\/\/www.smarttravelers.de\/en\/sights\/portugal\/lisbon\/bairro-alto\/\" target=\"_blank\" rel=\"noopener\">Bairro Alto<\/a> are hip and colorful. Locals and tourists, hip hop, goth and jazz fans, lesbians and gays mingle here.<\/p>\n<p>When the night in <a href=\"https:\/\/www.smarttravelers.de\/en\/sights\/portugal\/lisbon\/bairro-alto\/\" target=\"_blank\" rel=\"noopener\">Bairro Alto<\/a> slowly comes to an end (after 2 am, no drinks are allowed to be served and no live music is allowed to be played), hardcore people move further downriver to the <a href=\"https:\/\/www.smarttravelers.de\/en\/sights\/portugal\/lisbon\/cais-do-sodre\/\" target=\"_blank\" rel=\"noopener\">Cais do Sodr\u00e9<\/a> neighborhood. On the banks of the Tagus, bars and clubs don&#8217;t have to adhere to any closing time. Accordingly, people drink, party and dance here until the early hours of the morning.<\/p>\n<p>Another center for night owls are the <em>Docas de Santo Amaro<\/em>, usually just called <em>Docas<\/em> for short. The chicly renovated warehouses at the marina, located directly under the <a href=\"https:\/\/www.smarttravelers.de\/en\/sights\/portugal\/lisbon\/25-de-abril-bridge\/\" target=\"_blank\" rel=\"noopener\">25 de Abril Bridge<\/a>, are home to some of the hottest bars and clubs in the city.<\/p>\n<\/div><div class=\"fusion-clearfix\"><\/div><\/div><\/div><\/div><\/div><div id=\"was\"><div class=\"fusion-fullwidth fullwidth-box fusion-builder-row-13 nonhundred-percent-fullwidth non-hundred-percent-height-scrolling\" style=\"background-color: #ffffff;background-position: center center;background-repeat: no-repeat;padding-top:0px;padding-right:15%;padding-bottom:0px;padding-left:15%;margin-bottom: -60px;margin-top: 0px;border-width: 0px 0px 0px 0px;border-color:rgba(255,255,255,0);border-style:solid;\" ><div class=\"fusion-builder-row fusion-row\"><div class=\"fusion-layout-column fusion_builder_column fusion-builder-column-17 fusion_builder_column_1_1 1_1 fusion-one-full fusion-column-first fusion-column-last\" style=\"margin-top:0px;margin-bottom:20px;\"><div class=\"fusion-column-wrapper fusion-flex-column-wrapper-legacy\" style=\"background-position:left top;background-repeat:no-repeat;-webkit-background-size:cover;-moz-background-size:cover;-o-background-size:cover;background-size:cover;padding: 0px 0px 0px 0px;\"><div class=\"fusion-sep-clear\"><\/div><div class=\"fusion-separator\" style=\"margin-left: auto;margin-right: auto;margin-top:5px;margin-bottom:30px;width:100%;max-width:150px;\"><div class=\"fusion-separator-border sep-single sep-solid\" style=\"border-color:rgba(255,252,252,0);border-top-width:1px;\"><\/div><\/div><div class=\"fusion-sep-clear\"><\/div><div class=\"imageframe-align-center\"><span class=\" fusion-imageframe imageframe-none imageframe-18 hover-type-none\" style=\"border-radius:30px;\"><img decoding=\"async\" width=\"68\" height=\"68\" title=\"icon_sehensw\u00fcrdigkeiten\" src=\"http:\/\/www.smarttravelers.de\/wp-content\/uploads\/2018\/02\/icon_sehensw\u00fcrdigkeiten-1.png\" class=\"img-responsive wp-image-34576\" srcset=\"https:\/\/www.smarttravelers.de\/wp-content\/uploads\/2018\/02\/icon_sehensw\u00fcrdigkeiten-1-66x66.png 66w, https:\/\/www.smarttravelers.de\/wp-content\/uploads\/2018\/02\/icon_sehensw\u00fcrdigkeiten-1.png 68w\" sizes=\"(max-width: 68px) 100vw, 68px\" \/><\/span><\/div><div class=\"fusion-sep-clear\"><\/div><div class=\"fusion-separator\" style=\"margin-left: auto;margin-right: auto;margin-top:5px;margin-bottom:30px;width:100%;max-width:150px;\"><\/div><div class=\"fusion-sep-clear\"><\/div><div class=\"fusion-text fusion-text-18\"><h2 class=\"content-box-heading\" style=\"text-align: center;\">Sights<\/h2>\n<\/div><div class=\"fusion-text fusion-text-19\"><div class=\"fusion-recent-works fusion-portfolio-element fusion-portfolio fusion-portfolio-1 fusion-portfolio-masonry fusion-portfolio-paging-infinite fusion-portfolio-three fusion-portfolio-no_text fusion-portfolio-rollover\" data-id=\"-rw-1\" data-columns=\"three\"><div role=\"menubar\"><ul class=\"fusion-filters\" role=\"menu\" aria-label=\"filters\"><li role=\"menuitem\" class=\"fusion-filter fusion-hidden fusion-active\"><a href=\"#\" data-filter=\".all-in-lisbon\">All in Lisbon<\/a><\/li><li role=\"menuitem\" class=\"fusion-filter fusion-hidden\"><a href=\"#\" data-filter=\".alle-in-stockholm-en\">Alle in Stockholm<\/a><\/li><li role=\"menuitem\" class=\"fusion-filter fusion-hidden\"><a href=\"#\" data-filter=\".beaches\">Beaches<\/a><\/li><li role=\"menuitem\" class=\"fusion-filter fusion-hidden\"><a href=\"#\" data-filter=\".bridges\">Bridges<\/a><\/li><li role=\"menuitem\" class=\"fusion-filter fusion-hidden\"><a href=\"#\" data-filter=\".castles-palaces\">Castles &amp; Palaces<\/a><\/li><li role=\"menuitem\" class=\"fusion-filter fusion-hidden\"><a href=\"#\" data-filter=\".churches-monasteries\">Churches &amp; Monasteries<\/a><\/li><li role=\"menuitem\" class=\"fusion-filter fusion-hidden\"><a href=\"#\" data-filter=\".districts\">Districts<\/a><\/li><li role=\"menuitem\" class=\"fusion-filter fusion-hidden\"><a href=\"#\" data-filter=\".gardens-parks\">Gardens &amp; Parks<\/a><\/li><li role=\"menuitem\" class=\"fusion-filter fusion-hidden\"><a href=\"#\" data-filter=\".highlights-en\">Highlights<\/a><\/li><li role=\"menuitem\" class=\"fusion-filter fusion-hidden\"><a href=\"#\" data-filter=\".historical-buildings\">Historical buildings<\/a><\/li><li role=\"menuitem\" class=\"fusion-filter fusion-hidden\"><a href=\"#\" data-filter=\".museums-galleries\">Museums &amp; Galleries<\/a><\/li><li role=\"menuitem\" class=\"fusion-filter fusion-hidden\"><a href=\"#\" data-filter=\".natural-landscapes-national-parks\">Natural landscapes &amp; National parks<\/a><\/li><li role=\"menuitem\" class=\"fusion-filter fusion-hidden\"><a href=\"#\" data-filter=\".other-sights\">Other sights<\/a><\/li><li role=\"menuitem\" class=\"fusion-filter fusion-hidden\"><a href=\"#\" data-filter=\".shopping\">Shopping<\/a><\/li><li role=\"menuitem\" class=\"fusion-filter fusion-hidden\"><a href=\"#\" data-filter=\".streets-squares\">Streets &amp; Squares<\/a><\/li><li role=\"menuitem\" class=\"fusion-filter fusion-hidden\"><a href=\"#\" data-filter=\".theater-opera-houses\">Theater &amp; Opera houses<\/a><\/li><li role=\"menuitem\" class=\"fusion-filter fusion-hidden\"><a href=\"#\" data-filter=\".theme-amusement-parks\">Theme &amp; Amusement parks<\/a><\/li><li role=\"menuitem\" class=\"fusion-filter fusion-hidden\"><a href=\"#\" data-filter=\".viewpoints\">Viewpoints<\/a><\/li><li role=\"menuitem\" class=\"fusion-filter fusion-hidden\"><a href=\"#\" data-filter=\".world-heritage-sites\">World Heritage Sites<\/a><\/li><li role=\"menuitem\" class=\"fusion-filter fusion-hidden\"><a href=\"#\" data-filter=\".zoos-aquariums\">Zoos &amp; Aquariums<\/a><\/li><\/ul><\/div><style type=\"text\/css\">.fusion-portfolio-1 .fusion-portfolio-wrapper .fusion-col-spacing{padding:10px;}<\/style><div class=\"fusion-portfolio-wrapper\" id=\"fusion-portfolio-1\" data-picturesize=\"auto\" data-pages=\"0\" style=\"margin:-10px;\"><article class=\"fusion-portfolio-post fusion-grid-sizer\"><\/article><article id=\"portfolio-1-post-61392\" class=\"fusion-portfolio-post all-in-lisbon bridges fusion-col-spacing post-61392 fusion-element-grid\"><div class=\"fusion-portfolio-content-wrapper\" style=\"border:none;\"><span class=\"entry-title rich-snippet-hidden\">25 de Abril Bridge<\/span><span class=\"vcard rich-snippet-hidden\"><span class=\"fn\"><a href=\"https:\/\/www.smarttravelers.de\/en\/author\/wp_admin\/\" title=\"Posts by wp_admin\" rel=\"author\">wp_admin<\/a><\/span><\/span><span class=\"updated rich-snippet-hidden\">2024-08-20T23:50:02+02:00<\/span>\n\n<div  class=\"fusion-masonry-element-container fusion-image-wrapper\" style=\"background-image:url(https:\/\/www.smarttravelers.de\/wp-content\/uploads\/2019\/01\/Ponte-25-de-Abril2.jpg);padding-top:calc((100% + 20px) * 0.8 - 10px);\" aria-haspopup=\"true\">\n\t\n\t\n\t\n\t\t\n\t\t\t\t\t<img decoding=\"async\" width=\"1200\" height=\"803\" src=\"https:\/\/www.smarttravelers.de\/wp-content\/uploads\/2019\/01\/Ponte-25-de-Abril2.jpg\" class=\"attachment-full size-full wp-post-image\" alt=\"Die Ponte 25 de Abril \u00fcber den Tejo\" srcset=\"https:\/\/www.smarttravelers.de\/wp-content\/uploads\/2019\/01\/Ponte-25-de-Abril2-200x134.jpg 200w, https:\/\/www.smarttravelers.de\/wp-content\/uploads\/2019\/01\/Ponte-25-de-Abril2-400x268.jpg 400w, https:\/\/www.smarttravelers.de\/wp-content\/uploads\/2019\/01\/Ponte-25-de-Abril2-600x402.jpg 600w, https:\/\/www.smarttravelers.de\/wp-content\/uploads\/2019\/01\/Ponte-25-de-Abril2-800x535.jpg 800w, https:\/\/www.smarttravelers.de\/wp-content\/uploads\/2019\/01\/Ponte-25-de-Abril2.jpg 1200w\" sizes=\"(min-width: 2200px) 100vw, (min-width: 284px) 356px, (min-width: 212px) 284px, (min-width: 140px) 212px, \" \/>\n\t\n\n\t\t<div class=\"fusion-rollover\">\n\t<div class=\"fusion-rollover-content\">\n\n\t\t\t\t\t\t\t\t\t\t\t\t\t\t<a class=\"fusion-rollover-link\" href=\"https:\/\/www.smarttravelers.de\/en\/sights\/portugal\/lisbon\/25-de-abril-bridge\/\" target=\"_blank\">25 de Abril Bridge<\/a>\n\t\t\t\n\t\t\t\t\t\t\t\t\t\t\t\t\t\t\n\t\t\t\t\t\t\t\t\n\t\t\t\t\t\t\t\t\t\t\t\t\t<div class=\"fusion-rollover-sep\"><\/div>\n\t\t\t\t\n\t\t\t\t\t\t\t\t\t\t\t\t\t\t\t\t\t\t<a class=\"fusion-rollover-gallery\" href=\"https:\/\/www.smarttravelers.de\/wp-content\/uploads\/2019\/01\/Ponte-25-de-Abril2.jpg\" data-id=\"61392\" data-rel=\"iLightbox[gallery-rw-1]\" data-title=\"Ponte 25 de Abril2\" data-caption=\"\">\n\t\t\t\t\t\tGallery\t\t\t\t\t<\/a>\n\t\t\t\t\t\t\t\t\t\t\t\t\t\t\n\t\t\n\t\t\t\t\t\t\t\t\t\t\t\t<h4 class=\"fusion-rollover-title\">\n\t\t\t\t\t<a class=\"fusion-rollover-title-link\" href=\"https:\/\/www.smarttravelers.de\/en\/sights\/portugal\/lisbon\/25-de-abril-bridge\/\" target=\"_blank\">\n\t\t\t\t\t\t25 de Abril Bridge\t\t\t\t\t<\/a>\n\t\t\t\t<\/h4>\n\t\t\t\n\t\t\t\t\t\t\t\t\n\t\t\n\t\t\t\t\t\t<a class=\"fusion-link-wrapper\" href=\"https:\/\/www.smarttravelers.de\/en\/sights\/portugal\/lisbon\/25-de-abril-bridge\/\" target=\"_blank\" aria-label=\"25 de Abril Bridge\"><\/a>\n\t<\/div>\n<\/div>\n\n\t\n<\/div>\n<\/div><\/article><article id=\"portfolio-1-post-83823\" class=\"fusion-portfolio-post alle-in-stockholm-en highlights-en museums-galleries fusion-col-spacing post-83823 fusion-element-grid\"><div class=\"fusion-portfolio-content-wrapper\" style=\"border:none;\"><span class=\"entry-title rich-snippet-hidden\">ABBA The Museum<\/span><span class=\"vcard rich-snippet-hidden\"><span class=\"fn\"><a href=\"https:\/\/www.smarttravelers.de\/en\/author\/wp_admin\/\" title=\"Posts by wp_admin\" rel=\"author\">wp_admin<\/a><\/span><\/span><span class=\"updated rich-snippet-hidden\">2024-06-04T23:27:20+02:00<\/span>\n\n<div  class=\"fusion-masonry-element-container fusion-image-wrapper\" style=\"background-image:url(https:\/\/www.smarttravelers.de\/wp-content\/uploads\/2020\/03\/ABBA-The-Museum1.jpg);padding-top:calc((100% + 20px) * 0.8 - 10px);\" aria-haspopup=\"true\">\n\t\n\t\n\t\n\t\t\n\t\t\t\t\t<img decoding=\"async\" width=\"1620\" height=\"1080\" src=\"https:\/\/www.smarttravelers.de\/wp-content\/uploads\/2020\/03\/ABBA-The-Museum1.jpg\" class=\"attachment-full size-full wp-post-image\" alt=\"ABBA Bandstudio\" srcset=\"https:\/\/www.smarttravelers.de\/wp-content\/uploads\/2020\/03\/ABBA-The-Museum1-200x133.jpg 200w, https:\/\/www.smarttravelers.de\/wp-content\/uploads\/2020\/03\/ABBA-The-Museum1-400x267.jpg 400w, https:\/\/www.smarttravelers.de\/wp-content\/uploads\/2020\/03\/ABBA-The-Museum1-600x400.jpg 600w, https:\/\/www.smarttravelers.de\/wp-content\/uploads\/2020\/03\/ABBA-The-Museum1-800x533.jpg 800w, https:\/\/www.smarttravelers.de\/wp-content\/uploads\/2020\/03\/ABBA-The-Museum1-1200x800.jpg 1200w, https:\/\/www.smarttravelers.de\/wp-content\/uploads\/2020\/03\/ABBA-The-Museum1.jpg 1620w\" sizes=\"(min-width: 2200px) 100vw, (min-width: 284px) 356px, (min-width: 212px) 284px, (min-width: 140px) 212px, \" \/>\n\t\n\n\t\t<div class=\"fusion-rollover\">\n\t<div class=\"fusion-rollover-content\">\n\n\t\t\t\t\t\t\t\t\t\t\t\t\t\t<a class=\"fusion-rollover-link\" href=\"https:\/\/www.smarttravelers.de\/en\/sights\/schweden\/stockholm\/abba-the-museum\/\" target=\"_blank\">ABBA The Museum<\/a>\n\t\t\t\n\t\t\t\t\t\t\t\t\t\t\t\t\t\t\n\t\t\t\t\t\t\t\t\n\t\t\t\t\t\t\t\t\t\t\t\t\t<div class=\"fusion-rollover-sep\"><\/div>\n\t\t\t\t\n\t\t\t\t\t\t\t\t\t\t\t\t\t\t\t\t\t\t<a class=\"fusion-rollover-gallery\" href=\"https:\/\/www.smarttravelers.de\/wp-content\/uploads\/2020\/03\/ABBA-The-Museum1.jpg\" data-id=\"83823\" data-rel=\"iLightbox[gallery-rw-1]\" data-title=\"ABBA The Museum1\" data-caption=\"\">\n\t\t\t\t\t\tGallery\t\t\t\t\t<\/a>\n\t\t\t\t\t\t\t\t\t\t\t\t\t\t\n\t\t\n\t\t\t\t\t\t\t\t\t\t\t\t<h4 class=\"fusion-rollover-title\">\n\t\t\t\t\t<a class=\"fusion-rollover-title-link\" href=\"https:\/\/www.smarttravelers.de\/en\/sights\/schweden\/stockholm\/abba-the-museum\/\" target=\"_blank\">\n\t\t\t\t\t\tABBA The Museum\t\t\t\t\t<\/a>\n\t\t\t\t<\/h4>\n\t\t\t\n\t\t\t\t\t\t\t\t\n\t\t\n\t\t\t\t\t\t<a class=\"fusion-link-wrapper\" href=\"https:\/\/www.smarttravelers.de\/en\/sights\/schweden\/stockholm\/abba-the-museum\/\" target=\"_blank\" aria-label=\"ABBA The Museum\"><\/a>\n\t<\/div>\n<\/div>\n\n\t\n<\/div>\n<\/div><\/article><article id=\"portfolio-1-post-61603\" class=\"fusion-portfolio-post all-in-lisbon historical-buildings fusion-col-spacing post-61603 fusion-element-grid\"><div class=\"fusion-portfolio-content-wrapper\" style=\"border:none;\"><span class=\"entry-title rich-snippet-hidden\">\u00c1guas Livres Aqueduct<\/span><span class=\"vcard rich-snippet-hidden\"><span class=\"fn\"><a href=\"https:\/\/www.smarttravelers.de\/en\/author\/wp_admin\/\" title=\"Posts by wp_admin\" rel=\"author\">wp_admin<\/a><\/span><\/span><span class=\"updated rich-snippet-hidden\">2024-09-09T23:55:12+02:00<\/span>\n\n<div  class=\"fusion-masonry-element-container fusion-image-wrapper\" style=\"background-image:url(https:\/\/www.smarttravelers.de\/wp-content\/uploads\/2019\/01\/Aqueduto-das-\u00c1guas-Livres1.jpg);padding-top:calc((100% + 20px) * 0.8 - 10px);\" aria-haspopup=\"true\">\n\t\n\t\n\t\n\t\t\n\t\t\t\t\t<img decoding=\"async\" width=\"1200\" height=\"800\" src=\"https:\/\/www.smarttravelers.de\/wp-content\/uploads\/2019\/01\/Aqueduto-das-\u00c1guas-Livres1.jpg\" class=\"attachment-full size-full wp-post-image\" alt=\"Seitenansicht des Aqueduto das \u00c1guas Livres\" srcset=\"https:\/\/www.smarttravelers.de\/wp-content\/uploads\/2019\/01\/Aqueduto-das-\u00c1guas-Livres1-200x133.jpg 200w, https:\/\/www.smarttravelers.de\/wp-content\/uploads\/2019\/01\/Aqueduto-das-\u00c1guas-Livres1-400x267.jpg 400w, https:\/\/www.smarttravelers.de\/wp-content\/uploads\/2019\/01\/Aqueduto-das-\u00c1guas-Livres1-600x400.jpg 600w, https:\/\/www.smarttravelers.de\/wp-content\/uploads\/2019\/01\/Aqueduto-das-\u00c1guas-Livres1-800x533.jpg 800w, https:\/\/www.smarttravelers.de\/wp-content\/uploads\/2019\/01\/Aqueduto-das-\u00c1guas-Livres1.jpg 1200w\" sizes=\"(min-width: 2200px) 100vw, (min-width: 284px) 356px, (min-width: 212px) 284px, (min-width: 140px) 212px, \" \/>\n\t\n\n\t\t<div class=\"fusion-rollover\">\n\t<div class=\"fusion-rollover-content\">\n\n\t\t\t\t\t\t\t\t\t\t\t\t\t\t<a class=\"fusion-rollover-link\" href=\"https:\/\/www.smarttravelers.de\/en\/sights\/portugal\/lisbon\/aguas-livres-aqueduct\/\" target=\"_blank\">\u00c1guas Livres Aqueduct<\/a>\n\t\t\t\n\t\t\t\t\t\t\t\t\t\t\t\t\t\t\n\t\t\t\t\t\t\t\t\n\t\t\t\t\t\t\t\t\t\t\t\t\t<div class=\"fusion-rollover-sep\"><\/div>\n\t\t\t\t\n\t\t\t\t\t\t\t\t\t\t\t\t\t\t\t\t\t\t<a class=\"fusion-rollover-gallery\" href=\"https:\/\/www.smarttravelers.de\/wp-content\/uploads\/2019\/01\/Aqueduto-das-\u00c1guas-Livres1.jpg\" data-id=\"61603\" data-rel=\"iLightbox[gallery-rw-1]\" data-title=\"Aqueduto das \u00c1guas Livres1\" data-caption=\"\">\n\t\t\t\t\t\tGallery\t\t\t\t\t<\/a>\n\t\t\t\t\t\t\t\t\t\t\t\t\t\t\n\t\t\n\t\t\t\t\t\t\t\t\t\t\t\t<h4 class=\"fusion-rollover-title\">\n\t\t\t\t\t<a class=\"fusion-rollover-title-link\" href=\"https:\/\/www.smarttravelers.de\/en\/sights\/portugal\/lisbon\/aguas-livres-aqueduct\/\" target=\"_blank\">\n\t\t\t\t\t\t\u00c1guas Livres Aqueduct\t\t\t\t\t<\/a>\n\t\t\t\t<\/h4>\n\t\t\t\n\t\t\t\t\t\t\t\t\n\t\t\n\t\t\t\t\t\t<a class=\"fusion-link-wrapper\" href=\"https:\/\/www.smarttravelers.de\/en\/sights\/portugal\/lisbon\/aguas-livres-aqueduct\/\" target=\"_blank\" aria-label=\"\u00c1guas Livres Aqueduct\"><\/a>\n\t<\/div>\n<\/div>\n\n\t\n<\/div>\n<\/div><\/article><article id=\"portfolio-1-post-61608\" class=\"fusion-portfolio-post all-in-lisbon districts highlights-en fusion-col-spacing post-61608 fusion-element-landscape\"><div class=\"fusion-portfolio-content-wrapper\" style=\"border:none;\"><span class=\"entry-title rich-snippet-hidden\">Alfama<\/span><span class=\"vcard rich-snippet-hidden\"><span class=\"fn\"><a href=\"https:\/\/www.smarttravelers.de\/en\/author\/wp_admin\/\" title=\"Posts by wp_admin\" rel=\"author\">wp_admin<\/a><\/span><\/span><span class=\"updated rich-snippet-hidden\">2024-09-10T00:00:19+02:00<\/span>\n\n<div  class=\"fusion-masonry-element-container fusion-image-wrapper\" style=\"background-image:url(https:\/\/www.smarttravelers.de\/wp-content\/uploads\/2019\/01\/Alfama2.jpg);padding-top:calc((100% + 20px) * 0.4 - 10px);\" aria-haspopup=\"true\">\n\t\n\t\n\t\n\t\t\n\t\t\t\t\t<img decoding=\"async\" width=\"1200\" height=\"675\" src=\"https:\/\/www.smarttravelers.de\/wp-content\/uploads\/2019\/01\/Alfama2.jpg\" class=\"attachment-full size-full wp-post-image\" alt=\"Blick \u00fcber die D\u00e4cher von Alfama\" srcset=\"https:\/\/www.smarttravelers.de\/wp-content\/uploads\/2019\/01\/Alfama2-200x113.jpg 200w, https:\/\/www.smarttravelers.de\/wp-content\/uploads\/2019\/01\/Alfama2-400x225.jpg 400w, https:\/\/www.smarttravelers.de\/wp-content\/uploads\/2019\/01\/Alfama2-600x338.jpg 600w, https:\/\/www.smarttravelers.de\/wp-content\/uploads\/2019\/01\/Alfama2-800x450.jpg 800w, https:\/\/www.smarttravelers.de\/wp-content\/uploads\/2019\/01\/Alfama2.jpg 1200w\" sizes=\"(min-width: 2200px) 100vw, (min-width: 140px) 1920px, \" \/>\n\t\n\n\t\t<div class=\"fusion-rollover\">\n\t<div class=\"fusion-rollover-content\">\n\n\t\t\t\t\t\t\t\t\t\t\t\t\t\t<a class=\"fusion-rollover-link\" href=\"https:\/\/www.smarttravelers.de\/en\/sights\/portugal\/lisbon\/alfama\/\" target=\"_blank\">Alfama<\/a>\n\t\t\t\n\t\t\t\t\t\t\t\t\t\t\t\t\t\t\n\t\t\t\t\t\t\t\t\n\t\t\t\t\t\t\t\t\t\t\t\t\t<div class=\"fusion-rollover-sep\"><\/div>\n\t\t\t\t\n\t\t\t\t\t\t\t\t\t\t\t\t\t\t\t\t\t\t<a class=\"fusion-rollover-gallery\" href=\"https:\/\/www.smarttravelers.de\/wp-content\/uploads\/2019\/01\/Alfama2.jpg\" data-id=\"61608\" data-rel=\"iLightbox[gallery-rw-1]\" data-title=\"Alfama2\" data-caption=\"\">\n\t\t\t\t\t\tGallery\t\t\t\t\t<\/a>\n\t\t\t\t\t\t\t\t\t\t\t\t\t\t\n\t\t\n\t\t\t\t\t\t\t\t\t\t\t\t<h4 class=\"fusion-rollover-title\">\n\t\t\t\t\t<a class=\"fusion-rollover-title-link\" href=\"https:\/\/www.smarttravelers.de\/en\/sights\/portugal\/lisbon\/alfama\/\" target=\"_blank\">\n\t\t\t\t\t\tAlfama\t\t\t\t\t<\/a>\n\t\t\t\t<\/h4>\n\t\t\t\n\t\t\t\t\t\t\t\t\n\t\t\n\t\t\t\t\t\t<a class=\"fusion-link-wrapper\" href=\"https:\/\/www.smarttravelers.de\/en\/sights\/portugal\/lisbon\/alfama\/\" target=\"_blank\" aria-label=\"Alfama\"><\/a>\n\t<\/div>\n<\/div>\n\n\t\n<\/div>\n<\/div><\/article><article id=\"portfolio-1-post-83819\" class=\"fusion-portfolio-post alle-in-stockholm-en museums-galleries fusion-col-spacing post-83819 fusion-element-grid\"><div class=\"fusion-portfolio-content-wrapper\" style=\"border:none;\"><span class=\"entry-title rich-snippet-hidden\">ArkDes<\/span><span class=\"vcard rich-snippet-hidden\"><span class=\"fn\"><a href=\"https:\/\/www.smarttravelers.de\/en\/author\/wp_admin\/\" title=\"Posts by wp_admin\" rel=\"author\">wp_admin<\/a><\/span><\/span><span class=\"updated rich-snippet-hidden\">2024-06-04T23:23:47+02:00<\/span>\n\n<div  class=\"fusion-masonry-element-container fusion-image-wrapper\" style=\"background-image:url(https:\/\/www.smarttravelers.de\/wp-content\/uploads\/2020\/03\/ArkDes3.jpg);padding-top:calc((100% + 20px) * 0.8 - 10px);\" aria-haspopup=\"true\">\n\t\n\t\n\t\n\t\t\n\t\t\t\t\t<img decoding=\"async\" width=\"1620\" height=\"1080\" src=\"https:\/\/www.smarttravelers.de\/wp-content\/uploads\/2020\/03\/ArkDes3.jpg\" class=\"attachment-full size-full wp-post-image\" alt=\"ArkDes Ausstellungsraum\" srcset=\"https:\/\/www.smarttravelers.de\/wp-content\/uploads\/2020\/03\/ArkDes3-200x133.jpg 200w, https:\/\/www.smarttravelers.de\/wp-content\/uploads\/2020\/03\/ArkDes3-400x267.jpg 400w, https:\/\/www.smarttravelers.de\/wp-content\/uploads\/2020\/03\/ArkDes3-600x400.jpg 600w, https:\/\/www.smarttravelers.de\/wp-content\/uploads\/2020\/03\/ArkDes3-800x533.jpg 800w, https:\/\/www.smarttravelers.de\/wp-content\/uploads\/2020\/03\/ArkDes3-1200x800.jpg 1200w, https:\/\/www.smarttravelers.de\/wp-content\/uploads\/2020\/03\/ArkDes3.jpg 1620w\" sizes=\"(min-width: 2200px) 100vw, (min-width: 284px) 356px, (min-width: 212px) 284px, (min-width: 140px) 212px, \" \/>\n\t\n\n\t\t<div class=\"fusion-rollover\">\n\t<div class=\"fusion-rollover-content\">\n\n\t\t\t\t\t\t\t\t\t\t\t\t\t\t<a class=\"fusion-rollover-link\" href=\"https:\/\/www.smarttravelers.de\/en\/sights\/schweden\/stockholm\/arkdes\/\" target=\"_blank\">ArkDes<\/a>\n\t\t\t\n\t\t\t\t\t\t\t\t\t\t\t\t\t\t\n\t\t\t\t\t\t\t\t\n\t\t\t\t\t\t\t\t\t\t\t\t\t<div class=\"fusion-rollover-sep\"><\/div>\n\t\t\t\t\n\t\t\t\t\t\t\t\t\t\t\t\t\t\t\t\t\t\t<a class=\"fusion-rollover-gallery\" href=\"https:\/\/www.smarttravelers.de\/wp-content\/uploads\/2020\/03\/ArkDes3.jpg\" data-id=\"83819\" data-rel=\"iLightbox[gallery-rw-1]\" data-title=\"ArkDes3\" data-caption=\"\">\n\t\t\t\t\t\tGallery\t\t\t\t\t<\/a>\n\t\t\t\t\t\t\t\t\t\t\t\t\t\t\n\t\t\n\t\t\t\t\t\t\t\t\t\t\t\t<h4 class=\"fusion-rollover-title\">\n\t\t\t\t\t<a class=\"fusion-rollover-title-link\" href=\"https:\/\/www.smarttravelers.de\/en\/sights\/schweden\/stockholm\/arkdes\/\" target=\"_blank\">\n\t\t\t\t\t\tArkDes\t\t\t\t\t<\/a>\n\t\t\t\t<\/h4>\n\t\t\t\n\t\t\t\t\t\t\t\t\n\t\t\n\t\t\t\t\t\t<a class=\"fusion-link-wrapper\" href=\"https:\/\/www.smarttravelers.de\/en\/sights\/schweden\/stockholm\/arkdes\/\" target=\"_blank\" aria-label=\"ArkDes\"><\/a>\n\t<\/div>\n<\/div>\n\n\t\n<\/div>\n<\/div><\/article><article id=\"portfolio-1-post-61594\" class=\"fusion-portfolio-post all-in-lisbon other-sights fusion-col-spacing post-61594 fusion-element-grid\"><div class=\"fusion-portfolio-content-wrapper\" style=\"border:none;\"><span class=\"entry-title rich-snippet-hidden\">Ascensor da Gl\u00f3ria<\/span><span class=\"vcard rich-snippet-hidden\"><span class=\"fn\"><a href=\"https:\/\/www.smarttravelers.de\/en\/author\/wp_admin\/\" title=\"Posts by wp_admin\" rel=\"author\">wp_admin<\/a><\/span><\/span><span class=\"updated rich-snippet-hidden\">2024-09-09T23:42:08+02:00<\/span>\n\n<div  class=\"fusion-masonry-element-container fusion-image-wrapper\" style=\"background-image:url(https:\/\/www.smarttravelers.de\/wp-content\/uploads\/2019\/01\/Ascensor-da-Gl\u00f3ria3.jpg);padding-top:calc((100% + 20px) * 0.8 - 10px);\" aria-haspopup=\"true\">\n\t\n\t\n\t\n\t\t\n\t\t\t\t\t<img decoding=\"async\" width=\"1158\" height=\"900\" src=\"https:\/\/www.smarttravelers.de\/wp-content\/uploads\/2019\/01\/Ascensor-da-Gl\u00f3ria3.jpg\" class=\"attachment-full size-full wp-post-image\" alt=\"Fahrt mit dem Ascensor da Gl\u00f3ria\" srcset=\"https:\/\/www.smarttravelers.de\/wp-content\/uploads\/2019\/01\/Ascensor-da-Gl\u00f3ria3-200x155.jpg 200w, https:\/\/www.smarttravelers.de\/wp-content\/uploads\/2019\/01\/Ascensor-da-Gl\u00f3ria3-400x311.jpg 400w, https:\/\/www.smarttravelers.de\/wp-content\/uploads\/2019\/01\/Ascensor-da-Gl\u00f3ria3-600x466.jpg 600w, https:\/\/www.smarttravelers.de\/wp-content\/uploads\/2019\/01\/Ascensor-da-Gl\u00f3ria3-800x622.jpg 800w, https:\/\/www.smarttravelers.de\/wp-content\/uploads\/2019\/01\/Ascensor-da-Gl\u00f3ria3.jpg 1158w\" sizes=\"(min-width: 2200px) 100vw, (min-width: 284px) 356px, (min-width: 212px) 284px, (min-width: 140px) 212px, \" \/>\n\t\n\n\t\t<div class=\"fusion-rollover\">\n\t<div class=\"fusion-rollover-content\">\n\n\t\t\t\t\t\t\t\t\t\t\t\t\t\t<a class=\"fusion-rollover-link\" href=\"https:\/\/www.smarttravelers.de\/en\/sights\/portugal\/lisbon\/ascensor-da-gloria\/\" target=\"_blank\">Ascensor da Gl\u00f3ria<\/a>\n\t\t\t\n\t\t\t\t\t\t\t\t\t\t\t\t\t\t\n\t\t\t\t\t\t\t\t\n\t\t\t\t\t\t\t\t\t\t\t\t\t<div class=\"fusion-rollover-sep\"><\/div>\n\t\t\t\t\n\t\t\t\t\t\t\t\t\t\t\t\t\t\t\t\t\t\t<a class=\"fusion-rollover-gallery\" href=\"https:\/\/www.smarttravelers.de\/wp-content\/uploads\/2019\/01\/Ascensor-da-Gl\u00f3ria3.jpg\" data-id=\"61594\" data-rel=\"iLightbox[gallery-rw-1]\" data-title=\"Ascensor da Gl\u00f3ria3\" data-caption=\"\">\n\t\t\t\t\t\tGallery\t\t\t\t\t<\/a>\n\t\t\t\t\t\t\t\t\t\t\t\t\t\t\n\t\t\n\t\t\t\t\t\t\t\t\t\t\t\t<h4 class=\"fusion-rollover-title\">\n\t\t\t\t\t<a class=\"fusion-rollover-title-link\" href=\"https:\/\/www.smarttravelers.de\/en\/sights\/portugal\/lisbon\/ascensor-da-gloria\/\" target=\"_blank\">\n\t\t\t\t\t\tAscensor da Gl\u00f3ria\t\t\t\t\t<\/a>\n\t\t\t\t<\/h4>\n\t\t\t\n\t\t\t\t\t\t\t\t\n\t\t\n\t\t\t\t\t\t<a class=\"fusion-link-wrapper\" href=\"https:\/\/www.smarttravelers.de\/en\/sights\/portugal\/lisbon\/ascensor-da-gloria\/\" target=\"_blank\" aria-label=\"Ascensor da Gl\u00f3ria\"><\/a>\n\t<\/div>\n<\/div>\n\n\t\n<\/div>\n<\/div><\/article><article id=\"portfolio-1-post-61587\" class=\"fusion-portfolio-post all-in-lisbon streets-squares fusion-col-spacing post-61587 fusion-element-grid\"><div class=\"fusion-portfolio-content-wrapper\" style=\"border:none;\"><span class=\"entry-title rich-snippet-hidden\">Avenida da Liberdade<\/span><span class=\"vcard rich-snippet-hidden\"><span class=\"fn\"><a href=\"https:\/\/www.smarttravelers.de\/en\/author\/wp_admin\/\" title=\"Posts by wp_admin\" rel=\"author\">wp_admin<\/a><\/span><\/span><span class=\"updated rich-snippet-hidden\">2024-09-09T23:36:16+02:00<\/span>\n\n<div  class=\"fusion-masonry-element-container fusion-image-wrapper\" style=\"background-image:url(https:\/\/www.smarttravelers.de\/wp-content\/uploads\/2019\/01\/Avenida-da-Liberdade2.jpg);padding-top:calc((100% + 20px) * 0.8 - 10px);\" aria-haspopup=\"true\">\n\t\n\t\n\t\n\t\t\n\t\t\t\t\t<img decoding=\"async\" width=\"1200\" height=\"800\" src=\"https:\/\/www.smarttravelers.de\/wp-content\/uploads\/2019\/01\/Avenida-da-Liberdade2.jpg\" class=\"attachment-full size-full wp-post-image\" alt=\"Luftbild der Avenida da Liberdade\" srcset=\"https:\/\/www.smarttravelers.de\/wp-content\/uploads\/2019\/01\/Avenida-da-Liberdade2-200x133.jpg 200w, https:\/\/www.smarttravelers.de\/wp-content\/uploads\/2019\/01\/Avenida-da-Liberdade2-400x267.jpg 400w, https:\/\/www.smarttravelers.de\/wp-content\/uploads\/2019\/01\/Avenida-da-Liberdade2-600x400.jpg 600w, https:\/\/www.smarttravelers.de\/wp-content\/uploads\/2019\/01\/Avenida-da-Liberdade2-800x533.jpg 800w, https:\/\/www.smarttravelers.de\/wp-content\/uploads\/2019\/01\/Avenida-da-Liberdade2.jpg 1200w\" sizes=\"(min-width: 2200px) 100vw, (min-width: 284px) 356px, (min-width: 212px) 284px, (min-width: 140px) 212px, \" \/>\n\t\n\n\t\t<div class=\"fusion-rollover\">\n\t<div class=\"fusion-rollover-content\">\n\n\t\t\t\t\t\t\t\t\t\t\t\t\t\t<a class=\"fusion-rollover-link\" href=\"https:\/\/www.smarttravelers.de\/en\/sights\/portugal\/lisbon\/avenida-da-liberdade\/\" target=\"_blank\">Avenida da Liberdade<\/a>\n\t\t\t\n\t\t\t\t\t\t\t\t\t\t\t\t\t\t\n\t\t\t\t\t\t\t\t\n\t\t\t\t\t\t\t\t\t\t\t\t\t<div class=\"fusion-rollover-sep\"><\/div>\n\t\t\t\t\n\t\t\t\t\t\t\t\t\t\t\t\t\t\t\t\t\t\t<a class=\"fusion-rollover-gallery\" href=\"https:\/\/www.smarttravelers.de\/wp-content\/uploads\/2019\/01\/Avenida-da-Liberdade2.jpg\" data-id=\"61587\" data-rel=\"iLightbox[gallery-rw-1]\" data-title=\"Avenida da Liberdade2\" data-caption=\"\">\n\t\t\t\t\t\tGallery\t\t\t\t\t<\/a>\n\t\t\t\t\t\t\t\t\t\t\t\t\t\t\n\t\t\n\t\t\t\t\t\t\t\t\t\t\t\t<h4 class=\"fusion-rollover-title\">\n\t\t\t\t\t<a class=\"fusion-rollover-title-link\" href=\"https:\/\/www.smarttravelers.de\/en\/sights\/portugal\/lisbon\/avenida-da-liberdade\/\" target=\"_blank\">\n\t\t\t\t\t\tAvenida da Liberdade\t\t\t\t\t<\/a>\n\t\t\t\t<\/h4>\n\t\t\t\n\t\t\t\t\t\t\t\t\n\t\t\n\t\t\t\t\t\t<a class=\"fusion-link-wrapper\" href=\"https:\/\/www.smarttravelers.de\/en\/sights\/portugal\/lisbon\/avenida-da-liberdade\/\" target=\"_blank\" aria-label=\"Avenida da Liberdade\"><\/a>\n\t<\/div>\n<\/div>\n\n\t\n<\/div>\n<\/div><\/article><article id=\"portfolio-1-post-83602\" class=\"fusion-portfolio-post alle-in-stockholm-en other-sights viewpoints fusion-col-spacing post-83602 fusion-element-grid\"><div class=\"fusion-portfolio-content-wrapper\" style=\"border:none;\"><span class=\"entry-title rich-snippet-hidden\">Avicii Arena<\/span><span class=\"vcard rich-snippet-hidden\"><span class=\"fn\"><a href=\"https:\/\/www.smarttravelers.de\/en\/author\/wp_admin\/\" title=\"Posts by wp_admin\" rel=\"author\">wp_admin<\/a><\/span><\/span><span class=\"updated rich-snippet-hidden\">2024-06-03T11:37:11+02:00<\/span>\n\n<div  class=\"fusion-masonry-element-container fusion-image-wrapper\" style=\"background-image:url(https:\/\/www.smarttravelers.de\/wp-content\/uploads\/2020\/03\/Ericsson-Globe3.jpg);padding-top:calc((100% + 20px) * 0.8 - 10px);\" aria-haspopup=\"true\">\n\t\n\t\n\t\n\t\t\n\t\t\t\t\t<img decoding=\"async\" width=\"1730\" height=\"1080\" src=\"https:\/\/www.smarttravelers.de\/wp-content\/uploads\/2020\/03\/Ericsson-Globe3.jpg\" class=\"attachment-full size-full wp-post-image\" alt=\"Au\u00dfenansicht Avicii Arena\" srcset=\"https:\/\/www.smarttravelers.de\/wp-content\/uploads\/2020\/03\/Ericsson-Globe3-200x125.jpg 200w, https:\/\/www.smarttravelers.de\/wp-content\/uploads\/2020\/03\/Ericsson-Globe3-400x250.jpg 400w, https:\/\/www.smarttravelers.de\/wp-content\/uploads\/2020\/03\/Ericsson-Globe3-600x375.jpg 600w, https:\/\/www.smarttravelers.de\/wp-content\/uploads\/2020\/03\/Ericsson-Globe3-800x499.jpg 800w, https:\/\/www.smarttravelers.de\/wp-content\/uploads\/2020\/03\/Ericsson-Globe3-1200x749.jpg 1200w, https:\/\/www.smarttravelers.de\/wp-content\/uploads\/2020\/03\/Ericsson-Globe3.jpg 1730w\" sizes=\"(min-width: 2200px) 100vw, (min-width: 284px) 356px, (min-width: 212px) 284px, (min-width: 140px) 212px, \" \/>\n\t\n\n\t\t<div class=\"fusion-rollover\">\n\t<div class=\"fusion-rollover-content\">\n\n\t\t\t\t\t\t\t\t\t\t\t\t\t\t<a class=\"fusion-rollover-link\" href=\"https:\/\/www.smarttravelers.de\/en\/sights\/schweden\/stockholm\/avicii-arena\/\" target=\"_blank\">Avicii Arena<\/a>\n\t\t\t\n\t\t\t\t\t\t\t\t\t\t\t\t\t\t\n\t\t\t\t\t\t\t\t\n\t\t\t\t\t\t\t\t\t\t\t\t\t<div class=\"fusion-rollover-sep\"><\/div>\n\t\t\t\t\n\t\t\t\t\t\t\t\t\t\t\t\t\t\t\t\t\t\t<a class=\"fusion-rollover-gallery\" href=\"https:\/\/www.smarttravelers.de\/wp-content\/uploads\/2020\/03\/Ericsson-Globe3.jpg\" data-id=\"83602\" data-rel=\"iLightbox[gallery-rw-1]\" data-title=\"SONY DSC\" data-caption=\"SONY DSC\">\n\t\t\t\t\t\tGallery\t\t\t\t\t<\/a>\n\t\t\t\t\t\t\t\t\t\t\t\t\t\t\n\t\t\n\t\t\t\t\t\t\t\t\t\t\t\t<h4 class=\"fusion-rollover-title\">\n\t\t\t\t\t<a class=\"fusion-rollover-title-link\" href=\"https:\/\/www.smarttravelers.de\/en\/sights\/schweden\/stockholm\/avicii-arena\/\" target=\"_blank\">\n\t\t\t\t\t\tAvicii Arena\t\t\t\t\t<\/a>\n\t\t\t\t<\/h4>\n\t\t\t\n\t\t\t\t\t\t\t\t\n\t\t\n\t\t\t\t\t\t<a class=\"fusion-link-wrapper\" href=\"https:\/\/www.smarttravelers.de\/en\/sights\/schweden\/stockholm\/avicii-arena\/\" target=\"_blank\" aria-label=\"Avicii Arena\"><\/a>\n\t<\/div>\n<\/div>\n\n\t\n<\/div>\n<\/div><\/article><article id=\"portfolio-1-post-61583\" class=\"fusion-portfolio-post all-in-lisbon districts fusion-col-spacing post-61583 fusion-element-grid\"><div class=\"fusion-portfolio-content-wrapper\" style=\"border:none;\"><span class=\"entry-title rich-snippet-hidden\">Bairro Alto<\/span><span class=\"vcard rich-snippet-hidden\"><span class=\"fn\"><a href=\"https:\/\/www.smarttravelers.de\/en\/author\/wp_admin\/\" title=\"Posts by wp_admin\" rel=\"author\">wp_admin<\/a><\/span><\/span><span class=\"updated rich-snippet-hidden\">2024-09-09T23:34:00+02:00<\/span>\n\n<div  class=\"fusion-masonry-element-container fusion-image-wrapper\" style=\"background-image:url(https:\/\/www.smarttravelers.de\/wp-content\/uploads\/2019\/01\/Bairro-Alto3.jpg);padding-top:calc((100% + 20px) * 0.8 - 10px);\" aria-haspopup=\"true\">\n\t\n\t\n\t\n\t\t\n\t\t\t\t\t<img decoding=\"async\" width=\"1200\" height=\"798\" src=\"https:\/\/www.smarttravelers.de\/wp-content\/uploads\/2019\/01\/Bairro-Alto3.jpg\" class=\"attachment-full size-full wp-post-image\" alt=\"Stra\u00dfenszene im Bairro Alto\" srcset=\"https:\/\/www.smarttravelers.de\/wp-content\/uploads\/2019\/01\/Bairro-Alto3-200x133.jpg 200w, https:\/\/www.smarttravelers.de\/wp-content\/uploads\/2019\/01\/Bairro-Alto3-400x266.jpg 400w, https:\/\/www.smarttravelers.de\/wp-content\/uploads\/2019\/01\/Bairro-Alto3-600x399.jpg 600w, https:\/\/www.smarttravelers.de\/wp-content\/uploads\/2019\/01\/Bairro-Alto3-800x532.jpg 800w, https:\/\/www.smarttravelers.de\/wp-content\/uploads\/2019\/01\/Bairro-Alto3.jpg 1200w\" sizes=\"(min-width: 2200px) 100vw, (min-width: 284px) 356px, (min-width: 212px) 284px, (min-width: 140px) 212px, \" \/>\n\t\n\n\t\t<div class=\"fusion-rollover\">\n\t<div class=\"fusion-rollover-content\">\n\n\t\t\t\t\t\t\t\t\t\t\t\t\t\t<a class=\"fusion-rollover-link\" href=\"https:\/\/www.smarttravelers.de\/en\/sights\/portugal\/lisbon\/bairro-alto\/\" target=\"_blank\">Bairro Alto<\/a>\n\t\t\t\n\t\t\t\t\t\t\t\t\t\t\t\t\t\t\n\t\t\t\t\t\t\t\t\n\t\t\t\t\t\t\t\t\t\t\t\t\t<div class=\"fusion-rollover-sep\"><\/div>\n\t\t\t\t\n\t\t\t\t\t\t\t\t\t\t\t\t\t\t\t\t\t\t<a class=\"fusion-rollover-gallery\" href=\"https:\/\/www.smarttravelers.de\/wp-content\/uploads\/2019\/01\/Bairro-Alto3.jpg\" data-id=\"61583\" data-rel=\"iLightbox[gallery-rw-1]\" data-title=\"Bairro Alto3\" data-caption=\"\">\n\t\t\t\t\t\tGallery\t\t\t\t\t<\/a>\n\t\t\t\t\t\t\t\t\t\t\t\t\t\t\n\t\t\n\t\t\t\t\t\t\t\t\t\t\t\t<h4 class=\"fusion-rollover-title\">\n\t\t\t\t\t<a class=\"fusion-rollover-title-link\" href=\"https:\/\/www.smarttravelers.de\/en\/sights\/portugal\/lisbon\/bairro-alto\/\" target=\"_blank\">\n\t\t\t\t\t\tBairro Alto\t\t\t\t\t<\/a>\n\t\t\t\t<\/h4>\n\t\t\t\n\t\t\t\t\t\t\t\t\n\t\t\n\t\t\t\t\t\t<a class=\"fusion-link-wrapper\" href=\"https:\/\/www.smarttravelers.de\/en\/sights\/portugal\/lisbon\/bairro-alto\/\" target=\"_blank\" aria-label=\"Bairro Alto\"><\/a>\n\t<\/div>\n<\/div>\n\n\t\n<\/div>\n<\/div><\/article><article id=\"portfolio-1-post-61569\" class=\"fusion-portfolio-post all-in-lisbon museums-galleries fusion-col-spacing post-61569 fusion-element-grid\"><div class=\"fusion-portfolio-content-wrapper\" style=\"border:none;\"><span class=\"entry-title rich-snippet-hidden\">Bel\u00e9m Cultural Center<\/span><span class=\"vcard rich-snippet-hidden\"><span class=\"fn\"><a href=\"https:\/\/www.smarttravelers.de\/en\/author\/wp_admin\/\" title=\"Posts by wp_admin\" rel=\"author\">wp_admin<\/a><\/span><\/span><span class=\"updated rich-snippet-hidden\">2024-09-05T23:58:33+02:00<\/span>\n\n<div  class=\"fusion-masonry-element-container fusion-image-wrapper\" style=\"background-image:url(https:\/\/www.smarttravelers.de\/wp-content\/uploads\/2019\/01\/Centro-Cultural-de-Bel\u00e9m3.jpg);padding-top:calc((100% + 20px) * 0.8 - 10px);\" aria-haspopup=\"true\">\n\t\n\t\n\t\n\t\t\n\t\t\t\t\t<img decoding=\"async\" width=\"1200\" height=\"900\" src=\"https:\/\/www.smarttravelers.de\/wp-content\/uploads\/2019\/01\/Centro-Cultural-de-Bel\u00e9m3.jpg\" class=\"attachment-full size-full wp-post-image\" alt=\"Luftbild des Centro Cultural de Bel\u00e9m\" srcset=\"https:\/\/www.smarttravelers.de\/wp-content\/uploads\/2019\/01\/Centro-Cultural-de-Bel\u00e9m3-200x150.jpg 200w, https:\/\/www.smarttravelers.de\/wp-content\/uploads\/2019\/01\/Centro-Cultural-de-Bel\u00e9m3-400x300.jpg 400w, https:\/\/www.smarttravelers.de\/wp-content\/uploads\/2019\/01\/Centro-Cultural-de-Bel\u00e9m3-600x450.jpg 600w, https:\/\/www.smarttravelers.de\/wp-content\/uploads\/2019\/01\/Centro-Cultural-de-Bel\u00e9m3-800x600.jpg 800w, https:\/\/www.smarttravelers.de\/wp-content\/uploads\/2019\/01\/Centro-Cultural-de-Bel\u00e9m3.jpg 1200w\" sizes=\"(min-width: 2200px) 100vw, (min-width: 284px) 356px, (min-width: 212px) 284px, (min-width: 140px) 212px, \" \/>\n\t\n\n\t\t<div class=\"fusion-rollover\">\n\t<div class=\"fusion-rollover-content\">\n\n\t\t\t\t\t\t\t\t\t\t\t\t\t\t<a class=\"fusion-rollover-link\" href=\"https:\/\/www.smarttravelers.de\/en\/sights\/portugal\/lisbon\/belem-cultural-center\/\" target=\"_blank\">Bel\u00e9m Cultural Center<\/a>\n\t\t\t\n\t\t\t\t\t\t\t\t\t\t\t\t\t\t\n\t\t\t\t\t\t\t\t\n\t\t\t\t\t\t\t\t\t\t\t\t\t<div class=\"fusion-rollover-sep\"><\/div>\n\t\t\t\t\n\t\t\t\t\t\t\t\t\t\t\t\t\t\t\t\t\t\t<a class=\"fusion-rollover-gallery\" href=\"https:\/\/www.smarttravelers.de\/wp-content\/uploads\/2019\/01\/Centro-Cultural-de-Bel\u00e9m3.jpg\" data-id=\"61569\" data-rel=\"iLightbox[gallery-rw-1]\" data-title=\"Centro Cultural de Bel\u00e9m3\" data-caption=\"\">\n\t\t\t\t\t\tGallery\t\t\t\t\t<\/a>\n\t\t\t\t\t\t\t\t\t\t\t\t\t\t\n\t\t\n\t\t\t\t\t\t\t\t\t\t\t\t<h4 class=\"fusion-rollover-title\">\n\t\t\t\t\t<a class=\"fusion-rollover-title-link\" href=\"https:\/\/www.smarttravelers.de\/en\/sights\/portugal\/lisbon\/belem-cultural-center\/\" target=\"_blank\">\n\t\t\t\t\t\tBel\u00e9m Cultural Center\t\t\t\t\t<\/a>\n\t\t\t\t<\/h4>\n\t\t\t\n\t\t\t\t\t\t\t\t\n\t\t\n\t\t\t\t\t\t<a class=\"fusion-link-wrapper\" href=\"https:\/\/www.smarttravelers.de\/en\/sights\/portugal\/lisbon\/belem-cultural-center\/\" target=\"_blank\" aria-label=\"Bel\u00e9m Cultural Center\"><\/a>\n\t<\/div>\n<\/div>\n\n\t\n<\/div>\n<\/div><\/article><article id=\"portfolio-1-post-61362\" class=\"fusion-portfolio-post all-in-lisbon highlights-en historical-buildings world-heritage-sites fusion-col-spacing post-61362 fusion-element-grid\"><div class=\"fusion-portfolio-content-wrapper\" style=\"border:none;\"><span class=\"entry-title rich-snippet-hidden\">Bel\u00e9m Tower<\/span><span class=\"vcard rich-snippet-hidden\"><span class=\"fn\"><a href=\"https:\/\/www.smarttravelers.de\/en\/author\/wp_admin\/\" title=\"Posts by wp_admin\" rel=\"author\">wp_admin<\/a><\/span><\/span><span class=\"updated rich-snippet-hidden\">2024-08-20T23:30:09+02:00<\/span>\n\n<div  class=\"fusion-masonry-element-container fusion-image-wrapper\" style=\"background-image:url(https:\/\/www.smarttravelers.de\/wp-content\/uploads\/2019\/01\/Torre-de-Bel\u00e9m1.jpg);padding-top:calc((100% + 20px) * 0.8 - 10px);\" aria-haspopup=\"true\">\n\t\n\t\n\t\n\t\t\n\t\t\t\t\t<img decoding=\"async\" width=\"1200\" height=\"795\" src=\"https:\/\/www.smarttravelers.de\/wp-content\/uploads\/2019\/01\/Torre-de-Bel\u00e9m1.jpg\" class=\"attachment-full size-full wp-post-image\" alt=\"Der Torre de Bel\u00e9m am Abend\" srcset=\"https:\/\/www.smarttravelers.de\/wp-content\/uploads\/2019\/01\/Torre-de-Bel\u00e9m1-200x133.jpg 200w, https:\/\/www.smarttravelers.de\/wp-content\/uploads\/2019\/01\/Torre-de-Bel\u00e9m1-400x265.jpg 400w, https:\/\/www.smarttravelers.de\/wp-content\/uploads\/2019\/01\/Torre-de-Bel\u00e9m1-600x398.jpg 600w, https:\/\/www.smarttravelers.de\/wp-content\/uploads\/2019\/01\/Torre-de-Bel\u00e9m1-800x530.jpg 800w, https:\/\/www.smarttravelers.de\/wp-content\/uploads\/2019\/01\/Torre-de-Bel\u00e9m1.jpg 1200w\" sizes=\"(min-width: 2200px) 100vw, (min-width: 284px) 356px, (min-width: 212px) 284px, (min-width: 140px) 212px, \" \/>\n\t\n\n\t\t<div class=\"fusion-rollover\">\n\t<div class=\"fusion-rollover-content\">\n\n\t\t\t\t\t\t\t\t\t\t\t\t\t\t<a class=\"fusion-rollover-link\" href=\"https:\/\/www.smarttravelers.de\/en\/sights\/portugal\/lisbon\/belem-tower\/\" target=\"_blank\">Bel\u00e9m Tower<\/a>\n\t\t\t\n\t\t\t\t\t\t\t\t\t\t\t\t\t\t\n\t\t\t\t\t\t\t\t\n\t\t\t\t\t\t\t\t\t\t\t\t\t<div class=\"fusion-rollover-sep\"><\/div>\n\t\t\t\t\n\t\t\t\t\t\t\t\t\t\t\t\t\t\t\t\t\t\t<a class=\"fusion-rollover-gallery\" href=\"https:\/\/www.smarttravelers.de\/wp-content\/uploads\/2019\/01\/Torre-de-Bel\u00e9m1.jpg\" data-id=\"61362\" data-rel=\"iLightbox[gallery-rw-1]\" data-title=\"Torre de Bel\u00e9m1\" data-caption=\"\">\n\t\t\t\t\t\tGallery\t\t\t\t\t<\/a>\n\t\t\t\t\t\t\t\t\t\t\t\t\t\t\n\t\t\n\t\t\t\t\t\t\t\t\t\t\t\t<h4 class=\"fusion-rollover-title\">\n\t\t\t\t\t<a class=\"fusion-rollover-title-link\" href=\"https:\/\/www.smarttravelers.de\/en\/sights\/portugal\/lisbon\/belem-tower\/\" target=\"_blank\">\n\t\t\t\t\t\tBel\u00e9m Tower\t\t\t\t\t<\/a>\n\t\t\t\t<\/h4>\n\t\t\t\n\t\t\t\t\t\t\t\t\n\t\t\n\t\t\t\t\t\t<a class=\"fusion-link-wrapper\" href=\"https:\/\/www.smarttravelers.de\/en\/sights\/portugal\/lisbon\/belem-tower\/\" target=\"_blank\" aria-label=\"Bel\u00e9m Tower\"><\/a>\n\t<\/div>\n<\/div>\n\n\t\n<\/div>\n<\/div><\/article><article id=\"portfolio-1-post-61494\" class=\"fusion-portfolio-post all-in-lisbon museums-galleries fusion-col-spacing post-61494 fusion-element-grid\"><div class=\"fusion-portfolio-content-wrapper\" style=\"border:none;\"><span class=\"entry-title rich-snippet-hidden\">Berardo Collection Museum<\/span><span class=\"vcard rich-snippet-hidden\"><span class=\"fn\"><a href=\"https:\/\/www.smarttravelers.de\/en\/author\/wp_admin\/\" title=\"Posts by wp_admin\" rel=\"author\">wp_admin<\/a><\/span><\/span><span class=\"updated rich-snippet-hidden\">2024-09-03T16:34:03+02:00<\/span>\n\n<div  class=\"fusion-masonry-element-container fusion-image-wrapper\" style=\"background-image:url(https:\/\/www.smarttravelers.de\/wp-content\/uploads\/2019\/01\/Museu-Cole\u00e7\u00e3o-Berardo1.png);padding-top:calc((100% + 20px) * 0.8 - 10px);\" aria-haspopup=\"true\">\n\t\n\t\n\t\n\t\t\n\t\t\t\t\t<img decoding=\"async\" width=\"873\" height=\"900\" src=\"https:\/\/www.smarttravelers.de\/wp-content\/uploads\/2019\/01\/Museu-Cole\u00e7\u00e3o-Berardo1.png\" class=\"attachment-full size-full wp-post-image\" alt=\"Centro Cultural de Bel\u00e9m\" srcset=\"https:\/\/www.smarttravelers.de\/wp-content\/uploads\/2019\/01\/Museu-Cole\u00e7\u00e3o-Berardo1-200x206.png 200w, https:\/\/www.smarttravelers.de\/wp-content\/uploads\/2019\/01\/Museu-Cole\u00e7\u00e3o-Berardo1-400x412.png 400w, https:\/\/www.smarttravelers.de\/wp-content\/uploads\/2019\/01\/Museu-Cole\u00e7\u00e3o-Berardo1-600x619.png 600w, https:\/\/www.smarttravelers.de\/wp-content\/uploads\/2019\/01\/Museu-Cole\u00e7\u00e3o-Berardo1-800x825.png 800w, https:\/\/www.smarttravelers.de\/wp-content\/uploads\/2019\/01\/Museu-Cole\u00e7\u00e3o-Berardo1.png 873w\" sizes=\"(min-width: 2200px) 100vw, (min-width: 284px) 356px, (min-width: 212px) 284px, (min-width: 140px) 212px, \" \/>\n\t\n\n\t\t<div class=\"fusion-rollover\">\n\t<div class=\"fusion-rollover-content\">\n\n\t\t\t\t\t\t\t\t\t\t\t\t\t\t<a class=\"fusion-rollover-link\" href=\"https:\/\/www.smarttravelers.de\/en\/sights\/portugal\/lisbon\/berardo-collection-musuem\/\" target=\"_blank\">Berardo Collection Museum<\/a>\n\t\t\t\n\t\t\t\t\t\t\t\t\t\t\t\t\t\t\n\t\t\t\t\t\t\t\t\n\t\t\t\t\t\t\t\t\t\t\t\t\t<div class=\"fusion-rollover-sep\"><\/div>\n\t\t\t\t\n\t\t\t\t\t\t\t\t\t\t\t\t\t\t\t\t\t\t<a class=\"fusion-rollover-gallery\" href=\"https:\/\/www.smarttravelers.de\/wp-content\/uploads\/2019\/01\/Museu-Cole\u00e7\u00e3o-Berardo1.png\" data-id=\"61494\" data-rel=\"iLightbox[gallery-rw-1]\" data-title=\"Museu Cole\u00e7\u00e3o Berardo1\" data-caption=\"\">\n\t\t\t\t\t\tGallery\t\t\t\t\t<\/a>\n\t\t\t\t\t\t\t\t\t\t\t\t\t\t\n\t\t\n\t\t\t\t\t\t\t\t\t\t\t\t<h4 class=\"fusion-rollover-title\">\n\t\t\t\t\t<a class=\"fusion-rollover-title-link\" href=\"https:\/\/www.smarttravelers.de\/en\/sights\/portugal\/lisbon\/berardo-collection-musuem\/\" target=\"_blank\">\n\t\t\t\t\t\tBerardo Collection Museum\t\t\t\t\t<\/a>\n\t\t\t\t<\/h4>\n\t\t\t\n\t\t\t\t\t\t\t\t\n\t\t\n\t\t\t\t\t\t<a class=\"fusion-link-wrapper\" href=\"https:\/\/www.smarttravelers.de\/en\/sights\/portugal\/lisbon\/berardo-collection-musuem\/\" target=\"_blank\" aria-label=\"Berardo Collection Museum\"><\/a>\n\t<\/div>\n<\/div>\n\n\t\n<\/div>\n<\/div><\/article><article id=\"portfolio-1-post-61579\" class=\"fusion-portfolio-post all-in-lisbon districts fusion-col-spacing post-61579 fusion-element-grid\"><div class=\"fusion-portfolio-content-wrapper\" style=\"border:none;\"><span class=\"entry-title rich-snippet-hidden\">Cais do Sodr\u00e9<\/span><span class=\"vcard rich-snippet-hidden\"><span class=\"fn\"><a href=\"https:\/\/www.smarttravelers.de\/en\/author\/wp_admin\/\" title=\"Posts by wp_admin\" rel=\"author\">wp_admin<\/a><\/span><\/span><span class=\"updated rich-snippet-hidden\">2024-09-09T23:31:19+02:00<\/span>\n\n<div  class=\"fusion-masonry-element-container fusion-image-wrapper\" style=\"background-image:url(https:\/\/www.smarttravelers.de\/wp-content\/uploads\/2019\/01\/Cais-do-Sodr\u00e92.jpg);padding-top:calc((100% + 20px) * 0.8 - 10px);\" aria-haspopup=\"true\">\n\t\n\t\n\t\n\t\t\n\t\t\t\t\t<img decoding=\"async\" width=\"1200\" height=\"800\" src=\"https:\/\/www.smarttravelers.de\/wp-content\/uploads\/2019\/01\/Cais-do-Sodr\u00e92.jpg\" class=\"attachment-full size-full wp-post-image\" alt=\"Uferpromenade in Cais do Sodr\u00e9 mit dem Tejo im Hintergrund\" srcset=\"https:\/\/www.smarttravelers.de\/wp-content\/uploads\/2019\/01\/Cais-do-Sodr\u00e92-200x133.jpg 200w, https:\/\/www.smarttravelers.de\/wp-content\/uploads\/2019\/01\/Cais-do-Sodr\u00e92-400x267.jpg 400w, https:\/\/www.smarttravelers.de\/wp-content\/uploads\/2019\/01\/Cais-do-Sodr\u00e92-600x400.jpg 600w, https:\/\/www.smarttravelers.de\/wp-content\/uploads\/2019\/01\/Cais-do-Sodr\u00e92-800x533.jpg 800w, https:\/\/www.smarttravelers.de\/wp-content\/uploads\/2019\/01\/Cais-do-Sodr\u00e92.jpg 1200w\" sizes=\"(min-width: 2200px) 100vw, (min-width: 284px) 356px, (min-width: 212px) 284px, (min-width: 140px) 212px, \" \/>\n\t\n\n\t\t<div class=\"fusion-rollover\">\n\t<div class=\"fusion-rollover-content\">\n\n\t\t\t\t\t\t\t\t\t\t\t\t\t\t<a class=\"fusion-rollover-link\" href=\"https:\/\/www.smarttravelers.de\/en\/sights\/portugal\/lisbon\/cais-do-sodre\/\" target=\"_blank\">Cais do Sodr\u00e9<\/a>\n\t\t\t\n\t\t\t\t\t\t\t\t\t\t\t\t\t\t\n\t\t\t\t\t\t\t\t\n\t\t\t\t\t\t\t\t\t\t\t\t\t<div class=\"fusion-rollover-sep\"><\/div>\n\t\t\t\t\n\t\t\t\t\t\t\t\t\t\t\t\t\t\t\t\t\t\t<a class=\"fusion-rollover-gallery\" href=\"https:\/\/www.smarttravelers.de\/wp-content\/uploads\/2019\/01\/Cais-do-Sodr\u00e92.jpg\" data-id=\"61579\" data-rel=\"iLightbox[gallery-rw-1]\" data-title=\"Cais do Sodr\u00e92\" data-caption=\"\">\n\t\t\t\t\t\tGallery\t\t\t\t\t<\/a>\n\t\t\t\t\t\t\t\t\t\t\t\t\t\t\n\t\t\n\t\t\t\t\t\t\t\t\t\t\t\t<h4 class=\"fusion-rollover-title\">\n\t\t\t\t\t<a class=\"fusion-rollover-title-link\" href=\"https:\/\/www.smarttravelers.de\/en\/sights\/portugal\/lisbon\/cais-do-sodre\/\" target=\"_blank\">\n\t\t\t\t\t\tCais do Sodr\u00e9\t\t\t\t\t<\/a>\n\t\t\t\t<\/h4>\n\t\t\t\n\t\t\t\t\t\t\t\t\n\t\t\n\t\t\t\t\t\t<a class=\"fusion-link-wrapper\" href=\"https:\/\/www.smarttravelers.de\/en\/sights\/portugal\/lisbon\/cais-do-sodre\/\" target=\"_blank\" aria-label=\"Cais do Sodr\u00e9\"><\/a>\n\t<\/div>\n<\/div>\n\n\t\n<\/div>\n<\/div><\/article><article id=\"portfolio-1-post-61500\" class=\"fusion-portfolio-post all-in-lisbon museums-galleries fusion-col-spacing post-61500 fusion-element-grid\"><div class=\"fusion-portfolio-content-wrapper\" style=\"border:none;\"><span class=\"entry-title rich-snippet-hidden\">Calouste Gulbenkian Museum<\/span><span class=\"vcard rich-snippet-hidden\"><span class=\"fn\"><a href=\"https:\/\/www.smarttravelers.de\/en\/author\/wp_admin\/\" title=\"Posts by wp_admin\" rel=\"author\">wp_admin<\/a><\/span><\/span><span class=\"updated rich-snippet-hidden\">2024-09-03T16:39:34+02:00<\/span>\n\n<div  class=\"fusion-masonry-element-container fusion-image-wrapper\" style=\"background-image:url(https:\/\/www.smarttravelers.de\/wp-content\/uploads\/2019\/01\/Museu-Calouste-Gulbenkian1.jpeg);padding-top:calc((100% + 20px) * 0.8 - 10px);\" aria-haspopup=\"true\">\n\t\n\t\n\t\n\t\t\n\t\t\t\t\t<img decoding=\"async\" width=\"1200\" height=\"802\" src=\"https:\/\/www.smarttravelers.de\/wp-content\/uploads\/2019\/01\/Museu-Calouste-Gulbenkian1.jpeg\" class=\"attachment-full size-full wp-post-image\" alt=\"Ausstellungshalle im Museu Calouste Gulbenkian\" srcset=\"https:\/\/www.smarttravelers.de\/wp-content\/uploads\/2019\/01\/Museu-Calouste-Gulbenkian1-200x134.jpeg 200w, https:\/\/www.smarttravelers.de\/wp-content\/uploads\/2019\/01\/Museu-Calouste-Gulbenkian1-400x267.jpeg 400w, https:\/\/www.smarttravelers.de\/wp-content\/uploads\/2019\/01\/Museu-Calouste-Gulbenkian1-600x401.jpeg 600w, https:\/\/www.smarttravelers.de\/wp-content\/uploads\/2019\/01\/Museu-Calouste-Gulbenkian1-800x535.jpeg 800w, https:\/\/www.smarttravelers.de\/wp-content\/uploads\/2019\/01\/Museu-Calouste-Gulbenkian1.jpeg 1200w\" sizes=\"(min-width: 2200px) 100vw, (min-width: 284px) 356px, (min-width: 212px) 284px, (min-width: 140px) 212px, \" \/>\n\t\n\n\t\t<div class=\"fusion-rollover\">\n\t<div class=\"fusion-rollover-content\">\n\n\t\t\t\t\t\t\t\t\t\t\t\t\t\t<a class=\"fusion-rollover-link\" href=\"https:\/\/www.smarttravelers.de\/en\/sights\/portugal\/lisbon\/calouste-gulbenkian-museum\/\" target=\"_blank\">Calouste Gulbenkian Museum<\/a>\n\t\t\t\n\t\t\t\t\t\t\t\t\t\t\t\t\t\t\n\t\t\t\t\t\t\t\t\n\t\t\t\t\t\t\t\t\t\t\t\t\t<div class=\"fusion-rollover-sep\"><\/div>\n\t\t\t\t\n\t\t\t\t\t\t\t\t\t\t\t\t\t\t\t\t\t\t<a class=\"fusion-rollover-gallery\" href=\"https:\/\/www.smarttravelers.de\/wp-content\/uploads\/2019\/01\/Museu-Calouste-Gulbenkian1.jpeg\" data-id=\"61500\" data-rel=\"iLightbox[gallery-rw-1]\" data-title=\"Museu Calouste Gulbenkian1\" data-caption=\"\">\n\t\t\t\t\t\tGallery\t\t\t\t\t<\/a>\n\t\t\t\t\t\t\t\t\t\t\t\t\t\t\n\t\t\n\t\t\t\t\t\t\t\t\t\t\t\t<h4 class=\"fusion-rollover-title\">\n\t\t\t\t\t<a class=\"fusion-rollover-title-link\" href=\"https:\/\/www.smarttravelers.de\/en\/sights\/portugal\/lisbon\/calouste-gulbenkian-museum\/\" target=\"_blank\">\n\t\t\t\t\t\tCalouste Gulbenkian Museum\t\t\t\t\t<\/a>\n\t\t\t\t<\/h4>\n\t\t\t\n\t\t\t\t\t\t\t\t\n\t\t\n\t\t\t\t\t\t<a class=\"fusion-link-wrapper\" href=\"https:\/\/www.smarttravelers.de\/en\/sights\/portugal\/lisbon\/calouste-gulbenkian-museum\/\" target=\"_blank\" aria-label=\"Calouste Gulbenkian Museum\"><\/a>\n\t<\/div>\n<\/div>\n\n\t\n<\/div>\n<\/div><\/article><article id=\"portfolio-1-post-61505\" class=\"fusion-portfolio-post all-in-lisbon museums-galleries fusion-col-spacing post-61505 fusion-element-grid\"><div class=\"fusion-portfolio-content-wrapper\" style=\"border:none;\"><span class=\"entry-title rich-snippet-hidden\">Carmo Archaeological Museum<\/span><span class=\"vcard rich-snippet-hidden\"><span class=\"fn\"><a href=\"https:\/\/www.smarttravelers.de\/en\/author\/wp_admin\/\" title=\"Posts by wp_admin\" rel=\"author\">wp_admin<\/a><\/span><\/span><span class=\"updated rich-snippet-hidden\">2024-09-03T16:45:17+02:00<\/span>\n\n<div  class=\"fusion-masonry-element-container fusion-image-wrapper\" style=\"background-image:url(https:\/\/www.smarttravelers.de\/wp-content\/uploads\/2019\/01\/Museu-Arqueol\u00f3gico-do-Carmo3.jpg);padding-top:calc((100% + 20px) * 0.8 - 10px);\" aria-haspopup=\"true\">\n\t\n\t\n\t\n\t\t\n\t\t\t\t\t<img decoding=\"async\" width=\"1200\" height=\"900\" src=\"https:\/\/www.smarttravelers.de\/wp-content\/uploads\/2019\/01\/Museu-Arqueol\u00f3gico-do-Carmo3.jpg\" class=\"attachment-full size-full wp-post-image\" alt=\"Grab im Museu Arqueol\u00f3gico do Carmo\" srcset=\"https:\/\/www.smarttravelers.de\/wp-content\/uploads\/2019\/01\/Museu-Arqueol\u00f3gico-do-Carmo3-200x150.jpg 200w, https:\/\/www.smarttravelers.de\/wp-content\/uploads\/2019\/01\/Museu-Arqueol\u00f3gico-do-Carmo3-400x300.jpg 400w, https:\/\/www.smarttravelers.de\/wp-content\/uploads\/2019\/01\/Museu-Arqueol\u00f3gico-do-Carmo3-600x450.jpg 600w, https:\/\/www.smarttravelers.de\/wp-content\/uploads\/2019\/01\/Museu-Arqueol\u00f3gico-do-Carmo3-800x600.jpg 800w, https:\/\/www.smarttravelers.de\/wp-content\/uploads\/2019\/01\/Museu-Arqueol\u00f3gico-do-Carmo3.jpg 1200w\" sizes=\"(min-width: 2200px) 100vw, (min-width: 284px) 356px, (min-width: 212px) 284px, (min-width: 140px) 212px, \" \/>\n\t\n\n\t\t<div class=\"fusion-rollover\">\n\t<div class=\"fusion-rollover-content\">\n\n\t\t\t\t\t\t\t\t\t\t\t\t\t\t<a class=\"fusion-rollover-link\" href=\"https:\/\/www.smarttravelers.de\/en\/sights\/portugal\/lisbon\/carmo-archaeological-museum\/\" target=\"_blank\">Carmo Archaeological Museum<\/a>\n\t\t\t\n\t\t\t\t\t\t\t\t\t\t\t\t\t\t\n\t\t\t\t\t\t\t\t\n\t\t\t\t\t\t\t\t\t\t\t\t\t<div class=\"fusion-rollover-sep\"><\/div>\n\t\t\t\t\n\t\t\t\t\t\t\t\t\t\t\t\t\t\t\t\t\t\t<a class=\"fusion-rollover-gallery\" href=\"https:\/\/www.smarttravelers.de\/wp-content\/uploads\/2019\/01\/Museu-Arqueol\u00f3gico-do-Carmo3.jpg\" data-id=\"61505\" data-rel=\"iLightbox[gallery-rw-1]\" data-title=\"Museu Arqueol\u00f3gico do Carmo3\" data-caption=\"\">\n\t\t\t\t\t\tGallery\t\t\t\t\t<\/a>\n\t\t\t\t\t\t\t\t\t\t\t\t\t\t\n\t\t\n\t\t\t\t\t\t\t\t\t\t\t\t<h4 class=\"fusion-rollover-title\">\n\t\t\t\t\t<a class=\"fusion-rollover-title-link\" href=\"https:\/\/www.smarttravelers.de\/en\/sights\/portugal\/lisbon\/carmo-archaeological-museum\/\" target=\"_blank\">\n\t\t\t\t\t\tCarmo Archaeological Museum\t\t\t\t\t<\/a>\n\t\t\t\t<\/h4>\n\t\t\t\n\t\t\t\t\t\t\t\t\n\t\t\n\t\t\t\t\t\t<a class=\"fusion-link-wrapper\" href=\"https:\/\/www.smarttravelers.de\/en\/sights\/portugal\/lisbon\/carmo-archaeological-museum\/\" target=\"_blank\" aria-label=\"Carmo Archaeological Museum\"><\/a>\n\t<\/div>\n<\/div>\n\n\t\n<\/div>\n<\/div><\/article><article id=\"portfolio-1-post-61559\" class=\"fusion-portfolio-post all-in-lisbon churches-monasteries fusion-col-spacing post-61559 fusion-element-grid\"><div class=\"fusion-portfolio-content-wrapper\" style=\"border:none;\"><span class=\"entry-title rich-snippet-hidden\">Carmo Convent<\/span><span class=\"vcard rich-snippet-hidden\"><span class=\"fn\"><a href=\"https:\/\/www.smarttravelers.de\/en\/author\/wp_admin\/\" title=\"Posts by wp_admin\" rel=\"author\">wp_admin<\/a><\/span><\/span><span class=\"updated rich-snippet-hidden\">2024-09-05T23:42:54+02:00<\/span>\n\n<div  class=\"fusion-masonry-element-container fusion-image-wrapper\" style=\"background-image:url(https:\/\/www.smarttravelers.de\/wp-content\/uploads\/2019\/01\/Convento-do-Carmo2.jpg);padding-top:calc((100% + 20px) * 0.8 - 10px);\" aria-haspopup=\"true\">\n\t\n\t\n\t\n\t\t\n\t\t\t\t\t<img decoding=\"async\" width=\"1200\" height=\"800\" src=\"https:\/\/www.smarttravelers.de\/wp-content\/uploads\/2019\/01\/Convento-do-Carmo2.jpg\" class=\"attachment-full size-full wp-post-image\" alt=\"Der Alte J\u00fcdische Friedhof in Prag\" srcset=\"https:\/\/www.smarttravelers.de\/wp-content\/uploads\/2019\/01\/Convento-do-Carmo2-200x133.jpg 200w, https:\/\/www.smarttravelers.de\/wp-content\/uploads\/2019\/01\/Convento-do-Carmo2-400x267.jpg 400w, https:\/\/www.smarttravelers.de\/wp-content\/uploads\/2019\/01\/Convento-do-Carmo2-600x400.jpg 600w, https:\/\/www.smarttravelers.de\/wp-content\/uploads\/2019\/01\/Convento-do-Carmo2-800x533.jpg 800w, https:\/\/www.smarttravelers.de\/wp-content\/uploads\/2019\/01\/Convento-do-Carmo2.jpg 1200w\" sizes=\"(min-width: 2200px) 100vw, (min-width: 284px) 356px, (min-width: 212px) 284px, (min-width: 140px) 212px, \" \/>\n\t\n\n\t\t<div class=\"fusion-rollover\">\n\t<div class=\"fusion-rollover-content\">\n\n\t\t\t\t\t\t\t\t\t\t\t\t\t\t<a class=\"fusion-rollover-link\" href=\"https:\/\/www.smarttravelers.de\/en\/sights\/portugal\/lisbon\/carmo-convent\/\" target=\"_blank\">Carmo Convent<\/a>\n\t\t\t\n\t\t\t\t\t\t\t\t\t\t\t\t\t\t\n\t\t\t\t\t\t\t\t\n\t\t\t\t\t\t\t\t\t\t\t\t\t<div class=\"fusion-rollover-sep\"><\/div>\n\t\t\t\t\n\t\t\t\t\t\t\t\t\t\t\t\t\t\t\t\t\t\t<a class=\"fusion-rollover-gallery\" href=\"https:\/\/www.smarttravelers.de\/wp-content\/uploads\/2019\/01\/Convento-do-Carmo2.jpg\" data-id=\"61559\" data-rel=\"iLightbox[gallery-rw-1]\" data-title=\"Convento do Carmo2\" data-caption=\"\">\n\t\t\t\t\t\tGallery\t\t\t\t\t<\/a>\n\t\t\t\t\t\t\t\t\t\t\t\t\t\t\n\t\t\n\t\t\t\t\t\t\t\t\t\t\t\t<h4 class=\"fusion-rollover-title\">\n\t\t\t\t\t<a class=\"fusion-rollover-title-link\" href=\"https:\/\/www.smarttravelers.de\/en\/sights\/portugal\/lisbon\/carmo-convent\/\" target=\"_blank\">\n\t\t\t\t\t\tCarmo Convent\t\t\t\t\t<\/a>\n\t\t\t\t<\/h4>\n\t\t\t\n\t\t\t\t\t\t\t\t\n\t\t\n\t\t\t\t\t\t<a class=\"fusion-link-wrapper\" href=\"https:\/\/www.smarttravelers.de\/en\/sights\/portugal\/lisbon\/carmo-convent\/\" target=\"_blank\" aria-label=\"Carmo Convent\"><\/a>\n\t<\/div>\n<\/div>\n\n\t\n<\/div>\n<\/div><\/article><article id=\"portfolio-1-post-61554\" class=\"fusion-portfolio-post all-in-lisbon other-sights viewpoints fusion-col-spacing post-61554 fusion-element-portrait\"><div class=\"fusion-portfolio-content-wrapper\" style=\"border:none;\"><span class=\"entry-title rich-snippet-hidden\">Christ the King<\/span><span class=\"vcard rich-snippet-hidden\"><span class=\"fn\"><a href=\"https:\/\/www.smarttravelers.de\/en\/author\/wp_admin\/\" title=\"Posts by wp_admin\" rel=\"author\">wp_admin<\/a><\/span><\/span><span class=\"updated rich-snippet-hidden\">2024-09-05T23:34:33+02:00<\/span>\n\n<div  class=\"fusion-masonry-element-container fusion-image-wrapper\" style=\"background-image:url(https:\/\/www.smarttravelers.de\/wp-content\/uploads\/2019\/01\/Cristo-Rei3.jpg);padding-top:calc((100% + 20px) * 1.6);\" aria-haspopup=\"true\">\n\t\n\t\n\t\n\t\t\n\t\t\t\t\t<img decoding=\"async\" width=\"675\" height=\"900\" src=\"https:\/\/www.smarttravelers.de\/wp-content\/uploads\/2019\/01\/Cristo-Rei3.jpg\" class=\"attachment-full size-full wp-post-image\" alt=\"Der Alte J\u00fcdische Friedhof in Prag\" srcset=\"https:\/\/www.smarttravelers.de\/wp-content\/uploads\/2019\/01\/Cristo-Rei3-200x267.jpg 200w, https:\/\/www.smarttravelers.de\/wp-content\/uploads\/2019\/01\/Cristo-Rei3-400x533.jpg 400w, https:\/\/www.smarttravelers.de\/wp-content\/uploads\/2019\/01\/Cristo-Rei3-600x800.jpg 600w, https:\/\/www.smarttravelers.de\/wp-content\/uploads\/2019\/01\/Cristo-Rei3.jpg 675w\" sizes=\"(min-width: 2200px) 100vw, (min-width: 284px) 356px, (min-width: 212px) 284px, (min-width: 140px) 212px, \" \/>\n\t\n\n\t\t<div class=\"fusion-rollover\">\n\t<div class=\"fusion-rollover-content\">\n\n\t\t\t\t\t\t\t\t\t\t\t\t\t\t<a class=\"fusion-rollover-link\" href=\"https:\/\/www.smarttravelers.de\/en\/sights\/portugal\/lisbon\/christ-the-king\/\" target=\"_blank\">Christ the King<\/a>\n\t\t\t\n\t\t\t\t\t\t\t\t\t\t\t\t\t\t\n\t\t\t\t\t\t\t\t\n\t\t\t\t\t\t\t\t\t\t\t\t\t<div class=\"fusion-rollover-sep\"><\/div>\n\t\t\t\t\n\t\t\t\t\t\t\t\t\t\t\t\t\t\t\t\t\t\t<a class=\"fusion-rollover-gallery\" href=\"https:\/\/www.smarttravelers.de\/wp-content\/uploads\/2019\/01\/Cristo-Rei3.jpg\" data-id=\"61554\" data-rel=\"iLightbox[gallery-rw-1]\" data-title=\"Cristo Rei3\" data-caption=\"\">\n\t\t\t\t\t\tGallery\t\t\t\t\t<\/a>\n\t\t\t\t\t\t\t\t\t\t\t\t\t\t\n\t\t\n\t\t\t\t\t\t\t\t\t\t\t\t<h4 class=\"fusion-rollover-title\">\n\t\t\t\t\t<a class=\"fusion-rollover-title-link\" href=\"https:\/\/www.smarttravelers.de\/en\/sights\/portugal\/lisbon\/christ-the-king\/\" target=\"_blank\">\n\t\t\t\t\t\tChrist the King\t\t\t\t\t<\/a>\n\t\t\t\t<\/h4>\n\t\t\t\n\t\t\t\t\t\t\t\t\n\t\t\n\t\t\t\t\t\t<a class=\"fusion-link-wrapper\" href=\"https:\/\/www.smarttravelers.de\/en\/sights\/portugal\/lisbon\/christ-the-king\/\" target=\"_blank\" aria-label=\"Christ the King\"><\/a>\n\t<\/div>\n<\/div>\n\n\t\n<\/div>\n<\/div><\/article><article id=\"portfolio-1-post-83814\" class=\"fusion-portfolio-post alle-in-stockholm-en districts highlights-en fusion-col-spacing post-83814 fusion-element-grid\"><div class=\"fusion-portfolio-content-wrapper\" style=\"border:none;\"><span class=\"entry-title rich-snippet-hidden\">Djurgarden<\/span><span class=\"vcard rich-snippet-hidden\"><span class=\"fn\"><a href=\"https:\/\/www.smarttravelers.de\/en\/author\/wp_admin\/\" title=\"Posts by wp_admin\" rel=\"author\">wp_admin<\/a><\/span><\/span><span class=\"updated rich-snippet-hidden\">2024-06-04T14:46:10+02:00<\/span>\n\n<div  class=\"fusion-masonry-element-container fusion-image-wrapper\" style=\"background-image:url(https:\/\/www.smarttravelers.de\/wp-content\/uploads\/2020\/03\/Djurg\u00e5rden2.jpg);padding-top:calc((100% + 20px) * 0.8 - 10px);\" aria-haspopup=\"true\">\n\t\n\t\n\t\n\t\t\n\t\t\t\t\t<img decoding=\"async\" width=\"1618\" height=\"1080\" src=\"https:\/\/www.smarttravelers.de\/wp-content\/uploads\/2020\/03\/Djurg\u00e5rden2.jpg\" class=\"attachment-full size-full wp-post-image\" alt=\"Luftbild von\" srcset=\"https:\/\/www.smarttravelers.de\/wp-content\/uploads\/2020\/03\/Djurg\u00e5rden2-200x133.jpg 200w, https:\/\/www.smarttravelers.de\/wp-content\/uploads\/2020\/03\/Djurg\u00e5rden2-400x267.jpg 400w, https:\/\/www.smarttravelers.de\/wp-content\/uploads\/2020\/03\/Djurg\u00e5rden2-600x400.jpg 600w, https:\/\/www.smarttravelers.de\/wp-content\/uploads\/2020\/03\/Djurg\u00e5rden2-800x534.jpg 800w, https:\/\/www.smarttravelers.de\/wp-content\/uploads\/2020\/03\/Djurg\u00e5rden2-1200x801.jpg 1200w, https:\/\/www.smarttravelers.de\/wp-content\/uploads\/2020\/03\/Djurg\u00e5rden2.jpg 1618w\" sizes=\"(min-width: 2200px) 100vw, (min-width: 284px) 356px, (min-width: 212px) 284px, (min-width: 140px) 212px, \" \/>\n\t\n\n\t\t<div class=\"fusion-rollover\">\n\t<div class=\"fusion-rollover-content\">\n\n\t\t\t\t\t\t\t\t\t\t\t\t\t\t<a class=\"fusion-rollover-link\" href=\"https:\/\/www.smarttravelers.de\/en\/sights\/schweden\/stockholm\/djurgarden\/\" target=\"_blank\">Djurgarden<\/a>\n\t\t\t\n\t\t\t\t\t\t\t\t\t\t\t\t\t\t\n\t\t\t\t\t\t\t\t\n\t\t\t\t\t\t\t\t\t\t\t\t\t<div class=\"fusion-rollover-sep\"><\/div>\n\t\t\t\t\n\t\t\t\t\t\t\t\t\t\t\t\t\t\t\t\t\t\t<a class=\"fusion-rollover-gallery\" href=\"https:\/\/www.smarttravelers.de\/wp-content\/uploads\/2020\/03\/Djurg\u00e5rden2.jpg\" data-id=\"83814\" data-rel=\"iLightbox[gallery-rw-1]\" data-title=\"Djurg\u00e5rden2\" data-caption=\"\">\n\t\t\t\t\t\tGallery\t\t\t\t\t<\/a>\n\t\t\t\t\t\t\t\t\t\t\t\t\t\t\n\t\t\n\t\t\t\t\t\t\t\t\t\t\t\t<h4 class=\"fusion-rollover-title\">\n\t\t\t\t\t<a class=\"fusion-rollover-title-link\" href=\"https:\/\/www.smarttravelers.de\/en\/sights\/schweden\/stockholm\/djurgarden\/\" target=\"_blank\">\n\t\t\t\t\t\tDjurgarden\t\t\t\t\t<\/a>\n\t\t\t\t<\/h4>\n\t\t\t\n\t\t\t\t\t\t\t\t\n\t\t\n\t\t\t\t\t\t<a class=\"fusion-link-wrapper\" href=\"https:\/\/www.smarttravelers.de\/en\/sights\/schweden\/stockholm\/djurgarden\/\" target=\"_blank\" aria-label=\"Djurgarden\"><\/a>\n\t<\/div>\n<\/div>\n\n\t\n<\/div>\n<\/div><\/article><article id=\"portfolio-1-post-83720\" class=\"fusion-portfolio-post alle-in-stockholm-en castles-palaces highlights-en world-heritage-sites fusion-col-spacing post-83720 fusion-element-grid\"><div class=\"fusion-portfolio-content-wrapper\" style=\"border:none;\"><span class=\"entry-title rich-snippet-hidden\">Drottningholm Palace<\/span><span class=\"vcard rich-snippet-hidden\"><span class=\"fn\"><a href=\"https:\/\/www.smarttravelers.de\/en\/author\/wp_admin\/\" title=\"Posts by wp_admin\" rel=\"author\">wp_admin<\/a><\/span><\/span><span class=\"updated rich-snippet-hidden\">2024-06-03T23:46:48+02:00<\/span>\n\n<div  class=\"fusion-masonry-element-container fusion-image-wrapper\" style=\"background-image:url(https:\/\/www.smarttravelers.de\/wp-content\/uploads\/2020\/03\/Schloss-Drottningholm3.jpg);padding-top:calc((100% + 20px) * 0.8 - 10px);\" aria-haspopup=\"true\">\n\t\n\t\n\t\n\t\t\n\t\t\t\t\t<img decoding=\"async\" width=\"1748\" height=\"1080\" src=\"https:\/\/www.smarttravelers.de\/wp-content\/uploads\/2020\/03\/Schloss-Drottningholm3.jpg\" class=\"attachment-full size-full wp-post-image\" alt=\"Au\u00dfenansicht Schloss Drottningholm\" srcset=\"https:\/\/www.smarttravelers.de\/wp-content\/uploads\/2020\/03\/Schloss-Drottningholm3-200x124.jpg 200w, https:\/\/www.smarttravelers.de\/wp-content\/uploads\/2020\/03\/Schloss-Drottningholm3-400x247.jpg 400w, https:\/\/www.smarttravelers.de\/wp-content\/uploads\/2020\/03\/Schloss-Drottningholm3-600x371.jpg 600w, https:\/\/www.smarttravelers.de\/wp-content\/uploads\/2020\/03\/Schloss-Drottningholm3-800x494.jpg 800w, https:\/\/www.smarttravelers.de\/wp-content\/uploads\/2020\/03\/Schloss-Drottningholm3-1200x741.jpg 1200w, https:\/\/www.smarttravelers.de\/wp-content\/uploads\/2020\/03\/Schloss-Drottningholm3.jpg 1748w\" sizes=\"(min-width: 2200px) 100vw, (min-width: 284px) 356px, (min-width: 212px) 284px, (min-width: 140px) 212px, \" \/>\n\t\n\n\t\t<div class=\"fusion-rollover\">\n\t<div class=\"fusion-rollover-content\">\n\n\t\t\t\t\t\t\t\t\t\t\t\t\t\t<a class=\"fusion-rollover-link\" href=\"https:\/\/www.smarttravelers.de\/en\/sights\/schweden\/stockholm\/schloss-drottningholm\/\" target=\"_blank\">Drottningholm Palace<\/a>\n\t\t\t\n\t\t\t\t\t\t\t\t\t\t\t\t\t\t\n\t\t\t\t\t\t\t\t\n\t\t\t\t\t\t\t\t\t\t\t\t\t<div class=\"fusion-rollover-sep\"><\/div>\n\t\t\t\t\n\t\t\t\t\t\t\t\t\t\t\t\t\t\t\t\t\t\t<a class=\"fusion-rollover-gallery\" href=\"https:\/\/www.smarttravelers.de\/wp-content\/uploads\/2020\/03\/Schloss-Drottningholm3.jpg\" data-id=\"83720\" data-rel=\"iLightbox[gallery-rw-1]\" data-title=\"Schloss Drottningholm3\" data-caption=\"\">\n\t\t\t\t\t\tGallery\t\t\t\t\t<\/a>\n\t\t\t\t\t\t\t\t\t\t\t\t\t\t\n\t\t\n\t\t\t\t\t\t\t\t\t\t\t\t<h4 class=\"fusion-rollover-title\">\n\t\t\t\t\t<a class=\"fusion-rollover-title-link\" href=\"https:\/\/www.smarttravelers.de\/en\/sights\/schweden\/stockholm\/schloss-drottningholm\/\" target=\"_blank\">\n\t\t\t\t\t\tDrottningholm Palace\t\t\t\t\t<\/a>\n\t\t\t\t<\/h4>\n\t\t\t\n\t\t\t\t\t\t\t\t\n\t\t\n\t\t\t\t\t\t<a class=\"fusion-link-wrapper\" href=\"https:\/\/www.smarttravelers.de\/en\/sights\/schweden\/stockholm\/schloss-drottningholm\/\" target=\"_blank\" aria-label=\"Drottningholm Palace\"><\/a>\n\t<\/div>\n<\/div>\n\n\t\n<\/div>\n<\/div><\/article><article id=\"portfolio-1-post-61397\" class=\"fusion-portfolio-post all-in-lisbon gardens-parks fusion-col-spacing post-61397 fusion-element-grid\"><div class=\"fusion-portfolio-content-wrapper\" style=\"border:none;\"><span class=\"entry-title rich-snippet-hidden\">Eduardo VII Park<\/span><span class=\"vcard rich-snippet-hidden\"><span class=\"fn\"><a href=\"https:\/\/www.smarttravelers.de\/en\/author\/wp_admin\/\" title=\"Posts by wp_admin\" rel=\"author\">wp_admin<\/a><\/span><\/span><span class=\"updated rich-snippet-hidden\">2024-08-26T22:02:45+02:00<\/span>\n\n<div  class=\"fusion-masonry-element-container fusion-image-wrapper\" style=\"background-image:url(https:\/\/www.smarttravelers.de\/wp-content\/uploads\/2019\/01\/Parque-Eduardo-VII2.jpg);padding-top:calc((100% + 20px) * 0.8 - 10px);\" aria-haspopup=\"true\">\n\t\n\t\n\t\n\t\t\n\t\t\t\t\t<img decoding=\"async\" width=\"1200\" height=\"801\" src=\"https:\/\/www.smarttravelers.de\/wp-content\/uploads\/2019\/01\/Parque-Eduardo-VII2.jpg\" class=\"attachment-full size-full wp-post-image\" alt=\"Blick \u00fcber den Parque Eduardo VII\" srcset=\"https:\/\/www.smarttravelers.de\/wp-content\/uploads\/2019\/01\/Parque-Eduardo-VII2-200x134.jpg 200w, https:\/\/www.smarttravelers.de\/wp-content\/uploads\/2019\/01\/Parque-Eduardo-VII2-400x267.jpg 400w, https:\/\/www.smarttravelers.de\/wp-content\/uploads\/2019\/01\/Parque-Eduardo-VII2-600x401.jpg 600w, https:\/\/www.smarttravelers.de\/wp-content\/uploads\/2019\/01\/Parque-Eduardo-VII2-800x534.jpg 800w, https:\/\/www.smarttravelers.de\/wp-content\/uploads\/2019\/01\/Parque-Eduardo-VII2.jpg 1200w\" sizes=\"(min-width: 2200px) 100vw, (min-width: 284px) 356px, (min-width: 212px) 284px, (min-width: 140px) 212px, \" \/>\n\t\n\n\t\t<div class=\"fusion-rollover\">\n\t<div class=\"fusion-rollover-content\">\n\n\t\t\t\t\t\t\t\t\t\t\t\t\t\t<a class=\"fusion-rollover-link\" href=\"https:\/\/www.smarttravelers.de\/en\/sights\/portugal\/lisbon\/eduardo-vii-park\/\" target=\"_blank\">Eduardo VII Park<\/a>\n\t\t\t\n\t\t\t\t\t\t\t\t\t\t\t\t\t\t\n\t\t\t\t\t\t\t\t\n\t\t\t\t\t\t\t\t\t\t\t\t\t<div class=\"fusion-rollover-sep\"><\/div>\n\t\t\t\t\n\t\t\t\t\t\t\t\t\t\t\t\t\t\t\t\t\t\t<a class=\"fusion-rollover-gallery\" href=\"https:\/\/www.smarttravelers.de\/wp-content\/uploads\/2019\/01\/Parque-Eduardo-VII2.jpg\" data-id=\"61397\" data-rel=\"iLightbox[gallery-rw-1]\" data-title=\"Parque Eduardo VII2\" data-caption=\"\">\n\t\t\t\t\t\tGallery\t\t\t\t\t<\/a>\n\t\t\t\t\t\t\t\t\t\t\t\t\t\t\n\t\t\n\t\t\t\t\t\t\t\t\t\t\t\t<h4 class=\"fusion-rollover-title\">\n\t\t\t\t\t<a class=\"fusion-rollover-title-link\" href=\"https:\/\/www.smarttravelers.de\/en\/sights\/portugal\/lisbon\/eduardo-vii-park\/\" target=\"_blank\">\n\t\t\t\t\t\tEduardo VII Park\t\t\t\t\t<\/a>\n\t\t\t\t<\/h4>\n\t\t\t\n\t\t\t\t\t\t\t\t\n\t\t\n\t\t\t\t\t\t<a class=\"fusion-link-wrapper\" href=\"https:\/\/www.smarttravelers.de\/en\/sights\/portugal\/lisbon\/eduardo-vii-park\/\" target=\"_blank\" aria-label=\"Eduardo VII Park\"><\/a>\n\t<\/div>\n<\/div>\n\n\t\n<\/div>\n<\/div><\/article><article id=\"portfolio-1-post-61564\" class=\"fusion-portfolio-post all-in-lisbon churches-monasteries fusion-col-spacing post-61564 fusion-element-portrait\"><div class=\"fusion-portfolio-content-wrapper\" style=\"border:none;\"><span class=\"entry-title rich-snippet-hidden\">Estrela Basilica<\/span><span class=\"vcard rich-snippet-hidden\"><span class=\"fn\"><a href=\"https:\/\/www.smarttravelers.de\/en\/author\/wp_admin\/\" title=\"Posts by wp_admin\" rel=\"author\">wp_admin<\/a><\/span><\/span><span class=\"updated rich-snippet-hidden\">2024-09-05T23:48:42+02:00<\/span>\n\n<div  class=\"fusion-masonry-element-container fusion-image-wrapper\" style=\"background-image:url(https:\/\/www.smarttravelers.de\/wp-content\/uploads\/2019\/01\/Bas\u00edlica-da-Estrela1.jpg);padding-top:calc((100% + 20px) * 1.6);\" aria-haspopup=\"true\">\n\t\n\t\n\t\n\t\t\n\t\t\t\t\t<img decoding=\"async\" width=\"676\" height=\"900\" src=\"https:\/\/www.smarttravelers.de\/wp-content\/uploads\/2019\/01\/Bas\u00edlica-da-Estrela1.jpg\" class=\"attachment-full size-full wp-post-image\" alt=\"Die Wagen der Angels Flight\" srcset=\"https:\/\/www.smarttravelers.de\/wp-content\/uploads\/2019\/01\/Bas\u00edlica-da-Estrela1-200x266.jpg 200w, https:\/\/www.smarttravelers.de\/wp-content\/uploads\/2019\/01\/Bas\u00edlica-da-Estrela1-400x533.jpg 400w, https:\/\/www.smarttravelers.de\/wp-content\/uploads\/2019\/01\/Bas\u00edlica-da-Estrela1-600x799.jpg 600w, https:\/\/www.smarttravelers.de\/wp-content\/uploads\/2019\/01\/Bas\u00edlica-da-Estrela1.jpg 676w\" sizes=\"(min-width: 2200px) 100vw, (min-width: 284px) 356px, (min-width: 212px) 284px, (min-width: 140px) 212px, \" \/>\n\t\n\n\t\t<div class=\"fusion-rollover\">\n\t<div class=\"fusion-rollover-content\">\n\n\t\t\t\t\t\t\t\t\t\t\t\t\t\t<a class=\"fusion-rollover-link\" href=\"https:\/\/www.smarttravelers.de\/en\/sights\/portugal\/lisbon\/estrela-basilica\/\" target=\"_blank\">Estrela Basilica<\/a>\n\t\t\t\n\t\t\t\t\t\t\t\t\t\t\t\t\t\t\n\t\t\t\t\t\t\t\t\n\t\t\t\t\t\t\t\t\t\t\t\t\t<div class=\"fusion-rollover-sep\"><\/div>\n\t\t\t\t\n\t\t\t\t\t\t\t\t\t\t\t\t\t\t\t\t\t\t<a class=\"fusion-rollover-gallery\" href=\"https:\/\/www.smarttravelers.de\/wp-content\/uploads\/2019\/01\/Bas\u00edlica-da-Estrela1.jpg\" data-id=\"61564\" data-rel=\"iLightbox[gallery-rw-1]\" data-title=\"Bas\u00edlica da Estrela1\" data-caption=\"\">\n\t\t\t\t\t\tGallery\t\t\t\t\t<\/a>\n\t\t\t\t\t\t\t\t\t\t\t\t\t\t\n\t\t\n\t\t\t\t\t\t\t\t\t\t\t\t<h4 class=\"fusion-rollover-title\">\n\t\t\t\t\t<a class=\"fusion-rollover-title-link\" href=\"https:\/\/www.smarttravelers.de\/en\/sights\/portugal\/lisbon\/estrela-basilica\/\" target=\"_blank\">\n\t\t\t\t\t\tEstrela Basilica\t\t\t\t\t<\/a>\n\t\t\t\t<\/h4>\n\t\t\t\n\t\t\t\t\t\t\t\t\n\t\t\n\t\t\t\t\t\t<a class=\"fusion-link-wrapper\" href=\"https:\/\/www.smarttravelers.de\/en\/sights\/portugal\/lisbon\/estrela-basilica\/\" target=\"_blank\" aria-label=\"Estrela Basilica\"><\/a>\n\t<\/div>\n<\/div>\n\n\t\n<\/div>\n<\/div><\/article><article id=\"portfolio-1-post-61477\" class=\"fusion-portfolio-post all-in-lisbon museums-galleries fusion-col-spacing post-61477 fusion-element-landscape\"><div class=\"fusion-portfolio-content-wrapper\" style=\"border:none;\"><span class=\"entry-title rich-snippet-hidden\">Fado Museum<\/span><span class=\"vcard rich-snippet-hidden\"><span class=\"fn\"><a href=\"https:\/\/www.smarttravelers.de\/en\/author\/wp_admin\/\" title=\"Posts by wp_admin\" rel=\"author\">wp_admin<\/a><\/span><\/span><span class=\"updated rich-snippet-hidden\">2024-08-29T23:25:25+02:00<\/span>\n\n<div  class=\"fusion-masonry-element-container fusion-image-wrapper\" style=\"background-image:url(https:\/\/www.smarttravelers.de\/wp-content\/uploads\/2019\/01\/Museu-do-Fado1.jpg);padding-top:calc((100% + 20px) * 0.4 - 10px);\" aria-haspopup=\"true\">\n\t\n\t\n\t\n\t\t\n\t\t\t\t\t<img decoding=\"async\" width=\"1200\" height=\"675\" src=\"https:\/\/www.smarttravelers.de\/wp-content\/uploads\/2019\/01\/Museu-do-Fado1.jpg\" class=\"attachment-full size-full wp-post-image\" alt=\"Das Geb\u00e4ude des Museu do Fado\" srcset=\"https:\/\/www.smarttravelers.de\/wp-content\/uploads\/2019\/01\/Museu-do-Fado1-200x113.jpg 200w, https:\/\/www.smarttravelers.de\/wp-content\/uploads\/2019\/01\/Museu-do-Fado1-400x225.jpg 400w, https:\/\/www.smarttravelers.de\/wp-content\/uploads\/2019\/01\/Museu-do-Fado1-600x338.jpg 600w, https:\/\/www.smarttravelers.de\/wp-content\/uploads\/2019\/01\/Museu-do-Fado1-800x450.jpg 800w, https:\/\/www.smarttravelers.de\/wp-content\/uploads\/2019\/01\/Museu-do-Fado1.jpg 1200w\" sizes=\"(min-width: 2200px) 100vw, (min-width: 140px) 1920px, \" \/>\n\t\n\n\t\t<div class=\"fusion-rollover\">\n\t<div class=\"fusion-rollover-content\">\n\n\t\t\t\t\t\t\t\t\t\t\t\t\t\t<a class=\"fusion-rollover-link\" href=\"https:\/\/www.smarttravelers.de\/en\/sights\/portugal\/lisbon\/fado-museum\/\" target=\"_blank\">Fado Museum<\/a>\n\t\t\t\n\t\t\t\t\t\t\t\t\t\t\t\t\t\t\n\t\t\t\t\t\t\t\t\n\t\t\t\t\t\t\t\t\t\t\t\t\t<div class=\"fusion-rollover-sep\"><\/div>\n\t\t\t\t\n\t\t\t\t\t\t\t\t\t\t\t\t\t\t\t\t\t\t<a class=\"fusion-rollover-gallery\" href=\"https:\/\/www.smarttravelers.de\/wp-content\/uploads\/2019\/01\/Museu-do-Fado1.jpg\" data-id=\"61477\" data-rel=\"iLightbox[gallery-rw-1]\" data-title=\"Museu do Fado1\" data-caption=\"\">\n\t\t\t\t\t\tGallery\t\t\t\t\t<\/a>\n\t\t\t\t\t\t\t\t\t\t\t\t\t\t\n\t\t\n\t\t\t\t\t\t\t\t\t\t\t\t<h4 class=\"fusion-rollover-title\">\n\t\t\t\t\t<a class=\"fusion-rollover-title-link\" href=\"https:\/\/www.smarttravelers.de\/en\/sights\/portugal\/lisbon\/fado-museum\/\" target=\"_blank\">\n\t\t\t\t\t\tFado Museum\t\t\t\t\t<\/a>\n\t\t\t\t<\/h4>\n\t\t\t\n\t\t\t\t\t\t\t\t\n\t\t\n\t\t\t\t\t\t<a class=\"fusion-link-wrapper\" href=\"https:\/\/www.smarttravelers.de\/en\/sights\/portugal\/lisbon\/fado-museum\/\" target=\"_blank\" aria-label=\"Fado Museum\"><\/a>\n\t<\/div>\n<\/div>\n\n\t\n<\/div>\n<\/div><\/article><article id=\"portfolio-1-post-83596\" class=\"fusion-portfolio-post alle-in-stockholm-en natural-landscapes-national-parks fusion-col-spacing post-83596 fusion-element-grid\"><div class=\"fusion-portfolio-content-wrapper\" style=\"border:none;\"><span class=\"entry-title rich-snippet-hidden\">Fj\u00e4derholmarna<\/span><span class=\"vcard rich-snippet-hidden\"><span class=\"fn\"><a href=\"https:\/\/www.smarttravelers.de\/en\/author\/wp_admin\/\" title=\"Posts by wp_admin\" rel=\"author\">wp_admin<\/a><\/span><\/span><span class=\"updated rich-snippet-hidden\">2024-06-03T11:34:12+02:00<\/span>\n\n<div  class=\"fusion-masonry-element-container fusion-image-wrapper\" style=\"background-image:url(https:\/\/www.smarttravelers.de\/wp-content\/uploads\/2020\/03\/Fj\u00e4derholmarna1.jpg);padding-top:calc((100% + 20px) * 0.8 - 10px);\" aria-haspopup=\"true\">\n\t\n\t\n\t\n\t\t\n\t\t\t\t\t<img decoding=\"async\" width=\"1618\" height=\"1080\" src=\"https:\/\/www.smarttravelers.de\/wp-content\/uploads\/2020\/03\/Fj\u00e4derholmarna1.jpg\" class=\"attachment-full size-full wp-post-image\" alt=\"Luftbild Fj\u00e4derholmarna\" srcset=\"https:\/\/www.smarttravelers.de\/wp-content\/uploads\/2020\/03\/Fj\u00e4derholmarna1-200x133.jpg 200w, https:\/\/www.smarttravelers.de\/wp-content\/uploads\/2020\/03\/Fj\u00e4derholmarna1-400x267.jpg 400w, https:\/\/www.smarttravelers.de\/wp-content\/uploads\/2020\/03\/Fj\u00e4derholmarna1-600x400.jpg 600w, https:\/\/www.smarttravelers.de\/wp-content\/uploads\/2020\/03\/Fj\u00e4derholmarna1-800x534.jpg 800w, https:\/\/www.smarttravelers.de\/wp-content\/uploads\/2020\/03\/Fj\u00e4derholmarna1-1200x801.jpg 1200w, https:\/\/www.smarttravelers.de\/wp-content\/uploads\/2020\/03\/Fj\u00e4derholmarna1.jpg 1618w\" sizes=\"(min-width: 2200px) 100vw, (min-width: 284px) 356px, (min-width: 212px) 284px, (min-width: 140px) 212px, \" \/>\n\t\n\n\t\t<div class=\"fusion-rollover\">\n\t<div class=\"fusion-rollover-content\">\n\n\t\t\t\t\t\t\t\t\t\t\t\t\t\t<a class=\"fusion-rollover-link\" href=\"https:\/\/www.smarttravelers.de\/en\/sights\/schweden\/stockholm\/fjaederholmarna\/\" target=\"_blank\">Fj\u00e4derholmarna<\/a>\n\t\t\t\n\t\t\t\t\t\t\t\t\t\t\t\t\t\t\n\t\t\t\t\t\t\t\t\n\t\t\t\t\t\t\t\t\t\t\t\t\t<div class=\"fusion-rollover-sep\"><\/div>\n\t\t\t\t\n\t\t\t\t\t\t\t\t\t\t\t\t\t\t\t\t\t\t<a class=\"fusion-rollover-gallery\" href=\"https:\/\/www.smarttravelers.de\/wp-content\/uploads\/2020\/03\/Fj\u00e4derholmarna1.jpg\" data-id=\"83596\" data-rel=\"iLightbox[gallery-rw-1]\" data-title=\"Fj\u00e4derholmarna1\" data-caption=\"\">\n\t\t\t\t\t\tGallery\t\t\t\t\t<\/a>\n\t\t\t\t\t\t\t\t\t\t\t\t\t\t\n\t\t\n\t\t\t\t\t\t\t\t\t\t\t\t<h4 class=\"fusion-rollover-title\">\n\t\t\t\t\t<a class=\"fusion-rollover-title-link\" href=\"https:\/\/www.smarttravelers.de\/en\/sights\/schweden\/stockholm\/fjaederholmarna\/\" target=\"_blank\">\n\t\t\t\t\t\tFj\u00e4derholmarna\t\t\t\t\t<\/a>\n\t\t\t\t<\/h4>\n\t\t\t\n\t\t\t\t\t\t\t\t\n\t\t\n\t\t\t\t\t\t<a class=\"fusion-link-wrapper\" href=\"https:\/\/www.smarttravelers.de\/en\/sights\/schweden\/stockholm\/fjaederholmarna\/\" target=\"_blank\" aria-label=\"Fj\u00e4derholmarna\"><\/a>\n\t<\/div>\n<\/div>\n\n\t\n<\/div>\n<\/div><\/article><article id=\"portfolio-1-post-83591\" class=\"fusion-portfolio-post alle-in-stockholm-en museums-galleries fusion-col-spacing post-83591 fusion-element-grid\"><div class=\"fusion-portfolio-content-wrapper\" style=\"border:none;\"><span class=\"entry-title rich-snippet-hidden\">Fotografiska<\/span><span class=\"vcard rich-snippet-hidden\"><span class=\"fn\"><a href=\"https:\/\/www.smarttravelers.de\/en\/author\/wp_admin\/\" title=\"Posts by wp_admin\" rel=\"author\">wp_admin<\/a><\/span><\/span><span class=\"updated rich-snippet-hidden\">2024-06-03T11:32:29+02:00<\/span>\n\n<div  class=\"fusion-masonry-element-container fusion-image-wrapper\" style=\"background-image:url(https:\/\/www.smarttravelers.de\/wp-content\/uploads\/2020\/03\/Fotografiska2.jpg);padding-top:calc((100% + 20px) * 0.8 - 10px);\" aria-haspopup=\"true\">\n\t\n\t\n\t\n\t\t\n\t\t\t\t\t<img decoding=\"async\" width=\"1532\" height=\"1080\" src=\"https:\/\/www.smarttravelers.de\/wp-content\/uploads\/2020\/03\/Fotografiska2.jpg\" class=\"attachment-full size-full wp-post-image\" alt=\"Geb\u00e4ude des Fotografiska\" srcset=\"https:\/\/www.smarttravelers.de\/wp-content\/uploads\/2020\/03\/Fotografiska2-200x141.jpg 200w, https:\/\/www.smarttravelers.de\/wp-content\/uploads\/2020\/03\/Fotografiska2-400x282.jpg 400w, https:\/\/www.smarttravelers.de\/wp-content\/uploads\/2020\/03\/Fotografiska2-600x423.jpg 600w, https:\/\/www.smarttravelers.de\/wp-content\/uploads\/2020\/03\/Fotografiska2-800x564.jpg 800w, https:\/\/www.smarttravelers.de\/wp-content\/uploads\/2020\/03\/Fotografiska2-1200x846.jpg 1200w, https:\/\/www.smarttravelers.de\/wp-content\/uploads\/2020\/03\/Fotografiska2.jpg 1532w\" sizes=\"(min-width: 2200px) 100vw, (min-width: 284px) 356px, (min-width: 212px) 284px, (min-width: 140px) 212px, \" \/>\n\t\n\n\t\t<div class=\"fusion-rollover\">\n\t<div class=\"fusion-rollover-content\">\n\n\t\t\t\t\t\t\t\t\t\t\t\t\t\t<a class=\"fusion-rollover-link\" href=\"https:\/\/www.smarttravelers.de\/en\/sights\/schweden\/stockholm\/fotografiska\/\" target=\"_blank\">Fotografiska<\/a>\n\t\t\t\n\t\t\t\t\t\t\t\t\t\t\t\t\t\t\n\t\t\t\t\t\t\t\t\n\t\t\t\t\t\t\t\t\t\t\t\t\t<div class=\"fusion-rollover-sep\"><\/div>\n\t\t\t\t\n\t\t\t\t\t\t\t\t\t\t\t\t\t\t\t\t\t\t<a class=\"fusion-rollover-gallery\" href=\"https:\/\/www.smarttravelers.de\/wp-content\/uploads\/2020\/03\/Fotografiska2.jpg\" data-id=\"83591\" data-rel=\"iLightbox[gallery-rw-1]\" data-title=\"Fotografiska museet, Stockholm, Sweden.\" data-caption=\"Fotografiska museet, Stockholm, Sweden.\">\n\t\t\t\t\t\tGallery\t\t\t\t\t<\/a>\n\t\t\t\t\t\t\t\t\t\t\t\t\t\t\n\t\t\n\t\t\t\t\t\t\t\t\t\t\t\t<h4 class=\"fusion-rollover-title\">\n\t\t\t\t\t<a class=\"fusion-rollover-title-link\" href=\"https:\/\/www.smarttravelers.de\/en\/sights\/schweden\/stockholm\/fotografiska\/\" target=\"_blank\">\n\t\t\t\t\t\tFotografiska\t\t\t\t\t<\/a>\n\t\t\t\t<\/h4>\n\t\t\t\n\t\t\t\t\t\t\t\t\n\t\t\n\t\t\t\t\t\t<a class=\"fusion-link-wrapper\" href=\"https:\/\/www.smarttravelers.de\/en\/sights\/schweden\/stockholm\/fotografiska\/\" target=\"_blank\" aria-label=\"Fotografiska\"><\/a>\n\t<\/div>\n<\/div>\n\n\t\n<\/div>\n<\/div><\/article><article id=\"portfolio-1-post-83810\" class=\"fusion-portfolio-post alle-in-stockholm-en districts highlights-en fusion-col-spacing post-83810 fusion-element-grid\"><div class=\"fusion-portfolio-content-wrapper\" style=\"border:none;\"><span class=\"entry-title rich-snippet-hidden\">Gamla stan<\/span><span class=\"vcard rich-snippet-hidden\"><span class=\"fn\"><a href=\"https:\/\/www.smarttravelers.de\/en\/author\/wp_admin\/\" title=\"Posts by wp_admin\" rel=\"author\">wp_admin<\/a><\/span><\/span><span class=\"updated rich-snippet-hidden\">2024-06-04T14:35:58+02:00<\/span>\n\n<div  class=\"fusion-masonry-element-container fusion-image-wrapper\" style=\"background-image:url(https:\/\/www.smarttravelers.de\/wp-content\/uploads\/2020\/03\/Gamla-Stan1.jpg);padding-top:calc((100% + 20px) * 0.8 - 10px);\" aria-haspopup=\"true\">\n\t\n\t\n\t\n\t\t\n\t\t\t\t\t<img decoding=\"async\" width=\"1618\" height=\"1080\" src=\"https:\/\/www.smarttravelers.de\/wp-content\/uploads\/2020\/03\/Gamla-Stan1.jpg\" class=\"attachment-full size-full wp-post-image\" alt=\"Luftbild der Gamla stan\" srcset=\"https:\/\/www.smarttravelers.de\/wp-content\/uploads\/2020\/03\/Gamla-Stan1-200x133.jpg 200w, https:\/\/www.smarttravelers.de\/wp-content\/uploads\/2020\/03\/Gamla-Stan1-400x267.jpg 400w, https:\/\/www.smarttravelers.de\/wp-content\/uploads\/2020\/03\/Gamla-Stan1-600x400.jpg 600w, https:\/\/www.smarttravelers.de\/wp-content\/uploads\/2020\/03\/Gamla-Stan1-800x534.jpg 800w, https:\/\/www.smarttravelers.de\/wp-content\/uploads\/2020\/03\/Gamla-Stan1-1200x801.jpg 1200w, https:\/\/www.smarttravelers.de\/wp-content\/uploads\/2020\/03\/Gamla-Stan1.jpg 1618w\" sizes=\"(min-width: 2200px) 100vw, (min-width: 284px) 356px, (min-width: 212px) 284px, (min-width: 140px) 212px, \" \/>\n\t\n\n\t\t<div class=\"fusion-rollover\">\n\t<div class=\"fusion-rollover-content\">\n\n\t\t\t\t\t\t\t\t\t\t\t\t\t\t<a class=\"fusion-rollover-link\" href=\"https:\/\/www.smarttravelers.de\/en\/sights\/schweden\/stockholm\/gamla-stan\/\" target=\"_blank\">Gamla stan<\/a>\n\t\t\t\n\t\t\t\t\t\t\t\t\t\t\t\t\t\t\n\t\t\t\t\t\t\t\t\n\t\t\t\t\t\t\t\t\t\t\t\t\t<div class=\"fusion-rollover-sep\"><\/div>\n\t\t\t\t\n\t\t\t\t\t\t\t\t\t\t\t\t\t\t\t\t\t\t<a class=\"fusion-rollover-gallery\" href=\"https:\/\/www.smarttravelers.de\/wp-content\/uploads\/2020\/03\/Gamla-Stan1.jpg\" data-id=\"83810\" data-rel=\"iLightbox[gallery-rw-1]\" data-title=\"Gamla Stan1\" data-caption=\"\">\n\t\t\t\t\t\tGallery\t\t\t\t\t<\/a>\n\t\t\t\t\t\t\t\t\t\t\t\t\t\t\n\t\t\n\t\t\t\t\t\t\t\t\t\t\t\t<h4 class=\"fusion-rollover-title\">\n\t\t\t\t\t<a class=\"fusion-rollover-title-link\" href=\"https:\/\/www.smarttravelers.de\/en\/sights\/schweden\/stockholm\/gamla-stan\/\" target=\"_blank\">\n\t\t\t\t\t\tGamla stan\t\t\t\t\t<\/a>\n\t\t\t\t<\/h4>\n\t\t\t\n\t\t\t\t\t\t\t\t\n\t\t\n\t\t\t\t\t\t<a class=\"fusion-link-wrapper\" href=\"https:\/\/www.smarttravelers.de\/en\/sights\/schweden\/stockholm\/gamla-stan\/\" target=\"_blank\" aria-label=\"Gamla stan\"><\/a>\n\t<\/div>\n<\/div>\n\n\t\n<\/div>\n<\/div><\/article><article id=\"portfolio-1-post-83797\" class=\"fusion-portfolio-post alle-in-stockholm-en churches-monasteries fusion-col-spacing post-83797 fusion-element-grid\"><div class=\"fusion-portfolio-content-wrapper\" style=\"border:none;\"><span class=\"entry-title rich-snippet-hidden\">German Church<\/span><span class=\"vcard rich-snippet-hidden\"><span class=\"fn\"><a href=\"https:\/\/www.smarttravelers.de\/en\/author\/wp_admin\/\" title=\"Posts by wp_admin\" rel=\"author\">wp_admin<\/a><\/span><\/span><span class=\"updated rich-snippet-hidden\">2024-06-04T14:26:12+02:00<\/span>\n\n<div  class=\"fusion-masonry-element-container fusion-image-wrapper\" style=\"background-image:url(https:\/\/www.smarttravelers.de\/wp-content\/uploads\/2020\/03\/Tyska-kyrkan2.jpg);padding-top:calc((100% + 20px) * 0.8 - 10px);\" aria-haspopup=\"true\">\n\t\n\t\n\t\n\t\t\n\t\t\t\t\t<img decoding=\"async\" width=\"1623\" height=\"1080\" src=\"https:\/\/www.smarttravelers.de\/wp-content\/uploads\/2020\/03\/Tyska-kyrkan2.jpg\" class=\"attachment-full size-full wp-post-image\" alt=\"Luftbild der Tyska kyrkan\" srcset=\"https:\/\/www.smarttravelers.de\/wp-content\/uploads\/2020\/03\/Tyska-kyrkan2-200x133.jpg 200w, https:\/\/www.smarttravelers.de\/wp-content\/uploads\/2020\/03\/Tyska-kyrkan2-400x266.jpg 400w, https:\/\/www.smarttravelers.de\/wp-content\/uploads\/2020\/03\/Tyska-kyrkan2-600x399.jpg 600w, https:\/\/www.smarttravelers.de\/wp-content\/uploads\/2020\/03\/Tyska-kyrkan2-800x532.jpg 800w, https:\/\/www.smarttravelers.de\/wp-content\/uploads\/2020\/03\/Tyska-kyrkan2-1200x799.jpg 1200w, https:\/\/www.smarttravelers.de\/wp-content\/uploads\/2020\/03\/Tyska-kyrkan2.jpg 1623w\" sizes=\"(min-width: 2200px) 100vw, (min-width: 284px) 356px, (min-width: 212px) 284px, (min-width: 140px) 212px, \" \/>\n\t\n\n\t\t<div class=\"fusion-rollover\">\n\t<div class=\"fusion-rollover-content\">\n\n\t\t\t\t\t\t\t\t\t\t\t\t\t\t<a class=\"fusion-rollover-link\" href=\"https:\/\/www.smarttravelers.de\/en\/sights\/schweden\/stockholm\/tyska-kyrkan\/\" target=\"_blank\">German Church<\/a>\n\t\t\t\n\t\t\t\t\t\t\t\t\t\t\t\t\t\t\n\t\t\t\t\t\t\t\t\n\t\t\t\t\t\t\t\t\t\t\t\t\t<div class=\"fusion-rollover-sep\"><\/div>\n\t\t\t\t\n\t\t\t\t\t\t\t\t\t\t\t\t\t\t\t\t\t\t<a class=\"fusion-rollover-gallery\" href=\"https:\/\/www.smarttravelers.de\/wp-content\/uploads\/2020\/03\/Tyska-kyrkan2.jpg\" data-id=\"83797\" data-rel=\"iLightbox[gallery-rw-1]\" data-title=\"Tyska kyrkan2\" data-caption=\"\">\n\t\t\t\t\t\tGallery\t\t\t\t\t<\/a>\n\t\t\t\t\t\t\t\t\t\t\t\t\t\t\n\t\t\n\t\t\t\t\t\t\t\t\t\t\t\t<h4 class=\"fusion-rollover-title\">\n\t\t\t\t\t<a class=\"fusion-rollover-title-link\" href=\"https:\/\/www.smarttravelers.de\/en\/sights\/schweden\/stockholm\/tyska-kyrkan\/\" target=\"_blank\">\n\t\t\t\t\t\tGerman Church\t\t\t\t\t<\/a>\n\t\t\t\t<\/h4>\n\t\t\t\n\t\t\t\t\t\t\t\t\n\t\t\n\t\t\t\t\t\t<a class=\"fusion-link-wrapper\" href=\"https:\/\/www.smarttravelers.de\/en\/sights\/schweden\/stockholm\/tyska-kyrkan\/\" target=\"_blank\" aria-label=\"German Church\"><\/a>\n\t<\/div>\n<\/div>\n\n\t\n<\/div>\n<\/div><\/article><article id=\"portfolio-1-post-83580\" class=\"fusion-portfolio-post alle-in-stockholm-en highlights-en theme-amusement-parks fusion-col-spacing post-83580 fusion-element-grid\"><div class=\"fusion-portfolio-content-wrapper\" style=\"border:none;\"><span class=\"entry-title rich-snippet-hidden\">Gr\u00f6na Lund<\/span><span class=\"vcard rich-snippet-hidden\"><span class=\"fn\"><a href=\"https:\/\/www.smarttravelers.de\/en\/author\/wp_admin\/\" title=\"Posts by wp_admin\" rel=\"author\">wp_admin<\/a><\/span><\/span><span class=\"updated rich-snippet-hidden\">2024-06-03T11:30:35+02:00<\/span>\n\n<div  class=\"fusion-masonry-element-container fusion-image-wrapper\" style=\"background-image:url(https:\/\/www.smarttravelers.de\/wp-content\/uploads\/2020\/03\/Gr\u00f6ne-Lund2.jpg);padding-top:calc((100% + 20px) * 0.8 - 10px);\" aria-haspopup=\"true\">\n\t\n\t\n\t\n\t\t\n\t\t\t\t\t<img decoding=\"async\" width=\"1526\" height=\"1080\" src=\"https:\/\/www.smarttravelers.de\/wp-content\/uploads\/2020\/03\/Gr\u00f6ne-Lund2.jpg\" class=\"attachment-full size-full wp-post-image\" alt=\"Blick auf Gr\u00f6na Lund vom Wasser\" srcset=\"https:\/\/www.smarttravelers.de\/wp-content\/uploads\/2020\/03\/Gr\u00f6ne-Lund2-200x142.jpg 200w, https:\/\/www.smarttravelers.de\/wp-content\/uploads\/2020\/03\/Gr\u00f6ne-Lund2-400x283.jpg 400w, https:\/\/www.smarttravelers.de\/wp-content\/uploads\/2020\/03\/Gr\u00f6ne-Lund2-600x425.jpg 600w, https:\/\/www.smarttravelers.de\/wp-content\/uploads\/2020\/03\/Gr\u00f6ne-Lund2-800x566.jpg 800w, https:\/\/www.smarttravelers.de\/wp-content\/uploads\/2020\/03\/Gr\u00f6ne-Lund2-1200x849.jpg 1200w, https:\/\/www.smarttravelers.de\/wp-content\/uploads\/2020\/03\/Gr\u00f6ne-Lund2.jpg 1526w\" sizes=\"(min-width: 2200px) 100vw, (min-width: 284px) 356px, (min-width: 212px) 284px, (min-width: 140px) 212px, \" \/>\n\t\n\n\t\t<div class=\"fusion-rollover\">\n\t<div class=\"fusion-rollover-content\">\n\n\t\t\t\t\t\t\t\t\t\t\t\t\t\t<a class=\"fusion-rollover-link\" href=\"https:\/\/www.smarttravelers.de\/en\/sights\/schweden\/stockholm\/groena-lund\/\" target=\"_blank\">Gr\u00f6na Lund<\/a>\n\t\t\t\n\t\t\t\t\t\t\t\t\t\t\t\t\t\t\n\t\t\t\t\t\t\t\t\n\t\t\t\t\t\t\t\t\t\t\t\t\t<div class=\"fusion-rollover-sep\"><\/div>\n\t\t\t\t\n\t\t\t\t\t\t\t\t\t\t\t\t\t\t\t\t\t\t<a class=\"fusion-rollover-gallery\" href=\"https:\/\/www.smarttravelers.de\/wp-content\/uploads\/2020\/03\/Gr\u00f6ne-Lund2.jpg\" data-id=\"83580\" data-rel=\"iLightbox[gallery-rw-1]\" data-title=\"Gr\u00f6ne Lund2\" data-caption=\"\">\n\t\t\t\t\t\tGallery\t\t\t\t\t<\/a>\n\t\t\t\t\t\t\t\t\t\t\t\t\t\t\n\t\t\n\t\t\t\t\t\t\t\t\t\t\t\t<h4 class=\"fusion-rollover-title\">\n\t\t\t\t\t<a class=\"fusion-rollover-title-link\" href=\"https:\/\/www.smarttravelers.de\/en\/sights\/schweden\/stockholm\/groena-lund\/\" target=\"_blank\">\n\t\t\t\t\t\tGr\u00f6na Lund\t\t\t\t\t<\/a>\n\t\t\t\t<\/h4>\n\t\t\t\n\t\t\t\t\t\t\t\t\n\t\t\n\t\t\t\t\t\t<a class=\"fusion-link-wrapper\" href=\"https:\/\/www.smarttravelers.de\/en\/sights\/schweden\/stockholm\/groena-lund\/\" target=\"_blank\" aria-label=\"Gr\u00f6na Lund\"><\/a>\n\t<\/div>\n<\/div>\n\n\t\n<\/div>\n<\/div><\/article><article id=\"portfolio-1-post-83610\" class=\"fusion-portfolio-post alle-in-stockholm-en gardens-parks fusion-col-spacing post-83610 fusion-element-grid\"><div class=\"fusion-portfolio-content-wrapper\" style=\"border:none;\"><span class=\"entry-title rich-snippet-hidden\">Hagaparken<\/span><span class=\"vcard rich-snippet-hidden\"><span class=\"fn\"><a href=\"https:\/\/www.smarttravelers.de\/en\/author\/wp_admin\/\" title=\"Posts by wp_admin\" rel=\"author\">wp_admin<\/a><\/span><\/span><span class=\"updated rich-snippet-hidden\">2024-06-03T11:50:10+02:00<\/span>\n\n<div  class=\"fusion-masonry-element-container fusion-image-wrapper\" style=\"background-image:url(https:\/\/www.smarttravelers.de\/wp-content\/uploads\/2020\/03\/Hagapark2.jpg);padding-top:calc((100% + 20px) * 0.8 - 10px);\" aria-haspopup=\"true\">\n\t\n\t\n\t\n\t\t\n\t\t\t\t\t<img decoding=\"async\" width=\"1643\" height=\"1080\" src=\"https:\/\/www.smarttravelers.de\/wp-content\/uploads\/2020\/03\/Hagapark2.jpg\" class=\"attachment-full size-full wp-post-image\" alt=\"Wiese im Hagapark\" srcset=\"https:\/\/www.smarttravelers.de\/wp-content\/uploads\/2020\/03\/Hagapark2-200x131.jpg 200w, https:\/\/www.smarttravelers.de\/wp-content\/uploads\/2020\/03\/Hagapark2-400x263.jpg 400w, https:\/\/www.smarttravelers.de\/wp-content\/uploads\/2020\/03\/Hagapark2-600x394.jpg 600w, https:\/\/www.smarttravelers.de\/wp-content\/uploads\/2020\/03\/Hagapark2-800x526.jpg 800w, https:\/\/www.smarttravelers.de\/wp-content\/uploads\/2020\/03\/Hagapark2-1200x789.jpg 1200w, https:\/\/www.smarttravelers.de\/wp-content\/uploads\/2020\/03\/Hagapark2.jpg 1643w\" sizes=\"(min-width: 2200px) 100vw, (min-width: 284px) 356px, (min-width: 212px) 284px, (min-width: 140px) 212px, \" \/>\n\t\n\n\t\t<div class=\"fusion-rollover\">\n\t<div class=\"fusion-rollover-content\">\n\n\t\t\t\t\t\t\t\t\t\t\t\t\t\t<a class=\"fusion-rollover-link\" href=\"https:\/\/www.smarttravelers.de\/en\/sights\/schweden\/stockholm\/hagapark\/\" target=\"_blank\">Hagaparken<\/a>\n\t\t\t\n\t\t\t\t\t\t\t\t\t\t\t\t\t\t\n\t\t\t\t\t\t\t\t\n\t\t\t\t\t\t\t\t\t\t\t\t\t<div class=\"fusion-rollover-sep\"><\/div>\n\t\t\t\t\n\t\t\t\t\t\t\t\t\t\t\t\t\t\t\t\t\t\t<a class=\"fusion-rollover-gallery\" href=\"https:\/\/www.smarttravelers.de\/wp-content\/uploads\/2020\/03\/Hagapark2.jpg\" data-id=\"83610\" data-rel=\"iLightbox[gallery-rw-1]\" data-title=\"Hagapark2\" data-caption=\"\">\n\t\t\t\t\t\tGallery\t\t\t\t\t<\/a>\n\t\t\t\t\t\t\t\t\t\t\t\t\t\t\n\t\t\n\t\t\t\t\t\t\t\t\t\t\t\t<h4 class=\"fusion-rollover-title\">\n\t\t\t\t\t<a class=\"fusion-rollover-title-link\" href=\"https:\/\/www.smarttravelers.de\/en\/sights\/schweden\/stockholm\/hagapark\/\" target=\"_blank\">\n\t\t\t\t\t\tHagaparken\t\t\t\t\t<\/a>\n\t\t\t\t<\/h4>\n\t\t\t\n\t\t\t\t\t\t\t\t\n\t\t\n\t\t\t\t\t\t<a class=\"fusion-link-wrapper\" href=\"https:\/\/www.smarttravelers.de\/en\/sights\/schweden\/stockholm\/hagapark\/\" target=\"_blank\" aria-label=\"Hagaparken\"><\/a>\n\t<\/div>\n<\/div>\n\n\t\n<\/div>\n<\/div><\/article><article id=\"portfolio-1-post-83627\" class=\"fusion-portfolio-post alle-in-stockholm-en museums-galleries fusion-col-spacing post-83627 fusion-element-grid\"><div class=\"fusion-portfolio-content-wrapper\" style=\"border:none;\"><span class=\"entry-title rich-snippet-hidden\">Hallwyl Museum<\/span><span class=\"vcard rich-snippet-hidden\"><span class=\"fn\"><a href=\"https:\/\/www.smarttravelers.de\/en\/author\/wp_admin\/\" title=\"Posts by wp_admin\" rel=\"author\">wp_admin<\/a><\/span><\/span><span class=\"updated rich-snippet-hidden\">2024-06-03T11:57:23+02:00<\/span>\n\n<div  class=\"fusion-masonry-element-container fusion-image-wrapper\" style=\"background-image:url(https:\/\/www.smarttravelers.de\/wp-content\/uploads\/2020\/03\/Hallwyl-Museum1.jpg);padding-top:calc((100% + 20px) * 0.8 - 10px);\" aria-haspopup=\"true\">\n\t\n\t\n\t\n\t\t\n\t\t\t\t\t<img decoding=\"async\" width=\"1620\" height=\"1080\" src=\"https:\/\/www.smarttravelers.de\/wp-content\/uploads\/2020\/03\/Hallwyl-Museum1.jpg\" class=\"attachment-full size-full wp-post-image\" alt=\"Hallwyl Museum Raum\" srcset=\"https:\/\/www.smarttravelers.de\/wp-content\/uploads\/2020\/03\/Hallwyl-Museum1-200x133.jpg 200w, https:\/\/www.smarttravelers.de\/wp-content\/uploads\/2020\/03\/Hallwyl-Museum1-400x267.jpg 400w, https:\/\/www.smarttravelers.de\/wp-content\/uploads\/2020\/03\/Hallwyl-Museum1-600x400.jpg 600w, https:\/\/www.smarttravelers.de\/wp-content\/uploads\/2020\/03\/Hallwyl-Museum1-800x533.jpg 800w, https:\/\/www.smarttravelers.de\/wp-content\/uploads\/2020\/03\/Hallwyl-Museum1-1200x800.jpg 1200w, https:\/\/www.smarttravelers.de\/wp-content\/uploads\/2020\/03\/Hallwyl-Museum1.jpg 1620w\" sizes=\"(min-width: 2200px) 100vw, (min-width: 284px) 356px, (min-width: 212px) 284px, (min-width: 140px) 212px, \" \/>\n\t\n\n\t\t<div class=\"fusion-rollover\">\n\t<div class=\"fusion-rollover-content\">\n\n\t\t\t\t\t\t\t\t\t\t\t\t\t\t<a class=\"fusion-rollover-link\" href=\"https:\/\/www.smarttravelers.de\/en\/sights\/schweden\/stockholm\/hallwyl-museum\/\" target=\"_blank\">Hallwyl Museum<\/a>\n\t\t\t\n\t\t\t\t\t\t\t\t\t\t\t\t\t\t\n\t\t\t\t\t\t\t\t\n\t\t\t\t\t\t\t\t\t\t\t\t\t<div class=\"fusion-rollover-sep\"><\/div>\n\t\t\t\t\n\t\t\t\t\t\t\t\t\t\t\t\t\t\t\t\t\t\t<a class=\"fusion-rollover-gallery\" href=\"https:\/\/www.smarttravelers.de\/wp-content\/uploads\/2020\/03\/Hallwyl-Museum1.jpg\" data-id=\"83627\" data-rel=\"iLightbox[gallery-rw-1]\" data-title=\"Hallwyl Museum1\" data-caption=\"\">\n\t\t\t\t\t\tGallery\t\t\t\t\t<\/a>\n\t\t\t\t\t\t\t\t\t\t\t\t\t\t\n\t\t\n\t\t\t\t\t\t\t\t\t\t\t\t<h4 class=\"fusion-rollover-title\">\n\t\t\t\t\t<a class=\"fusion-rollover-title-link\" href=\"https:\/\/www.smarttravelers.de\/en\/sights\/schweden\/stockholm\/hallwyl-museum\/\" target=\"_blank\">\n\t\t\t\t\t\tHallwyl Museum\t\t\t\t\t<\/a>\n\t\t\t\t<\/h4>\n\t\t\t\n\t\t\t\t\t\t\t\t\n\t\t\n\t\t\t\t\t\t<a class=\"fusion-link-wrapper\" href=\"https:\/\/www.smarttravelers.de\/en\/sights\/schweden\/stockholm\/hallwyl-museum\/\" target=\"_blank\" aria-label=\"Hallwyl Museum\"><\/a>\n\t<\/div>\n<\/div>\n\n\t\n<\/div>\n<\/div><\/article><article id=\"portfolio-1-post-83650\" class=\"fusion-portfolio-post alle-in-stockholm-en other-sights theater-opera-houses fusion-col-spacing post-83650 fusion-element-grid\"><div class=\"fusion-portfolio-content-wrapper\" style=\"border:none;\"><span class=\"entry-title rich-snippet-hidden\">House of Culture<\/span><span class=\"vcard rich-snippet-hidden\"><span class=\"fn\"><a href=\"https:\/\/www.smarttravelers.de\/en\/author\/wp_admin\/\" title=\"Posts by wp_admin\" rel=\"author\">wp_admin<\/a><\/span><\/span><span class=\"updated rich-snippet-hidden\">2024-06-03T12:20:13+02:00<\/span>\n\n<div  class=\"fusion-masonry-element-container fusion-image-wrapper\" style=\"background-image:url(https:\/\/www.smarttravelers.de\/wp-content\/uploads\/2020\/03\/Kulturhuset2.jpg);padding-top:calc((100% + 20px) * 0.8 - 10px);\" aria-haspopup=\"true\">\n\t\n\t\n\t\n\t\t\n\t\t\t\t\t<img decoding=\"async\" width=\"1631\" height=\"1080\" src=\"https:\/\/www.smarttravelers.de\/wp-content\/uploads\/2020\/03\/Kulturhuset2.jpg\" class=\"attachment-full size-full wp-post-image\" alt=\"Au\u00dfenansicht Kulturhuset\" srcset=\"https:\/\/www.smarttravelers.de\/wp-content\/uploads\/2020\/03\/Kulturhuset2-200x132.jpg 200w, https:\/\/www.smarttravelers.de\/wp-content\/uploads\/2020\/03\/Kulturhuset2-400x265.jpg 400w, https:\/\/www.smarttravelers.de\/wp-content\/uploads\/2020\/03\/Kulturhuset2-600x397.jpg 600w, https:\/\/www.smarttravelers.de\/wp-content\/uploads\/2020\/03\/Kulturhuset2-800x530.jpg 800w, https:\/\/www.smarttravelers.de\/wp-content\/uploads\/2020\/03\/Kulturhuset2-1200x795.jpg 1200w, https:\/\/www.smarttravelers.de\/wp-content\/uploads\/2020\/03\/Kulturhuset2.jpg 1631w\" sizes=\"(min-width: 2200px) 100vw, (min-width: 284px) 356px, (min-width: 212px) 284px, (min-width: 140px) 212px, \" \/>\n\t\n\n\t\t<div class=\"fusion-rollover\">\n\t<div class=\"fusion-rollover-content\">\n\n\t\t\t\t\t\t\t\t\t\t\t\t\t\t<a class=\"fusion-rollover-link\" href=\"https:\/\/www.smarttravelers.de\/en\/sights\/schweden\/stockholm\/kulturhuset\/\" target=\"_blank\">House of Culture<\/a>\n\t\t\t\n\t\t\t\t\t\t\t\t\t\t\t\t\t\t\n\t\t\t\t\t\t\t\t\n\t\t\t\t\t\t\t\t\t\t\t\t\t<div class=\"fusion-rollover-sep\"><\/div>\n\t\t\t\t\n\t\t\t\t\t\t\t\t\t\t\t\t\t\t\t\t\t\t<a class=\"fusion-rollover-gallery\" href=\"https:\/\/www.smarttravelers.de\/wp-content\/uploads\/2020\/03\/Kulturhuset2.jpg\" data-id=\"83650\" data-rel=\"iLightbox[gallery-rw-1]\" data-title=\"Kulturhuset2\" data-caption=\"\">\n\t\t\t\t\t\tGallery\t\t\t\t\t<\/a>\n\t\t\t\t\t\t\t\t\t\t\t\t\t\t\n\t\t\n\t\t\t\t\t\t\t\t\t\t\t\t<h4 class=\"fusion-rollover-title\">\n\t\t\t\t\t<a class=\"fusion-rollover-title-link\" href=\"https:\/\/www.smarttravelers.de\/en\/sights\/schweden\/stockholm\/kulturhuset\/\" target=\"_blank\">\n\t\t\t\t\t\tHouse of Culture\t\t\t\t\t<\/a>\n\t\t\t\t<\/h4>\n\t\t\t\n\t\t\t\t\t\t\t\t\n\t\t\n\t\t\t\t\t\t<a class=\"fusion-link-wrapper\" href=\"https:\/\/www.smarttravelers.de\/en\/sights\/schweden\/stockholm\/kulturhuset\/\" target=\"_blank\" aria-label=\"House of Culture\"><\/a>\n\t<\/div>\n<\/div>\n\n\t\n<\/div>\n<\/div><\/article><article id=\"portfolio-1-post-61540\" class=\"fusion-portfolio-post all-in-lisbon churches-monasteries fusion-col-spacing post-61540 fusion-element-grid\"><div class=\"fusion-portfolio-content-wrapper\" style=\"border:none;\"><span class=\"entry-title rich-snippet-hidden\">Igreja de Santa Engr\u00e1cia<\/span><span class=\"vcard rich-snippet-hidden\"><span class=\"fn\"><a href=\"https:\/\/www.smarttravelers.de\/en\/author\/wp_admin\/\" title=\"Posts by wp_admin\" rel=\"author\">wp_admin<\/a><\/span><\/span><span class=\"updated rich-snippet-hidden\">2024-09-04T23:57:16+02:00<\/span>\n\n<div  class=\"fusion-masonry-element-container fusion-image-wrapper\" style=\"background-image:url(https:\/\/www.smarttravelers.de\/wp-content\/uploads\/2019\/01\/Igreja-de-Santa-Engr\u00e1cia3.jpg);padding-top:calc((100% + 20px) * 0.8 - 10px);\" aria-haspopup=\"true\">\n\t\n\t\n\t\n\t\t\n\t\t\t\t\t<img decoding=\"async\" width=\"1200\" height=\"900\" src=\"https:\/\/www.smarttravelers.de\/wp-content\/uploads\/2019\/01\/Igreja-de-Santa-Engr\u00e1cia3.jpg\" class=\"attachment-full size-full wp-post-image\" alt=\"Die Igreja de Santa Engr\u00e1cia mit dem Tejo im Hintergrund\" srcset=\"https:\/\/www.smarttravelers.de\/wp-content\/uploads\/2019\/01\/Igreja-de-Santa-Engr\u00e1cia3-200x150.jpg 200w, https:\/\/www.smarttravelers.de\/wp-content\/uploads\/2019\/01\/Igreja-de-Santa-Engr\u00e1cia3-400x300.jpg 400w, https:\/\/www.smarttravelers.de\/wp-content\/uploads\/2019\/01\/Igreja-de-Santa-Engr\u00e1cia3-600x450.jpg 600w, https:\/\/www.smarttravelers.de\/wp-content\/uploads\/2019\/01\/Igreja-de-Santa-Engr\u00e1cia3-800x600.jpg 800w, https:\/\/www.smarttravelers.de\/wp-content\/uploads\/2019\/01\/Igreja-de-Santa-Engr\u00e1cia3.jpg 1200w\" sizes=\"(min-width: 2200px) 100vw, (min-width: 284px) 356px, (min-width: 212px) 284px, (min-width: 140px) 212px, \" \/>\n\t\n\n\t\t<div class=\"fusion-rollover\">\n\t<div class=\"fusion-rollover-content\">\n\n\t\t\t\t\t\t\t\t\t\t\t\t\t\t<a class=\"fusion-rollover-link\" href=\"https:\/\/www.smarttravelers.de\/en\/sights\/portugal\/lisbon\/igreja-de-santa-engracia\/\" target=\"_blank\">Igreja de Santa Engr\u00e1cia<\/a>\n\t\t\t\n\t\t\t\t\t\t\t\t\t\t\t\t\t\t\n\t\t\t\t\t\t\t\t\n\t\t\t\t\t\t\t\t\t\t\t\t\t<div class=\"fusion-rollover-sep\"><\/div>\n\t\t\t\t\n\t\t\t\t\t\t\t\t\t\t\t\t\t\t\t\t\t\t<a class=\"fusion-rollover-gallery\" href=\"https:\/\/www.smarttravelers.de\/wp-content\/uploads\/2019\/01\/Igreja-de-Santa-Engr\u00e1cia3.jpg\" data-id=\"61540\" data-rel=\"iLightbox[gallery-rw-1]\" data-title=\"Igreja de Santa Engr\u00e1cia3\" data-caption=\"\">\n\t\t\t\t\t\tGallery\t\t\t\t\t<\/a>\n\t\t\t\t\t\t\t\t\t\t\t\t\t\t\n\t\t\n\t\t\t\t\t\t\t\t\t\t\t\t<h4 class=\"fusion-rollover-title\">\n\t\t\t\t\t<a class=\"fusion-rollover-title-link\" href=\"https:\/\/www.smarttravelers.de\/en\/sights\/portugal\/lisbon\/igreja-de-santa-engracia\/\" target=\"_blank\">\n\t\t\t\t\t\tIgreja de Santa Engr\u00e1cia\t\t\t\t\t<\/a>\n\t\t\t\t<\/h4>\n\t\t\t\n\t\t\t\t\t\t\t\t\n\t\t\n\t\t\t\t\t\t<a class=\"fusion-link-wrapper\" href=\"https:\/\/www.smarttravelers.de\/en\/sights\/portugal\/lisbon\/igreja-de-santa-engracia\/\" target=\"_blank\" aria-label=\"Igreja de Santa Engr\u00e1cia\"><\/a>\n\t<\/div>\n<\/div>\n\n\t\n<\/div>\n<\/div><\/article><article id=\"portfolio-1-post-61536\" class=\"fusion-portfolio-post all-in-lisbon churches-monasteries fusion-col-spacing post-61536 fusion-element-grid\"><div class=\"fusion-portfolio-content-wrapper\" style=\"border:none;\"><span class=\"entry-title rich-snippet-hidden\">Igreja de S\u00e3o Roque<\/span><span class=\"vcard rich-snippet-hidden\"><span class=\"fn\"><a href=\"https:\/\/www.smarttravelers.de\/en\/author\/wp_admin\/\" title=\"Posts by wp_admin\" rel=\"author\">wp_admin<\/a><\/span><\/span><span class=\"updated rich-snippet-hidden\">2024-09-04T23:53:20+02:00<\/span>\n\n<div  class=\"fusion-masonry-element-container fusion-image-wrapper\" style=\"background-image:url(https:\/\/www.smarttravelers.de\/wp-content\/uploads\/2019\/01\/Igreja-de-S\u00e3o-Roque2.jpg);padding-top:calc((100% + 20px) * 0.8 - 10px);\" aria-haspopup=\"true\">\n\t\n\t\n\t\n\t\t\n\t\t\t\t\t<img decoding=\"async\" width=\"1200\" height=\"800\" src=\"https:\/\/www.smarttravelers.de\/wp-content\/uploads\/2019\/01\/Igreja-de-S\u00e3o-Roque2.jpg\" class=\"attachment-full size-full wp-post-image\" alt=\"Altar und Kapellen in der Igreja de S\u00e3o Roque\" srcset=\"https:\/\/www.smarttravelers.de\/wp-content\/uploads\/2019\/01\/Igreja-de-S\u00e3o-Roque2-200x133.jpg 200w, https:\/\/www.smarttravelers.de\/wp-content\/uploads\/2019\/01\/Igreja-de-S\u00e3o-Roque2-400x267.jpg 400w, https:\/\/www.smarttravelers.de\/wp-content\/uploads\/2019\/01\/Igreja-de-S\u00e3o-Roque2-600x400.jpg 600w, https:\/\/www.smarttravelers.de\/wp-content\/uploads\/2019\/01\/Igreja-de-S\u00e3o-Roque2-800x533.jpg 800w, https:\/\/www.smarttravelers.de\/wp-content\/uploads\/2019\/01\/Igreja-de-S\u00e3o-Roque2.jpg 1200w\" sizes=\"(min-width: 2200px) 100vw, (min-width: 284px) 356px, (min-width: 212px) 284px, (min-width: 140px) 212px, \" \/>\n\t\n\n\t\t<div class=\"fusion-rollover\">\n\t<div class=\"fusion-rollover-content\">\n\n\t\t\t\t\t\t\t\t\t\t\t\t\t\t<a class=\"fusion-rollover-link\" href=\"https:\/\/www.smarttravelers.de\/en\/sights\/portugal\/lisbon\/igreja-de-sao-roque\/\" target=\"_blank\">Igreja de S\u00e3o Roque<\/a>\n\t\t\t\n\t\t\t\t\t\t\t\t\t\t\t\t\t\t\n\t\t\t\t\t\t\t\t\n\t\t\t\t\t\t\t\t\t\t\t\t\t<div class=\"fusion-rollover-sep\"><\/div>\n\t\t\t\t\n\t\t\t\t\t\t\t\t\t\t\t\t\t\t\t\t\t\t<a class=\"fusion-rollover-gallery\" href=\"https:\/\/www.smarttravelers.de\/wp-content\/uploads\/2019\/01\/Igreja-de-S\u00e3o-Roque2.jpg\" data-id=\"61536\" data-rel=\"iLightbox[gallery-rw-1]\" data-title=\"Igreja de S\u00e3o Roque2\" data-caption=\"\">\n\t\t\t\t\t\tGallery\t\t\t\t\t<\/a>\n\t\t\t\t\t\t\t\t\t\t\t\t\t\t\n\t\t\n\t\t\t\t\t\t\t\t\t\t\t\t<h4 class=\"fusion-rollover-title\">\n\t\t\t\t\t<a class=\"fusion-rollover-title-link\" href=\"https:\/\/www.smarttravelers.de\/en\/sights\/portugal\/lisbon\/igreja-de-sao-roque\/\" target=\"_blank\">\n\t\t\t\t\t\tIgreja de S\u00e3o Roque\t\t\t\t\t<\/a>\n\t\t\t\t<\/h4>\n\t\t\t\n\t\t\t\t\t\t\t\t\n\t\t\n\t\t\t\t\t\t<a class=\"fusion-link-wrapper\" href=\"https:\/\/www.smarttravelers.de\/en\/sights\/portugal\/lisbon\/igreja-de-sao-roque\/\" target=\"_blank\" aria-label=\"Igreja de S\u00e3o Roque\"><\/a>\n\t<\/div>\n<\/div>\n\n\t\n<\/div>\n<\/div><\/article><article id=\"portfolio-1-post-61510\" class=\"fusion-portfolio-post all-in-lisbon churches-monasteries highlights-en world-heritage-sites fusion-col-spacing post-61510 fusion-element-grid\"><div class=\"fusion-portfolio-content-wrapper\" style=\"border:none;\"><span class=\"entry-title rich-snippet-hidden\">Jer\u00f3nimos Monastery<\/span><span class=\"vcard rich-snippet-hidden\"><span class=\"fn\"><a href=\"https:\/\/www.smarttravelers.de\/en\/author\/wp_admin\/\" title=\"Posts by wp_admin\" rel=\"author\">wp_admin<\/a><\/span><\/span><span class=\"updated rich-snippet-hidden\">2024-09-03T16:53:53+02:00<\/span>\n\n<div  class=\"fusion-masonry-element-container fusion-image-wrapper\" style=\"background-image:url(https:\/\/www.smarttravelers.de\/wp-content\/uploads\/2019\/01\/Mosteiro-dos-Jer\u00f3nimos3.png);padding-top:calc((100% + 20px) * 0.8 - 10px);\" aria-haspopup=\"true\">\n\t\n\t\n\t\n\t\t\n\t\t\t\t\t<img decoding=\"async\" width=\"1200\" height=\"800\" src=\"https:\/\/www.smarttravelers.de\/wp-content\/uploads\/2019\/01\/Mosteiro-dos-Jer\u00f3nimos3.png\" class=\"attachment-full size-full wp-post-image\" alt=\"Die Hauptfassade des Mosteiro dos Jer\u00f3nimos\" srcset=\"https:\/\/www.smarttravelers.de\/wp-content\/uploads\/2019\/01\/Mosteiro-dos-Jer\u00f3nimos3-200x133.png 200w, https:\/\/www.smarttravelers.de\/wp-content\/uploads\/2019\/01\/Mosteiro-dos-Jer\u00f3nimos3-400x267.png 400w, https:\/\/www.smarttravelers.de\/wp-content\/uploads\/2019\/01\/Mosteiro-dos-Jer\u00f3nimos3-600x400.png 600w, https:\/\/www.smarttravelers.de\/wp-content\/uploads\/2019\/01\/Mosteiro-dos-Jer\u00f3nimos3-800x533.png 800w, https:\/\/www.smarttravelers.de\/wp-content\/uploads\/2019\/01\/Mosteiro-dos-Jer\u00f3nimos3.png 1200w\" sizes=\"(min-width: 2200px) 100vw, (min-width: 284px) 356px, (min-width: 212px) 284px, (min-width: 140px) 212px, \" \/>\n\t\n\n\t\t<div class=\"fusion-rollover\">\n\t<div class=\"fusion-rollover-content\">\n\n\t\t\t\t\t\t\t\t\t\t\t\t\t\t<a class=\"fusion-rollover-link\" href=\"https:\/\/www.smarttravelers.de\/en\/sights\/portugal\/lisbon\/jeronimos-monastery\/\" target=\"_blank\">Jer\u00f3nimos Monastery<\/a>\n\t\t\t\n\t\t\t\t\t\t\t\t\t\t\t\t\t\t\n\t\t\t\t\t\t\t\t\n\t\t\t\t\t\t\t\t\t\t\t\t\t<div class=\"fusion-rollover-sep\"><\/div>\n\t\t\t\t\n\t\t\t\t\t\t\t\t\t\t\t\t\t\t\t\t\t\t<a class=\"fusion-rollover-gallery\" href=\"https:\/\/www.smarttravelers.de\/wp-content\/uploads\/2019\/01\/Mosteiro-dos-Jer\u00f3nimos3.png\" data-id=\"61510\" data-rel=\"iLightbox[gallery-rw-1]\" data-title=\"Mosteiro dos Jer\u00f3nimos3\" data-caption=\"\">\n\t\t\t\t\t\tGallery\t\t\t\t\t<\/a>\n\t\t\t\t\t\t\t\t\t\t\t\t\t\t\n\t\t\n\t\t\t\t\t\t\t\t\t\t\t\t<h4 class=\"fusion-rollover-title\">\n\t\t\t\t\t<a class=\"fusion-rollover-title-link\" href=\"https:\/\/www.smarttravelers.de\/en\/sights\/portugal\/lisbon\/jeronimos-monastery\/\" target=\"_blank\">\n\t\t\t\t\t\tJer\u00f3nimos Monastery\t\t\t\t\t<\/a>\n\t\t\t\t<\/h4>\n\t\t\t\n\t\t\t\t\t\t\t\t\n\t\t\n\t\t\t\t\t\t<a class=\"fusion-link-wrapper\" href=\"https:\/\/www.smarttravelers.de\/en\/sights\/portugal\/lisbon\/jeronimos-monastery\/\" target=\"_blank\" aria-label=\"Jer\u00f3nimos Monastery\"><\/a>\n\t<\/div>\n<\/div>\n\n\t\n<\/div>\n<\/div><\/article><article id=\"portfolio-1-post-83619\" class=\"fusion-portfolio-post alle-in-stockholm-en theme-amusement-parks fusion-col-spacing post-83619 fusion-element-grid\"><div class=\"fusion-portfolio-content-wrapper\" style=\"border:none;\"><span class=\"entry-title rich-snippet-hidden\">Junibacken<\/span><span class=\"vcard rich-snippet-hidden\"><span class=\"fn\"><a href=\"https:\/\/www.smarttravelers.de\/en\/author\/wp_admin\/\" title=\"Posts by wp_admin\" rel=\"author\">wp_admin<\/a><\/span><\/span><span class=\"updated rich-snippet-hidden\">2024-06-03T11:53:41+02:00<\/span>\n\n<div  class=\"fusion-masonry-element-container fusion-image-wrapper\" style=\"background-image:url(https:\/\/www.smarttravelers.de\/wp-content\/uploads\/2020\/03\/Junibacken2.jpg);padding-top:calc((100% + 20px) * 0.8 - 10px);\" aria-haspopup=\"true\">\n\t\n\t\n\t\n\t\t\n\t\t\t\t\t<img decoding=\"async\" width=\"1620\" height=\"1080\" src=\"https:\/\/www.smarttravelers.de\/wp-content\/uploads\/2020\/03\/Junibacken2.jpg\" class=\"attachment-full size-full wp-post-image\" alt=\"Junibacken Haus\" srcset=\"https:\/\/www.smarttravelers.de\/wp-content\/uploads\/2020\/03\/Junibacken2-200x133.jpg 200w, https:\/\/www.smarttravelers.de\/wp-content\/uploads\/2020\/03\/Junibacken2-400x267.jpg 400w, https:\/\/www.smarttravelers.de\/wp-content\/uploads\/2020\/03\/Junibacken2-600x400.jpg 600w, https:\/\/www.smarttravelers.de\/wp-content\/uploads\/2020\/03\/Junibacken2-800x533.jpg 800w, https:\/\/www.smarttravelers.de\/wp-content\/uploads\/2020\/03\/Junibacken2-1200x800.jpg 1200w, https:\/\/www.smarttravelers.de\/wp-content\/uploads\/2020\/03\/Junibacken2.jpg 1620w\" sizes=\"(min-width: 2200px) 100vw, (min-width: 284px) 356px, (min-width: 212px) 284px, (min-width: 140px) 212px, \" \/>\n\t\n\n\t\t<div class=\"fusion-rollover\">\n\t<div class=\"fusion-rollover-content\">\n\n\t\t\t\t\t\t\t\t\t\t\t\t\t\t<a class=\"fusion-rollover-link\" href=\"https:\/\/www.smarttravelers.de\/en\/sights\/schweden\/stockholm\/junibacken\/\" target=\"_blank\">Junibacken<\/a>\n\t\t\t\n\t\t\t\t\t\t\t\t\t\t\t\t\t\t\n\t\t\t\t\t\t\t\t\n\t\t\t\t\t\t\t\t\t\t\t\t\t<div class=\"fusion-rollover-sep\"><\/div>\n\t\t\t\t\n\t\t\t\t\t\t\t\t\t\t\t\t\t\t\t\t\t\t<a class=\"fusion-rollover-gallery\" href=\"https:\/\/www.smarttravelers.de\/wp-content\/uploads\/2020\/03\/Junibacken2.jpg\" data-id=\"83619\" data-rel=\"iLightbox[gallery-rw-1]\" data-title=\"Junibacken2\" data-caption=\"\">\n\t\t\t\t\t\tGallery\t\t\t\t\t<\/a>\n\t\t\t\t\t\t\t\t\t\t\t\t\t\t\n\t\t\n\t\t\t\t\t\t\t\t\t\t\t\t<h4 class=\"fusion-rollover-title\">\n\t\t\t\t\t<a class=\"fusion-rollover-title-link\" href=\"https:\/\/www.smarttravelers.de\/en\/sights\/schweden\/stockholm\/junibacken\/\" target=\"_blank\">\n\t\t\t\t\t\tJunibacken\t\t\t\t\t<\/a>\n\t\t\t\t<\/h4>\n\t\t\t\n\t\t\t\t\t\t\t\t\n\t\t\n\t\t\t\t\t\t<a class=\"fusion-link-wrapper\" href=\"https:\/\/www.smarttravelers.de\/en\/sights\/schweden\/stockholm\/junibacken\/\" target=\"_blank\" aria-label=\"Junibacken\"><\/a>\n\t<\/div>\n<\/div>\n\n\t\n<\/div>\n<\/div><\/article><article id=\"portfolio-1-post-83622\" class=\"fusion-portfolio-post alle-in-stockholm-en viewpoints fusion-col-spacing post-83622 fusion-element-portrait\"><div class=\"fusion-portfolio-content-wrapper\" style=\"border:none;\"><span class=\"entry-title rich-snippet-hidden\">Kakn\u00e4stornet<\/span><span class=\"vcard rich-snippet-hidden\"><span class=\"fn\"><a href=\"https:\/\/www.smarttravelers.de\/en\/author\/wp_admin\/\" title=\"Posts by wp_admin\" rel=\"author\">wp_admin<\/a><\/span><\/span><span class=\"updated rich-snippet-hidden\">2024-06-03T11:55:52+02:00<\/span>\n\n<div  class=\"fusion-masonry-element-container fusion-image-wrapper\" style=\"background-image:url(https:\/\/www.smarttravelers.de\/wp-content\/uploads\/2020\/03\/Kakn\u00e4sturm1.jpg);padding-top:calc((100% + 20px) * 1.6);\" aria-haspopup=\"true\">\n\t\n\t\n\t\n\t\t\n\t\t\t\t\t<img decoding=\"async\" width=\"810\" height=\"1080\" src=\"https:\/\/www.smarttravelers.de\/wp-content\/uploads\/2020\/03\/Kakn\u00e4sturm1.jpg\" class=\"attachment-full size-full wp-post-image\" alt=\"Kakn\u00e4sturm im Profil\" srcset=\"https:\/\/www.smarttravelers.de\/wp-content\/uploads\/2020\/03\/Kakn\u00e4sturm1-200x267.jpg 200w, https:\/\/www.smarttravelers.de\/wp-content\/uploads\/2020\/03\/Kakn\u00e4sturm1-400x533.jpg 400w, https:\/\/www.smarttravelers.de\/wp-content\/uploads\/2020\/03\/Kakn\u00e4sturm1-600x800.jpg 600w, https:\/\/www.smarttravelers.de\/wp-content\/uploads\/2020\/03\/Kakn\u00e4sturm1-800x1067.jpg 800w, https:\/\/www.smarttravelers.de\/wp-content\/uploads\/2020\/03\/Kakn\u00e4sturm1.jpg 810w\" sizes=\"(min-width: 2200px) 100vw, (min-width: 284px) 356px, (min-width: 212px) 284px, (min-width: 140px) 212px, \" \/>\n\t\n\n\t\t<div class=\"fusion-rollover\">\n\t<div class=\"fusion-rollover-content\">\n\n\t\t\t\t\t\t\t\t\t\t\t\t\t\t<a class=\"fusion-rollover-link\" href=\"https:\/\/www.smarttravelers.de\/en\/sights\/schweden\/stockholm\/kaknaesturm\/\" target=\"_blank\">Kakn\u00e4stornet<\/a>\n\t\t\t\n\t\t\t\t\t\t\t\t\t\t\t\t\t\t\n\t\t\t\t\t\t\t\t\n\t\t\t\t\t\t\t\t\t\t\t\t\t<div class=\"fusion-rollover-sep\"><\/div>\n\t\t\t\t\n\t\t\t\t\t\t\t\t\t\t\t\t\t\t\t\t\t\t<a class=\"fusion-rollover-gallery\" href=\"https:\/\/www.smarttravelers.de\/wp-content\/uploads\/2020\/03\/Kakn\u00e4sturm1.jpg\" data-id=\"83622\" data-rel=\"iLightbox[gallery-rw-1]\" data-title=\"Kakn\u00e4sturm1\" data-caption=\"\">\n\t\t\t\t\t\tGallery\t\t\t\t\t<\/a>\n\t\t\t\t\t\t\t\t\t\t\t\t\t\t\n\t\t\n\t\t\t\t\t\t\t\t\t\t\t\t<h4 class=\"fusion-rollover-title\">\n\t\t\t\t\t<a class=\"fusion-rollover-title-link\" href=\"https:\/\/www.smarttravelers.de\/en\/sights\/schweden\/stockholm\/kaknaesturm\/\" target=\"_blank\">\n\t\t\t\t\t\tKakn\u00e4stornet\t\t\t\t\t<\/a>\n\t\t\t\t<\/h4>\n\t\t\t\n\t\t\t\t\t\t\t\t\n\t\t\n\t\t\t\t\t\t<a class=\"fusion-link-wrapper\" href=\"https:\/\/www.smarttravelers.de\/en\/sights\/schweden\/stockholm\/kaknaesturm\/\" target=\"_blank\" aria-label=\"Kakn\u00e4stornet\"><\/a>\n\t<\/div>\n<\/div>\n\n\t\n<\/div>\n<\/div><\/article><article id=\"portfolio-1-post-83631\" class=\"fusion-portfolio-post alle-in-stockholm-en castles-palaces world-heritage-sites fusion-col-spacing post-83631 fusion-element-landscape\"><div class=\"fusion-portfolio-content-wrapper\" style=\"border:none;\"><span class=\"entry-title rich-snippet-hidden\">Kina Slott<\/span><span class=\"vcard rich-snippet-hidden\"><span class=\"fn\"><a href=\"https:\/\/www.smarttravelers.de\/en\/author\/wp_admin\/\" title=\"Posts by wp_admin\" rel=\"author\">wp_admin<\/a><\/span><\/span><span class=\"updated rich-snippet-hidden\">2024-06-03T11:59:55+02:00<\/span>\n\n<div  class=\"fusion-masonry-element-container fusion-image-wrapper\" style=\"background-image:url(https:\/\/www.smarttravelers.de\/wp-content\/uploads\/2020\/03\/Kina-slott3.jpg);padding-top:calc((100% + 20px) * 0.4 - 10px);\" aria-haspopup=\"true\">\n\t\n\t\n\t\n\t\t\n\t\t\t\t\t<img decoding=\"async\" width=\"1920\" height=\"1080\" src=\"https:\/\/www.smarttravelers.de\/wp-content\/uploads\/2020\/03\/Kina-slott3.jpg\" class=\"attachment-full size-full wp-post-image\" alt=\"Kina Slott Fassade\" srcset=\"https:\/\/www.smarttravelers.de\/wp-content\/uploads\/2020\/03\/Kina-slott3-200x113.jpg 200w, https:\/\/www.smarttravelers.de\/wp-content\/uploads\/2020\/03\/Kina-slott3-400x225.jpg 400w, https:\/\/www.smarttravelers.de\/wp-content\/uploads\/2020\/03\/Kina-slott3-600x338.jpg 600w, https:\/\/www.smarttravelers.de\/wp-content\/uploads\/2020\/03\/Kina-slott3-800x450.jpg 800w, https:\/\/www.smarttravelers.de\/wp-content\/uploads\/2020\/03\/Kina-slott3-1200x675.jpg 1200w, https:\/\/www.smarttravelers.de\/wp-content\/uploads\/2020\/03\/Kina-slott3.jpg 1920w\" sizes=\"(min-width: 2200px) 100vw, (min-width: 140px) 1920px, \" \/>\n\t\n\n\t\t<div class=\"fusion-rollover\">\n\t<div class=\"fusion-rollover-content\">\n\n\t\t\t\t\t\t\t\t\t\t\t\t\t\t<a class=\"fusion-rollover-link\" href=\"https:\/\/www.smarttravelers.de\/en\/sights\/schweden\/stockholm\/kina-slott\/\" target=\"_blank\">Kina Slott<\/a>\n\t\t\t\n\t\t\t\t\t\t\t\t\t\t\t\t\t\t\n\t\t\t\t\t\t\t\t\n\t\t\t\t\t\t\t\t\t\t\t\t\t<div class=\"fusion-rollover-sep\"><\/div>\n\t\t\t\t\n\t\t\t\t\t\t\t\t\t\t\t\t\t\t\t\t\t\t<a class=\"fusion-rollover-gallery\" href=\"https:\/\/www.smarttravelers.de\/wp-content\/uploads\/2020\/03\/Kina-slott3.jpg\" data-id=\"83631\" data-rel=\"iLightbox[gallery-rw-1]\" data-title=\"Kina slott3\" data-caption=\"\">\n\t\t\t\t\t\tGallery\t\t\t\t\t<\/a>\n\t\t\t\t\t\t\t\t\t\t\t\t\t\t\n\t\t\n\t\t\t\t\t\t\t\t\t\t\t\t<h4 class=\"fusion-rollover-title\">\n\t\t\t\t\t<a class=\"fusion-rollover-title-link\" href=\"https:\/\/www.smarttravelers.de\/en\/sights\/schweden\/stockholm\/kina-slott\/\" target=\"_blank\">\n\t\t\t\t\t\tKina Slott\t\t\t\t\t<\/a>\n\t\t\t\t<\/h4>\n\t\t\t\n\t\t\t\t\t\t\t\t\n\t\t\n\t\t\t\t\t\t<a class=\"fusion-link-wrapper\" href=\"https:\/\/www.smarttravelers.de\/en\/sights\/schweden\/stockholm\/kina-slott\/\" target=\"_blank\" aria-label=\"Kina Slott\"><\/a>\n\t<\/div>\n<\/div>\n\n\t\n<\/div>\n<\/div><\/article><article id=\"portfolio-1-post-83654\" class=\"fusion-portfolio-post alle-in-stockholm-en gardens-parks fusion-col-spacing post-83654 fusion-element-grid\"><div class=\"fusion-portfolio-content-wrapper\" style=\"border:none;\"><span class=\"entry-title rich-snippet-hidden\">Kungstr\u00e4dg\u00e5rden<\/span><span class=\"vcard rich-snippet-hidden\"><span class=\"fn\"><a href=\"https:\/\/www.smarttravelers.de\/en\/author\/wp_admin\/\" title=\"Posts by wp_admin\" rel=\"author\">wp_admin<\/a><\/span><\/span><span class=\"updated rich-snippet-hidden\">2024-06-03T12:24:13+02:00<\/span>\n\n<div  class=\"fusion-masonry-element-container fusion-image-wrapper\" style=\"background-image:url(https:\/\/www.smarttravelers.de\/wp-content\/uploads\/2020\/03\/Kungstr\u00e4dg\u00e5rden2.jpg);padding-top:calc((100% + 20px) * 0.8 - 10px);\" aria-haspopup=\"true\">\n\t\n\t\n\t\n\t\t\n\t\t\t\t\t<img decoding=\"async\" width=\"1618\" height=\"1080\" src=\"https:\/\/www.smarttravelers.de\/wp-content\/uploads\/2020\/03\/Kungstr\u00e4dg\u00e5rden2.jpg\" class=\"attachment-full size-full wp-post-image\" alt=\"Kungstr\u00e4dg\u00e5rden im Sommer\" srcset=\"https:\/\/www.smarttravelers.de\/wp-content\/uploads\/2020\/03\/Kungstr\u00e4dg\u00e5rden2-200x133.jpg 200w, https:\/\/www.smarttravelers.de\/wp-content\/uploads\/2020\/03\/Kungstr\u00e4dg\u00e5rden2-400x267.jpg 400w, https:\/\/www.smarttravelers.de\/wp-content\/uploads\/2020\/03\/Kungstr\u00e4dg\u00e5rden2-600x400.jpg 600w, https:\/\/www.smarttravelers.de\/wp-content\/uploads\/2020\/03\/Kungstr\u00e4dg\u00e5rden2-800x534.jpg 800w, https:\/\/www.smarttravelers.de\/wp-content\/uploads\/2020\/03\/Kungstr\u00e4dg\u00e5rden2-1200x801.jpg 1200w, https:\/\/www.smarttravelers.de\/wp-content\/uploads\/2020\/03\/Kungstr\u00e4dg\u00e5rden2.jpg 1618w\" sizes=\"(min-width: 2200px) 100vw, (min-width: 284px) 356px, (min-width: 212px) 284px, (min-width: 140px) 212px, \" \/>\n\t\n\n\t\t<div class=\"fusion-rollover\">\n\t<div class=\"fusion-rollover-content\">\n\n\t\t\t\t\t\t\t\t\t\t\t\t\t\t<a class=\"fusion-rollover-link\" href=\"https:\/\/www.smarttravelers.de\/en\/sights\/schweden\/stockholm\/kungstraedgaarden\/\" target=\"_blank\">Kungstr\u00e4dg\u00e5rden<\/a>\n\t\t\t\n\t\t\t\t\t\t\t\t\t\t\t\t\t\t\n\t\t\t\t\t\t\t\t\n\t\t\t\t\t\t\t\t\t\t\t\t\t<div class=\"fusion-rollover-sep\"><\/div>\n\t\t\t\t\n\t\t\t\t\t\t\t\t\t\t\t\t\t\t\t\t\t\t<a class=\"fusion-rollover-gallery\" href=\"https:\/\/www.smarttravelers.de\/wp-content\/uploads\/2020\/03\/Kungstr\u00e4dg\u00e5rden2.jpg\" data-id=\"83654\" data-rel=\"iLightbox[gallery-rw-1]\" data-title=\"Kungstr\u00e4dg\u00e5rden2\" data-caption=\"\">\n\t\t\t\t\t\tGallery\t\t\t\t\t<\/a>\n\t\t\t\t\t\t\t\t\t\t\t\t\t\t\n\t\t\n\t\t\t\t\t\t\t\t\t\t\t\t<h4 class=\"fusion-rollover-title\">\n\t\t\t\t\t<a class=\"fusion-rollover-title-link\" href=\"https:\/\/www.smarttravelers.de\/en\/sights\/schweden\/stockholm\/kungstraedgaarden\/\" target=\"_blank\">\n\t\t\t\t\t\tKungstr\u00e4dg\u00e5rden\t\t\t\t\t<\/a>\n\t\t\t\t<\/h4>\n\t\t\t\n\t\t\t\t\t\t\t\t\n\t\t\n\t\t\t\t\t\t<a class=\"fusion-link-wrapper\" href=\"https:\/\/www.smarttravelers.de\/en\/sights\/schweden\/stockholm\/kungstraedgaarden\/\" target=\"_blank\" aria-label=\"Kungstr\u00e4dg\u00e5rden\"><\/a>\n\t<\/div>\n<\/div>\n\n\t\n<\/div>\n<\/div><\/article><article id=\"portfolio-1-post-83657\" class=\"fusion-portfolio-post alle-in-stockholm-en districts fusion-col-spacing post-83657 fusion-element-grid\"><div class=\"fusion-portfolio-content-wrapper\" style=\"border:none;\"><span class=\"entry-title rich-snippet-hidden\">L\u00e5ngholmen<\/span><span class=\"vcard rich-snippet-hidden\"><span class=\"fn\"><a href=\"https:\/\/www.smarttravelers.de\/en\/author\/wp_admin\/\" title=\"Posts by wp_admin\" rel=\"author\">wp_admin<\/a><\/span><\/span><span class=\"updated rich-snippet-hidden\">2024-06-03T12:28:00+02:00<\/span>\n\n<div  class=\"fusion-masonry-element-container fusion-image-wrapper\" style=\"background-image:url(https:\/\/www.smarttravelers.de\/wp-content\/uploads\/2020\/03\/L\u00e5ngholmen1.jpg);padding-top:calc((100% + 20px) * 0.8 - 10px);\" aria-haspopup=\"true\">\n\t\n\t\n\t\n\t\t\n\t\t\t\t\t<img decoding=\"async\" width=\"1618\" height=\"1080\" src=\"https:\/\/www.smarttravelers.de\/wp-content\/uploads\/2020\/03\/L\u00e5ngholmen1.jpg\" class=\"attachment-full size-full wp-post-image\" alt=\"Booten auf Langholmen\" srcset=\"https:\/\/www.smarttravelers.de\/wp-content\/uploads\/2020\/03\/L\u00e5ngholmen1-200x133.jpg 200w, https:\/\/www.smarttravelers.de\/wp-content\/uploads\/2020\/03\/L\u00e5ngholmen1-400x267.jpg 400w, https:\/\/www.smarttravelers.de\/wp-content\/uploads\/2020\/03\/L\u00e5ngholmen1-600x400.jpg 600w, https:\/\/www.smarttravelers.de\/wp-content\/uploads\/2020\/03\/L\u00e5ngholmen1-800x534.jpg 800w, https:\/\/www.smarttravelers.de\/wp-content\/uploads\/2020\/03\/L\u00e5ngholmen1-1200x801.jpg 1200w, https:\/\/www.smarttravelers.de\/wp-content\/uploads\/2020\/03\/L\u00e5ngholmen1.jpg 1618w\" sizes=\"(min-width: 2200px) 100vw, (min-width: 284px) 356px, (min-width: 212px) 284px, (min-width: 140px) 212px, \" \/>\n\t\n\n\t\t<div class=\"fusion-rollover\">\n\t<div class=\"fusion-rollover-content\">\n\n\t\t\t\t\t\t\t\t\t\t\t\t\t\t<a class=\"fusion-rollover-link\" href=\"https:\/\/www.smarttravelers.de\/en\/sights\/schweden\/stockholm\/laangholmen\/\" target=\"_blank\">L\u00e5ngholmen<\/a>\n\t\t\t\n\t\t\t\t\t\t\t\t\t\t\t\t\t\t\n\t\t\t\t\t\t\t\t\n\t\t\t\t\t\t\t\t\t\t\t\t\t<div class=\"fusion-rollover-sep\"><\/div>\n\t\t\t\t\n\t\t\t\t\t\t\t\t\t\t\t\t\t\t\t\t\t\t<a class=\"fusion-rollover-gallery\" href=\"https:\/\/www.smarttravelers.de\/wp-content\/uploads\/2020\/03\/L\u00e5ngholmen1.jpg\" data-id=\"83657\" data-rel=\"iLightbox[gallery-rw-1]\" data-title=\"L\u00e5ngholmen1\" data-caption=\"\">\n\t\t\t\t\t\tGallery\t\t\t\t\t<\/a>\n\t\t\t\t\t\t\t\t\t\t\t\t\t\t\n\t\t\n\t\t\t\t\t\t\t\t\t\t\t\t<h4 class=\"fusion-rollover-title\">\n\t\t\t\t\t<a class=\"fusion-rollover-title-link\" href=\"https:\/\/www.smarttravelers.de\/en\/sights\/schweden\/stockholm\/laangholmen\/\" target=\"_blank\">\n\t\t\t\t\t\tL\u00e5ngholmen\t\t\t\t\t<\/a>\n\t\t\t\t<\/h4>\n\t\t\t\n\t\t\t\t\t\t\t\t\n\t\t\n\t\t\t\t\t\t<a class=\"fusion-link-wrapper\" href=\"https:\/\/www.smarttravelers.de\/en\/sights\/schweden\/stockholm\/laangholmen\/\" target=\"_blank\" aria-label=\"L\u00e5ngholmen\"><\/a>\n\t<\/div>\n<\/div>\n\n\t\n<\/div>\n<\/div><\/article><article id=\"portfolio-1-post-61574\" class=\"fusion-portfolio-post all-in-lisbon churches-monasteries highlights-en fusion-col-spacing post-61574 fusion-element-grid\"><div class=\"fusion-portfolio-content-wrapper\" style=\"border:none;\"><span class=\"entry-title rich-snippet-hidden\">Lisbon Cathedral<\/span><span class=\"vcard rich-snippet-hidden\"><span class=\"fn\"><a href=\"https:\/\/www.smarttravelers.de\/en\/author\/wp_admin\/\" title=\"Posts by wp_admin\" rel=\"author\">wp_admin<\/a><\/span><\/span><span class=\"updated rich-snippet-hidden\">2024-09-09T23:27:03+02:00<\/span>\n\n<div  class=\"fusion-masonry-element-container fusion-image-wrapper\" style=\"background-image:url(https:\/\/www.smarttravelers.de\/wp-content\/uploads\/2019\/01\/Catedral-S\u00e9-Patriarcal3.jpg);padding-top:calc((100% + 20px) * 0.8 - 10px);\" aria-haspopup=\"true\">\n\t\n\t\n\t\n\t\t\n\t\t\t\t\t<img decoding=\"async\" width=\"762\" height=\"900\" src=\"https:\/\/www.smarttravelers.de\/wp-content\/uploads\/2019\/01\/Catedral-S\u00e9-Patriarcal3.jpg\" class=\"attachment-full size-full wp-post-image\" alt=\"Die Hauptfassade der Catedral S\u00e9 Patriarcal\" srcset=\"https:\/\/www.smarttravelers.de\/wp-content\/uploads\/2019\/01\/Catedral-S\u00e9-Patriarcal3-200x236.jpg 200w, https:\/\/www.smarttravelers.de\/wp-content\/uploads\/2019\/01\/Catedral-S\u00e9-Patriarcal3-400x472.jpg 400w, https:\/\/www.smarttravelers.de\/wp-content\/uploads\/2019\/01\/Catedral-S\u00e9-Patriarcal3-600x709.jpg 600w, https:\/\/www.smarttravelers.de\/wp-content\/uploads\/2019\/01\/Catedral-S\u00e9-Patriarcal3.jpg 762w\" sizes=\"(min-width: 2200px) 100vw, (min-width: 284px) 356px, (min-width: 212px) 284px, (min-width: 140px) 212px, \" \/>\n\t\n\n\t\t<div class=\"fusion-rollover\">\n\t<div class=\"fusion-rollover-content\">\n\n\t\t\t\t\t\t\t\t\t\t\t\t\t\t<a class=\"fusion-rollover-link\" href=\"https:\/\/www.smarttravelers.de\/en\/sights\/portugal\/lisbon\/lisbon-cathedral\/\" target=\"_blank\">Lisbon Cathedral<\/a>\n\t\t\t\n\t\t\t\t\t\t\t\t\t\t\t\t\t\t\n\t\t\t\t\t\t\t\t\n\t\t\t\t\t\t\t\t\t\t\t\t\t<div class=\"fusion-rollover-sep\"><\/div>\n\t\t\t\t\n\t\t\t\t\t\t\t\t\t\t\t\t\t\t\t\t\t\t<a class=\"fusion-rollover-gallery\" href=\"https:\/\/www.smarttravelers.de\/wp-content\/uploads\/2019\/01\/Catedral-S\u00e9-Patriarcal3.jpg\" data-id=\"61574\" data-rel=\"iLightbox[gallery-rw-1]\" data-title=\"Catedral S\u00e9 Patriarcal3\" data-caption=\"\">\n\t\t\t\t\t\tGallery\t\t\t\t\t<\/a>\n\t\t\t\t\t\t\t\t\t\t\t\t\t\t\n\t\t\n\t\t\t\t\t\t\t\t\t\t\t\t<h4 class=\"fusion-rollover-title\">\n\t\t\t\t\t<a class=\"fusion-rollover-title-link\" href=\"https:\/\/www.smarttravelers.de\/en\/sights\/portugal\/lisbon\/lisbon-cathedral\/\" target=\"_blank\">\n\t\t\t\t\t\tLisbon Cathedral\t\t\t\t\t<\/a>\n\t\t\t\t<\/h4>\n\t\t\t\n\t\t\t\t\t\t\t\t\n\t\t\n\t\t\t\t\t\t<a class=\"fusion-link-wrapper\" href=\"https:\/\/www.smarttravelers.de\/en\/sights\/portugal\/lisbon\/lisbon-cathedral\/\" target=\"_blank\" aria-label=\"Lisbon Cathedral\"><\/a>\n\t<\/div>\n<\/div>\n\n\t\n<\/div>\n<\/div><\/article><article id=\"portfolio-1-post-61416\" class=\"fusion-portfolio-post all-in-lisbon highlights-en zoos-aquariums fusion-col-spacing post-61416 fusion-element-grid\"><div class=\"fusion-portfolio-content-wrapper\" style=\"border:none;\"><span class=\"entry-title rich-snippet-hidden\">Lisbon Oceanarium<\/span><span class=\"vcard rich-snippet-hidden\"><span class=\"fn\"><a href=\"https:\/\/www.smarttravelers.de\/en\/author\/wp_admin\/\" title=\"Posts by wp_admin\" rel=\"author\">wp_admin<\/a><\/span><\/span><span class=\"updated rich-snippet-hidden\">2024-08-26T22:37:01+02:00<\/span>\n\n<div  class=\"fusion-masonry-element-container fusion-image-wrapper\" style=\"background-image:url(https:\/\/www.smarttravelers.de\/wp-content\/uploads\/2019\/01\/Ocean\u00e1rio-de-Lisboa3.jpg);padding-top:calc((100% + 20px) * 0.8 - 10px);\" aria-haspopup=\"true\">\n\t\n\t\n\t\n\t\t\n\t\t\t\t\t<img decoding=\"async\" width=\"1200\" height=\"797\" src=\"https:\/\/www.smarttravelers.de\/wp-content\/uploads\/2019\/01\/Ocean\u00e1rio-de-Lisboa3.jpg\" class=\"attachment-full size-full wp-post-image\" alt=\"Fische im Ocean\u00e1rio de Lisboa\" srcset=\"https:\/\/www.smarttravelers.de\/wp-content\/uploads\/2019\/01\/Ocean\u00e1rio-de-Lisboa3-200x133.jpg 200w, https:\/\/www.smarttravelers.de\/wp-content\/uploads\/2019\/01\/Ocean\u00e1rio-de-Lisboa3-400x266.jpg 400w, https:\/\/www.smarttravelers.de\/wp-content\/uploads\/2019\/01\/Ocean\u00e1rio-de-Lisboa3-600x399.jpg 600w, https:\/\/www.smarttravelers.de\/wp-content\/uploads\/2019\/01\/Ocean\u00e1rio-de-Lisboa3-800x531.jpg 800w, https:\/\/www.smarttravelers.de\/wp-content\/uploads\/2019\/01\/Ocean\u00e1rio-de-Lisboa3.jpg 1200w\" sizes=\"(min-width: 2200px) 100vw, (min-width: 284px) 356px, (min-width: 212px) 284px, (min-width: 140px) 212px, \" \/>\n\t\n\n\t\t<div class=\"fusion-rollover\">\n\t<div class=\"fusion-rollover-content\">\n\n\t\t\t\t\t\t\t\t\t\t\t\t\t\t<a class=\"fusion-rollover-link\" href=\"https:\/\/www.smarttravelers.de\/en\/sights\/portugal\/lisbon\/lisbon-oceanarium\/\" target=\"_blank\">Lisbon Oceanarium<\/a>\n\t\t\t\n\t\t\t\t\t\t\t\t\t\t\t\t\t\t\n\t\t\t\t\t\t\t\t\n\t\t\t\t\t\t\t\t\t\t\t\t\t<div class=\"fusion-rollover-sep\"><\/div>\n\t\t\t\t\n\t\t\t\t\t\t\t\t\t\t\t\t\t\t\t\t\t\t<a class=\"fusion-rollover-gallery\" href=\"https:\/\/www.smarttravelers.de\/wp-content\/uploads\/2019\/01\/Ocean\u00e1rio-de-Lisboa3.jpg\" data-id=\"61416\" data-rel=\"iLightbox[gallery-rw-1]\" data-title=\"Ocean\u00e1rio de Lisboa3\" data-caption=\"\">\n\t\t\t\t\t\tGallery\t\t\t\t\t<\/a>\n\t\t\t\t\t\t\t\t\t\t\t\t\t\t\n\t\t\n\t\t\t\t\t\t\t\t\t\t\t\t<h4 class=\"fusion-rollover-title\">\n\t\t\t\t\t<a class=\"fusion-rollover-title-link\" href=\"https:\/\/www.smarttravelers.de\/en\/sights\/portugal\/lisbon\/lisbon-oceanarium\/\" target=\"_blank\">\n\t\t\t\t\t\tLisbon Oceanarium\t\t\t\t\t<\/a>\n\t\t\t\t<\/h4>\n\t\t\t\n\t\t\t\t\t\t\t\t\n\t\t\n\t\t\t\t\t\t<a class=\"fusion-link-wrapper\" href=\"https:\/\/www.smarttravelers.de\/en\/sights\/portugal\/lisbon\/lisbon-oceanarium\/\" target=\"_blank\" aria-label=\"Lisbon Oceanarium\"><\/a>\n\t<\/div>\n<\/div>\n\n\t\n<\/div>\n<\/div><\/article><article id=\"portfolio-1-post-61348\" class=\"fusion-portfolio-post all-in-lisbon zoos-aquariums fusion-col-spacing post-61348 fusion-element-grid\"><div class=\"fusion-portfolio-content-wrapper\" style=\"border:none;\"><span class=\"entry-title rich-snippet-hidden\">Lisbon Zoo<\/span><span class=\"vcard rich-snippet-hidden\"><span class=\"fn\"><a href=\"https:\/\/www.smarttravelers.de\/en\/author\/wp_admin\/\" title=\"Posts by wp_admin\" rel=\"author\">wp_admin<\/a><\/span><\/span><span class=\"updated rich-snippet-hidden\">2024-08-20T22:43:22+02:00<\/span>\n\n<div  class=\"fusion-masonry-element-container fusion-image-wrapper\" style=\"background-image:url(https:\/\/www.smarttravelers.de\/wp-content\/uploads\/2019\/01\/Zoo-Lissabon3.jpg);padding-top:calc((100% + 20px) * 0.8 - 10px);\" aria-haspopup=\"true\">\n\t\n\t\n\t\n\t\t\n\t\t\t\t\t<img decoding=\"async\" width=\"1200\" height=\"797\" src=\"https:\/\/www.smarttravelers.de\/wp-content\/uploads\/2019\/01\/Zoo-Lissabon3.jpg\" class=\"attachment-full size-full wp-post-image\" alt=\"Delfine im Zoo Lissabon\" srcset=\"https:\/\/www.smarttravelers.de\/wp-content\/uploads\/2019\/01\/Zoo-Lissabon3-200x133.jpg 200w, https:\/\/www.smarttravelers.de\/wp-content\/uploads\/2019\/01\/Zoo-Lissabon3-400x266.jpg 400w, https:\/\/www.smarttravelers.de\/wp-content\/uploads\/2019\/01\/Zoo-Lissabon3-600x399.jpg 600w, https:\/\/www.smarttravelers.de\/wp-content\/uploads\/2019\/01\/Zoo-Lissabon3-800x531.jpg 800w, https:\/\/www.smarttravelers.de\/wp-content\/uploads\/2019\/01\/Zoo-Lissabon3.jpg 1200w\" sizes=\"(min-width: 2200px) 100vw, (min-width: 284px) 356px, (min-width: 212px) 284px, (min-width: 140px) 212px, \" \/>\n\t\n\n\t\t<div class=\"fusion-rollover\">\n\t<div class=\"fusion-rollover-content\">\n\n\t\t\t\t\t\t\t\t\t\t\t\t\t\t<a class=\"fusion-rollover-link\" href=\"https:\/\/www.smarttravelers.de\/en\/sights\/portugal\/lisbon\/libon-zoo\/\" target=\"_blank\">Lisbon Zoo<\/a>\n\t\t\t\n\t\t\t\t\t\t\t\t\t\t\t\t\t\t\n\t\t\t\t\t\t\t\t\n\t\t\t\t\t\t\t\t\t\t\t\t\t<div class=\"fusion-rollover-sep\"><\/div>\n\t\t\t\t\n\t\t\t\t\t\t\t\t\t\t\t\t\t\t\t\t\t\t<a class=\"fusion-rollover-gallery\" href=\"https:\/\/www.smarttravelers.de\/wp-content\/uploads\/2019\/01\/Zoo-Lissabon3.jpg\" data-id=\"61348\" data-rel=\"iLightbox[gallery-rw-1]\" data-title=\"Zoo Lissabon3\" data-caption=\"\">\n\t\t\t\t\t\tGallery\t\t\t\t\t<\/a>\n\t\t\t\t\t\t\t\t\t\t\t\t\t\t\n\t\t\n\t\t\t\t\t\t\t\t\t\t\t\t<h4 class=\"fusion-rollover-title\">\n\t\t\t\t\t<a class=\"fusion-rollover-title-link\" href=\"https:\/\/www.smarttravelers.de\/en\/sights\/portugal\/lisbon\/libon-zoo\/\" target=\"_blank\">\n\t\t\t\t\t\tLisbon Zoo\t\t\t\t\t<\/a>\n\t\t\t\t<\/h4>\n\t\t\t\n\t\t\t\t\t\t\t\t\n\t\t\n\t\t\t\t\t\t<a class=\"fusion-link-wrapper\" href=\"https:\/\/www.smarttravelers.de\/en\/sights\/portugal\/lisbon\/libon-zoo\/\" target=\"_blank\" aria-label=\"Lisbon Zoo\"><\/a>\n\t<\/div>\n<\/div>\n\n\t\n<\/div>\n<\/div><\/article><article id=\"portfolio-1-post-83661\" class=\"fusion-portfolio-post alle-in-stockholm-en museums-galleries fusion-col-spacing post-83661 fusion-element-portrait\"><div class=\"fusion-portfolio-content-wrapper\" style=\"border:none;\"><span class=\"entry-title rich-snippet-hidden\">Livrustkammaren<\/span><span class=\"vcard rich-snippet-hidden\"><span class=\"fn\"><a href=\"https:\/\/www.smarttravelers.de\/en\/author\/wp_admin\/\" title=\"Posts by wp_admin\" rel=\"author\">wp_admin<\/a><\/span><\/span><span class=\"updated rich-snippet-hidden\">2024-06-03T12:30:50+02:00<\/span>\n\n<div  class=\"fusion-masonry-element-container fusion-image-wrapper\" style=\"background-image:url(https:\/\/www.smarttravelers.de\/wp-content\/uploads\/2020\/03\/Livrustkammaren1.jpg);padding-top:calc((100% + 20px) * 1.6);\" aria-haspopup=\"true\">\n\t\n\t\n\t\n\t\t\n\t\t\t\t\t<img decoding=\"async\" width=\"833\" height=\"1080\" src=\"https:\/\/www.smarttravelers.de\/wp-content\/uploads\/2020\/03\/Livrustkammaren1.jpg\" class=\"attachment-full size-full wp-post-image\" alt=\"Pferd mit R\u00fcstung in Livrustkammaren\" srcset=\"https:\/\/www.smarttravelers.de\/wp-content\/uploads\/2020\/03\/Livrustkammaren1-200x259.jpg 200w, https:\/\/www.smarttravelers.de\/wp-content\/uploads\/2020\/03\/Livrustkammaren1-400x519.jpg 400w, https:\/\/www.smarttravelers.de\/wp-content\/uploads\/2020\/03\/Livrustkammaren1-600x778.jpg 600w, https:\/\/www.smarttravelers.de\/wp-content\/uploads\/2020\/03\/Livrustkammaren1-800x1037.jpg 800w, https:\/\/www.smarttravelers.de\/wp-content\/uploads\/2020\/03\/Livrustkammaren1.jpg 833w\" sizes=\"(min-width: 2200px) 100vw, (min-width: 284px) 356px, (min-width: 212px) 284px, (min-width: 140px) 212px, \" \/>\n\t\n\n\t\t<div class=\"fusion-rollover\">\n\t<div class=\"fusion-rollover-content\">\n\n\t\t\t\t\t\t\t\t\t\t\t\t\t\t<a class=\"fusion-rollover-link\" href=\"https:\/\/www.smarttravelers.de\/en\/sights\/schweden\/stockholm\/livrustkammaren\/\" target=\"_blank\">Livrustkammaren<\/a>\n\t\t\t\n\t\t\t\t\t\t\t\t\t\t\t\t\t\t\n\t\t\t\t\t\t\t\t\n\t\t\t\t\t\t\t\t\t\t\t\t\t<div class=\"fusion-rollover-sep\"><\/div>\n\t\t\t\t\n\t\t\t\t\t\t\t\t\t\t\t\t\t\t\t\t\t\t<a class=\"fusion-rollover-gallery\" href=\"https:\/\/www.smarttravelers.de\/wp-content\/uploads\/2020\/03\/Livrustkammaren1.jpg\" data-id=\"83661\" data-rel=\"iLightbox[gallery-rw-1]\" data-title=\"Livrustkammaren1\" data-caption=\"\">\n\t\t\t\t\t\tGallery\t\t\t\t\t<\/a>\n\t\t\t\t\t\t\t\t\t\t\t\t\t\t\n\t\t\n\t\t\t\t\t\t\t\t\t\t\t\t<h4 class=\"fusion-rollover-title\">\n\t\t\t\t\t<a class=\"fusion-rollover-title-link\" href=\"https:\/\/www.smarttravelers.de\/en\/sights\/schweden\/stockholm\/livrustkammaren\/\" target=\"_blank\">\n\t\t\t\t\t\tLivrustkammaren\t\t\t\t\t<\/a>\n\t\t\t\t<\/h4>\n\t\t\t\n\t\t\t\t\t\t\t\t\n\t\t\n\t\t\t\t\t\t<a class=\"fusion-link-wrapper\" href=\"https:\/\/www.smarttravelers.de\/en\/sights\/schweden\/stockholm\/livrustkammaren\/\" target=\"_blank\" aria-label=\"Livrustkammaren\"><\/a>\n\t<\/div>\n<\/div>\n\n\t\n<\/div>\n<\/div><\/article><article id=\"portfolio-1-post-61532\" class=\"fusion-portfolio-post all-in-lisbon other-sights fusion-col-spacing post-61532 fusion-element-grid\"><div class=\"fusion-portfolio-content-wrapper\" style=\"border:none;\"><span class=\"entry-title rich-snippet-hidden\">LX Factory<\/span><span class=\"vcard rich-snippet-hidden\"><span class=\"fn\"><a href=\"https:\/\/www.smarttravelers.de\/en\/author\/wp_admin\/\" title=\"Posts by wp_admin\" rel=\"author\">wp_admin<\/a><\/span><\/span><span class=\"updated rich-snippet-hidden\">2024-09-03T17:15:59+02:00<\/span>\n\n<div  class=\"fusion-masonry-element-container fusion-image-wrapper\" style=\"background-image:url(https:\/\/www.smarttravelers.de\/wp-content\/uploads\/2019\/01\/LX-Factory2.jpg);padding-top:calc((100% + 20px) * 0.8 - 10px);\" aria-haspopup=\"true\">\n\t\n\t\n\t\n\t\t\n\t\t\t\t\t<img decoding=\"async\" width=\"1200\" height=\"800\" src=\"https:\/\/www.smarttravelers.de\/wp-content\/uploads\/2019\/01\/LX-Factory2.jpg\" class=\"attachment-full size-full wp-post-image\" alt=\"Geb\u00e4ude in der\" srcset=\"https:\/\/www.smarttravelers.de\/wp-content\/uploads\/2019\/01\/LX-Factory2-200x133.jpg 200w, https:\/\/www.smarttravelers.de\/wp-content\/uploads\/2019\/01\/LX-Factory2-400x267.jpg 400w, https:\/\/www.smarttravelers.de\/wp-content\/uploads\/2019\/01\/LX-Factory2-600x400.jpg 600w, https:\/\/www.smarttravelers.de\/wp-content\/uploads\/2019\/01\/LX-Factory2-800x533.jpg 800w, https:\/\/www.smarttravelers.de\/wp-content\/uploads\/2019\/01\/LX-Factory2.jpg 1200w\" sizes=\"(min-width: 2200px) 100vw, (min-width: 284px) 356px, (min-width: 212px) 284px, (min-width: 140px) 212px, \" \/>\n\t\n\n\t\t<div class=\"fusion-rollover\">\n\t<div class=\"fusion-rollover-content\">\n\n\t\t\t\t\t\t\t\t\t\t\t\t\t\t<a class=\"fusion-rollover-link\" href=\"https:\/\/www.smarttravelers.de\/en\/sights\/portugal\/lisbon\/lx-factory\/\" target=\"_blank\">LX Factory<\/a>\n\t\t\t\n\t\t\t\t\t\t\t\t\t\t\t\t\t\t\n\t\t\t\t\t\t\t\t\n\t\t\t\t\t\t\t\t\t\t\t\t\t<div class=\"fusion-rollover-sep\"><\/div>\n\t\t\t\t\n\t\t\t\t\t\t\t\t\t\t\t\t\t\t\t\t\t\t<a class=\"fusion-rollover-gallery\" href=\"https:\/\/www.smarttravelers.de\/wp-content\/uploads\/2019\/01\/LX-Factory2.jpg\" data-id=\"61532\" data-rel=\"iLightbox[gallery-rw-1]\" data-title=\"LX Factory2\" data-caption=\"\">\n\t\t\t\t\t\tGallery\t\t\t\t\t<\/a>\n\t\t\t\t\t\t\t\t\t\t\t\t\t\t\n\t\t\n\t\t\t\t\t\t\t\t\t\t\t\t<h4 class=\"fusion-rollover-title\">\n\t\t\t\t\t<a class=\"fusion-rollover-title-link\" href=\"https:\/\/www.smarttravelers.de\/en\/sights\/portugal\/lisbon\/lx-factory\/\" target=\"_blank\">\n\t\t\t\t\t\tLX Factory\t\t\t\t\t<\/a>\n\t\t\t\t<\/h4>\n\t\t\t\n\t\t\t\t\t\t\t\t\n\t\t\n\t\t\t\t\t\t<a class=\"fusion-link-wrapper\" href=\"https:\/\/www.smarttravelers.de\/en\/sights\/portugal\/lisbon\/lx-factory\/\" target=\"_blank\" aria-label=\"LX Factory\"><\/a>\n\t<\/div>\n<\/div>\n\n\t\n<\/div>\n<\/div><\/article><article id=\"portfolio-1-post-83666\" class=\"fusion-portfolio-post alle-in-stockholm-en gardens-parks museums-galleries fusion-col-spacing post-83666 fusion-element-grid\"><div class=\"fusion-portfolio-content-wrapper\" style=\"border:none;\"><span class=\"entry-title rich-snippet-hidden\">Millesg\u00e5rden<\/span><span class=\"vcard rich-snippet-hidden\"><span class=\"fn\"><a href=\"https:\/\/www.smarttravelers.de\/en\/author\/wp_admin\/\" title=\"Posts by wp_admin\" rel=\"author\">wp_admin<\/a><\/span><\/span><span class=\"updated rich-snippet-hidden\">2024-06-03T12:33:00+02:00<\/span>\n\n<div  class=\"fusion-masonry-element-container fusion-image-wrapper\" style=\"background-image:url(https:\/\/www.smarttravelers.de\/wp-content\/uploads\/2020\/03\/Millesg\u00e5rden2.jpg);padding-top:calc((100% + 20px) * 0.8 - 10px);\" aria-haspopup=\"true\">\n\t\n\t\n\t\n\t\t\n\t\t\t\t\t<img decoding=\"async\" width=\"1440\" height=\"1080\" src=\"https:\/\/www.smarttravelers.de\/wp-content\/uploads\/2020\/03\/Millesg\u00e5rden2.jpg\" class=\"attachment-full size-full wp-post-image\" alt=\"Millesg\u00e5rden Skulpturenpark\" srcset=\"https:\/\/www.smarttravelers.de\/wp-content\/uploads\/2020\/03\/Millesg\u00e5rden2-200x150.jpg 200w, https:\/\/www.smarttravelers.de\/wp-content\/uploads\/2020\/03\/Millesg\u00e5rden2-400x300.jpg 400w, https:\/\/www.smarttravelers.de\/wp-content\/uploads\/2020\/03\/Millesg\u00e5rden2-600x450.jpg 600w, https:\/\/www.smarttravelers.de\/wp-content\/uploads\/2020\/03\/Millesg\u00e5rden2-800x600.jpg 800w, https:\/\/www.smarttravelers.de\/wp-content\/uploads\/2020\/03\/Millesg\u00e5rden2-1200x900.jpg 1200w, https:\/\/www.smarttravelers.de\/wp-content\/uploads\/2020\/03\/Millesg\u00e5rden2.jpg 1440w\" sizes=\"(min-width: 2200px) 100vw, (min-width: 284px) 356px, (min-width: 212px) 284px, (min-width: 140px) 212px, \" \/>\n\t\n\n\t\t<div class=\"fusion-rollover\">\n\t<div class=\"fusion-rollover-content\">\n\n\t\t\t\t\t\t\t\t\t\t\t\t\t\t<a class=\"fusion-rollover-link\" href=\"https:\/\/www.smarttravelers.de\/en\/sights\/schweden\/stockholm\/millesgaarden\/\" target=\"_blank\">Millesg\u00e5rden<\/a>\n\t\t\t\n\t\t\t\t\t\t\t\t\t\t\t\t\t\t\n\t\t\t\t\t\t\t\t\n\t\t\t\t\t\t\t\t\t\t\t\t\t<div class=\"fusion-rollover-sep\"><\/div>\n\t\t\t\t\n\t\t\t\t\t\t\t\t\t\t\t\t\t\t\t\t\t\t<a class=\"fusion-rollover-gallery\" href=\"https:\/\/www.smarttravelers.de\/wp-content\/uploads\/2020\/03\/Millesg\u00e5rden2.jpg\" data-id=\"83666\" data-rel=\"iLightbox[gallery-rw-1]\" data-title=\"Millesg\u00e5rden2\" data-caption=\"\">\n\t\t\t\t\t\tGallery\t\t\t\t\t<\/a>\n\t\t\t\t\t\t\t\t\t\t\t\t\t\t\n\t\t\n\t\t\t\t\t\t\t\t\t\t\t\t<h4 class=\"fusion-rollover-title\">\n\t\t\t\t\t<a class=\"fusion-rollover-title-link\" href=\"https:\/\/www.smarttravelers.de\/en\/sights\/schweden\/stockholm\/millesgaarden\/\" target=\"_blank\">\n\t\t\t\t\t\tMillesg\u00e5rden\t\t\t\t\t<\/a>\n\t\t\t\t<\/h4>\n\t\t\t\n\t\t\t\t\t\t\t\t\n\t\t\n\t\t\t\t\t\t<a class=\"fusion-link-wrapper\" href=\"https:\/\/www.smarttravelers.de\/en\/sights\/schweden\/stockholm\/millesgaarden\/\" target=\"_blank\" aria-label=\"Millesg\u00e5rden\"><\/a>\n\t<\/div>\n<\/div>\n\n\t\n<\/div>\n<\/div><\/article><article id=\"portfolio-1-post-61523\" class=\"fusion-portfolio-post all-in-lisbon viewpoints fusion-col-spacing post-61523 fusion-element-grid\"><div class=\"fusion-portfolio-content-wrapper\" style=\"border:none;\"><span class=\"entry-title rich-snippet-hidden\">Miradouro da Senhora do Monte<\/span><span class=\"vcard rich-snippet-hidden\"><span class=\"fn\"><a href=\"https:\/\/www.smarttravelers.de\/en\/author\/wp_admin\/\" title=\"Posts by wp_admin\" rel=\"author\">wp_admin<\/a><\/span><\/span><span class=\"updated rich-snippet-hidden\">2024-09-03T16:59:46+02:00<\/span>\n\n<div  class=\"fusion-masonry-element-container fusion-image-wrapper\" style=\"background-image:url(https:\/\/www.smarttravelers.de\/wp-content\/uploads\/2019\/01\/Miradouro-da-Senhora-do-Monte2.jpg);padding-top:calc((100% + 20px) * 0.8 - 10px);\" aria-haspopup=\"true\">\n\t\n\t\n\t\n\t\t\n\t\t\t\t\t<img decoding=\"async\" width=\"1200\" height=\"900\" src=\"https:\/\/www.smarttravelers.de\/wp-content\/uploads\/2019\/01\/Miradouro-da-Senhora-do-Monte2.jpg\" class=\"attachment-full size-full wp-post-image\" alt=\"Der Alte J\u00fcdische Friedhof in Prag\" srcset=\"https:\/\/www.smarttravelers.de\/wp-content\/uploads\/2019\/01\/Miradouro-da-Senhora-do-Monte2-200x150.jpg 200w, https:\/\/www.smarttravelers.de\/wp-content\/uploads\/2019\/01\/Miradouro-da-Senhora-do-Monte2-400x300.jpg 400w, https:\/\/www.smarttravelers.de\/wp-content\/uploads\/2019\/01\/Miradouro-da-Senhora-do-Monte2-600x450.jpg 600w, https:\/\/www.smarttravelers.de\/wp-content\/uploads\/2019\/01\/Miradouro-da-Senhora-do-Monte2-800x600.jpg 800w, https:\/\/www.smarttravelers.de\/wp-content\/uploads\/2019\/01\/Miradouro-da-Senhora-do-Monte2.jpg 1200w\" sizes=\"(min-width: 2200px) 100vw, (min-width: 284px) 356px, (min-width: 212px) 284px, (min-width: 140px) 212px, \" \/>\n\t\n\n\t\t<div class=\"fusion-rollover\">\n\t<div class=\"fusion-rollover-content\">\n\n\t\t\t\t\t\t\t\t\t\t\t\t\t\t<a class=\"fusion-rollover-link\" href=\"https:\/\/www.smarttravelers.de\/en\/sights\/portugal\/lisbon\/miradouro-da-senhora-do-monte\/\" target=\"_blank\">Miradouro da Senhora do Monte<\/a>\n\t\t\t\n\t\t\t\t\t\t\t\t\t\t\t\t\t\t\n\t\t\t\t\t\t\t\t\n\t\t\t\t\t\t\t\t\t\t\t\t\t<div class=\"fusion-rollover-sep\"><\/div>\n\t\t\t\t\n\t\t\t\t\t\t\t\t\t\t\t\t\t\t\t\t\t\t<a class=\"fusion-rollover-gallery\" href=\"https:\/\/www.smarttravelers.de\/wp-content\/uploads\/2019\/01\/Miradouro-da-Senhora-do-Monte2.jpg\" data-id=\"61523\" data-rel=\"iLightbox[gallery-rw-1]\" data-title=\"Miradouro da Senhora do Monte2\" data-caption=\"\">\n\t\t\t\t\t\tGallery\t\t\t\t\t<\/a>\n\t\t\t\t\t\t\t\t\t\t\t\t\t\t\n\t\t\n\t\t\t\t\t\t\t\t\t\t\t\t<h4 class=\"fusion-rollover-title\">\n\t\t\t\t\t<a class=\"fusion-rollover-title-link\" href=\"https:\/\/www.smarttravelers.de\/en\/sights\/portugal\/lisbon\/miradouro-da-senhora-do-monte\/\" target=\"_blank\">\n\t\t\t\t\t\tMiradouro da Senhora do Monte\t\t\t\t\t<\/a>\n\t\t\t\t<\/h4>\n\t\t\t\n\t\t\t\t\t\t\t\t\n\t\t\n\t\t\t\t\t\t<a class=\"fusion-link-wrapper\" href=\"https:\/\/www.smarttravelers.de\/en\/sights\/portugal\/lisbon\/miradouro-da-senhora-do-monte\/\" target=\"_blank\" aria-label=\"Miradouro da Senhora do Monte\"><\/a>\n\t<\/div>\n<\/div>\n\n\t\n<\/div>\n<\/div><\/article><article id=\"portfolio-1-post-61519\" class=\"fusion-portfolio-post all-in-lisbon viewpoints fusion-col-spacing post-61519 fusion-element-grid\"><div class=\"fusion-portfolio-content-wrapper\" style=\"border:none;\"><span class=\"entry-title rich-snippet-hidden\">Miradouro de Santa Catarina<\/span><span class=\"vcard rich-snippet-hidden\"><span class=\"fn\"><a href=\"https:\/\/www.smarttravelers.de\/en\/author\/wp_admin\/\" title=\"Posts by wp_admin\" rel=\"author\">wp_admin<\/a><\/span><\/span><span class=\"updated rich-snippet-hidden\">2024-09-03T17:01:47+02:00<\/span>\n\n<div  class=\"fusion-masonry-element-container fusion-image-wrapper\" style=\"background-image:url(https:\/\/www.smarttravelers.de\/wp-content\/uploads\/2019\/01\/Miradouro-de-Santa-Catarina1.jpg);padding-top:calc((100% + 20px) * 0.8 - 10px);\" aria-haspopup=\"true\">\n\t\n\t\n\t\n\t\t\n\t\t\t\t\t<img decoding=\"async\" width=\"1200\" height=\"900\" src=\"https:\/\/www.smarttravelers.de\/wp-content\/uploads\/2019\/01\/Miradouro-de-Santa-Catarina1.jpg\" class=\"attachment-full size-full wp-post-image\" alt=\"Der Alte J\u00fcdische Friedhof in Prag\" srcset=\"https:\/\/www.smarttravelers.de\/wp-content\/uploads\/2019\/01\/Miradouro-de-Santa-Catarina1-200x150.jpg 200w, https:\/\/www.smarttravelers.de\/wp-content\/uploads\/2019\/01\/Miradouro-de-Santa-Catarina1-400x300.jpg 400w, https:\/\/www.smarttravelers.de\/wp-content\/uploads\/2019\/01\/Miradouro-de-Santa-Catarina1-600x450.jpg 600w, https:\/\/www.smarttravelers.de\/wp-content\/uploads\/2019\/01\/Miradouro-de-Santa-Catarina1-800x600.jpg 800w, https:\/\/www.smarttravelers.de\/wp-content\/uploads\/2019\/01\/Miradouro-de-Santa-Catarina1.jpg 1200w\" sizes=\"(min-width: 2200px) 100vw, (min-width: 284px) 356px, (min-width: 212px) 284px, (min-width: 140px) 212px, \" \/>\n\t\n\n\t\t<div class=\"fusion-rollover\">\n\t<div class=\"fusion-rollover-content\">\n\n\t\t\t\t\t\t\t\t\t\t\t\t\t\t<a class=\"fusion-rollover-link\" href=\"https:\/\/www.smarttravelers.de\/en\/sights\/portugal\/lisbon\/miradouro-de-santa-catarina\/\" target=\"_blank\">Miradouro de Santa Catarina<\/a>\n\t\t\t\n\t\t\t\t\t\t\t\t\t\t\t\t\t\t\n\t\t\t\t\t\t\t\t\n\t\t\t\t\t\t\t\t\t\t\t\t\t<div class=\"fusion-rollover-sep\"><\/div>\n\t\t\t\t\n\t\t\t\t\t\t\t\t\t\t\t\t\t\t\t\t\t\t<a class=\"fusion-rollover-gallery\" href=\"https:\/\/www.smarttravelers.de\/wp-content\/uploads\/2019\/01\/Miradouro-de-Santa-Catarina1.jpg\" data-id=\"61519\" data-rel=\"iLightbox[gallery-rw-1]\" data-title=\"Miradouro de Santa Catarina1\" data-caption=\"\">\n\t\t\t\t\t\tGallery\t\t\t\t\t<\/a>\n\t\t\t\t\t\t\t\t\t\t\t\t\t\t\n\t\t\n\t\t\t\t\t\t\t\t\t\t\t\t<h4 class=\"fusion-rollover-title\">\n\t\t\t\t\t<a class=\"fusion-rollover-title-link\" href=\"https:\/\/www.smarttravelers.de\/en\/sights\/portugal\/lisbon\/miradouro-de-santa-catarina\/\" target=\"_blank\">\n\t\t\t\t\t\tMiradouro de Santa Catarina\t\t\t\t\t<\/a>\n\t\t\t\t<\/h4>\n\t\t\t\n\t\t\t\t\t\t\t\t\n\t\t\n\t\t\t\t\t\t<a class=\"fusion-link-wrapper\" href=\"https:\/\/www.smarttravelers.de\/en\/sights\/portugal\/lisbon\/miradouro-de-santa-catarina\/\" target=\"_blank\" aria-label=\"Miradouro de Santa Catarina\"><\/a>\n\t<\/div>\n<\/div>\n\n\t\n<\/div>\n<\/div><\/article><article id=\"portfolio-1-post-61515\" class=\"fusion-portfolio-post all-in-lisbon viewpoints fusion-col-spacing post-61515 fusion-element-grid\"><div class=\"fusion-portfolio-content-wrapper\" style=\"border:none;\"><span class=\"entry-title rich-snippet-hidden\">Miradouro de S\u00e3o Pedro de Alc\u00e2ntara<\/span><span class=\"vcard rich-snippet-hidden\"><span class=\"fn\"><a href=\"https:\/\/www.smarttravelers.de\/en\/author\/wp_admin\/\" title=\"Posts by wp_admin\" rel=\"author\">wp_admin<\/a><\/span><\/span><span class=\"updated rich-snippet-hidden\">2024-09-03T16:56:04+02:00<\/span>\n\n<div  class=\"fusion-masonry-element-container fusion-image-wrapper\" style=\"background-image:url(https:\/\/www.smarttravelers.de\/wp-content\/uploads\/2019\/01\/Miradouro-de-S\u00e3o-Pedro-de-Alc\u00e2ntara1.jpg);padding-top:calc((100% + 20px) * 0.8 - 10px);\" aria-haspopup=\"true\">\n\t\n\t\n\t\n\t\t\n\t\t\t\t\t<img decoding=\"async\" width=\"1200\" height=\"800\" src=\"https:\/\/www.smarttravelers.de\/wp-content\/uploads\/2019\/01\/Miradouro-de-S\u00e3o-Pedro-de-Alc\u00e2ntara1.jpg\" class=\"attachment-full size-full wp-post-image\" alt=\"Blick vom Miradouro de S\u00e3o Pedro de Alc\u00e2ntara auf die Baixa und Alfama\" srcset=\"https:\/\/www.smarttravelers.de\/wp-content\/uploads\/2019\/01\/Miradouro-de-S\u00e3o-Pedro-de-Alc\u00e2ntara1-200x133.jpg 200w, https:\/\/www.smarttravelers.de\/wp-content\/uploads\/2019\/01\/Miradouro-de-S\u00e3o-Pedro-de-Alc\u00e2ntara1-400x267.jpg 400w, https:\/\/www.smarttravelers.de\/wp-content\/uploads\/2019\/01\/Miradouro-de-S\u00e3o-Pedro-de-Alc\u00e2ntara1-600x400.jpg 600w, https:\/\/www.smarttravelers.de\/wp-content\/uploads\/2019\/01\/Miradouro-de-S\u00e3o-Pedro-de-Alc\u00e2ntara1-800x533.jpg 800w, https:\/\/www.smarttravelers.de\/wp-content\/uploads\/2019\/01\/Miradouro-de-S\u00e3o-Pedro-de-Alc\u00e2ntara1.jpg 1200w\" sizes=\"(min-width: 2200px) 100vw, (min-width: 284px) 356px, (min-width: 212px) 284px, (min-width: 140px) 212px, \" \/>\n\t\n\n\t\t<div class=\"fusion-rollover\">\n\t<div class=\"fusion-rollover-content\">\n\n\t\t\t\t\t\t\t\t\t\t\t\t\t\t<a class=\"fusion-rollover-link\" href=\"https:\/\/www.smarttravelers.de\/en\/sights\/portugal\/lisbon\/miradouro-de-sao-pedro-de-alcantara\/\" target=\"_blank\">Miradouro de S\u00e3o Pedro de Alc\u00e2ntara<\/a>\n\t\t\t\n\t\t\t\t\t\t\t\t\t\t\t\t\t\t\n\t\t\t\t\t\t\t\t\n\t\t\t\t\t\t\t\t\t\t\t\t\t<div class=\"fusion-rollover-sep\"><\/div>\n\t\t\t\t\n\t\t\t\t\t\t\t\t\t\t\t\t\t\t\t\t\t\t<a class=\"fusion-rollover-gallery\" href=\"https:\/\/www.smarttravelers.de\/wp-content\/uploads\/2019\/01\/Miradouro-de-S\u00e3o-Pedro-de-Alc\u00e2ntara1.jpg\" data-id=\"61515\" data-rel=\"iLightbox[gallery-rw-1]\" data-title=\"Miradouro de S\u00e3o Pedro de Alc\u00e2ntara1\" data-caption=\"\">\n\t\t\t\t\t\tGallery\t\t\t\t\t<\/a>\n\t\t\t\t\t\t\t\t\t\t\t\t\t\t\n\t\t\n\t\t\t\t\t\t\t\t\t\t\t\t<h4 class=\"fusion-rollover-title\">\n\t\t\t\t\t<a class=\"fusion-rollover-title-link\" href=\"https:\/\/www.smarttravelers.de\/en\/sights\/portugal\/lisbon\/miradouro-de-sao-pedro-de-alcantara\/\" target=\"_blank\">\n\t\t\t\t\t\tMiradouro de S\u00e3o Pedro de Alc\u00e2ntara\t\t\t\t\t<\/a>\n\t\t\t\t<\/h4>\n\t\t\t\n\t\t\t\t\t\t\t\t\n\t\t\n\t\t\t\t\t\t<a class=\"fusion-link-wrapper\" href=\"https:\/\/www.smarttravelers.de\/en\/sights\/portugal\/lisbon\/miradouro-de-sao-pedro-de-alcantara\/\" target=\"_blank\" aria-label=\"Miradouro de S\u00e3o Pedro de Alc\u00e2ntara\"><\/a>\n\t<\/div>\n<\/div>\n\n\t\n<\/div>\n<\/div><\/article><article id=\"portfolio-1-post-83669\" class=\"fusion-portfolio-post alle-in-stockholm-en museums-galleries fusion-col-spacing post-83669 fusion-element-grid\"><div class=\"fusion-portfolio-content-wrapper\" style=\"border:none;\"><span class=\"entry-title rich-snippet-hidden\">Moderna museet<\/span><span class=\"vcard rich-snippet-hidden\"><span class=\"fn\"><a href=\"https:\/\/www.smarttravelers.de\/en\/author\/wp_admin\/\" title=\"Posts by wp_admin\" rel=\"author\">wp_admin<\/a><\/span><\/span><span class=\"updated rich-snippet-hidden\">2024-06-03T12:35:24+02:00<\/span>\n\n<div  class=\"fusion-masonry-element-container fusion-image-wrapper\" style=\"background-image:url(https:\/\/www.smarttravelers.de\/wp-content\/uploads\/2020\/03\/Moderna-Museet1.jpg);padding-top:calc((100% + 20px) * 0.8 - 10px);\" aria-haspopup=\"true\">\n\t\n\t\n\t\n\t\t\n\t\t\t\t\t<img decoding=\"async\" width=\"1510\" height=\"1080\" src=\"https:\/\/www.smarttravelers.de\/wp-content\/uploads\/2020\/03\/Moderna-Museet1.jpg\" class=\"attachment-full size-full wp-post-image\" alt=\"Moderna museet Ausstellungsraum\" srcset=\"https:\/\/www.smarttravelers.de\/wp-content\/uploads\/2020\/03\/Moderna-Museet1-200x143.jpg 200w, https:\/\/www.smarttravelers.de\/wp-content\/uploads\/2020\/03\/Moderna-Museet1-400x286.jpg 400w, https:\/\/www.smarttravelers.de\/wp-content\/uploads\/2020\/03\/Moderna-Museet1-600x429.jpg 600w, https:\/\/www.smarttravelers.de\/wp-content\/uploads\/2020\/03\/Moderna-Museet1-800x572.jpg 800w, https:\/\/www.smarttravelers.de\/wp-content\/uploads\/2020\/03\/Moderna-Museet1-1200x858.jpg 1200w, https:\/\/www.smarttravelers.de\/wp-content\/uploads\/2020\/03\/Moderna-Museet1.jpg 1510w\" sizes=\"(min-width: 2200px) 100vw, (min-width: 284px) 356px, (min-width: 212px) 284px, (min-width: 140px) 212px, \" \/>\n\t\n\n\t\t<div class=\"fusion-rollover\">\n\t<div class=\"fusion-rollover-content\">\n\n\t\t\t\t\t\t\t\t\t\t\t\t\t\t<a class=\"fusion-rollover-link\" href=\"https:\/\/www.smarttravelers.de\/en\/sights\/schweden\/stockholm\/moderna-museet\/\" target=\"_blank\">Moderna museet<\/a>\n\t\t\t\n\t\t\t\t\t\t\t\t\t\t\t\t\t\t\n\t\t\t\t\t\t\t\t\n\t\t\t\t\t\t\t\t\t\t\t\t\t<div class=\"fusion-rollover-sep\"><\/div>\n\t\t\t\t\n\t\t\t\t\t\t\t\t\t\t\t\t\t\t\t\t\t\t<a class=\"fusion-rollover-gallery\" href=\"https:\/\/www.smarttravelers.de\/wp-content\/uploads\/2020\/03\/Moderna-Museet1.jpg\" data-id=\"83669\" data-rel=\"iLightbox[gallery-rw-1]\" data-title=\"Moderna Museet1\" data-caption=\"\">\n\t\t\t\t\t\tGallery\t\t\t\t\t<\/a>\n\t\t\t\t\t\t\t\t\t\t\t\t\t\t\n\t\t\n\t\t\t\t\t\t\t\t\t\t\t\t<h4 class=\"fusion-rollover-title\">\n\t\t\t\t\t<a class=\"fusion-rollover-title-link\" href=\"https:\/\/www.smarttravelers.de\/en\/sights\/schweden\/stockholm\/moderna-museet\/\" target=\"_blank\">\n\t\t\t\t\t\tModerna museet\t\t\t\t\t<\/a>\n\t\t\t\t<\/h4>\n\t\t\t\n\t\t\t\t\t\t\t\t\n\t\t\n\t\t\t\t\t\t<a class=\"fusion-link-wrapper\" href=\"https:\/\/www.smarttravelers.de\/en\/sights\/schweden\/stockholm\/moderna-museet\/\" target=\"_blank\" aria-label=\"Moderna museet\"><\/a>\n\t<\/div>\n<\/div>\n\n\t\n<\/div>\n<\/div><\/article><article id=\"portfolio-1-post-61544\" class=\"fusion-portfolio-post all-in-lisbon churches-monasteries highlights-en fusion-col-spacing post-61544 fusion-element-landscape\"><div class=\"fusion-portfolio-content-wrapper\" style=\"border:none;\"><span class=\"entry-title rich-snippet-hidden\">Monastery of S\u00e3o Vicente de Fora<\/span><span class=\"vcard rich-snippet-hidden\"><span class=\"fn\"><a href=\"https:\/\/www.smarttravelers.de\/en\/author\/wp_admin\/\" title=\"Posts by wp_admin\" rel=\"author\">wp_admin<\/a><\/span><\/span><span class=\"updated rich-snippet-hidden\">2024-09-04T23:42:36+02:00<\/span>\n\n<div  class=\"fusion-masonry-element-container fusion-image-wrapper\" style=\"background-image:url(https:\/\/www.smarttravelers.de\/wp-content\/uploads\/2019\/01\/Kloster-S\u00e3o-Vicente-de-Fora1.jpg);padding-top:calc((100% + 20px) * 0.4 - 10px);\" aria-haspopup=\"true\">\n\t\n\t\n\t\n\t\t\n\t\t\t\t\t<img decoding=\"async\" width=\"1200\" height=\"671\" src=\"https:\/\/www.smarttravelers.de\/wp-content\/uploads\/2019\/01\/Kloster-S\u00e3o-Vicente-de-Fora1.jpg\" class=\"attachment-full size-full wp-post-image\" alt=\"Luftbild des Klosters S\u00e3o Vicente de Fora\" srcset=\"https:\/\/www.smarttravelers.de\/wp-content\/uploads\/2019\/01\/Kloster-S\u00e3o-Vicente-de-Fora1-200x112.jpg 200w, https:\/\/www.smarttravelers.de\/wp-content\/uploads\/2019\/01\/Kloster-S\u00e3o-Vicente-de-Fora1-400x224.jpg 400w, https:\/\/www.smarttravelers.de\/wp-content\/uploads\/2019\/01\/Kloster-S\u00e3o-Vicente-de-Fora1-600x336.jpg 600w, https:\/\/www.smarttravelers.de\/wp-content\/uploads\/2019\/01\/Kloster-S\u00e3o-Vicente-de-Fora1-800x447.jpg 800w, https:\/\/www.smarttravelers.de\/wp-content\/uploads\/2019\/01\/Kloster-S\u00e3o-Vicente-de-Fora1.jpg 1200w\" sizes=\"(min-width: 2200px) 100vw, (min-width: 140px) 1920px, \" \/>\n\t\n\n\t\t<div class=\"fusion-rollover\">\n\t<div class=\"fusion-rollover-content\">\n\n\t\t\t\t\t\t\t\t\t\t\t\t\t\t<a class=\"fusion-rollover-link\" href=\"https:\/\/www.smarttravelers.de\/en\/sights\/portugal\/lisbon\/monastery-of-sao-vicente-da-fora\/\" target=\"_blank\">Monastery of S\u00e3o Vicente de Fora<\/a>\n\t\t\t\n\t\t\t\t\t\t\t\t\t\t\t\t\t\t\n\t\t\t\t\t\t\t\t\n\t\t\t\t\t\t\t\t\t\t\t\t\t<div class=\"fusion-rollover-sep\"><\/div>\n\t\t\t\t\n\t\t\t\t\t\t\t\t\t\t\t\t\t\t\t\t\t\t<a class=\"fusion-rollover-gallery\" href=\"https:\/\/www.smarttravelers.de\/wp-content\/uploads\/2019\/01\/Kloster-S\u00e3o-Vicente-de-Fora1.jpg\" data-id=\"61544\" data-rel=\"iLightbox[gallery-rw-1]\" data-title=\"Kloster S\u00e3o Vicente de Fora1\" data-caption=\"\">\n\t\t\t\t\t\tGallery\t\t\t\t\t<\/a>\n\t\t\t\t\t\t\t\t\t\t\t\t\t\t\n\t\t\n\t\t\t\t\t\t\t\t\t\t\t\t<h4 class=\"fusion-rollover-title\">\n\t\t\t\t\t<a class=\"fusion-rollover-title-link\" href=\"https:\/\/www.smarttravelers.de\/en\/sights\/portugal\/lisbon\/monastery-of-sao-vicente-da-fora\/\" target=\"_blank\">\n\t\t\t\t\t\tMonastery of S\u00e3o Vicente de Fora\t\t\t\t\t<\/a>\n\t\t\t\t<\/h4>\n\t\t\t\n\t\t\t\t\t\t\t\t\n\t\t\n\t\t\t\t\t\t<a class=\"fusion-link-wrapper\" href=\"https:\/\/www.smarttravelers.de\/en\/sights\/portugal\/lisbon\/monastery-of-sao-vicente-da-fora\/\" target=\"_blank\" aria-label=\"Monastery of S\u00e3o Vicente de Fora\"><\/a>\n\t<\/div>\n<\/div>\n\n\t\n<\/div>\n<\/div><\/article><article id=\"portfolio-1-post-83677\" class=\"fusion-portfolio-post alle-in-stockholm-en streets-squares viewpoints fusion-col-spacing post-83677 fusion-element-grid\"><div class=\"fusion-portfolio-content-wrapper\" style=\"border:none;\"><span class=\"entry-title rich-snippet-hidden\">Monteliusv\u00e4gen<\/span><span class=\"vcard rich-snippet-hidden\"><span class=\"fn\"><a href=\"https:\/\/www.smarttravelers.de\/en\/author\/wp_admin\/\" title=\"Posts by wp_admin\" rel=\"author\">wp_admin<\/a><\/span><\/span><span class=\"updated rich-snippet-hidden\">2024-06-03T12:38:40+02:00<\/span>\n\n<div  class=\"fusion-masonry-element-container fusion-image-wrapper\" style=\"background-image:url(https:\/\/www.smarttravelers.de\/wp-content\/uploads\/2020\/03\/Monteliusv\u00e4gen2.jpg);padding-top:calc((100% + 20px) * 0.8 - 10px);\" aria-haspopup=\"true\">\n\t\n\t\n\t\n\t\t\n\t\t\t\t\t<img decoding=\"async\" width=\"1652\" height=\"1080\" src=\"https:\/\/www.smarttravelers.de\/wp-content\/uploads\/2020\/03\/Monteliusv\u00e4gen2.jpg\" class=\"attachment-full size-full wp-post-image\" alt=\"Aussicht vom Monteliusv\u00e4gen\" srcset=\"https:\/\/www.smarttravelers.de\/wp-content\/uploads\/2020\/03\/Monteliusv\u00e4gen2-200x131.jpg 200w, https:\/\/www.smarttravelers.de\/wp-content\/uploads\/2020\/03\/Monteliusv\u00e4gen2-400x262.jpg 400w, https:\/\/www.smarttravelers.de\/wp-content\/uploads\/2020\/03\/Monteliusv\u00e4gen2-600x392.jpg 600w, https:\/\/www.smarttravelers.de\/wp-content\/uploads\/2020\/03\/Monteliusv\u00e4gen2-800x523.jpg 800w, https:\/\/www.smarttravelers.de\/wp-content\/uploads\/2020\/03\/Monteliusv\u00e4gen2-1200x785.jpg 1200w, https:\/\/www.smarttravelers.de\/wp-content\/uploads\/2020\/03\/Monteliusv\u00e4gen2.jpg 1652w\" sizes=\"(min-width: 2200px) 100vw, (min-width: 284px) 356px, (min-width: 212px) 284px, (min-width: 140px) 212px, \" \/>\n\t\n\n\t\t<div class=\"fusion-rollover\">\n\t<div class=\"fusion-rollover-content\">\n\n\t\t\t\t\t\t\t\t\t\t\t\t\t\t<a class=\"fusion-rollover-link\" href=\"https:\/\/www.smarttravelers.de\/en\/sights\/schweden\/stockholm\/monteliusvaegen\/\" target=\"_blank\">Monteliusv\u00e4gen<\/a>\n\t\t\t\n\t\t\t\t\t\t\t\t\t\t\t\t\t\t\n\t\t\t\t\t\t\t\t\n\t\t\t\t\t\t\t\t\t\t\t\t\t<div class=\"fusion-rollover-sep\"><\/div>\n\t\t\t\t\n\t\t\t\t\t\t\t\t\t\t\t\t\t\t\t\t\t\t<a class=\"fusion-rollover-gallery\" href=\"https:\/\/www.smarttravelers.de\/wp-content\/uploads\/2020\/03\/Monteliusv\u00e4gen2.jpg\" data-id=\"83677\" data-rel=\"iLightbox[gallery-rw-1]\" data-title=\"Monteliusv\u00e4gen2\" data-caption=\"\">\n\t\t\t\t\t\tGallery\t\t\t\t\t<\/a>\n\t\t\t\t\t\t\t\t\t\t\t\t\t\t\n\t\t\n\t\t\t\t\t\t\t\t\t\t\t\t<h4 class=\"fusion-rollover-title\">\n\t\t\t\t\t<a class=\"fusion-rollover-title-link\" href=\"https:\/\/www.smarttravelers.de\/en\/sights\/schweden\/stockholm\/monteliusvaegen\/\" target=\"_blank\">\n\t\t\t\t\t\tMonteliusv\u00e4gen\t\t\t\t\t<\/a>\n\t\t\t\t<\/h4>\n\t\t\t\n\t\t\t\t\t\t\t\t\n\t\t\n\t\t\t\t\t\t<a class=\"fusion-link-wrapper\" href=\"https:\/\/www.smarttravelers.de\/en\/sights\/schweden\/stockholm\/monteliusvaegen\/\" target=\"_blank\" aria-label=\"Monteliusv\u00e4gen\"><\/a>\n\t<\/div>\n<\/div>\n\n\t\n<\/div>\n<\/div><\/article><article id=\"portfolio-1-post-61489\" class=\"fusion-portfolio-post all-in-lisbon museums-galleries fusion-col-spacing post-61489 fusion-element-grid\"><div class=\"fusion-portfolio-content-wrapper\" style=\"border:none;\"><span class=\"entry-title rich-snippet-hidden\">Museum of Art, Architecture and Technology<\/span><span class=\"vcard rich-snippet-hidden\"><span class=\"fn\"><a href=\"https:\/\/www.smarttravelers.de\/en\/author\/wp_admin\/\" title=\"Posts by wp_admin\" rel=\"author\">wp_admin<\/a><\/span><\/span><span class=\"updated rich-snippet-hidden\">2024-08-29T23:51:29+02:00<\/span>\n\n<div  class=\"fusion-masonry-element-container fusion-image-wrapper\" style=\"background-image:url(https:\/\/www.smarttravelers.de\/wp-content\/uploads\/2019\/01\/Museu-de-Arte-Arquitetura-e-Tecnologia1.jpg);padding-top:calc((100% + 20px) * 0.8 - 10px);\" aria-haspopup=\"true\">\n\t\n\t\n\t\n\t\t\n\t\t\t\t\t<img decoding=\"async\" width=\"1200\" height=\"800\" src=\"https:\/\/www.smarttravelers.de\/wp-content\/uploads\/2019\/01\/Museu-de-Arte-Arquitetura-e-Tecnologia1.jpg\" class=\"attachment-full size-full wp-post-image\" alt=\"Das Dach des Museu de Arte, Arquitetura e Tecnologia\" srcset=\"https:\/\/www.smarttravelers.de\/wp-content\/uploads\/2019\/01\/Museu-de-Arte-Arquitetura-e-Tecnologia1-200x133.jpg 200w, https:\/\/www.smarttravelers.de\/wp-content\/uploads\/2019\/01\/Museu-de-Arte-Arquitetura-e-Tecnologia1-400x267.jpg 400w, https:\/\/www.smarttravelers.de\/wp-content\/uploads\/2019\/01\/Museu-de-Arte-Arquitetura-e-Tecnologia1-600x400.jpg 600w, https:\/\/www.smarttravelers.de\/wp-content\/uploads\/2019\/01\/Museu-de-Arte-Arquitetura-e-Tecnologia1-800x533.jpg 800w, https:\/\/www.smarttravelers.de\/wp-content\/uploads\/2019\/01\/Museu-de-Arte-Arquitetura-e-Tecnologia1.jpg 1200w\" sizes=\"(min-width: 2200px) 100vw, (min-width: 284px) 356px, (min-width: 212px) 284px, (min-width: 140px) 212px, \" \/>\n\t\n\n\t\t<div class=\"fusion-rollover\">\n\t<div class=\"fusion-rollover-content\">\n\n\t\t\t\t\t\t\t\t\t\t\t\t\t\t<a class=\"fusion-rollover-link\" href=\"https:\/\/www.smarttravelers.de\/en\/sights\/portugal\/lisbon\/museum-of-art-architecture-and-technology\/\" target=\"_blank\">Museum of Art, Architecture and Technology<\/a>\n\t\t\t\n\t\t\t\t\t\t\t\t\t\t\t\t\t\t\n\t\t\t\t\t\t\t\t\n\t\t\t\t\t\t\t\t\t\t\t\t\t<div class=\"fusion-rollover-sep\"><\/div>\n\t\t\t\t\n\t\t\t\t\t\t\t\t\t\t\t\t\t\t\t\t\t\t<a class=\"fusion-rollover-gallery\" href=\"https:\/\/www.smarttravelers.de\/wp-content\/uploads\/2019\/01\/Museu-de-Arte-Arquitetura-e-Tecnologia1.jpg\" data-id=\"61489\" data-rel=\"iLightbox[gallery-rw-1]\" data-title=\"Museu de Arte, Arquitetura e Tecnologia1\" data-caption=\"\">\n\t\t\t\t\t\tGallery\t\t\t\t\t<\/a>\n\t\t\t\t\t\t\t\t\t\t\t\t\t\t\n\t\t\n\t\t\t\t\t\t\t\t\t\t\t\t<h4 class=\"fusion-rollover-title\">\n\t\t\t\t\t<a class=\"fusion-rollover-title-link\" href=\"https:\/\/www.smarttravelers.de\/en\/sights\/portugal\/lisbon\/museum-of-art-architecture-and-technology\/\" target=\"_blank\">\n\t\t\t\t\t\tMuseum of Art, Architecture and Technology\t\t\t\t\t<\/a>\n\t\t\t\t<\/h4>\n\t\t\t\n\t\t\t\t\t\t\t\t\n\t\t\n\t\t\t\t\t\t<a class=\"fusion-link-wrapper\" href=\"https:\/\/www.smarttravelers.de\/en\/sights\/portugal\/lisbon\/museum-of-art-architecture-and-technology\/\" target=\"_blank\" aria-label=\"Museum of Art, Architecture and Technology\"><\/a>\n\t<\/div>\n<\/div>\n\n\t\n<\/div>\n<\/div><\/article><article id=\"portfolio-1-post-83766\" class=\"fusion-portfolio-post alle-in-stockholm-en museums-galleries fusion-col-spacing post-83766 fusion-element-grid\"><div class=\"fusion-portfolio-content-wrapper\" style=\"border:none;\"><span class=\"entry-title rich-snippet-hidden\">Museum of Medieval Stockholm<\/span><span class=\"vcard rich-snippet-hidden\"><span class=\"fn\"><a href=\"https:\/\/www.smarttravelers.de\/en\/author\/wp_admin\/\" title=\"Posts by wp_admin\" rel=\"author\">wp_admin<\/a><\/span><\/span><span class=\"updated rich-snippet-hidden\">2024-06-04T14:03:28+02:00<\/span>\n\n<div  class=\"fusion-masonry-element-container fusion-image-wrapper\" style=\"background-image:url(https:\/\/www.smarttravelers.de\/wp-content\/uploads\/2020\/03\/Stockholms-medeltidsmuseum3.jpg);padding-top:calc((100% + 20px) * 0.8 - 10px);\" aria-haspopup=\"true\">\n\t\n\t\n\t\n\t\t\n\t\t\t\t\t<img decoding=\"async\" width=\"1620\" height=\"1080\" src=\"https:\/\/www.smarttravelers.de\/wp-content\/uploads\/2020\/03\/Stockholms-medeltidsmuseum3.jpg\" class=\"attachment-full size-full wp-post-image\" alt=\"Exponate in Stockholms Medeltidsmuseum\" srcset=\"https:\/\/www.smarttravelers.de\/wp-content\/uploads\/2020\/03\/Stockholms-medeltidsmuseum3-200x133.jpg 200w, https:\/\/www.smarttravelers.de\/wp-content\/uploads\/2020\/03\/Stockholms-medeltidsmuseum3-400x267.jpg 400w, https:\/\/www.smarttravelers.de\/wp-content\/uploads\/2020\/03\/Stockholms-medeltidsmuseum3-600x400.jpg 600w, https:\/\/www.smarttravelers.de\/wp-content\/uploads\/2020\/03\/Stockholms-medeltidsmuseum3-800x533.jpg 800w, https:\/\/www.smarttravelers.de\/wp-content\/uploads\/2020\/03\/Stockholms-medeltidsmuseum3-1200x800.jpg 1200w, https:\/\/www.smarttravelers.de\/wp-content\/uploads\/2020\/03\/Stockholms-medeltidsmuseum3.jpg 1620w\" sizes=\"(min-width: 2200px) 100vw, (min-width: 284px) 356px, (min-width: 212px) 284px, (min-width: 140px) 212px, \" \/>\n\t\n\n\t\t<div class=\"fusion-rollover\">\n\t<div class=\"fusion-rollover-content\">\n\n\t\t\t\t\t\t\t\t\t\t\t\t\t\t<a class=\"fusion-rollover-link\" href=\"https:\/\/www.smarttravelers.de\/en\/sights\/schweden\/stockholm\/stockholms-medeltidsmuseum\/\" target=\"_blank\">Museum of Medieval Stockholm<\/a>\n\t\t\t\n\t\t\t\t\t\t\t\t\t\t\t\t\t\t\n\t\t\t\t\t\t\t\t\n\t\t\t\t\t\t\t\t\t\t\t\t\t<div class=\"fusion-rollover-sep\"><\/div>\n\t\t\t\t\n\t\t\t\t\t\t\t\t\t\t\t\t\t\t\t\t\t\t<a class=\"fusion-rollover-gallery\" href=\"https:\/\/www.smarttravelers.de\/wp-content\/uploads\/2020\/03\/Stockholms-medeltidsmuseum3.jpg\" data-id=\"83766\" data-rel=\"iLightbox[gallery-rw-1]\" data-title=\"Stockholms medeltidsmuseum3\" data-caption=\"\">\n\t\t\t\t\t\tGallery\t\t\t\t\t<\/a>\n\t\t\t\t\t\t\t\t\t\t\t\t\t\t\n\t\t\n\t\t\t\t\t\t\t\t\t\t\t\t<h4 class=\"fusion-rollover-title\">\n\t\t\t\t\t<a class=\"fusion-rollover-title-link\" href=\"https:\/\/www.smarttravelers.de\/en\/sights\/schweden\/stockholm\/stockholms-medeltidsmuseum\/\" target=\"_blank\">\n\t\t\t\t\t\tMuseum of Medieval Stockholm\t\t\t\t\t<\/a>\n\t\t\t\t<\/h4>\n\t\t\t\n\t\t\t\t\t\t\t\t\n\t\t\n\t\t\t\t\t\t<a class=\"fusion-link-wrapper\" href=\"https:\/\/www.smarttravelers.de\/en\/sights\/schweden\/stockholm\/stockholms-medeltidsmuseum\/\" target=\"_blank\" aria-label=\"Museum of Medieval Stockholm\"><\/a>\n\t<\/div>\n<\/div>\n\n\t\n<\/div>\n<\/div><\/article><article id=\"portfolio-1-post-61471\" class=\"fusion-portfolio-post all-in-lisbon museums-galleries fusion-col-spacing post-61471 fusion-element-grid\"><div class=\"fusion-portfolio-content-wrapper\" style=\"border:none;\"><span class=\"entry-title rich-snippet-hidden\">National Archaeology Museum<\/span><span class=\"vcard rich-snippet-hidden\"><span class=\"fn\"><a href=\"https:\/\/www.smarttravelers.de\/en\/author\/wp_admin\/\" title=\"Posts by wp_admin\" rel=\"author\">wp_admin<\/a><\/span><\/span><span class=\"updated rich-snippet-hidden\">2024-08-26T23:07:20+02:00<\/span>\n\n<div  class=\"fusion-masonry-element-container fusion-image-wrapper\" style=\"background-image:url(https:\/\/www.smarttravelers.de\/wp-content\/uploads\/2019\/01\/Museu-Nacional-de-Arqueologia1.jpg);padding-top:calc((100% + 20px) * 0.8 - 10px);\" aria-haspopup=\"true\">\n\t\n\t\n\t\n\t\t\n\t\t\t\t\t<img decoding=\"async\" width=\"1200\" height=\"801\" src=\"https:\/\/www.smarttravelers.de\/wp-content\/uploads\/2019\/01\/Museu-Nacional-de-Arqueologia1.jpg\" class=\"attachment-full size-full wp-post-image\" alt=\"Skulpturen im Mosteiro dos Jer\u00f3nimos\" srcset=\"https:\/\/www.smarttravelers.de\/wp-content\/uploads\/2019\/01\/Museu-Nacional-de-Arqueologia1-200x134.jpg 200w, https:\/\/www.smarttravelers.de\/wp-content\/uploads\/2019\/01\/Museu-Nacional-de-Arqueologia1-400x267.jpg 400w, https:\/\/www.smarttravelers.de\/wp-content\/uploads\/2019\/01\/Museu-Nacional-de-Arqueologia1-600x401.jpg 600w, https:\/\/www.smarttravelers.de\/wp-content\/uploads\/2019\/01\/Museu-Nacional-de-Arqueologia1-800x534.jpg 800w, https:\/\/www.smarttravelers.de\/wp-content\/uploads\/2019\/01\/Museu-Nacional-de-Arqueologia1.jpg 1200w\" sizes=\"(min-width: 2200px) 100vw, (min-width: 284px) 356px, (min-width: 212px) 284px, (min-width: 140px) 212px, \" \/>\n\t\n\n\t\t<div class=\"fusion-rollover\">\n\t<div class=\"fusion-rollover-content\">\n\n\t\t\t\t\t\t\t\t\t\t\t\t\t\t<a class=\"fusion-rollover-link\" href=\"https:\/\/www.smarttravelers.de\/en\/sights\/portugal\/lisbon\/national-archaeology-museum\/\" target=\"_blank\">National Archaeology Museum<\/a>\n\t\t\t\n\t\t\t\t\t\t\t\t\t\t\t\t\t\t\n\t\t\t\t\t\t\t\t\n\t\t\t\t\t\t\t\t\t\t\t\t\t<div class=\"fusion-rollover-sep\"><\/div>\n\t\t\t\t\n\t\t\t\t\t\t\t\t\t\t\t\t\t\t\t\t\t\t<a class=\"fusion-rollover-gallery\" href=\"https:\/\/www.smarttravelers.de\/wp-content\/uploads\/2019\/01\/Museu-Nacional-de-Arqueologia1.jpg\" data-id=\"61471\" data-rel=\"iLightbox[gallery-rw-1]\" data-title=\"Museu Nacional de Arqueologia1\" data-caption=\"\">\n\t\t\t\t\t\tGallery\t\t\t\t\t<\/a>\n\t\t\t\t\t\t\t\t\t\t\t\t\t\t\n\t\t\n\t\t\t\t\t\t\t\t\t\t\t\t<h4 class=\"fusion-rollover-title\">\n\t\t\t\t\t<a class=\"fusion-rollover-title-link\" href=\"https:\/\/www.smarttravelers.de\/en\/sights\/portugal\/lisbon\/national-archaeology-museum\/\" target=\"_blank\">\n\t\t\t\t\t\tNational Archaeology Museum\t\t\t\t\t<\/a>\n\t\t\t\t<\/h4>\n\t\t\t\n\t\t\t\t\t\t\t\t\n\t\t\n\t\t\t\t\t\t<a class=\"fusion-link-wrapper\" href=\"https:\/\/www.smarttravelers.de\/en\/sights\/portugal\/lisbon\/national-archaeology-museum\/\" target=\"_blank\" aria-label=\"National Archaeology Museum\"><\/a>\n\t<\/div>\n<\/div>\n\n\t\n<\/div>\n<\/div><\/article><article id=\"portfolio-1-post-61456\" class=\"fusion-portfolio-post all-in-lisbon museums-galleries fusion-col-spacing post-61456 fusion-element-grid\"><div class=\"fusion-portfolio-content-wrapper\" style=\"border:none;\"><span class=\"entry-title rich-snippet-hidden\">National Coach Museum<\/span><span class=\"vcard rich-snippet-hidden\"><span class=\"fn\"><a href=\"https:\/\/www.smarttravelers.de\/en\/author\/wp_admin\/\" title=\"Posts by wp_admin\" rel=\"author\">wp_admin<\/a><\/span><\/span><span class=\"updated rich-snippet-hidden\">2024-08-26T22:47:54+02:00<\/span>\n\n<div  class=\"fusion-masonry-element-container fusion-image-wrapper\" style=\"background-image:url(https:\/\/www.smarttravelers.de\/wp-content\/uploads\/2019\/01\/Museu-Nacional-dos-Coches1.jpg);padding-top:calc((100% + 20px) * 0.8 - 10px);\" aria-haspopup=\"true\">\n\t\n\t\n\t\n\t\t\n\t\t\t\t\t<img decoding=\"async\" width=\"1199\" height=\"900\" src=\"https:\/\/www.smarttravelers.de\/wp-content\/uploads\/2019\/01\/Museu-Nacional-dos-Coches1.jpg\" class=\"attachment-full size-full wp-post-image\" alt=\"Die Kutschensammlung im Museu Nacional dos Coches\" srcset=\"https:\/\/www.smarttravelers.de\/wp-content\/uploads\/2019\/01\/Museu-Nacional-dos-Coches1-200x150.jpg 200w, https:\/\/www.smarttravelers.de\/wp-content\/uploads\/2019\/01\/Museu-Nacional-dos-Coches1-400x300.jpg 400w, https:\/\/www.smarttravelers.de\/wp-content\/uploads\/2019\/01\/Museu-Nacional-dos-Coches1-600x450.jpg 600w, https:\/\/www.smarttravelers.de\/wp-content\/uploads\/2019\/01\/Museu-Nacional-dos-Coches1-800x601.jpg 800w, https:\/\/www.smarttravelers.de\/wp-content\/uploads\/2019\/01\/Museu-Nacional-dos-Coches1.jpg 1199w\" sizes=\"(min-width: 2200px) 100vw, (min-width: 284px) 356px, (min-width: 212px) 284px, (min-width: 140px) 212px, \" \/>\n\t\n\n\t\t<div class=\"fusion-rollover\">\n\t<div class=\"fusion-rollover-content\">\n\n\t\t\t\t\t\t\t\t\t\t\t\t\t\t<a class=\"fusion-rollover-link\" href=\"https:\/\/www.smarttravelers.de\/en\/sights\/portugal\/lisbon\/national-coach-museum\/\" target=\"_blank\">National Coach Museum<\/a>\n\t\t\t\n\t\t\t\t\t\t\t\t\t\t\t\t\t\t\n\t\t\t\t\t\t\t\t\n\t\t\t\t\t\t\t\t\t\t\t\t\t<div class=\"fusion-rollover-sep\"><\/div>\n\t\t\t\t\n\t\t\t\t\t\t\t\t\t\t\t\t\t\t\t\t\t\t<a class=\"fusion-rollover-gallery\" href=\"https:\/\/www.smarttravelers.de\/wp-content\/uploads\/2019\/01\/Museu-Nacional-dos-Coches1.jpg\" data-id=\"61456\" data-rel=\"iLightbox[gallery-rw-1]\" data-title=\"Museu Nacional dos Coches1\" data-caption=\"\">\n\t\t\t\t\t\tGallery\t\t\t\t\t<\/a>\n\t\t\t\t\t\t\t\t\t\t\t\t\t\t\n\t\t\n\t\t\t\t\t\t\t\t\t\t\t\t<h4 class=\"fusion-rollover-title\">\n\t\t\t\t\t<a class=\"fusion-rollover-title-link\" href=\"https:\/\/www.smarttravelers.de\/en\/sights\/portugal\/lisbon\/national-coach-museum\/\" target=\"_blank\">\n\t\t\t\t\t\tNational Coach Museum\t\t\t\t\t<\/a>\n\t\t\t\t<\/h4>\n\t\t\t\n\t\t\t\t\t\t\t\t\n\t\t\n\t\t\t\t\t\t<a class=\"fusion-link-wrapper\" href=\"https:\/\/www.smarttravelers.de\/en\/sights\/portugal\/lisbon\/national-coach-museum\/\" target=\"_blank\" aria-label=\"National Coach Museum\"><\/a>\n\t<\/div>\n<\/div>\n\n\t\n<\/div>\n<\/div><\/article><article id=\"portfolio-1-post-61461\" class=\"fusion-portfolio-post all-in-lisbon museums-galleries fusion-col-spacing post-61461 fusion-element-grid\"><div class=\"fusion-portfolio-content-wrapper\" style=\"border:none;\"><span class=\"entry-title rich-snippet-hidden\">National Museum of Ancient Art<\/span><span class=\"vcard rich-snippet-hidden\"><span class=\"fn\"><a href=\"https:\/\/www.smarttravelers.de\/en\/author\/wp_admin\/\" title=\"Posts by wp_admin\" rel=\"author\">wp_admin<\/a><\/span><\/span><span class=\"updated rich-snippet-hidden\">2024-08-26T22:55:47+02:00<\/span>\n\n<div  class=\"fusion-masonry-element-container fusion-image-wrapper\" style=\"background-image:url(https:\/\/www.smarttravelers.de\/wp-content\/uploads\/2019\/01\/Museu-Nacional-de-Arte-Antiga3.jpg);padding-top:calc((100% + 20px) * 0.8 - 10px);\" aria-haspopup=\"true\">\n\t\n\t\n\t\n\t\t\n\t\t\t\t\t<img decoding=\"async\" width=\"1200\" height=\"767\" src=\"https:\/\/www.smarttravelers.de\/wp-content\/uploads\/2019\/01\/Museu-Nacional-de-Arte-Antiga3.jpg\" class=\"attachment-full size-full wp-post-image\" alt=\"Skulpturen im Museu Nacional de Arte Antiga\" srcset=\"https:\/\/www.smarttravelers.de\/wp-content\/uploads\/2019\/01\/Museu-Nacional-de-Arte-Antiga3-200x128.jpg 200w, https:\/\/www.smarttravelers.de\/wp-content\/uploads\/2019\/01\/Museu-Nacional-de-Arte-Antiga3-400x256.jpg 400w, https:\/\/www.smarttravelers.de\/wp-content\/uploads\/2019\/01\/Museu-Nacional-de-Arte-Antiga3-600x384.jpg 600w, https:\/\/www.smarttravelers.de\/wp-content\/uploads\/2019\/01\/Museu-Nacional-de-Arte-Antiga3-800x511.jpg 800w, https:\/\/www.smarttravelers.de\/wp-content\/uploads\/2019\/01\/Museu-Nacional-de-Arte-Antiga3.jpg 1200w\" sizes=\"(min-width: 2200px) 100vw, (min-width: 284px) 356px, (min-width: 212px) 284px, (min-width: 140px) 212px, \" \/>\n\t\n\n\t\t<div class=\"fusion-rollover\">\n\t<div class=\"fusion-rollover-content\">\n\n\t\t\t\t\t\t\t\t\t\t\t\t\t\t<a class=\"fusion-rollover-link\" href=\"https:\/\/www.smarttravelers.de\/en\/sights\/portugal\/lisbon\/national-museum-of-ancient-art\/\" target=\"_blank\">National Museum of Ancient Art<\/a>\n\t\t\t\n\t\t\t\t\t\t\t\t\t\t\t\t\t\t\n\t\t\t\t\t\t\t\t\n\t\t\t\t\t\t\t\t\t\t\t\t\t<div class=\"fusion-rollover-sep\"><\/div>\n\t\t\t\t\n\t\t\t\t\t\t\t\t\t\t\t\t\t\t\t\t\t\t<a class=\"fusion-rollover-gallery\" href=\"https:\/\/www.smarttravelers.de\/wp-content\/uploads\/2019\/01\/Museu-Nacional-de-Arte-Antiga3.jpg\" data-id=\"61461\" data-rel=\"iLightbox[gallery-rw-1]\" data-title=\"Museu Nacional de Arte Antiga3\" data-caption=\"\">\n\t\t\t\t\t\tGallery\t\t\t\t\t<\/a>\n\t\t\t\t\t\t\t\t\t\t\t\t\t\t\n\t\t\n\t\t\t\t\t\t\t\t\t\t\t\t<h4 class=\"fusion-rollover-title\">\n\t\t\t\t\t<a class=\"fusion-rollover-title-link\" href=\"https:\/\/www.smarttravelers.de\/en\/sights\/portugal\/lisbon\/national-museum-of-ancient-art\/\" target=\"_blank\">\n\t\t\t\t\t\tNational Museum of Ancient Art\t\t\t\t\t<\/a>\n\t\t\t\t<\/h4>\n\t\t\t\n\t\t\t\t\t\t\t\t\n\t\t\n\t\t\t\t\t\t<a class=\"fusion-link-wrapper\" href=\"https:\/\/www.smarttravelers.de\/en\/sights\/portugal\/lisbon\/national-museum-of-ancient-art\/\" target=\"_blank\" aria-label=\"National Museum of Ancient Art\"><\/a>\n\t<\/div>\n<\/div>\n\n\t\n<\/div>\n<\/div><\/article><article id=\"portfolio-1-post-83793\" class=\"fusion-portfolio-post alle-in-stockholm-en museums-galleries fusion-col-spacing post-83793 fusion-element-grid\"><div class=\"fusion-portfolio-content-wrapper\" style=\"border:none;\"><span class=\"entry-title rich-snippet-hidden\">National Museum of Science and Technology<\/span><span class=\"vcard rich-snippet-hidden\"><span class=\"fn\"><a href=\"https:\/\/www.smarttravelers.de\/en\/author\/wp_admin\/\" title=\"Posts by wp_admin\" rel=\"author\">wp_admin<\/a><\/span><\/span><span class=\"updated rich-snippet-hidden\">2024-06-04T14:22:12+02:00<\/span>\n\n<div  class=\"fusion-masonry-element-container fusion-image-wrapper\" style=\"background-image:url(https:\/\/www.smarttravelers.de\/wp-content\/uploads\/2020\/03\/Tekniska-museet1.jpg);padding-top:calc((100% + 20px) * 0.8 - 10px);\" aria-haspopup=\"true\">\n\t\n\t\n\t\n\t\t\n\t\t\t\t\t<img decoding=\"async\" width=\"1440\" height=\"1080\" src=\"https:\/\/www.smarttravelers.de\/wp-content\/uploads\/2020\/03\/Tekniska-museet1.jpg\" class=\"attachment-full size-full wp-post-image\" alt=\"Ausstellungshalle im Tekniska museet\" srcset=\"https:\/\/www.smarttravelers.de\/wp-content\/uploads\/2020\/03\/Tekniska-museet1-200x150.jpg 200w, https:\/\/www.smarttravelers.de\/wp-content\/uploads\/2020\/03\/Tekniska-museet1-400x300.jpg 400w, https:\/\/www.smarttravelers.de\/wp-content\/uploads\/2020\/03\/Tekniska-museet1-600x450.jpg 600w, https:\/\/www.smarttravelers.de\/wp-content\/uploads\/2020\/03\/Tekniska-museet1-800x600.jpg 800w, https:\/\/www.smarttravelers.de\/wp-content\/uploads\/2020\/03\/Tekniska-museet1-1200x900.jpg 1200w, https:\/\/www.smarttravelers.de\/wp-content\/uploads\/2020\/03\/Tekniska-museet1.jpg 1440w\" sizes=\"(min-width: 2200px) 100vw, (min-width: 284px) 356px, (min-width: 212px) 284px, (min-width: 140px) 212px, \" \/>\n\t\n\n\t\t<div class=\"fusion-rollover\">\n\t<div class=\"fusion-rollover-content\">\n\n\t\t\t\t\t\t\t\t\t\t\t\t\t\t<a class=\"fusion-rollover-link\" href=\"https:\/\/www.smarttravelers.de\/en\/sights\/schweden\/stockholm\/tekniska-museet\/\" target=\"_blank\">National Museum of Science and Technology<\/a>\n\t\t\t\n\t\t\t\t\t\t\t\t\t\t\t\t\t\t\n\t\t\t\t\t\t\t\t\n\t\t\t\t\t\t\t\t\t\t\t\t\t<div class=\"fusion-rollover-sep\"><\/div>\n\t\t\t\t\n\t\t\t\t\t\t\t\t\t\t\t\t\t\t\t\t\t\t<a class=\"fusion-rollover-gallery\" href=\"https:\/\/www.smarttravelers.de\/wp-content\/uploads\/2020\/03\/Tekniska-museet1.jpg\" data-id=\"83793\" data-rel=\"iLightbox[gallery-rw-1]\" data-title=\"Tekniska museet1\" data-caption=\"\">\n\t\t\t\t\t\tGallery\t\t\t\t\t<\/a>\n\t\t\t\t\t\t\t\t\t\t\t\t\t\t\n\t\t\n\t\t\t\t\t\t\t\t\t\t\t\t<h4 class=\"fusion-rollover-title\">\n\t\t\t\t\t<a class=\"fusion-rollover-title-link\" href=\"https:\/\/www.smarttravelers.de\/en\/sights\/schweden\/stockholm\/tekniska-museet\/\" target=\"_blank\">\n\t\t\t\t\t\tNational Museum of Science and Technology\t\t\t\t\t<\/a>\n\t\t\t\t<\/h4>\n\t\t\t\n\t\t\t\t\t\t\t\t\n\t\t\n\t\t\t\t\t\t<a class=\"fusion-link-wrapper\" href=\"https:\/\/www.smarttravelers.de\/en\/sights\/schweden\/stockholm\/tekniska-museet\/\" target=\"_blank\" aria-label=\"National Museum of Science and Technology\"><\/a>\n\t<\/div>\n<\/div>\n\n\t\n<\/div>\n<\/div><\/article><article id=\"portfolio-1-post-61466\" class=\"fusion-portfolio-post all-in-lisbon museums-galleries fusion-col-spacing post-61466 fusion-element-grid\"><div class=\"fusion-portfolio-content-wrapper\" style=\"border:none;\"><span class=\"entry-title rich-snippet-hidden\">National Museum of the Azulejo<\/span><span class=\"vcard rich-snippet-hidden\"><span class=\"fn\"><a href=\"https:\/\/www.smarttravelers.de\/en\/author\/wp_admin\/\" title=\"Posts by wp_admin\" rel=\"author\">wp_admin<\/a><\/span><\/span><span class=\"updated rich-snippet-hidden\">2024-08-26T23:01:51+02:00<\/span>\n\n<div  class=\"fusion-masonry-element-container fusion-image-wrapper\" style=\"background-image:url(https:\/\/www.smarttravelers.de\/wp-content\/uploads\/2019\/01\/Museu-Nacional-do-Azulejo2.jpg);padding-top:calc((100% + 20px) * 0.8 - 10px);\" aria-haspopup=\"true\">\n\t\n\t\n\t\n\t\t\n\t\t\t\t\t<img decoding=\"async\" width=\"1200\" height=\"900\" src=\"https:\/\/www.smarttravelers.de\/wp-content\/uploads\/2019\/01\/Museu-Nacional-do-Azulejo2.jpg\" class=\"attachment-full size-full wp-post-image\" alt=\"Kloster Madre de Deus\" srcset=\"https:\/\/www.smarttravelers.de\/wp-content\/uploads\/2019\/01\/Museu-Nacional-do-Azulejo2-200x150.jpg 200w, https:\/\/www.smarttravelers.de\/wp-content\/uploads\/2019\/01\/Museu-Nacional-do-Azulejo2-400x300.jpg 400w, https:\/\/www.smarttravelers.de\/wp-content\/uploads\/2019\/01\/Museu-Nacional-do-Azulejo2-600x450.jpg 600w, https:\/\/www.smarttravelers.de\/wp-content\/uploads\/2019\/01\/Museu-Nacional-do-Azulejo2-800x600.jpg 800w, https:\/\/www.smarttravelers.de\/wp-content\/uploads\/2019\/01\/Museu-Nacional-do-Azulejo2.jpg 1200w\" sizes=\"(min-width: 2200px) 100vw, (min-width: 284px) 356px, (min-width: 212px) 284px, (min-width: 140px) 212px, \" \/>\n\t\n\n\t\t<div class=\"fusion-rollover\">\n\t<div class=\"fusion-rollover-content\">\n\n\t\t\t\t\t\t\t\t\t\t\t\t\t\t<a class=\"fusion-rollover-link\" href=\"https:\/\/www.smarttravelers.de\/en\/sights\/portugal\/lisbon\/national-museum-of-the-azulejo\/\" target=\"_blank\">National Museum of the Azulejo<\/a>\n\t\t\t\n\t\t\t\t\t\t\t\t\t\t\t\t\t\t\n\t\t\t\t\t\t\t\t\n\t\t\t\t\t\t\t\t\t\t\t\t\t<div class=\"fusion-rollover-sep\"><\/div>\n\t\t\t\t\n\t\t\t\t\t\t\t\t\t\t\t\t\t\t\t\t\t\t<a class=\"fusion-rollover-gallery\" href=\"https:\/\/www.smarttravelers.de\/wp-content\/uploads\/2019\/01\/Museu-Nacional-do-Azulejo2.jpg\" data-id=\"61466\" data-rel=\"iLightbox[gallery-rw-1]\" data-title=\"Museu Nacional do Azulejo2\" data-caption=\"\">\n\t\t\t\t\t\tGallery\t\t\t\t\t<\/a>\n\t\t\t\t\t\t\t\t\t\t\t\t\t\t\n\t\t\n\t\t\t\t\t\t\t\t\t\t\t\t<h4 class=\"fusion-rollover-title\">\n\t\t\t\t\t<a class=\"fusion-rollover-title-link\" href=\"https:\/\/www.smarttravelers.de\/en\/sights\/portugal\/lisbon\/national-museum-of-the-azulejo\/\" target=\"_blank\">\n\t\t\t\t\t\tNational Museum of the Azulejo\t\t\t\t\t<\/a>\n\t\t\t\t<\/h4>\n\t\t\t\n\t\t\t\t\t\t\t\t\n\t\t\n\t\t\t\t\t\t<a class=\"fusion-link-wrapper\" href=\"https:\/\/www.smarttravelers.de\/en\/sights\/portugal\/lisbon\/national-museum-of-the-azulejo\/\" target=\"_blank\" aria-label=\"National Museum of the Azulejo\"><\/a>\n\t<\/div>\n<\/div>\n\n\t\n<\/div>\n<\/div><\/article><article id=\"portfolio-1-post-61484\" class=\"fusion-portfolio-post all-in-lisbon museums-galleries fusion-col-spacing post-61484 fusion-element-grid\"><div class=\"fusion-portfolio-content-wrapper\" style=\"border:none;\"><span class=\"entry-title rich-snippet-hidden\">Navy Museum<\/span><span class=\"vcard rich-snippet-hidden\"><span class=\"fn\"><a href=\"https:\/\/www.smarttravelers.de\/en\/author\/wp_admin\/\" title=\"Posts by wp_admin\" rel=\"author\">wp_admin<\/a><\/span><\/span><span class=\"updated rich-snippet-hidden\">2024-08-29T23:30:43+02:00<\/span>\n\n<div  class=\"fusion-masonry-element-container fusion-image-wrapper\" style=\"background-image:url(https:\/\/www.smarttravelers.de\/wp-content\/uploads\/2019\/01\/Museu-de-Marinha3.jpg);padding-top:calc((100% + 20px) * 0.8 - 10px);\" aria-haspopup=\"true\">\n\t\n\t\n\t\n\t\t\n\t\t\t\t\t<img decoding=\"async\" width=\"1200\" height=\"900\" src=\"https:\/\/www.smarttravelers.de\/wp-content\/uploads\/2019\/01\/Museu-de-Marinha3.jpg\" class=\"attachment-full size-full wp-post-image\" alt=\"Historisches Schiff im Museu de Marinha\" srcset=\"https:\/\/www.smarttravelers.de\/wp-content\/uploads\/2019\/01\/Museu-de-Marinha3-200x150.jpg 200w, https:\/\/www.smarttravelers.de\/wp-content\/uploads\/2019\/01\/Museu-de-Marinha3-400x300.jpg 400w, https:\/\/www.smarttravelers.de\/wp-content\/uploads\/2019\/01\/Museu-de-Marinha3-600x450.jpg 600w, https:\/\/www.smarttravelers.de\/wp-content\/uploads\/2019\/01\/Museu-de-Marinha3-800x600.jpg 800w, https:\/\/www.smarttravelers.de\/wp-content\/uploads\/2019\/01\/Museu-de-Marinha3.jpg 1200w\" sizes=\"(min-width: 2200px) 100vw, (min-width: 284px) 356px, (min-width: 212px) 284px, (min-width: 140px) 212px, \" \/>\n\t\n\n\t\t<div class=\"fusion-rollover\">\n\t<div class=\"fusion-rollover-content\">\n\n\t\t\t\t\t\t\t\t\t\t\t\t\t\t<a class=\"fusion-rollover-link\" href=\"https:\/\/www.smarttravelers.de\/en\/sights\/portugal\/lisbon\/navy-museum\/\" target=\"_blank\">Navy Museum<\/a>\n\t\t\t\n\t\t\t\t\t\t\t\t\t\t\t\t\t\t\n\t\t\t\t\t\t\t\t\n\t\t\t\t\t\t\t\t\t\t\t\t\t<div class=\"fusion-rollover-sep\"><\/div>\n\t\t\t\t\n\t\t\t\t\t\t\t\t\t\t\t\t\t\t\t\t\t\t<a class=\"fusion-rollover-gallery\" href=\"https:\/\/www.smarttravelers.de\/wp-content\/uploads\/2019\/01\/Museu-de-Marinha3.jpg\" data-id=\"61484\" data-rel=\"iLightbox[gallery-rw-1]\" data-title=\"Museu de Marinha3\" data-caption=\"\">\n\t\t\t\t\t\tGallery\t\t\t\t\t<\/a>\n\t\t\t\t\t\t\t\t\t\t\t\t\t\t\n\t\t\n\t\t\t\t\t\t\t\t\t\t\t\t<h4 class=\"fusion-rollover-title\">\n\t\t\t\t\t<a class=\"fusion-rollover-title-link\" href=\"https:\/\/www.smarttravelers.de\/en\/sights\/portugal\/lisbon\/navy-museum\/\" target=\"_blank\">\n\t\t\t\t\t\tNavy Museum\t\t\t\t\t<\/a>\n\t\t\t\t<\/h4>\n\t\t\t\n\t\t\t\t\t\t\t\t\n\t\t\n\t\t\t\t\t\t<a class=\"fusion-link-wrapper\" href=\"https:\/\/www.smarttravelers.de\/en\/sights\/portugal\/lisbon\/navy-museum\/\" target=\"_blank\" aria-label=\"Navy Museum\"><\/a>\n\t<\/div>\n<\/div>\n\n\t\n<\/div>\n<\/div><\/article><article id=\"portfolio-1-post-83695\" class=\"fusion-portfolio-post alle-in-stockholm-en highlights-en museums-galleries fusion-col-spacing post-83695 fusion-element-grid\"><div class=\"fusion-portfolio-content-wrapper\" style=\"border:none;\"><span class=\"entry-title rich-snippet-hidden\">Nobel Prize Museum<\/span><span class=\"vcard rich-snippet-hidden\"><span class=\"fn\"><a href=\"https:\/\/www.smarttravelers.de\/en\/author\/wp_admin\/\" title=\"Posts by wp_admin\" rel=\"author\">wp_admin<\/a><\/span><\/span><span class=\"updated rich-snippet-hidden\">2024-06-03T12:56:07+02:00<\/span>\n\n<div  class=\"fusion-masonry-element-container fusion-image-wrapper\" style=\"background-image:url(https:\/\/www.smarttravelers.de\/wp-content\/uploads\/2020\/03\/Nobelmuseum3.jpg);padding-top:calc((100% + 20px) * 0.8 - 10px);\" aria-haspopup=\"true\">\n\t\n\t\n\t\n\t\t\n\t\t\t\t\t<img decoding=\"async\" width=\"1440\" height=\"1080\" src=\"https:\/\/www.smarttravelers.de\/wp-content\/uploads\/2020\/03\/Nobelmuseum3.jpg\" class=\"attachment-full size-full wp-post-image\" alt=\"Ausstellungsraum im Nobelmuseum\" srcset=\"https:\/\/www.smarttravelers.de\/wp-content\/uploads\/2020\/03\/Nobelmuseum3-200x150.jpg 200w, https:\/\/www.smarttravelers.de\/wp-content\/uploads\/2020\/03\/Nobelmuseum3-400x300.jpg 400w, https:\/\/www.smarttravelers.de\/wp-content\/uploads\/2020\/03\/Nobelmuseum3-600x450.jpg 600w, https:\/\/www.smarttravelers.de\/wp-content\/uploads\/2020\/03\/Nobelmuseum3-800x600.jpg 800w, https:\/\/www.smarttravelers.de\/wp-content\/uploads\/2020\/03\/Nobelmuseum3-1200x900.jpg 1200w, https:\/\/www.smarttravelers.de\/wp-content\/uploads\/2020\/03\/Nobelmuseum3.jpg 1440w\" sizes=\"(min-width: 2200px) 100vw, (min-width: 284px) 356px, (min-width: 212px) 284px, (min-width: 140px) 212px, \" \/>\n\t\n\n\t\t<div class=\"fusion-rollover\">\n\t<div class=\"fusion-rollover-content\">\n\n\t\t\t\t\t\t\t\t\t\t\t\t\t\t<a class=\"fusion-rollover-link\" href=\"https:\/\/www.smarttravelers.de\/en\/sights\/schweden\/stockholm\/nobelmuseum\/\" target=\"_blank\">Nobel Prize Museum<\/a>\n\t\t\t\n\t\t\t\t\t\t\t\t\t\t\t\t\t\t\n\t\t\t\t\t\t\t\t\n\t\t\t\t\t\t\t\t\t\t\t\t\t<div class=\"fusion-rollover-sep\"><\/div>\n\t\t\t\t\n\t\t\t\t\t\t\t\t\t\t\t\t\t\t\t\t\t\t<a class=\"fusion-rollover-gallery\" href=\"https:\/\/www.smarttravelers.de\/wp-content\/uploads\/2020\/03\/Nobelmuseum3.jpg\" data-id=\"83695\" data-rel=\"iLightbox[gallery-rw-1]\" data-title=\"Nobelmuseum3\" data-caption=\"\">\n\t\t\t\t\t\tGallery\t\t\t\t\t<\/a>\n\t\t\t\t\t\t\t\t\t\t\t\t\t\t\n\t\t\n\t\t\t\t\t\t\t\t\t\t\t\t<h4 class=\"fusion-rollover-title\">\n\t\t\t\t\t<a class=\"fusion-rollover-title-link\" href=\"https:\/\/www.smarttravelers.de\/en\/sights\/schweden\/stockholm\/nobelmuseum\/\" target=\"_blank\">\n\t\t\t\t\t\tNobel Prize Museum\t\t\t\t\t<\/a>\n\t\t\t\t<\/h4>\n\t\t\t\n\t\t\t\t\t\t\t\t\n\t\t\n\t\t\t\t\t\t<a class=\"fusion-link-wrapper\" href=\"https:\/\/www.smarttravelers.de\/en\/sights\/schweden\/stockholm\/nobelmuseum\/\" target=\"_blank\" aria-label=\"Nobel Prize Museum\"><\/a>\n\t<\/div>\n<\/div>\n\n\t\n<\/div>\n<\/div><\/article><article id=\"portfolio-1-post-83699\" class=\"fusion-portfolio-post alle-in-stockholm-en highlights-en historical-buildings museums-galleries fusion-col-spacing post-83699 fusion-element-grid\"><div class=\"fusion-portfolio-content-wrapper\" style=\"border:none;\"><span class=\"entry-title rich-snippet-hidden\">Nordisches Museum<\/span><span class=\"vcard rich-snippet-hidden\"><span class=\"fn\"><a href=\"https:\/\/www.smarttravelers.de\/en\/author\/wp_admin\/\" title=\"Posts by wp_admin\" rel=\"author\">wp_admin<\/a><\/span><\/span><span class=\"updated rich-snippet-hidden\">2024-06-03T12:58:56+02:00<\/span>\n\n<div  class=\"fusion-masonry-element-container fusion-image-wrapper\" style=\"background-image:url(https:\/\/www.smarttravelers.de\/wp-content\/uploads\/2020\/03\/Nordisches-Museum1.jpg);padding-top:calc((100% + 20px) * 0.8 - 10px);\" aria-haspopup=\"true\">\n\t\n\t\n\t\n\t\t\n\t\t\t\t\t<img decoding=\"async\" width=\"1618\" height=\"1080\" src=\"https:\/\/www.smarttravelers.de\/wp-content\/uploads\/2020\/03\/Nordisches-Museum1.jpg\" class=\"attachment-full size-full wp-post-image\" alt=\"Innenansicht Nordisches Museum\" srcset=\"https:\/\/www.smarttravelers.de\/wp-content\/uploads\/2020\/03\/Nordisches-Museum1-200x133.jpg 200w, https:\/\/www.smarttravelers.de\/wp-content\/uploads\/2020\/03\/Nordisches-Museum1-400x267.jpg 400w, https:\/\/www.smarttravelers.de\/wp-content\/uploads\/2020\/03\/Nordisches-Museum1-600x400.jpg 600w, https:\/\/www.smarttravelers.de\/wp-content\/uploads\/2020\/03\/Nordisches-Museum1-800x534.jpg 800w, https:\/\/www.smarttravelers.de\/wp-content\/uploads\/2020\/03\/Nordisches-Museum1-1200x801.jpg 1200w, https:\/\/www.smarttravelers.de\/wp-content\/uploads\/2020\/03\/Nordisches-Museum1.jpg 1618w\" sizes=\"(min-width: 2200px) 100vw, (min-width: 284px) 356px, (min-width: 212px) 284px, (min-width: 140px) 212px, \" \/>\n\t\n\n\t\t<div class=\"fusion-rollover\">\n\t<div class=\"fusion-rollover-content\">\n\n\t\t\t\t\t\t\t\t\t\t\t\t\t\t<a class=\"fusion-rollover-link\" href=\"https:\/\/www.smarttravelers.de\/en\/sights\/schweden\/stockholm\/nordisches-museum\/\" target=\"_blank\">Nordisches Museum<\/a>\n\t\t\t\n\t\t\t\t\t\t\t\t\t\t\t\t\t\t\n\t\t\t\t\t\t\t\t\n\t\t\t\t\t\t\t\t\t\t\t\t\t<div class=\"fusion-rollover-sep\"><\/div>\n\t\t\t\t\n\t\t\t\t\t\t\t\t\t\t\t\t\t\t\t\t\t\t<a class=\"fusion-rollover-gallery\" href=\"https:\/\/www.smarttravelers.de\/wp-content\/uploads\/2020\/03\/Nordisches-Museum1.jpg\" data-id=\"83699\" data-rel=\"iLightbox[gallery-rw-1]\" data-title=\"Nordisches Museum1\" data-caption=\"\">\n\t\t\t\t\t\tGallery\t\t\t\t\t<\/a>\n\t\t\t\t\t\t\t\t\t\t\t\t\t\t\n\t\t\n\t\t\t\t\t\t\t\t\t\t\t\t<h4 class=\"fusion-rollover-title\">\n\t\t\t\t\t<a class=\"fusion-rollover-title-link\" href=\"https:\/\/www.smarttravelers.de\/en\/sights\/schweden\/stockholm\/nordisches-museum\/\" target=\"_blank\">\n\t\t\t\t\t\tNordisches Museum\t\t\t\t\t<\/a>\n\t\t\t\t<\/h4>\n\t\t\t\n\t\t\t\t\t\t\t\t\n\t\t\n\t\t\t\t\t\t<a class=\"fusion-link-wrapper\" href=\"https:\/\/www.smarttravelers.de\/en\/sights\/schweden\/stockholm\/nordisches-museum\/\" target=\"_blank\" aria-label=\"Nordisches Museum\"><\/a>\n\t<\/div>\n<\/div>\n\n\t\n<\/div>\n<\/div><\/article><article id=\"portfolio-1-post-61412\" class=\"fusion-portfolio-post all-in-lisbon highlights-en other-sights fusion-col-spacing post-61412 fusion-element-grid\"><div class=\"fusion-portfolio-content-wrapper\" style=\"border:none;\"><span class=\"entry-title rich-snippet-hidden\">Padr\u00e3o dos Descobrimentos<\/span><span class=\"vcard rich-snippet-hidden\"><span class=\"fn\"><a href=\"https:\/\/www.smarttravelers.de\/en\/author\/wp_admin\/\" title=\"Posts by wp_admin\" rel=\"author\">wp_admin<\/a><\/span><\/span><span class=\"updated rich-snippet-hidden\">2024-08-26T22:22:03+02:00<\/span>\n\n<div  class=\"fusion-masonry-element-container fusion-image-wrapper\" style=\"background-image:url(https:\/\/www.smarttravelers.de\/wp-content\/uploads\/2019\/01\/Padr\u00e3o-dos-Descobrimentos1.jpg);padding-top:calc((100% + 20px) * 0.8 - 10px);\" aria-haspopup=\"true\">\n\t\n\t\n\t\n\t\t\n\t\t\t\t\t<img decoding=\"async\" width=\"1200\" height=\"900\" src=\"https:\/\/www.smarttravelers.de\/wp-content\/uploads\/2019\/01\/Padr\u00e3o-dos-Descobrimentos1.jpg\" class=\"attachment-full size-full wp-post-image\" alt=\"Das Padr\u00e3o dos Descobrimentos am Ufer des Tejo\" srcset=\"https:\/\/www.smarttravelers.de\/wp-content\/uploads\/2019\/01\/Padr\u00e3o-dos-Descobrimentos1-200x150.jpg 200w, https:\/\/www.smarttravelers.de\/wp-content\/uploads\/2019\/01\/Padr\u00e3o-dos-Descobrimentos1-400x300.jpg 400w, https:\/\/www.smarttravelers.de\/wp-content\/uploads\/2019\/01\/Padr\u00e3o-dos-Descobrimentos1-600x450.jpg 600w, https:\/\/www.smarttravelers.de\/wp-content\/uploads\/2019\/01\/Padr\u00e3o-dos-Descobrimentos1-800x600.jpg 800w, https:\/\/www.smarttravelers.de\/wp-content\/uploads\/2019\/01\/Padr\u00e3o-dos-Descobrimentos1.jpg 1200w\" sizes=\"(min-width: 2200px) 100vw, (min-width: 284px) 356px, (min-width: 212px) 284px, (min-width: 140px) 212px, \" \/>\n\t\n\n\t\t<div class=\"fusion-rollover\">\n\t<div class=\"fusion-rollover-content\">\n\n\t\t\t\t\t\t\t\t\t\t\t\t\t\t<a class=\"fusion-rollover-link\" href=\"https:\/\/www.smarttravelers.de\/en\/sights\/portugal\/lisbon\/padrao-dos-descobrimentos\/\" target=\"_blank\">Padr\u00e3o dos Descobrimentos<\/a>\n\t\t\t\n\t\t\t\t\t\t\t\t\t\t\t\t\t\t\n\t\t\t\t\t\t\t\t\n\t\t\t\t\t\t\t\t\t\t\t\t\t<div class=\"fusion-rollover-sep\"><\/div>\n\t\t\t\t\n\t\t\t\t\t\t\t\t\t\t\t\t\t\t\t\t\t\t<a class=\"fusion-rollover-gallery\" href=\"https:\/\/www.smarttravelers.de\/wp-content\/uploads\/2019\/01\/Padr\u00e3o-dos-Descobrimentos1.jpg\" data-id=\"61412\" data-rel=\"iLightbox[gallery-rw-1]\" data-title=\"Padr\u00e3o dos Descobrimentos1\" data-caption=\"\">\n\t\t\t\t\t\tGallery\t\t\t\t\t<\/a>\n\t\t\t\t\t\t\t\t\t\t\t\t\t\t\n\t\t\n\t\t\t\t\t\t\t\t\t\t\t\t<h4 class=\"fusion-rollover-title\">\n\t\t\t\t\t<a class=\"fusion-rollover-title-link\" href=\"https:\/\/www.smarttravelers.de\/en\/sights\/portugal\/lisbon\/padrao-dos-descobrimentos\/\" target=\"_blank\">\n\t\t\t\t\t\tPadr\u00e3o dos Descobrimentos\t\t\t\t\t<\/a>\n\t\t\t\t<\/h4>\n\t\t\t\n\t\t\t\t\t\t\t\t\n\t\t\n\t\t\t\t\t\t<a class=\"fusion-link-wrapper\" href=\"https:\/\/www.smarttravelers.de\/en\/sights\/portugal\/lisbon\/padrao-dos-descobrimentos\/\" target=\"_blank\" aria-label=\"Padr\u00e3o dos Descobrimentos\"><\/a>\n\t<\/div>\n<\/div>\n\n\t\n<\/div>\n<\/div><\/article><article id=\"portfolio-1-post-61451\" class=\"fusion-portfolio-post all-in-lisbon castles-palaces fusion-col-spacing post-61451 fusion-element-landscape\"><div class=\"fusion-portfolio-content-wrapper\" style=\"border:none;\"><span class=\"entry-title rich-snippet-hidden\">Palace of Ajuda<\/span><span class=\"vcard rich-snippet-hidden\"><span class=\"fn\"><a href=\"https:\/\/www.smarttravelers.de\/en\/author\/wp_admin\/\" title=\"Posts by wp_admin\" rel=\"author\">wp_admin<\/a><\/span><\/span><span class=\"updated rich-snippet-hidden\">2024-08-26T22:43:41+02:00<\/span>\n\n<div  class=\"fusion-masonry-element-container fusion-image-wrapper\" style=\"background-image:url(https:\/\/www.smarttravelers.de\/wp-content\/uploads\/2019\/01\/Pal\u00e1cio-Nacional-da-Ajuda3.jpg);padding-top:calc((100% + 20px) * 0.4 - 10px);\" aria-haspopup=\"true\">\n\t\n\t\n\t\n\t\t\n\t\t\t\t\t<img decoding=\"async\" width=\"1200\" height=\"707\" src=\"https:\/\/www.smarttravelers.de\/wp-content\/uploads\/2019\/01\/Pal\u00e1cio-Nacional-da-Ajuda3.jpg\" class=\"attachment-full size-full wp-post-image\" alt=\"Die Hauptfassade des Pal\u00e1cio Nacional da Ajuda\" srcset=\"https:\/\/www.smarttravelers.de\/wp-content\/uploads\/2019\/01\/Pal\u00e1cio-Nacional-da-Ajuda3-200x118.jpg 200w, https:\/\/www.smarttravelers.de\/wp-content\/uploads\/2019\/01\/Pal\u00e1cio-Nacional-da-Ajuda3-400x236.jpg 400w, https:\/\/www.smarttravelers.de\/wp-content\/uploads\/2019\/01\/Pal\u00e1cio-Nacional-da-Ajuda3-600x354.jpg 600w, https:\/\/www.smarttravelers.de\/wp-content\/uploads\/2019\/01\/Pal\u00e1cio-Nacional-da-Ajuda3-800x471.jpg 800w, https:\/\/www.smarttravelers.de\/wp-content\/uploads\/2019\/01\/Pal\u00e1cio-Nacional-da-Ajuda3.jpg 1200w\" sizes=\"(min-width: 2200px) 100vw, (min-width: 140px) 1920px, \" \/>\n\t\n\n\t\t<div class=\"fusion-rollover\">\n\t<div class=\"fusion-rollover-content\">\n\n\t\t\t\t\t\t\t\t\t\t\t\t\t\t<a class=\"fusion-rollover-link\" href=\"https:\/\/www.smarttravelers.de\/en\/sights\/portugal\/lisbon\/palace-of-ajuda\/\" target=\"_blank\">Palace of Ajuda<\/a>\n\t\t\t\n\t\t\t\t\t\t\t\t\t\t\t\t\t\t\n\t\t\t\t\t\t\t\t\n\t\t\t\t\t\t\t\t\t\t\t\t\t<div class=\"fusion-rollover-sep\"><\/div>\n\t\t\t\t\n\t\t\t\t\t\t\t\t\t\t\t\t\t\t\t\t\t\t<a class=\"fusion-rollover-gallery\" href=\"https:\/\/www.smarttravelers.de\/wp-content\/uploads\/2019\/01\/Pal\u00e1cio-Nacional-da-Ajuda3.jpg\" data-id=\"61451\" data-rel=\"iLightbox[gallery-rw-1]\" data-title=\"Pal\u00e1cio Nacional da Ajuda3\" data-caption=\"\">\n\t\t\t\t\t\tGallery\t\t\t\t\t<\/a>\n\t\t\t\t\t\t\t\t\t\t\t\t\t\t\n\t\t\n\t\t\t\t\t\t\t\t\t\t\t\t<h4 class=\"fusion-rollover-title\">\n\t\t\t\t\t<a class=\"fusion-rollover-title-link\" href=\"https:\/\/www.smarttravelers.de\/en\/sights\/portugal\/lisbon\/palace-of-ajuda\/\" target=\"_blank\">\n\t\t\t\t\t\tPalace of Ajuda\t\t\t\t\t<\/a>\n\t\t\t\t<\/h4>\n\t\t\t\n\t\t\t\t\t\t\t\t\n\t\t\n\t\t\t\t\t\t<a class=\"fusion-link-wrapper\" href=\"https:\/\/www.smarttravelers.de\/en\/sights\/portugal\/lisbon\/palace-of-ajuda\/\" target=\"_blank\" aria-label=\"Palace of Ajuda\"><\/a>\n\t<\/div>\n<\/div>\n\n\t\n<\/div>\n<\/div><\/article><article id=\"portfolio-1-post-61407\" class=\"fusion-portfolio-post all-in-lisbon castles-palaces fusion-col-spacing post-61407 fusion-element-grid\"><div class=\"fusion-portfolio-content-wrapper\" style=\"border:none;\"><span class=\"entry-title rich-snippet-hidden\">Palace of Mafra<\/span><span class=\"vcard rich-snippet-hidden\"><span class=\"fn\"><a href=\"https:\/\/www.smarttravelers.de\/en\/author\/wp_admin\/\" title=\"Posts by wp_admin\" rel=\"author\">wp_admin<\/a><\/span><\/span><span class=\"updated rich-snippet-hidden\">2024-08-26T22:16:22+02:00<\/span>\n\n<div  class=\"fusion-masonry-element-container fusion-image-wrapper\" style=\"background-image:url(https:\/\/www.smarttravelers.de\/wp-content\/uploads\/2019\/01\/Pal\u00e1cio-Nacional-de-Mafra1.jpg);padding-top:calc((100% + 20px) * 0.8 - 10px);\" aria-haspopup=\"true\">\n\t\n\t\n\t\n\t\t\n\t\t\t\t\t<img decoding=\"async\" width=\"1200\" height=\"831\" src=\"https:\/\/www.smarttravelers.de\/wp-content\/uploads\/2019\/01\/Pal\u00e1cio-Nacional-de-Mafra1.jpg\" class=\"attachment-full size-full wp-post-image\" alt=\"Die Hauptfassade des Pal\u00e1cio Nacional de Mafra\" srcset=\"https:\/\/www.smarttravelers.de\/wp-content\/uploads\/2019\/01\/Pal\u00e1cio-Nacional-de-Mafra1-200x139.jpg 200w, https:\/\/www.smarttravelers.de\/wp-content\/uploads\/2019\/01\/Pal\u00e1cio-Nacional-de-Mafra1-400x277.jpg 400w, https:\/\/www.smarttravelers.de\/wp-content\/uploads\/2019\/01\/Pal\u00e1cio-Nacional-de-Mafra1-600x416.jpg 600w, https:\/\/www.smarttravelers.de\/wp-content\/uploads\/2019\/01\/Pal\u00e1cio-Nacional-de-Mafra1-800x554.jpg 800w, https:\/\/www.smarttravelers.de\/wp-content\/uploads\/2019\/01\/Pal\u00e1cio-Nacional-de-Mafra1.jpg 1200w\" sizes=\"(min-width: 2200px) 100vw, (min-width: 284px) 356px, (min-width: 212px) 284px, (min-width: 140px) 212px, \" \/>\n\t\n\n\t\t<div class=\"fusion-rollover\">\n\t<div class=\"fusion-rollover-content\">\n\n\t\t\t\t\t\t\t\t\t\t\t\t\t\t<a class=\"fusion-rollover-link\" href=\"https:\/\/www.smarttravelers.de\/en\/sights\/portugal\/lisbon\/palace-of-mafra\/\" target=\"_blank\">Palace of Mafra<\/a>\n\t\t\t\n\t\t\t\t\t\t\t\t\t\t\t\t\t\t\n\t\t\t\t\t\t\t\t\n\t\t\t\t\t\t\t\t\t\t\t\t\t<div class=\"fusion-rollover-sep\"><\/div>\n\t\t\t\t\n\t\t\t\t\t\t\t\t\t\t\t\t\t\t\t\t\t\t<a class=\"fusion-rollover-gallery\" href=\"https:\/\/www.smarttravelers.de\/wp-content\/uploads\/2019\/01\/Pal\u00e1cio-Nacional-de-Mafra1.jpg\" data-id=\"61407\" data-rel=\"iLightbox[gallery-rw-1]\" data-title=\"Pal\u00e1cio Nacional de Mafra1\" data-caption=\"\">\n\t\t\t\t\t\tGallery\t\t\t\t\t<\/a>\n\t\t\t\t\t\t\t\t\t\t\t\t\t\t\n\t\t\n\t\t\t\t\t\t\t\t\t\t\t\t<h4 class=\"fusion-rollover-title\">\n\t\t\t\t\t<a class=\"fusion-rollover-title-link\" href=\"https:\/\/www.smarttravelers.de\/en\/sights\/portugal\/lisbon\/palace-of-mafra\/\" target=\"_blank\">\n\t\t\t\t\t\tPalace of Mafra\t\t\t\t\t<\/a>\n\t\t\t\t<\/h4>\n\t\t\t\n\t\t\t\t\t\t\t\t\n\t\t\n\t\t\t\t\t\t<a class=\"fusion-link-wrapper\" href=\"https:\/\/www.smarttravelers.de\/en\/sights\/portugal\/lisbon\/palace-of-mafra\/\" target=\"_blank\" aria-label=\"Palace of Mafra\"><\/a>\n\t<\/div>\n<\/div>\n\n\t\n<\/div>\n<\/div><\/article><article id=\"portfolio-1-post-61402\" class=\"fusion-portfolio-post all-in-lisbon castles-palaces fusion-col-spacing post-61402 fusion-element-landscape\"><div class=\"fusion-portfolio-content-wrapper\" style=\"border:none;\"><span class=\"entry-title rich-snippet-hidden\">Palace of Queluz<\/span><span class=\"vcard rich-snippet-hidden\"><span class=\"fn\"><a href=\"https:\/\/www.smarttravelers.de\/en\/author\/wp_admin\/\" title=\"Posts by wp_admin\" rel=\"author\">wp_admin<\/a><\/span><\/span><span class=\"updated rich-snippet-hidden\">2024-08-26T22:00:21+02:00<\/span>\n\n<div  class=\"fusion-masonry-element-container fusion-image-wrapper\" style=\"background-image:url(https:\/\/www.smarttravelers.de\/wp-content\/uploads\/2019\/01\/Pal\u00e1cio-Nacional-de-Queluz1.jpg);padding-top:calc((100% + 20px) * 0.4 - 10px);\" aria-haspopup=\"true\">\n\t\n\t\n\t\n\t\t\n\t\t\t\t\t<img decoding=\"async\" width=\"1200\" height=\"675\" src=\"https:\/\/www.smarttravelers.de\/wp-content\/uploads\/2019\/01\/Pal\u00e1cio-Nacional-de-Queluz1.jpg\" class=\"attachment-full size-full wp-post-image\" alt=\"Der Garten des Pal\u00e1cio Nacional de Queluz\" srcset=\"https:\/\/www.smarttravelers.de\/wp-content\/uploads\/2019\/01\/Pal\u00e1cio-Nacional-de-Queluz1-200x113.jpg 200w, https:\/\/www.smarttravelers.de\/wp-content\/uploads\/2019\/01\/Pal\u00e1cio-Nacional-de-Queluz1-400x225.jpg 400w, https:\/\/www.smarttravelers.de\/wp-content\/uploads\/2019\/01\/Pal\u00e1cio-Nacional-de-Queluz1-600x338.jpg 600w, https:\/\/www.smarttravelers.de\/wp-content\/uploads\/2019\/01\/Pal\u00e1cio-Nacional-de-Queluz1-800x450.jpg 800w, https:\/\/www.smarttravelers.de\/wp-content\/uploads\/2019\/01\/Pal\u00e1cio-Nacional-de-Queluz1.jpg 1200w\" sizes=\"(min-width: 2200px) 100vw, (min-width: 140px) 1920px, \" \/>\n\t\n\n\t\t<div class=\"fusion-rollover\">\n\t<div class=\"fusion-rollover-content\">\n\n\t\t\t\t\t\t\t\t\t\t\t\t\t\t<a class=\"fusion-rollover-link\" href=\"https:\/\/www.smarttravelers.de\/en\/sights\/portugal\/lisbon\/palace-of-queluz\/\" target=\"_blank\">Palace of Queluz<\/a>\n\t\t\t\n\t\t\t\t\t\t\t\t\t\t\t\t\t\t\n\t\t\t\t\t\t\t\t\n\t\t\t\t\t\t\t\t\t\t\t\t\t<div class=\"fusion-rollover-sep\"><\/div>\n\t\t\t\t\n\t\t\t\t\t\t\t\t\t\t\t\t\t\t\t\t\t\t<a class=\"fusion-rollover-gallery\" href=\"https:\/\/www.smarttravelers.de\/wp-content\/uploads\/2019\/01\/Pal\u00e1cio-Nacional-de-Queluz1.jpg\" data-id=\"61402\" data-rel=\"iLightbox[gallery-rw-1]\" data-title=\"Pal\u00e1cio Nacional de Queluz1\" data-caption=\"\">\n\t\t\t\t\t\tGallery\t\t\t\t\t<\/a>\n\t\t\t\t\t\t\t\t\t\t\t\t\t\t\n\t\t\n\t\t\t\t\t\t\t\t\t\t\t\t<h4 class=\"fusion-rollover-title\">\n\t\t\t\t\t<a class=\"fusion-rollover-title-link\" href=\"https:\/\/www.smarttravelers.de\/en\/sights\/portugal\/lisbon\/palace-of-queluz\/\" target=\"_blank\">\n\t\t\t\t\t\tPalace of Queluz\t\t\t\t\t<\/a>\n\t\t\t\t<\/h4>\n\t\t\t\n\t\t\t\t\t\t\t\t\n\t\t\n\t\t\t\t\t\t<a class=\"fusion-link-wrapper\" href=\"https:\/\/www.smarttravelers.de\/en\/sights\/portugal\/lisbon\/palace-of-queluz\/\" target=\"_blank\" aria-label=\"Palace of Queluz\"><\/a>\n\t<\/div>\n<\/div>\n\n\t\n<\/div>\n<\/div><\/article><article id=\"portfolio-1-post-61353\" class=\"fusion-portfolio-post all-in-lisbon districts fusion-col-spacing post-61353 fusion-element-landscape\"><div class=\"fusion-portfolio-content-wrapper\" style=\"border:none;\"><span class=\"entry-title rich-snippet-hidden\">Parque das Na\u00e7\u00f5es<\/span><span class=\"vcard rich-snippet-hidden\"><span class=\"fn\"><a href=\"https:\/\/www.smarttravelers.de\/en\/author\/wp_admin\/\" title=\"Posts by wp_admin\" rel=\"author\">wp_admin<\/a><\/span><\/span><span class=\"updated rich-snippet-hidden\">2024-08-20T22:45:35+02:00<\/span>\n\n<div  class=\"fusion-masonry-element-container fusion-image-wrapper\" style=\"background-image:url(https:\/\/www.smarttravelers.de\/wp-content\/uploads\/2019\/01\/Parque-das-Na\u00e7\u00f5es1.jpg);padding-top:calc((100% + 20px) * 0.4 - 10px);\" aria-haspopup=\"true\">\n\t\n\t\n\t\n\t\t\n\t\t\t\t\t<img decoding=\"async\" width=\"1200\" height=\"676\" src=\"https:\/\/www.smarttravelers.de\/wp-content\/uploads\/2019\/01\/Parque-das-Na\u00e7\u00f5es1.jpg\" class=\"attachment-full size-full wp-post-image\" alt=\"Die Seilbahn\" srcset=\"https:\/\/www.smarttravelers.de\/wp-content\/uploads\/2019\/01\/Parque-das-Na\u00e7\u00f5es1-200x113.jpg 200w, https:\/\/www.smarttravelers.de\/wp-content\/uploads\/2019\/01\/Parque-das-Na\u00e7\u00f5es1-400x225.jpg 400w, https:\/\/www.smarttravelers.de\/wp-content\/uploads\/2019\/01\/Parque-das-Na\u00e7\u00f5es1-600x338.jpg 600w, https:\/\/www.smarttravelers.de\/wp-content\/uploads\/2019\/01\/Parque-das-Na\u00e7\u00f5es1-800x451.jpg 800w, https:\/\/www.smarttravelers.de\/wp-content\/uploads\/2019\/01\/Parque-das-Na\u00e7\u00f5es1.jpg 1200w\" sizes=\"(min-width: 2200px) 100vw, (min-width: 140px) 1920px, \" \/>\n\t\n\n\t\t<div class=\"fusion-rollover\">\n\t<div class=\"fusion-rollover-content\">\n\n\t\t\t\t\t\t\t\t\t\t\t\t\t\t<a class=\"fusion-rollover-link\" href=\"https:\/\/www.smarttravelers.de\/en\/sights\/portugal\/lisbon\/parque-das-nacoes\/\" target=\"_blank\">Parque das Na\u00e7\u00f5es<\/a>\n\t\t\t\n\t\t\t\t\t\t\t\t\t\t\t\t\t\t\n\t\t\t\t\t\t\t\t\n\t\t\t\t\t\t\t\t\t\t\t\t\t<div class=\"fusion-rollover-sep\"><\/div>\n\t\t\t\t\n\t\t\t\t\t\t\t\t\t\t\t\t\t\t\t\t\t\t<a class=\"fusion-rollover-gallery\" href=\"https:\/\/www.smarttravelers.de\/wp-content\/uploads\/2019\/01\/Parque-das-Na\u00e7\u00f5es1.jpg\" data-id=\"61353\" data-rel=\"iLightbox[gallery-rw-1]\" data-title=\"Parque das Na\u00e7\u00f5es1\" data-caption=\"\">\n\t\t\t\t\t\tGallery\t\t\t\t\t<\/a>\n\t\t\t\t\t\t\t\t\t\t\t\t\t\t\n\t\t\n\t\t\t\t\t\t\t\t\t\t\t\t<h4 class=\"fusion-rollover-title\">\n\t\t\t\t\t<a class=\"fusion-rollover-title-link\" href=\"https:\/\/www.smarttravelers.de\/en\/sights\/portugal\/lisbon\/parque-das-nacoes\/\" target=\"_blank\">\n\t\t\t\t\t\tParque das Na\u00e7\u00f5es\t\t\t\t\t<\/a>\n\t\t\t\t<\/h4>\n\t\t\t\n\t\t\t\t\t\t\t\t\n\t\t\n\t\t\t\t\t\t<a class=\"fusion-link-wrapper\" href=\"https:\/\/www.smarttravelers.de\/en\/sights\/portugal\/lisbon\/parque-das-nacoes\/\" target=\"_blank\" aria-label=\"Parque das Na\u00e7\u00f5es\"><\/a>\n\t<\/div>\n<\/div>\n\n\t\n<\/div>\n<\/div><\/article><article id=\"portfolio-1-post-61383\" class=\"fusion-portfolio-post all-in-lisbon streets-squares fusion-col-spacing post-61383 fusion-element-grid\"><div class=\"fusion-portfolio-content-wrapper\" style=\"border:none;\"><span class=\"entry-title rich-snippet-hidden\">Pra\u00e7a da Figueira<\/span><span class=\"vcard rich-snippet-hidden\"><span class=\"fn\"><a href=\"https:\/\/www.smarttravelers.de\/en\/author\/wp_admin\/\" title=\"Posts by wp_admin\" rel=\"author\">wp_admin<\/a><\/span><\/span><span class=\"updated rich-snippet-hidden\">2024-08-20T23:42:27+02:00<\/span>\n\n<div  class=\"fusion-masonry-element-container fusion-image-wrapper\" style=\"background-image:url(https:\/\/www.smarttravelers.de\/wp-content\/uploads\/2019\/01\/Pra\u00e7a-da-Figueira2.jpg);padding-top:calc((100% + 20px) * 0.8 - 10px);\" aria-haspopup=\"true\">\n\t\n\t\n\t\n\t\t\n\t\t\t\t\t<img decoding=\"async\" width=\"1200\" height=\"900\" src=\"https:\/\/www.smarttravelers.de\/wp-content\/uploads\/2019\/01\/Pra\u00e7a-da-Figueira2.jpg\" class=\"attachment-full size-full wp-post-image\" alt=\"Das Standbild von K\u00f6nig Jo\u00e3o I. auf der\" srcset=\"https:\/\/www.smarttravelers.de\/wp-content\/uploads\/2019\/01\/Pra\u00e7a-da-Figueira2-200x150.jpg 200w, https:\/\/www.smarttravelers.de\/wp-content\/uploads\/2019\/01\/Pra\u00e7a-da-Figueira2-400x300.jpg 400w, https:\/\/www.smarttravelers.de\/wp-content\/uploads\/2019\/01\/Pra\u00e7a-da-Figueira2-600x450.jpg 600w, https:\/\/www.smarttravelers.de\/wp-content\/uploads\/2019\/01\/Pra\u00e7a-da-Figueira2-800x600.jpg 800w, https:\/\/www.smarttravelers.de\/wp-content\/uploads\/2019\/01\/Pra\u00e7a-da-Figueira2.jpg 1200w\" sizes=\"(min-width: 2200px) 100vw, (min-width: 284px) 356px, (min-width: 212px) 284px, (min-width: 140px) 212px, \" \/>\n\t\n\n\t\t<div class=\"fusion-rollover\">\n\t<div class=\"fusion-rollover-content\">\n\n\t\t\t\t\t\t\t\t\t\t\t\t\t\t<a class=\"fusion-rollover-link\" href=\"https:\/\/www.smarttravelers.de\/en\/sights\/portugal\/lisbon\/praca-da-figueira\/\" target=\"_blank\">Pra\u00e7a da Figueira<\/a>\n\t\t\t\n\t\t\t\t\t\t\t\t\t\t\t\t\t\t\n\t\t\t\t\t\t\t\t\n\t\t\t\t\t\t\t\t\t\t\t\t\t<div class=\"fusion-rollover-sep\"><\/div>\n\t\t\t\t\n\t\t\t\t\t\t\t\t\t\t\t\t\t\t\t\t\t\t<a class=\"fusion-rollover-gallery\" href=\"https:\/\/www.smarttravelers.de\/wp-content\/uploads\/2019\/01\/Pra\u00e7a-da-Figueira2.jpg\" data-id=\"61383\" data-rel=\"iLightbox[gallery-rw-1]\" data-title=\"Pra\u00e7a da Figueira2\" data-caption=\"\">\n\t\t\t\t\t\tGallery\t\t\t\t\t<\/a>\n\t\t\t\t\t\t\t\t\t\t\t\t\t\t\n\t\t\n\t\t\t\t\t\t\t\t\t\t\t\t<h4 class=\"fusion-rollover-title\">\n\t\t\t\t\t<a class=\"fusion-rollover-title-link\" href=\"https:\/\/www.smarttravelers.de\/en\/sights\/portugal\/lisbon\/praca-da-figueira\/\" target=\"_blank\">\n\t\t\t\t\t\tPra\u00e7a da Figueira\t\t\t\t\t<\/a>\n\t\t\t\t<\/h4>\n\t\t\t\n\t\t\t\t\t\t\t\t\n\t\t\n\t\t\t\t\t\t<a class=\"fusion-link-wrapper\" href=\"https:\/\/www.smarttravelers.de\/en\/sights\/portugal\/lisbon\/praca-da-figueira\/\" target=\"_blank\" aria-label=\"Pra\u00e7a da Figueira\"><\/a>\n\t<\/div>\n<\/div>\n\n\t\n<\/div>\n<\/div><\/article><article id=\"portfolio-1-post-61379\" class=\"fusion-portfolio-post all-in-lisbon streets-squares fusion-col-spacing post-61379 fusion-element-grid\"><div class=\"fusion-portfolio-content-wrapper\" style=\"border:none;\"><span class=\"entry-title rich-snippet-hidden\">Pra\u00e7a do Com\u00e9rcio<\/span><span class=\"vcard rich-snippet-hidden\"><span class=\"fn\"><a href=\"https:\/\/www.smarttravelers.de\/en\/author\/wp_admin\/\" title=\"Posts by wp_admin\" rel=\"author\">wp_admin<\/a><\/span><\/span><span class=\"updated rich-snippet-hidden\">2024-08-20T23:40:30+02:00<\/span>\n\n<div  class=\"fusion-masonry-element-container fusion-image-wrapper\" style=\"background-image:url(https:\/\/www.smarttravelers.de\/wp-content\/uploads\/2019\/01\/Pra\u00e7a-do-Com\u00e9rcio2.jpg);padding-top:calc((100% + 20px) * 0.8 - 10px);\" aria-haspopup=\"true\">\n\t\n\t\n\t\n\t\t\n\t\t\t\t\t<img decoding=\"async\" width=\"1200\" height=\"899\" src=\"https:\/\/www.smarttravelers.de\/wp-content\/uploads\/2019\/01\/Pra\u00e7a-do-Com\u00e9rcio2.jpg\" class=\"attachment-full size-full wp-post-image\" alt=\"Luftbild der Pra\u00e7a do Com\u00e9rcio\" srcset=\"https:\/\/www.smarttravelers.de\/wp-content\/uploads\/2019\/01\/Pra\u00e7a-do-Com\u00e9rcio2-200x150.jpg 200w, https:\/\/www.smarttravelers.de\/wp-content\/uploads\/2019\/01\/Pra\u00e7a-do-Com\u00e9rcio2-400x300.jpg 400w, https:\/\/www.smarttravelers.de\/wp-content\/uploads\/2019\/01\/Pra\u00e7a-do-Com\u00e9rcio2-600x450.jpg 600w, https:\/\/www.smarttravelers.de\/wp-content\/uploads\/2019\/01\/Pra\u00e7a-do-Com\u00e9rcio2-800x599.jpg 800w, https:\/\/www.smarttravelers.de\/wp-content\/uploads\/2019\/01\/Pra\u00e7a-do-Com\u00e9rcio2.jpg 1200w\" sizes=\"(min-width: 2200px) 100vw, (min-width: 284px) 356px, (min-width: 212px) 284px, (min-width: 140px) 212px, \" \/>\n\t\n\n\t\t<div class=\"fusion-rollover\">\n\t<div class=\"fusion-rollover-content\">\n\n\t\t\t\t\t\t\t\t\t\t\t\t\t\t<a class=\"fusion-rollover-link\" href=\"https:\/\/www.smarttravelers.de\/en\/sights\/portugal\/lisbon\/praca-do-comercio\/\" target=\"_blank\">Pra\u00e7a do Com\u00e9rcio<\/a>\n\t\t\t\n\t\t\t\t\t\t\t\t\t\t\t\t\t\t\n\t\t\t\t\t\t\t\t\n\t\t\t\t\t\t\t\t\t\t\t\t\t<div class=\"fusion-rollover-sep\"><\/div>\n\t\t\t\t\n\t\t\t\t\t\t\t\t\t\t\t\t\t\t\t\t\t\t<a class=\"fusion-rollover-gallery\" href=\"https:\/\/www.smarttravelers.de\/wp-content\/uploads\/2019\/01\/Pra\u00e7a-do-Com\u00e9rcio2.jpg\" data-id=\"61379\" data-rel=\"iLightbox[gallery-rw-1]\" data-title=\"Pra\u00e7a do Com\u00e9rcio2\" data-caption=\"\">\n\t\t\t\t\t\tGallery\t\t\t\t\t<\/a>\n\t\t\t\t\t\t\t\t\t\t\t\t\t\t\n\t\t\n\t\t\t\t\t\t\t\t\t\t\t\t<h4 class=\"fusion-rollover-title\">\n\t\t\t\t\t<a class=\"fusion-rollover-title-link\" href=\"https:\/\/www.smarttravelers.de\/en\/sights\/portugal\/lisbon\/praca-do-comercio\/\" target=\"_blank\">\n\t\t\t\t\t\tPra\u00e7a do Com\u00e9rcio\t\t\t\t\t<\/a>\n\t\t\t\t<\/h4>\n\t\t\t\n\t\t\t\t\t\t\t\t\n\t\t\n\t\t\t\t\t\t<a class=\"fusion-link-wrapper\" href=\"https:\/\/www.smarttravelers.de\/en\/sights\/portugal\/lisbon\/praca-do-comercio\/\" target=\"_blank\" aria-label=\"Pra\u00e7a do Com\u00e9rcio\"><\/a>\n\t<\/div>\n<\/div>\n\n\t\n<\/div>\n<\/div><\/article><article id=\"portfolio-1-post-61375\" class=\"fusion-portfolio-post all-in-lisbon streets-squares fusion-col-spacing post-61375 fusion-element-grid\"><div class=\"fusion-portfolio-content-wrapper\" style=\"border:none;\"><span class=\"entry-title rich-snippet-hidden\">Pra\u00e7a Lu\u00eds de Cam\u00f5es<\/span><span class=\"vcard rich-snippet-hidden\"><span class=\"fn\"><a href=\"https:\/\/www.smarttravelers.de\/en\/author\/wp_admin\/\" title=\"Posts by wp_admin\" rel=\"author\">wp_admin<\/a><\/span><\/span><span class=\"updated rich-snippet-hidden\">2024-08-20T23:38:27+02:00<\/span>\n\n<div  class=\"fusion-masonry-element-container fusion-image-wrapper\" style=\"background-image:url(https:\/\/www.smarttravelers.de\/wp-content\/uploads\/2019\/01\/Pra\u00e7a-Lu\u00eds-de-Cam\u00f5es2.jpg);padding-top:calc((100% + 20px) * 0.8 - 10px);\" aria-haspopup=\"true\">\n\t\n\t\n\t\n\t\t\n\t\t\t\t\t<img decoding=\"async\" width=\"1200\" height=\"800\" src=\"https:\/\/www.smarttravelers.de\/wp-content\/uploads\/2019\/01\/Pra\u00e7a-Lu\u00eds-de-Cam\u00f5es2.jpg\" class=\"attachment-full size-full wp-post-image\" alt=\"Die Statue von Lu\u00eds de Cam\u00f5es\" srcset=\"https:\/\/www.smarttravelers.de\/wp-content\/uploads\/2019\/01\/Pra\u00e7a-Lu\u00eds-de-Cam\u00f5es2-200x133.jpg 200w, https:\/\/www.smarttravelers.de\/wp-content\/uploads\/2019\/01\/Pra\u00e7a-Lu\u00eds-de-Cam\u00f5es2-400x267.jpg 400w, https:\/\/www.smarttravelers.de\/wp-content\/uploads\/2019\/01\/Pra\u00e7a-Lu\u00eds-de-Cam\u00f5es2-600x400.jpg 600w, https:\/\/www.smarttravelers.de\/wp-content\/uploads\/2019\/01\/Pra\u00e7a-Lu\u00eds-de-Cam\u00f5es2-800x533.jpg 800w, https:\/\/www.smarttravelers.de\/wp-content\/uploads\/2019\/01\/Pra\u00e7a-Lu\u00eds-de-Cam\u00f5es2.jpg 1200w\" sizes=\"(min-width: 2200px) 100vw, (min-width: 284px) 356px, (min-width: 212px) 284px, (min-width: 140px) 212px, \" \/>\n\t\n\n\t\t<div class=\"fusion-rollover\">\n\t<div class=\"fusion-rollover-content\">\n\n\t\t\t\t\t\t\t\t\t\t\t\t\t\t<a class=\"fusion-rollover-link\" href=\"https:\/\/www.smarttravelers.de\/en\/sights\/portugal\/lisbon\/praca-luis-de-camoes\/\" target=\"_blank\">Pra\u00e7a Lu\u00eds de Cam\u00f5es<\/a>\n\t\t\t\n\t\t\t\t\t\t\t\t\t\t\t\t\t\t\n\t\t\t\t\t\t\t\t\n\t\t\t\t\t\t\t\t\t\t\t\t\t<div class=\"fusion-rollover-sep\"><\/div>\n\t\t\t\t\n\t\t\t\t\t\t\t\t\t\t\t\t\t\t\t\t\t\t<a class=\"fusion-rollover-gallery\" href=\"https:\/\/www.smarttravelers.de\/wp-content\/uploads\/2019\/01\/Pra\u00e7a-Lu\u00eds-de-Cam\u00f5es2.jpg\" data-id=\"61375\" data-rel=\"iLightbox[gallery-rw-1]\" data-title=\"Pra\u00e7a Lu\u00eds de Cam\u00f5es2\" data-caption=\"\">\n\t\t\t\t\t\tGallery\t\t\t\t\t<\/a>\n\t\t\t\t\t\t\t\t\t\t\t\t\t\t\n\t\t\n\t\t\t\t\t\t\t\t\t\t\t\t<h4 class=\"fusion-rollover-title\">\n\t\t\t\t\t<a class=\"fusion-rollover-title-link\" href=\"https:\/\/www.smarttravelers.de\/en\/sights\/portugal\/lisbon\/praca-luis-de-camoes\/\" target=\"_blank\">\n\t\t\t\t\t\tPra\u00e7a Lu\u00eds de Cam\u00f5es\t\t\t\t\t<\/a>\n\t\t\t\t<\/h4>\n\t\t\t\n\t\t\t\t\t\t\t\t\n\t\t\n\t\t\t\t\t\t<a class=\"fusion-link-wrapper\" href=\"https:\/\/www.smarttravelers.de\/en\/sights\/portugal\/lisbon\/praca-luis-de-camoes\/\" target=\"_blank\" aria-label=\"Pra\u00e7a Lu\u00eds de Cam\u00f5es\"><\/a>\n\t<\/div>\n<\/div>\n\n\t\n<\/div>\n<\/div><\/article><article id=\"portfolio-1-post-83708\" class=\"fusion-portfolio-post alle-in-stockholm-en districts fusion-col-spacing post-83708 fusion-element-grid\"><div class=\"fusion-portfolio-content-wrapper\" style=\"border:none;\"><span class=\"entry-title rich-snippet-hidden\">Riddarholmen<\/span><span class=\"vcard rich-snippet-hidden\"><span class=\"fn\"><a href=\"https:\/\/www.smarttravelers.de\/en\/author\/wp_admin\/\" title=\"Posts by wp_admin\" rel=\"author\">wp_admin<\/a><\/span><\/span><span class=\"updated rich-snippet-hidden\">2024-06-03T23:35:16+02:00<\/span>\n\n<div  class=\"fusion-masonry-element-container fusion-image-wrapper\" style=\"background-image:url(https:\/\/www.smarttravelers.de\/wp-content\/uploads\/2020\/03\/Riddarholmen2.jpg);padding-top:calc((100% + 20px) * 0.8 - 10px);\" aria-haspopup=\"true\">\n\t\n\t\n\t\n\t\t\n\t\t\t\t\t<img decoding=\"async\" width=\"1620\" height=\"1080\" src=\"https:\/\/www.smarttravelers.de\/wp-content\/uploads\/2020\/03\/Riddarholmen2.jpg\" class=\"attachment-full size-full wp-post-image\" alt=\"Ansicht von Riddarholmen\" srcset=\"https:\/\/www.smarttravelers.de\/wp-content\/uploads\/2020\/03\/Riddarholmen2-200x133.jpg 200w, https:\/\/www.smarttravelers.de\/wp-content\/uploads\/2020\/03\/Riddarholmen2-400x267.jpg 400w, https:\/\/www.smarttravelers.de\/wp-content\/uploads\/2020\/03\/Riddarholmen2-600x400.jpg 600w, https:\/\/www.smarttravelers.de\/wp-content\/uploads\/2020\/03\/Riddarholmen2-800x533.jpg 800w, https:\/\/www.smarttravelers.de\/wp-content\/uploads\/2020\/03\/Riddarholmen2-1200x800.jpg 1200w, https:\/\/www.smarttravelers.de\/wp-content\/uploads\/2020\/03\/Riddarholmen2.jpg 1620w\" sizes=\"(min-width: 2200px) 100vw, (min-width: 284px) 356px, (min-width: 212px) 284px, (min-width: 140px) 212px, \" \/>\n\t\n\n\t\t<div class=\"fusion-rollover\">\n\t<div class=\"fusion-rollover-content\">\n\n\t\t\t\t\t\t\t\t\t\t\t\t\t\t<a class=\"fusion-rollover-link\" href=\"https:\/\/www.smarttravelers.de\/en\/sights\/schweden\/stockholm\/riddarholmen\/\" target=\"_blank\">Riddarholmen<\/a>\n\t\t\t\n\t\t\t\t\t\t\t\t\t\t\t\t\t\t\n\t\t\t\t\t\t\t\t\n\t\t\t\t\t\t\t\t\t\t\t\t\t<div class=\"fusion-rollover-sep\"><\/div>\n\t\t\t\t\n\t\t\t\t\t\t\t\t\t\t\t\t\t\t\t\t\t\t<a class=\"fusion-rollover-gallery\" href=\"https:\/\/www.smarttravelers.de\/wp-content\/uploads\/2020\/03\/Riddarholmen2.jpg\" data-id=\"83708\" data-rel=\"iLightbox[gallery-rw-1]\" data-title=\"Riddarholmen2\" data-caption=\"\">\n\t\t\t\t\t\tGallery\t\t\t\t\t<\/a>\n\t\t\t\t\t\t\t\t\t\t\t\t\t\t\n\t\t\n\t\t\t\t\t\t\t\t\t\t\t\t<h4 class=\"fusion-rollover-title\">\n\t\t\t\t\t<a class=\"fusion-rollover-title-link\" href=\"https:\/\/www.smarttravelers.de\/en\/sights\/schweden\/stockholm\/riddarholmen\/\" target=\"_blank\">\n\t\t\t\t\t\tRiddarholmen\t\t\t\t\t<\/a>\n\t\t\t\t<\/h4>\n\t\t\t\n\t\t\t\t\t\t\t\t\n\t\t\n\t\t\t\t\t\t<a class=\"fusion-link-wrapper\" href=\"https:\/\/www.smarttravelers.de\/en\/sights\/schweden\/stockholm\/riddarholmen\/\" target=\"_blank\" aria-label=\"Riddarholmen\"><\/a>\n\t<\/div>\n<\/div>\n\n\t\n<\/div>\n<\/div><\/article><article id=\"portfolio-1-post-83711\" class=\"fusion-portfolio-post alle-in-stockholm-en churches-monasteries fusion-col-spacing post-83711 fusion-element-grid\"><div class=\"fusion-portfolio-content-wrapper\" style=\"border:none;\"><span class=\"entry-title rich-snippet-hidden\">Riddarholmen Church<\/span><span class=\"vcard rich-snippet-hidden\"><span class=\"fn\"><a href=\"https:\/\/www.smarttravelers.de\/en\/author\/wp_admin\/\" title=\"Posts by wp_admin\" rel=\"author\">wp_admin<\/a><\/span><\/span><span class=\"updated rich-snippet-hidden\">2024-06-03T23:38:33+02:00<\/span>\n\n<div  class=\"fusion-masonry-element-container fusion-image-wrapper\" style=\"background-image:url(https:\/\/www.smarttravelers.de\/wp-content\/uploads\/2020\/03\/Riddarholmskyrkan1.jpg);padding-top:calc((100% + 20px) * 0.8 - 10px);\" aria-haspopup=\"true\">\n\t\n\t\n\t\n\t\t\n\t\t\t\t\t<img decoding=\"async\" width=\"956\" height=\"1080\" src=\"https:\/\/www.smarttravelers.de\/wp-content\/uploads\/2020\/03\/Riddarholmskyrkan1.jpg\" class=\"attachment-full size-full wp-post-image\" alt=\"Au\u00dfenansicht der Riddarholmskyrkan\" srcset=\"https:\/\/www.smarttravelers.de\/wp-content\/uploads\/2020\/03\/Riddarholmskyrkan1-200x226.jpg 200w, https:\/\/www.smarttravelers.de\/wp-content\/uploads\/2020\/03\/Riddarholmskyrkan1-400x452.jpg 400w, https:\/\/www.smarttravelers.de\/wp-content\/uploads\/2020\/03\/Riddarholmskyrkan1-600x678.jpg 600w, https:\/\/www.smarttravelers.de\/wp-content\/uploads\/2020\/03\/Riddarholmskyrkan1-800x904.jpg 800w, https:\/\/www.smarttravelers.de\/wp-content\/uploads\/2020\/03\/Riddarholmskyrkan1.jpg 956w\" sizes=\"(min-width: 2200px) 100vw, (min-width: 284px) 356px, (min-width: 212px) 284px, (min-width: 140px) 212px, \" \/>\n\t\n\n\t\t<div class=\"fusion-rollover\">\n\t<div class=\"fusion-rollover-content\">\n\n\t\t\t\t\t\t\t\t\t\t\t\t\t\t<a class=\"fusion-rollover-link\" href=\"https:\/\/www.smarttravelers.de\/en\/sights\/schweden\/stockholm\/riddarholmskyrkan\/\" target=\"_blank\">Riddarholmen Church<\/a>\n\t\t\t\n\t\t\t\t\t\t\t\t\t\t\t\t\t\t\n\t\t\t\t\t\t\t\t\n\t\t\t\t\t\t\t\t\t\t\t\t\t<div class=\"fusion-rollover-sep\"><\/div>\n\t\t\t\t\n\t\t\t\t\t\t\t\t\t\t\t\t\t\t\t\t\t\t<a class=\"fusion-rollover-gallery\" href=\"https:\/\/www.smarttravelers.de\/wp-content\/uploads\/2020\/03\/Riddarholmskyrkan1.jpg\" data-id=\"83711\" data-rel=\"iLightbox[gallery-rw-1]\" data-title=\"Riddarholmskyrkan, Church, \u00d6\u00e5\u00f0\u00ea\u00ee\u00e2\u00fc\" data-caption=\"Riddarholmskyrkan, Church, \u00d6\u00e5\u00f0\u00ea\u00ee\u00e2\u00fc\">\n\t\t\t\t\t\tGallery\t\t\t\t\t<\/a>\n\t\t\t\t\t\t\t\t\t\t\t\t\t\t\n\t\t\n\t\t\t\t\t\t\t\t\t\t\t\t<h4 class=\"fusion-rollover-title\">\n\t\t\t\t\t<a class=\"fusion-rollover-title-link\" href=\"https:\/\/www.smarttravelers.de\/en\/sights\/schweden\/stockholm\/riddarholmskyrkan\/\" target=\"_blank\">\n\t\t\t\t\t\tRiddarholmen Church\t\t\t\t\t<\/a>\n\t\t\t\t<\/h4>\n\t\t\t\n\t\t\t\t\t\t\t\t\n\t\t\n\t\t\t\t\t\t<a class=\"fusion-link-wrapper\" href=\"https:\/\/www.smarttravelers.de\/en\/sights\/schweden\/stockholm\/riddarholmskyrkan\/\" target=\"_blank\" aria-label=\"Riddarholmen Church\"><\/a>\n\t<\/div>\n<\/div>\n\n\t\n<\/div>\n<\/div><\/article><article id=\"portfolio-1-post-83704\" class=\"fusion-portfolio-post alle-in-stockholm-en historical-buildings other-sights fusion-col-spacing post-83704 fusion-element-landscape\"><div class=\"fusion-portfolio-content-wrapper\" style=\"border:none;\"><span class=\"entry-title rich-snippet-hidden\">Riksdag<\/span><span class=\"vcard rich-snippet-hidden\"><span class=\"fn\"><a href=\"https:\/\/www.smarttravelers.de\/en\/author\/wp_admin\/\" title=\"Posts by wp_admin\" rel=\"author\">wp_admin<\/a><\/span><\/span><span class=\"updated rich-snippet-hidden\">2024-06-03T23:29:41+02:00<\/span>\n\n<div  class=\"fusion-masonry-element-container fusion-image-wrapper\" style=\"background-image:url(https:\/\/www.smarttravelers.de\/wp-content\/uploads\/2020\/03\/Reichstag-Stockholm3.jpg);padding-top:calc((100% + 20px) * 0.4 - 10px);\" aria-haspopup=\"true\">\n\t\n\t\n\t\n\t\t\n\t\t\t\t\t<img decoding=\"async\" width=\"1754\" height=\"1000\" src=\"https:\/\/www.smarttravelers.de\/wp-content\/uploads\/2020\/03\/Reichstag-Stockholm3.jpg\" class=\"attachment-full size-full wp-post-image\" alt=\"Au\u00dfenansicht Reichstag Stockholm\" srcset=\"https:\/\/www.smarttravelers.de\/wp-content\/uploads\/2020\/03\/Reichstag-Stockholm3-200x114.jpg 200w, https:\/\/www.smarttravelers.de\/wp-content\/uploads\/2020\/03\/Reichstag-Stockholm3-400x228.jpg 400w, https:\/\/www.smarttravelers.de\/wp-content\/uploads\/2020\/03\/Reichstag-Stockholm3-600x342.jpg 600w, https:\/\/www.smarttravelers.de\/wp-content\/uploads\/2020\/03\/Reichstag-Stockholm3-800x456.jpg 800w, https:\/\/www.smarttravelers.de\/wp-content\/uploads\/2020\/03\/Reichstag-Stockholm3-1200x684.jpg 1200w, https:\/\/www.smarttravelers.de\/wp-content\/uploads\/2020\/03\/Reichstag-Stockholm3.jpg 1754w\" sizes=\"(min-width: 2200px) 100vw, (min-width: 140px) 1920px, \" \/>\n\t\n\n\t\t<div class=\"fusion-rollover\">\n\t<div class=\"fusion-rollover-content\">\n\n\t\t\t\t\t\t\t\t\t\t\t\t\t\t<a class=\"fusion-rollover-link\" href=\"https:\/\/www.smarttravelers.de\/en\/sights\/schweden\/stockholm\/reichstag-stockholm\/\" target=\"_blank\">Riksdag<\/a>\n\t\t\t\n\t\t\t\t\t\t\t\t\t\t\t\t\t\t\n\t\t\t\t\t\t\t\t\n\t\t\t\t\t\t\t\t\t\t\t\t\t<div class=\"fusion-rollover-sep\"><\/div>\n\t\t\t\t\n\t\t\t\t\t\t\t\t\t\t\t\t\t\t\t\t\t\t<a class=\"fusion-rollover-gallery\" href=\"https:\/\/www.smarttravelers.de\/wp-content\/uploads\/2020\/03\/Reichstag-Stockholm3.jpg\" data-id=\"83704\" data-rel=\"iLightbox[gallery-rw-1]\" data-title=\"Reichstag Stockholm3\" data-caption=\"\">\n\t\t\t\t\t\tGallery\t\t\t\t\t<\/a>\n\t\t\t\t\t\t\t\t\t\t\t\t\t\t\n\t\t\n\t\t\t\t\t\t\t\t\t\t\t\t<h4 class=\"fusion-rollover-title\">\n\t\t\t\t\t<a class=\"fusion-rollover-title-link\" href=\"https:\/\/www.smarttravelers.de\/en\/sights\/schweden\/stockholm\/reichstag-stockholm\/\" target=\"_blank\">\n\t\t\t\t\t\tRiksdag\t\t\t\t\t<\/a>\n\t\t\t\t<\/h4>\n\t\t\t\n\t\t\t\t\t\t\t\t\n\t\t\n\t\t\t\t\t\t<a class=\"fusion-link-wrapper\" href=\"https:\/\/www.smarttravelers.de\/en\/sights\/schweden\/stockholm\/reichstag-stockholm\/\" target=\"_blank\" aria-label=\"Riksdag\"><\/a>\n\t<\/div>\n<\/div>\n\n\t\n<\/div>\n<\/div><\/article><article id=\"portfolio-1-post-83724\" class=\"fusion-portfolio-post alle-in-stockholm-en castles-palaces fusion-col-spacing post-83724 fusion-element-grid\"><div class=\"fusion-portfolio-content-wrapper\" style=\"border:none;\"><span class=\"entry-title rich-snippet-hidden\">Rosendal Palace<\/span><span class=\"vcard rich-snippet-hidden\"><span class=\"fn\"><a href=\"https:\/\/www.smarttravelers.de\/en\/author\/wp_admin\/\" title=\"Posts by wp_admin\" rel=\"author\">wp_admin<\/a><\/span><\/span><span class=\"updated rich-snippet-hidden\">2024-06-03T23:50:00+02:00<\/span>\n\n<div  class=\"fusion-masonry-element-container fusion-image-wrapper\" style=\"background-image:url(https:\/\/www.smarttravelers.de\/wp-content\/uploads\/2020\/03\/Schloss-Rosendal2.jpg);padding-top:calc((100% + 20px) * 0.8 - 10px);\" aria-haspopup=\"true\">\n\t\n\t\n\t\n\t\t\n\t\t\t\t\t<img decoding=\"async\" width=\"1631\" height=\"1080\" src=\"https:\/\/www.smarttravelers.de\/wp-content\/uploads\/2020\/03\/Schloss-Rosendal2.jpg\" class=\"attachment-full size-full wp-post-image\" alt=\"Au\u00dfenansicht Schloss Rosendal\" srcset=\"https:\/\/www.smarttravelers.de\/wp-content\/uploads\/2020\/03\/Schloss-Rosendal2-200x132.jpg 200w, https:\/\/www.smarttravelers.de\/wp-content\/uploads\/2020\/03\/Schloss-Rosendal2-400x265.jpg 400w, https:\/\/www.smarttravelers.de\/wp-content\/uploads\/2020\/03\/Schloss-Rosendal2-600x397.jpg 600w, https:\/\/www.smarttravelers.de\/wp-content\/uploads\/2020\/03\/Schloss-Rosendal2-800x530.jpg 800w, https:\/\/www.smarttravelers.de\/wp-content\/uploads\/2020\/03\/Schloss-Rosendal2-1200x795.jpg 1200w, https:\/\/www.smarttravelers.de\/wp-content\/uploads\/2020\/03\/Schloss-Rosendal2.jpg 1631w\" sizes=\"(min-width: 2200px) 100vw, (min-width: 284px) 356px, (min-width: 212px) 284px, (min-width: 140px) 212px, \" \/>\n\t\n\n\t\t<div class=\"fusion-rollover\">\n\t<div class=\"fusion-rollover-content\">\n\n\t\t\t\t\t\t\t\t\t\t\t\t\t\t<a class=\"fusion-rollover-link\" href=\"https:\/\/www.smarttravelers.de\/en\/sights\/schweden\/stockholm\/schloss-rosendal\/\" target=\"_blank\">Rosendal Palace<\/a>\n\t\t\t\n\t\t\t\t\t\t\t\t\t\t\t\t\t\t\n\t\t\t\t\t\t\t\t\n\t\t\t\t\t\t\t\t\t\t\t\t\t<div class=\"fusion-rollover-sep\"><\/div>\n\t\t\t\t\n\t\t\t\t\t\t\t\t\t\t\t\t\t\t\t\t\t\t<a class=\"fusion-rollover-gallery\" href=\"https:\/\/www.smarttravelers.de\/wp-content\/uploads\/2020\/03\/Schloss-Rosendal2.jpg\" data-id=\"83724\" data-rel=\"iLightbox[gallery-rw-1]\" data-title=\"Schloss Rosendal2\" data-caption=\"\">\n\t\t\t\t\t\tGallery\t\t\t\t\t<\/a>\n\t\t\t\t\t\t\t\t\t\t\t\t\t\t\n\t\t\n\t\t\t\t\t\t\t\t\t\t\t\t<h4 class=\"fusion-rollover-title\">\n\t\t\t\t\t<a class=\"fusion-rollover-title-link\" href=\"https:\/\/www.smarttravelers.de\/en\/sights\/schweden\/stockholm\/schloss-rosendal\/\" target=\"_blank\">\n\t\t\t\t\t\tRosendal Palace\t\t\t\t\t<\/a>\n\t\t\t\t<\/h4>\n\t\t\t\n\t\t\t\t\t\t\t\t\n\t\t\n\t\t\t\t\t\t<a class=\"fusion-link-wrapper\" href=\"https:\/\/www.smarttravelers.de\/en\/sights\/schweden\/stockholm\/schloss-rosendal\/\" target=\"_blank\" aria-label=\"Rosendal Palace\"><\/a>\n\t<\/div>\n<\/div>\n\n\t\n<\/div>\n<\/div><\/article><article id=\"portfolio-1-post-83715\" class=\"fusion-portfolio-post alle-in-stockholm-en gardens-parks fusion-col-spacing post-83715 fusion-element-grid\"><div class=\"fusion-portfolio-content-wrapper\" style=\"border:none;\"><span class=\"entry-title rich-snippet-hidden\">Rosendals Tr\u00e4dg\u00e5rd<\/span><span class=\"vcard rich-snippet-hidden\"><span class=\"fn\"><a href=\"https:\/\/www.smarttravelers.de\/en\/author\/wp_admin\/\" title=\"Posts by wp_admin\" rel=\"author\">wp_admin<\/a><\/span><\/span><span class=\"updated rich-snippet-hidden\">2024-06-03T23:42:41+02:00<\/span>\n\n<div  class=\"fusion-masonry-element-container fusion-image-wrapper\" style=\"background-image:url(https:\/\/www.smarttravelers.de\/wp-content\/uploads\/2020\/03\/Rosendals-Tr\u00e4dg\u00e5rd3.jpg);padding-top:calc((100% + 20px) * 0.8 - 10px);\" aria-haspopup=\"true\">\n\t\n\t\n\t\n\t\t\n\t\t\t\t\t<img decoding=\"async\" width=\"1620\" height=\"1080\" src=\"https:\/\/www.smarttravelers.de\/wp-content\/uploads\/2020\/03\/Rosendals-Tr\u00e4dg\u00e5rd3.jpg\" class=\"attachment-full size-full wp-post-image\" alt=\"Beete auf Rosendals Tr\u00e4dg\u00e5rd\" srcset=\"https:\/\/www.smarttravelers.de\/wp-content\/uploads\/2020\/03\/Rosendals-Tr\u00e4dg\u00e5rd3-200x133.jpg 200w, https:\/\/www.smarttravelers.de\/wp-content\/uploads\/2020\/03\/Rosendals-Tr\u00e4dg\u00e5rd3-400x267.jpg 400w, https:\/\/www.smarttravelers.de\/wp-content\/uploads\/2020\/03\/Rosendals-Tr\u00e4dg\u00e5rd3-600x400.jpg 600w, https:\/\/www.smarttravelers.de\/wp-content\/uploads\/2020\/03\/Rosendals-Tr\u00e4dg\u00e5rd3-800x533.jpg 800w, https:\/\/www.smarttravelers.de\/wp-content\/uploads\/2020\/03\/Rosendals-Tr\u00e4dg\u00e5rd3-1200x800.jpg 1200w, https:\/\/www.smarttravelers.de\/wp-content\/uploads\/2020\/03\/Rosendals-Tr\u00e4dg\u00e5rd3.jpg 1620w\" sizes=\"(min-width: 2200px) 100vw, (min-width: 284px) 356px, (min-width: 212px) 284px, (min-width: 140px) 212px, \" \/>\n\t\n\n\t\t<div class=\"fusion-rollover\">\n\t<div class=\"fusion-rollover-content\">\n\n\t\t\t\t\t\t\t\t\t\t\t\t\t\t<a class=\"fusion-rollover-link\" href=\"https:\/\/www.smarttravelers.de\/en\/sights\/schweden\/stockholm\/rosendals-traedgaard\/\" target=\"_blank\">Rosendals Tr\u00e4dg\u00e5rd<\/a>\n\t\t\t\n\t\t\t\t\t\t\t\t\t\t\t\t\t\t\n\t\t\t\t\t\t\t\t\n\t\t\t\t\t\t\t\t\t\t\t\t\t<div class=\"fusion-rollover-sep\"><\/div>\n\t\t\t\t\n\t\t\t\t\t\t\t\t\t\t\t\t\t\t\t\t\t\t<a class=\"fusion-rollover-gallery\" href=\"https:\/\/www.smarttravelers.de\/wp-content\/uploads\/2020\/03\/Rosendals-Tr\u00e4dg\u00e5rd3.jpg\" data-id=\"83715\" data-rel=\"iLightbox[gallery-rw-1]\" data-title=\"Rosendals Tr\u00e4dg\u00e5rd3\" data-caption=\"\">\n\t\t\t\t\t\tGallery\t\t\t\t\t<\/a>\n\t\t\t\t\t\t\t\t\t\t\t\t\t\t\n\t\t\n\t\t\t\t\t\t\t\t\t\t\t\t<h4 class=\"fusion-rollover-title\">\n\t\t\t\t\t<a class=\"fusion-rollover-title-link\" href=\"https:\/\/www.smarttravelers.de\/en\/sights\/schweden\/stockholm\/rosendals-traedgaard\/\" target=\"_blank\">\n\t\t\t\t\t\tRosendals Tr\u00e4dg\u00e5rd\t\t\t\t\t<\/a>\n\t\t\t\t<\/h4>\n\t\t\t\n\t\t\t\t\t\t\t\t\n\t\t\n\t\t\t\t\t\t<a class=\"fusion-link-wrapper\" href=\"https:\/\/www.smarttravelers.de\/en\/sights\/schweden\/stockholm\/rosendals-traedgaard\/\" target=\"_blank\" aria-label=\"Rosendals Tr\u00e4dg\u00e5rd\"><\/a>\n\t<\/div>\n<\/div>\n\n\t\n<\/div>\n<\/div><\/article><article id=\"portfolio-1-post-61371\" class=\"fusion-portfolio-post all-in-lisbon streets-squares fusion-col-spacing post-61371 fusion-element-grid\"><div class=\"fusion-portfolio-content-wrapper\" style=\"border:none;\"><span class=\"entry-title rich-snippet-hidden\">Rossio<\/span><span class=\"vcard rich-snippet-hidden\"><span class=\"fn\"><a href=\"https:\/\/www.smarttravelers.de\/en\/author\/wp_admin\/\" title=\"Posts by wp_admin\" rel=\"author\">wp_admin<\/a><\/span><\/span><span class=\"updated rich-snippet-hidden\">2024-08-20T23:36:25+02:00<\/span>\n\n<div  class=\"fusion-masonry-element-container fusion-image-wrapper\" style=\"background-image:url(https:\/\/www.smarttravelers.de\/wp-content\/uploads\/2019\/01\/Rossio1.jpg);padding-top:calc((100% + 20px) * 0.8 - 10px);\" aria-haspopup=\"true\">\n\t\n\t\n\t\n\t\t\n\t\t\t\t\t<img decoding=\"async\" width=\"1200\" height=\"800\" src=\"https:\/\/www.smarttravelers.de\/wp-content\/uploads\/2019\/01\/Rossio1.jpg\" class=\"attachment-full size-full wp-post-image\" alt=\"Springbrunnen und Teatro Nacional D. Maria II auf dem Rossio\" srcset=\"https:\/\/www.smarttravelers.de\/wp-content\/uploads\/2019\/01\/Rossio1-200x133.jpg 200w, https:\/\/www.smarttravelers.de\/wp-content\/uploads\/2019\/01\/Rossio1-400x267.jpg 400w, https:\/\/www.smarttravelers.de\/wp-content\/uploads\/2019\/01\/Rossio1-600x400.jpg 600w, https:\/\/www.smarttravelers.de\/wp-content\/uploads\/2019\/01\/Rossio1-800x533.jpg 800w, https:\/\/www.smarttravelers.de\/wp-content\/uploads\/2019\/01\/Rossio1.jpg 1200w\" sizes=\"(min-width: 2200px) 100vw, (min-width: 284px) 356px, (min-width: 212px) 284px, (min-width: 140px) 212px, \" \/>\n\t\n\n\t\t<div class=\"fusion-rollover\">\n\t<div class=\"fusion-rollover-content\">\n\n\t\t\t\t\t\t\t\t\t\t\t\t\t\t<a class=\"fusion-rollover-link\" href=\"https:\/\/www.smarttravelers.de\/en\/sights\/portugal\/lisbon\/rossio\/\" target=\"_blank\">Rossio<\/a>\n\t\t\t\n\t\t\t\t\t\t\t\t\t\t\t\t\t\t\n\t\t\t\t\t\t\t\t\n\t\t\t\t\t\t\t\t\t\t\t\t\t<div class=\"fusion-rollover-sep\"><\/div>\n\t\t\t\t\n\t\t\t\t\t\t\t\t\t\t\t\t\t\t\t\t\t\t<a class=\"fusion-rollover-gallery\" href=\"https:\/\/www.smarttravelers.de\/wp-content\/uploads\/2019\/01\/Rossio1.jpg\" data-id=\"61371\" data-rel=\"iLightbox[gallery-rw-1]\" data-title=\"Rossio1\" data-caption=\"\">\n\t\t\t\t\t\tGallery\t\t\t\t\t<\/a>\n\t\t\t\t\t\t\t\t\t\t\t\t\t\t\n\t\t\n\t\t\t\t\t\t\t\t\t\t\t\t<h4 class=\"fusion-rollover-title\">\n\t\t\t\t\t<a class=\"fusion-rollover-title-link\" href=\"https:\/\/www.smarttravelers.de\/en\/sights\/portugal\/lisbon\/rossio\/\" target=\"_blank\">\n\t\t\t\t\t\tRossio\t\t\t\t\t<\/a>\n\t\t\t\t<\/h4>\n\t\t\t\n\t\t\t\t\t\t\t\t\n\t\t\n\t\t\t\t\t\t<a class=\"fusion-link-wrapper\" href=\"https:\/\/www.smarttravelers.de\/en\/sights\/portugal\/lisbon\/rossio\/\" target=\"_blank\" aria-label=\"Rossio\"><\/a>\n\t<\/div>\n<\/div>\n\n\t\n<\/div>\n<\/div><\/article><article id=\"portfolio-1-post-83642\" class=\"fusion-portfolio-post alle-in-stockholm-en natural-landscapes-national-parks fusion-col-spacing post-83642 fusion-element-grid\"><div class=\"fusion-portfolio-content-wrapper\" style=\"border:none;\"><span class=\"entry-title rich-snippet-hidden\">Royal National City Park<\/span><span class=\"vcard rich-snippet-hidden\"><span class=\"fn\"><a href=\"https:\/\/www.smarttravelers.de\/en\/author\/wp_admin\/\" title=\"Posts by wp_admin\" rel=\"author\">wp_admin<\/a><\/span><\/span><span class=\"updated rich-snippet-hidden\">2024-06-03T12:06:18+02:00<\/span>\n\n<div  class=\"fusion-masonry-element-container fusion-image-wrapper\" style=\"background-image:url(https:\/\/www.smarttravelers.de\/wp-content\/uploads\/2020\/03\/K\u00f6niglicher-Nationalstadtpark3.jpg);padding-top:calc((100% + 20px) * 0.8 - 10px);\" aria-haspopup=\"true\">\n\t\n\t\n\t\n\t\t\n\t\t\t\t\t<img decoding=\"async\" width=\"1620\" height=\"1080\" src=\"https:\/\/www.smarttravelers.de\/wp-content\/uploads\/2020\/03\/K\u00f6niglicher-Nationalstadtpark3.jpg\" class=\"attachment-full size-full wp-post-image\" alt=\"K\u00f6niglicher Nationalstadtpark Gew\u00e4sser\" srcset=\"https:\/\/www.smarttravelers.de\/wp-content\/uploads\/2020\/03\/K\u00f6niglicher-Nationalstadtpark3-200x133.jpg 200w, https:\/\/www.smarttravelers.de\/wp-content\/uploads\/2020\/03\/K\u00f6niglicher-Nationalstadtpark3-400x267.jpg 400w, https:\/\/www.smarttravelers.de\/wp-content\/uploads\/2020\/03\/K\u00f6niglicher-Nationalstadtpark3-600x400.jpg 600w, https:\/\/www.smarttravelers.de\/wp-content\/uploads\/2020\/03\/K\u00f6niglicher-Nationalstadtpark3-800x533.jpg 800w, https:\/\/www.smarttravelers.de\/wp-content\/uploads\/2020\/03\/K\u00f6niglicher-Nationalstadtpark3-1200x800.jpg 1200w, https:\/\/www.smarttravelers.de\/wp-content\/uploads\/2020\/03\/K\u00f6niglicher-Nationalstadtpark3.jpg 1620w\" sizes=\"(min-width: 2200px) 100vw, (min-width: 284px) 356px, (min-width: 212px) 284px, (min-width: 140px) 212px, \" \/>\n\t\n\n\t\t<div class=\"fusion-rollover\">\n\t<div class=\"fusion-rollover-content\">\n\n\t\t\t\t\t\t\t\t\t\t\t\t\t\t<a class=\"fusion-rollover-link\" href=\"https:\/\/www.smarttravelers.de\/en\/sights\/schweden\/stockholm\/koeniglicher-nationalstadtpark\/\" target=\"_blank\">Royal National City Park<\/a>\n\t\t\t\n\t\t\t\t\t\t\t\t\t\t\t\t\t\t\n\t\t\t\t\t\t\t\t\n\t\t\t\t\t\t\t\t\t\t\t\t\t<div class=\"fusion-rollover-sep\"><\/div>\n\t\t\t\t\n\t\t\t\t\t\t\t\t\t\t\t\t\t\t\t\t\t\t<a class=\"fusion-rollover-gallery\" href=\"https:\/\/www.smarttravelers.de\/wp-content\/uploads\/2020\/03\/K\u00f6niglicher-Nationalstadtpark3.jpg\" data-id=\"83642\" data-rel=\"iLightbox[gallery-rw-1]\" data-title=\"K\u00f6niglicher Nationalstadtpark3\" data-caption=\"\">\n\t\t\t\t\t\tGallery\t\t\t\t\t<\/a>\n\t\t\t\t\t\t\t\t\t\t\t\t\t\t\n\t\t\n\t\t\t\t\t\t\t\t\t\t\t\t<h4 class=\"fusion-rollover-title\">\n\t\t\t\t\t<a class=\"fusion-rollover-title-link\" href=\"https:\/\/www.smarttravelers.de\/en\/sights\/schweden\/stockholm\/koeniglicher-nationalstadtpark\/\" target=\"_blank\">\n\t\t\t\t\t\tRoyal National City Park\t\t\t\t\t<\/a>\n\t\t\t\t<\/h4>\n\t\t\t\n\t\t\t\t\t\t\t\t\n\t\t\n\t\t\t\t\t\t<a class=\"fusion-link-wrapper\" href=\"https:\/\/www.smarttravelers.de\/en\/sights\/schweden\/stockholm\/koeniglicher-nationalstadtpark\/\" target=\"_blank\" aria-label=\"Royal National City Park\"><\/a>\n\t<\/div>\n<\/div>\n\n\t\n<\/div>\n<\/div><\/article><article id=\"portfolio-1-post-83636\" class=\"fusion-portfolio-post alle-in-stockholm-en theater-opera-houses fusion-col-spacing post-83636 fusion-element-grid\"><div class=\"fusion-portfolio-content-wrapper\" style=\"border:none;\"><span class=\"entry-title rich-snippet-hidden\">Royal Swedish Opera<\/span><span class=\"vcard rich-snippet-hidden\"><span class=\"fn\"><a href=\"https:\/\/www.smarttravelers.de\/en\/author\/wp_admin\/\" title=\"Posts by wp_admin\" rel=\"author\">wp_admin<\/a><\/span><\/span><span class=\"updated rich-snippet-hidden\">2024-06-03T12:03:02+02:00<\/span>\n\n<div  class=\"fusion-masonry-element-container fusion-image-wrapper\" style=\"background-image:url(https:\/\/www.smarttravelers.de\/wp-content\/uploads\/2020\/03\/K\u00f6nigliche-Oper1.jpg);padding-top:calc((100% + 20px) * 0.8 - 10px);\" aria-haspopup=\"true\">\n\t\n\t\n\t\n\t\t\n\t\t\t\t\t<img decoding=\"async\" width=\"1524\" height=\"1080\" src=\"https:\/\/www.smarttravelers.de\/wp-content\/uploads\/2020\/03\/K\u00f6nigliche-Oper1.jpg\" class=\"attachment-full size-full wp-post-image\" alt=\"K\u00f6nigliche Oper Stockholm bei Nacht\" srcset=\"https:\/\/www.smarttravelers.de\/wp-content\/uploads\/2020\/03\/K\u00f6nigliche-Oper1-200x142.jpg 200w, https:\/\/www.smarttravelers.de\/wp-content\/uploads\/2020\/03\/K\u00f6nigliche-Oper1-400x283.jpg 400w, https:\/\/www.smarttravelers.de\/wp-content\/uploads\/2020\/03\/K\u00f6nigliche-Oper1-600x425.jpg 600w, https:\/\/www.smarttravelers.de\/wp-content\/uploads\/2020\/03\/K\u00f6nigliche-Oper1-800x567.jpg 800w, https:\/\/www.smarttravelers.de\/wp-content\/uploads\/2020\/03\/K\u00f6nigliche-Oper1-1200x850.jpg 1200w, https:\/\/www.smarttravelers.de\/wp-content\/uploads\/2020\/03\/K\u00f6nigliche-Oper1.jpg 1524w\" sizes=\"(min-width: 2200px) 100vw, (min-width: 284px) 356px, (min-width: 212px) 284px, (min-width: 140px) 212px, \" \/>\n\t\n\n\t\t<div class=\"fusion-rollover\">\n\t<div class=\"fusion-rollover-content\">\n\n\t\t\t\t\t\t\t\t\t\t\t\t\t\t<a class=\"fusion-rollover-link\" href=\"https:\/\/www.smarttravelers.de\/en\/sights\/schweden\/stockholm\/koenigliche-oper\/\" target=\"_blank\">Royal Swedish Opera<\/a>\n\t\t\t\n\t\t\t\t\t\t\t\t\t\t\t\t\t\t\n\t\t\t\t\t\t\t\t\n\t\t\t\t\t\t\t\t\t\t\t\t\t<div class=\"fusion-rollover-sep\"><\/div>\n\t\t\t\t\n\t\t\t\t\t\t\t\t\t\t\t\t\t\t\t\t\t\t<a class=\"fusion-rollover-gallery\" href=\"https:\/\/www.smarttravelers.de\/wp-content\/uploads\/2020\/03\/K\u00f6nigliche-Oper1.jpg\" data-id=\"83636\" data-rel=\"iLightbox[gallery-rw-1]\" data-title=\"OLYMPUS DIGITAL CAMERA\" data-caption=\"OLYMPUS DIGITAL CAMERA\">\n\t\t\t\t\t\tGallery\t\t\t\t\t<\/a>\n\t\t\t\t\t\t\t\t\t\t\t\t\t\t\n\t\t\n\t\t\t\t\t\t\t\t\t\t\t\t<h4 class=\"fusion-rollover-title\">\n\t\t\t\t\t<a class=\"fusion-rollover-title-link\" href=\"https:\/\/www.smarttravelers.de\/en\/sights\/schweden\/stockholm\/koenigliche-oper\/\" target=\"_blank\">\n\t\t\t\t\t\tRoyal Swedish Opera\t\t\t\t\t<\/a>\n\t\t\t\t<\/h4>\n\t\t\t\n\t\t\t\t\t\t\t\t\n\t\t\n\t\t\t\t\t\t<a class=\"fusion-link-wrapper\" href=\"https:\/\/www.smarttravelers.de\/en\/sights\/schweden\/stockholm\/koenigliche-oper\/\" target=\"_blank\" aria-label=\"Royal Swedish Opera\"><\/a>\n\t<\/div>\n<\/div>\n\n\t\n<\/div>\n<\/div><\/article><article id=\"portfolio-1-post-61598\" class=\"fusion-portfolio-post all-in-lisbon historical-buildings fusion-col-spacing post-61598 fusion-element-grid\"><div class=\"fusion-portfolio-content-wrapper\" style=\"border:none;\"><span class=\"entry-title rich-snippet-hidden\">Rua Augusta Arch<\/span><span class=\"vcard rich-snippet-hidden\"><span class=\"fn\"><a href=\"https:\/\/www.smarttravelers.de\/en\/author\/wp_admin\/\" title=\"Posts by wp_admin\" rel=\"author\">wp_admin<\/a><\/span><\/span><span class=\"updated rich-snippet-hidden\">2024-09-09T23:48:37+02:00<\/span>\n\n<div  class=\"fusion-masonry-element-container fusion-image-wrapper\" style=\"background-image:url(https:\/\/www.smarttravelers.de\/wp-content\/uploads\/2019\/01\/Arco-da-Rua-Augusta1.jpg);padding-top:calc((100% + 20px) * 0.8 - 10px);\" aria-haspopup=\"true\">\n\t\n\t\n\t\n\t\t\n\t\t\t\t\t<img decoding=\"async\" width=\"1123\" height=\"900\" src=\"https:\/\/www.smarttravelers.de\/wp-content\/uploads\/2019\/01\/Arco-da-Rua-Augusta1.jpg\" class=\"attachment-full size-full wp-post-image\" alt=\"Der Arco da Rua Augusta von der Rua Augusta aus\" srcset=\"https:\/\/www.smarttravelers.de\/wp-content\/uploads\/2019\/01\/Arco-da-Rua-Augusta1-200x160.jpg 200w, https:\/\/www.smarttravelers.de\/wp-content\/uploads\/2019\/01\/Arco-da-Rua-Augusta1-400x321.jpg 400w, https:\/\/www.smarttravelers.de\/wp-content\/uploads\/2019\/01\/Arco-da-Rua-Augusta1-600x481.jpg 600w, https:\/\/www.smarttravelers.de\/wp-content\/uploads\/2019\/01\/Arco-da-Rua-Augusta1-800x641.jpg 800w, https:\/\/www.smarttravelers.de\/wp-content\/uploads\/2019\/01\/Arco-da-Rua-Augusta1.jpg 1123w\" sizes=\"(min-width: 2200px) 100vw, (min-width: 284px) 356px, (min-width: 212px) 284px, (min-width: 140px) 212px, \" \/>\n\t\n\n\t\t<div class=\"fusion-rollover\">\n\t<div class=\"fusion-rollover-content\">\n\n\t\t\t\t\t\t\t\t\t\t\t\t\t\t<a class=\"fusion-rollover-link\" href=\"https:\/\/www.smarttravelers.de\/en\/sights\/portugal\/lisbon\/rua-augusta-arch\/\" target=\"_blank\">Rua Augusta Arch<\/a>\n\t\t\t\n\t\t\t\t\t\t\t\t\t\t\t\t\t\t\n\t\t\t\t\t\t\t\t\n\t\t\t\t\t\t\t\t\t\t\t\t\t<div class=\"fusion-rollover-sep\"><\/div>\n\t\t\t\t\n\t\t\t\t\t\t\t\t\t\t\t\t\t\t\t\t\t\t<a class=\"fusion-rollover-gallery\" href=\"https:\/\/www.smarttravelers.de\/wp-content\/uploads\/2019\/01\/Arco-da-Rua-Augusta1.jpg\" data-id=\"61598\" data-rel=\"iLightbox[gallery-rw-1]\" data-title=\"Arco da Rua Augusta1\" data-caption=\"\">\n\t\t\t\t\t\tGallery\t\t\t\t\t<\/a>\n\t\t\t\t\t\t\t\t\t\t\t\t\t\t\n\t\t\n\t\t\t\t\t\t\t\t\t\t\t\t<h4 class=\"fusion-rollover-title\">\n\t\t\t\t\t<a class=\"fusion-rollover-title-link\" href=\"https:\/\/www.smarttravelers.de\/en\/sights\/portugal\/lisbon\/rua-augusta-arch\/\" target=\"_blank\">\n\t\t\t\t\t\tRua Augusta Arch\t\t\t\t\t<\/a>\n\t\t\t\t<\/h4>\n\t\t\t\n\t\t\t\t\t\t\t\t\n\t\t\n\t\t\t\t\t\t<a class=\"fusion-link-wrapper\" href=\"https:\/\/www.smarttravelers.de\/en\/sights\/portugal\/lisbon\/rua-augusta-arch\/\" target=\"_blank\" aria-label=\"Rua Augusta Arch\"><\/a>\n\t<\/div>\n<\/div>\n\n\t\n<\/div>\n<\/div><\/article><article id=\"portfolio-1-post-61549\" class=\"fusion-portfolio-post all-in-lisbon highlights-en other-sights fusion-col-spacing post-61549 fusion-element-portrait\"><div class=\"fusion-portfolio-content-wrapper\" style=\"border:none;\"><span class=\"entry-title rich-snippet-hidden\">Santa Justa Lift<\/span><span class=\"vcard rich-snippet-hidden\"><span class=\"fn\"><a href=\"https:\/\/www.smarttravelers.de\/en\/author\/wp_admin\/\" title=\"Posts by wp_admin\" rel=\"author\">wp_admin<\/a><\/span><\/span><span class=\"updated rich-snippet-hidden\">2024-09-05T00:04:27+02:00<\/span>\n\n<div  class=\"fusion-masonry-element-container fusion-image-wrapper\" style=\"background-image:url(https:\/\/www.smarttravelers.de\/wp-content\/uploads\/2019\/01\/Elevador-de-Santa-Justa1.jpg);padding-top:calc((100% + 20px) * 1.6);\" aria-haspopup=\"true\">\n\t\n\t\n\t\n\t\t\n\t\t\t\t\t<img decoding=\"async\" width=\"675\" height=\"900\" src=\"https:\/\/www.smarttravelers.de\/wp-content\/uploads\/2019\/01\/Elevador-de-Santa-Justa1.jpg\" class=\"attachment-full size-full wp-post-image\" alt=\"Der Alte J\u00fcdische Friedhof in Prag\" srcset=\"https:\/\/www.smarttravelers.de\/wp-content\/uploads\/2019\/01\/Elevador-de-Santa-Justa1-200x267.jpg 200w, https:\/\/www.smarttravelers.de\/wp-content\/uploads\/2019\/01\/Elevador-de-Santa-Justa1-400x533.jpg 400w, https:\/\/www.smarttravelers.de\/wp-content\/uploads\/2019\/01\/Elevador-de-Santa-Justa1-600x800.jpg 600w, https:\/\/www.smarttravelers.de\/wp-content\/uploads\/2019\/01\/Elevador-de-Santa-Justa1.jpg 675w\" sizes=\"(min-width: 2200px) 100vw, (min-width: 284px) 356px, (min-width: 212px) 284px, (min-width: 140px) 212px, \" \/>\n\t\n\n\t\t<div class=\"fusion-rollover\">\n\t<div class=\"fusion-rollover-content\">\n\n\t\t\t\t\t\t\t\t\t\t\t\t\t\t<a class=\"fusion-rollover-link\" href=\"https:\/\/www.smarttravelers.de\/en\/sights\/portugal\/lisbon\/santa-justa-lift\/\" target=\"_blank\">Santa Justa Lift<\/a>\n\t\t\t\n\t\t\t\t\t\t\t\t\t\t\t\t\t\t\n\t\t\t\t\t\t\t\t\n\t\t\t\t\t\t\t\t\t\t\t\t\t<div class=\"fusion-rollover-sep\"><\/div>\n\t\t\t\t\n\t\t\t\t\t\t\t\t\t\t\t\t\t\t\t\t\t\t<a class=\"fusion-rollover-gallery\" href=\"https:\/\/www.smarttravelers.de\/wp-content\/uploads\/2019\/01\/Elevador-de-Santa-Justa1.jpg\" data-id=\"61549\" data-rel=\"iLightbox[gallery-rw-1]\" data-title=\"Elevador de Santa Justa1\" data-caption=\"\">\n\t\t\t\t\t\tGallery\t\t\t\t\t<\/a>\n\t\t\t\t\t\t\t\t\t\t\t\t\t\t\n\t\t\n\t\t\t\t\t\t\t\t\t\t\t\t<h4 class=\"fusion-rollover-title\">\n\t\t\t\t\t<a class=\"fusion-rollover-title-link\" href=\"https:\/\/www.smarttravelers.de\/en\/sights\/portugal\/lisbon\/santa-justa-lift\/\" target=\"_blank\">\n\t\t\t\t\t\tSanta Justa Lift\t\t\t\t\t<\/a>\n\t\t\t\t<\/h4>\n\t\t\t\n\t\t\t\t\t\t\t\t\n\t\t\n\t\t\t\t\t\t<a class=\"fusion-link-wrapper\" href=\"https:\/\/www.smarttravelers.de\/en\/sights\/portugal\/lisbon\/santa-justa-lift\/\" target=\"_blank\" aria-label=\"Santa Justa Lift\"><\/a>\n\t<\/div>\n<\/div>\n\n\t\n<\/div>\n<\/div><\/article><article id=\"portfolio-1-post-61527\" class=\"fusion-portfolio-post all-in-lisbon castles-palaces highlights-en viewpoints fusion-col-spacing post-61527 fusion-element-grid\"><div class=\"fusion-portfolio-content-wrapper\" style=\"border:none;\"><span class=\"entry-title rich-snippet-hidden\">S\u00e3o Jorge Castle<\/span><span class=\"vcard rich-snippet-hidden\"><span class=\"fn\"><a href=\"https:\/\/www.smarttravelers.de\/en\/author\/wp_admin\/\" title=\"Posts by wp_admin\" rel=\"author\">wp_admin<\/a><\/span><\/span><span class=\"updated rich-snippet-hidden\">2024-09-03T17:10:55+02:00<\/span>\n\n<div  class=\"fusion-masonry-element-container fusion-image-wrapper\" style=\"background-image:url(https:\/\/www.smarttravelers.de\/wp-content\/uploads\/2019\/01\/Castelo-de-S\u00e3o-Jorge1.jpg);padding-top:calc((100% + 20px) * 0.8 - 10px);\" aria-haspopup=\"true\">\n\t\n\t\n\t\n\t\t\n\t\t\t\t\t<img decoding=\"async\" width=\"1200\" height=\"800\" src=\"https:\/\/www.smarttravelers.de\/wp-content\/uploads\/2019\/01\/Castelo-de-S\u00e3o-Jorge1.jpg\" class=\"attachment-full size-full wp-post-image\" alt=\"Blick auf das Castelo de S\u00e3o Jorge von der Baixa\" srcset=\"https:\/\/www.smarttravelers.de\/wp-content\/uploads\/2019\/01\/Castelo-de-S\u00e3o-Jorge1-200x133.jpg 200w, https:\/\/www.smarttravelers.de\/wp-content\/uploads\/2019\/01\/Castelo-de-S\u00e3o-Jorge1-400x267.jpg 400w, https:\/\/www.smarttravelers.de\/wp-content\/uploads\/2019\/01\/Castelo-de-S\u00e3o-Jorge1-600x400.jpg 600w, https:\/\/www.smarttravelers.de\/wp-content\/uploads\/2019\/01\/Castelo-de-S\u00e3o-Jorge1-800x533.jpg 800w, https:\/\/www.smarttravelers.de\/wp-content\/uploads\/2019\/01\/Castelo-de-S\u00e3o-Jorge1.jpg 1200w\" sizes=\"(min-width: 2200px) 100vw, (min-width: 284px) 356px, (min-width: 212px) 284px, (min-width: 140px) 212px, \" \/>\n\t\n\n\t\t<div class=\"fusion-rollover\">\n\t<div class=\"fusion-rollover-content\">\n\n\t\t\t\t\t\t\t\t\t\t\t\t\t\t<a class=\"fusion-rollover-link\" href=\"https:\/\/www.smarttravelers.de\/en\/sights\/portugal\/lisbon\/sao-jorge-castle\/\" target=\"_blank\">S\u00e3o Jorge Castle<\/a>\n\t\t\t\n\t\t\t\t\t\t\t\t\t\t\t\t\t\t\n\t\t\t\t\t\t\t\t\n\t\t\t\t\t\t\t\t\t\t\t\t\t<div class=\"fusion-rollover-sep\"><\/div>\n\t\t\t\t\n\t\t\t\t\t\t\t\t\t\t\t\t\t\t\t\t\t\t<a class=\"fusion-rollover-gallery\" href=\"https:\/\/www.smarttravelers.de\/wp-content\/uploads\/2019\/01\/Castelo-de-S\u00e3o-Jorge1.jpg\" data-id=\"61527\" data-rel=\"iLightbox[gallery-rw-1]\" data-title=\"Castelo de S\u00e3o Jorge1\" data-caption=\"\">\n\t\t\t\t\t\tGallery\t\t\t\t\t<\/a>\n\t\t\t\t\t\t\t\t\t\t\t\t\t\t\n\t\t\n\t\t\t\t\t\t\t\t\t\t\t\t<h4 class=\"fusion-rollover-title\">\n\t\t\t\t\t<a class=\"fusion-rollover-title-link\" href=\"https:\/\/www.smarttravelers.de\/en\/sights\/portugal\/lisbon\/sao-jorge-castle\/\" target=\"_blank\">\n\t\t\t\t\t\tS\u00e3o Jorge Castle\t\t\t\t\t<\/a>\n\t\t\t\t<\/h4>\n\t\t\t\n\t\t\t\t\t\t\t\t\n\t\t\n\t\t\t\t\t\t<a class=\"fusion-link-wrapper\" href=\"https:\/\/www.smarttravelers.de\/en\/sights\/portugal\/lisbon\/sao-jorge-castle\/\" target=\"_blank\" aria-label=\"S\u00e3o Jorge Castle\"><\/a>\n\t<\/div>\n<\/div>\n\n\t\n<\/div>\n<\/div><\/article><article id=\"portfolio-1-post-83733\" class=\"fusion-portfolio-post alle-in-stockholm-en streets-squares fusion-col-spacing post-83733 fusion-element-grid\"><div class=\"fusion-portfolio-content-wrapper\" style=\"border:none;\"><span class=\"entry-title rich-snippet-hidden\">Sergels torg<\/span><span class=\"vcard rich-snippet-hidden\"><span class=\"fn\"><a href=\"https:\/\/www.smarttravelers.de\/en\/author\/wp_admin\/\" title=\"Posts by wp_admin\" rel=\"author\">wp_admin<\/a><\/span><\/span><span class=\"updated rich-snippet-hidden\">2024-06-03T23:56:31+02:00<\/span>\n\n<div  class=\"fusion-masonry-element-container fusion-image-wrapper\" style=\"background-image:url(https:\/\/www.smarttravelers.de\/wp-content\/uploads\/2020\/03\/Sergels-torg1.jpg);padding-top:calc((100% + 20px) * 0.8 - 10px);\" aria-haspopup=\"true\">\n\t\n\t\n\t\n\t\t\n\t\t\t\t\t<img decoding=\"async\" width=\"1405\" height=\"1080\" src=\"https:\/\/www.smarttravelers.de\/wp-content\/uploads\/2020\/03\/Sergels-torg1.jpg\" class=\"attachment-full size-full wp-post-image\" alt=\"Glass\u00e4ule auf dem Sergels torg\" srcset=\"https:\/\/www.smarttravelers.de\/wp-content\/uploads\/2020\/03\/Sergels-torg1-200x154.jpg 200w, https:\/\/www.smarttravelers.de\/wp-content\/uploads\/2020\/03\/Sergels-torg1-400x307.jpg 400w, https:\/\/www.smarttravelers.de\/wp-content\/uploads\/2020\/03\/Sergels-torg1-600x461.jpg 600w, https:\/\/www.smarttravelers.de\/wp-content\/uploads\/2020\/03\/Sergels-torg1-800x615.jpg 800w, https:\/\/www.smarttravelers.de\/wp-content\/uploads\/2020\/03\/Sergels-torg1-1200x922.jpg 1200w, https:\/\/www.smarttravelers.de\/wp-content\/uploads\/2020\/03\/Sergels-torg1.jpg 1405w\" sizes=\"(min-width: 2200px) 100vw, (min-width: 284px) 356px, (min-width: 212px) 284px, (min-width: 140px) 212px, \" \/>\n\t\n\n\t\t<div class=\"fusion-rollover\">\n\t<div class=\"fusion-rollover-content\">\n\n\t\t\t\t\t\t\t\t\t\t\t\t\t\t<a class=\"fusion-rollover-link\" href=\"https:\/\/www.smarttravelers.de\/en\/sights\/stockholm-en\/sergels-torg\/\" target=\"_blank\">Sergels torg<\/a>\n\t\t\t\n\t\t\t\t\t\t\t\t\t\t\t\t\t\t\n\t\t\t\t\t\t\t\t\n\t\t\t\t\t\t\t\t\t\t\t\t\t<div class=\"fusion-rollover-sep\"><\/div>\n\t\t\t\t\n\t\t\t\t\t\t\t\t\t\t\t\t\t\t\t\t\t\t<a class=\"fusion-rollover-gallery\" href=\"https:\/\/www.smarttravelers.de\/wp-content\/uploads\/2020\/03\/Sergels-torg1.jpg\" data-id=\"83733\" data-rel=\"iLightbox[gallery-rw-1]\" data-title=\"\u00d1\u00f2\u00ee\u00ea\u00e3\u00ee\u00eb\u00fc\u00ec\" data-caption=\"\u00d1\u00f2\u00ee\u00ea\u00e3\u00ee\u00eb\u00fc\u00ec\">\n\t\t\t\t\t\tGallery\t\t\t\t\t<\/a>\n\t\t\t\t\t\t\t\t\t\t\t\t\t\t\n\t\t\n\t\t\t\t\t\t\t\t\t\t\t\t<h4 class=\"fusion-rollover-title\">\n\t\t\t\t\t<a class=\"fusion-rollover-title-link\" href=\"https:\/\/www.smarttravelers.de\/en\/sights\/stockholm-en\/sergels-torg\/\" target=\"_blank\">\n\t\t\t\t\t\tSergels torg\t\t\t\t\t<\/a>\n\t\t\t\t<\/h4>\n\t\t\t\n\t\t\t\t\t\t\t\t\n\t\t\n\t\t\t\t\t\t<a class=\"fusion-link-wrapper\" href=\"https:\/\/www.smarttravelers.de\/en\/sights\/stockholm-en\/sergels-torg\/\" target=\"_blank\" aria-label=\"Sergels torg\"><\/a>\n\t<\/div>\n<\/div>\n\n\t\n<\/div>\n<\/div><\/article><article id=\"portfolio-1-post-83737\" class=\"fusion-portfolio-post alle-in-stockholm-en highlights-en museums-galleries fusion-col-spacing post-83737 fusion-element-grid\"><div class=\"fusion-portfolio-content-wrapper\" style=\"border:none;\"><span class=\"entry-title rich-snippet-hidden\">Skansen<\/span><span class=\"vcard rich-snippet-hidden\"><span class=\"fn\"><a href=\"https:\/\/www.smarttravelers.de\/en\/author\/wp_admin\/\" title=\"Posts by wp_admin\" rel=\"author\">wp_admin<\/a><\/span><\/span><span class=\"updated rich-snippet-hidden\">2024-06-03T23:59:45+02:00<\/span>\n\n<div  class=\"fusion-masonry-element-container fusion-image-wrapper\" style=\"background-image:url(https:\/\/www.smarttravelers.de\/wp-content\/uploads\/2020\/03\/Skansen2.jpg);padding-top:calc((100% + 20px) * 0.8 - 10px);\" aria-haspopup=\"true\">\n\t\n\t\n\t\n\t\t\n\t\t\t\t\t<img decoding=\"async\" width=\"1620\" height=\"1080\" src=\"https:\/\/www.smarttravelers.de\/wp-content\/uploads\/2020\/03\/Skansen2.jpg\" class=\"attachment-full size-full wp-post-image\" alt=\"H\u00e4userzeile in Skansen\" srcset=\"https:\/\/www.smarttravelers.de\/wp-content\/uploads\/2020\/03\/Skansen2-200x133.jpg 200w, https:\/\/www.smarttravelers.de\/wp-content\/uploads\/2020\/03\/Skansen2-400x267.jpg 400w, https:\/\/www.smarttravelers.de\/wp-content\/uploads\/2020\/03\/Skansen2-600x400.jpg 600w, https:\/\/www.smarttravelers.de\/wp-content\/uploads\/2020\/03\/Skansen2-800x533.jpg 800w, https:\/\/www.smarttravelers.de\/wp-content\/uploads\/2020\/03\/Skansen2-1200x800.jpg 1200w, https:\/\/www.smarttravelers.de\/wp-content\/uploads\/2020\/03\/Skansen2.jpg 1620w\" sizes=\"(min-width: 2200px) 100vw, (min-width: 284px) 356px, (min-width: 212px) 284px, (min-width: 140px) 212px, \" \/>\n\t\n\n\t\t<div class=\"fusion-rollover\">\n\t<div class=\"fusion-rollover-content\">\n\n\t\t\t\t\t\t\t\t\t\t\t\t\t\t<a class=\"fusion-rollover-link\" href=\"https:\/\/www.smarttravelers.de\/en\/sights\/schweden\/stockholm\/skansen\/\" target=\"_blank\">Skansen<\/a>\n\t\t\t\n\t\t\t\t\t\t\t\t\t\t\t\t\t\t\n\t\t\t\t\t\t\t\t\n\t\t\t\t\t\t\t\t\t\t\t\t\t<div class=\"fusion-rollover-sep\"><\/div>\n\t\t\t\t\n\t\t\t\t\t\t\t\t\t\t\t\t\t\t\t\t\t\t<a class=\"fusion-rollover-gallery\" href=\"https:\/\/www.smarttravelers.de\/wp-content\/uploads\/2020\/03\/Skansen2.jpg\" data-id=\"83737\" data-rel=\"iLightbox[gallery-rw-1]\" data-title=\"Skansen2\" data-caption=\"\">\n\t\t\t\t\t\tGallery\t\t\t\t\t<\/a>\n\t\t\t\t\t\t\t\t\t\t\t\t\t\t\n\t\t\n\t\t\t\t\t\t\t\t\t\t\t\t<h4 class=\"fusion-rollover-title\">\n\t\t\t\t\t<a class=\"fusion-rollover-title-link\" href=\"https:\/\/www.smarttravelers.de\/en\/sights\/schweden\/stockholm\/skansen\/\" target=\"_blank\">\n\t\t\t\t\t\tSkansen\t\t\t\t\t<\/a>\n\t\t\t\t<\/h4>\n\t\t\t\n\t\t\t\t\t\t\t\t\n\t\t\n\t\t\t\t\t\t<a class=\"fusion-link-wrapper\" href=\"https:\/\/www.smarttravelers.de\/en\/sights\/schweden\/stockholm\/skansen\/\" target=\"_blank\" aria-label=\"Skansen\"><\/a>\n\t<\/div>\n<\/div>\n\n\t\n<\/div>\n<\/div><\/article><article id=\"portfolio-1-post-83741\" class=\"fusion-portfolio-post alle-in-stockholm-en zoos-aquariums fusion-col-spacing post-83741 fusion-element-grid\"><div class=\"fusion-portfolio-content-wrapper\" style=\"border:none;\"><span class=\"entry-title rich-snippet-hidden\">Skansen-Akvariet<\/span><span class=\"vcard rich-snippet-hidden\"><span class=\"fn\"><a href=\"https:\/\/www.smarttravelers.de\/en\/author\/wp_admin\/\" title=\"Posts by wp_admin\" rel=\"author\">wp_admin<\/a><\/span><\/span><span class=\"updated rich-snippet-hidden\">2024-06-04T00:01:34+02:00<\/span>\n\n<div  class=\"fusion-masonry-element-container fusion-image-wrapper\" style=\"background-image:url(https:\/\/www.smarttravelers.de\/wp-content\/uploads\/2020\/03\/Skansen-Akvariet1.jpg);padding-top:calc((100% + 20px) * 0.8 - 10px);\" aria-haspopup=\"true\">\n\t\n\t\n\t\n\t\t\n\t\t\t\t\t<img decoding=\"async\" width=\"1440\" height=\"1080\" src=\"https:\/\/www.smarttravelers.de\/wp-content\/uploads\/2020\/03\/Skansen-Akvariet1.jpg\" class=\"attachment-full size-full wp-post-image\" alt=\"Krokodil im Skansen-Akvariet\" srcset=\"https:\/\/www.smarttravelers.de\/wp-content\/uploads\/2020\/03\/Skansen-Akvariet1-200x150.jpg 200w, https:\/\/www.smarttravelers.de\/wp-content\/uploads\/2020\/03\/Skansen-Akvariet1-400x300.jpg 400w, https:\/\/www.smarttravelers.de\/wp-content\/uploads\/2020\/03\/Skansen-Akvariet1-600x450.jpg 600w, https:\/\/www.smarttravelers.de\/wp-content\/uploads\/2020\/03\/Skansen-Akvariet1-800x600.jpg 800w, https:\/\/www.smarttravelers.de\/wp-content\/uploads\/2020\/03\/Skansen-Akvariet1-1200x900.jpg 1200w, https:\/\/www.smarttravelers.de\/wp-content\/uploads\/2020\/03\/Skansen-Akvariet1.jpg 1440w\" sizes=\"(min-width: 2200px) 100vw, (min-width: 284px) 356px, (min-width: 212px) 284px, (min-width: 140px) 212px, \" \/>\n\t\n\n\t\t<div class=\"fusion-rollover\">\n\t<div class=\"fusion-rollover-content\">\n\n\t\t\t\t\t\t\t\t\t\t\t\t\t\t<a class=\"fusion-rollover-link\" href=\"https:\/\/www.smarttravelers.de\/en\/sights\/schweden\/stockholm\/skansen-akvariet\/\" target=\"_blank\">Skansen-Akvariet<\/a>\n\t\t\t\n\t\t\t\t\t\t\t\t\t\t\t\t\t\t\n\t\t\t\t\t\t\t\t\n\t\t\t\t\t\t\t\t\t\t\t\t\t<div class=\"fusion-rollover-sep\"><\/div>\n\t\t\t\t\n\t\t\t\t\t\t\t\t\t\t\t\t\t\t\t\t\t\t<a class=\"fusion-rollover-gallery\" href=\"https:\/\/www.smarttravelers.de\/wp-content\/uploads\/2020\/03\/Skansen-Akvariet1.jpg\" data-id=\"83741\" data-rel=\"iLightbox[gallery-rw-1]\" data-title=\"Animal pic\" data-caption=\"Animal pic\">\n\t\t\t\t\t\tGallery\t\t\t\t\t<\/a>\n\t\t\t\t\t\t\t\t\t\t\t\t\t\t\n\t\t\n\t\t\t\t\t\t\t\t\t\t\t\t<h4 class=\"fusion-rollover-title\">\n\t\t\t\t\t<a class=\"fusion-rollover-title-link\" href=\"https:\/\/www.smarttravelers.de\/en\/sights\/schweden\/stockholm\/skansen-akvariet\/\" target=\"_blank\">\n\t\t\t\t\t\tSkansen-Akvariet\t\t\t\t\t<\/a>\n\t\t\t\t<\/h4>\n\t\t\t\n\t\t\t\t\t\t\t\t\n\t\t\n\t\t\t\t\t\t<a class=\"fusion-link-wrapper\" href=\"https:\/\/www.smarttravelers.de\/en\/sights\/schweden\/stockholm\/skansen-akvariet\/\" target=\"_blank\" aria-label=\"Skansen-Akvariet\"><\/a>\n\t<\/div>\n<\/div>\n\n\t\n<\/div>\n<\/div><\/article><article id=\"portfolio-1-post-83745\" class=\"fusion-portfolio-post alle-in-stockholm-en districts viewpoints fusion-col-spacing post-83745 fusion-element-grid\"><div class=\"fusion-portfolio-content-wrapper\" style=\"border:none;\"><span class=\"entry-title rich-snippet-hidden\">Skeppsholmen<\/span><span class=\"vcard rich-snippet-hidden\"><span class=\"fn\"><a href=\"https:\/\/www.smarttravelers.de\/en\/author\/wp_admin\/\" title=\"Posts by wp_admin\" rel=\"author\">wp_admin<\/a><\/span><\/span><span class=\"updated rich-snippet-hidden\">2024-06-04T00:06:02+02:00<\/span>\n\n<div  class=\"fusion-masonry-element-container fusion-image-wrapper\" style=\"background-image:url(https:\/\/www.smarttravelers.de\/wp-content\/uploads\/2020\/03\/Skeppsholmen1.jpg);padding-top:calc((100% + 20px) * 0.8 - 10px);\" aria-haspopup=\"true\">\n\t\n\t\n\t\n\t\t\n\t\t\t\t\t<img decoding=\"async\" width=\"1618\" height=\"1080\" src=\"https:\/\/www.smarttravelers.de\/wp-content\/uploads\/2020\/03\/Skeppsholmen1.jpg\" class=\"attachment-full size-full wp-post-image\" alt=\"Luftbild von Skeppsholmen\" srcset=\"https:\/\/www.smarttravelers.de\/wp-content\/uploads\/2020\/03\/Skeppsholmen1-200x133.jpg 200w, https:\/\/www.smarttravelers.de\/wp-content\/uploads\/2020\/03\/Skeppsholmen1-400x267.jpg 400w, https:\/\/www.smarttravelers.de\/wp-content\/uploads\/2020\/03\/Skeppsholmen1-600x400.jpg 600w, https:\/\/www.smarttravelers.de\/wp-content\/uploads\/2020\/03\/Skeppsholmen1-800x534.jpg 800w, https:\/\/www.smarttravelers.de\/wp-content\/uploads\/2020\/03\/Skeppsholmen1-1200x801.jpg 1200w, https:\/\/www.smarttravelers.de\/wp-content\/uploads\/2020\/03\/Skeppsholmen1.jpg 1618w\" sizes=\"(min-width: 2200px) 100vw, (min-width: 284px) 356px, (min-width: 212px) 284px, (min-width: 140px) 212px, \" \/>\n\t\n\n\t\t<div class=\"fusion-rollover\">\n\t<div class=\"fusion-rollover-content\">\n\n\t\t\t\t\t\t\t\t\t\t\t\t\t\t<a class=\"fusion-rollover-link\" href=\"https:\/\/www.smarttravelers.de\/en\/sights\/schweden\/stockholm\/skeppsholmen\/\" target=\"_blank\">Skeppsholmen<\/a>\n\t\t\t\n\t\t\t\t\t\t\t\t\t\t\t\t\t\t\n\t\t\t\t\t\t\t\t\n\t\t\t\t\t\t\t\t\t\t\t\t\t<div class=\"fusion-rollover-sep\"><\/div>\n\t\t\t\t\n\t\t\t\t\t\t\t\t\t\t\t\t\t\t\t\t\t\t<a class=\"fusion-rollover-gallery\" href=\"https:\/\/www.smarttravelers.de\/wp-content\/uploads\/2020\/03\/Skeppsholmen1.jpg\" data-id=\"83745\" data-rel=\"iLightbox[gallery-rw-1]\" data-title=\"Skeppsholmen1\" data-caption=\"\">\n\t\t\t\t\t\tGallery\t\t\t\t\t<\/a>\n\t\t\t\t\t\t\t\t\t\t\t\t\t\t\n\t\t\n\t\t\t\t\t\t\t\t\t\t\t\t<h4 class=\"fusion-rollover-title\">\n\t\t\t\t\t<a class=\"fusion-rollover-title-link\" href=\"https:\/\/www.smarttravelers.de\/en\/sights\/schweden\/stockholm\/skeppsholmen\/\" target=\"_blank\">\n\t\t\t\t\t\tSkeppsholmen\t\t\t\t\t<\/a>\n\t\t\t\t<\/h4>\n\t\t\t\n\t\t\t\t\t\t\t\t\n\t\t\n\t\t\t\t\t\t<a class=\"fusion-link-wrapper\" href=\"https:\/\/www.smarttravelers.de\/en\/sights\/schweden\/stockholm\/skeppsholmen\/\" target=\"_blank\" aria-label=\"Skeppsholmen\"><\/a>\n\t<\/div>\n<\/div>\n\n\t\n<\/div>\n<\/div><\/article><article id=\"portfolio-1-post-83749\" class=\"fusion-portfolio-post alle-in-stockholm-en other-sights world-heritage-sites fusion-col-spacing post-83749 fusion-element-grid\"><div class=\"fusion-portfolio-content-wrapper\" style=\"border:none;\"><span class=\"entry-title rich-snippet-hidden\">Skogskyrkog\u00e5rden<\/span><span class=\"vcard rich-snippet-hidden\"><span class=\"fn\"><a href=\"https:\/\/www.smarttravelers.de\/en\/author\/wp_admin\/\" title=\"Posts by wp_admin\" rel=\"author\">wp_admin<\/a><\/span><\/span><span class=\"updated rich-snippet-hidden\">2024-06-04T00:10:23+02:00<\/span>\n\n<div  class=\"fusion-masonry-element-container fusion-image-wrapper\" style=\"background-image:url(https:\/\/www.smarttravelers.de\/wp-content\/uploads\/2020\/03\/Skogskyrkog\u00e5rden1.jpg);padding-top:calc((100% + 20px) * 0.8 - 10px);\" aria-haspopup=\"true\">\n\t\n\t\n\t\n\t\t\n\t\t\t\t\t<img decoding=\"async\" width=\"1440\" height=\"1080\" src=\"https:\/\/www.smarttravelers.de\/wp-content\/uploads\/2020\/03\/Skogskyrkog\u00e5rden1.jpg\" class=\"attachment-full size-full wp-post-image\" alt=\"Wals im\" srcset=\"https:\/\/www.smarttravelers.de\/wp-content\/uploads\/2020\/03\/Skogskyrkog\u00e5rden1-200x150.jpg 200w, https:\/\/www.smarttravelers.de\/wp-content\/uploads\/2020\/03\/Skogskyrkog\u00e5rden1-400x300.jpg 400w, https:\/\/www.smarttravelers.de\/wp-content\/uploads\/2020\/03\/Skogskyrkog\u00e5rden1-600x450.jpg 600w, https:\/\/www.smarttravelers.de\/wp-content\/uploads\/2020\/03\/Skogskyrkog\u00e5rden1-800x600.jpg 800w, https:\/\/www.smarttravelers.de\/wp-content\/uploads\/2020\/03\/Skogskyrkog\u00e5rden1-1200x900.jpg 1200w, https:\/\/www.smarttravelers.de\/wp-content\/uploads\/2020\/03\/Skogskyrkog\u00e5rden1.jpg 1440w\" sizes=\"(min-width: 2200px) 100vw, (min-width: 284px) 356px, (min-width: 212px) 284px, (min-width: 140px) 212px, \" \/>\n\t\n\n\t\t<div class=\"fusion-rollover\">\n\t<div class=\"fusion-rollover-content\">\n\n\t\t\t\t\t\t\t\t\t\t\t\t\t\t<a class=\"fusion-rollover-link\" href=\"https:\/\/www.smarttravelers.de\/en\/sights\/schweden\/stockholm\/skogskyrkogaarden\/\" target=\"_blank\">Skogskyrkog\u00e5rden<\/a>\n\t\t\t\n\t\t\t\t\t\t\t\t\t\t\t\t\t\t\n\t\t\t\t\t\t\t\t\n\t\t\t\t\t\t\t\t\t\t\t\t\t<div class=\"fusion-rollover-sep\"><\/div>\n\t\t\t\t\n\t\t\t\t\t\t\t\t\t\t\t\t\t\t\t\t\t\t<a class=\"fusion-rollover-gallery\" href=\"https:\/\/www.smarttravelers.de\/wp-content\/uploads\/2020\/03\/Skogskyrkog\u00e5rden1.jpg\" data-id=\"83749\" data-rel=\"iLightbox[gallery-rw-1]\" data-title=\"Skogskyrkog\u00e5rden1\" data-caption=\"\">\n\t\t\t\t\t\tGallery\t\t\t\t\t<\/a>\n\t\t\t\t\t\t\t\t\t\t\t\t\t\t\n\t\t\n\t\t\t\t\t\t\t\t\t\t\t\t<h4 class=\"fusion-rollover-title\">\n\t\t\t\t\t<a class=\"fusion-rollover-title-link\" href=\"https:\/\/www.smarttravelers.de\/en\/sights\/schweden\/stockholm\/skogskyrkogaarden\/\" target=\"_blank\">\n\t\t\t\t\t\tSkogskyrkog\u00e5rden\t\t\t\t\t<\/a>\n\t\t\t\t<\/h4>\n\t\t\t\n\t\t\t\t\t\t\t\t\n\t\t\n\t\t\t\t\t\t<a class=\"fusion-link-wrapper\" href=\"https:\/\/www.smarttravelers.de\/en\/sights\/schweden\/stockholm\/skogskyrkogaarden\/\" target=\"_blank\" aria-label=\"Skogskyrkog\u00e5rden\"><\/a>\n\t<\/div>\n<\/div>\n\n\t\n<\/div>\n<\/div><\/article><article id=\"portfolio-1-post-83753\" class=\"fusion-portfolio-post alle-in-stockholm-en districts fusion-col-spacing post-83753 fusion-element-grid\"><div class=\"fusion-portfolio-content-wrapper\" style=\"border:none;\"><span class=\"entry-title rich-snippet-hidden\">S\u00f6dermalm<\/span><span class=\"vcard rich-snippet-hidden\"><span class=\"fn\"><a href=\"https:\/\/www.smarttravelers.de\/en\/author\/wp_admin\/\" title=\"Posts by wp_admin\" rel=\"author\">wp_admin<\/a><\/span><\/span><span class=\"updated rich-snippet-hidden\">2024-06-04T13:51:17+02:00<\/span>\n\n<div  class=\"fusion-masonry-element-container fusion-image-wrapper\" style=\"background-image:url(https:\/\/www.smarttravelers.de\/wp-content\/uploads\/2020\/03\/S\u00f6dermalm1.jpg);padding-top:calc((100% + 20px) * 0.8 - 10px);\" aria-haspopup=\"true\">\n\t\n\t\n\t\n\t\t\n\t\t\t\t\t<img decoding=\"async\" width=\"1440\" height=\"1080\" src=\"https:\/\/www.smarttravelers.de\/wp-content\/uploads\/2020\/03\/S\u00f6dermalm1.jpg\" class=\"attachment-full size-full wp-post-image\" alt=\"H\u00e4user in S\u00f6dermalm\" srcset=\"https:\/\/www.smarttravelers.de\/wp-content\/uploads\/2020\/03\/S\u00f6dermalm1-200x150.jpg 200w, https:\/\/www.smarttravelers.de\/wp-content\/uploads\/2020\/03\/S\u00f6dermalm1-400x300.jpg 400w, https:\/\/www.smarttravelers.de\/wp-content\/uploads\/2020\/03\/S\u00f6dermalm1-600x450.jpg 600w, https:\/\/www.smarttravelers.de\/wp-content\/uploads\/2020\/03\/S\u00f6dermalm1-800x600.jpg 800w, https:\/\/www.smarttravelers.de\/wp-content\/uploads\/2020\/03\/S\u00f6dermalm1-1200x900.jpg 1200w, https:\/\/www.smarttravelers.de\/wp-content\/uploads\/2020\/03\/S\u00f6dermalm1.jpg 1440w\" sizes=\"(min-width: 2200px) 100vw, (min-width: 284px) 356px, (min-width: 212px) 284px, (min-width: 140px) 212px, \" \/>\n\t\n\n\t\t<div class=\"fusion-rollover\">\n\t<div class=\"fusion-rollover-content\">\n\n\t\t\t\t\t\t\t\t\t\t\t\t\t\t<a class=\"fusion-rollover-link\" href=\"https:\/\/www.smarttravelers.de\/en\/sights\/schweden\/stockholm\/soedermalm\/\" target=\"_blank\">S\u00f6dermalm<\/a>\n\t\t\t\n\t\t\t\t\t\t\t\t\t\t\t\t\t\t\n\t\t\t\t\t\t\t\t\n\t\t\t\t\t\t\t\t\t\t\t\t\t<div class=\"fusion-rollover-sep\"><\/div>\n\t\t\t\t\n\t\t\t\t\t\t\t\t\t\t\t\t\t\t\t\t\t\t<a class=\"fusion-rollover-gallery\" href=\"https:\/\/www.smarttravelers.de\/wp-content\/uploads\/2020\/03\/S\u00f6dermalm1.jpg\" data-id=\"83753\" data-rel=\"iLightbox[gallery-rw-1]\" data-title=\"S\u00f6dermalm1\" data-caption=\"\">\n\t\t\t\t\t\tGallery\t\t\t\t\t<\/a>\n\t\t\t\t\t\t\t\t\t\t\t\t\t\t\n\t\t\n\t\t\t\t\t\t\t\t\t\t\t\t<h4 class=\"fusion-rollover-title\">\n\t\t\t\t\t<a class=\"fusion-rollover-title-link\" href=\"https:\/\/www.smarttravelers.de\/en\/sights\/schweden\/stockholm\/soedermalm\/\" target=\"_blank\">\n\t\t\t\t\t\tS\u00f6dermalm\t\t\t\t\t<\/a>\n\t\t\t\t<\/h4>\n\t\t\t\n\t\t\t\t\t\t\t\t\n\t\t\n\t\t\t\t\t\t<a class=\"fusion-link-wrapper\" href=\"https:\/\/www.smarttravelers.de\/en\/sights\/schweden\/stockholm\/soedermalm\/\" target=\"_blank\" aria-label=\"S\u00f6dermalm\"><\/a>\n\t<\/div>\n<\/div>\n\n\t\n<\/div>\n<\/div><\/article><article id=\"portfolio-1-post-83776\" class=\"fusion-portfolio-post alle-in-stockholm-en highlights-en historical-buildings viewpoints fusion-col-spacing post-83776 fusion-element-grid\"><div class=\"fusion-portfolio-content-wrapper\" style=\"border:none;\"><span class=\"entry-title rich-snippet-hidden\">Stockholm City Hall<\/span><span class=\"vcard rich-snippet-hidden\"><span class=\"fn\"><a href=\"https:\/\/www.smarttravelers.de\/en\/author\/wp_admin\/\" title=\"Posts by wp_admin\" rel=\"author\">wp_admin<\/a><\/span><\/span><span class=\"updated rich-snippet-hidden\">2024-06-04T14:11:36+02:00<\/span>\n\n<div  class=\"fusion-masonry-element-container fusion-image-wrapper\" style=\"background-image:url(https:\/\/www.smarttravelers.de\/wp-content\/uploads\/2020\/03\/Stockholms-stadshus1.jpg);padding-top:calc((100% + 20px) * 0.8 - 10px);\" aria-haspopup=\"true\">\n\t\n\t\n\t\n\t\t\n\t\t\t\t\t<img decoding=\"async\" width=\"1183\" height=\"1080\" src=\"https:\/\/www.smarttravelers.de\/wp-content\/uploads\/2020\/03\/Stockholms-stadshus1.jpg\" class=\"attachment-full size-full wp-post-image\" alt=\"Au\u00dfenansicht von Stockholms stadshus\" srcset=\"https:\/\/www.smarttravelers.de\/wp-content\/uploads\/2020\/03\/Stockholms-stadshus1-200x183.jpg 200w, https:\/\/www.smarttravelers.de\/wp-content\/uploads\/2020\/03\/Stockholms-stadshus1-400x365.jpg 400w, https:\/\/www.smarttravelers.de\/wp-content\/uploads\/2020\/03\/Stockholms-stadshus1-600x548.jpg 600w, https:\/\/www.smarttravelers.de\/wp-content\/uploads\/2020\/03\/Stockholms-stadshus1-800x730.jpg 800w, https:\/\/www.smarttravelers.de\/wp-content\/uploads\/2020\/03\/Stockholms-stadshus1.jpg 1183w\" sizes=\"(min-width: 2200px) 100vw, (min-width: 284px) 356px, (min-width: 212px) 284px, (min-width: 140px) 212px, \" \/>\n\t\n\n\t\t<div class=\"fusion-rollover\">\n\t<div class=\"fusion-rollover-content\">\n\n\t\t\t\t\t\t\t\t\t\t\t\t\t\t<a class=\"fusion-rollover-link\" href=\"https:\/\/www.smarttravelers.de\/en\/sights\/schweden\/stockholm\/stockholms-stadshus\/\" target=\"_blank\">Stockholm City Hall<\/a>\n\t\t\t\n\t\t\t\t\t\t\t\t\t\t\t\t\t\t\n\t\t\t\t\t\t\t\t\n\t\t\t\t\t\t\t\t\t\t\t\t\t<div class=\"fusion-rollover-sep\"><\/div>\n\t\t\t\t\n\t\t\t\t\t\t\t\t\t\t\t\t\t\t\t\t\t\t<a class=\"fusion-rollover-gallery\" href=\"https:\/\/www.smarttravelers.de\/wp-content\/uploads\/2020\/03\/Stockholms-stadshus1.jpg\" data-id=\"83776\" data-rel=\"iLightbox[gallery-rw-1]\" data-title=\"Stockholms stadshus1\" data-caption=\"\">\n\t\t\t\t\t\tGallery\t\t\t\t\t<\/a>\n\t\t\t\t\t\t\t\t\t\t\t\t\t\t\n\t\t\n\t\t\t\t\t\t\t\t\t\t\t\t<h4 class=\"fusion-rollover-title\">\n\t\t\t\t\t<a class=\"fusion-rollover-title-link\" href=\"https:\/\/www.smarttravelers.de\/en\/sights\/schweden\/stockholm\/stockholms-stadshus\/\" target=\"_blank\">\n\t\t\t\t\t\tStockholm City Hall\t\t\t\t\t<\/a>\n\t\t\t\t<\/h4>\n\t\t\t\n\t\t\t\t\t\t\t\t\n\t\t\n\t\t\t\t\t\t<a class=\"fusion-link-wrapper\" href=\"https:\/\/www.smarttravelers.de\/en\/sights\/schweden\/stockholm\/stockholms-stadshus\/\" target=\"_blank\" aria-label=\"Stockholm City Hall\"><\/a>\n\t<\/div>\n<\/div>\n\n\t\n<\/div>\n<\/div><\/article><article id=\"portfolio-1-post-83762\" class=\"fusion-portfolio-post alle-in-stockholm-en museums-galleries fusion-col-spacing post-83762 fusion-element-grid\"><div class=\"fusion-portfolio-content-wrapper\" style=\"border:none;\"><span class=\"entry-title rich-snippet-hidden\">Stockholm City Museum<\/span><span class=\"vcard rich-snippet-hidden\"><span class=\"fn\"><a href=\"https:\/\/www.smarttravelers.de\/en\/author\/wp_admin\/\" title=\"Posts by wp_admin\" rel=\"author\">wp_admin<\/a><\/span><\/span><span class=\"updated rich-snippet-hidden\">2024-06-04T14:01:08+02:00<\/span>\n\n<div  class=\"fusion-masonry-element-container fusion-image-wrapper\" style=\"background-image:url(https:\/\/www.smarttravelers.de\/wp-content\/uploads\/2020\/03\/Stockholmer-Stadtmuseum1.jpg);padding-top:calc((100% + 20px) * 0.8 - 10px);\" aria-haspopup=\"true\">\n\t\n\t\n\t\n\t\t\n\t\t\t\t\t<img decoding=\"async\" width=\"1467\" height=\"1080\" src=\"https:\/\/www.smarttravelers.de\/wp-content\/uploads\/2020\/03\/Stockholmer-Stadtmuseum1.jpg\" class=\"attachment-full size-full wp-post-image\" alt=\"Ausstellungsraum Stockholmer Stadtmuseum\" srcset=\"https:\/\/www.smarttravelers.de\/wp-content\/uploads\/2020\/03\/Stockholmer-Stadtmuseum1-200x147.jpg 200w, https:\/\/www.smarttravelers.de\/wp-content\/uploads\/2020\/03\/Stockholmer-Stadtmuseum1-400x294.jpg 400w, https:\/\/www.smarttravelers.de\/wp-content\/uploads\/2020\/03\/Stockholmer-Stadtmuseum1-600x442.jpg 600w, https:\/\/www.smarttravelers.de\/wp-content\/uploads\/2020\/03\/Stockholmer-Stadtmuseum1-800x589.jpg 800w, https:\/\/www.smarttravelers.de\/wp-content\/uploads\/2020\/03\/Stockholmer-Stadtmuseum1-1200x883.jpg 1200w, https:\/\/www.smarttravelers.de\/wp-content\/uploads\/2020\/03\/Stockholmer-Stadtmuseum1.jpg 1467w\" sizes=\"(min-width: 2200px) 100vw, (min-width: 284px) 356px, (min-width: 212px) 284px, (min-width: 140px) 212px, \" \/>\n\t\n\n\t\t<div class=\"fusion-rollover\">\n\t<div class=\"fusion-rollover-content\">\n\n\t\t\t\t\t\t\t\t\t\t\t\t\t\t<a class=\"fusion-rollover-link\" href=\"https:\/\/www.smarttravelers.de\/en\/sights\/schweden\/stockholm\/stockholmer-stadtmuseum\/\" target=\"_blank\">Stockholm City Museum<\/a>\n\t\t\t\n\t\t\t\t\t\t\t\t\t\t\t\t\t\t\n\t\t\t\t\t\t\t\t\n\t\t\t\t\t\t\t\t\t\t\t\t\t<div class=\"fusion-rollover-sep\"><\/div>\n\t\t\t\t\n\t\t\t\t\t\t\t\t\t\t\t\t\t\t\t\t\t\t<a class=\"fusion-rollover-gallery\" href=\"https:\/\/www.smarttravelers.de\/wp-content\/uploads\/2020\/03\/Stockholmer-Stadtmuseum1.jpg\" data-id=\"83762\" data-rel=\"iLightbox[gallery-rw-1]\" data-title=\"Stockholmer Stadtmuseum1\" data-caption=\"\">\n\t\t\t\t\t\tGallery\t\t\t\t\t<\/a>\n\t\t\t\t\t\t\t\t\t\t\t\t\t\t\n\t\t\n\t\t\t\t\t\t\t\t\t\t\t\t<h4 class=\"fusion-rollover-title\">\n\t\t\t\t\t<a class=\"fusion-rollover-title-link\" href=\"https:\/\/www.smarttravelers.de\/en\/sights\/schweden\/stockholm\/stockholmer-stadtmuseum\/\" target=\"_blank\">\n\t\t\t\t\t\tStockholm City Museum\t\t\t\t\t<\/a>\n\t\t\t\t<\/h4>\n\t\t\t\n\t\t\t\t\t\t\t\t\n\t\t\n\t\t\t\t\t\t<a class=\"fusion-link-wrapper\" href=\"https:\/\/www.smarttravelers.de\/en\/sights\/schweden\/stockholm\/stockholmer-stadtmuseum\/\" target=\"_blank\" aria-label=\"Stockholm City Museum\"><\/a>\n\t<\/div>\n<\/div>\n\n\t\n<\/div>\n<\/div><\/article><article id=\"portfolio-1-post-83646\" class=\"fusion-portfolio-post alle-in-stockholm-en theater-opera-houses fusion-col-spacing post-83646 fusion-element-grid\"><div class=\"fusion-portfolio-content-wrapper\" style=\"border:none;\"><span class=\"entry-title rich-snippet-hidden\">Stockholm Concert Hall<\/span><span class=\"vcard rich-snippet-hidden\"><span class=\"fn\"><a href=\"https:\/\/www.smarttravelers.de\/en\/author\/wp_admin\/\" title=\"Posts by wp_admin\" rel=\"author\">wp_admin<\/a><\/span><\/span><span class=\"updated rich-snippet-hidden\">2024-06-03T12:17:24+02:00<\/span>\n\n<div  class=\"fusion-masonry-element-container fusion-image-wrapper\" style=\"background-image:url(https:\/\/www.smarttravelers.de\/wp-content\/uploads\/2020\/03\/Konserthuset2.jpg);padding-top:calc((100% + 20px) * 0.8 - 10px);\" aria-haspopup=\"true\">\n\t\n\t\n\t\n\t\t\n\t\t\t\t\t<img decoding=\"async\" width=\"1563\" height=\"1080\" src=\"https:\/\/www.smarttravelers.de\/wp-content\/uploads\/2020\/03\/Konserthuset2.jpg\" class=\"attachment-full size-full wp-post-image\" alt=\"Konserthuset Gro\u00dfer Saal\" srcset=\"https:\/\/www.smarttravelers.de\/wp-content\/uploads\/2020\/03\/Konserthuset2-200x138.jpg 200w, https:\/\/www.smarttravelers.de\/wp-content\/uploads\/2020\/03\/Konserthuset2-400x276.jpg 400w, https:\/\/www.smarttravelers.de\/wp-content\/uploads\/2020\/03\/Konserthuset2-600x415.jpg 600w, https:\/\/www.smarttravelers.de\/wp-content\/uploads\/2020\/03\/Konserthuset2-800x553.jpg 800w, https:\/\/www.smarttravelers.de\/wp-content\/uploads\/2020\/03\/Konserthuset2-1200x829.jpg 1200w, https:\/\/www.smarttravelers.de\/wp-content\/uploads\/2020\/03\/Konserthuset2.jpg 1563w\" sizes=\"(min-width: 2200px) 100vw, (min-width: 284px) 356px, (min-width: 212px) 284px, (min-width: 140px) 212px, \" \/>\n\t\n\n\t\t<div class=\"fusion-rollover\">\n\t<div class=\"fusion-rollover-content\">\n\n\t\t\t\t\t\t\t\t\t\t\t\t\t\t<a class=\"fusion-rollover-link\" href=\"https:\/\/www.smarttravelers.de\/en\/sights\/schweden\/stockholm\/konserthuset\/\" target=\"_blank\">Stockholm Concert Hall<\/a>\n\t\t\t\n\t\t\t\t\t\t\t\t\t\t\t\t\t\t\n\t\t\t\t\t\t\t\t\n\t\t\t\t\t\t\t\t\t\t\t\t\t<div class=\"fusion-rollover-sep\"><\/div>\n\t\t\t\t\n\t\t\t\t\t\t\t\t\t\t\t\t\t\t\t\t\t\t<a class=\"fusion-rollover-gallery\" href=\"https:\/\/www.smarttravelers.de\/wp-content\/uploads\/2020\/03\/Konserthuset2.jpg\" data-id=\"83646\" data-rel=\"iLightbox[gallery-rw-1]\" data-title=\"Konserthuset2\" data-caption=\"\">\n\t\t\t\t\t\tGallery\t\t\t\t\t<\/a>\n\t\t\t\t\t\t\t\t\t\t\t\t\t\t\n\t\t\n\t\t\t\t\t\t\t\t\t\t\t\t<h4 class=\"fusion-rollover-title\">\n\t\t\t\t\t<a class=\"fusion-rollover-title-link\" href=\"https:\/\/www.smarttravelers.de\/en\/sights\/schweden\/stockholm\/konserthuset\/\" target=\"_blank\">\n\t\t\t\t\t\tStockholm Concert Hall\t\t\t\t\t<\/a>\n\t\t\t\t<\/h4>\n\t\t\t\n\t\t\t\t\t\t\t\t\n\t\t\n\t\t\t\t\t\t<a class=\"fusion-link-wrapper\" href=\"https:\/\/www.smarttravelers.de\/en\/sights\/schweden\/stockholm\/konserthuset\/\" target=\"_blank\" aria-label=\"Stockholm Concert Hall\"><\/a>\n\t<\/div>\n<\/div>\n\n\t\n<\/div>\n<\/div><\/article><article id=\"portfolio-1-post-83770\" class=\"fusion-portfolio-post alle-in-stockholm-en castles-palaces highlights-en fusion-col-spacing post-83770 fusion-element-landscape\"><div class=\"fusion-portfolio-content-wrapper\" style=\"border:none;\"><span class=\"entry-title rich-snippet-hidden\">Stockholm Palace<\/span><span class=\"vcard rich-snippet-hidden\"><span class=\"fn\"><a href=\"https:\/\/www.smarttravelers.de\/en\/author\/wp_admin\/\" title=\"Posts by wp_admin\" rel=\"author\">wp_admin<\/a><\/span><\/span><span class=\"updated rich-snippet-hidden\">2024-06-04T14:07:46+02:00<\/span>\n\n<div  class=\"fusion-masonry-element-container fusion-image-wrapper\" style=\"background-image:url(https:\/\/www.smarttravelers.de\/wp-content\/uploads\/2020\/03\/Stockholmer-Schloss3.jpg);padding-top:calc((100% + 20px) * 0.4 - 10px);\" aria-haspopup=\"true\">\n\t\n\t\n\t\n\t\t\n\t\t\t\t\t<img decoding=\"async\" width=\"1920\" height=\"960\" src=\"https:\/\/www.smarttravelers.de\/wp-content\/uploads\/2020\/03\/Stockholmer-Schloss3.jpg\" class=\"attachment-full size-full wp-post-image\" alt=\"Au\u00dfenansicht Stockholmer Schloss\" srcset=\"https:\/\/www.smarttravelers.de\/wp-content\/uploads\/2020\/03\/Stockholmer-Schloss3-200x100.jpg 200w, https:\/\/www.smarttravelers.de\/wp-content\/uploads\/2020\/03\/Stockholmer-Schloss3-400x200.jpg 400w, https:\/\/www.smarttravelers.de\/wp-content\/uploads\/2020\/03\/Stockholmer-Schloss3-600x300.jpg 600w, https:\/\/www.smarttravelers.de\/wp-content\/uploads\/2020\/03\/Stockholmer-Schloss3-800x400.jpg 800w, https:\/\/www.smarttravelers.de\/wp-content\/uploads\/2020\/03\/Stockholmer-Schloss3-1200x600.jpg 1200w, https:\/\/www.smarttravelers.de\/wp-content\/uploads\/2020\/03\/Stockholmer-Schloss3.jpg 1920w\" sizes=\"(min-width: 2200px) 100vw, (min-width: 140px) 1920px, \" \/>\n\t\n\n\t\t<div class=\"fusion-rollover\">\n\t<div class=\"fusion-rollover-content\">\n\n\t\t\t\t\t\t\t\t\t\t\t\t\t\t<a class=\"fusion-rollover-link\" href=\"https:\/\/www.smarttravelers.de\/en\/sights\/stockholm-en\/stockholmer-schloss\/\" target=\"_blank\">Stockholm Palace<\/a>\n\t\t\t\n\t\t\t\t\t\t\t\t\t\t\t\t\t\t\n\t\t\t\t\t\t\t\t\n\t\t\t\t\t\t\t\t\t\t\t\t\t<div class=\"fusion-rollover-sep\"><\/div>\n\t\t\t\t\n\t\t\t\t\t\t\t\t\t\t\t\t\t\t\t\t\t\t<a class=\"fusion-rollover-gallery\" href=\"https:\/\/www.smarttravelers.de\/wp-content\/uploads\/2020\/03\/Stockholmer-Schloss3.jpg\" data-id=\"83770\" data-rel=\"iLightbox[gallery-rw-1]\" data-title=\"Stockholmer Schloss3\" data-caption=\"\">\n\t\t\t\t\t\tGallery\t\t\t\t\t<\/a>\n\t\t\t\t\t\t\t\t\t\t\t\t\t\t\n\t\t\n\t\t\t\t\t\t\t\t\t\t\t\t<h4 class=\"fusion-rollover-title\">\n\t\t\t\t\t<a class=\"fusion-rollover-title-link\" href=\"https:\/\/www.smarttravelers.de\/en\/sights\/stockholm-en\/stockholmer-schloss\/\" target=\"_blank\">\n\t\t\t\t\t\tStockholm Palace\t\t\t\t\t<\/a>\n\t\t\t\t<\/h4>\n\t\t\t\n\t\t\t\t\t\t\t\t\n\t\t\n\t\t\t\t\t\t<a class=\"fusion-link-wrapper\" href=\"https:\/\/www.smarttravelers.de\/en\/sights\/stockholm-en\/stockholmer-schloss\/\" target=\"_blank\" aria-label=\"Stockholm Palace\"><\/a>\n\t<\/div>\n<\/div>\n\n\t\n<\/div>\n<\/div><\/article><article id=\"portfolio-1-post-83780\" class=\"fusion-portfolio-post alle-in-stockholm-en other-sights fusion-col-spacing post-83780 fusion-element-grid\"><div class=\"fusion-portfolio-content-wrapper\" style=\"border:none;\"><span class=\"entry-title rich-snippet-hidden\">Stockholm Public Library<\/span><span class=\"vcard rich-snippet-hidden\"><span class=\"fn\"><a href=\"https:\/\/www.smarttravelers.de\/en\/author\/wp_admin\/\" title=\"Posts by wp_admin\" rel=\"author\">wp_admin<\/a><\/span><\/span><span class=\"updated rich-snippet-hidden\">2024-06-04T14:13:30+02:00<\/span>\n\n<div  class=\"fusion-masonry-element-container fusion-image-wrapper\" style=\"background-image:url(https:\/\/www.smarttravelers.de\/wp-content\/uploads\/2020\/03\/Stockholms-stadtsbibliotek2.jpg);padding-top:calc((100% + 20px) * 0.8 - 10px);\" aria-haspopup=\"true\">\n\t\n\t\n\t\n\t\t\n\t\t\t\t\t<img decoding=\"async\" width=\"1618\" height=\"1080\" src=\"https:\/\/www.smarttravelers.de\/wp-content\/uploads\/2020\/03\/Stockholms-stadtsbibliotek2.jpg\" class=\"attachment-full size-full wp-post-image\" alt=\"Au\u00dfenansicht von Stockholms stadsbibliothek\" srcset=\"https:\/\/www.smarttravelers.de\/wp-content\/uploads\/2020\/03\/Stockholms-stadtsbibliotek2-200x133.jpg 200w, https:\/\/www.smarttravelers.de\/wp-content\/uploads\/2020\/03\/Stockholms-stadtsbibliotek2-400x267.jpg 400w, https:\/\/www.smarttravelers.de\/wp-content\/uploads\/2020\/03\/Stockholms-stadtsbibliotek2-600x400.jpg 600w, https:\/\/www.smarttravelers.de\/wp-content\/uploads\/2020\/03\/Stockholms-stadtsbibliotek2-800x534.jpg 800w, https:\/\/www.smarttravelers.de\/wp-content\/uploads\/2020\/03\/Stockholms-stadtsbibliotek2-1200x801.jpg 1200w, https:\/\/www.smarttravelers.de\/wp-content\/uploads\/2020\/03\/Stockholms-stadtsbibliotek2.jpg 1618w\" sizes=\"(min-width: 2200px) 100vw, (min-width: 284px) 356px, (min-width: 212px) 284px, (min-width: 140px) 212px, \" \/>\n\t\n\n\t\t<div class=\"fusion-rollover\">\n\t<div class=\"fusion-rollover-content\">\n\n\t\t\t\t\t\t\t\t\t\t\t\t\t\t<a class=\"fusion-rollover-link\" href=\"https:\/\/www.smarttravelers.de\/en\/sights\/schweden\/stockholm\/stockholms-stadsbibliotek\/\" target=\"_blank\">Stockholm Public Library<\/a>\n\t\t\t\n\t\t\t\t\t\t\t\t\t\t\t\t\t\t\n\t\t\t\t\t\t\t\t\n\t\t\t\t\t\t\t\t\t\t\t\t\t<div class=\"fusion-rollover-sep\"><\/div>\n\t\t\t\t\n\t\t\t\t\t\t\t\t\t\t\t\t\t\t\t\t\t\t<a class=\"fusion-rollover-gallery\" href=\"https:\/\/www.smarttravelers.de\/wp-content\/uploads\/2020\/03\/Stockholms-stadtsbibliotek2.jpg\" data-id=\"83780\" data-rel=\"iLightbox[gallery-rw-1]\" data-title=\"Stockholms stadtsbibliotek2\" data-caption=\"\">\n\t\t\t\t\t\tGallery\t\t\t\t\t<\/a>\n\t\t\t\t\t\t\t\t\t\t\t\t\t\t\n\t\t\n\t\t\t\t\t\t\t\t\t\t\t\t<h4 class=\"fusion-rollover-title\">\n\t\t\t\t\t<a class=\"fusion-rollover-title-link\" href=\"https:\/\/www.smarttravelers.de\/en\/sights\/schweden\/stockholm\/stockholms-stadsbibliotek\/\" target=\"_blank\">\n\t\t\t\t\t\tStockholm Public Library\t\t\t\t\t<\/a>\n\t\t\t\t<\/h4>\n\t\t\t\n\t\t\t\t\t\t\t\t\n\t\t\n\t\t\t\t\t\t<a class=\"fusion-link-wrapper\" href=\"https:\/\/www.smarttravelers.de\/en\/sights\/schweden\/stockholm\/stockholms-stadsbibliotek\/\" target=\"_blank\" aria-label=\"Stockholm Public Library\"><\/a>\n\t<\/div>\n<\/div>\n\n\t\n<\/div>\n<\/div><\/article><article id=\"portfolio-1-post-83690\" class=\"fusion-portfolio-post alle-in-stockholm-en churches-monasteries fusion-col-spacing post-83690 fusion-element-grid\"><div class=\"fusion-portfolio-content-wrapper\" style=\"border:none;\"><span class=\"entry-title rich-snippet-hidden\">Storkyrkan<\/span><span class=\"vcard rich-snippet-hidden\"><span class=\"fn\"><a href=\"https:\/\/www.smarttravelers.de\/en\/author\/wp_admin\/\" title=\"Posts by wp_admin\" rel=\"author\">wp_admin<\/a><\/span><\/span><span class=\"updated rich-snippet-hidden\">2024-06-03T12:53:04+02:00<\/span>\n\n<div  class=\"fusion-masonry-element-container fusion-image-wrapper\" style=\"background-image:url(https:\/\/www.smarttravelers.de\/wp-content\/uploads\/2020\/03\/Nikolaikirche1.jpg);padding-top:calc((100% + 20px) * 0.8 - 10px);\" aria-haspopup=\"true\">\n\t\n\t\n\t\n\t\t\n\t\t\t\t\t<img decoding=\"async\" width=\"1252\" height=\"1080\" src=\"https:\/\/www.smarttravelers.de\/wp-content\/uploads\/2020\/03\/Nikolaikirche1.jpg\" class=\"attachment-full size-full wp-post-image\" alt=\"Au\u00dfenansicht der Nikolaikirche\" srcset=\"https:\/\/www.smarttravelers.de\/wp-content\/uploads\/2020\/03\/Nikolaikirche1-200x173.jpg 200w, https:\/\/www.smarttravelers.de\/wp-content\/uploads\/2020\/03\/Nikolaikirche1-400x345.jpg 400w, https:\/\/www.smarttravelers.de\/wp-content\/uploads\/2020\/03\/Nikolaikirche1-600x518.jpg 600w, https:\/\/www.smarttravelers.de\/wp-content\/uploads\/2020\/03\/Nikolaikirche1-800x690.jpg 800w, https:\/\/www.smarttravelers.de\/wp-content\/uploads\/2020\/03\/Nikolaikirche1-1200x1035.jpg 1200w, https:\/\/www.smarttravelers.de\/wp-content\/uploads\/2020\/03\/Nikolaikirche1.jpg 1252w\" sizes=\"(min-width: 2200px) 100vw, (min-width: 284px) 356px, (min-width: 212px) 284px, (min-width: 140px) 212px, \" \/>\n\t\n\n\t\t<div class=\"fusion-rollover\">\n\t<div class=\"fusion-rollover-content\">\n\n\t\t\t\t\t\t\t\t\t\t\t\t\t\t<a class=\"fusion-rollover-link\" href=\"https:\/\/www.smarttravelers.de\/en\/sights\/schweden\/stockholm\/nikolaikirche\/\" target=\"_blank\">Storkyrkan<\/a>\n\t\t\t\n\t\t\t\t\t\t\t\t\t\t\t\t\t\t\n\t\t\t\t\t\t\t\t\n\t\t\t\t\t\t\t\t\t\t\t\t\t<div class=\"fusion-rollover-sep\"><\/div>\n\t\t\t\t\n\t\t\t\t\t\t\t\t\t\t\t\t\t\t\t\t\t\t<a class=\"fusion-rollover-gallery\" href=\"https:\/\/www.smarttravelers.de\/wp-content\/uploads\/2020\/03\/Nikolaikirche1.jpg\" data-id=\"83690\" data-rel=\"iLightbox[gallery-rw-1]\" data-title=\"Nikolaikirche1\" data-caption=\"\">\n\t\t\t\t\t\tGallery\t\t\t\t\t<\/a>\n\t\t\t\t\t\t\t\t\t\t\t\t\t\t\n\t\t\n\t\t\t\t\t\t\t\t\t\t\t\t<h4 class=\"fusion-rollover-title\">\n\t\t\t\t\t<a class=\"fusion-rollover-title-link\" href=\"https:\/\/www.smarttravelers.de\/en\/sights\/schweden\/stockholm\/nikolaikirche\/\" target=\"_blank\">\n\t\t\t\t\t\tStorkyrkan\t\t\t\t\t<\/a>\n\t\t\t\t<\/h4>\n\t\t\t\n\t\t\t\t\t\t\t\t\n\t\t\n\t\t\t\t\t\t<a class=\"fusion-link-wrapper\" href=\"https:\/\/www.smarttravelers.de\/en\/sights\/schweden\/stockholm\/nikolaikirche\/\" target=\"_blank\" aria-label=\"Storkyrkan\"><\/a>\n\t<\/div>\n<\/div>\n\n\t\n<\/div>\n<\/div><\/article><article id=\"portfolio-1-post-83784\" class=\"fusion-portfolio-post alle-in-stockholm-en highlights-en streets-squares fusion-col-spacing post-83784 fusion-element-grid\"><div class=\"fusion-portfolio-content-wrapper\" style=\"border:none;\"><span class=\"entry-title rich-snippet-hidden\">Stortorget<\/span><span class=\"vcard rich-snippet-hidden\"><span class=\"fn\"><a href=\"https:\/\/www.smarttravelers.de\/en\/author\/wp_admin\/\" title=\"Posts by wp_admin\" rel=\"author\">wp_admin<\/a><\/span><\/span><span class=\"updated rich-snippet-hidden\">2024-06-04T14:17:32+02:00<\/span>\n\n<div  class=\"fusion-masonry-element-container fusion-image-wrapper\" style=\"background-image:url(https:\/\/www.smarttravelers.de\/wp-content\/uploads\/2020\/03\/Stortorget2.jpg);padding-top:calc((100% + 20px) * 0.8 - 10px);\" aria-haspopup=\"true\">\n\t\n\t\n\t\n\t\t\n\t\t\t\t\t<img decoding=\"async\" width=\"1620\" height=\"1080\" src=\"https:\/\/www.smarttravelers.de\/wp-content\/uploads\/2020\/03\/Stortorget2.jpg\" class=\"attachment-full size-full wp-post-image\" alt=\"H\u00e4userzeile am Stortorget\" srcset=\"https:\/\/www.smarttravelers.de\/wp-content\/uploads\/2020\/03\/Stortorget2-200x133.jpg 200w, https:\/\/www.smarttravelers.de\/wp-content\/uploads\/2020\/03\/Stortorget2-400x267.jpg 400w, https:\/\/www.smarttravelers.de\/wp-content\/uploads\/2020\/03\/Stortorget2-600x400.jpg 600w, https:\/\/www.smarttravelers.de\/wp-content\/uploads\/2020\/03\/Stortorget2-800x533.jpg 800w, https:\/\/www.smarttravelers.de\/wp-content\/uploads\/2020\/03\/Stortorget2-1200x800.jpg 1200w, https:\/\/www.smarttravelers.de\/wp-content\/uploads\/2020\/03\/Stortorget2.jpg 1620w\" sizes=\"(min-width: 2200px) 100vw, (min-width: 284px) 356px, (min-width: 212px) 284px, (min-width: 140px) 212px, \" \/>\n\t\n\n\t\t<div class=\"fusion-rollover\">\n\t<div class=\"fusion-rollover-content\">\n\n\t\t\t\t\t\t\t\t\t\t\t\t\t\t<a class=\"fusion-rollover-link\" href=\"https:\/\/www.smarttravelers.de\/en\/sights\/schweden\/stockholm\/stortorget\/\" target=\"_blank\">Stortorget<\/a>\n\t\t\t\n\t\t\t\t\t\t\t\t\t\t\t\t\t\t\n\t\t\t\t\t\t\t\t\n\t\t\t\t\t\t\t\t\t\t\t\t\t<div class=\"fusion-rollover-sep\"><\/div>\n\t\t\t\t\n\t\t\t\t\t\t\t\t\t\t\t\t\t\t\t\t\t\t<a class=\"fusion-rollover-gallery\" href=\"https:\/\/www.smarttravelers.de\/wp-content\/uploads\/2020\/03\/Stortorget2.jpg\" data-id=\"83784\" data-rel=\"iLightbox[gallery-rw-1]\" data-title=\"Stortorget2\" data-caption=\"\">\n\t\t\t\t\t\tGallery\t\t\t\t\t<\/a>\n\t\t\t\t\t\t\t\t\t\t\t\t\t\t\n\t\t\n\t\t\t\t\t\t\t\t\t\t\t\t<h4 class=\"fusion-rollover-title\">\n\t\t\t\t\t<a class=\"fusion-rollover-title-link\" href=\"https:\/\/www.smarttravelers.de\/en\/sights\/schweden\/stockholm\/stortorget\/\" target=\"_blank\">\n\t\t\t\t\t\tStortorget\t\t\t\t\t<\/a>\n\t\t\t\t<\/h4>\n\t\t\t\n\t\t\t\t\t\t\t\t\n\t\t\n\t\t\t\t\t\t<a class=\"fusion-link-wrapper\" href=\"https:\/\/www.smarttravelers.de\/en\/sights\/schweden\/stockholm\/stortorget\/\" target=\"_blank\" aria-label=\"Stortorget\"><\/a>\n\t<\/div>\n<\/div>\n\n\t\n<\/div>\n<\/div><\/article><article id=\"portfolio-1-post-83788\" class=\"fusion-portfolio-post alle-in-stockholm-en streets-squares fusion-col-spacing post-83788 fusion-element-landscape\"><div class=\"fusion-portfolio-content-wrapper\" style=\"border:none;\"><span class=\"entry-title rich-snippet-hidden\">Strandv\u00e4gen<\/span><span class=\"vcard rich-snippet-hidden\"><span class=\"fn\"><a href=\"https:\/\/www.smarttravelers.de\/en\/author\/wp_admin\/\" title=\"Posts by wp_admin\" rel=\"author\">wp_admin<\/a><\/span><\/span><span class=\"updated rich-snippet-hidden\">2024-06-04T14:20:43+02:00<\/span>\n\n<div  class=\"fusion-masonry-element-container fusion-image-wrapper\" style=\"background-image:url(https:\/\/www.smarttravelers.de\/wp-content\/uploads\/2020\/03\/Strandv\u00e4gen3.jpg);padding-top:calc((100% + 20px) * 0.4 - 10px);\" aria-haspopup=\"true\">\n\t\n\t\n\t\n\t\t\n\t\t\t\t\t<img decoding=\"async\" width=\"1920\" height=\"960\" src=\"https:\/\/www.smarttravelers.de\/wp-content\/uploads\/2020\/03\/Strandv\u00e4gen3.jpg\" class=\"attachment-full size-full wp-post-image\" alt=\"H\u00e4userzeile am Strandv\u00e4gen\" srcset=\"https:\/\/www.smarttravelers.de\/wp-content\/uploads\/2020\/03\/Strandv\u00e4gen3-200x100.jpg 200w, https:\/\/www.smarttravelers.de\/wp-content\/uploads\/2020\/03\/Strandv\u00e4gen3-400x200.jpg 400w, https:\/\/www.smarttravelers.de\/wp-content\/uploads\/2020\/03\/Strandv\u00e4gen3-600x300.jpg 600w, https:\/\/www.smarttravelers.de\/wp-content\/uploads\/2020\/03\/Strandv\u00e4gen3-800x400.jpg 800w, https:\/\/www.smarttravelers.de\/wp-content\/uploads\/2020\/03\/Strandv\u00e4gen3-1200x600.jpg 1200w, https:\/\/www.smarttravelers.de\/wp-content\/uploads\/2020\/03\/Strandv\u00e4gen3.jpg 1920w\" sizes=\"(min-width: 2200px) 100vw, (min-width: 140px) 1920px, \" \/>\n\t\n\n\t\t<div class=\"fusion-rollover\">\n\t<div class=\"fusion-rollover-content\">\n\n\t\t\t\t\t\t\t\t\t\t\t\t\t\t<a class=\"fusion-rollover-link\" href=\"https:\/\/www.smarttravelers.de\/en\/sights\/schweden\/stockholm\/strandvaegen\/\" target=\"_blank\">Strandv\u00e4gen<\/a>\n\t\t\t\n\t\t\t\t\t\t\t\t\t\t\t\t\t\t\n\t\t\t\t\t\t\t\t\n\t\t\t\t\t\t\t\t\t\t\t\t\t<div class=\"fusion-rollover-sep\"><\/div>\n\t\t\t\t\n\t\t\t\t\t\t\t\t\t\t\t\t\t\t\t\t\t\t<a class=\"fusion-rollover-gallery\" href=\"https:\/\/www.smarttravelers.de\/wp-content\/uploads\/2020\/03\/Strandv\u00e4gen3.jpg\" data-id=\"83788\" data-rel=\"iLightbox[gallery-rw-1]\" data-title=\"Strandv\u00e4gen3\" data-caption=\"\">\n\t\t\t\t\t\tGallery\t\t\t\t\t<\/a>\n\t\t\t\t\t\t\t\t\t\t\t\t\t\t\n\t\t\n\t\t\t\t\t\t\t\t\t\t\t\t<h4 class=\"fusion-rollover-title\">\n\t\t\t\t\t<a class=\"fusion-rollover-title-link\" href=\"https:\/\/www.smarttravelers.de\/en\/sights\/schweden\/stockholm\/strandvaegen\/\" target=\"_blank\">\n\t\t\t\t\t\tStrandv\u00e4gen\t\t\t\t\t<\/a>\n\t\t\t\t<\/h4>\n\t\t\t\n\t\t\t\t\t\t\t\t\n\t\t\n\t\t\t\t\t\t<a class=\"fusion-link-wrapper\" href=\"https:\/\/www.smarttravelers.de\/en\/sights\/schweden\/stockholm\/strandvaegen\/\" target=\"_blank\" aria-label=\"Strandv\u00e4gen\"><\/a>\n\t<\/div>\n<\/div>\n\n\t\n<\/div>\n<\/div><\/article><article id=\"portfolio-1-post-83758\" class=\"fusion-portfolio-post alle-in-stockholm-en museums-galleries fusion-col-spacing post-83758 fusion-element-grid\"><div class=\"fusion-portfolio-content-wrapper\" style=\"border:none;\"><span class=\"entry-title rich-snippet-hidden\">Swedish History Museum<\/span><span class=\"vcard rich-snippet-hidden\"><span class=\"fn\"><a href=\"https:\/\/www.smarttravelers.de\/en\/author\/wp_admin\/\" title=\"Posts by wp_admin\" rel=\"author\">wp_admin<\/a><\/span><\/span><span class=\"updated rich-snippet-hidden\">2024-06-04T13:58:59+02:00<\/span>\n\n<div  class=\"fusion-masonry-element-container fusion-image-wrapper\" style=\"background-image:url(https:\/\/www.smarttravelers.de\/wp-content\/uploads\/2020\/03\/Staatliches-historisches-Museum3.jpg);padding-top:calc((100% + 20px) * 0.8 - 10px);\" aria-haspopup=\"true\">\n\t\n\t\n\t\n\t\t\n\t\t\t\t\t<img decoding=\"async\" width=\"1620\" height=\"1080\" src=\"https:\/\/www.smarttravelers.de\/wp-content\/uploads\/2020\/03\/Staatliches-historisches-Museum3.jpg\" class=\"attachment-full size-full wp-post-image\" alt=\"Exponate im Staatlichen Historischen Museum Stockholm\" srcset=\"https:\/\/www.smarttravelers.de\/wp-content\/uploads\/2020\/03\/Staatliches-historisches-Museum3-200x133.jpg 200w, https:\/\/www.smarttravelers.de\/wp-content\/uploads\/2020\/03\/Staatliches-historisches-Museum3-400x267.jpg 400w, https:\/\/www.smarttravelers.de\/wp-content\/uploads\/2020\/03\/Staatliches-historisches-Museum3-600x400.jpg 600w, https:\/\/www.smarttravelers.de\/wp-content\/uploads\/2020\/03\/Staatliches-historisches-Museum3-800x533.jpg 800w, https:\/\/www.smarttravelers.de\/wp-content\/uploads\/2020\/03\/Staatliches-historisches-Museum3-1200x800.jpg 1200w, https:\/\/www.smarttravelers.de\/wp-content\/uploads\/2020\/03\/Staatliches-historisches-Museum3.jpg 1620w\" sizes=\"(min-width: 2200px) 100vw, (min-width: 284px) 356px, (min-width: 212px) 284px, (min-width: 140px) 212px, \" \/>\n\t\n\n\t\t<div class=\"fusion-rollover\">\n\t<div class=\"fusion-rollover-content\">\n\n\t\t\t\t\t\t\t\t\t\t\t\t\t\t<a class=\"fusion-rollover-link\" href=\"https:\/\/www.smarttravelers.de\/en\/sights\/stockholm-en\/staatliches-historisches-museum-stockholm\/\" target=\"_blank\">Swedish History Museum<\/a>\n\t\t\t\n\t\t\t\t\t\t\t\t\t\t\t\t\t\t\n\t\t\t\t\t\t\t\t\n\t\t\t\t\t\t\t\t\t\t\t\t\t<div class=\"fusion-rollover-sep\"><\/div>\n\t\t\t\t\n\t\t\t\t\t\t\t\t\t\t\t\t\t\t\t\t\t\t<a class=\"fusion-rollover-gallery\" href=\"https:\/\/www.smarttravelers.de\/wp-content\/uploads\/2020\/03\/Staatliches-historisches-Museum3.jpg\" data-id=\"83758\" data-rel=\"iLightbox[gallery-rw-1]\" data-title=\"Staatliches historisches Museum3\" data-caption=\"\">\n\t\t\t\t\t\tGallery\t\t\t\t\t<\/a>\n\t\t\t\t\t\t\t\t\t\t\t\t\t\t\n\t\t\n\t\t\t\t\t\t\t\t\t\t\t\t<h4 class=\"fusion-rollover-title\">\n\t\t\t\t\t<a class=\"fusion-rollover-title-link\" href=\"https:\/\/www.smarttravelers.de\/en\/sights\/stockholm-en\/staatliches-historisches-museum-stockholm\/\" target=\"_blank\">\n\t\t\t\t\t\tSwedish History Museum\t\t\t\t\t<\/a>\n\t\t\t\t<\/h4>\n\t\t\t\n\t\t\t\t\t\t\t\t\n\t\t\n\t\t\t\t\t\t<a class=\"fusion-link-wrapper\" href=\"https:\/\/www.smarttravelers.de\/en\/sights\/stockholm-en\/staatliches-historisches-museum-stockholm\/\" target=\"_blank\" aria-label=\"Swedish History Museum\"><\/a>\n\t<\/div>\n<\/div>\n\n\t\n<\/div>\n<\/div><\/article><article id=\"portfolio-1-post-83686\" class=\"fusion-portfolio-post alle-in-stockholm-en highlights-en museums-galleries fusion-col-spacing post-83686 fusion-element-grid\"><div class=\"fusion-portfolio-content-wrapper\" style=\"border:none;\"><span class=\"entry-title rich-snippet-hidden\">Swedish Museum of Natural History<\/span><span class=\"vcard rich-snippet-hidden\"><span class=\"fn\"><a href=\"https:\/\/www.smarttravelers.de\/en\/author\/wp_admin\/\" title=\"Posts by wp_admin\" rel=\"author\">wp_admin<\/a><\/span><\/span><span class=\"updated rich-snippet-hidden\">2024-06-03T12:47:29+02:00<\/span>\n\n<div  class=\"fusion-masonry-element-container fusion-image-wrapper\" style=\"background-image:url(https:\/\/www.smarttravelers.de\/wp-content\/uploads\/2020\/03\/Naturhistoriska-riksmusset2.jpg);padding-top:calc((100% + 20px) * 0.8 - 10px);\" aria-haspopup=\"true\">\n\t\n\t\n\t\n\t\t\n\t\t\t\t\t<img decoding=\"async\" width=\"1620\" height=\"1080\" src=\"https:\/\/www.smarttravelers.de\/wp-content\/uploads\/2020\/03\/Naturhistoriska-riksmusset2.jpg\" class=\"attachment-full size-full wp-post-image\" alt=\"Ausstellungsraum im Naturhistoriska riksmuseet\" srcset=\"https:\/\/www.smarttravelers.de\/wp-content\/uploads\/2020\/03\/Naturhistoriska-riksmusset2-200x133.jpg 200w, https:\/\/www.smarttravelers.de\/wp-content\/uploads\/2020\/03\/Naturhistoriska-riksmusset2-400x267.jpg 400w, https:\/\/www.smarttravelers.de\/wp-content\/uploads\/2020\/03\/Naturhistoriska-riksmusset2-600x400.jpg 600w, https:\/\/www.smarttravelers.de\/wp-content\/uploads\/2020\/03\/Naturhistoriska-riksmusset2-800x533.jpg 800w, https:\/\/www.smarttravelers.de\/wp-content\/uploads\/2020\/03\/Naturhistoriska-riksmusset2-1200x800.jpg 1200w, https:\/\/www.smarttravelers.de\/wp-content\/uploads\/2020\/03\/Naturhistoriska-riksmusset2.jpg 1620w\" sizes=\"(min-width: 2200px) 100vw, (min-width: 284px) 356px, (min-width: 212px) 284px, (min-width: 140px) 212px, \" \/>\n\t\n\n\t\t<div class=\"fusion-rollover\">\n\t<div class=\"fusion-rollover-content\">\n\n\t\t\t\t\t\t\t\t\t\t\t\t\t\t<a class=\"fusion-rollover-link\" href=\"https:\/\/www.smarttravelers.de\/en\/sights\/schweden\/stockholm\/naturhistoriska-riksmuseet\/\" target=\"_blank\">Swedish Museum of Natural History<\/a>\n\t\t\t\n\t\t\t\t\t\t\t\t\t\t\t\t\t\t\n\t\t\t\t\t\t\t\t\n\t\t\t\t\t\t\t\t\t\t\t\t\t<div class=\"fusion-rollover-sep\"><\/div>\n\t\t\t\t\n\t\t\t\t\t\t\t\t\t\t\t\t\t\t\t\t\t\t<a class=\"fusion-rollover-gallery\" href=\"https:\/\/www.smarttravelers.de\/wp-content\/uploads\/2020\/03\/Naturhistoriska-riksmusset2.jpg\" data-id=\"83686\" data-rel=\"iLightbox[gallery-rw-1]\" data-title=\"Naturhistoriska riksmusset2\" data-caption=\"\">\n\t\t\t\t\t\tGallery\t\t\t\t\t<\/a>\n\t\t\t\t\t\t\t\t\t\t\t\t\t\t\n\t\t\n\t\t\t\t\t\t\t\t\t\t\t\t<h4 class=\"fusion-rollover-title\">\n\t\t\t\t\t<a class=\"fusion-rollover-title-link\" href=\"https:\/\/www.smarttravelers.de\/en\/sights\/schweden\/stockholm\/naturhistoriska-riksmuseet\/\" target=\"_blank\">\n\t\t\t\t\t\tSwedish Museum of Natural History\t\t\t\t\t<\/a>\n\t\t\t\t<\/h4>\n\t\t\t\n\t\t\t\t\t\t\t\t\n\t\t\n\t\t\t\t\t\t<a class=\"fusion-link-wrapper\" href=\"https:\/\/www.smarttravelers.de\/en\/sights\/schweden\/stockholm\/naturhistoriska-riksmuseet\/\" target=\"_blank\" aria-label=\"Swedish Museum of Natural History\"><\/a>\n\t<\/div>\n<\/div>\n\n\t\n<\/div>\n<\/div><\/article><article id=\"portfolio-1-post-61367\" class=\"fusion-portfolio-post all-in-lisbon other-sights fusion-col-spacing post-61367 fusion-element-grid\"><div class=\"fusion-portfolio-content-wrapper\" style=\"border:none;\"><span class=\"entry-title rich-snippet-hidden\">Time Out Market Lisboa<\/span><span class=\"vcard rich-snippet-hidden\"><span class=\"fn\"><a href=\"https:\/\/www.smarttravelers.de\/en\/author\/wp_admin\/\" title=\"Posts by wp_admin\" rel=\"author\">wp_admin<\/a><\/span><\/span><span class=\"updated rich-snippet-hidden\">2024-08-20T23:34:13+02:00<\/span>\n\n<div  class=\"fusion-masonry-element-container fusion-image-wrapper\" style=\"background-image:url(https:\/\/www.smarttravelers.de\/wp-content\/uploads\/2019\/01\/Time-Out-Market-Lisboa2.jpg);padding-top:calc((100% + 20px) * 0.8 - 10px);\" aria-haspopup=\"true\">\n\t\n\t\n\t\n\t\t\n\t\t\t\t\t<img decoding=\"async\" width=\"1200\" height=\"802\" src=\"https:\/\/www.smarttravelers.de\/wp-content\/uploads\/2019\/01\/Time-Out-Market-Lisboa2.jpg\" class=\"attachment-full size-full wp-post-image\" alt=\"Menschen im Time Out Market Lisboa\" srcset=\"https:\/\/www.smarttravelers.de\/wp-content\/uploads\/2019\/01\/Time-Out-Market-Lisboa2-200x134.jpg 200w, https:\/\/www.smarttravelers.de\/wp-content\/uploads\/2019\/01\/Time-Out-Market-Lisboa2-400x267.jpg 400w, https:\/\/www.smarttravelers.de\/wp-content\/uploads\/2019\/01\/Time-Out-Market-Lisboa2-600x401.jpg 600w, https:\/\/www.smarttravelers.de\/wp-content\/uploads\/2019\/01\/Time-Out-Market-Lisboa2-800x535.jpg 800w, https:\/\/www.smarttravelers.de\/wp-content\/uploads\/2019\/01\/Time-Out-Market-Lisboa2.jpg 1200w\" sizes=\"(min-width: 2200px) 100vw, (min-width: 284px) 356px, (min-width: 212px) 284px, (min-width: 140px) 212px, \" \/>\n\t\n\n\t\t<div class=\"fusion-rollover\">\n\t<div class=\"fusion-rollover-content\">\n\n\t\t\t\t\t\t\t\t\t\t\t\t\t\t<a class=\"fusion-rollover-link\" href=\"https:\/\/www.smarttravelers.de\/en\/sights\/portugal\/lisbon\/time-out-market-lisboa\/\" target=\"_blank\">Time Out Market Lisboa<\/a>\n\t\t\t\n\t\t\t\t\t\t\t\t\t\t\t\t\t\t\n\t\t\t\t\t\t\t\t\n\t\t\t\t\t\t\t\t\t\t\t\t\t<div class=\"fusion-rollover-sep\"><\/div>\n\t\t\t\t\n\t\t\t\t\t\t\t\t\t\t\t\t\t\t\t\t\t\t<a class=\"fusion-rollover-gallery\" href=\"https:\/\/www.smarttravelers.de\/wp-content\/uploads\/2019\/01\/Time-Out-Market-Lisboa2.jpg\" data-id=\"61367\" data-rel=\"iLightbox[gallery-rw-1]\" data-title=\"Time Out Market Lisboa2\" data-caption=\"\">\n\t\t\t\t\t\tGallery\t\t\t\t\t<\/a>\n\t\t\t\t\t\t\t\t\t\t\t\t\t\t\n\t\t\n\t\t\t\t\t\t\t\t\t\t\t\t<h4 class=\"fusion-rollover-title\">\n\t\t\t\t\t<a class=\"fusion-rollover-title-link\" href=\"https:\/\/www.smarttravelers.de\/en\/sights\/portugal\/lisbon\/time-out-market-lisboa\/\" target=\"_blank\">\n\t\t\t\t\t\tTime Out Market Lisboa\t\t\t\t\t<\/a>\n\t\t\t\t<\/h4>\n\t\t\t\n\t\t\t\t\t\t\t\t\n\t\t\n\t\t\t\t\t\t<a class=\"fusion-link-wrapper\" href=\"https:\/\/www.smarttravelers.de\/en\/sights\/portugal\/lisbon\/time-out-market-lisboa\/\" target=\"_blank\" aria-label=\"Time Out Market Lisboa\"><\/a>\n\t<\/div>\n<\/div>\n\n\t\n<\/div>\n<\/div><\/article><article id=\"portfolio-1-post-61343\" class=\"fusion-portfolio-post all-in-lisbon highlights-en other-sights fusion-col-spacing post-61343 fusion-element-grid\"><div class=\"fusion-portfolio-content-wrapper\" style=\"border:none;\"><span class=\"entry-title rich-snippet-hidden\">Tram line 28<\/span><span class=\"vcard rich-snippet-hidden\"><span class=\"fn\"><a href=\"https:\/\/www.smarttravelers.de\/en\/author\/wp_admin\/\" title=\"Posts by wp_admin\" rel=\"author\">wp_admin<\/a><\/span><\/span><span class=\"updated rich-snippet-hidden\">2024-08-20T22:34:26+02:00<\/span>\n\n<div  class=\"fusion-masonry-element-container fusion-image-wrapper\" style=\"background-image:url(https:\/\/www.smarttravelers.de\/wp-content\/uploads\/2019\/01\/Tramlinie-283.jpg);padding-top:calc((100% + 20px) * 0.8 - 10px);\" aria-haspopup=\"true\">\n\t\n\t\n\t\n\t\t\n\t\t\t\t\t<img decoding=\"async\" width=\"1200\" height=\"886\" src=\"https:\/\/www.smarttravelers.de\/wp-content\/uploads\/2019\/01\/Tramlinie-283.jpg\" class=\"attachment-full size-full wp-post-image\" alt=\"Die Wagen der Angels Flight\" srcset=\"https:\/\/www.smarttravelers.de\/wp-content\/uploads\/2019\/01\/Tramlinie-283-200x148.jpg 200w, https:\/\/www.smarttravelers.de\/wp-content\/uploads\/2019\/01\/Tramlinie-283-400x295.jpg 400w, https:\/\/www.smarttravelers.de\/wp-content\/uploads\/2019\/01\/Tramlinie-283-600x443.jpg 600w, https:\/\/www.smarttravelers.de\/wp-content\/uploads\/2019\/01\/Tramlinie-283-800x591.jpg 800w, https:\/\/www.smarttravelers.de\/wp-content\/uploads\/2019\/01\/Tramlinie-283.jpg 1200w\" sizes=\"(min-width: 2200px) 100vw, (min-width: 284px) 356px, (min-width: 212px) 284px, (min-width: 140px) 212px, \" \/>\n\t\n\n\t\t<div class=\"fusion-rollover\">\n\t<div class=\"fusion-rollover-content\">\n\n\t\t\t\t\t\t\t\t\t\t\t\t\t\t<a class=\"fusion-rollover-link\" href=\"https:\/\/www.smarttravelers.de\/en\/sights\/portugal\/lisbon\/tram-line-28\/\" target=\"_blank\">Tram line 28<\/a>\n\t\t\t\n\t\t\t\t\t\t\t\t\t\t\t\t\t\t\n\t\t\t\t\t\t\t\t\n\t\t\t\t\t\t\t\t\t\t\t\t\t<div class=\"fusion-rollover-sep\"><\/div>\n\t\t\t\t\n\t\t\t\t\t\t\t\t\t\t\t\t\t\t\t\t\t\t<a class=\"fusion-rollover-gallery\" href=\"https:\/\/www.smarttravelers.de\/wp-content\/uploads\/2019\/01\/Tramlinie-283.jpg\" data-id=\"61343\" data-rel=\"iLightbox[gallery-rw-1]\" data-title=\"Tramlinie 283\" data-caption=\"\">\n\t\t\t\t\t\tGallery\t\t\t\t\t<\/a>\n\t\t\t\t\t\t\t\t\t\t\t\t\t\t\n\t\t\n\t\t\t\t\t\t\t\t\t\t\t\t<h4 class=\"fusion-rollover-title\">\n\t\t\t\t\t<a class=\"fusion-rollover-title-link\" href=\"https:\/\/www.smarttravelers.de\/en\/sights\/portugal\/lisbon\/tram-line-28\/\" target=\"_blank\">\n\t\t\t\t\t\tTram line 28\t\t\t\t\t<\/a>\n\t\t\t\t<\/h4>\n\t\t\t\n\t\t\t\t\t\t\t\t\n\t\t\n\t\t\t\t\t\t<a class=\"fusion-link-wrapper\" href=\"https:\/\/www.smarttravelers.de\/en\/sights\/portugal\/lisbon\/tram-line-28\/\" target=\"_blank\" aria-label=\"Tram line 28\"><\/a>\n\t<\/div>\n<\/div>\n\n\t\n<\/div>\n<\/div><\/article><article id=\"portfolio-1-post-83681\" class=\"fusion-portfolio-post alle-in-stockholm-en natural-landscapes-national-parks fusion-col-spacing post-83681 fusion-element-grid\"><div class=\"fusion-portfolio-content-wrapper\" style=\"border:none;\"><span class=\"entry-title rich-snippet-hidden\">Tyresta National Park<\/span><span class=\"vcard rich-snippet-hidden\"><span class=\"fn\"><a href=\"https:\/\/www.smarttravelers.de\/en\/author\/wp_admin\/\" title=\"Posts by wp_admin\" rel=\"author\">wp_admin<\/a><\/span><\/span><span class=\"updated rich-snippet-hidden\">2024-06-03T12:41:14+02:00<\/span>\n\n<div  class=\"fusion-masonry-element-container fusion-image-wrapper\" style=\"background-image:url(https:\/\/www.smarttravelers.de\/wp-content\/uploads\/2020\/03\/Nationalpark-Tyresta1.jpg);padding-top:calc((100% + 20px) * 0.8 - 10px);\" aria-haspopup=\"true\">\n\t\n\t\n\t\n\t\t\n\t\t\t\t\t<img decoding=\"async\" width=\"1618\" height=\"1080\" src=\"https:\/\/www.smarttravelers.de\/wp-content\/uploads\/2020\/03\/Nationalpark-Tyresta1.jpg\" class=\"attachment-full size-full wp-post-image\" alt=\"Landschaft im Nationalpark Tyresta\" srcset=\"https:\/\/www.smarttravelers.de\/wp-content\/uploads\/2020\/03\/Nationalpark-Tyresta1-200x133.jpg 200w, https:\/\/www.smarttravelers.de\/wp-content\/uploads\/2020\/03\/Nationalpark-Tyresta1-400x267.jpg 400w, https:\/\/www.smarttravelers.de\/wp-content\/uploads\/2020\/03\/Nationalpark-Tyresta1-600x400.jpg 600w, https:\/\/www.smarttravelers.de\/wp-content\/uploads\/2020\/03\/Nationalpark-Tyresta1-800x534.jpg 800w, https:\/\/www.smarttravelers.de\/wp-content\/uploads\/2020\/03\/Nationalpark-Tyresta1-1200x801.jpg 1200w, https:\/\/www.smarttravelers.de\/wp-content\/uploads\/2020\/03\/Nationalpark-Tyresta1.jpg 1618w\" sizes=\"(min-width: 2200px) 100vw, (min-width: 284px) 356px, (min-width: 212px) 284px, (min-width: 140px) 212px, \" \/>\n\t\n\n\t\t<div class=\"fusion-rollover\">\n\t<div class=\"fusion-rollover-content\">\n\n\t\t\t\t\t\t\t\t\t\t\t\t\t\t<a class=\"fusion-rollover-link\" href=\"https:\/\/www.smarttravelers.de\/en\/sights\/schweden\/stockholm\/nationalpark-tyresta\/\" target=\"_blank\">Tyresta National Park<\/a>\n\t\t\t\n\t\t\t\t\t\t\t\t\t\t\t\t\t\t\n\t\t\t\t\t\t\t\t\n\t\t\t\t\t\t\t\t\t\t\t\t\t<div class=\"fusion-rollover-sep\"><\/div>\n\t\t\t\t\n\t\t\t\t\t\t\t\t\t\t\t\t\t\t\t\t\t\t<a class=\"fusion-rollover-gallery\" href=\"https:\/\/www.smarttravelers.de\/wp-content\/uploads\/2020\/03\/Nationalpark-Tyresta1.jpg\" data-id=\"83681\" data-rel=\"iLightbox[gallery-rw-1]\" data-title=\"Nationalpark Tyresta1\" data-caption=\"\">\n\t\t\t\t\t\tGallery\t\t\t\t\t<\/a>\n\t\t\t\t\t\t\t\t\t\t\t\t\t\t\n\t\t\n\t\t\t\t\t\t\t\t\t\t\t\t<h4 class=\"fusion-rollover-title\">\n\t\t\t\t\t<a class=\"fusion-rollover-title-link\" href=\"https:\/\/www.smarttravelers.de\/en\/sights\/schweden\/stockholm\/nationalpark-tyresta\/\" target=\"_blank\">\n\t\t\t\t\t\tTyresta National Park\t\t\t\t\t<\/a>\n\t\t\t\t<\/h4>\n\t\t\t\n\t\t\t\t\t\t\t\t\n\t\t\n\t\t\t\t\t\t<a class=\"fusion-link-wrapper\" href=\"https:\/\/www.smarttravelers.de\/en\/sights\/schweden\/stockholm\/nationalpark-tyresta\/\" target=\"_blank\" aria-label=\"Tyresta National Park\"><\/a>\n\t<\/div>\n<\/div>\n\n\t\n<\/div>\n<\/div><\/article><article id=\"portfolio-1-post-83728\" class=\"fusion-portfolio-post alle-in-stockholm-en castles-palaces gardens-parks fusion-col-spacing post-83728 fusion-element-grid\"><div class=\"fusion-portfolio-content-wrapper\" style=\"border:none;\"><span class=\"entry-title rich-snippet-hidden\">Ulriksdal Palace<\/span><span class=\"vcard rich-snippet-hidden\"><span class=\"fn\"><a href=\"https:\/\/www.smarttravelers.de\/en\/author\/wp_admin\/\" title=\"Posts by wp_admin\" rel=\"author\">wp_admin<\/a><\/span><\/span><span class=\"updated rich-snippet-hidden\">2024-06-03T23:52:28+02:00<\/span>\n\n<div  class=\"fusion-masonry-element-container fusion-image-wrapper\" style=\"background-image:url(https:\/\/www.smarttravelers.de\/wp-content\/uploads\/2020\/03\/Schloss-Ulriksdal3.jpg);padding-top:calc((100% + 20px) * 0.8 - 10px);\" aria-haspopup=\"true\">\n\t\n\t\n\t\n\t\t\n\t\t\t\t\t<img decoding=\"async\" width=\"1729\" height=\"1080\" src=\"https:\/\/www.smarttravelers.de\/wp-content\/uploads\/2020\/03\/Schloss-Ulriksdal3.jpg\" class=\"attachment-full size-full wp-post-image\" alt=\"Au\u00dfenansicht Schloss Ulriksdal\" srcset=\"https:\/\/www.smarttravelers.de\/wp-content\/uploads\/2020\/03\/Schloss-Ulriksdal3-200x125.jpg 200w, https:\/\/www.smarttravelers.de\/wp-content\/uploads\/2020\/03\/Schloss-Ulriksdal3-400x250.jpg 400w, https:\/\/www.smarttravelers.de\/wp-content\/uploads\/2020\/03\/Schloss-Ulriksdal3-600x375.jpg 600w, https:\/\/www.smarttravelers.de\/wp-content\/uploads\/2020\/03\/Schloss-Ulriksdal3-800x500.jpg 800w, https:\/\/www.smarttravelers.de\/wp-content\/uploads\/2020\/03\/Schloss-Ulriksdal3-1200x750.jpg 1200w, https:\/\/www.smarttravelers.de\/wp-content\/uploads\/2020\/03\/Schloss-Ulriksdal3.jpg 1729w\" sizes=\"(min-width: 2200px) 100vw, (min-width: 284px) 356px, (min-width: 212px) 284px, (min-width: 140px) 212px, \" \/>\n\t\n\n\t\t<div class=\"fusion-rollover\">\n\t<div class=\"fusion-rollover-content\">\n\n\t\t\t\t\t\t\t\t\t\t\t\t\t\t<a class=\"fusion-rollover-link\" href=\"https:\/\/www.smarttravelers.de\/en\/sights\/schweden\/stockholm\/schloss-ulriksdal\/\" target=\"_blank\">Ulriksdal Palace<\/a>\n\t\t\t\n\t\t\t\t\t\t\t\t\t\t\t\t\t\t\n\t\t\t\t\t\t\t\t\n\t\t\t\t\t\t\t\t\t\t\t\t\t<div class=\"fusion-rollover-sep\"><\/div>\n\t\t\t\t\n\t\t\t\t\t\t\t\t\t\t\t\t\t\t\t\t\t\t<a class=\"fusion-rollover-gallery\" href=\"https:\/\/www.smarttravelers.de\/wp-content\/uploads\/2020\/03\/Schloss-Ulriksdal3.jpg\" data-id=\"83728\" data-rel=\"iLightbox[gallery-rw-1]\" data-title=\"Schloss Ulriksdal3\" data-caption=\"\">\n\t\t\t\t\t\tGallery\t\t\t\t\t<\/a>\n\t\t\t\t\t\t\t\t\t\t\t\t\t\t\n\t\t\n\t\t\t\t\t\t\t\t\t\t\t\t<h4 class=\"fusion-rollover-title\">\n\t\t\t\t\t<a class=\"fusion-rollover-title-link\" href=\"https:\/\/www.smarttravelers.de\/en\/sights\/schweden\/stockholm\/schloss-ulriksdal\/\" target=\"_blank\">\n\t\t\t\t\t\tUlriksdal Palace\t\t\t\t\t<\/a>\n\t\t\t\t<\/h4>\n\t\t\t\n\t\t\t\t\t\t\t\t\n\t\t\n\t\t\t\t\t\t<a class=\"fusion-link-wrapper\" href=\"https:\/\/www.smarttravelers.de\/en\/sights\/schweden\/stockholm\/schloss-ulriksdal\/\" target=\"_blank\" aria-label=\"Ulriksdal Palace\"><\/a>\n\t<\/div>\n<\/div>\n\n\t\n<\/div>\n<\/div><\/article><article id=\"portfolio-1-post-83801\" class=\"fusion-portfolio-post alle-in-stockholm-en highlights-en museums-galleries fusion-col-spacing post-83801 fusion-element-grid\"><div class=\"fusion-portfolio-content-wrapper\" style=\"border:none;\"><span class=\"entry-title rich-snippet-hidden\">Vasa Museum<\/span><span class=\"vcard rich-snippet-hidden\"><span class=\"fn\"><a href=\"https:\/\/www.smarttravelers.de\/en\/author\/wp_admin\/\" title=\"Posts by wp_admin\" rel=\"author\">wp_admin<\/a><\/span><\/span><span class=\"updated rich-snippet-hidden\">2024-06-04T14:28:51+02:00<\/span>\n\n<div  class=\"fusion-masonry-element-container fusion-image-wrapper\" style=\"background-image:url(https:\/\/www.smarttravelers.de\/wp-content\/uploads\/2020\/03\/Vasa-Museum1.jpg);padding-top:calc((100% + 20px) * 0.8 - 10px);\" aria-haspopup=\"true\">\n\t\n\t\n\t\n\t\t\n\t\t\t\t\t<img decoding=\"async\" width=\"1620\" height=\"1080\" src=\"https:\/\/www.smarttravelers.de\/wp-content\/uploads\/2020\/03\/Vasa-Museum1.jpg\" class=\"attachment-full size-full wp-post-image\" alt=\"Au\u00dfenansicht der Vasa\" srcset=\"https:\/\/www.smarttravelers.de\/wp-content\/uploads\/2020\/03\/Vasa-Museum1-200x133.jpg 200w, https:\/\/www.smarttravelers.de\/wp-content\/uploads\/2020\/03\/Vasa-Museum1-400x267.jpg 400w, https:\/\/www.smarttravelers.de\/wp-content\/uploads\/2020\/03\/Vasa-Museum1-600x400.jpg 600w, https:\/\/www.smarttravelers.de\/wp-content\/uploads\/2020\/03\/Vasa-Museum1-800x533.jpg 800w, https:\/\/www.smarttravelers.de\/wp-content\/uploads\/2020\/03\/Vasa-Museum1-1200x800.jpg 1200w, https:\/\/www.smarttravelers.de\/wp-content\/uploads\/2020\/03\/Vasa-Museum1.jpg 1620w\" sizes=\"(min-width: 2200px) 100vw, (min-width: 284px) 356px, (min-width: 212px) 284px, (min-width: 140px) 212px, \" \/>\n\t\n\n\t\t<div class=\"fusion-rollover\">\n\t<div class=\"fusion-rollover-content\">\n\n\t\t\t\t\t\t\t\t\t\t\t\t\t\t<a class=\"fusion-rollover-link\" href=\"https:\/\/www.smarttravelers.de\/en\/sights\/schweden\/stockholm\/vasa-museum\/\" target=\"_blank\">Vasa Museum<\/a>\n\t\t\t\n\t\t\t\t\t\t\t\t\t\t\t\t\t\t\n\t\t\t\t\t\t\t\t\n\t\t\t\t\t\t\t\t\t\t\t\t\t<div class=\"fusion-rollover-sep\"><\/div>\n\t\t\t\t\n\t\t\t\t\t\t\t\t\t\t\t\t\t\t\t\t\t\t<a class=\"fusion-rollover-gallery\" href=\"https:\/\/www.smarttravelers.de\/wp-content\/uploads\/2020\/03\/Vasa-Museum1.jpg\" data-id=\"83801\" data-rel=\"iLightbox[gallery-rw-1]\" data-title=\"Vasa-Museum1\" data-caption=\"\">\n\t\t\t\t\t\tGallery\t\t\t\t\t<\/a>\n\t\t\t\t\t\t\t\t\t\t\t\t\t\t\n\t\t\n\t\t\t\t\t\t\t\t\t\t\t\t<h4 class=\"fusion-rollover-title\">\n\t\t\t\t\t<a class=\"fusion-rollover-title-link\" href=\"https:\/\/www.smarttravelers.de\/en\/sights\/schweden\/stockholm\/vasa-museum\/\" target=\"_blank\">\n\t\t\t\t\t\tVasa Museum\t\t\t\t\t<\/a>\n\t\t\t\t<\/h4>\n\t\t\t\n\t\t\t\t\t\t\t\t\n\t\t\n\t\t\t\t\t\t<a class=\"fusion-link-wrapper\" href=\"https:\/\/www.smarttravelers.de\/en\/sights\/schweden\/stockholm\/vasa-museum\/\" target=\"_blank\" aria-label=\"Vasa Museum\"><\/a>\n\t<\/div>\n<\/div>\n\n\t\n<\/div>\n<\/div><\/article><article id=\"portfolio-1-post-61387\" class=\"fusion-portfolio-post all-in-lisbon bridges fusion-col-spacing post-61387 fusion-element-grid\"><div class=\"fusion-portfolio-content-wrapper\" style=\"border:none;\"><span class=\"entry-title rich-snippet-hidden\">Vasco da Gama Bridge<\/span><span class=\"vcard rich-snippet-hidden\"><span class=\"fn\"><a href=\"https:\/\/www.smarttravelers.de\/en\/author\/wp_admin\/\" title=\"Posts by wp_admin\" rel=\"author\">wp_admin<\/a><\/span><\/span><span class=\"updated rich-snippet-hidden\">2024-08-20T23:46:41+02:00<\/span>\n\n<div  class=\"fusion-masonry-element-container fusion-image-wrapper\" style=\"background-image:url(https:\/\/www.smarttravelers.de\/wp-content\/uploads\/2019\/01\/Ponte-Vasco-da-Gama2.jpg);padding-top:calc((100% + 20px) * 0.8 - 10px);\" aria-haspopup=\"true\">\n\t\n\t\n\t\n\t\t\n\t\t\t\t\t<img decoding=\"async\" width=\"1200\" height=\"900\" src=\"https:\/\/www.smarttravelers.de\/wp-content\/uploads\/2019\/01\/Ponte-Vasco-da-Gama2.jpg\" class=\"attachment-full size-full wp-post-image\" alt=\"Die Ponte Vasco da Gama \u00fcber den Tejo\" srcset=\"https:\/\/www.smarttravelers.de\/wp-content\/uploads\/2019\/01\/Ponte-Vasco-da-Gama2-200x150.jpg 200w, https:\/\/www.smarttravelers.de\/wp-content\/uploads\/2019\/01\/Ponte-Vasco-da-Gama2-400x300.jpg 400w, https:\/\/www.smarttravelers.de\/wp-content\/uploads\/2019\/01\/Ponte-Vasco-da-Gama2-600x450.jpg 600w, https:\/\/www.smarttravelers.de\/wp-content\/uploads\/2019\/01\/Ponte-Vasco-da-Gama2-800x600.jpg 800w, https:\/\/www.smarttravelers.de\/wp-content\/uploads\/2019\/01\/Ponte-Vasco-da-Gama2.jpg 1200w\" sizes=\"(min-width: 2200px) 100vw, (min-width: 284px) 356px, (min-width: 212px) 284px, (min-width: 140px) 212px, \" \/>\n\t\n\n\t\t<div class=\"fusion-rollover\">\n\t<div class=\"fusion-rollover-content\">\n\n\t\t\t\t\t\t\t\t\t\t\t\t\t\t<a class=\"fusion-rollover-link\" href=\"https:\/\/www.smarttravelers.de\/en\/sights\/portugal\/lisbon\/vasco-da-gama-bridge\/\" target=\"_blank\">Vasco da Gama Bridge<\/a>\n\t\t\t\n\t\t\t\t\t\t\t\t\t\t\t\t\t\t\n\t\t\t\t\t\t\t\t\n\t\t\t\t\t\t\t\t\t\t\t\t\t<div class=\"fusion-rollover-sep\"><\/div>\n\t\t\t\t\n\t\t\t\t\t\t\t\t\t\t\t\t\t\t\t\t\t\t<a class=\"fusion-rollover-gallery\" href=\"https:\/\/www.smarttravelers.de\/wp-content\/uploads\/2019\/01\/Ponte-Vasco-da-Gama2.jpg\" data-id=\"61387\" data-rel=\"iLightbox[gallery-rw-1]\" data-title=\"Ponte Vasco da Gama2\" data-caption=\"\">\n\t\t\t\t\t\tGallery\t\t\t\t\t<\/a>\n\t\t\t\t\t\t\t\t\t\t\t\t\t\t\n\t\t\n\t\t\t\t\t\t\t\t\t\t\t\t<h4 class=\"fusion-rollover-title\">\n\t\t\t\t\t<a class=\"fusion-rollover-title-link\" href=\"https:\/\/www.smarttravelers.de\/en\/sights\/portugal\/lisbon\/vasco-da-gama-bridge\/\" target=\"_blank\">\n\t\t\t\t\t\tVasco da Gama Bridge\t\t\t\t\t<\/a>\n\t\t\t\t<\/h4>\n\t\t\t\n\t\t\t\t\t\t\t\t\n\t\t\n\t\t\t\t\t\t<a class=\"fusion-link-wrapper\" href=\"https:\/\/www.smarttravelers.de\/en\/sights\/portugal\/lisbon\/vasco-da-gama-bridge\/\" target=\"_blank\" aria-label=\"Vasco da Gama Bridge\"><\/a>\n\t<\/div>\n<\/div>\n\n\t\n<\/div>\n<\/div><\/article><article id=\"portfolio-1-post-61357\" class=\"fusion-portfolio-post all-in-lisbon viewpoints fusion-col-spacing post-61357 fusion-element-portrait\"><div class=\"fusion-portfolio-content-wrapper\" style=\"border:none;\"><span class=\"entry-title rich-snippet-hidden\">Vasco da Gama Tower<\/span><span class=\"vcard rich-snippet-hidden\"><span class=\"fn\"><a href=\"https:\/\/www.smarttravelers.de\/en\/author\/wp_admin\/\" title=\"Posts by wp_admin\" rel=\"author\">wp_admin<\/a><\/span><\/span><span class=\"updated rich-snippet-hidden\">2024-08-20T23:56:37+02:00<\/span>\n\n<div  class=\"fusion-masonry-element-container fusion-image-wrapper\" style=\"background-image:url(https:\/\/www.smarttravelers.de\/wp-content\/uploads\/2019\/01\/Vasco-da-Gama-Turm1.jpg);padding-top:calc((100% + 20px) * 1.6);\" aria-haspopup=\"true\">\n\t\n\t\n\t\n\t\t\n\t\t\t\t\t<img decoding=\"async\" width=\"506\" height=\"900\" src=\"https:\/\/www.smarttravelers.de\/wp-content\/uploads\/2019\/01\/Vasco-da-Gama-Turm1.jpg\" class=\"attachment-full size-full wp-post-image\" alt=\"Der Vasco-da-Gama-Turm bei Tag\" srcset=\"https:\/\/www.smarttravelers.de\/wp-content\/uploads\/2019\/01\/Vasco-da-Gama-Turm1-200x356.jpg 200w, https:\/\/www.smarttravelers.de\/wp-content\/uploads\/2019\/01\/Vasco-da-Gama-Turm1-400x711.jpg 400w, https:\/\/www.smarttravelers.de\/wp-content\/uploads\/2019\/01\/Vasco-da-Gama-Turm1.jpg 506w\" sizes=\"(min-width: 2200px) 100vw, (min-width: 284px) 356px, (min-width: 212px) 284px, (min-width: 140px) 212px, \" \/>\n\t\n\n\t\t<div class=\"fusion-rollover\">\n\t<div class=\"fusion-rollover-content\">\n\n\t\t\t\t\t\t\t\t\t\t\t\t\t\t<a class=\"fusion-rollover-link\" href=\"https:\/\/www.smarttravelers.de\/en\/sights\/portugal\/lisbon\/vasco-da-gama-tower\/\" target=\"_blank\">Vasco da Gama Tower<\/a>\n\t\t\t\n\t\t\t\t\t\t\t\t\t\t\t\t\t\t\n\t\t\t\t\t\t\t\t\n\t\t\t\t\t\t\t\t\t\t\t\t\t<div class=\"fusion-rollover-sep\"><\/div>\n\t\t\t\t\n\t\t\t\t\t\t\t\t\t\t\t\t\t\t\t\t\t\t<a class=\"fusion-rollover-gallery\" href=\"https:\/\/www.smarttravelers.de\/wp-content\/uploads\/2019\/01\/Vasco-da-Gama-Turm1.jpg\" data-id=\"61357\" data-rel=\"iLightbox[gallery-rw-1]\" data-title=\"Vasco-da-Gama-Turm1\" data-caption=\"\">\n\t\t\t\t\t\tGallery\t\t\t\t\t<\/a>\n\t\t\t\t\t\t\t\t\t\t\t\t\t\t\n\t\t\n\t\t\t\t\t\t\t\t\t\t\t\t<h4 class=\"fusion-rollover-title\">\n\t\t\t\t\t<a class=\"fusion-rollover-title-link\" href=\"https:\/\/www.smarttravelers.de\/en\/sights\/portugal\/lisbon\/vasco-da-gama-tower\/\" target=\"_blank\">\n\t\t\t\t\t\tVasco da Gama Tower\t\t\t\t\t<\/a>\n\t\t\t\t<\/h4>\n\t\t\t\n\t\t\t\t\t\t\t\t\n\t\t\n\t\t\t\t\t\t<a class=\"fusion-link-wrapper\" href=\"https:\/\/www.smarttravelers.de\/en\/sights\/portugal\/lisbon\/vasco-da-gama-tower\/\" target=\"_blank\" aria-label=\"Vasco da Gama Tower\"><\/a>\n\t<\/div>\n<\/div>\n\n\t\n<\/div>\n<\/div><\/article><article id=\"portfolio-1-post-83806\" class=\"fusion-portfolio-post alle-in-stockholm-en gardens-parks museums-galleries fusion-col-spacing post-83806 fusion-element-grid\"><div class=\"fusion-portfolio-content-wrapper\" style=\"border:none;\"><span class=\"entry-title rich-snippet-hidden\">Waldemarsudde<\/span><span class=\"vcard rich-snippet-hidden\"><span class=\"fn\"><a href=\"https:\/\/www.smarttravelers.de\/en\/author\/wp_admin\/\" title=\"Posts by wp_admin\" rel=\"author\">wp_admin<\/a><\/span><\/span><span class=\"updated rich-snippet-hidden\">2024-06-04T14:30:26+02:00<\/span>\n\n<div  class=\"fusion-masonry-element-container fusion-image-wrapper\" style=\"background-image:url(https:\/\/www.smarttravelers.de\/wp-content\/uploads\/2020\/03\/Waldemarsudde1.jpg);padding-top:calc((100% + 20px) * 0.8 - 10px);\" aria-haspopup=\"true\">\n\t\n\t\n\t\n\t\t\n\t\t\t\t\t<img decoding=\"async\" width=\"1440\" height=\"1080\" src=\"https:\/\/www.smarttravelers.de\/wp-content\/uploads\/2020\/03\/Waldemarsudde1.jpg\" class=\"attachment-full size-full wp-post-image\" alt=\"Blick auf Waldemarsudde\" srcset=\"https:\/\/www.smarttravelers.de\/wp-content\/uploads\/2020\/03\/Waldemarsudde1-200x150.jpg 200w, https:\/\/www.smarttravelers.de\/wp-content\/uploads\/2020\/03\/Waldemarsudde1-400x300.jpg 400w, https:\/\/www.smarttravelers.de\/wp-content\/uploads\/2020\/03\/Waldemarsudde1-600x450.jpg 600w, https:\/\/www.smarttravelers.de\/wp-content\/uploads\/2020\/03\/Waldemarsudde1-800x600.jpg 800w, https:\/\/www.smarttravelers.de\/wp-content\/uploads\/2020\/03\/Waldemarsudde1-1200x900.jpg 1200w, https:\/\/www.smarttravelers.de\/wp-content\/uploads\/2020\/03\/Waldemarsudde1.jpg 1440w\" sizes=\"(min-width: 2200px) 100vw, (min-width: 284px) 356px, (min-width: 212px) 284px, (min-width: 140px) 212px, \" \/>\n\t\n\n\t\t<div class=\"fusion-rollover\">\n\t<div class=\"fusion-rollover-content\">\n\n\t\t\t\t\t\t\t\t\t\t\t\t\t\t<a class=\"fusion-rollover-link\" href=\"https:\/\/www.smarttravelers.de\/en\/sights\/schweden\/stockholm\/waldemarsudde\/\" target=\"_blank\">Waldemarsudde<\/a>\n\t\t\t\n\t\t\t\t\t\t\t\t\t\t\t\t\t\t\n\t\t\t\t\t\t\t\t\n\t\t\t\t\t\t\t\t\t\t\t\t\t<div class=\"fusion-rollover-sep\"><\/div>\n\t\t\t\t\n\t\t\t\t\t\t\t\t\t\t\t\t\t\t\t\t\t\t<a class=\"fusion-rollover-gallery\" href=\"https:\/\/www.smarttravelers.de\/wp-content\/uploads\/2020\/03\/Waldemarsudde1.jpg\" data-id=\"83806\" data-rel=\"iLightbox[gallery-rw-1]\" data-title=\"Waldemarsudde1\" data-caption=\"\">\n\t\t\t\t\t\tGallery\t\t\t\t\t<\/a>\n\t\t\t\t\t\t\t\t\t\t\t\t\t\t\n\t\t\n\t\t\t\t\t\t\t\t\t\t\t\t<h4 class=\"fusion-rollover-title\">\n\t\t\t\t\t<a class=\"fusion-rollover-title-link\" href=\"https:\/\/www.smarttravelers.de\/en\/sights\/schweden\/stockholm\/waldemarsudde\/\" target=\"_blank\">\n\t\t\t\t\t\tWaldemarsudde\t\t\t\t\t<\/a>\n\t\t\t\t<\/h4>\n\t\t\t\n\t\t\t\t\t\t\t\t\n\t\t\n\t\t\t\t\t\t<a class=\"fusion-link-wrapper\" href=\"https:\/\/www.smarttravelers.de\/en\/sights\/schweden\/stockholm\/waldemarsudde\/\" target=\"_blank\" aria-label=\"Waldemarsudde\"><\/a>\n\t<\/div>\n<\/div>\n\n\t\n<\/div>\n<\/div><\/article><\/div><\/div>\n<\/div><div class=\"fusion-clearfix\"><\/div><\/div><\/div><\/div><\/div><\/div><div id=\"tickets\"><div class=\"fusion-fullwidth fullwidth-box fusion-builder-row-14 nonhundred-percent-fullwidth non-hundred-percent-height-scrolling\" style=\"background-color: #ff3d00;background-position: center center;background-repeat: no-repeat;padding-top:0px;padding-right:10%;padding-bottom:0px;padding-left:10%;margin-bottom: -40px;margin-top: 0px;border-width: 0px 0px 0px 0px;border-color:rgba(255,255,255,0);border-style:solid;\" ><div class=\"fusion-builder-row fusion-row\"><div class=\"fusion-layout-column fusion_builder_column fusion-builder-column-18 fusion_builder_column_1_1 1_1 fusion-one-full fusion-column-first fusion-column-last\" style=\"margin-top:0px;margin-bottom:20px;\"><div class=\"fusion-column-wrapper fusion-flex-column-wrapper-legacy\" style=\"background-position:left top;background-repeat:no-repeat;-webkit-background-size:cover;-moz-background-size:cover;-o-background-size:cover;background-size:cover;padding: 0px 0px 0px 0px;\"><div class=\"fusion-sep-clear\"><\/div><div class=\"fusion-separator\" style=\"margin-left: auto;margin-right: auto;margin-top:5px;margin-bottom:30px;width:100%;max-width:150px;\"><div class=\"fusion-separator-border sep-single sep-solid\" style=\"border-color:rgba(255,252,252,0);border-top-width:1px;\"><\/div><\/div><div class=\"fusion-sep-clear\"><\/div><div class=\"imageframe-align-center\"><span class=\" fusion-imageframe imageframe-none imageframe-19 hover-type-none\" style=\"border-radius:30px;\"><img decoding=\"async\" width=\"68\" height=\"68\" title=\"icon_tickets-hell\" src=\"http:\/\/www.smarttravelers.de\/wp-content\/uploads\/2018\/03\/icon_tickets-hell.png\" class=\"img-responsive wp-image-59942\" srcset=\"https:\/\/www.smarttravelers.de\/wp-content\/uploads\/2018\/03\/icon_tickets-hell-66x66.png 66w, https:\/\/www.smarttravelers.de\/wp-content\/uploads\/2018\/03\/icon_tickets-hell.png 68w\" sizes=\"(max-width: 68px) 100vw, 68px\" \/><\/span><\/div><div class=\"fusion-sep-clear\"><\/div><div class=\"fusion-separator\" style=\"margin-left: auto;margin-right: auto;margin-top:5px;margin-bottom:30px;width:100%;max-width:150px;\"><div class=\"fusion-separator-border sep-single sep-solid\" style=\"border-color:rgba(255,252,252,0);border-top-width:1px;\"><\/div><\/div><div class=\"fusion-sep-clear\"><\/div><div class=\"imageframe-align-center\"><span class=\" fusion-imageframe imageframe-none imageframe-20 hover-type-none\"><img decoding=\"async\" width=\"150\" height=\"128\" title=\"Get Your Guide Logo\" src=\"https:\/\/www.smarttravelers.de\/wp-content\/uploads\/2018\/08\/GYG_Expressive_Logo_01_Red_RGB_HR-e1535485594735.jpg\" class=\"img-responsive wp-image-70242\"\/><\/span><\/div><div class=\"fusion-sep-clear\"><\/div><div class=\"fusion-separator\" style=\"margin-left: auto;margin-right: auto;margin-top:5px;margin-bottom:30px;width:100%;max-width:150px;\"><div class=\"fusion-separator-border sep-single sep-solid\" style=\"border-color:rgba(255,252,252,0);border-top-width:1px;\"><\/div><\/div><div class=\"fusion-sep-clear\"><\/div><div class=\"fusion-text fusion-text-20\"><div style=\"text-align: center;\" data-gyg-partner-id=\"JFUAQ39\" data-gyg-number-of-items=\"8\" data-gyg-currency=\"EUR\" data-gyg-locale-code=\"de-DE\" data-gyg-id=\"code-example\" data-gyg-q=\"lissabon\" data-gyg-widget=\"activites\" data-gyg-href=\"https:\/\/widget.getyourguide.com\/JFUAQ39\/activities.frame\"><\/div>\n<p><script async defer src=\"https:\/\/widget.getyourguide.com\/v2\/widget.js\"><\/script><\/p>\n<\/div><div class=\"fusion-sep-clear\"><\/div><div class=\"fusion-separator\" style=\"margin-left: auto;margin-right: auto;margin-top:5px;margin-bottom:0px;width:100%;max-width:150px;\"><\/div><div class=\"fusion-sep-clear\"><\/div><div class=\"fusion-clearfix\"><\/div><\/div><\/div><\/div><\/div><\/div><div class=\"fusion-fullwidth fullwidth-box fusion-builder-row-15 nonhundred-percent-fullwidth non-hundred-percent-height-scrolling\" style=\"background-color: #f4f4f4;background-position: center center;background-repeat: no-repeat;padding-top:40px;padding-right:10%;padding-bottom:0px;padding-left:10%;margin-bottom: -40px;margin-top: 0px;border-width: 0px 0px 0px 0px;border-color:rgba(255,255,255,0);border-style:solid;\" ><div class=\"fusion-builder-row fusion-row\"><div class=\"fusion-layout-column fusion_builder_column fusion-builder-column-19 fusion_builder_column_1_1 1_1 fusion-one-full fusion-column-first fusion-column-last\" style=\"margin-top:0px;margin-bottom:20px;\"><div class=\"fusion-column-wrapper fusion-flex-column-wrapper-legacy\" style=\"background-position:left top;background-repeat:no-repeat;-webkit-background-size:cover;-moz-background-size:cover;-o-background-size:cover;background-size:cover;padding: 0px 0px 0px 0px;\"><div class=\"fusion-text fusion-text-21\"><p style=\"text-align: center;\">Photos:\u00a0Justraveling.com, <a href=\"https:\/\/commons.wikimedia.org\/wiki\/File:Alfama Old District Lisbon.jpg\">Alfama Old District Lisbon<\/a>, <a href=\"https:\/\/creativecommons.org\/licenses\/by-sa\/4.0\/legalcode\" rel=\"license\">CC BY-SA 4.0<\/a> \/ <a href=\"https:\/\/www.flickr.com\/people\/158619309@N03\">Deensel<\/a>, <a href=\"https:\/\/commons.wikimedia.org\/wiki\/File:Lisbon main square (36622604910).jpg\">Lisbon main square (36622604910)<\/a>, <a href=\"https:\/\/creativecommons.org\/licenses\/by\/2.0\/legalcode\" rel=\"license\">CC BY 2.0<\/a> \/ <a href=\"https:\/\/www.flickr.com\/people\/83136374@N05\">Ajay Suresh<\/a> from New York, NY, USA, <a href=\"https:\/\/commons.wikimedia.org\/wiki\/File:Belem-3 (34224859085).jpg\">Belem-3 (34224859085)<\/a>, <a href=\"https:\/\/creativecommons.org\/licenses\/by\/2.0\/legalcode\" rel=\"license\">CC BY 2.0<\/a> \/ <a href=\"https:\/\/www.flickr.com\/people\/89381291@N00\">islandjoe<\/a> from Helsinki, Finland, <a href=\"https:\/\/commons.wikimedia.org\/wiki\/File:Castelo de Sao Jorge (5580389329).jpg\">Castelo de Sao Jorge (5580389329)<\/a>, <a href=\"https:\/\/creativecommons.org\/licenses\/by\/2.0\/legalcode\" rel=\"license\">CC BY 2.0<\/a> \/ <a href=\"https:\/\/commons.wikimedia.org\/wiki\/User:Heartshade\">Heartshade<\/a>, <a href=\"https:\/\/commons.wikimedia.org\/wiki\/File:The Jer\u00f3nimos Monastery or Hieronymites Monastery.png\">The Jer\u00f3nimos Monastery or Hieronymites Monastery<\/a>, <a href=\"https:\/\/creativecommons.org\/licenses\/by\/4.0\/legalcode\" rel=\"license\">CC BY 4.0<\/a> \/ <a href=\"https:\/\/www.flickr.com\/people\/158619309@N03\">Deensel<\/a>, <a href=\"https:\/\/commons.wikimedia.org\/wiki\/File:Igreja e Mosteiro de S\u00e3o Vicente de Fora.jpg\">Igreja e Mosteiro de S\u00e3o Vicente de Fora<\/a>, <a href=\"https:\/\/creativecommons.org\/licenses\/by\/2.0\/legalcode\" rel=\"license\">CC BY 2.0<\/a> \/ <a href=\"https:\/\/www.flickr.com\/people\/79586279@N00\">Shadowgate<\/a> from Novara, ITALY, <a href=\"https:\/\/commons.wikimedia.org\/wiki\/File:Convento do Carmo (33837291610).jpg\">Convento do Carmo (33837291610)<\/a>, <a href=\"https:\/\/creativecommons.org\/licenses\/by\/2.0\/legalcode\" rel=\"license\">CC BY 2.0<\/a> \/ <a href=\"https:\/\/www.flickr.com\/people\/21160385@N02\">Paul Arps<\/a> from The Netherlands, <a href=\"https:\/\/commons.wikimedia.org\/wiki\/File:Tram 28 in Rua da Conceicao (Lissabon 2016) (26088014776).jpg\">Tram 28 in Rua da Conceicao (Lissabon 2016) (26088014776)<\/a>, <a href=\"https:\/\/creativecommons.org\/licenses\/by\/2.0\/legalcode\" rel=\"license\">CC BY 2.0<\/a> \/ <a href=\"https:\/\/www.flickr.com\/people\/91094471@N02\">Nicolas Vollmer<\/a> from Munich [Allemagne], <a href=\"https:\/\/commons.wikimedia.org\/wiki\/File:(Lisbonne) Pra\u00e7a Dom Pedro IV (21751505380).jpg\">(Lisbonne) Pra\u00e7a Dom Pedro IV (21751505380)<\/a>, <a href=\"https:\/\/creativecommons.org\/licenses\/by\/2.0\/legalcode\" rel=\"license\">CC BY 2.0<\/a> \/ <a href=\"https:\/\/commons.wikimedia.org\/wiki\/User:SchiDD\">SchiDD<\/a>, <a href=\"https:\/\/commons.wikimedia.org\/wiki\/File:Miradouro-Pedro2.jpg\">Miradouro-Pedro2<\/a>, <a href=\"https:\/\/creativecommons.org\/licenses\/by\/3.0\/legalcode\" rel=\"license\">CC BY 3.0<\/a> \/ <a href=\"https:\/\/commons.wikimedia.org\/wiki\/User:Nsoqe\">Nsoqe<\/a>, <a href=\"https:\/\/commons.wikimedia.org\/wiki\/File:Ponte 25 de Abril, Lisboa.jpg\">Ponte 25 de Abril, Lisboa<\/a>, <a href=\"https:\/\/creativecommons.org\/licenses\/by-sa\/4.0\/legalcode\" rel=\"license\">CC BY-SA 4.0<\/a> \/ <a href=\"https:\/\/commons.wikimedia.org\/wiki\/User:Peter_Tritthart\">Peter Tritthart<\/a>, <a href=\"https:\/\/commons.wikimedia.org\/wiki\/File:Queluz01.JPG\">Queluz01<\/a>, <a href=\"https:\/\/creativecommons.org\/licenses\/by\/3.0\/legalcode\" rel=\"license\">CC BY 3.0<\/a> \/ <a href=\"https:\/\/commons.wikimedia.org\/wiki\/User:Alvesgaspar\">Alvesgaspar<\/a>, <a href=\"https:\/\/commons.wikimedia.org\/wiki\/File:Mafra May 2013-2.jpg\">Mafra May 2013-2<\/a>, <a href=\"https:\/\/creativecommons.org\/licenses\/by-sa\/3.0\/legalcode\" rel=\"license\">CC BY-SA 3.0<\/a> \/ <a href=\"https:\/\/www.flickr.com\/people\/55856449@N04\">Susanne Nilsson<\/a>, <a href=\"https:\/\/commons.wikimedia.org\/wiki\/File:The MAAT (34139893834).jpg\">The MAAT (34139893834)<\/a>, <a href=\"https:\/\/creativecommons.org\/licenses\/by-sa\/2.0\/legalcode\" rel=\"license\">CC BY-SA 2.0<\/a> \/ <a href=\"https:\/\/commons.wikimedia.org\/wiki\/User:Unclesrouge\">Rinaldo Wurglitsch<\/a>, <a href=\"https:\/\/commons.wikimedia.org\/wiki\/File:Tank in Ocean\u00e1rio de Lisboa.jpg\">Tank in Ocean\u00e1rio de Lisboa<\/a>, <a href=\"https:\/\/creativecommons.org\/licenses\/by-sa\/4.0\/legalcode\" rel=\"license\">CC BY-SA 4.0<\/a> \/ <a href=\"https:\/\/www.flickr.com\/people\/89381291@N00\">islandjoe<\/a> from Helsinki, Finland, <a href=\"https:\/\/commons.wikimedia.org\/wiki\/File:At Park of the Nations (5581324771).jpg\">At Park of the Nations (5581324771)<\/a>, <a href=\"https:\/\/creativecommons.org\/licenses\/by\/2.0\/legalcode\" rel=\"license\">CC BY 2.0<\/a> \/ <a href=\"https:\/\/commons.wikimedia.org\/wiki\/User:Bott\">Bott<\/a>, <a href=\"https:\/\/commons.wikimedia.org\/wiki\/File:Cristo Rei e a Cruz Alta.JPG\">Cristo Rei e a Cruz Alta<\/a>, <a href=\"https:\/\/creativecommons.org\/licenses\/by-sa\/3.0\/legalcode\" rel=\"license\">CC BY-SA 3.0<\/a> \/ <a href=\"https:\/\/500px.com\/LuisAscenso\">Lu\u00eds Ascenso<\/a>, <a href=\"https:\/\/commons.wikimedia.org\/wiki\/File:Vasco Da Gama Bridge Lisbon (209373773).jpeg\">Vasco Da Gama Bridge Lisbon (209373773)<\/a>, <a href=\"https:\/\/creativecommons.org\/licenses\/by\/3.0\/legalcode\" rel=\"license\">CC BY 3.0<\/a> \/ <a href=\"https:\/\/www.flickr.com\/people\/56946749@N00\">Sandra Vallaure<\/a> from Seville, Spain, <a href=\"https:\/\/commons.wikimedia.org\/wiki\/File:Lisboa 037 (24621447803).jpg\">Lisboa 037 (24621447803)<\/a>, <a href=\"https:\/\/creativecommons.org\/licenses\/by\/2.0\/legalcode\" rel=\"license\">CC BY 2.0<\/a> \/ Luca Galuzzi (<a href=\"https:\/\/commons.wikimedia.org\/wiki\/User:Lucag\">Lucag<\/a>), <a href=\"https:\/\/commons.wikimedia.org\/wiki\/File:Lisbon (Lisboa) historic elevator Santa Justa Luca Galuzzi 2006.jpg\">Lisbon (Lisboa) historic elevator Santa Justa Luca Galuzzi 2006<\/a>, <a href=\"https:\/\/creativecommons.org\/licenses\/by-sa\/2.5\/legalcode\" rel=\"license\">CC BY-SA 2.5<\/a><br \/>\nEnglish version: Machine translation by DeepL<\/p>\n<\/div><div class=\"fusion-clearfix\"><\/div><\/div><\/div><\/div><\/div>\n","protected":false},"excerpt":{"rendered":"","protected":false},"author":1,"featured_media":0,"parent":59761,"menu_order":0,"comment_status":"closed","ping_status":"closed","template":"","meta":{"_exactmetrics_skip_tracking":false,"_exactmetrics_sitenote_active":false,"_exactmetrics_sitenote_note":"","_exactmetrics_sitenote_category":0,"_monsterinsights_skip_tracking":false,"_monsterinsights_sitenote_active":false,"_monsterinsights_sitenote_note":"","_monsterinsights_sitenote_category":0,"footnotes":""},"yoast_head":"<!-- This site is optimized with the Yoast SEO plugin v24.5 - https:\/\/yoast.com\/wordpress\/plugins\/seo\/ -->\n<title>Lisbon - SMARTTRAVELERS<\/title>\n<meta name=\"description\" content=\"Why and for whom is Lisbon worth a visit, best time to travel, getting there, shopping, food and drink, nightlife and entertainment, sights.\" \/>\n<meta name=\"robots\" content=\"index, follow, max-snippet:-1, max-image-preview:large, max-video-preview:-1\" \/>\n<link rel=\"canonical\" href=\"https:\/\/www.smarttravelers.de\/en\/portugal\/lisbon\/\" \/>\n<meta property=\"og:locale\" content=\"en_US\" \/>\n<meta property=\"og:type\" content=\"article\" \/>\n<meta property=\"og:title\" content=\"Lisbon - SMARTTRAVELERS\" \/>\n<meta property=\"og:description\" content=\"Why and for whom is Lisbon worth a visit, best time to travel, getting there, shopping, food and drink, nightlife and entertainment, sights.\" \/>\n<meta property=\"og:url\" content=\"https:\/\/www.smarttravelers.de\/en\/portugal\/lisbon\/\" \/>\n<meta property=\"og:site_name\" content=\"SMARTTRAVELERS\" \/>\n<meta property=\"article:publisher\" content=\"https:\/\/www.facebook.com\/smarttravelers\/\" \/>\n<meta property=\"article:modified_time\" content=\"2020-12-28T21:45:00+00:00\" \/>\n<meta name=\"twitter:label1\" content=\"Est. reading time\" \/>\n\t<meta name=\"twitter:data1\" content=\"44 minutes\" \/>\n<script type=\"application\/ld+json\" class=\"yoast-schema-graph\">{\"@context\":\"https:\/\/schema.org\",\"@graph\":[{\"@type\":\"WebPage\",\"@id\":\"https:\/\/www.smarttravelers.de\/en\/portugal\/lisbon\/\",\"url\":\"https:\/\/www.smarttravelers.de\/en\/portugal\/lisbon\/\",\"name\":\"Lisbon - SMARTTRAVELERS\",\"isPartOf\":{\"@id\":\"https:\/\/www.smarttravelers.de\/en\/#website\"},\"datePublished\":\"2019-01-25T15:13:37+00:00\",\"dateModified\":\"2020-12-28T21:45:00+00:00\",\"description\":\"Why and for whom is Lisbon worth a visit, best time to travel, getting there, shopping, food and drink, nightlife and entertainment, sights.\",\"breadcrumb\":{\"@id\":\"https:\/\/www.smarttravelers.de\/en\/portugal\/lisbon\/#breadcrumb\"},\"inLanguage\":\"en-US\",\"potentialAction\":[{\"@type\":\"ReadAction\",\"target\":[\"https:\/\/www.smarttravelers.de\/en\/portugal\/lisbon\/\"]}]},{\"@type\":\"BreadcrumbList\",\"@id\":\"https:\/\/www.smarttravelers.de\/en\/portugal\/lisbon\/#breadcrumb\",\"itemListElement\":[{\"@type\":\"ListItem\",\"position\":1,\"name\":\"Home\",\"item\":\"https:\/\/www.smarttravelers.de\/en\/\"},{\"@type\":\"ListItem\",\"position\":2,\"name\":\"Portugal\",\"item\":\"https:\/\/www.smarttravelers.de\/en\/portugal\/\"},{\"@type\":\"ListItem\",\"position\":3,\"name\":\"Lisbon\"}]},{\"@type\":\"WebSite\",\"@id\":\"https:\/\/www.smarttravelers.de\/en\/#website\",\"url\":\"https:\/\/www.smarttravelers.de\/en\/\",\"name\":\"SMARTTRAVELERS\",\"description\":\"Deine kostenlose Quelle f\u00fcr Reiseinformationen und Reiseinspirationen\",\"publisher\":{\"@id\":\"https:\/\/www.smarttravelers.de\/en\/#organization\"},\"potentialAction\":[{\"@type\":\"SearchAction\",\"target\":{\"@type\":\"EntryPoint\",\"urlTemplate\":\"https:\/\/www.smarttravelers.de\/en\/?s={search_term_string}\"},\"query-input\":{\"@type\":\"PropertyValueSpecification\",\"valueRequired\":true,\"valueName\":\"search_term_string\"}}],\"inLanguage\":\"en-US\"},{\"@type\":\"Organization\",\"@id\":\"https:\/\/www.smarttravelers.de\/en\/#organization\",\"name\":\"SMARTTRAVELERS\",\"url\":\"https:\/\/www.smarttravelers.de\/en\/\",\"logo\":{\"@type\":\"ImageObject\",\"inLanguage\":\"en-US\",\"@id\":\"https:\/\/www.smarttravelers.de\/en\/#\/schema\/logo\/image\/\",\"url\":\"https:\/\/www.smarttravelers.de\/wp-content\/uploads\/2022\/08\/Logo-smarttravelers.png\",\"contentUrl\":\"https:\/\/www.smarttravelers.de\/wp-content\/uploads\/2022\/08\/Logo-smarttravelers.png\",\"width\":192,\"height\":186,\"caption\":\"SMARTTRAVELERS\"},\"image\":{\"@id\":\"https:\/\/www.smarttravelers.de\/en\/#\/schema\/logo\/image\/\"},\"sameAs\":[\"https:\/\/www.facebook.com\/smarttravelers\/\"]}]}<\/script>\n<!-- \/ Yoast SEO plugin. -->","yoast_head_json":{"title":"Lisbon - SMARTTRAVELERS","description":"Why and for whom is Lisbon worth a visit, best time to travel, getting there, shopping, food and drink, nightlife and entertainment, sights.","robots":{"index":"index","follow":"follow","max-snippet":"max-snippet:-1","max-image-preview":"max-image-preview:large","max-video-preview":"max-video-preview:-1"},"canonical":"https:\/\/www.smarttravelers.de\/en\/portugal\/lisbon\/","og_locale":"en_US","og_type":"article","og_title":"Lisbon - SMARTTRAVELERS","og_description":"Why and for whom is Lisbon worth a visit, best time to travel, getting there, shopping, food and drink, nightlife and entertainment, sights.","og_url":"https:\/\/www.smarttravelers.de\/en\/portugal\/lisbon\/","og_site_name":"SMARTTRAVELERS","article_publisher":"https:\/\/www.facebook.com\/smarttravelers\/","article_modified_time":"2020-12-28T21:45:00+00:00","twitter_misc":{"Est. reading time":"44 minutes"},"schema":{"@context":"https:\/\/schema.org","@graph":[{"@type":"WebPage","@id":"https:\/\/www.smarttravelers.de\/en\/portugal\/lisbon\/","url":"https:\/\/www.smarttravelers.de\/en\/portugal\/lisbon\/","name":"Lisbon - SMARTTRAVELERS","isPartOf":{"@id":"https:\/\/www.smarttravelers.de\/en\/#website"},"datePublished":"2019-01-25T15:13:37+00:00","dateModified":"2020-12-28T21:45:00+00:00","description":"Why and for whom is Lisbon worth a visit, best time to travel, getting there, shopping, food and drink, nightlife and entertainment, sights.","breadcrumb":{"@id":"https:\/\/www.smarttravelers.de\/en\/portugal\/lisbon\/#breadcrumb"},"inLanguage":"en-US","potentialAction":[{"@type":"ReadAction","target":["https:\/\/www.smarttravelers.de\/en\/portugal\/lisbon\/"]}]},{"@type":"BreadcrumbList","@id":"https:\/\/www.smarttravelers.de\/en\/portugal\/lisbon\/#breadcrumb","itemListElement":[{"@type":"ListItem","position":1,"name":"Home","item":"https:\/\/www.smarttravelers.de\/en\/"},{"@type":"ListItem","position":2,"name":"Portugal","item":"https:\/\/www.smarttravelers.de\/en\/portugal\/"},{"@type":"ListItem","position":3,"name":"Lisbon"}]},{"@type":"WebSite","@id":"https:\/\/www.smarttravelers.de\/en\/#website","url":"https:\/\/www.smarttravelers.de\/en\/","name":"SMARTTRAVELERS","description":"Deine kostenlose Quelle f\u00fcr Reiseinformationen und Reiseinspirationen","publisher":{"@id":"https:\/\/www.smarttravelers.de\/en\/#organization"},"potentialAction":[{"@type":"SearchAction","target":{"@type":"EntryPoint","urlTemplate":"https:\/\/www.smarttravelers.de\/en\/?s={search_term_string}"},"query-input":{"@type":"PropertyValueSpecification","valueRequired":true,"valueName":"search_term_string"}}],"inLanguage":"en-US"},{"@type":"Organization","@id":"https:\/\/www.smarttravelers.de\/en\/#organization","name":"SMARTTRAVELERS","url":"https:\/\/www.smarttravelers.de\/en\/","logo":{"@type":"ImageObject","inLanguage":"en-US","@id":"https:\/\/www.smarttravelers.de\/en\/#\/schema\/logo\/image\/","url":"https:\/\/www.smarttravelers.de\/wp-content\/uploads\/2022\/08\/Logo-smarttravelers.png","contentUrl":"https:\/\/www.smarttravelers.de\/wp-content\/uploads\/2022\/08\/Logo-smarttravelers.png","width":192,"height":186,"caption":"SMARTTRAVELERS"},"image":{"@id":"https:\/\/www.smarttravelers.de\/en\/#\/schema\/logo\/image\/"},"sameAs":["https:\/\/www.facebook.com\/smarttravelers\/"]}]}},"_links":{"self":[{"href":"https:\/\/www.smarttravelers.de\/en\/wp-json\/wp\/v2\/pages\/59883"}],"collection":[{"href":"https:\/\/www.smarttravelers.de\/en\/wp-json\/wp\/v2\/pages"}],"about":[{"href":"https:\/\/www.smarttravelers.de\/en\/wp-json\/wp\/v2\/types\/page"}],"author":[{"embeddable":true,"href":"https:\/\/www.smarttravelers.de\/en\/wp-json\/wp\/v2\/users\/1"}],"replies":[{"embeddable":true,"href":"https:\/\/www.smarttravelers.de\/en\/wp-json\/wp\/v2\/comments?post=59883"}],"version-history":[{"count":16,"href":"https:\/\/www.smarttravelers.de\/en\/wp-json\/wp\/v2\/pages\/59883\/revisions"}],"predecessor-version":[{"id":74369,"href":"https:\/\/www.smarttravelers.de\/en\/wp-json\/wp\/v2\/pages\/59883\/revisions\/74369"}],"up":[{"embeddable":true,"href":"https:\/\/www.smarttravelers.de\/en\/wp-json\/wp\/v2\/pages\/59761"}],"wp:attachment":[{"href":"https:\/\/www.smarttravelers.de\/en\/wp-json\/wp\/v2\/media?parent=59883"}],"curies":[{"name":"wp","href":"https:\/\/api.w.org\/{rel}","templated":true}]}}