{"id":59897,"date":"2018-06-08T10:56:00","date_gmt":"2018-06-08T08:56:00","guid":{"rendered":"https:\/\/www.smarttravelers.de\/spain\/barcelona\/"},"modified":"2020-11-04T01:19:27","modified_gmt":"2020-11-03T23:19:27","slug":"barcelona","status":"publish","type":"page","link":"https:\/\/www.smarttravelers.de\/en\/spain\/barcelona\/","title":{"rendered":"Barcelona"},"content":{"rendered":"<div class=\"fusion-fullwidth fullwidth-box fusion-builder-row-1 nonhundred-percent-fullwidth non-hundred-percent-height-scrolling\" style=\"background-color: #ffffff;background-position: center center;background-repeat: no-repeat;padding-top:0px;padding-right:0px;padding-bottom:0px;padding-left:0px;margin-bottom: 0px;margin-top: 0px;border-width: 0px 0px 0px 0px;border-color:rgba(255,255,255,0);border-style:solid;\" ><div class=\"fusion-builder-row fusion-row\"><div class=\"fusion-layout-column fusion_builder_column fusion-builder-column-0 fusion_builder_column_1_1 1_1 fusion-one-full fusion-column-first fusion-column-last\" style=\"margin-top:0px;margin-bottom:20px;\"><div class=\"fusion-column-wrapper fusion-flex-column-wrapper-legacy\" style=\"background-position:left top;background-repeat:no-repeat;-webkit-background-size:cover;-moz-background-size:cover;-o-background-size:cover;background-size:cover;padding: 0px 0px 0px 0px;\"><style type=\"text\/css\"><\/style><div class=\"fusion-title title fusion-title-1 fusion-sep-none fusion-title-center fusion-title-text fusion-title-size-one\" style=\"margin-top:0px;margin-right:0px;margin-bottom:31px;margin-left:0px;\"><h1 class=\"title-heading-center\" style=\"margin:0;\"><h1 style=\"text-align: center;\"><strong>BARCELONA<\/strong><\/h1><\/h1><\/div><div class=\"fusion-sep-clear\"><\/div><div class=\"fusion-separator\" style=\"margin-left: auto;margin-right: auto;margin-top:5px;margin-bottom:30px;width:100%;max-width:150px;\"><div class=\"fusion-separator-border sep-single sep-solid\" style=\"border-color:#e0dede;border-top-width:1px;\"><\/div><\/div><div class=\"fusion-sep-clear\"><\/div><div class=\"fusion-clearfix\"><\/div><\/div><\/div><\/div><\/div><div class=\"fusion-fullwidth fullwidth-box fusion-builder-row-2 nonhundred-percent-fullwidth non-hundred-percent-height-scrolling\" style=\"background-color: #ffffff;background-position: center center;background-repeat: no-repeat;padding-top:0px;padding-right:10%;padding-bottom:0px;padding-left:10%;margin-bottom: 40px;margin-top: 0px;border-width: 0px 0px 0px 0px;border-color:rgba(255,255,255,0);border-style:solid;\" ><div class=\"fusion-builder-row fusion-row\"><div class=\"fusion-layout-column fusion_builder_column fusion-builder-column-1 fusion_builder_column_1_6 1_6 fusion-one-sixth fusion-column-first\" style=\"width:16.6666666667%;width:calc(16.6666666667% - ( ( 4% + 4% + 4% + 4% + 4% ) * 0.166666666667 ) );margin-right: 4%;margin-top:0px;margin-bottom:20px;\"><div class=\"fusion-column-wrapper fusion-flex-column-wrapper-legacy\" style=\"background-position:left top;background-repeat:no-repeat;-webkit-background-size:cover;-moz-background-size:cover;-o-background-size:cover;background-size:cover;padding: 0px 0px 0px 0px;\"><div class=\"imageframe-align-center\"><span class=\" fusion-imageframe imageframe-none imageframe-1 hover-type-none\"><a class=\"fusion-no-lightbox\" href=\"#wen\" target=\"_self\" aria-label=\"icon_person\"><img decoding=\"async\" width=\"68\" height=\"68\" src=\"http:\/\/www.smarttravelers.de\/wp-content\/uploads\/2018\/02\/icon_person-1.png\" class=\"img-responsive wp-image-34575\" srcset=\"https:\/\/www.smarttravelers.de\/wp-content\/uploads\/2018\/02\/icon_person-1-66x66.png 66w, https:\/\/www.smarttravelers.de\/wp-content\/uploads\/2018\/02\/icon_person-1.png 68w\" sizes=\"(max-width: 68px) 100vw, 68px\" \/><\/a><\/span><\/div><div class=\"fusion-clearfix\"><\/div><\/div><\/div><div class=\"fusion-layout-column fusion_builder_column fusion-builder-column-2 fusion_builder_column_1_6 1_6 fusion-one-sixth\" style=\"width:16.6666666667%;width:calc(16.6666666667% - ( ( 4% + 4% + 4% + 4% + 4% ) * 0.166666666667 ) );margin-right: 4%;margin-top:0px;margin-bottom:20px;\"><div class=\"fusion-column-wrapper fusion-flex-column-wrapper-legacy\" style=\"background-position:left top;background-repeat:no-repeat;-webkit-background-size:cover;-moz-background-size:cover;-o-background-size:cover;background-size:cover;padding: 0px 0px 0px 0px;\"><div class=\"imageframe-align-center\"><span class=\" fusion-imageframe imageframe-none imageframe-2 hover-type-none\"><a class=\"fusion-no-lightbox\" href=\"#wann\" target=\"_self\" aria-label=\"icon_kalender\"><img decoding=\"async\" width=\"68\" height=\"68\" src=\"http:\/\/www.smarttravelers.de\/wp-content\/uploads\/2018\/02\/icon_kalender-2.png\" class=\"img-responsive wp-image-34571\" srcset=\"https:\/\/www.smarttravelers.de\/wp-content\/uploads\/2018\/02\/icon_kalender-2-66x66.png 66w, https:\/\/www.smarttravelers.de\/wp-content\/uploads\/2018\/02\/icon_kalender-2.png 68w\" sizes=\"(max-width: 68px) 100vw, 68px\" \/><\/a><\/span><\/div><div class=\"fusion-clearfix\"><\/div><\/div><\/div><div class=\"fusion-layout-column fusion_builder_column fusion-builder-column-3 fusion_builder_column_1_6 1_6 fusion-one-sixth\" style=\"width:16.6666666667%;width:calc(16.6666666667% - ( ( 4% + 4% + 4% + 4% + 4% ) * 0.166666666667 ) );margin-right: 4%;margin-top:0px;margin-bottom:20px;\"><div class=\"fusion-column-wrapper fusion-flex-column-wrapper-legacy\" style=\"background-position:left top;background-repeat:no-repeat;-webkit-background-size:cover;-moz-background-size:cover;-o-background-size:cover;background-size:cover;padding: 0px 0px 0px 0px;\"><div class=\"imageframe-align-center\"><span class=\" fusion-imageframe imageframe-none imageframe-3 hover-type-none\"><a class=\"fusion-no-lightbox\" href=\"#wohin\" target=\"_self\" aria-label=\"trinken\"><img decoding=\"async\" width=\"68\" height=\"68\" src=\"http:\/\/www.smarttravelers.de\/wp-content\/uploads\/2018\/02\/trinken-2.png\" class=\"img-responsive wp-image-34580\" srcset=\"https:\/\/www.smarttravelers.de\/wp-content\/uploads\/2018\/02\/trinken-2-66x66.png 66w, https:\/\/www.smarttravelers.de\/wp-content\/uploads\/2018\/02\/trinken-2.png 68w\" sizes=\"(max-width: 68px) 100vw, 68px\" \/><\/a><\/span><\/div><div class=\"fusion-clearfix\"><\/div><\/div><\/div><div class=\"fusion-layout-column fusion_builder_column fusion-builder-column-4 fusion_builder_column_1_6 1_6 fusion-one-sixth\" style=\"width:16.6666666667%;width:calc(16.6666666667% - ( ( 4% + 4% + 4% + 4% + 4% ) * 0.166666666667 ) );margin-right: 4%;margin-top:0px;margin-bottom:20px;\"><div class=\"fusion-column-wrapper fusion-flex-column-wrapper-legacy\" style=\"background-position:left top;background-repeat:no-repeat;-webkit-background-size:cover;-moz-background-size:cover;-o-background-size:cover;background-size:cover;padding: 0px 0px 0px 0px;\"><div class=\"imageframe-align-center\"><span class=\" fusion-imageframe imageframe-none imageframe-4 hover-type-none\"><a class=\"fusion-no-lightbox\" href=\"#was\" target=\"_self\" aria-label=\"icon_sehensw\u00fcrdigkeiten\"><img decoding=\"async\" width=\"68\" height=\"68\" src=\"http:\/\/www.smarttravelers.de\/wp-content\/uploads\/2018\/02\/icon_sehensw\u00fcrdigkeiten-1.png\" class=\"img-responsive wp-image-34576\" srcset=\"https:\/\/www.smarttravelers.de\/wp-content\/uploads\/2018\/02\/icon_sehensw\u00fcrdigkeiten-1-66x66.png 66w, https:\/\/www.smarttravelers.de\/wp-content\/uploads\/2018\/02\/icon_sehensw\u00fcrdigkeiten-1.png 68w\" sizes=\"(max-width: 68px) 100vw, 68px\" \/><\/a><\/span><\/div><div class=\"fusion-clearfix\"><\/div><\/div><\/div><div class=\"fusion-layout-column fusion_builder_column fusion-builder-column-5 fusion_builder_column_1_6 1_6 fusion-one-sixth\" style=\"width:16.6666666667%;width:calc(16.6666666667% - ( ( 4% + 4% + 4% + 4% + 4% ) * 0.166666666667 ) );margin-right: 4%;margin-top:0px;margin-bottom:20px;\"><div class=\"fusion-column-wrapper fusion-flex-column-wrapper-legacy\" style=\"background-position:left top;background-repeat:no-repeat;-webkit-background-size:cover;-moz-background-size:cover;-o-background-size:cover;background-size:cover;padding: 0px 0px 0px 0px;\"><div class=\"imageframe-align-center\"><span class=\" fusion-imageframe imageframe-none imageframe-5 hover-type-none\"><a class=\"fusion-no-lightbox\" href=\"#fluege\" target=\"_self\" aria-label=\"icon_fluege\"><img decoding=\"async\" width=\"68\" height=\"68\" src=\"http:\/\/www.smarttravelers.de\/wp-content\/uploads\/2018\/03\/icon_fluege.png\" class=\"img-responsive wp-image-59943\" srcset=\"https:\/\/www.smarttravelers.de\/wp-content\/uploads\/2018\/03\/icon_fluege-66x66.png 66w, https:\/\/www.smarttravelers.de\/wp-content\/uploads\/2018\/03\/icon_fluege.png 68w\" sizes=\"(max-width: 68px) 100vw, 68px\" \/><\/a><\/span><\/div><div class=\"fusion-clearfix\"><\/div><\/div><\/div><div class=\"fusion-layout-column fusion_builder_column fusion-builder-column-6 fusion_builder_column_1_6 1_6 fusion-one-sixth fusion-column-last\" style=\"width:16.6666666667%;width:calc(16.6666666667% - ( ( 4% + 4% + 4% + 4% + 4% ) * 0.166666666667 ) );margin-top:0px;margin-bottom:20px;\"><div class=\"fusion-column-wrapper fusion-flex-column-wrapper-legacy\" style=\"background-position:left top;background-repeat:no-repeat;-webkit-background-size:cover;-moz-background-size:cover;-o-background-size:cover;background-size:cover;padding: 0px 0px 0px 0px;\"><div class=\"imageframe-align-center\"><span class=\" fusion-imageframe imageframe-none imageframe-6 hover-type-none\"><a class=\"fusion-no-lightbox\" href=\"#hotels\" target=\"_self\" aria-label=\"iconhotels\"><img decoding=\"async\" width=\"68\" height=\"68\" src=\"http:\/\/www.smarttravelers.de\/wp-content\/uploads\/2018\/03\/iconhotels.png\" class=\"img-responsive wp-image-59956\" srcset=\"https:\/\/www.smarttravelers.de\/wp-content\/uploads\/2018\/03\/iconhotels-66x66.png 66w, https:\/\/www.smarttravelers.de\/wp-content\/uploads\/2018\/03\/iconhotels.png 68w\" sizes=\"(max-width: 68px) 100vw, 68px\" \/><\/a><\/span><\/div><div class=\"fusion-clearfix\"><\/div><\/div><\/div><\/div><\/div>\n<div class=\"fusion-fullwidth fullwidth-box fusion-builder-row-3 nonhundred-percent-fullwidth non-hundred-percent-height-scrolling\" style=\"background-color: #ffffff;background-position: center center;background-repeat: no-repeat;padding-top:0px;padding-right:0px;padding-bottom:0px;padding-left:0px;margin-bottom: 0px;margin-top: 0px;border-width: 0px 0px 0px 0px;border-color:rgba(255,255,255,0);border-style:solid;\" ><div class=\"fusion-builder-row fusion-row\"><div class=\"fusion-layout-column fusion_builder_column fusion-builder-column-7 fusion_builder_column_1_1 1_1 fusion-one-full fusion-column-first fusion-column-last\" style=\"margin-top:0px;margin-bottom:20px;\"><div class=\"fusion-column-wrapper fusion-flex-column-wrapper-legacy\" style=\"background-position:left top;background-repeat:no-repeat;-webkit-background-size:cover;-moz-background-size:cover;-o-background-size:cover;background-size:cover;padding: 0px 0px 0px 0px;\">\n<div class=\"fusion-slider-revolution rev_slider_wrapper\">\t\t\t<!-- START Barcelona REVOLUTION SLIDER 6.2.1 --><p class=\"rs-p-wp-fix\"><\/p>\n\t\t\t<rs-module-wrap id=\"rev_slider_599_1_wrapper\" data-source=\"gallery\" style=\"background:transparent;padding:0;margin:0px auto;margin-top:0;margin-bottom:0;\">\n\t\t\t\t<rs-module id=\"rev_slider_599_1\" style=\"display:none;\" data-version=\"6.2.1\">\n\t\t\t\t\t<rs-slides>\n\t\t\t\t\t\t<rs-slide data-key=\"rs-2059\" data-title=\"Slide\" data-thumb=\"\/\/www.smarttravelers.de\/wp-content\/uploads\/2018\/05\/Sagrada-Fam\u00edlia1-100x50.jpg\" data-anim=\"ei:d;eo:d;s:600;r:0;t:fade;sl:d;\">\n\t\t\t\t\t\t\t<img decoding=\"async\" src=\"\/\/www.smarttravelers.de\/wp-content\/plugins\/revslider\/public\/assets\/assets\/dummy.png\" alt=\"Seitenansicht der Sagrada Fam\u00edlia\" title=\"Sagrada Fam\u00edlia1\" width=\"609\" height=\"899\" data-lazyload=\"\/\/www.smarttravelers.de\/wp-content\/uploads\/2018\/05\/Sagrada-Fam\u00edlia1.jpg\" data-parallax=\"off\" class=\"rev-slidebg\" data-no-retina>\n<!---->\t\t\t\t\t\t<\/rs-slide>\n\t\t\t\t\t\t<rs-slide data-key=\"rs-2058\" data-title=\"Slide\" data-thumb=\"\/\/www.smarttravelers.de\/wp-content\/uploads\/2018\/05\/Port-Vell1-100x50.jpg\" data-anim=\"ei:d;eo:d;s:600;r:0;t:fade;sl:d;\">\n\t\t\t\t\t\t\t<img decoding=\"async\" src=\"\/\/www.smarttravelers.de\/wp-content\/plugins\/revslider\/public\/assets\/assets\/dummy.png\" alt=\"Luftbild des Port Vell\" title=\"Port Vell1\" width=\"1200\" height=\"900\" data-lazyload=\"\/\/www.smarttravelers.de\/wp-content\/uploads\/2018\/05\/Port-Vell1.jpg\" data-parallax=\"off\" class=\"rev-slidebg\" data-no-retina>\n<!---->\t\t\t\t\t\t<\/rs-slide>\n\t\t\t\t\t\t<rs-slide data-key=\"rs-2048\" data-title=\"Slide\" data-thumb=\"\/\/www.smarttravelers.de\/wp-content\/uploads\/2018\/05\/Parc-G\u00fcell2-100x50.jpg\" data-anim=\"ei:d;eo:d;s:600;r:0;t:fade;sl:d;\">\n\t\t\t\t\t\t\t<img decoding=\"async\" src=\"\/\/www.smarttravelers.de\/wp-content\/plugins\/revslider\/public\/assets\/assets\/dummy.png\" alt=\"Die Pf\u00f6rtnerh\u00e4user im Parc G\u00fcell\" title=\"Parc G\u00fcell2\" width=\"1200\" height=\"801\" data-lazyload=\"\/\/www.smarttravelers.de\/wp-content\/uploads\/2018\/05\/Parc-G\u00fcell2.jpg\" data-parallax=\"off\" class=\"rev-slidebg\" data-no-retina>\n<!---->\t\t\t\t\t\t<\/rs-slide>\n\t\t\t\t\t\t<rs-slide data-key=\"rs-2044\" data-title=\"Slide\" data-thumb=\"\/\/www.smarttravelers.de\/wp-content\/uploads\/2018\/05\/La-Rambla3-100x50.jpg\" data-anim=\"ei:d;eo:d;s:600;r:0;t:fade;sl:d;\">\n\t\t\t\t\t\t\t<img decoding=\"async\" src=\"\/\/www.smarttravelers.de\/wp-content\/plugins\/revslider\/public\/assets\/assets\/dummy.png\" alt=\"Stra\u00dfenszene auf La Rambla\" title=\"La Rambla3\" width=\"1200\" height=\"900\" data-lazyload=\"\/\/www.smarttravelers.de\/wp-content\/uploads\/2018\/05\/La-Rambla3.jpg\" data-parallax=\"off\" class=\"rev-slidebg\" data-no-retina>\n<!---->\t\t\t\t\t\t<\/rs-slide>\n\t\t\t\t\t\t<rs-slide data-key=\"rs-2054\" data-title=\"Slide\" data-thumb=\"\/\/www.smarttravelers.de\/wp-content\/uploads\/2018\/05\/Pla\u00e7a-Reial1-100x50.jpg\" data-anim=\"ei:d;eo:d;s:600;r:0;t:fade;sl:d;\">\n\t\t\t\t\t\t\t<img decoding=\"async\" src=\"\/\/www.smarttravelers.de\/wp-content\/plugins\/revslider\/public\/assets\/assets\/dummy.png\" alt=\"Die Pla\u00e7a Reial von oben\" title=\"Pla\u00e7a Reial1\" width=\"1200\" height=\"800\" data-lazyload=\"\/\/www.smarttravelers.de\/wp-content\/uploads\/2018\/05\/Pla\u00e7a-Reial1.jpg\" data-parallax=\"off\" class=\"rev-slidebg\" data-no-retina>\n<!---->\t\t\t\t\t\t<\/rs-slide>\n\t\t\t\t\t\t<rs-slide data-key=\"rs-2052\" data-title=\"Slide\" data-thumb=\"\/\/www.smarttravelers.de\/wp-content\/uploads\/2018\/05\/Barri-G\u00f2tic1-100x50.jpg\" data-anim=\"ei:d;eo:d;s:600;r:0;t:fade;sl:d;\">\n\t\t\t\t\t\t\t<img decoding=\"async\" src=\"\/\/www.smarttravelers.de\/wp-content\/plugins\/revslider\/public\/assets\/assets\/dummy.png\" alt=\"Mittelalterliche Gasse im Barri G\u00f2tic\" title=\"Barri G\u00f2tic1\" width=\"1184\" height=\"900\" data-lazyload=\"\/\/www.smarttravelers.de\/wp-content\/uploads\/2018\/05\/Barri-G\u00f2tic1.jpg\" data-parallax=\"off\" class=\"rev-slidebg\" data-no-retina>\n<!---->\t\t\t\t\t\t<\/rs-slide>\n\t\t\t\t\t\t<rs-slide data-key=\"rs-2047\" data-title=\"Slide\" data-thumb=\"\/\/www.smarttravelers.de\/wp-content\/uploads\/2018\/05\/Kathedrale-von-Barcelona1-100x50.jpg\" data-anim=\"ei:d;eo:d;s:600;r:0;t:fade;sl:d;\">\n\t\t\t\t\t\t\t<img decoding=\"async\" src=\"\/\/www.smarttravelers.de\/wp-content\/plugins\/revslider\/public\/assets\/assets\/dummy.png\" alt=\"Die Hauptfassade der Kathedrale von Barcelona\" title=\"Kathedrale von Barcelona1\" width=\"1200\" height=\"900\" data-lazyload=\"\/\/www.smarttravelers.de\/wp-content\/uploads\/2018\/05\/Kathedrale-von-Barcelona1.jpg\" data-parallax=\"off\" class=\"rev-slidebg\" data-no-retina>\n<!---->\t\t\t\t\t\t<\/rs-slide>\n\t\t\t\t\t\t<rs-slide data-key=\"rs-2043\" data-title=\"Slide\" data-thumb=\"\/\/www.smarttravelers.de\/wp-content\/uploads\/2018\/05\/Pla\u00e7a-del-Rei1-100x50.jpg\" data-anim=\"ei:d;eo:d;s:600;r:0;t:fade;sl:d;\">\n\t\t\t\t\t\t\t<img decoding=\"async\" src=\"\/\/www.smarttravelers.de\/wp-content\/plugins\/revslider\/public\/assets\/assets\/dummy.png\" alt=\"Die Pla\u00e7a del Rei mit dem Mirador del Rei Martin im Hintergrund\" title=\"Pla\u00e7a del Rei1\" width=\"1200\" height=\"797\" data-lazyload=\"\/\/www.smarttravelers.de\/wp-content\/uploads\/2018\/05\/Pla\u00e7a-del-Rei1.jpg\" data-parallax=\"off\" class=\"rev-slidebg\" data-no-retina>\n<!---->\t\t\t\t\t\t<\/rs-slide>\n\t\t\t\t\t\t<rs-slide data-key=\"rs-2049\" data-title=\"Slide\" data-thumb=\"\/\/www.smarttravelers.de\/wp-content\/uploads\/2018\/05\/Casa-Mil\u00e02-100x50.jpg\" data-anim=\"ei:d;eo:d;s:600;r:0;t:fade;sl:d;\">\n\t\t\t\t\t\t\t<img decoding=\"async\" src=\"\/\/www.smarttravelers.de\/wp-content\/plugins\/revslider\/public\/assets\/assets\/dummy.png\" alt=\"Die Fassade der Casa Mil\u00e0\" title=\"Casa Mil\u00e02\" width=\"1200\" height=\"800\" data-lazyload=\"\/\/www.smarttravelers.de\/wp-content\/uploads\/2018\/05\/Casa-Mil\u00e02.jpg\" data-parallax=\"off\" class=\"rev-slidebg\" data-no-retina>\n<!---->\t\t\t\t\t\t<\/rs-slide>\n\t\t\t\t\t\t<rs-slide data-key=\"rs-2046\" data-title=\"Slide\" data-thumb=\"\/\/www.smarttravelers.de\/wp-content\/uploads\/2018\/05\/Casa-Battl\u00f21-100x50.jpg\" data-anim=\"ei:d;eo:d;s:600;r:0;t:fade;sl:d;\">\n\t\t\t\t\t\t\t<img decoding=\"async\" src=\"\/\/www.smarttravelers.de\/wp-content\/plugins\/revslider\/public\/assets\/assets\/dummy.png\" alt=\"Die Fassade der Casa Battl\u00f2 bei Nacht\" title=\"Casa Battl\u00f21\" width=\"598\" height=\"899\" data-lazyload=\"\/\/www.smarttravelers.de\/wp-content\/uploads\/2018\/05\/Casa-Battl\u00f21.jpg\" data-parallax=\"off\" class=\"rev-slidebg\" data-no-retina>\n<!---->\t\t\t\t\t\t<\/rs-slide>\n\t\t\t\t\t\t<rs-slide data-key=\"rs-2053\" data-title=\"Slide\" data-thumb=\"\/\/www.smarttravelers.de\/wp-content\/uploads\/2018\/06\/Hafenseilbahn-Barcelona1-100x50.jpg\" data-anim=\"ei:d;eo:d;s:600;r:0;t:fade;sl:d;\">\n\t\t\t\t\t\t\t<img decoding=\"async\" src=\"\/\/www.smarttravelers.de\/wp-content\/plugins\/revslider\/public\/assets\/assets\/dummy.png\" alt=\"Blick \u00fcber den Hafen und auf die Hafenseilbahn Barcelona\" title=\"Hafenseilbahn Barcelona1\" width=\"1200\" height=\"800\" data-lazyload=\"\/\/www.smarttravelers.de\/wp-content\/uploads\/2018\/06\/Hafenseilbahn-Barcelona1.jpg\" data-parallax=\"off\" class=\"rev-slidebg\" data-no-retina>\n<!---->\t\t\t\t\t\t<\/rs-slide>\n\t\t\t\t\t\t<rs-slide data-key=\"rs-3108\" data-title=\"Slide\" data-thumb=\"\/\/www.smarttravelers.de\/wp-content\/uploads\/2018\/11\/Montju\u00efc1neu-100x50.jpeg\" data-anim=\"ei:d;eo:d;s:600;r:0;t:fade;sl:d;\">\n\t\t\t\t\t\t\t<img decoding=\"async\" src=\"\/\/www.smarttravelers.de\/wp-content\/plugins\/revslider\/public\/assets\/assets\/dummy.png\" alt=\"Blick auf den Montju\u00efc vom Hafen Barcelona\" title=\"Montju\u00efc1neu\" width=\"1200\" height=\"675\" data-lazyload=\"\/\/www.smarttravelers.de\/wp-content\/uploads\/2018\/11\/Montju\u00efc1neu.jpeg\" data-parallax=\"off\" class=\"rev-slidebg\" data-no-retina>\n<!---->\t\t\t\t\t\t<\/rs-slide>\n\t\t\t\t\t\t<rs-slide data-key=\"rs-2051\" data-title=\"Slide\" data-thumb=\"\/\/www.smarttravelers.de\/wp-content\/uploads\/2018\/05\/Schloss-Montju\u00efc2-100x50.jpg\" data-anim=\"ei:d;eo:d;s:600;r:0;t:fade;sl:d;\">\n\t\t\t\t\t\t\t<img decoding=\"async\" src=\"\/\/www.smarttravelers.de\/wp-content\/plugins\/revslider\/public\/assets\/assets\/dummy.png\" alt=\"Der Eingang zum Castell de Montju\u00efc\" title=\"Castell de Montju\u00efc2\" width=\"1200\" height=\"900\" data-lazyload=\"\/\/www.smarttravelers.de\/wp-content\/uploads\/2018\/05\/Schloss-Montju\u00efc2.jpg\" data-parallax=\"off\" class=\"rev-slidebg\" data-no-retina>\n<!---->\t\t\t\t\t\t<\/rs-slide>\n\t\t\t\t\t\t<rs-slide data-key=\"rs-2050\" data-title=\"Slide\" data-thumb=\"\/\/www.smarttravelers.de\/wp-content\/uploads\/2018\/05\/Tibidabo-Amusement-Park2-100x50.jpg\" data-anim=\"ei:d;eo:d;s:600;r:0;t:fade;sl:d;\">\n\t\t\t\t\t\t\t<img decoding=\"async\" src=\"\/\/www.smarttravelers.de\/wp-content\/plugins\/revslider\/public\/assets\/assets\/dummy.png\" alt=\"Riesenrad auf dem Tibidabo Amusement Park\" title=\"Tibidabo Amusement Park2\" width=\"1200\" height=\"800\" data-lazyload=\"\/\/www.smarttravelers.de\/wp-content\/uploads\/2018\/05\/Tibidabo-Amusement-Park2.jpg\" data-parallax=\"off\" class=\"rev-slidebg\" data-no-retina>\n<!---->\t\t\t\t\t\t<\/rs-slide>\n\t\t\t\t\t\t<rs-slide data-key=\"rs-2057\" data-title=\"Slide\" data-thumb=\"\/\/www.smarttravelers.de\/wp-content\/uploads\/2018\/05\/Temple-Expiatori-del-Sagrat-Cor1-100x50.jpg\" data-anim=\"ei:d;eo:d;s:600;r:0;t:fade;sl:d;\">\n\t\t\t\t\t\t\t<img decoding=\"async\" src=\"\/\/www.smarttravelers.de\/wp-content\/plugins\/revslider\/public\/assets\/assets\/dummy.png\" alt=\"Der Temple Expiatori del Sagrat Cor von oben\" title=\"Temple Expiatori del Sagrat Cor1\" width=\"655\" height=\"900\" data-lazyload=\"\/\/www.smarttravelers.de\/wp-content\/uploads\/2018\/05\/Temple-Expiatori-del-Sagrat-Cor1.jpg\" data-parallax=\"off\" class=\"rev-slidebg\" data-no-retina>\n<!---->\t\t\t\t\t\t<\/rs-slide>\n\t\t\t\t\t\t<rs-slide data-key=\"rs-3107\" data-title=\"Slide\" data-thumb=\"\/\/www.smarttravelers.de\/wp-content\/uploads\/2018\/11\/Arc-de-Triomf1neu-100x50.jpg\" data-anim=\"ei:d;eo:d;s:600;r:0;t:fade;sl:d;\">\n\t\t\t\t\t\t\t<img decoding=\"async\" src=\"\/\/www.smarttravelers.de\/wp-content\/plugins\/revslider\/public\/assets\/assets\/dummy.png\" alt=\"Seitenansicht des Arc de Triomf\" title=\"Arc de Triomf1neu\" width=\"1200\" height=\"900\" data-lazyload=\"\/\/www.smarttravelers.de\/wp-content\/uploads\/2018\/11\/Arc-de-Triomf1neu.jpg\" data-parallax=\"off\" class=\"rev-slidebg\" data-no-retina>\n<!---->\t\t\t\t\t\t<\/rs-slide>\n\t\t\t\t\t\t<rs-slide data-key=\"rs-2040\" data-title=\"Slide\" data-thumb=\"\/\/www.smarttravelers.de\/wp-content\/uploads\/2018\/05\/Parc-de-la-Ciutadella2-100x50.jpg\" data-anim=\"ei:d;eo:d;s:600;r:0;t:fade;sl:d;\">\n\t\t\t\t\t\t\t<img decoding=\"async\" src=\"\/\/www.smarttravelers.de\/wp-content\/plugins\/revslider\/public\/assets\/assets\/dummy.png\" alt=\"Der Springbrunnen im Parc de la Ciutadella\" title=\"Parc de la Ciutadella2\" width=\"1200\" height=\"676\" data-lazyload=\"\/\/www.smarttravelers.de\/wp-content\/uploads\/2018\/05\/Parc-de-la-Ciutadella2.jpg\" data-parallax=\"off\" class=\"rev-slidebg\" data-no-retina>\n<!---->\t\t\t\t\t\t<\/rs-slide>\n\t\t\t\t\t\t<rs-slide data-key=\"rs-2055\" data-title=\"Slide\" data-thumb=\"\/\/www.smarttravelers.de\/wp-content\/uploads\/2018\/05\/Mercat-de-la-Boqueria2-100x50.jpg\" data-anim=\"ei:d;eo:d;s:600;r:0;t:fade;sl:d;\">\n\t\t\t\t\t\t\t<img decoding=\"async\" src=\"\/\/www.smarttravelers.de\/wp-content\/plugins\/revslider\/public\/assets\/assets\/dummy.png\" alt=\"Der Eingang zum Mercat de la Boqueria\" title=\"Mercat de la Boqueria2\" width=\"1200\" height=\"900\" data-lazyload=\"\/\/www.smarttravelers.de\/wp-content\/uploads\/2018\/05\/Mercat-de-la-Boqueria2.jpg\" data-parallax=\"off\" class=\"rev-slidebg\" data-no-retina>\n<!---->\t\t\t\t\t\t<\/rs-slide>\n\t\t\t\t\t\t<rs-slide data-key=\"rs-2042\" data-title=\"Slide\" data-thumb=\"\/\/www.smarttravelers.de\/wp-content\/uploads\/2018\/05\/La-Barceloneta1-100x50.jpg\" data-anim=\"ei:d;eo:d;s:600;r:0;t:fade;sl:d;\">\n\t\t\t\t\t\t\t<img decoding=\"async\" src=\"\/\/www.smarttravelers.de\/wp-content\/plugins\/revslider\/public\/assets\/assets\/dummy.png\" alt=\"La Barceloneta mit Strand am Mittelmeer\" title=\"La Barceloneta1\" width=\"1200\" height=\"900\" data-lazyload=\"\/\/www.smarttravelers.de\/wp-content\/uploads\/2018\/05\/La-Barceloneta1.jpg\" data-parallax=\"off\" class=\"rev-slidebg\" data-no-retina>\n<!---->\t\t\t\t\t\t<\/rs-slide>\n\t\t\t\t\t\t<rs-slide data-key=\"rs-2045\" data-title=\"Slide\" data-thumb=\"\/\/www.smarttravelers.de\/wp-content\/uploads\/2018\/05\/Camp-Nou3-100x50.jpg\" data-anim=\"ei:d;eo:d;s:600;r:0;t:fade;sl:d;\">\n\t\t\t\t\t\t\t<img decoding=\"async\" src=\"\/\/www.smarttravelers.de\/wp-content\/plugins\/revslider\/public\/assets\/assets\/dummy.png\" alt=\"Fu\u00dfballspiel im Camp Nou\" title=\"Camp Nou3\" width=\"1200\" height=\"675\" data-lazyload=\"\/\/www.smarttravelers.de\/wp-content\/uploads\/2018\/05\/Camp-Nou3.jpg\" data-parallax=\"off\" class=\"rev-slidebg\" data-no-retina>\n<!---->\t\t\t\t\t\t<\/rs-slide>\n\t\t\t\t\t<\/rs-slides>\n\t\t\t\t\t<rs-progress class=\"rs-bottom\" style=\"visibility: hidden !important;\"><\/rs-progress>\n\t\t\t\t<\/rs-module>\n\t\t\t\t<script type=\"text\/javascript\">\n\t\t\t\t\tsetREVStartSize({c: 'rev_slider_599_1',rl:[1240,1024,778,480],el:[],gw:[600],gh:[600],type:'carousel',justify:'',layout:'fullwidth',mh:\"0\"});\n\t\t\t\t\tvar\trevapi599,\n\t\t\t\t\t\ttpj;\n\t\t\t\t\tjQuery(function() {\n\t\t\t\t\t\ttpj = jQuery;\n\t\t\t\t\t\tif(tpj(\"#rev_slider_599_1\").revolution == undefined){\n\t\t\t\t\t\t\trevslider_showDoubleJqueryError(\"#rev_slider_599_1\");\n\t\t\t\t\t\t}else{\n\t\t\t\t\t\t\trevapi599 = tpj(\"#rev_slider_599_1\").show().revolution({\n\t\t\t\t\t\t\t\tsliderType:\"carousel\",\n\t\t\t\t\t\t\t\tjsFileLocation:\"\/\/www.smarttravelers.de\/wp-content\/plugins\/revslider\/public\/assets\/js\/\",\n\t\t\t\t\t\t\t\tsliderLayout:\"fullwidth\",\n\t\t\t\t\t\t\t\tduration:1600,\n\t\t\t\t\t\t\t\tvisibilityLevels:\"1240,1024,778,480\",\n\t\t\t\t\t\t\t\tgridwidth:600,\n\t\t\t\t\t\t\t\tgridheight:600,\n\t\t\t\t\t\t\t\tlazyType:\"smart\",\n\t\t\t\t\t\t\t\tresponsiveLevels:\"1240,1024,778,480\",\n\t\t\t\t\t\t\t\tdisableProgressBar:\"on\",\n\t\t\t\t\t\t\t\tcarousel: {\n\t\t\t\t\t\t\t\t\tinfinity:true,\n\t\t\t\t\t\t\t\t\tspace:-150,\n\t\t\t\t\t\t\t\t\tmaxRotation:65,\n\t\t\t\t\t\t\t\t\tvary_rotation:true,\n\t\t\t\t\t\t\t\t\tminScale:45,\n\t\t\t\t\t\t\t\t\tvary_fade:true\n\t\t\t\t\t\t\t\t},\n\t\t\t\t\t\t\t\tnavigation: {\n\t\t\t\t\t\t\t\t\tmouseScrollNavigation:false,\n\t\t\t\t\t\t\t\t\tonHoverStop:false,\n\t\t\t\t\t\t\t\t\ttouch: {\n\t\t\t\t\t\t\t\t\t\ttouchenabled:true,\n\t\t\t\t\t\t\t\t\t\tswipe_min_touches:50\n\t\t\t\t\t\t\t\t\t},\n\t\t\t\t\t\t\t\t\tarrows: {\n\t\t\t\t\t\t\t\t\t\tenable:true,\n\t\t\t\t\t\t\t\t\t\tstyle:\"hesperiden\",\n\t\t\t\t\t\t\t\t\t\tleft: {\n\t\t\t\t\t\t\t\t\t\t\th_offset:30\n\t\t\t\t\t\t\t\t\t\t},\n\t\t\t\t\t\t\t\t\t\tright: {\n\t\t\t\t\t\t\t\t\t\t\th_offset:30\n\t\t\t\t\t\t\t\t\t\t}\n\t\t\t\t\t\t\t\t\t}\n\t\t\t\t\t\t\t\t},\n\t\t\t\t\t\t\t\tparallax: {\n\t\t\t\t\t\t\t\t\tlevels:[2,3,4,5,6,7,12,16,10,50,47,48,49,50,51,55],\n\t\t\t\t\t\t\t\t\ttype:\"mouse\",\n\t\t\t\t\t\t\t\t\torigo:\"slidercenter\",\n\t\t\t\t\t\t\t\t\tspeed:2000\n\t\t\t\t\t\t\t\t},\n\t\t\t\t\t\t\t\tfallbacks: {\n\t\t\t\t\t\t\t\t\tallowHTML5AutoPlayOnAndroid:true\n\t\t\t\t\t\t\t\t},\n\t\t\t\t\t\t\t});\n\t\t\t\t\t\t}\n\t\t\t\t\t\t\n\t\t\t\t\t});\n\t\t\t\t<\/script>\n\t\t\t\t<script>\n\t\t\t\t\tvar htmlDivCss = unescape(\"%23rev_slider_599_1_wrapper%20.hesperiden.tparrows%20%7B%0A%09cursor%3Apointer%3B%0A%09background%3Argba%280%2C0%2C0%2C0.5%29%3B%0A%09width%3A40px%3B%0A%09height%3A40px%3B%0A%09position%3Aabsolute%3B%0A%09display%3Ablock%3B%0A%09z-index%3A1000%3B%0A%20%20%20%20border-radius%3A%2050%25%3B%0A%7D%0A%23rev_slider_599_1_wrapper%20.hesperiden.tparrows%3Ahover%20%7B%0A%09background%3A%23000000%3B%0A%7D%0A%23rev_slider_599_1_wrapper%20.hesperiden.tparrows%3Abefore%20%7B%0A%09font-family%3A%20%27revicons%27%3B%0A%09font-size%3A20px%3B%0A%09color%3A%23ffffff%3B%0A%09display%3Ablock%3B%0A%09line-height%3A%2040px%3B%0A%09text-align%3A%20center%3B%0A%7D%0A%23rev_slider_599_1_wrapper%20.hesperiden.tparrows.tp-leftarrow%3Abefore%20%7B%0A%09content%3A%20%27%5Ce82c%27%3B%0A%20%20%20%20margin-left%3A-3px%3B%0A%7D%0A%23rev_slider_599_1_wrapper%20.hesperiden.tparrows.tp-rightarrow%3Abefore%20%7B%0A%09content%3A%20%27%5Ce82d%27%3B%0A%20%20%20%20margin-right%3A-3px%3B%0A%7D%0A\");\n\t\t\t\t\tvar htmlDiv = document.getElementById('rs-plugin-settings-inline-css');\n\t\t\t\t\tif(htmlDiv) {\n\t\t\t\t\t\thtmlDiv.innerHTML = htmlDiv.innerHTML + htmlDivCss;\n\t\t\t\t\t}else{\n\t\t\t\t\t\tvar htmlDiv = document.createElement('div');\n\t\t\t\t\t\thtmlDiv.innerHTML = '<style>' + htmlDivCss + '<\/style>';\n\t\t\t\t\t\tdocument.getElementsByTagName('head')[0].appendChild(htmlDiv.childNodes[0]);\n\t\t\t\t\t}\n\t\t\t\t<\/script>\n\t\t\t\t<script>\n\t\t\t\t\tvar htmlDivCss = unescape(\"%0A%0A%0A%0A%0A%0A%0A%0A%0A%0A%0A%0A%0A%0A%0A%0A%0A%0A%0A%0A\");\n\t\t\t\t\tvar htmlDiv = document.getElementById('rs-plugin-settings-inline-css');\n\t\t\t\t\tif(htmlDiv) {\n\t\t\t\t\t\thtmlDiv.innerHTML = htmlDiv.innerHTML + htmlDivCss;\n\t\t\t\t\t}else{\n\t\t\t\t\t\tvar htmlDiv = document.createElement('div');\n\t\t\t\t\t\thtmlDiv.innerHTML = '<style>' + htmlDivCss + '<\/style>';\n\t\t\t\t\t\tdocument.getElementsByTagName('head')[0].appendChild(htmlDiv.childNodes[0]);\n\t\t\t\t\t}\n\t\t\t\t<\/script>\n\t\t\t<\/rs-module-wrap>\n\t\t\t<!-- END REVOLUTION SLIDER -->\n<\/div><div class=\"fusion-clearfix\"><\/div><\/div><\/div><\/div><\/div><div id=\"warum\"><div class=\"fusion-fullwidth fullwidth-box fusion-builder-row-4 nonhundred-percent-fullwidth non-hundred-percent-height-scrolling\" style=\"background-color: #f4f4f4;background-position: center center;background-repeat: no-repeat;padding-top:0px;padding-right:15%;padding-bottom:0px;padding-left:15%;margin-bottom: 0px;margin-top: -18px;border-width: 0px 0px 0px 0px;border-color:rgba(255,255,255,0);border-style:solid;\" ><div class=\"fusion-builder-row fusion-row\"><div class=\"fusion-layout-column fusion_builder_column fusion-builder-column-8 fusion_builder_column_1_1 1_1 fusion-one-full fusion-column-first fusion-column-last\" style=\"margin-top:0px;margin-bottom:20px;\"><div class=\"fusion-column-wrapper fusion-flex-column-wrapper-legacy\" style=\"background-position:left top;background-repeat:no-repeat;-webkit-background-size:cover;-moz-background-size:cover;-o-background-size:cover;background-size:cover;background-color:#f4f4f4;padding: 0px -50px 0px -50px;\"><div class=\"fusion-sep-clear\"><\/div><div class=\"fusion-separator\" style=\"margin-left: auto;margin-right: auto;margin-top:5px;margin-bottom:30px;width:100%;max-width:150px;\"><div class=\"fusion-separator-border sep-single sep-solid\" style=\"border-color:rgba(255,252,252,0);border-top-width:1px;\"><\/div><\/div><div class=\"fusion-sep-clear\"><\/div><div class=\"imageframe-align-center\"><span class=\" fusion-imageframe imageframe-none imageframe-7 hover-type-none\" style=\"border-radius:30px;\"><img decoding=\"async\" width=\"68\" height=\"68\" title=\"icon_frage\" src=\"https:\/\/www.smarttravelers.de\/wp-content\/uploads\/2018\/02\/icon_frage-1.png\" class=\"img-responsive wp-image-34568\" srcset=\"https:\/\/www.smarttravelers.de\/wp-content\/uploads\/2018\/02\/icon_frage-1-66x66.png 66w, https:\/\/www.smarttravelers.de\/wp-content\/uploads\/2018\/02\/icon_frage-1.png 68w\" sizes=\"(max-width: 68px) 100vw, 68px\" \/><\/span><\/div><div class=\"fusion-sep-clear\"><\/div><div class=\"fusion-separator\" style=\"margin-left: auto;margin-right: auto;margin-top:5px;margin-bottom:30px;width:100%;max-width:150px;\"><\/div><div class=\"fusion-sep-clear\"><\/div><div class=\"fusion-text fusion-text-1\"><h2 style=\"text-align: center;\">Why is Barcelona worth a visit?<\/h2>\n<\/div><div class=\"fusion-text fusion-text-2\"><p>Since the Summer Olympics in 1992, Barcelona has experienced an almost unbelievable upswing and within two decades has become one of the top tourist destinations in Europe. Meanwhile, the Catalan capital even outperforms Madrid in terms of overnight stays. No wonder, with such an attractive location at the shores of the Mediterranean Sea, wonderful historical and modern architecture, an outstanding museum landscape, a rich art and cultural offering, countless party possibilities and of course excellent food and great weather.<\/p>\n<\/div><div class=\"fusion-text fusion-text-3\"><h3 style=\"text-align: left;\"><strong>Here are our top 10 reasons to travel to Barcelona:<\/strong><\/h3>\n<p>1 Barcelona is a vibrant metropolis. Hardly any other city in Europe has developed as rapidly as the Catalan capital in the last decades.<\/p>\n<p>2. Barcelona is a Mecca for architecture fans with a unique combination of a medieval city center and more modern architecture, especially Catalan Art Nouveau, in the remaining districts.<\/p>\n<p>3. Barcelona has many excellent art and science museums to visit.<\/p>\n<p>4. Barcelona is known for its extraordinary sights. From the daring <a href=\"https:\/\/www.smarttravelers.de\/en\/sights\/spain\/barcelona\/port-vell-aerial-tramway\/\" target=\"_blank\" rel=\"noopener noreferrer\">Port Vell Aerial Tramway<\/a> to the world famous <a href=\"https:\/\/www.smarttravelers.de\/en\/sights\/spain\/barcelona\/parc-gueell\/\" target=\"_blank\" rel=\"noopener noreferrer\">Parc G\u00fcell<\/a> and the nostalgic <a href=\"https:\/\/www.smarttravelers.de\/en\/sights\/spain\/barcelona\/tibidabo-amusement-park\/\" target=\"_blank\" rel=\"noopener noreferrer\">Tibidabo Amusement Park<\/a> &#8211; Barcelona has many unique attractions.<\/p>\n<p>5 Barcelona is a city at the water and with a beach. No other metropolis in Europa can offer this combination of pleasant water temperatures in the Mediterranean Sea (at least in summer) and beaches in the city center.<\/p>\n<p>6. Barcelona is a photogenic city. This is not only because of its great architecture, but also because the city is surrounded by mountains and therefore has wonderful viewpoints.<\/p>\n<p>7. Barcelona impresses with excellent weather. With the exception of the winter months, when it gets a little cooler here too, the Catalan capital has a wonderfully sunny climate with pleasant temperatures.<\/p>\n<p>8. Excellent soccer is played in Barcelona. The FC Barcelona is probably the most legendary club in the world and its stadium, the <a href=\"https:\/\/www.smarttravelers.de\/en\/sights\/spain\/barcelona\/camp-nou\/\" target=\"_blank\" rel=\"noopener noreferrer\">Camp Nou<\/a>, is a first class soccer temple.<\/p>\n<p>9. In Barcelona you can eat really well. The many restaurants and tapas bars in front of the wonderful historical scenery of the city are worth a trip alone.<\/p>\n<p>10. Barcelona has a lot of flair. Can&#8217;t be described &#8211; just fly there and experience for yourself.<\/p>\n<\/div><div class=\"fusion-sep-clear\"><\/div><div class=\"fusion-separator\" style=\"margin-left: auto;margin-right: auto;margin-top:5px;margin-bottom:30px;width:100%;max-width:150px;\"><\/div><div class=\"fusion-sep-clear\"><\/div><div class=\"fusion-clearfix\"><\/div><\/div><\/div><\/div><\/div><\/div><div id=\"wen\"><div class=\"fusion-fullwidth fullwidth-box fusion-builder-row-5 nonhundred-percent-fullwidth non-hundred-percent-height-scrolling\" style=\"background-color: #ffffff;background-position: center center;background-repeat: no-repeat;padding-top:0px;padding-right:15%;padding-bottom:0px;padding-left:15%;margin-bottom: 0px;margin-top: 0px;border-width: 0px 0px 0px 0px;border-color:rgba(255,255,255,0);border-style:solid;\" ><div class=\"fusion-builder-row fusion-row\"><div class=\"fusion-layout-column fusion_builder_column fusion-builder-column-9 fusion_builder_column_1_1 1_1 fusion-one-full fusion-column-first fusion-column-last\" style=\"margin-top:0px;margin-bottom:20px;\"><div class=\"fusion-column-wrapper fusion-flex-column-wrapper-legacy\" style=\"background-position:left top;background-repeat:no-repeat;-webkit-background-size:cover;-moz-background-size:cover;-o-background-size:cover;background-size:cover;padding: 0px 0px 0px 0px;\"><div class=\"fusion-sep-clear\"><\/div><div class=\"fusion-separator\" style=\"margin-left: auto;margin-right: auto;margin-top:5px;margin-bottom:30px;width:100%;max-width:150px;\"><div class=\"fusion-separator-border sep-single sep-solid\" style=\"border-color:rgba(255,252,252,0);border-top-width:1px;\"><\/div><\/div><div class=\"fusion-sep-clear\"><\/div><div class=\"imageframe-align-center\"><span class=\" fusion-imageframe imageframe-none imageframe-8 hover-type-none\" style=\"border-radius:30px;\"><img decoding=\"async\" width=\"68\" height=\"68\" title=\"icon_person\" src=\"https:\/\/www.smarttravelers.de\/wp-content\/uploads\/2018\/02\/icon_person-1.png\" class=\"img-responsive wp-image-34575\" srcset=\"https:\/\/www.smarttravelers.de\/wp-content\/uploads\/2018\/02\/icon_person-1-66x66.png 66w, https:\/\/www.smarttravelers.de\/wp-content\/uploads\/2018\/02\/icon_person-1.png 68w\" sizes=\"(max-width: 68px) 100vw, 68px\" \/><\/span><\/div><div class=\"fusion-sep-clear\"><\/div><div class=\"fusion-separator\" style=\"margin-left: auto;margin-right: auto;margin-top:5px;margin-bottom:30px;width:100%;max-width:150px;\"><\/div><div class=\"fusion-sep-clear\"><\/div><div class=\"fusion-text fusion-text-4\"><h2 class=\"content-box-heading\" style=\"text-align: center;\">For whom is Barcelona worth a visit?<\/h2>\n<\/div><div class=\"fusion-text fusion-text-5\"><h3><strong>Architecture buffs:\u00a0<\/strong><\/h3>\n<p>Barcelona is a wonderful architectural mix of a medieval city center and later style epochs in the surrounding neighborhoods. Especially lovers of the Catalan Art Nouveau (Modernisme) will get their money&#8217;s worth.<\/p>\n<h3><strong>Museum visitors:<\/strong><\/h3>\n<p>Barcelona belongs to the museum metropolises of Europe. With the <a href=\"https:\/\/www.smarttravelers.de\/en\/sights\/spain\/barcelona\/fundacio-joan-miro\/\" target=\"_blank\" rel=\"noopener noreferrer\">Fundaci\u00f3 Joan Mir\u00f3<\/a>, the <a href=\"https:\/\/www.smarttravelers.de\/en\/sights\/spain\/barcelona\/barcelona-museum-of-contemporary-art\/\" target=\"_blank\" rel=\"noopener noreferrer\">Barcelona Museum of Contemporary Art<\/a>, the <a href=\"https:\/\/www.smarttravelers.de\/en\/sights\/spain\/barcelona\/museu-nacional-dart-de-catalunya\/\" target=\"_blank\" rel=\"noopener noreferrer\">Museu Nacional d&#8217;Art de Catalunya<\/a> and the <a href=\"https:\/\/www.smarttravelers.de\/en\/sights\/spain\/barcelona\/museu-picasso\/\" target=\"_blank\" rel=\"noopener noreferrer\">Museu Picasso<\/a>, the city has some of the best museums for old and contemporary art in Europe.<\/p>\n<h3><strong>Gaud\u00ed fans:<\/strong><\/h3>\n<p>The most famous Catalan architect is omnipresent in Barcelona. From his fancy houses, such as <a href=\"https:\/\/www.smarttravelers.de\/en\/sights\/spain\/barcelona\/casa-batllo\/\" target=\"_blank\" rel=\"noopener noreferrer\">Casa Batll\u00f2<\/a>, <a href=\"https:\/\/www.smarttravelers.de\/en\/sights\/spain\/barcelona\/casa-mila\/\" target=\"_blank\" rel=\"noopener noreferrer\">Casa Mil\u00e0<\/a> and <a href=\"https:\/\/www.smarttravelers.de\/en\/sights\/spain\/barcelona\/palau-gueell\/\" target=\"_blank\" rel=\"noopener noreferrer\">Palau G\u00fcell<\/a>, to the world famous <a href=\"https:\/\/www.smarttravelers.de\/en\/sights\/spain\/barcelona\/parc-gueell\/\" target=\"_blank\" rel=\"noopener noreferrer\">Parc G\u00fcell<\/a> and his masterpiece, the Basilica <a href=\"https:\/\/www.smarttravelers.de\/en\/sights\/spain\/barcelona\/sagrada-familia\/\" target=\"_blank\" rel=\"noopener noreferrer\">Sagrada Fam\u00edlia<\/a>, you can spend many days with Gaud\u00ed&#8217;s distinctive buildings.<\/p>\n<h3><strong>City beach fans:<\/strong><\/h3>\n<p>There are only a few large cities in Europe that are located by the sea and at the same time have beautiful city beaches. Barcelona has this great combination to offer.<\/p>\n<h3><strong>Soccer fans:<\/strong><\/h3>\n<p>It&#8217;s not really news that Barcelona is the home of great soccer. For decades FC Barcelona has been one of the best that world soccer has to offer. And a tour through the legendary <a href=\"https:\/\/www.smarttravelers.de\/en\/sights\/spain\/barcelona\/camp-nou\/\" target=\"_blank\" rel=\"noopener noreferrer\">Camp Nou<\/a> stadium is an unforgettable experience for soccer fans (no matter which club).<\/p>\n<h3><strong>Tapas fans:<\/strong><\/h3>\n<p>When it comes to good bars and restaurants, Barcelona offers a wide range of choices. And what makes eating out in the Catalan capital even more enjoyable is the beautiful historical setting that surrounds you in most of the restaurants.<\/p>\n<h3><strong>Cable car drivers:<\/strong><\/h3>\n<p>Cable cars are rather rare in big cities &#8211; not so in Barcelona. The capital of Catalonia has several of them. The most spectacular one is certainly the <a href=\"https:\/\/www.smarttravelers.de\/en\/sights\/spain\/barcelona\/port-vell-aerial-tramway\/\" target=\"_blank\" rel=\"noopener noreferrer\">Port Vell Aerial Tramway<\/a>, which leads from the port up to the local mountain <a href=\"https:\/\/www.smarttravelers.de\/en\/sights\/spain\/barcelona\/montjuic\/\" target=\"_blank\" rel=\"noopener noreferrer\">Montju\u00efc<\/a>.<\/p>\n<h3><strong>Families and children:<\/strong><\/h3>\n<p>And last but not least, Barcelona is a great destination with children. The <a href=\"https:\/\/www.smarttravelers.de\/en\/sights\/spain\/barcelona\/barcelona-zoo\/\" target=\"_blank\" rel=\"noopener noreferrer\">zoo<\/a>, the <a href=\"https:\/\/www.smarttravelers.de\/en\/sights\/spain\/barcelona\/aquarium-barcelona\/\" target=\"_blank\" rel=\"noopener noreferrer\">aquarium<\/a>, the open-air museum <a href=\"https:\/\/www.smarttravelers.de\/en\/sights\/spain\/barcelona\/poble-espanyol\/\" target=\"_blank\" rel=\"noopener noreferrer\">Poble Espanyol<\/a>, the <a href=\"https:\/\/www.smarttravelers.de\/en\/sights\/spain\/barcelona\/tibidabo-amusement-park\/\" target=\"_blank\" rel=\"noopener noreferrer\">Tibidabo Amusement Park<\/a> and many other attractions make every child&#8217;s heart beat faster.<\/p>\n<\/div><div class=\"fusion-clearfix\"><\/div><\/div><\/div><\/div><\/div><\/div><div id=\"wann\"><div class=\"fusion-fullwidth fullwidth-box fusion-builder-row-6 nonhundred-percent-fullwidth non-hundred-percent-height-scrolling\" style=\"background-color: #f4f4f4;background-position: center center;background-repeat: no-repeat;padding-top:0px;padding-right:15%;padding-bottom:0px;padding-left:15%;margin-bottom: 0px;margin-top: 0px;border-width: 0px 0px 0px 0px;border-color:rgba(255,255,255,0);border-style:solid;\" ><div class=\"fusion-builder-row fusion-row\"><div class=\"fusion-layout-column fusion_builder_column fusion-builder-column-10 fusion_builder_column_1_1 1_1 fusion-one-full fusion-column-first fusion-column-last\" style=\"margin-top:0px;margin-bottom:20px;\"><div class=\"fusion-column-wrapper fusion-flex-column-wrapper-legacy\" style=\"background-position:left top;background-repeat:no-repeat;-webkit-background-size:cover;-moz-background-size:cover;-o-background-size:cover;background-size:cover;padding: 0px 0px 0px 0px;\"><div class=\"fusion-sep-clear\"><\/div><div class=\"fusion-separator\" style=\"margin-left: auto;margin-right: auto;margin-top:5px;margin-bottom:30px;width:100%;max-width:150px;\"><div class=\"fusion-separator-border sep-single sep-solid\" style=\"border-color:rgba(255,252,252,0);border-top-width:1px;\"><\/div><\/div><div class=\"fusion-sep-clear\"><\/div><div class=\"imageframe-align-center\"><span class=\" fusion-imageframe imageframe-none imageframe-9 hover-type-none\" style=\"border-radius:30px;\"><img decoding=\"async\" width=\"68\" height=\"68\" title=\"icon_kalender\" src=\"https:\/\/www.smarttravelers.de\/wp-content\/uploads\/2018\/02\/icon_kalender-2.png\" class=\"img-responsive wp-image-34571\" srcset=\"https:\/\/www.smarttravelers.de\/wp-content\/uploads\/2018\/02\/icon_kalender-2-66x66.png 66w, https:\/\/www.smarttravelers.de\/wp-content\/uploads\/2018\/02\/icon_kalender-2.png 68w\" sizes=\"(max-width: 68px) 100vw, 68px\" \/><\/span><\/div><div class=\"fusion-sep-clear\"><\/div><div class=\"fusion-separator\" style=\"margin-left: auto;margin-right: auto;margin-top:5px;margin-bottom:30px;width:100%;max-width:150px;\"><\/div><div class=\"fusion-sep-clear\"><\/div><div class=\"fusion-text fusion-text-6\"><h2 class=\"content-box-heading\" style=\"text-align: center;\">Best time to travel<\/h2>\n<\/div><div class=\"fusion-text fusion-text-7\"><div class=\"fusion-counters-circle counters-circle\"><div class=\"counter-circle-wrapper\" style=\"height:60px;width:60px;\" data-originalsize=\"60\" data-animationOffset=\"100%\"><div class=\"fusion-counter-circle counter-circle counter-circle-content\" data-percent=\"100\" data-countdown=\"\" data-filledcolor=\"#ffe500\" data-unfilledcolor=\"#f6f6f6\" data-scale=\"\" data-size=\"60\" data-speed=\"1500\" data-strokesize=\"3\" style=\"font-size:13.6363636364px;height:60px;width:60px;\"><div class=\"fusion-counter-circle-content-inner\">Jan<\/div><\/div><\/div><div class=\"counter-circle-wrapper\" style=\"height:60px;width:60px;\" data-originalsize=\"60\" data-animationOffset=\"100%\"><div class=\"fusion-counter-circle counter-circle counter-circle-content\" data-percent=\"100\" data-countdown=\"\" data-filledcolor=\"#ffe500\" data-unfilledcolor=\"#f6f6f6\" data-scale=\"\" data-size=\"60\" data-speed=\"1500\" data-strokesize=\"3\" style=\"font-size:13.6363636364px;height:60px;width:60px;\"><div class=\"fusion-counter-circle-content-inner\">Feb<\/div><\/div><\/div><div class=\"counter-circle-wrapper\" style=\"height:60px;width:60px;\" data-originalsize=\"60\" data-animationOffset=\"100%\"><div class=\"fusion-counter-circle counter-circle counter-circle-content\" data-percent=\"100\" data-countdown=\"\" data-filledcolor=\"#ffe500\" data-unfilledcolor=\"#f6f6f6\" data-scale=\"\" data-size=\"60\" data-speed=\"1500\" data-strokesize=\"3\" style=\"font-size:13.6363636364px;height:60px;width:60px;\"><div class=\"fusion-counter-circle-content-inner\">Mrz<\/div><\/div><\/div><div class=\"counter-circle-wrapper\" style=\"height:60px;width:60px;\" data-originalsize=\"60\" data-animationOffset=\"100%\"><div class=\"fusion-counter-circle counter-circle counter-circle-content\" data-percent=\"100\" data-countdown=\"\" data-filledcolor=\"#ffe500\" data-unfilledcolor=\"#f6f6f6\" data-scale=\"\" data-size=\"60\" data-speed=\"1500\" data-strokesize=\"3\" style=\"font-size:13.6363636364px;height:60px;width:60px;\"><div class=\"fusion-counter-circle-content-inner\">Apr<\/div><\/div><\/div><div class=\"counter-circle-wrapper\" style=\"height:60px;width:60px;\" data-originalsize=\"60\" data-animationOffset=\"100%\"><div class=\"fusion-counter-circle counter-circle counter-circle-content\" data-percent=\"100\" data-countdown=\"\" data-filledcolor=\"#82ce00\" data-unfilledcolor=\"#f6f6f6\" data-scale=\"\" data-size=\"60\" data-speed=\"1500\" data-strokesize=\"3\" style=\"font-size:13.6363636364px;height:60px;width:60px;\"><div class=\"fusion-counter-circle-content-inner\">Mai<\/div><\/div><\/div><div class=\"counter-circle-wrapper\" style=\"height:60px;width:60px;\" data-originalsize=\"60\" data-animationOffset=\"100%\"><div class=\"fusion-counter-circle counter-circle counter-circle-content\" data-percent=\"100\" data-countdown=\"\" data-filledcolor=\"#82ce00\" data-unfilledcolor=\"#f6f6f6\" data-scale=\"\" data-size=\"60\" data-speed=\"1500\" data-strokesize=\"3\" style=\"font-size:13.6363636364px;height:60px;width:60px;\"><div class=\"fusion-counter-circle-content-inner\">Jun<\/div><\/div><\/div><div class=\"counter-circle-wrapper\" style=\"height:60px;width:60px;\" data-originalsize=\"60\" data-animationOffset=\"100%\"><div class=\"fusion-counter-circle counter-circle counter-circle-content\" data-percent=\"100\" data-countdown=\"\" data-filledcolor=\"#82ce00\" data-unfilledcolor=\"#f6f6f6\" data-scale=\"\" data-size=\"60\" data-speed=\"1500\" data-strokesize=\"3\" style=\"font-size:13.6363636364px;height:60px;width:60px;\"><div class=\"fusion-counter-circle-content-inner\">Jul<\/div><\/div><\/div><div class=\"counter-circle-wrapper\" style=\"height:60px;width:60px;\" data-originalsize=\"60\" data-animationOffset=\"100%\"><div class=\"fusion-counter-circle counter-circle counter-circle-content\" data-percent=\"100\" data-countdown=\"\" data-filledcolor=\"#82ce00\" data-unfilledcolor=\"#f6f6f6\" data-scale=\"\" data-size=\"60\" data-speed=\"1500\" data-strokesize=\"3\" style=\"font-size:13.6363636364px;height:60px;width:60px;\"><div class=\"fusion-counter-circle-content-inner\">Aug<\/div><\/div><\/div><div class=\"counter-circle-wrapper\" style=\"height:60px;width:60px;\" data-originalsize=\"60\" data-animationOffset=\"100%\"><div class=\"fusion-counter-circle counter-circle counter-circle-content\" data-percent=\"100\" data-countdown=\"\" data-filledcolor=\"#82ce00\" data-unfilledcolor=\"#f6f6f6\" data-scale=\"\" data-size=\"60\" data-speed=\"1500\" data-strokesize=\"3\" style=\"font-size:13.6363636364px;height:60px;width:60px;\"><div class=\"fusion-counter-circle-content-inner\">Sep<\/div><\/div><\/div><div class=\"counter-circle-wrapper\" style=\"height:60px;width:60px;\" data-originalsize=\"60\" data-animationOffset=\"100%\"><div class=\"fusion-counter-circle counter-circle counter-circle-content\" data-percent=\"100\" data-countdown=\"\" data-filledcolor=\"#ffe500\" data-unfilledcolor=\"#f6f6f6\" data-scale=\"\" data-size=\"60\" data-speed=\"1500\" data-strokesize=\"3\" style=\"font-size:13.6363636364px;height:60px;width:60px;\"><div class=\"fusion-counter-circle-content-inner\">Okt<\/div><\/div><\/div><div class=\"counter-circle-wrapper\" style=\"height:60px;width:60px;\" data-originalsize=\"60\" data-animationOffset=\"100%\"><div class=\"fusion-counter-circle counter-circle counter-circle-content\" data-percent=\"100\" data-countdown=\"\" data-filledcolor=\"#ffe500\" data-unfilledcolor=\"#f6f6f6\" data-scale=\"\" data-size=\"60\" data-speed=\"1500\" data-strokesize=\"3\" style=\"font-size:13.6363636364px;height:60px;width:60px;\"><div class=\"fusion-counter-circle-content-inner\">Nov<\/div><\/div><\/div><div class=\"counter-circle-wrapper\" style=\"height:60px;width:60px;\" data-originalsize=\"60\" data-animationOffset=\"100%\"><div class=\"fusion-counter-circle counter-circle counter-circle-content\" data-percent=\"100\" data-countdown=\"\" data-filledcolor=\"#ffe500\" data-unfilledcolor=\"#f6f6f6\" data-scale=\"\" data-size=\"60\" data-speed=\"1500\" data-strokesize=\"3\" style=\"font-size:13.6363636364px;height:60px;width:60px;\"><div class=\"fusion-counter-circle-content-inner\">Dez<\/div><\/div><\/div><\/div>\n<\/div><div class=\"fusion-text fusion-text-8\"><p>Barcelona is a great destination at any time of the year. At what time of the year you travel to the Catalan capital depends a little bit on what you have in mind. Due to its location at the shores of the Mediterranean Sea, the city has a Mediterranean climate, warm in summer and humid in winter. The warmest months are July and August. Then the weather in the metropolis can become quite hot and oppressive (as a &#8220;compensation&#8221; you can of course go to the beach). In winter, however, it can also get quite fresh in Barcelona. If you come to the city because of the many great museums, you should consider a winter trip. Then Barcelona is much less crowded and also much cheaper than in the rest of the year. However, the ideal travel season for most people will be spring and fall, when it is usually sunny with very pleasant temperatures.<\/p>\n<\/div><div class=\"fusion-clearfix\"><\/div><\/div><\/div><\/div><\/div><\/div><div id=\"fluege\"><div class=\"fusion-fullwidth fullwidth-box fusion-builder-row-7 nonhundred-percent-fullwidth non-hundred-percent-height-scrolling\" style=\"background-color: #1a0535;background-position: center center;background-repeat: no-repeat;padding-top:0px;padding-right:10%;padding-bottom:0px;padding-left:10%;margin-bottom: 0px;margin-top: 0px;border-width: 0px 0px 0px 0px;border-color:rgba(255,255,255,0);border-style:solid;\" ><div class=\"fusion-builder-row fusion-row\"><div class=\"fusion-layout-column fusion_builder_column fusion-builder-column-11 fusion_builder_column_1_1 1_1 fusion-one-full fusion-column-first fusion-column-last\" style=\"margin-top:0px;margin-bottom:20px;\"><div class=\"fusion-column-wrapper fusion-flex-column-wrapper-legacy\" style=\"background-position:left top;background-repeat:no-repeat;-webkit-background-size:cover;-moz-background-size:cover;-o-background-size:cover;background-size:cover;padding: 0px 0px 0px 0px;\"><div class=\"fusion-sep-clear\"><\/div><div class=\"fusion-separator\" style=\"margin-left: auto;margin-right: auto;margin-top:5px;margin-bottom:30px;width:100%;max-width:150px;\"><div class=\"fusion-separator-border sep-single sep-solid\" style=\"border-color:rgba(255,252,252,0);border-top-width:1px;\"><\/div><\/div><div class=\"fusion-sep-clear\"><\/div><div class=\"imageframe-align-center\"><span class=\" fusion-imageframe imageframe-none imageframe-10 hover-type-none\" style=\"border-radius:30px;\"><img decoding=\"async\" width=\"68\" height=\"68\" title=\"icon_fluege-hell\" src=\"https:\/\/www.smarttravelers.de\/wp-content\/uploads\/2018\/03\/icon_fluege-hell.png\" class=\"img-responsive wp-image-59957\" srcset=\"https:\/\/www.smarttravelers.de\/wp-content\/uploads\/2018\/03\/icon_fluege-hell-66x66.png 66w, https:\/\/www.smarttravelers.de\/wp-content\/uploads\/2018\/03\/icon_fluege-hell.png 68w\" sizes=\"(max-width: 68px) 100vw, 68px\" \/><\/span><\/div><div class=\"fusion-sep-clear\"><\/div><div class=\"fusion-separator\" style=\"margin-left: auto;margin-right: auto;margin-top:5px;margin-bottom:30px;width:100%;max-width:150px;\"><div class=\"fusion-separator-border sep-single sep-solid\" style=\"border-color:rgba(255,252,252,0);border-top-width:1px;\"><\/div><\/div><div class=\"fusion-sep-clear\"><\/div><div class=\"imageframe-align-center\"><span class=\" fusion-imageframe imageframe-none imageframe-11 hover-type-none\" style=\"border-radius:30px;\"><img decoding=\"async\" width=\"200\" height=\"52\" title=\"momondologo\" src=\"https:\/\/www.smarttravelers.de\/wp-content\/uploads\/2018\/03\/momondologo-200x52.png\" class=\"img-responsive wp-image-59950\" srcset=\"https:\/\/www.smarttravelers.de\/wp-content\/uploads\/2018\/03\/momondologo-200x52.png 200w, https:\/\/www.smarttravelers.de\/wp-content\/uploads\/2018\/03\/momondologo-400x105.png 400w, https:\/\/www.smarttravelers.de\/wp-content\/uploads\/2018\/03\/momondologo.png 436w\" sizes=\"(max-width: 500px) 100vw, 200px\" \/><\/span><\/div><div class=\"fusion-sep-clear\"><\/div><div class=\"fusion-separator\" style=\"margin-left: auto;margin-right: auto;margin-top:5px;margin-bottom:30px;width:100%;max-width:150px;\"><div class=\"fusion-separator-border sep-single sep-solid\" style=\"border-color:rgba(255,252,252,0);border-top-width:1px;\"><\/div><\/div><div class=\"fusion-sep-clear\"><\/div><div class=\"fusion-align-block\"><style type=\"text\/css\">.fusion-button.button-1 .fusion-button-text, .fusion-button.button-1 i {color:#000000;}.fusion-button.button-1 .fusion-button-icon-divider{border-color:#000000;}.fusion-button.button-1:hover .fusion-button-text, .fusion-button.button-1:hover i,.fusion-button.button-1:focus .fusion-button-text, .fusion-button.button-1:focus i,.fusion-button.button-1:active .fusion-button-text, .fusion-button.button-1:active{color:#000000;}.fusion-button.button-1:hover .fusion-button-icon-divider, .fusion-button.button-1:hover .fusion-button-icon-divider, .fusion-button.button-1:active .fusion-button-icon-divider{border-color:#000000;}.fusion-button.button-1:hover, .fusion-button.button-1:focus, .fusion-button.button-1:active{border-color:#000000;}.fusion-button.button-1 {border-color:#000000;border-radius:2px;}.fusion-button.button-1{background: #f44d8e;}.fusion-button.button-1:hover,.button-1:focus,.fusion-button.button-1:active{background: #2c94c6;}.fusion-button.button-1 .fusion-button-text {text-transform:none;}<\/style><a class=\"fusion-button button-flat button-xlarge button-custom button-1 fusion-button-span-yes fusion-button-default-type\" target=\"_blank\" rel=\"noopener noreferrer\" href=\"https:\/\/www.awin1.com\/cread.php?awinmid=10635&amp;awinaffid=378875&amp;clickref=barcelona&amp;p=https%3A%2F%2Fwww.momondo.de%2Ffluege%2Fbarcelona\"><i class=\"fa-paper-plane fas button-icon-left\" aria-hidden=\"true\"><\/i><span class=\"fusion-button-text\">Find flights to Barcelona<\/span><\/a><\/div><div class=\"fusion-sep-clear\"><\/div><div class=\"fusion-separator\" style=\"margin-left: auto;margin-right: auto;margin-top:5px;margin-bottom:30px;width:100%;max-width:150px;\"><\/div><div class=\"fusion-sep-clear\"><\/div><div class=\"fusion-clearfix\"><\/div><\/div><\/div><\/div><\/div><\/div><div id=\"anreise\"><div class=\"fusion-fullwidth fullwidth-box fusion-builder-row-8 nonhundred-percent-fullwidth non-hundred-percent-height-scrolling\" style=\"background-color: #ffffff;background-position: center center;background-repeat: no-repeat;padding-top:0px;padding-right:15%;padding-bottom:0px;padding-left:15%;margin-bottom: 0px;margin-top: 0px;border-width: 0px 0px 0px 0px;border-color:rgba(255,255,255,0);border-style:solid;\" ><div class=\"fusion-builder-row fusion-row\"><div class=\"fusion-layout-column fusion_builder_column fusion-builder-column-12 fusion_builder_column_1_1 1_1 fusion-one-full fusion-column-first fusion-column-last\" style=\"margin-top:0px;margin-bottom:20px;\"><div class=\"fusion-column-wrapper fusion-flex-column-wrapper-legacy\" style=\"background-position:left top;background-repeat:no-repeat;-webkit-background-size:cover;-moz-background-size:cover;-o-background-size:cover;background-size:cover;padding: 0px 0px 0px 0px;\"><div class=\"fusion-sep-clear\"><\/div><div class=\"fusion-separator\" style=\"margin-left: auto;margin-right: auto;margin-top:5px;margin-bottom:30px;width:100%;max-width:150px;\"><div class=\"fusion-separator-border sep-single sep-solid\" style=\"border-color:rgba(255,252,252,0);border-top-width:1px;\"><\/div><\/div><div class=\"fusion-sep-clear\"><\/div><div class=\"imageframe-align-center\"><span class=\" fusion-imageframe imageframe-none imageframe-12 hover-type-none\" style=\"border-radius:30px;\"><img decoding=\"async\" width=\"68\" height=\"68\" title=\"icon_anfahrt\" src=\"https:\/\/www.smarttravelers.de\/wp-content\/uploads\/2018\/02\/icon_anfahrt-1.png\" class=\"img-responsive wp-image-34565\" srcset=\"https:\/\/www.smarttravelers.de\/wp-content\/uploads\/2018\/02\/icon_anfahrt-1-66x66.png 66w, https:\/\/www.smarttravelers.de\/wp-content\/uploads\/2018\/02\/icon_anfahrt-1.png 68w\" sizes=\"(max-width: 68px) 100vw, 68px\" \/><\/span><\/div><div class=\"fusion-sep-clear\"><\/div><div class=\"fusion-separator\" style=\"margin-left: auto;margin-right: auto;margin-top:5px;margin-bottom:30px;width:100%;max-width:150px;\"><\/div><div class=\"fusion-sep-clear\"><\/div><div class=\"fusion-text fusion-text-9\"><h2 class=\"content-box-heading\" style=\"text-align: center;\">Getting there<\/h2>\n<\/div><div class=\"fusion-text fusion-text-10\"><h3><strong>By car<\/strong><\/h3>\n<p>It is not particularly advisable to travel to Barcelona by car. On the one hand, it is more than 1,000 kilometers from Germany and Austria (a little less from Switzerland). And on the other hand, Barcelona is an excellent place to &#8220;hike&#8221; and can be discovered very well by public transport.<\/p>\n<h3><strong>By train:<\/strong><\/h3>\n<p>By train the journey to Barcelona from Germany, Austria and Switzerland is rather arduous due to the relatively long journey.<\/p>\n<h3><strong>By plane:<\/strong><\/h3>\n<p>From Barcelona&#8217;s large international airport there are several daily connections to all major airports in Germany, Austria and Switzerland. In addition, the airport of Girona is not far from Barcelona, which is mainly served by budget airlines. From Girona there are flights to Baden-Baden, Bremen, Frankfurt\/Hahn, Frankfurt\/Main and Memmingen.<\/p>\n<\/div><div class=\"fusion-clearfix\"><\/div><\/div><\/div><\/div><\/div><\/div><div id=\"hotels\"><div class=\"fusion-fullwidth fullwidth-box fusion-builder-row-9 nonhundred-percent-fullwidth non-hundred-percent-height-scrolling\" style=\"background-color: #003580;background-position: center center;background-repeat: no-repeat;padding-top:0px;padding-right:10%;padding-bottom:0px;padding-left:10%;margin-bottom: 0px;margin-top: 0px;border-width: 0px 0px 0px 0px;border-color:rgba(255,255,255,0);border-style:solid;\" ><div class=\"fusion-builder-row fusion-row\"><div class=\"fusion-layout-column fusion_builder_column fusion-builder-column-13 fusion_builder_column_1_1 1_1 fusion-one-full fusion-column-first fusion-column-last\" style=\"margin-top:0px;margin-bottom:20px;\"><div class=\"fusion-column-wrapper fusion-flex-column-wrapper-legacy\" style=\"background-position:left top;background-repeat:no-repeat;-webkit-background-size:cover;-moz-background-size:cover;-o-background-size:cover;background-size:cover;padding: 0px 0px 0px 0px;\"><div class=\"fusion-sep-clear\"><\/div><div class=\"fusion-separator\" style=\"margin-left: auto;margin-right: auto;margin-top:5px;margin-bottom:30px;width:100%;max-width:150px;\"><div class=\"fusion-separator-border sep-single sep-solid\" style=\"border-color:rgba(255,252,252,0);border-top-width:1px;\"><\/div><\/div><div class=\"fusion-sep-clear\"><\/div><div class=\"imageframe-align-center\"><span class=\" fusion-imageframe imageframe-none imageframe-13 hover-type-none\" style=\"border-radius:30px;\"><img decoding=\"async\" width=\"68\" height=\"68\" title=\"icon_hotels-hell\" src=\"https:\/\/www.smarttravelers.de\/wp-content\/uploads\/2018\/03\/icon_hotels-hell.png\" class=\"img-responsive wp-image-59958\" srcset=\"https:\/\/www.smarttravelers.de\/wp-content\/uploads\/2018\/03\/icon_hotels-hell-66x66.png 66w, https:\/\/www.smarttravelers.de\/wp-content\/uploads\/2018\/03\/icon_hotels-hell.png 68w\" sizes=\"(max-width: 68px) 100vw, 68px\" \/><\/span><\/div><div class=\"fusion-sep-clear\"><\/div><div class=\"fusion-separator\" style=\"margin-left: auto;margin-right: auto;margin-top:5px;margin-bottom:30px;width:100%;max-width:150px;\"><div class=\"fusion-separator-border sep-single sep-solid\" style=\"border-color:rgba(255,252,252,0);border-top-width:1px;\"><\/div><\/div><div class=\"fusion-sep-clear\"><\/div><div class=\"imageframe-align-center\"><span class=\" fusion-imageframe imageframe-none imageframe-14 hover-type-none\" style=\"border-radius:30px;\"><img decoding=\"async\" width=\"200\" height=\"48\" title=\"Bildschirmfoto 2018-03-08 um 15.02.21\" src=\"https:\/\/www.smarttravelers.de\/wp-content\/uploads\/2018\/03\/Bildschirmfoto-2018-03-08-um-15.02.21-200x48.png\" class=\"img-responsive wp-image-59945\" srcset=\"https:\/\/www.smarttravelers.de\/wp-content\/uploads\/2018\/03\/Bildschirmfoto-2018-03-08-um-15.02.21-200x48.png 200w, https:\/\/www.smarttravelers.de\/wp-content\/uploads\/2018\/03\/Bildschirmfoto-2018-03-08-um-15.02.21.png 366w\" sizes=\"(max-width: 500px) 100vw, 200px\" \/><\/span><\/div><div class=\"fusion-sep-clear\"><\/div><div class=\"fusion-separator\" style=\"margin-left: auto;margin-right: auto;margin-top:5px;margin-bottom:30px;width:100%;max-width:150px;\"><div class=\"fusion-separator-border sep-single sep-solid\" style=\"border-color:rgba(255,252,252,0);border-top-width:1px;\"><\/div><\/div><div class=\"fusion-sep-clear\"><\/div><div class=\"fusion-text fusion-text-11\"><p><ins class=\"bookingaff\" data-aid=\"1675453\" data-target_aid=\"1675453\" data-prod=\"map\" data-width=\"100%\" data-height=\"590\" data-lang=\"ualng\" data-dest_id=\"0\" data-dest_type=\"landmark\" data-latitude=\"41.3850639\" data-longitude=\"2.1734035\" data-mwhsb=\"0\"><br \/>\n<!-- Anything inside will go away once widget is loaded. --><br \/>\n<a href=\"\/\/www.booking.com?aid=1675453\">Booking.com<\/a><br \/>\n<\/ins><br \/>\n<script type=\"text\/javascript\">\n    (function(d, sc, u) {\n      var s = d.createElement(sc), p = d.getElementsByTagName(sc)[0];\n      s.type = 'text\/javascript';\n      s.async = true;\n      s.src = u + '?v=' + (+new Date());\n      p.parentNode.insertBefore(s,p);\n      })(document, 'script', '\/\/aff.bstatic.com\/static\/affiliate_base\/js\/flexiproduct.js');\n<\/script><\/p>\n<\/div><div class=\"fusion-sep-clear\"><\/div><div class=\"fusion-separator\" style=\"margin-left: auto;margin-right: auto;margin-top:5px;margin-bottom:0px;width:100%;max-width:150px;\"><\/div><div class=\"fusion-sep-clear\"><\/div><div class=\"fusion-clearfix\"><\/div><\/div><\/div><\/div><\/div><\/div><div class=\"fusion-fullwidth fullwidth-box fusion-builder-row-10 nonhundred-percent-fullwidth non-hundred-percent-height-scrolling\" style=\"background-color: #f4f4f4;background-position: center center;background-repeat: no-repeat;padding-top:0px;padding-right:15%;padding-bottom:0px;padding-left:15%;margin-bottom: 0px;margin-top: 0px;border-width: 0px 0px 0px 0px;border-color:rgba(255,255,255,0);border-style:solid;\" ><div class=\"fusion-builder-row fusion-row\"><div class=\"fusion-layout-column fusion_builder_column fusion-builder-column-14 fusion_builder_column_1_1 1_1 fusion-one-full fusion-column-first fusion-column-last\" style=\"margin-top:0px;margin-bottom:20px;\"><div class=\"fusion-column-wrapper fusion-flex-column-wrapper-legacy\" style=\"background-position:left top;background-repeat:no-repeat;-webkit-background-size:cover;-moz-background-size:cover;-o-background-size:cover;background-size:cover;padding: 0px 0px 0px 0px;\"><div class=\"fusion-sep-clear\"><\/div><div class=\"fusion-separator\" style=\"margin-left: auto;margin-right: auto;margin-top:5px;margin-bottom:30px;width:100%;max-width:150px;\"><div class=\"fusion-separator-border sep-single sep-solid\" style=\"border-color:rgba(255,252,252,0);border-top-width:1px;\"><\/div><\/div><div class=\"fusion-sep-clear\"><\/div><div class=\"imageframe-align-center\"><span class=\" fusion-imageframe imageframe-none imageframe-15 hover-type-none\" style=\"border-radius:30px;\"><img decoding=\"async\" width=\"68\" height=\"68\" title=\"icon_einkaufen\" src=\"https:\/\/www.smarttravelers.de\/wp-content\/uploads\/2018\/02\/icon_einkaufen-2.png\" class=\"img-responsive wp-image-34567\" srcset=\"https:\/\/www.smarttravelers.de\/wp-content\/uploads\/2018\/02\/icon_einkaufen-2-66x66.png 66w, https:\/\/www.smarttravelers.de\/wp-content\/uploads\/2018\/02\/icon_einkaufen-2.png 68w\" sizes=\"(max-width: 68px) 100vw, 68px\" \/><\/span><\/div><div class=\"fusion-sep-clear\"><\/div><div class=\"fusion-separator\" style=\"margin-left: auto;margin-right: auto;margin-top:5px;margin-bottom:30px;width:100%;max-width:150px;\"><\/div><div class=\"fusion-sep-clear\"><\/div><div class=\"fusion-text fusion-text-12\"><h2 class=\"content-box-heading\" style=\"text-align: center;\">Shopping<\/h2>\n<\/div><div class=\"fusion-text fusion-text-13\"><p>In recent years Barcelona has developed into one of the shopping metropolises of Europe. And the best thing is that in Barcelona you can wonderfully combine shopping and sightseeing. There is in fact the so-called &#8220;Barcelona Shopping Line&#8221;, which runs for over five kilometers through the city center and along which hundreds of stores, department stores and shopping malls are located.<\/p>\n<p>The shopping line starts at the <a href=\"https:\/\/www.smarttravelers.de\/en\/sights\/spain\/barcelona\/port-of-barcelona\/\" target=\"_blank\" rel=\"noopener noreferrer\">port<\/a>, runs along the famous <a href=\"https:\/\/www.smarttravelers.de\/en\/sights\/spain\/barcelona\/la-rambla\/\" target=\"_blank\" rel=\"noopener noreferrer\">Rambla<\/a> to the central <a href=\"https:\/\/www.smarttravelers.de\/en\/sights\/spain\/barcelona\/placa-de-catalunya\/\" target=\"_blank\" rel=\"noopener noreferrer\">Pla\u00e7a Catalunya<\/a>, from there along the magnificent Boulvevard <a href=\"https:\/\/www.smarttravelers.de\/en\/sights\/spain\/barcelona\/passeig-de-gracia\/\" target=\"_blank\" rel=\"noopener noreferrer\">Passeig de Gr\u00e0cia<\/a> to the <a href=\"https:\/\/www.smarttravelers.de\/en\/sights\/spain\/barcelona\/avinguda-diagonal\/\" target=\"_blank\" rel=\"noopener noreferrer\">Avinguda Diagonal<\/a> and finally continues almost to the FC Barcelona stadium, the <a href=\"https:\/\/www.smarttravelers.de\/en\/sights\/spain\/barcelona\/camp-nou\/\" target=\"_blank\" rel=\"noopener noreferrer\">Camp Nou<\/a>.<\/p>\n<p>The beginning of the <em>Barcelona Shopping Line<\/em> is marked by the widely visible shopping center <em>Marem\u00e0gnum<\/em> at the old port <a href=\"https:\/\/www.smarttravelers.de\/en\/sights\/spain\/barcelona\/port-vell\/\" target=\"_blank\" rel=\"noopener noreferrer\">Port Vell<\/a>. The <em>Marem\u00e0gnum<\/em> offers a great combination of different stores and a wonderful view of the <a href=\"https:\/\/www.smarttravelers.de\/en\/sights\/spain\/barcelona\/port-of-barcelona\/\" target=\"_blank\" rel=\"noopener noreferrer\">port<\/a>, the old town and the local mountain <a href=\"https:\/\/www.smarttravelers.de\/en\/sights\/spain\/barcelona\/montjuic\/\" target=\"_blank\" rel=\"noopener noreferrer\">Montju\u00efc<\/a>.<\/p>\n<p>From there, the tour continues via the world-famous Boulvard <a href=\"https:\/\/www.smarttravelers.de\/en\/sights\/spain\/barcelona\/la-rambla\/\" target=\"_blank\" rel=\"noopener noreferrer\">La Rambla<\/a> to the central square in the center of Barcelona, the <a href=\"https:\/\/www.smarttravelers.de\/en\/sights\/spain\/barcelona\/placa-de-catalunya\/\" target=\"_blank\" rel=\"noopener noreferrer\">Pla\u00e7a Catalunya<\/a>. On the <a href=\"https:\/\/www.smarttravelers.de\/en\/sights\/spain\/barcelona\/la-rambla\/\" target=\"_blank\" rel=\"noopener noreferrer\">Rambla<\/a>, strollers experience a very special atmosphere that is characterized by numerous street artists, painters and kiosks. The <a href=\"https:\/\/www.smarttravelers.de\/en\/sights\/spain\/barcelona\/la-rambla\/\" target=\"_blank\" rel=\"noopener noreferrer\">Rambla<\/a> itself is not a special shopping street, unless you need flowers, magazines or a souvenir.<\/p>\n<p>But definitely worth a stopover is the <a href=\"https:\/\/www.smarttravelers.de\/en\/sights\/spain\/barcelona\/mercat-de-la-boqueria\/\" target=\"_blank\" rel=\"noopener noreferrer\">Mercat de la Boqueria<\/a> at about half height of the <a href=\"https:\/\/www.smarttravelers.de\/en\/sights\/spain\/barcelona\/la-rambla\/\" target=\"_blank\" rel=\"noopener noreferrer\">Rambla<\/a>. It is the best known, most beautiful and largest market in the city. At the many food stalls not only the sense of taste is stimulated, but also the eyes eat with the wonderful presentation of the goods.<\/p>\n<p>Those who stroll along the <a href=\"https:\/\/www.smarttravelers.de\/en\/sights\/spain\/barcelona\/la-rambla\/\" target=\"_blank\" rel=\"noopener noreferrer\">Rambla<\/a> should also make a detour every now and then to the small alleys of the two neighboring old town quarters <a href=\"https:\/\/www.smarttravelers.de\/en\/sights\/spain\/barcelona\/gothic-quarter\/\" target=\"_blank\" rel=\"noopener noreferrer\">Barri G\u00f2tic<\/a> (to the north) and <a href=\"https:\/\/www.smarttravelers.de\/en\/sights\/spain\/barcelona\/el-raval\/\" target=\"_blank\" rel=\"noopener noreferrer\">El Raval<\/a> (to the south). There are many small, traditional stores to discover here &#8211; from aniquarians to bookshops and delicatessens. Admittedly, sometimes a bit old-fashioned and dusty, but always with a charm of their own. If you are looking for a traditional souvenir from Barcelona, you will certainly find it in the stores of the old town. <a href=\"https:\/\/www.smarttravelers.de\/en\/sights\/spain\/barcelona\/el-raval\/\" target=\"_blank\" rel=\"noopener noreferrer\">El Raval<\/a> is especially known for its alternative fashion stores and second-hand stores.<\/p>\n<p>The <a href=\"https:\/\/www.smarttravelers.de\/en\/sights\/spain\/barcelona\/la-rambla\/\" target=\"_blank\" rel=\"noopener noreferrer\">Rambla<\/a> ends at Barcelona&#8217;s central square, the <a href=\"https:\/\/www.smarttravelers.de\/en\/sights\/spain\/barcelona\/placa-de-catalunya\/\" target=\"_blank\" rel=\"noopener noreferrer\">Pla\u00e7a Catalunya<\/a>. This is where the city&#8217;s great shopping temples are located. On the west side of the square is the large shopping center <em>El Triangle<\/em> and on the east side <em>El Corte Ingl\u00e8s<\/em>, the largest department store in the center of Barcelona.<\/p>\n<p>At the <a href=\"https:\/\/www.smarttravelers.de\/en\/sights\/spain\/barcelona\/placa-de-catalunya\/\" target=\"_blank\" rel=\"noopener noreferrer\">Pla\u00e7a Catalunya<\/a> begins Barcelona&#8217;s most luxurious shopping mile &#8211; the <a href=\"https:\/\/www.smarttravelers.de\/en\/sights\/spain\/barcelona\/passeig-de-gracia\/\" target=\"_blank\" rel=\"noopener noreferrer\">Passeig de Gr\u00e0cia<\/a>. From <em>Boss<\/em>\u00a0to <em>Rolex<\/em> to <em>Versace<\/em>, this is the home of fashion, watch, jewelry and design brands that demand a slightly thicker wallet. The <em>Rambla de Catalunya<\/em>, which runs parallel to <a href=\"https:\/\/www.smarttravelers.de\/en\/sights\/spain\/barcelona\/passeig-de-gracia\/\" target=\"_blank\" rel=\"noopener noreferrer\">Passeig de Gr\u00e0cia<\/a>, is also a popular shopping street.<\/p>\n<p>The <a href=\"https:\/\/www.smarttravelers.de\/en\/sights\/spain\/barcelona\/passeig-de-gracia\/\" target=\"_blank\" rel=\"noopener noreferrer\">Passeig de Gr\u00e0cia<\/a> leads to the <a href=\"https:\/\/www.smarttravelers.de\/en\/sights\/spain\/barcelona\/avinguda-diagonal\/\" target=\"_blank\" rel=\"noopener noreferrer\">Avinguda Diagonal<\/a>, Barcelona&#8217;s longest street. It is known above all for its shopping centers. At<em> Pla\u00e7a Francesc Maci\u00e0<\/em> there is a mall and a department store of the chain <em>El Corte Ingl\u00e8s<\/em> and also at <em>Pla\u00e7a Reina Maria Cristina<\/em> there are two malls and another branch of <em>El Corte Ingl\u00e8s<\/em>.<\/p>\n<p>Of course, there are also some more good shopping opportunities in the Catalan capital off the <em>Barcelona Shopping Line<\/em>. First of all, the <em>Carrer de la Creu Cobert<\/em>a, which starts at the <a href=\"https:\/\/www.smarttravelers.de\/en\/sights\/spain\/barcelona\/placa-despanya\/\" target=\"_blank\" rel=\"noopener noreferrer\">Pla\u00e7a d&#8217;Espanya<\/a>, and its extension, the <em>Carrer de Sants<\/em>, are worth mentioning. With more than 500 stores along four kilometers, it holds the title of Barcelona&#8217;s longest shopping street, so to speak. On\u00a0<a href=\"https:\/\/www.smarttravelers.de\/en\/sights\/spain\/barcelona\/placa-despanya\/\" target=\"_blank\" rel=\"noopener noreferrer\">Pla\u00e7a d&#8217;Espanya<\/a>, by the way, there is another interesting shopping temple, namely the former bullring, which has meanwhile been converted into the<em> Arenas de Barcelona<\/em> shopping center.<\/p>\n<p>If you have already exhausted your travel budget and still want to shop, you should make your way to the outlet center <em>La Roca Village<\/em>, about 40 kilometers from Barcelona. In this small &#8220;shopping village&#8221; you can expect a discount of over 50% on branded goods. If you don&#8217;t have a car, you can also take the <em>Shopping Express Outlet Bus<\/em> (departing from the beginning of <a href=\"https:\/\/www.smarttravelers.de\/en\/sights\/spain\/barcelona\/passeig-de-gracia\/\" target=\"_blank\" rel=\"noopener noreferrer\">Passeig de Gr\u00e0cia<\/a>, in the immediate vicinity of <a href=\"https:\/\/www.smarttravelers.de\/en\/sights\/spain\/barcelona\/placa-de-catalunya\/\" target=\"_blank\" rel=\"noopener noreferrer\">Pla\u00e7a Catalunya<\/a>).<\/p>\n<\/div><div class=\"fusion-clearfix\"><\/div><\/div><\/div><\/div><\/div><div id=\"wohin\"><div class=\"fusion-fullwidth fullwidth-box fusion-builder-row-11 nonhundred-percent-fullwidth non-hundred-percent-height-scrolling\" style=\"background-color: #ffffff;background-position: center center;background-repeat: no-repeat;padding-top:0px;padding-right:15%;padding-bottom:0px;padding-left:15%;margin-bottom: 0px;margin-top: 0px;border-width: 0px 0px 0px 0px;border-color:rgba(255,255,255,0);border-style:solid;\" ><div class=\"fusion-builder-row fusion-row\"><div class=\"fusion-layout-column fusion_builder_column fusion-builder-column-15 fusion_builder_column_1_1 1_1 fusion-one-full fusion-column-first fusion-column-last\" style=\"margin-top:0px;margin-bottom:20px;\"><div class=\"fusion-column-wrapper fusion-flex-column-wrapper-legacy\" style=\"background-position:left top;background-repeat:no-repeat;-webkit-background-size:cover;-moz-background-size:cover;-o-background-size:cover;background-size:cover;padding: 0px 0px 0px 0px;\"><div class=\"fusion-sep-clear\"><\/div><div class=\"fusion-separator\" style=\"margin-left: auto;margin-right: auto;margin-top:5px;margin-bottom:30px;width:100%;max-width:150px;\"><div class=\"fusion-separator-border sep-single sep-solid\" style=\"border-color:rgba(255,252,252,0);border-top-width:1px;\"><\/div><\/div><div class=\"fusion-sep-clear\"><\/div><div class=\"imageframe-align-center\"><span class=\" fusion-imageframe imageframe-none imageframe-16 hover-type-none\" style=\"border-radius:30px;\"><img decoding=\"async\" width=\"68\" height=\"68\" title=\"trinken\" src=\"https:\/\/www.smarttravelers.de\/wp-content\/uploads\/2018\/02\/trinken-2.png\" class=\"img-responsive wp-image-34580\" srcset=\"https:\/\/www.smarttravelers.de\/wp-content\/uploads\/2018\/02\/trinken-2-66x66.png 66w, https:\/\/www.smarttravelers.de\/wp-content\/uploads\/2018\/02\/trinken-2.png 68w\" sizes=\"(max-width: 68px) 100vw, 68px\" \/><\/span><\/div><div class=\"fusion-sep-clear\"><\/div><div class=\"fusion-separator\" style=\"margin-left: auto;margin-right: auto;margin-top:5px;margin-bottom:30px;width:100%;max-width:150px;\"><\/div><div class=\"fusion-sep-clear\"><\/div><div class=\"fusion-text fusion-text-14\"><h2 class=\"content-box-heading\" style=\"text-align: center;\">Food and drink<\/h2>\n<\/div><div class=\"fusion-text fusion-text-15\"><p>Those who travel to Barcelona will get a taste of Catalan cuisine &#8211; it is one of the best in Spain. In Barcleona you should not make the mistake of being &#8220;fobbed off&#8221; in any international tourist restaurants for too much money, but rather visit places with traditional Spanish or Catalan cuisine. From meat and sausage to cheese and fish, Catalonia&#8217;s cuisine offers a wide range of dishes and of course the tapas (which actually come from Andalusia) have become an integral part of Barcelona&#8217;s gastronomic scene.<\/p>\n<p>As generally in Spain, people in Barcelona eat relatively late. Lunch is usually not taken before 2 p.m. and in the evening, one sits down at the table only after 9 p.m. If you want to save money on food, you should go for lunch. Most of the restaurants and caf\u00e9s offer a so-called &#8220;men\u00fa del d\u00eda&#8221;, which consists of a starter, main course and dessert and is often available for 8 to 10 euros.<\/p>\n<p>As far as drinking is concerned, Catalonia is a wine country where both very good white wines and red wines are grown. Drink local therefore pays off. Those who want to do the same as the Catalans order caf\u00e8 i copes after dinner, by the way, a coffee accompanied by a glass of cognac, schnapps or liqueur. Moreover, it should be mentioned that in Barcelona, one likes to stay at the table after the meal. After all, for Catalans, a meal is not only a mere intake of food, but always an opportunity for entertainment and shared enjoyment.<\/p>\n<\/div><div class=\"fusion-clearfix\"><\/div><\/div><\/div><\/div><\/div><\/div><div class=\"fusion-fullwidth fullwidth-box fusion-builder-row-12 nonhundred-percent-fullwidth non-hundred-percent-height-scrolling\" style=\"background-color: #f4f4f4;background-position: center center;background-repeat: no-repeat;padding-top:0px;padding-right:15%;padding-bottom:0px;padding-left:15%;margin-bottom: 0px;margin-top: 0px;border-width: 0px 0px 0px 0px;border-color:rgba(255,255,255,0);border-style:solid;\" ><div class=\"fusion-builder-row fusion-row\"><div class=\"fusion-layout-column fusion_builder_column fusion-builder-column-16 fusion_builder_column_1_1 1_1 fusion-one-full fusion-column-first fusion-column-last\" style=\"margin-top:0px;margin-bottom:20px;\"><div class=\"fusion-column-wrapper fusion-flex-column-wrapper-legacy\" style=\"background-position:left top;background-repeat:no-repeat;-webkit-background-size:cover;-moz-background-size:cover;-o-background-size:cover;background-size:cover;padding: 0px 0px 0px 0px;\"><div class=\"fusion-sep-clear\"><\/div><div class=\"fusion-separator\" style=\"margin-left: auto;margin-right: auto;margin-top:5px;margin-bottom:30px;width:100%;max-width:150px;\"><div class=\"fusion-separator-border sep-single sep-solid\" style=\"border-color:rgba(255,252,252,0);border-top-width:1px;\"><\/div><\/div><div class=\"fusion-sep-clear\"><\/div><div class=\"imageframe-align-center\"><span class=\" fusion-imageframe imageframe-none imageframe-17 hover-type-none\" style=\"border-radius:30px;\"><img decoding=\"async\" width=\"68\" height=\"68\" title=\"icon_nachtleben\" src=\"https:\/\/www.smarttravelers.de\/wp-content\/uploads\/2018\/02\/icon_nachtleben-2.png\" class=\"img-responsive wp-image-34574\" srcset=\"https:\/\/www.smarttravelers.de\/wp-content\/uploads\/2018\/02\/icon_nachtleben-2-66x66.png 66w, https:\/\/www.smarttravelers.de\/wp-content\/uploads\/2018\/02\/icon_nachtleben-2.png 68w\" sizes=\"(max-width: 68px) 100vw, 68px\" \/><\/span><\/div><div class=\"fusion-sep-clear\"><\/div><div class=\"fusion-separator\" style=\"margin-left: auto;margin-right: auto;margin-top:5px;margin-bottom:30px;width:100%;max-width:150px;\"><\/div><div class=\"fusion-sep-clear\"><\/div><div class=\"fusion-text fusion-text-16\"><h2 class=\"content-box-heading\" style=\"text-align: center;\">Nightlife and entertainment<\/h2>\n<\/div><div class=\"fusion-text fusion-text-17\"><p>Barcelona has developed into one of the most popular party metropolises in Europe in the last decades. Tourists from all over the world take advantage of the many (cheap) flight possibilities to dive into the exciting and varied nightlife of the city by the Mediterranean Sea. In Barcelona you can very well turn night into day.<\/p>\n<p>If you want to enjoy the nightlife and the party scene of Barcelona, you should have had an extensive siesta before. The reason being that before two o&#8217;clock at night hardly anyone shows up in one of the clubs. Barcelona&#8217;s club and music scene offers something for every taste. Whether disco, house, techno, punk rock &#8211; there is a club (or evening) for practically every style of music. Very well known and popular are the salsa bars of the city, which often have a very special party atmosphere.<\/p>\n<p>If you don&#8217;t want to dance, but rather go for a drink, Barcelona also has a lot to offer. From cozy little taverns to stylish cocktail bars, from Irish pubs to German beer pubs, you can really find everything here.<\/p>\n<p>And those who prefer to travel in a more &#8220;high culture&#8221; way will find an excellent concert, theater and opera scene in Barcelona. The <a href=\"https:\/\/www.smarttravelers.de\/en\/sights\/spain\/barcelona\/gran-teatre-del-liceu\/\" target=\"_blank\" rel=\"noopener noreferrer\">Gran Teatre del Liceu<\/a> and the <a href=\"https:\/\/www.smarttravelers.de\/en\/sights\/spain\/barcelona\/palau-de-la-musica-catalana\/\" target=\"_blank\" rel=\"noopener noreferrer\">Palau de la M\u00fasica Catalana<\/a> are just the tip of the iceberg.<\/p>\n<\/div><div class=\"fusion-clearfix\"><\/div><\/div><\/div><\/div><\/div><div id=\"was\"><div class=\"fusion-fullwidth fullwidth-box fusion-builder-row-13 nonhundred-percent-fullwidth non-hundred-percent-height-scrolling\" style=\"background-color: #ffffff;background-position: center center;background-repeat: no-repeat;padding-top:0px;padding-right:15%;padding-bottom:0px;padding-left:15%;margin-bottom: -60px;margin-top: 0px;border-width: 0px 0px 0px 0px;border-color:rgba(255,255,255,0);border-style:solid;\" ><div class=\"fusion-builder-row fusion-row\"><div class=\"fusion-layout-column fusion_builder_column fusion-builder-column-17 fusion_builder_column_1_1 1_1 fusion-one-full fusion-column-first fusion-column-last\" style=\"margin-top:0px;margin-bottom:20px;\"><div class=\"fusion-column-wrapper fusion-flex-column-wrapper-legacy\" style=\"background-position:left top;background-repeat:no-repeat;-webkit-background-size:cover;-moz-background-size:cover;-o-background-size:cover;background-size:cover;padding: 0px 0px 0px 0px;\"><div class=\"fusion-sep-clear\"><\/div><div class=\"fusion-separator\" style=\"margin-left: auto;margin-right: auto;margin-top:5px;margin-bottom:30px;width:100%;max-width:150px;\"><div class=\"fusion-separator-border sep-single sep-solid\" style=\"border-color:rgba(255,252,252,0);border-top-width:1px;\"><\/div><\/div><div class=\"fusion-sep-clear\"><\/div><div class=\"imageframe-align-center\"><span class=\" fusion-imageframe imageframe-none imageframe-18 hover-type-none\" style=\"border-radius:30px;\"><img decoding=\"async\" width=\"68\" height=\"68\" title=\"icon_sehensw\u00fcrdigkeiten\" src=\"https:\/\/www.smarttravelers.de\/wp-content\/uploads\/2018\/02\/icon_sehensw\u00fcrdigkeiten-1.png\" class=\"img-responsive wp-image-34576\" srcset=\"https:\/\/www.smarttravelers.de\/wp-content\/uploads\/2018\/02\/icon_sehensw\u00fcrdigkeiten-1-66x66.png 66w, https:\/\/www.smarttravelers.de\/wp-content\/uploads\/2018\/02\/icon_sehensw\u00fcrdigkeiten-1.png 68w\" sizes=\"(max-width: 68px) 100vw, 68px\" \/><\/span><\/div><div class=\"fusion-sep-clear\"><\/div><div class=\"fusion-separator\" style=\"margin-left: auto;margin-right: auto;margin-top:5px;margin-bottom:30px;width:100%;max-width:150px;\"><\/div><div class=\"fusion-sep-clear\"><\/div><div class=\"fusion-text fusion-text-18\"><h2 class=\"content-box-heading\" style=\"text-align: center;\">Sights<\/h2>\n<\/div><div class=\"fusion-recent-works fusion-portfolio-element fusion-portfolio fusion-portfolio-1 fusion-portfolio-masonry fusion-portfolio-paging-infinite fusion-portfolio-three fusion-portfolio-no_text fusion-portfolio-rollover\" data-id=\"-rw-1\" data-columns=\"three\"><div role=\"menubar\"><ul class=\"fusion-filters\" role=\"menu\" aria-label=\"filters\"><li role=\"menuitem\" class=\"fusion-filter fusion-hidden fusion-active\"><a href=\"#\" data-filter=\".all-in-barcelona\">All in Barcelona<\/a><\/li><li role=\"menuitem\" class=\"fusion-filter fusion-hidden\"><a href=\"#\" data-filter=\".alle-in-stockholm-en\">Alle in Stockholm<\/a><\/li><li role=\"menuitem\" class=\"fusion-filter fusion-hidden\"><a href=\"#\" data-filter=\".beaches\">Beaches<\/a><\/li><li role=\"menuitem\" class=\"fusion-filter fusion-hidden\"><a href=\"#\" data-filter=\".bridges\">Bridges<\/a><\/li><li role=\"menuitem\" class=\"fusion-filter fusion-hidden\"><a href=\"#\" data-filter=\".castles-palaces\">Castles &amp; Palaces<\/a><\/li><li role=\"menuitem\" class=\"fusion-filter fusion-hidden\"><a href=\"#\" data-filter=\".churches-monasteries\">Churches &amp; Monasteries<\/a><\/li><li role=\"menuitem\" class=\"fusion-filter fusion-hidden\"><a href=\"#\" data-filter=\".districts\">Districts<\/a><\/li><li role=\"menuitem\" class=\"fusion-filter fusion-hidden\"><a href=\"#\" data-filter=\".gardens-parks\">Gardens &amp; Parks<\/a><\/li><li role=\"menuitem\" class=\"fusion-filter fusion-hidden\"><a href=\"#\" data-filter=\".highlights-en\">Highlights<\/a><\/li><li role=\"menuitem\" class=\"fusion-filter fusion-hidden\"><a href=\"#\" data-filter=\".historical-buildings\">Historical buildings<\/a><\/li><li role=\"menuitem\" class=\"fusion-filter fusion-hidden\"><a href=\"#\" data-filter=\".museums-galleries\">Museums &amp; Galleries<\/a><\/li><li role=\"menuitem\" class=\"fusion-filter fusion-hidden\"><a href=\"#\" data-filter=\".natural-landscapes-national-parks\">Natural landscapes &amp; National parks<\/a><\/li><li role=\"menuitem\" class=\"fusion-filter fusion-hidden\"><a href=\"#\" data-filter=\".other-sights\">Other sights<\/a><\/li><li role=\"menuitem\" class=\"fusion-filter fusion-hidden\"><a href=\"#\" data-filter=\".shopping\">Shopping<\/a><\/li><li role=\"menuitem\" class=\"fusion-filter fusion-hidden\"><a href=\"#\" data-filter=\".streets-squares\">Streets &amp; Squares<\/a><\/li><li role=\"menuitem\" class=\"fusion-filter fusion-hidden\"><a href=\"#\" data-filter=\".theater-opera-houses\">Theater &amp; Opera houses<\/a><\/li><li role=\"menuitem\" class=\"fusion-filter fusion-hidden\"><a href=\"#\" data-filter=\".theme-amusement-parks\">Theme &amp; Amusement parks<\/a><\/li><li role=\"menuitem\" class=\"fusion-filter fusion-hidden\"><a href=\"#\" data-filter=\".viewpoints\">Viewpoints<\/a><\/li><li role=\"menuitem\" class=\"fusion-filter fusion-hidden\"><a href=\"#\" data-filter=\".world-heritage-sites\">World Heritage Sites<\/a><\/li><li role=\"menuitem\" class=\"fusion-filter fusion-hidden\"><a href=\"#\" data-filter=\".zoos-aquariums\">Zoos &amp; Aquariums<\/a><\/li><\/ul><\/div><style type=\"text\/css\">.fusion-portfolio-1 .fusion-portfolio-wrapper .fusion-col-spacing{padding:10px;}<\/style><div class=\"fusion-portfolio-wrapper\" id=\"fusion-portfolio-1\" data-picturesize=\"auto\" data-pages=\"0\" style=\"margin:-10px;\"><article class=\"fusion-portfolio-post fusion-grid-sizer\"><\/article><article id=\"portfolio-1-post-83823\" class=\"fusion-portfolio-post alle-in-stockholm-en highlights-en museums-galleries fusion-col-spacing post-83823 fusion-element-grid\"><div class=\"fusion-portfolio-content-wrapper\" style=\"border:none;\"><span class=\"entry-title rich-snippet-hidden\">ABBA The Museum<\/span><span class=\"vcard rich-snippet-hidden\"><span class=\"fn\"><a href=\"https:\/\/www.smarttravelers.de\/en\/author\/wp_admin\/\" title=\"Posts by wp_admin\" rel=\"author\">wp_admin<\/a><\/span><\/span><span class=\"updated rich-snippet-hidden\">2024-06-04T23:27:20+02:00<\/span>\n\n<div  class=\"fusion-masonry-element-container fusion-image-wrapper\" style=\"background-image:url(https:\/\/www.smarttravelers.de\/wp-content\/uploads\/2020\/03\/ABBA-The-Museum1.jpg);padding-top:calc((100% + 20px) * 0.8 - 10px);\" aria-haspopup=\"true\">\n\t\n\t\n\t\n\t\t\n\t\t\t\t\t<img decoding=\"async\" width=\"1620\" height=\"1080\" src=\"https:\/\/www.smarttravelers.de\/wp-content\/uploads\/2020\/03\/ABBA-The-Museum1.jpg\" class=\"attachment-full size-full wp-post-image\" alt=\"ABBA Bandstudio\" srcset=\"https:\/\/www.smarttravelers.de\/wp-content\/uploads\/2020\/03\/ABBA-The-Museum1-200x133.jpg 200w, https:\/\/www.smarttravelers.de\/wp-content\/uploads\/2020\/03\/ABBA-The-Museum1-400x267.jpg 400w, https:\/\/www.smarttravelers.de\/wp-content\/uploads\/2020\/03\/ABBA-The-Museum1-600x400.jpg 600w, https:\/\/www.smarttravelers.de\/wp-content\/uploads\/2020\/03\/ABBA-The-Museum1-800x533.jpg 800w, https:\/\/www.smarttravelers.de\/wp-content\/uploads\/2020\/03\/ABBA-The-Museum1-1200x800.jpg 1200w, https:\/\/www.smarttravelers.de\/wp-content\/uploads\/2020\/03\/ABBA-The-Museum1.jpg 1620w\" sizes=\"(min-width: 2200px) 100vw, (min-width: 284px) 356px, (min-width: 212px) 284px, (min-width: 140px) 212px, \" \/>\n\t\n\n\t\t<div class=\"fusion-rollover\">\n\t<div class=\"fusion-rollover-content\">\n\n\t\t\t\t\t\t\t\t\t\t\t\t\t\t<a class=\"fusion-rollover-link\" href=\"https:\/\/www.smarttravelers.de\/en\/sights\/schweden\/stockholm\/abba-the-museum\/\" target=\"_blank\">ABBA The Museum<\/a>\n\t\t\t\n\t\t\t\t\t\t\t\t\t\t\t\t\t\t\n\t\t\t\t\t\t\t\t\n\t\t\t\t\t\t\t\t\t\t\t\t\t<div class=\"fusion-rollover-sep\"><\/div>\n\t\t\t\t\n\t\t\t\t\t\t\t\t\t\t\t\t\t\t\t\t\t\t<a class=\"fusion-rollover-gallery\" href=\"https:\/\/www.smarttravelers.de\/wp-content\/uploads\/2020\/03\/ABBA-The-Museum1.jpg\" data-id=\"83823\" data-rel=\"iLightbox[gallery-rw-1]\" data-title=\"ABBA The Museum1\" data-caption=\"\">\n\t\t\t\t\t\tGallery\t\t\t\t\t<\/a>\n\t\t\t\t\t\t\t\t\t\t\t\t\t\t\n\t\t\n\t\t\t\t\t\t\t\t\t\t\t\t<h4 class=\"fusion-rollover-title\">\n\t\t\t\t\t<a class=\"fusion-rollover-title-link\" href=\"https:\/\/www.smarttravelers.de\/en\/sights\/schweden\/stockholm\/abba-the-museum\/\" target=\"_blank\">\n\t\t\t\t\t\tABBA The Museum\t\t\t\t\t<\/a>\n\t\t\t\t<\/h4>\n\t\t\t\n\t\t\t\t\t\t\t\t\n\t\t\n\t\t\t\t\t\t<a class=\"fusion-link-wrapper\" href=\"https:\/\/www.smarttravelers.de\/en\/sights\/schweden\/stockholm\/abba-the-museum\/\" target=\"_blank\" aria-label=\"ABBA The Museum\"><\/a>\n\t<\/div>\n<\/div>\n\n\t\n<\/div>\n<\/div><\/article><article id=\"portfolio-1-post-63615\" class=\"fusion-portfolio-post all-in-barcelona zoos-aquariums fusion-col-spacing post-63615 fusion-element-grid\"><div class=\"fusion-portfolio-content-wrapper\" style=\"border:none;\"><span class=\"entry-title rich-snippet-hidden\">Aquarium Barcelona<\/span><span class=\"vcard rich-snippet-hidden\"><span class=\"fn\"><a href=\"https:\/\/www.smarttravelers.de\/en\/author\/wp_admin\/\" title=\"Posts by wp_admin\" rel=\"author\">wp_admin<\/a><\/span><\/span><span class=\"updated rich-snippet-hidden\">2023-10-05T22:56:56+02:00<\/span>\n\n<div  class=\"fusion-masonry-element-container fusion-image-wrapper\" style=\"background-image:url(https:\/\/www.smarttravelers.de\/wp-content\/uploads\/2018\/05\/Aquarium-Barcelona3.jpg);padding-top:calc((100% + 20px) * 0.8 - 10px);\" aria-haspopup=\"true\">\n\t\n\t\n\t\n\t\t\n\t\t\t\t\t<img decoding=\"async\" width=\"1200\" height=\"803\" src=\"https:\/\/www.smarttravelers.de\/wp-content\/uploads\/2018\/05\/Aquarium-Barcelona3.jpg\" class=\"attachment-full size-full wp-post-image\" alt=\"Unterwassertunnel im Aquarium Barcelona\" srcset=\"https:\/\/www.smarttravelers.de\/wp-content\/uploads\/2018\/05\/Aquarium-Barcelona3-200x134.jpg 200w, https:\/\/www.smarttravelers.de\/wp-content\/uploads\/2018\/05\/Aquarium-Barcelona3-400x268.jpg 400w, https:\/\/www.smarttravelers.de\/wp-content\/uploads\/2018\/05\/Aquarium-Barcelona3-600x402.jpg 600w, https:\/\/www.smarttravelers.de\/wp-content\/uploads\/2018\/05\/Aquarium-Barcelona3-800x535.jpg 800w, https:\/\/www.smarttravelers.de\/wp-content\/uploads\/2018\/05\/Aquarium-Barcelona3.jpg 1200w\" sizes=\"(min-width: 2200px) 100vw, (min-width: 284px) 356px, (min-width: 212px) 284px, (min-width: 140px) 212px, \" \/>\n\t\n\n\t\t<div class=\"fusion-rollover\">\n\t<div class=\"fusion-rollover-content\">\n\n\t\t\t\t\t\t\t\t\t\t\t\t\t\t<a class=\"fusion-rollover-link\" href=\"https:\/\/www.smarttravelers.de\/en\/sights\/spain\/barcelona\/aquarium-barcelona\/\" target=\"_blank\">Aquarium Barcelona<\/a>\n\t\t\t\n\t\t\t\t\t\t\t\t\t\t\t\t\t\t\n\t\t\t\t\t\t\t\t\n\t\t\t\t\t\t\t\t\t\t\t\t\t<div class=\"fusion-rollover-sep\"><\/div>\n\t\t\t\t\n\t\t\t\t\t\t\t\t\t\t\t\t\t\t\t\t\t\t<a class=\"fusion-rollover-gallery\" href=\"https:\/\/www.smarttravelers.de\/wp-content\/uploads\/2018\/05\/Aquarium-Barcelona3.jpg\" data-id=\"63615\" data-rel=\"iLightbox[gallery-rw-1]\" data-title=\"Aquarium Barcelona3\" data-caption=\"\">\n\t\t\t\t\t\tGallery\t\t\t\t\t<\/a>\n\t\t\t\t\t\t\t\t\t\t\t\t\t\t\n\t\t\n\t\t\t\t\t\t\t\t\t\t\t\t<h4 class=\"fusion-rollover-title\">\n\t\t\t\t\t<a class=\"fusion-rollover-title-link\" href=\"https:\/\/www.smarttravelers.de\/en\/sights\/spain\/barcelona\/aquarium-barcelona\/\" target=\"_blank\">\n\t\t\t\t\t\tAquarium Barcelona\t\t\t\t\t<\/a>\n\t\t\t\t<\/h4>\n\t\t\t\n\t\t\t\t\t\t\t\t\n\t\t\n\t\t\t\t\t\t<a class=\"fusion-link-wrapper\" href=\"https:\/\/www.smarttravelers.de\/en\/sights\/spain\/barcelona\/aquarium-barcelona\/\" target=\"_blank\" aria-label=\"Aquarium Barcelona\"><\/a>\n\t<\/div>\n<\/div>\n\n\t\n<\/div>\n<\/div><\/article><article id=\"portfolio-1-post-63619\" class=\"fusion-portfolio-post all-in-barcelona historical-buildings fusion-col-spacing post-63619 fusion-element-grid\"><div class=\"fusion-portfolio-content-wrapper\" style=\"border:none;\"><span class=\"entry-title rich-snippet-hidden\">Arc de Triomf<\/span><span class=\"vcard rich-snippet-hidden\"><span class=\"fn\"><a href=\"https:\/\/www.smarttravelers.de\/en\/author\/wp_admin\/\" title=\"Posts by wp_admin\" rel=\"author\">wp_admin<\/a><\/span><\/span><span class=\"updated rich-snippet-hidden\">2023-10-05T22:55:58+02:00<\/span>\n\n<div  class=\"fusion-masonry-element-container fusion-image-wrapper\" style=\"background-image:url(https:\/\/www.smarttravelers.de\/wp-content\/uploads\/2018\/11\/Arc-de-Triomf1neu.jpg);padding-top:calc((100% + 20px) * 0.8 - 10px);\" aria-haspopup=\"true\">\n\t\n\t\n\t\n\t\t\n\t\t\t\t\t<img decoding=\"async\" width=\"1200\" height=\"900\" src=\"https:\/\/www.smarttravelers.de\/wp-content\/uploads\/2018\/11\/Arc-de-Triomf1neu.jpg\" class=\"attachment-full size-full wp-post-image\" alt=\"Skulptur an der Avenue of Stars\" srcset=\"https:\/\/www.smarttravelers.de\/wp-content\/uploads\/2018\/11\/Arc-de-Triomf1neu-200x150.jpg 200w, https:\/\/www.smarttravelers.de\/wp-content\/uploads\/2018\/11\/Arc-de-Triomf1neu-400x300.jpg 400w, https:\/\/www.smarttravelers.de\/wp-content\/uploads\/2018\/11\/Arc-de-Triomf1neu-600x450.jpg 600w, https:\/\/www.smarttravelers.de\/wp-content\/uploads\/2018\/11\/Arc-de-Triomf1neu-800x600.jpg 800w, https:\/\/www.smarttravelers.de\/wp-content\/uploads\/2018\/11\/Arc-de-Triomf1neu.jpg 1200w\" sizes=\"(min-width: 2200px) 100vw, (min-width: 284px) 356px, (min-width: 212px) 284px, (min-width: 140px) 212px, \" \/>\n\t\n\n\t\t<div class=\"fusion-rollover\">\n\t<div class=\"fusion-rollover-content\">\n\n\t\t\t\t\t\t\t\t\t\t\t\t\t\t<a class=\"fusion-rollover-link\" href=\"https:\/\/www.smarttravelers.de\/en\/sights\/spain\/barcelona\/arc-de-triomf\/\" target=\"_blank\">Arc de Triomf<\/a>\n\t\t\t\n\t\t\t\t\t\t\t\t\t\t\t\t\t\t\n\t\t\t\t\t\t\t\t\n\t\t\t\t\t\t\t\t\t\t\t\t\t<div class=\"fusion-rollover-sep\"><\/div>\n\t\t\t\t\n\t\t\t\t\t\t\t\t\t\t\t\t\t\t\t\t\t\t<a class=\"fusion-rollover-gallery\" href=\"https:\/\/www.smarttravelers.de\/wp-content\/uploads\/2018\/11\/Arc-de-Triomf1neu.jpg\" data-id=\"63619\" data-rel=\"iLightbox[gallery-rw-1]\" data-title=\"Arc de Triomf1neu\" data-caption=\"\">\n\t\t\t\t\t\tGallery\t\t\t\t\t<\/a>\n\t\t\t\t\t\t\t\t\t\t\t\t\t\t\n\t\t\n\t\t\t\t\t\t\t\t\t\t\t\t<h4 class=\"fusion-rollover-title\">\n\t\t\t\t\t<a class=\"fusion-rollover-title-link\" href=\"https:\/\/www.smarttravelers.de\/en\/sights\/spain\/barcelona\/arc-de-triomf\/\" target=\"_blank\">\n\t\t\t\t\t\tArc de Triomf\t\t\t\t\t<\/a>\n\t\t\t\t<\/h4>\n\t\t\t\n\t\t\t\t\t\t\t\t\n\t\t\n\t\t\t\t\t\t<a class=\"fusion-link-wrapper\" href=\"https:\/\/www.smarttravelers.de\/en\/sights\/spain\/barcelona\/arc-de-triomf\/\" target=\"_blank\" aria-label=\"Arc de Triomf\"><\/a>\n\t<\/div>\n<\/div>\n\n\t\n<\/div>\n<\/div><\/article><article id=\"portfolio-1-post-83819\" class=\"fusion-portfolio-post alle-in-stockholm-en museums-galleries fusion-col-spacing post-83819 fusion-element-grid\"><div class=\"fusion-portfolio-content-wrapper\" style=\"border:none;\"><span class=\"entry-title rich-snippet-hidden\">ArkDes<\/span><span class=\"vcard rich-snippet-hidden\"><span class=\"fn\"><a href=\"https:\/\/www.smarttravelers.de\/en\/author\/wp_admin\/\" title=\"Posts by wp_admin\" rel=\"author\">wp_admin<\/a><\/span><\/span><span class=\"updated rich-snippet-hidden\">2024-06-04T23:23:47+02:00<\/span>\n\n<div  class=\"fusion-masonry-element-container fusion-image-wrapper\" style=\"background-image:url(https:\/\/www.smarttravelers.de\/wp-content\/uploads\/2020\/03\/ArkDes3.jpg);padding-top:calc((100% + 20px) * 0.8 - 10px);\" aria-haspopup=\"true\">\n\t\n\t\n\t\n\t\t\n\t\t\t\t\t<img decoding=\"async\" width=\"1620\" height=\"1080\" src=\"https:\/\/www.smarttravelers.de\/wp-content\/uploads\/2020\/03\/ArkDes3.jpg\" class=\"attachment-full size-full wp-post-image\" alt=\"ArkDes Ausstellungsraum\" srcset=\"https:\/\/www.smarttravelers.de\/wp-content\/uploads\/2020\/03\/ArkDes3-200x133.jpg 200w, https:\/\/www.smarttravelers.de\/wp-content\/uploads\/2020\/03\/ArkDes3-400x267.jpg 400w, https:\/\/www.smarttravelers.de\/wp-content\/uploads\/2020\/03\/ArkDes3-600x400.jpg 600w, https:\/\/www.smarttravelers.de\/wp-content\/uploads\/2020\/03\/ArkDes3-800x533.jpg 800w, https:\/\/www.smarttravelers.de\/wp-content\/uploads\/2020\/03\/ArkDes3-1200x800.jpg 1200w, https:\/\/www.smarttravelers.de\/wp-content\/uploads\/2020\/03\/ArkDes3.jpg 1620w\" sizes=\"(min-width: 2200px) 100vw, (min-width: 284px) 356px, (min-width: 212px) 284px, (min-width: 140px) 212px, \" \/>\n\t\n\n\t\t<div class=\"fusion-rollover\">\n\t<div class=\"fusion-rollover-content\">\n\n\t\t\t\t\t\t\t\t\t\t\t\t\t\t<a class=\"fusion-rollover-link\" href=\"https:\/\/www.smarttravelers.de\/en\/sights\/schweden\/stockholm\/arkdes\/\" target=\"_blank\">ArkDes<\/a>\n\t\t\t\n\t\t\t\t\t\t\t\t\t\t\t\t\t\t\n\t\t\t\t\t\t\t\t\n\t\t\t\t\t\t\t\t\t\t\t\t\t<div class=\"fusion-rollover-sep\"><\/div>\n\t\t\t\t\n\t\t\t\t\t\t\t\t\t\t\t\t\t\t\t\t\t\t<a class=\"fusion-rollover-gallery\" href=\"https:\/\/www.smarttravelers.de\/wp-content\/uploads\/2020\/03\/ArkDes3.jpg\" data-id=\"83819\" data-rel=\"iLightbox[gallery-rw-1]\" data-title=\"ArkDes3\" data-caption=\"\">\n\t\t\t\t\t\tGallery\t\t\t\t\t<\/a>\n\t\t\t\t\t\t\t\t\t\t\t\t\t\t\n\t\t\n\t\t\t\t\t\t\t\t\t\t\t\t<h4 class=\"fusion-rollover-title\">\n\t\t\t\t\t<a class=\"fusion-rollover-title-link\" href=\"https:\/\/www.smarttravelers.de\/en\/sights\/schweden\/stockholm\/arkdes\/\" target=\"_blank\">\n\t\t\t\t\t\tArkDes\t\t\t\t\t<\/a>\n\t\t\t\t<\/h4>\n\t\t\t\n\t\t\t\t\t\t\t\t\n\t\t\n\t\t\t\t\t\t<a class=\"fusion-link-wrapper\" href=\"https:\/\/www.smarttravelers.de\/en\/sights\/schweden\/stockholm\/arkdes\/\" target=\"_blank\" aria-label=\"ArkDes\"><\/a>\n\t<\/div>\n<\/div>\n\n\t\n<\/div>\n<\/div><\/article><article id=\"portfolio-1-post-83602\" class=\"fusion-portfolio-post alle-in-stockholm-en other-sights viewpoints fusion-col-spacing post-83602 fusion-element-grid\"><div class=\"fusion-portfolio-content-wrapper\" style=\"border:none;\"><span class=\"entry-title rich-snippet-hidden\">Avicii Arena<\/span><span class=\"vcard rich-snippet-hidden\"><span class=\"fn\"><a href=\"https:\/\/www.smarttravelers.de\/en\/author\/wp_admin\/\" title=\"Posts by wp_admin\" rel=\"author\">wp_admin<\/a><\/span><\/span><span class=\"updated rich-snippet-hidden\">2024-06-03T11:37:11+02:00<\/span>\n\n<div  class=\"fusion-masonry-element-container fusion-image-wrapper\" style=\"background-image:url(https:\/\/www.smarttravelers.de\/wp-content\/uploads\/2020\/03\/Ericsson-Globe3.jpg);padding-top:calc((100% + 20px) * 0.8 - 10px);\" aria-haspopup=\"true\">\n\t\n\t\n\t\n\t\t\n\t\t\t\t\t<img decoding=\"async\" width=\"1730\" height=\"1080\" src=\"https:\/\/www.smarttravelers.de\/wp-content\/uploads\/2020\/03\/Ericsson-Globe3.jpg\" class=\"attachment-full size-full wp-post-image\" alt=\"Au\u00dfenansicht Avicii Arena\" srcset=\"https:\/\/www.smarttravelers.de\/wp-content\/uploads\/2020\/03\/Ericsson-Globe3-200x125.jpg 200w, https:\/\/www.smarttravelers.de\/wp-content\/uploads\/2020\/03\/Ericsson-Globe3-400x250.jpg 400w, https:\/\/www.smarttravelers.de\/wp-content\/uploads\/2020\/03\/Ericsson-Globe3-600x375.jpg 600w, https:\/\/www.smarttravelers.de\/wp-content\/uploads\/2020\/03\/Ericsson-Globe3-800x499.jpg 800w, https:\/\/www.smarttravelers.de\/wp-content\/uploads\/2020\/03\/Ericsson-Globe3-1200x749.jpg 1200w, https:\/\/www.smarttravelers.de\/wp-content\/uploads\/2020\/03\/Ericsson-Globe3.jpg 1730w\" sizes=\"(min-width: 2200px) 100vw, (min-width: 284px) 356px, (min-width: 212px) 284px, (min-width: 140px) 212px, \" \/>\n\t\n\n\t\t<div class=\"fusion-rollover\">\n\t<div class=\"fusion-rollover-content\">\n\n\t\t\t\t\t\t\t\t\t\t\t\t\t\t<a class=\"fusion-rollover-link\" href=\"https:\/\/www.smarttravelers.de\/en\/sights\/schweden\/stockholm\/avicii-arena\/\" target=\"_blank\">Avicii Arena<\/a>\n\t\t\t\n\t\t\t\t\t\t\t\t\t\t\t\t\t\t\n\t\t\t\t\t\t\t\t\n\t\t\t\t\t\t\t\t\t\t\t\t\t<div class=\"fusion-rollover-sep\"><\/div>\n\t\t\t\t\n\t\t\t\t\t\t\t\t\t\t\t\t\t\t\t\t\t\t<a class=\"fusion-rollover-gallery\" href=\"https:\/\/www.smarttravelers.de\/wp-content\/uploads\/2020\/03\/Ericsson-Globe3.jpg\" data-id=\"83602\" data-rel=\"iLightbox[gallery-rw-1]\" data-title=\"SONY DSC\" data-caption=\"SONY DSC\">\n\t\t\t\t\t\tGallery\t\t\t\t\t<\/a>\n\t\t\t\t\t\t\t\t\t\t\t\t\t\t\n\t\t\n\t\t\t\t\t\t\t\t\t\t\t\t<h4 class=\"fusion-rollover-title\">\n\t\t\t\t\t<a class=\"fusion-rollover-title-link\" href=\"https:\/\/www.smarttravelers.de\/en\/sights\/schweden\/stockholm\/avicii-arena\/\" target=\"_blank\">\n\t\t\t\t\t\tAvicii Arena\t\t\t\t\t<\/a>\n\t\t\t\t<\/h4>\n\t\t\t\n\t\t\t\t\t\t\t\t\n\t\t\n\t\t\t\t\t\t<a class=\"fusion-link-wrapper\" href=\"https:\/\/www.smarttravelers.de\/en\/sights\/schweden\/stockholm\/avicii-arena\/\" target=\"_blank\" aria-label=\"Avicii Arena\"><\/a>\n\t<\/div>\n<\/div>\n\n\t\n<\/div>\n<\/div><\/article><article id=\"portfolio-1-post-63611\" class=\"fusion-portfolio-post all-in-barcelona streets-squares fusion-col-spacing post-63611 fusion-element-grid\"><div class=\"fusion-portfolio-content-wrapper\" style=\"border:none;\"><span class=\"entry-title rich-snippet-hidden\">Avinguda Diagonal<\/span><span class=\"vcard rich-snippet-hidden\"><span class=\"fn\"><a href=\"https:\/\/www.smarttravelers.de\/en\/author\/wp_admin\/\" title=\"Posts by wp_admin\" rel=\"author\">wp_admin<\/a><\/span><\/span><span class=\"updated rich-snippet-hidden\">2023-10-05T22:54:57+02:00<\/span>\n\n<div  class=\"fusion-masonry-element-container fusion-image-wrapper\" style=\"background-image:url(https:\/\/www.smarttravelers.de\/wp-content\/uploads\/2018\/05\/Avinguda-Diagonal2.jpg);padding-top:calc((100% + 20px) * 0.8 - 10px);\" aria-haspopup=\"true\">\n\t\n\t\n\t\n\t\t\n\t\t\t\t\t<img decoding=\"async\" width=\"1200\" height=\"900\" src=\"https:\/\/www.smarttravelers.de\/wp-content\/uploads\/2018\/05\/Avinguda-Diagonal2.jpg\" class=\"attachment-full size-full wp-post-image\" alt=\"Verkehr auf der Avinguda Diagonal\" srcset=\"https:\/\/www.smarttravelers.de\/wp-content\/uploads\/2018\/05\/Avinguda-Diagonal2-200x150.jpg 200w, https:\/\/www.smarttravelers.de\/wp-content\/uploads\/2018\/05\/Avinguda-Diagonal2-400x300.jpg 400w, https:\/\/www.smarttravelers.de\/wp-content\/uploads\/2018\/05\/Avinguda-Diagonal2-600x450.jpg 600w, https:\/\/www.smarttravelers.de\/wp-content\/uploads\/2018\/05\/Avinguda-Diagonal2-800x600.jpg 800w, https:\/\/www.smarttravelers.de\/wp-content\/uploads\/2018\/05\/Avinguda-Diagonal2.jpg 1200w\" sizes=\"(min-width: 2200px) 100vw, (min-width: 284px) 356px, (min-width: 212px) 284px, (min-width: 140px) 212px, \" \/>\n\t\n\n\t\t<div class=\"fusion-rollover\">\n\t<div class=\"fusion-rollover-content\">\n\n\t\t\t\t\t\t\t\t\t\t\t\t\t\t<a class=\"fusion-rollover-link\" href=\"https:\/\/www.smarttravelers.de\/en\/sights\/spain\/barcelona\/avinguda-diagonal\/\" target=\"_blank\">Avinguda Diagonal<\/a>\n\t\t\t\n\t\t\t\t\t\t\t\t\t\t\t\t\t\t\n\t\t\t\t\t\t\t\t\n\t\t\t\t\t\t\t\t\t\t\t\t\t<div class=\"fusion-rollover-sep\"><\/div>\n\t\t\t\t\n\t\t\t\t\t\t\t\t\t\t\t\t\t\t\t\t\t\t<a class=\"fusion-rollover-gallery\" href=\"https:\/\/www.smarttravelers.de\/wp-content\/uploads\/2018\/05\/Avinguda-Diagonal2.jpg\" data-id=\"63611\" data-rel=\"iLightbox[gallery-rw-1]\" data-title=\"Avinguda Diagonal2\" data-caption=\"\">\n\t\t\t\t\t\tGallery\t\t\t\t\t<\/a>\n\t\t\t\t\t\t\t\t\t\t\t\t\t\t\n\t\t\n\t\t\t\t\t\t\t\t\t\t\t\t<h4 class=\"fusion-rollover-title\">\n\t\t\t\t\t<a class=\"fusion-rollover-title-link\" href=\"https:\/\/www.smarttravelers.de\/en\/sights\/spain\/barcelona\/avinguda-diagonal\/\" target=\"_blank\">\n\t\t\t\t\t\tAvinguda Diagonal\t\t\t\t\t<\/a>\n\t\t\t\t<\/h4>\n\t\t\t\n\t\t\t\t\t\t\t\t\n\t\t\n\t\t\t\t\t\t<a class=\"fusion-link-wrapper\" href=\"https:\/\/www.smarttravelers.de\/en\/sights\/spain\/barcelona\/avinguda-diagonal\/\" target=\"_blank\" aria-label=\"Avinguda Diagonal\"><\/a>\n\t<\/div>\n<\/div>\n\n\t\n<\/div>\n<\/div><\/article><article id=\"portfolio-1-post-63542\" class=\"fusion-portfolio-post all-in-barcelona churches-monasteries highlights-en fusion-col-spacing post-63542 fusion-element-grid\"><div class=\"fusion-portfolio-content-wrapper\" style=\"border:none;\"><span class=\"entry-title rich-snippet-hidden\">Barcelona Cathedral<\/span><span class=\"vcard rich-snippet-hidden\"><span class=\"fn\"><a href=\"https:\/\/www.smarttravelers.de\/en\/author\/wp_admin\/\" title=\"Posts by wp_admin\" rel=\"author\">wp_admin<\/a><\/span><\/span><span class=\"updated rich-snippet-hidden\">2023-10-05T22:40:53+02:00<\/span>\n\n<div  class=\"fusion-masonry-element-container fusion-image-wrapper\" style=\"background-image:url(https:\/\/www.smarttravelers.de\/wp-content\/uploads\/2018\/05\/Kathedrale-von-Barcelona1.jpg);padding-top:calc((100% + 20px) * 0.8 - 10px);\" aria-haspopup=\"true\">\n\t\n\t\n\t\n\t\t\n\t\t\t\t\t<img decoding=\"async\" width=\"1200\" height=\"900\" src=\"https:\/\/www.smarttravelers.de\/wp-content\/uploads\/2018\/05\/Kathedrale-von-Barcelona1.jpg\" class=\"attachment-full size-full wp-post-image\" alt=\"Die Hauptfassade der Kathedrale von Barcelona\" srcset=\"https:\/\/www.smarttravelers.de\/wp-content\/uploads\/2018\/05\/Kathedrale-von-Barcelona1-200x150.jpg 200w, https:\/\/www.smarttravelers.de\/wp-content\/uploads\/2018\/05\/Kathedrale-von-Barcelona1-400x300.jpg 400w, https:\/\/www.smarttravelers.de\/wp-content\/uploads\/2018\/05\/Kathedrale-von-Barcelona1-600x450.jpg 600w, https:\/\/www.smarttravelers.de\/wp-content\/uploads\/2018\/05\/Kathedrale-von-Barcelona1-800x600.jpg 800w, https:\/\/www.smarttravelers.de\/wp-content\/uploads\/2018\/05\/Kathedrale-von-Barcelona1.jpg 1200w\" sizes=\"(min-width: 2200px) 100vw, (min-width: 284px) 356px, (min-width: 212px) 284px, (min-width: 140px) 212px, \" \/>\n\t\n\n\t\t<div class=\"fusion-rollover\">\n\t<div class=\"fusion-rollover-content\">\n\n\t\t\t\t\t\t\t\t\t\t\t\t\t\t<a class=\"fusion-rollover-link\" href=\"https:\/\/www.smarttravelers.de\/en\/sights\/spain\/barcelona\/barcelona-cathedral\/\" target=\"_blank\">Barcelona Cathedral<\/a>\n\t\t\t\n\t\t\t\t\t\t\t\t\t\t\t\t\t\t\n\t\t\t\t\t\t\t\t\n\t\t\t\t\t\t\t\t\t\t\t\t\t<div class=\"fusion-rollover-sep\"><\/div>\n\t\t\t\t\n\t\t\t\t\t\t\t\t\t\t\t\t\t\t\t\t\t\t<a class=\"fusion-rollover-gallery\" href=\"https:\/\/www.smarttravelers.de\/wp-content\/uploads\/2018\/05\/Kathedrale-von-Barcelona1.jpg\" data-id=\"63542\" data-rel=\"iLightbox[gallery-rw-1]\" data-title=\"Kathedrale von Barcelona1\" data-caption=\"\">\n\t\t\t\t\t\tGallery\t\t\t\t\t<\/a>\n\t\t\t\t\t\t\t\t\t\t\t\t\t\t\n\t\t\n\t\t\t\t\t\t\t\t\t\t\t\t<h4 class=\"fusion-rollover-title\">\n\t\t\t\t\t<a class=\"fusion-rollover-title-link\" href=\"https:\/\/www.smarttravelers.de\/en\/sights\/spain\/barcelona\/barcelona-cathedral\/\" target=\"_blank\">\n\t\t\t\t\t\tBarcelona Cathedral\t\t\t\t\t<\/a>\n\t\t\t\t<\/h4>\n\t\t\t\n\t\t\t\t\t\t\t\t\n\t\t\n\t\t\t\t\t\t<a class=\"fusion-link-wrapper\" href=\"https:\/\/www.smarttravelers.de\/en\/sights\/spain\/barcelona\/barcelona-cathedral\/\" target=\"_blank\" aria-label=\"Barcelona Cathedral\"><\/a>\n\t<\/div>\n<\/div>\n\n\t\n<\/div>\n<\/div><\/article><article id=\"portfolio-1-post-63500\" class=\"fusion-portfolio-post all-in-barcelona museums-galleries fusion-col-spacing post-63500 fusion-element-grid\"><div class=\"fusion-portfolio-content-wrapper\" style=\"border:none;\"><span class=\"entry-title rich-snippet-hidden\">Barcelona Museum of Contemporary Art<\/span><span class=\"vcard rich-snippet-hidden\"><span class=\"fn\"><a href=\"https:\/\/www.smarttravelers.de\/en\/author\/wp_admin\/\" title=\"Posts by wp_admin\" rel=\"author\">wp_admin<\/a><\/span><\/span><span class=\"updated rich-snippet-hidden\">2023-10-05T22:30:07+02:00<\/span>\n\n<div  class=\"fusion-masonry-element-container fusion-image-wrapper\" style=\"background-image:url(https:\/\/www.smarttravelers.de\/wp-content\/uploads\/2018\/05\/Museum-dArt-Contemporani-de-Barcelona1.jpg);padding-top:calc((100% + 20px) * 0.8 - 10px);\" aria-haspopup=\"true\">\n\t\n\t\n\t\n\t\t\n\t\t\t\t\t<img decoding=\"async\" width=\"1200\" height=\"900\" src=\"https:\/\/www.smarttravelers.de\/wp-content\/uploads\/2018\/05\/Museum-dArt-Contemporani-de-Barcelona1.jpg\" class=\"attachment-full size-full wp-post-image\" alt=\"Die Milstein Hall of Ocean Life im American Museum of Natural History\" srcset=\"https:\/\/www.smarttravelers.de\/wp-content\/uploads\/2018\/05\/Museum-dArt-Contemporani-de-Barcelona1-200x150.jpg 200w, https:\/\/www.smarttravelers.de\/wp-content\/uploads\/2018\/05\/Museum-dArt-Contemporani-de-Barcelona1-400x300.jpg 400w, https:\/\/www.smarttravelers.de\/wp-content\/uploads\/2018\/05\/Museum-dArt-Contemporani-de-Barcelona1-600x450.jpg 600w, https:\/\/www.smarttravelers.de\/wp-content\/uploads\/2018\/05\/Museum-dArt-Contemporani-de-Barcelona1-800x600.jpg 800w, https:\/\/www.smarttravelers.de\/wp-content\/uploads\/2018\/05\/Museum-dArt-Contemporani-de-Barcelona1.jpg 1200w\" sizes=\"(min-width: 2200px) 100vw, (min-width: 284px) 356px, (min-width: 212px) 284px, (min-width: 140px) 212px, \" \/>\n\t\n\n\t\t<div class=\"fusion-rollover\">\n\t<div class=\"fusion-rollover-content\">\n\n\t\t\t\t\t\t\t\t\t\t\t\t\t\t<a class=\"fusion-rollover-link\" href=\"https:\/\/www.smarttravelers.de\/en\/sights\/spain\/barcelona\/barcelona-museum-of-contemporary-art\/\" target=\"_blank\">Barcelona Museum of Contemporary Art<\/a>\n\t\t\t\n\t\t\t\t\t\t\t\t\t\t\t\t\t\t\n\t\t\t\t\t\t\t\t\n\t\t\t\t\t\t\t\t\t\t\t\t\t<div class=\"fusion-rollover-sep\"><\/div>\n\t\t\t\t\n\t\t\t\t\t\t\t\t\t\t\t\t\t\t\t\t\t\t<a class=\"fusion-rollover-gallery\" href=\"https:\/\/www.smarttravelers.de\/wp-content\/uploads\/2018\/05\/Museum-dArt-Contemporani-de-Barcelona1.jpg\" data-id=\"63500\" data-rel=\"iLightbox[gallery-rw-1]\" data-title=\"Museum d&#039;Art Contemporani de Barcelona1\" data-caption=\"\">\n\t\t\t\t\t\tGallery\t\t\t\t\t<\/a>\n\t\t\t\t\t\t\t\t\t\t\t\t\t\t\n\t\t\n\t\t\t\t\t\t\t\t\t\t\t\t<h4 class=\"fusion-rollover-title\">\n\t\t\t\t\t<a class=\"fusion-rollover-title-link\" href=\"https:\/\/www.smarttravelers.de\/en\/sights\/spain\/barcelona\/barcelona-museum-of-contemporary-art\/\" target=\"_blank\">\n\t\t\t\t\t\tBarcelona Museum of Contemporary Art\t\t\t\t\t<\/a>\n\t\t\t\t<\/h4>\n\t\t\t\n\t\t\t\t\t\t\t\t\n\t\t\n\t\t\t\t\t\t<a class=\"fusion-link-wrapper\" href=\"https:\/\/www.smarttravelers.de\/en\/sights\/spain\/barcelona\/barcelona-museum-of-contemporary-art\/\" target=\"_blank\" aria-label=\"Barcelona Museum of Contemporary Art\"><\/a>\n\t<\/div>\n<\/div>\n\n\t\n<\/div>\n<\/div><\/article><article id=\"portfolio-1-post-63424\" class=\"fusion-portfolio-post all-in-barcelona zoos-aquariums fusion-col-spacing post-63424 fusion-element-grid\"><div class=\"fusion-portfolio-content-wrapper\" style=\"border:none;\"><span class=\"entry-title rich-snippet-hidden\">Barcelona Zoo<\/span><span class=\"vcard rich-snippet-hidden\"><span class=\"fn\"><a href=\"https:\/\/www.smarttravelers.de\/en\/author\/wp_admin\/\" title=\"Posts by wp_admin\" rel=\"author\">wp_admin<\/a><\/span><\/span><span class=\"updated rich-snippet-hidden\">2023-10-05T22:03:09+02:00<\/span>\n\n<div  class=\"fusion-masonry-element-container fusion-image-wrapper\" style=\"background-image:url(https:\/\/www.smarttravelers.de\/wp-content\/uploads\/2018\/05\/Zoo-Barcelona3.jpg);padding-top:calc((100% + 20px) * 0.8 - 10px);\" aria-haspopup=\"true\">\n\t\n\t\n\t\n\t\t\n\t\t\t\t\t<img decoding=\"async\" width=\"1200\" height=\"900\" src=\"https:\/\/www.smarttravelers.de\/wp-content\/uploads\/2018\/05\/Zoo-Barcelona3.jpg\" class=\"attachment-full size-full wp-post-image\" alt=\"Seehundeshow im Zoo Barcelona\" srcset=\"https:\/\/www.smarttravelers.de\/wp-content\/uploads\/2018\/05\/Zoo-Barcelona3-200x150.jpg 200w, https:\/\/www.smarttravelers.de\/wp-content\/uploads\/2018\/05\/Zoo-Barcelona3-400x300.jpg 400w, https:\/\/www.smarttravelers.de\/wp-content\/uploads\/2018\/05\/Zoo-Barcelona3-600x450.jpg 600w, https:\/\/www.smarttravelers.de\/wp-content\/uploads\/2018\/05\/Zoo-Barcelona3-800x600.jpg 800w, https:\/\/www.smarttravelers.de\/wp-content\/uploads\/2018\/05\/Zoo-Barcelona3.jpg 1200w\" sizes=\"(min-width: 2200px) 100vw, (min-width: 284px) 356px, (min-width: 212px) 284px, (min-width: 140px) 212px, \" \/>\n\t\n\n\t\t<div class=\"fusion-rollover\">\n\t<div class=\"fusion-rollover-content\">\n\n\t\t\t\t\t\t\t\t\t\t\t\t\t\t<a class=\"fusion-rollover-link\" href=\"https:\/\/www.smarttravelers.de\/en\/sights\/spain\/barcelona\/barcelona-zoo\/\" target=\"_blank\">Barcelona Zoo<\/a>\n\t\t\t\n\t\t\t\t\t\t\t\t\t\t\t\t\t\t\n\t\t\t\t\t\t\t\t\n\t\t\t\t\t\t\t\t\t\t\t\t\t<div class=\"fusion-rollover-sep\"><\/div>\n\t\t\t\t\n\t\t\t\t\t\t\t\t\t\t\t\t\t\t\t\t\t\t<a class=\"fusion-rollover-gallery\" href=\"https:\/\/www.smarttravelers.de\/wp-content\/uploads\/2018\/05\/Zoo-Barcelona3.jpg\" data-id=\"63424\" data-rel=\"iLightbox[gallery-rw-1]\" data-title=\"Zoo Barcelona3\" data-caption=\"\">\n\t\t\t\t\t\tGallery\t\t\t\t\t<\/a>\n\t\t\t\t\t\t\t\t\t\t\t\t\t\t\n\t\t\n\t\t\t\t\t\t\t\t\t\t\t\t<h4 class=\"fusion-rollover-title\">\n\t\t\t\t\t<a class=\"fusion-rollover-title-link\" href=\"https:\/\/www.smarttravelers.de\/en\/sights\/spain\/barcelona\/barcelona-zoo\/\" target=\"_blank\">\n\t\t\t\t\t\tBarcelona Zoo\t\t\t\t\t<\/a>\n\t\t\t\t<\/h4>\n\t\t\t\n\t\t\t\t\t\t\t\t\n\t\t\n\t\t\t\t\t\t<a class=\"fusion-link-wrapper\" href=\"https:\/\/www.smarttravelers.de\/en\/sights\/spain\/barcelona\/barcelona-zoo\/\" target=\"_blank\" aria-label=\"Barcelona Zoo\"><\/a>\n\t<\/div>\n<\/div>\n\n\t\n<\/div>\n<\/div><\/article><article id=\"portfolio-1-post-63602\" class=\"fusion-portfolio-post all-in-barcelona museums-galleries fusion-col-spacing post-63602 fusion-element-grid\"><div class=\"fusion-portfolio-content-wrapper\" style=\"border:none;\"><span class=\"entry-title rich-snippet-hidden\">CaixaForum Barcelona<\/span><span class=\"vcard rich-snippet-hidden\"><span class=\"fn\"><a href=\"https:\/\/www.smarttravelers.de\/en\/author\/wp_admin\/\" title=\"Posts by wp_admin\" rel=\"author\">wp_admin<\/a><\/span><\/span><span class=\"updated rich-snippet-hidden\">2023-10-05T22:53:05+02:00<\/span>\n\n<div  class=\"fusion-masonry-element-container fusion-image-wrapper\" style=\"background-image:url(https:\/\/www.smarttravelers.de\/wp-content\/uploads\/2018\/05\/CaixaForum-Barcelona3.jpg);padding-top:calc((100% + 20px) * 0.8 - 10px);\" aria-haspopup=\"true\">\n\t\n\t\n\t\n\t\t\n\t\t\t\t\t<img decoding=\"async\" width=\"1200\" height=\"900\" src=\"https:\/\/www.smarttravelers.de\/wp-content\/uploads\/2018\/05\/CaixaForum-Barcelona3.jpg\" class=\"attachment-full size-full wp-post-image\" alt=\"Das ArtScience Museum bei Nacht\" srcset=\"https:\/\/www.smarttravelers.de\/wp-content\/uploads\/2018\/05\/CaixaForum-Barcelona3-200x150.jpg 200w, https:\/\/www.smarttravelers.de\/wp-content\/uploads\/2018\/05\/CaixaForum-Barcelona3-400x300.jpg 400w, https:\/\/www.smarttravelers.de\/wp-content\/uploads\/2018\/05\/CaixaForum-Barcelona3-600x450.jpg 600w, https:\/\/www.smarttravelers.de\/wp-content\/uploads\/2018\/05\/CaixaForum-Barcelona3-800x600.jpg 800w, https:\/\/www.smarttravelers.de\/wp-content\/uploads\/2018\/05\/CaixaForum-Barcelona3.jpg 1200w\" sizes=\"(min-width: 2200px) 100vw, (min-width: 284px) 356px, (min-width: 212px) 284px, (min-width: 140px) 212px, \" \/>\n\t\n\n\t\t<div class=\"fusion-rollover\">\n\t<div class=\"fusion-rollover-content\">\n\n\t\t\t\t\t\t\t\t\t\t\t\t\t\t<a class=\"fusion-rollover-link\" href=\"https:\/\/www.smarttravelers.de\/en\/sights\/spain\/barcelona\/caixaforum-barcelona\/\" target=\"_blank\">CaixaForum Barcelona<\/a>\n\t\t\t\n\t\t\t\t\t\t\t\t\t\t\t\t\t\t\n\t\t\t\t\t\t\t\t\n\t\t\t\t\t\t\t\t\t\t\t\t\t<div class=\"fusion-rollover-sep\"><\/div>\n\t\t\t\t\n\t\t\t\t\t\t\t\t\t\t\t\t\t\t\t\t\t\t<a class=\"fusion-rollover-gallery\" href=\"https:\/\/www.smarttravelers.de\/wp-content\/uploads\/2018\/05\/CaixaForum-Barcelona3.jpg\" data-id=\"63602\" data-rel=\"iLightbox[gallery-rw-1]\" data-title=\"CaixaForum Barcelona3\" data-caption=\"\">\n\t\t\t\t\t\tGallery\t\t\t\t\t<\/a>\n\t\t\t\t\t\t\t\t\t\t\t\t\t\t\n\t\t\n\t\t\t\t\t\t\t\t\t\t\t\t<h4 class=\"fusion-rollover-title\">\n\t\t\t\t\t<a class=\"fusion-rollover-title-link\" href=\"https:\/\/www.smarttravelers.de\/en\/sights\/spain\/barcelona\/caixaforum-barcelona\/\" target=\"_blank\">\n\t\t\t\t\t\tCaixaForum Barcelona\t\t\t\t\t<\/a>\n\t\t\t\t<\/h4>\n\t\t\t\n\t\t\t\t\t\t\t\t\n\t\t\n\t\t\t\t\t\t<a class=\"fusion-link-wrapper\" href=\"https:\/\/www.smarttravelers.de\/en\/sights\/spain\/barcelona\/caixaforum-barcelona\/\" target=\"_blank\" aria-label=\"CaixaForum Barcelona\"><\/a>\n\t<\/div>\n<\/div>\n\n\t\n<\/div>\n<\/div><\/article><article id=\"portfolio-1-post-63598\" class=\"fusion-portfolio-post all-in-barcelona other-sights fusion-col-spacing post-63598 fusion-element-landscape\"><div class=\"fusion-portfolio-content-wrapper\" style=\"border:none;\"><span class=\"entry-title rich-snippet-hidden\">Camp Nou<\/span><span class=\"vcard rich-snippet-hidden\"><span class=\"fn\"><a href=\"https:\/\/www.smarttravelers.de\/en\/author\/wp_admin\/\" title=\"Posts by wp_admin\" rel=\"author\">wp_admin<\/a><\/span><\/span><span class=\"updated rich-snippet-hidden\">2023-11-01T00:34:39+02:00<\/span>\n\n<div  class=\"fusion-masonry-element-container fusion-image-wrapper\" style=\"background-image:url(https:\/\/www.smarttravelers.de\/wp-content\/uploads\/2018\/05\/Camp-Nou3.jpg);padding-top:calc((100% + 20px) * 0.4 - 10px);\" aria-haspopup=\"true\">\n\t\n\t\n\t\n\t\t\n\t\t\t\t\t<img decoding=\"async\" width=\"1200\" height=\"675\" src=\"https:\/\/www.smarttravelers.de\/wp-content\/uploads\/2018\/05\/Camp-Nou3.jpg\" class=\"attachment-full size-full wp-post-image\" alt=\"Fu\u00dfballspiel im Camp Nou\" srcset=\"https:\/\/www.smarttravelers.de\/wp-content\/uploads\/2018\/05\/Camp-Nou3-200x113.jpg 200w, https:\/\/www.smarttravelers.de\/wp-content\/uploads\/2018\/05\/Camp-Nou3-400x225.jpg 400w, https:\/\/www.smarttravelers.de\/wp-content\/uploads\/2018\/05\/Camp-Nou3-600x338.jpg 600w, https:\/\/www.smarttravelers.de\/wp-content\/uploads\/2018\/05\/Camp-Nou3-800x450.jpg 800w, https:\/\/www.smarttravelers.de\/wp-content\/uploads\/2018\/05\/Camp-Nou3.jpg 1200w\" sizes=\"(min-width: 2200px) 100vw, (min-width: 140px) 1920px, \" \/>\n\t\n\n\t\t<div class=\"fusion-rollover\">\n\t<div class=\"fusion-rollover-content\">\n\n\t\t\t\t\t\t\t\t\t\t\t\t\t\t<a class=\"fusion-rollover-link\" href=\"https:\/\/www.smarttravelers.de\/en\/sights\/spain\/barcelona\/camp-nou\/\" target=\"_blank\">Camp Nou<\/a>\n\t\t\t\n\t\t\t\t\t\t\t\t\t\t\t\t\t\t\n\t\t\t\t\t\t\t\t\n\t\t\t\t\t\t\t\t\t\t\t\t\t<div class=\"fusion-rollover-sep\"><\/div>\n\t\t\t\t\n\t\t\t\t\t\t\t\t\t\t\t\t\t\t\t\t\t\t<a class=\"fusion-rollover-gallery\" href=\"https:\/\/www.smarttravelers.de\/wp-content\/uploads\/2018\/05\/Camp-Nou3.jpg\" data-id=\"63598\" data-rel=\"iLightbox[gallery-rw-1]\" data-title=\"Camp Nou3\" data-caption=\"\">\n\t\t\t\t\t\tGallery\t\t\t\t\t<\/a>\n\t\t\t\t\t\t\t\t\t\t\t\t\t\t\n\t\t\n\t\t\t\t\t\t\t\t\t\t\t\t<h4 class=\"fusion-rollover-title\">\n\t\t\t\t\t<a class=\"fusion-rollover-title-link\" href=\"https:\/\/www.smarttravelers.de\/en\/sights\/spain\/barcelona\/camp-nou\/\" target=\"_blank\">\n\t\t\t\t\t\tCamp Nou\t\t\t\t\t<\/a>\n\t\t\t\t<\/h4>\n\t\t\t\n\t\t\t\t\t\t\t\t\n\t\t\n\t\t\t\t\t\t<a class=\"fusion-link-wrapper\" href=\"https:\/\/www.smarttravelers.de\/en\/sights\/spain\/barcelona\/camp-nou\/\" target=\"_blank\" aria-label=\"Camp Nou\"><\/a>\n\t<\/div>\n<\/div>\n\n\t\n<\/div>\n<\/div><\/article><article id=\"portfolio-1-post-63594\" class=\"fusion-portfolio-post all-in-barcelona historical-buildings museums-galleries fusion-col-spacing post-63594 fusion-element-portrait\"><div class=\"fusion-portfolio-content-wrapper\" style=\"border:none;\"><span class=\"entry-title rich-snippet-hidden\">Casa Amatller<\/span><span class=\"vcard rich-snippet-hidden\"><span class=\"fn\"><a href=\"https:\/\/www.smarttravelers.de\/en\/author\/wp_admin\/\" title=\"Posts by wp_admin\" rel=\"author\">wp_admin<\/a><\/span><\/span><span class=\"updated rich-snippet-hidden\">2023-10-05T22:51:06+02:00<\/span>\n\n<div  class=\"fusion-masonry-element-container fusion-image-wrapper\" style=\"background-image:url(https:\/\/www.smarttravelers.de\/wp-content\/uploads\/2018\/05\/Casa-Amatller1.jpg);padding-top:calc((100% + 20px) * 1.6);\" aria-haspopup=\"true\">\n\t\n\t\n\t\n\t\t\n\t\t\t\t\t<img decoding=\"async\" width=\"685\" height=\"1024\" src=\"https:\/\/www.smarttravelers.de\/wp-content\/uploads\/2018\/05\/Casa-Amatller1.jpg\" class=\"attachment-full size-full wp-post-image\" alt=\"Die Fassade der Casa Amatller\" srcset=\"https:\/\/www.smarttravelers.de\/wp-content\/uploads\/2018\/05\/Casa-Amatller1-200x299.jpg 200w, https:\/\/www.smarttravelers.de\/wp-content\/uploads\/2018\/05\/Casa-Amatller1-400x598.jpg 400w, https:\/\/www.smarttravelers.de\/wp-content\/uploads\/2018\/05\/Casa-Amatller1-600x897.jpg 600w, https:\/\/www.smarttravelers.de\/wp-content\/uploads\/2018\/05\/Casa-Amatller1.jpg 685w\" sizes=\"(min-width: 2200px) 100vw, (min-width: 284px) 356px, (min-width: 212px) 284px, (min-width: 140px) 212px, \" \/>\n\t\n\n\t\t<div class=\"fusion-rollover\">\n\t<div class=\"fusion-rollover-content\">\n\n\t\t\t\t\t\t\t\t\t\t\t\t\t\t<a class=\"fusion-rollover-link\" href=\"https:\/\/www.smarttravelers.de\/en\/sights\/spain\/barcelona\/casa-amatller\/\" target=\"_blank\">Casa Amatller<\/a>\n\t\t\t\n\t\t\t\t\t\t\t\t\t\t\t\t\t\t\n\t\t\t\t\t\t\t\t\n\t\t\t\t\t\t\t\t\t\t\t\t\t<div class=\"fusion-rollover-sep\"><\/div>\n\t\t\t\t\n\t\t\t\t\t\t\t\t\t\t\t\t\t\t\t\t\t\t<a class=\"fusion-rollover-gallery\" href=\"https:\/\/www.smarttravelers.de\/wp-content\/uploads\/2018\/05\/Casa-Amatller1.jpg\" data-id=\"63594\" data-rel=\"iLightbox[gallery-rw-1]\" data-title=\"Casa Amatller1\" data-caption=\"\">\n\t\t\t\t\t\tGallery\t\t\t\t\t<\/a>\n\t\t\t\t\t\t\t\t\t\t\t\t\t\t\n\t\t\n\t\t\t\t\t\t\t\t\t\t\t\t<h4 class=\"fusion-rollover-title\">\n\t\t\t\t\t<a class=\"fusion-rollover-title-link\" href=\"https:\/\/www.smarttravelers.de\/en\/sights\/spain\/barcelona\/casa-amatller\/\" target=\"_blank\">\n\t\t\t\t\t\tCasa Amatller\t\t\t\t\t<\/a>\n\t\t\t\t<\/h4>\n\t\t\t\n\t\t\t\t\t\t\t\t\n\t\t\n\t\t\t\t\t\t<a class=\"fusion-link-wrapper\" href=\"https:\/\/www.smarttravelers.de\/en\/sights\/spain\/barcelona\/casa-amatller\/\" target=\"_blank\" aria-label=\"Casa Amatller\"><\/a>\n\t<\/div>\n<\/div>\n\n\t\n<\/div>\n<\/div><\/article><article id=\"portfolio-1-post-67677\" class=\"fusion-portfolio-post all-in-barcelona historical-buildings museums-galleries world-heritage-sites fusion-col-spacing post-67677 fusion-element-portrait\"><div class=\"fusion-portfolio-content-wrapper\" style=\"border:none;\"><span class=\"entry-title rich-snippet-hidden\">Casa Batll\u00f3<\/span><span class=\"vcard rich-snippet-hidden\"><span class=\"fn\"><a href=\"https:\/\/www.smarttravelers.de\/en\/author\/wp_admin\/\" title=\"Posts by wp_admin\" rel=\"author\">wp_admin<\/a><\/span><\/span><span class=\"updated rich-snippet-hidden\">2024-06-10T13:05:20+02:00<\/span>\n\n<div  class=\"fusion-masonry-element-container fusion-image-wrapper\" style=\"background-image:url(https:\/\/www.smarttravelers.de\/wp-content\/uploads\/2018\/05\/Casa-Battl\u00f21.jpg);padding-top:calc((100% + 20px) * 1.6);\" aria-haspopup=\"true\">\n\t\n\t\n\t\n\t\t\n\t\t\t\t\t<img decoding=\"async\" width=\"598\" height=\"899\" src=\"https:\/\/www.smarttravelers.de\/wp-content\/uploads\/2018\/05\/Casa-Battl\u00f21.jpg\" class=\"attachment-full size-full wp-post-image\" alt=\"Die Fassade der Casa Battl\u00f2 bei Nacht\" srcset=\"https:\/\/www.smarttravelers.de\/wp-content\/uploads\/2018\/05\/Casa-Battl\u00f21-200x301.jpg 200w, https:\/\/www.smarttravelers.de\/wp-content\/uploads\/2018\/05\/Casa-Battl\u00f21-400x601.jpg 400w, https:\/\/www.smarttravelers.de\/wp-content\/uploads\/2018\/05\/Casa-Battl\u00f21.jpg 598w\" sizes=\"(min-width: 2200px) 100vw, (min-width: 284px) 356px, (min-width: 212px) 284px, (min-width: 140px) 212px, \" \/>\n\t\n\n\t\t<div class=\"fusion-rollover\">\n\t<div class=\"fusion-rollover-content\">\n\n\t\t\t\t\t\t\t\t\t\t\t\t\t\t<a class=\"fusion-rollover-link\" href=\"https:\/\/www.smarttravelers.de\/en\/sights\/spain\/barcelona\/casa-batllo\/\" target=\"_blank\">Casa Batll\u00f3<\/a>\n\t\t\t\n\t\t\t\t\t\t\t\t\t\t\t\t\t\t\n\t\t\t\t\t\t\t\t\n\t\t\t\t\t\t\t\t\t\t\t\t\t<div class=\"fusion-rollover-sep\"><\/div>\n\t\t\t\t\n\t\t\t\t\t\t\t\t\t\t\t\t\t\t\t\t\t\t<a class=\"fusion-rollover-gallery\" href=\"https:\/\/www.smarttravelers.de\/wp-content\/uploads\/2018\/05\/Casa-Battl\u00f21.jpg\" data-id=\"67677\" data-rel=\"iLightbox[gallery-rw-1]\" data-title=\"Casa Battl\u00f21\" data-caption=\"\">\n\t\t\t\t\t\tGallery\t\t\t\t\t<\/a>\n\t\t\t\t\t\t\t\t\t\t\t\t\t\t\n\t\t\n\t\t\t\t\t\t\t\t\t\t\t\t<h4 class=\"fusion-rollover-title\">\n\t\t\t\t\t<a class=\"fusion-rollover-title-link\" href=\"https:\/\/www.smarttravelers.de\/en\/sights\/spain\/barcelona\/casa-batllo\/\" target=\"_blank\">\n\t\t\t\t\t\tCasa Batll\u00f3\t\t\t\t\t<\/a>\n\t\t\t\t<\/h4>\n\t\t\t\n\t\t\t\t\t\t\t\t\n\t\t\n\t\t\t\t\t\t<a class=\"fusion-link-wrapper\" href=\"https:\/\/www.smarttravelers.de\/en\/sights\/spain\/barcelona\/casa-batllo\/\" target=\"_blank\" aria-label=\"Casa Batll\u00f3\"><\/a>\n\t<\/div>\n<\/div>\n\n\t\n<\/div>\n<\/div><\/article><article id=\"portfolio-1-post-63583\" class=\"fusion-portfolio-post all-in-barcelona highlights-en historical-buildings museums-galleries world-heritage-sites fusion-col-spacing post-63583 fusion-element-grid\"><div class=\"fusion-portfolio-content-wrapper\" style=\"border:none;\"><span class=\"entry-title rich-snippet-hidden\">Casa Mil\u00e0<\/span><span class=\"vcard rich-snippet-hidden\"><span class=\"fn\"><a href=\"https:\/\/www.smarttravelers.de\/en\/author\/wp_admin\/\" title=\"Posts by wp_admin\" rel=\"author\">wp_admin<\/a><\/span><\/span><span class=\"updated rich-snippet-hidden\">2023-10-05T22:50:05+02:00<\/span>\n\n<div  class=\"fusion-masonry-element-container fusion-image-wrapper\" style=\"background-image:url(https:\/\/www.smarttravelers.de\/wp-content\/uploads\/2018\/05\/Casa-Mil\u00e02.jpg);padding-top:calc((100% + 20px) * 0.8 - 10px);\" aria-haspopup=\"true\">\n\t\n\t\n\t\n\t\t\n\t\t\t\t\t<img decoding=\"async\" width=\"1200\" height=\"800\" src=\"https:\/\/www.smarttravelers.de\/wp-content\/uploads\/2018\/05\/Casa-Mil\u00e02.jpg\" class=\"attachment-full size-full wp-post-image\" alt=\"Die Milstein Hall of Ocean Life im American Museum of Natural History\" srcset=\"https:\/\/www.smarttravelers.de\/wp-content\/uploads\/2018\/05\/Casa-Mil\u00e02-200x133.jpg 200w, https:\/\/www.smarttravelers.de\/wp-content\/uploads\/2018\/05\/Casa-Mil\u00e02-400x267.jpg 400w, https:\/\/www.smarttravelers.de\/wp-content\/uploads\/2018\/05\/Casa-Mil\u00e02-600x400.jpg 600w, https:\/\/www.smarttravelers.de\/wp-content\/uploads\/2018\/05\/Casa-Mil\u00e02-800x533.jpg 800w, https:\/\/www.smarttravelers.de\/wp-content\/uploads\/2018\/05\/Casa-Mil\u00e02.jpg 1200w\" sizes=\"(min-width: 2200px) 100vw, (min-width: 284px) 356px, (min-width: 212px) 284px, (min-width: 140px) 212px, \" \/>\n\t\n\n\t\t<div class=\"fusion-rollover\">\n\t<div class=\"fusion-rollover-content\">\n\n\t\t\t\t\t\t\t\t\t\t\t\t\t\t<a class=\"fusion-rollover-link\" href=\"https:\/\/www.smarttravelers.de\/en\/sights\/spain\/barcelona\/casa-mila\/\" target=\"_blank\">Casa Mil\u00e0<\/a>\n\t\t\t\n\t\t\t\t\t\t\t\t\t\t\t\t\t\t\n\t\t\t\t\t\t\t\t\n\t\t\t\t\t\t\t\t\t\t\t\t\t<div class=\"fusion-rollover-sep\"><\/div>\n\t\t\t\t\n\t\t\t\t\t\t\t\t\t\t\t\t\t\t\t\t\t\t<a class=\"fusion-rollover-gallery\" href=\"https:\/\/www.smarttravelers.de\/wp-content\/uploads\/2018\/05\/Casa-Mil\u00e02.jpg\" data-id=\"63583\" data-rel=\"iLightbox[gallery-rw-1]\" data-title=\"Casa Mil\u00e02\" data-caption=\"\">\n\t\t\t\t\t\tGallery\t\t\t\t\t<\/a>\n\t\t\t\t\t\t\t\t\t\t\t\t\t\t\n\t\t\n\t\t\t\t\t\t\t\t\t\t\t\t<h4 class=\"fusion-rollover-title\">\n\t\t\t\t\t<a class=\"fusion-rollover-title-link\" href=\"https:\/\/www.smarttravelers.de\/en\/sights\/spain\/barcelona\/casa-mila\/\" target=\"_blank\">\n\t\t\t\t\t\tCasa Mil\u00e0\t\t\t\t\t<\/a>\n\t\t\t\t<\/h4>\n\t\t\t\n\t\t\t\t\t\t\t\t\n\t\t\n\t\t\t\t\t\t<a class=\"fusion-link-wrapper\" href=\"https:\/\/www.smarttravelers.de\/en\/sights\/spain\/barcelona\/casa-mila\/\" target=\"_blank\" aria-label=\"Casa Mil\u00e0\"><\/a>\n\t<\/div>\n<\/div>\n\n\t\n<\/div>\n<\/div><\/article><article id=\"portfolio-1-post-63579\" class=\"fusion-portfolio-post all-in-barcelona historical-buildings museums-galleries world-heritage-sites fusion-col-spacing post-63579 fusion-element-grid\"><div class=\"fusion-portfolio-content-wrapper\" style=\"border:none;\"><span class=\"entry-title rich-snippet-hidden\">Casa Vicens<\/span><span class=\"vcard rich-snippet-hidden\"><span class=\"fn\"><a href=\"https:\/\/www.smarttravelers.de\/en\/author\/wp_admin\/\" title=\"Posts by wp_admin\" rel=\"author\">wp_admin<\/a><\/span><\/span><span class=\"updated rich-snippet-hidden\">2023-10-05T22:48:57+02:00<\/span>\n\n<div  class=\"fusion-masonry-element-container fusion-image-wrapper\" style=\"background-image:url(https:\/\/www.smarttravelers.de\/wp-content\/uploads\/2018\/05\/Casa-Vicens1.jpg);padding-top:calc((100% + 20px) * 0.8 - 10px);\" aria-haspopup=\"true\">\n\t\n\t\n\t\n\t\t\n\t\t\t\t\t<img decoding=\"async\" width=\"981\" height=\"900\" src=\"https:\/\/www.smarttravelers.de\/wp-content\/uploads\/2018\/05\/Casa-Vicens1.jpg\" class=\"attachment-full size-full wp-post-image\" alt=\"Seitenansicht der Casa Vicens\" srcset=\"https:\/\/www.smarttravelers.de\/wp-content\/uploads\/2018\/05\/Casa-Vicens1-200x183.jpg 200w, https:\/\/www.smarttravelers.de\/wp-content\/uploads\/2018\/05\/Casa-Vicens1-400x367.jpg 400w, https:\/\/www.smarttravelers.de\/wp-content\/uploads\/2018\/05\/Casa-Vicens1-600x550.jpg 600w, https:\/\/www.smarttravelers.de\/wp-content\/uploads\/2018\/05\/Casa-Vicens1-800x734.jpg 800w, https:\/\/www.smarttravelers.de\/wp-content\/uploads\/2018\/05\/Casa-Vicens1.jpg 981w\" sizes=\"(min-width: 2200px) 100vw, (min-width: 284px) 356px, (min-width: 212px) 284px, (min-width: 140px) 212px, \" \/>\n\t\n\n\t\t<div class=\"fusion-rollover\">\n\t<div class=\"fusion-rollover-content\">\n\n\t\t\t\t\t\t\t\t\t\t\t\t\t\t<a class=\"fusion-rollover-link\" href=\"https:\/\/www.smarttravelers.de\/en\/sights\/spain\/barcelona\/casa-vicens\/\" target=\"_blank\">Casa Vicens<\/a>\n\t\t\t\n\t\t\t\t\t\t\t\t\t\t\t\t\t\t\n\t\t\t\t\t\t\t\t\n\t\t\t\t\t\t\t\t\t\t\t\t\t<div class=\"fusion-rollover-sep\"><\/div>\n\t\t\t\t\n\t\t\t\t\t\t\t\t\t\t\t\t\t\t\t\t\t\t<a class=\"fusion-rollover-gallery\" href=\"https:\/\/www.smarttravelers.de\/wp-content\/uploads\/2018\/05\/Casa-Vicens1.jpg\" data-id=\"63579\" data-rel=\"iLightbox[gallery-rw-1]\" data-title=\"Casa Vicens1\" data-caption=\"\">\n\t\t\t\t\t\tGallery\t\t\t\t\t<\/a>\n\t\t\t\t\t\t\t\t\t\t\t\t\t\t\n\t\t\n\t\t\t\t\t\t\t\t\t\t\t\t<h4 class=\"fusion-rollover-title\">\n\t\t\t\t\t<a class=\"fusion-rollover-title-link\" href=\"https:\/\/www.smarttravelers.de\/en\/sights\/spain\/barcelona\/casa-vicens\/\" target=\"_blank\">\n\t\t\t\t\t\tCasa Vicens\t\t\t\t\t<\/a>\n\t\t\t\t<\/h4>\n\t\t\t\n\t\t\t\t\t\t\t\t\n\t\t\n\t\t\t\t\t\t<a class=\"fusion-link-wrapper\" href=\"https:\/\/www.smarttravelers.de\/en\/sights\/spain\/barcelona\/casa-vicens\/\" target=\"_blank\" aria-label=\"Casa Vicens\"><\/a>\n\t<\/div>\n<\/div>\n\n\t\n<\/div>\n<\/div><\/article><article id=\"portfolio-1-post-63537\" class=\"fusion-portfolio-post all-in-barcelona historical-buildings fusion-col-spacing post-63537 fusion-element-portrait\"><div class=\"fusion-portfolio-content-wrapper\" style=\"border:none;\"><span class=\"entry-title rich-snippet-hidden\">Columbus Monument<\/span><span class=\"vcard rich-snippet-hidden\"><span class=\"fn\"><a href=\"https:\/\/www.smarttravelers.de\/en\/author\/wp_admin\/\" title=\"Posts by wp_admin\" rel=\"author\">wp_admin<\/a><\/span><\/span><span class=\"updated rich-snippet-hidden\">2023-10-05T22:39:54+02:00<\/span>\n\n<div  class=\"fusion-masonry-element-container fusion-image-wrapper\" style=\"background-image:url(https:\/\/www.smarttravelers.de\/wp-content\/uploads\/2018\/05\/Kolumbus-Denkmal1.jpg);padding-top:calc((100% + 20px) * 1.6);\" aria-haspopup=\"true\">\n\t\n\t\n\t\n\t\t\n\t\t\t\t\t<img decoding=\"async\" width=\"595\" height=\"900\" src=\"https:\/\/www.smarttravelers.de\/wp-content\/uploads\/2018\/05\/Kolumbus-Denkmal1.jpg\" class=\"attachment-full size-full wp-post-image\" alt=\"Kolumbus-Statue auf dem Kolumbus-Denkmal\" srcset=\"https:\/\/www.smarttravelers.de\/wp-content\/uploads\/2018\/05\/Kolumbus-Denkmal1-200x303.jpg 200w, https:\/\/www.smarttravelers.de\/wp-content\/uploads\/2018\/05\/Kolumbus-Denkmal1-400x605.jpg 400w, https:\/\/www.smarttravelers.de\/wp-content\/uploads\/2018\/05\/Kolumbus-Denkmal1.jpg 595w\" sizes=\"(min-width: 2200px) 100vw, (min-width: 284px) 356px, (min-width: 212px) 284px, (min-width: 140px) 212px, \" \/>\n\t\n\n\t\t<div class=\"fusion-rollover\">\n\t<div class=\"fusion-rollover-content\">\n\n\t\t\t\t\t\t\t\t\t\t\t\t\t\t<a class=\"fusion-rollover-link\" href=\"https:\/\/www.smarttravelers.de\/en\/sights\/spain\/barcelona\/columbus-monument\/\" target=\"_blank\">Columbus Monument<\/a>\n\t\t\t\n\t\t\t\t\t\t\t\t\t\t\t\t\t\t\n\t\t\t\t\t\t\t\t\n\t\t\t\t\t\t\t\t\t\t\t\t\t<div class=\"fusion-rollover-sep\"><\/div>\n\t\t\t\t\n\t\t\t\t\t\t\t\t\t\t\t\t\t\t\t\t\t\t<a class=\"fusion-rollover-gallery\" href=\"https:\/\/www.smarttravelers.de\/wp-content\/uploads\/2018\/05\/Kolumbus-Denkmal1.jpg\" data-id=\"63537\" data-rel=\"iLightbox[gallery-rw-1]\" data-title=\"Kolumbus-Denkmal1\" data-caption=\"\">\n\t\t\t\t\t\tGallery\t\t\t\t\t<\/a>\n\t\t\t\t\t\t\t\t\t\t\t\t\t\t\n\t\t\n\t\t\t\t\t\t\t\t\t\t\t\t<h4 class=\"fusion-rollover-title\">\n\t\t\t\t\t<a class=\"fusion-rollover-title-link\" href=\"https:\/\/www.smarttravelers.de\/en\/sights\/spain\/barcelona\/columbus-monument\/\" target=\"_blank\">\n\t\t\t\t\t\tColumbus Monument\t\t\t\t\t<\/a>\n\t\t\t\t<\/h4>\n\t\t\t\n\t\t\t\t\t\t\t\t\n\t\t\n\t\t\t\t\t\t<a class=\"fusion-link-wrapper\" href=\"https:\/\/www.smarttravelers.de\/en\/sights\/spain\/barcelona\/columbus-monument\/\" target=\"_blank\" aria-label=\"Columbus Monument\"><\/a>\n\t<\/div>\n<\/div>\n\n\t\n<\/div>\n<\/div><\/article><article id=\"portfolio-1-post-63570\" class=\"fusion-portfolio-post all-in-barcelona museums-galleries fusion-col-spacing post-63570 fusion-element-grid\"><div class=\"fusion-portfolio-content-wrapper\" style=\"border:none;\"><span class=\"entry-title rich-snippet-hidden\">CosmoCaixa Barcelona<\/span><span class=\"vcard rich-snippet-hidden\"><span class=\"fn\"><a href=\"https:\/\/www.smarttravelers.de\/en\/author\/wp_admin\/\" title=\"Posts by wp_admin\" rel=\"author\">wp_admin<\/a><\/span><\/span><span class=\"updated rich-snippet-hidden\">2023-10-05T22:46:50+02:00<\/span>\n\n<div  class=\"fusion-masonry-element-container fusion-image-wrapper\" style=\"background-image:url(https:\/\/www.smarttravelers.de\/wp-content\/uploads\/2018\/05\/CosmoCaixa-Barcelona1.jpg);padding-top:calc((100% + 20px) * 0.8 - 10px);\" aria-haspopup=\"true\">\n\t\n\t\n\t\n\t\t\n\t\t\t\t\t<img decoding=\"async\" width=\"1200\" height=\"900\" src=\"https:\/\/www.smarttravelers.de\/wp-content\/uploads\/2018\/05\/CosmoCaixa-Barcelona1.jpg\" class=\"attachment-full size-full wp-post-image\" alt=\"Experiment im CosmoCaixa Barcelona\" srcset=\"https:\/\/www.smarttravelers.de\/wp-content\/uploads\/2018\/05\/CosmoCaixa-Barcelona1-200x150.jpg 200w, https:\/\/www.smarttravelers.de\/wp-content\/uploads\/2018\/05\/CosmoCaixa-Barcelona1-400x300.jpg 400w, https:\/\/www.smarttravelers.de\/wp-content\/uploads\/2018\/05\/CosmoCaixa-Barcelona1-600x450.jpg 600w, https:\/\/www.smarttravelers.de\/wp-content\/uploads\/2018\/05\/CosmoCaixa-Barcelona1-800x600.jpg 800w, https:\/\/www.smarttravelers.de\/wp-content\/uploads\/2018\/05\/CosmoCaixa-Barcelona1.jpg 1200w\" sizes=\"(min-width: 2200px) 100vw, (min-width: 284px) 356px, (min-width: 212px) 284px, (min-width: 140px) 212px, \" \/>\n\t\n\n\t\t<div class=\"fusion-rollover\">\n\t<div class=\"fusion-rollover-content\">\n\n\t\t\t\t\t\t\t\t\t\t\t\t\t\t<a class=\"fusion-rollover-link\" href=\"https:\/\/www.smarttravelers.de\/en\/sights\/spain\/barcelona\/cosmocaixa-barcelona\/\" target=\"_blank\">CosmoCaixa Barcelona<\/a>\n\t\t\t\n\t\t\t\t\t\t\t\t\t\t\t\t\t\t\n\t\t\t\t\t\t\t\t\n\t\t\t\t\t\t\t\t\t\t\t\t\t<div class=\"fusion-rollover-sep\"><\/div>\n\t\t\t\t\n\t\t\t\t\t\t\t\t\t\t\t\t\t\t\t\t\t\t<a class=\"fusion-rollover-gallery\" href=\"https:\/\/www.smarttravelers.de\/wp-content\/uploads\/2018\/05\/CosmoCaixa-Barcelona1.jpg\" data-id=\"63570\" data-rel=\"iLightbox[gallery-rw-1]\" data-title=\"CosmoCaixa Barcelona1\" data-caption=\"\">\n\t\t\t\t\t\tGallery\t\t\t\t\t<\/a>\n\t\t\t\t\t\t\t\t\t\t\t\t\t\t\n\t\t\n\t\t\t\t\t\t\t\t\t\t\t\t<h4 class=\"fusion-rollover-title\">\n\t\t\t\t\t<a class=\"fusion-rollover-title-link\" href=\"https:\/\/www.smarttravelers.de\/en\/sights\/spain\/barcelona\/cosmocaixa-barcelona\/\" target=\"_blank\">\n\t\t\t\t\t\tCosmoCaixa Barcelona\t\t\t\t\t<\/a>\n\t\t\t\t<\/h4>\n\t\t\t\n\t\t\t\t\t\t\t\t\n\t\t\n\t\t\t\t\t\t<a class=\"fusion-link-wrapper\" href=\"https:\/\/www.smarttravelers.de\/en\/sights\/spain\/barcelona\/cosmocaixa-barcelona\/\" target=\"_blank\" aria-label=\"CosmoCaixa Barcelona\"><\/a>\n\t<\/div>\n<\/div>\n\n\t\n<\/div>\n<\/div><\/article><article id=\"portfolio-1-post-83814\" class=\"fusion-portfolio-post alle-in-stockholm-en districts highlights-en fusion-col-spacing post-83814 fusion-element-grid\"><div class=\"fusion-portfolio-content-wrapper\" style=\"border:none;\"><span class=\"entry-title rich-snippet-hidden\">Djurgarden<\/span><span class=\"vcard rich-snippet-hidden\"><span class=\"fn\"><a href=\"https:\/\/www.smarttravelers.de\/en\/author\/wp_admin\/\" title=\"Posts by wp_admin\" rel=\"author\">wp_admin<\/a><\/span><\/span><span class=\"updated rich-snippet-hidden\">2024-06-04T14:46:10+02:00<\/span>\n\n<div  class=\"fusion-masonry-element-container fusion-image-wrapper\" style=\"background-image:url(https:\/\/www.smarttravelers.de\/wp-content\/uploads\/2020\/03\/Djurg\u00e5rden2.jpg);padding-top:calc((100% + 20px) * 0.8 - 10px);\" aria-haspopup=\"true\">\n\t\n\t\n\t\n\t\t\n\t\t\t\t\t<img decoding=\"async\" width=\"1618\" height=\"1080\" src=\"https:\/\/www.smarttravelers.de\/wp-content\/uploads\/2020\/03\/Djurg\u00e5rden2.jpg\" class=\"attachment-full size-full wp-post-image\" alt=\"Luftbild von\" srcset=\"https:\/\/www.smarttravelers.de\/wp-content\/uploads\/2020\/03\/Djurg\u00e5rden2-200x133.jpg 200w, https:\/\/www.smarttravelers.de\/wp-content\/uploads\/2020\/03\/Djurg\u00e5rden2-400x267.jpg 400w, https:\/\/www.smarttravelers.de\/wp-content\/uploads\/2020\/03\/Djurg\u00e5rden2-600x400.jpg 600w, https:\/\/www.smarttravelers.de\/wp-content\/uploads\/2020\/03\/Djurg\u00e5rden2-800x534.jpg 800w, https:\/\/www.smarttravelers.de\/wp-content\/uploads\/2020\/03\/Djurg\u00e5rden2-1200x801.jpg 1200w, https:\/\/www.smarttravelers.de\/wp-content\/uploads\/2020\/03\/Djurg\u00e5rden2.jpg 1618w\" sizes=\"(min-width: 2200px) 100vw, (min-width: 284px) 356px, (min-width: 212px) 284px, (min-width: 140px) 212px, \" \/>\n\t\n\n\t\t<div class=\"fusion-rollover\">\n\t<div class=\"fusion-rollover-content\">\n\n\t\t\t\t\t\t\t\t\t\t\t\t\t\t<a class=\"fusion-rollover-link\" href=\"https:\/\/www.smarttravelers.de\/en\/sights\/schweden\/stockholm\/djurgarden\/\" target=\"_blank\">Djurgarden<\/a>\n\t\t\t\n\t\t\t\t\t\t\t\t\t\t\t\t\t\t\n\t\t\t\t\t\t\t\t\n\t\t\t\t\t\t\t\t\t\t\t\t\t<div class=\"fusion-rollover-sep\"><\/div>\n\t\t\t\t\n\t\t\t\t\t\t\t\t\t\t\t\t\t\t\t\t\t\t<a class=\"fusion-rollover-gallery\" href=\"https:\/\/www.smarttravelers.de\/wp-content\/uploads\/2020\/03\/Djurg\u00e5rden2.jpg\" data-id=\"83814\" data-rel=\"iLightbox[gallery-rw-1]\" data-title=\"Djurg\u00e5rden2\" data-caption=\"\">\n\t\t\t\t\t\tGallery\t\t\t\t\t<\/a>\n\t\t\t\t\t\t\t\t\t\t\t\t\t\t\n\t\t\n\t\t\t\t\t\t\t\t\t\t\t\t<h4 class=\"fusion-rollover-title\">\n\t\t\t\t\t<a class=\"fusion-rollover-title-link\" href=\"https:\/\/www.smarttravelers.de\/en\/sights\/schweden\/stockholm\/djurgarden\/\" target=\"_blank\">\n\t\t\t\t\t\tDjurgarden\t\t\t\t\t<\/a>\n\t\t\t\t<\/h4>\n\t\t\t\n\t\t\t\t\t\t\t\t\n\t\t\n\t\t\t\t\t\t<a class=\"fusion-link-wrapper\" href=\"https:\/\/www.smarttravelers.de\/en\/sights\/schweden\/stockholm\/djurgarden\/\" target=\"_blank\" aria-label=\"Djurgarden\"><\/a>\n\t<\/div>\n<\/div>\n\n\t\n<\/div>\n<\/div><\/article><article id=\"portfolio-1-post-83720\" class=\"fusion-portfolio-post alle-in-stockholm-en castles-palaces highlights-en world-heritage-sites fusion-col-spacing post-83720 fusion-element-grid\"><div class=\"fusion-portfolio-content-wrapper\" style=\"border:none;\"><span class=\"entry-title rich-snippet-hidden\">Drottningholm Palace<\/span><span class=\"vcard rich-snippet-hidden\"><span class=\"fn\"><a href=\"https:\/\/www.smarttravelers.de\/en\/author\/wp_admin\/\" title=\"Posts by wp_admin\" rel=\"author\">wp_admin<\/a><\/span><\/span><span class=\"updated rich-snippet-hidden\">2024-06-03T23:46:48+02:00<\/span>\n\n<div  class=\"fusion-masonry-element-container fusion-image-wrapper\" style=\"background-image:url(https:\/\/www.smarttravelers.de\/wp-content\/uploads\/2020\/03\/Schloss-Drottningholm3.jpg);padding-top:calc((100% + 20px) * 0.8 - 10px);\" aria-haspopup=\"true\">\n\t\n\t\n\t\n\t\t\n\t\t\t\t\t<img decoding=\"async\" width=\"1748\" height=\"1080\" src=\"https:\/\/www.smarttravelers.de\/wp-content\/uploads\/2020\/03\/Schloss-Drottningholm3.jpg\" class=\"attachment-full size-full wp-post-image\" alt=\"Au\u00dfenansicht Schloss Drottningholm\" srcset=\"https:\/\/www.smarttravelers.de\/wp-content\/uploads\/2020\/03\/Schloss-Drottningholm3-200x124.jpg 200w, https:\/\/www.smarttravelers.de\/wp-content\/uploads\/2020\/03\/Schloss-Drottningholm3-400x247.jpg 400w, https:\/\/www.smarttravelers.de\/wp-content\/uploads\/2020\/03\/Schloss-Drottningholm3-600x371.jpg 600w, https:\/\/www.smarttravelers.de\/wp-content\/uploads\/2020\/03\/Schloss-Drottningholm3-800x494.jpg 800w, https:\/\/www.smarttravelers.de\/wp-content\/uploads\/2020\/03\/Schloss-Drottningholm3-1200x741.jpg 1200w, https:\/\/www.smarttravelers.de\/wp-content\/uploads\/2020\/03\/Schloss-Drottningholm3.jpg 1748w\" sizes=\"(min-width: 2200px) 100vw, (min-width: 284px) 356px, (min-width: 212px) 284px, (min-width: 140px) 212px, \" \/>\n\t\n\n\t\t<div class=\"fusion-rollover\">\n\t<div class=\"fusion-rollover-content\">\n\n\t\t\t\t\t\t\t\t\t\t\t\t\t\t<a class=\"fusion-rollover-link\" href=\"https:\/\/www.smarttravelers.de\/en\/sights\/schweden\/stockholm\/schloss-drottningholm\/\" target=\"_blank\">Drottningholm Palace<\/a>\n\t\t\t\n\t\t\t\t\t\t\t\t\t\t\t\t\t\t\n\t\t\t\t\t\t\t\t\n\t\t\t\t\t\t\t\t\t\t\t\t\t<div class=\"fusion-rollover-sep\"><\/div>\n\t\t\t\t\n\t\t\t\t\t\t\t\t\t\t\t\t\t\t\t\t\t\t<a class=\"fusion-rollover-gallery\" href=\"https:\/\/www.smarttravelers.de\/wp-content\/uploads\/2020\/03\/Schloss-Drottningholm3.jpg\" data-id=\"83720\" data-rel=\"iLightbox[gallery-rw-1]\" data-title=\"Schloss Drottningholm3\" data-caption=\"\">\n\t\t\t\t\t\tGallery\t\t\t\t\t<\/a>\n\t\t\t\t\t\t\t\t\t\t\t\t\t\t\n\t\t\n\t\t\t\t\t\t\t\t\t\t\t\t<h4 class=\"fusion-rollover-title\">\n\t\t\t\t\t<a class=\"fusion-rollover-title-link\" href=\"https:\/\/www.smarttravelers.de\/en\/sights\/schweden\/stockholm\/schloss-drottningholm\/\" target=\"_blank\">\n\t\t\t\t\t\tDrottningholm Palace\t\t\t\t\t<\/a>\n\t\t\t\t<\/h4>\n\t\t\t\n\t\t\t\t\t\t\t\t\n\t\t\n\t\t\t\t\t\t<a class=\"fusion-link-wrapper\" href=\"https:\/\/www.smarttravelers.de\/en\/sights\/schweden\/stockholm\/schloss-drottningholm\/\" target=\"_blank\" aria-label=\"Drottningholm Palace\"><\/a>\n\t<\/div>\n<\/div>\n\n\t\n<\/div>\n<\/div><\/article><article id=\"portfolio-1-post-63565\" class=\"fusion-portfolio-post all-in-barcelona districts fusion-col-spacing post-63565 fusion-element-grid\"><div class=\"fusion-portfolio-content-wrapper\" style=\"border:none;\"><span class=\"entry-title rich-snippet-hidden\">El Raval<\/span><span class=\"vcard rich-snippet-hidden\"><span class=\"fn\"><a href=\"https:\/\/www.smarttravelers.de\/en\/author\/wp_admin\/\" title=\"Posts by wp_admin\" rel=\"author\">wp_admin<\/a><\/span><\/span><span class=\"updated rich-snippet-hidden\">2023-10-05T22:45:51+02:00<\/span>\n\n<div  class=\"fusion-masonry-element-container fusion-image-wrapper\" style=\"background-image:url(https:\/\/www.smarttravelers.de\/wp-content\/uploads\/2018\/05\/El-Raval3.jpg);padding-top:calc((100% + 20px) * 0.8 - 10px);\" aria-haspopup=\"true\">\n\t\n\t\n\t\n\t\t\n\t\t\t\t\t<img decoding=\"async\" width=\"1200\" height=\"798\" src=\"https:\/\/www.smarttravelers.de\/wp-content\/uploads\/2018\/05\/El-Raval3.jpg\" class=\"attachment-full size-full wp-post-image\" alt=\"Kirche in El Raval\" srcset=\"https:\/\/www.smarttravelers.de\/wp-content\/uploads\/2018\/05\/El-Raval3-200x133.jpg 200w, https:\/\/www.smarttravelers.de\/wp-content\/uploads\/2018\/05\/El-Raval3-400x266.jpg 400w, https:\/\/www.smarttravelers.de\/wp-content\/uploads\/2018\/05\/El-Raval3-600x399.jpg 600w, https:\/\/www.smarttravelers.de\/wp-content\/uploads\/2018\/05\/El-Raval3-800x532.jpg 800w, https:\/\/www.smarttravelers.de\/wp-content\/uploads\/2018\/05\/El-Raval3.jpg 1200w\" sizes=\"(min-width: 2200px) 100vw, (min-width: 284px) 356px, (min-width: 212px) 284px, (min-width: 140px) 212px, \" \/>\n\t\n\n\t\t<div class=\"fusion-rollover\">\n\t<div class=\"fusion-rollover-content\">\n\n\t\t\t\t\t\t\t\t\t\t\t\t\t\t<a class=\"fusion-rollover-link\" href=\"https:\/\/www.smarttravelers.de\/en\/sights\/spain\/barcelona\/el-raval\/\" target=\"_blank\">El Raval<\/a>\n\t\t\t\n\t\t\t\t\t\t\t\t\t\t\t\t\t\t\n\t\t\t\t\t\t\t\t\n\t\t\t\t\t\t\t\t\t\t\t\t\t<div class=\"fusion-rollover-sep\"><\/div>\n\t\t\t\t\n\t\t\t\t\t\t\t\t\t\t\t\t\t\t\t\t\t\t<a class=\"fusion-rollover-gallery\" href=\"https:\/\/www.smarttravelers.de\/wp-content\/uploads\/2018\/05\/El-Raval3.jpg\" data-id=\"63565\" data-rel=\"iLightbox[gallery-rw-1]\" data-title=\"El Raval3\" data-caption=\"\">\n\t\t\t\t\t\tGallery\t\t\t\t\t<\/a>\n\t\t\t\t\t\t\t\t\t\t\t\t\t\t\n\t\t\n\t\t\t\t\t\t\t\t\t\t\t\t<h4 class=\"fusion-rollover-title\">\n\t\t\t\t\t<a class=\"fusion-rollover-title-link\" href=\"https:\/\/www.smarttravelers.de\/en\/sights\/spain\/barcelona\/el-raval\/\" target=\"_blank\">\n\t\t\t\t\t\tEl Raval\t\t\t\t\t<\/a>\n\t\t\t\t<\/h4>\n\t\t\t\n\t\t\t\t\t\t\t\t\n\t\t\n\t\t\t\t\t\t<a class=\"fusion-link-wrapper\" href=\"https:\/\/www.smarttravelers.de\/en\/sights\/spain\/barcelona\/el-raval\/\" target=\"_blank\" aria-label=\"El Raval\"><\/a>\n\t<\/div>\n<\/div>\n\n\t\n<\/div>\n<\/div><\/article><article id=\"portfolio-1-post-83596\" class=\"fusion-portfolio-post alle-in-stockholm-en natural-landscapes-national-parks fusion-col-spacing post-83596 fusion-element-grid\"><div class=\"fusion-portfolio-content-wrapper\" style=\"border:none;\"><span class=\"entry-title rich-snippet-hidden\">Fj\u00e4derholmarna<\/span><span class=\"vcard rich-snippet-hidden\"><span class=\"fn\"><a href=\"https:\/\/www.smarttravelers.de\/en\/author\/wp_admin\/\" title=\"Posts by wp_admin\" rel=\"author\">wp_admin<\/a><\/span><\/span><span class=\"updated rich-snippet-hidden\">2024-06-03T11:34:12+02:00<\/span>\n\n<div  class=\"fusion-masonry-element-container fusion-image-wrapper\" style=\"background-image:url(https:\/\/www.smarttravelers.de\/wp-content\/uploads\/2020\/03\/Fj\u00e4derholmarna1.jpg);padding-top:calc((100% + 20px) * 0.8 - 10px);\" aria-haspopup=\"true\">\n\t\n\t\n\t\n\t\t\n\t\t\t\t\t<img decoding=\"async\" width=\"1618\" height=\"1080\" src=\"https:\/\/www.smarttravelers.de\/wp-content\/uploads\/2020\/03\/Fj\u00e4derholmarna1.jpg\" class=\"attachment-full size-full wp-post-image\" alt=\"Luftbild Fj\u00e4derholmarna\" srcset=\"https:\/\/www.smarttravelers.de\/wp-content\/uploads\/2020\/03\/Fj\u00e4derholmarna1-200x133.jpg 200w, https:\/\/www.smarttravelers.de\/wp-content\/uploads\/2020\/03\/Fj\u00e4derholmarna1-400x267.jpg 400w, https:\/\/www.smarttravelers.de\/wp-content\/uploads\/2020\/03\/Fj\u00e4derholmarna1-600x400.jpg 600w, https:\/\/www.smarttravelers.de\/wp-content\/uploads\/2020\/03\/Fj\u00e4derholmarna1-800x534.jpg 800w, https:\/\/www.smarttravelers.de\/wp-content\/uploads\/2020\/03\/Fj\u00e4derholmarna1-1200x801.jpg 1200w, https:\/\/www.smarttravelers.de\/wp-content\/uploads\/2020\/03\/Fj\u00e4derholmarna1.jpg 1618w\" sizes=\"(min-width: 2200px) 100vw, (min-width: 284px) 356px, (min-width: 212px) 284px, (min-width: 140px) 212px, \" \/>\n\t\n\n\t\t<div class=\"fusion-rollover\">\n\t<div class=\"fusion-rollover-content\">\n\n\t\t\t\t\t\t\t\t\t\t\t\t\t\t<a class=\"fusion-rollover-link\" href=\"https:\/\/www.smarttravelers.de\/en\/sights\/schweden\/stockholm\/fjaederholmarna\/\" target=\"_blank\">Fj\u00e4derholmarna<\/a>\n\t\t\t\n\t\t\t\t\t\t\t\t\t\t\t\t\t\t\n\t\t\t\t\t\t\t\t\n\t\t\t\t\t\t\t\t\t\t\t\t\t<div class=\"fusion-rollover-sep\"><\/div>\n\t\t\t\t\n\t\t\t\t\t\t\t\t\t\t\t\t\t\t\t\t\t\t<a class=\"fusion-rollover-gallery\" href=\"https:\/\/www.smarttravelers.de\/wp-content\/uploads\/2020\/03\/Fj\u00e4derholmarna1.jpg\" data-id=\"83596\" data-rel=\"iLightbox[gallery-rw-1]\" data-title=\"Fj\u00e4derholmarna1\" data-caption=\"\">\n\t\t\t\t\t\tGallery\t\t\t\t\t<\/a>\n\t\t\t\t\t\t\t\t\t\t\t\t\t\t\n\t\t\n\t\t\t\t\t\t\t\t\t\t\t\t<h4 class=\"fusion-rollover-title\">\n\t\t\t\t\t<a class=\"fusion-rollover-title-link\" href=\"https:\/\/www.smarttravelers.de\/en\/sights\/schweden\/stockholm\/fjaederholmarna\/\" target=\"_blank\">\n\t\t\t\t\t\tFj\u00e4derholmarna\t\t\t\t\t<\/a>\n\t\t\t\t<\/h4>\n\t\t\t\n\t\t\t\t\t\t\t\t\n\t\t\n\t\t\t\t\t\t<a class=\"fusion-link-wrapper\" href=\"https:\/\/www.smarttravelers.de\/en\/sights\/schweden\/stockholm\/fjaederholmarna\/\" target=\"_blank\" aria-label=\"Fj\u00e4derholmarna\"><\/a>\n\t<\/div>\n<\/div>\n\n\t\n<\/div>\n<\/div><\/article><article id=\"portfolio-1-post-83591\" class=\"fusion-portfolio-post alle-in-stockholm-en museums-galleries fusion-col-spacing post-83591 fusion-element-grid\"><div class=\"fusion-portfolio-content-wrapper\" style=\"border:none;\"><span class=\"entry-title rich-snippet-hidden\">Fotografiska<\/span><span class=\"vcard rich-snippet-hidden\"><span class=\"fn\"><a href=\"https:\/\/www.smarttravelers.de\/en\/author\/wp_admin\/\" title=\"Posts by wp_admin\" rel=\"author\">wp_admin<\/a><\/span><\/span><span class=\"updated rich-snippet-hidden\">2024-06-03T11:32:29+02:00<\/span>\n\n<div  class=\"fusion-masonry-element-container fusion-image-wrapper\" style=\"background-image:url(https:\/\/www.smarttravelers.de\/wp-content\/uploads\/2020\/03\/Fotografiska2.jpg);padding-top:calc((100% + 20px) * 0.8 - 10px);\" aria-haspopup=\"true\">\n\t\n\t\n\t\n\t\t\n\t\t\t\t\t<img decoding=\"async\" width=\"1532\" height=\"1080\" src=\"https:\/\/www.smarttravelers.de\/wp-content\/uploads\/2020\/03\/Fotografiska2.jpg\" class=\"attachment-full size-full wp-post-image\" alt=\"Geb\u00e4ude des Fotografiska\" srcset=\"https:\/\/www.smarttravelers.de\/wp-content\/uploads\/2020\/03\/Fotografiska2-200x141.jpg 200w, https:\/\/www.smarttravelers.de\/wp-content\/uploads\/2020\/03\/Fotografiska2-400x282.jpg 400w, https:\/\/www.smarttravelers.de\/wp-content\/uploads\/2020\/03\/Fotografiska2-600x423.jpg 600w, https:\/\/www.smarttravelers.de\/wp-content\/uploads\/2020\/03\/Fotografiska2-800x564.jpg 800w, https:\/\/www.smarttravelers.de\/wp-content\/uploads\/2020\/03\/Fotografiska2-1200x846.jpg 1200w, https:\/\/www.smarttravelers.de\/wp-content\/uploads\/2020\/03\/Fotografiska2.jpg 1532w\" sizes=\"(min-width: 2200px) 100vw, (min-width: 284px) 356px, (min-width: 212px) 284px, (min-width: 140px) 212px, \" \/>\n\t\n\n\t\t<div class=\"fusion-rollover\">\n\t<div class=\"fusion-rollover-content\">\n\n\t\t\t\t\t\t\t\t\t\t\t\t\t\t<a class=\"fusion-rollover-link\" href=\"https:\/\/www.smarttravelers.de\/en\/sights\/schweden\/stockholm\/fotografiska\/\" target=\"_blank\">Fotografiska<\/a>\n\t\t\t\n\t\t\t\t\t\t\t\t\t\t\t\t\t\t\n\t\t\t\t\t\t\t\t\n\t\t\t\t\t\t\t\t\t\t\t\t\t<div class=\"fusion-rollover-sep\"><\/div>\n\t\t\t\t\n\t\t\t\t\t\t\t\t\t\t\t\t\t\t\t\t\t\t<a class=\"fusion-rollover-gallery\" href=\"https:\/\/www.smarttravelers.de\/wp-content\/uploads\/2020\/03\/Fotografiska2.jpg\" data-id=\"83591\" data-rel=\"iLightbox[gallery-rw-1]\" data-title=\"Fotografiska museet, Stockholm, Sweden.\" data-caption=\"Fotografiska museet, Stockholm, Sweden.\">\n\t\t\t\t\t\tGallery\t\t\t\t\t<\/a>\n\t\t\t\t\t\t\t\t\t\t\t\t\t\t\n\t\t\n\t\t\t\t\t\t\t\t\t\t\t\t<h4 class=\"fusion-rollover-title\">\n\t\t\t\t\t<a class=\"fusion-rollover-title-link\" href=\"https:\/\/www.smarttravelers.de\/en\/sights\/schweden\/stockholm\/fotografiska\/\" target=\"_blank\">\n\t\t\t\t\t\tFotografiska\t\t\t\t\t<\/a>\n\t\t\t\t<\/h4>\n\t\t\t\n\t\t\t\t\t\t\t\t\n\t\t\n\t\t\t\t\t\t<a class=\"fusion-link-wrapper\" href=\"https:\/\/www.smarttravelers.de\/en\/sights\/schweden\/stockholm\/fotografiska\/\" target=\"_blank\" aria-label=\"Fotografiska\"><\/a>\n\t<\/div>\n<\/div>\n\n\t\n<\/div>\n<\/div><\/article><article id=\"portfolio-1-post-63556\" class=\"fusion-portfolio-post all-in-barcelona highlights-en museums-galleries fusion-col-spacing post-63556 fusion-element-grid\"><div class=\"fusion-portfolio-content-wrapper\" style=\"border:none;\"><span class=\"entry-title rich-snippet-hidden\">Fundaci\u00f3 Joan Mir\u00f3<\/span><span class=\"vcard rich-snippet-hidden\"><span class=\"fn\"><a href=\"https:\/\/www.smarttravelers.de\/en\/author\/wp_admin\/\" title=\"Posts by wp_admin\" rel=\"author\">wp_admin<\/a><\/span><\/span><span class=\"updated rich-snippet-hidden\">2023-10-05T22:43:49+02:00<\/span>\n\n<div  class=\"fusion-masonry-element-container fusion-image-wrapper\" style=\"background-image:url(https:\/\/www.smarttravelers.de\/wp-content\/uploads\/2018\/05\/Fundaci\u00f3-Joan-Mir\u00f31.jpg);padding-top:calc((100% + 20px) * 0.8 - 10px);\" aria-haspopup=\"true\">\n\t\n\t\n\t\n\t\t\n\t\t\t\t\t<img decoding=\"async\" width=\"1200\" height=\"896\" src=\"https:\/\/www.smarttravelers.de\/wp-content\/uploads\/2018\/05\/Fundaci\u00f3-Joan-Mir\u00f31.jpg\" class=\"attachment-full size-full wp-post-image\" alt=\"Das ArtScience Museum bei Nacht\" srcset=\"https:\/\/www.smarttravelers.de\/wp-content\/uploads\/2018\/05\/Fundaci\u00f3-Joan-Mir\u00f31-200x149.jpg 200w, https:\/\/www.smarttravelers.de\/wp-content\/uploads\/2018\/05\/Fundaci\u00f3-Joan-Mir\u00f31-400x299.jpg 400w, https:\/\/www.smarttravelers.de\/wp-content\/uploads\/2018\/05\/Fundaci\u00f3-Joan-Mir\u00f31-600x448.jpg 600w, https:\/\/www.smarttravelers.de\/wp-content\/uploads\/2018\/05\/Fundaci\u00f3-Joan-Mir\u00f31-800x597.jpg 800w, https:\/\/www.smarttravelers.de\/wp-content\/uploads\/2018\/05\/Fundaci\u00f3-Joan-Mir\u00f31.jpg 1200w\" sizes=\"(min-width: 2200px) 100vw, (min-width: 284px) 356px, (min-width: 212px) 284px, (min-width: 140px) 212px, \" \/>\n\t\n\n\t\t<div class=\"fusion-rollover\">\n\t<div class=\"fusion-rollover-content\">\n\n\t\t\t\t\t\t\t\t\t\t\t\t\t\t<a class=\"fusion-rollover-link\" href=\"https:\/\/www.smarttravelers.de\/en\/sights\/spain\/barcelona\/fundacio-joan-miro\/\" target=\"_blank\">Fundaci\u00f3 Joan Mir\u00f3<\/a>\n\t\t\t\n\t\t\t\t\t\t\t\t\t\t\t\t\t\t\n\t\t\t\t\t\t\t\t\n\t\t\t\t\t\t\t\t\t\t\t\t\t<div class=\"fusion-rollover-sep\"><\/div>\n\t\t\t\t\n\t\t\t\t\t\t\t\t\t\t\t\t\t\t\t\t\t\t<a class=\"fusion-rollover-gallery\" href=\"https:\/\/www.smarttravelers.de\/wp-content\/uploads\/2018\/05\/Fundaci\u00f3-Joan-Mir\u00f31.jpg\" data-id=\"63556\" data-rel=\"iLightbox[gallery-rw-1]\" data-title=\"Fundaci\u00f3 Joan Mir\u00f31\" data-caption=\"\">\n\t\t\t\t\t\tGallery\t\t\t\t\t<\/a>\n\t\t\t\t\t\t\t\t\t\t\t\t\t\t\n\t\t\n\t\t\t\t\t\t\t\t\t\t\t\t<h4 class=\"fusion-rollover-title\">\n\t\t\t\t\t<a class=\"fusion-rollover-title-link\" href=\"https:\/\/www.smarttravelers.de\/en\/sights\/spain\/barcelona\/fundacio-joan-miro\/\" target=\"_blank\">\n\t\t\t\t\t\tFundaci\u00f3 Joan Mir\u00f3\t\t\t\t\t<\/a>\n\t\t\t\t<\/h4>\n\t\t\t\n\t\t\t\t\t\t\t\t\n\t\t\n\t\t\t\t\t\t<a class=\"fusion-link-wrapper\" href=\"https:\/\/www.smarttravelers.de\/en\/sights\/spain\/barcelona\/fundacio-joan-miro\/\" target=\"_blank\" aria-label=\"Fundaci\u00f3 Joan Mir\u00f3\"><\/a>\n\t<\/div>\n<\/div>\n\n\t\n<\/div>\n<\/div><\/article><article id=\"portfolio-1-post-83810\" class=\"fusion-portfolio-post alle-in-stockholm-en districts highlights-en fusion-col-spacing post-83810 fusion-element-grid\"><div class=\"fusion-portfolio-content-wrapper\" style=\"border:none;\"><span class=\"entry-title rich-snippet-hidden\">Gamla stan<\/span><span class=\"vcard rich-snippet-hidden\"><span class=\"fn\"><a href=\"https:\/\/www.smarttravelers.de\/en\/author\/wp_admin\/\" title=\"Posts by wp_admin\" rel=\"author\">wp_admin<\/a><\/span><\/span><span class=\"updated rich-snippet-hidden\">2024-06-04T14:35:58+02:00<\/span>\n\n<div  class=\"fusion-masonry-element-container fusion-image-wrapper\" style=\"background-image:url(https:\/\/www.smarttravelers.de\/wp-content\/uploads\/2020\/03\/Gamla-Stan1.jpg);padding-top:calc((100% + 20px) * 0.8 - 10px);\" aria-haspopup=\"true\">\n\t\n\t\n\t\n\t\t\n\t\t\t\t\t<img decoding=\"async\" width=\"1618\" height=\"1080\" src=\"https:\/\/www.smarttravelers.de\/wp-content\/uploads\/2020\/03\/Gamla-Stan1.jpg\" class=\"attachment-full size-full wp-post-image\" alt=\"Luftbild der Gamla stan\" srcset=\"https:\/\/www.smarttravelers.de\/wp-content\/uploads\/2020\/03\/Gamla-Stan1-200x133.jpg 200w, https:\/\/www.smarttravelers.de\/wp-content\/uploads\/2020\/03\/Gamla-Stan1-400x267.jpg 400w, https:\/\/www.smarttravelers.de\/wp-content\/uploads\/2020\/03\/Gamla-Stan1-600x400.jpg 600w, https:\/\/www.smarttravelers.de\/wp-content\/uploads\/2020\/03\/Gamla-Stan1-800x534.jpg 800w, https:\/\/www.smarttravelers.de\/wp-content\/uploads\/2020\/03\/Gamla-Stan1-1200x801.jpg 1200w, https:\/\/www.smarttravelers.de\/wp-content\/uploads\/2020\/03\/Gamla-Stan1.jpg 1618w\" sizes=\"(min-width: 2200px) 100vw, (min-width: 284px) 356px, (min-width: 212px) 284px, (min-width: 140px) 212px, \" \/>\n\t\n\n\t\t<div class=\"fusion-rollover\">\n\t<div class=\"fusion-rollover-content\">\n\n\t\t\t\t\t\t\t\t\t\t\t\t\t\t<a class=\"fusion-rollover-link\" href=\"https:\/\/www.smarttravelers.de\/en\/sights\/schweden\/stockholm\/gamla-stan\/\" target=\"_blank\">Gamla stan<\/a>\n\t\t\t\n\t\t\t\t\t\t\t\t\t\t\t\t\t\t\n\t\t\t\t\t\t\t\t\n\t\t\t\t\t\t\t\t\t\t\t\t\t<div class=\"fusion-rollover-sep\"><\/div>\n\t\t\t\t\n\t\t\t\t\t\t\t\t\t\t\t\t\t\t\t\t\t\t<a class=\"fusion-rollover-gallery\" href=\"https:\/\/www.smarttravelers.de\/wp-content\/uploads\/2020\/03\/Gamla-Stan1.jpg\" data-id=\"83810\" data-rel=\"iLightbox[gallery-rw-1]\" data-title=\"Gamla Stan1\" data-caption=\"\">\n\t\t\t\t\t\tGallery\t\t\t\t\t<\/a>\n\t\t\t\t\t\t\t\t\t\t\t\t\t\t\n\t\t\n\t\t\t\t\t\t\t\t\t\t\t\t<h4 class=\"fusion-rollover-title\">\n\t\t\t\t\t<a class=\"fusion-rollover-title-link\" href=\"https:\/\/www.smarttravelers.de\/en\/sights\/schweden\/stockholm\/gamla-stan\/\" target=\"_blank\">\n\t\t\t\t\t\tGamla stan\t\t\t\t\t<\/a>\n\t\t\t\t<\/h4>\n\t\t\t\n\t\t\t\t\t\t\t\t\n\t\t\n\t\t\t\t\t\t<a class=\"fusion-link-wrapper\" href=\"https:\/\/www.smarttravelers.de\/en\/sights\/schweden\/stockholm\/gamla-stan\/\" target=\"_blank\" aria-label=\"Gamla stan\"><\/a>\n\t<\/div>\n<\/div>\n\n\t\n<\/div>\n<\/div><\/article><article id=\"portfolio-1-post-63574\" class=\"fusion-portfolio-post all-in-barcelona historical-buildings museums-galleries fusion-col-spacing post-63574 fusion-element-portrait\"><div class=\"fusion-portfolio-content-wrapper\" style=\"border:none;\"><span class=\"entry-title rich-snippet-hidden\">Gaud\u00ed House Museum<\/span><span class=\"vcard rich-snippet-hidden\"><span class=\"fn\"><a href=\"https:\/\/www.smarttravelers.de\/en\/author\/wp_admin\/\" title=\"Posts by wp_admin\" rel=\"author\">wp_admin<\/a><\/span><\/span><span class=\"updated rich-snippet-hidden\">2023-10-05T22:47:52+02:00<\/span>\n\n<div  class=\"fusion-masonry-element-container fusion-image-wrapper\" style=\"background-image:url(https:\/\/www.smarttravelers.de\/wp-content\/uploads\/2018\/05\/Casa-Museu-Gaud\u00ed1.jpg);padding-top:calc((100% + 20px) * 1.6);\" aria-haspopup=\"true\">\n\t\n\t\n\t\n\t\t\n\t\t\t\t\t<img decoding=\"async\" width=\"675\" height=\"900\" src=\"https:\/\/www.smarttravelers.de\/wp-content\/uploads\/2018\/05\/Casa-Museu-Gaud\u00ed1.jpg\" class=\"attachment-full size-full wp-post-image\" alt=\"Die Milstein Hall of Ocean Life im American Museum of Natural History\" srcset=\"https:\/\/www.smarttravelers.de\/wp-content\/uploads\/2018\/05\/Casa-Museu-Gaud\u00ed1-200x267.jpg 200w, https:\/\/www.smarttravelers.de\/wp-content\/uploads\/2018\/05\/Casa-Museu-Gaud\u00ed1-400x533.jpg 400w, https:\/\/www.smarttravelers.de\/wp-content\/uploads\/2018\/05\/Casa-Museu-Gaud\u00ed1-600x800.jpg 600w, https:\/\/www.smarttravelers.de\/wp-content\/uploads\/2018\/05\/Casa-Museu-Gaud\u00ed1.jpg 675w\" sizes=\"(min-width: 2200px) 100vw, (min-width: 284px) 356px, (min-width: 212px) 284px, (min-width: 140px) 212px, \" \/>\n\t\n\n\t\t<div class=\"fusion-rollover\">\n\t<div class=\"fusion-rollover-content\">\n\n\t\t\t\t\t\t\t\t\t\t\t\t\t\t<a class=\"fusion-rollover-link\" href=\"https:\/\/www.smarttravelers.de\/en\/sights\/spain\/barcelona\/casa-museu-gaudi\/\" target=\"_blank\">Gaud\u00ed House Museum<\/a>\n\t\t\t\n\t\t\t\t\t\t\t\t\t\t\t\t\t\t\n\t\t\t\t\t\t\t\t\n\t\t\t\t\t\t\t\t\t\t\t\t\t<div class=\"fusion-rollover-sep\"><\/div>\n\t\t\t\t\n\t\t\t\t\t\t\t\t\t\t\t\t\t\t\t\t\t\t<a class=\"fusion-rollover-gallery\" href=\"https:\/\/www.smarttravelers.de\/wp-content\/uploads\/2018\/05\/Casa-Museu-Gaud\u00ed1.jpg\" data-id=\"63574\" data-rel=\"iLightbox[gallery-rw-1]\" data-title=\"Casa-Museu Gaud\u00ed1\" data-caption=\"\">\n\t\t\t\t\t\tGallery\t\t\t\t\t<\/a>\n\t\t\t\t\t\t\t\t\t\t\t\t\t\t\n\t\t\n\t\t\t\t\t\t\t\t\t\t\t\t<h4 class=\"fusion-rollover-title\">\n\t\t\t\t\t<a class=\"fusion-rollover-title-link\" href=\"https:\/\/www.smarttravelers.de\/en\/sights\/spain\/barcelona\/casa-museu-gaudi\/\" target=\"_blank\">\n\t\t\t\t\t\tGaud\u00ed House Museum\t\t\t\t\t<\/a>\n\t\t\t\t<\/h4>\n\t\t\t\n\t\t\t\t\t\t\t\t\n\t\t\n\t\t\t\t\t\t<a class=\"fusion-link-wrapper\" href=\"https:\/\/www.smarttravelers.de\/en\/sights\/spain\/barcelona\/casa-museu-gaudi\/\" target=\"_blank\" aria-label=\"Gaud\u00ed House Museum\"><\/a>\n\t<\/div>\n<\/div>\n\n\t\n<\/div>\n<\/div><\/article><article id=\"portfolio-1-post-83797\" class=\"fusion-portfolio-post alle-in-stockholm-en churches-monasteries fusion-col-spacing post-83797 fusion-element-grid\"><div class=\"fusion-portfolio-content-wrapper\" style=\"border:none;\"><span class=\"entry-title rich-snippet-hidden\">German Church<\/span><span class=\"vcard rich-snippet-hidden\"><span class=\"fn\"><a href=\"https:\/\/www.smarttravelers.de\/en\/author\/wp_admin\/\" title=\"Posts by wp_admin\" rel=\"author\">wp_admin<\/a><\/span><\/span><span class=\"updated rich-snippet-hidden\">2024-06-04T14:26:12+02:00<\/span>\n\n<div  class=\"fusion-masonry-element-container fusion-image-wrapper\" style=\"background-image:url(https:\/\/www.smarttravelers.de\/wp-content\/uploads\/2020\/03\/Tyska-kyrkan2.jpg);padding-top:calc((100% + 20px) * 0.8 - 10px);\" aria-haspopup=\"true\">\n\t\n\t\n\t\n\t\t\n\t\t\t\t\t<img decoding=\"async\" width=\"1623\" height=\"1080\" src=\"https:\/\/www.smarttravelers.de\/wp-content\/uploads\/2020\/03\/Tyska-kyrkan2.jpg\" class=\"attachment-full size-full wp-post-image\" alt=\"Luftbild der Tyska kyrkan\" srcset=\"https:\/\/www.smarttravelers.de\/wp-content\/uploads\/2020\/03\/Tyska-kyrkan2-200x133.jpg 200w, https:\/\/www.smarttravelers.de\/wp-content\/uploads\/2020\/03\/Tyska-kyrkan2-400x266.jpg 400w, https:\/\/www.smarttravelers.de\/wp-content\/uploads\/2020\/03\/Tyska-kyrkan2-600x399.jpg 600w, https:\/\/www.smarttravelers.de\/wp-content\/uploads\/2020\/03\/Tyska-kyrkan2-800x532.jpg 800w, https:\/\/www.smarttravelers.de\/wp-content\/uploads\/2020\/03\/Tyska-kyrkan2-1200x799.jpg 1200w, https:\/\/www.smarttravelers.de\/wp-content\/uploads\/2020\/03\/Tyska-kyrkan2.jpg 1623w\" sizes=\"(min-width: 2200px) 100vw, (min-width: 284px) 356px, (min-width: 212px) 284px, (min-width: 140px) 212px, \" \/>\n\t\n\n\t\t<div class=\"fusion-rollover\">\n\t<div class=\"fusion-rollover-content\">\n\n\t\t\t\t\t\t\t\t\t\t\t\t\t\t<a class=\"fusion-rollover-link\" href=\"https:\/\/www.smarttravelers.de\/en\/sights\/schweden\/stockholm\/tyska-kyrkan\/\" target=\"_blank\">German Church<\/a>\n\t\t\t\n\t\t\t\t\t\t\t\t\t\t\t\t\t\t\n\t\t\t\t\t\t\t\t\n\t\t\t\t\t\t\t\t\t\t\t\t\t<div class=\"fusion-rollover-sep\"><\/div>\n\t\t\t\t\n\t\t\t\t\t\t\t\t\t\t\t\t\t\t\t\t\t\t<a class=\"fusion-rollover-gallery\" href=\"https:\/\/www.smarttravelers.de\/wp-content\/uploads\/2020\/03\/Tyska-kyrkan2.jpg\" data-id=\"83797\" data-rel=\"iLightbox[gallery-rw-1]\" data-title=\"Tyska kyrkan2\" data-caption=\"\">\n\t\t\t\t\t\tGallery\t\t\t\t\t<\/a>\n\t\t\t\t\t\t\t\t\t\t\t\t\t\t\n\t\t\n\t\t\t\t\t\t\t\t\t\t\t\t<h4 class=\"fusion-rollover-title\">\n\t\t\t\t\t<a class=\"fusion-rollover-title-link\" href=\"https:\/\/www.smarttravelers.de\/en\/sights\/schweden\/stockholm\/tyska-kyrkan\/\" target=\"_blank\">\n\t\t\t\t\t\tGerman Church\t\t\t\t\t<\/a>\n\t\t\t\t<\/h4>\n\t\t\t\n\t\t\t\t\t\t\t\t\n\t\t\n\t\t\t\t\t\t<a class=\"fusion-link-wrapper\" href=\"https:\/\/www.smarttravelers.de\/en\/sights\/schweden\/stockholm\/tyska-kyrkan\/\" target=\"_blank\" aria-label=\"German Church\"><\/a>\n\t<\/div>\n<\/div>\n\n\t\n<\/div>\n<\/div><\/article><article id=\"portfolio-1-post-63606\" class=\"fusion-portfolio-post all-in-barcelona districts highlights-en historical-buildings fusion-col-spacing post-63606 fusion-element-grid\"><div class=\"fusion-portfolio-content-wrapper\" style=\"border:none;\"><span class=\"entry-title rich-snippet-hidden\">Gothic Quarter<\/span><span class=\"vcard rich-snippet-hidden\"><span class=\"fn\"><a href=\"https:\/\/www.smarttravelers.de\/en\/author\/wp_admin\/\" title=\"Posts by wp_admin\" rel=\"author\">wp_admin<\/a><\/span><\/span><span class=\"updated rich-snippet-hidden\">2023-10-05T22:53:59+02:00<\/span>\n\n<div  class=\"fusion-masonry-element-container fusion-image-wrapper\" style=\"background-image:url(https:\/\/www.smarttravelers.de\/wp-content\/uploads\/2018\/05\/Barri-G\u00f2tic1.jpg);padding-top:calc((100% + 20px) * 0.8 - 10px);\" aria-haspopup=\"true\">\n\t\n\t\n\t\n\t\t\n\t\t\t\t\t<img decoding=\"async\" width=\"1184\" height=\"900\" src=\"https:\/\/www.smarttravelers.de\/wp-content\/uploads\/2018\/05\/Barri-G\u00f2tic1.jpg\" class=\"attachment-full size-full wp-post-image\" alt=\"Mittelalterliche Gasse im Barri G\u00f2tic\" srcset=\"https:\/\/www.smarttravelers.de\/wp-content\/uploads\/2018\/05\/Barri-G\u00f2tic1-200x152.jpg 200w, https:\/\/www.smarttravelers.de\/wp-content\/uploads\/2018\/05\/Barri-G\u00f2tic1-400x304.jpg 400w, https:\/\/www.smarttravelers.de\/wp-content\/uploads\/2018\/05\/Barri-G\u00f2tic1-600x456.jpg 600w, https:\/\/www.smarttravelers.de\/wp-content\/uploads\/2018\/05\/Barri-G\u00f2tic1-800x608.jpg 800w, https:\/\/www.smarttravelers.de\/wp-content\/uploads\/2018\/05\/Barri-G\u00f2tic1.jpg 1184w\" sizes=\"(min-width: 2200px) 100vw, (min-width: 284px) 356px, (min-width: 212px) 284px, (min-width: 140px) 212px, \" \/>\n\t\n\n\t\t<div class=\"fusion-rollover\">\n\t<div class=\"fusion-rollover-content\">\n\n\t\t\t\t\t\t\t\t\t\t\t\t\t\t<a class=\"fusion-rollover-link\" href=\"https:\/\/www.smarttravelers.de\/en\/sights\/spain\/barcelona\/gothic-quarter\/\" target=\"_blank\">Gothic Quarter<\/a>\n\t\t\t\n\t\t\t\t\t\t\t\t\t\t\t\t\t\t\n\t\t\t\t\t\t\t\t\n\t\t\t\t\t\t\t\t\t\t\t\t\t<div class=\"fusion-rollover-sep\"><\/div>\n\t\t\t\t\n\t\t\t\t\t\t\t\t\t\t\t\t\t\t\t\t\t\t<a class=\"fusion-rollover-gallery\" href=\"https:\/\/www.smarttravelers.de\/wp-content\/uploads\/2018\/05\/Barri-G\u00f2tic1.jpg\" data-id=\"63606\" data-rel=\"iLightbox[gallery-rw-1]\" data-title=\"Barri G\u00f2tic1\" data-caption=\"\">\n\t\t\t\t\t\tGallery\t\t\t\t\t<\/a>\n\t\t\t\t\t\t\t\t\t\t\t\t\t\t\n\t\t\n\t\t\t\t\t\t\t\t\t\t\t\t<h4 class=\"fusion-rollover-title\">\n\t\t\t\t\t<a class=\"fusion-rollover-title-link\" href=\"https:\/\/www.smarttravelers.de\/en\/sights\/spain\/barcelona\/gothic-quarter\/\" target=\"_blank\">\n\t\t\t\t\t\tGothic Quarter\t\t\t\t\t<\/a>\n\t\t\t\t<\/h4>\n\t\t\t\n\t\t\t\t\t\t\t\t\n\t\t\n\t\t\t\t\t\t<a class=\"fusion-link-wrapper\" href=\"https:\/\/www.smarttravelers.de\/en\/sights\/spain\/barcelona\/gothic-quarter\/\" target=\"_blank\" aria-label=\"Gothic Quarter\"><\/a>\n\t<\/div>\n<\/div>\n\n\t\n<\/div>\n<\/div><\/article><article id=\"portfolio-1-post-63552\" class=\"fusion-portfolio-post all-in-barcelona theater-opera-houses fusion-col-spacing post-63552 fusion-element-grid\"><div class=\"fusion-portfolio-content-wrapper\" style=\"border:none;\"><span class=\"entry-title rich-snippet-hidden\">Gran Teatre del Liceu<\/span><span class=\"vcard rich-snippet-hidden\"><span class=\"fn\"><a href=\"https:\/\/www.smarttravelers.de\/en\/author\/wp_admin\/\" title=\"Posts by wp_admin\" rel=\"author\">wp_admin<\/a><\/span><\/span><span class=\"updated rich-snippet-hidden\">2023-10-05T22:42:55+02:00<\/span>\n\n<div  class=\"fusion-masonry-element-container fusion-image-wrapper\" style=\"background-image:url(https:\/\/www.smarttravelers.de\/wp-content\/uploads\/2018\/05\/Gran-Teatre-del-Liceu1.jpg);padding-top:calc((100% + 20px) * 0.8 - 10px);\" aria-haspopup=\"true\">\n\t\n\t\n\t\n\t\t\n\t\t\t\t\t<img decoding=\"async\" width=\"1200\" height=\"803\" src=\"https:\/\/www.smarttravelers.de\/wp-content\/uploads\/2018\/05\/Gran-Teatre-del-Liceu1.jpg\" class=\"attachment-full size-full wp-post-image\" alt=\"Der Zuschauerraum des\" srcset=\"https:\/\/www.smarttravelers.de\/wp-content\/uploads\/2018\/05\/Gran-Teatre-del-Liceu1-200x134.jpg 200w, https:\/\/www.smarttravelers.de\/wp-content\/uploads\/2018\/05\/Gran-Teatre-del-Liceu1-400x268.jpg 400w, https:\/\/www.smarttravelers.de\/wp-content\/uploads\/2018\/05\/Gran-Teatre-del-Liceu1-600x402.jpg 600w, https:\/\/www.smarttravelers.de\/wp-content\/uploads\/2018\/05\/Gran-Teatre-del-Liceu1-800x535.jpg 800w, https:\/\/www.smarttravelers.de\/wp-content\/uploads\/2018\/05\/Gran-Teatre-del-Liceu1.jpg 1200w\" sizes=\"(min-width: 2200px) 100vw, (min-width: 284px) 356px, (min-width: 212px) 284px, (min-width: 140px) 212px, \" \/>\n\t\n\n\t\t<div class=\"fusion-rollover\">\n\t<div class=\"fusion-rollover-content\">\n\n\t\t\t\t\t\t\t\t\t\t\t\t\t\t<a class=\"fusion-rollover-link\" href=\"https:\/\/www.smarttravelers.de\/en\/sights\/spain\/barcelona\/gran-teatre-del-liceu\/\" target=\"_blank\">Gran Teatre del Liceu<\/a>\n\t\t\t\n\t\t\t\t\t\t\t\t\t\t\t\t\t\t\n\t\t\t\t\t\t\t\t\n\t\t\t\t\t\t\t\t\t\t\t\t\t<div class=\"fusion-rollover-sep\"><\/div>\n\t\t\t\t\n\t\t\t\t\t\t\t\t\t\t\t\t\t\t\t\t\t\t<a class=\"fusion-rollover-gallery\" href=\"https:\/\/www.smarttravelers.de\/wp-content\/uploads\/2018\/05\/Gran-Teatre-del-Liceu1.jpg\" data-id=\"63552\" data-rel=\"iLightbox[gallery-rw-1]\" data-title=\"Gran Teatre del Liceu1\" data-caption=\"\">\n\t\t\t\t\t\tGallery\t\t\t\t\t<\/a>\n\t\t\t\t\t\t\t\t\t\t\t\t\t\t\n\t\t\n\t\t\t\t\t\t\t\t\t\t\t\t<h4 class=\"fusion-rollover-title\">\n\t\t\t\t\t<a class=\"fusion-rollover-title-link\" href=\"https:\/\/www.smarttravelers.de\/en\/sights\/spain\/barcelona\/gran-teatre-del-liceu\/\" target=\"_blank\">\n\t\t\t\t\t\tGran Teatre del Liceu\t\t\t\t\t<\/a>\n\t\t\t\t<\/h4>\n\t\t\t\n\t\t\t\t\t\t\t\t\n\t\t\n\t\t\t\t\t\t<a class=\"fusion-link-wrapper\" href=\"https:\/\/www.smarttravelers.de\/en\/sights\/spain\/barcelona\/gran-teatre-del-liceu\/\" target=\"_blank\" aria-label=\"Gran Teatre del Liceu\"><\/a>\n\t<\/div>\n<\/div>\n\n\t\n<\/div>\n<\/div><\/article><article id=\"portfolio-1-post-83580\" class=\"fusion-portfolio-post alle-in-stockholm-en highlights-en theme-amusement-parks fusion-col-spacing post-83580 fusion-element-grid\"><div class=\"fusion-portfolio-content-wrapper\" style=\"border:none;\"><span class=\"entry-title rich-snippet-hidden\">Gr\u00f6na Lund<\/span><span class=\"vcard rich-snippet-hidden\"><span class=\"fn\"><a href=\"https:\/\/www.smarttravelers.de\/en\/author\/wp_admin\/\" title=\"Posts by wp_admin\" rel=\"author\">wp_admin<\/a><\/span><\/span><span class=\"updated rich-snippet-hidden\">2024-06-03T11:30:35+02:00<\/span>\n\n<div  class=\"fusion-masonry-element-container fusion-image-wrapper\" style=\"background-image:url(https:\/\/www.smarttravelers.de\/wp-content\/uploads\/2020\/03\/Gr\u00f6ne-Lund2.jpg);padding-top:calc((100% + 20px) * 0.8 - 10px);\" aria-haspopup=\"true\">\n\t\n\t\n\t\n\t\t\n\t\t\t\t\t<img decoding=\"async\" width=\"1526\" height=\"1080\" src=\"https:\/\/www.smarttravelers.de\/wp-content\/uploads\/2020\/03\/Gr\u00f6ne-Lund2.jpg\" class=\"attachment-full size-full wp-post-image\" alt=\"Blick auf Gr\u00f6na Lund vom Wasser\" srcset=\"https:\/\/www.smarttravelers.de\/wp-content\/uploads\/2020\/03\/Gr\u00f6ne-Lund2-200x142.jpg 200w, https:\/\/www.smarttravelers.de\/wp-content\/uploads\/2020\/03\/Gr\u00f6ne-Lund2-400x283.jpg 400w, https:\/\/www.smarttravelers.de\/wp-content\/uploads\/2020\/03\/Gr\u00f6ne-Lund2-600x425.jpg 600w, https:\/\/www.smarttravelers.de\/wp-content\/uploads\/2020\/03\/Gr\u00f6ne-Lund2-800x566.jpg 800w, https:\/\/www.smarttravelers.de\/wp-content\/uploads\/2020\/03\/Gr\u00f6ne-Lund2-1200x849.jpg 1200w, https:\/\/www.smarttravelers.de\/wp-content\/uploads\/2020\/03\/Gr\u00f6ne-Lund2.jpg 1526w\" sizes=\"(min-width: 2200px) 100vw, (min-width: 284px) 356px, (min-width: 212px) 284px, (min-width: 140px) 212px, \" \/>\n\t\n\n\t\t<div class=\"fusion-rollover\">\n\t<div class=\"fusion-rollover-content\">\n\n\t\t\t\t\t\t\t\t\t\t\t\t\t\t<a class=\"fusion-rollover-link\" href=\"https:\/\/www.smarttravelers.de\/en\/sights\/schweden\/stockholm\/groena-lund\/\" target=\"_blank\">Gr\u00f6na Lund<\/a>\n\t\t\t\n\t\t\t\t\t\t\t\t\t\t\t\t\t\t\n\t\t\t\t\t\t\t\t\n\t\t\t\t\t\t\t\t\t\t\t\t\t<div class=\"fusion-rollover-sep\"><\/div>\n\t\t\t\t\n\t\t\t\t\t\t\t\t\t\t\t\t\t\t\t\t\t\t<a class=\"fusion-rollover-gallery\" href=\"https:\/\/www.smarttravelers.de\/wp-content\/uploads\/2020\/03\/Gr\u00f6ne-Lund2.jpg\" data-id=\"83580\" data-rel=\"iLightbox[gallery-rw-1]\" data-title=\"Gr\u00f6ne Lund2\" data-caption=\"\">\n\t\t\t\t\t\tGallery\t\t\t\t\t<\/a>\n\t\t\t\t\t\t\t\t\t\t\t\t\t\t\n\t\t\n\t\t\t\t\t\t\t\t\t\t\t\t<h4 class=\"fusion-rollover-title\">\n\t\t\t\t\t<a class=\"fusion-rollover-title-link\" href=\"https:\/\/www.smarttravelers.de\/en\/sights\/schweden\/stockholm\/groena-lund\/\" target=\"_blank\">\n\t\t\t\t\t\tGr\u00f6na Lund\t\t\t\t\t<\/a>\n\t\t\t\t<\/h4>\n\t\t\t\n\t\t\t\t\t\t\t\t\n\t\t\n\t\t\t\t\t\t<a class=\"fusion-link-wrapper\" href=\"https:\/\/www.smarttravelers.de\/en\/sights\/schweden\/stockholm\/groena-lund\/\" target=\"_blank\" aria-label=\"Gr\u00f6na Lund\"><\/a>\n\t<\/div>\n<\/div>\n\n\t\n<\/div>\n<\/div><\/article><article id=\"portfolio-1-post-83610\" class=\"fusion-portfolio-post alle-in-stockholm-en gardens-parks fusion-col-spacing post-83610 fusion-element-grid\"><div class=\"fusion-portfolio-content-wrapper\" style=\"border:none;\"><span class=\"entry-title rich-snippet-hidden\">Hagaparken<\/span><span class=\"vcard rich-snippet-hidden\"><span class=\"fn\"><a href=\"https:\/\/www.smarttravelers.de\/en\/author\/wp_admin\/\" title=\"Posts by wp_admin\" rel=\"author\">wp_admin<\/a><\/span><\/span><span class=\"updated rich-snippet-hidden\">2024-06-03T11:50:10+02:00<\/span>\n\n<div  class=\"fusion-masonry-element-container fusion-image-wrapper\" style=\"background-image:url(https:\/\/www.smarttravelers.de\/wp-content\/uploads\/2020\/03\/Hagapark2.jpg);padding-top:calc((100% + 20px) * 0.8 - 10px);\" aria-haspopup=\"true\">\n\t\n\t\n\t\n\t\t\n\t\t\t\t\t<img decoding=\"async\" width=\"1643\" height=\"1080\" src=\"https:\/\/www.smarttravelers.de\/wp-content\/uploads\/2020\/03\/Hagapark2.jpg\" class=\"attachment-full size-full wp-post-image\" alt=\"Wiese im Hagapark\" srcset=\"https:\/\/www.smarttravelers.de\/wp-content\/uploads\/2020\/03\/Hagapark2-200x131.jpg 200w, https:\/\/www.smarttravelers.de\/wp-content\/uploads\/2020\/03\/Hagapark2-400x263.jpg 400w, https:\/\/www.smarttravelers.de\/wp-content\/uploads\/2020\/03\/Hagapark2-600x394.jpg 600w, https:\/\/www.smarttravelers.de\/wp-content\/uploads\/2020\/03\/Hagapark2-800x526.jpg 800w, https:\/\/www.smarttravelers.de\/wp-content\/uploads\/2020\/03\/Hagapark2-1200x789.jpg 1200w, https:\/\/www.smarttravelers.de\/wp-content\/uploads\/2020\/03\/Hagapark2.jpg 1643w\" sizes=\"(min-width: 2200px) 100vw, (min-width: 284px) 356px, (min-width: 212px) 284px, (min-width: 140px) 212px, \" \/>\n\t\n\n\t\t<div class=\"fusion-rollover\">\n\t<div class=\"fusion-rollover-content\">\n\n\t\t\t\t\t\t\t\t\t\t\t\t\t\t<a class=\"fusion-rollover-link\" href=\"https:\/\/www.smarttravelers.de\/en\/sights\/schweden\/stockholm\/hagapark\/\" target=\"_blank\">Hagaparken<\/a>\n\t\t\t\n\t\t\t\t\t\t\t\t\t\t\t\t\t\t\n\t\t\t\t\t\t\t\t\n\t\t\t\t\t\t\t\t\t\t\t\t\t<div class=\"fusion-rollover-sep\"><\/div>\n\t\t\t\t\n\t\t\t\t\t\t\t\t\t\t\t\t\t\t\t\t\t\t<a class=\"fusion-rollover-gallery\" href=\"https:\/\/www.smarttravelers.de\/wp-content\/uploads\/2020\/03\/Hagapark2.jpg\" data-id=\"83610\" data-rel=\"iLightbox[gallery-rw-1]\" data-title=\"Hagapark2\" data-caption=\"\">\n\t\t\t\t\t\tGallery\t\t\t\t\t<\/a>\n\t\t\t\t\t\t\t\t\t\t\t\t\t\t\n\t\t\n\t\t\t\t\t\t\t\t\t\t\t\t<h4 class=\"fusion-rollover-title\">\n\t\t\t\t\t<a class=\"fusion-rollover-title-link\" href=\"https:\/\/www.smarttravelers.de\/en\/sights\/schweden\/stockholm\/hagapark\/\" target=\"_blank\">\n\t\t\t\t\t\tHagaparken\t\t\t\t\t<\/a>\n\t\t\t\t<\/h4>\n\t\t\t\n\t\t\t\t\t\t\t\t\n\t\t\n\t\t\t\t\t\t<a class=\"fusion-link-wrapper\" href=\"https:\/\/www.smarttravelers.de\/en\/sights\/schweden\/stockholm\/hagapark\/\" target=\"_blank\" aria-label=\"Hagaparken\"><\/a>\n\t<\/div>\n<\/div>\n\n\t\n<\/div>\n<\/div><\/article><article id=\"portfolio-1-post-83627\" class=\"fusion-portfolio-post alle-in-stockholm-en museums-galleries fusion-col-spacing post-83627 fusion-element-grid\"><div class=\"fusion-portfolio-content-wrapper\" style=\"border:none;\"><span class=\"entry-title rich-snippet-hidden\">Hallwyl Museum<\/span><span class=\"vcard rich-snippet-hidden\"><span class=\"fn\"><a href=\"https:\/\/www.smarttravelers.de\/en\/author\/wp_admin\/\" title=\"Posts by wp_admin\" rel=\"author\">wp_admin<\/a><\/span><\/span><span class=\"updated rich-snippet-hidden\">2024-06-03T11:57:23+02:00<\/span>\n\n<div  class=\"fusion-masonry-element-container fusion-image-wrapper\" style=\"background-image:url(https:\/\/www.smarttravelers.de\/wp-content\/uploads\/2020\/03\/Hallwyl-Museum1.jpg);padding-top:calc((100% + 20px) * 0.8 - 10px);\" aria-haspopup=\"true\">\n\t\n\t\n\t\n\t\t\n\t\t\t\t\t<img decoding=\"async\" width=\"1620\" height=\"1080\" src=\"https:\/\/www.smarttravelers.de\/wp-content\/uploads\/2020\/03\/Hallwyl-Museum1.jpg\" class=\"attachment-full size-full wp-post-image\" alt=\"Hallwyl Museum Raum\" srcset=\"https:\/\/www.smarttravelers.de\/wp-content\/uploads\/2020\/03\/Hallwyl-Museum1-200x133.jpg 200w, https:\/\/www.smarttravelers.de\/wp-content\/uploads\/2020\/03\/Hallwyl-Museum1-400x267.jpg 400w, https:\/\/www.smarttravelers.de\/wp-content\/uploads\/2020\/03\/Hallwyl-Museum1-600x400.jpg 600w, https:\/\/www.smarttravelers.de\/wp-content\/uploads\/2020\/03\/Hallwyl-Museum1-800x533.jpg 800w, https:\/\/www.smarttravelers.de\/wp-content\/uploads\/2020\/03\/Hallwyl-Museum1-1200x800.jpg 1200w, https:\/\/www.smarttravelers.de\/wp-content\/uploads\/2020\/03\/Hallwyl-Museum1.jpg 1620w\" sizes=\"(min-width: 2200px) 100vw, (min-width: 284px) 356px, (min-width: 212px) 284px, (min-width: 140px) 212px, \" \/>\n\t\n\n\t\t<div class=\"fusion-rollover\">\n\t<div class=\"fusion-rollover-content\">\n\n\t\t\t\t\t\t\t\t\t\t\t\t\t\t<a class=\"fusion-rollover-link\" href=\"https:\/\/www.smarttravelers.de\/en\/sights\/schweden\/stockholm\/hallwyl-museum\/\" target=\"_blank\">Hallwyl Museum<\/a>\n\t\t\t\n\t\t\t\t\t\t\t\t\t\t\t\t\t\t\n\t\t\t\t\t\t\t\t\n\t\t\t\t\t\t\t\t\t\t\t\t\t<div class=\"fusion-rollover-sep\"><\/div>\n\t\t\t\t\n\t\t\t\t\t\t\t\t\t\t\t\t\t\t\t\t\t\t<a class=\"fusion-rollover-gallery\" href=\"https:\/\/www.smarttravelers.de\/wp-content\/uploads\/2020\/03\/Hallwyl-Museum1.jpg\" data-id=\"83627\" data-rel=\"iLightbox[gallery-rw-1]\" data-title=\"Hallwyl Museum1\" data-caption=\"\">\n\t\t\t\t\t\tGallery\t\t\t\t\t<\/a>\n\t\t\t\t\t\t\t\t\t\t\t\t\t\t\n\t\t\n\t\t\t\t\t\t\t\t\t\t\t\t<h4 class=\"fusion-rollover-title\">\n\t\t\t\t\t<a class=\"fusion-rollover-title-link\" href=\"https:\/\/www.smarttravelers.de\/en\/sights\/schweden\/stockholm\/hallwyl-museum\/\" target=\"_blank\">\n\t\t\t\t\t\tHallwyl Museum\t\t\t\t\t<\/a>\n\t\t\t\t<\/h4>\n\t\t\t\n\t\t\t\t\t\t\t\t\n\t\t\n\t\t\t\t\t\t<a class=\"fusion-link-wrapper\" href=\"https:\/\/www.smarttravelers.de\/en\/sights\/schweden\/stockholm\/hallwyl-museum\/\" target=\"_blank\" aria-label=\"Hallwyl Museum\"><\/a>\n\t<\/div>\n<\/div>\n\n\t\n<\/div>\n<\/div><\/article><article id=\"portfolio-1-post-83650\" class=\"fusion-portfolio-post alle-in-stockholm-en other-sights theater-opera-houses fusion-col-spacing post-83650 fusion-element-grid\"><div class=\"fusion-portfolio-content-wrapper\" style=\"border:none;\"><span class=\"entry-title rich-snippet-hidden\">House of Culture<\/span><span class=\"vcard rich-snippet-hidden\"><span class=\"fn\"><a href=\"https:\/\/www.smarttravelers.de\/en\/author\/wp_admin\/\" title=\"Posts by wp_admin\" rel=\"author\">wp_admin<\/a><\/span><\/span><span class=\"updated rich-snippet-hidden\">2024-06-03T12:20:13+02:00<\/span>\n\n<div  class=\"fusion-masonry-element-container fusion-image-wrapper\" style=\"background-image:url(https:\/\/www.smarttravelers.de\/wp-content\/uploads\/2020\/03\/Kulturhuset2.jpg);padding-top:calc((100% + 20px) * 0.8 - 10px);\" aria-haspopup=\"true\">\n\t\n\t\n\t\n\t\t\n\t\t\t\t\t<img decoding=\"async\" width=\"1631\" height=\"1080\" src=\"https:\/\/www.smarttravelers.de\/wp-content\/uploads\/2020\/03\/Kulturhuset2.jpg\" class=\"attachment-full size-full wp-post-image\" alt=\"Au\u00dfenansicht Kulturhuset\" srcset=\"https:\/\/www.smarttravelers.de\/wp-content\/uploads\/2020\/03\/Kulturhuset2-200x132.jpg 200w, https:\/\/www.smarttravelers.de\/wp-content\/uploads\/2020\/03\/Kulturhuset2-400x265.jpg 400w, https:\/\/www.smarttravelers.de\/wp-content\/uploads\/2020\/03\/Kulturhuset2-600x397.jpg 600w, https:\/\/www.smarttravelers.de\/wp-content\/uploads\/2020\/03\/Kulturhuset2-800x530.jpg 800w, https:\/\/www.smarttravelers.de\/wp-content\/uploads\/2020\/03\/Kulturhuset2-1200x795.jpg 1200w, https:\/\/www.smarttravelers.de\/wp-content\/uploads\/2020\/03\/Kulturhuset2.jpg 1631w\" sizes=\"(min-width: 2200px) 100vw, (min-width: 284px) 356px, (min-width: 212px) 284px, (min-width: 140px) 212px, \" \/>\n\t\n\n\t\t<div class=\"fusion-rollover\">\n\t<div class=\"fusion-rollover-content\">\n\n\t\t\t\t\t\t\t\t\t\t\t\t\t\t<a class=\"fusion-rollover-link\" href=\"https:\/\/www.smarttravelers.de\/en\/sights\/schweden\/stockholm\/kulturhuset\/\" target=\"_blank\">House of Culture<\/a>\n\t\t\t\n\t\t\t\t\t\t\t\t\t\t\t\t\t\t\n\t\t\t\t\t\t\t\t\n\t\t\t\t\t\t\t\t\t\t\t\t\t<div class=\"fusion-rollover-sep\"><\/div>\n\t\t\t\t\n\t\t\t\t\t\t\t\t\t\t\t\t\t\t\t\t\t\t<a class=\"fusion-rollover-gallery\" href=\"https:\/\/www.smarttravelers.de\/wp-content\/uploads\/2020\/03\/Kulturhuset2.jpg\" data-id=\"83650\" data-rel=\"iLightbox[gallery-rw-1]\" data-title=\"Kulturhuset2\" data-caption=\"\">\n\t\t\t\t\t\tGallery\t\t\t\t\t<\/a>\n\t\t\t\t\t\t\t\t\t\t\t\t\t\t\n\t\t\n\t\t\t\t\t\t\t\t\t\t\t\t<h4 class=\"fusion-rollover-title\">\n\t\t\t\t\t<a class=\"fusion-rollover-title-link\" href=\"https:\/\/www.smarttravelers.de\/en\/sights\/schweden\/stockholm\/kulturhuset\/\" target=\"_blank\">\n\t\t\t\t\t\tHouse of Culture\t\t\t\t\t<\/a>\n\t\t\t\t<\/h4>\n\t\t\t\n\t\t\t\t\t\t\t\t\n\t\t\n\t\t\t\t\t\t<a class=\"fusion-link-wrapper\" href=\"https:\/\/www.smarttravelers.de\/en\/sights\/schweden\/stockholm\/kulturhuset\/\" target=\"_blank\" aria-label=\"House of Culture\"><\/a>\n\t<\/div>\n<\/div>\n\n\t\n<\/div>\n<\/div><\/article><article id=\"portfolio-1-post-83619\" class=\"fusion-portfolio-post alle-in-stockholm-en theme-amusement-parks fusion-col-spacing post-83619 fusion-element-grid\"><div class=\"fusion-portfolio-content-wrapper\" style=\"border:none;\"><span class=\"entry-title rich-snippet-hidden\">Junibacken<\/span><span class=\"vcard rich-snippet-hidden\"><span class=\"fn\"><a href=\"https:\/\/www.smarttravelers.de\/en\/author\/wp_admin\/\" title=\"Posts by wp_admin\" rel=\"author\">wp_admin<\/a><\/span><\/span><span class=\"updated rich-snippet-hidden\">2024-06-03T11:53:41+02:00<\/span>\n\n<div  class=\"fusion-masonry-element-container fusion-image-wrapper\" style=\"background-image:url(https:\/\/www.smarttravelers.de\/wp-content\/uploads\/2020\/03\/Junibacken2.jpg);padding-top:calc((100% + 20px) * 0.8 - 10px);\" aria-haspopup=\"true\">\n\t\n\t\n\t\n\t\t\n\t\t\t\t\t<img decoding=\"async\" width=\"1620\" height=\"1080\" src=\"https:\/\/www.smarttravelers.de\/wp-content\/uploads\/2020\/03\/Junibacken2.jpg\" class=\"attachment-full size-full wp-post-image\" alt=\"Junibacken Haus\" srcset=\"https:\/\/www.smarttravelers.de\/wp-content\/uploads\/2020\/03\/Junibacken2-200x133.jpg 200w, https:\/\/www.smarttravelers.de\/wp-content\/uploads\/2020\/03\/Junibacken2-400x267.jpg 400w, https:\/\/www.smarttravelers.de\/wp-content\/uploads\/2020\/03\/Junibacken2-600x400.jpg 600w, https:\/\/www.smarttravelers.de\/wp-content\/uploads\/2020\/03\/Junibacken2-800x533.jpg 800w, https:\/\/www.smarttravelers.de\/wp-content\/uploads\/2020\/03\/Junibacken2-1200x800.jpg 1200w, https:\/\/www.smarttravelers.de\/wp-content\/uploads\/2020\/03\/Junibacken2.jpg 1620w\" sizes=\"(min-width: 2200px) 100vw, (min-width: 284px) 356px, (min-width: 212px) 284px, (min-width: 140px) 212px, \" \/>\n\t\n\n\t\t<div class=\"fusion-rollover\">\n\t<div class=\"fusion-rollover-content\">\n\n\t\t\t\t\t\t\t\t\t\t\t\t\t\t<a class=\"fusion-rollover-link\" href=\"https:\/\/www.smarttravelers.de\/en\/sights\/schweden\/stockholm\/junibacken\/\" target=\"_blank\">Junibacken<\/a>\n\t\t\t\n\t\t\t\t\t\t\t\t\t\t\t\t\t\t\n\t\t\t\t\t\t\t\t\n\t\t\t\t\t\t\t\t\t\t\t\t\t<div class=\"fusion-rollover-sep\"><\/div>\n\t\t\t\t\n\t\t\t\t\t\t\t\t\t\t\t\t\t\t\t\t\t\t<a class=\"fusion-rollover-gallery\" href=\"https:\/\/www.smarttravelers.de\/wp-content\/uploads\/2020\/03\/Junibacken2.jpg\" data-id=\"83619\" data-rel=\"iLightbox[gallery-rw-1]\" data-title=\"Junibacken2\" data-caption=\"\">\n\t\t\t\t\t\tGallery\t\t\t\t\t<\/a>\n\t\t\t\t\t\t\t\t\t\t\t\t\t\t\n\t\t\n\t\t\t\t\t\t\t\t\t\t\t\t<h4 class=\"fusion-rollover-title\">\n\t\t\t\t\t<a class=\"fusion-rollover-title-link\" href=\"https:\/\/www.smarttravelers.de\/en\/sights\/schweden\/stockholm\/junibacken\/\" target=\"_blank\">\n\t\t\t\t\t\tJunibacken\t\t\t\t\t<\/a>\n\t\t\t\t<\/h4>\n\t\t\t\n\t\t\t\t\t\t\t\t\n\t\t\n\t\t\t\t\t\t<a class=\"fusion-link-wrapper\" href=\"https:\/\/www.smarttravelers.de\/en\/sights\/schweden\/stockholm\/junibacken\/\" target=\"_blank\" aria-label=\"Junibacken\"><\/a>\n\t<\/div>\n<\/div>\n\n\t\n<\/div>\n<\/div><\/article><article id=\"portfolio-1-post-83622\" class=\"fusion-portfolio-post alle-in-stockholm-en viewpoints fusion-col-spacing post-83622 fusion-element-portrait\"><div class=\"fusion-portfolio-content-wrapper\" style=\"border:none;\"><span class=\"entry-title rich-snippet-hidden\">Kakn\u00e4stornet<\/span><span class=\"vcard rich-snippet-hidden\"><span class=\"fn\"><a href=\"https:\/\/www.smarttravelers.de\/en\/author\/wp_admin\/\" title=\"Posts by wp_admin\" rel=\"author\">wp_admin<\/a><\/span><\/span><span class=\"updated rich-snippet-hidden\">2024-06-03T11:55:52+02:00<\/span>\n\n<div  class=\"fusion-masonry-element-container fusion-image-wrapper\" style=\"background-image:url(https:\/\/www.smarttravelers.de\/wp-content\/uploads\/2020\/03\/Kakn\u00e4sturm1.jpg);padding-top:calc((100% + 20px) * 1.6);\" aria-haspopup=\"true\">\n\t\n\t\n\t\n\t\t\n\t\t\t\t\t<img decoding=\"async\" width=\"810\" height=\"1080\" src=\"https:\/\/www.smarttravelers.de\/wp-content\/uploads\/2020\/03\/Kakn\u00e4sturm1.jpg\" class=\"attachment-full size-full wp-post-image\" alt=\"Kakn\u00e4sturm im Profil\" srcset=\"https:\/\/www.smarttravelers.de\/wp-content\/uploads\/2020\/03\/Kakn\u00e4sturm1-200x267.jpg 200w, https:\/\/www.smarttravelers.de\/wp-content\/uploads\/2020\/03\/Kakn\u00e4sturm1-400x533.jpg 400w, https:\/\/www.smarttravelers.de\/wp-content\/uploads\/2020\/03\/Kakn\u00e4sturm1-600x800.jpg 600w, https:\/\/www.smarttravelers.de\/wp-content\/uploads\/2020\/03\/Kakn\u00e4sturm1-800x1067.jpg 800w, https:\/\/www.smarttravelers.de\/wp-content\/uploads\/2020\/03\/Kakn\u00e4sturm1.jpg 810w\" sizes=\"(min-width: 2200px) 100vw, (min-width: 284px) 356px, (min-width: 212px) 284px, (min-width: 140px) 212px, \" \/>\n\t\n\n\t\t<div class=\"fusion-rollover\">\n\t<div class=\"fusion-rollover-content\">\n\n\t\t\t\t\t\t\t\t\t\t\t\t\t\t<a class=\"fusion-rollover-link\" href=\"https:\/\/www.smarttravelers.de\/en\/sights\/schweden\/stockholm\/kaknaesturm\/\" target=\"_blank\">Kakn\u00e4stornet<\/a>\n\t\t\t\n\t\t\t\t\t\t\t\t\t\t\t\t\t\t\n\t\t\t\t\t\t\t\t\n\t\t\t\t\t\t\t\t\t\t\t\t\t<div class=\"fusion-rollover-sep\"><\/div>\n\t\t\t\t\n\t\t\t\t\t\t\t\t\t\t\t\t\t\t\t\t\t\t<a class=\"fusion-rollover-gallery\" href=\"https:\/\/www.smarttravelers.de\/wp-content\/uploads\/2020\/03\/Kakn\u00e4sturm1.jpg\" data-id=\"83622\" data-rel=\"iLightbox[gallery-rw-1]\" data-title=\"Kakn\u00e4sturm1\" data-caption=\"\">\n\t\t\t\t\t\tGallery\t\t\t\t\t<\/a>\n\t\t\t\t\t\t\t\t\t\t\t\t\t\t\n\t\t\n\t\t\t\t\t\t\t\t\t\t\t\t<h4 class=\"fusion-rollover-title\">\n\t\t\t\t\t<a class=\"fusion-rollover-title-link\" href=\"https:\/\/www.smarttravelers.de\/en\/sights\/schweden\/stockholm\/kaknaesturm\/\" target=\"_blank\">\n\t\t\t\t\t\tKakn\u00e4stornet\t\t\t\t\t<\/a>\n\t\t\t\t<\/h4>\n\t\t\t\n\t\t\t\t\t\t\t\t\n\t\t\n\t\t\t\t\t\t<a class=\"fusion-link-wrapper\" href=\"https:\/\/www.smarttravelers.de\/en\/sights\/schweden\/stockholm\/kaknaesturm\/\" target=\"_blank\" aria-label=\"Kakn\u00e4stornet\"><\/a>\n\t<\/div>\n<\/div>\n\n\t\n<\/div>\n<\/div><\/article><article id=\"portfolio-1-post-83631\" class=\"fusion-portfolio-post alle-in-stockholm-en castles-palaces world-heritage-sites fusion-col-spacing post-83631 fusion-element-landscape\"><div class=\"fusion-portfolio-content-wrapper\" style=\"border:none;\"><span class=\"entry-title rich-snippet-hidden\">Kina Slott<\/span><span class=\"vcard rich-snippet-hidden\"><span class=\"fn\"><a href=\"https:\/\/www.smarttravelers.de\/en\/author\/wp_admin\/\" title=\"Posts by wp_admin\" rel=\"author\">wp_admin<\/a><\/span><\/span><span class=\"updated rich-snippet-hidden\">2024-06-03T11:59:55+02:00<\/span>\n\n<div  class=\"fusion-masonry-element-container fusion-image-wrapper\" style=\"background-image:url(https:\/\/www.smarttravelers.de\/wp-content\/uploads\/2020\/03\/Kina-slott3.jpg);padding-top:calc((100% + 20px) * 0.4 - 10px);\" aria-haspopup=\"true\">\n\t\n\t\n\t\n\t\t\n\t\t\t\t\t<img decoding=\"async\" width=\"1920\" height=\"1080\" src=\"https:\/\/www.smarttravelers.de\/wp-content\/uploads\/2020\/03\/Kina-slott3.jpg\" class=\"attachment-full size-full wp-post-image\" alt=\"Kina Slott Fassade\" srcset=\"https:\/\/www.smarttravelers.de\/wp-content\/uploads\/2020\/03\/Kina-slott3-200x113.jpg 200w, https:\/\/www.smarttravelers.de\/wp-content\/uploads\/2020\/03\/Kina-slott3-400x225.jpg 400w, https:\/\/www.smarttravelers.de\/wp-content\/uploads\/2020\/03\/Kina-slott3-600x338.jpg 600w, https:\/\/www.smarttravelers.de\/wp-content\/uploads\/2020\/03\/Kina-slott3-800x450.jpg 800w, https:\/\/www.smarttravelers.de\/wp-content\/uploads\/2020\/03\/Kina-slott3-1200x675.jpg 1200w, https:\/\/www.smarttravelers.de\/wp-content\/uploads\/2020\/03\/Kina-slott3.jpg 1920w\" sizes=\"(min-width: 2200px) 100vw, (min-width: 140px) 1920px, \" \/>\n\t\n\n\t\t<div class=\"fusion-rollover\">\n\t<div class=\"fusion-rollover-content\">\n\n\t\t\t\t\t\t\t\t\t\t\t\t\t\t<a class=\"fusion-rollover-link\" href=\"https:\/\/www.smarttravelers.de\/en\/sights\/schweden\/stockholm\/kina-slott\/\" target=\"_blank\">Kina Slott<\/a>\n\t\t\t\n\t\t\t\t\t\t\t\t\t\t\t\t\t\t\n\t\t\t\t\t\t\t\t\n\t\t\t\t\t\t\t\t\t\t\t\t\t<div class=\"fusion-rollover-sep\"><\/div>\n\t\t\t\t\n\t\t\t\t\t\t\t\t\t\t\t\t\t\t\t\t\t\t<a class=\"fusion-rollover-gallery\" href=\"https:\/\/www.smarttravelers.de\/wp-content\/uploads\/2020\/03\/Kina-slott3.jpg\" data-id=\"83631\" data-rel=\"iLightbox[gallery-rw-1]\" data-title=\"Kina slott3\" data-caption=\"\">\n\t\t\t\t\t\tGallery\t\t\t\t\t<\/a>\n\t\t\t\t\t\t\t\t\t\t\t\t\t\t\n\t\t\n\t\t\t\t\t\t\t\t\t\t\t\t<h4 class=\"fusion-rollover-title\">\n\t\t\t\t\t<a class=\"fusion-rollover-title-link\" href=\"https:\/\/www.smarttravelers.de\/en\/sights\/schweden\/stockholm\/kina-slott\/\" target=\"_blank\">\n\t\t\t\t\t\tKina Slott\t\t\t\t\t<\/a>\n\t\t\t\t<\/h4>\n\t\t\t\n\t\t\t\t\t\t\t\t\n\t\t\n\t\t\t\t\t\t<a class=\"fusion-link-wrapper\" href=\"https:\/\/www.smarttravelers.de\/en\/sights\/schweden\/stockholm\/kina-slott\/\" target=\"_blank\" aria-label=\"Kina Slott\"><\/a>\n\t<\/div>\n<\/div>\n\n\t\n<\/div>\n<\/div><\/article><article id=\"portfolio-1-post-83654\" class=\"fusion-portfolio-post alle-in-stockholm-en gardens-parks fusion-col-spacing post-83654 fusion-element-grid\"><div class=\"fusion-portfolio-content-wrapper\" style=\"border:none;\"><span class=\"entry-title rich-snippet-hidden\">Kungstr\u00e4dg\u00e5rden<\/span><span class=\"vcard rich-snippet-hidden\"><span class=\"fn\"><a href=\"https:\/\/www.smarttravelers.de\/en\/author\/wp_admin\/\" title=\"Posts by wp_admin\" rel=\"author\">wp_admin<\/a><\/span><\/span><span class=\"updated rich-snippet-hidden\">2024-06-03T12:24:13+02:00<\/span>\n\n<div  class=\"fusion-masonry-element-container fusion-image-wrapper\" style=\"background-image:url(https:\/\/www.smarttravelers.de\/wp-content\/uploads\/2020\/03\/Kungstr\u00e4dg\u00e5rden2.jpg);padding-top:calc((100% + 20px) * 0.8 - 10px);\" aria-haspopup=\"true\">\n\t\n\t\n\t\n\t\t\n\t\t\t\t\t<img decoding=\"async\" width=\"1618\" height=\"1080\" src=\"https:\/\/www.smarttravelers.de\/wp-content\/uploads\/2020\/03\/Kungstr\u00e4dg\u00e5rden2.jpg\" class=\"attachment-full size-full wp-post-image\" alt=\"Kungstr\u00e4dg\u00e5rden im Sommer\" srcset=\"https:\/\/www.smarttravelers.de\/wp-content\/uploads\/2020\/03\/Kungstr\u00e4dg\u00e5rden2-200x133.jpg 200w, https:\/\/www.smarttravelers.de\/wp-content\/uploads\/2020\/03\/Kungstr\u00e4dg\u00e5rden2-400x267.jpg 400w, https:\/\/www.smarttravelers.de\/wp-content\/uploads\/2020\/03\/Kungstr\u00e4dg\u00e5rden2-600x400.jpg 600w, https:\/\/www.smarttravelers.de\/wp-content\/uploads\/2020\/03\/Kungstr\u00e4dg\u00e5rden2-800x534.jpg 800w, https:\/\/www.smarttravelers.de\/wp-content\/uploads\/2020\/03\/Kungstr\u00e4dg\u00e5rden2-1200x801.jpg 1200w, https:\/\/www.smarttravelers.de\/wp-content\/uploads\/2020\/03\/Kungstr\u00e4dg\u00e5rden2.jpg 1618w\" sizes=\"(min-width: 2200px) 100vw, (min-width: 284px) 356px, (min-width: 212px) 284px, (min-width: 140px) 212px, \" \/>\n\t\n\n\t\t<div class=\"fusion-rollover\">\n\t<div class=\"fusion-rollover-content\">\n\n\t\t\t\t\t\t\t\t\t\t\t\t\t\t<a class=\"fusion-rollover-link\" href=\"https:\/\/www.smarttravelers.de\/en\/sights\/schweden\/stockholm\/kungstraedgaarden\/\" target=\"_blank\">Kungstr\u00e4dg\u00e5rden<\/a>\n\t\t\t\n\t\t\t\t\t\t\t\t\t\t\t\t\t\t\n\t\t\t\t\t\t\t\t\n\t\t\t\t\t\t\t\t\t\t\t\t\t<div class=\"fusion-rollover-sep\"><\/div>\n\t\t\t\t\n\t\t\t\t\t\t\t\t\t\t\t\t\t\t\t\t\t\t<a class=\"fusion-rollover-gallery\" href=\"https:\/\/www.smarttravelers.de\/wp-content\/uploads\/2020\/03\/Kungstr\u00e4dg\u00e5rden2.jpg\" data-id=\"83654\" data-rel=\"iLightbox[gallery-rw-1]\" data-title=\"Kungstr\u00e4dg\u00e5rden2\" data-caption=\"\">\n\t\t\t\t\t\tGallery\t\t\t\t\t<\/a>\n\t\t\t\t\t\t\t\t\t\t\t\t\t\t\n\t\t\n\t\t\t\t\t\t\t\t\t\t\t\t<h4 class=\"fusion-rollover-title\">\n\t\t\t\t\t<a class=\"fusion-rollover-title-link\" href=\"https:\/\/www.smarttravelers.de\/en\/sights\/schweden\/stockholm\/kungstraedgaarden\/\" target=\"_blank\">\n\t\t\t\t\t\tKungstr\u00e4dg\u00e5rden\t\t\t\t\t<\/a>\n\t\t\t\t<\/h4>\n\t\t\t\n\t\t\t\t\t\t\t\t\n\t\t\n\t\t\t\t\t\t<a class=\"fusion-link-wrapper\" href=\"https:\/\/www.smarttravelers.de\/en\/sights\/schweden\/stockholm\/kungstraedgaarden\/\" target=\"_blank\" aria-label=\"Kungstr\u00e4dg\u00e5rden\"><\/a>\n\t<\/div>\n<\/div>\n\n\t\n<\/div>\n<\/div><\/article><article id=\"portfolio-1-post-63533\" class=\"fusion-portfolio-post all-in-barcelona beaches districts fusion-col-spacing post-63533 fusion-element-grid\"><div class=\"fusion-portfolio-content-wrapper\" style=\"border:none;\"><span class=\"entry-title rich-snippet-hidden\">La Barceloneta<\/span><span class=\"vcard rich-snippet-hidden\"><span class=\"fn\"><a href=\"https:\/\/www.smarttravelers.de\/en\/author\/wp_admin\/\" title=\"Posts by wp_admin\" rel=\"author\">wp_admin<\/a><\/span><\/span><span class=\"updated rich-snippet-hidden\">2023-10-05T22:38:43+02:00<\/span>\n\n<div  class=\"fusion-masonry-element-container fusion-image-wrapper\" style=\"background-image:url(https:\/\/www.smarttravelers.de\/wp-content\/uploads\/2018\/05\/La-Barceloneta1.jpg);padding-top:calc((100% + 20px) * 0.8 - 10px);\" aria-haspopup=\"true\">\n\t\n\t\n\t\n\t\t\n\t\t\t\t\t<img decoding=\"async\" width=\"1200\" height=\"900\" src=\"https:\/\/www.smarttravelers.de\/wp-content\/uploads\/2018\/05\/La-Barceloneta1.jpg\" class=\"attachment-full size-full wp-post-image\" alt=\"La Barceloneta mit Strand am Mittelmeer\" srcset=\"https:\/\/www.smarttravelers.de\/wp-content\/uploads\/2018\/05\/La-Barceloneta1-200x150.jpg 200w, https:\/\/www.smarttravelers.de\/wp-content\/uploads\/2018\/05\/La-Barceloneta1-400x300.jpg 400w, https:\/\/www.smarttravelers.de\/wp-content\/uploads\/2018\/05\/La-Barceloneta1-600x450.jpg 600w, https:\/\/www.smarttravelers.de\/wp-content\/uploads\/2018\/05\/La-Barceloneta1-800x600.jpg 800w, https:\/\/www.smarttravelers.de\/wp-content\/uploads\/2018\/05\/La-Barceloneta1.jpg 1200w\" sizes=\"(min-width: 2200px) 100vw, (min-width: 284px) 356px, (min-width: 212px) 284px, (min-width: 140px) 212px, \" \/>\n\t\n\n\t\t<div class=\"fusion-rollover\">\n\t<div class=\"fusion-rollover-content\">\n\n\t\t\t\t\t\t\t\t\t\t\t\t\t\t<a class=\"fusion-rollover-link\" href=\"https:\/\/www.smarttravelers.de\/en\/sights\/spain\/barcelona\/la-barceloneta\/\" target=\"_blank\">La Barceloneta<\/a>\n\t\t\t\n\t\t\t\t\t\t\t\t\t\t\t\t\t\t\n\t\t\t\t\t\t\t\t\n\t\t\t\t\t\t\t\t\t\t\t\t\t<div class=\"fusion-rollover-sep\"><\/div>\n\t\t\t\t\n\t\t\t\t\t\t\t\t\t\t\t\t\t\t\t\t\t\t<a class=\"fusion-rollover-gallery\" href=\"https:\/\/www.smarttravelers.de\/wp-content\/uploads\/2018\/05\/La-Barceloneta1.jpg\" data-id=\"63533\" data-rel=\"iLightbox[gallery-rw-1]\" data-title=\"La Barceloneta1\" data-caption=\"\">\n\t\t\t\t\t\tGallery\t\t\t\t\t<\/a>\n\t\t\t\t\t\t\t\t\t\t\t\t\t\t\n\t\t\n\t\t\t\t\t\t\t\t\t\t\t\t<h4 class=\"fusion-rollover-title\">\n\t\t\t\t\t<a class=\"fusion-rollover-title-link\" href=\"https:\/\/www.smarttravelers.de\/en\/sights\/spain\/barcelona\/la-barceloneta\/\" target=\"_blank\">\n\t\t\t\t\t\tLa Barceloneta\t\t\t\t\t<\/a>\n\t\t\t\t<\/h4>\n\t\t\t\n\t\t\t\t\t\t\t\t\n\t\t\n\t\t\t\t\t\t<a class=\"fusion-link-wrapper\" href=\"https:\/\/www.smarttravelers.de\/en\/sights\/spain\/barcelona\/la-barceloneta\/\" target=\"_blank\" aria-label=\"La Barceloneta\"><\/a>\n\t<\/div>\n<\/div>\n\n\t\n<\/div>\n<\/div><\/article><article id=\"portfolio-1-post-63529\" class=\"fusion-portfolio-post all-in-barcelona highlights-en streets-squares fusion-col-spacing post-63529 fusion-element-grid\"><div class=\"fusion-portfolio-content-wrapper\" style=\"border:none;\"><span class=\"entry-title rich-snippet-hidden\">La Rambla<\/span><span class=\"vcard rich-snippet-hidden\"><span class=\"fn\"><a href=\"https:\/\/www.smarttravelers.de\/en\/author\/wp_admin\/\" title=\"Posts by wp_admin\" rel=\"author\">wp_admin<\/a><\/span><\/span><span class=\"updated rich-snippet-hidden\">2023-10-05T22:37:41+02:00<\/span>\n\n<div  class=\"fusion-masonry-element-container fusion-image-wrapper\" style=\"background-image:url(https:\/\/www.smarttravelers.de\/wp-content\/uploads\/2018\/05\/La-Rambla3.jpg);padding-top:calc((100% + 20px) * 0.8 - 10px);\" aria-haspopup=\"true\">\n\t\n\t\n\t\n\t\t\n\t\t\t\t\t<img decoding=\"async\" width=\"1200\" height=\"900\" src=\"https:\/\/www.smarttravelers.de\/wp-content\/uploads\/2018\/05\/La-Rambla3.jpg\" class=\"attachment-full size-full wp-post-image\" alt=\"Stra\u00dfenszene auf La Rambla\" srcset=\"https:\/\/www.smarttravelers.de\/wp-content\/uploads\/2018\/05\/La-Rambla3-200x150.jpg 200w, https:\/\/www.smarttravelers.de\/wp-content\/uploads\/2018\/05\/La-Rambla3-400x300.jpg 400w, https:\/\/www.smarttravelers.de\/wp-content\/uploads\/2018\/05\/La-Rambla3-600x450.jpg 600w, https:\/\/www.smarttravelers.de\/wp-content\/uploads\/2018\/05\/La-Rambla3-800x600.jpg 800w, https:\/\/www.smarttravelers.de\/wp-content\/uploads\/2018\/05\/La-Rambla3.jpg 1200w\" sizes=\"(min-width: 2200px) 100vw, (min-width: 284px) 356px, (min-width: 212px) 284px, (min-width: 140px) 212px, \" \/>\n\t\n\n\t\t<div class=\"fusion-rollover\">\n\t<div class=\"fusion-rollover-content\">\n\n\t\t\t\t\t\t\t\t\t\t\t\t\t\t<a class=\"fusion-rollover-link\" href=\"https:\/\/www.smarttravelers.de\/en\/sights\/spain\/barcelona\/la-rambla\/\" target=\"_blank\">La Rambla<\/a>\n\t\t\t\n\t\t\t\t\t\t\t\t\t\t\t\t\t\t\n\t\t\t\t\t\t\t\t\n\t\t\t\t\t\t\t\t\t\t\t\t\t<div class=\"fusion-rollover-sep\"><\/div>\n\t\t\t\t\n\t\t\t\t\t\t\t\t\t\t\t\t\t\t\t\t\t\t<a class=\"fusion-rollover-gallery\" href=\"https:\/\/www.smarttravelers.de\/wp-content\/uploads\/2018\/05\/La-Rambla3.jpg\" data-id=\"63529\" data-rel=\"iLightbox[gallery-rw-1]\" data-title=\"La Rambla3\" data-caption=\"\">\n\t\t\t\t\t\tGallery\t\t\t\t\t<\/a>\n\t\t\t\t\t\t\t\t\t\t\t\t\t\t\n\t\t\n\t\t\t\t\t\t\t\t\t\t\t\t<h4 class=\"fusion-rollover-title\">\n\t\t\t\t\t<a class=\"fusion-rollover-title-link\" href=\"https:\/\/www.smarttravelers.de\/en\/sights\/spain\/barcelona\/la-rambla\/\" target=\"_blank\">\n\t\t\t\t\t\tLa Rambla\t\t\t\t\t<\/a>\n\t\t\t\t<\/h4>\n\t\t\t\n\t\t\t\t\t\t\t\t\n\t\t\n\t\t\t\t\t\t<a class=\"fusion-link-wrapper\" href=\"https:\/\/www.smarttravelers.de\/en\/sights\/spain\/barcelona\/la-rambla\/\" target=\"_blank\" aria-label=\"La Rambla\"><\/a>\n\t<\/div>\n<\/div>\n\n\t\n<\/div>\n<\/div><\/article><article id=\"portfolio-1-post-63525\" class=\"fusion-portfolio-post all-in-barcelona districts fusion-col-spacing post-63525 fusion-element-grid\"><div class=\"fusion-portfolio-content-wrapper\" style=\"border:none;\"><span class=\"entry-title rich-snippet-hidden\">La Ribera<\/span><span class=\"vcard rich-snippet-hidden\"><span class=\"fn\"><a href=\"https:\/\/www.smarttravelers.de\/en\/author\/wp_admin\/\" title=\"Posts by wp_admin\" rel=\"author\">wp_admin<\/a><\/span><\/span><span class=\"updated rich-snippet-hidden\">2023-10-05T22:36:42+02:00<\/span>\n\n<div  class=\"fusion-masonry-element-container fusion-image-wrapper\" style=\"background-image:url(https:\/\/www.smarttravelers.de\/wp-content\/uploads\/2018\/05\/La-Ribera3.jpg);padding-top:calc((100% + 20px) * 0.8 - 10px);\" aria-haspopup=\"true\">\n\t\n\t\n\t\n\t\t\n\t\t\t\t\t<img decoding=\"async\" width=\"1200\" height=\"800\" src=\"https:\/\/www.smarttravelers.de\/wp-content\/uploads\/2018\/05\/La-Ribera3.jpg\" class=\"attachment-full size-full wp-post-image\" alt=\"Bars und Restaurants in La Ribera\" srcset=\"https:\/\/www.smarttravelers.de\/wp-content\/uploads\/2018\/05\/La-Ribera3-200x133.jpg 200w, https:\/\/www.smarttravelers.de\/wp-content\/uploads\/2018\/05\/La-Ribera3-400x267.jpg 400w, https:\/\/www.smarttravelers.de\/wp-content\/uploads\/2018\/05\/La-Ribera3-600x400.jpg 600w, https:\/\/www.smarttravelers.de\/wp-content\/uploads\/2018\/05\/La-Ribera3-800x533.jpg 800w, https:\/\/www.smarttravelers.de\/wp-content\/uploads\/2018\/05\/La-Ribera3.jpg 1200w\" sizes=\"(min-width: 2200px) 100vw, (min-width: 284px) 356px, (min-width: 212px) 284px, (min-width: 140px) 212px, \" \/>\n\t\n\n\t\t<div class=\"fusion-rollover\">\n\t<div class=\"fusion-rollover-content\">\n\n\t\t\t\t\t\t\t\t\t\t\t\t\t\t<a class=\"fusion-rollover-link\" href=\"https:\/\/www.smarttravelers.de\/en\/sights\/spain\/barcelona\/la-ribera\/\" target=\"_blank\">La Ribera<\/a>\n\t\t\t\n\t\t\t\t\t\t\t\t\t\t\t\t\t\t\n\t\t\t\t\t\t\t\t\n\t\t\t\t\t\t\t\t\t\t\t\t\t<div class=\"fusion-rollover-sep\"><\/div>\n\t\t\t\t\n\t\t\t\t\t\t\t\t\t\t\t\t\t\t\t\t\t\t<a class=\"fusion-rollover-gallery\" href=\"https:\/\/www.smarttravelers.de\/wp-content\/uploads\/2018\/05\/La-Ribera3.jpg\" data-id=\"63525\" data-rel=\"iLightbox[gallery-rw-1]\" data-title=\"La Ribera3\" data-caption=\"\">\n\t\t\t\t\t\tGallery\t\t\t\t\t<\/a>\n\t\t\t\t\t\t\t\t\t\t\t\t\t\t\n\t\t\n\t\t\t\t\t\t\t\t\t\t\t\t<h4 class=\"fusion-rollover-title\">\n\t\t\t\t\t<a class=\"fusion-rollover-title-link\" href=\"https:\/\/www.smarttravelers.de\/en\/sights\/spain\/barcelona\/la-ribera\/\" target=\"_blank\">\n\t\t\t\t\t\tLa Ribera\t\t\t\t\t<\/a>\n\t\t\t\t<\/h4>\n\t\t\t\n\t\t\t\t\t\t\t\t\n\t\t\n\t\t\t\t\t\t<a class=\"fusion-link-wrapper\" href=\"https:\/\/www.smarttravelers.de\/en\/sights\/spain\/barcelona\/la-ribera\/\" target=\"_blank\" aria-label=\"La Ribera\"><\/a>\n\t<\/div>\n<\/div>\n\n\t\n<\/div>\n<\/div><\/article><article id=\"portfolio-1-post-83657\" class=\"fusion-portfolio-post alle-in-stockholm-en districts fusion-col-spacing post-83657 fusion-element-grid\"><div class=\"fusion-portfolio-content-wrapper\" style=\"border:none;\"><span class=\"entry-title rich-snippet-hidden\">L\u00e5ngholmen<\/span><span class=\"vcard rich-snippet-hidden\"><span class=\"fn\"><a href=\"https:\/\/www.smarttravelers.de\/en\/author\/wp_admin\/\" title=\"Posts by wp_admin\" rel=\"author\">wp_admin<\/a><\/span><\/span><span class=\"updated rich-snippet-hidden\">2024-06-03T12:28:00+02:00<\/span>\n\n<div  class=\"fusion-masonry-element-container fusion-image-wrapper\" style=\"background-image:url(https:\/\/www.smarttravelers.de\/wp-content\/uploads\/2020\/03\/L\u00e5ngholmen1.jpg);padding-top:calc((100% + 20px) * 0.8 - 10px);\" aria-haspopup=\"true\">\n\t\n\t\n\t\n\t\t\n\t\t\t\t\t<img decoding=\"async\" width=\"1618\" height=\"1080\" src=\"https:\/\/www.smarttravelers.de\/wp-content\/uploads\/2020\/03\/L\u00e5ngholmen1.jpg\" class=\"attachment-full size-full wp-post-image\" alt=\"Booten auf Langholmen\" srcset=\"https:\/\/www.smarttravelers.de\/wp-content\/uploads\/2020\/03\/L\u00e5ngholmen1-200x133.jpg 200w, https:\/\/www.smarttravelers.de\/wp-content\/uploads\/2020\/03\/L\u00e5ngholmen1-400x267.jpg 400w, https:\/\/www.smarttravelers.de\/wp-content\/uploads\/2020\/03\/L\u00e5ngholmen1-600x400.jpg 600w, https:\/\/www.smarttravelers.de\/wp-content\/uploads\/2020\/03\/L\u00e5ngholmen1-800x534.jpg 800w, https:\/\/www.smarttravelers.de\/wp-content\/uploads\/2020\/03\/L\u00e5ngholmen1-1200x801.jpg 1200w, https:\/\/www.smarttravelers.de\/wp-content\/uploads\/2020\/03\/L\u00e5ngholmen1.jpg 1618w\" sizes=\"(min-width: 2200px) 100vw, (min-width: 284px) 356px, (min-width: 212px) 284px, (min-width: 140px) 212px, \" \/>\n\t\n\n\t\t<div class=\"fusion-rollover\">\n\t<div class=\"fusion-rollover-content\">\n\n\t\t\t\t\t\t\t\t\t\t\t\t\t\t<a class=\"fusion-rollover-link\" href=\"https:\/\/www.smarttravelers.de\/en\/sights\/schweden\/stockholm\/laangholmen\/\" target=\"_blank\">L\u00e5ngholmen<\/a>\n\t\t\t\n\t\t\t\t\t\t\t\t\t\t\t\t\t\t\n\t\t\t\t\t\t\t\t\n\t\t\t\t\t\t\t\t\t\t\t\t\t<div class=\"fusion-rollover-sep\"><\/div>\n\t\t\t\t\n\t\t\t\t\t\t\t\t\t\t\t\t\t\t\t\t\t\t<a class=\"fusion-rollover-gallery\" href=\"https:\/\/www.smarttravelers.de\/wp-content\/uploads\/2020\/03\/L\u00e5ngholmen1.jpg\" data-id=\"83657\" data-rel=\"iLightbox[gallery-rw-1]\" data-title=\"L\u00e5ngholmen1\" data-caption=\"\">\n\t\t\t\t\t\tGallery\t\t\t\t\t<\/a>\n\t\t\t\t\t\t\t\t\t\t\t\t\t\t\n\t\t\n\t\t\t\t\t\t\t\t\t\t\t\t<h4 class=\"fusion-rollover-title\">\n\t\t\t\t\t<a class=\"fusion-rollover-title-link\" href=\"https:\/\/www.smarttravelers.de\/en\/sights\/schweden\/stockholm\/laangholmen\/\" target=\"_blank\">\n\t\t\t\t\t\tL\u00e5ngholmen\t\t\t\t\t<\/a>\n\t\t\t\t<\/h4>\n\t\t\t\n\t\t\t\t\t\t\t\t\n\t\t\n\t\t\t\t\t\t<a class=\"fusion-link-wrapper\" href=\"https:\/\/www.smarttravelers.de\/en\/sights\/schweden\/stockholm\/laangholmen\/\" target=\"_blank\" aria-label=\"L\u00e5ngholmen\"><\/a>\n\t<\/div>\n<\/div>\n\n\t\n<\/div>\n<\/div><\/article><article id=\"portfolio-1-post-83661\" class=\"fusion-portfolio-post alle-in-stockholm-en museums-galleries fusion-col-spacing post-83661 fusion-element-portrait\"><div class=\"fusion-portfolio-content-wrapper\" style=\"border:none;\"><span class=\"entry-title rich-snippet-hidden\">Livrustkammaren<\/span><span class=\"vcard rich-snippet-hidden\"><span class=\"fn\"><a href=\"https:\/\/www.smarttravelers.de\/en\/author\/wp_admin\/\" title=\"Posts by wp_admin\" rel=\"author\">wp_admin<\/a><\/span><\/span><span class=\"updated rich-snippet-hidden\">2024-06-03T12:30:50+02:00<\/span>\n\n<div  class=\"fusion-masonry-element-container fusion-image-wrapper\" style=\"background-image:url(https:\/\/www.smarttravelers.de\/wp-content\/uploads\/2020\/03\/Livrustkammaren1.jpg);padding-top:calc((100% + 20px) * 1.6);\" aria-haspopup=\"true\">\n\t\n\t\n\t\n\t\t\n\t\t\t\t\t<img decoding=\"async\" width=\"833\" height=\"1080\" src=\"https:\/\/www.smarttravelers.de\/wp-content\/uploads\/2020\/03\/Livrustkammaren1.jpg\" class=\"attachment-full size-full wp-post-image\" alt=\"Pferd mit R\u00fcstung in Livrustkammaren\" srcset=\"https:\/\/www.smarttravelers.de\/wp-content\/uploads\/2020\/03\/Livrustkammaren1-200x259.jpg 200w, https:\/\/www.smarttravelers.de\/wp-content\/uploads\/2020\/03\/Livrustkammaren1-400x519.jpg 400w, https:\/\/www.smarttravelers.de\/wp-content\/uploads\/2020\/03\/Livrustkammaren1-600x778.jpg 600w, https:\/\/www.smarttravelers.de\/wp-content\/uploads\/2020\/03\/Livrustkammaren1-800x1037.jpg 800w, https:\/\/www.smarttravelers.de\/wp-content\/uploads\/2020\/03\/Livrustkammaren1.jpg 833w\" sizes=\"(min-width: 2200px) 100vw, (min-width: 284px) 356px, (min-width: 212px) 284px, (min-width: 140px) 212px, \" \/>\n\t\n\n\t\t<div class=\"fusion-rollover\">\n\t<div class=\"fusion-rollover-content\">\n\n\t\t\t\t\t\t\t\t\t\t\t\t\t\t<a class=\"fusion-rollover-link\" href=\"https:\/\/www.smarttravelers.de\/en\/sights\/schweden\/stockholm\/livrustkammaren\/\" target=\"_blank\">Livrustkammaren<\/a>\n\t\t\t\n\t\t\t\t\t\t\t\t\t\t\t\t\t\t\n\t\t\t\t\t\t\t\t\n\t\t\t\t\t\t\t\t\t\t\t\t\t<div class=\"fusion-rollover-sep\"><\/div>\n\t\t\t\t\n\t\t\t\t\t\t\t\t\t\t\t\t\t\t\t\t\t\t<a class=\"fusion-rollover-gallery\" href=\"https:\/\/www.smarttravelers.de\/wp-content\/uploads\/2020\/03\/Livrustkammaren1.jpg\" data-id=\"83661\" data-rel=\"iLightbox[gallery-rw-1]\" data-title=\"Livrustkammaren1\" data-caption=\"\">\n\t\t\t\t\t\tGallery\t\t\t\t\t<\/a>\n\t\t\t\t\t\t\t\t\t\t\t\t\t\t\n\t\t\n\t\t\t\t\t\t\t\t\t\t\t\t<h4 class=\"fusion-rollover-title\">\n\t\t\t\t\t<a class=\"fusion-rollover-title-link\" href=\"https:\/\/www.smarttravelers.de\/en\/sights\/schweden\/stockholm\/livrustkammaren\/\" target=\"_blank\">\n\t\t\t\t\t\tLivrustkammaren\t\t\t\t\t<\/a>\n\t\t\t\t<\/h4>\n\t\t\t\n\t\t\t\t\t\t\t\t\n\t\t\n\t\t\t\t\t\t<a class=\"fusion-link-wrapper\" href=\"https:\/\/www.smarttravelers.de\/en\/sights\/schweden\/stockholm\/livrustkammaren\/\" target=\"_blank\" aria-label=\"Livrustkammaren\"><\/a>\n\t<\/div>\n<\/div>\n\n\t\n<\/div>\n<\/div><\/article><article id=\"portfolio-1-post-63560\" class=\"fusion-portfolio-post all-in-barcelona other-sights fusion-col-spacing post-63560 fusion-element-grid\"><div class=\"fusion-portfolio-content-wrapper\" style=\"border:none;\"><span class=\"entry-title rich-snippet-hidden\">Magic Fountain of Montju\u00efc<\/span><span class=\"vcard rich-snippet-hidden\"><span class=\"fn\"><a href=\"https:\/\/www.smarttravelers.de\/en\/author\/wp_admin\/\" title=\"Posts by wp_admin\" rel=\"author\">wp_admin<\/a><\/span><\/span><span class=\"updated rich-snippet-hidden\">2023-10-05T22:44:49+02:00<\/span>\n\n<div  class=\"fusion-masonry-element-container fusion-image-wrapper\" style=\"background-image:url(https:\/\/www.smarttravelers.de\/wp-content\/uploads\/2018\/05\/Font-M\u00e0gica2.jpg);padding-top:calc((100% + 20px) * 0.8 - 10px);\" aria-haspopup=\"true\">\n\t\n\t\n\t\n\t\t\n\t\t\t\t\t<img decoding=\"async\" width=\"1200\" height=\"803\" src=\"https:\/\/www.smarttravelers.de\/wp-content\/uploads\/2018\/05\/Font-M\u00e0gica2.jpg\" class=\"attachment-full size-full wp-post-image\" alt=\"Der Font M\u00e0gica am Abend\" srcset=\"https:\/\/www.smarttravelers.de\/wp-content\/uploads\/2018\/05\/Font-M\u00e0gica2-200x134.jpg 200w, https:\/\/www.smarttravelers.de\/wp-content\/uploads\/2018\/05\/Font-M\u00e0gica2-400x268.jpg 400w, https:\/\/www.smarttravelers.de\/wp-content\/uploads\/2018\/05\/Font-M\u00e0gica2-600x402.jpg 600w, https:\/\/www.smarttravelers.de\/wp-content\/uploads\/2018\/05\/Font-M\u00e0gica2-800x535.jpg 800w, https:\/\/www.smarttravelers.de\/wp-content\/uploads\/2018\/05\/Font-M\u00e0gica2.jpg 1200w\" sizes=\"(min-width: 2200px) 100vw, (min-width: 284px) 356px, (min-width: 212px) 284px, (min-width: 140px) 212px, \" \/>\n\t\n\n\t\t<div class=\"fusion-rollover\">\n\t<div class=\"fusion-rollover-content\">\n\n\t\t\t\t\t\t\t\t\t\t\t\t\t\t<a class=\"fusion-rollover-link\" href=\"https:\/\/www.smarttravelers.de\/en\/sights\/spain\/barcelona\/magic-fountain-of-montjuic\/\" target=\"_blank\">Magic Fountain of Montju\u00efc<\/a>\n\t\t\t\n\t\t\t\t\t\t\t\t\t\t\t\t\t\t\n\t\t\t\t\t\t\t\t\n\t\t\t\t\t\t\t\t\t\t\t\t\t<div class=\"fusion-rollover-sep\"><\/div>\n\t\t\t\t\n\t\t\t\t\t\t\t\t\t\t\t\t\t\t\t\t\t\t<a class=\"fusion-rollover-gallery\" href=\"https:\/\/www.smarttravelers.de\/wp-content\/uploads\/2018\/05\/Font-M\u00e0gica2.jpg\" data-id=\"63560\" data-rel=\"iLightbox[gallery-rw-1]\" data-title=\"Font M\u00e0gica2\" data-caption=\"\">\n\t\t\t\t\t\tGallery\t\t\t\t\t<\/a>\n\t\t\t\t\t\t\t\t\t\t\t\t\t\t\n\t\t\n\t\t\t\t\t\t\t\t\t\t\t\t<h4 class=\"fusion-rollover-title\">\n\t\t\t\t\t<a class=\"fusion-rollover-title-link\" href=\"https:\/\/www.smarttravelers.de\/en\/sights\/spain\/barcelona\/magic-fountain-of-montjuic\/\" target=\"_blank\">\n\t\t\t\t\t\tMagic Fountain of Montju\u00efc\t\t\t\t\t<\/a>\n\t\t\t\t<\/h4>\n\t\t\t\n\t\t\t\t\t\t\t\t\n\t\t\n\t\t\t\t\t\t<a class=\"fusion-link-wrapper\" href=\"https:\/\/www.smarttravelers.de\/en\/sights\/spain\/barcelona\/magic-fountain-of-montjuic\/\" target=\"_blank\" aria-label=\"Magic Fountain of Montju\u00efc\"><\/a>\n\t<\/div>\n<\/div>\n\n\t\n<\/div>\n<\/div><\/article><article id=\"portfolio-1-post-63521\" class=\"fusion-portfolio-post all-in-barcelona shopping fusion-col-spacing post-63521 fusion-element-grid\"><div class=\"fusion-portfolio-content-wrapper\" style=\"border:none;\"><span class=\"entry-title rich-snippet-hidden\">Mercat de la Boqueria<\/span><span class=\"vcard rich-snippet-hidden\"><span class=\"fn\"><a href=\"https:\/\/www.smarttravelers.de\/en\/author\/wp_admin\/\" title=\"Posts by wp_admin\" rel=\"author\">wp_admin<\/a><\/span><\/span><span class=\"updated rich-snippet-hidden\">2023-10-05T22:35:46+02:00<\/span>\n\n<div  class=\"fusion-masonry-element-container fusion-image-wrapper\" style=\"background-image:url(https:\/\/www.smarttravelers.de\/wp-content\/uploads\/2018\/05\/Mercat-de-la-Boqueria1.jpg);padding-top:calc((100% + 20px) * 0.8 - 10px);\" aria-haspopup=\"true\">\n\t\n\t\n\t\n\t\t\n\t\t\t\t\t<img decoding=\"async\" width=\"1200\" height=\"900\" src=\"https:\/\/www.smarttravelers.de\/wp-content\/uploads\/2018\/05\/Mercat-de-la-Boqueria1.jpg\" class=\"attachment-full size-full wp-post-image\" alt=\"Obst- und Gem\u00fcseh\u00e4ndler im Mercat de la Boqueria\" srcset=\"https:\/\/www.smarttravelers.de\/wp-content\/uploads\/2018\/05\/Mercat-de-la-Boqueria1-200x150.jpg 200w, https:\/\/www.smarttravelers.de\/wp-content\/uploads\/2018\/05\/Mercat-de-la-Boqueria1-400x300.jpg 400w, https:\/\/www.smarttravelers.de\/wp-content\/uploads\/2018\/05\/Mercat-de-la-Boqueria1-600x450.jpg 600w, https:\/\/www.smarttravelers.de\/wp-content\/uploads\/2018\/05\/Mercat-de-la-Boqueria1-800x600.jpg 800w, https:\/\/www.smarttravelers.de\/wp-content\/uploads\/2018\/05\/Mercat-de-la-Boqueria1.jpg 1200w\" sizes=\"(min-width: 2200px) 100vw, (min-width: 284px) 356px, (min-width: 212px) 284px, (min-width: 140px) 212px, \" \/>\n\t\n\n\t\t<div class=\"fusion-rollover\">\n\t<div class=\"fusion-rollover-content\">\n\n\t\t\t\t\t\t\t\t\t\t\t\t\t\t<a class=\"fusion-rollover-link\" href=\"https:\/\/www.smarttravelers.de\/en\/sights\/spain\/barcelona\/mercat-de-la-boqueria\/\" target=\"_blank\">Mercat de la Boqueria<\/a>\n\t\t\t\n\t\t\t\t\t\t\t\t\t\t\t\t\t\t\n\t\t\t\t\t\t\t\t\n\t\t\t\t\t\t\t\t\t\t\t\t\t<div class=\"fusion-rollover-sep\"><\/div>\n\t\t\t\t\n\t\t\t\t\t\t\t\t\t\t\t\t\t\t\t\t\t\t<a class=\"fusion-rollover-gallery\" href=\"https:\/\/www.smarttravelers.de\/wp-content\/uploads\/2018\/05\/Mercat-de-la-Boqueria1.jpg\" data-id=\"63521\" data-rel=\"iLightbox[gallery-rw-1]\" data-title=\"Mercat de la Boqueria1\" data-caption=\"\">\n\t\t\t\t\t\tGallery\t\t\t\t\t<\/a>\n\t\t\t\t\t\t\t\t\t\t\t\t\t\t\n\t\t\n\t\t\t\t\t\t\t\t\t\t\t\t<h4 class=\"fusion-rollover-title\">\n\t\t\t\t\t<a class=\"fusion-rollover-title-link\" href=\"https:\/\/www.smarttravelers.de\/en\/sights\/spain\/barcelona\/mercat-de-la-boqueria\/\" target=\"_blank\">\n\t\t\t\t\t\tMercat de la Boqueria\t\t\t\t\t<\/a>\n\t\t\t\t<\/h4>\n\t\t\t\n\t\t\t\t\t\t\t\t\n\t\t\n\t\t\t\t\t\t<a class=\"fusion-link-wrapper\" href=\"https:\/\/www.smarttravelers.de\/en\/sights\/spain\/barcelona\/mercat-de-la-boqueria\/\" target=\"_blank\" aria-label=\"Mercat de la Boqueria\"><\/a>\n\t<\/div>\n<\/div>\n\n\t\n<\/div>\n<\/div><\/article><article id=\"portfolio-1-post-83666\" class=\"fusion-portfolio-post alle-in-stockholm-en gardens-parks museums-galleries fusion-col-spacing post-83666 fusion-element-grid\"><div class=\"fusion-portfolio-content-wrapper\" style=\"border:none;\"><span class=\"entry-title rich-snippet-hidden\">Millesg\u00e5rden<\/span><span class=\"vcard rich-snippet-hidden\"><span class=\"fn\"><a href=\"https:\/\/www.smarttravelers.de\/en\/author\/wp_admin\/\" title=\"Posts by wp_admin\" rel=\"author\">wp_admin<\/a><\/span><\/span><span class=\"updated rich-snippet-hidden\">2024-06-03T12:33:00+02:00<\/span>\n\n<div  class=\"fusion-masonry-element-container fusion-image-wrapper\" style=\"background-image:url(https:\/\/www.smarttravelers.de\/wp-content\/uploads\/2020\/03\/Millesg\u00e5rden2.jpg);padding-top:calc((100% + 20px) * 0.8 - 10px);\" aria-haspopup=\"true\">\n\t\n\t\n\t\n\t\t\n\t\t\t\t\t<img decoding=\"async\" width=\"1440\" height=\"1080\" src=\"https:\/\/www.smarttravelers.de\/wp-content\/uploads\/2020\/03\/Millesg\u00e5rden2.jpg\" class=\"attachment-full size-full wp-post-image\" alt=\"Millesg\u00e5rden Skulpturenpark\" srcset=\"https:\/\/www.smarttravelers.de\/wp-content\/uploads\/2020\/03\/Millesg\u00e5rden2-200x150.jpg 200w, https:\/\/www.smarttravelers.de\/wp-content\/uploads\/2020\/03\/Millesg\u00e5rden2-400x300.jpg 400w, https:\/\/www.smarttravelers.de\/wp-content\/uploads\/2020\/03\/Millesg\u00e5rden2-600x450.jpg 600w, https:\/\/www.smarttravelers.de\/wp-content\/uploads\/2020\/03\/Millesg\u00e5rden2-800x600.jpg 800w, https:\/\/www.smarttravelers.de\/wp-content\/uploads\/2020\/03\/Millesg\u00e5rden2-1200x900.jpg 1200w, https:\/\/www.smarttravelers.de\/wp-content\/uploads\/2020\/03\/Millesg\u00e5rden2.jpg 1440w\" sizes=\"(min-width: 2200px) 100vw, (min-width: 284px) 356px, (min-width: 212px) 284px, (min-width: 140px) 212px, \" \/>\n\t\n\n\t\t<div class=\"fusion-rollover\">\n\t<div class=\"fusion-rollover-content\">\n\n\t\t\t\t\t\t\t\t\t\t\t\t\t\t<a class=\"fusion-rollover-link\" href=\"https:\/\/www.smarttravelers.de\/en\/sights\/schweden\/stockholm\/millesgaarden\/\" target=\"_blank\">Millesg\u00e5rden<\/a>\n\t\t\t\n\t\t\t\t\t\t\t\t\t\t\t\t\t\t\n\t\t\t\t\t\t\t\t\n\t\t\t\t\t\t\t\t\t\t\t\t\t<div class=\"fusion-rollover-sep\"><\/div>\n\t\t\t\t\n\t\t\t\t\t\t\t\t\t\t\t\t\t\t\t\t\t\t<a class=\"fusion-rollover-gallery\" href=\"https:\/\/www.smarttravelers.de\/wp-content\/uploads\/2020\/03\/Millesg\u00e5rden2.jpg\" data-id=\"83666\" data-rel=\"iLightbox[gallery-rw-1]\" data-title=\"Millesg\u00e5rden2\" data-caption=\"\">\n\t\t\t\t\t\tGallery\t\t\t\t\t<\/a>\n\t\t\t\t\t\t\t\t\t\t\t\t\t\t\n\t\t\n\t\t\t\t\t\t\t\t\t\t\t\t<h4 class=\"fusion-rollover-title\">\n\t\t\t\t\t<a class=\"fusion-rollover-title-link\" href=\"https:\/\/www.smarttravelers.de\/en\/sights\/schweden\/stockholm\/millesgaarden\/\" target=\"_blank\">\n\t\t\t\t\t\tMillesg\u00e5rden\t\t\t\t\t<\/a>\n\t\t\t\t<\/h4>\n\t\t\t\n\t\t\t\t\t\t\t\t\n\t\t\n\t\t\t\t\t\t<a class=\"fusion-link-wrapper\" href=\"https:\/\/www.smarttravelers.de\/en\/sights\/schweden\/stockholm\/millesgaarden\/\" target=\"_blank\" aria-label=\"Millesg\u00e5rden\"><\/a>\n\t<\/div>\n<\/div>\n\n\t\n<\/div>\n<\/div><\/article><article id=\"portfolio-1-post-83669\" class=\"fusion-portfolio-post alle-in-stockholm-en museums-galleries fusion-col-spacing post-83669 fusion-element-grid\"><div class=\"fusion-portfolio-content-wrapper\" style=\"border:none;\"><span class=\"entry-title rich-snippet-hidden\">Moderna museet<\/span><span class=\"vcard rich-snippet-hidden\"><span class=\"fn\"><a href=\"https:\/\/www.smarttravelers.de\/en\/author\/wp_admin\/\" title=\"Posts by wp_admin\" rel=\"author\">wp_admin<\/a><\/span><\/span><span class=\"updated rich-snippet-hidden\">2024-06-03T12:35:24+02:00<\/span>\n\n<div  class=\"fusion-masonry-element-container fusion-image-wrapper\" style=\"background-image:url(https:\/\/www.smarttravelers.de\/wp-content\/uploads\/2020\/03\/Moderna-Museet1.jpg);padding-top:calc((100% + 20px) * 0.8 - 10px);\" aria-haspopup=\"true\">\n\t\n\t\n\t\n\t\t\n\t\t\t\t\t<img decoding=\"async\" width=\"1510\" height=\"1080\" src=\"https:\/\/www.smarttravelers.de\/wp-content\/uploads\/2020\/03\/Moderna-Museet1.jpg\" class=\"attachment-full size-full wp-post-image\" alt=\"Moderna museet Ausstellungsraum\" srcset=\"https:\/\/www.smarttravelers.de\/wp-content\/uploads\/2020\/03\/Moderna-Museet1-200x143.jpg 200w, https:\/\/www.smarttravelers.de\/wp-content\/uploads\/2020\/03\/Moderna-Museet1-400x286.jpg 400w, https:\/\/www.smarttravelers.de\/wp-content\/uploads\/2020\/03\/Moderna-Museet1-600x429.jpg 600w, https:\/\/www.smarttravelers.de\/wp-content\/uploads\/2020\/03\/Moderna-Museet1-800x572.jpg 800w, https:\/\/www.smarttravelers.de\/wp-content\/uploads\/2020\/03\/Moderna-Museet1-1200x858.jpg 1200w, https:\/\/www.smarttravelers.de\/wp-content\/uploads\/2020\/03\/Moderna-Museet1.jpg 1510w\" sizes=\"(min-width: 2200px) 100vw, (min-width: 284px) 356px, (min-width: 212px) 284px, (min-width: 140px) 212px, \" \/>\n\t\n\n\t\t<div class=\"fusion-rollover\">\n\t<div class=\"fusion-rollover-content\">\n\n\t\t\t\t\t\t\t\t\t\t\t\t\t\t<a class=\"fusion-rollover-link\" href=\"https:\/\/www.smarttravelers.de\/en\/sights\/schweden\/stockholm\/moderna-museet\/\" target=\"_blank\">Moderna museet<\/a>\n\t\t\t\n\t\t\t\t\t\t\t\t\t\t\t\t\t\t\n\t\t\t\t\t\t\t\t\n\t\t\t\t\t\t\t\t\t\t\t\t\t<div class=\"fusion-rollover-sep\"><\/div>\n\t\t\t\t\n\t\t\t\t\t\t\t\t\t\t\t\t\t\t\t\t\t\t<a class=\"fusion-rollover-gallery\" href=\"https:\/\/www.smarttravelers.de\/wp-content\/uploads\/2020\/03\/Moderna-Museet1.jpg\" data-id=\"83669\" data-rel=\"iLightbox[gallery-rw-1]\" data-title=\"Moderna Museet1\" data-caption=\"\">\n\t\t\t\t\t\tGallery\t\t\t\t\t<\/a>\n\t\t\t\t\t\t\t\t\t\t\t\t\t\t\n\t\t\n\t\t\t\t\t\t\t\t\t\t\t\t<h4 class=\"fusion-rollover-title\">\n\t\t\t\t\t<a class=\"fusion-rollover-title-link\" href=\"https:\/\/www.smarttravelers.de\/en\/sights\/schweden\/stockholm\/moderna-museet\/\" target=\"_blank\">\n\t\t\t\t\t\tModerna museet\t\t\t\t\t<\/a>\n\t\t\t\t<\/h4>\n\t\t\t\n\t\t\t\t\t\t\t\t\n\t\t\n\t\t\t\t\t\t<a class=\"fusion-link-wrapper\" href=\"https:\/\/www.smarttravelers.de\/en\/sights\/schweden\/stockholm\/moderna-museet\/\" target=\"_blank\" aria-label=\"Moderna museet\"><\/a>\n\t<\/div>\n<\/div>\n\n\t\n<\/div>\n<\/div><\/article><article id=\"portfolio-1-post-83677\" class=\"fusion-portfolio-post alle-in-stockholm-en streets-squares viewpoints fusion-col-spacing post-83677 fusion-element-grid\"><div class=\"fusion-portfolio-content-wrapper\" style=\"border:none;\"><span class=\"entry-title rich-snippet-hidden\">Monteliusv\u00e4gen<\/span><span class=\"vcard rich-snippet-hidden\"><span class=\"fn\"><a href=\"https:\/\/www.smarttravelers.de\/en\/author\/wp_admin\/\" title=\"Posts by wp_admin\" rel=\"author\">wp_admin<\/a><\/span><\/span><span class=\"updated rich-snippet-hidden\">2024-06-03T12:38:40+02:00<\/span>\n\n<div  class=\"fusion-masonry-element-container fusion-image-wrapper\" style=\"background-image:url(https:\/\/www.smarttravelers.de\/wp-content\/uploads\/2020\/03\/Monteliusv\u00e4gen2.jpg);padding-top:calc((100% + 20px) * 0.8 - 10px);\" aria-haspopup=\"true\">\n\t\n\t\n\t\n\t\t\n\t\t\t\t\t<img decoding=\"async\" width=\"1652\" height=\"1080\" src=\"https:\/\/www.smarttravelers.de\/wp-content\/uploads\/2020\/03\/Monteliusv\u00e4gen2.jpg\" class=\"attachment-full size-full wp-post-image\" alt=\"Aussicht vom Monteliusv\u00e4gen\" srcset=\"https:\/\/www.smarttravelers.de\/wp-content\/uploads\/2020\/03\/Monteliusv\u00e4gen2-200x131.jpg 200w, https:\/\/www.smarttravelers.de\/wp-content\/uploads\/2020\/03\/Monteliusv\u00e4gen2-400x262.jpg 400w, https:\/\/www.smarttravelers.de\/wp-content\/uploads\/2020\/03\/Monteliusv\u00e4gen2-600x392.jpg 600w, https:\/\/www.smarttravelers.de\/wp-content\/uploads\/2020\/03\/Monteliusv\u00e4gen2-800x523.jpg 800w, https:\/\/www.smarttravelers.de\/wp-content\/uploads\/2020\/03\/Monteliusv\u00e4gen2-1200x785.jpg 1200w, https:\/\/www.smarttravelers.de\/wp-content\/uploads\/2020\/03\/Monteliusv\u00e4gen2.jpg 1652w\" sizes=\"(min-width: 2200px) 100vw, (min-width: 284px) 356px, (min-width: 212px) 284px, (min-width: 140px) 212px, \" \/>\n\t\n\n\t\t<div class=\"fusion-rollover\">\n\t<div class=\"fusion-rollover-content\">\n\n\t\t\t\t\t\t\t\t\t\t\t\t\t\t<a class=\"fusion-rollover-link\" href=\"https:\/\/www.smarttravelers.de\/en\/sights\/schweden\/stockholm\/monteliusvaegen\/\" target=\"_blank\">Monteliusv\u00e4gen<\/a>\n\t\t\t\n\t\t\t\t\t\t\t\t\t\t\t\t\t\t\n\t\t\t\t\t\t\t\t\n\t\t\t\t\t\t\t\t\t\t\t\t\t<div class=\"fusion-rollover-sep\"><\/div>\n\t\t\t\t\n\t\t\t\t\t\t\t\t\t\t\t\t\t\t\t\t\t\t<a class=\"fusion-rollover-gallery\" href=\"https:\/\/www.smarttravelers.de\/wp-content\/uploads\/2020\/03\/Monteliusv\u00e4gen2.jpg\" data-id=\"83677\" data-rel=\"iLightbox[gallery-rw-1]\" data-title=\"Monteliusv\u00e4gen2\" data-caption=\"\">\n\t\t\t\t\t\tGallery\t\t\t\t\t<\/a>\n\t\t\t\t\t\t\t\t\t\t\t\t\t\t\n\t\t\n\t\t\t\t\t\t\t\t\t\t\t\t<h4 class=\"fusion-rollover-title\">\n\t\t\t\t\t<a class=\"fusion-rollover-title-link\" href=\"https:\/\/www.smarttravelers.de\/en\/sights\/schweden\/stockholm\/monteliusvaegen\/\" target=\"_blank\">\n\t\t\t\t\t\tMonteliusv\u00e4gen\t\t\t\t\t<\/a>\n\t\t\t\t<\/h4>\n\t\t\t\n\t\t\t\t\t\t\t\t\n\t\t\n\t\t\t\t\t\t<a class=\"fusion-link-wrapper\" href=\"https:\/\/www.smarttravelers.de\/en\/sights\/schweden\/stockholm\/monteliusvaegen\/\" target=\"_blank\" aria-label=\"Monteliusv\u00e4gen\"><\/a>\n\t<\/div>\n<\/div>\n\n\t\n<\/div>\n<\/div><\/article><article id=\"portfolio-1-post-63517\" class=\"fusion-portfolio-post all-in-barcelona highlights-en viewpoints fusion-col-spacing post-63517 fusion-element-landscape\"><div class=\"fusion-portfolio-content-wrapper\" style=\"border:none;\"><span class=\"entry-title rich-snippet-hidden\">Montju\u00efc<\/span><span class=\"vcard rich-snippet-hidden\"><span class=\"fn\"><a href=\"https:\/\/www.smarttravelers.de\/en\/author\/wp_admin\/\" title=\"Posts by wp_admin\" rel=\"author\">wp_admin<\/a><\/span><\/span><span class=\"updated rich-snippet-hidden\">2023-10-05T22:34:50+02:00<\/span>\n\n<div  class=\"fusion-masonry-element-container fusion-image-wrapper\" style=\"background-image:url(https:\/\/www.smarttravelers.de\/wp-content\/uploads\/2018\/11\/Montju\u00efc1neu.jpeg);padding-top:calc((100% + 20px) * 0.4 - 10px);\" aria-haspopup=\"true\">\n\t\n\t\n\t\n\t\t\n\t\t\t\t\t<img decoding=\"async\" width=\"1200\" height=\"675\" src=\"https:\/\/www.smarttravelers.de\/wp-content\/uploads\/2018\/11\/Montju\u00efc1neu.jpeg\" class=\"attachment-full size-full wp-post-image\" alt=\"Blick auf den Montju\u00efc vom Hafen Barcelona\" srcset=\"https:\/\/www.smarttravelers.de\/wp-content\/uploads\/2018\/11\/Montju\u00efc1neu-200x113.jpeg 200w, https:\/\/www.smarttravelers.de\/wp-content\/uploads\/2018\/11\/Montju\u00efc1neu-400x225.jpeg 400w, https:\/\/www.smarttravelers.de\/wp-content\/uploads\/2018\/11\/Montju\u00efc1neu-600x338.jpeg 600w, https:\/\/www.smarttravelers.de\/wp-content\/uploads\/2018\/11\/Montju\u00efc1neu-800x450.jpeg 800w, https:\/\/www.smarttravelers.de\/wp-content\/uploads\/2018\/11\/Montju\u00efc1neu.jpeg 1200w\" sizes=\"(min-width: 2200px) 100vw, (min-width: 140px) 1920px, \" \/>\n\t\n\n\t\t<div class=\"fusion-rollover\">\n\t<div class=\"fusion-rollover-content\">\n\n\t\t\t\t\t\t\t\t\t\t\t\t\t\t<a class=\"fusion-rollover-link\" href=\"https:\/\/www.smarttravelers.de\/en\/sights\/spain\/barcelona\/montjuic\/\" target=\"_blank\">Montju\u00efc<\/a>\n\t\t\t\n\t\t\t\t\t\t\t\t\t\t\t\t\t\t\n\t\t\t\t\t\t\t\t\n\t\t\t\t\t\t\t\t\t\t\t\t\t<div class=\"fusion-rollover-sep\"><\/div>\n\t\t\t\t\n\t\t\t\t\t\t\t\t\t\t\t\t\t\t\t\t\t\t<a class=\"fusion-rollover-gallery\" href=\"https:\/\/www.smarttravelers.de\/wp-content\/uploads\/2018\/11\/Montju\u00efc1neu.jpeg\" data-id=\"63517\" data-rel=\"iLightbox[gallery-rw-1]\" data-title=\"Montju\u00efc1neu\" data-caption=\"\">\n\t\t\t\t\t\tGallery\t\t\t\t\t<\/a>\n\t\t\t\t\t\t\t\t\t\t\t\t\t\t\n\t\t\n\t\t\t\t\t\t\t\t\t\t\t\t<h4 class=\"fusion-rollover-title\">\n\t\t\t\t\t<a class=\"fusion-rollover-title-link\" href=\"https:\/\/www.smarttravelers.de\/en\/sights\/spain\/barcelona\/montjuic\/\" target=\"_blank\">\n\t\t\t\t\t\tMontju\u00efc\t\t\t\t\t<\/a>\n\t\t\t\t<\/h4>\n\t\t\t\n\t\t\t\t\t\t\t\t\n\t\t\n\t\t\t\t\t\t<a class=\"fusion-link-wrapper\" href=\"https:\/\/www.smarttravelers.de\/en\/sights\/spain\/barcelona\/montjuic\/\" target=\"_blank\" aria-label=\"Montju\u00efc\"><\/a>\n\t<\/div>\n<\/div>\n\n\t\n<\/div>\n<\/div><\/article><article id=\"portfolio-1-post-63441\" class=\"fusion-portfolio-post all-in-barcelona castles-palaces viewpoints fusion-col-spacing post-63441 fusion-element-grid\"><div class=\"fusion-portfolio-content-wrapper\" style=\"border:none;\"><span class=\"entry-title rich-snippet-hidden\">Montju\u00efc Castle<\/span><span class=\"vcard rich-snippet-hidden\"><span class=\"fn\"><a href=\"https:\/\/www.smarttravelers.de\/en\/author\/wp_admin\/\" title=\"Posts by wp_admin\" rel=\"author\">wp_admin<\/a><\/span><\/span><span class=\"updated rich-snippet-hidden\">2023-10-05T22:08:03+02:00<\/span>\n\n<div  class=\"fusion-masonry-element-container fusion-image-wrapper\" style=\"background-image:url(https:\/\/www.smarttravelers.de\/wp-content\/uploads\/2018\/05\/Schloss-Montju\u00efc2.jpg);padding-top:calc((100% + 20px) * 0.8 - 10px);\" aria-haspopup=\"true\">\n\t\n\t\n\t\n\t\t\n\t\t\t\t\t<img decoding=\"async\" width=\"1200\" height=\"900\" src=\"https:\/\/www.smarttravelers.de\/wp-content\/uploads\/2018\/05\/Schloss-Montju\u00efc2.jpg\" class=\"attachment-full size-full wp-post-image\" alt=\"die Milstein Hall of Ocean Life im American Museum of Natural History\" srcset=\"https:\/\/www.smarttravelers.de\/wp-content\/uploads\/2018\/05\/Schloss-Montju\u00efc2-200x150.jpg 200w, https:\/\/www.smarttravelers.de\/wp-content\/uploads\/2018\/05\/Schloss-Montju\u00efc2-400x300.jpg 400w, https:\/\/www.smarttravelers.de\/wp-content\/uploads\/2018\/05\/Schloss-Montju\u00efc2-600x450.jpg 600w, https:\/\/www.smarttravelers.de\/wp-content\/uploads\/2018\/05\/Schloss-Montju\u00efc2-800x600.jpg 800w, https:\/\/www.smarttravelers.de\/wp-content\/uploads\/2018\/05\/Schloss-Montju\u00efc2.jpg 1200w\" sizes=\"(min-width: 2200px) 100vw, (min-width: 284px) 356px, (min-width: 212px) 284px, (min-width: 140px) 212px, \" \/>\n\t\n\n\t\t<div class=\"fusion-rollover\">\n\t<div class=\"fusion-rollover-content\">\n\n\t\t\t\t\t\t\t\t\t\t\t\t\t\t<a class=\"fusion-rollover-link\" href=\"https:\/\/www.smarttravelers.de\/en\/sights\/spain\/barcelona\/montjuic-castle\/\" target=\"_blank\">Montju\u00efc Castle<\/a>\n\t\t\t\n\t\t\t\t\t\t\t\t\t\t\t\t\t\t\n\t\t\t\t\t\t\t\t\n\t\t\t\t\t\t\t\t\t\t\t\t\t<div class=\"fusion-rollover-sep\"><\/div>\n\t\t\t\t\n\t\t\t\t\t\t\t\t\t\t\t\t\t\t\t\t\t\t<a class=\"fusion-rollover-gallery\" href=\"https:\/\/www.smarttravelers.de\/wp-content\/uploads\/2018\/05\/Schloss-Montju\u00efc2.jpg\" data-id=\"63441\" data-rel=\"iLightbox[gallery-rw-1]\" data-title=\"Schloss Montju\u00efc2\" data-caption=\"\">\n\t\t\t\t\t\tGallery\t\t\t\t\t<\/a>\n\t\t\t\t\t\t\t\t\t\t\t\t\t\t\n\t\t\n\t\t\t\t\t\t\t\t\t\t\t\t<h4 class=\"fusion-rollover-title\">\n\t\t\t\t\t<a class=\"fusion-rollover-title-link\" href=\"https:\/\/www.smarttravelers.de\/en\/sights\/spain\/barcelona\/montjuic-castle\/\" target=\"_blank\">\n\t\t\t\t\t\tMontju\u00efc Castle\t\t\t\t\t<\/a>\n\t\t\t\t<\/h4>\n\t\t\t\n\t\t\t\t\t\t\t\t\n\t\t\n\t\t\t\t\t\t<a class=\"fusion-link-wrapper\" href=\"https:\/\/www.smarttravelers.de\/en\/sights\/spain\/barcelona\/montjuic-castle\/\" target=\"_blank\" aria-label=\"Montju\u00efc Castle\"><\/a>\n\t<\/div>\n<\/div>\n\n\t\n<\/div>\n<\/div><\/article><article id=\"portfolio-1-post-63513\" class=\"fusion-portfolio-post all-in-barcelona museums-galleries fusion-col-spacing post-63513 fusion-element-grid\"><div class=\"fusion-portfolio-content-wrapper\" style=\"border:none;\"><span class=\"entry-title rich-snippet-hidden\">Museu de la Xocolata<\/span><span class=\"vcard rich-snippet-hidden\"><span class=\"fn\"><a href=\"https:\/\/www.smarttravelers.de\/en\/author\/wp_admin\/\" title=\"Posts by wp_admin\" rel=\"author\">wp_admin<\/a><\/span><\/span><span class=\"updated rich-snippet-hidden\">2023-10-05T22:33:49+02:00<\/span>\n\n<div  class=\"fusion-masonry-element-container fusion-image-wrapper\" style=\"background-image:url(https:\/\/www.smarttravelers.de\/wp-content\/uploads\/2018\/05\/Museu-de-la-Xocolata1.jpg);padding-top:calc((100% + 20px) * 0.8 - 10px);\" aria-haspopup=\"true\">\n\t\n\t\n\t\n\t\t\n\t\t\t\t\t<img decoding=\"async\" width=\"1200\" height=\"900\" src=\"https:\/\/www.smarttravelers.de\/wp-content\/uploads\/2018\/05\/Museu-de-la-Xocolata1.jpg\" class=\"attachment-full size-full wp-post-image\" alt=\"Schokolade im Museu de la Xocolata\" srcset=\"https:\/\/www.smarttravelers.de\/wp-content\/uploads\/2018\/05\/Museu-de-la-Xocolata1-200x150.jpg 200w, https:\/\/www.smarttravelers.de\/wp-content\/uploads\/2018\/05\/Museu-de-la-Xocolata1-400x300.jpg 400w, https:\/\/www.smarttravelers.de\/wp-content\/uploads\/2018\/05\/Museu-de-la-Xocolata1-600x450.jpg 600w, https:\/\/www.smarttravelers.de\/wp-content\/uploads\/2018\/05\/Museu-de-la-Xocolata1-800x600.jpg 800w, https:\/\/www.smarttravelers.de\/wp-content\/uploads\/2018\/05\/Museu-de-la-Xocolata1.jpg 1200w\" sizes=\"(min-width: 2200px) 100vw, (min-width: 284px) 356px, (min-width: 212px) 284px, (min-width: 140px) 212px, \" \/>\n\t\n\n\t\t<div class=\"fusion-rollover\">\n\t<div class=\"fusion-rollover-content\">\n\n\t\t\t\t\t\t\t\t\t\t\t\t\t\t<a class=\"fusion-rollover-link\" href=\"https:\/\/www.smarttravelers.de\/en\/sights\/spain\/barcelona\/museu-de-la-xocolata\/\" target=\"_blank\">Museu de la Xocolata<\/a>\n\t\t\t\n\t\t\t\t\t\t\t\t\t\t\t\t\t\t\n\t\t\t\t\t\t\t\t\n\t\t\t\t\t\t\t\t\t\t\t\t\t<div class=\"fusion-rollover-sep\"><\/div>\n\t\t\t\t\n\t\t\t\t\t\t\t\t\t\t\t\t\t\t\t\t\t\t<a class=\"fusion-rollover-gallery\" href=\"https:\/\/www.smarttravelers.de\/wp-content\/uploads\/2018\/05\/Museu-de-la-Xocolata1.jpg\" data-id=\"63513\" data-rel=\"iLightbox[gallery-rw-1]\" data-title=\"Museu de la Xocolata1\" data-caption=\"\">\n\t\t\t\t\t\tGallery\t\t\t\t\t<\/a>\n\t\t\t\t\t\t\t\t\t\t\t\t\t\t\n\t\t\n\t\t\t\t\t\t\t\t\t\t\t\t<h4 class=\"fusion-rollover-title\">\n\t\t\t\t\t<a class=\"fusion-rollover-title-link\" href=\"https:\/\/www.smarttravelers.de\/en\/sights\/spain\/barcelona\/museu-de-la-xocolata\/\" target=\"_blank\">\n\t\t\t\t\t\tMuseu de la Xocolata\t\t\t\t\t<\/a>\n\t\t\t\t<\/h4>\n\t\t\t\n\t\t\t\t\t\t\t\t\n\t\t\n\t\t\t\t\t\t<a class=\"fusion-link-wrapper\" href=\"https:\/\/www.smarttravelers.de\/en\/sights\/spain\/barcelona\/museu-de-la-xocolata\/\" target=\"_blank\" aria-label=\"Museu de la Xocolata\"><\/a>\n\t<\/div>\n<\/div>\n\n\t\n<\/div>\n<\/div><\/article><article id=\"portfolio-1-post-63509\" class=\"fusion-portfolio-post all-in-barcelona highlights-en historical-buildings museums-galleries fusion-col-spacing post-63509 fusion-element-portrait\"><div class=\"fusion-portfolio-content-wrapper\" style=\"border:none;\"><span class=\"entry-title rich-snippet-hidden\">Museu Nacional d&#8217;Art de Catalunya<\/span><span class=\"vcard rich-snippet-hidden\"><span class=\"fn\"><a href=\"https:\/\/www.smarttravelers.de\/en\/author\/wp_admin\/\" title=\"Posts by wp_admin\" rel=\"author\">wp_admin<\/a><\/span><\/span><span class=\"updated rich-snippet-hidden\">2023-10-05T22:32:43+02:00<\/span>\n\n<div  class=\"fusion-masonry-element-container fusion-image-wrapper\" style=\"background-image:url(https:\/\/www.smarttravelers.de\/wp-content\/uploads\/2018\/05\/Museu-Nacional-dArt-de-Catalunya1.jpg);padding-top:calc((100% + 20px) * 1.6);\" aria-haspopup=\"true\">\n\t\n\t\n\t\n\t\t\n\t\t\t\t\t<img decoding=\"async\" width=\"598\" height=\"900\" src=\"https:\/\/www.smarttravelers.de\/wp-content\/uploads\/2018\/05\/Museu-Nacional-dArt-de-Catalunya1.jpg\" class=\"attachment-full size-full wp-post-image\" alt=\"Das Geb\u00e4ude des Museu Nacional d&#039;Art de Catalunya\" srcset=\"https:\/\/www.smarttravelers.de\/wp-content\/uploads\/2018\/05\/Museu-Nacional-dArt-de-Catalunya1-200x301.jpg 200w, https:\/\/www.smarttravelers.de\/wp-content\/uploads\/2018\/05\/Museu-Nacional-dArt-de-Catalunya1-400x602.jpg 400w, https:\/\/www.smarttravelers.de\/wp-content\/uploads\/2018\/05\/Museu-Nacional-dArt-de-Catalunya1.jpg 598w\" sizes=\"(min-width: 2200px) 100vw, (min-width: 284px) 356px, (min-width: 212px) 284px, (min-width: 140px) 212px, \" \/>\n\t\n\n\t\t<div class=\"fusion-rollover\">\n\t<div class=\"fusion-rollover-content\">\n\n\t\t\t\t\t\t\t\t\t\t\t\t\t\t<a class=\"fusion-rollover-link\" href=\"https:\/\/www.smarttravelers.de\/en\/sights\/spain\/barcelona\/museu-nacional-dart-de-catalunya\/\" target=\"_blank\">Museu Nacional d&#8217;Art de Catalunya<\/a>\n\t\t\t\n\t\t\t\t\t\t\t\t\t\t\t\t\t\t\n\t\t\t\t\t\t\t\t\n\t\t\t\t\t\t\t\t\t\t\t\t\t<div class=\"fusion-rollover-sep\"><\/div>\n\t\t\t\t\n\t\t\t\t\t\t\t\t\t\t\t\t\t\t\t\t\t\t<a class=\"fusion-rollover-gallery\" href=\"https:\/\/www.smarttravelers.de\/wp-content\/uploads\/2018\/05\/Museu-Nacional-dArt-de-Catalunya1.jpg\" data-id=\"63509\" data-rel=\"iLightbox[gallery-rw-1]\" data-title=\"Museu Nacional d&#039;Art de Catalunya1\" data-caption=\"\">\n\t\t\t\t\t\tGallery\t\t\t\t\t<\/a>\n\t\t\t\t\t\t\t\t\t\t\t\t\t\t\n\t\t\n\t\t\t\t\t\t\t\t\t\t\t\t<h4 class=\"fusion-rollover-title\">\n\t\t\t\t\t<a class=\"fusion-rollover-title-link\" href=\"https:\/\/www.smarttravelers.de\/en\/sights\/spain\/barcelona\/museu-nacional-dart-de-catalunya\/\" target=\"_blank\">\n\t\t\t\t\t\tMuseu Nacional d&#8217;Art de Catalunya\t\t\t\t\t<\/a>\n\t\t\t\t<\/h4>\n\t\t\t\n\t\t\t\t\t\t\t\t\n\t\t\n\t\t\t\t\t\t<a class=\"fusion-link-wrapper\" href=\"https:\/\/www.smarttravelers.de\/en\/sights\/spain\/barcelona\/museu-nacional-dart-de-catalunya\/\" target=\"_blank\" aria-label=\"Museu Nacional d&#8217;Art de Catalunya\"><\/a>\n\t<\/div>\n<\/div>\n\n\t\n<\/div>\n<\/div><\/article><article id=\"portfolio-1-post-63505\" class=\"fusion-portfolio-post all-in-barcelona highlights-en historical-buildings museums-galleries fusion-col-spacing post-63505 fusion-element-grid\"><div class=\"fusion-portfolio-content-wrapper\" style=\"border:none;\"><span class=\"entry-title rich-snippet-hidden\">Museu Picasso<\/span><span class=\"vcard rich-snippet-hidden\"><span class=\"fn\"><a href=\"https:\/\/www.smarttravelers.de\/en\/author\/wp_admin\/\" title=\"Posts by wp_admin\" rel=\"author\">wp_admin<\/a><\/span><\/span><span class=\"updated rich-snippet-hidden\">2023-10-05T22:31:42+02:00<\/span>\n\n<div  class=\"fusion-masonry-element-container fusion-image-wrapper\" style=\"background-image:url(https:\/\/www.smarttravelers.de\/wp-content\/uploads\/2018\/05\/Museu-Picasso3.jpg);padding-top:calc((100% + 20px) * 0.8 - 10px);\" aria-haspopup=\"true\">\n\t\n\t\n\t\n\t\t\n\t\t\t\t\t<img decoding=\"async\" width=\"1200\" height=\"795\" src=\"https:\/\/www.smarttravelers.de\/wp-content\/uploads\/2018\/05\/Museu-Picasso3.jpg\" class=\"attachment-full size-full wp-post-image\" alt=\"Innenhof des Museu Picasso\" srcset=\"https:\/\/www.smarttravelers.de\/wp-content\/uploads\/2018\/05\/Museu-Picasso3-200x133.jpg 200w, https:\/\/www.smarttravelers.de\/wp-content\/uploads\/2018\/05\/Museu-Picasso3-400x265.jpg 400w, https:\/\/www.smarttravelers.de\/wp-content\/uploads\/2018\/05\/Museu-Picasso3-600x398.jpg 600w, https:\/\/www.smarttravelers.de\/wp-content\/uploads\/2018\/05\/Museu-Picasso3-800x530.jpg 800w, https:\/\/www.smarttravelers.de\/wp-content\/uploads\/2018\/05\/Museu-Picasso3.jpg 1200w\" sizes=\"(min-width: 2200px) 100vw, (min-width: 284px) 356px, (min-width: 212px) 284px, (min-width: 140px) 212px, \" \/>\n\t\n\n\t\t<div class=\"fusion-rollover\">\n\t<div class=\"fusion-rollover-content\">\n\n\t\t\t\t\t\t\t\t\t\t\t\t\t\t<a class=\"fusion-rollover-link\" href=\"https:\/\/www.smarttravelers.de\/en\/sights\/spain\/barcelona\/museu-picasso\/\" target=\"_blank\">Museu Picasso<\/a>\n\t\t\t\n\t\t\t\t\t\t\t\t\t\t\t\t\t\t\n\t\t\t\t\t\t\t\t\n\t\t\t\t\t\t\t\t\t\t\t\t\t<div class=\"fusion-rollover-sep\"><\/div>\n\t\t\t\t\n\t\t\t\t\t\t\t\t\t\t\t\t\t\t\t\t\t\t<a class=\"fusion-rollover-gallery\" href=\"https:\/\/www.smarttravelers.de\/wp-content\/uploads\/2018\/05\/Museu-Picasso3.jpg\" data-id=\"63505\" data-rel=\"iLightbox[gallery-rw-1]\" data-title=\"Museu Picasso3\" data-caption=\"\">\n\t\t\t\t\t\tGallery\t\t\t\t\t<\/a>\n\t\t\t\t\t\t\t\t\t\t\t\t\t\t\n\t\t\n\t\t\t\t\t\t\t\t\t\t\t\t<h4 class=\"fusion-rollover-title\">\n\t\t\t\t\t<a class=\"fusion-rollover-title-link\" href=\"https:\/\/www.smarttravelers.de\/en\/sights\/spain\/barcelona\/museu-picasso\/\" target=\"_blank\">\n\t\t\t\t\t\tMuseu Picasso\t\t\t\t\t<\/a>\n\t\t\t\t<\/h4>\n\t\t\t\n\t\t\t\t\t\t\t\t\n\t\t\n\t\t\t\t\t\t<a class=\"fusion-link-wrapper\" href=\"https:\/\/www.smarttravelers.de\/en\/sights\/spain\/barcelona\/museu-picasso\/\" target=\"_blank\" aria-label=\"Museu Picasso\"><\/a>\n\t<\/div>\n<\/div>\n\n\t\n<\/div>\n<\/div><\/article><article id=\"portfolio-1-post-83766\" class=\"fusion-portfolio-post alle-in-stockholm-en museums-galleries fusion-col-spacing post-83766 fusion-element-grid\"><div class=\"fusion-portfolio-content-wrapper\" style=\"border:none;\"><span class=\"entry-title rich-snippet-hidden\">Museum of Medieval Stockholm<\/span><span class=\"vcard rich-snippet-hidden\"><span class=\"fn\"><a href=\"https:\/\/www.smarttravelers.de\/en\/author\/wp_admin\/\" title=\"Posts by wp_admin\" rel=\"author\">wp_admin<\/a><\/span><\/span><span class=\"updated rich-snippet-hidden\">2024-06-04T14:03:28+02:00<\/span>\n\n<div  class=\"fusion-masonry-element-container fusion-image-wrapper\" style=\"background-image:url(https:\/\/www.smarttravelers.de\/wp-content\/uploads\/2020\/03\/Stockholms-medeltidsmuseum3.jpg);padding-top:calc((100% + 20px) * 0.8 - 10px);\" aria-haspopup=\"true\">\n\t\n\t\n\t\n\t\t\n\t\t\t\t\t<img decoding=\"async\" width=\"1620\" height=\"1080\" src=\"https:\/\/www.smarttravelers.de\/wp-content\/uploads\/2020\/03\/Stockholms-medeltidsmuseum3.jpg\" class=\"attachment-full size-full wp-post-image\" alt=\"Exponate in Stockholms Medeltidsmuseum\" srcset=\"https:\/\/www.smarttravelers.de\/wp-content\/uploads\/2020\/03\/Stockholms-medeltidsmuseum3-200x133.jpg 200w, https:\/\/www.smarttravelers.de\/wp-content\/uploads\/2020\/03\/Stockholms-medeltidsmuseum3-400x267.jpg 400w, https:\/\/www.smarttravelers.de\/wp-content\/uploads\/2020\/03\/Stockholms-medeltidsmuseum3-600x400.jpg 600w, https:\/\/www.smarttravelers.de\/wp-content\/uploads\/2020\/03\/Stockholms-medeltidsmuseum3-800x533.jpg 800w, https:\/\/www.smarttravelers.de\/wp-content\/uploads\/2020\/03\/Stockholms-medeltidsmuseum3-1200x800.jpg 1200w, https:\/\/www.smarttravelers.de\/wp-content\/uploads\/2020\/03\/Stockholms-medeltidsmuseum3.jpg 1620w\" sizes=\"(min-width: 2200px) 100vw, (min-width: 284px) 356px, (min-width: 212px) 284px, (min-width: 140px) 212px, \" \/>\n\t\n\n\t\t<div class=\"fusion-rollover\">\n\t<div class=\"fusion-rollover-content\">\n\n\t\t\t\t\t\t\t\t\t\t\t\t\t\t<a class=\"fusion-rollover-link\" href=\"https:\/\/www.smarttravelers.de\/en\/sights\/schweden\/stockholm\/stockholms-medeltidsmuseum\/\" target=\"_blank\">Museum of Medieval Stockholm<\/a>\n\t\t\t\n\t\t\t\t\t\t\t\t\t\t\t\t\t\t\n\t\t\t\t\t\t\t\t\n\t\t\t\t\t\t\t\t\t\t\t\t\t<div class=\"fusion-rollover-sep\"><\/div>\n\t\t\t\t\n\t\t\t\t\t\t\t\t\t\t\t\t\t\t\t\t\t\t<a class=\"fusion-rollover-gallery\" href=\"https:\/\/www.smarttravelers.de\/wp-content\/uploads\/2020\/03\/Stockholms-medeltidsmuseum3.jpg\" data-id=\"83766\" data-rel=\"iLightbox[gallery-rw-1]\" data-title=\"Stockholms medeltidsmuseum3\" data-caption=\"\">\n\t\t\t\t\t\tGallery\t\t\t\t\t<\/a>\n\t\t\t\t\t\t\t\t\t\t\t\t\t\t\n\t\t\n\t\t\t\t\t\t\t\t\t\t\t\t<h4 class=\"fusion-rollover-title\">\n\t\t\t\t\t<a class=\"fusion-rollover-title-link\" href=\"https:\/\/www.smarttravelers.de\/en\/sights\/schweden\/stockholm\/stockholms-medeltidsmuseum\/\" target=\"_blank\">\n\t\t\t\t\t\tMuseum of Medieval Stockholm\t\t\t\t\t<\/a>\n\t\t\t\t<\/h4>\n\t\t\t\n\t\t\t\t\t\t\t\t\n\t\t\n\t\t\t\t\t\t<a class=\"fusion-link-wrapper\" href=\"https:\/\/www.smarttravelers.de\/en\/sights\/schweden\/stockholm\/stockholms-medeltidsmuseum\/\" target=\"_blank\" aria-label=\"Museum of Medieval Stockholm\"><\/a>\n\t<\/div>\n<\/div>\n\n\t\n<\/div>\n<\/div><\/article><article id=\"portfolio-1-post-83793\" class=\"fusion-portfolio-post alle-in-stockholm-en museums-galleries fusion-col-spacing post-83793 fusion-element-grid\"><div class=\"fusion-portfolio-content-wrapper\" style=\"border:none;\"><span class=\"entry-title rich-snippet-hidden\">National Museum of Science and Technology<\/span><span class=\"vcard rich-snippet-hidden\"><span class=\"fn\"><a href=\"https:\/\/www.smarttravelers.de\/en\/author\/wp_admin\/\" title=\"Posts by wp_admin\" rel=\"author\">wp_admin<\/a><\/span><\/span><span class=\"updated rich-snippet-hidden\">2024-06-04T14:22:12+02:00<\/span>\n\n<div  class=\"fusion-masonry-element-container fusion-image-wrapper\" style=\"background-image:url(https:\/\/www.smarttravelers.de\/wp-content\/uploads\/2020\/03\/Tekniska-museet1.jpg);padding-top:calc((100% + 20px) * 0.8 - 10px);\" aria-haspopup=\"true\">\n\t\n\t\n\t\n\t\t\n\t\t\t\t\t<img decoding=\"async\" width=\"1440\" height=\"1080\" src=\"https:\/\/www.smarttravelers.de\/wp-content\/uploads\/2020\/03\/Tekniska-museet1.jpg\" class=\"attachment-full size-full wp-post-image\" alt=\"Ausstellungshalle im Tekniska museet\" srcset=\"https:\/\/www.smarttravelers.de\/wp-content\/uploads\/2020\/03\/Tekniska-museet1-200x150.jpg 200w, https:\/\/www.smarttravelers.de\/wp-content\/uploads\/2020\/03\/Tekniska-museet1-400x300.jpg 400w, https:\/\/www.smarttravelers.de\/wp-content\/uploads\/2020\/03\/Tekniska-museet1-600x450.jpg 600w, https:\/\/www.smarttravelers.de\/wp-content\/uploads\/2020\/03\/Tekniska-museet1-800x600.jpg 800w, https:\/\/www.smarttravelers.de\/wp-content\/uploads\/2020\/03\/Tekniska-museet1-1200x900.jpg 1200w, https:\/\/www.smarttravelers.de\/wp-content\/uploads\/2020\/03\/Tekniska-museet1.jpg 1440w\" sizes=\"(min-width: 2200px) 100vw, (min-width: 284px) 356px, (min-width: 212px) 284px, (min-width: 140px) 212px, \" \/>\n\t\n\n\t\t<div class=\"fusion-rollover\">\n\t<div class=\"fusion-rollover-content\">\n\n\t\t\t\t\t\t\t\t\t\t\t\t\t\t<a class=\"fusion-rollover-link\" href=\"https:\/\/www.smarttravelers.de\/en\/sights\/schweden\/stockholm\/tekniska-museet\/\" target=\"_blank\">National Museum of Science and Technology<\/a>\n\t\t\t\n\t\t\t\t\t\t\t\t\t\t\t\t\t\t\n\t\t\t\t\t\t\t\t\n\t\t\t\t\t\t\t\t\t\t\t\t\t<div class=\"fusion-rollover-sep\"><\/div>\n\t\t\t\t\n\t\t\t\t\t\t\t\t\t\t\t\t\t\t\t\t\t\t<a class=\"fusion-rollover-gallery\" href=\"https:\/\/www.smarttravelers.de\/wp-content\/uploads\/2020\/03\/Tekniska-museet1.jpg\" data-id=\"83793\" data-rel=\"iLightbox[gallery-rw-1]\" data-title=\"Tekniska museet1\" data-caption=\"\">\n\t\t\t\t\t\tGallery\t\t\t\t\t<\/a>\n\t\t\t\t\t\t\t\t\t\t\t\t\t\t\n\t\t\n\t\t\t\t\t\t\t\t\t\t\t\t<h4 class=\"fusion-rollover-title\">\n\t\t\t\t\t<a class=\"fusion-rollover-title-link\" href=\"https:\/\/www.smarttravelers.de\/en\/sights\/schweden\/stockholm\/tekniska-museet\/\" target=\"_blank\">\n\t\t\t\t\t\tNational Museum of Science and Technology\t\t\t\t\t<\/a>\n\t\t\t\t<\/h4>\n\t\t\t\n\t\t\t\t\t\t\t\t\n\t\t\n\t\t\t\t\t\t<a class=\"fusion-link-wrapper\" href=\"https:\/\/www.smarttravelers.de\/en\/sights\/schweden\/stockholm\/tekniska-museet\/\" target=\"_blank\" aria-label=\"National Museum of Science and Technology\"><\/a>\n\t<\/div>\n<\/div>\n\n\t\n<\/div>\n<\/div><\/article><article id=\"portfolio-1-post-83695\" class=\"fusion-portfolio-post alle-in-stockholm-en highlights-en museums-galleries fusion-col-spacing post-83695 fusion-element-grid\"><div class=\"fusion-portfolio-content-wrapper\" style=\"border:none;\"><span class=\"entry-title rich-snippet-hidden\">Nobel Prize Museum<\/span><span class=\"vcard rich-snippet-hidden\"><span class=\"fn\"><a href=\"https:\/\/www.smarttravelers.de\/en\/author\/wp_admin\/\" title=\"Posts by wp_admin\" rel=\"author\">wp_admin<\/a><\/span><\/span><span class=\"updated rich-snippet-hidden\">2024-06-03T12:56:07+02:00<\/span>\n\n<div  class=\"fusion-masonry-element-container fusion-image-wrapper\" style=\"background-image:url(https:\/\/www.smarttravelers.de\/wp-content\/uploads\/2020\/03\/Nobelmuseum3.jpg);padding-top:calc((100% + 20px) * 0.8 - 10px);\" aria-haspopup=\"true\">\n\t\n\t\n\t\n\t\t\n\t\t\t\t\t<img decoding=\"async\" width=\"1440\" height=\"1080\" src=\"https:\/\/www.smarttravelers.de\/wp-content\/uploads\/2020\/03\/Nobelmuseum3.jpg\" class=\"attachment-full size-full wp-post-image\" alt=\"Ausstellungsraum im Nobelmuseum\" srcset=\"https:\/\/www.smarttravelers.de\/wp-content\/uploads\/2020\/03\/Nobelmuseum3-200x150.jpg 200w, https:\/\/www.smarttravelers.de\/wp-content\/uploads\/2020\/03\/Nobelmuseum3-400x300.jpg 400w, https:\/\/www.smarttravelers.de\/wp-content\/uploads\/2020\/03\/Nobelmuseum3-600x450.jpg 600w, https:\/\/www.smarttravelers.de\/wp-content\/uploads\/2020\/03\/Nobelmuseum3-800x600.jpg 800w, https:\/\/www.smarttravelers.de\/wp-content\/uploads\/2020\/03\/Nobelmuseum3-1200x900.jpg 1200w, https:\/\/www.smarttravelers.de\/wp-content\/uploads\/2020\/03\/Nobelmuseum3.jpg 1440w\" sizes=\"(min-width: 2200px) 100vw, (min-width: 284px) 356px, (min-width: 212px) 284px, (min-width: 140px) 212px, \" \/>\n\t\n\n\t\t<div class=\"fusion-rollover\">\n\t<div class=\"fusion-rollover-content\">\n\n\t\t\t\t\t\t\t\t\t\t\t\t\t\t<a class=\"fusion-rollover-link\" href=\"https:\/\/www.smarttravelers.de\/en\/sights\/schweden\/stockholm\/nobelmuseum\/\" target=\"_blank\">Nobel Prize Museum<\/a>\n\t\t\t\n\t\t\t\t\t\t\t\t\t\t\t\t\t\t\n\t\t\t\t\t\t\t\t\n\t\t\t\t\t\t\t\t\t\t\t\t\t<div class=\"fusion-rollover-sep\"><\/div>\n\t\t\t\t\n\t\t\t\t\t\t\t\t\t\t\t\t\t\t\t\t\t\t<a class=\"fusion-rollover-gallery\" href=\"https:\/\/www.smarttravelers.de\/wp-content\/uploads\/2020\/03\/Nobelmuseum3.jpg\" data-id=\"83695\" data-rel=\"iLightbox[gallery-rw-1]\" data-title=\"Nobelmuseum3\" data-caption=\"\">\n\t\t\t\t\t\tGallery\t\t\t\t\t<\/a>\n\t\t\t\t\t\t\t\t\t\t\t\t\t\t\n\t\t\n\t\t\t\t\t\t\t\t\t\t\t\t<h4 class=\"fusion-rollover-title\">\n\t\t\t\t\t<a class=\"fusion-rollover-title-link\" href=\"https:\/\/www.smarttravelers.de\/en\/sights\/schweden\/stockholm\/nobelmuseum\/\" target=\"_blank\">\n\t\t\t\t\t\tNobel Prize Museum\t\t\t\t\t<\/a>\n\t\t\t\t<\/h4>\n\t\t\t\n\t\t\t\t\t\t\t\t\n\t\t\n\t\t\t\t\t\t<a class=\"fusion-link-wrapper\" href=\"https:\/\/www.smarttravelers.de\/en\/sights\/schweden\/stockholm\/nobelmuseum\/\" target=\"_blank\" aria-label=\"Nobel Prize Museum\"><\/a>\n\t<\/div>\n<\/div>\n\n\t\n<\/div>\n<\/div><\/article><article id=\"portfolio-1-post-83699\" class=\"fusion-portfolio-post alle-in-stockholm-en highlights-en historical-buildings museums-galleries fusion-col-spacing post-83699 fusion-element-grid\"><div class=\"fusion-portfolio-content-wrapper\" style=\"border:none;\"><span class=\"entry-title rich-snippet-hidden\">Nordisches Museum<\/span><span class=\"vcard rich-snippet-hidden\"><span class=\"fn\"><a href=\"https:\/\/www.smarttravelers.de\/en\/author\/wp_admin\/\" title=\"Posts by wp_admin\" rel=\"author\">wp_admin<\/a><\/span><\/span><span class=\"updated rich-snippet-hidden\">2024-06-03T12:58:56+02:00<\/span>\n\n<div  class=\"fusion-masonry-element-container fusion-image-wrapper\" style=\"background-image:url(https:\/\/www.smarttravelers.de\/wp-content\/uploads\/2020\/03\/Nordisches-Museum1.jpg);padding-top:calc((100% + 20px) * 0.8 - 10px);\" aria-haspopup=\"true\">\n\t\n\t\n\t\n\t\t\n\t\t\t\t\t<img decoding=\"async\" width=\"1618\" height=\"1080\" src=\"https:\/\/www.smarttravelers.de\/wp-content\/uploads\/2020\/03\/Nordisches-Museum1.jpg\" class=\"attachment-full size-full wp-post-image\" alt=\"Innenansicht Nordisches Museum\" srcset=\"https:\/\/www.smarttravelers.de\/wp-content\/uploads\/2020\/03\/Nordisches-Museum1-200x133.jpg 200w, https:\/\/www.smarttravelers.de\/wp-content\/uploads\/2020\/03\/Nordisches-Museum1-400x267.jpg 400w, https:\/\/www.smarttravelers.de\/wp-content\/uploads\/2020\/03\/Nordisches-Museum1-600x400.jpg 600w, https:\/\/www.smarttravelers.de\/wp-content\/uploads\/2020\/03\/Nordisches-Museum1-800x534.jpg 800w, https:\/\/www.smarttravelers.de\/wp-content\/uploads\/2020\/03\/Nordisches-Museum1-1200x801.jpg 1200w, https:\/\/www.smarttravelers.de\/wp-content\/uploads\/2020\/03\/Nordisches-Museum1.jpg 1618w\" sizes=\"(min-width: 2200px) 100vw, (min-width: 284px) 356px, (min-width: 212px) 284px, (min-width: 140px) 212px, \" \/>\n\t\n\n\t\t<div class=\"fusion-rollover\">\n\t<div class=\"fusion-rollover-content\">\n\n\t\t\t\t\t\t\t\t\t\t\t\t\t\t<a class=\"fusion-rollover-link\" href=\"https:\/\/www.smarttravelers.de\/en\/sights\/schweden\/stockholm\/nordisches-museum\/\" target=\"_blank\">Nordisches Museum<\/a>\n\t\t\t\n\t\t\t\t\t\t\t\t\t\t\t\t\t\t\n\t\t\t\t\t\t\t\t\n\t\t\t\t\t\t\t\t\t\t\t\t\t<div class=\"fusion-rollover-sep\"><\/div>\n\t\t\t\t\n\t\t\t\t\t\t\t\t\t\t\t\t\t\t\t\t\t\t<a class=\"fusion-rollover-gallery\" href=\"https:\/\/www.smarttravelers.de\/wp-content\/uploads\/2020\/03\/Nordisches-Museum1.jpg\" data-id=\"83699\" data-rel=\"iLightbox[gallery-rw-1]\" data-title=\"Nordisches Museum1\" data-caption=\"\">\n\t\t\t\t\t\tGallery\t\t\t\t\t<\/a>\n\t\t\t\t\t\t\t\t\t\t\t\t\t\t\n\t\t\n\t\t\t\t\t\t\t\t\t\t\t\t<h4 class=\"fusion-rollover-title\">\n\t\t\t\t\t<a class=\"fusion-rollover-title-link\" href=\"https:\/\/www.smarttravelers.de\/en\/sights\/schweden\/stockholm\/nordisches-museum\/\" target=\"_blank\">\n\t\t\t\t\t\tNordisches Museum\t\t\t\t\t<\/a>\n\t\t\t\t<\/h4>\n\t\t\t\n\t\t\t\t\t\t\t\t\n\t\t\n\t\t\t\t\t\t<a class=\"fusion-link-wrapper\" href=\"https:\/\/www.smarttravelers.de\/en\/sights\/schweden\/stockholm\/nordisches-museum\/\" target=\"_blank\" aria-label=\"Nordisches Museum\"><\/a>\n\t<\/div>\n<\/div>\n\n\t\n<\/div>\n<\/div><\/article><article id=\"portfolio-1-post-63496\" class=\"fusion-portfolio-post all-in-barcelona theater-opera-houses world-heritage-sites fusion-col-spacing post-63496 fusion-element-grid\"><div class=\"fusion-portfolio-content-wrapper\" style=\"border:none;\"><span class=\"entry-title rich-snippet-hidden\">Palau de la M\u00fasica Catalana<\/span><span class=\"vcard rich-snippet-hidden\"><span class=\"fn\"><a href=\"https:\/\/www.smarttravelers.de\/en\/author\/wp_admin\/\" title=\"Posts by wp_admin\" rel=\"author\">wp_admin<\/a><\/span><\/span><span class=\"updated rich-snippet-hidden\">2023-10-05T22:28:55+02:00<\/span>\n\n<div  class=\"fusion-masonry-element-container fusion-image-wrapper\" style=\"background-image:url(https:\/\/www.smarttravelers.de\/wp-content\/uploads\/2018\/05\/Palau-de-la-M\u00fasica-Catalana2.jpg);padding-top:calc((100% + 20px) * 0.8 - 10px);\" aria-haspopup=\"true\">\n\t\n\t\n\t\n\t\t\n\t\t\t\t\t<img decoding=\"async\" width=\"1200\" height=\"800\" src=\"https:\/\/www.smarttravelers.de\/wp-content\/uploads\/2018\/05\/Palau-de-la-M\u00fasica-Catalana2.jpg\" class=\"attachment-full size-full wp-post-image\" alt=\"die Milstein Hall of Ocean Life im American Museum of Natural History\" srcset=\"https:\/\/www.smarttravelers.de\/wp-content\/uploads\/2018\/05\/Palau-de-la-M\u00fasica-Catalana2-200x133.jpg 200w, https:\/\/www.smarttravelers.de\/wp-content\/uploads\/2018\/05\/Palau-de-la-M\u00fasica-Catalana2-400x267.jpg 400w, https:\/\/www.smarttravelers.de\/wp-content\/uploads\/2018\/05\/Palau-de-la-M\u00fasica-Catalana2-600x400.jpg 600w, https:\/\/www.smarttravelers.de\/wp-content\/uploads\/2018\/05\/Palau-de-la-M\u00fasica-Catalana2-800x533.jpg 800w, https:\/\/www.smarttravelers.de\/wp-content\/uploads\/2018\/05\/Palau-de-la-M\u00fasica-Catalana2.jpg 1200w\" sizes=\"(min-width: 2200px) 100vw, (min-width: 284px) 356px, (min-width: 212px) 284px, (min-width: 140px) 212px, \" \/>\n\t\n\n\t\t<div class=\"fusion-rollover\">\n\t<div class=\"fusion-rollover-content\">\n\n\t\t\t\t\t\t\t\t\t\t\t\t\t\t<a class=\"fusion-rollover-link\" href=\"https:\/\/www.smarttravelers.de\/en\/sights\/spain\/barcelona\/palau-de-la-musica-catalana\/\" target=\"_blank\">Palau de la M\u00fasica Catalana<\/a>\n\t\t\t\n\t\t\t\t\t\t\t\t\t\t\t\t\t\t\n\t\t\t\t\t\t\t\t\n\t\t\t\t\t\t\t\t\t\t\t\t\t<div class=\"fusion-rollover-sep\"><\/div>\n\t\t\t\t\n\t\t\t\t\t\t\t\t\t\t\t\t\t\t\t\t\t\t<a class=\"fusion-rollover-gallery\" href=\"https:\/\/www.smarttravelers.de\/wp-content\/uploads\/2018\/05\/Palau-de-la-M\u00fasica-Catalana2.jpg\" data-id=\"63496\" data-rel=\"iLightbox[gallery-rw-1]\" data-title=\"Palau de la M\u00fasica Catalana2\" data-caption=\"\">\n\t\t\t\t\t\tGallery\t\t\t\t\t<\/a>\n\t\t\t\t\t\t\t\t\t\t\t\t\t\t\n\t\t\n\t\t\t\t\t\t\t\t\t\t\t\t<h4 class=\"fusion-rollover-title\">\n\t\t\t\t\t<a class=\"fusion-rollover-title-link\" href=\"https:\/\/www.smarttravelers.de\/en\/sights\/spain\/barcelona\/palau-de-la-musica-catalana\/\" target=\"_blank\">\n\t\t\t\t\t\tPalau de la M\u00fasica Catalana\t\t\t\t\t<\/a>\n\t\t\t\t<\/h4>\n\t\t\t\n\t\t\t\t\t\t\t\t\n\t\t\n\t\t\t\t\t\t<a class=\"fusion-link-wrapper\" href=\"https:\/\/www.smarttravelers.de\/en\/sights\/spain\/barcelona\/palau-de-la-musica-catalana\/\" target=\"_blank\" aria-label=\"Palau de la M\u00fasica Catalana\"><\/a>\n\t<\/div>\n<\/div>\n\n\t\n<\/div>\n<\/div><\/article><article id=\"portfolio-1-post-63491\" class=\"fusion-portfolio-post all-in-barcelona historical-buildings world-heritage-sites fusion-col-spacing post-63491 fusion-element-portrait\"><div class=\"fusion-portfolio-content-wrapper\" style=\"border:none;\"><span class=\"entry-title rich-snippet-hidden\">Palau G\u00fcell<\/span><span class=\"vcard rich-snippet-hidden\"><span class=\"fn\"><a href=\"https:\/\/www.smarttravelers.de\/en\/author\/wp_admin\/\" title=\"Posts by wp_admin\" rel=\"author\">wp_admin<\/a><\/span><\/span><span class=\"updated rich-snippet-hidden\">2023-10-05T22:27:35+02:00<\/span>\n\n<div  class=\"fusion-masonry-element-container fusion-image-wrapper\" style=\"background-image:url(https:\/\/www.smarttravelers.de\/wp-content\/uploads\/2018\/05\/Palau-G\u00fcell1.jpg);padding-top:calc((100% + 20px) * 1.6);\" aria-haspopup=\"true\">\n\t\n\t\n\t\n\t\t\n\t\t\t\t\t<img decoding=\"async\" width=\"675\" height=\"900\" src=\"https:\/\/www.smarttravelers.de\/wp-content\/uploads\/2018\/05\/Palau-G\u00fcell1.jpg\" class=\"attachment-full size-full wp-post-image\" alt=\"Die Hauptfassade des Palau G\u00fcell\" srcset=\"https:\/\/www.smarttravelers.de\/wp-content\/uploads\/2018\/05\/Palau-G\u00fcell1-200x267.jpg 200w, https:\/\/www.smarttravelers.de\/wp-content\/uploads\/2018\/05\/Palau-G\u00fcell1-400x533.jpg 400w, https:\/\/www.smarttravelers.de\/wp-content\/uploads\/2018\/05\/Palau-G\u00fcell1-600x800.jpg 600w, https:\/\/www.smarttravelers.de\/wp-content\/uploads\/2018\/05\/Palau-G\u00fcell1.jpg 675w\" sizes=\"(min-width: 2200px) 100vw, (min-width: 284px) 356px, (min-width: 212px) 284px, (min-width: 140px) 212px, \" \/>\n\t\n\n\t\t<div class=\"fusion-rollover\">\n\t<div class=\"fusion-rollover-content\">\n\n\t\t\t\t\t\t\t\t\t\t\t\t\t\t<a class=\"fusion-rollover-link\" href=\"https:\/\/www.smarttravelers.de\/en\/sights\/spain\/barcelona\/palau-gueell\/\" target=\"_blank\">Palau G\u00fcell<\/a>\n\t\t\t\n\t\t\t\t\t\t\t\t\t\t\t\t\t\t\n\t\t\t\t\t\t\t\t\n\t\t\t\t\t\t\t\t\t\t\t\t\t<div class=\"fusion-rollover-sep\"><\/div>\n\t\t\t\t\n\t\t\t\t\t\t\t\t\t\t\t\t\t\t\t\t\t\t<a class=\"fusion-rollover-gallery\" href=\"https:\/\/www.smarttravelers.de\/wp-content\/uploads\/2018\/05\/Palau-G\u00fcell1.jpg\" data-id=\"63491\" data-rel=\"iLightbox[gallery-rw-1]\" data-title=\"Palau G\u00fcell1\" data-caption=\"\">\n\t\t\t\t\t\tGallery\t\t\t\t\t<\/a>\n\t\t\t\t\t\t\t\t\t\t\t\t\t\t\n\t\t\n\t\t\t\t\t\t\t\t\t\t\t\t<h4 class=\"fusion-rollover-title\">\n\t\t\t\t\t<a class=\"fusion-rollover-title-link\" href=\"https:\/\/www.smarttravelers.de\/en\/sights\/spain\/barcelona\/palau-gueell\/\" target=\"_blank\">\n\t\t\t\t\t\tPalau G\u00fcell\t\t\t\t\t<\/a>\n\t\t\t\t<\/h4>\n\t\t\t\n\t\t\t\t\t\t\t\t\n\t\t\n\t\t\t\t\t\t<a class=\"fusion-link-wrapper\" href=\"https:\/\/www.smarttravelers.de\/en\/sights\/spain\/barcelona\/palau-gueell\/\" target=\"_blank\" aria-label=\"Palau G\u00fcell\"><\/a>\n\t<\/div>\n<\/div>\n\n\t\n<\/div>\n<\/div><\/article><article id=\"portfolio-1-post-63487\" class=\"fusion-portfolio-post all-in-barcelona gardens-parks fusion-col-spacing post-63487 fusion-element-landscape\"><div class=\"fusion-portfolio-content-wrapper\" style=\"border:none;\"><span class=\"entry-title rich-snippet-hidden\">Parc de la Ciutadella<\/span><span class=\"vcard rich-snippet-hidden\"><span class=\"fn\"><a href=\"https:\/\/www.smarttravelers.de\/en\/author\/wp_admin\/\" title=\"Posts by wp_admin\" rel=\"author\">wp_admin<\/a><\/span><\/span><span class=\"updated rich-snippet-hidden\">2023-10-05T22:26:28+02:00<\/span>\n\n<div  class=\"fusion-masonry-element-container fusion-image-wrapper\" style=\"background-image:url(https:\/\/www.smarttravelers.de\/wp-content\/uploads\/2018\/05\/Parc-de-la-Ciutadella2.jpg);padding-top:calc((100% + 20px) * 0.4 - 10px);\" aria-haspopup=\"true\">\n\t\n\t\n\t\n\t\t\n\t\t\t\t\t<img decoding=\"async\" width=\"1200\" height=\"676\" src=\"https:\/\/www.smarttravelers.de\/wp-content\/uploads\/2018\/05\/Parc-de-la-Ciutadella2.jpg\" class=\"attachment-full size-full wp-post-image\" alt=\"Der Springbrunnen im Parc de la Ciutadella\" srcset=\"https:\/\/www.smarttravelers.de\/wp-content\/uploads\/2018\/05\/Parc-de-la-Ciutadella2-200x113.jpg 200w, https:\/\/www.smarttravelers.de\/wp-content\/uploads\/2018\/05\/Parc-de-la-Ciutadella2-400x225.jpg 400w, https:\/\/www.smarttravelers.de\/wp-content\/uploads\/2018\/05\/Parc-de-la-Ciutadella2-600x338.jpg 600w, https:\/\/www.smarttravelers.de\/wp-content\/uploads\/2018\/05\/Parc-de-la-Ciutadella2-800x451.jpg 800w, https:\/\/www.smarttravelers.de\/wp-content\/uploads\/2018\/05\/Parc-de-la-Ciutadella2.jpg 1200w\" sizes=\"(min-width: 2200px) 100vw, (min-width: 140px) 1920px, \" \/>\n\t\n\n\t\t<div class=\"fusion-rollover\">\n\t<div class=\"fusion-rollover-content\">\n\n\t\t\t\t\t\t\t\t\t\t\t\t\t\t<a class=\"fusion-rollover-link\" href=\"https:\/\/www.smarttravelers.de\/en\/sights\/spain\/barcelona\/parc-de-la-ciutadella\/\" target=\"_blank\">Parc de la Ciutadella<\/a>\n\t\t\t\n\t\t\t\t\t\t\t\t\t\t\t\t\t\t\n\t\t\t\t\t\t\t\t\n\t\t\t\t\t\t\t\t\t\t\t\t\t<div class=\"fusion-rollover-sep\"><\/div>\n\t\t\t\t\n\t\t\t\t\t\t\t\t\t\t\t\t\t\t\t\t\t\t<a class=\"fusion-rollover-gallery\" href=\"https:\/\/www.smarttravelers.de\/wp-content\/uploads\/2018\/05\/Parc-de-la-Ciutadella2.jpg\" data-id=\"63487\" data-rel=\"iLightbox[gallery-rw-1]\" data-title=\"Parc de la Ciutadella2\" data-caption=\"\">\n\t\t\t\t\t\tGallery\t\t\t\t\t<\/a>\n\t\t\t\t\t\t\t\t\t\t\t\t\t\t\n\t\t\n\t\t\t\t\t\t\t\t\t\t\t\t<h4 class=\"fusion-rollover-title\">\n\t\t\t\t\t<a class=\"fusion-rollover-title-link\" href=\"https:\/\/www.smarttravelers.de\/en\/sights\/spain\/barcelona\/parc-de-la-ciutadella\/\" target=\"_blank\">\n\t\t\t\t\t\tParc de la Ciutadella\t\t\t\t\t<\/a>\n\t\t\t\t<\/h4>\n\t\t\t\n\t\t\t\t\t\t\t\t\n\t\t\n\t\t\t\t\t\t<a class=\"fusion-link-wrapper\" href=\"https:\/\/www.smarttravelers.de\/en\/sights\/spain\/barcelona\/parc-de-la-ciutadella\/\" target=\"_blank\" aria-label=\"Parc de la Ciutadella\"><\/a>\n\t<\/div>\n<\/div>\n\n\t\n<\/div>\n<\/div><\/article><article id=\"portfolio-1-post-63483\" class=\"fusion-portfolio-post all-in-barcelona gardens-parks fusion-col-spacing post-63483 fusion-element-grid\"><div class=\"fusion-portfolio-content-wrapper\" style=\"border:none;\"><span class=\"entry-title rich-snippet-hidden\">Parc del Laberint d&#8217;Horta<\/span><span class=\"vcard rich-snippet-hidden\"><span class=\"fn\"><a href=\"https:\/\/www.smarttravelers.de\/en\/author\/wp_admin\/\" title=\"Posts by wp_admin\" rel=\"author\">wp_admin<\/a><\/span><\/span><span class=\"updated rich-snippet-hidden\">2023-10-05T22:25:27+02:00<\/span>\n\n<div  class=\"fusion-masonry-element-container fusion-image-wrapper\" style=\"background-image:url(https:\/\/www.smarttravelers.de\/wp-content\/uploads\/2018\/05\/Parc-del-Laberint-dHorta1.jpg);padding-top:calc((100% + 20px) * 0.8 - 10px);\" aria-haspopup=\"true\">\n\t\n\t\n\t\n\t\t\n\t\t\t\t\t<img decoding=\"async\" width=\"1200\" height=\"900\" src=\"https:\/\/www.smarttravelers.de\/wp-content\/uploads\/2018\/05\/Parc-del-Laberint-dHorta1.jpg\" class=\"attachment-full size-full wp-post-image\" alt=\"Heckenlabyrinth im Parc del Laberint d&#039;Horta\" srcset=\"https:\/\/www.smarttravelers.de\/wp-content\/uploads\/2018\/05\/Parc-del-Laberint-dHorta1-200x150.jpg 200w, https:\/\/www.smarttravelers.de\/wp-content\/uploads\/2018\/05\/Parc-del-Laberint-dHorta1-400x300.jpg 400w, https:\/\/www.smarttravelers.de\/wp-content\/uploads\/2018\/05\/Parc-del-Laberint-dHorta1-600x450.jpg 600w, https:\/\/www.smarttravelers.de\/wp-content\/uploads\/2018\/05\/Parc-del-Laberint-dHorta1-800x600.jpg 800w, https:\/\/www.smarttravelers.de\/wp-content\/uploads\/2018\/05\/Parc-del-Laberint-dHorta1.jpg 1200w\" sizes=\"(min-width: 2200px) 100vw, (min-width: 284px) 356px, (min-width: 212px) 284px, (min-width: 140px) 212px, \" \/>\n\t\n\n\t\t<div class=\"fusion-rollover\">\n\t<div class=\"fusion-rollover-content\">\n\n\t\t\t\t\t\t\t\t\t\t\t\t\t\t<a class=\"fusion-rollover-link\" href=\"https:\/\/www.smarttravelers.de\/en\/sights\/spain\/barcelona\/parc-del-laberint-dhorta\/\" target=\"_blank\">Parc del Laberint d&#8217;Horta<\/a>\n\t\t\t\n\t\t\t\t\t\t\t\t\t\t\t\t\t\t\n\t\t\t\t\t\t\t\t\n\t\t\t\t\t\t\t\t\t\t\t\t\t<div class=\"fusion-rollover-sep\"><\/div>\n\t\t\t\t\n\t\t\t\t\t\t\t\t\t\t\t\t\t\t\t\t\t\t<a class=\"fusion-rollover-gallery\" href=\"https:\/\/www.smarttravelers.de\/wp-content\/uploads\/2018\/05\/Parc-del-Laberint-dHorta1.jpg\" data-id=\"63483\" data-rel=\"iLightbox[gallery-rw-1]\" data-title=\"Parc del Laberint d&#039;Horta1\" data-caption=\"\">\n\t\t\t\t\t\tGallery\t\t\t\t\t<\/a>\n\t\t\t\t\t\t\t\t\t\t\t\t\t\t\n\t\t\n\t\t\t\t\t\t\t\t\t\t\t\t<h4 class=\"fusion-rollover-title\">\n\t\t\t\t\t<a class=\"fusion-rollover-title-link\" href=\"https:\/\/www.smarttravelers.de\/en\/sights\/spain\/barcelona\/parc-del-laberint-dhorta\/\" target=\"_blank\">\n\t\t\t\t\t\tParc del Laberint d&#8217;Horta\t\t\t\t\t<\/a>\n\t\t\t\t<\/h4>\n\t\t\t\n\t\t\t\t\t\t\t\t\n\t\t\n\t\t\t\t\t\t<a class=\"fusion-link-wrapper\" href=\"https:\/\/www.smarttravelers.de\/en\/sights\/spain\/barcelona\/parc-del-laberint-dhorta\/\" target=\"_blank\" aria-label=\"Parc del Laberint d&#8217;Horta\"><\/a>\n\t<\/div>\n<\/div>\n\n\t\n<\/div>\n<\/div><\/article><article id=\"portfolio-1-post-63479\" class=\"fusion-portfolio-post all-in-barcelona highlights-en historical-buildings world-heritage-sites fusion-col-spacing post-63479 fusion-element-grid\"><div class=\"fusion-portfolio-content-wrapper\" style=\"border:none;\"><span class=\"entry-title rich-snippet-hidden\">Parc G\u00fcell<\/span><span class=\"vcard rich-snippet-hidden\"><span class=\"fn\"><a href=\"https:\/\/www.smarttravelers.de\/en\/author\/wp_admin\/\" title=\"Posts by wp_admin\" rel=\"author\">wp_admin<\/a><\/span><\/span><span class=\"updated rich-snippet-hidden\">2023-10-05T22:24:26+02:00<\/span>\n\n<div  class=\"fusion-masonry-element-container fusion-image-wrapper\" style=\"background-image:url(https:\/\/www.smarttravelers.de\/wp-content\/uploads\/2018\/05\/Parc-G\u00fcell2.jpg);padding-top:calc((100% + 20px) * 0.8 - 10px);\" aria-haspopup=\"true\">\n\t\n\t\n\t\n\t\t\n\t\t\t\t\t<img decoding=\"async\" width=\"1200\" height=\"801\" src=\"https:\/\/www.smarttravelers.de\/wp-content\/uploads\/2018\/05\/Parc-G\u00fcell2.jpg\" class=\"attachment-full size-full wp-post-image\" alt=\"Die Pf\u00f6rtnerh\u00e4user im Parc G\u00fcell\" srcset=\"https:\/\/www.smarttravelers.de\/wp-content\/uploads\/2018\/05\/Parc-G\u00fcell2-200x134.jpg 200w, https:\/\/www.smarttravelers.de\/wp-content\/uploads\/2018\/05\/Parc-G\u00fcell2-400x267.jpg 400w, https:\/\/www.smarttravelers.de\/wp-content\/uploads\/2018\/05\/Parc-G\u00fcell2-600x401.jpg 600w, https:\/\/www.smarttravelers.de\/wp-content\/uploads\/2018\/05\/Parc-G\u00fcell2-800x534.jpg 800w, https:\/\/www.smarttravelers.de\/wp-content\/uploads\/2018\/05\/Parc-G\u00fcell2.jpg 1200w\" sizes=\"(min-width: 2200px) 100vw, (min-width: 284px) 356px, (min-width: 212px) 284px, (min-width: 140px) 212px, \" \/>\n\t\n\n\t\t<div class=\"fusion-rollover\">\n\t<div class=\"fusion-rollover-content\">\n\n\t\t\t\t\t\t\t\t\t\t\t\t\t\t<a class=\"fusion-rollover-link\" href=\"https:\/\/www.smarttravelers.de\/en\/sights\/spain\/barcelona\/parc-gueell\/\" target=\"_blank\">Parc G\u00fcell<\/a>\n\t\t\t\n\t\t\t\t\t\t\t\t\t\t\t\t\t\t\n\t\t\t\t\t\t\t\t\n\t\t\t\t\t\t\t\t\t\t\t\t\t<div class=\"fusion-rollover-sep\"><\/div>\n\t\t\t\t\n\t\t\t\t\t\t\t\t\t\t\t\t\t\t\t\t\t\t<a class=\"fusion-rollover-gallery\" href=\"https:\/\/www.smarttravelers.de\/wp-content\/uploads\/2018\/05\/Parc-G\u00fcell2.jpg\" data-id=\"63479\" data-rel=\"iLightbox[gallery-rw-1]\" data-title=\"Parc G\u00fcell2\" data-caption=\"\">\n\t\t\t\t\t\tGallery\t\t\t\t\t<\/a>\n\t\t\t\t\t\t\t\t\t\t\t\t\t\t\n\t\t\n\t\t\t\t\t\t\t\t\t\t\t\t<h4 class=\"fusion-rollover-title\">\n\t\t\t\t\t<a class=\"fusion-rollover-title-link\" href=\"https:\/\/www.smarttravelers.de\/en\/sights\/spain\/barcelona\/parc-gueell\/\" target=\"_blank\">\n\t\t\t\t\t\tParc G\u00fcell\t\t\t\t\t<\/a>\n\t\t\t\t<\/h4>\n\t\t\t\n\t\t\t\t\t\t\t\t\n\t\t\n\t\t\t\t\t\t<a class=\"fusion-link-wrapper\" href=\"https:\/\/www.smarttravelers.de\/en\/sights\/spain\/barcelona\/parc-gueell\/\" target=\"_blank\" aria-label=\"Parc G\u00fcell\"><\/a>\n\t<\/div>\n<\/div>\n\n\t\n<\/div>\n<\/div><\/article><article id=\"portfolio-1-post-63475\" class=\"fusion-portfolio-post all-in-barcelona streets-squares fusion-col-spacing post-63475 fusion-element-grid\"><div class=\"fusion-portfolio-content-wrapper\" style=\"border:none;\"><span class=\"entry-title rich-snippet-hidden\">Passeig de Gr\u00e0cia<\/span><span class=\"vcard rich-snippet-hidden\"><span class=\"fn\"><a href=\"https:\/\/www.smarttravelers.de\/en\/author\/wp_admin\/\" title=\"Posts by wp_admin\" rel=\"author\">wp_admin<\/a><\/span><\/span><span class=\"updated rich-snippet-hidden\">2023-10-05T22:23:15+02:00<\/span>\n\n<div  class=\"fusion-masonry-element-container fusion-image-wrapper\" style=\"background-image:url(https:\/\/www.smarttravelers.de\/wp-content\/uploads\/2018\/05\/Paseig-de-Gr\u00e0cia3.jpg);padding-top:calc((100% + 20px) * 0.8 - 10px);\" aria-haspopup=\"true\">\n\t\n\t\n\t\n\t\t\n\t\t\t\t\t<img decoding=\"async\" width=\"1200\" height=\"900\" src=\"https:\/\/www.smarttravelers.de\/wp-content\/uploads\/2018\/05\/Paseig-de-Gr\u00e0cia3.jpg\" class=\"attachment-full size-full wp-post-image\" alt=\"Die Paseig de Gr\u00e0cia am Abend\" srcset=\"https:\/\/www.smarttravelers.de\/wp-content\/uploads\/2018\/05\/Paseig-de-Gr\u00e0cia3-200x150.jpg 200w, https:\/\/www.smarttravelers.de\/wp-content\/uploads\/2018\/05\/Paseig-de-Gr\u00e0cia3-400x300.jpg 400w, https:\/\/www.smarttravelers.de\/wp-content\/uploads\/2018\/05\/Paseig-de-Gr\u00e0cia3-600x450.jpg 600w, https:\/\/www.smarttravelers.de\/wp-content\/uploads\/2018\/05\/Paseig-de-Gr\u00e0cia3-800x600.jpg 800w, https:\/\/www.smarttravelers.de\/wp-content\/uploads\/2018\/05\/Paseig-de-Gr\u00e0cia3.jpg 1200w\" sizes=\"(min-width: 2200px) 100vw, (min-width: 284px) 356px, (min-width: 212px) 284px, (min-width: 140px) 212px, \" \/>\n\t\n\n\t\t<div class=\"fusion-rollover\">\n\t<div class=\"fusion-rollover-content\">\n\n\t\t\t\t\t\t\t\t\t\t\t\t\t\t<a class=\"fusion-rollover-link\" href=\"https:\/\/www.smarttravelers.de\/en\/sights\/spain\/barcelona\/passeig-de-gracia\/\" target=\"_blank\">Passeig de Gr\u00e0cia<\/a>\n\t\t\t\n\t\t\t\t\t\t\t\t\t\t\t\t\t\t\n\t\t\t\t\t\t\t\t\n\t\t\t\t\t\t\t\t\t\t\t\t\t<div class=\"fusion-rollover-sep\"><\/div>\n\t\t\t\t\n\t\t\t\t\t\t\t\t\t\t\t\t\t\t\t\t\t\t<a class=\"fusion-rollover-gallery\" href=\"https:\/\/www.smarttravelers.de\/wp-content\/uploads\/2018\/05\/Paseig-de-Gr\u00e0cia3.jpg\" data-id=\"63475\" data-rel=\"iLightbox[gallery-rw-1]\" data-title=\"Paseig de Gr\u00e0cia3\" data-caption=\"\">\n\t\t\t\t\t\tGallery\t\t\t\t\t<\/a>\n\t\t\t\t\t\t\t\t\t\t\t\t\t\t\n\t\t\n\t\t\t\t\t\t\t\t\t\t\t\t<h4 class=\"fusion-rollover-title\">\n\t\t\t\t\t<a class=\"fusion-rollover-title-link\" href=\"https:\/\/www.smarttravelers.de\/en\/sights\/spain\/barcelona\/passeig-de-gracia\/\" target=\"_blank\">\n\t\t\t\t\t\tPasseig de Gr\u00e0cia\t\t\t\t\t<\/a>\n\t\t\t\t<\/h4>\n\t\t\t\n\t\t\t\t\t\t\t\t\n\t\t\n\t\t\t\t\t\t<a class=\"fusion-link-wrapper\" href=\"https:\/\/www.smarttravelers.de\/en\/sights\/spain\/barcelona\/passeig-de-gracia\/\" target=\"_blank\" aria-label=\"Passeig de Gr\u00e0cia\"><\/a>\n\t<\/div>\n<\/div>\n\n\t\n<\/div>\n<\/div><\/article><article id=\"portfolio-1-post-63471\" class=\"fusion-portfolio-post all-in-barcelona highlights-en streets-squares fusion-col-spacing post-63471 fusion-element-grid\"><div class=\"fusion-portfolio-content-wrapper\" style=\"border:none;\"><span class=\"entry-title rich-snippet-hidden\">Pla\u00e7a d&#8217;Espanya<\/span><span class=\"vcard rich-snippet-hidden\"><span class=\"fn\"><a href=\"https:\/\/www.smarttravelers.de\/en\/author\/wp_admin\/\" title=\"Posts by wp_admin\" rel=\"author\">wp_admin<\/a><\/span><\/span><span class=\"updated rich-snippet-hidden\">2023-10-05T22:22:15+02:00<\/span>\n\n<div  class=\"fusion-masonry-element-container fusion-image-wrapper\" style=\"background-image:url(https:\/\/www.smarttravelers.de\/wp-content\/uploads\/2018\/05\/Pla\u00e7a-dEspanya2.jpg);padding-top:calc((100% + 20px) * 0.8 - 10px);\" aria-haspopup=\"true\">\n\t\n\t\n\t\n\t\t\n\t\t\t\t\t<img decoding=\"async\" width=\"1199\" height=\"797\" src=\"https:\/\/www.smarttravelers.de\/wp-content\/uploads\/2018\/05\/Pla\u00e7a-dEspanya2.jpg\" class=\"attachment-full size-full wp-post-image\" alt=\"Die Milstein Hall of Ocean Life im American Museum of Natural History\" srcset=\"https:\/\/www.smarttravelers.de\/wp-content\/uploads\/2018\/05\/Pla\u00e7a-dEspanya2-200x133.jpg 200w, https:\/\/www.smarttravelers.de\/wp-content\/uploads\/2018\/05\/Pla\u00e7a-dEspanya2-400x266.jpg 400w, https:\/\/www.smarttravelers.de\/wp-content\/uploads\/2018\/05\/Pla\u00e7a-dEspanya2-600x399.jpg 600w, https:\/\/www.smarttravelers.de\/wp-content\/uploads\/2018\/05\/Pla\u00e7a-dEspanya2-800x532.jpg 800w, https:\/\/www.smarttravelers.de\/wp-content\/uploads\/2018\/05\/Pla\u00e7a-dEspanya2.jpg 1199w\" sizes=\"(min-width: 2200px) 100vw, (min-width: 284px) 356px, (min-width: 212px) 284px, (min-width: 140px) 212px, \" \/>\n\t\n\n\t\t<div class=\"fusion-rollover\">\n\t<div class=\"fusion-rollover-content\">\n\n\t\t\t\t\t\t\t\t\t\t\t\t\t\t<a class=\"fusion-rollover-link\" href=\"https:\/\/www.smarttravelers.de\/en\/sights\/spain\/barcelona\/placa-despanya\/\" target=\"_blank\">Pla\u00e7a d&#8217;Espanya<\/a>\n\t\t\t\n\t\t\t\t\t\t\t\t\t\t\t\t\t\t\n\t\t\t\t\t\t\t\t\n\t\t\t\t\t\t\t\t\t\t\t\t\t<div class=\"fusion-rollover-sep\"><\/div>\n\t\t\t\t\n\t\t\t\t\t\t\t\t\t\t\t\t\t\t\t\t\t\t<a class=\"fusion-rollover-gallery\" href=\"https:\/\/www.smarttravelers.de\/wp-content\/uploads\/2018\/05\/Pla\u00e7a-dEspanya2.jpg\" data-id=\"63471\" data-rel=\"iLightbox[gallery-rw-1]\" data-title=\"Pla\u00e7a d&#039;Espanya2\" data-caption=\"\">\n\t\t\t\t\t\tGallery\t\t\t\t\t<\/a>\n\t\t\t\t\t\t\t\t\t\t\t\t\t\t\n\t\t\n\t\t\t\t\t\t\t\t\t\t\t\t<h4 class=\"fusion-rollover-title\">\n\t\t\t\t\t<a class=\"fusion-rollover-title-link\" href=\"https:\/\/www.smarttravelers.de\/en\/sights\/spain\/barcelona\/placa-despanya\/\" target=\"_blank\">\n\t\t\t\t\t\tPla\u00e7a d&#8217;Espanya\t\t\t\t\t<\/a>\n\t\t\t\t<\/h4>\n\t\t\t\n\t\t\t\t\t\t\t\t\n\t\t\n\t\t\t\t\t\t<a class=\"fusion-link-wrapper\" href=\"https:\/\/www.smarttravelers.de\/en\/sights\/spain\/barcelona\/placa-despanya\/\" target=\"_blank\" aria-label=\"Pla\u00e7a d&#8217;Espanya\"><\/a>\n\t<\/div>\n<\/div>\n\n\t\n<\/div>\n<\/div><\/article><article id=\"portfolio-1-post-63466\" class=\"fusion-portfolio-post all-in-barcelona shopping streets-squares fusion-col-spacing post-63466 fusion-element-grid\"><div class=\"fusion-portfolio-content-wrapper\" style=\"border:none;\"><span class=\"entry-title rich-snippet-hidden\">Pla\u00e7a de Catalunya<\/span><span class=\"vcard rich-snippet-hidden\"><span class=\"fn\"><a href=\"https:\/\/www.smarttravelers.de\/en\/author\/wp_admin\/\" title=\"Posts by wp_admin\" rel=\"author\">wp_admin<\/a><\/span><\/span><span class=\"updated rich-snippet-hidden\">2023-10-05T22:21:16+02:00<\/span>\n\n<div  class=\"fusion-masonry-element-container fusion-image-wrapper\" style=\"background-image:url(https:\/\/www.smarttravelers.de\/wp-content\/uploads\/2018\/05\/Pla\u00e7a-de-Catalunya1.jpg);padding-top:calc((100% + 20px) * 0.8 - 10px);\" aria-haspopup=\"true\">\n\t\n\t\n\t\n\t\t\n\t\t\t\t\t<img decoding=\"async\" width=\"1200\" height=\"797\" src=\"https:\/\/www.smarttravelers.de\/wp-content\/uploads\/2018\/05\/Pla\u00e7a-de-Catalunya1.jpg\" class=\"attachment-full size-full wp-post-image\" alt=\"Luftbild der Pla\u00e7a de Catalunya\" srcset=\"https:\/\/www.smarttravelers.de\/wp-content\/uploads\/2018\/05\/Pla\u00e7a-de-Catalunya1-200x133.jpg 200w, https:\/\/www.smarttravelers.de\/wp-content\/uploads\/2018\/05\/Pla\u00e7a-de-Catalunya1-400x266.jpg 400w, https:\/\/www.smarttravelers.de\/wp-content\/uploads\/2018\/05\/Pla\u00e7a-de-Catalunya1-600x399.jpg 600w, https:\/\/www.smarttravelers.de\/wp-content\/uploads\/2018\/05\/Pla\u00e7a-de-Catalunya1-800x531.jpg 800w, https:\/\/www.smarttravelers.de\/wp-content\/uploads\/2018\/05\/Pla\u00e7a-de-Catalunya1.jpg 1200w\" sizes=\"(min-width: 2200px) 100vw, (min-width: 284px) 356px, (min-width: 212px) 284px, (min-width: 140px) 212px, \" \/>\n\t\n\n\t\t<div class=\"fusion-rollover\">\n\t<div class=\"fusion-rollover-content\">\n\n\t\t\t\t\t\t\t\t\t\t\t\t\t\t<a class=\"fusion-rollover-link\" href=\"https:\/\/www.smarttravelers.de\/en\/sights\/spain\/barcelona\/placa-de-catalunya\/\" target=\"_blank\">Pla\u00e7a de Catalunya<\/a>\n\t\t\t\n\t\t\t\t\t\t\t\t\t\t\t\t\t\t\n\t\t\t\t\t\t\t\t\n\t\t\t\t\t\t\t\t\t\t\t\t\t<div class=\"fusion-rollover-sep\"><\/div>\n\t\t\t\t\n\t\t\t\t\t\t\t\t\t\t\t\t\t\t\t\t\t\t<a class=\"fusion-rollover-gallery\" href=\"https:\/\/www.smarttravelers.de\/wp-content\/uploads\/2018\/05\/Pla\u00e7a-de-Catalunya1.jpg\" data-id=\"63466\" data-rel=\"iLightbox[gallery-rw-1]\" data-title=\"Pla\u00e7a de Catalunya1\" data-caption=\"\">\n\t\t\t\t\t\tGallery\t\t\t\t\t<\/a>\n\t\t\t\t\t\t\t\t\t\t\t\t\t\t\n\t\t\n\t\t\t\t\t\t\t\t\t\t\t\t<h4 class=\"fusion-rollover-title\">\n\t\t\t\t\t<a class=\"fusion-rollover-title-link\" href=\"https:\/\/www.smarttravelers.de\/en\/sights\/spain\/barcelona\/placa-de-catalunya\/\" target=\"_blank\">\n\t\t\t\t\t\tPla\u00e7a de Catalunya\t\t\t\t\t<\/a>\n\t\t\t\t<\/h4>\n\t\t\t\n\t\t\t\t\t\t\t\t\n\t\t\n\t\t\t\t\t\t<a class=\"fusion-link-wrapper\" href=\"https:\/\/www.smarttravelers.de\/en\/sights\/spain\/barcelona\/placa-de-catalunya\/\" target=\"_blank\" aria-label=\"Pla\u00e7a de Catalunya\"><\/a>\n\t<\/div>\n<\/div>\n\n\t\n<\/div>\n<\/div><\/article><article id=\"portfolio-1-post-63462\" class=\"fusion-portfolio-post all-in-barcelona streets-squares fusion-col-spacing post-63462 fusion-element-grid\"><div class=\"fusion-portfolio-content-wrapper\" style=\"border:none;\"><span class=\"entry-title rich-snippet-hidden\">Pla\u00e7a del Rei<\/span><span class=\"vcard rich-snippet-hidden\"><span class=\"fn\"><a href=\"https:\/\/www.smarttravelers.de\/en\/author\/wp_admin\/\" title=\"Posts by wp_admin\" rel=\"author\">wp_admin<\/a><\/span><\/span><span class=\"updated rich-snippet-hidden\">2023-10-05T22:19:48+02:00<\/span>\n\n<div  class=\"fusion-masonry-element-container fusion-image-wrapper\" style=\"background-image:url(https:\/\/www.smarttravelers.de\/wp-content\/uploads\/2018\/05\/Pla\u00e7a-del-Rei1.jpg);padding-top:calc((100% + 20px) * 0.8 - 10px);\" aria-haspopup=\"true\">\n\t\n\t\n\t\n\t\t\n\t\t\t\t\t<img decoding=\"async\" width=\"1200\" height=\"797\" src=\"https:\/\/www.smarttravelers.de\/wp-content\/uploads\/2018\/05\/Pla\u00e7a-del-Rei1.jpg\" class=\"attachment-full size-full wp-post-image\" alt=\"Mirador del Rei Martin\" srcset=\"https:\/\/www.smarttravelers.de\/wp-content\/uploads\/2018\/05\/Pla\u00e7a-del-Rei1-200x133.jpg 200w, https:\/\/www.smarttravelers.de\/wp-content\/uploads\/2018\/05\/Pla\u00e7a-del-Rei1-400x266.jpg 400w, https:\/\/www.smarttravelers.de\/wp-content\/uploads\/2018\/05\/Pla\u00e7a-del-Rei1-600x399.jpg 600w, https:\/\/www.smarttravelers.de\/wp-content\/uploads\/2018\/05\/Pla\u00e7a-del-Rei1-800x531.jpg 800w, https:\/\/www.smarttravelers.de\/wp-content\/uploads\/2018\/05\/Pla\u00e7a-del-Rei1.jpg 1200w\" sizes=\"(min-width: 2200px) 100vw, (min-width: 284px) 356px, (min-width: 212px) 284px, (min-width: 140px) 212px, \" \/>\n\t\n\n\t\t<div class=\"fusion-rollover\">\n\t<div class=\"fusion-rollover-content\">\n\n\t\t\t\t\t\t\t\t\t\t\t\t\t\t<a class=\"fusion-rollover-link\" href=\"https:\/\/www.smarttravelers.de\/en\/sights\/spain\/barcelona\/placa-del-rei\/\" target=\"_blank\">Pla\u00e7a del Rei<\/a>\n\t\t\t\n\t\t\t\t\t\t\t\t\t\t\t\t\t\t\n\t\t\t\t\t\t\t\t\n\t\t\t\t\t\t\t\t\t\t\t\t\t<div class=\"fusion-rollover-sep\"><\/div>\n\t\t\t\t\n\t\t\t\t\t\t\t\t\t\t\t\t\t\t\t\t\t\t<a class=\"fusion-rollover-gallery\" href=\"https:\/\/www.smarttravelers.de\/wp-content\/uploads\/2018\/05\/Pla\u00e7a-del-Rei1.jpg\" data-id=\"63462\" data-rel=\"iLightbox[gallery-rw-1]\" data-title=\"Pla\u00e7a del Rei1\" data-caption=\"\">\n\t\t\t\t\t\tGallery\t\t\t\t\t<\/a>\n\t\t\t\t\t\t\t\t\t\t\t\t\t\t\n\t\t\n\t\t\t\t\t\t\t\t\t\t\t\t<h4 class=\"fusion-rollover-title\">\n\t\t\t\t\t<a class=\"fusion-rollover-title-link\" href=\"https:\/\/www.smarttravelers.de\/en\/sights\/spain\/barcelona\/placa-del-rei\/\" target=\"_blank\">\n\t\t\t\t\t\tPla\u00e7a del Rei\t\t\t\t\t<\/a>\n\t\t\t\t<\/h4>\n\t\t\t\n\t\t\t\t\t\t\t\t\n\t\t\n\t\t\t\t\t\t<a class=\"fusion-link-wrapper\" href=\"https:\/\/www.smarttravelers.de\/en\/sights\/spain\/barcelona\/placa-del-rei\/\" target=\"_blank\" aria-label=\"Pla\u00e7a del Rei\"><\/a>\n\t<\/div>\n<\/div>\n\n\t\n<\/div>\n<\/div><\/article><article id=\"portfolio-1-post-63458\" class=\"fusion-portfolio-post all-in-barcelona highlights-en streets-squares fusion-col-spacing post-63458 fusion-element-grid\"><div class=\"fusion-portfolio-content-wrapper\" style=\"border:none;\"><span class=\"entry-title rich-snippet-hidden\">Pla\u00e7a Reial<\/span><span class=\"vcard rich-snippet-hidden\"><span class=\"fn\"><a href=\"https:\/\/www.smarttravelers.de\/en\/author\/wp_admin\/\" title=\"Posts by wp_admin\" rel=\"author\">wp_admin<\/a><\/span><\/span><span class=\"updated rich-snippet-hidden\">2023-10-05T22:18:42+02:00<\/span>\n\n<div  class=\"fusion-masonry-element-container fusion-image-wrapper\" style=\"background-image:url(https:\/\/www.smarttravelers.de\/wp-content\/uploads\/2018\/05\/Pla\u00e7a-Reial1.jpg);padding-top:calc((100% + 20px) * 0.8 - 10px);\" aria-haspopup=\"true\">\n\t\n\t\n\t\n\t\t\n\t\t\t\t\t<img decoding=\"async\" width=\"1200\" height=\"800\" src=\"https:\/\/www.smarttravelers.de\/wp-content\/uploads\/2018\/05\/Pla\u00e7a-Reial1.jpg\" class=\"attachment-full size-full wp-post-image\" alt=\"Die Pla\u00e7a Reial von oben\" srcset=\"https:\/\/www.smarttravelers.de\/wp-content\/uploads\/2018\/05\/Pla\u00e7a-Reial1-200x133.jpg 200w, https:\/\/www.smarttravelers.de\/wp-content\/uploads\/2018\/05\/Pla\u00e7a-Reial1-400x267.jpg 400w, https:\/\/www.smarttravelers.de\/wp-content\/uploads\/2018\/05\/Pla\u00e7a-Reial1-600x400.jpg 600w, https:\/\/www.smarttravelers.de\/wp-content\/uploads\/2018\/05\/Pla\u00e7a-Reial1-800x533.jpg 800w, https:\/\/www.smarttravelers.de\/wp-content\/uploads\/2018\/05\/Pla\u00e7a-Reial1.jpg 1200w\" sizes=\"(min-width: 2200px) 100vw, (min-width: 284px) 356px, (min-width: 212px) 284px, (min-width: 140px) 212px, \" \/>\n\t\n\n\t\t<div class=\"fusion-rollover\">\n\t<div class=\"fusion-rollover-content\">\n\n\t\t\t\t\t\t\t\t\t\t\t\t\t\t<a class=\"fusion-rollover-link\" href=\"https:\/\/www.smarttravelers.de\/en\/sights\/spain\/barcelona\/placa-reial\/\" target=\"_blank\">Pla\u00e7a Reial<\/a>\n\t\t\t\n\t\t\t\t\t\t\t\t\t\t\t\t\t\t\n\t\t\t\t\t\t\t\t\n\t\t\t\t\t\t\t\t\t\t\t\t\t<div class=\"fusion-rollover-sep\"><\/div>\n\t\t\t\t\n\t\t\t\t\t\t\t\t\t\t\t\t\t\t\t\t\t\t<a class=\"fusion-rollover-gallery\" href=\"https:\/\/www.smarttravelers.de\/wp-content\/uploads\/2018\/05\/Pla\u00e7a-Reial1.jpg\" data-id=\"63458\" data-rel=\"iLightbox[gallery-rw-1]\" data-title=\"Pla\u00e7a Reial1\" data-caption=\"\">\n\t\t\t\t\t\tGallery\t\t\t\t\t<\/a>\n\t\t\t\t\t\t\t\t\t\t\t\t\t\t\n\t\t\n\t\t\t\t\t\t\t\t\t\t\t\t<h4 class=\"fusion-rollover-title\">\n\t\t\t\t\t<a class=\"fusion-rollover-title-link\" href=\"https:\/\/www.smarttravelers.de\/en\/sights\/spain\/barcelona\/placa-reial\/\" target=\"_blank\">\n\t\t\t\t\t\tPla\u00e7a Reial\t\t\t\t\t<\/a>\n\t\t\t\t<\/h4>\n\t\t\t\n\t\t\t\t\t\t\t\t\n\t\t\n\t\t\t\t\t\t<a class=\"fusion-link-wrapper\" href=\"https:\/\/www.smarttravelers.de\/en\/sights\/spain\/barcelona\/placa-reial\/\" target=\"_blank\" aria-label=\"Pla\u00e7a Reial\"><\/a>\n\t<\/div>\n<\/div>\n\n\t\n<\/div>\n<\/div><\/article><article id=\"portfolio-1-post-63454\" class=\"fusion-portfolio-post all-in-barcelona museums-galleries fusion-col-spacing post-63454 fusion-element-grid\"><div class=\"fusion-portfolio-content-wrapper\" style=\"border:none;\"><span class=\"entry-title rich-snippet-hidden\">Poble Espanyol<\/span><span class=\"vcard rich-snippet-hidden\"><span class=\"fn\"><a href=\"https:\/\/www.smarttravelers.de\/en\/author\/wp_admin\/\" title=\"Posts by wp_admin\" rel=\"author\">wp_admin<\/a><\/span><\/span><span class=\"updated rich-snippet-hidden\">2023-10-05T22:17:33+02:00<\/span>\n\n<div  class=\"fusion-masonry-element-container fusion-image-wrapper\" style=\"background-image:url(https:\/\/www.smarttravelers.de\/wp-content\/uploads\/2018\/05\/Poble-Espanyol1.jpg);padding-top:calc((100% + 20px) * 0.8 - 10px);\" aria-haspopup=\"true\">\n\t\n\t\n\t\n\t\t\n\t\t\t\t\t<img decoding=\"async\" width=\"1200\" height=\"800\" src=\"https:\/\/www.smarttravelers.de\/wp-content\/uploads\/2018\/05\/Poble-Espanyol1.jpg\" class=\"attachment-full size-full wp-post-image\" alt=\"Platz im Poble Espanyol\" srcset=\"https:\/\/www.smarttravelers.de\/wp-content\/uploads\/2018\/05\/Poble-Espanyol1-200x133.jpg 200w, https:\/\/www.smarttravelers.de\/wp-content\/uploads\/2018\/05\/Poble-Espanyol1-400x267.jpg 400w, https:\/\/www.smarttravelers.de\/wp-content\/uploads\/2018\/05\/Poble-Espanyol1-600x400.jpg 600w, https:\/\/www.smarttravelers.de\/wp-content\/uploads\/2018\/05\/Poble-Espanyol1-800x533.jpg 800w, https:\/\/www.smarttravelers.de\/wp-content\/uploads\/2018\/05\/Poble-Espanyol1.jpg 1200w\" sizes=\"(min-width: 2200px) 100vw, (min-width: 284px) 356px, (min-width: 212px) 284px, (min-width: 140px) 212px, \" \/>\n\t\n\n\t\t<div class=\"fusion-rollover\">\n\t<div class=\"fusion-rollover-content\">\n\n\t\t\t\t\t\t\t\t\t\t\t\t\t\t<a class=\"fusion-rollover-link\" href=\"https:\/\/www.smarttravelers.de\/en\/sights\/spain\/barcelona\/poble-espanyol\/\" target=\"_blank\">Poble Espanyol<\/a>\n\t\t\t\n\t\t\t\t\t\t\t\t\t\t\t\t\t\t\n\t\t\t\t\t\t\t\t\n\t\t\t\t\t\t\t\t\t\t\t\t\t<div class=\"fusion-rollover-sep\"><\/div>\n\t\t\t\t\n\t\t\t\t\t\t\t\t\t\t\t\t\t\t\t\t\t\t<a class=\"fusion-rollover-gallery\" href=\"https:\/\/www.smarttravelers.de\/wp-content\/uploads\/2018\/05\/Poble-Espanyol1.jpg\" data-id=\"63454\" data-rel=\"iLightbox[gallery-rw-1]\" data-title=\"Poble Espanyol1\" data-caption=\"\">\n\t\t\t\t\t\tGallery\t\t\t\t\t<\/a>\n\t\t\t\t\t\t\t\t\t\t\t\t\t\t\n\t\t\n\t\t\t\t\t\t\t\t\t\t\t\t<h4 class=\"fusion-rollover-title\">\n\t\t\t\t\t<a class=\"fusion-rollover-title-link\" href=\"https:\/\/www.smarttravelers.de\/en\/sights\/spain\/barcelona\/poble-espanyol\/\" target=\"_blank\">\n\t\t\t\t\t\tPoble Espanyol\t\t\t\t\t<\/a>\n\t\t\t\t<\/h4>\n\t\t\t\n\t\t\t\t\t\t\t\t\n\t\t\n\t\t\t\t\t\t<a class=\"fusion-link-wrapper\" href=\"https:\/\/www.smarttravelers.de\/en\/sights\/spain\/barcelona\/poble-espanyol\/\" target=\"_blank\" aria-label=\"Poble Espanyol\"><\/a>\n\t<\/div>\n<\/div>\n\n\t\n<\/div>\n<\/div><\/article><article id=\"portfolio-1-post-63547\" class=\"fusion-portfolio-post all-in-barcelona other-sights fusion-col-spacing post-63547 fusion-element-grid\"><div class=\"fusion-portfolio-content-wrapper\" style=\"border:none;\"><span class=\"entry-title rich-snippet-hidden\">Port of Barcelona<\/span><span class=\"vcard rich-snippet-hidden\"><span class=\"fn\"><a href=\"https:\/\/www.smarttravelers.de\/en\/author\/wp_admin\/\" title=\"Posts by wp_admin\" rel=\"author\">wp_admin<\/a><\/span><\/span><span class=\"updated rich-snippet-hidden\">2023-10-05T22:41:59+02:00<\/span>\n\n<div  class=\"fusion-masonry-element-container fusion-image-wrapper\" style=\"background-image:url(https:\/\/www.smarttravelers.de\/wp-content\/uploads\/2018\/05\/Hafen-von-Barcelona1.jpg);padding-top:calc((100% + 20px) * 0.8 - 10px);\" aria-haspopup=\"true\">\n\t\n\t\n\t\n\t\t\n\t\t\t\t\t<img decoding=\"async\" width=\"1200\" height=\"800\" src=\"https:\/\/www.smarttravelers.de\/wp-content\/uploads\/2018\/05\/Hafen-von-Barcelona1.jpg\" class=\"attachment-full size-full wp-post-image\" alt=\"Die Hafenseilbahn \u00fcber dem Hafen von Barcelona\" srcset=\"https:\/\/www.smarttravelers.de\/wp-content\/uploads\/2018\/05\/Hafen-von-Barcelona1-200x133.jpg 200w, https:\/\/www.smarttravelers.de\/wp-content\/uploads\/2018\/05\/Hafen-von-Barcelona1-400x267.jpg 400w, https:\/\/www.smarttravelers.de\/wp-content\/uploads\/2018\/05\/Hafen-von-Barcelona1-600x400.jpg 600w, https:\/\/www.smarttravelers.de\/wp-content\/uploads\/2018\/05\/Hafen-von-Barcelona1-800x533.jpg 800w, https:\/\/www.smarttravelers.de\/wp-content\/uploads\/2018\/05\/Hafen-von-Barcelona1.jpg 1200w\" sizes=\"(min-width: 2200px) 100vw, (min-width: 284px) 356px, (min-width: 212px) 284px, (min-width: 140px) 212px, \" \/>\n\t\n\n\t\t<div class=\"fusion-rollover\">\n\t<div class=\"fusion-rollover-content\">\n\n\t\t\t\t\t\t\t\t\t\t\t\t\t\t<a class=\"fusion-rollover-link\" href=\"https:\/\/www.smarttravelers.de\/en\/sights\/spain\/barcelona\/port-of-barcelona\/\" target=\"_blank\">Port of Barcelona<\/a>\n\t\t\t\n\t\t\t\t\t\t\t\t\t\t\t\t\t\t\n\t\t\t\t\t\t\t\t\n\t\t\t\t\t\t\t\t\t\t\t\t\t<div class=\"fusion-rollover-sep\"><\/div>\n\t\t\t\t\n\t\t\t\t\t\t\t\t\t\t\t\t\t\t\t\t\t\t<a class=\"fusion-rollover-gallery\" href=\"https:\/\/www.smarttravelers.de\/wp-content\/uploads\/2018\/05\/Hafen-von-Barcelona1.jpg\" data-id=\"63547\" data-rel=\"iLightbox[gallery-rw-1]\" data-title=\"Hafen von Barcelona1\" data-caption=\"\">\n\t\t\t\t\t\tGallery\t\t\t\t\t<\/a>\n\t\t\t\t\t\t\t\t\t\t\t\t\t\t\n\t\t\n\t\t\t\t\t\t\t\t\t\t\t\t<h4 class=\"fusion-rollover-title\">\n\t\t\t\t\t<a class=\"fusion-rollover-title-link\" href=\"https:\/\/www.smarttravelers.de\/en\/sights\/spain\/barcelona\/port-of-barcelona\/\" target=\"_blank\">\n\t\t\t\t\t\tPort of Barcelona\t\t\t\t\t<\/a>\n\t\t\t\t<\/h4>\n\t\t\t\n\t\t\t\t\t\t\t\t\n\t\t\n\t\t\t\t\t\t<a class=\"fusion-link-wrapper\" href=\"https:\/\/www.smarttravelers.de\/en\/sights\/spain\/barcelona\/port-of-barcelona\/\" target=\"_blank\" aria-label=\"Port of Barcelona\"><\/a>\n\t<\/div>\n<\/div>\n\n\t\n<\/div>\n<\/div><\/article><article id=\"portfolio-1-post-63450\" class=\"fusion-portfolio-post all-in-barcelona highlights-en other-sights fusion-col-spacing post-63450 fusion-element-landscape\"><div class=\"fusion-portfolio-content-wrapper\" style=\"border:none;\"><span class=\"entry-title rich-snippet-hidden\">Port Vell<\/span><span class=\"vcard rich-snippet-hidden\"><span class=\"fn\"><a href=\"https:\/\/www.smarttravelers.de\/en\/author\/wp_admin\/\" title=\"Posts by wp_admin\" rel=\"author\">wp_admin<\/a><\/span><\/span><span class=\"updated rich-snippet-hidden\">2023-10-05T22:09:57+02:00<\/span>\n\n<div  class=\"fusion-masonry-element-container fusion-image-wrapper\" style=\"background-image:url(https:\/\/www.smarttravelers.de\/wp-content\/uploads\/2018\/05\/Port-Vell2.jpg);padding-top:calc((100% + 20px) * 0.4 - 10px);\" aria-haspopup=\"true\">\n\t\n\t\n\t\n\t\t\n\t\t\t\t\t<img decoding=\"async\" width=\"1200\" height=\"354\" src=\"https:\/\/www.smarttravelers.de\/wp-content\/uploads\/2018\/05\/Port-Vell2.jpg\" class=\"attachment-full size-full wp-post-image\" alt=\"Panoramabild des Port Vell\" srcset=\"https:\/\/www.smarttravelers.de\/wp-content\/uploads\/2018\/05\/Port-Vell2-200x59.jpg 200w, https:\/\/www.smarttravelers.de\/wp-content\/uploads\/2018\/05\/Port-Vell2-400x118.jpg 400w, https:\/\/www.smarttravelers.de\/wp-content\/uploads\/2018\/05\/Port-Vell2-600x177.jpg 600w, https:\/\/www.smarttravelers.de\/wp-content\/uploads\/2018\/05\/Port-Vell2-800x236.jpg 800w, https:\/\/www.smarttravelers.de\/wp-content\/uploads\/2018\/05\/Port-Vell2.jpg 1200w\" sizes=\"(min-width: 2200px) 100vw, (min-width: 140px) 1920px, \" \/>\n\t\n\n\t\t<div class=\"fusion-rollover\">\n\t<div class=\"fusion-rollover-content\">\n\n\t\t\t\t\t\t\t\t\t\t\t\t\t\t<a class=\"fusion-rollover-link\" href=\"https:\/\/www.smarttravelers.de\/en\/sights\/spain\/barcelona\/port-vell\/\" target=\"_blank\">Port Vell<\/a>\n\t\t\t\n\t\t\t\t\t\t\t\t\t\t\t\t\t\t\n\t\t\t\t\t\t\t\t\n\t\t\t\t\t\t\t\t\t\t\t\t\t<div class=\"fusion-rollover-sep\"><\/div>\n\t\t\t\t\n\t\t\t\t\t\t\t\t\t\t\t\t\t\t\t\t\t\t<a class=\"fusion-rollover-gallery\" href=\"https:\/\/www.smarttravelers.de\/wp-content\/uploads\/2018\/05\/Port-Vell2.jpg\" data-id=\"63450\" data-rel=\"iLightbox[gallery-rw-1]\" data-title=\"Port Vell2\" data-caption=\"\">\n\t\t\t\t\t\tGallery\t\t\t\t\t<\/a>\n\t\t\t\t\t\t\t\t\t\t\t\t\t\t\n\t\t\n\t\t\t\t\t\t\t\t\t\t\t\t<h4 class=\"fusion-rollover-title\">\n\t\t\t\t\t<a class=\"fusion-rollover-title-link\" href=\"https:\/\/www.smarttravelers.de\/en\/sights\/spain\/barcelona\/port-vell\/\" target=\"_blank\">\n\t\t\t\t\t\tPort Vell\t\t\t\t\t<\/a>\n\t\t\t\t<\/h4>\n\t\t\t\n\t\t\t\t\t\t\t\t\n\t\t\n\t\t\t\t\t\t<a class=\"fusion-link-wrapper\" href=\"https:\/\/www.smarttravelers.de\/en\/sights\/spain\/barcelona\/port-vell\/\" target=\"_blank\" aria-label=\"Port Vell\"><\/a>\n\t<\/div>\n<\/div>\n\n\t\n<\/div>\n<\/div><\/article><article id=\"portfolio-1-post-63413\" class=\"fusion-portfolio-post all-in-barcelona other-sights viewpoints fusion-col-spacing post-63413 fusion-element-portrait\"><div class=\"fusion-portfolio-content-wrapper\" style=\"border:none;\"><span class=\"entry-title rich-snippet-hidden\">Port Vell Aerial Tramway<\/span><span class=\"vcard rich-snippet-hidden\"><span class=\"fn\"><a href=\"https:\/\/www.smarttravelers.de\/en\/author\/wp_admin\/\" title=\"Posts by wp_admin\" rel=\"author\">wp_admin<\/a><\/span><\/span><span class=\"updated rich-snippet-hidden\">2023-10-05T22:01:10+02:00<\/span>\n\n<div  class=\"fusion-masonry-element-container fusion-image-wrapper\" style=\"background-image:url(https:\/\/www.smarttravelers.de\/wp-content\/uploads\/2018\/06\/Hafenseilbahn-Barcelona3.jpg);padding-top:calc((100% + 20px) * 1.6);\" aria-haspopup=\"true\">\n\t\n\t\n\t\n\t\t\n\t\t\t\t\t<img decoding=\"async\" width=\"674\" height=\"901\" src=\"https:\/\/www.smarttravelers.de\/wp-content\/uploads\/2018\/06\/Hafenseilbahn-Barcelona3.jpg\" class=\"attachment-full size-full wp-post-image\" alt=\"Der Torre Jaume I der Hafenseilbahn Barcelona\" srcset=\"https:\/\/www.smarttravelers.de\/wp-content\/uploads\/2018\/06\/Hafenseilbahn-Barcelona3-200x267.jpg 200w, https:\/\/www.smarttravelers.de\/wp-content\/uploads\/2018\/06\/Hafenseilbahn-Barcelona3-400x535.jpg 400w, https:\/\/www.smarttravelers.de\/wp-content\/uploads\/2018\/06\/Hafenseilbahn-Barcelona3-600x802.jpg 600w, https:\/\/www.smarttravelers.de\/wp-content\/uploads\/2018\/06\/Hafenseilbahn-Barcelona3.jpg 674w\" sizes=\"(min-width: 2200px) 100vw, (min-width: 284px) 356px, (min-width: 212px) 284px, (min-width: 140px) 212px, \" \/>\n\t\n\n\t\t<div class=\"fusion-rollover\">\n\t<div class=\"fusion-rollover-content\">\n\n\t\t\t\t\t\t\t\t\t\t\t\t\t\t<a class=\"fusion-rollover-link\" href=\"https:\/\/www.smarttravelers.de\/en\/sights\/spain\/barcelona\/port-vell-aerial-tramway\/\" target=\"_blank\">Port Vell Aerial Tramway<\/a>\n\t\t\t\n\t\t\t\t\t\t\t\t\t\t\t\t\t\t\n\t\t\t\t\t\t\t\t\n\t\t\t\t\t\t\t\t\t\t\t\t\t<div class=\"fusion-rollover-sep\"><\/div>\n\t\t\t\t\n\t\t\t\t\t\t\t\t\t\t\t\t\t\t\t\t\t\t<a class=\"fusion-rollover-gallery\" href=\"https:\/\/www.smarttravelers.de\/wp-content\/uploads\/2018\/06\/Hafenseilbahn-Barcelona3.jpg\" data-id=\"63413\" data-rel=\"iLightbox[gallery-rw-1]\" data-title=\"Hafenseilbahn Barcelona3\" data-caption=\"\">\n\t\t\t\t\t\tGallery\t\t\t\t\t<\/a>\n\t\t\t\t\t\t\t\t\t\t\t\t\t\t\n\t\t\n\t\t\t\t\t\t\t\t\t\t\t\t<h4 class=\"fusion-rollover-title\">\n\t\t\t\t\t<a class=\"fusion-rollover-title-link\" href=\"https:\/\/www.smarttravelers.de\/en\/sights\/spain\/barcelona\/port-vell-aerial-tramway\/\" target=\"_blank\">\n\t\t\t\t\t\tPort Vell Aerial Tramway\t\t\t\t\t<\/a>\n\t\t\t\t<\/h4>\n\t\t\t\n\t\t\t\t\t\t\t\t\n\t\t\n\t\t\t\t\t\t<a class=\"fusion-link-wrapper\" href=\"https:\/\/www.smarttravelers.de\/en\/sights\/spain\/barcelona\/port-vell-aerial-tramway\/\" target=\"_blank\" aria-label=\"Port Vell Aerial Tramway\"><\/a>\n\t<\/div>\n<\/div>\n\n\t\n<\/div>\n<\/div><\/article><article id=\"portfolio-1-post-83708\" class=\"fusion-portfolio-post alle-in-stockholm-en districts fusion-col-spacing post-83708 fusion-element-grid\"><div class=\"fusion-portfolio-content-wrapper\" style=\"border:none;\"><span class=\"entry-title rich-snippet-hidden\">Riddarholmen<\/span><span class=\"vcard rich-snippet-hidden\"><span class=\"fn\"><a href=\"https:\/\/www.smarttravelers.de\/en\/author\/wp_admin\/\" title=\"Posts by wp_admin\" rel=\"author\">wp_admin<\/a><\/span><\/span><span class=\"updated rich-snippet-hidden\">2024-06-03T23:35:16+02:00<\/span>\n\n<div  class=\"fusion-masonry-element-container fusion-image-wrapper\" style=\"background-image:url(https:\/\/www.smarttravelers.de\/wp-content\/uploads\/2020\/03\/Riddarholmen2.jpg);padding-top:calc((100% + 20px) * 0.8 - 10px);\" aria-haspopup=\"true\">\n\t\n\t\n\t\n\t\t\n\t\t\t\t\t<img decoding=\"async\" width=\"1620\" height=\"1080\" src=\"https:\/\/www.smarttravelers.de\/wp-content\/uploads\/2020\/03\/Riddarholmen2.jpg\" class=\"attachment-full size-full wp-post-image\" alt=\"Ansicht von Riddarholmen\" srcset=\"https:\/\/www.smarttravelers.de\/wp-content\/uploads\/2020\/03\/Riddarholmen2-200x133.jpg 200w, https:\/\/www.smarttravelers.de\/wp-content\/uploads\/2020\/03\/Riddarholmen2-400x267.jpg 400w, https:\/\/www.smarttravelers.de\/wp-content\/uploads\/2020\/03\/Riddarholmen2-600x400.jpg 600w, https:\/\/www.smarttravelers.de\/wp-content\/uploads\/2020\/03\/Riddarholmen2-800x533.jpg 800w, https:\/\/www.smarttravelers.de\/wp-content\/uploads\/2020\/03\/Riddarholmen2-1200x800.jpg 1200w, https:\/\/www.smarttravelers.de\/wp-content\/uploads\/2020\/03\/Riddarholmen2.jpg 1620w\" sizes=\"(min-width: 2200px) 100vw, (min-width: 284px) 356px, (min-width: 212px) 284px, (min-width: 140px) 212px, \" \/>\n\t\n\n\t\t<div class=\"fusion-rollover\">\n\t<div class=\"fusion-rollover-content\">\n\n\t\t\t\t\t\t\t\t\t\t\t\t\t\t<a class=\"fusion-rollover-link\" href=\"https:\/\/www.smarttravelers.de\/en\/sights\/schweden\/stockholm\/riddarholmen\/\" target=\"_blank\">Riddarholmen<\/a>\n\t\t\t\n\t\t\t\t\t\t\t\t\t\t\t\t\t\t\n\t\t\t\t\t\t\t\t\n\t\t\t\t\t\t\t\t\t\t\t\t\t<div class=\"fusion-rollover-sep\"><\/div>\n\t\t\t\t\n\t\t\t\t\t\t\t\t\t\t\t\t\t\t\t\t\t\t<a class=\"fusion-rollover-gallery\" href=\"https:\/\/www.smarttravelers.de\/wp-content\/uploads\/2020\/03\/Riddarholmen2.jpg\" data-id=\"83708\" data-rel=\"iLightbox[gallery-rw-1]\" data-title=\"Riddarholmen2\" data-caption=\"\">\n\t\t\t\t\t\tGallery\t\t\t\t\t<\/a>\n\t\t\t\t\t\t\t\t\t\t\t\t\t\t\n\t\t\n\t\t\t\t\t\t\t\t\t\t\t\t<h4 class=\"fusion-rollover-title\">\n\t\t\t\t\t<a class=\"fusion-rollover-title-link\" href=\"https:\/\/www.smarttravelers.de\/en\/sights\/schweden\/stockholm\/riddarholmen\/\" target=\"_blank\">\n\t\t\t\t\t\tRiddarholmen\t\t\t\t\t<\/a>\n\t\t\t\t<\/h4>\n\t\t\t\n\t\t\t\t\t\t\t\t\n\t\t\n\t\t\t\t\t\t<a class=\"fusion-link-wrapper\" href=\"https:\/\/www.smarttravelers.de\/en\/sights\/schweden\/stockholm\/riddarholmen\/\" target=\"_blank\" aria-label=\"Riddarholmen\"><\/a>\n\t<\/div>\n<\/div>\n\n\t\n<\/div>\n<\/div><\/article><article id=\"portfolio-1-post-83711\" class=\"fusion-portfolio-post alle-in-stockholm-en churches-monasteries fusion-col-spacing post-83711 fusion-element-grid\"><div class=\"fusion-portfolio-content-wrapper\" style=\"border:none;\"><span class=\"entry-title rich-snippet-hidden\">Riddarholmen Church<\/span><span class=\"vcard rich-snippet-hidden\"><span class=\"fn\"><a href=\"https:\/\/www.smarttravelers.de\/en\/author\/wp_admin\/\" title=\"Posts by wp_admin\" rel=\"author\">wp_admin<\/a><\/span><\/span><span class=\"updated rich-snippet-hidden\">2024-06-03T23:38:33+02:00<\/span>\n\n<div  class=\"fusion-masonry-element-container fusion-image-wrapper\" style=\"background-image:url(https:\/\/www.smarttravelers.de\/wp-content\/uploads\/2020\/03\/Riddarholmskyrkan1.jpg);padding-top:calc((100% + 20px) * 0.8 - 10px);\" aria-haspopup=\"true\">\n\t\n\t\n\t\n\t\t\n\t\t\t\t\t<img decoding=\"async\" width=\"956\" height=\"1080\" src=\"https:\/\/www.smarttravelers.de\/wp-content\/uploads\/2020\/03\/Riddarholmskyrkan1.jpg\" class=\"attachment-full size-full wp-post-image\" alt=\"Au\u00dfenansicht der Riddarholmskyrkan\" srcset=\"https:\/\/www.smarttravelers.de\/wp-content\/uploads\/2020\/03\/Riddarholmskyrkan1-200x226.jpg 200w, https:\/\/www.smarttravelers.de\/wp-content\/uploads\/2020\/03\/Riddarholmskyrkan1-400x452.jpg 400w, https:\/\/www.smarttravelers.de\/wp-content\/uploads\/2020\/03\/Riddarholmskyrkan1-600x678.jpg 600w, https:\/\/www.smarttravelers.de\/wp-content\/uploads\/2020\/03\/Riddarholmskyrkan1-800x904.jpg 800w, https:\/\/www.smarttravelers.de\/wp-content\/uploads\/2020\/03\/Riddarholmskyrkan1.jpg 956w\" sizes=\"(min-width: 2200px) 100vw, (min-width: 284px) 356px, (min-width: 212px) 284px, (min-width: 140px) 212px, \" \/>\n\t\n\n\t\t<div class=\"fusion-rollover\">\n\t<div class=\"fusion-rollover-content\">\n\n\t\t\t\t\t\t\t\t\t\t\t\t\t\t<a class=\"fusion-rollover-link\" href=\"https:\/\/www.smarttravelers.de\/en\/sights\/schweden\/stockholm\/riddarholmskyrkan\/\" target=\"_blank\">Riddarholmen Church<\/a>\n\t\t\t\n\t\t\t\t\t\t\t\t\t\t\t\t\t\t\n\t\t\t\t\t\t\t\t\n\t\t\t\t\t\t\t\t\t\t\t\t\t<div class=\"fusion-rollover-sep\"><\/div>\n\t\t\t\t\n\t\t\t\t\t\t\t\t\t\t\t\t\t\t\t\t\t\t<a class=\"fusion-rollover-gallery\" href=\"https:\/\/www.smarttravelers.de\/wp-content\/uploads\/2020\/03\/Riddarholmskyrkan1.jpg\" data-id=\"83711\" data-rel=\"iLightbox[gallery-rw-1]\" data-title=\"Riddarholmskyrkan, Church, \u00d6\u00e5\u00f0\u00ea\u00ee\u00e2\u00fc\" data-caption=\"Riddarholmskyrkan, Church, \u00d6\u00e5\u00f0\u00ea\u00ee\u00e2\u00fc\">\n\t\t\t\t\t\tGallery\t\t\t\t\t<\/a>\n\t\t\t\t\t\t\t\t\t\t\t\t\t\t\n\t\t\n\t\t\t\t\t\t\t\t\t\t\t\t<h4 class=\"fusion-rollover-title\">\n\t\t\t\t\t<a class=\"fusion-rollover-title-link\" href=\"https:\/\/www.smarttravelers.de\/en\/sights\/schweden\/stockholm\/riddarholmskyrkan\/\" target=\"_blank\">\n\t\t\t\t\t\tRiddarholmen Church\t\t\t\t\t<\/a>\n\t\t\t\t<\/h4>\n\t\t\t\n\t\t\t\t\t\t\t\t\n\t\t\n\t\t\t\t\t\t<a class=\"fusion-link-wrapper\" href=\"https:\/\/www.smarttravelers.de\/en\/sights\/schweden\/stockholm\/riddarholmskyrkan\/\" target=\"_blank\" aria-label=\"Riddarholmen Church\"><\/a>\n\t<\/div>\n<\/div>\n\n\t\n<\/div>\n<\/div><\/article><article id=\"portfolio-1-post-83704\" class=\"fusion-portfolio-post alle-in-stockholm-en historical-buildings other-sights fusion-col-spacing post-83704 fusion-element-landscape\"><div class=\"fusion-portfolio-content-wrapper\" style=\"border:none;\"><span class=\"entry-title rich-snippet-hidden\">Riksdag<\/span><span class=\"vcard rich-snippet-hidden\"><span class=\"fn\"><a href=\"https:\/\/www.smarttravelers.de\/en\/author\/wp_admin\/\" title=\"Posts by wp_admin\" rel=\"author\">wp_admin<\/a><\/span><\/span><span class=\"updated rich-snippet-hidden\">2024-06-03T23:29:41+02:00<\/span>\n\n<div  class=\"fusion-masonry-element-container fusion-image-wrapper\" style=\"background-image:url(https:\/\/www.smarttravelers.de\/wp-content\/uploads\/2020\/03\/Reichstag-Stockholm3.jpg);padding-top:calc((100% + 20px) * 0.4 - 10px);\" aria-haspopup=\"true\">\n\t\n\t\n\t\n\t\t\n\t\t\t\t\t<img decoding=\"async\" width=\"1754\" height=\"1000\" src=\"https:\/\/www.smarttravelers.de\/wp-content\/uploads\/2020\/03\/Reichstag-Stockholm3.jpg\" class=\"attachment-full size-full wp-post-image\" alt=\"Au\u00dfenansicht Reichstag Stockholm\" srcset=\"https:\/\/www.smarttravelers.de\/wp-content\/uploads\/2020\/03\/Reichstag-Stockholm3-200x114.jpg 200w, https:\/\/www.smarttravelers.de\/wp-content\/uploads\/2020\/03\/Reichstag-Stockholm3-400x228.jpg 400w, https:\/\/www.smarttravelers.de\/wp-content\/uploads\/2020\/03\/Reichstag-Stockholm3-600x342.jpg 600w, https:\/\/www.smarttravelers.de\/wp-content\/uploads\/2020\/03\/Reichstag-Stockholm3-800x456.jpg 800w, https:\/\/www.smarttravelers.de\/wp-content\/uploads\/2020\/03\/Reichstag-Stockholm3-1200x684.jpg 1200w, https:\/\/www.smarttravelers.de\/wp-content\/uploads\/2020\/03\/Reichstag-Stockholm3.jpg 1754w\" sizes=\"(min-width: 2200px) 100vw, (min-width: 140px) 1920px, \" \/>\n\t\n\n\t\t<div class=\"fusion-rollover\">\n\t<div class=\"fusion-rollover-content\">\n\n\t\t\t\t\t\t\t\t\t\t\t\t\t\t<a class=\"fusion-rollover-link\" href=\"https:\/\/www.smarttravelers.de\/en\/sights\/schweden\/stockholm\/reichstag-stockholm\/\" target=\"_blank\">Riksdag<\/a>\n\t\t\t\n\t\t\t\t\t\t\t\t\t\t\t\t\t\t\n\t\t\t\t\t\t\t\t\n\t\t\t\t\t\t\t\t\t\t\t\t\t<div class=\"fusion-rollover-sep\"><\/div>\n\t\t\t\t\n\t\t\t\t\t\t\t\t\t\t\t\t\t\t\t\t\t\t<a class=\"fusion-rollover-gallery\" href=\"https:\/\/www.smarttravelers.de\/wp-content\/uploads\/2020\/03\/Reichstag-Stockholm3.jpg\" data-id=\"83704\" data-rel=\"iLightbox[gallery-rw-1]\" data-title=\"Reichstag Stockholm3\" data-caption=\"\">\n\t\t\t\t\t\tGallery\t\t\t\t\t<\/a>\n\t\t\t\t\t\t\t\t\t\t\t\t\t\t\n\t\t\n\t\t\t\t\t\t\t\t\t\t\t\t<h4 class=\"fusion-rollover-title\">\n\t\t\t\t\t<a class=\"fusion-rollover-title-link\" href=\"https:\/\/www.smarttravelers.de\/en\/sights\/schweden\/stockholm\/reichstag-stockholm\/\" target=\"_blank\">\n\t\t\t\t\t\tRiksdag\t\t\t\t\t<\/a>\n\t\t\t\t<\/h4>\n\t\t\t\n\t\t\t\t\t\t\t\t\n\t\t\n\t\t\t\t\t\t<a class=\"fusion-link-wrapper\" href=\"https:\/\/www.smarttravelers.de\/en\/sights\/schweden\/stockholm\/reichstag-stockholm\/\" target=\"_blank\" aria-label=\"Riksdag\"><\/a>\n\t<\/div>\n<\/div>\n\n\t\n<\/div>\n<\/div><\/article><article id=\"portfolio-1-post-83724\" class=\"fusion-portfolio-post alle-in-stockholm-en castles-palaces fusion-col-spacing post-83724 fusion-element-grid\"><div class=\"fusion-portfolio-content-wrapper\" style=\"border:none;\"><span class=\"entry-title rich-snippet-hidden\">Rosendal Palace<\/span><span class=\"vcard rich-snippet-hidden\"><span class=\"fn\"><a href=\"https:\/\/www.smarttravelers.de\/en\/author\/wp_admin\/\" title=\"Posts by wp_admin\" rel=\"author\">wp_admin<\/a><\/span><\/span><span class=\"updated rich-snippet-hidden\">2024-06-03T23:50:00+02:00<\/span>\n\n<div  class=\"fusion-masonry-element-container fusion-image-wrapper\" style=\"background-image:url(https:\/\/www.smarttravelers.de\/wp-content\/uploads\/2020\/03\/Schloss-Rosendal2.jpg);padding-top:calc((100% + 20px) * 0.8 - 10px);\" aria-haspopup=\"true\">\n\t\n\t\n\t\n\t\t\n\t\t\t\t\t<img decoding=\"async\" width=\"1631\" height=\"1080\" src=\"https:\/\/www.smarttravelers.de\/wp-content\/uploads\/2020\/03\/Schloss-Rosendal2.jpg\" class=\"attachment-full size-full wp-post-image\" alt=\"Au\u00dfenansicht Schloss Rosendal\" srcset=\"https:\/\/www.smarttravelers.de\/wp-content\/uploads\/2020\/03\/Schloss-Rosendal2-200x132.jpg 200w, https:\/\/www.smarttravelers.de\/wp-content\/uploads\/2020\/03\/Schloss-Rosendal2-400x265.jpg 400w, https:\/\/www.smarttravelers.de\/wp-content\/uploads\/2020\/03\/Schloss-Rosendal2-600x397.jpg 600w, https:\/\/www.smarttravelers.de\/wp-content\/uploads\/2020\/03\/Schloss-Rosendal2-800x530.jpg 800w, https:\/\/www.smarttravelers.de\/wp-content\/uploads\/2020\/03\/Schloss-Rosendal2-1200x795.jpg 1200w, https:\/\/www.smarttravelers.de\/wp-content\/uploads\/2020\/03\/Schloss-Rosendal2.jpg 1631w\" sizes=\"(min-width: 2200px) 100vw, (min-width: 284px) 356px, (min-width: 212px) 284px, (min-width: 140px) 212px, \" \/>\n\t\n\n\t\t<div class=\"fusion-rollover\">\n\t<div class=\"fusion-rollover-content\">\n\n\t\t\t\t\t\t\t\t\t\t\t\t\t\t<a class=\"fusion-rollover-link\" href=\"https:\/\/www.smarttravelers.de\/en\/sights\/schweden\/stockholm\/schloss-rosendal\/\" target=\"_blank\">Rosendal Palace<\/a>\n\t\t\t\n\t\t\t\t\t\t\t\t\t\t\t\t\t\t\n\t\t\t\t\t\t\t\t\n\t\t\t\t\t\t\t\t\t\t\t\t\t<div class=\"fusion-rollover-sep\"><\/div>\n\t\t\t\t\n\t\t\t\t\t\t\t\t\t\t\t\t\t\t\t\t\t\t<a class=\"fusion-rollover-gallery\" href=\"https:\/\/www.smarttravelers.de\/wp-content\/uploads\/2020\/03\/Schloss-Rosendal2.jpg\" data-id=\"83724\" data-rel=\"iLightbox[gallery-rw-1]\" data-title=\"Schloss Rosendal2\" data-caption=\"\">\n\t\t\t\t\t\tGallery\t\t\t\t\t<\/a>\n\t\t\t\t\t\t\t\t\t\t\t\t\t\t\n\t\t\n\t\t\t\t\t\t\t\t\t\t\t\t<h4 class=\"fusion-rollover-title\">\n\t\t\t\t\t<a class=\"fusion-rollover-title-link\" href=\"https:\/\/www.smarttravelers.de\/en\/sights\/schweden\/stockholm\/schloss-rosendal\/\" target=\"_blank\">\n\t\t\t\t\t\tRosendal Palace\t\t\t\t\t<\/a>\n\t\t\t\t<\/h4>\n\t\t\t\n\t\t\t\t\t\t\t\t\n\t\t\n\t\t\t\t\t\t<a class=\"fusion-link-wrapper\" href=\"https:\/\/www.smarttravelers.de\/en\/sights\/schweden\/stockholm\/schloss-rosendal\/\" target=\"_blank\" aria-label=\"Rosendal Palace\"><\/a>\n\t<\/div>\n<\/div>\n\n\t\n<\/div>\n<\/div><\/article><article id=\"portfolio-1-post-83715\" class=\"fusion-portfolio-post alle-in-stockholm-en gardens-parks fusion-col-spacing post-83715 fusion-element-grid\"><div class=\"fusion-portfolio-content-wrapper\" style=\"border:none;\"><span class=\"entry-title rich-snippet-hidden\">Rosendals Tr\u00e4dg\u00e5rd<\/span><span class=\"vcard rich-snippet-hidden\"><span class=\"fn\"><a href=\"https:\/\/www.smarttravelers.de\/en\/author\/wp_admin\/\" title=\"Posts by wp_admin\" rel=\"author\">wp_admin<\/a><\/span><\/span><span class=\"updated rich-snippet-hidden\">2024-06-03T23:42:41+02:00<\/span>\n\n<div  class=\"fusion-masonry-element-container fusion-image-wrapper\" style=\"background-image:url(https:\/\/www.smarttravelers.de\/wp-content\/uploads\/2020\/03\/Rosendals-Tr\u00e4dg\u00e5rd3.jpg);padding-top:calc((100% + 20px) * 0.8 - 10px);\" aria-haspopup=\"true\">\n\t\n\t\n\t\n\t\t\n\t\t\t\t\t<img decoding=\"async\" width=\"1620\" height=\"1080\" src=\"https:\/\/www.smarttravelers.de\/wp-content\/uploads\/2020\/03\/Rosendals-Tr\u00e4dg\u00e5rd3.jpg\" class=\"attachment-full size-full wp-post-image\" alt=\"Beete auf Rosendals Tr\u00e4dg\u00e5rd\" srcset=\"https:\/\/www.smarttravelers.de\/wp-content\/uploads\/2020\/03\/Rosendals-Tr\u00e4dg\u00e5rd3-200x133.jpg 200w, https:\/\/www.smarttravelers.de\/wp-content\/uploads\/2020\/03\/Rosendals-Tr\u00e4dg\u00e5rd3-400x267.jpg 400w, https:\/\/www.smarttravelers.de\/wp-content\/uploads\/2020\/03\/Rosendals-Tr\u00e4dg\u00e5rd3-600x400.jpg 600w, https:\/\/www.smarttravelers.de\/wp-content\/uploads\/2020\/03\/Rosendals-Tr\u00e4dg\u00e5rd3-800x533.jpg 800w, https:\/\/www.smarttravelers.de\/wp-content\/uploads\/2020\/03\/Rosendals-Tr\u00e4dg\u00e5rd3-1200x800.jpg 1200w, https:\/\/www.smarttravelers.de\/wp-content\/uploads\/2020\/03\/Rosendals-Tr\u00e4dg\u00e5rd3.jpg 1620w\" sizes=\"(min-width: 2200px) 100vw, (min-width: 284px) 356px, (min-width: 212px) 284px, (min-width: 140px) 212px, \" \/>\n\t\n\n\t\t<div class=\"fusion-rollover\">\n\t<div class=\"fusion-rollover-content\">\n\n\t\t\t\t\t\t\t\t\t\t\t\t\t\t<a class=\"fusion-rollover-link\" href=\"https:\/\/www.smarttravelers.de\/en\/sights\/schweden\/stockholm\/rosendals-traedgaard\/\" target=\"_blank\">Rosendals Tr\u00e4dg\u00e5rd<\/a>\n\t\t\t\n\t\t\t\t\t\t\t\t\t\t\t\t\t\t\n\t\t\t\t\t\t\t\t\n\t\t\t\t\t\t\t\t\t\t\t\t\t<div class=\"fusion-rollover-sep\"><\/div>\n\t\t\t\t\n\t\t\t\t\t\t\t\t\t\t\t\t\t\t\t\t\t\t<a class=\"fusion-rollover-gallery\" href=\"https:\/\/www.smarttravelers.de\/wp-content\/uploads\/2020\/03\/Rosendals-Tr\u00e4dg\u00e5rd3.jpg\" data-id=\"83715\" data-rel=\"iLightbox[gallery-rw-1]\" data-title=\"Rosendals Tr\u00e4dg\u00e5rd3\" data-caption=\"\">\n\t\t\t\t\t\tGallery\t\t\t\t\t<\/a>\n\t\t\t\t\t\t\t\t\t\t\t\t\t\t\n\t\t\n\t\t\t\t\t\t\t\t\t\t\t\t<h4 class=\"fusion-rollover-title\">\n\t\t\t\t\t<a class=\"fusion-rollover-title-link\" href=\"https:\/\/www.smarttravelers.de\/en\/sights\/schweden\/stockholm\/rosendals-traedgaard\/\" target=\"_blank\">\n\t\t\t\t\t\tRosendals Tr\u00e4dg\u00e5rd\t\t\t\t\t<\/a>\n\t\t\t\t<\/h4>\n\t\t\t\n\t\t\t\t\t\t\t\t\n\t\t\n\t\t\t\t\t\t<a class=\"fusion-link-wrapper\" href=\"https:\/\/www.smarttravelers.de\/en\/sights\/schweden\/stockholm\/rosendals-traedgaard\/\" target=\"_blank\" aria-label=\"Rosendals Tr\u00e4dg\u00e5rd\"><\/a>\n\t<\/div>\n<\/div>\n\n\t\n<\/div>\n<\/div><\/article><article id=\"portfolio-1-post-83642\" class=\"fusion-portfolio-post alle-in-stockholm-en natural-landscapes-national-parks fusion-col-spacing post-83642 fusion-element-grid\"><div class=\"fusion-portfolio-content-wrapper\" style=\"border:none;\"><span class=\"entry-title rich-snippet-hidden\">Royal National City Park<\/span><span class=\"vcard rich-snippet-hidden\"><span class=\"fn\"><a href=\"https:\/\/www.smarttravelers.de\/en\/author\/wp_admin\/\" title=\"Posts by wp_admin\" rel=\"author\">wp_admin<\/a><\/span><\/span><span class=\"updated rich-snippet-hidden\">2024-06-03T12:06:18+02:00<\/span>\n\n<div  class=\"fusion-masonry-element-container fusion-image-wrapper\" style=\"background-image:url(https:\/\/www.smarttravelers.de\/wp-content\/uploads\/2020\/03\/K\u00f6niglicher-Nationalstadtpark3.jpg);padding-top:calc((100% + 20px) * 0.8 - 10px);\" aria-haspopup=\"true\">\n\t\n\t\n\t\n\t\t\n\t\t\t\t\t<img decoding=\"async\" width=\"1620\" height=\"1080\" src=\"https:\/\/www.smarttravelers.de\/wp-content\/uploads\/2020\/03\/K\u00f6niglicher-Nationalstadtpark3.jpg\" class=\"attachment-full size-full wp-post-image\" alt=\"K\u00f6niglicher Nationalstadtpark Gew\u00e4sser\" srcset=\"https:\/\/www.smarttravelers.de\/wp-content\/uploads\/2020\/03\/K\u00f6niglicher-Nationalstadtpark3-200x133.jpg 200w, https:\/\/www.smarttravelers.de\/wp-content\/uploads\/2020\/03\/K\u00f6niglicher-Nationalstadtpark3-400x267.jpg 400w, https:\/\/www.smarttravelers.de\/wp-content\/uploads\/2020\/03\/K\u00f6niglicher-Nationalstadtpark3-600x400.jpg 600w, https:\/\/www.smarttravelers.de\/wp-content\/uploads\/2020\/03\/K\u00f6niglicher-Nationalstadtpark3-800x533.jpg 800w, https:\/\/www.smarttravelers.de\/wp-content\/uploads\/2020\/03\/K\u00f6niglicher-Nationalstadtpark3-1200x800.jpg 1200w, https:\/\/www.smarttravelers.de\/wp-content\/uploads\/2020\/03\/K\u00f6niglicher-Nationalstadtpark3.jpg 1620w\" sizes=\"(min-width: 2200px) 100vw, (min-width: 284px) 356px, (min-width: 212px) 284px, (min-width: 140px) 212px, \" \/>\n\t\n\n\t\t<div class=\"fusion-rollover\">\n\t<div class=\"fusion-rollover-content\">\n\n\t\t\t\t\t\t\t\t\t\t\t\t\t\t<a class=\"fusion-rollover-link\" href=\"https:\/\/www.smarttravelers.de\/en\/sights\/schweden\/stockholm\/koeniglicher-nationalstadtpark\/\" target=\"_blank\">Royal National City Park<\/a>\n\t\t\t\n\t\t\t\t\t\t\t\t\t\t\t\t\t\t\n\t\t\t\t\t\t\t\t\n\t\t\t\t\t\t\t\t\t\t\t\t\t<div class=\"fusion-rollover-sep\"><\/div>\n\t\t\t\t\n\t\t\t\t\t\t\t\t\t\t\t\t\t\t\t\t\t\t<a class=\"fusion-rollover-gallery\" href=\"https:\/\/www.smarttravelers.de\/wp-content\/uploads\/2020\/03\/K\u00f6niglicher-Nationalstadtpark3.jpg\" data-id=\"83642\" data-rel=\"iLightbox[gallery-rw-1]\" data-title=\"K\u00f6niglicher Nationalstadtpark3\" data-caption=\"\">\n\t\t\t\t\t\tGallery\t\t\t\t\t<\/a>\n\t\t\t\t\t\t\t\t\t\t\t\t\t\t\n\t\t\n\t\t\t\t\t\t\t\t\t\t\t\t<h4 class=\"fusion-rollover-title\">\n\t\t\t\t\t<a class=\"fusion-rollover-title-link\" href=\"https:\/\/www.smarttravelers.de\/en\/sights\/schweden\/stockholm\/koeniglicher-nationalstadtpark\/\" target=\"_blank\">\n\t\t\t\t\t\tRoyal National City Park\t\t\t\t\t<\/a>\n\t\t\t\t<\/h4>\n\t\t\t\n\t\t\t\t\t\t\t\t\n\t\t\n\t\t\t\t\t\t<a class=\"fusion-link-wrapper\" href=\"https:\/\/www.smarttravelers.de\/en\/sights\/schweden\/stockholm\/koeniglicher-nationalstadtpark\/\" target=\"_blank\" aria-label=\"Royal National City Park\"><\/a>\n\t<\/div>\n<\/div>\n\n\t\n<\/div>\n<\/div><\/article><article id=\"portfolio-1-post-83636\" class=\"fusion-portfolio-post alle-in-stockholm-en theater-opera-houses fusion-col-spacing post-83636 fusion-element-grid\"><div class=\"fusion-portfolio-content-wrapper\" style=\"border:none;\"><span class=\"entry-title rich-snippet-hidden\">Royal Swedish Opera<\/span><span class=\"vcard rich-snippet-hidden\"><span class=\"fn\"><a href=\"https:\/\/www.smarttravelers.de\/en\/author\/wp_admin\/\" title=\"Posts by wp_admin\" rel=\"author\">wp_admin<\/a><\/span><\/span><span class=\"updated rich-snippet-hidden\">2024-06-03T12:03:02+02:00<\/span>\n\n<div  class=\"fusion-masonry-element-container fusion-image-wrapper\" style=\"background-image:url(https:\/\/www.smarttravelers.de\/wp-content\/uploads\/2020\/03\/K\u00f6nigliche-Oper1.jpg);padding-top:calc((100% + 20px) * 0.8 - 10px);\" aria-haspopup=\"true\">\n\t\n\t\n\t\n\t\t\n\t\t\t\t\t<img decoding=\"async\" width=\"1524\" height=\"1080\" src=\"https:\/\/www.smarttravelers.de\/wp-content\/uploads\/2020\/03\/K\u00f6nigliche-Oper1.jpg\" class=\"attachment-full size-full wp-post-image\" alt=\"K\u00f6nigliche Oper Stockholm bei Nacht\" srcset=\"https:\/\/www.smarttravelers.de\/wp-content\/uploads\/2020\/03\/K\u00f6nigliche-Oper1-200x142.jpg 200w, https:\/\/www.smarttravelers.de\/wp-content\/uploads\/2020\/03\/K\u00f6nigliche-Oper1-400x283.jpg 400w, https:\/\/www.smarttravelers.de\/wp-content\/uploads\/2020\/03\/K\u00f6nigliche-Oper1-600x425.jpg 600w, https:\/\/www.smarttravelers.de\/wp-content\/uploads\/2020\/03\/K\u00f6nigliche-Oper1-800x567.jpg 800w, https:\/\/www.smarttravelers.de\/wp-content\/uploads\/2020\/03\/K\u00f6nigliche-Oper1-1200x850.jpg 1200w, https:\/\/www.smarttravelers.de\/wp-content\/uploads\/2020\/03\/K\u00f6nigliche-Oper1.jpg 1524w\" sizes=\"(min-width: 2200px) 100vw, (min-width: 284px) 356px, (min-width: 212px) 284px, (min-width: 140px) 212px, \" \/>\n\t\n\n\t\t<div class=\"fusion-rollover\">\n\t<div class=\"fusion-rollover-content\">\n\n\t\t\t\t\t\t\t\t\t\t\t\t\t\t<a class=\"fusion-rollover-link\" href=\"https:\/\/www.smarttravelers.de\/en\/sights\/schweden\/stockholm\/koenigliche-oper\/\" target=\"_blank\">Royal Swedish Opera<\/a>\n\t\t\t\n\t\t\t\t\t\t\t\t\t\t\t\t\t\t\n\t\t\t\t\t\t\t\t\n\t\t\t\t\t\t\t\t\t\t\t\t\t<div class=\"fusion-rollover-sep\"><\/div>\n\t\t\t\t\n\t\t\t\t\t\t\t\t\t\t\t\t\t\t\t\t\t\t<a class=\"fusion-rollover-gallery\" href=\"https:\/\/www.smarttravelers.de\/wp-content\/uploads\/2020\/03\/K\u00f6nigliche-Oper1.jpg\" data-id=\"83636\" data-rel=\"iLightbox[gallery-rw-1]\" data-title=\"OLYMPUS DIGITAL CAMERA\" data-caption=\"OLYMPUS DIGITAL CAMERA\">\n\t\t\t\t\t\tGallery\t\t\t\t\t<\/a>\n\t\t\t\t\t\t\t\t\t\t\t\t\t\t\n\t\t\n\t\t\t\t\t\t\t\t\t\t\t\t<h4 class=\"fusion-rollover-title\">\n\t\t\t\t\t<a class=\"fusion-rollover-title-link\" href=\"https:\/\/www.smarttravelers.de\/en\/sights\/schweden\/stockholm\/koenigliche-oper\/\" target=\"_blank\">\n\t\t\t\t\t\tRoyal Swedish Opera\t\t\t\t\t<\/a>\n\t\t\t\t<\/h4>\n\t\t\t\n\t\t\t\t\t\t\t\t\n\t\t\n\t\t\t\t\t\t<a class=\"fusion-link-wrapper\" href=\"https:\/\/www.smarttravelers.de\/en\/sights\/schweden\/stockholm\/koenigliche-oper\/\" target=\"_blank\" aria-label=\"Royal Swedish Opera\"><\/a>\n\t<\/div>\n<\/div>\n\n\t\n<\/div>\n<\/div><\/article><article id=\"portfolio-1-post-63418\" class=\"fusion-portfolio-post all-in-barcelona churches-monasteries highlights-en world-heritage-sites fusion-col-spacing post-63418 fusion-element-portrait\"><div class=\"fusion-portfolio-content-wrapper\" style=\"border:none;\"><span class=\"entry-title rich-snippet-hidden\">Sagrada Fam\u00edlia<\/span><span class=\"vcard rich-snippet-hidden\"><span class=\"fn\"><a href=\"https:\/\/www.smarttravelers.de\/en\/author\/wp_admin\/\" title=\"Posts by wp_admin\" rel=\"author\">wp_admin<\/a><\/span><\/span><span class=\"updated rich-snippet-hidden\">2023-10-05T22:02:09+02:00<\/span>\n\n<div  class=\"fusion-masonry-element-container fusion-image-wrapper\" style=\"background-image:url(https:\/\/www.smarttravelers.de\/wp-content\/uploads\/2018\/05\/Sagrada-Fam\u00edlia1.jpg);padding-top:calc((100% + 20px) * 1.6);\" aria-haspopup=\"true\">\n\t\n\t\n\t\n\t\t\n\t\t\t\t\t<img decoding=\"async\" width=\"609\" height=\"899\" src=\"https:\/\/www.smarttravelers.de\/wp-content\/uploads\/2018\/05\/Sagrada-Fam\u00edlia1.jpg\" class=\"attachment-full size-full wp-post-image\" alt=\"Seitenansicht der Sagrada Fam\u00edlia\" srcset=\"https:\/\/www.smarttravelers.de\/wp-content\/uploads\/2018\/05\/Sagrada-Fam\u00edlia1-200x295.jpg 200w, https:\/\/www.smarttravelers.de\/wp-content\/uploads\/2018\/05\/Sagrada-Fam\u00edlia1-400x590.jpg 400w, https:\/\/www.smarttravelers.de\/wp-content\/uploads\/2018\/05\/Sagrada-Fam\u00edlia1-600x886.jpg 600w, https:\/\/www.smarttravelers.de\/wp-content\/uploads\/2018\/05\/Sagrada-Fam\u00edlia1.jpg 609w\" sizes=\"(min-width: 2200px) 100vw, (min-width: 284px) 356px, (min-width: 212px) 284px, (min-width: 140px) 212px, \" \/>\n\t\n\n\t\t<div class=\"fusion-rollover\">\n\t<div class=\"fusion-rollover-content\">\n\n\t\t\t\t\t\t\t\t\t\t\t\t\t\t<a class=\"fusion-rollover-link\" href=\"https:\/\/www.smarttravelers.de\/en\/sights\/spain\/barcelona\/sagrada-familia\/\" target=\"_blank\">Sagrada Fam\u00edlia<\/a>\n\t\t\t\n\t\t\t\t\t\t\t\t\t\t\t\t\t\t\n\t\t\t\t\t\t\t\t\n\t\t\t\t\t\t\t\t\t\t\t\t\t<div class=\"fusion-rollover-sep\"><\/div>\n\t\t\t\t\n\t\t\t\t\t\t\t\t\t\t\t\t\t\t\t\t\t\t<a class=\"fusion-rollover-gallery\" href=\"https:\/\/www.smarttravelers.de\/wp-content\/uploads\/2018\/05\/Sagrada-Fam\u00edlia1.jpg\" data-id=\"63418\" data-rel=\"iLightbox[gallery-rw-1]\" data-title=\"Sagrada Fam\u00edlia1\" data-caption=\"\">\n\t\t\t\t\t\tGallery\t\t\t\t\t<\/a>\n\t\t\t\t\t\t\t\t\t\t\t\t\t\t\n\t\t\n\t\t\t\t\t\t\t\t\t\t\t\t<h4 class=\"fusion-rollover-title\">\n\t\t\t\t\t<a class=\"fusion-rollover-title-link\" href=\"https:\/\/www.smarttravelers.de\/en\/sights\/spain\/barcelona\/sagrada-familia\/\" target=\"_blank\">\n\t\t\t\t\t\tSagrada Fam\u00edlia\t\t\t\t\t<\/a>\n\t\t\t\t<\/h4>\n\t\t\t\n\t\t\t\t\t\t\t\t\n\t\t\n\t\t\t\t\t\t<a class=\"fusion-link-wrapper\" href=\"https:\/\/www.smarttravelers.de\/en\/sights\/spain\/barcelona\/sagrada-familia\/\" target=\"_blank\" aria-label=\"Sagrada Fam\u00edlia\"><\/a>\n\t<\/div>\n<\/div>\n\n\t\n<\/div>\n<\/div><\/article><article id=\"portfolio-1-post-63446\" class=\"fusion-portfolio-post all-in-barcelona churches-monasteries fusion-col-spacing post-63446 fusion-element-grid\"><div class=\"fusion-portfolio-content-wrapper\" style=\"border:none;\"><span class=\"entry-title rich-snippet-hidden\">Santa Maria del Mar<\/span><span class=\"vcard rich-snippet-hidden\"><span class=\"fn\"><a href=\"https:\/\/www.smarttravelers.de\/en\/author\/wp_admin\/\" title=\"Posts by wp_admin\" rel=\"author\">wp_admin<\/a><\/span><\/span><span class=\"updated rich-snippet-hidden\">2023-10-05T22:09:02+02:00<\/span>\n\n<div  class=\"fusion-masonry-element-container fusion-image-wrapper\" style=\"background-image:url(https:\/\/www.smarttravelers.de\/wp-content\/uploads\/2018\/05\/Santa-Maria-del-Mar2.jpg);padding-top:calc((100% + 20px) * 0.8 - 10px);\" aria-haspopup=\"true\">\n\t\n\t\n\t\n\t\t\n\t\t\t\t\t<img decoding=\"async\" width=\"1200\" height=\"800\" src=\"https:\/\/www.smarttravelers.de\/wp-content\/uploads\/2018\/05\/Santa-Maria-del-Mar2.jpg\" class=\"attachment-full size-full wp-post-image\" alt=\"Die Hauptfassade von Santa Maria del Mar\" srcset=\"https:\/\/www.smarttravelers.de\/wp-content\/uploads\/2018\/05\/Santa-Maria-del-Mar2-200x133.jpg 200w, https:\/\/www.smarttravelers.de\/wp-content\/uploads\/2018\/05\/Santa-Maria-del-Mar2-400x267.jpg 400w, https:\/\/www.smarttravelers.de\/wp-content\/uploads\/2018\/05\/Santa-Maria-del-Mar2-600x400.jpg 600w, https:\/\/www.smarttravelers.de\/wp-content\/uploads\/2018\/05\/Santa-Maria-del-Mar2-800x533.jpg 800w, https:\/\/www.smarttravelers.de\/wp-content\/uploads\/2018\/05\/Santa-Maria-del-Mar2.jpg 1200w\" sizes=\"(min-width: 2200px) 100vw, (min-width: 284px) 356px, (min-width: 212px) 284px, (min-width: 140px) 212px, \" \/>\n\t\n\n\t\t<div class=\"fusion-rollover\">\n\t<div class=\"fusion-rollover-content\">\n\n\t\t\t\t\t\t\t\t\t\t\t\t\t\t<a class=\"fusion-rollover-link\" href=\"https:\/\/www.smarttravelers.de\/en\/sights\/spain\/barcelona\/santa-maria-del-mar\/\" target=\"_blank\">Santa Maria del Mar<\/a>\n\t\t\t\n\t\t\t\t\t\t\t\t\t\t\t\t\t\t\n\t\t\t\t\t\t\t\t\n\t\t\t\t\t\t\t\t\t\t\t\t\t<div class=\"fusion-rollover-sep\"><\/div>\n\t\t\t\t\n\t\t\t\t\t\t\t\t\t\t\t\t\t\t\t\t\t\t<a class=\"fusion-rollover-gallery\" href=\"https:\/\/www.smarttravelers.de\/wp-content\/uploads\/2018\/05\/Santa-Maria-del-Mar2.jpg\" data-id=\"63446\" data-rel=\"iLightbox[gallery-rw-1]\" data-title=\"Santa Maria del Mar2\" data-caption=\"\">\n\t\t\t\t\t\tGallery\t\t\t\t\t<\/a>\n\t\t\t\t\t\t\t\t\t\t\t\t\t\t\n\t\t\n\t\t\t\t\t\t\t\t\t\t\t\t<h4 class=\"fusion-rollover-title\">\n\t\t\t\t\t<a class=\"fusion-rollover-title-link\" href=\"https:\/\/www.smarttravelers.de\/en\/sights\/spain\/barcelona\/santa-maria-del-mar\/\" target=\"_blank\">\n\t\t\t\t\t\tSanta Maria del Mar\t\t\t\t\t<\/a>\n\t\t\t\t<\/h4>\n\t\t\t\n\t\t\t\t\t\t\t\t\n\t\t\n\t\t\t\t\t\t<a class=\"fusion-link-wrapper\" href=\"https:\/\/www.smarttravelers.de\/en\/sights\/spain\/barcelona\/santa-maria-del-mar\/\" target=\"_blank\" aria-label=\"Santa Maria del Mar\"><\/a>\n\t<\/div>\n<\/div>\n\n\t\n<\/div>\n<\/div><\/article><article id=\"portfolio-1-post-83733\" class=\"fusion-portfolio-post alle-in-stockholm-en streets-squares fusion-col-spacing post-83733 fusion-element-grid\"><div class=\"fusion-portfolio-content-wrapper\" style=\"border:none;\"><span class=\"entry-title rich-snippet-hidden\">Sergels torg<\/span><span class=\"vcard rich-snippet-hidden\"><span class=\"fn\"><a href=\"https:\/\/www.smarttravelers.de\/en\/author\/wp_admin\/\" title=\"Posts by wp_admin\" rel=\"author\">wp_admin<\/a><\/span><\/span><span class=\"updated rich-snippet-hidden\">2024-06-03T23:56:31+02:00<\/span>\n\n<div  class=\"fusion-masonry-element-container fusion-image-wrapper\" style=\"background-image:url(https:\/\/www.smarttravelers.de\/wp-content\/uploads\/2020\/03\/Sergels-torg1.jpg);padding-top:calc((100% + 20px) * 0.8 - 10px);\" aria-haspopup=\"true\">\n\t\n\t\n\t\n\t\t\n\t\t\t\t\t<img decoding=\"async\" width=\"1405\" height=\"1080\" src=\"https:\/\/www.smarttravelers.de\/wp-content\/uploads\/2020\/03\/Sergels-torg1.jpg\" class=\"attachment-full size-full wp-post-image\" alt=\"Glass\u00e4ule auf dem Sergels torg\" srcset=\"https:\/\/www.smarttravelers.de\/wp-content\/uploads\/2020\/03\/Sergels-torg1-200x154.jpg 200w, https:\/\/www.smarttravelers.de\/wp-content\/uploads\/2020\/03\/Sergels-torg1-400x307.jpg 400w, https:\/\/www.smarttravelers.de\/wp-content\/uploads\/2020\/03\/Sergels-torg1-600x461.jpg 600w, https:\/\/www.smarttravelers.de\/wp-content\/uploads\/2020\/03\/Sergels-torg1-800x615.jpg 800w, https:\/\/www.smarttravelers.de\/wp-content\/uploads\/2020\/03\/Sergels-torg1-1200x922.jpg 1200w, https:\/\/www.smarttravelers.de\/wp-content\/uploads\/2020\/03\/Sergels-torg1.jpg 1405w\" sizes=\"(min-width: 2200px) 100vw, (min-width: 284px) 356px, (min-width: 212px) 284px, (min-width: 140px) 212px, \" \/>\n\t\n\n\t\t<div class=\"fusion-rollover\">\n\t<div class=\"fusion-rollover-content\">\n\n\t\t\t\t\t\t\t\t\t\t\t\t\t\t<a class=\"fusion-rollover-link\" href=\"https:\/\/www.smarttravelers.de\/en\/sights\/stockholm-en\/sergels-torg\/\" target=\"_blank\">Sergels torg<\/a>\n\t\t\t\n\t\t\t\t\t\t\t\t\t\t\t\t\t\t\n\t\t\t\t\t\t\t\t\n\t\t\t\t\t\t\t\t\t\t\t\t\t<div class=\"fusion-rollover-sep\"><\/div>\n\t\t\t\t\n\t\t\t\t\t\t\t\t\t\t\t\t\t\t\t\t\t\t<a class=\"fusion-rollover-gallery\" href=\"https:\/\/www.smarttravelers.de\/wp-content\/uploads\/2020\/03\/Sergels-torg1.jpg\" data-id=\"83733\" data-rel=\"iLightbox[gallery-rw-1]\" data-title=\"\u00d1\u00f2\u00ee\u00ea\u00e3\u00ee\u00eb\u00fc\u00ec\" data-caption=\"\u00d1\u00f2\u00ee\u00ea\u00e3\u00ee\u00eb\u00fc\u00ec\">\n\t\t\t\t\t\tGallery\t\t\t\t\t<\/a>\n\t\t\t\t\t\t\t\t\t\t\t\t\t\t\n\t\t\n\t\t\t\t\t\t\t\t\t\t\t\t<h4 class=\"fusion-rollover-title\">\n\t\t\t\t\t<a class=\"fusion-rollover-title-link\" href=\"https:\/\/www.smarttravelers.de\/en\/sights\/stockholm-en\/sergels-torg\/\" target=\"_blank\">\n\t\t\t\t\t\tSergels torg\t\t\t\t\t<\/a>\n\t\t\t\t<\/h4>\n\t\t\t\n\t\t\t\t\t\t\t\t\n\t\t\n\t\t\t\t\t\t<a class=\"fusion-link-wrapper\" href=\"https:\/\/www.smarttravelers.de\/en\/sights\/stockholm-en\/sergels-torg\/\" target=\"_blank\" aria-label=\"Sergels torg\"><\/a>\n\t<\/div>\n<\/div>\n\n\t\n<\/div>\n<\/div><\/article><article id=\"portfolio-1-post-83737\" class=\"fusion-portfolio-post alle-in-stockholm-en highlights-en museums-galleries fusion-col-spacing post-83737 fusion-element-grid\"><div class=\"fusion-portfolio-content-wrapper\" style=\"border:none;\"><span class=\"entry-title rich-snippet-hidden\">Skansen<\/span><span class=\"vcard rich-snippet-hidden\"><span class=\"fn\"><a href=\"https:\/\/www.smarttravelers.de\/en\/author\/wp_admin\/\" title=\"Posts by wp_admin\" rel=\"author\">wp_admin<\/a><\/span><\/span><span class=\"updated rich-snippet-hidden\">2024-06-03T23:59:45+02:00<\/span>\n\n<div  class=\"fusion-masonry-element-container fusion-image-wrapper\" style=\"background-image:url(https:\/\/www.smarttravelers.de\/wp-content\/uploads\/2020\/03\/Skansen2.jpg);padding-top:calc((100% + 20px) * 0.8 - 10px);\" aria-haspopup=\"true\">\n\t\n\t\n\t\n\t\t\n\t\t\t\t\t<img decoding=\"async\" width=\"1620\" height=\"1080\" src=\"https:\/\/www.smarttravelers.de\/wp-content\/uploads\/2020\/03\/Skansen2.jpg\" class=\"attachment-full size-full wp-post-image\" alt=\"H\u00e4userzeile in Skansen\" srcset=\"https:\/\/www.smarttravelers.de\/wp-content\/uploads\/2020\/03\/Skansen2-200x133.jpg 200w, https:\/\/www.smarttravelers.de\/wp-content\/uploads\/2020\/03\/Skansen2-400x267.jpg 400w, https:\/\/www.smarttravelers.de\/wp-content\/uploads\/2020\/03\/Skansen2-600x400.jpg 600w, https:\/\/www.smarttravelers.de\/wp-content\/uploads\/2020\/03\/Skansen2-800x533.jpg 800w, https:\/\/www.smarttravelers.de\/wp-content\/uploads\/2020\/03\/Skansen2-1200x800.jpg 1200w, https:\/\/www.smarttravelers.de\/wp-content\/uploads\/2020\/03\/Skansen2.jpg 1620w\" sizes=\"(min-width: 2200px) 100vw, (min-width: 284px) 356px, (min-width: 212px) 284px, (min-width: 140px) 212px, \" \/>\n\t\n\n\t\t<div class=\"fusion-rollover\">\n\t<div class=\"fusion-rollover-content\">\n\n\t\t\t\t\t\t\t\t\t\t\t\t\t\t<a class=\"fusion-rollover-link\" href=\"https:\/\/www.smarttravelers.de\/en\/sights\/schweden\/stockholm\/skansen\/\" target=\"_blank\">Skansen<\/a>\n\t\t\t\n\t\t\t\t\t\t\t\t\t\t\t\t\t\t\n\t\t\t\t\t\t\t\t\n\t\t\t\t\t\t\t\t\t\t\t\t\t<div class=\"fusion-rollover-sep\"><\/div>\n\t\t\t\t\n\t\t\t\t\t\t\t\t\t\t\t\t\t\t\t\t\t\t<a class=\"fusion-rollover-gallery\" href=\"https:\/\/www.smarttravelers.de\/wp-content\/uploads\/2020\/03\/Skansen2.jpg\" data-id=\"83737\" data-rel=\"iLightbox[gallery-rw-1]\" data-title=\"Skansen2\" data-caption=\"\">\n\t\t\t\t\t\tGallery\t\t\t\t\t<\/a>\n\t\t\t\t\t\t\t\t\t\t\t\t\t\t\n\t\t\n\t\t\t\t\t\t\t\t\t\t\t\t<h4 class=\"fusion-rollover-title\">\n\t\t\t\t\t<a class=\"fusion-rollover-title-link\" href=\"https:\/\/www.smarttravelers.de\/en\/sights\/schweden\/stockholm\/skansen\/\" target=\"_blank\">\n\t\t\t\t\t\tSkansen\t\t\t\t\t<\/a>\n\t\t\t\t<\/h4>\n\t\t\t\n\t\t\t\t\t\t\t\t\n\t\t\n\t\t\t\t\t\t<a class=\"fusion-link-wrapper\" href=\"https:\/\/www.smarttravelers.de\/en\/sights\/schweden\/stockholm\/skansen\/\" target=\"_blank\" aria-label=\"Skansen\"><\/a>\n\t<\/div>\n<\/div>\n\n\t\n<\/div>\n<\/div><\/article><article id=\"portfolio-1-post-83741\" class=\"fusion-portfolio-post alle-in-stockholm-en zoos-aquariums fusion-col-spacing post-83741 fusion-element-grid\"><div class=\"fusion-portfolio-content-wrapper\" style=\"border:none;\"><span class=\"entry-title rich-snippet-hidden\">Skansen-Akvariet<\/span><span class=\"vcard rich-snippet-hidden\"><span class=\"fn\"><a href=\"https:\/\/www.smarttravelers.de\/en\/author\/wp_admin\/\" title=\"Posts by wp_admin\" rel=\"author\">wp_admin<\/a><\/span><\/span><span class=\"updated rich-snippet-hidden\">2024-06-04T00:01:34+02:00<\/span>\n\n<div  class=\"fusion-masonry-element-container fusion-image-wrapper\" style=\"background-image:url(https:\/\/www.smarttravelers.de\/wp-content\/uploads\/2020\/03\/Skansen-Akvariet1.jpg);padding-top:calc((100% + 20px) * 0.8 - 10px);\" aria-haspopup=\"true\">\n\t\n\t\n\t\n\t\t\n\t\t\t\t\t<img decoding=\"async\" width=\"1440\" height=\"1080\" src=\"https:\/\/www.smarttravelers.de\/wp-content\/uploads\/2020\/03\/Skansen-Akvariet1.jpg\" class=\"attachment-full size-full wp-post-image\" alt=\"Krokodil im Skansen-Akvariet\" srcset=\"https:\/\/www.smarttravelers.de\/wp-content\/uploads\/2020\/03\/Skansen-Akvariet1-200x150.jpg 200w, https:\/\/www.smarttravelers.de\/wp-content\/uploads\/2020\/03\/Skansen-Akvariet1-400x300.jpg 400w, https:\/\/www.smarttravelers.de\/wp-content\/uploads\/2020\/03\/Skansen-Akvariet1-600x450.jpg 600w, https:\/\/www.smarttravelers.de\/wp-content\/uploads\/2020\/03\/Skansen-Akvariet1-800x600.jpg 800w, https:\/\/www.smarttravelers.de\/wp-content\/uploads\/2020\/03\/Skansen-Akvariet1-1200x900.jpg 1200w, https:\/\/www.smarttravelers.de\/wp-content\/uploads\/2020\/03\/Skansen-Akvariet1.jpg 1440w\" sizes=\"(min-width: 2200px) 100vw, (min-width: 284px) 356px, (min-width: 212px) 284px, (min-width: 140px) 212px, \" \/>\n\t\n\n\t\t<div class=\"fusion-rollover\">\n\t<div class=\"fusion-rollover-content\">\n\n\t\t\t\t\t\t\t\t\t\t\t\t\t\t<a class=\"fusion-rollover-link\" href=\"https:\/\/www.smarttravelers.de\/en\/sights\/schweden\/stockholm\/skansen-akvariet\/\" target=\"_blank\">Skansen-Akvariet<\/a>\n\t\t\t\n\t\t\t\t\t\t\t\t\t\t\t\t\t\t\n\t\t\t\t\t\t\t\t\n\t\t\t\t\t\t\t\t\t\t\t\t\t<div class=\"fusion-rollover-sep\"><\/div>\n\t\t\t\t\n\t\t\t\t\t\t\t\t\t\t\t\t\t\t\t\t\t\t<a class=\"fusion-rollover-gallery\" href=\"https:\/\/www.smarttravelers.de\/wp-content\/uploads\/2020\/03\/Skansen-Akvariet1.jpg\" data-id=\"83741\" data-rel=\"iLightbox[gallery-rw-1]\" data-title=\"Animal pic\" data-caption=\"Animal pic\">\n\t\t\t\t\t\tGallery\t\t\t\t\t<\/a>\n\t\t\t\t\t\t\t\t\t\t\t\t\t\t\n\t\t\n\t\t\t\t\t\t\t\t\t\t\t\t<h4 class=\"fusion-rollover-title\">\n\t\t\t\t\t<a class=\"fusion-rollover-title-link\" href=\"https:\/\/www.smarttravelers.de\/en\/sights\/schweden\/stockholm\/skansen-akvariet\/\" target=\"_blank\">\n\t\t\t\t\t\tSkansen-Akvariet\t\t\t\t\t<\/a>\n\t\t\t\t<\/h4>\n\t\t\t\n\t\t\t\t\t\t\t\t\n\t\t\n\t\t\t\t\t\t<a class=\"fusion-link-wrapper\" href=\"https:\/\/www.smarttravelers.de\/en\/sights\/schweden\/stockholm\/skansen-akvariet\/\" target=\"_blank\" aria-label=\"Skansen-Akvariet\"><\/a>\n\t<\/div>\n<\/div>\n\n\t\n<\/div>\n<\/div><\/article><article id=\"portfolio-1-post-83745\" class=\"fusion-portfolio-post alle-in-stockholm-en districts viewpoints fusion-col-spacing post-83745 fusion-element-grid\"><div class=\"fusion-portfolio-content-wrapper\" style=\"border:none;\"><span class=\"entry-title rich-snippet-hidden\">Skeppsholmen<\/span><span class=\"vcard rich-snippet-hidden\"><span class=\"fn\"><a href=\"https:\/\/www.smarttravelers.de\/en\/author\/wp_admin\/\" title=\"Posts by wp_admin\" rel=\"author\">wp_admin<\/a><\/span><\/span><span class=\"updated rich-snippet-hidden\">2024-06-04T00:06:02+02:00<\/span>\n\n<div  class=\"fusion-masonry-element-container fusion-image-wrapper\" style=\"background-image:url(https:\/\/www.smarttravelers.de\/wp-content\/uploads\/2020\/03\/Skeppsholmen1.jpg);padding-top:calc((100% + 20px) * 0.8 - 10px);\" aria-haspopup=\"true\">\n\t\n\t\n\t\n\t\t\n\t\t\t\t\t<img decoding=\"async\" width=\"1618\" height=\"1080\" src=\"https:\/\/www.smarttravelers.de\/wp-content\/uploads\/2020\/03\/Skeppsholmen1.jpg\" class=\"attachment-full size-full wp-post-image\" alt=\"Luftbild von Skeppsholmen\" srcset=\"https:\/\/www.smarttravelers.de\/wp-content\/uploads\/2020\/03\/Skeppsholmen1-200x133.jpg 200w, https:\/\/www.smarttravelers.de\/wp-content\/uploads\/2020\/03\/Skeppsholmen1-400x267.jpg 400w, https:\/\/www.smarttravelers.de\/wp-content\/uploads\/2020\/03\/Skeppsholmen1-600x400.jpg 600w, https:\/\/www.smarttravelers.de\/wp-content\/uploads\/2020\/03\/Skeppsholmen1-800x534.jpg 800w, https:\/\/www.smarttravelers.de\/wp-content\/uploads\/2020\/03\/Skeppsholmen1-1200x801.jpg 1200w, https:\/\/www.smarttravelers.de\/wp-content\/uploads\/2020\/03\/Skeppsholmen1.jpg 1618w\" sizes=\"(min-width: 2200px) 100vw, (min-width: 284px) 356px, (min-width: 212px) 284px, (min-width: 140px) 212px, \" \/>\n\t\n\n\t\t<div class=\"fusion-rollover\">\n\t<div class=\"fusion-rollover-content\">\n\n\t\t\t\t\t\t\t\t\t\t\t\t\t\t<a class=\"fusion-rollover-link\" href=\"https:\/\/www.smarttravelers.de\/en\/sights\/schweden\/stockholm\/skeppsholmen\/\" target=\"_blank\">Skeppsholmen<\/a>\n\t\t\t\n\t\t\t\t\t\t\t\t\t\t\t\t\t\t\n\t\t\t\t\t\t\t\t\n\t\t\t\t\t\t\t\t\t\t\t\t\t<div class=\"fusion-rollover-sep\"><\/div>\n\t\t\t\t\n\t\t\t\t\t\t\t\t\t\t\t\t\t\t\t\t\t\t<a class=\"fusion-rollover-gallery\" href=\"https:\/\/www.smarttravelers.de\/wp-content\/uploads\/2020\/03\/Skeppsholmen1.jpg\" data-id=\"83745\" data-rel=\"iLightbox[gallery-rw-1]\" data-title=\"Skeppsholmen1\" data-caption=\"\">\n\t\t\t\t\t\tGallery\t\t\t\t\t<\/a>\n\t\t\t\t\t\t\t\t\t\t\t\t\t\t\n\t\t\n\t\t\t\t\t\t\t\t\t\t\t\t<h4 class=\"fusion-rollover-title\">\n\t\t\t\t\t<a class=\"fusion-rollover-title-link\" href=\"https:\/\/www.smarttravelers.de\/en\/sights\/schweden\/stockholm\/skeppsholmen\/\" target=\"_blank\">\n\t\t\t\t\t\tSkeppsholmen\t\t\t\t\t<\/a>\n\t\t\t\t<\/h4>\n\t\t\t\n\t\t\t\t\t\t\t\t\n\t\t\n\t\t\t\t\t\t<a class=\"fusion-link-wrapper\" href=\"https:\/\/www.smarttravelers.de\/en\/sights\/schweden\/stockholm\/skeppsholmen\/\" target=\"_blank\" aria-label=\"Skeppsholmen\"><\/a>\n\t<\/div>\n<\/div>\n\n\t\n<\/div>\n<\/div><\/article><article id=\"portfolio-1-post-83749\" class=\"fusion-portfolio-post alle-in-stockholm-en other-sights world-heritage-sites fusion-col-spacing post-83749 fusion-element-grid\"><div class=\"fusion-portfolio-content-wrapper\" style=\"border:none;\"><span class=\"entry-title rich-snippet-hidden\">Skogskyrkog\u00e5rden<\/span><span class=\"vcard rich-snippet-hidden\"><span class=\"fn\"><a href=\"https:\/\/www.smarttravelers.de\/en\/author\/wp_admin\/\" title=\"Posts by wp_admin\" rel=\"author\">wp_admin<\/a><\/span><\/span><span class=\"updated rich-snippet-hidden\">2024-06-04T00:10:23+02:00<\/span>\n\n<div  class=\"fusion-masonry-element-container fusion-image-wrapper\" style=\"background-image:url(https:\/\/www.smarttravelers.de\/wp-content\/uploads\/2020\/03\/Skogskyrkog\u00e5rden1.jpg);padding-top:calc((100% + 20px) * 0.8 - 10px);\" aria-haspopup=\"true\">\n\t\n\t\n\t\n\t\t\n\t\t\t\t\t<img decoding=\"async\" width=\"1440\" height=\"1080\" src=\"https:\/\/www.smarttravelers.de\/wp-content\/uploads\/2020\/03\/Skogskyrkog\u00e5rden1.jpg\" class=\"attachment-full size-full wp-post-image\" alt=\"Wals im\" srcset=\"https:\/\/www.smarttravelers.de\/wp-content\/uploads\/2020\/03\/Skogskyrkog\u00e5rden1-200x150.jpg 200w, https:\/\/www.smarttravelers.de\/wp-content\/uploads\/2020\/03\/Skogskyrkog\u00e5rden1-400x300.jpg 400w, https:\/\/www.smarttravelers.de\/wp-content\/uploads\/2020\/03\/Skogskyrkog\u00e5rden1-600x450.jpg 600w, https:\/\/www.smarttravelers.de\/wp-content\/uploads\/2020\/03\/Skogskyrkog\u00e5rden1-800x600.jpg 800w, https:\/\/www.smarttravelers.de\/wp-content\/uploads\/2020\/03\/Skogskyrkog\u00e5rden1-1200x900.jpg 1200w, https:\/\/www.smarttravelers.de\/wp-content\/uploads\/2020\/03\/Skogskyrkog\u00e5rden1.jpg 1440w\" sizes=\"(min-width: 2200px) 100vw, (min-width: 284px) 356px, (min-width: 212px) 284px, (min-width: 140px) 212px, \" \/>\n\t\n\n\t\t<div class=\"fusion-rollover\">\n\t<div class=\"fusion-rollover-content\">\n\n\t\t\t\t\t\t\t\t\t\t\t\t\t\t<a class=\"fusion-rollover-link\" href=\"https:\/\/www.smarttravelers.de\/en\/sights\/schweden\/stockholm\/skogskyrkogaarden\/\" target=\"_blank\">Skogskyrkog\u00e5rden<\/a>\n\t\t\t\n\t\t\t\t\t\t\t\t\t\t\t\t\t\t\n\t\t\t\t\t\t\t\t\n\t\t\t\t\t\t\t\t\t\t\t\t\t<div class=\"fusion-rollover-sep\"><\/div>\n\t\t\t\t\n\t\t\t\t\t\t\t\t\t\t\t\t\t\t\t\t\t\t<a class=\"fusion-rollover-gallery\" href=\"https:\/\/www.smarttravelers.de\/wp-content\/uploads\/2020\/03\/Skogskyrkog\u00e5rden1.jpg\" data-id=\"83749\" data-rel=\"iLightbox[gallery-rw-1]\" data-title=\"Skogskyrkog\u00e5rden1\" data-caption=\"\">\n\t\t\t\t\t\tGallery\t\t\t\t\t<\/a>\n\t\t\t\t\t\t\t\t\t\t\t\t\t\t\n\t\t\n\t\t\t\t\t\t\t\t\t\t\t\t<h4 class=\"fusion-rollover-title\">\n\t\t\t\t\t<a class=\"fusion-rollover-title-link\" href=\"https:\/\/www.smarttravelers.de\/en\/sights\/schweden\/stockholm\/skogskyrkogaarden\/\" target=\"_blank\">\n\t\t\t\t\t\tSkogskyrkog\u00e5rden\t\t\t\t\t<\/a>\n\t\t\t\t<\/h4>\n\t\t\t\n\t\t\t\t\t\t\t\t\n\t\t\n\t\t\t\t\t\t<a class=\"fusion-link-wrapper\" href=\"https:\/\/www.smarttravelers.de\/en\/sights\/schweden\/stockholm\/skogskyrkogaarden\/\" target=\"_blank\" aria-label=\"Skogskyrkog\u00e5rden\"><\/a>\n\t<\/div>\n<\/div>\n\n\t\n<\/div>\n<\/div><\/article><article id=\"portfolio-1-post-83753\" class=\"fusion-portfolio-post alle-in-stockholm-en districts fusion-col-spacing post-83753 fusion-element-grid\"><div class=\"fusion-portfolio-content-wrapper\" style=\"border:none;\"><span class=\"entry-title rich-snippet-hidden\">S\u00f6dermalm<\/span><span class=\"vcard rich-snippet-hidden\"><span class=\"fn\"><a href=\"https:\/\/www.smarttravelers.de\/en\/author\/wp_admin\/\" title=\"Posts by wp_admin\" rel=\"author\">wp_admin<\/a><\/span><\/span><span class=\"updated rich-snippet-hidden\">2024-06-04T13:51:17+02:00<\/span>\n\n<div  class=\"fusion-masonry-element-container fusion-image-wrapper\" style=\"background-image:url(https:\/\/www.smarttravelers.de\/wp-content\/uploads\/2020\/03\/S\u00f6dermalm1.jpg);padding-top:calc((100% + 20px) * 0.8 - 10px);\" aria-haspopup=\"true\">\n\t\n\t\n\t\n\t\t\n\t\t\t\t\t<img decoding=\"async\" width=\"1440\" height=\"1080\" src=\"https:\/\/www.smarttravelers.de\/wp-content\/uploads\/2020\/03\/S\u00f6dermalm1.jpg\" class=\"attachment-full size-full wp-post-image\" alt=\"H\u00e4user in S\u00f6dermalm\" srcset=\"https:\/\/www.smarttravelers.de\/wp-content\/uploads\/2020\/03\/S\u00f6dermalm1-200x150.jpg 200w, https:\/\/www.smarttravelers.de\/wp-content\/uploads\/2020\/03\/S\u00f6dermalm1-400x300.jpg 400w, https:\/\/www.smarttravelers.de\/wp-content\/uploads\/2020\/03\/S\u00f6dermalm1-600x450.jpg 600w, https:\/\/www.smarttravelers.de\/wp-content\/uploads\/2020\/03\/S\u00f6dermalm1-800x600.jpg 800w, https:\/\/www.smarttravelers.de\/wp-content\/uploads\/2020\/03\/S\u00f6dermalm1-1200x900.jpg 1200w, https:\/\/www.smarttravelers.de\/wp-content\/uploads\/2020\/03\/S\u00f6dermalm1.jpg 1440w\" sizes=\"(min-width: 2200px) 100vw, (min-width: 284px) 356px, (min-width: 212px) 284px, (min-width: 140px) 212px, \" \/>\n\t\n\n\t\t<div class=\"fusion-rollover\">\n\t<div class=\"fusion-rollover-content\">\n\n\t\t\t\t\t\t\t\t\t\t\t\t\t\t<a class=\"fusion-rollover-link\" href=\"https:\/\/www.smarttravelers.de\/en\/sights\/schweden\/stockholm\/soedermalm\/\" target=\"_blank\">S\u00f6dermalm<\/a>\n\t\t\t\n\t\t\t\t\t\t\t\t\t\t\t\t\t\t\n\t\t\t\t\t\t\t\t\n\t\t\t\t\t\t\t\t\t\t\t\t\t<div class=\"fusion-rollover-sep\"><\/div>\n\t\t\t\t\n\t\t\t\t\t\t\t\t\t\t\t\t\t\t\t\t\t\t<a class=\"fusion-rollover-gallery\" href=\"https:\/\/www.smarttravelers.de\/wp-content\/uploads\/2020\/03\/S\u00f6dermalm1.jpg\" data-id=\"83753\" data-rel=\"iLightbox[gallery-rw-1]\" data-title=\"S\u00f6dermalm1\" data-caption=\"\">\n\t\t\t\t\t\tGallery\t\t\t\t\t<\/a>\n\t\t\t\t\t\t\t\t\t\t\t\t\t\t\n\t\t\n\t\t\t\t\t\t\t\t\t\t\t\t<h4 class=\"fusion-rollover-title\">\n\t\t\t\t\t<a class=\"fusion-rollover-title-link\" href=\"https:\/\/www.smarttravelers.de\/en\/sights\/schweden\/stockholm\/soedermalm\/\" target=\"_blank\">\n\t\t\t\t\t\tS\u00f6dermalm\t\t\t\t\t<\/a>\n\t\t\t\t<\/h4>\n\t\t\t\n\t\t\t\t\t\t\t\t\n\t\t\n\t\t\t\t\t\t<a class=\"fusion-link-wrapper\" href=\"https:\/\/www.smarttravelers.de\/en\/sights\/schweden\/stockholm\/soedermalm\/\" target=\"_blank\" aria-label=\"S\u00f6dermalm\"><\/a>\n\t<\/div>\n<\/div>\n\n\t\n<\/div>\n<\/div><\/article><article id=\"portfolio-1-post-83776\" class=\"fusion-portfolio-post alle-in-stockholm-en highlights-en historical-buildings viewpoints fusion-col-spacing post-83776 fusion-element-grid\"><div class=\"fusion-portfolio-content-wrapper\" style=\"border:none;\"><span class=\"entry-title rich-snippet-hidden\">Stockholm City Hall<\/span><span class=\"vcard rich-snippet-hidden\"><span class=\"fn\"><a href=\"https:\/\/www.smarttravelers.de\/en\/author\/wp_admin\/\" title=\"Posts by wp_admin\" rel=\"author\">wp_admin<\/a><\/span><\/span><span class=\"updated rich-snippet-hidden\">2024-06-04T14:11:36+02:00<\/span>\n\n<div  class=\"fusion-masonry-element-container fusion-image-wrapper\" style=\"background-image:url(https:\/\/www.smarttravelers.de\/wp-content\/uploads\/2020\/03\/Stockholms-stadshus1.jpg);padding-top:calc((100% + 20px) * 0.8 - 10px);\" aria-haspopup=\"true\">\n\t\n\t\n\t\n\t\t\n\t\t\t\t\t<img decoding=\"async\" width=\"1183\" height=\"1080\" src=\"https:\/\/www.smarttravelers.de\/wp-content\/uploads\/2020\/03\/Stockholms-stadshus1.jpg\" class=\"attachment-full size-full wp-post-image\" alt=\"Au\u00dfenansicht von Stockholms stadshus\" srcset=\"https:\/\/www.smarttravelers.de\/wp-content\/uploads\/2020\/03\/Stockholms-stadshus1-200x183.jpg 200w, https:\/\/www.smarttravelers.de\/wp-content\/uploads\/2020\/03\/Stockholms-stadshus1-400x365.jpg 400w, https:\/\/www.smarttravelers.de\/wp-content\/uploads\/2020\/03\/Stockholms-stadshus1-600x548.jpg 600w, https:\/\/www.smarttravelers.de\/wp-content\/uploads\/2020\/03\/Stockholms-stadshus1-800x730.jpg 800w, https:\/\/www.smarttravelers.de\/wp-content\/uploads\/2020\/03\/Stockholms-stadshus1.jpg 1183w\" sizes=\"(min-width: 2200px) 100vw, (min-width: 284px) 356px, (min-width: 212px) 284px, (min-width: 140px) 212px, \" \/>\n\t\n\n\t\t<div class=\"fusion-rollover\">\n\t<div class=\"fusion-rollover-content\">\n\n\t\t\t\t\t\t\t\t\t\t\t\t\t\t<a class=\"fusion-rollover-link\" href=\"https:\/\/www.smarttravelers.de\/en\/sights\/schweden\/stockholm\/stockholms-stadshus\/\" target=\"_blank\">Stockholm City Hall<\/a>\n\t\t\t\n\t\t\t\t\t\t\t\t\t\t\t\t\t\t\n\t\t\t\t\t\t\t\t\n\t\t\t\t\t\t\t\t\t\t\t\t\t<div class=\"fusion-rollover-sep\"><\/div>\n\t\t\t\t\n\t\t\t\t\t\t\t\t\t\t\t\t\t\t\t\t\t\t<a class=\"fusion-rollover-gallery\" href=\"https:\/\/www.smarttravelers.de\/wp-content\/uploads\/2020\/03\/Stockholms-stadshus1.jpg\" data-id=\"83776\" data-rel=\"iLightbox[gallery-rw-1]\" data-title=\"Stockholms stadshus1\" data-caption=\"\">\n\t\t\t\t\t\tGallery\t\t\t\t\t<\/a>\n\t\t\t\t\t\t\t\t\t\t\t\t\t\t\n\t\t\n\t\t\t\t\t\t\t\t\t\t\t\t<h4 class=\"fusion-rollover-title\">\n\t\t\t\t\t<a class=\"fusion-rollover-title-link\" href=\"https:\/\/www.smarttravelers.de\/en\/sights\/schweden\/stockholm\/stockholms-stadshus\/\" target=\"_blank\">\n\t\t\t\t\t\tStockholm City Hall\t\t\t\t\t<\/a>\n\t\t\t\t<\/h4>\n\t\t\t\n\t\t\t\t\t\t\t\t\n\t\t\n\t\t\t\t\t\t<a class=\"fusion-link-wrapper\" href=\"https:\/\/www.smarttravelers.de\/en\/sights\/schweden\/stockholm\/stockholms-stadshus\/\" target=\"_blank\" aria-label=\"Stockholm City Hall\"><\/a>\n\t<\/div>\n<\/div>\n\n\t\n<\/div>\n<\/div><\/article><article id=\"portfolio-1-post-83762\" class=\"fusion-portfolio-post alle-in-stockholm-en museums-galleries fusion-col-spacing post-83762 fusion-element-grid\"><div class=\"fusion-portfolio-content-wrapper\" style=\"border:none;\"><span class=\"entry-title rich-snippet-hidden\">Stockholm City Museum<\/span><span class=\"vcard rich-snippet-hidden\"><span class=\"fn\"><a href=\"https:\/\/www.smarttravelers.de\/en\/author\/wp_admin\/\" title=\"Posts by wp_admin\" rel=\"author\">wp_admin<\/a><\/span><\/span><span class=\"updated rich-snippet-hidden\">2024-06-04T14:01:08+02:00<\/span>\n\n<div  class=\"fusion-masonry-element-container fusion-image-wrapper\" style=\"background-image:url(https:\/\/www.smarttravelers.de\/wp-content\/uploads\/2020\/03\/Stockholmer-Stadtmuseum1.jpg);padding-top:calc((100% + 20px) * 0.8 - 10px);\" aria-haspopup=\"true\">\n\t\n\t\n\t\n\t\t\n\t\t\t\t\t<img decoding=\"async\" width=\"1467\" height=\"1080\" src=\"https:\/\/www.smarttravelers.de\/wp-content\/uploads\/2020\/03\/Stockholmer-Stadtmuseum1.jpg\" class=\"attachment-full size-full wp-post-image\" alt=\"Ausstellungsraum Stockholmer Stadtmuseum\" srcset=\"https:\/\/www.smarttravelers.de\/wp-content\/uploads\/2020\/03\/Stockholmer-Stadtmuseum1-200x147.jpg 200w, https:\/\/www.smarttravelers.de\/wp-content\/uploads\/2020\/03\/Stockholmer-Stadtmuseum1-400x294.jpg 400w, https:\/\/www.smarttravelers.de\/wp-content\/uploads\/2020\/03\/Stockholmer-Stadtmuseum1-600x442.jpg 600w, https:\/\/www.smarttravelers.de\/wp-content\/uploads\/2020\/03\/Stockholmer-Stadtmuseum1-800x589.jpg 800w, https:\/\/www.smarttravelers.de\/wp-content\/uploads\/2020\/03\/Stockholmer-Stadtmuseum1-1200x883.jpg 1200w, https:\/\/www.smarttravelers.de\/wp-content\/uploads\/2020\/03\/Stockholmer-Stadtmuseum1.jpg 1467w\" sizes=\"(min-width: 2200px) 100vw, (min-width: 284px) 356px, (min-width: 212px) 284px, (min-width: 140px) 212px, \" \/>\n\t\n\n\t\t<div class=\"fusion-rollover\">\n\t<div class=\"fusion-rollover-content\">\n\n\t\t\t\t\t\t\t\t\t\t\t\t\t\t<a class=\"fusion-rollover-link\" href=\"https:\/\/www.smarttravelers.de\/en\/sights\/schweden\/stockholm\/stockholmer-stadtmuseum\/\" target=\"_blank\">Stockholm City Museum<\/a>\n\t\t\t\n\t\t\t\t\t\t\t\t\t\t\t\t\t\t\n\t\t\t\t\t\t\t\t\n\t\t\t\t\t\t\t\t\t\t\t\t\t<div class=\"fusion-rollover-sep\"><\/div>\n\t\t\t\t\n\t\t\t\t\t\t\t\t\t\t\t\t\t\t\t\t\t\t<a class=\"fusion-rollover-gallery\" href=\"https:\/\/www.smarttravelers.de\/wp-content\/uploads\/2020\/03\/Stockholmer-Stadtmuseum1.jpg\" data-id=\"83762\" data-rel=\"iLightbox[gallery-rw-1]\" data-title=\"Stockholmer Stadtmuseum1\" data-caption=\"\">\n\t\t\t\t\t\tGallery\t\t\t\t\t<\/a>\n\t\t\t\t\t\t\t\t\t\t\t\t\t\t\n\t\t\n\t\t\t\t\t\t\t\t\t\t\t\t<h4 class=\"fusion-rollover-title\">\n\t\t\t\t\t<a class=\"fusion-rollover-title-link\" href=\"https:\/\/www.smarttravelers.de\/en\/sights\/schweden\/stockholm\/stockholmer-stadtmuseum\/\" target=\"_blank\">\n\t\t\t\t\t\tStockholm City Museum\t\t\t\t\t<\/a>\n\t\t\t\t<\/h4>\n\t\t\t\n\t\t\t\t\t\t\t\t\n\t\t\n\t\t\t\t\t\t<a class=\"fusion-link-wrapper\" href=\"https:\/\/www.smarttravelers.de\/en\/sights\/schweden\/stockholm\/stockholmer-stadtmuseum\/\" target=\"_blank\" aria-label=\"Stockholm City Museum\"><\/a>\n\t<\/div>\n<\/div>\n\n\t\n<\/div>\n<\/div><\/article><article id=\"portfolio-1-post-83646\" class=\"fusion-portfolio-post alle-in-stockholm-en theater-opera-houses fusion-col-spacing post-83646 fusion-element-grid\"><div class=\"fusion-portfolio-content-wrapper\" style=\"border:none;\"><span class=\"entry-title rich-snippet-hidden\">Stockholm Concert Hall<\/span><span class=\"vcard rich-snippet-hidden\"><span class=\"fn\"><a href=\"https:\/\/www.smarttravelers.de\/en\/author\/wp_admin\/\" title=\"Posts by wp_admin\" rel=\"author\">wp_admin<\/a><\/span><\/span><span class=\"updated rich-snippet-hidden\">2024-06-03T12:17:24+02:00<\/span>\n\n<div  class=\"fusion-masonry-element-container fusion-image-wrapper\" style=\"background-image:url(https:\/\/www.smarttravelers.de\/wp-content\/uploads\/2020\/03\/Konserthuset2.jpg);padding-top:calc((100% + 20px) * 0.8 - 10px);\" aria-haspopup=\"true\">\n\t\n\t\n\t\n\t\t\n\t\t\t\t\t<img decoding=\"async\" width=\"1563\" height=\"1080\" src=\"https:\/\/www.smarttravelers.de\/wp-content\/uploads\/2020\/03\/Konserthuset2.jpg\" class=\"attachment-full size-full wp-post-image\" alt=\"Konserthuset Gro\u00dfer Saal\" srcset=\"https:\/\/www.smarttravelers.de\/wp-content\/uploads\/2020\/03\/Konserthuset2-200x138.jpg 200w, https:\/\/www.smarttravelers.de\/wp-content\/uploads\/2020\/03\/Konserthuset2-400x276.jpg 400w, https:\/\/www.smarttravelers.de\/wp-content\/uploads\/2020\/03\/Konserthuset2-600x415.jpg 600w, https:\/\/www.smarttravelers.de\/wp-content\/uploads\/2020\/03\/Konserthuset2-800x553.jpg 800w, https:\/\/www.smarttravelers.de\/wp-content\/uploads\/2020\/03\/Konserthuset2-1200x829.jpg 1200w, https:\/\/www.smarttravelers.de\/wp-content\/uploads\/2020\/03\/Konserthuset2.jpg 1563w\" sizes=\"(min-width: 2200px) 100vw, (min-width: 284px) 356px, (min-width: 212px) 284px, (min-width: 140px) 212px, \" \/>\n\t\n\n\t\t<div class=\"fusion-rollover\">\n\t<div class=\"fusion-rollover-content\">\n\n\t\t\t\t\t\t\t\t\t\t\t\t\t\t<a class=\"fusion-rollover-link\" href=\"https:\/\/www.smarttravelers.de\/en\/sights\/schweden\/stockholm\/konserthuset\/\" target=\"_blank\">Stockholm Concert Hall<\/a>\n\t\t\t\n\t\t\t\t\t\t\t\t\t\t\t\t\t\t\n\t\t\t\t\t\t\t\t\n\t\t\t\t\t\t\t\t\t\t\t\t\t<div class=\"fusion-rollover-sep\"><\/div>\n\t\t\t\t\n\t\t\t\t\t\t\t\t\t\t\t\t\t\t\t\t\t\t<a class=\"fusion-rollover-gallery\" href=\"https:\/\/www.smarttravelers.de\/wp-content\/uploads\/2020\/03\/Konserthuset2.jpg\" data-id=\"83646\" data-rel=\"iLightbox[gallery-rw-1]\" data-title=\"Konserthuset2\" data-caption=\"\">\n\t\t\t\t\t\tGallery\t\t\t\t\t<\/a>\n\t\t\t\t\t\t\t\t\t\t\t\t\t\t\n\t\t\n\t\t\t\t\t\t\t\t\t\t\t\t<h4 class=\"fusion-rollover-title\">\n\t\t\t\t\t<a class=\"fusion-rollover-title-link\" href=\"https:\/\/www.smarttravelers.de\/en\/sights\/schweden\/stockholm\/konserthuset\/\" target=\"_blank\">\n\t\t\t\t\t\tStockholm Concert Hall\t\t\t\t\t<\/a>\n\t\t\t\t<\/h4>\n\t\t\t\n\t\t\t\t\t\t\t\t\n\t\t\n\t\t\t\t\t\t<a class=\"fusion-link-wrapper\" href=\"https:\/\/www.smarttravelers.de\/en\/sights\/schweden\/stockholm\/konserthuset\/\" target=\"_blank\" aria-label=\"Stockholm Concert Hall\"><\/a>\n\t<\/div>\n<\/div>\n\n\t\n<\/div>\n<\/div><\/article><article id=\"portfolio-1-post-83770\" class=\"fusion-portfolio-post alle-in-stockholm-en castles-palaces highlights-en fusion-col-spacing post-83770 fusion-element-landscape\"><div class=\"fusion-portfolio-content-wrapper\" style=\"border:none;\"><span class=\"entry-title rich-snippet-hidden\">Stockholm Palace<\/span><span class=\"vcard rich-snippet-hidden\"><span class=\"fn\"><a href=\"https:\/\/www.smarttravelers.de\/en\/author\/wp_admin\/\" title=\"Posts by wp_admin\" rel=\"author\">wp_admin<\/a><\/span><\/span><span class=\"updated rich-snippet-hidden\">2024-06-04T14:07:46+02:00<\/span>\n\n<div  class=\"fusion-masonry-element-container fusion-image-wrapper\" style=\"background-image:url(https:\/\/www.smarttravelers.de\/wp-content\/uploads\/2020\/03\/Stockholmer-Schloss3.jpg);padding-top:calc((100% + 20px) * 0.4 - 10px);\" aria-haspopup=\"true\">\n\t\n\t\n\t\n\t\t\n\t\t\t\t\t<img decoding=\"async\" width=\"1920\" height=\"960\" src=\"https:\/\/www.smarttravelers.de\/wp-content\/uploads\/2020\/03\/Stockholmer-Schloss3.jpg\" class=\"attachment-full size-full wp-post-image\" alt=\"Au\u00dfenansicht Stockholmer Schloss\" srcset=\"https:\/\/www.smarttravelers.de\/wp-content\/uploads\/2020\/03\/Stockholmer-Schloss3-200x100.jpg 200w, https:\/\/www.smarttravelers.de\/wp-content\/uploads\/2020\/03\/Stockholmer-Schloss3-400x200.jpg 400w, https:\/\/www.smarttravelers.de\/wp-content\/uploads\/2020\/03\/Stockholmer-Schloss3-600x300.jpg 600w, https:\/\/www.smarttravelers.de\/wp-content\/uploads\/2020\/03\/Stockholmer-Schloss3-800x400.jpg 800w, https:\/\/www.smarttravelers.de\/wp-content\/uploads\/2020\/03\/Stockholmer-Schloss3-1200x600.jpg 1200w, https:\/\/www.smarttravelers.de\/wp-content\/uploads\/2020\/03\/Stockholmer-Schloss3.jpg 1920w\" sizes=\"(min-width: 2200px) 100vw, (min-width: 140px) 1920px, \" \/>\n\t\n\n\t\t<div class=\"fusion-rollover\">\n\t<div class=\"fusion-rollover-content\">\n\n\t\t\t\t\t\t\t\t\t\t\t\t\t\t<a class=\"fusion-rollover-link\" href=\"https:\/\/www.smarttravelers.de\/en\/sights\/stockholm-en\/stockholmer-schloss\/\" target=\"_blank\">Stockholm Palace<\/a>\n\t\t\t\n\t\t\t\t\t\t\t\t\t\t\t\t\t\t\n\t\t\t\t\t\t\t\t\n\t\t\t\t\t\t\t\t\t\t\t\t\t<div class=\"fusion-rollover-sep\"><\/div>\n\t\t\t\t\n\t\t\t\t\t\t\t\t\t\t\t\t\t\t\t\t\t\t<a class=\"fusion-rollover-gallery\" href=\"https:\/\/www.smarttravelers.de\/wp-content\/uploads\/2020\/03\/Stockholmer-Schloss3.jpg\" data-id=\"83770\" data-rel=\"iLightbox[gallery-rw-1]\" data-title=\"Stockholmer Schloss3\" data-caption=\"\">\n\t\t\t\t\t\tGallery\t\t\t\t\t<\/a>\n\t\t\t\t\t\t\t\t\t\t\t\t\t\t\n\t\t\n\t\t\t\t\t\t\t\t\t\t\t\t<h4 class=\"fusion-rollover-title\">\n\t\t\t\t\t<a class=\"fusion-rollover-title-link\" href=\"https:\/\/www.smarttravelers.de\/en\/sights\/stockholm-en\/stockholmer-schloss\/\" target=\"_blank\">\n\t\t\t\t\t\tStockholm Palace\t\t\t\t\t<\/a>\n\t\t\t\t<\/h4>\n\t\t\t\n\t\t\t\t\t\t\t\t\n\t\t\n\t\t\t\t\t\t<a class=\"fusion-link-wrapper\" href=\"https:\/\/www.smarttravelers.de\/en\/sights\/stockholm-en\/stockholmer-schloss\/\" target=\"_blank\" aria-label=\"Stockholm Palace\"><\/a>\n\t<\/div>\n<\/div>\n\n\t\n<\/div>\n<\/div><\/article><article id=\"portfolio-1-post-83780\" class=\"fusion-portfolio-post alle-in-stockholm-en other-sights fusion-col-spacing post-83780 fusion-element-grid\"><div class=\"fusion-portfolio-content-wrapper\" style=\"border:none;\"><span class=\"entry-title rich-snippet-hidden\">Stockholm Public Library<\/span><span class=\"vcard rich-snippet-hidden\"><span class=\"fn\"><a href=\"https:\/\/www.smarttravelers.de\/en\/author\/wp_admin\/\" title=\"Posts by wp_admin\" rel=\"author\">wp_admin<\/a><\/span><\/span><span class=\"updated rich-snippet-hidden\">2024-06-04T14:13:30+02:00<\/span>\n\n<div  class=\"fusion-masonry-element-container fusion-image-wrapper\" style=\"background-image:url(https:\/\/www.smarttravelers.de\/wp-content\/uploads\/2020\/03\/Stockholms-stadtsbibliotek2.jpg);padding-top:calc((100% + 20px) * 0.8 - 10px);\" aria-haspopup=\"true\">\n\t\n\t\n\t\n\t\t\n\t\t\t\t\t<img decoding=\"async\" width=\"1618\" height=\"1080\" src=\"https:\/\/www.smarttravelers.de\/wp-content\/uploads\/2020\/03\/Stockholms-stadtsbibliotek2.jpg\" class=\"attachment-full size-full wp-post-image\" alt=\"Au\u00dfenansicht von Stockholms stadsbibliothek\" srcset=\"https:\/\/www.smarttravelers.de\/wp-content\/uploads\/2020\/03\/Stockholms-stadtsbibliotek2-200x133.jpg 200w, https:\/\/www.smarttravelers.de\/wp-content\/uploads\/2020\/03\/Stockholms-stadtsbibliotek2-400x267.jpg 400w, https:\/\/www.smarttravelers.de\/wp-content\/uploads\/2020\/03\/Stockholms-stadtsbibliotek2-600x400.jpg 600w, https:\/\/www.smarttravelers.de\/wp-content\/uploads\/2020\/03\/Stockholms-stadtsbibliotek2-800x534.jpg 800w, https:\/\/www.smarttravelers.de\/wp-content\/uploads\/2020\/03\/Stockholms-stadtsbibliotek2-1200x801.jpg 1200w, https:\/\/www.smarttravelers.de\/wp-content\/uploads\/2020\/03\/Stockholms-stadtsbibliotek2.jpg 1618w\" sizes=\"(min-width: 2200px) 100vw, (min-width: 284px) 356px, (min-width: 212px) 284px, (min-width: 140px) 212px, \" \/>\n\t\n\n\t\t<div class=\"fusion-rollover\">\n\t<div class=\"fusion-rollover-content\">\n\n\t\t\t\t\t\t\t\t\t\t\t\t\t\t<a class=\"fusion-rollover-link\" href=\"https:\/\/www.smarttravelers.de\/en\/sights\/schweden\/stockholm\/stockholms-stadsbibliotek\/\" target=\"_blank\">Stockholm Public Library<\/a>\n\t\t\t\n\t\t\t\t\t\t\t\t\t\t\t\t\t\t\n\t\t\t\t\t\t\t\t\n\t\t\t\t\t\t\t\t\t\t\t\t\t<div class=\"fusion-rollover-sep\"><\/div>\n\t\t\t\t\n\t\t\t\t\t\t\t\t\t\t\t\t\t\t\t\t\t\t<a class=\"fusion-rollover-gallery\" href=\"https:\/\/www.smarttravelers.de\/wp-content\/uploads\/2020\/03\/Stockholms-stadtsbibliotek2.jpg\" data-id=\"83780\" data-rel=\"iLightbox[gallery-rw-1]\" data-title=\"Stockholms stadtsbibliotek2\" data-caption=\"\">\n\t\t\t\t\t\tGallery\t\t\t\t\t<\/a>\n\t\t\t\t\t\t\t\t\t\t\t\t\t\t\n\t\t\n\t\t\t\t\t\t\t\t\t\t\t\t<h4 class=\"fusion-rollover-title\">\n\t\t\t\t\t<a class=\"fusion-rollover-title-link\" href=\"https:\/\/www.smarttravelers.de\/en\/sights\/schweden\/stockholm\/stockholms-stadsbibliotek\/\" target=\"_blank\">\n\t\t\t\t\t\tStockholm Public Library\t\t\t\t\t<\/a>\n\t\t\t\t<\/h4>\n\t\t\t\n\t\t\t\t\t\t\t\t\n\t\t\n\t\t\t\t\t\t<a class=\"fusion-link-wrapper\" href=\"https:\/\/www.smarttravelers.de\/en\/sights\/schweden\/stockholm\/stockholms-stadsbibliotek\/\" target=\"_blank\" aria-label=\"Stockholm Public Library\"><\/a>\n\t<\/div>\n<\/div>\n\n\t\n<\/div>\n<\/div><\/article><article id=\"portfolio-1-post-83690\" class=\"fusion-portfolio-post alle-in-stockholm-en churches-monasteries fusion-col-spacing post-83690 fusion-element-grid\"><div class=\"fusion-portfolio-content-wrapper\" style=\"border:none;\"><span class=\"entry-title rich-snippet-hidden\">Storkyrkan<\/span><span class=\"vcard rich-snippet-hidden\"><span class=\"fn\"><a href=\"https:\/\/www.smarttravelers.de\/en\/author\/wp_admin\/\" title=\"Posts by wp_admin\" rel=\"author\">wp_admin<\/a><\/span><\/span><span class=\"updated rich-snippet-hidden\">2024-06-03T12:53:04+02:00<\/span>\n\n<div  class=\"fusion-masonry-element-container fusion-image-wrapper\" style=\"background-image:url(https:\/\/www.smarttravelers.de\/wp-content\/uploads\/2020\/03\/Nikolaikirche1.jpg);padding-top:calc((100% + 20px) * 0.8 - 10px);\" aria-haspopup=\"true\">\n\t\n\t\n\t\n\t\t\n\t\t\t\t\t<img decoding=\"async\" width=\"1252\" height=\"1080\" src=\"https:\/\/www.smarttravelers.de\/wp-content\/uploads\/2020\/03\/Nikolaikirche1.jpg\" class=\"attachment-full size-full wp-post-image\" alt=\"Au\u00dfenansicht der Nikolaikirche\" srcset=\"https:\/\/www.smarttravelers.de\/wp-content\/uploads\/2020\/03\/Nikolaikirche1-200x173.jpg 200w, https:\/\/www.smarttravelers.de\/wp-content\/uploads\/2020\/03\/Nikolaikirche1-400x345.jpg 400w, https:\/\/www.smarttravelers.de\/wp-content\/uploads\/2020\/03\/Nikolaikirche1-600x518.jpg 600w, https:\/\/www.smarttravelers.de\/wp-content\/uploads\/2020\/03\/Nikolaikirche1-800x690.jpg 800w, https:\/\/www.smarttravelers.de\/wp-content\/uploads\/2020\/03\/Nikolaikirche1-1200x1035.jpg 1200w, https:\/\/www.smarttravelers.de\/wp-content\/uploads\/2020\/03\/Nikolaikirche1.jpg 1252w\" sizes=\"(min-width: 2200px) 100vw, (min-width: 284px) 356px, (min-width: 212px) 284px, (min-width: 140px) 212px, \" \/>\n\t\n\n\t\t<div class=\"fusion-rollover\">\n\t<div class=\"fusion-rollover-content\">\n\n\t\t\t\t\t\t\t\t\t\t\t\t\t\t<a class=\"fusion-rollover-link\" href=\"https:\/\/www.smarttravelers.de\/en\/sights\/schweden\/stockholm\/nikolaikirche\/\" target=\"_blank\">Storkyrkan<\/a>\n\t\t\t\n\t\t\t\t\t\t\t\t\t\t\t\t\t\t\n\t\t\t\t\t\t\t\t\n\t\t\t\t\t\t\t\t\t\t\t\t\t<div class=\"fusion-rollover-sep\"><\/div>\n\t\t\t\t\n\t\t\t\t\t\t\t\t\t\t\t\t\t\t\t\t\t\t<a class=\"fusion-rollover-gallery\" href=\"https:\/\/www.smarttravelers.de\/wp-content\/uploads\/2020\/03\/Nikolaikirche1.jpg\" data-id=\"83690\" data-rel=\"iLightbox[gallery-rw-1]\" data-title=\"Nikolaikirche1\" data-caption=\"\">\n\t\t\t\t\t\tGallery\t\t\t\t\t<\/a>\n\t\t\t\t\t\t\t\t\t\t\t\t\t\t\n\t\t\n\t\t\t\t\t\t\t\t\t\t\t\t<h4 class=\"fusion-rollover-title\">\n\t\t\t\t\t<a class=\"fusion-rollover-title-link\" href=\"https:\/\/www.smarttravelers.de\/en\/sights\/schweden\/stockholm\/nikolaikirche\/\" target=\"_blank\">\n\t\t\t\t\t\tStorkyrkan\t\t\t\t\t<\/a>\n\t\t\t\t<\/h4>\n\t\t\t\n\t\t\t\t\t\t\t\t\n\t\t\n\t\t\t\t\t\t<a class=\"fusion-link-wrapper\" href=\"https:\/\/www.smarttravelers.de\/en\/sights\/schweden\/stockholm\/nikolaikirche\/\" target=\"_blank\" aria-label=\"Storkyrkan\"><\/a>\n\t<\/div>\n<\/div>\n\n\t\n<\/div>\n<\/div><\/article><article id=\"portfolio-1-post-83784\" class=\"fusion-portfolio-post alle-in-stockholm-en highlights-en streets-squares fusion-col-spacing post-83784 fusion-element-grid\"><div class=\"fusion-portfolio-content-wrapper\" style=\"border:none;\"><span class=\"entry-title rich-snippet-hidden\">Stortorget<\/span><span class=\"vcard rich-snippet-hidden\"><span class=\"fn\"><a href=\"https:\/\/www.smarttravelers.de\/en\/author\/wp_admin\/\" title=\"Posts by wp_admin\" rel=\"author\">wp_admin<\/a><\/span><\/span><span class=\"updated rich-snippet-hidden\">2024-06-04T14:17:32+02:00<\/span>\n\n<div  class=\"fusion-masonry-element-container fusion-image-wrapper\" style=\"background-image:url(https:\/\/www.smarttravelers.de\/wp-content\/uploads\/2020\/03\/Stortorget2.jpg);padding-top:calc((100% + 20px) * 0.8 - 10px);\" aria-haspopup=\"true\">\n\t\n\t\n\t\n\t\t\n\t\t\t\t\t<img decoding=\"async\" width=\"1620\" height=\"1080\" src=\"https:\/\/www.smarttravelers.de\/wp-content\/uploads\/2020\/03\/Stortorget2.jpg\" class=\"attachment-full size-full wp-post-image\" alt=\"H\u00e4userzeile am Stortorget\" srcset=\"https:\/\/www.smarttravelers.de\/wp-content\/uploads\/2020\/03\/Stortorget2-200x133.jpg 200w, https:\/\/www.smarttravelers.de\/wp-content\/uploads\/2020\/03\/Stortorget2-400x267.jpg 400w, https:\/\/www.smarttravelers.de\/wp-content\/uploads\/2020\/03\/Stortorget2-600x400.jpg 600w, https:\/\/www.smarttravelers.de\/wp-content\/uploads\/2020\/03\/Stortorget2-800x533.jpg 800w, https:\/\/www.smarttravelers.de\/wp-content\/uploads\/2020\/03\/Stortorget2-1200x800.jpg 1200w, https:\/\/www.smarttravelers.de\/wp-content\/uploads\/2020\/03\/Stortorget2.jpg 1620w\" sizes=\"(min-width: 2200px) 100vw, (min-width: 284px) 356px, (min-width: 212px) 284px, (min-width: 140px) 212px, \" \/>\n\t\n\n\t\t<div class=\"fusion-rollover\">\n\t<div class=\"fusion-rollover-content\">\n\n\t\t\t\t\t\t\t\t\t\t\t\t\t\t<a class=\"fusion-rollover-link\" href=\"https:\/\/www.smarttravelers.de\/en\/sights\/schweden\/stockholm\/stortorget\/\" target=\"_blank\">Stortorget<\/a>\n\t\t\t\n\t\t\t\t\t\t\t\t\t\t\t\t\t\t\n\t\t\t\t\t\t\t\t\n\t\t\t\t\t\t\t\t\t\t\t\t\t<div class=\"fusion-rollover-sep\"><\/div>\n\t\t\t\t\n\t\t\t\t\t\t\t\t\t\t\t\t\t\t\t\t\t\t<a class=\"fusion-rollover-gallery\" href=\"https:\/\/www.smarttravelers.de\/wp-content\/uploads\/2020\/03\/Stortorget2.jpg\" data-id=\"83784\" data-rel=\"iLightbox[gallery-rw-1]\" data-title=\"Stortorget2\" data-caption=\"\">\n\t\t\t\t\t\tGallery\t\t\t\t\t<\/a>\n\t\t\t\t\t\t\t\t\t\t\t\t\t\t\n\t\t\n\t\t\t\t\t\t\t\t\t\t\t\t<h4 class=\"fusion-rollover-title\">\n\t\t\t\t\t<a class=\"fusion-rollover-title-link\" href=\"https:\/\/www.smarttravelers.de\/en\/sights\/schweden\/stockholm\/stortorget\/\" target=\"_blank\">\n\t\t\t\t\t\tStortorget\t\t\t\t\t<\/a>\n\t\t\t\t<\/h4>\n\t\t\t\n\t\t\t\t\t\t\t\t\n\t\t\n\t\t\t\t\t\t<a class=\"fusion-link-wrapper\" href=\"https:\/\/www.smarttravelers.de\/en\/sights\/schweden\/stockholm\/stortorget\/\" target=\"_blank\" aria-label=\"Stortorget\"><\/a>\n\t<\/div>\n<\/div>\n\n\t\n<\/div>\n<\/div><\/article><article id=\"portfolio-1-post-83788\" class=\"fusion-portfolio-post alle-in-stockholm-en streets-squares fusion-col-spacing post-83788 fusion-element-landscape\"><div class=\"fusion-portfolio-content-wrapper\" style=\"border:none;\"><span class=\"entry-title rich-snippet-hidden\">Strandv\u00e4gen<\/span><span class=\"vcard rich-snippet-hidden\"><span class=\"fn\"><a href=\"https:\/\/www.smarttravelers.de\/en\/author\/wp_admin\/\" title=\"Posts by wp_admin\" rel=\"author\">wp_admin<\/a><\/span><\/span><span class=\"updated rich-snippet-hidden\">2024-06-04T14:20:43+02:00<\/span>\n\n<div  class=\"fusion-masonry-element-container fusion-image-wrapper\" style=\"background-image:url(https:\/\/www.smarttravelers.de\/wp-content\/uploads\/2020\/03\/Strandv\u00e4gen3.jpg);padding-top:calc((100% + 20px) * 0.4 - 10px);\" aria-haspopup=\"true\">\n\t\n\t\n\t\n\t\t\n\t\t\t\t\t<img decoding=\"async\" width=\"1920\" height=\"960\" src=\"https:\/\/www.smarttravelers.de\/wp-content\/uploads\/2020\/03\/Strandv\u00e4gen3.jpg\" class=\"attachment-full size-full wp-post-image\" alt=\"H\u00e4userzeile am Strandv\u00e4gen\" srcset=\"https:\/\/www.smarttravelers.de\/wp-content\/uploads\/2020\/03\/Strandv\u00e4gen3-200x100.jpg 200w, https:\/\/www.smarttravelers.de\/wp-content\/uploads\/2020\/03\/Strandv\u00e4gen3-400x200.jpg 400w, https:\/\/www.smarttravelers.de\/wp-content\/uploads\/2020\/03\/Strandv\u00e4gen3-600x300.jpg 600w, https:\/\/www.smarttravelers.de\/wp-content\/uploads\/2020\/03\/Strandv\u00e4gen3-800x400.jpg 800w, https:\/\/www.smarttravelers.de\/wp-content\/uploads\/2020\/03\/Strandv\u00e4gen3-1200x600.jpg 1200w, https:\/\/www.smarttravelers.de\/wp-content\/uploads\/2020\/03\/Strandv\u00e4gen3.jpg 1920w\" sizes=\"(min-width: 2200px) 100vw, (min-width: 140px) 1920px, \" \/>\n\t\n\n\t\t<div class=\"fusion-rollover\">\n\t<div class=\"fusion-rollover-content\">\n\n\t\t\t\t\t\t\t\t\t\t\t\t\t\t<a class=\"fusion-rollover-link\" href=\"https:\/\/www.smarttravelers.de\/en\/sights\/schweden\/stockholm\/strandvaegen\/\" target=\"_blank\">Strandv\u00e4gen<\/a>\n\t\t\t\n\t\t\t\t\t\t\t\t\t\t\t\t\t\t\n\t\t\t\t\t\t\t\t\n\t\t\t\t\t\t\t\t\t\t\t\t\t<div class=\"fusion-rollover-sep\"><\/div>\n\t\t\t\t\n\t\t\t\t\t\t\t\t\t\t\t\t\t\t\t\t\t\t<a class=\"fusion-rollover-gallery\" href=\"https:\/\/www.smarttravelers.de\/wp-content\/uploads\/2020\/03\/Strandv\u00e4gen3.jpg\" data-id=\"83788\" data-rel=\"iLightbox[gallery-rw-1]\" data-title=\"Strandv\u00e4gen3\" data-caption=\"\">\n\t\t\t\t\t\tGallery\t\t\t\t\t<\/a>\n\t\t\t\t\t\t\t\t\t\t\t\t\t\t\n\t\t\n\t\t\t\t\t\t\t\t\t\t\t\t<h4 class=\"fusion-rollover-title\">\n\t\t\t\t\t<a class=\"fusion-rollover-title-link\" href=\"https:\/\/www.smarttravelers.de\/en\/sights\/schweden\/stockholm\/strandvaegen\/\" target=\"_blank\">\n\t\t\t\t\t\tStrandv\u00e4gen\t\t\t\t\t<\/a>\n\t\t\t\t<\/h4>\n\t\t\t\n\t\t\t\t\t\t\t\t\n\t\t\n\t\t\t\t\t\t<a class=\"fusion-link-wrapper\" href=\"https:\/\/www.smarttravelers.de\/en\/sights\/schweden\/stockholm\/strandvaegen\/\" target=\"_blank\" aria-label=\"Strandv\u00e4gen\"><\/a>\n\t<\/div>\n<\/div>\n\n\t\n<\/div>\n<\/div><\/article><article id=\"portfolio-1-post-83758\" class=\"fusion-portfolio-post alle-in-stockholm-en museums-galleries fusion-col-spacing post-83758 fusion-element-grid\"><div class=\"fusion-portfolio-content-wrapper\" style=\"border:none;\"><span class=\"entry-title rich-snippet-hidden\">Swedish History Museum<\/span><span class=\"vcard rich-snippet-hidden\"><span class=\"fn\"><a href=\"https:\/\/www.smarttravelers.de\/en\/author\/wp_admin\/\" title=\"Posts by wp_admin\" rel=\"author\">wp_admin<\/a><\/span><\/span><span class=\"updated rich-snippet-hidden\">2024-06-04T13:58:59+02:00<\/span>\n\n<div  class=\"fusion-masonry-element-container fusion-image-wrapper\" style=\"background-image:url(https:\/\/www.smarttravelers.de\/wp-content\/uploads\/2020\/03\/Staatliches-historisches-Museum3.jpg);padding-top:calc((100% + 20px) * 0.8 - 10px);\" aria-haspopup=\"true\">\n\t\n\t\n\t\n\t\t\n\t\t\t\t\t<img decoding=\"async\" width=\"1620\" height=\"1080\" src=\"https:\/\/www.smarttravelers.de\/wp-content\/uploads\/2020\/03\/Staatliches-historisches-Museum3.jpg\" class=\"attachment-full size-full wp-post-image\" alt=\"Exponate im Staatlichen Historischen Museum Stockholm\" srcset=\"https:\/\/www.smarttravelers.de\/wp-content\/uploads\/2020\/03\/Staatliches-historisches-Museum3-200x133.jpg 200w, https:\/\/www.smarttravelers.de\/wp-content\/uploads\/2020\/03\/Staatliches-historisches-Museum3-400x267.jpg 400w, https:\/\/www.smarttravelers.de\/wp-content\/uploads\/2020\/03\/Staatliches-historisches-Museum3-600x400.jpg 600w, https:\/\/www.smarttravelers.de\/wp-content\/uploads\/2020\/03\/Staatliches-historisches-Museum3-800x533.jpg 800w, https:\/\/www.smarttravelers.de\/wp-content\/uploads\/2020\/03\/Staatliches-historisches-Museum3-1200x800.jpg 1200w, https:\/\/www.smarttravelers.de\/wp-content\/uploads\/2020\/03\/Staatliches-historisches-Museum3.jpg 1620w\" sizes=\"(min-width: 2200px) 100vw, (min-width: 284px) 356px, (min-width: 212px) 284px, (min-width: 140px) 212px, \" \/>\n\t\n\n\t\t<div class=\"fusion-rollover\">\n\t<div class=\"fusion-rollover-content\">\n\n\t\t\t\t\t\t\t\t\t\t\t\t\t\t<a class=\"fusion-rollover-link\" href=\"https:\/\/www.smarttravelers.de\/en\/sights\/stockholm-en\/staatliches-historisches-museum-stockholm\/\" target=\"_blank\">Swedish History Museum<\/a>\n\t\t\t\n\t\t\t\t\t\t\t\t\t\t\t\t\t\t\n\t\t\t\t\t\t\t\t\n\t\t\t\t\t\t\t\t\t\t\t\t\t<div class=\"fusion-rollover-sep\"><\/div>\n\t\t\t\t\n\t\t\t\t\t\t\t\t\t\t\t\t\t\t\t\t\t\t<a class=\"fusion-rollover-gallery\" href=\"https:\/\/www.smarttravelers.de\/wp-content\/uploads\/2020\/03\/Staatliches-historisches-Museum3.jpg\" data-id=\"83758\" data-rel=\"iLightbox[gallery-rw-1]\" data-title=\"Staatliches historisches Museum3\" data-caption=\"\">\n\t\t\t\t\t\tGallery\t\t\t\t\t<\/a>\n\t\t\t\t\t\t\t\t\t\t\t\t\t\t\n\t\t\n\t\t\t\t\t\t\t\t\t\t\t\t<h4 class=\"fusion-rollover-title\">\n\t\t\t\t\t<a class=\"fusion-rollover-title-link\" href=\"https:\/\/www.smarttravelers.de\/en\/sights\/stockholm-en\/staatliches-historisches-museum-stockholm\/\" target=\"_blank\">\n\t\t\t\t\t\tSwedish History Museum\t\t\t\t\t<\/a>\n\t\t\t\t<\/h4>\n\t\t\t\n\t\t\t\t\t\t\t\t\n\t\t\n\t\t\t\t\t\t<a class=\"fusion-link-wrapper\" href=\"https:\/\/www.smarttravelers.de\/en\/sights\/stockholm-en\/staatliches-historisches-museum-stockholm\/\" target=\"_blank\" aria-label=\"Swedish History Museum\"><\/a>\n\t<\/div>\n<\/div>\n\n\t\n<\/div>\n<\/div><\/article><article id=\"portfolio-1-post-83686\" class=\"fusion-portfolio-post alle-in-stockholm-en highlights-en museums-galleries fusion-col-spacing post-83686 fusion-element-grid\"><div class=\"fusion-portfolio-content-wrapper\" style=\"border:none;\"><span class=\"entry-title rich-snippet-hidden\">Swedish Museum of Natural History<\/span><span class=\"vcard rich-snippet-hidden\"><span class=\"fn\"><a href=\"https:\/\/www.smarttravelers.de\/en\/author\/wp_admin\/\" title=\"Posts by wp_admin\" rel=\"author\">wp_admin<\/a><\/span><\/span><span class=\"updated rich-snippet-hidden\">2024-06-03T12:47:29+02:00<\/span>\n\n<div  class=\"fusion-masonry-element-container fusion-image-wrapper\" style=\"background-image:url(https:\/\/www.smarttravelers.de\/wp-content\/uploads\/2020\/03\/Naturhistoriska-riksmusset2.jpg);padding-top:calc((100% + 20px) * 0.8 - 10px);\" aria-haspopup=\"true\">\n\t\n\t\n\t\n\t\t\n\t\t\t\t\t<img decoding=\"async\" width=\"1620\" height=\"1080\" src=\"https:\/\/www.smarttravelers.de\/wp-content\/uploads\/2020\/03\/Naturhistoriska-riksmusset2.jpg\" class=\"attachment-full size-full wp-post-image\" alt=\"Ausstellungsraum im Naturhistoriska riksmuseet\" srcset=\"https:\/\/www.smarttravelers.de\/wp-content\/uploads\/2020\/03\/Naturhistoriska-riksmusset2-200x133.jpg 200w, https:\/\/www.smarttravelers.de\/wp-content\/uploads\/2020\/03\/Naturhistoriska-riksmusset2-400x267.jpg 400w, https:\/\/www.smarttravelers.de\/wp-content\/uploads\/2020\/03\/Naturhistoriska-riksmusset2-600x400.jpg 600w, https:\/\/www.smarttravelers.de\/wp-content\/uploads\/2020\/03\/Naturhistoriska-riksmusset2-800x533.jpg 800w, https:\/\/www.smarttravelers.de\/wp-content\/uploads\/2020\/03\/Naturhistoriska-riksmusset2-1200x800.jpg 1200w, https:\/\/www.smarttravelers.de\/wp-content\/uploads\/2020\/03\/Naturhistoriska-riksmusset2.jpg 1620w\" sizes=\"(min-width: 2200px) 100vw, (min-width: 284px) 356px, (min-width: 212px) 284px, (min-width: 140px) 212px, \" \/>\n\t\n\n\t\t<div class=\"fusion-rollover\">\n\t<div class=\"fusion-rollover-content\">\n\n\t\t\t\t\t\t\t\t\t\t\t\t\t\t<a class=\"fusion-rollover-link\" href=\"https:\/\/www.smarttravelers.de\/en\/sights\/schweden\/stockholm\/naturhistoriska-riksmuseet\/\" target=\"_blank\">Swedish Museum of Natural History<\/a>\n\t\t\t\n\t\t\t\t\t\t\t\t\t\t\t\t\t\t\n\t\t\t\t\t\t\t\t\n\t\t\t\t\t\t\t\t\t\t\t\t\t<div class=\"fusion-rollover-sep\"><\/div>\n\t\t\t\t\n\t\t\t\t\t\t\t\t\t\t\t\t\t\t\t\t\t\t<a class=\"fusion-rollover-gallery\" href=\"https:\/\/www.smarttravelers.de\/wp-content\/uploads\/2020\/03\/Naturhistoriska-riksmusset2.jpg\" data-id=\"83686\" data-rel=\"iLightbox[gallery-rw-1]\" data-title=\"Naturhistoriska riksmusset2\" data-caption=\"\">\n\t\t\t\t\t\tGallery\t\t\t\t\t<\/a>\n\t\t\t\t\t\t\t\t\t\t\t\t\t\t\n\t\t\n\t\t\t\t\t\t\t\t\t\t\t\t<h4 class=\"fusion-rollover-title\">\n\t\t\t\t\t<a class=\"fusion-rollover-title-link\" href=\"https:\/\/www.smarttravelers.de\/en\/sights\/schweden\/stockholm\/naturhistoriska-riksmuseet\/\" target=\"_blank\">\n\t\t\t\t\t\tSwedish Museum of Natural History\t\t\t\t\t<\/a>\n\t\t\t\t<\/h4>\n\t\t\t\n\t\t\t\t\t\t\t\t\n\t\t\n\t\t\t\t\t\t<a class=\"fusion-link-wrapper\" href=\"https:\/\/www.smarttravelers.de\/en\/sights\/schweden\/stockholm\/naturhistoriska-riksmuseet\/\" target=\"_blank\" aria-label=\"Swedish Museum of Natural History\"><\/a>\n\t<\/div>\n<\/div>\n\n\t\n<\/div>\n<\/div><\/article><article id=\"portfolio-1-post-63437\" class=\"fusion-portfolio-post all-in-barcelona churches-monasteries viewpoints fusion-col-spacing post-63437 fusion-element-portrait\"><div class=\"fusion-portfolio-content-wrapper\" style=\"border:none;\"><span class=\"entry-title rich-snippet-hidden\">Temple Expiatori del Sagrat Cor<\/span><span class=\"vcard rich-snippet-hidden\"><span class=\"fn\"><a href=\"https:\/\/www.smarttravelers.de\/en\/author\/wp_admin\/\" title=\"Posts by wp_admin\" rel=\"author\">wp_admin<\/a><\/span><\/span><span class=\"updated rich-snippet-hidden\">2023-10-05T22:07:03+02:00<\/span>\n\n<div  class=\"fusion-masonry-element-container fusion-image-wrapper\" style=\"background-image:url(https:\/\/www.smarttravelers.de\/wp-content\/uploads\/2018\/05\/Temple-Expiatori-del-Sagrat-Cor1.jpg);padding-top:calc((100% + 20px) * 1.6);\" aria-haspopup=\"true\">\n\t\n\t\n\t\n\t\t\n\t\t\t\t\t<img decoding=\"async\" width=\"655\" height=\"900\" src=\"https:\/\/www.smarttravelers.de\/wp-content\/uploads\/2018\/05\/Temple-Expiatori-del-Sagrat-Cor1.jpg\" class=\"attachment-full size-full wp-post-image\" alt=\"Der Temple Expiatori del Sagrat Cor von oben\" srcset=\"https:\/\/www.smarttravelers.de\/wp-content\/uploads\/2018\/05\/Temple-Expiatori-del-Sagrat-Cor1-200x275.jpg 200w, https:\/\/www.smarttravelers.de\/wp-content\/uploads\/2018\/05\/Temple-Expiatori-del-Sagrat-Cor1-400x550.jpg 400w, https:\/\/www.smarttravelers.de\/wp-content\/uploads\/2018\/05\/Temple-Expiatori-del-Sagrat-Cor1-600x824.jpg 600w, https:\/\/www.smarttravelers.de\/wp-content\/uploads\/2018\/05\/Temple-Expiatori-del-Sagrat-Cor1.jpg 655w\" sizes=\"(min-width: 2200px) 100vw, (min-width: 284px) 356px, (min-width: 212px) 284px, (min-width: 140px) 212px, \" \/>\n\t\n\n\t\t<div class=\"fusion-rollover\">\n\t<div class=\"fusion-rollover-content\">\n\n\t\t\t\t\t\t\t\t\t\t\t\t\t\t<a class=\"fusion-rollover-link\" href=\"https:\/\/www.smarttravelers.de\/en\/sights\/spain\/barcelona\/temple-expiatori-del-sagrat-cor\/\" target=\"_blank\">Temple Expiatori del Sagrat Cor<\/a>\n\t\t\t\n\t\t\t\t\t\t\t\t\t\t\t\t\t\t\n\t\t\t\t\t\t\t\t\n\t\t\t\t\t\t\t\t\t\t\t\t\t<div class=\"fusion-rollover-sep\"><\/div>\n\t\t\t\t\n\t\t\t\t\t\t\t\t\t\t\t\t\t\t\t\t\t\t<a class=\"fusion-rollover-gallery\" href=\"https:\/\/www.smarttravelers.de\/wp-content\/uploads\/2018\/05\/Temple-Expiatori-del-Sagrat-Cor1.jpg\" data-id=\"63437\" data-rel=\"iLightbox[gallery-rw-1]\" data-title=\"Temple Expiatori del Sagrat Cor1\" data-caption=\"\">\n\t\t\t\t\t\tGallery\t\t\t\t\t<\/a>\n\t\t\t\t\t\t\t\t\t\t\t\t\t\t\n\t\t\n\t\t\t\t\t\t\t\t\t\t\t\t<h4 class=\"fusion-rollover-title\">\n\t\t\t\t\t<a class=\"fusion-rollover-title-link\" href=\"https:\/\/www.smarttravelers.de\/en\/sights\/spain\/barcelona\/temple-expiatori-del-sagrat-cor\/\" target=\"_blank\">\n\t\t\t\t\t\tTemple Expiatori del Sagrat Cor\t\t\t\t\t<\/a>\n\t\t\t\t<\/h4>\n\t\t\t\n\t\t\t\t\t\t\t\t\n\t\t\n\t\t\t\t\t\t<a class=\"fusion-link-wrapper\" href=\"https:\/\/www.smarttravelers.de\/en\/sights\/spain\/barcelona\/temple-expiatori-del-sagrat-cor\/\" target=\"_blank\" aria-label=\"Temple Expiatori del Sagrat Cor\"><\/a>\n\t<\/div>\n<\/div>\n\n\t\n<\/div>\n<\/div><\/article><article id=\"portfolio-1-post-63429\" class=\"fusion-portfolio-post all-in-barcelona viewpoints fusion-col-spacing post-63429 fusion-element-grid\"><div class=\"fusion-portfolio-content-wrapper\" style=\"border:none;\"><span class=\"entry-title rich-snippet-hidden\">Tibidabo<\/span><span class=\"vcard rich-snippet-hidden\"><span class=\"fn\"><a href=\"https:\/\/www.smarttravelers.de\/en\/author\/wp_admin\/\" title=\"Posts by wp_admin\" rel=\"author\">wp_admin<\/a><\/span><\/span><span class=\"updated rich-snippet-hidden\">2023-10-05T22:04:08+02:00<\/span>\n\n<div  class=\"fusion-masonry-element-container fusion-image-wrapper\" style=\"background-image:url(https:\/\/www.smarttravelers.de\/wp-content\/uploads\/2018\/05\/Tibidabo1.jpg);padding-top:calc((100% + 20px) * 0.8 - 10px);\" aria-haspopup=\"true\">\n\t\n\t\n\t\n\t\t\n\t\t\t\t\t<img decoding=\"async\" width=\"1200\" height=\"868\" src=\"https:\/\/www.smarttravelers.de\/wp-content\/uploads\/2018\/05\/Tibidabo1.jpg\" class=\"attachment-full size-full wp-post-image\" alt=\"Blick auf den Tibidabo Amusement Park und den Temple Expiatori des Sagrat Cor\" srcset=\"https:\/\/www.smarttravelers.de\/wp-content\/uploads\/2018\/05\/Tibidabo1-200x145.jpg 200w, https:\/\/www.smarttravelers.de\/wp-content\/uploads\/2018\/05\/Tibidabo1-400x289.jpg 400w, https:\/\/www.smarttravelers.de\/wp-content\/uploads\/2018\/05\/Tibidabo1-600x434.jpg 600w, https:\/\/www.smarttravelers.de\/wp-content\/uploads\/2018\/05\/Tibidabo1-800x579.jpg 800w, https:\/\/www.smarttravelers.de\/wp-content\/uploads\/2018\/05\/Tibidabo1.jpg 1200w\" sizes=\"(min-width: 2200px) 100vw, (min-width: 284px) 356px, (min-width: 212px) 284px, (min-width: 140px) 212px, \" \/>\n\t\n\n\t\t<div class=\"fusion-rollover\">\n\t<div class=\"fusion-rollover-content\">\n\n\t\t\t\t\t\t\t\t\t\t\t\t\t\t<a class=\"fusion-rollover-link\" href=\"https:\/\/www.smarttravelers.de\/en\/sights\/spain\/barcelona\/tibidabo\/\" target=\"_blank\">Tibidabo<\/a>\n\t\t\t\n\t\t\t\t\t\t\t\t\t\t\t\t\t\t\n\t\t\t\t\t\t\t\t\n\t\t\t\t\t\t\t\t\t\t\t\t\t<div class=\"fusion-rollover-sep\"><\/div>\n\t\t\t\t\n\t\t\t\t\t\t\t\t\t\t\t\t\t\t\t\t\t\t<a class=\"fusion-rollover-gallery\" href=\"https:\/\/www.smarttravelers.de\/wp-content\/uploads\/2018\/05\/Tibidabo1.jpg\" data-id=\"63429\" data-rel=\"iLightbox[gallery-rw-1]\" data-title=\"Tibidabo1\" data-caption=\"\">\n\t\t\t\t\t\tGallery\t\t\t\t\t<\/a>\n\t\t\t\t\t\t\t\t\t\t\t\t\t\t\n\t\t\n\t\t\t\t\t\t\t\t\t\t\t\t<h4 class=\"fusion-rollover-title\">\n\t\t\t\t\t<a class=\"fusion-rollover-title-link\" href=\"https:\/\/www.smarttravelers.de\/en\/sights\/spain\/barcelona\/tibidabo\/\" target=\"_blank\">\n\t\t\t\t\t\tTibidabo\t\t\t\t\t<\/a>\n\t\t\t\t<\/h4>\n\t\t\t\n\t\t\t\t\t\t\t\t\n\t\t\n\t\t\t\t\t\t<a class=\"fusion-link-wrapper\" href=\"https:\/\/www.smarttravelers.de\/en\/sights\/spain\/barcelona\/tibidabo\/\" target=\"_blank\" aria-label=\"Tibidabo\"><\/a>\n\t<\/div>\n<\/div>\n\n\t\n<\/div>\n<\/div><\/article><article id=\"portfolio-1-post-63433\" class=\"fusion-portfolio-post all-in-barcelona theme-amusement-parks viewpoints fusion-col-spacing post-63433 fusion-element-grid\"><div class=\"fusion-portfolio-content-wrapper\" style=\"border:none;\"><span class=\"entry-title rich-snippet-hidden\">Tibidabo Amusement Park<\/span><span class=\"vcard rich-snippet-hidden\"><span class=\"fn\"><a href=\"https:\/\/www.smarttravelers.de\/en\/author\/wp_admin\/\" title=\"Posts by wp_admin\" rel=\"author\">wp_admin<\/a><\/span><\/span><span class=\"updated rich-snippet-hidden\">2023-10-05T22:05:08+02:00<\/span>\n\n<div  class=\"fusion-masonry-element-container fusion-image-wrapper\" style=\"background-image:url(https:\/\/www.smarttravelers.de\/wp-content\/uploads\/2018\/05\/Tibidabo-Amusement-Park2.jpg);padding-top:calc((100% + 20px) * 0.8 - 10px);\" aria-haspopup=\"true\">\n\t\n\t\n\t\n\t\t\n\t\t\t\t\t<img decoding=\"async\" width=\"1200\" height=\"800\" src=\"https:\/\/www.smarttravelers.de\/wp-content\/uploads\/2018\/05\/Tibidabo-Amusement-Park2.jpg\" class=\"attachment-full size-full wp-post-image\" alt=\"Riesenrad auf dem Tibidabo Amusement Park\" srcset=\"https:\/\/www.smarttravelers.de\/wp-content\/uploads\/2018\/05\/Tibidabo-Amusement-Park2-200x133.jpg 200w, https:\/\/www.smarttravelers.de\/wp-content\/uploads\/2018\/05\/Tibidabo-Amusement-Park2-400x267.jpg 400w, https:\/\/www.smarttravelers.de\/wp-content\/uploads\/2018\/05\/Tibidabo-Amusement-Park2-600x400.jpg 600w, https:\/\/www.smarttravelers.de\/wp-content\/uploads\/2018\/05\/Tibidabo-Amusement-Park2-800x533.jpg 800w, https:\/\/www.smarttravelers.de\/wp-content\/uploads\/2018\/05\/Tibidabo-Amusement-Park2.jpg 1200w\" sizes=\"(min-width: 2200px) 100vw, (min-width: 284px) 356px, (min-width: 212px) 284px, (min-width: 140px) 212px, \" \/>\n\t\n\n\t\t<div class=\"fusion-rollover\">\n\t<div class=\"fusion-rollover-content\">\n\n\t\t\t\t\t\t\t\t\t\t\t\t\t\t<a class=\"fusion-rollover-link\" href=\"https:\/\/www.smarttravelers.de\/en\/sights\/spain\/barcelona\/tibidabo-amusement-park\/\" target=\"_blank\">Tibidabo Amusement Park<\/a>\n\t\t\t\n\t\t\t\t\t\t\t\t\t\t\t\t\t\t\n\t\t\t\t\t\t\t\t\n\t\t\t\t\t\t\t\t\t\t\t\t\t<div class=\"fusion-rollover-sep\"><\/div>\n\t\t\t\t\n\t\t\t\t\t\t\t\t\t\t\t\t\t\t\t\t\t\t<a class=\"fusion-rollover-gallery\" href=\"https:\/\/www.smarttravelers.de\/wp-content\/uploads\/2018\/05\/Tibidabo-Amusement-Park2.jpg\" data-id=\"63433\" data-rel=\"iLightbox[gallery-rw-1]\" data-title=\"Tibidabo Amusement Park2\" data-caption=\"\">\n\t\t\t\t\t\tGallery\t\t\t\t\t<\/a>\n\t\t\t\t\t\t\t\t\t\t\t\t\t\t\n\t\t\n\t\t\t\t\t\t\t\t\t\t\t\t<h4 class=\"fusion-rollover-title\">\n\t\t\t\t\t<a class=\"fusion-rollover-title-link\" href=\"https:\/\/www.smarttravelers.de\/en\/sights\/spain\/barcelona\/tibidabo-amusement-park\/\" target=\"_blank\">\n\t\t\t\t\t\tTibidabo Amusement Park\t\t\t\t\t<\/a>\n\t\t\t\t<\/h4>\n\t\t\t\n\t\t\t\t\t\t\t\t\n\t\t\n\t\t\t\t\t\t<a class=\"fusion-link-wrapper\" href=\"https:\/\/www.smarttravelers.de\/en\/sights\/spain\/barcelona\/tibidabo-amusement-park\/\" target=\"_blank\" aria-label=\"Tibidabo Amusement Park\"><\/a>\n\t<\/div>\n<\/div>\n\n\t\n<\/div>\n<\/div><\/article><article id=\"portfolio-1-post-83681\" class=\"fusion-portfolio-post alle-in-stockholm-en natural-landscapes-national-parks fusion-col-spacing post-83681 fusion-element-grid\"><div class=\"fusion-portfolio-content-wrapper\" style=\"border:none;\"><span class=\"entry-title rich-snippet-hidden\">Tyresta National Park<\/span><span class=\"vcard rich-snippet-hidden\"><span class=\"fn\"><a href=\"https:\/\/www.smarttravelers.de\/en\/author\/wp_admin\/\" title=\"Posts by wp_admin\" rel=\"author\">wp_admin<\/a><\/span><\/span><span class=\"updated rich-snippet-hidden\">2024-06-03T12:41:14+02:00<\/span>\n\n<div  class=\"fusion-masonry-element-container fusion-image-wrapper\" style=\"background-image:url(https:\/\/www.smarttravelers.de\/wp-content\/uploads\/2020\/03\/Nationalpark-Tyresta1.jpg);padding-top:calc((100% + 20px) * 0.8 - 10px);\" aria-haspopup=\"true\">\n\t\n\t\n\t\n\t\t\n\t\t\t\t\t<img decoding=\"async\" width=\"1618\" height=\"1080\" src=\"https:\/\/www.smarttravelers.de\/wp-content\/uploads\/2020\/03\/Nationalpark-Tyresta1.jpg\" class=\"attachment-full size-full wp-post-image\" alt=\"Landschaft im Nationalpark Tyresta\" srcset=\"https:\/\/www.smarttravelers.de\/wp-content\/uploads\/2020\/03\/Nationalpark-Tyresta1-200x133.jpg 200w, https:\/\/www.smarttravelers.de\/wp-content\/uploads\/2020\/03\/Nationalpark-Tyresta1-400x267.jpg 400w, https:\/\/www.smarttravelers.de\/wp-content\/uploads\/2020\/03\/Nationalpark-Tyresta1-600x400.jpg 600w, https:\/\/www.smarttravelers.de\/wp-content\/uploads\/2020\/03\/Nationalpark-Tyresta1-800x534.jpg 800w, https:\/\/www.smarttravelers.de\/wp-content\/uploads\/2020\/03\/Nationalpark-Tyresta1-1200x801.jpg 1200w, https:\/\/www.smarttravelers.de\/wp-content\/uploads\/2020\/03\/Nationalpark-Tyresta1.jpg 1618w\" sizes=\"(min-width: 2200px) 100vw, (min-width: 284px) 356px, (min-width: 212px) 284px, (min-width: 140px) 212px, \" \/>\n\t\n\n\t\t<div class=\"fusion-rollover\">\n\t<div class=\"fusion-rollover-content\">\n\n\t\t\t\t\t\t\t\t\t\t\t\t\t\t<a class=\"fusion-rollover-link\" href=\"https:\/\/www.smarttravelers.de\/en\/sights\/schweden\/stockholm\/nationalpark-tyresta\/\" target=\"_blank\">Tyresta National Park<\/a>\n\t\t\t\n\t\t\t\t\t\t\t\t\t\t\t\t\t\t\n\t\t\t\t\t\t\t\t\n\t\t\t\t\t\t\t\t\t\t\t\t\t<div class=\"fusion-rollover-sep\"><\/div>\n\t\t\t\t\n\t\t\t\t\t\t\t\t\t\t\t\t\t\t\t\t\t\t<a class=\"fusion-rollover-gallery\" href=\"https:\/\/www.smarttravelers.de\/wp-content\/uploads\/2020\/03\/Nationalpark-Tyresta1.jpg\" data-id=\"83681\" data-rel=\"iLightbox[gallery-rw-1]\" data-title=\"Nationalpark Tyresta1\" data-caption=\"\">\n\t\t\t\t\t\tGallery\t\t\t\t\t<\/a>\n\t\t\t\t\t\t\t\t\t\t\t\t\t\t\n\t\t\n\t\t\t\t\t\t\t\t\t\t\t\t<h4 class=\"fusion-rollover-title\">\n\t\t\t\t\t<a class=\"fusion-rollover-title-link\" href=\"https:\/\/www.smarttravelers.de\/en\/sights\/schweden\/stockholm\/nationalpark-tyresta\/\" target=\"_blank\">\n\t\t\t\t\t\tTyresta National Park\t\t\t\t\t<\/a>\n\t\t\t\t<\/h4>\n\t\t\t\n\t\t\t\t\t\t\t\t\n\t\t\n\t\t\t\t\t\t<a class=\"fusion-link-wrapper\" href=\"https:\/\/www.smarttravelers.de\/en\/sights\/schweden\/stockholm\/nationalpark-tyresta\/\" target=\"_blank\" aria-label=\"Tyresta National Park\"><\/a>\n\t<\/div>\n<\/div>\n\n\t\n<\/div>\n<\/div><\/article><article id=\"portfolio-1-post-83728\" class=\"fusion-portfolio-post alle-in-stockholm-en castles-palaces gardens-parks fusion-col-spacing post-83728 fusion-element-grid\"><div class=\"fusion-portfolio-content-wrapper\" style=\"border:none;\"><span class=\"entry-title rich-snippet-hidden\">Ulriksdal Palace<\/span><span class=\"vcard rich-snippet-hidden\"><span class=\"fn\"><a href=\"https:\/\/www.smarttravelers.de\/en\/author\/wp_admin\/\" title=\"Posts by wp_admin\" rel=\"author\">wp_admin<\/a><\/span><\/span><span class=\"updated rich-snippet-hidden\">2024-06-03T23:52:28+02:00<\/span>\n\n<div  class=\"fusion-masonry-element-container fusion-image-wrapper\" style=\"background-image:url(https:\/\/www.smarttravelers.de\/wp-content\/uploads\/2020\/03\/Schloss-Ulriksdal3.jpg);padding-top:calc((100% + 20px) * 0.8 - 10px);\" aria-haspopup=\"true\">\n\t\n\t\n\t\n\t\t\n\t\t\t\t\t<img decoding=\"async\" width=\"1729\" height=\"1080\" src=\"https:\/\/www.smarttravelers.de\/wp-content\/uploads\/2020\/03\/Schloss-Ulriksdal3.jpg\" class=\"attachment-full size-full wp-post-image\" alt=\"Au\u00dfenansicht Schloss Ulriksdal\" srcset=\"https:\/\/www.smarttravelers.de\/wp-content\/uploads\/2020\/03\/Schloss-Ulriksdal3-200x125.jpg 200w, https:\/\/www.smarttravelers.de\/wp-content\/uploads\/2020\/03\/Schloss-Ulriksdal3-400x250.jpg 400w, https:\/\/www.smarttravelers.de\/wp-content\/uploads\/2020\/03\/Schloss-Ulriksdal3-600x375.jpg 600w, https:\/\/www.smarttravelers.de\/wp-content\/uploads\/2020\/03\/Schloss-Ulriksdal3-800x500.jpg 800w, https:\/\/www.smarttravelers.de\/wp-content\/uploads\/2020\/03\/Schloss-Ulriksdal3-1200x750.jpg 1200w, https:\/\/www.smarttravelers.de\/wp-content\/uploads\/2020\/03\/Schloss-Ulriksdal3.jpg 1729w\" sizes=\"(min-width: 2200px) 100vw, (min-width: 284px) 356px, (min-width: 212px) 284px, (min-width: 140px) 212px, \" \/>\n\t\n\n\t\t<div class=\"fusion-rollover\">\n\t<div class=\"fusion-rollover-content\">\n\n\t\t\t\t\t\t\t\t\t\t\t\t\t\t<a class=\"fusion-rollover-link\" href=\"https:\/\/www.smarttravelers.de\/en\/sights\/schweden\/stockholm\/schloss-ulriksdal\/\" target=\"_blank\">Ulriksdal Palace<\/a>\n\t\t\t\n\t\t\t\t\t\t\t\t\t\t\t\t\t\t\n\t\t\t\t\t\t\t\t\n\t\t\t\t\t\t\t\t\t\t\t\t\t<div class=\"fusion-rollover-sep\"><\/div>\n\t\t\t\t\n\t\t\t\t\t\t\t\t\t\t\t\t\t\t\t\t\t\t<a class=\"fusion-rollover-gallery\" href=\"https:\/\/www.smarttravelers.de\/wp-content\/uploads\/2020\/03\/Schloss-Ulriksdal3.jpg\" data-id=\"83728\" data-rel=\"iLightbox[gallery-rw-1]\" data-title=\"Schloss Ulriksdal3\" data-caption=\"\">\n\t\t\t\t\t\tGallery\t\t\t\t\t<\/a>\n\t\t\t\t\t\t\t\t\t\t\t\t\t\t\n\t\t\n\t\t\t\t\t\t\t\t\t\t\t\t<h4 class=\"fusion-rollover-title\">\n\t\t\t\t\t<a class=\"fusion-rollover-title-link\" href=\"https:\/\/www.smarttravelers.de\/en\/sights\/schweden\/stockholm\/schloss-ulriksdal\/\" target=\"_blank\">\n\t\t\t\t\t\tUlriksdal Palace\t\t\t\t\t<\/a>\n\t\t\t\t<\/h4>\n\t\t\t\n\t\t\t\t\t\t\t\t\n\t\t\n\t\t\t\t\t\t<a class=\"fusion-link-wrapper\" href=\"https:\/\/www.smarttravelers.de\/en\/sights\/schweden\/stockholm\/schloss-ulriksdal\/\" target=\"_blank\" aria-label=\"Ulriksdal Palace\"><\/a>\n\t<\/div>\n<\/div>\n\n\t\n<\/div>\n<\/div><\/article><article id=\"portfolio-1-post-83801\" class=\"fusion-portfolio-post alle-in-stockholm-en highlights-en museums-galleries fusion-col-spacing post-83801 fusion-element-grid\"><div class=\"fusion-portfolio-content-wrapper\" style=\"border:none;\"><span class=\"entry-title rich-snippet-hidden\">Vasa Museum<\/span><span class=\"vcard rich-snippet-hidden\"><span class=\"fn\"><a href=\"https:\/\/www.smarttravelers.de\/en\/author\/wp_admin\/\" title=\"Posts by wp_admin\" rel=\"author\">wp_admin<\/a><\/span><\/span><span class=\"updated rich-snippet-hidden\">2024-06-04T14:28:51+02:00<\/span>\n\n<div  class=\"fusion-masonry-element-container fusion-image-wrapper\" style=\"background-image:url(https:\/\/www.smarttravelers.de\/wp-content\/uploads\/2020\/03\/Vasa-Museum1.jpg);padding-top:calc((100% + 20px) * 0.8 - 10px);\" aria-haspopup=\"true\">\n\t\n\t\n\t\n\t\t\n\t\t\t\t\t<img decoding=\"async\" width=\"1620\" height=\"1080\" src=\"https:\/\/www.smarttravelers.de\/wp-content\/uploads\/2020\/03\/Vasa-Museum1.jpg\" class=\"attachment-full size-full wp-post-image\" alt=\"Au\u00dfenansicht der Vasa\" srcset=\"https:\/\/www.smarttravelers.de\/wp-content\/uploads\/2020\/03\/Vasa-Museum1-200x133.jpg 200w, https:\/\/www.smarttravelers.de\/wp-content\/uploads\/2020\/03\/Vasa-Museum1-400x267.jpg 400w, https:\/\/www.smarttravelers.de\/wp-content\/uploads\/2020\/03\/Vasa-Museum1-600x400.jpg 600w, https:\/\/www.smarttravelers.de\/wp-content\/uploads\/2020\/03\/Vasa-Museum1-800x533.jpg 800w, https:\/\/www.smarttravelers.de\/wp-content\/uploads\/2020\/03\/Vasa-Museum1-1200x800.jpg 1200w, https:\/\/www.smarttravelers.de\/wp-content\/uploads\/2020\/03\/Vasa-Museum1.jpg 1620w\" sizes=\"(min-width: 2200px) 100vw, (min-width: 284px) 356px, (min-width: 212px) 284px, (min-width: 140px) 212px, \" \/>\n\t\n\n\t\t<div class=\"fusion-rollover\">\n\t<div class=\"fusion-rollover-content\">\n\n\t\t\t\t\t\t\t\t\t\t\t\t\t\t<a class=\"fusion-rollover-link\" href=\"https:\/\/www.smarttravelers.de\/en\/sights\/schweden\/stockholm\/vasa-museum\/\" target=\"_blank\">Vasa Museum<\/a>\n\t\t\t\n\t\t\t\t\t\t\t\t\t\t\t\t\t\t\n\t\t\t\t\t\t\t\t\n\t\t\t\t\t\t\t\t\t\t\t\t\t<div class=\"fusion-rollover-sep\"><\/div>\n\t\t\t\t\n\t\t\t\t\t\t\t\t\t\t\t\t\t\t\t\t\t\t<a class=\"fusion-rollover-gallery\" href=\"https:\/\/www.smarttravelers.de\/wp-content\/uploads\/2020\/03\/Vasa-Museum1.jpg\" data-id=\"83801\" data-rel=\"iLightbox[gallery-rw-1]\" data-title=\"Vasa-Museum1\" data-caption=\"\">\n\t\t\t\t\t\tGallery\t\t\t\t\t<\/a>\n\t\t\t\t\t\t\t\t\t\t\t\t\t\t\n\t\t\n\t\t\t\t\t\t\t\t\t\t\t\t<h4 class=\"fusion-rollover-title\">\n\t\t\t\t\t<a class=\"fusion-rollover-title-link\" href=\"https:\/\/www.smarttravelers.de\/en\/sights\/schweden\/stockholm\/vasa-museum\/\" target=\"_blank\">\n\t\t\t\t\t\tVasa Museum\t\t\t\t\t<\/a>\n\t\t\t\t<\/h4>\n\t\t\t\n\t\t\t\t\t\t\t\t\n\t\t\n\t\t\t\t\t\t<a class=\"fusion-link-wrapper\" href=\"https:\/\/www.smarttravelers.de\/en\/sights\/schweden\/stockholm\/vasa-museum\/\" target=\"_blank\" aria-label=\"Vasa Museum\"><\/a>\n\t<\/div>\n<\/div>\n\n\t\n<\/div>\n<\/div><\/article><article id=\"portfolio-1-post-83806\" class=\"fusion-portfolio-post alle-in-stockholm-en gardens-parks museums-galleries fusion-col-spacing post-83806 fusion-element-grid\"><div class=\"fusion-portfolio-content-wrapper\" style=\"border:none;\"><span class=\"entry-title rich-snippet-hidden\">Waldemarsudde<\/span><span class=\"vcard rich-snippet-hidden\"><span class=\"fn\"><a href=\"https:\/\/www.smarttravelers.de\/en\/author\/wp_admin\/\" title=\"Posts by wp_admin\" rel=\"author\">wp_admin<\/a><\/span><\/span><span class=\"updated rich-snippet-hidden\">2024-06-04T14:30:26+02:00<\/span>\n\n<div  class=\"fusion-masonry-element-container fusion-image-wrapper\" style=\"background-image:url(https:\/\/www.smarttravelers.de\/wp-content\/uploads\/2020\/03\/Waldemarsudde1.jpg);padding-top:calc((100% + 20px) * 0.8 - 10px);\" aria-haspopup=\"true\">\n\t\n\t\n\t\n\t\t\n\t\t\t\t\t<img decoding=\"async\" width=\"1440\" height=\"1080\" src=\"https:\/\/www.smarttravelers.de\/wp-content\/uploads\/2020\/03\/Waldemarsudde1.jpg\" class=\"attachment-full size-full wp-post-image\" alt=\"Blick auf Waldemarsudde\" srcset=\"https:\/\/www.smarttravelers.de\/wp-content\/uploads\/2020\/03\/Waldemarsudde1-200x150.jpg 200w, https:\/\/www.smarttravelers.de\/wp-content\/uploads\/2020\/03\/Waldemarsudde1-400x300.jpg 400w, https:\/\/www.smarttravelers.de\/wp-content\/uploads\/2020\/03\/Waldemarsudde1-600x450.jpg 600w, https:\/\/www.smarttravelers.de\/wp-content\/uploads\/2020\/03\/Waldemarsudde1-800x600.jpg 800w, https:\/\/www.smarttravelers.de\/wp-content\/uploads\/2020\/03\/Waldemarsudde1-1200x900.jpg 1200w, https:\/\/www.smarttravelers.de\/wp-content\/uploads\/2020\/03\/Waldemarsudde1.jpg 1440w\" sizes=\"(min-width: 2200px) 100vw, (min-width: 284px) 356px, (min-width: 212px) 284px, (min-width: 140px) 212px, \" \/>\n\t\n\n\t\t<div class=\"fusion-rollover\">\n\t<div class=\"fusion-rollover-content\">\n\n\t\t\t\t\t\t\t\t\t\t\t\t\t\t<a class=\"fusion-rollover-link\" href=\"https:\/\/www.smarttravelers.de\/en\/sights\/schweden\/stockholm\/waldemarsudde\/\" target=\"_blank\">Waldemarsudde<\/a>\n\t\t\t\n\t\t\t\t\t\t\t\t\t\t\t\t\t\t\n\t\t\t\t\t\t\t\t\n\t\t\t\t\t\t\t\t\t\t\t\t\t<div class=\"fusion-rollover-sep\"><\/div>\n\t\t\t\t\n\t\t\t\t\t\t\t\t\t\t\t\t\t\t\t\t\t\t<a class=\"fusion-rollover-gallery\" href=\"https:\/\/www.smarttravelers.de\/wp-content\/uploads\/2020\/03\/Waldemarsudde1.jpg\" data-id=\"83806\" data-rel=\"iLightbox[gallery-rw-1]\" data-title=\"Waldemarsudde1\" data-caption=\"\">\n\t\t\t\t\t\tGallery\t\t\t\t\t<\/a>\n\t\t\t\t\t\t\t\t\t\t\t\t\t\t\n\t\t\n\t\t\t\t\t\t\t\t\t\t\t\t<h4 class=\"fusion-rollover-title\">\n\t\t\t\t\t<a class=\"fusion-rollover-title-link\" href=\"https:\/\/www.smarttravelers.de\/en\/sights\/schweden\/stockholm\/waldemarsudde\/\" target=\"_blank\">\n\t\t\t\t\t\tWaldemarsudde\t\t\t\t\t<\/a>\n\t\t\t\t<\/h4>\n\t\t\t\n\t\t\t\t\t\t\t\t\n\t\t\n\t\t\t\t\t\t<a class=\"fusion-link-wrapper\" href=\"https:\/\/www.smarttravelers.de\/en\/sights\/schweden\/stockholm\/waldemarsudde\/\" target=\"_blank\" aria-label=\"Waldemarsudde\"><\/a>\n\t<\/div>\n<\/div>\n\n\t\n<\/div>\n<\/div><\/article><\/div><\/div><div class=\"fusion-clearfix\"><\/div><\/div><\/div><\/div><\/div><\/div><div id=\"tickets\"><div class=\"fusion-fullwidth fullwidth-box fusion-builder-row-14 nonhundred-percent-fullwidth non-hundred-percent-height-scrolling\" style=\"background-color: #ff3d00;background-position: center center;background-repeat: no-repeat;padding-top:0px;padding-right:10%;padding-bottom:0px;padding-left:10%;margin-bottom: -40px;margin-top: 0px;border-width: 0px 0px 0px 0px;border-color:rgba(255,255,255,0);border-style:solid;\" ><div class=\"fusion-builder-row fusion-row\"><div class=\"fusion-layout-column fusion_builder_column fusion-builder-column-18 fusion_builder_column_1_1 1_1 fusion-one-full fusion-column-first fusion-column-last\" style=\"margin-top:0px;margin-bottom:20px;\"><div class=\"fusion-column-wrapper fusion-flex-column-wrapper-legacy\" style=\"background-position:left top;background-repeat:no-repeat;-webkit-background-size:cover;-moz-background-size:cover;-o-background-size:cover;background-size:cover;padding: 0px 0px 0px 0px;\"><div class=\"fusion-sep-clear\"><\/div><div class=\"fusion-separator\" style=\"margin-left: auto;margin-right: auto;margin-top:5px;margin-bottom:30px;width:100%;max-width:150px;\"><div class=\"fusion-separator-border sep-single sep-solid\" style=\"border-color:rgba(255,252,252,0);border-top-width:1px;\"><\/div><\/div><div class=\"fusion-sep-clear\"><\/div><div class=\"imageframe-align-center\"><span class=\" fusion-imageframe imageframe-none imageframe-19 hover-type-none\" style=\"border-radius:30px;\"><img decoding=\"async\" width=\"68\" height=\"68\" title=\"icon_tickets-hell\" src=\"https:\/\/www.smarttravelers.de\/wp-content\/uploads\/2018\/03\/icon_tickets-hell.png\" class=\"img-responsive wp-image-59942\" srcset=\"https:\/\/www.smarttravelers.de\/wp-content\/uploads\/2018\/03\/icon_tickets-hell-66x66.png 66w, https:\/\/www.smarttravelers.de\/wp-content\/uploads\/2018\/03\/icon_tickets-hell.png 68w\" sizes=\"(max-width: 68px) 100vw, 68px\" \/><\/span><\/div><div class=\"fusion-sep-clear\"><\/div><div class=\"fusion-separator\" style=\"margin-left: auto;margin-right: auto;margin-top:5px;margin-bottom:30px;width:100%;max-width:150px;\"><div class=\"fusion-separator-border sep-single sep-solid\" style=\"border-color:rgba(255,252,252,0);border-top-width:1px;\"><\/div><\/div><div class=\"fusion-sep-clear\"><\/div><div class=\"imageframe-align-center\"><span class=\" fusion-imageframe imageframe-none imageframe-20 hover-type-none\"><img decoding=\"async\" width=\"150\" height=\"128\" title=\"Get Your Guide Logo\" src=\"https:\/\/www.smarttravelers.de\/wp-content\/uploads\/2018\/08\/GYG_Expressive_Logo_01_Red_RGB_HR-e1535485594735.jpg\" class=\"img-responsive wp-image-70242\"\/><\/span><\/div><div class=\"fusion-sep-clear\"><\/div><div class=\"fusion-separator\" style=\"margin-left: auto;margin-right: auto;margin-top:5px;margin-bottom:30px;width:100%;max-width:150px;\"><div class=\"fusion-separator-border sep-single sep-solid\" style=\"border-color:rgba(255,252,252,0);border-top-width:1px;\"><\/div><\/div><div class=\"fusion-sep-clear\"><\/div><div class=\"fusion-text fusion-text-19\"><div style=\"text-align: center;\" data-gyg-partner-id=\"JFUAQ39\" data-gyg-number-of-items=\"8\" data-gyg-currency=\"EUR\" data-gyg-locale-code=\"de-DE\" data-gyg-id=\"code-example\" data-gyg-q=\"barcelona\" data-gyg-widget=\"activites\" data-gyg-href=\"https:\/\/widget.getyourguide.com\/JFUAQ39\/activities.frame\"><\/div>\n<p><script async defer src=\"https:\/\/widget.getyourguide.com\/v2\/widget.js\"><\/script><\/p>\n<\/div><div class=\"fusion-sep-clear\"><\/div><div class=\"fusion-separator\" style=\"margin-left: auto;margin-right: auto;margin-top:5px;margin-bottom:0px;width:100%;max-width:150px;\"><\/div><div class=\"fusion-sep-clear\"><\/div><div class=\"fusion-clearfix\"><\/div><\/div><\/div><\/div><\/div><\/div><div class=\"fusion-fullwidth fullwidth-box fusion-builder-row-15 nonhundred-percent-fullwidth non-hundred-percent-height-scrolling\" style=\"background-color: #f4f4f4;background-position: center center;background-repeat: no-repeat;padding-top:40px;padding-right:10%;padding-bottom:0px;padding-left:10%;margin-bottom: -40px;margin-top: 0px;border-width: 0px 0px 0px 0px;border-color:rgba(255,255,255,0);border-style:solid;\" ><div class=\"fusion-builder-row fusion-row\"><div class=\"fusion-layout-column fusion_builder_column fusion-builder-column-19 fusion_builder_column_1_1 1_1 fusion-one-full fusion-column-first fusion-column-last\" style=\"margin-top:0px;margin-bottom:20px;\"><div class=\"fusion-column-wrapper fusion-flex-column-wrapper-legacy\" style=\"background-position:left top;background-repeat:no-repeat;-webkit-background-size:cover;-moz-background-size:cover;-o-background-size:cover;background-size:cover;padding: 0px 0px 0px 0px;\"><div class=\"fusion-text fusion-text-20\"><p style=\"text-align: center;\">Photos:\u00a0<a href=\"https:\/\/commons.wikimedia.org\/wiki\/User:C_messier\">C messier<\/a>, <a href=\"https:\/\/commons.wikimedia.org\/wiki\/File:\u03a3\u03b1\u03b3\u03c1\u03ac\u03b4\u03b1 \u03a6\u03b1\u03bc\u03af\u03bb\u03b9\u03b1 2941.jpg\">\u03a3\u03b1\u03b3\u03c1\u03ac\u03b4\u03b1 \u03a6\u03b1\u03bc\u03af\u03bb\u03b9\u03b1 2941<\/a>, <a href=\"https:\/\/creativecommons.org\/licenses\/by-sa\/4.0\/legalcode\" rel=\"license\">CC BY-SA 4.0<\/a> \/ <a href=\"https:\/\/commons.wikimedia.org\/wiki\/User:Tgrauros\">Terea Grau Ros<\/a>, <a href=\"https:\/\/commons.wikimedia.org\/wiki\/File:Barcelona des del Cam\u00ed del Mar (Montju\u00efc).JPG\">Barcelona des del Cam\u00ed del Mar (Montju\u00efc)<\/a>, <a href=\"https:\/\/creativecommons.org\/licenses\/by-sa\/4.0\/legalcode\" rel=\"license\">CC BY-SA 4.0<\/a> \/ <a href=\"https:\/\/commons.wikimedia.org\/wiki\/User:Jean-Christophe_BENOIST\">Jean-Christophe BENOIST<\/a>, <a href=\"https:\/\/commons.wikimedia.org\/wiki\/File:Barcelone - Parc G\u00fcell - Entr\u00e9e.jpg\">Barcelone &#8211; Parc G\u00fcell &#8211; Entr\u00e9e<\/a>, <a href=\"https:\/\/creativecommons.org\/licenses\/by\/3.0\/legalcode\" rel=\"license\">CC BY 3.0&lt;\/a \/ <\/a><a href=\"https:\/\/www.flickr.com\/people\/24326886@N03\">amaianos<\/a><a href=\"https:\/\/creativecommons.org\/licenses\/by\/3.0\/legalcode\" rel=\"license\"> from Galicia, <\/a><a href=\"https:\/\/commons.wikimedia.org\/wiki\/File:Les Rambles (7859093822).jpg\">Les Rambles (7859093822)<\/a><a href=\"https:\/\/creativecommons.org\/licenses\/by\/3.0\/legalcode\" rel=\"license\">, <\/a><a href=\"https:\/\/creativecommons.org\/licenses\/by\/2.0\/legalcode\" rel=\"license\">CC BY 2.0<\/a><a href=\"https:\/\/creativecommons.org\/licenses\/by\/3.0\/legalcode\" rel=\"license\"> \/ <\/a><a href=\"https:\/\/de.wikipedia.org\/wiki\/User:Sebastian_Schreiber\">Sebastian Schreiber<\/a><a href=\"https:\/\/creativecommons.org\/licenses\/by\/3.0\/legalcode\" rel=\"license\">, <\/a><a href=\"https:\/\/commons.wikimedia.org\/wiki\/File:Barcelona Plaza Real.jpg\">Barcelona Plaza Real<\/a><a href=\"https:\/\/creativecommons.org\/licenses\/by\/3.0\/legalcode\" rel=\"license\">, <\/a><a href=\"https:\/\/creativecommons.org\/licenses\/by-sa\/3.0\/legalcode\" rel=\"license\">CC BY-SA 3.0<\/a><a href=\"https:\/\/creativecommons.org\/licenses\/by\/3.0\/legalcode\" rel=\"license\"> \/ Gerardo Almeida, <\/a><a href=\"https:\/\/commons.wikimedia.org\/wiki\/File:Barrio Gotico - panoramio.jpg\">Barrio Gotico &#8211; panoramio<\/a><a href=\"https:\/\/creativecommons.org\/licenses\/by\/3.0\/legalcode\" rel=\"license\">, <\/a><a href=\"https:\/\/creativecommons.org\/licenses\/by-sa\/3.0\/legalcode\" rel=\"license\">CC BY-SA 3.0<\/a><a href=\"https:\/\/creativecommons.org\/licenses\/by\/3.0\/legalcode\" rel=\"license\"> \/ <\/a><a href=\"https:\/\/commons.wikimedia.org\/wiki\/User:Freepenguin\">Freepenguin<\/a><a href=\"https:\/\/creativecommons.org\/licenses\/by\/3.0\/legalcode\" rel=\"license\">, <\/a><a href=\"https:\/\/commons.wikimedia.org\/wiki\/File:Barcelona 3747.JPG\">Barcelona 3747<\/a><a href=\"https:\/\/creativecommons.org\/licenses\/by\/3.0\/legalcode\" rel=\"license\">, <\/a><a href=\"https:\/\/creativecommons.org\/licenses\/by-sa\/3.0\/legalcode\" rel=\"license\">CC BY-SA 3.0<\/a><a href=\"https:\/\/creativecommons.org\/licenses\/by\/3.0\/legalcode\" rel=\"license\"> \/ <\/a><a href=\"https:\/\/www.flickr.com\/people\/47267169@N05\">Catalan Art &amp; Architecture Gallery (Josep Bracons)<\/a><a href=\"https:\/\/creativecommons.org\/licenses\/by\/3.0\/legalcode\" rel=\"license\"> from Barcelona, Catalonia, <\/a><a href=\"https:\/\/commons.wikimedia.org\/wiki\/File:Barcelona. Pla\u00e7a del Rei (14742902172).jpg\">Barcelona. Pla\u00e7a del Rei (14742902172)<\/a><a href=\"https:\/\/creativecommons.org\/licenses\/by\/3.0\/legalcode\" rel=\"license\">, <\/a><a href=\"https:\/\/creativecommons.org\/licenses\/by-sa\/2.0\/legalcode\" rel=\"license\">CC BY-SA 2.0<\/a><a href=\"https:\/\/creativecommons.org\/licenses\/by\/3.0\/legalcode\" rel=\"license\"> \/ <\/a><a href=\"https:\/\/www.flickr.com\/people\/39513725@N02\">Juanedc<\/a><a href=\"https:\/\/creativecommons.org\/licenses\/by\/3.0\/legalcode\" rel=\"license\"> from Zaragoza, Espa\u00f1a, <\/a><a href=\"https:\/\/commons.wikimedia.org\/wiki\/File:Casa Mil\u00e1 (La Pedrera) (8171709178).jpg\">Casa Mil\u00e1 (La Pedrera) (8171709178)<\/a><a href=\"https:\/\/creativecommons.org\/licenses\/by\/3.0\/legalcode\" rel=\"license\">, <\/a><a href=\"https:\/\/creativecommons.org\/licenses\/by\/2.0\/legalcode\" rel=\"license\">CC BY 2.0<\/a><a href=\"https:\/\/creativecommons.org\/licenses\/by\/3.0\/legalcode\" rel=\"license\"> \/ <\/a><a href=\"https:\/\/commons.wikimedia.org\/wiki\/User:Esculapio\">tato grasso<\/a><a href=\"https:\/\/creativecommons.org\/licenses\/by\/3.0\/legalcode\" rel=\"license\">, <\/a><a href=\"https:\/\/commons.wikimedia.org\/wiki\/File:CasaBatllo 0170.JPG\">CasaBatllo 0170<\/a><a href=\"https:\/\/creativecommons.org\/licenses\/by\/3.0\/legalcode\" rel=\"license\">, <\/a><a href=\"https:\/\/creativecommons.org\/licenses\/by-sa\/2.5\/legalcode\" rel=\"license\">CC BY-SA 2.5<\/a><a href=\"https:\/\/creativecommons.org\/licenses\/by\/3.0\/legalcode\" rel=\"license\"> \/ Jorge Franganillo, <\/a><a href=\"https:\/\/commons.wikimedia.org\/wiki\/File:Barcelona - panoramio (708).jpg\">Barcelona &#8211; panoramio (708)<\/a><a href=\"https:\/\/creativecommons.org\/licenses\/by\/3.0\/legalcode\" rel=\"license\">, <\/a><a href=\"https:\/\/creativecommons.org\/licenses\/by\/3.0\/legalcode\" rel=\"license\">CC BY 3.0<\/a><a href=\"https:\/\/creativecommons.org\/licenses\/by\/3.0\/legalcode\" rel=\"license\"> \/ <\/a><a href=\"https:\/\/commons.wikimedia.org\/wiki\/User:Friviere\">Friviere<\/a><a href=\"https:\/\/creativecommons.org\/licenses\/by\/3.0\/legalcode\" rel=\"license\">, <\/a><a href=\"https:\/\/commons.wikimedia.org\/wiki\/File:Montju\u00efc i World Trade Centre.jpeg\">Montju\u00efc i World Trade Centre<\/a><a href=\"https:\/\/creativecommons.org\/licenses\/by\/3.0\/legalcode\" rel=\"license\">, <\/a><a href=\"https:\/\/creativecommons.org\/licenses\/by-sa\/3.0\/legalcode\" rel=\"license\">CC BY-SA 3.0<\/a><a href=\"https:\/\/creativecommons.org\/licenses\/by\/3.0\/legalcode\" rel=\"license\"> \/ <\/a><a href=\"https:\/\/commons.wikimedia.org\/wiki\/User:Tibidabo_Oficial\">Tibidabo Oficial<\/a><a href=\"https:\/\/creativecommons.org\/licenses\/by\/3.0\/legalcode\" rel=\"license\">, <\/a><a href=\"https:\/\/commons.wikimedia.org\/wiki\/File:TalaiaNoriaTibidabo.jpg\">TalaiaNoriaTibidabo<\/a><a href=\"https:\/\/creativecommons.org\/licenses\/by\/3.0\/legalcode\" rel=\"license\">, <\/a><a href=\"https:\/\/creativecommons.org\/licenses\/by-sa\/4.0\/legalcode\" rel=\"license\">CC BY-SA 4.0<\/a><a href=\"https:\/\/creativecommons.org\/licenses\/by\/3.0\/legalcode\" rel=\"license\"> \/ <\/a><a href=\"https:\/\/commons.wikimedia.org\/wiki\/User:Jordiferrer\">Jordiferrer<\/a><a href=\"https:\/\/creativecommons.org\/licenses\/by\/3.0\/legalcode\" rel=\"license\">, <\/a><a href=\"https:\/\/commons.wikimedia.org\/wiki\/File:Temple del Sagrat Cor vist des de la Talaia del Tibidabo.JPG\">Temple del Sagrat Cor vist des de la Talaia del Tibidabo<\/a><a href=\"https:\/\/creativecommons.org\/licenses\/by\/3.0\/legalcode\" rel=\"license\">, <\/a><a href=\"https:\/\/creativecommons.org\/licenses\/by-sa\/3.0\/legalcode\" rel=\"license\">CC BY-SA 3.0<\/a><a href=\"https:\/\/creativecommons.org\/licenses\/by\/3.0\/legalcode\" rel=\"license\"> \/ <\/a><a href=\"https:\/\/commons.wikimedia.org\/wiki\/User:Freepenguin\">Freepenguin<\/a><a href=\"https:\/\/creativecommons.org\/licenses\/by\/3.0\/legalcode\" rel=\"license\">, <\/a><a href=\"https:\/\/commons.wikimedia.org\/wiki\/File:Barcelona 4424.JPG\">Barcelona 4424<\/a><a href=\"https:\/\/creativecommons.org\/licenses\/by\/3.0\/legalcode\" rel=\"license\">, <\/a><a href=\"https:\/\/creativecommons.org\/licenses\/by-sa\/3.0\/legalcode\" rel=\"license\">CC BY-SA 3.0<\/a><a href=\"https:\/\/creativecommons.org\/licenses\/by\/3.0\/legalcode\" rel=\"license\"> \/ <\/a><a href=\"https:\/\/commons.wikimedia.org\/wiki\/User:Coldcreation\">Coldcreation<\/a><a href=\"https:\/\/creativecommons.org\/licenses\/by\/3.0\/legalcode\" rel=\"license\">, <\/a><a href=\"https:\/\/commons.wikimedia.org\/wiki\/File:Cascada del Parque de la Ciudadela, Barcelona DSC01898.jpg\">Cascada del Parque de la Ciudadela, Barcelona DSC01898<\/a><a href=\"https:\/\/creativecommons.org\/licenses\/by\/3.0\/legalcode\" rel=\"license\">, <\/a><a href=\"https:\/\/creativecommons.org\/licenses\/by-sa\/3.0\/es\/deed.en\" rel=\"license\">CC BY-SA 3.0 ES<\/a><a href=\"https:\/\/creativecommons.org\/licenses\/by\/3.0\/legalcode\" rel=\"license\"> \/ <\/a><a href=\"https:\/\/www.flickr.com\/people\/63127193@N06\">Alain Rouiller<\/a><a href=\"https:\/\/creativecommons.org\/licenses\/by\/3.0\/legalcode\" rel=\"license\">, <\/a><a href=\"https:\/\/commons.wikimedia.org\/wiki\/File:Barcelona Mercat Boqueria 24 (8311580822).jpg\">Barcelona Mercat Boqueria 24 (8311580822)<\/a><a href=\"https:\/\/creativecommons.org\/licenses\/by\/3.0\/legalcode\" rel=\"license\">, <\/a><a href=\"https:\/\/creativecommons.org\/licenses\/by-sa\/2.0\/legalcode\" rel=\"license\">CC BY-SA 2.0<\/a><a href=\"https:\/\/creativecommons.org\/licenses\/by\/3.0\/legalcode\" rel=\"license\"> \/ <\/a><a href=\"https:\/\/commons.wikimedia.org\/wiki\/User:Jordiferrer\">Jordiferrer<\/a><a href=\"https:\/\/creativecommons.org\/licenses\/by\/3.0\/legalcode\" rel=\"license\">, <\/a><a href=\"https:\/\/commons.wikimedia.org\/wiki\/File:Vista des de la Torre de Sant Sebasti\u00e0 - 04.JPG\">Vista des de la Torre de Sant Sebasti\u00e0 &#8211; 04<\/a><a href=\"https:\/\/creativecommons.org\/licenses\/by\/3.0\/legalcode\" rel=\"license\">, <\/a><a href=\"https:\/\/creativecommons.org\/licenses\/by-sa\/4.0\/legalcode\" rel=\"license\">CC BY-SA 4.0<\/a><a href=\"https:\/\/creativecommons.org\/licenses\/by\/3.0\/legalcode\" rel=\"license\"> \/ <\/a><a href=\"https:\/\/commons.wikimedia.org\/wiki\/User:Ayman.antar7\">Ayman.antar7<\/a><a href=\"https:\/\/creativecommons.org\/licenses\/by\/3.0\/legalcode\" rel=\"license\">, <\/a><a href=\"https:\/\/commons.wikimedia.org\/wiki\/File:El Camp Nou en un partido de la Uefa Champions League.jpg\">El Camp Nou en un partido de la Uefa Champions League<\/a><a href=\"https:\/\/creativecommons.org\/licenses\/by\/3.0\/legalcode\" rel=\"license\">, <\/a><a href=\"https:\/\/creativecommons.org\/licenses\/by-sa\/4.0\/legalcode\" rel=\"license\">CC BY-SA 4.0<\/a><br \/>\nEnglish version: Machine translation by DeepL<\/p>\n<\/div><div class=\"fusion-clearfix\"><\/div><\/div><\/div><\/div><\/div>\n","protected":false},"excerpt":{"rendered":"","protected":false},"author":1,"featured_media":0,"parent":59771,"menu_order":0,"comment_status":"closed","ping_status":"closed","template":"","meta":{"_exactmetrics_skip_tracking":false,"_exactmetrics_sitenote_active":false,"_exactmetrics_sitenote_note":"","_exactmetrics_sitenote_category":0,"_monsterinsights_skip_tracking":false,"_monsterinsights_sitenote_active":false,"_monsterinsights_sitenote_note":"","_monsterinsights_sitenote_category":0,"footnotes":""},"yoast_head":"<!-- This site is optimized with the Yoast SEO plugin v24.5 - https:\/\/yoast.com\/wordpress\/plugins\/seo\/ -->\n<title>Barcelona - SMARTTRAVELERS<\/title>\n<meta name=\"description\" content=\"Why and for whom is Barcelona worth a visit, best time to travel, getting there, shopping, food and drink, nightlife and entertainment, sights.\" \/>\n<meta name=\"robots\" content=\"index, follow, max-snippet:-1, max-image-preview:large, max-video-preview:-1\" \/>\n<link rel=\"canonical\" href=\"https:\/\/www.smarttravelers.de\/en\/spain\/barcelona\/\" \/>\n<meta property=\"og:locale\" content=\"en_US\" \/>\n<meta property=\"og:type\" content=\"article\" \/>\n<meta property=\"og:title\" content=\"Barcelona - SMARTTRAVELERS\" \/>\n<meta property=\"og:description\" content=\"Why and for whom is Barcelona worth a visit, best time to travel, getting there, shopping, food and drink, nightlife and entertainment, sights.\" \/>\n<meta property=\"og:url\" content=\"https:\/\/www.smarttravelers.de\/en\/spain\/barcelona\/\" \/>\n<meta property=\"og:site_name\" content=\"SMARTTRAVELERS\" \/>\n<meta property=\"article:publisher\" content=\"https:\/\/www.facebook.com\/smarttravelers\/\" \/>\n<meta property=\"article:modified_time\" content=\"2020-11-03T23:19:27+00:00\" \/>\n<meta name=\"twitter:label1\" content=\"Est. reading time\" \/>\n\t<meta name=\"twitter:data1\" content=\"41 minutes\" \/>\n<script type=\"application\/ld+json\" class=\"yoast-schema-graph\">{\"@context\":\"https:\/\/schema.org\",\"@graph\":[{\"@type\":\"WebPage\",\"@id\":\"https:\/\/www.smarttravelers.de\/en\/spain\/barcelona\/\",\"url\":\"https:\/\/www.smarttravelers.de\/en\/spain\/barcelona\/\",\"name\":\"Barcelona - SMARTTRAVELERS\",\"isPartOf\":{\"@id\":\"https:\/\/www.smarttravelers.de\/en\/#website\"},\"datePublished\":\"2018-06-08T08:56:00+00:00\",\"dateModified\":\"2020-11-03T23:19:27+00:00\",\"description\":\"Why and for whom is Barcelona worth a visit, best time to travel, getting there, shopping, food and drink, nightlife and entertainment, sights.\",\"breadcrumb\":{\"@id\":\"https:\/\/www.smarttravelers.de\/en\/spain\/barcelona\/#breadcrumb\"},\"inLanguage\":\"en-US\",\"potentialAction\":[{\"@type\":\"ReadAction\",\"target\":[\"https:\/\/www.smarttravelers.de\/en\/spain\/barcelona\/\"]}]},{\"@type\":\"BreadcrumbList\",\"@id\":\"https:\/\/www.smarttravelers.de\/en\/spain\/barcelona\/#breadcrumb\",\"itemListElement\":[{\"@type\":\"ListItem\",\"position\":1,\"name\":\"Home\",\"item\":\"https:\/\/www.smarttravelers.de\/en\/\"},{\"@type\":\"ListItem\",\"position\":2,\"name\":\"Spain\",\"item\":\"https:\/\/www.smarttravelers.de\/en\/spain\/\"},{\"@type\":\"ListItem\",\"position\":3,\"name\":\"Barcelona\"}]},{\"@type\":\"WebSite\",\"@id\":\"https:\/\/www.smarttravelers.de\/en\/#website\",\"url\":\"https:\/\/www.smarttravelers.de\/en\/\",\"name\":\"SMARTTRAVELERS\",\"description\":\"Deine kostenlose Quelle f\u00fcr Reiseinformationen und Reiseinspirationen\",\"publisher\":{\"@id\":\"https:\/\/www.smarttravelers.de\/en\/#organization\"},\"potentialAction\":[{\"@type\":\"SearchAction\",\"target\":{\"@type\":\"EntryPoint\",\"urlTemplate\":\"https:\/\/www.smarttravelers.de\/en\/?s={search_term_string}\"},\"query-input\":{\"@type\":\"PropertyValueSpecification\",\"valueRequired\":true,\"valueName\":\"search_term_string\"}}],\"inLanguage\":\"en-US\"},{\"@type\":\"Organization\",\"@id\":\"https:\/\/www.smarttravelers.de\/en\/#organization\",\"name\":\"SMARTTRAVELERS\",\"url\":\"https:\/\/www.smarttravelers.de\/en\/\",\"logo\":{\"@type\":\"ImageObject\",\"inLanguage\":\"en-US\",\"@id\":\"https:\/\/www.smarttravelers.de\/en\/#\/schema\/logo\/image\/\",\"url\":\"https:\/\/www.smarttravelers.de\/wp-content\/uploads\/2022\/08\/Logo-smarttravelers.png\",\"contentUrl\":\"https:\/\/www.smarttravelers.de\/wp-content\/uploads\/2022\/08\/Logo-smarttravelers.png\",\"width\":192,\"height\":186,\"caption\":\"SMARTTRAVELERS\"},\"image\":{\"@id\":\"https:\/\/www.smarttravelers.de\/en\/#\/schema\/logo\/image\/\"},\"sameAs\":[\"https:\/\/www.facebook.com\/smarttravelers\/\"]}]}<\/script>\n<!-- \/ Yoast SEO plugin. -->","yoast_head_json":{"title":"Barcelona - SMARTTRAVELERS","description":"Why and for whom is Barcelona worth a visit, best time to travel, getting there, shopping, food and drink, nightlife and entertainment, sights.","robots":{"index":"index","follow":"follow","max-snippet":"max-snippet:-1","max-image-preview":"max-image-preview:large","max-video-preview":"max-video-preview:-1"},"canonical":"https:\/\/www.smarttravelers.de\/en\/spain\/barcelona\/","og_locale":"en_US","og_type":"article","og_title":"Barcelona - SMARTTRAVELERS","og_description":"Why and for whom is Barcelona worth a visit, best time to travel, getting there, shopping, food and drink, nightlife and entertainment, sights.","og_url":"https:\/\/www.smarttravelers.de\/en\/spain\/barcelona\/","og_site_name":"SMARTTRAVELERS","article_publisher":"https:\/\/www.facebook.com\/smarttravelers\/","article_modified_time":"2020-11-03T23:19:27+00:00","twitter_misc":{"Est. reading time":"41 minutes"},"schema":{"@context":"https:\/\/schema.org","@graph":[{"@type":"WebPage","@id":"https:\/\/www.smarttravelers.de\/en\/spain\/barcelona\/","url":"https:\/\/www.smarttravelers.de\/en\/spain\/barcelona\/","name":"Barcelona - SMARTTRAVELERS","isPartOf":{"@id":"https:\/\/www.smarttravelers.de\/en\/#website"},"datePublished":"2018-06-08T08:56:00+00:00","dateModified":"2020-11-03T23:19:27+00:00","description":"Why and for whom is Barcelona worth a visit, best time to travel, getting there, shopping, food and drink, nightlife and entertainment, sights.","breadcrumb":{"@id":"https:\/\/www.smarttravelers.de\/en\/spain\/barcelona\/#breadcrumb"},"inLanguage":"en-US","potentialAction":[{"@type":"ReadAction","target":["https:\/\/www.smarttravelers.de\/en\/spain\/barcelona\/"]}]},{"@type":"BreadcrumbList","@id":"https:\/\/www.smarttravelers.de\/en\/spain\/barcelona\/#breadcrumb","itemListElement":[{"@type":"ListItem","position":1,"name":"Home","item":"https:\/\/www.smarttravelers.de\/en\/"},{"@type":"ListItem","position":2,"name":"Spain","item":"https:\/\/www.smarttravelers.de\/en\/spain\/"},{"@type":"ListItem","position":3,"name":"Barcelona"}]},{"@type":"WebSite","@id":"https:\/\/www.smarttravelers.de\/en\/#website","url":"https:\/\/www.smarttravelers.de\/en\/","name":"SMARTTRAVELERS","description":"Deine kostenlose Quelle f\u00fcr Reiseinformationen und Reiseinspirationen","publisher":{"@id":"https:\/\/www.smarttravelers.de\/en\/#organization"},"potentialAction":[{"@type":"SearchAction","target":{"@type":"EntryPoint","urlTemplate":"https:\/\/www.smarttravelers.de\/en\/?s={search_term_string}"},"query-input":{"@type":"PropertyValueSpecification","valueRequired":true,"valueName":"search_term_string"}}],"inLanguage":"en-US"},{"@type":"Organization","@id":"https:\/\/www.smarttravelers.de\/en\/#organization","name":"SMARTTRAVELERS","url":"https:\/\/www.smarttravelers.de\/en\/","logo":{"@type":"ImageObject","inLanguage":"en-US","@id":"https:\/\/www.smarttravelers.de\/en\/#\/schema\/logo\/image\/","url":"https:\/\/www.smarttravelers.de\/wp-content\/uploads\/2022\/08\/Logo-smarttravelers.png","contentUrl":"https:\/\/www.smarttravelers.de\/wp-content\/uploads\/2022\/08\/Logo-smarttravelers.png","width":192,"height":186,"caption":"SMARTTRAVELERS"},"image":{"@id":"https:\/\/www.smarttravelers.de\/en\/#\/schema\/logo\/image\/"},"sameAs":["https:\/\/www.facebook.com\/smarttravelers\/"]}]}},"_links":{"self":[{"href":"https:\/\/www.smarttravelers.de\/en\/wp-json\/wp\/v2\/pages\/59897"}],"collection":[{"href":"https:\/\/www.smarttravelers.de\/en\/wp-json\/wp\/v2\/pages"}],"about":[{"href":"https:\/\/www.smarttravelers.de\/en\/wp-json\/wp\/v2\/types\/page"}],"author":[{"embeddable":true,"href":"https:\/\/www.smarttravelers.de\/en\/wp-json\/wp\/v2\/users\/1"}],"replies":[{"embeddable":true,"href":"https:\/\/www.smarttravelers.de\/en\/wp-json\/wp\/v2\/comments?post=59897"}],"version-history":[{"count":16,"href":"https:\/\/www.smarttravelers.de\/en\/wp-json\/wp\/v2\/pages\/59897\/revisions"}],"predecessor-version":[{"id":74238,"href":"https:\/\/www.smarttravelers.de\/en\/wp-json\/wp\/v2\/pages\/59897\/revisions\/74238"}],"up":[{"embeddable":true,"href":"https:\/\/www.smarttravelers.de\/en\/wp-json\/wp\/v2\/pages\/59771"}],"wp:attachment":[{"href":"https:\/\/www.smarttravelers.de\/en\/wp-json\/wp\/v2\/media?parent=59897"}],"curies":[{"name":"wp","href":"https:\/\/api.w.org\/{rel}","templated":true}]}}