{"id":71970,"date":"2020-01-23T10:40:05","date_gmt":"2020-01-23T08:40:05","guid":{"rendered":"https:\/\/www.smarttravelers.de\/belgien\/bruessel\/"},"modified":"2020-12-22T01:08:51","modified_gmt":"2020-12-21T23:08:51","slug":"bruessel","status":"publish","type":"page","link":"https:\/\/www.smarttravelers.de\/en\/belgium\/brussels\/","title":{"rendered":"Brussels"},"content":{"rendered":"<div class=\"fusion-fullwidth fullwidth-box fusion-builder-row-1 nonhundred-percent-fullwidth non-hundred-percent-height-scrolling\" style=\"background-color: #ffffff;background-position: center center;background-repeat: no-repeat;padding-top:0px;padding-right:0px;padding-bottom:0px;padding-left:0px;margin-bottom: 0px;margin-top: 0px;border-width: 0px 0px 0px 0px;border-color:rgba(255,255,255,0);border-style:solid;\" ><div class=\"fusion-builder-row fusion-row\"><div class=\"fusion-layout-column fusion_builder_column fusion-builder-column-0 fusion_builder_column_1_1 1_1 fusion-one-full fusion-column-first fusion-column-last\" style=\"margin-top:0px;margin-bottom:20px;\"><div class=\"fusion-column-wrapper fusion-flex-column-wrapper-legacy\" style=\"background-position:left top;background-repeat:no-repeat;-webkit-background-size:cover;-moz-background-size:cover;-o-background-size:cover;background-size:cover;padding: 0px 0px 0px 0px;\"><style type=\"text\/css\"><\/style><div class=\"fusion-title title fusion-title-1 fusion-sep-none fusion-title-center fusion-title-text fusion-title-size-one\" style=\"margin-top:0px;margin-right:0px;margin-bottom:31px;margin-left:0px;\"><h1 class=\"title-heading-center\" style=\"margin:0;\"><h1 style=\"text-align: center;\"><strong>BRUSSELS<\/strong><\/h1><\/h1><\/div><div class=\"fusion-sep-clear\"><\/div><div class=\"fusion-separator\" style=\"margin-left: auto;margin-right: auto;margin-top:5px;margin-bottom:30px;width:100%;max-width:150px;\"><div class=\"fusion-separator-border sep-single sep-solid\" style=\"border-color:#e0dede;border-top-width:1px;\"><\/div><\/div><div class=\"fusion-sep-clear\"><\/div><div class=\"fusion-clearfix\"><\/div><\/div><\/div><\/div><\/div><div class=\"fusion-fullwidth fullwidth-box fusion-builder-row-2 nonhundred-percent-fullwidth non-hundred-percent-height-scrolling\" style=\"background-color: #ffffff;background-position: center center;background-repeat: no-repeat;padding-top:0px;padding-right:10%;padding-bottom:0px;padding-left:10%;margin-bottom: 40px;margin-top: 0px;border-width: 0px 0px 0px 0px;border-color:rgba(255,255,255,0);border-style:solid;\" ><div class=\"fusion-builder-row fusion-row\"><div class=\"fusion-layout-column fusion_builder_column fusion-builder-column-1 fusion_builder_column_1_6 1_6 fusion-one-sixth fusion-column-first\" style=\"width:16.6666666667%;width:calc(16.6666666667% - ( ( 4% + 4% + 4% + 4% + 4% ) * 0.166666666667 ) );margin-right: 4%;margin-top:0px;margin-bottom:20px;\"><div class=\"fusion-column-wrapper fusion-flex-column-wrapper-legacy\" style=\"background-position:left top;background-repeat:no-repeat;-webkit-background-size:cover;-moz-background-size:cover;-o-background-size:cover;background-size:cover;padding: 0px 0px 0px 0px;\"><div class=\"imageframe-align-center\"><span class=\" fusion-imageframe imageframe-none imageframe-1 hover-type-none\"><a class=\"fusion-no-lightbox\" href=\"#wen\" target=\"_self\" aria-label=\"icon_person\"><img decoding=\"async\" width=\"68\" height=\"68\" src=\"http:\/\/www.smarttravelers.de\/wp-content\/uploads\/2018\/02\/icon_person-1.png\" class=\"img-responsive wp-image-34575\" srcset=\"https:\/\/www.smarttravelers.de\/wp-content\/uploads\/2018\/02\/icon_person-1-66x66.png 66w, https:\/\/www.smarttravelers.de\/wp-content\/uploads\/2018\/02\/icon_person-1.png 68w\" sizes=\"(max-width: 68px) 100vw, 68px\" \/><\/a><\/span><\/div><div class=\"fusion-clearfix\"><\/div><\/div><\/div><div class=\"fusion-layout-column fusion_builder_column fusion-builder-column-2 fusion_builder_column_1_6 1_6 fusion-one-sixth\" style=\"width:16.6666666667%;width:calc(16.6666666667% - ( ( 4% + 4% + 4% + 4% + 4% ) * 0.166666666667 ) );margin-right: 4%;margin-top:0px;margin-bottom:20px;\"><div class=\"fusion-column-wrapper fusion-flex-column-wrapper-legacy\" style=\"background-position:left top;background-repeat:no-repeat;-webkit-background-size:cover;-moz-background-size:cover;-o-background-size:cover;background-size:cover;padding: 0px 0px 0px 0px;\"><div class=\"imageframe-align-center\"><span class=\" fusion-imageframe imageframe-none imageframe-2 hover-type-none\"><a class=\"fusion-no-lightbox\" href=\"#wann\" target=\"_self\" aria-label=\"icon_kalender\"><img decoding=\"async\" width=\"68\" height=\"68\" src=\"http:\/\/www.smarttravelers.de\/wp-content\/uploads\/2018\/02\/icon_kalender-2.png\" class=\"img-responsive wp-image-34571\" srcset=\"https:\/\/www.smarttravelers.de\/wp-content\/uploads\/2018\/02\/icon_kalender-2-66x66.png 66w, https:\/\/www.smarttravelers.de\/wp-content\/uploads\/2018\/02\/icon_kalender-2.png 68w\" sizes=\"(max-width: 68px) 100vw, 68px\" \/><\/a><\/span><\/div><div class=\"fusion-clearfix\"><\/div><\/div><\/div><div class=\"fusion-layout-column fusion_builder_column fusion-builder-column-3 fusion_builder_column_1_6 1_6 fusion-one-sixth\" style=\"width:16.6666666667%;width:calc(16.6666666667% - ( ( 4% + 4% + 4% + 4% + 4% ) * 0.166666666667 ) );margin-right: 4%;margin-top:0px;margin-bottom:20px;\"><div class=\"fusion-column-wrapper fusion-flex-column-wrapper-legacy\" style=\"background-position:left top;background-repeat:no-repeat;-webkit-background-size:cover;-moz-background-size:cover;-o-background-size:cover;background-size:cover;padding: 0px 0px 0px 0px;\"><div class=\"imageframe-align-center\"><span class=\" fusion-imageframe imageframe-none imageframe-3 hover-type-none\"><a class=\"fusion-no-lightbox\" href=\"#wohin\" target=\"_self\" aria-label=\"trinken\"><img decoding=\"async\" width=\"68\" height=\"68\" src=\"http:\/\/www.smarttravelers.de\/wp-content\/uploads\/2018\/02\/trinken-2.png\" class=\"img-responsive wp-image-34580\" srcset=\"https:\/\/www.smarttravelers.de\/wp-content\/uploads\/2018\/02\/trinken-2-66x66.png 66w, https:\/\/www.smarttravelers.de\/wp-content\/uploads\/2018\/02\/trinken-2.png 68w\" sizes=\"(max-width: 68px) 100vw, 68px\" \/><\/a><\/span><\/div><div class=\"fusion-clearfix\"><\/div><\/div><\/div><div class=\"fusion-layout-column fusion_builder_column fusion-builder-column-4 fusion_builder_column_1_6 1_6 fusion-one-sixth\" style=\"width:16.6666666667%;width:calc(16.6666666667% - ( ( 4% + 4% + 4% + 4% + 4% ) * 0.166666666667 ) );margin-right: 4%;margin-top:0px;margin-bottom:20px;\"><div class=\"fusion-column-wrapper fusion-flex-column-wrapper-legacy\" style=\"background-position:left top;background-repeat:no-repeat;-webkit-background-size:cover;-moz-background-size:cover;-o-background-size:cover;background-size:cover;padding: 0px 0px 0px 0px;\"><div class=\"imageframe-align-center\"><span class=\" fusion-imageframe imageframe-none imageframe-4 hover-type-none\"><a class=\"fusion-no-lightbox\" href=\"#was\" target=\"_self\" aria-label=\"icon_sehensw\u00fcrdigkeiten\"><img decoding=\"async\" width=\"68\" height=\"68\" src=\"http:\/\/www.smarttravelers.de\/wp-content\/uploads\/2018\/02\/icon_sehensw\u00fcrdigkeiten-1.png\" class=\"img-responsive wp-image-34576\" srcset=\"https:\/\/www.smarttravelers.de\/wp-content\/uploads\/2018\/02\/icon_sehensw\u00fcrdigkeiten-1-66x66.png 66w, https:\/\/www.smarttravelers.de\/wp-content\/uploads\/2018\/02\/icon_sehensw\u00fcrdigkeiten-1.png 68w\" sizes=\"(max-width: 68px) 100vw, 68px\" \/><\/a><\/span><\/div><div class=\"fusion-clearfix\"><\/div><\/div><\/div><div class=\"fusion-layout-column fusion_builder_column fusion-builder-column-5 fusion_builder_column_1_6 1_6 fusion-one-sixth\" style=\"width:16.6666666667%;width:calc(16.6666666667% - ( ( 4% + 4% + 4% + 4% + 4% ) * 0.166666666667 ) );margin-right: 4%;margin-top:0px;margin-bottom:20px;\"><div class=\"fusion-column-wrapper fusion-flex-column-wrapper-legacy\" style=\"background-position:left top;background-repeat:no-repeat;-webkit-background-size:cover;-moz-background-size:cover;-o-background-size:cover;background-size:cover;padding: 0px 0px 0px 0px;\"><div class=\"imageframe-align-center\"><span class=\" fusion-imageframe imageframe-none imageframe-5 hover-type-none\"><a class=\"fusion-no-lightbox\" href=\"#fluege\" target=\"_self\" aria-label=\"icon_fluege\"><img decoding=\"async\" width=\"68\" height=\"68\" src=\"http:\/\/www.smarttravelers.de\/wp-content\/uploads\/2018\/03\/icon_fluege.png\" class=\"img-responsive wp-image-59943\" srcset=\"https:\/\/www.smarttravelers.de\/wp-content\/uploads\/2018\/03\/icon_fluege-66x66.png 66w, https:\/\/www.smarttravelers.de\/wp-content\/uploads\/2018\/03\/icon_fluege.png 68w\" sizes=\"(max-width: 68px) 100vw, 68px\" \/><\/a><\/span><\/div><div class=\"fusion-clearfix\"><\/div><\/div><\/div><div class=\"fusion-layout-column fusion_builder_column fusion-builder-column-6 fusion_builder_column_1_6 1_6 fusion-one-sixth fusion-column-last\" style=\"width:16.6666666667%;width:calc(16.6666666667% - ( ( 4% + 4% + 4% + 4% + 4% ) * 0.166666666667 ) );margin-top:0px;margin-bottom:20px;\"><div class=\"fusion-column-wrapper fusion-flex-column-wrapper-legacy\" style=\"background-position:left top;background-repeat:no-repeat;-webkit-background-size:cover;-moz-background-size:cover;-o-background-size:cover;background-size:cover;padding: 0px 0px 0px 0px;\"><div class=\"imageframe-align-center\"><span class=\" fusion-imageframe imageframe-none imageframe-6 hover-type-none\"><a class=\"fusion-no-lightbox\" href=\"#hotels\" target=\"_self\" aria-label=\"iconhotels\"><img decoding=\"async\" width=\"68\" height=\"68\" src=\"http:\/\/www.smarttravelers.de\/wp-content\/uploads\/2018\/03\/iconhotels.png\" class=\"img-responsive wp-image-59956\" srcset=\"https:\/\/www.smarttravelers.de\/wp-content\/uploads\/2018\/03\/iconhotels-66x66.png 66w, https:\/\/www.smarttravelers.de\/wp-content\/uploads\/2018\/03\/iconhotels.png 68w\" sizes=\"(max-width: 68px) 100vw, 68px\" \/><\/a><\/span><\/div><div class=\"fusion-clearfix\"><\/div><\/div><\/div><\/div><\/div>\n<div class=\"fusion-fullwidth fullwidth-box fusion-builder-row-3 nonhundred-percent-fullwidth non-hundred-percent-height-scrolling\" style=\"background-color: #ffffff;background-position: center center;background-repeat: no-repeat;padding-top:0px;padding-right:0px;padding-bottom:0px;padding-left:0px;margin-bottom: 0px;margin-top: 0px;border-width: 0px 0px 0px 0px;border-color:rgba(255,255,255,0);border-style:solid;\" ><div class=\"fusion-builder-row fusion-row\"><div class=\"fusion-layout-column fusion_builder_column fusion-builder-column-7 fusion_builder_column_1_1 1_1 fusion-one-full fusion-column-first fusion-column-last\" style=\"margin-top:0px;margin-bottom:20px;\"><div class=\"fusion-column-wrapper fusion-flex-column-wrapper-legacy\" style=\"background-position:left top;background-repeat:no-repeat;-webkit-background-size:cover;-moz-background-size:cover;-o-background-size:cover;background-size:cover;padding: 0px 0px 0px 0px;\">\n<div class=\"fusion-slider-revolution rev_slider_wrapper\">\t\t\t<!-- START Br\u00fcssel REVOLUTION SLIDER 6.2.1 --><p class=\"rs-p-wp-fix\"><\/p>\n\t\t\t<rs-module-wrap id=\"rev_slider_1414_1_wrapper\" data-source=\"gallery\" style=\"background:transparent;padding:0;margin:0px auto;margin-top:0;margin-bottom:0;\">\n\t\t\t\t<rs-module id=\"rev_slider_1414_1\" style=\"display:none;\" data-version=\"6.2.1\">\n\t\t\t\t\t<rs-slides>\n\t\t\t\t\t\t<rs-slide data-key=\"rs-4837\" data-title=\"Slide\" data-thumb=\"\/\/www.smarttravelers.de\/wp-content\/uploads\/2020\/01\/Atomium2-100x50.jpg\" data-anim=\"ei:d;eo:d;s:600;r:0;t:fade;sl:d;\">\n\t\t\t\t\t\t\t<img decoding=\"async\" src=\"\/\/www.smarttravelers.de\/wp-content\/plugins\/revslider\/public\/assets\/assets\/dummy.png\" title=\"Brussels\" data-lazyload=\"\/\/www.smarttravelers.de\/wp-content\/uploads\/2020\/01\/Atomium2.jpg\" data-parallax=\"off\" class=\"rev-slidebg\" data-no-retina>\n<!---->\t\t\t\t\t\t<\/rs-slide>\n\t\t\t\t\t\t<rs-slide data-key=\"rs-4829\" data-title=\"Slide\" data-thumb=\"\/\/www.smarttravelers.de\/wp-content\/uploads\/2020\/01\/Rathaus-Br\u00fcssel3-100x50.jpg\" data-anim=\"ei:d;eo:d;s:600;r:0;t:fade;sl:d;\">\n\t\t\t\t\t\t\t<img decoding=\"async\" src=\"\/\/www.smarttravelers.de\/wp-content\/plugins\/revslider\/public\/assets\/assets\/dummy.png\" title=\"Brussels\" data-lazyload=\"\/\/www.smarttravelers.de\/wp-content\/uploads\/2020\/01\/Rathaus-Br\u00fcssel3.jpg\" data-parallax=\"off\" class=\"rev-slidebg\" data-no-retina>\n<!---->\t\t\t\t\t\t<\/rs-slide>\n\t\t\t\t\t\t<rs-slide data-key=\"rs-4839\" data-title=\"Slide\" data-thumb=\"\/\/www.smarttravelers.de\/wp-content\/uploads\/2020\/01\/Grand-Place1-100x50.jpg\" data-anim=\"ei:d;eo:d;s:600;r:0;t:fade;sl:d;\">\n\t\t\t\t\t\t\t<img decoding=\"async\" src=\"\/\/www.smarttravelers.de\/wp-content\/plugins\/revslider\/public\/assets\/assets\/dummy.png\" title=\"Brussels\" data-lazyload=\"\/\/www.smarttravelers.de\/wp-content\/uploads\/2020\/01\/Grand-Place1.jpg\" data-parallax=\"off\" class=\"rev-slidebg\" data-no-retina>\n<!---->\t\t\t\t\t\t<\/rs-slide>\n\t\t\t\t\t\t<rs-slide data-key=\"rs-4836\" data-title=\"Slide\" data-thumb=\"\/\/www.smarttravelers.de\/wp-content\/uploads\/2020\/01\/Manneken-Pis2-100x50.jpg\" data-anim=\"ei:d;eo:d;s:600;r:0;t:fade;sl:d;\">\n\t\t\t\t\t\t\t<img decoding=\"async\" src=\"\/\/www.smarttravelers.de\/wp-content\/plugins\/revslider\/public\/assets\/assets\/dummy.png\" title=\"Brussels\" data-lazyload=\"\/\/www.smarttravelers.de\/wp-content\/uploads\/2020\/01\/Manneken-Pis2.jpg\" data-parallax=\"off\" class=\"rev-slidebg\" data-no-retina>\n<!---->\t\t\t\t\t\t<\/rs-slide>\n\t\t\t\t\t\t<rs-slide data-key=\"rs-4831\" data-title=\"Slide\" data-thumb=\"\/\/www.smarttravelers.de\/wp-content\/uploads\/2020\/01\/Mont-des-Arts1-100x50.jpg\" data-anim=\"ei:d;eo:d;s:600;r:0;t:fade;sl:d;\">\n\t\t\t\t\t\t\t<img decoding=\"async\" src=\"\/\/www.smarttravelers.de\/wp-content\/plugins\/revslider\/public\/assets\/assets\/dummy.png\" title=\"Brussels\" data-lazyload=\"\/\/www.smarttravelers.de\/wp-content\/uploads\/2020\/01\/Mont-des-Arts1.jpg\" data-parallax=\"off\" class=\"rev-slidebg\" data-no-retina>\n<!---->\t\t\t\t\t\t<\/rs-slide>\n\t\t\t\t\t\t<rs-slide data-key=\"rs-4835\" data-title=\"Slide\" data-thumb=\"\/\/www.smarttravelers.de\/wp-content\/uploads\/2020\/01\/Place-Royale1-100x50.jpg\" data-anim=\"ei:d;eo:d;s:600;r:0;t:fade;sl:d;\">\n\t\t\t\t\t\t\t<img decoding=\"async\" src=\"\/\/www.smarttravelers.de\/wp-content\/plugins\/revslider\/public\/assets\/assets\/dummy.png\" title=\"Brussels\" data-lazyload=\"\/\/www.smarttravelers.de\/wp-content\/uploads\/2020\/01\/Place-Royale1.jpg\" data-parallax=\"off\" class=\"rev-slidebg\" data-no-retina>\n<!---->\t\t\t\t\t\t<\/rs-slide>\n\t\t\t\t\t\t<rs-slide data-key=\"rs-4832\" data-title=\"Slide\" data-thumb=\"\/\/www.smarttravelers.de\/wp-content\/uploads\/2020\/01\/Jubelpark1-100x50.jpg\" data-anim=\"ei:d;eo:d;s:600;r:0;t:fade;sl:d;\">\n\t\t\t\t\t\t\t<img decoding=\"async\" src=\"\/\/www.smarttravelers.de\/wp-content\/plugins\/revslider\/public\/assets\/assets\/dummy.png\" title=\"Brussels\" data-lazyload=\"\/\/www.smarttravelers.de\/wp-content\/uploads\/2020\/01\/Jubelpark1.jpg\" data-parallax=\"off\" class=\"rev-slidebg\" data-no-retina>\n<!---->\t\t\t\t\t\t<\/rs-slide>\n\t\t\t\t\t\t<rs-slide data-key=\"rs-4834\" data-title=\"Slide\" data-thumb=\"\/\/www.smarttravelers.de\/wp-content\/uploads\/2020\/01\/Mini-Europa2-100x50.jpg\" data-anim=\"ei:d;eo:d;s:600;r:0;t:fade;sl:d;\">\n\t\t\t\t\t\t\t<img decoding=\"async\" src=\"\/\/www.smarttravelers.de\/wp-content\/plugins\/revslider\/public\/assets\/assets\/dummy.png\" title=\"Brussels\" data-lazyload=\"\/\/www.smarttravelers.de\/wp-content\/uploads\/2020\/01\/Mini-Europa2.jpg\" data-parallax=\"off\" class=\"rev-slidebg\" data-no-retina>\n<!---->\t\t\t\t\t\t<\/rs-slide>\n\t\t\t\t\t\t<rs-slide data-key=\"rs-4840\" data-title=\"Slide\" data-thumb=\"\/\/www.smarttravelers.de\/wp-content\/uploads\/2020\/01\/Berlaymont-Geb\u00e4ude2-100x50.jpg\" data-anim=\"ei:d;eo:d;s:600;r:0;t:fade;sl:d;\">\n\t\t\t\t\t\t\t<img decoding=\"async\" src=\"\/\/www.smarttravelers.de\/wp-content\/plugins\/revslider\/public\/assets\/assets\/dummy.png\" title=\"Brussels\" data-lazyload=\"\/\/www.smarttravelers.de\/wp-content\/uploads\/2020\/01\/Berlaymont-Geb\u00e4ude2.jpg\" data-parallax=\"off\" class=\"rev-slidebg\" data-no-retina>\n<!---->\t\t\t\t\t\t<\/rs-slide>\n\t\t\t\t\t\t<rs-slide data-key=\"rs-4844\" data-title=\"Slide\" data-thumb=\"\/\/www.smarttravelers.de\/wp-content\/uploads\/2020\/01\/Justizpalast-Br\u00fcssel2-100x50.jpg\" data-anim=\"ei:d;eo:d;s:600;r:0;t:fade;sl:d;\">\n\t\t\t\t\t\t\t<img decoding=\"async\" src=\"\/\/www.smarttravelers.de\/wp-content\/plugins\/revslider\/public\/assets\/assets\/dummy.png\" title=\"Brussels\" data-lazyload=\"\/\/www.smarttravelers.de\/wp-content\/uploads\/2020\/01\/Justizpalast-Br\u00fcssel2.jpg\" data-parallax=\"off\" class=\"rev-slidebg\" data-no-retina>\n<!---->\t\t\t\t\t\t<\/rs-slide>\n\t\t\t\t\t\t<rs-slide data-key=\"rs-4838\" data-title=\"Slide\" data-thumb=\"\/\/www.smarttravelers.de\/wp-content\/uploads\/2020\/01\/K\u00f6niglicher-Palast-Br\u00fcssel1-100x50.jpg\" data-anim=\"ei:d;eo:d;s:600;r:0;t:fade;sl:d;\">\n\t\t\t\t\t\t\t<img decoding=\"async\" src=\"\/\/www.smarttravelers.de\/wp-content\/plugins\/revslider\/public\/assets\/assets\/dummy.png\" title=\"Brussels\" data-lazyload=\"\/\/www.smarttravelers.de\/wp-content\/uploads\/2020\/01\/K\u00f6niglicher-Palast-Br\u00fcssel1.jpg\" data-parallax=\"off\" class=\"rev-slidebg\" data-no-retina>\n<!---->\t\t\t\t\t\t<\/rs-slide>\n\t\t\t\t\t\t<rs-slide data-key=\"rs-4827\" data-title=\"Slide\" data-thumb=\"\/\/www.smarttravelers.de\/wp-content\/uploads\/2020\/01\/Schloss-Laeken1-100x50.jpg\" data-anim=\"ei:d;eo:d;s:600;r:0;t:fade;sl:d;\">\n\t\t\t\t\t\t\t<img decoding=\"async\" src=\"\/\/www.smarttravelers.de\/wp-content\/plugins\/revslider\/public\/assets\/assets\/dummy.png\" title=\"Brussels\" data-lazyload=\"\/\/www.smarttravelers.de\/wp-content\/uploads\/2020\/01\/Schloss-Laeken1.jpg\" data-parallax=\"off\" class=\"rev-slidebg\" data-no-retina>\n<!---->\t\t\t\t\t\t<\/rs-slide>\n\t\t\t\t\t\t<rs-slide data-key=\"rs-4843\" data-title=\"Slide\" data-thumb=\"\/\/www.smarttravelers.de\/wp-content\/uploads\/2020\/01\/Kathedrale-St.-Michael-und-St.-Gudula1-100x50.jpg\" data-anim=\"ei:d;eo:d;s:600;r:0;t:fade;sl:d;\">\n\t\t\t\t\t\t\t<img decoding=\"async\" src=\"\/\/www.smarttravelers.de\/wp-content\/plugins\/revslider\/public\/assets\/assets\/dummy.png\" title=\"Brussels\" data-lazyload=\"\/\/www.smarttravelers.de\/wp-content\/uploads\/2020\/01\/Kathedrale-St.-Michael-und-St.-Gudula1.jpg\" data-parallax=\"off\" class=\"rev-slidebg\" data-no-retina>\n<!---->\t\t\t\t\t\t<\/rs-slide>\n\t\t\t\t\t\t<rs-slide data-key=\"rs-4830\" data-title=\"Slide\" data-thumb=\"\/\/www.smarttravelers.de\/wp-content\/uploads\/2020\/01\/Nationalbasilika-des-Heiligen-Herzens3-100x50.jpg\" data-anim=\"ei:d;eo:d;s:600;r:0;t:fade;sl:d;\">\n\t\t\t\t\t\t\t<img decoding=\"async\" src=\"\/\/www.smarttravelers.de\/wp-content\/plugins\/revslider\/public\/assets\/assets\/dummy.png\" title=\"Brussels\" data-lazyload=\"\/\/www.smarttravelers.de\/wp-content\/uploads\/2020\/01\/Nationalbasilika-des-Heiligen-Herzens3.jpg\" data-parallax=\"off\" class=\"rev-slidebg\" data-no-retina>\n<!---->\t\t\t\t\t\t<\/rs-slide>\n\t\t\t\t\t\t<rs-slide data-key=\"rs-4842\" data-title=\"Slide\" data-thumb=\"\/\/www.smarttravelers.de\/wp-content\/uploads\/2020\/01\/Galeries-Royales-Saint-Hubert3-100x50.jpg\" data-anim=\"ei:d;eo:d;s:600;r:0;t:fade;sl:d;\">\n\t\t\t\t\t\t\t<img decoding=\"async\" src=\"\/\/www.smarttravelers.de\/wp-content\/plugins\/revslider\/public\/assets\/assets\/dummy.png\" title=\"Brussels\" data-lazyload=\"\/\/www.smarttravelers.de\/wp-content\/uploads\/2020\/01\/Galeries-Royales-Saint-Hubert3.jpg\" data-parallax=\"off\" class=\"rev-slidebg\" data-no-retina>\n<!---->\t\t\t\t\t\t<\/rs-slide>\n\t\t\t\t\t\t<rs-slide data-key=\"rs-4828\" data-title=\"Slide\" data-thumb=\"\/\/www.smarttravelers.de\/wp-content\/uploads\/2020\/01\/Rue-des-Bouchers2-100x50.jpg\" data-anim=\"ei:d;eo:d;s:600;r:0;t:fade;sl:d;\">\n\t\t\t\t\t\t\t<img decoding=\"async\" src=\"\/\/www.smarttravelers.de\/wp-content\/plugins\/revslider\/public\/assets\/assets\/dummy.png\" title=\"Brussels\" data-lazyload=\"\/\/www.smarttravelers.de\/wp-content\/uploads\/2020\/01\/Rue-des-Bouchers2.jpg\" data-parallax=\"off\" class=\"rev-slidebg\" data-no-retina>\n<!---->\t\t\t\t\t\t<\/rs-slide>\n\t\t\t\t\t\t<rs-slide data-key=\"rs-4825\" data-title=\"Slide\" data-thumb=\"\/\/www.smarttravelers.de\/wp-content\/uploads\/2020\/01\/Saint-G\u00e9ry3-100x50.jpg\" data-anim=\"ei:d;eo:d;s:600;r:0;t:fade;sl:d;\">\n\t\t\t\t\t\t\t<img decoding=\"async\" src=\"\/\/www.smarttravelers.de\/wp-content\/plugins\/revslider\/public\/assets\/assets\/dummy.png\" title=\"Brussels\" data-lazyload=\"\/\/www.smarttravelers.de\/wp-content\/uploads\/2020\/01\/Saint-G\u00e9ry3.jpg\" data-parallax=\"off\" class=\"rev-slidebg\" data-no-retina>\n<!---->\t\t\t\t\t\t<\/rs-slide>\n\t\t\t\t\t\t<rs-slide data-key=\"rs-4833\" data-title=\"Slide\" data-thumb=\"\/\/www.smarttravelers.de\/wp-content\/uploads\/2020\/01\/Mont-des-Arts2-100x50.jpg\" data-anim=\"ei:d;eo:d;s:600;r:0;t:fade;sl:d;\">\n\t\t\t\t\t\t\t<img decoding=\"async\" src=\"\/\/www.smarttravelers.de\/wp-content\/plugins\/revslider\/public\/assets\/assets\/dummy.png\" title=\"Brussels\" data-lazyload=\"\/\/www.smarttravelers.de\/wp-content\/uploads\/2020\/01\/Mont-des-Arts2.jpg\" data-parallax=\"off\" class=\"rev-slidebg\" data-no-retina>\n<!---->\t\t\t\t\t\t<\/rs-slide>\n\t\t\t\t\t\t<rs-slide data-key=\"rs-4826\" data-title=\"Slide\" data-thumb=\"\/\/www.smarttravelers.de\/wp-content\/uploads\/2020\/01\/Rathaus-Br\u00fcssel2-100x50.jpg\" data-anim=\"ei:d;eo:d;s:600;r:0;t:fade;sl:d;\">\n\t\t\t\t\t\t\t<img decoding=\"async\" src=\"\/\/www.smarttravelers.de\/wp-content\/plugins\/revslider\/public\/assets\/assets\/dummy.png\" title=\"Brussels\" data-lazyload=\"\/\/www.smarttravelers.de\/wp-content\/uploads\/2020\/01\/Rathaus-Br\u00fcssel2.jpg\" data-parallax=\"off\" class=\"rev-slidebg\" data-no-retina>\n<!---->\t\t\t\t\t\t<\/rs-slide>\n\t\t\t\t\t\t<rs-slide data-key=\"rs-4841\" data-title=\"Slide\" data-thumb=\"\/\/www.smarttravelers.de\/wp-content\/uploads\/2020\/01\/Atomium3-100x50.jpg\" data-anim=\"ei:d;eo:d;s:600;r:0;t:fade;sl:d;\">\n\t\t\t\t\t\t\t<img decoding=\"async\" src=\"\/\/www.smarttravelers.de\/wp-content\/plugins\/revslider\/public\/assets\/assets\/dummy.png\" title=\"Brussels\" data-lazyload=\"\/\/www.smarttravelers.de\/wp-content\/uploads\/2020\/01\/Atomium3.jpg\" data-parallax=\"off\" class=\"rev-slidebg\" data-no-retina>\n<!---->\t\t\t\t\t\t<\/rs-slide>\n\t\t\t\t\t<\/rs-slides>\n\t\t\t\t\t<rs-progress class=\"rs-bottom\" style=\"visibility: hidden !important;\"><\/rs-progress>\n\t\t\t\t<\/rs-module>\n\t\t\t\t<script type=\"text\/javascript\">\n\t\t\t\t\tsetREVStartSize({c: 'rev_slider_1414_1',rl:[1240,1024,778,480],el:[],gw:[600],gh:[600],type:'carousel',justify:'',layout:'fullwidth',mh:\"0\"});\n\t\t\t\t\tvar\trevapi1414,\n\t\t\t\t\t\ttpj;\n\t\t\t\t\tjQuery(function() {\n\t\t\t\t\t\ttpj = jQuery;\n\t\t\t\t\t\tif(tpj(\"#rev_slider_1414_1\").revolution == undefined){\n\t\t\t\t\t\t\trevslider_showDoubleJqueryError(\"#rev_slider_1414_1\");\n\t\t\t\t\t\t}else{\n\t\t\t\t\t\t\trevapi1414 = tpj(\"#rev_slider_1414_1\").show().revolution({\n\t\t\t\t\t\t\t\tsliderType:\"carousel\",\n\t\t\t\t\t\t\t\tjsFileLocation:\"\/\/www.smarttravelers.de\/wp-content\/plugins\/revslider\/public\/assets\/js\/\",\n\t\t\t\t\t\t\t\tsliderLayout:\"fullwidth\",\n\t\t\t\t\t\t\t\tduration:1600,\n\t\t\t\t\t\t\t\tvisibilityLevels:\"1240,1024,778,480\",\n\t\t\t\t\t\t\t\tgridwidth:600,\n\t\t\t\t\t\t\t\tgridheight:600,\n\t\t\t\t\t\t\t\tlazyType:\"smart\",\n\t\t\t\t\t\t\t\tresponsiveLevels:\"1240,1024,778,480\",\n\t\t\t\t\t\t\t\tdisableProgressBar:\"on\",\n\t\t\t\t\t\t\t\tcarousel: {\n\t\t\t\t\t\t\t\t\tinfinity:true,\n\t\t\t\t\t\t\t\t\tspace:-150,\n\t\t\t\t\t\t\t\t\tmaxRotation:65,\n\t\t\t\t\t\t\t\t\tvary_rotation:true,\n\t\t\t\t\t\t\t\t\tminScale:45,\n\t\t\t\t\t\t\t\t\tvary_fade:true\n\t\t\t\t\t\t\t\t},\n\t\t\t\t\t\t\t\tnavigation: {\n\t\t\t\t\t\t\t\t\tmouseScrollNavigation:false,\n\t\t\t\t\t\t\t\t\tonHoverStop:false,\n\t\t\t\t\t\t\t\t\ttouch: {\n\t\t\t\t\t\t\t\t\t\ttouchenabled:true,\n\t\t\t\t\t\t\t\t\t\tswipe_min_touches:50\n\t\t\t\t\t\t\t\t\t},\n\t\t\t\t\t\t\t\t\tarrows: {\n\t\t\t\t\t\t\t\t\t\tenable:true,\n\t\t\t\t\t\t\t\t\t\tstyle:\"hesperiden\",\n\t\t\t\t\t\t\t\t\t\tleft: {\n\t\t\t\t\t\t\t\t\t\t\th_offset:30\n\t\t\t\t\t\t\t\t\t\t},\n\t\t\t\t\t\t\t\t\t\tright: {\n\t\t\t\t\t\t\t\t\t\t\th_offset:30\n\t\t\t\t\t\t\t\t\t\t}\n\t\t\t\t\t\t\t\t\t}\n\t\t\t\t\t\t\t\t},\n\t\t\t\t\t\t\t\tparallax: {\n\t\t\t\t\t\t\t\t\tlevels:[2,3,4,5,6,7,12,16,10,50,47,48,49,50,51,55],\n\t\t\t\t\t\t\t\t\ttype:\"mouse\",\n\t\t\t\t\t\t\t\t\torigo:\"slidercenter\",\n\t\t\t\t\t\t\t\t\tspeed:2000\n\t\t\t\t\t\t\t\t},\n\t\t\t\t\t\t\t\tfallbacks: {\n\t\t\t\t\t\t\t\t\tallowHTML5AutoPlayOnAndroid:true\n\t\t\t\t\t\t\t\t},\n\t\t\t\t\t\t\t});\n\t\t\t\t\t\t}\n\t\t\t\t\t\t\n\t\t\t\t\t});\n\t\t\t\t<\/script>\n\t\t\t\t<script>\n\t\t\t\t\tvar htmlDivCss = unescape(\"%23rev_slider_1414_1_wrapper%20.hesperiden.tparrows%20%7B%0A%09cursor%3Apointer%3B%0A%09background%3Argba%280%2C0%2C0%2C0.5%29%3B%0A%09width%3A40px%3B%0A%09height%3A40px%3B%0A%09position%3Aabsolute%3B%0A%09display%3Ablock%3B%0A%09z-index%3A1000%3B%0A%20%20%20%20border-radius%3A%2050%25%3B%0A%7D%0A%23rev_slider_1414_1_wrapper%20.hesperiden.tparrows%3Ahover%20%7B%0A%09background%3A%23000000%3B%0A%7D%0A%23rev_slider_1414_1_wrapper%20.hesperiden.tparrows%3Abefore%20%7B%0A%09font-family%3A%20%27revicons%27%3B%0A%09font-size%3A20px%3B%0A%09color%3A%23ffffff%3B%0A%09display%3Ablock%3B%0A%09line-height%3A%2040px%3B%0A%09text-align%3A%20center%3B%0A%7D%0A%23rev_slider_1414_1_wrapper%20.hesperiden.tparrows.tp-leftarrow%3Abefore%20%7B%0A%09content%3A%20%27%5Ce82c%27%3B%0A%20%20%20%20margin-left%3A-3px%3B%0A%7D%0A%23rev_slider_1414_1_wrapper%20.hesperiden.tparrows.tp-rightarrow%3Abefore%20%7B%0A%09content%3A%20%27%5Ce82d%27%3B%0A%20%20%20%20margin-right%3A-3px%3B%0A%7D%0A\");\n\t\t\t\t\tvar htmlDiv = document.getElementById('rs-plugin-settings-inline-css');\n\t\t\t\t\tif(htmlDiv) {\n\t\t\t\t\t\thtmlDiv.innerHTML = htmlDiv.innerHTML + htmlDivCss;\n\t\t\t\t\t}else{\n\t\t\t\t\t\tvar htmlDiv = document.createElement('div');\n\t\t\t\t\t\thtmlDiv.innerHTML = '<style>' + htmlDivCss + '<\/style>';\n\t\t\t\t\t\tdocument.getElementsByTagName('head')[0].appendChild(htmlDiv.childNodes[0]);\n\t\t\t\t\t}\n\t\t\t\t<\/script>\n\t\t\t\t<script>\n\t\t\t\t\tvar htmlDivCss = unescape(\"%0A%0A%0A%0A%0A%0A%0A%0A%0A%0A%0A%0A%0A%0A%0A%0A%0A%0A%0A%0A\");\n\t\t\t\t\tvar htmlDiv = document.getElementById('rs-plugin-settings-inline-css');\n\t\t\t\t\tif(htmlDiv) {\n\t\t\t\t\t\thtmlDiv.innerHTML = htmlDiv.innerHTML + htmlDivCss;\n\t\t\t\t\t}else{\n\t\t\t\t\t\tvar htmlDiv = document.createElement('div');\n\t\t\t\t\t\thtmlDiv.innerHTML = '<style>' + htmlDivCss + '<\/style>';\n\t\t\t\t\t\tdocument.getElementsByTagName('head')[0].appendChild(htmlDiv.childNodes[0]);\n\t\t\t\t\t}\n\t\t\t\t<\/script>\n\t\t\t<\/rs-module-wrap>\n\t\t\t<!-- END REVOLUTION SLIDER -->\n<\/div><div class=\"fusion-clearfix\"><\/div><\/div><\/div><\/div><\/div><div id=\"warum\"><div class=\"fusion-fullwidth fullwidth-box fusion-builder-row-4 nonhundred-percent-fullwidth non-hundred-percent-height-scrolling\" style=\"background-color: #f4f4f4;background-position: center center;background-repeat: no-repeat;padding-top:0px;padding-right:15%;padding-bottom:0px;padding-left:15%;margin-bottom: 0px;margin-top: -18px;border-width: 0px 0px 0px 0px;border-color:rgba(255,255,255,0);border-style:solid;\" ><div class=\"fusion-builder-row fusion-row\"><div class=\"fusion-layout-column fusion_builder_column fusion-builder-column-8 fusion_builder_column_1_1 1_1 fusion-one-full fusion-column-first fusion-column-last\" style=\"margin-top:0px;margin-bottom:20px;\"><div class=\"fusion-column-wrapper fusion-flex-column-wrapper-legacy\" style=\"background-position:left top;background-repeat:no-repeat;-webkit-background-size:cover;-moz-background-size:cover;-o-background-size:cover;background-size:cover;background-color:#f4f4f4;padding: 0px -50px 0px -50px;\"><div class=\"fusion-sep-clear\"><\/div><div class=\"fusion-separator\" style=\"margin-left: auto;margin-right: auto;margin-top:5px;margin-bottom:30px;width:100%;max-width:150px;\"><div class=\"fusion-separator-border sep-single sep-solid\" style=\"border-color:rgba(255,252,252,0);border-top-width:1px;\"><\/div><\/div><div class=\"fusion-sep-clear\"><\/div><div class=\"imageframe-align-center\"><span class=\" fusion-imageframe imageframe-none imageframe-7 hover-type-none\" style=\"border-radius:30px;\"><img decoding=\"async\" width=\"68\" height=\"68\" title=\"icon_frage\" src=\"http:\/\/www.smarttravelers.de\/wp-content\/uploads\/2018\/02\/icon_frage-1.png\" class=\"img-responsive wp-image-34568\" srcset=\"https:\/\/www.smarttravelers.de\/wp-content\/uploads\/2018\/02\/icon_frage-1-66x66.png 66w, https:\/\/www.smarttravelers.de\/wp-content\/uploads\/2018\/02\/icon_frage-1.png 68w\" sizes=\"(max-width: 68px) 100vw, 68px\" \/><\/span><\/div><div class=\"fusion-sep-clear\"><\/div><div class=\"fusion-separator\" style=\"margin-left: auto;margin-right: auto;margin-top:5px;margin-bottom:30px;width:100%;max-width:150px;\"><\/div><div class=\"fusion-sep-clear\"><\/div><div class=\"fusion-text fusion-text-1\"><h2 style=\"text-align: center;\">Why is Brussels worth a visit?<\/h2>\n<\/div><div class=\"fusion-text fusion-text-2\"><p>Brussels is by no means only worth a visit for Europe-enthusiasts and those interested in politics. The capital of Belgium and, de facto, of Europe has much more to offer than just EU institutions. At first sight, Brussels may not appear to be a particularly beautiful city. But the colourful mix of extraordinary sights, buildings from various eras and unusual museums always makes visitors discover something new. For those who like to eat and drink, the city is worth a visit anyway. Belgian fries, waffles and chocolate and Belgian beer make Brussels a culinary paradise. And Brussels&#8217; gastronomic scene is also one of the best in Europe.<\/p>\n<\/div><div class=\"fusion-text fusion-text-3\"><h3 style=\"text-align: left;\"><strong>Here are our top 5 reasons to travel to Brussels<\/strong><\/h3>\n<p>1. Brussels has exceptional sights. The <a href=\"https:\/\/www.smarttravelers.de\/en\/sights\/belgium\/brussels\/atomium\/\" target=\"_blank\" rel=\"noopener noreferrer\">Atomium<\/a> as a gigantic replica of an iron molecule and the peeing male <a href=\"https:\/\/www.smarttravelers.de\/en\/sights\/belgium\/brussels\/manneken-pis\/\" target=\"_blank\" rel=\"noopener noreferrer\">Manneken Pis<\/a> are only the two most famous in a whole series of incomparable sights.<\/p>\n<p>2. Brussels is de facto the capital of Europe. Those interested in European politics and contemporary history will find Brussels the hub of the continent. In Brussels you can not only see the most important institutions of the European Union, but also the most important sights of the EU in miniature.<\/p>\n<p>3. Brussels has beautiful squares. The unique <a href=\"https:\/\/www.smarttravelers.de\/en\/sights\/belgium\/brussels\/grand-place\/\" target=\"_blank\" rel=\"noopener noreferrer\">Grand Place<\/a> in the heart of the city is undoubtedly not only the most beautiful square in the city, but one of the most beautiful in the world.<\/p>\n<p>4. Brussels has an interesting and unconventional museum landscape. Where else can you go to a museum about comics or musical instruments?<\/p>\n<p>5. Brussels is a great place to eat and drink. French fries, waffles, chocolate and beer are just the tip of the culinary iceberg that awaits you in the Belgian capital.<\/p>\n<\/div><div class=\"fusion-sep-clear\"><\/div><div class=\"fusion-separator\" style=\"margin-left: auto;margin-right: auto;margin-top:5px;margin-bottom:30px;width:100%;max-width:150px;\"><\/div><div class=\"fusion-sep-clear\"><\/div><div class=\"fusion-clearfix\"><\/div><\/div><\/div><\/div><\/div><\/div><div id=\"wen\"><div class=\"fusion-fullwidth fullwidth-box fusion-builder-row-5 nonhundred-percent-fullwidth non-hundred-percent-height-scrolling\" style=\"background-color: #ffffff;background-position: center center;background-repeat: no-repeat;padding-top:0px;padding-right:15%;padding-bottom:0px;padding-left:15%;margin-bottom: 0px;margin-top: 0px;border-width: 0px 0px 0px 0px;border-color:rgba(255,255,255,0);border-style:solid;\" ><div class=\"fusion-builder-row fusion-row\"><div class=\"fusion-layout-column fusion_builder_column fusion-builder-column-9 fusion_builder_column_1_1 1_1 fusion-one-full fusion-column-first fusion-column-last\" style=\"margin-top:0px;margin-bottom:20px;\"><div class=\"fusion-column-wrapper fusion-flex-column-wrapper-legacy\" style=\"background-position:left top;background-repeat:no-repeat;-webkit-background-size:cover;-moz-background-size:cover;-o-background-size:cover;background-size:cover;padding: 0px 0px 0px 0px;\"><div class=\"fusion-sep-clear\"><\/div><div class=\"fusion-separator\" style=\"margin-left: auto;margin-right: auto;margin-top:5px;margin-bottom:30px;width:100%;max-width:150px;\"><div class=\"fusion-separator-border sep-single sep-solid\" style=\"border-color:rgba(255,252,252,0);border-top-width:1px;\"><\/div><\/div><div class=\"fusion-sep-clear\"><\/div><div class=\"imageframe-align-center\"><span class=\" fusion-imageframe imageframe-none imageframe-8 hover-type-none\" style=\"border-radius:30px;\"><img decoding=\"async\" width=\"68\" height=\"68\" title=\"icon_person\" src=\"http:\/\/www.smarttravelers.de\/wp-content\/uploads\/2018\/02\/icon_person-1.png\" class=\"img-responsive wp-image-34575\" srcset=\"https:\/\/www.smarttravelers.de\/wp-content\/uploads\/2018\/02\/icon_person-1-66x66.png 66w, https:\/\/www.smarttravelers.de\/wp-content\/uploads\/2018\/02\/icon_person-1.png 68w\" sizes=\"(max-width: 68px) 100vw, 68px\" \/><\/span><\/div><div class=\"fusion-sep-clear\"><\/div><div class=\"fusion-separator\" style=\"margin-left: auto;margin-right: auto;margin-top:5px;margin-bottom:30px;width:100%;max-width:150px;\"><\/div><div class=\"fusion-sep-clear\"><\/div><div class=\"fusion-text fusion-text-4\"><h2 class=\"content-box-heading\" style=\"text-align: center;\">For whom is Brussels worth a visit?<\/h2>\n<\/div><div class=\"fusion-text fusion-text-5\"><h3><strong>Fans of exceptional sights:\u00a0<\/strong><\/h3>\n<p>A more than 100-metre high replica of an iron molecule called <a href=\"https:\/\/www.smarttravelers.de\/en\/sights\/belgium\/brussels\/atomium\/\" target=\"_blank\" rel=\"noopener noreferrer\">Atomium<\/a>, a peeing male called <a href=\"https:\/\/www.smarttravelers.de\/en\/sights\/belgium\/brussels\/manneken-pis\/\" target=\"_blank\" rel=\"noopener noreferrer\">Manneken Pis<\/a>, a peeing girl called <a href=\"https:\/\/www.smarttravelers.de\/en\/sights\/belgium\/brussels\/jeanneke-pis\/\" target=\"_blank\" rel=\"noopener noreferrer\">Jeanneke Pis<\/a> and a park with miniature models of European monuments called <a href=\"https:\/\/www.smarttravelers.de\/en\/sights\/belgium\/brussels\/mini-europe\/\" target=\"_blank\" rel=\"noopener noreferrer\">Mini-Europe<\/a> &#8211; fans of exceptional sights will see many things in Brussels that do not exist elsewhere.<\/p>\n<h3><strong>Europe-enthusiasts and people interested in politics:<\/strong><\/h3>\n<p>As the seat of the main institutions of the European Union, Brussels can be confidently described as the capital of Europe. Anyone who wants to can take a look at the <a href=\"https:\/\/www.smarttravelers.de\/en\/sights\/belgium\/brussels\/berlaymont-building\/\" target=\"_blank\" rel=\"noopener noreferrer\">Berlaymont building<\/a> where the European Commission resides (only from the outside), visit the <a href=\"https:\/\/www.smarttravelers.de\/en\/sights\/belgium\/brussels\/european-parliament-in-brussels\/\" target=\"_blank\" rel=\"noopener noreferrer\">European Parliament<\/a> (also from the inside) and pay a visit to the <a href=\"https:\/\/www.smarttravelers.de\/en\/sights\/belgium\/brussels\/parlamentarium\/\" target=\"_blank\" rel=\"noopener noreferrer\">Parliamentarium<\/a>, the EU Parliament&#8217;s visitor centre.<\/p>\n<h3><strong>Museum visitors:<\/strong><\/h3>\n<p>Brussels is known for its diverse museum landscape, which covers a very broad and sometimes unusual range of topics. Among other things, there are museums about <a href=\"https:\/\/www.smarttravelers.de\/en\/sights\/belgium\/brussels\/belgian-comic-strip-center\/\" target=\"_blank\" rel=\"noopener noreferrer\">Belgian comics<\/a>, <a href=\"https:\/\/www.smarttravelers.de\/en\/sights\/belgium\/brussels\/musical-instruments-museums-brussels\/\" target=\"_blank\" rel=\"noopener noreferrer\">musical instruments<\/a>, <a href=\"https:\/\/www.smarttravelers.de\/en\/sights\/belgium\/brussels\/choco-story-brussels\/\" target=\"_blank\" rel=\"noopener noreferrer\">chocolate<\/a>, <a href=\"https:\/\/www.smarttravelers.de\/en\/sights\/belgium\/brussels\/train-world\/\" target=\"_blank\" rel=\"noopener noreferrer\">trains<\/a> and <a href=\"https:\/\/www.smarttravelers.de\/en\/sights\/belgium\/brussels\/autoworld\/\" target=\"_blank\" rel=\"noopener noreferrer\">cars<\/a>.<\/p>\n<h3><strong>Lovers of beautiful squares:<\/strong><\/h3>\n<p>Brussels has a multitude of beautiful squares, each with its own charm. Not only the world-famous <a href=\"https:\/\/www.smarttravelers.de\/en\/sights\/belgium\/brussels\/grand-place\/\" target=\"_blank\" rel=\"noopener noreferrer\">Grand Place<\/a> with its Gothic <a href=\"https:\/\/www.smarttravelers.de\/en\/sights\/belgium\/brussels\/brussels-town-hall\/\" target=\"_blank\" rel=\"noopener noreferrer\">Town Hall<\/a> and its closed baroque fa\u00e7ade, but also the <a href=\"https:\/\/www.smarttravelers.de\/en\/sights\/belgium\/brussels\/place-royale\/\" target=\"_blank\" rel=\"noopener noreferrer\">Place Royale<\/a> with its beautiful ensemble of neoclassical buildings are worth a visit.<\/p>\n<h3><strong>People with a sweet tooth:<\/strong><\/h3>\n<p>For those with a sweet tooth there is hardly a better city than Brussels. The capital of Belgian waffles and Belgian chocolate and praline production is a paradise of delights for all lovers of sweet things.<\/p>\n<h3><strong>French fries fans:\u00a0<\/strong><\/h3>\n<p>French fries are the Belgian national dish and can be enjoyed nowhere in the world in such perfect preparation as in Brussels. Fresh potatoes are thickly sliced here, fried twice and poured over with an incredible variety of different sauces that make the heart and belly of every French fries lover beat faster.<\/p>\n<h3><strong>Beer drinkers:<\/strong><\/h3>\n<p>When it comes to beer, even every German must enviously admit that Belgium is ahead (at least when it comes to the number of different types of beer). In a Brussels pub, it is not uncommon to find more than 50 different kinds of beer in different flavors on the drinks menu. Those who like to drink the barley juice with unconventional flavors will get their money&#8217;s worth in the Mecca of beer drinking.<\/p>\n<h3><strong>Gourmets:<\/strong><\/h3>\n<p>Brussels does not only make french fries, chocolate and waffle lovers happy. Gourmets also get their money&#8217;s worth in the city&#8217;s countless restaurants. Brussels people love to eat out, which is reflected in both the extraordinary variety and the excellent quality of the Belgian capital&#8217;s gastronomic scene.<\/p>\n<h3><strong>Royalists:<\/strong><\/h3>\n<p>Belgium is still a monarchy today. As the residence city of the Belgian royal family, there are two royal residences to admire in Brussels, namely the <a href=\"https:\/\/www.smarttravelers.de\/en\/sights\/belgium\/brussels\/royal-palace-of-brussels\/\" target=\"_blank\" rel=\"noopener noreferrer\">Royal Palace<\/a> (as a working residence) in the heart of the city and the <a href=\"https:\/\/www.smarttravelers.de\/en\/sights\/belgium\/brussels\/castle-of-laeken\/\" target=\"_blank\" rel=\"noopener noreferrer\">Castle of Laeken<\/a> (as a residence) on the outskirts of the city.<\/p>\n<h3><strong>Families and children:<\/strong><\/h3>\n<p>And last but not least, Brussels is also a great place to visit with children. The <a href=\"https:\/\/www.smarttravelers.de\/en\/sights\/belgium\/brussels\/autoworld\/\" target=\"_blank\" rel=\"noopener noreferrer\">Autoworld<\/a> car museum, the <a href=\"https:\/\/www.smarttravelers.de\/en\/sights\/belgium\/brussels\/belgian-comic-strip-center\/\" target=\"_blank\" rel=\"noopener noreferrer\">Belgian Comic Strip Center<\/a>, the <a href=\"https:\/\/www.smarttravelers.de\/en\/sights\/belgium\/brussels\/choco-story-brussels\/\" target=\"_blank\" rel=\"noopener noreferrer\">Choco-Story<\/a> chocolate museum, the <a href=\"https:\/\/www.smarttravelers.de\/en\/sights\/belgium\/brussels\/mini-europe\/\" target=\"_blank\" rel=\"noopener noreferrer\">Mini-Europe<\/a> miniature park, the <a href=\"https:\/\/www.smarttravelers.de\/en\/sights\/belgium\/brussels\/museum-of-natural-sciences-brussels\/\" target=\"_blank\" rel=\"noopener noreferrer\">Museum of Natural Sciences<\/a>, the <a href=\"https:\/\/www.smarttravelers.de\/en\/sights\/belgium\/brussels\/musical-instruments-museums-brussels\/\" target=\"_blank\" rel=\"noopener noreferrer\">Museum of Musical Instruments<\/a> and the <a href=\"https:\/\/www.smarttravelers.de\/en\/sights\/belgium\/brussels\/train-world\/\" target=\"_blank\" rel=\"noopener noreferrer\">Train World<\/a> railroad museum will make children&#8217;s hearts beat faster.<\/p>\n<\/div><div class=\"fusion-clearfix\"><\/div><\/div><\/div><\/div><\/div><\/div><div id=\"wann\"><div class=\"fusion-fullwidth fullwidth-box fusion-builder-row-6 nonhundred-percent-fullwidth non-hundred-percent-height-scrolling\" style=\"background-color: #f4f4f4;background-position: center center;background-repeat: no-repeat;padding-top:0px;padding-right:15%;padding-bottom:0px;padding-left:15%;margin-bottom: 0px;margin-top: 0px;border-width: 0px 0px 0px 0px;border-color:rgba(255,255,255,0);border-style:solid;\" ><div class=\"fusion-builder-row fusion-row\"><div class=\"fusion-layout-column fusion_builder_column fusion-builder-column-10 fusion_builder_column_1_1 1_1 fusion-one-full fusion-column-first fusion-column-last\" style=\"margin-top:0px;margin-bottom:20px;\"><div class=\"fusion-column-wrapper fusion-flex-column-wrapper-legacy\" style=\"background-position:left top;background-repeat:no-repeat;-webkit-background-size:cover;-moz-background-size:cover;-o-background-size:cover;background-size:cover;padding: 0px 0px 0px 0px;\"><div class=\"fusion-sep-clear\"><\/div><div class=\"fusion-separator\" style=\"margin-left: auto;margin-right: auto;margin-top:5px;margin-bottom:30px;width:100%;max-width:150px;\"><div class=\"fusion-separator-border sep-single sep-solid\" style=\"border-color:rgba(255,252,252,0);border-top-width:1px;\"><\/div><\/div><div class=\"fusion-sep-clear\"><\/div><div class=\"imageframe-align-center\"><span class=\" fusion-imageframe imageframe-none imageframe-9 hover-type-none\" style=\"border-radius:30px;\"><img decoding=\"async\" width=\"68\" height=\"68\" title=\"icon_kalender\" src=\"http:\/\/www.smarttravelers.de\/wp-content\/uploads\/2018\/02\/icon_kalender-2.png\" class=\"img-responsive wp-image-34571\" srcset=\"https:\/\/www.smarttravelers.de\/wp-content\/uploads\/2018\/02\/icon_kalender-2-66x66.png 66w, https:\/\/www.smarttravelers.de\/wp-content\/uploads\/2018\/02\/icon_kalender-2.png 68w\" sizes=\"(max-width: 68px) 100vw, 68px\" \/><\/span><\/div><div class=\"fusion-sep-clear\"><\/div><div class=\"fusion-separator\" style=\"margin-left: auto;margin-right: auto;margin-top:5px;margin-bottom:30px;width:100%;max-width:150px;\"><\/div><div class=\"fusion-sep-clear\"><\/div><div class=\"fusion-text fusion-text-6\"><h2 class=\"content-box-heading\" style=\"text-align: center;\">Best time to travel<\/h2>\n<\/div><div class=\"fusion-text fusion-text-7\"><div class=\"fusion-counters-circle counters-circle\"><div class=\"counter-circle-wrapper\" style=\"height:60px;width:60px;\" data-originalsize=\"60\" data-animationOffset=\"100%\"><div class=\"fusion-counter-circle counter-circle counter-circle-content\" data-percent=\"100\" data-countdown=\"\" data-filledcolor=\"#ffe500\" data-unfilledcolor=\"#f6f6f6\" data-scale=\"\" data-size=\"60\" data-speed=\"1500\" data-strokesize=\"3\" style=\"font-size:13.6363636364px;height:60px;width:60px;\"><div class=\"fusion-counter-circle-content-inner\">Jan<\/div><\/div><\/div><div class=\"counter-circle-wrapper\" style=\"height:60px;width:60px;\" data-originalsize=\"60\" data-animationOffset=\"100%\"><div class=\"fusion-counter-circle counter-circle counter-circle-content\" data-percent=\"100\" data-countdown=\"\" data-filledcolor=\"#ffe500\" data-unfilledcolor=\"#f6f6f6\" data-scale=\"\" data-size=\"60\" data-speed=\"1500\" data-strokesize=\"3\" style=\"font-size:13.6363636364px;height:60px;width:60px;\"><div class=\"fusion-counter-circle-content-inner\">Feb<\/div><\/div><\/div><div class=\"counter-circle-wrapper\" style=\"height:60px;width:60px;\" data-originalsize=\"60\" data-animationOffset=\"100%\"><div class=\"fusion-counter-circle counter-circle counter-circle-content\" data-percent=\"100\" data-countdown=\"\" data-filledcolor=\"#ffe500\" data-unfilledcolor=\"#f6f6f6\" data-scale=\"\" data-size=\"60\" data-speed=\"1500\" data-strokesize=\"3\" style=\"font-size:13.6363636364px;height:60px;width:60px;\"><div class=\"fusion-counter-circle-content-inner\">Mrz<\/div><\/div><\/div><div class=\"counter-circle-wrapper\" style=\"height:60px;width:60px;\" data-originalsize=\"60\" data-animationOffset=\"100%\"><div class=\"fusion-counter-circle counter-circle counter-circle-content\" data-percent=\"100\" data-countdown=\"\" data-filledcolor=\"#ffe500\" data-unfilledcolor=\"#f6f6f6\" data-scale=\"\" data-size=\"60\" data-speed=\"1500\" data-strokesize=\"3\" style=\"font-size:13.6363636364px;height:60px;width:60px;\"><div class=\"fusion-counter-circle-content-inner\">Apr<\/div><\/div><\/div><div class=\"counter-circle-wrapper\" style=\"height:60px;width:60px;\" data-originalsize=\"60\" data-animationOffset=\"100%\"><div class=\"fusion-counter-circle counter-circle counter-circle-content\" data-percent=\"100\" data-countdown=\"\" data-filledcolor=\"#82ce00\" data-unfilledcolor=\"#f6f6f6\" data-scale=\"\" data-size=\"60\" data-speed=\"1500\" data-strokesize=\"3\" style=\"font-size:13.6363636364px;height:60px;width:60px;\"><div class=\"fusion-counter-circle-content-inner\">Mai<\/div><\/div><\/div><div class=\"counter-circle-wrapper\" style=\"height:60px;width:60px;\" data-originalsize=\"60\" data-animationOffset=\"100%\"><div class=\"fusion-counter-circle counter-circle counter-circle-content\" data-percent=\"100\" data-countdown=\"\" data-filledcolor=\"#82ce00\" data-unfilledcolor=\"#f6f6f6\" data-scale=\"\" data-size=\"60\" data-speed=\"1500\" data-strokesize=\"3\" style=\"font-size:13.6363636364px;height:60px;width:60px;\"><div class=\"fusion-counter-circle-content-inner\">Jun<\/div><\/div><\/div><div class=\"counter-circle-wrapper\" style=\"height:60px;width:60px;\" data-originalsize=\"60\" data-animationOffset=\"100%\"><div class=\"fusion-counter-circle counter-circle counter-circle-content\" data-percent=\"100\" data-countdown=\"\" data-filledcolor=\"#82ce00\" data-unfilledcolor=\"#f6f6f6\" data-scale=\"\" data-size=\"60\" data-speed=\"1500\" data-strokesize=\"3\" style=\"font-size:13.6363636364px;height:60px;width:60px;\"><div class=\"fusion-counter-circle-content-inner\">Jul<\/div><\/div><\/div><div class=\"counter-circle-wrapper\" style=\"height:60px;width:60px;\" data-originalsize=\"60\" data-animationOffset=\"100%\"><div class=\"fusion-counter-circle counter-circle counter-circle-content\" data-percent=\"100\" data-countdown=\"\" data-filledcolor=\"#82ce00\" data-unfilledcolor=\"#f6f6f6\" data-scale=\"\" data-size=\"60\" data-speed=\"1500\" data-strokesize=\"3\" style=\"font-size:13.6363636364px;height:60px;width:60px;\"><div class=\"fusion-counter-circle-content-inner\">Aug<\/div><\/div><\/div><div class=\"counter-circle-wrapper\" style=\"height:60px;width:60px;\" data-originalsize=\"60\" data-animationOffset=\"100%\"><div class=\"fusion-counter-circle counter-circle counter-circle-content\" data-percent=\"100\" data-countdown=\"\" data-filledcolor=\"#82ce00\" data-unfilledcolor=\"#f6f6f6\" data-scale=\"\" data-size=\"60\" data-speed=\"1500\" data-strokesize=\"3\" style=\"font-size:13.6363636364px;height:60px;width:60px;\"><div class=\"fusion-counter-circle-content-inner\">Sep<\/div><\/div><\/div><div class=\"counter-circle-wrapper\" style=\"height:60px;width:60px;\" data-originalsize=\"60\" data-animationOffset=\"100%\"><div class=\"fusion-counter-circle counter-circle counter-circle-content\" data-percent=\"100\" data-countdown=\"\" data-filledcolor=\"#ffe500\" data-unfilledcolor=\"#f6f6f6\" data-scale=\"\" data-size=\"60\" data-speed=\"1500\" data-strokesize=\"3\" style=\"font-size:13.6363636364px;height:60px;width:60px;\"><div class=\"fusion-counter-circle-content-inner\">Okt<\/div><\/div><\/div><div class=\"counter-circle-wrapper\" style=\"height:60px;width:60px;\" data-originalsize=\"60\" data-animationOffset=\"100%\"><div class=\"fusion-counter-circle counter-circle counter-circle-content\" data-percent=\"100\" data-countdown=\"\" data-filledcolor=\"#ffe500\" data-unfilledcolor=\"#f6f6f6\" data-scale=\"\" data-size=\"60\" data-speed=\"1500\" data-strokesize=\"3\" style=\"font-size:13.6363636364px;height:60px;width:60px;\"><div class=\"fusion-counter-circle-content-inner\">Nov<\/div><\/div><\/div><div class=\"counter-circle-wrapper\" style=\"height:60px;width:60px;\" data-originalsize=\"60\" data-animationOffset=\"100%\"><div class=\"fusion-counter-circle counter-circle counter-circle-content\" data-percent=\"100\" data-countdown=\"\" data-filledcolor=\"#ffe500\" data-unfilledcolor=\"#f6f6f6\" data-scale=\"\" data-size=\"60\" data-speed=\"1500\" data-strokesize=\"3\" style=\"font-size:13.6363636364px;height:60px;width:60px;\"><div class=\"fusion-counter-circle-content-inner\">Dez<\/div><\/div><\/div><\/div>\n<\/div><div class=\"fusion-text fusion-text-8\"><p>The best time to visit Brussels is from May to September. This is when the temperatures in the Belgian capital are at their most pleasant and when the sun is most likely to shine. From June to August it can be quite oppressively hot in the city. So if you prefer to explore the city in moderate temperatures, it&#8217;s better to visit in late spring or early fall. Due to the proximity of the Atlantic and North Sea, it can rain in Brussels at any time of the year. The weather in late fall and winter is uncomfortably cool and wet, when the rainfall is accompanied by temperatures between 0 and 10 degrees Celsius.<\/p>\n<\/div><div class=\"fusion-clearfix\"><\/div><\/div><\/div><\/div><\/div><\/div><div id=\"fluege\"><div class=\"fusion-fullwidth fullwidth-box fusion-builder-row-7 nonhundred-percent-fullwidth non-hundred-percent-height-scrolling\" style=\"background-color: #1a0535;background-position: center center;background-repeat: no-repeat;padding-top:0px;padding-right:10%;padding-bottom:0px;padding-left:10%;margin-bottom: 0px;margin-top: 0px;border-width: 0px 0px 0px 0px;border-color:rgba(255,255,255,0);border-style:solid;\" ><div class=\"fusion-builder-row fusion-row\"><div class=\"fusion-layout-column fusion_builder_column fusion-builder-column-11 fusion_builder_column_1_1 1_1 fusion-one-full fusion-column-first fusion-column-last\" style=\"margin-top:0px;margin-bottom:20px;\"><div class=\"fusion-column-wrapper fusion-flex-column-wrapper-legacy\" style=\"background-position:left top;background-repeat:no-repeat;-webkit-background-size:cover;-moz-background-size:cover;-o-background-size:cover;background-size:cover;padding: 0px 0px 0px 0px;\"><div class=\"fusion-sep-clear\"><\/div><div class=\"fusion-separator\" style=\"margin-left: auto;margin-right: auto;margin-top:5px;margin-bottom:30px;width:100%;max-width:150px;\"><div class=\"fusion-separator-border sep-single sep-solid\" style=\"border-color:rgba(255,252,252,0);border-top-width:1px;\"><\/div><\/div><div class=\"fusion-sep-clear\"><\/div><div class=\"imageframe-align-center\"><span class=\" fusion-imageframe imageframe-none imageframe-10 hover-type-none\" style=\"border-radius:30px;\"><img decoding=\"async\" width=\"68\" height=\"68\" title=\"icon_fluege-hell\" src=\"https:\/\/www.smarttravelers.de\/wp-content\/uploads\/2018\/03\/icon_fluege-hell.png\" class=\"img-responsive wp-image-59957\" srcset=\"https:\/\/www.smarttravelers.de\/wp-content\/uploads\/2018\/03\/icon_fluege-hell-66x66.png 66w, https:\/\/www.smarttravelers.de\/wp-content\/uploads\/2018\/03\/icon_fluege-hell.png 68w\" sizes=\"(max-width: 68px) 100vw, 68px\" \/><\/span><\/div><div class=\"fusion-sep-clear\"><\/div><div class=\"fusion-separator\" style=\"margin-left: auto;margin-right: auto;margin-top:5px;margin-bottom:30px;width:100%;max-width:150px;\"><div class=\"fusion-separator-border sep-single sep-solid\" style=\"border-color:rgba(255,252,252,0);border-top-width:1px;\"><\/div><\/div><div class=\"fusion-sep-clear\"><\/div><div class=\"imageframe-align-center\"><span class=\" fusion-imageframe imageframe-none imageframe-11 hover-type-none\" style=\"border-radius:30px;\"><img decoding=\"async\" width=\"200\" height=\"52\" title=\"momondologo\" src=\"http:\/\/www.smarttravelers.de\/wp-content\/uploads\/2018\/03\/momondologo-200x52.png\" class=\"img-responsive wp-image-59950\" srcset=\"https:\/\/www.smarttravelers.de\/wp-content\/uploads\/2018\/03\/momondologo-200x52.png 200w, https:\/\/www.smarttravelers.de\/wp-content\/uploads\/2018\/03\/momondologo-400x105.png 400w, https:\/\/www.smarttravelers.de\/wp-content\/uploads\/2018\/03\/momondologo.png 436w\" sizes=\"(max-width: 500px) 100vw, 200px\" \/><\/span><\/div><div class=\"fusion-sep-clear\"><\/div><div class=\"fusion-separator\" style=\"margin-left: auto;margin-right: auto;margin-top:5px;margin-bottom:30px;width:100%;max-width:150px;\"><div class=\"fusion-separator-border sep-single sep-solid\" style=\"border-color:rgba(255,252,252,0);border-top-width:1px;\"><\/div><\/div><div class=\"fusion-sep-clear\"><\/div><div class=\"fusion-align-block\"><style type=\"text\/css\">.fusion-button.button-1 .fusion-button-text, .fusion-button.button-1 i {color:#000000;}.fusion-button.button-1 .fusion-button-icon-divider{border-color:#000000;}.fusion-button.button-1:hover .fusion-button-text, .fusion-button.button-1:hover i,.fusion-button.button-1:focus .fusion-button-text, .fusion-button.button-1:focus i,.fusion-button.button-1:active .fusion-button-text, .fusion-button.button-1:active{color:#000000;}.fusion-button.button-1:hover .fusion-button-icon-divider, .fusion-button.button-1:hover .fusion-button-icon-divider, .fusion-button.button-1:active .fusion-button-icon-divider{border-color:#000000;}.fusion-button.button-1:hover, .fusion-button.button-1:focus, .fusion-button.button-1:active{border-color:#000000;}.fusion-button.button-1 {border-color:#000000;border-radius:2px;}.fusion-button.button-1{background: #f44d8e;}.fusion-button.button-1:hover,.button-1:focus,.fusion-button.button-1:active{background: #2c94c6;}.fusion-button.button-1 .fusion-button-text {text-transform:none;}<\/style><a class=\"fusion-button button-flat button-xlarge button-custom button-1 fusion-button-span-yes fusion-button-default-type\" target=\"_blank\" rel=\"noopener noreferrer\" href=\"https:\/\/track.webgains.com\/click.html?wgcampaignid=159889&amp;wgprogramid=7341&amp;clickref=bruessel&amp;wgtarget=https:\/\/www.momondo.de\/fluege\/bruessel\"><i class=\"fa-paper-plane fas button-icon-left\" aria-hidden=\"true\"><\/i><span class=\"fusion-button-text\">Find flights to Brussels<\/span><\/a><\/div><div class=\"fusion-sep-clear\"><\/div><div class=\"fusion-separator\" style=\"margin-left: auto;margin-right: auto;margin-top:5px;margin-bottom:30px;width:100%;max-width:150px;\"><\/div><div class=\"fusion-sep-clear\"><\/div><div class=\"fusion-clearfix\"><\/div><\/div><\/div><\/div><\/div><\/div><div id=\"anreise\"><div class=\"fusion-fullwidth fullwidth-box fusion-builder-row-8 nonhundred-percent-fullwidth non-hundred-percent-height-scrolling\" style=\"background-color: #ffffff;background-position: center center;background-repeat: no-repeat;padding-top:0px;padding-right:15%;padding-bottom:0px;padding-left:15%;margin-bottom: 0px;margin-top: 0px;border-width: 0px 0px 0px 0px;border-color:rgba(255,255,255,0);border-style:solid;\" ><div class=\"fusion-builder-row fusion-row\"><div class=\"fusion-layout-column fusion_builder_column fusion-builder-column-12 fusion_builder_column_1_1 1_1 fusion-one-full fusion-column-first fusion-column-last\" style=\"margin-top:0px;margin-bottom:20px;\"><div class=\"fusion-column-wrapper fusion-flex-column-wrapper-legacy\" style=\"background-position:left top;background-repeat:no-repeat;-webkit-background-size:cover;-moz-background-size:cover;-o-background-size:cover;background-size:cover;padding: 0px 0px 0px 0px;\"><div class=\"fusion-sep-clear\"><\/div><div class=\"fusion-separator\" style=\"margin-left: auto;margin-right: auto;margin-top:5px;margin-bottom:30px;width:100%;max-width:150px;\"><div class=\"fusion-separator-border sep-single sep-solid\" style=\"border-color:rgba(255,252,252,0);border-top-width:1px;\"><\/div><\/div><div class=\"fusion-sep-clear\"><\/div><div class=\"imageframe-align-center\"><span class=\" fusion-imageframe imageframe-none imageframe-12 hover-type-none\" style=\"border-radius:30px;\"><img decoding=\"async\" width=\"68\" height=\"68\" title=\"icon_anfahrt\" src=\"http:\/\/www.smarttravelers.de\/wp-content\/uploads\/2018\/02\/icon_anfahrt-1.png\" class=\"img-responsive wp-image-34565\" srcset=\"https:\/\/www.smarttravelers.de\/wp-content\/uploads\/2018\/02\/icon_anfahrt-1-66x66.png 66w, https:\/\/www.smarttravelers.de\/wp-content\/uploads\/2018\/02\/icon_anfahrt-1.png 68w\" sizes=\"(max-width: 68px) 100vw, 68px\" \/><\/span><\/div><div class=\"fusion-sep-clear\"><\/div><div class=\"fusion-separator\" style=\"margin-left: auto;margin-right: auto;margin-top:5px;margin-bottom:30px;width:100%;max-width:150px;\"><\/div><div class=\"fusion-sep-clear\"><\/div><div class=\"fusion-text fusion-text-9\"><h2 class=\"content-box-heading\" style=\"text-align: center;\">Getting there<\/h2>\n<\/div><div class=\"fusion-text fusion-text-10\"><h3><strong>By car:<\/strong><\/h3>\n<p>Brussels is located just over 150 kilometers west of the German border and is very well connected to the European highway network. The Belgian capital can be reached by car from Cologne, D\u00fcsseldorf and other cities in North Rhine-Westphalia in only about two and a half hours.<\/p>\n<h3><strong>By train:<\/strong><\/h3>\n<p>The train is an excellent alternative to car and plane for a trip to Brussels. Thalys high-speed trains run from North Rhine-Westphalia to Brussels. The journey from Cologne to Brussels takes only two hours.<\/p>\n<h3><strong>By plane:<\/strong><\/h3>\n<p>Brussels has an international airport with daily connections to all major airports in Germany, Austria and Switzerland. In Germany, Berlin, Frankfurt, Hamburg, Hanover, Munich and Stuttgart have several daily flights from Brussels. In Switzerland there are connections to Basel, Geneva and Zurich. And in Austria, Vienna is connected to Brussels.<\/p>\n<\/div><div class=\"fusion-clearfix\"><\/div><\/div><\/div><\/div><\/div><\/div><div id=\"hotels\"><div class=\"fusion-fullwidth fullwidth-box fusion-builder-row-9 nonhundred-percent-fullwidth non-hundred-percent-height-scrolling\" style=\"background-color: #003580;background-position: center center;background-repeat: no-repeat;padding-top:0px;padding-right:10%;padding-bottom:0px;padding-left:10%;margin-bottom: 0px;margin-top: 0px;border-width: 0px 0px 0px 0px;border-color:rgba(255,255,255,0);border-style:solid;\" ><div class=\"fusion-builder-row fusion-row\"><div class=\"fusion-layout-column fusion_builder_column fusion-builder-column-13 fusion_builder_column_1_1 1_1 fusion-one-full fusion-column-first fusion-column-last\" style=\"margin-top:0px;margin-bottom:20px;\"><div class=\"fusion-column-wrapper fusion-flex-column-wrapper-legacy\" style=\"background-position:left top;background-repeat:no-repeat;-webkit-background-size:cover;-moz-background-size:cover;-o-background-size:cover;background-size:cover;padding: 0px 0px 0px 0px;\"><div class=\"fusion-sep-clear\"><\/div><div class=\"fusion-separator\" style=\"margin-left: auto;margin-right: auto;margin-top:5px;margin-bottom:30px;width:100%;max-width:150px;\"><div class=\"fusion-separator-border sep-single sep-solid\" style=\"border-color:rgba(255,252,252,0);border-top-width:1px;\"><\/div><\/div><div class=\"fusion-sep-clear\"><\/div><div class=\"imageframe-align-center\"><span class=\" fusion-imageframe imageframe-none imageframe-13 hover-type-none\" style=\"border-radius:30px;\"><img decoding=\"async\" width=\"68\" height=\"68\" title=\"icon_hotels-hell\" src=\"https:\/\/www.smarttravelers.de\/wp-content\/uploads\/2018\/03\/icon_hotels-hell.png\" class=\"img-responsive wp-image-59958\" srcset=\"https:\/\/www.smarttravelers.de\/wp-content\/uploads\/2018\/03\/icon_hotels-hell-66x66.png 66w, https:\/\/www.smarttravelers.de\/wp-content\/uploads\/2018\/03\/icon_hotels-hell.png 68w\" sizes=\"(max-width: 68px) 100vw, 68px\" \/><\/span><\/div><div class=\"fusion-sep-clear\"><\/div><div class=\"fusion-separator\" style=\"margin-left: auto;margin-right: auto;margin-top:5px;margin-bottom:30px;width:100%;max-width:150px;\"><div class=\"fusion-separator-border sep-single sep-solid\" style=\"border-color:rgba(255,252,252,0);border-top-width:1px;\"><\/div><\/div><div class=\"fusion-sep-clear\"><\/div><div class=\"imageframe-align-center\"><span class=\" fusion-imageframe imageframe-none imageframe-14 hover-type-none\" style=\"border-radius:30px;\"><img decoding=\"async\" width=\"200\" height=\"48\" title=\"Bildschirmfoto 2018-03-08 um 15.02.21\" src=\"http:\/\/www.smarttravelers.de\/wp-content\/uploads\/2018\/03\/Bildschirmfoto-2018-03-08-um-15.02.21-200x48.png\" class=\"img-responsive wp-image-59945\" srcset=\"https:\/\/www.smarttravelers.de\/wp-content\/uploads\/2018\/03\/Bildschirmfoto-2018-03-08-um-15.02.21-200x48.png 200w, https:\/\/www.smarttravelers.de\/wp-content\/uploads\/2018\/03\/Bildschirmfoto-2018-03-08-um-15.02.21.png 366w\" sizes=\"(max-width: 500px) 100vw, 200px\" \/><\/span><\/div><div class=\"fusion-sep-clear\"><\/div><div class=\"fusion-separator\" style=\"margin-left: auto;margin-right: auto;margin-top:5px;margin-bottom:30px;width:100%;max-width:150px;\"><div class=\"fusion-separator-border sep-single sep-solid\" style=\"border-color:rgba(255,252,252,0);border-top-width:1px;\"><\/div><\/div><div class=\"fusion-sep-clear\"><\/div><div class=\"fusion-text fusion-text-11\"><p><ins class=\"bookingaff\" data-aid=\"1954921\" data-target_aid=\"1954921\" data-prod=\"map\" data-width=\"100%\" data-height=\"590\" data-lang=\"ualng\" data-dest_id=\"0\" data-dest_type=\"landmark\" data-latitude=\"50.8503396\" data-longitude=\"4.3517103\" data-landmark_name=\"Br\u00fcssel\" data-mwhsb=\"0\" data-address=\"Br\u00fcssel, Belgium\"><br \/>\n<!-- Anything inside will go away once widget is loaded. --><br \/>\n<a href=\"\/\/www.booking.com?aid=1954921\">Booking.com<\/a><br \/>\n<\/ins><br \/>\n<script type=\"text\/javascript\">\n    (function(d, sc, u) {\n      var s = d.createElement(sc), p = d.getElementsByTagName(sc)[0];\n      s.type = 'text\/javascript';\n      s.async = true;\n      s.src = u + '?v=' + (+new Date());\n      p.parentNode.insertBefore(s,p);\n      })(document, 'script', '\/\/aff.bstatic.com\/static\/affiliate_base\/js\/flexiproduct.js');\n<\/script><\/p>\n<\/div><div class=\"fusion-sep-clear\"><\/div><div class=\"fusion-separator\" style=\"margin-left: auto;margin-right: auto;margin-top:5px;margin-bottom:0px;width:100%;max-width:150px;\"><\/div><div class=\"fusion-sep-clear\"><\/div><div class=\"fusion-clearfix\"><\/div><\/div><\/div><\/div><\/div><\/div><div class=\"fusion-fullwidth fullwidth-box fusion-builder-row-10 nonhundred-percent-fullwidth non-hundred-percent-height-scrolling\" style=\"background-color: #f4f4f4;background-position: center center;background-repeat: no-repeat;padding-top:0px;padding-right:15%;padding-bottom:0px;padding-left:15%;margin-bottom: 0px;margin-top: 0px;border-width: 0px 0px 0px 0px;border-color:rgba(255,255,255,0);border-style:solid;\" ><div class=\"fusion-builder-row fusion-row\"><div class=\"fusion-layout-column fusion_builder_column fusion-builder-column-14 fusion_builder_column_1_1 1_1 fusion-one-full fusion-column-first fusion-column-last\" style=\"margin-top:0px;margin-bottom:20px;\"><div class=\"fusion-column-wrapper fusion-flex-column-wrapper-legacy\" style=\"background-position:left top;background-repeat:no-repeat;-webkit-background-size:cover;-moz-background-size:cover;-o-background-size:cover;background-size:cover;padding: 0px 0px 0px 0px;\"><div class=\"fusion-sep-clear\"><\/div><div class=\"fusion-separator\" style=\"margin-left: auto;margin-right: auto;margin-top:5px;margin-bottom:30px;width:100%;max-width:150px;\"><div class=\"fusion-separator-border sep-single sep-solid\" style=\"border-color:rgba(255,252,252,0);border-top-width:1px;\"><\/div><\/div><div class=\"fusion-sep-clear\"><\/div><div class=\"imageframe-align-center\"><span class=\" fusion-imageframe imageframe-none imageframe-15 hover-type-none\" style=\"border-radius:30px;\"><img decoding=\"async\" width=\"68\" height=\"68\" title=\"icon_einkaufen\" src=\"http:\/\/www.smarttravelers.de\/wp-content\/uploads\/2018\/02\/icon_einkaufen-2.png\" class=\"img-responsive wp-image-34567\" srcset=\"https:\/\/www.smarttravelers.de\/wp-content\/uploads\/2018\/02\/icon_einkaufen-2-66x66.png 66w, https:\/\/www.smarttravelers.de\/wp-content\/uploads\/2018\/02\/icon_einkaufen-2.png 68w\" sizes=\"(max-width: 68px) 100vw, 68px\" \/><\/span><\/div><div class=\"fusion-sep-clear\"><\/div><div class=\"fusion-separator\" style=\"margin-left: auto;margin-right: auto;margin-top:5px;margin-bottom:30px;width:100%;max-width:150px;\"><\/div><div class=\"fusion-sep-clear\"><\/div><div class=\"fusion-text fusion-text-12\"><h2 class=\"content-box-heading\" style=\"text-align: center;\">Shopping<\/h2>\n<\/div><div class=\"fusion-text fusion-text-13\"><p>Brussels does not enjoy a reputation as a special shopping metropolis, but those who are looking for exclusive designer fashion, antiques and, of course, delicious Belgian chocolate and chocolates, will find her\/his happiness in the capital of Belgium.<\/p>\n<p>A shopping tour through Brussels ideally begins in the <a href=\"https:\/\/www.smarttravelers.de\/en\/sights\/belgium\/brussels\/royal-saint-hubert-galleries\/\" target=\"_blank\" rel=\"noopener\">Galeries Royales Saint-Hubert<\/a>, located in the middle of the city center. The beautiful shopping arcades are the oldest of their kind in Europe and provide a magnificent backdrop for a special shopping experience. From traditional leather goods stores to fine jewelry boutiques to the flagship stores of Brussels chocolatiers, one can find quite an unusual mix of stores in the <a href=\"https:\/\/www.smarttravelers.de\/en\/sights\/belgium\/brussels\/royal-saint-hubert-galleries\/\" target=\"_blank\" rel=\"noopener\">Galeries Royales Saint-Hubert<\/a>. Those who have already exhausted his\/her shopping budget should at least come window-shopping the galleries.<\/p>\n<p>The largest shopping street in Brussels is <em>Rue Neuve<\/em>, located in the northern part of the city center. Every day, nearly 50,000 people stroll through the street to fill their shopping bags. <em>Rue Neuve<\/em> is primarily the home of international brands. The north end of the street is also home to <em>City 2<\/em>, one of the city&#8217;s largest shopping centers.<\/p>\n<p>The second largest shopping street in the city is <em>Chauss\u00e9e d&#8217;Ixelles<\/em> in the <em>Ixelles<\/em> district of the same name. Here you will find mainly stores from the areas of decoration, leisure and fashion.<\/p>\n<p>If you&#8217;ve come to Brussels with a well-filled wallet and are also looking for a more luxurious shopping experience, it&#8217;s best to head straight for <em>Avenue Louise<\/em>. It is the Brussels equivalent of <a href=\"https:\/\/www.smarttravelers.de\/en\/sights\/usa\/new-york-city\/fifth-avenue\/\" target=\"_blank\" rel=\"noopener\">Fifth Avenue<\/a> in <a href=\"https:\/\/www.smarttravelers.de\/en\/usa\/new-york-city\/\" target=\"_blank\" rel=\"noopener\">New York City<\/a> and the <a href=\"https:\/\/www.smarttravelers.de\/en\/sights\/france\/paris\/avenue-des-champs-elysees\/\" target=\"_blank\" rel=\"noopener\">Champs-\u00c9lys\u00e9es<\/a> in <a href=\"https:\/\/www.smarttravelers.de\/en\/france\/paris\/\" target=\"_blank\" rel=\"noopener\">Paris<\/a>. <em>Avenue Louise<\/em> is lined with one luxury boutique after another. All the well-known brands of the international luxury goods industry are represented here with stores.<\/p>\n<p>Fashionistas looking for something more unusual should also definitely stroll through the <em>Dansaert<\/em> district. Around\u00a0<em>Rue Antoine Dansaert<\/em> lies the hotspot of the Belgian designer scene.<\/p>\n<p>Last but not least, the <em>Sablon<\/em> district around the eponymous <a href=\"https:\/\/www.smarttravelers.de\/en\/sights\/belgium\/brussels\/the-sablon\/\" target=\"_blank\" rel=\"noopener\">Sablon Square<\/a> is also worth a shopping spree, especially for lovers of chocolate and antiques. Here, the shop windows of the famous Belgian chocolatiers line up, attracting visitors to the stores with their magnificent creations. In addition, the <a href=\"https:\/\/www.smarttravelers.de\/en\/sights\/belgium\/brussels\/the-sablon\/\" target=\"_blank\" rel=\"noopener\">Sablon<\/a> is a true mecca for antique lovers. The density of antique shops here is higher than anywhere else, and on weekends the antique market on the <a href=\"https:\/\/www.smarttravelers.de\/en\/sights\/belgium\/brussels\/the-sablon\/\" target=\"_blank\" rel=\"noopener\">Sablon<\/a> is a magnet for all fans of bargains and unusual furnishings.<\/p>\n<\/div><div class=\"fusion-clearfix\"><\/div><\/div><\/div><\/div><\/div><div id=\"wohin\"><div class=\"fusion-fullwidth fullwidth-box fusion-builder-row-11 nonhundred-percent-fullwidth non-hundred-percent-height-scrolling\" style=\"background-color: #ffffff;background-position: center center;background-repeat: no-repeat;padding-top:0px;padding-right:15%;padding-bottom:0px;padding-left:15%;margin-bottom: 0px;margin-top: 0px;border-width: 0px 0px 0px 0px;border-color:rgba(255,255,255,0);border-style:solid;\" ><div class=\"fusion-builder-row fusion-row\"><div class=\"fusion-layout-column fusion_builder_column fusion-builder-column-15 fusion_builder_column_1_1 1_1 fusion-one-full fusion-column-first fusion-column-last\" style=\"margin-top:0px;margin-bottom:20px;\"><div class=\"fusion-column-wrapper fusion-flex-column-wrapper-legacy\" style=\"background-position:left top;background-repeat:no-repeat;-webkit-background-size:cover;-moz-background-size:cover;-o-background-size:cover;background-size:cover;padding: 0px 0px 0px 0px;\"><div class=\"fusion-sep-clear\"><\/div><div class=\"fusion-separator\" style=\"margin-left: auto;margin-right: auto;margin-top:5px;margin-bottom:30px;width:100%;max-width:150px;\"><div class=\"fusion-separator-border sep-single sep-solid\" style=\"border-color:rgba(255,252,252,0);border-top-width:1px;\"><\/div><\/div><div class=\"fusion-sep-clear\"><\/div><div class=\"imageframe-align-center\"><span class=\" fusion-imageframe imageframe-none imageframe-16 hover-type-none\" style=\"border-radius:30px;\"><img decoding=\"async\" width=\"68\" height=\"68\" title=\"trinken\" src=\"http:\/\/www.smarttravelers.de\/wp-content\/uploads\/2018\/02\/trinken-2.png\" class=\"img-responsive wp-image-34580\" srcset=\"https:\/\/www.smarttravelers.de\/wp-content\/uploads\/2018\/02\/trinken-2-66x66.png 66w, https:\/\/www.smarttravelers.de\/wp-content\/uploads\/2018\/02\/trinken-2.png 68w\" sizes=\"(max-width: 68px) 100vw, 68px\" \/><\/span><\/div><div class=\"fusion-sep-clear\"><\/div><div class=\"fusion-separator\" style=\"margin-left: auto;margin-right: auto;margin-top:5px;margin-bottom:30px;width:100%;max-width:150px;\"><\/div><div class=\"fusion-sep-clear\"><\/div><div class=\"fusion-text fusion-text-14\"><h2 class=\"content-box-heading\" style=\"text-align: center;\">Food and drink<\/h2>\n<\/div><div class=\"fusion-text fusion-text-15\"><p>Brussels is a true Mecca for all lovers of culinary delights. There is hardly any other city in Europe where you can eat as well and, above all, as varied as in Belgium&#8217;s capital. The culinary spectrum ranges from (supposedly) simple dishes like French fries and waffles to truffles and haute cuisine in all its variations. And last but not least, the incredible selection of Belgian beers alone is a reason to visit Brussels.<\/p>\n<p>If you&#8217;re immersed in the Brussels gastro scene, you should start with the Belgian national dish: French fries (or &#8220;frittes,&#8221; as they&#8217;re called in Brussels). After all, the most popular presentation form of the potato was also invented in Belgium. It&#8217;s no wonder that frites are not only the classic Belgian street food, but also the number one side dish in upscale restaurants. Brussels frites stalls have perfected the preparation of potato sticks over the years. They are deep-fried twice and are golden and crispy on the outside, but fluffy and floury on the inside. Belgian frites are (mostly) different from German fries in two ways: first, they are made from fresh potatoes and are usually cut relatively thick. Second, they are not just served boringly with ketchup and mayo, but consumed with an incredible range of sauce creations, such as aioli, curry, peanut, and tartar sauce.<\/p>\n<p>A second culinary reason to travel to Brussels is the waffles, which are famous far beyond the city&#8217;s borders. The creations made of soft batter are served with a wide variety of toppings and sauces, such as cream, chocolate, bananas or strawberries. Purisitic waffle lovers, however, swear by eating them dusted only with powdered sugar. It is important that the waffle is freshly made and still warm.<\/p>\n<p>Brussels is also worth a trip for those with a sweet tooth for another reason: Belgian chocolate. Even the Swiss will be envious of the variety and creativity of the chocolates and pralines in the stores of the Belgian Ma\u00eetres Chocolatiers. Belgian chocolatiers are internationally renowned for their love of experimentation. The flavors of chocolates and pralines are correspondingly diverse. The craftsmanship and the exceptional taste do come at a price. However, it helps you to enjoy the chocolate creations even more. By the way, the Belgians&#8217; love of chocolate does not stop at drinks. It is also gladly enjoyed in the caf\u00e9s of the city in the form of a hot chocolate. In contrast to Germany, Brussels often does not put a ready-made drink on the table, but serves a glass of hot milk and the chocolate in the form of leaves and drops, which then slowly melt in the liquid. The eye drinks along.<\/p>\n<p>The gastronomic spectrum of Brussels is very wide against the background of the internationality of the city. The many people from all corners of Europe who work for the EU institutions and the many immigrants from southern Europe and Africa who have been coming to Belgium for decades have made Brussels&#8217; restaurant scene one of the most diverse in Europe. Here you&#8217;ll find cuisines from all corners of the globe. Of course, you can also enjoy excellent typical Belgian cuisine in Brussels. One of the country&#8217;s specialties is mussels, which are served in all variations (with French fries on the side, of course).<\/p>\n<p>As far as beverages are concerned, Belgium, as a country of brewing art, is a true paradise for all beer drinkers. Whether there are 1,000 or even 5,000 different flavors has not yet been clarified. And it doesn&#8217;t really matter. What really counts are the extraordinary flavors of Belgian beers. While the emergence of craft beer breweries in Germany has only recently brought diversity in taste, beer has been consumed in Belgium in a wide variety of forms for centuries. It is absolutely not uncommon for the barley juice in Brussels to taste of spices or fruit. Particularly well-known and popular is the so-called &#8220;Kriek beer,&#8221; which has a slight cherry note.<\/p>\n<\/div><div class=\"fusion-clearfix\"><\/div><\/div><\/div><\/div><\/div><\/div><div class=\"fusion-fullwidth fullwidth-box fusion-builder-row-12 nonhundred-percent-fullwidth non-hundred-percent-height-scrolling\" style=\"background-color: #f4f4f4;background-position: center center;background-repeat: no-repeat;padding-top:0px;padding-right:15%;padding-bottom:0px;padding-left:15%;margin-bottom: 0px;margin-top: 0px;border-width: 0px 0px 0px 0px;border-color:rgba(255,255,255,0);border-style:solid;\" ><div class=\"fusion-builder-row fusion-row\"><div class=\"fusion-layout-column fusion_builder_column fusion-builder-column-16 fusion_builder_column_1_1 1_1 fusion-one-full fusion-column-first fusion-column-last\" style=\"margin-top:0px;margin-bottom:20px;\"><div class=\"fusion-column-wrapper fusion-flex-column-wrapper-legacy\" style=\"background-position:left top;background-repeat:no-repeat;-webkit-background-size:cover;-moz-background-size:cover;-o-background-size:cover;background-size:cover;padding: 0px 0px 0px 0px;\"><div class=\"fusion-sep-clear\"><\/div><div class=\"fusion-separator\" style=\"margin-left: auto;margin-right: auto;margin-top:5px;margin-bottom:30px;width:100%;max-width:150px;\"><div class=\"fusion-separator-border sep-single sep-solid\" style=\"border-color:rgba(255,252,252,0);border-top-width:1px;\"><\/div><\/div><div class=\"fusion-sep-clear\"><\/div><div class=\"imageframe-align-center\"><span class=\" fusion-imageframe imageframe-none imageframe-17 hover-type-none\" style=\"border-radius:30px;\"><img decoding=\"async\" width=\"68\" height=\"68\" title=\"icon_nachtleben\" src=\"http:\/\/www.smarttravelers.de\/wp-content\/uploads\/2018\/02\/icon_nachtleben-2.png\" class=\"img-responsive wp-image-34574\" srcset=\"https:\/\/www.smarttravelers.de\/wp-content\/uploads\/2018\/02\/icon_nachtleben-2-66x66.png 66w, https:\/\/www.smarttravelers.de\/wp-content\/uploads\/2018\/02\/icon_nachtleben-2.png 68w\" sizes=\"(max-width: 68px) 100vw, 68px\" \/><\/span><\/div><div class=\"fusion-sep-clear\"><\/div><div class=\"fusion-separator\" style=\"margin-left: auto;margin-right: auto;margin-top:5px;margin-bottom:30px;width:100%;max-width:150px;\"><\/div><div class=\"fusion-sep-clear\"><\/div><div class=\"fusion-text fusion-text-16\"><h2 class=\"content-box-heading\" style=\"text-align: center;\">Nightlife and entertainment<\/h2>\n<\/div><div class=\"fusion-text fusion-text-17\"><p>Although Brussels is more or less the capital of Europe, its size alone means that the city cannot compete with the major party capitals of Europe, such as <a href=\"https:\/\/www.smarttravelers.de\/en\/spain\/barcelona\/\" target=\"_blank\" rel=\"noopener\">Barcelona<\/a>, <a href=\"https:\/\/www.smarttravelers.de\/en\/germany\/berlin\/\" target=\"_blank\" rel=\"noopener\">Berlin<\/a>, <a href=\"https:\/\/www.smarttravelers.de\/en\/france\/paris\/\" target=\"_blank\" rel=\"noopener\">Paris<\/a> or <a href=\"https:\/\/www.smarttravelers.de\/en\/united-kingdom\/london\/\" target=\"_blank\" rel=\"noopener\">London<\/a>. However, this does not mean that the Belgian capital has a boring nightlife. On the contrary: Brussels is known for its particularly experimental and varied nightlife. The special mix of inhabitants &#8211; Flemish, Walloons, people from all EU member states and a large student scene &#8211; makes the nightlife of Brussels a colorful and lively mixture of bars, clubs, discos and any number of mixed forms.<\/p>\n<p>For an introduction to Brussels nightlife, a pub crawl is always a good idea. With its countless types of beer, Belgium is a true paradise for all beer drinkers. It&#8217;s no wonder that many of Brussels&#8217; pubs have over 50 varieties on the menu. Brussels city center in particular is ideal for a pub crawl due to its high density of pubs.<\/p>\n<p>A nightlife hotspot is Brussels&#8217; stock exchange district around the old stock exchange building. From live music to techno beats to Latin music, you can find the right location for just about any taste here. There are also many nightlife venues in the neighboring streets around the <a href=\"https:\/\/www.smarttravelers.de\/en\/sights\/belgium\/brussels\/grand-place\/\" target=\"_blank\" rel=\"noopener\">Grand Place<\/a> and the <em>Royal Monnaie Theater<\/em>. <a href=\"https:\/\/www.smarttravelers.de\/en\/sights\/belgium\/brussels\/saint-gery\/\" target=\"_blank\" rel=\"noopener\">Saint-G\u00e9ry<\/a> and <em>Danseaert<\/em> in the western part of the city center are also popular nightlife areas.<\/p>\n<p>Many of Brussels&#8217; neighborhoods have their own unique character when it comes to nightlife. The <em>Saint-Jacques<\/em> neighborhood is considered a stronghold of gay and lesbian clubs. In the <em>Quartier des Marolles<\/em>, fans of alternative music, techno and underground music feel particularly at home. And for those who prefer a more upscale atmosphere, the fancier neighborhoods of <a href=\"https:\/\/www.smarttravelers.de\/en\/sights\/belgium\/brussels\/the-sablon\/\" target=\"_blank\" rel=\"noopener\">Sablon<\/a>, <em>Louise<\/em>, <em>Ixelles<\/em> and <em>Saint-Gilles<\/em> are the best places to go out.<\/p>\n<\/div><div class=\"fusion-clearfix\"><\/div><\/div><\/div><\/div><\/div><div id=\"was\"><div class=\"fusion-fullwidth fullwidth-box fusion-builder-row-13 nonhundred-percent-fullwidth non-hundred-percent-height-scrolling\" style=\"background-color: #ffffff;background-position: center center;background-repeat: no-repeat;padding-top:0px;padding-right:15%;padding-bottom:0px;padding-left:15%;margin-bottom: -60px;margin-top: 0px;border-width: 0px 0px 0px 0px;border-color:rgba(255,255,255,0);border-style:solid;\" ><div class=\"fusion-builder-row fusion-row\"><div class=\"fusion-layout-column fusion_builder_column fusion-builder-column-17 fusion_builder_column_1_1 1_1 fusion-one-full fusion-column-first fusion-column-last\" style=\"margin-top:0px;margin-bottom:20px;\"><div class=\"fusion-column-wrapper fusion-flex-column-wrapper-legacy\" style=\"background-position:left top;background-repeat:no-repeat;-webkit-background-size:cover;-moz-background-size:cover;-o-background-size:cover;background-size:cover;padding: 0px 0px 0px 0px;\"><div class=\"fusion-sep-clear\"><\/div><div class=\"fusion-separator\" style=\"margin-left: auto;margin-right: auto;margin-top:5px;margin-bottom:30px;width:100%;max-width:150px;\"><div class=\"fusion-separator-border sep-single sep-solid\" style=\"border-color:rgba(255,252,252,0);border-top-width:1px;\"><\/div><\/div><div class=\"fusion-sep-clear\"><\/div><div class=\"imageframe-align-center\"><span class=\" fusion-imageframe imageframe-none imageframe-18 hover-type-none\" style=\"border-radius:30px;\"><img decoding=\"async\" width=\"68\" height=\"68\" title=\"icon_sehensw\u00fcrdigkeiten\" src=\"http:\/\/www.smarttravelers.de\/wp-content\/uploads\/2018\/02\/icon_sehensw\u00fcrdigkeiten-1.png\" class=\"img-responsive wp-image-34576\" srcset=\"https:\/\/www.smarttravelers.de\/wp-content\/uploads\/2018\/02\/icon_sehensw\u00fcrdigkeiten-1-66x66.png 66w, https:\/\/www.smarttravelers.de\/wp-content\/uploads\/2018\/02\/icon_sehensw\u00fcrdigkeiten-1.png 68w\" sizes=\"(max-width: 68px) 100vw, 68px\" \/><\/span><\/div><div class=\"fusion-sep-clear\"><\/div><div class=\"fusion-separator\" style=\"margin-left: auto;margin-right: auto;margin-top:5px;margin-bottom:30px;width:100%;max-width:150px;\"><\/div><div class=\"fusion-sep-clear\"><\/div><div class=\"fusion-text fusion-text-18\"><h2 class=\"content-box-heading\" style=\"text-align: center;\">Sights<\/h2>\n<\/div><div class=\"fusion-text fusion-text-19\"><div class=\"fusion-recent-works fusion-portfolio-element fusion-portfolio fusion-portfolio-1 fusion-portfolio-masonry fusion-portfolio-paging-infinite fusion-portfolio-three fusion-portfolio-no_text fusion-portfolio-rollover\" data-id=\"-rw-1\" data-columns=\"three\"><div role=\"menubar\"><ul class=\"fusion-filters\" role=\"menu\" aria-label=\"filters\"><li role=\"menuitem\" class=\"fusion-filter fusion-hidden fusion-active\"><a href=\"#\" data-filter=\".all-in-brussels\">All in Brussels<\/a><\/li><li role=\"menuitem\" class=\"fusion-filter fusion-hidden\"><a href=\"#\" data-filter=\".alle-in-stockholm-en\">Alle in Stockholm<\/a><\/li><li role=\"menuitem\" class=\"fusion-filter fusion-hidden\"><a href=\"#\" data-filter=\".beaches\">Beaches<\/a><\/li><li role=\"menuitem\" class=\"fusion-filter fusion-hidden\"><a href=\"#\" data-filter=\".bridges\">Bridges<\/a><\/li><li role=\"menuitem\" class=\"fusion-filter fusion-hidden\"><a href=\"#\" data-filter=\".castles-palaces\">Castles &amp; Palaces<\/a><\/li><li role=\"menuitem\" class=\"fusion-filter fusion-hidden\"><a href=\"#\" data-filter=\".churches-monasteries\">Churches &amp; Monasteries<\/a><\/li><li role=\"menuitem\" class=\"fusion-filter fusion-hidden\"><a href=\"#\" data-filter=\".districts\">Districts<\/a><\/li><li role=\"menuitem\" class=\"fusion-filter fusion-hidden\"><a href=\"#\" data-filter=\".gardens-parks\">Gardens &amp; Parks<\/a><\/li><li role=\"menuitem\" class=\"fusion-filter fusion-hidden\"><a href=\"#\" data-filter=\".highlights-en\">Highlights<\/a><\/li><li role=\"menuitem\" class=\"fusion-filter fusion-hidden\"><a href=\"#\" data-filter=\".historical-buildings\">Historical buildings<\/a><\/li><li role=\"menuitem\" class=\"fusion-filter fusion-hidden\"><a href=\"#\" data-filter=\".museums-galleries\">Museums &amp; Galleries<\/a><\/li><li role=\"menuitem\" class=\"fusion-filter fusion-hidden\"><a href=\"#\" data-filter=\".natural-landscapes-national-parks\">Natural landscapes &amp; National parks<\/a><\/li><li role=\"menuitem\" class=\"fusion-filter fusion-hidden\"><a href=\"#\" data-filter=\".other-sights\">Other sights<\/a><\/li><li role=\"menuitem\" class=\"fusion-filter fusion-hidden\"><a href=\"#\" data-filter=\".shopping\">Shopping<\/a><\/li><li role=\"menuitem\" class=\"fusion-filter fusion-hidden\"><a href=\"#\" data-filter=\".streets-squares\">Streets &amp; Squares<\/a><\/li><li role=\"menuitem\" class=\"fusion-filter fusion-hidden\"><a href=\"#\" data-filter=\".theater-opera-houses\">Theater &amp; Opera houses<\/a><\/li><li role=\"menuitem\" class=\"fusion-filter fusion-hidden\"><a href=\"#\" data-filter=\".theme-amusement-parks\">Theme &amp; Amusement parks<\/a><\/li><li role=\"menuitem\" class=\"fusion-filter fusion-hidden\"><a href=\"#\" data-filter=\".viewpoints\">Viewpoints<\/a><\/li><li role=\"menuitem\" class=\"fusion-filter fusion-hidden\"><a href=\"#\" data-filter=\".world-heritage-sites\">World Heritage Sites<\/a><\/li><li role=\"menuitem\" class=\"fusion-filter fusion-hidden\"><a href=\"#\" data-filter=\".zoos-aquariums\">Zoos &amp; Aquariums<\/a><\/li><\/ul><\/div><style type=\"text\/css\">.fusion-portfolio-1 .fusion-portfolio-wrapper .fusion-col-spacing{padding:10px;}<\/style><div class=\"fusion-portfolio-wrapper\" id=\"fusion-portfolio-1\" data-picturesize=\"auto\" data-pages=\"0\" style=\"margin:-10px;\"><article class=\"fusion-portfolio-post fusion-grid-sizer\"><\/article><article id=\"portfolio-1-post-83823\" class=\"fusion-portfolio-post alle-in-stockholm-en highlights-en museums-galleries fusion-col-spacing post-83823 fusion-element-grid\"><div class=\"fusion-portfolio-content-wrapper\" style=\"border:none;\"><span class=\"entry-title rich-snippet-hidden\">ABBA The Museum<\/span><span class=\"vcard rich-snippet-hidden\"><span class=\"fn\"><a href=\"https:\/\/www.smarttravelers.de\/en\/author\/wp_admin\/\" title=\"Posts by wp_admin\" rel=\"author\">wp_admin<\/a><\/span><\/span><span class=\"updated rich-snippet-hidden\">2024-06-04T23:27:20+02:00<\/span>\n\n<div  class=\"fusion-masonry-element-container fusion-image-wrapper\" style=\"background-image:url(https:\/\/www.smarttravelers.de\/wp-content\/uploads\/2020\/03\/ABBA-The-Museum1.jpg);padding-top:calc((100% + 20px) * 0.8 - 10px);\" aria-haspopup=\"true\">\n\t\n\t\n\t\n\t\t\n\t\t\t\t\t<img decoding=\"async\" width=\"1620\" height=\"1080\" src=\"https:\/\/www.smarttravelers.de\/wp-content\/uploads\/2020\/03\/ABBA-The-Museum1.jpg\" class=\"attachment-full size-full wp-post-image\" alt=\"ABBA Bandstudio\" srcset=\"https:\/\/www.smarttravelers.de\/wp-content\/uploads\/2020\/03\/ABBA-The-Museum1-200x133.jpg 200w, https:\/\/www.smarttravelers.de\/wp-content\/uploads\/2020\/03\/ABBA-The-Museum1-400x267.jpg 400w, https:\/\/www.smarttravelers.de\/wp-content\/uploads\/2020\/03\/ABBA-The-Museum1-600x400.jpg 600w, https:\/\/www.smarttravelers.de\/wp-content\/uploads\/2020\/03\/ABBA-The-Museum1-800x533.jpg 800w, https:\/\/www.smarttravelers.de\/wp-content\/uploads\/2020\/03\/ABBA-The-Museum1-1200x800.jpg 1200w, https:\/\/www.smarttravelers.de\/wp-content\/uploads\/2020\/03\/ABBA-The-Museum1.jpg 1620w\" sizes=\"(min-width: 2200px) 100vw, (min-width: 284px) 356px, (min-width: 212px) 284px, (min-width: 140px) 212px, \" \/>\n\t\n\n\t\t<div class=\"fusion-rollover\">\n\t<div class=\"fusion-rollover-content\">\n\n\t\t\t\t\t\t\t\t\t\t\t\t\t\t<a class=\"fusion-rollover-link\" href=\"https:\/\/www.smarttravelers.de\/en\/sights\/schweden\/stockholm\/abba-the-museum\/\" target=\"_blank\">ABBA The Museum<\/a>\n\t\t\t\n\t\t\t\t\t\t\t\t\t\t\t\t\t\t\n\t\t\t\t\t\t\t\t\n\t\t\t\t\t\t\t\t\t\t\t\t\t<div class=\"fusion-rollover-sep\"><\/div>\n\t\t\t\t\n\t\t\t\t\t\t\t\t\t\t\t\t\t\t\t\t\t\t<a class=\"fusion-rollover-gallery\" href=\"https:\/\/www.smarttravelers.de\/wp-content\/uploads\/2020\/03\/ABBA-The-Museum1.jpg\" data-id=\"83823\" data-rel=\"iLightbox[gallery-rw-1]\" data-title=\"ABBA The Museum1\" data-caption=\"\">\n\t\t\t\t\t\tGallery\t\t\t\t\t<\/a>\n\t\t\t\t\t\t\t\t\t\t\t\t\t\t\n\t\t\n\t\t\t\t\t\t\t\t\t\t\t\t<h4 class=\"fusion-rollover-title\">\n\t\t\t\t\t<a class=\"fusion-rollover-title-link\" href=\"https:\/\/www.smarttravelers.de\/en\/sights\/schweden\/stockholm\/abba-the-museum\/\" target=\"_blank\">\n\t\t\t\t\t\tABBA The Museum\t\t\t\t\t<\/a>\n\t\t\t\t<\/h4>\n\t\t\t\n\t\t\t\t\t\t\t\t\n\t\t\n\t\t\t\t\t\t<a class=\"fusion-link-wrapper\" href=\"https:\/\/www.smarttravelers.de\/en\/sights\/schweden\/stockholm\/abba-the-museum\/\" target=\"_blank\" aria-label=\"ABBA The Museum\"><\/a>\n\t<\/div>\n<\/div>\n\n\t\n<\/div>\n<\/div><\/article><article id=\"portfolio-1-post-83819\" class=\"fusion-portfolio-post alle-in-stockholm-en museums-galleries fusion-col-spacing post-83819 fusion-element-grid\"><div class=\"fusion-portfolio-content-wrapper\" style=\"border:none;\"><span class=\"entry-title rich-snippet-hidden\">ArkDes<\/span><span class=\"vcard rich-snippet-hidden\"><span class=\"fn\"><a href=\"https:\/\/www.smarttravelers.de\/en\/author\/wp_admin\/\" title=\"Posts by wp_admin\" rel=\"author\">wp_admin<\/a><\/span><\/span><span class=\"updated rich-snippet-hidden\">2024-06-04T23:23:47+02:00<\/span>\n\n<div  class=\"fusion-masonry-element-container fusion-image-wrapper\" style=\"background-image:url(https:\/\/www.smarttravelers.de\/wp-content\/uploads\/2020\/03\/ArkDes3.jpg);padding-top:calc((100% + 20px) * 0.8 - 10px);\" aria-haspopup=\"true\">\n\t\n\t\n\t\n\t\t\n\t\t\t\t\t<img decoding=\"async\" width=\"1620\" height=\"1080\" src=\"https:\/\/www.smarttravelers.de\/wp-content\/uploads\/2020\/03\/ArkDes3.jpg\" class=\"attachment-full size-full wp-post-image\" alt=\"ArkDes Ausstellungsraum\" srcset=\"https:\/\/www.smarttravelers.de\/wp-content\/uploads\/2020\/03\/ArkDes3-200x133.jpg 200w, https:\/\/www.smarttravelers.de\/wp-content\/uploads\/2020\/03\/ArkDes3-400x267.jpg 400w, https:\/\/www.smarttravelers.de\/wp-content\/uploads\/2020\/03\/ArkDes3-600x400.jpg 600w, https:\/\/www.smarttravelers.de\/wp-content\/uploads\/2020\/03\/ArkDes3-800x533.jpg 800w, https:\/\/www.smarttravelers.de\/wp-content\/uploads\/2020\/03\/ArkDes3-1200x800.jpg 1200w, https:\/\/www.smarttravelers.de\/wp-content\/uploads\/2020\/03\/ArkDes3.jpg 1620w\" sizes=\"(min-width: 2200px) 100vw, (min-width: 284px) 356px, (min-width: 212px) 284px, (min-width: 140px) 212px, \" \/>\n\t\n\n\t\t<div class=\"fusion-rollover\">\n\t<div class=\"fusion-rollover-content\">\n\n\t\t\t\t\t\t\t\t\t\t\t\t\t\t<a class=\"fusion-rollover-link\" href=\"https:\/\/www.smarttravelers.de\/en\/sights\/schweden\/stockholm\/arkdes\/\" target=\"_blank\">ArkDes<\/a>\n\t\t\t\n\t\t\t\t\t\t\t\t\t\t\t\t\t\t\n\t\t\t\t\t\t\t\t\n\t\t\t\t\t\t\t\t\t\t\t\t\t<div class=\"fusion-rollover-sep\"><\/div>\n\t\t\t\t\n\t\t\t\t\t\t\t\t\t\t\t\t\t\t\t\t\t\t<a class=\"fusion-rollover-gallery\" href=\"https:\/\/www.smarttravelers.de\/wp-content\/uploads\/2020\/03\/ArkDes3.jpg\" data-id=\"83819\" data-rel=\"iLightbox[gallery-rw-1]\" data-title=\"ArkDes3\" data-caption=\"\">\n\t\t\t\t\t\tGallery\t\t\t\t\t<\/a>\n\t\t\t\t\t\t\t\t\t\t\t\t\t\t\n\t\t\n\t\t\t\t\t\t\t\t\t\t\t\t<h4 class=\"fusion-rollover-title\">\n\t\t\t\t\t<a class=\"fusion-rollover-title-link\" href=\"https:\/\/www.smarttravelers.de\/en\/sights\/schweden\/stockholm\/arkdes\/\" target=\"_blank\">\n\t\t\t\t\t\tArkDes\t\t\t\t\t<\/a>\n\t\t\t\t<\/h4>\n\t\t\t\n\t\t\t\t\t\t\t\t\n\t\t\n\t\t\t\t\t\t<a class=\"fusion-link-wrapper\" href=\"https:\/\/www.smarttravelers.de\/en\/sights\/schweden\/stockholm\/arkdes\/\" target=\"_blank\" aria-label=\"ArkDes\"><\/a>\n\t<\/div>\n<\/div>\n\n\t\n<\/div>\n<\/div><\/article><article id=\"portfolio-1-post-71874\" class=\"fusion-portfolio-post all-in-brussels museums-galleries fusion-col-spacing post-71874 fusion-element-grid\"><div class=\"fusion-portfolio-content-wrapper\" style=\"border:none;\"><span class=\"entry-title rich-snippet-hidden\">Art &#038; History Museum<\/span><span class=\"vcard rich-snippet-hidden\"><span class=\"fn\"><a href=\"https:\/\/www.smarttravelers.de\/en\/author\/wp_admin\/\" title=\"Posts by wp_admin\" rel=\"author\">wp_admin<\/a><\/span><\/span><span class=\"updated rich-snippet-hidden\">2024-06-05T12:55:45+02:00<\/span>\n\n<div  class=\"fusion-masonry-element-container fusion-image-wrapper\" style=\"background-image:url(https:\/\/www.smarttravelers.de\/wp-content\/uploads\/2020\/01\/Mus\u00e9e-Art-Histoire1.jpg);padding-top:calc((100% + 20px) * 0.8 - 10px);\" aria-haspopup=\"true\">\n\t\n\t\n\t\n\t\t\n\t\t\t\t\t<img decoding=\"async\" width=\"1620\" height=\"1080\" src=\"https:\/\/www.smarttravelers.de\/wp-content\/uploads\/2020\/01\/Mus\u00e9e-Art-Histoire1.jpg\" class=\"attachment-full size-full wp-post-image\" alt=\"Die Antiken-Sammlung im Mus\u00e9e Art &amp; Histoire\" srcset=\"https:\/\/www.smarttravelers.de\/wp-content\/uploads\/2020\/01\/Mus\u00e9e-Art-Histoire1-200x133.jpg 200w, https:\/\/www.smarttravelers.de\/wp-content\/uploads\/2020\/01\/Mus\u00e9e-Art-Histoire1-400x267.jpg 400w, https:\/\/www.smarttravelers.de\/wp-content\/uploads\/2020\/01\/Mus\u00e9e-Art-Histoire1-600x400.jpg 600w, https:\/\/www.smarttravelers.de\/wp-content\/uploads\/2020\/01\/Mus\u00e9e-Art-Histoire1-800x533.jpg 800w, https:\/\/www.smarttravelers.de\/wp-content\/uploads\/2020\/01\/Mus\u00e9e-Art-Histoire1-1200x800.jpg 1200w, https:\/\/www.smarttravelers.de\/wp-content\/uploads\/2020\/01\/Mus\u00e9e-Art-Histoire1.jpg 1620w\" sizes=\"(min-width: 2200px) 100vw, (min-width: 284px) 356px, (min-width: 212px) 284px, (min-width: 140px) 212px, \" \/>\n\t\n\n\t\t<div class=\"fusion-rollover\">\n\t<div class=\"fusion-rollover-content\">\n\n\t\t\t\t\t\t\t\t\t\t\t\t\t\t<a class=\"fusion-rollover-link\" href=\"https:\/\/www.smarttravelers.de\/en\/sights\/belgium\/brussels\/art-history-museum\/\" target=\"_blank\">Art &#038; History Museum<\/a>\n\t\t\t\n\t\t\t\t\t\t\t\t\t\t\t\t\t\t\n\t\t\t\t\t\t\t\t\n\t\t\t\t\t\t\t\t\t\t\t\t\t<div class=\"fusion-rollover-sep\"><\/div>\n\t\t\t\t\n\t\t\t\t\t\t\t\t\t\t\t\t\t\t\t\t\t\t<a class=\"fusion-rollover-gallery\" href=\"https:\/\/www.smarttravelers.de\/wp-content\/uploads\/2020\/01\/Mus\u00e9e-Art-Histoire1.jpg\" data-id=\"71874\" data-rel=\"iLightbox[gallery-rw-1]\" data-title=\"Mus\u00e9e Art &amp; Histoire1\" data-caption=\"\">\n\t\t\t\t\t\tGallery\t\t\t\t\t<\/a>\n\t\t\t\t\t\t\t\t\t\t\t\t\t\t\n\t\t\n\t\t\t\t\t\t\t\t\t\t\t\t<h4 class=\"fusion-rollover-title\">\n\t\t\t\t\t<a class=\"fusion-rollover-title-link\" href=\"https:\/\/www.smarttravelers.de\/en\/sights\/belgium\/brussels\/art-history-museum\/\" target=\"_blank\">\n\t\t\t\t\t\tArt &#038; History Museum\t\t\t\t\t<\/a>\n\t\t\t\t<\/h4>\n\t\t\t\n\t\t\t\t\t\t\t\t\n\t\t\n\t\t\t\t\t\t<a class=\"fusion-link-wrapper\" href=\"https:\/\/www.smarttravelers.de\/en\/sights\/belgium\/brussels\/art-history-museum\/\" target=\"_blank\" aria-label=\"Art &#038; History Museum\"><\/a>\n\t<\/div>\n<\/div>\n\n\t\n<\/div>\n<\/div><\/article><article id=\"portfolio-1-post-71961\" class=\"fusion-portfolio-post all-in-brussels highlights-en other-sights viewpoints fusion-col-spacing post-71961 fusion-element-grid\"><div class=\"fusion-portfolio-content-wrapper\" style=\"border:none;\"><span class=\"entry-title rich-snippet-hidden\">Atomium<\/span><span class=\"vcard rich-snippet-hidden\"><span class=\"fn\"><a href=\"https:\/\/www.smarttravelers.de\/en\/author\/wp_admin\/\" title=\"Posts by wp_admin\" rel=\"author\">wp_admin<\/a><\/span><\/span><span class=\"updated rich-snippet-hidden\">2024-06-06T14:22:31+02:00<\/span>\n\n<div  class=\"fusion-masonry-element-container fusion-image-wrapper\" style=\"background-image:url(https:\/\/www.smarttravelers.de\/wp-content\/uploads\/2020\/01\/Atomium2.jpg);padding-top:calc((100% + 20px) * 0.8 - 10px);\" aria-haspopup=\"true\">\n\t\n\t\n\t\n\t\t\n\t\t\t\t\t<img decoding=\"async\" width=\"1265\" height=\"1080\" src=\"https:\/\/www.smarttravelers.de\/wp-content\/uploads\/2020\/01\/Atomium2.jpg\" class=\"attachment-full size-full wp-post-image\" alt=\"Das Atomium bei Tag\" srcset=\"https:\/\/www.smarttravelers.de\/wp-content\/uploads\/2020\/01\/Atomium2-200x171.jpg 200w, https:\/\/www.smarttravelers.de\/wp-content\/uploads\/2020\/01\/Atomium2-400x342.jpg 400w, https:\/\/www.smarttravelers.de\/wp-content\/uploads\/2020\/01\/Atomium2-600x512.jpg 600w, https:\/\/www.smarttravelers.de\/wp-content\/uploads\/2020\/01\/Atomium2-800x683.jpg 800w, https:\/\/www.smarttravelers.de\/wp-content\/uploads\/2020\/01\/Atomium2-1200x1025.jpg 1200w, https:\/\/www.smarttravelers.de\/wp-content\/uploads\/2020\/01\/Atomium2.jpg 1265w\" sizes=\"(min-width: 2200px) 100vw, (min-width: 284px) 356px, (min-width: 212px) 284px, (min-width: 140px) 212px, \" \/>\n\t\n\n\t\t<div class=\"fusion-rollover\">\n\t<div class=\"fusion-rollover-content\">\n\n\t\t\t\t\t\t\t\t\t\t\t\t\t\t<a class=\"fusion-rollover-link\" href=\"https:\/\/www.smarttravelers.de\/en\/sights\/belgium\/brussels\/atomium\/\" target=\"_blank\">Atomium<\/a>\n\t\t\t\n\t\t\t\t\t\t\t\t\t\t\t\t\t\t\n\t\t\t\t\t\t\t\t\n\t\t\t\t\t\t\t\t\t\t\t\t\t<div class=\"fusion-rollover-sep\"><\/div>\n\t\t\t\t\n\t\t\t\t\t\t\t\t\t\t\t\t\t\t\t\t\t\t<a class=\"fusion-rollover-gallery\" href=\"https:\/\/www.smarttravelers.de\/wp-content\/uploads\/2020\/01\/Atomium2.jpg\" data-id=\"71961\" data-rel=\"iLightbox[gallery-rw-1]\" data-title=\"Atomium2\" data-caption=\"\">\n\t\t\t\t\t\tGallery\t\t\t\t\t<\/a>\n\t\t\t\t\t\t\t\t\t\t\t\t\t\t\n\t\t\n\t\t\t\t\t\t\t\t\t\t\t\t<h4 class=\"fusion-rollover-title\">\n\t\t\t\t\t<a class=\"fusion-rollover-title-link\" href=\"https:\/\/www.smarttravelers.de\/en\/sights\/belgium\/brussels\/atomium\/\" target=\"_blank\">\n\t\t\t\t\t\tAtomium\t\t\t\t\t<\/a>\n\t\t\t\t<\/h4>\n\t\t\t\n\t\t\t\t\t\t\t\t\n\t\t\n\t\t\t\t\t\t<a class=\"fusion-link-wrapper\" href=\"https:\/\/www.smarttravelers.de\/en\/sights\/belgium\/brussels\/atomium\/\" target=\"_blank\" aria-label=\"Atomium\"><\/a>\n\t<\/div>\n<\/div>\n\n\t\n<\/div>\n<\/div><\/article><article id=\"portfolio-1-post-71958\" class=\"fusion-portfolio-post all-in-brussels museums-galleries fusion-col-spacing post-71958 fusion-element-grid\"><div class=\"fusion-portfolio-content-wrapper\" style=\"border:none;\"><span class=\"entry-title rich-snippet-hidden\">Autoworld<\/span><span class=\"vcard rich-snippet-hidden\"><span class=\"fn\"><a href=\"https:\/\/www.smarttravelers.de\/en\/author\/wp_admin\/\" title=\"Posts by wp_admin\" rel=\"author\">wp_admin<\/a><\/span><\/span><span class=\"updated rich-snippet-hidden\">2024-06-06T14:18:09+02:00<\/span>\n\n<div  class=\"fusion-masonry-element-container fusion-image-wrapper\" style=\"background-image:url(https:\/\/www.smarttravelers.de\/wp-content\/uploads\/2020\/01\/Autoworld1.jpg);padding-top:calc((100% + 20px) * 0.8 - 10px);\" aria-haspopup=\"true\">\n\t\n\t\n\t\n\t\t\n\t\t\t\t\t<img decoding=\"async\" width=\"1623\" height=\"1080\" src=\"https:\/\/www.smarttravelers.de\/wp-content\/uploads\/2020\/01\/Autoworld1.jpg\" class=\"attachment-full size-full wp-post-image\" alt=\"Die historische Halle der Autoworld\" srcset=\"https:\/\/www.smarttravelers.de\/wp-content\/uploads\/2020\/01\/Autoworld1-200x133.jpg 200w, https:\/\/www.smarttravelers.de\/wp-content\/uploads\/2020\/01\/Autoworld1-400x266.jpg 400w, https:\/\/www.smarttravelers.de\/wp-content\/uploads\/2020\/01\/Autoworld1-600x399.jpg 600w, https:\/\/www.smarttravelers.de\/wp-content\/uploads\/2020\/01\/Autoworld1-800x532.jpg 800w, https:\/\/www.smarttravelers.de\/wp-content\/uploads\/2020\/01\/Autoworld1-1200x799.jpg 1200w, https:\/\/www.smarttravelers.de\/wp-content\/uploads\/2020\/01\/Autoworld1.jpg 1623w\" sizes=\"(min-width: 2200px) 100vw, (min-width: 284px) 356px, (min-width: 212px) 284px, (min-width: 140px) 212px, \" \/>\n\t\n\n\t\t<div class=\"fusion-rollover\">\n\t<div class=\"fusion-rollover-content\">\n\n\t\t\t\t\t\t\t\t\t\t\t\t\t\t<a class=\"fusion-rollover-link\" href=\"https:\/\/www.smarttravelers.de\/en\/sights\/belgium\/brussels\/autoworld\/\" target=\"_blank\">Autoworld<\/a>\n\t\t\t\n\t\t\t\t\t\t\t\t\t\t\t\t\t\t\n\t\t\t\t\t\t\t\t\n\t\t\t\t\t\t\t\t\t\t\t\t\t<div class=\"fusion-rollover-sep\"><\/div>\n\t\t\t\t\n\t\t\t\t\t\t\t\t\t\t\t\t\t\t\t\t\t\t<a class=\"fusion-rollover-gallery\" href=\"https:\/\/www.smarttravelers.de\/wp-content\/uploads\/2020\/01\/Autoworld1.jpg\" data-id=\"71958\" data-rel=\"iLightbox[gallery-rw-1]\" data-title=\"Autoworld1\" data-caption=\"\">\n\t\t\t\t\t\tGallery\t\t\t\t\t<\/a>\n\t\t\t\t\t\t\t\t\t\t\t\t\t\t\n\t\t\n\t\t\t\t\t\t\t\t\t\t\t\t<h4 class=\"fusion-rollover-title\">\n\t\t\t\t\t<a class=\"fusion-rollover-title-link\" href=\"https:\/\/www.smarttravelers.de\/en\/sights\/belgium\/brussels\/autoworld\/\" target=\"_blank\">\n\t\t\t\t\t\tAutoworld\t\t\t\t\t<\/a>\n\t\t\t\t<\/h4>\n\t\t\t\n\t\t\t\t\t\t\t\t\n\t\t\n\t\t\t\t\t\t<a class=\"fusion-link-wrapper\" href=\"https:\/\/www.smarttravelers.de\/en\/sights\/belgium\/brussels\/autoworld\/\" target=\"_blank\" aria-label=\"Autoworld\"><\/a>\n\t<\/div>\n<\/div>\n\n\t\n<\/div>\n<\/div><\/article><article id=\"portfolio-1-post-83602\" class=\"fusion-portfolio-post alle-in-stockholm-en other-sights viewpoints fusion-col-spacing post-83602 fusion-element-grid\"><div class=\"fusion-portfolio-content-wrapper\" style=\"border:none;\"><span class=\"entry-title rich-snippet-hidden\">Avicii Arena<\/span><span class=\"vcard rich-snippet-hidden\"><span class=\"fn\"><a href=\"https:\/\/www.smarttravelers.de\/en\/author\/wp_admin\/\" title=\"Posts by wp_admin\" rel=\"author\">wp_admin<\/a><\/span><\/span><span class=\"updated rich-snippet-hidden\">2024-06-03T11:37:11+02:00<\/span>\n\n<div  class=\"fusion-masonry-element-container fusion-image-wrapper\" style=\"background-image:url(https:\/\/www.smarttravelers.de\/wp-content\/uploads\/2020\/03\/Ericsson-Globe3.jpg);padding-top:calc((100% + 20px) * 0.8 - 10px);\" aria-haspopup=\"true\">\n\t\n\t\n\t\n\t\t\n\t\t\t\t\t<img decoding=\"async\" width=\"1730\" height=\"1080\" src=\"https:\/\/www.smarttravelers.de\/wp-content\/uploads\/2020\/03\/Ericsson-Globe3.jpg\" class=\"attachment-full size-full wp-post-image\" alt=\"Au\u00dfenansicht Avicii Arena\" srcset=\"https:\/\/www.smarttravelers.de\/wp-content\/uploads\/2020\/03\/Ericsson-Globe3-200x125.jpg 200w, https:\/\/www.smarttravelers.de\/wp-content\/uploads\/2020\/03\/Ericsson-Globe3-400x250.jpg 400w, https:\/\/www.smarttravelers.de\/wp-content\/uploads\/2020\/03\/Ericsson-Globe3-600x375.jpg 600w, https:\/\/www.smarttravelers.de\/wp-content\/uploads\/2020\/03\/Ericsson-Globe3-800x499.jpg 800w, https:\/\/www.smarttravelers.de\/wp-content\/uploads\/2020\/03\/Ericsson-Globe3-1200x749.jpg 1200w, https:\/\/www.smarttravelers.de\/wp-content\/uploads\/2020\/03\/Ericsson-Globe3.jpg 1730w\" sizes=\"(min-width: 2200px) 100vw, (min-width: 284px) 356px, (min-width: 212px) 284px, (min-width: 140px) 212px, \" \/>\n\t\n\n\t\t<div class=\"fusion-rollover\">\n\t<div class=\"fusion-rollover-content\">\n\n\t\t\t\t\t\t\t\t\t\t\t\t\t\t<a class=\"fusion-rollover-link\" href=\"https:\/\/www.smarttravelers.de\/en\/sights\/schweden\/stockholm\/avicii-arena\/\" target=\"_blank\">Avicii Arena<\/a>\n\t\t\t\n\t\t\t\t\t\t\t\t\t\t\t\t\t\t\n\t\t\t\t\t\t\t\t\n\t\t\t\t\t\t\t\t\t\t\t\t\t<div class=\"fusion-rollover-sep\"><\/div>\n\t\t\t\t\n\t\t\t\t\t\t\t\t\t\t\t\t\t\t\t\t\t\t<a class=\"fusion-rollover-gallery\" href=\"https:\/\/www.smarttravelers.de\/wp-content\/uploads\/2020\/03\/Ericsson-Globe3.jpg\" data-id=\"83602\" data-rel=\"iLightbox[gallery-rw-1]\" data-title=\"SONY DSC\" data-caption=\"SONY DSC\">\n\t\t\t\t\t\tGallery\t\t\t\t\t<\/a>\n\t\t\t\t\t\t\t\t\t\t\t\t\t\t\n\t\t\n\t\t\t\t\t\t\t\t\t\t\t\t<h4 class=\"fusion-rollover-title\">\n\t\t\t\t\t<a class=\"fusion-rollover-title-link\" href=\"https:\/\/www.smarttravelers.de\/en\/sights\/schweden\/stockholm\/avicii-arena\/\" target=\"_blank\">\n\t\t\t\t\t\tAvicii Arena\t\t\t\t\t<\/a>\n\t\t\t\t<\/h4>\n\t\t\t\n\t\t\t\t\t\t\t\t\n\t\t\n\t\t\t\t\t\t<a class=\"fusion-link-wrapper\" href=\"https:\/\/www.smarttravelers.de\/en\/sights\/schweden\/stockholm\/avicii-arena\/\" target=\"_blank\" aria-label=\"Avicii Arena\"><\/a>\n\t<\/div>\n<\/div>\n\n\t\n<\/div>\n<\/div><\/article><article id=\"portfolio-1-post-71950\" class=\"fusion-portfolio-post all-in-brussels museums-galleries fusion-col-spacing post-71950 fusion-element-grid\"><div class=\"fusion-portfolio-content-wrapper\" style=\"border:none;\"><span class=\"entry-title rich-snippet-hidden\">Belgian Comic Strip Center<\/span><span class=\"vcard rich-snippet-hidden\"><span class=\"fn\"><a href=\"https:\/\/www.smarttravelers.de\/en\/author\/wp_admin\/\" title=\"Posts by wp_admin\" rel=\"author\">wp_admin<\/a><\/span><\/span><span class=\"updated rich-snippet-hidden\">2024-06-06T14:08:04+02:00<\/span>\n\n<div  class=\"fusion-masonry-element-container fusion-image-wrapper\" style=\"background-image:url(https:\/\/www.smarttravelers.de\/wp-content\/uploads\/2020\/01\/Belgisches-Comicmuseum3.jpg);padding-top:calc((100% + 20px) * 0.8 - 10px);\" aria-haspopup=\"true\">\n\t\n\t\n\t\n\t\t\n\t\t\t\t\t<img decoding=\"async\" width=\"1620\" height=\"1080\" src=\"https:\/\/www.smarttravelers.de\/wp-content\/uploads\/2020\/01\/Belgisches-Comicmuseum3.jpg\" class=\"attachment-full size-full wp-post-image\" alt=\"Tim und Struppi im Belgischen Comic-Zentrum\" srcset=\"https:\/\/www.smarttravelers.de\/wp-content\/uploads\/2020\/01\/Belgisches-Comicmuseum3-200x133.jpg 200w, https:\/\/www.smarttravelers.de\/wp-content\/uploads\/2020\/01\/Belgisches-Comicmuseum3-400x267.jpg 400w, https:\/\/www.smarttravelers.de\/wp-content\/uploads\/2020\/01\/Belgisches-Comicmuseum3-600x400.jpg 600w, https:\/\/www.smarttravelers.de\/wp-content\/uploads\/2020\/01\/Belgisches-Comicmuseum3-800x533.jpg 800w, https:\/\/www.smarttravelers.de\/wp-content\/uploads\/2020\/01\/Belgisches-Comicmuseum3-1200x800.jpg 1200w, https:\/\/www.smarttravelers.de\/wp-content\/uploads\/2020\/01\/Belgisches-Comicmuseum3.jpg 1620w\" sizes=\"(min-width: 2200px) 100vw, (min-width: 284px) 356px, (min-width: 212px) 284px, (min-width: 140px) 212px, \" \/>\n\t\n\n\t\t<div class=\"fusion-rollover\">\n\t<div class=\"fusion-rollover-content\">\n\n\t\t\t\t\t\t\t\t\t\t\t\t\t\t<a class=\"fusion-rollover-link\" href=\"https:\/\/www.smarttravelers.de\/en\/sights\/belgium\/brussels\/belgian-comic-strip-center\/\" target=\"_blank\">Belgian Comic Strip Center<\/a>\n\t\t\t\n\t\t\t\t\t\t\t\t\t\t\t\t\t\t\n\t\t\t\t\t\t\t\t\n\t\t\t\t\t\t\t\t\t\t\t\t\t<div class=\"fusion-rollover-sep\"><\/div>\n\t\t\t\t\n\t\t\t\t\t\t\t\t\t\t\t\t\t\t\t\t\t\t<a class=\"fusion-rollover-gallery\" href=\"https:\/\/www.smarttravelers.de\/wp-content\/uploads\/2020\/01\/Belgisches-Comicmuseum3.jpg\" data-id=\"71950\" data-rel=\"iLightbox[gallery-rw-1]\" data-title=\"Belgisches Comicmuseum3\" data-caption=\"\">\n\t\t\t\t\t\tGallery\t\t\t\t\t<\/a>\n\t\t\t\t\t\t\t\t\t\t\t\t\t\t\n\t\t\n\t\t\t\t\t\t\t\t\t\t\t\t<h4 class=\"fusion-rollover-title\">\n\t\t\t\t\t<a class=\"fusion-rollover-title-link\" href=\"https:\/\/www.smarttravelers.de\/en\/sights\/belgium\/brussels\/belgian-comic-strip-center\/\" target=\"_blank\">\n\t\t\t\t\t\tBelgian Comic Strip Center\t\t\t\t\t<\/a>\n\t\t\t\t<\/h4>\n\t\t\t\n\t\t\t\t\t\t\t\t\n\t\t\n\t\t\t\t\t\t<a class=\"fusion-link-wrapper\" href=\"https:\/\/www.smarttravelers.de\/en\/sights\/belgium\/brussels\/belgian-comic-strip-center\/\" target=\"_blank\" aria-label=\"Belgian Comic Strip Center\"><\/a>\n\t<\/div>\n<\/div>\n\n\t\n<\/div>\n<\/div><\/article><article id=\"portfolio-1-post-71870\" class=\"fusion-portfolio-post all-in-brussels museums-galleries fusion-col-spacing post-71870 fusion-element-grid\"><div class=\"fusion-portfolio-content-wrapper\" style=\"border:none;\"><span class=\"entry-title rich-snippet-hidden\">BELvue Museum<\/span><span class=\"vcard rich-snippet-hidden\"><span class=\"fn\"><a href=\"https:\/\/www.smarttravelers.de\/en\/author\/wp_admin\/\" title=\"Posts by wp_admin\" rel=\"author\">wp_admin<\/a><\/span><\/span><span class=\"updated rich-snippet-hidden\">2024-06-05T12:49:16+02:00<\/span>\n\n<div  class=\"fusion-masonry-element-container fusion-image-wrapper\" style=\"background-image:url(https:\/\/www.smarttravelers.de\/wp-content\/uploads\/2020\/01\/Mus\u00e9e-BELvue3.jpg);padding-top:calc((100% + 20px) * 0.8 - 10px);\" aria-haspopup=\"true\">\n\t\n\t\n\t\n\t\t\n\t\t\t\t\t<img decoding=\"async\" width=\"1620\" height=\"1080\" src=\"https:\/\/www.smarttravelers.de\/wp-content\/uploads\/2020\/01\/Mus\u00e9e-BELvue3.jpg\" class=\"attachment-full size-full wp-post-image\" alt=\"Das Treppenhaus des Mus\u00e9e BELvue\" srcset=\"https:\/\/www.smarttravelers.de\/wp-content\/uploads\/2020\/01\/Mus\u00e9e-BELvue3-200x133.jpg 200w, https:\/\/www.smarttravelers.de\/wp-content\/uploads\/2020\/01\/Mus\u00e9e-BELvue3-400x267.jpg 400w, https:\/\/www.smarttravelers.de\/wp-content\/uploads\/2020\/01\/Mus\u00e9e-BELvue3-600x400.jpg 600w, https:\/\/www.smarttravelers.de\/wp-content\/uploads\/2020\/01\/Mus\u00e9e-BELvue3-800x533.jpg 800w, https:\/\/www.smarttravelers.de\/wp-content\/uploads\/2020\/01\/Mus\u00e9e-BELvue3-1200x800.jpg 1200w, https:\/\/www.smarttravelers.de\/wp-content\/uploads\/2020\/01\/Mus\u00e9e-BELvue3.jpg 1620w\" sizes=\"(min-width: 2200px) 100vw, (min-width: 284px) 356px, (min-width: 212px) 284px, (min-width: 140px) 212px, \" \/>\n\t\n\n\t\t<div class=\"fusion-rollover\">\n\t<div class=\"fusion-rollover-content\">\n\n\t\t\t\t\t\t\t\t\t\t\t\t\t\t<a class=\"fusion-rollover-link\" href=\"https:\/\/www.smarttravelers.de\/en\/sights\/belgium\/brussels\/belvue-museum\/\" target=\"_blank\">BELvue Museum<\/a>\n\t\t\t\n\t\t\t\t\t\t\t\t\t\t\t\t\t\t\n\t\t\t\t\t\t\t\t\n\t\t\t\t\t\t\t\t\t\t\t\t\t<div class=\"fusion-rollover-sep\"><\/div>\n\t\t\t\t\n\t\t\t\t\t\t\t\t\t\t\t\t\t\t\t\t\t\t<a class=\"fusion-rollover-gallery\" href=\"https:\/\/www.smarttravelers.de\/wp-content\/uploads\/2020\/01\/Mus\u00e9e-BELvue3.jpg\" data-id=\"71870\" data-rel=\"iLightbox[gallery-rw-1]\" data-title=\"Mus\u00e9e BELvue3\" data-caption=\"\">\n\t\t\t\t\t\tGallery\t\t\t\t\t<\/a>\n\t\t\t\t\t\t\t\t\t\t\t\t\t\t\n\t\t\n\t\t\t\t\t\t\t\t\t\t\t\t<h4 class=\"fusion-rollover-title\">\n\t\t\t\t\t<a class=\"fusion-rollover-title-link\" href=\"https:\/\/www.smarttravelers.de\/en\/sights\/belgium\/brussels\/belvue-museum\/\" target=\"_blank\">\n\t\t\t\t\t\tBELvue Museum\t\t\t\t\t<\/a>\n\t\t\t\t<\/h4>\n\t\t\t\n\t\t\t\t\t\t\t\t\n\t\t\n\t\t\t\t\t\t<a class=\"fusion-link-wrapper\" href=\"https:\/\/www.smarttravelers.de\/en\/sights\/belgium\/brussels\/belvue-museum\/\" target=\"_blank\" aria-label=\"BELvue Museum\"><\/a>\n\t<\/div>\n<\/div>\n\n\t\n<\/div>\n<\/div><\/article><article id=\"portfolio-1-post-71954\" class=\"fusion-portfolio-post all-in-brussels other-sights fusion-col-spacing post-71954 fusion-element-grid\"><div class=\"fusion-portfolio-content-wrapper\" style=\"border:none;\"><span class=\"entry-title rich-snippet-hidden\">Berlaymont building<\/span><span class=\"vcard rich-snippet-hidden\"><span class=\"fn\"><a href=\"https:\/\/www.smarttravelers.de\/en\/author\/wp_admin\/\" title=\"Posts by wp_admin\" rel=\"author\">wp_admin<\/a><\/span><\/span><span class=\"updated rich-snippet-hidden\">2024-06-06T14:10:57+02:00<\/span>\n\n<div  class=\"fusion-masonry-element-container fusion-image-wrapper\" style=\"background-image:url(https:\/\/www.smarttravelers.de\/wp-content\/uploads\/2020\/01\/Berlaymont-Geb\u00e4ude1.jpg);padding-top:calc((100% + 20px) * 0.8 - 10px);\" aria-haspopup=\"true\">\n\t\n\t\n\t\n\t\t\n\t\t\t\t\t<img decoding=\"async\" width=\"1439\" height=\"1080\" src=\"https:\/\/www.smarttravelers.de\/wp-content\/uploads\/2020\/01\/Berlaymont-Geb\u00e4ude1.jpg\" class=\"attachment-full size-full wp-post-image\" alt=\"Die Hauptfassade des Berlaymont-Geb\u00e4udes\" srcset=\"https:\/\/www.smarttravelers.de\/wp-content\/uploads\/2020\/01\/Berlaymont-Geb\u00e4ude1-200x150.jpg 200w, https:\/\/www.smarttravelers.de\/wp-content\/uploads\/2020\/01\/Berlaymont-Geb\u00e4ude1-400x300.jpg 400w, https:\/\/www.smarttravelers.de\/wp-content\/uploads\/2020\/01\/Berlaymont-Geb\u00e4ude1-600x450.jpg 600w, https:\/\/www.smarttravelers.de\/wp-content\/uploads\/2020\/01\/Berlaymont-Geb\u00e4ude1-800x600.jpg 800w, https:\/\/www.smarttravelers.de\/wp-content\/uploads\/2020\/01\/Berlaymont-Geb\u00e4ude1-1200x901.jpg 1200w, https:\/\/www.smarttravelers.de\/wp-content\/uploads\/2020\/01\/Berlaymont-Geb\u00e4ude1.jpg 1439w\" sizes=\"(min-width: 2200px) 100vw, (min-width: 284px) 356px, (min-width: 212px) 284px, (min-width: 140px) 212px, \" \/>\n\t\n\n\t\t<div class=\"fusion-rollover\">\n\t<div class=\"fusion-rollover-content\">\n\n\t\t\t\t\t\t\t\t\t\t\t\t\t\t<a class=\"fusion-rollover-link\" href=\"https:\/\/www.smarttravelers.de\/en\/sights\/belgium\/brussels\/berlaymont-building\/\" target=\"_blank\">Berlaymont building<\/a>\n\t\t\t\n\t\t\t\t\t\t\t\t\t\t\t\t\t\t\n\t\t\t\t\t\t\t\t\n\t\t\t\t\t\t\t\t\t\t\t\t\t<div class=\"fusion-rollover-sep\"><\/div>\n\t\t\t\t\n\t\t\t\t\t\t\t\t\t\t\t\t\t\t\t\t\t\t<a class=\"fusion-rollover-gallery\" href=\"https:\/\/www.smarttravelers.de\/wp-content\/uploads\/2020\/01\/Berlaymont-Geb\u00e4ude1.jpg\" data-id=\"71954\" data-rel=\"iLightbox[gallery-rw-1]\" data-title=\"Berlaymont-Geb\u00e4ude1\" data-caption=\"\">\n\t\t\t\t\t\tGallery\t\t\t\t\t<\/a>\n\t\t\t\t\t\t\t\t\t\t\t\t\t\t\n\t\t\n\t\t\t\t\t\t\t\t\t\t\t\t<h4 class=\"fusion-rollover-title\">\n\t\t\t\t\t<a class=\"fusion-rollover-title-link\" href=\"https:\/\/www.smarttravelers.de\/en\/sights\/belgium\/brussels\/berlaymont-building\/\" target=\"_blank\">\n\t\t\t\t\t\tBerlaymont building\t\t\t\t\t<\/a>\n\t\t\t\t<\/h4>\n\t\t\t\n\t\t\t\t\t\t\t\t\n\t\t\n\t\t\t\t\t\t<a class=\"fusion-link-wrapper\" href=\"https:\/\/www.smarttravelers.de\/en\/sights\/belgium\/brussels\/berlaymont-building\/\" target=\"_blank\" aria-label=\"Berlaymont building\"><\/a>\n\t<\/div>\n<\/div>\n\n\t\n<\/div>\n<\/div><\/article><article id=\"portfolio-1-post-71947\" class=\"fusion-portfolio-post all-in-brussels gardens-parks fusion-col-spacing post-71947 fusion-element-grid\"><div class=\"fusion-portfolio-content-wrapper\" style=\"border:none;\"><span class=\"entry-title rich-snippet-hidden\">Bois de la Cambre<\/span><span class=\"vcard rich-snippet-hidden\"><span class=\"fn\"><a href=\"https:\/\/www.smarttravelers.de\/en\/author\/wp_admin\/\" title=\"Posts by wp_admin\" rel=\"author\">wp_admin<\/a><\/span><\/span><span class=\"updated rich-snippet-hidden\">2024-06-06T14:02:48+02:00<\/span>\n\n<div  class=\"fusion-masonry-element-container fusion-image-wrapper\" style=\"background-image:url(https:\/\/www.smarttravelers.de\/wp-content\/uploads\/2020\/01\/Bois-de-la-Cambre3.jpg);padding-top:calc((100% + 20px) * 0.8 - 10px);\" aria-haspopup=\"true\">\n\t\n\t\n\t\n\t\t\n\t\t\t\t\t<img decoding=\"async\" width=\"1620\" height=\"1080\" src=\"https:\/\/www.smarttravelers.de\/wp-content\/uploads\/2020\/01\/Bois-de-la-Cambre3.jpg\" class=\"attachment-full size-full wp-post-image\" alt=\"Das Chalet Robinson im Bois de la Cambre\" srcset=\"https:\/\/www.smarttravelers.de\/wp-content\/uploads\/2020\/01\/Bois-de-la-Cambre3-200x133.jpg 200w, https:\/\/www.smarttravelers.de\/wp-content\/uploads\/2020\/01\/Bois-de-la-Cambre3-400x267.jpg 400w, https:\/\/www.smarttravelers.de\/wp-content\/uploads\/2020\/01\/Bois-de-la-Cambre3-600x400.jpg 600w, https:\/\/www.smarttravelers.de\/wp-content\/uploads\/2020\/01\/Bois-de-la-Cambre3-800x533.jpg 800w, https:\/\/www.smarttravelers.de\/wp-content\/uploads\/2020\/01\/Bois-de-la-Cambre3-1200x800.jpg 1200w, https:\/\/www.smarttravelers.de\/wp-content\/uploads\/2020\/01\/Bois-de-la-Cambre3.jpg 1620w\" sizes=\"(min-width: 2200px) 100vw, (min-width: 284px) 356px, (min-width: 212px) 284px, (min-width: 140px) 212px, \" \/>\n\t\n\n\t\t<div class=\"fusion-rollover\">\n\t<div class=\"fusion-rollover-content\">\n\n\t\t\t\t\t\t\t\t\t\t\t\t\t\t<a class=\"fusion-rollover-link\" href=\"https:\/\/www.smarttravelers.de\/en\/sights\/belgium\/brussels\/bois-de-la-cambre\/\" target=\"_blank\">Bois de la Cambre<\/a>\n\t\t\t\n\t\t\t\t\t\t\t\t\t\t\t\t\t\t\n\t\t\t\t\t\t\t\t\n\t\t\t\t\t\t\t\t\t\t\t\t\t<div class=\"fusion-rollover-sep\"><\/div>\n\t\t\t\t\n\t\t\t\t\t\t\t\t\t\t\t\t\t\t\t\t\t\t<a class=\"fusion-rollover-gallery\" href=\"https:\/\/www.smarttravelers.de\/wp-content\/uploads\/2020\/01\/Bois-de-la-Cambre3.jpg\" data-id=\"71947\" data-rel=\"iLightbox[gallery-rw-1]\" data-title=\"Bois de la Cambre3\" data-caption=\"\">\n\t\t\t\t\t\tGallery\t\t\t\t\t<\/a>\n\t\t\t\t\t\t\t\t\t\t\t\t\t\t\n\t\t\n\t\t\t\t\t\t\t\t\t\t\t\t<h4 class=\"fusion-rollover-title\">\n\t\t\t\t\t<a class=\"fusion-rollover-title-link\" href=\"https:\/\/www.smarttravelers.de\/en\/sights\/belgium\/brussels\/bois-de-la-cambre\/\" target=\"_blank\">\n\t\t\t\t\t\tBois de la Cambre\t\t\t\t\t<\/a>\n\t\t\t\t<\/h4>\n\t\t\t\n\t\t\t\t\t\t\t\t\n\t\t\n\t\t\t\t\t\t<a class=\"fusion-link-wrapper\" href=\"https:\/\/www.smarttravelers.de\/en\/sights\/belgium\/brussels\/bois-de-la-cambre\/\" target=\"_blank\" aria-label=\"Bois de la Cambre\"><\/a>\n\t<\/div>\n<\/div>\n\n\t\n<\/div>\n<\/div><\/article><article id=\"portfolio-1-post-71943\" class=\"fusion-portfolio-post all-in-brussels gardens-parks fusion-col-spacing post-71943 fusion-element-landscape\"><div class=\"fusion-portfolio-content-wrapper\" style=\"border:none;\"><span class=\"entry-title rich-snippet-hidden\">Botanical Garden of Brussels<\/span><span class=\"vcard rich-snippet-hidden\"><span class=\"fn\"><a href=\"https:\/\/www.smarttravelers.de\/en\/author\/wp_admin\/\" title=\"Posts by wp_admin\" rel=\"author\">wp_admin<\/a><\/span><\/span><span class=\"updated rich-snippet-hidden\">2024-06-06T14:00:09+02:00<\/span>\n\n<div  class=\"fusion-masonry-element-container fusion-image-wrapper\" style=\"background-image:url(https:\/\/www.smarttravelers.de\/wp-content\/uploads\/2020\/01\/Botanischer-Garten-Br\u00fcssel3.jpg);padding-top:calc((100% + 20px) * 0.4 - 10px);\" aria-haspopup=\"true\">\n\t\n\t\n\t\n\t\t\n\t\t\t\t\t<img decoding=\"async\" width=\"1920\" height=\"1080\" src=\"https:\/\/www.smarttravelers.de\/wp-content\/uploads\/2020\/01\/Botanischer-Garten-Br\u00fcssel3.jpg\" class=\"attachment-full size-full wp-post-image\" alt=\"Das Kulturzentrum La Botanique im Botanischen Garten Br\u00fcssel\" srcset=\"https:\/\/www.smarttravelers.de\/wp-content\/uploads\/2020\/01\/Botanischer-Garten-Br\u00fcssel3-200x113.jpg 200w, https:\/\/www.smarttravelers.de\/wp-content\/uploads\/2020\/01\/Botanischer-Garten-Br\u00fcssel3-400x225.jpg 400w, https:\/\/www.smarttravelers.de\/wp-content\/uploads\/2020\/01\/Botanischer-Garten-Br\u00fcssel3-600x338.jpg 600w, https:\/\/www.smarttravelers.de\/wp-content\/uploads\/2020\/01\/Botanischer-Garten-Br\u00fcssel3-800x450.jpg 800w, https:\/\/www.smarttravelers.de\/wp-content\/uploads\/2020\/01\/Botanischer-Garten-Br\u00fcssel3-1200x675.jpg 1200w, https:\/\/www.smarttravelers.de\/wp-content\/uploads\/2020\/01\/Botanischer-Garten-Br\u00fcssel3.jpg 1920w\" sizes=\"(min-width: 2200px) 100vw, (min-width: 140px) 1920px, \" \/>\n\t\n\n\t\t<div class=\"fusion-rollover\">\n\t<div class=\"fusion-rollover-content\">\n\n\t\t\t\t\t\t\t\t\t\t\t\t\t\t<a class=\"fusion-rollover-link\" href=\"https:\/\/www.smarttravelers.de\/en\/sights\/belgium\/brussels\/botanical-garden-of-brussels\/\" target=\"_blank\">Botanical Garden of Brussels<\/a>\n\t\t\t\n\t\t\t\t\t\t\t\t\t\t\t\t\t\t\n\t\t\t\t\t\t\t\t\n\t\t\t\t\t\t\t\t\t\t\t\t\t<div class=\"fusion-rollover-sep\"><\/div>\n\t\t\t\t\n\t\t\t\t\t\t\t\t\t\t\t\t\t\t\t\t\t\t<a class=\"fusion-rollover-gallery\" href=\"https:\/\/www.smarttravelers.de\/wp-content\/uploads\/2020\/01\/Botanischer-Garten-Br\u00fcssel3.jpg\" data-id=\"71943\" data-rel=\"iLightbox[gallery-rw-1]\" data-title=\"Botanischer Garten Br\u00fcssel3\" data-caption=\"\">\n\t\t\t\t\t\tGallery\t\t\t\t\t<\/a>\n\t\t\t\t\t\t\t\t\t\t\t\t\t\t\n\t\t\n\t\t\t\t\t\t\t\t\t\t\t\t<h4 class=\"fusion-rollover-title\">\n\t\t\t\t\t<a class=\"fusion-rollover-title-link\" href=\"https:\/\/www.smarttravelers.de\/en\/sights\/belgium\/brussels\/botanical-garden-of-brussels\/\" target=\"_blank\">\n\t\t\t\t\t\tBotanical Garden of Brussels\t\t\t\t\t<\/a>\n\t\t\t\t<\/h4>\n\t\t\t\n\t\t\t\t\t\t\t\t\n\t\t\n\t\t\t\t\t\t<a class=\"fusion-link-wrapper\" href=\"https:\/\/www.smarttravelers.de\/en\/sights\/belgium\/brussels\/botanical-garden-of-brussels\/\" target=\"_blank\" aria-label=\"Botanical Garden of Brussels\"><\/a>\n\t<\/div>\n<\/div>\n\n\t\n<\/div>\n<\/div><\/article><article id=\"portfolio-1-post-71807\" class=\"fusion-portfolio-post all-in-brussels museums-galleries fusion-col-spacing post-71807 fusion-element-portrait\"><div class=\"fusion-portfolio-content-wrapper\" style=\"border:none;\"><span class=\"entry-title rich-snippet-hidden\">Brussels City Museum<\/span><span class=\"vcard rich-snippet-hidden\"><span class=\"fn\"><a href=\"https:\/\/www.smarttravelers.de\/en\/author\/wp_admin\/\" title=\"Posts by wp_admin\" rel=\"author\">wp_admin<\/a><\/span><\/span><span class=\"updated rich-snippet-hidden\">2024-06-05T00:02:21+02:00<\/span>\n\n<div  class=\"fusion-masonry-element-container fusion-image-wrapper\" style=\"background-image:url(https:\/\/www.smarttravelers.de\/wp-content\/uploads\/2020\/01\/Stadtmuseum-Br\u00fcssel1.jpg);padding-top:calc((100% + 20px) * 1.6);\" aria-haspopup=\"true\">\n\t\n\t\n\t\n\t\t\n\t\t\t\t\t<img decoding=\"async\" width=\"759\" height=\"1080\" src=\"https:\/\/www.smarttravelers.de\/wp-content\/uploads\/2020\/01\/Stadtmuseum-Br\u00fcssel1.jpg\" class=\"attachment-full size-full wp-post-image\" alt=\"Die Maison du Roi als Geb\u00e4ude des Stadtmuseums Br\u00fcssel\" srcset=\"https:\/\/www.smarttravelers.de\/wp-content\/uploads\/2020\/01\/Stadtmuseum-Br\u00fcssel1-200x285.jpg 200w, https:\/\/www.smarttravelers.de\/wp-content\/uploads\/2020\/01\/Stadtmuseum-Br\u00fcssel1-400x569.jpg 400w, https:\/\/www.smarttravelers.de\/wp-content\/uploads\/2020\/01\/Stadtmuseum-Br\u00fcssel1-600x854.jpg 600w, https:\/\/www.smarttravelers.de\/wp-content\/uploads\/2020\/01\/Stadtmuseum-Br\u00fcssel1.jpg 759w\" sizes=\"(min-width: 2200px) 100vw, (min-width: 284px) 356px, (min-width: 212px) 284px, (min-width: 140px) 212px, \" \/>\n\t\n\n\t\t<div class=\"fusion-rollover\">\n\t<div class=\"fusion-rollover-content\">\n\n\t\t\t\t\t\t\t\t\t\t\t\t\t\t<a class=\"fusion-rollover-link\" href=\"https:\/\/www.smarttravelers.de\/en\/sights\/belgium\/brussels\/brussels-city-museum\/\" target=\"_blank\">Brussels City Museum<\/a>\n\t\t\t\n\t\t\t\t\t\t\t\t\t\t\t\t\t\t\n\t\t\t\t\t\t\t\t\n\t\t\t\t\t\t\t\t\t\t\t\t\t<div class=\"fusion-rollover-sep\"><\/div>\n\t\t\t\t\n\t\t\t\t\t\t\t\t\t\t\t\t\t\t\t\t\t\t<a class=\"fusion-rollover-gallery\" href=\"https:\/\/www.smarttravelers.de\/wp-content\/uploads\/2020\/01\/Stadtmuseum-Br\u00fcssel1.jpg\" data-id=\"71807\" data-rel=\"iLightbox[gallery-rw-1]\" data-title=\"Stadtmuseum Br\u00fcssel1\" data-caption=\"\">\n\t\t\t\t\t\tGallery\t\t\t\t\t<\/a>\n\t\t\t\t\t\t\t\t\t\t\t\t\t\t\n\t\t\n\t\t\t\t\t\t\t\t\t\t\t\t<h4 class=\"fusion-rollover-title\">\n\t\t\t\t\t<a class=\"fusion-rollover-title-link\" href=\"https:\/\/www.smarttravelers.de\/en\/sights\/belgium\/brussels\/brussels-city-museum\/\" target=\"_blank\">\n\t\t\t\t\t\tBrussels City Museum\t\t\t\t\t<\/a>\n\t\t\t\t<\/h4>\n\t\t\t\n\t\t\t\t\t\t\t\t\n\t\t\n\t\t\t\t\t\t<a class=\"fusion-link-wrapper\" href=\"https:\/\/www.smarttravelers.de\/en\/sights\/belgium\/brussels\/brussels-city-museum\/\" target=\"_blank\" aria-label=\"Brussels City Museum\"><\/a>\n\t<\/div>\n<\/div>\n\n\t\n<\/div>\n<\/div><\/article><article id=\"portfolio-1-post-71800\" class=\"fusion-portfolio-post all-in-brussels gardens-parks fusion-col-spacing post-71800 fusion-element-grid\"><div class=\"fusion-portfolio-content-wrapper\" style=\"border:none;\"><span class=\"entry-title rich-snippet-hidden\">Brussels Park<\/span><span class=\"vcard rich-snippet-hidden\"><span class=\"fn\"><a href=\"https:\/\/www.smarttravelers.de\/en\/author\/wp_admin\/\" title=\"Posts by wp_admin\" rel=\"author\">wp_admin<\/a><\/span><\/span><span class=\"updated rich-snippet-hidden\">2024-06-04T23:48:52+02:00<\/span>\n\n<div  class=\"fusion-masonry-element-container fusion-image-wrapper\" style=\"background-image:url(https:\/\/www.smarttravelers.de\/wp-content\/uploads\/2020\/01\/Warandepark2.jpg);padding-top:calc((100% + 20px) * 0.8 - 10px);\" aria-haspopup=\"true\">\n\t\n\t\n\t\n\t\t\n\t\t\t\t\t<img decoding=\"async\" width=\"1440\" height=\"1080\" src=\"https:\/\/www.smarttravelers.de\/wp-content\/uploads\/2020\/01\/Warandepark2.jpg\" class=\"attachment-full size-full wp-post-image\" alt=\"Springbrunnen im Warandepark\" srcset=\"https:\/\/www.smarttravelers.de\/wp-content\/uploads\/2020\/01\/Warandepark2-200x150.jpg 200w, https:\/\/www.smarttravelers.de\/wp-content\/uploads\/2020\/01\/Warandepark2-400x300.jpg 400w, https:\/\/www.smarttravelers.de\/wp-content\/uploads\/2020\/01\/Warandepark2-600x450.jpg 600w, https:\/\/www.smarttravelers.de\/wp-content\/uploads\/2020\/01\/Warandepark2-800x600.jpg 800w, https:\/\/www.smarttravelers.de\/wp-content\/uploads\/2020\/01\/Warandepark2-1200x900.jpg 1200w, https:\/\/www.smarttravelers.de\/wp-content\/uploads\/2020\/01\/Warandepark2.jpg 1440w\" sizes=\"(min-width: 2200px) 100vw, (min-width: 284px) 356px, (min-width: 212px) 284px, (min-width: 140px) 212px, \" \/>\n\t\n\n\t\t<div class=\"fusion-rollover\">\n\t<div class=\"fusion-rollover-content\">\n\n\t\t\t\t\t\t\t\t\t\t\t\t\t\t<a class=\"fusion-rollover-link\" href=\"https:\/\/www.smarttravelers.de\/en\/sights\/belgium\/brussels\/brussels-park\/\" target=\"_blank\">Brussels Park<\/a>\n\t\t\t\n\t\t\t\t\t\t\t\t\t\t\t\t\t\t\n\t\t\t\t\t\t\t\t\n\t\t\t\t\t\t\t\t\t\t\t\t\t<div class=\"fusion-rollover-sep\"><\/div>\n\t\t\t\t\n\t\t\t\t\t\t\t\t\t\t\t\t\t\t\t\t\t\t<a class=\"fusion-rollover-gallery\" href=\"https:\/\/www.smarttravelers.de\/wp-content\/uploads\/2020\/01\/Warandepark2.jpg\" data-id=\"71800\" data-rel=\"iLightbox[gallery-rw-1]\" data-title=\"OLYMPUS DIGITAL CAMERA\" data-caption=\"OLYMPUS DIGITAL CAMERA\">\n\t\t\t\t\t\tGallery\t\t\t\t\t<\/a>\n\t\t\t\t\t\t\t\t\t\t\t\t\t\t\n\t\t\n\t\t\t\t\t\t\t\t\t\t\t\t<h4 class=\"fusion-rollover-title\">\n\t\t\t\t\t<a class=\"fusion-rollover-title-link\" href=\"https:\/\/www.smarttravelers.de\/en\/sights\/belgium\/brussels\/brussels-park\/\" target=\"_blank\">\n\t\t\t\t\t\tBrussels Park\t\t\t\t\t<\/a>\n\t\t\t\t<\/h4>\n\t\t\t\n\t\t\t\t\t\t\t\t\n\t\t\n\t\t\t\t\t\t<a class=\"fusion-link-wrapper\" href=\"https:\/\/www.smarttravelers.de\/en\/sights\/belgium\/brussels\/brussels-park\/\" target=\"_blank\" aria-label=\"Brussels Park\"><\/a>\n\t<\/div>\n<\/div>\n\n\t\n<\/div>\n<\/div><\/article><article id=\"portfolio-1-post-71822\" class=\"fusion-portfolio-post all-in-brussels highlights-en historical-buildings world-heritage-sites fusion-col-spacing post-71822 fusion-element-portrait\"><div class=\"fusion-portfolio-content-wrapper\" style=\"border:none;\"><span class=\"entry-title rich-snippet-hidden\">Brussels Town Hall<\/span><span class=\"vcard rich-snippet-hidden\"><span class=\"fn\"><a href=\"https:\/\/www.smarttravelers.de\/en\/author\/wp_admin\/\" title=\"Posts by wp_admin\" rel=\"author\">wp_admin<\/a><\/span><\/span><span class=\"updated rich-snippet-hidden\">2024-06-05T11:49:38+02:00<\/span>\n\n<div  class=\"fusion-masonry-element-container fusion-image-wrapper\" style=\"background-image:url(https:\/\/www.smarttravelers.de\/wp-content\/uploads\/2020\/01\/Rathaus-Br\u00fcssel1.jpg);padding-top:calc((100% + 20px) * 1.6);\" aria-haspopup=\"true\">\n\t\n\t\n\t\n\t\t\n\t\t\t\t\t<img decoding=\"async\" width=\"788\" height=\"1080\" src=\"https:\/\/www.smarttravelers.de\/wp-content\/uploads\/2020\/01\/Rathaus-Br\u00fcssel1.jpg\" class=\"attachment-full size-full wp-post-image\" alt=\"Die Hauptfassade des Rathauses Br\u00fcssel\" srcset=\"https:\/\/www.smarttravelers.de\/wp-content\/uploads\/2020\/01\/Rathaus-Br\u00fcssel1-200x274.jpg 200w, https:\/\/www.smarttravelers.de\/wp-content\/uploads\/2020\/01\/Rathaus-Br\u00fcssel1-400x548.jpg 400w, https:\/\/www.smarttravelers.de\/wp-content\/uploads\/2020\/01\/Rathaus-Br\u00fcssel1-600x822.jpg 600w, https:\/\/www.smarttravelers.de\/wp-content\/uploads\/2020\/01\/Rathaus-Br\u00fcssel1.jpg 788w\" sizes=\"(min-width: 2200px) 100vw, (min-width: 284px) 356px, (min-width: 212px) 284px, (min-width: 140px) 212px, \" \/>\n\t\n\n\t\t<div class=\"fusion-rollover\">\n\t<div class=\"fusion-rollover-content\">\n\n\t\t\t\t\t\t\t\t\t\t\t\t\t\t<a class=\"fusion-rollover-link\" href=\"https:\/\/www.smarttravelers.de\/en\/sights\/belgium\/brussels\/brussels-town-hall\/\" target=\"_blank\">Brussels Town Hall<\/a>\n\t\t\t\n\t\t\t\t\t\t\t\t\t\t\t\t\t\t\n\t\t\t\t\t\t\t\t\n\t\t\t\t\t\t\t\t\t\t\t\t\t<div class=\"fusion-rollover-sep\"><\/div>\n\t\t\t\t\n\t\t\t\t\t\t\t\t\t\t\t\t\t\t\t\t\t\t<a class=\"fusion-rollover-gallery\" href=\"https:\/\/www.smarttravelers.de\/wp-content\/uploads\/2020\/01\/Rathaus-Br\u00fcssel1.jpg\" data-id=\"71822\" data-rel=\"iLightbox[gallery-rw-1]\" data-title=\"Rathaus Br\u00fcssel1\" data-caption=\"\">\n\t\t\t\t\t\tGallery\t\t\t\t\t<\/a>\n\t\t\t\t\t\t\t\t\t\t\t\t\t\t\n\t\t\n\t\t\t\t\t\t\t\t\t\t\t\t<h4 class=\"fusion-rollover-title\">\n\t\t\t\t\t<a class=\"fusion-rollover-title-link\" href=\"https:\/\/www.smarttravelers.de\/en\/sights\/belgium\/brussels\/brussels-town-hall\/\" target=\"_blank\">\n\t\t\t\t\t\tBrussels Town Hall\t\t\t\t\t<\/a>\n\t\t\t\t<\/h4>\n\t\t\t\n\t\t\t\t\t\t\t\t\n\t\t\n\t\t\t\t\t\t<a class=\"fusion-link-wrapper\" href=\"https:\/\/www.smarttravelers.de\/en\/sights\/belgium\/brussels\/brussels-town-hall\/\" target=\"_blank\" aria-label=\"Brussels Town Hall\"><\/a>\n\t<\/div>\n<\/div>\n\n\t\n<\/div>\n<\/div><\/article><article id=\"portfolio-1-post-71811\" class=\"fusion-portfolio-post all-in-brussels castles-palaces fusion-col-spacing post-71811 fusion-element-grid\"><div class=\"fusion-portfolio-content-wrapper\" style=\"border:none;\"><span class=\"entry-title rich-snippet-hidden\">Castle of Laeken<\/span><span class=\"vcard rich-snippet-hidden\"><span class=\"fn\"><a href=\"https:\/\/www.smarttravelers.de\/en\/author\/wp_admin\/\" title=\"Posts by wp_admin\" rel=\"author\">wp_admin<\/a><\/span><\/span><span class=\"updated rich-snippet-hidden\">2024-06-05T11:36:04+02:00<\/span>\n\n<div  class=\"fusion-masonry-element-container fusion-image-wrapper\" style=\"background-image:url(https:\/\/www.smarttravelers.de\/wp-content\/uploads\/2020\/01\/Schloss-Laeken1.jpg);padding-top:calc((100% + 20px) * 0.8 - 10px);\" aria-haspopup=\"true\">\n\t\n\t\n\t\n\t\t\n\t\t\t\t\t<img decoding=\"async\" width=\"1440\" height=\"1080\" src=\"https:\/\/www.smarttravelers.de\/wp-content\/uploads\/2020\/01\/Schloss-Laeken1.jpg\" class=\"attachment-full size-full wp-post-image\" alt=\"Luftbild von Schloss Laeken\" srcset=\"https:\/\/www.smarttravelers.de\/wp-content\/uploads\/2020\/01\/Schloss-Laeken1-200x150.jpg 200w, https:\/\/www.smarttravelers.de\/wp-content\/uploads\/2020\/01\/Schloss-Laeken1-400x300.jpg 400w, https:\/\/www.smarttravelers.de\/wp-content\/uploads\/2020\/01\/Schloss-Laeken1-600x450.jpg 600w, https:\/\/www.smarttravelers.de\/wp-content\/uploads\/2020\/01\/Schloss-Laeken1-800x600.jpg 800w, https:\/\/www.smarttravelers.de\/wp-content\/uploads\/2020\/01\/Schloss-Laeken1-1200x900.jpg 1200w, https:\/\/www.smarttravelers.de\/wp-content\/uploads\/2020\/01\/Schloss-Laeken1.jpg 1440w\" sizes=\"(min-width: 2200px) 100vw, (min-width: 284px) 356px, (min-width: 212px) 284px, (min-width: 140px) 212px, \" \/>\n\t\n\n\t\t<div class=\"fusion-rollover\">\n\t<div class=\"fusion-rollover-content\">\n\n\t\t\t\t\t\t\t\t\t\t\t\t\t\t<a class=\"fusion-rollover-link\" href=\"https:\/\/www.smarttravelers.de\/en\/sights\/belgium\/brussels\/castle-of-laeken\/\" target=\"_blank\">Castle of Laeken<\/a>\n\t\t\t\n\t\t\t\t\t\t\t\t\t\t\t\t\t\t\n\t\t\t\t\t\t\t\t\n\t\t\t\t\t\t\t\t\t\t\t\t\t<div class=\"fusion-rollover-sep\"><\/div>\n\t\t\t\t\n\t\t\t\t\t\t\t\t\t\t\t\t\t\t\t\t\t\t<a class=\"fusion-rollover-gallery\" href=\"https:\/\/www.smarttravelers.de\/wp-content\/uploads\/2020\/01\/Schloss-Laeken1.jpg\" data-id=\"71811\" data-rel=\"iLightbox[gallery-rw-1]\" data-title=\"Schloss Laeken1\" data-caption=\"\">\n\t\t\t\t\t\tGallery\t\t\t\t\t<\/a>\n\t\t\t\t\t\t\t\t\t\t\t\t\t\t\n\t\t\n\t\t\t\t\t\t\t\t\t\t\t\t<h4 class=\"fusion-rollover-title\">\n\t\t\t\t\t<a class=\"fusion-rollover-title-link\" href=\"https:\/\/www.smarttravelers.de\/en\/sights\/belgium\/brussels\/castle-of-laeken\/\" target=\"_blank\">\n\t\t\t\t\t\tCastle of Laeken\t\t\t\t\t<\/a>\n\t\t\t\t<\/h4>\n\t\t\t\n\t\t\t\t\t\t\t\t\n\t\t\n\t\t\t\t\t\t<a class=\"fusion-link-wrapper\" href=\"https:\/\/www.smarttravelers.de\/en\/sights\/belgium\/brussels\/castle-of-laeken\/\" target=\"_blank\" aria-label=\"Castle of Laeken\"><\/a>\n\t<\/div>\n<\/div>\n\n\t\n<\/div>\n<\/div><\/article><article id=\"portfolio-1-post-71902\" class=\"fusion-portfolio-post all-in-brussels churches-monasteries fusion-col-spacing post-71902 fusion-element-portrait\"><div class=\"fusion-portfolio-content-wrapper\" style=\"border:none;\"><span class=\"entry-title rich-snippet-hidden\">Cathedral of St. Michael and St. Gudula<\/span><span class=\"vcard rich-snippet-hidden\"><span class=\"fn\"><a href=\"https:\/\/www.smarttravelers.de\/en\/author\/wp_admin\/\" title=\"Posts by wp_admin\" rel=\"author\">wp_admin<\/a><\/span><\/span><span class=\"updated rich-snippet-hidden\">2024-06-06T13:22:31+02:00<\/span>\n\n<div  class=\"fusion-masonry-element-container fusion-image-wrapper\" style=\"background-image:url(https:\/\/www.smarttravelers.de\/wp-content\/uploads\/2020\/01\/Kathedrale-St.-Michael-und-St.-Gudula1.jpg);padding-top:calc((100% + 20px) * 1.6);\" aria-haspopup=\"true\">\n\t\n\t\n\t\n\t\t\n\t\t\t\t\t<img decoding=\"async\" width=\"697\" height=\"1081\" src=\"https:\/\/www.smarttravelers.de\/wp-content\/uploads\/2020\/01\/Kathedrale-St.-Michael-und-St.-Gudula1.jpg\" class=\"attachment-full size-full wp-post-image\" alt=\"Die Hauptfassade der Kathedrale St. Michael und St. Gudula\" srcset=\"https:\/\/www.smarttravelers.de\/wp-content\/uploads\/2020\/01\/Kathedrale-St.-Michael-und-St.-Gudula1-200x310.jpg 200w, https:\/\/www.smarttravelers.de\/wp-content\/uploads\/2020\/01\/Kathedrale-St.-Michael-und-St.-Gudula1-400x620.jpg 400w, https:\/\/www.smarttravelers.de\/wp-content\/uploads\/2020\/01\/Kathedrale-St.-Michael-und-St.-Gudula1-600x931.jpg 600w, https:\/\/www.smarttravelers.de\/wp-content\/uploads\/2020\/01\/Kathedrale-St.-Michael-und-St.-Gudula1.jpg 697w\" sizes=\"(min-width: 2200px) 100vw, (min-width: 284px) 356px, (min-width: 212px) 284px, (min-width: 140px) 212px, \" \/>\n\t\n\n\t\t<div class=\"fusion-rollover\">\n\t<div class=\"fusion-rollover-content\">\n\n\t\t\t\t\t\t\t\t\t\t\t\t\t\t<a class=\"fusion-rollover-link\" href=\"https:\/\/www.smarttravelers.de\/en\/sights\/belgium\/brussels\/cathedral-of-st-michael-and-st-gudula\/\" target=\"_blank\">Cathedral of St. Michael and St. Gudula<\/a>\n\t\t\t\n\t\t\t\t\t\t\t\t\t\t\t\t\t\t\n\t\t\t\t\t\t\t\t\n\t\t\t\t\t\t\t\t\t\t\t\t\t<div class=\"fusion-rollover-sep\"><\/div>\n\t\t\t\t\n\t\t\t\t\t\t\t\t\t\t\t\t\t\t\t\t\t\t<a class=\"fusion-rollover-gallery\" href=\"https:\/\/www.smarttravelers.de\/wp-content\/uploads\/2020\/01\/Kathedrale-St.-Michael-und-St.-Gudula1.jpg\" data-id=\"71902\" data-rel=\"iLightbox[gallery-rw-1]\" data-title=\"Kathedrale St. Michael und St. Gudula1\" data-caption=\"\">\n\t\t\t\t\t\tGallery\t\t\t\t\t<\/a>\n\t\t\t\t\t\t\t\t\t\t\t\t\t\t\n\t\t\n\t\t\t\t\t\t\t\t\t\t\t\t<h4 class=\"fusion-rollover-title\">\n\t\t\t\t\t<a class=\"fusion-rollover-title-link\" href=\"https:\/\/www.smarttravelers.de\/en\/sights\/belgium\/brussels\/cathedral-of-st-michael-and-st-gudula\/\" target=\"_blank\">\n\t\t\t\t\t\tCathedral of St. Michael and St. Gudula\t\t\t\t\t<\/a>\n\t\t\t\t<\/h4>\n\t\t\t\n\t\t\t\t\t\t\t\t\n\t\t\n\t\t\t\t\t\t<a class=\"fusion-link-wrapper\" href=\"https:\/\/www.smarttravelers.de\/en\/sights\/belgium\/brussels\/cathedral-of-st-michael-and-st-gudula\/\" target=\"_blank\" aria-label=\"Cathedral of St. Michael and St. Gudula\"><\/a>\n\t<\/div>\n<\/div>\n\n\t\n<\/div>\n<\/div><\/article><article id=\"portfolio-1-post-71839\" class=\"fusion-portfolio-post all-in-brussels other-sights fusion-col-spacing post-71839 fusion-element-grid\"><div class=\"fusion-portfolio-content-wrapper\" style=\"border:none;\"><span class=\"entry-title rich-snippet-hidden\">Centre for Fine Arts<\/span><span class=\"vcard rich-snippet-hidden\"><span class=\"fn\"><a href=\"https:\/\/www.smarttravelers.de\/en\/author\/wp_admin\/\" title=\"Posts by wp_admin\" rel=\"author\">wp_admin<\/a><\/span><\/span><span class=\"updated rich-snippet-hidden\">2024-06-05T12:08:53+02:00<\/span>\n\n<div  class=\"fusion-masonry-element-container fusion-image-wrapper\" style=\"background-image:url(https:\/\/www.smarttravelers.de\/wp-content\/uploads\/2020\/01\/Palais-des-Beaux-Arts1.jpg);padding-top:calc((100% + 20px) * 0.8 - 10px);\" aria-haspopup=\"true\">\n\t\n\t\n\t\n\t\t\n\t\t\t\t\t<img decoding=\"async\" width=\"1616\" height=\"1080\" src=\"https:\/\/www.smarttravelers.de\/wp-content\/uploads\/2020\/01\/Palais-des-Beaux-Arts1.jpg\" class=\"attachment-full size-full wp-post-image\" alt=\"Das Palais des Beaux-Arts von au\u00dfen\" srcset=\"https:\/\/www.smarttravelers.de\/wp-content\/uploads\/2020\/01\/Palais-des-Beaux-Arts1-200x134.jpg 200w, https:\/\/www.smarttravelers.de\/wp-content\/uploads\/2020\/01\/Palais-des-Beaux-Arts1-400x267.jpg 400w, https:\/\/www.smarttravelers.de\/wp-content\/uploads\/2020\/01\/Palais-des-Beaux-Arts1-600x401.jpg 600w, https:\/\/www.smarttravelers.de\/wp-content\/uploads\/2020\/01\/Palais-des-Beaux-Arts1-800x535.jpg 800w, https:\/\/www.smarttravelers.de\/wp-content\/uploads\/2020\/01\/Palais-des-Beaux-Arts1-1200x802.jpg 1200w, https:\/\/www.smarttravelers.de\/wp-content\/uploads\/2020\/01\/Palais-des-Beaux-Arts1.jpg 1616w\" sizes=\"(min-width: 2200px) 100vw, (min-width: 284px) 356px, (min-width: 212px) 284px, (min-width: 140px) 212px, \" \/>\n\t\n\n\t\t<div class=\"fusion-rollover\">\n\t<div class=\"fusion-rollover-content\">\n\n\t\t\t\t\t\t\t\t\t\t\t\t\t\t<a class=\"fusion-rollover-link\" href=\"https:\/\/www.smarttravelers.de\/en\/sights\/belgium\/brussels\/centre-for-fine-arts\/\" target=\"_blank\">Centre for Fine Arts<\/a>\n\t\t\t\n\t\t\t\t\t\t\t\t\t\t\t\t\t\t\n\t\t\t\t\t\t\t\t\n\t\t\t\t\t\t\t\t\t\t\t\t\t<div class=\"fusion-rollover-sep\"><\/div>\n\t\t\t\t\n\t\t\t\t\t\t\t\t\t\t\t\t\t\t\t\t\t\t<a class=\"fusion-rollover-gallery\" href=\"https:\/\/www.smarttravelers.de\/wp-content\/uploads\/2020\/01\/Palais-des-Beaux-Arts1.jpg\" data-id=\"71839\" data-rel=\"iLightbox[gallery-rw-1]\" data-title=\"Palais des Beaux-Arts1\" data-caption=\"\">\n\t\t\t\t\t\tGallery\t\t\t\t\t<\/a>\n\t\t\t\t\t\t\t\t\t\t\t\t\t\t\n\t\t\n\t\t\t\t\t\t\t\t\t\t\t\t<h4 class=\"fusion-rollover-title\">\n\t\t\t\t\t<a class=\"fusion-rollover-title-link\" href=\"https:\/\/www.smarttravelers.de\/en\/sights\/belgium\/brussels\/centre-for-fine-arts\/\" target=\"_blank\">\n\t\t\t\t\t\tCentre for Fine Arts\t\t\t\t\t<\/a>\n\t\t\t\t<\/h4>\n\t\t\t\n\t\t\t\t\t\t\t\t\n\t\t\n\t\t\t\t\t\t<a class=\"fusion-link-wrapper\" href=\"https:\/\/www.smarttravelers.de\/en\/sights\/belgium\/brussels\/centre-for-fine-arts\/\" target=\"_blank\" aria-label=\"Centre for Fine Arts\"><\/a>\n\t<\/div>\n<\/div>\n\n\t\n<\/div>\n<\/div><\/article><article id=\"portfolio-1-post-71940\" class=\"fusion-portfolio-post all-in-brussels museums-galleries fusion-col-spacing post-71940 fusion-element-grid\"><div class=\"fusion-portfolio-content-wrapper\" style=\"border:none;\"><span class=\"entry-title rich-snippet-hidden\">Choco-Story Brussels<\/span><span class=\"vcard rich-snippet-hidden\"><span class=\"fn\"><a href=\"https:\/\/www.smarttravelers.de\/en\/author\/wp_admin\/\" title=\"Posts by wp_admin\" rel=\"author\">wp_admin<\/a><\/span><\/span><span class=\"updated rich-snippet-hidden\">2024-06-06T13:58:30+02:00<\/span>\n\n<div  class=\"fusion-masonry-element-container fusion-image-wrapper\" style=\"background-image:url(https:\/\/www.smarttravelers.de\/wp-content\/uploads\/2020\/01\/Choco-Story-Brussels1.jpg);padding-top:calc((100% + 20px) * 0.8 - 10px);\" aria-haspopup=\"true\">\n\t\n\t\n\t\n\t\t\n\t\t\t\t\t<img decoding=\"async\" width=\"1629\" height=\"1080\" src=\"https:\/\/www.smarttravelers.de\/wp-content\/uploads\/2020\/01\/Choco-Story-Brussels1.jpg\" class=\"attachment-full size-full wp-post-image\" alt=\"Schokoladenherstellung in der Choco-Story Brussels\" srcset=\"https:\/\/www.smarttravelers.de\/wp-content\/uploads\/2020\/01\/Choco-Story-Brussels1-200x133.jpg 200w, https:\/\/www.smarttravelers.de\/wp-content\/uploads\/2020\/01\/Choco-Story-Brussels1-400x265.jpg 400w, https:\/\/www.smarttravelers.de\/wp-content\/uploads\/2020\/01\/Choco-Story-Brussels1-600x398.jpg 600w, https:\/\/www.smarttravelers.de\/wp-content\/uploads\/2020\/01\/Choco-Story-Brussels1-800x530.jpg 800w, https:\/\/www.smarttravelers.de\/wp-content\/uploads\/2020\/01\/Choco-Story-Brussels1-1200x796.jpg 1200w, https:\/\/www.smarttravelers.de\/wp-content\/uploads\/2020\/01\/Choco-Story-Brussels1.jpg 1629w\" sizes=\"(min-width: 2200px) 100vw, (min-width: 284px) 356px, (min-width: 212px) 284px, (min-width: 140px) 212px, \" \/>\n\t\n\n\t\t<div class=\"fusion-rollover\">\n\t<div class=\"fusion-rollover-content\">\n\n\t\t\t\t\t\t\t\t\t\t\t\t\t\t<a class=\"fusion-rollover-link\" href=\"https:\/\/www.smarttravelers.de\/en\/sights\/belgium\/brussels\/choco-story-brussels\/\" target=\"_blank\">Choco-Story Brussels<\/a>\n\t\t\t\n\t\t\t\t\t\t\t\t\t\t\t\t\t\t\n\t\t\t\t\t\t\t\t\n\t\t\t\t\t\t\t\t\t\t\t\t\t<div class=\"fusion-rollover-sep\"><\/div>\n\t\t\t\t\n\t\t\t\t\t\t\t\t\t\t\t\t\t\t\t\t\t\t<a class=\"fusion-rollover-gallery\" href=\"https:\/\/www.smarttravelers.de\/wp-content\/uploads\/2020\/01\/Choco-Story-Brussels1.jpg\" data-id=\"71940\" data-rel=\"iLightbox[gallery-rw-1]\" data-title=\"Choco-Story Brussels1\" data-caption=\"\">\n\t\t\t\t\t\tGallery\t\t\t\t\t<\/a>\n\t\t\t\t\t\t\t\t\t\t\t\t\t\t\n\t\t\n\t\t\t\t\t\t\t\t\t\t\t\t<h4 class=\"fusion-rollover-title\">\n\t\t\t\t\t<a class=\"fusion-rollover-title-link\" href=\"https:\/\/www.smarttravelers.de\/en\/sights\/belgium\/brussels\/choco-story-brussels\/\" target=\"_blank\">\n\t\t\t\t\t\tChoco-Story Brussels\t\t\t\t\t<\/a>\n\t\t\t\t<\/h4>\n\t\t\t\n\t\t\t\t\t\t\t\t\n\t\t\n\t\t\t\t\t\t<a class=\"fusion-link-wrapper\" href=\"https:\/\/www.smarttravelers.de\/en\/sights\/belgium\/brussels\/choco-story-brussels\/\" target=\"_blank\" aria-label=\"Choco-Story Brussels\"><\/a>\n\t<\/div>\n<\/div>\n\n\t\n<\/div>\n<\/div><\/article><article id=\"portfolio-1-post-71843\" class=\"fusion-portfolio-post all-in-brussels churches-monasteries fusion-col-spacing post-71843 fusion-element-grid\"><div class=\"fusion-portfolio-content-wrapper\" style=\"border:none;\"><span class=\"entry-title rich-snippet-hidden\">Church of Our Blessed Lady of the Sablon<\/span><span class=\"vcard rich-snippet-hidden\"><span class=\"fn\"><a href=\"https:\/\/www.smarttravelers.de\/en\/author\/wp_admin\/\" title=\"Posts by wp_admin\" rel=\"author\">wp_admin<\/a><\/span><\/span><span class=\"updated rich-snippet-hidden\">2024-06-05T12:13:45+02:00<\/span>\n\n<div  class=\"fusion-masonry-element-container fusion-image-wrapper\" style=\"background-image:url(https:\/\/www.smarttravelers.de\/wp-content\/uploads\/2020\/01\/Notre-Dame-du-Sablon3.jpg);padding-top:calc((100% + 20px) * 0.8 - 10px);\" aria-haspopup=\"true\">\n\t\n\t\n\t\n\t\t\n\t\t\t\t\t<img decoding=\"async\" width=\"1655\" height=\"1080\" src=\"https:\/\/www.smarttravelers.de\/wp-content\/uploads\/2020\/01\/Notre-Dame-du-Sablon3.jpg\" class=\"attachment-full size-full wp-post-image\" alt=\"Notre-Dame du Sablon von au\u00dfen\" srcset=\"https:\/\/www.smarttravelers.de\/wp-content\/uploads\/2020\/01\/Notre-Dame-du-Sablon3-200x131.jpg 200w, https:\/\/www.smarttravelers.de\/wp-content\/uploads\/2020\/01\/Notre-Dame-du-Sablon3-400x261.jpg 400w, https:\/\/www.smarttravelers.de\/wp-content\/uploads\/2020\/01\/Notre-Dame-du-Sablon3-600x392.jpg 600w, https:\/\/www.smarttravelers.de\/wp-content\/uploads\/2020\/01\/Notre-Dame-du-Sablon3-800x522.jpg 800w, https:\/\/www.smarttravelers.de\/wp-content\/uploads\/2020\/01\/Notre-Dame-du-Sablon3-1200x783.jpg 1200w, https:\/\/www.smarttravelers.de\/wp-content\/uploads\/2020\/01\/Notre-Dame-du-Sablon3.jpg 1655w\" sizes=\"(min-width: 2200px) 100vw, (min-width: 284px) 356px, (min-width: 212px) 284px, (min-width: 140px) 212px, \" \/>\n\t\n\n\t\t<div class=\"fusion-rollover\">\n\t<div class=\"fusion-rollover-content\">\n\n\t\t\t\t\t\t\t\t\t\t\t\t\t\t<a class=\"fusion-rollover-link\" href=\"https:\/\/www.smarttravelers.de\/en\/sights\/belgium\/brussels\/church-of-our-blessed-lady-of-the-sablon\/\" target=\"_blank\">Church of Our Blessed Lady of the Sablon<\/a>\n\t\t\t\n\t\t\t\t\t\t\t\t\t\t\t\t\t\t\n\t\t\t\t\t\t\t\t\n\t\t\t\t\t\t\t\t\t\t\t\t\t<div class=\"fusion-rollover-sep\"><\/div>\n\t\t\t\t\n\t\t\t\t\t\t\t\t\t\t\t\t\t\t\t\t\t\t<a class=\"fusion-rollover-gallery\" href=\"https:\/\/www.smarttravelers.de\/wp-content\/uploads\/2020\/01\/Notre-Dame-du-Sablon3.jpg\" data-id=\"71843\" data-rel=\"iLightbox[gallery-rw-1]\" data-title=\"Notre-Dame du Sablon3\" data-caption=\"\">\n\t\t\t\t\t\tGallery\t\t\t\t\t<\/a>\n\t\t\t\t\t\t\t\t\t\t\t\t\t\t\n\t\t\n\t\t\t\t\t\t\t\t\t\t\t\t<h4 class=\"fusion-rollover-title\">\n\t\t\t\t\t<a class=\"fusion-rollover-title-link\" href=\"https:\/\/www.smarttravelers.de\/en\/sights\/belgium\/brussels\/church-of-our-blessed-lady-of-the-sablon\/\" target=\"_blank\">\n\t\t\t\t\t\tChurch of Our Blessed Lady of the Sablon\t\t\t\t\t<\/a>\n\t\t\t\t<\/h4>\n\t\t\t\n\t\t\t\t\t\t\t\t\n\t\t\n\t\t\t\t\t\t<a class=\"fusion-link-wrapper\" href=\"https:\/\/www.smarttravelers.de\/en\/sights\/belgium\/brussels\/church-of-our-blessed-lady-of-the-sablon\/\" target=\"_blank\" aria-label=\"Church of Our Blessed Lady of the Sablon\"><\/a>\n\t<\/div>\n<\/div>\n\n\t\n<\/div>\n<\/div><\/article><article id=\"portfolio-1-post-71937\" class=\"fusion-portfolio-post all-in-brussels historical-buildings fusion-col-spacing post-71937 fusion-element-grid\"><div class=\"fusion-portfolio-content-wrapper\" style=\"border:none;\"><span class=\"entry-title rich-snippet-hidden\">Coudenberg<\/span><span class=\"vcard rich-snippet-hidden\"><span class=\"fn\"><a href=\"https:\/\/www.smarttravelers.de\/en\/author\/wp_admin\/\" title=\"Posts by wp_admin\" rel=\"author\">wp_admin<\/a><\/span><\/span><span class=\"updated rich-snippet-hidden\">2024-06-06T13:51:29+02:00<\/span>\n\n<div  class=\"fusion-masonry-element-container fusion-image-wrapper\" style=\"background-image:url(https:\/\/www.smarttravelers.de\/wp-content\/uploads\/2020\/01\/Coudenberg2.jpg);padding-top:calc((100% + 20px) * 0.8 - 10px);\" aria-haspopup=\"true\">\n\t\n\t\n\t\n\t\t\n\t\t\t\t\t<img decoding=\"async\" width=\"1441\" height=\"1080\" src=\"https:\/\/www.smarttravelers.de\/wp-content\/uploads\/2020\/01\/Coudenberg2.jpg\" class=\"attachment-full size-full wp-post-image\" alt=\"Die Fundamente des Coudenberg-Palastes\" srcset=\"https:\/\/www.smarttravelers.de\/wp-content\/uploads\/2020\/01\/Coudenberg2-200x150.jpg 200w, https:\/\/www.smarttravelers.de\/wp-content\/uploads\/2020\/01\/Coudenberg2-400x300.jpg 400w, https:\/\/www.smarttravelers.de\/wp-content\/uploads\/2020\/01\/Coudenberg2-600x450.jpg 600w, https:\/\/www.smarttravelers.de\/wp-content\/uploads\/2020\/01\/Coudenberg2-800x600.jpg 800w, https:\/\/www.smarttravelers.de\/wp-content\/uploads\/2020\/01\/Coudenberg2-1200x899.jpg 1200w, https:\/\/www.smarttravelers.de\/wp-content\/uploads\/2020\/01\/Coudenberg2.jpg 1441w\" sizes=\"(min-width: 2200px) 100vw, (min-width: 284px) 356px, (min-width: 212px) 284px, (min-width: 140px) 212px, \" \/>\n\t\n\n\t\t<div class=\"fusion-rollover\">\n\t<div class=\"fusion-rollover-content\">\n\n\t\t\t\t\t\t\t\t\t\t\t\t\t\t<a class=\"fusion-rollover-link\" href=\"https:\/\/www.smarttravelers.de\/en\/sights\/belgium\/brussels\/coudenberg\/\" target=\"_blank\">Coudenberg<\/a>\n\t\t\t\n\t\t\t\t\t\t\t\t\t\t\t\t\t\t\n\t\t\t\t\t\t\t\t\n\t\t\t\t\t\t\t\t\t\t\t\t\t<div class=\"fusion-rollover-sep\"><\/div>\n\t\t\t\t\n\t\t\t\t\t\t\t\t\t\t\t\t\t\t\t\t\t\t<a class=\"fusion-rollover-gallery\" href=\"https:\/\/www.smarttravelers.de\/wp-content\/uploads\/2020\/01\/Coudenberg2.jpg\" data-id=\"71937\" data-rel=\"iLightbox[gallery-rw-1]\" data-title=\"Coudenberg2\" data-caption=\"\">\n\t\t\t\t\t\tGallery\t\t\t\t\t<\/a>\n\t\t\t\t\t\t\t\t\t\t\t\t\t\t\n\t\t\n\t\t\t\t\t\t\t\t\t\t\t\t<h4 class=\"fusion-rollover-title\">\n\t\t\t\t\t<a class=\"fusion-rollover-title-link\" href=\"https:\/\/www.smarttravelers.de\/en\/sights\/belgium\/brussels\/coudenberg\/\" target=\"_blank\">\n\t\t\t\t\t\tCoudenberg\t\t\t\t\t<\/a>\n\t\t\t\t<\/h4>\n\t\t\t\n\t\t\t\t\t\t\t\t\n\t\t\n\t\t\t\t\t\t<a class=\"fusion-link-wrapper\" href=\"https:\/\/www.smarttravelers.de\/en\/sights\/belgium\/brussels\/coudenberg\/\" target=\"_blank\" aria-label=\"Coudenberg\"><\/a>\n\t<\/div>\n<\/div>\n\n\t\n<\/div>\n<\/div><\/article><article id=\"portfolio-1-post-83814\" class=\"fusion-portfolio-post alle-in-stockholm-en districts highlights-en fusion-col-spacing post-83814 fusion-element-grid\"><div class=\"fusion-portfolio-content-wrapper\" style=\"border:none;\"><span class=\"entry-title rich-snippet-hidden\">Djurgarden<\/span><span class=\"vcard rich-snippet-hidden\"><span class=\"fn\"><a href=\"https:\/\/www.smarttravelers.de\/en\/author\/wp_admin\/\" title=\"Posts by wp_admin\" rel=\"author\">wp_admin<\/a><\/span><\/span><span class=\"updated rich-snippet-hidden\">2024-06-04T14:46:10+02:00<\/span>\n\n<div  class=\"fusion-masonry-element-container fusion-image-wrapper\" style=\"background-image:url(https:\/\/www.smarttravelers.de\/wp-content\/uploads\/2020\/03\/Djurg\u00e5rden2.jpg);padding-top:calc((100% + 20px) * 0.8 - 10px);\" aria-haspopup=\"true\">\n\t\n\t\n\t\n\t\t\n\t\t\t\t\t<img decoding=\"async\" width=\"1618\" height=\"1080\" src=\"https:\/\/www.smarttravelers.de\/wp-content\/uploads\/2020\/03\/Djurg\u00e5rden2.jpg\" class=\"attachment-full size-full wp-post-image\" alt=\"Luftbild von\" srcset=\"https:\/\/www.smarttravelers.de\/wp-content\/uploads\/2020\/03\/Djurg\u00e5rden2-200x133.jpg 200w, https:\/\/www.smarttravelers.de\/wp-content\/uploads\/2020\/03\/Djurg\u00e5rden2-400x267.jpg 400w, https:\/\/www.smarttravelers.de\/wp-content\/uploads\/2020\/03\/Djurg\u00e5rden2-600x400.jpg 600w, https:\/\/www.smarttravelers.de\/wp-content\/uploads\/2020\/03\/Djurg\u00e5rden2-800x534.jpg 800w, https:\/\/www.smarttravelers.de\/wp-content\/uploads\/2020\/03\/Djurg\u00e5rden2-1200x801.jpg 1200w, https:\/\/www.smarttravelers.de\/wp-content\/uploads\/2020\/03\/Djurg\u00e5rden2.jpg 1618w\" sizes=\"(min-width: 2200px) 100vw, (min-width: 284px) 356px, (min-width: 212px) 284px, (min-width: 140px) 212px, \" \/>\n\t\n\n\t\t<div class=\"fusion-rollover\">\n\t<div class=\"fusion-rollover-content\">\n\n\t\t\t\t\t\t\t\t\t\t\t\t\t\t<a class=\"fusion-rollover-link\" href=\"https:\/\/www.smarttravelers.de\/en\/sights\/schweden\/stockholm\/djurgarden\/\" target=\"_blank\">Djurgarden<\/a>\n\t\t\t\n\t\t\t\t\t\t\t\t\t\t\t\t\t\t\n\t\t\t\t\t\t\t\t\n\t\t\t\t\t\t\t\t\t\t\t\t\t<div class=\"fusion-rollover-sep\"><\/div>\n\t\t\t\t\n\t\t\t\t\t\t\t\t\t\t\t\t\t\t\t\t\t\t<a class=\"fusion-rollover-gallery\" href=\"https:\/\/www.smarttravelers.de\/wp-content\/uploads\/2020\/03\/Djurg\u00e5rden2.jpg\" data-id=\"83814\" data-rel=\"iLightbox[gallery-rw-1]\" data-title=\"Djurg\u00e5rden2\" data-caption=\"\">\n\t\t\t\t\t\tGallery\t\t\t\t\t<\/a>\n\t\t\t\t\t\t\t\t\t\t\t\t\t\t\n\t\t\n\t\t\t\t\t\t\t\t\t\t\t\t<h4 class=\"fusion-rollover-title\">\n\t\t\t\t\t<a class=\"fusion-rollover-title-link\" href=\"https:\/\/www.smarttravelers.de\/en\/sights\/schweden\/stockholm\/djurgarden\/\" target=\"_blank\">\n\t\t\t\t\t\tDjurgarden\t\t\t\t\t<\/a>\n\t\t\t\t<\/h4>\n\t\t\t\n\t\t\t\t\t\t\t\t\n\t\t\n\t\t\t\t\t\t<a class=\"fusion-link-wrapper\" href=\"https:\/\/www.smarttravelers.de\/en\/sights\/schweden\/stockholm\/djurgarden\/\" target=\"_blank\" aria-label=\"Djurgarden\"><\/a>\n\t<\/div>\n<\/div>\n\n\t\n<\/div>\n<\/div><\/article><article id=\"portfolio-1-post-83720\" class=\"fusion-portfolio-post alle-in-stockholm-en castles-palaces highlights-en world-heritage-sites fusion-col-spacing post-83720 fusion-element-grid\"><div class=\"fusion-portfolio-content-wrapper\" style=\"border:none;\"><span class=\"entry-title rich-snippet-hidden\">Drottningholm Palace<\/span><span class=\"vcard rich-snippet-hidden\"><span class=\"fn\"><a href=\"https:\/\/www.smarttravelers.de\/en\/author\/wp_admin\/\" title=\"Posts by wp_admin\" rel=\"author\">wp_admin<\/a><\/span><\/span><span class=\"updated rich-snippet-hidden\">2024-06-03T23:46:48+02:00<\/span>\n\n<div  class=\"fusion-masonry-element-container fusion-image-wrapper\" style=\"background-image:url(https:\/\/www.smarttravelers.de\/wp-content\/uploads\/2020\/03\/Schloss-Drottningholm3.jpg);padding-top:calc((100% + 20px) * 0.8 - 10px);\" aria-haspopup=\"true\">\n\t\n\t\n\t\n\t\t\n\t\t\t\t\t<img decoding=\"async\" width=\"1748\" height=\"1080\" src=\"https:\/\/www.smarttravelers.de\/wp-content\/uploads\/2020\/03\/Schloss-Drottningholm3.jpg\" class=\"attachment-full size-full wp-post-image\" alt=\"Au\u00dfenansicht Schloss Drottningholm\" srcset=\"https:\/\/www.smarttravelers.de\/wp-content\/uploads\/2020\/03\/Schloss-Drottningholm3-200x124.jpg 200w, https:\/\/www.smarttravelers.de\/wp-content\/uploads\/2020\/03\/Schloss-Drottningholm3-400x247.jpg 400w, https:\/\/www.smarttravelers.de\/wp-content\/uploads\/2020\/03\/Schloss-Drottningholm3-600x371.jpg 600w, https:\/\/www.smarttravelers.de\/wp-content\/uploads\/2020\/03\/Schloss-Drottningholm3-800x494.jpg 800w, https:\/\/www.smarttravelers.de\/wp-content\/uploads\/2020\/03\/Schloss-Drottningholm3-1200x741.jpg 1200w, https:\/\/www.smarttravelers.de\/wp-content\/uploads\/2020\/03\/Schloss-Drottningholm3.jpg 1748w\" sizes=\"(min-width: 2200px) 100vw, (min-width: 284px) 356px, (min-width: 212px) 284px, (min-width: 140px) 212px, \" \/>\n\t\n\n\t\t<div class=\"fusion-rollover\">\n\t<div class=\"fusion-rollover-content\">\n\n\t\t\t\t\t\t\t\t\t\t\t\t\t\t<a class=\"fusion-rollover-link\" href=\"https:\/\/www.smarttravelers.de\/en\/sights\/schweden\/stockholm\/schloss-drottningholm\/\" target=\"_blank\">Drottningholm Palace<\/a>\n\t\t\t\n\t\t\t\t\t\t\t\t\t\t\t\t\t\t\n\t\t\t\t\t\t\t\t\n\t\t\t\t\t\t\t\t\t\t\t\t\t<div class=\"fusion-rollover-sep\"><\/div>\n\t\t\t\t\n\t\t\t\t\t\t\t\t\t\t\t\t\t\t\t\t\t\t<a class=\"fusion-rollover-gallery\" href=\"https:\/\/www.smarttravelers.de\/wp-content\/uploads\/2020\/03\/Schloss-Drottningholm3.jpg\" data-id=\"83720\" data-rel=\"iLightbox[gallery-rw-1]\" data-title=\"Schloss Drottningholm3\" data-caption=\"\">\n\t\t\t\t\t\tGallery\t\t\t\t\t<\/a>\n\t\t\t\t\t\t\t\t\t\t\t\t\t\t\n\t\t\n\t\t\t\t\t\t\t\t\t\t\t\t<h4 class=\"fusion-rollover-title\">\n\t\t\t\t\t<a class=\"fusion-rollover-title-link\" href=\"https:\/\/www.smarttravelers.de\/en\/sights\/schweden\/stockholm\/schloss-drottningholm\/\" target=\"_blank\">\n\t\t\t\t\t\tDrottningholm Palace\t\t\t\t\t<\/a>\n\t\t\t\t<\/h4>\n\t\t\t\n\t\t\t\t\t\t\t\t\n\t\t\n\t\t\t\t\t\t<a class=\"fusion-link-wrapper\" href=\"https:\/\/www.smarttravelers.de\/en\/sights\/schweden\/stockholm\/schloss-drottningholm\/\" target=\"_blank\" aria-label=\"Drottningholm Palace\"><\/a>\n\t<\/div>\n<\/div>\n\n\t\n<\/div>\n<\/div><\/article><article id=\"portfolio-1-post-71933\" class=\"fusion-portfolio-post all-in-brussels other-sights fusion-col-spacing post-71933 fusion-element-grid\"><div class=\"fusion-portfolio-content-wrapper\" style=\"border:none;\"><span class=\"entry-title rich-snippet-hidden\">European Parliament in Brussels<\/span><span class=\"vcard rich-snippet-hidden\"><span class=\"fn\"><a href=\"https:\/\/www.smarttravelers.de\/en\/author\/wp_admin\/\" title=\"Posts by wp_admin\" rel=\"author\">wp_admin<\/a><\/span><\/span><span class=\"updated rich-snippet-hidden\">2024-06-06T13:46:02+02:00<\/span>\n\n<div  class=\"fusion-masonry-element-container fusion-image-wrapper\" style=\"background-image:url(https:\/\/www.smarttravelers.de\/wp-content\/uploads\/2020\/01\/Europ\u00e4isches-Parlament-Br\u00fcssel3.jpg);padding-top:calc((100% + 20px) * 0.8 - 10px);\" aria-haspopup=\"true\">\n\t\n\t\n\t\n\t\t\n\t\t\t\t\t<img decoding=\"async\" width=\"1620\" height=\"1080\" src=\"https:\/\/www.smarttravelers.de\/wp-content\/uploads\/2020\/01\/Europ\u00e4isches-Parlament-Br\u00fcssel3.jpg\" class=\"attachment-full size-full wp-post-image\" alt=\"Der Sitzungssaal im Europ\u00e4ischen Parlament Br\u00fcssel\" srcset=\"https:\/\/www.smarttravelers.de\/wp-content\/uploads\/2020\/01\/Europ\u00e4isches-Parlament-Br\u00fcssel3-200x133.jpg 200w, https:\/\/www.smarttravelers.de\/wp-content\/uploads\/2020\/01\/Europ\u00e4isches-Parlament-Br\u00fcssel3-400x267.jpg 400w, https:\/\/www.smarttravelers.de\/wp-content\/uploads\/2020\/01\/Europ\u00e4isches-Parlament-Br\u00fcssel3-600x400.jpg 600w, https:\/\/www.smarttravelers.de\/wp-content\/uploads\/2020\/01\/Europ\u00e4isches-Parlament-Br\u00fcssel3-800x533.jpg 800w, https:\/\/www.smarttravelers.de\/wp-content\/uploads\/2020\/01\/Europ\u00e4isches-Parlament-Br\u00fcssel3-1200x800.jpg 1200w, https:\/\/www.smarttravelers.de\/wp-content\/uploads\/2020\/01\/Europ\u00e4isches-Parlament-Br\u00fcssel3.jpg 1620w\" sizes=\"(min-width: 2200px) 100vw, (min-width: 284px) 356px, (min-width: 212px) 284px, (min-width: 140px) 212px, \" \/>\n\t\n\n\t\t<div class=\"fusion-rollover\">\n\t<div class=\"fusion-rollover-content\">\n\n\t\t\t\t\t\t\t\t\t\t\t\t\t\t<a class=\"fusion-rollover-link\" href=\"https:\/\/www.smarttravelers.de\/en\/sights\/belgium\/brussels\/european-parliament-in-brussels\/\" target=\"_blank\">European Parliament in Brussels<\/a>\n\t\t\t\n\t\t\t\t\t\t\t\t\t\t\t\t\t\t\n\t\t\t\t\t\t\t\t\n\t\t\t\t\t\t\t\t\t\t\t\t\t<div class=\"fusion-rollover-sep\"><\/div>\n\t\t\t\t\n\t\t\t\t\t\t\t\t\t\t\t\t\t\t\t\t\t\t<a class=\"fusion-rollover-gallery\" href=\"https:\/\/www.smarttravelers.de\/wp-content\/uploads\/2020\/01\/Europ\u00e4isches-Parlament-Br\u00fcssel3.jpg\" data-id=\"71933\" data-rel=\"iLightbox[gallery-rw-1]\" data-title=\"Europ\u00e4isches Parlament Br\u00fcssel3\" data-caption=\"\">\n\t\t\t\t\t\tGallery\t\t\t\t\t<\/a>\n\t\t\t\t\t\t\t\t\t\t\t\t\t\t\n\t\t\n\t\t\t\t\t\t\t\t\t\t\t\t<h4 class=\"fusion-rollover-title\">\n\t\t\t\t\t<a class=\"fusion-rollover-title-link\" href=\"https:\/\/www.smarttravelers.de\/en\/sights\/belgium\/brussels\/european-parliament-in-brussels\/\" target=\"_blank\">\n\t\t\t\t\t\tEuropean Parliament in Brussels\t\t\t\t\t<\/a>\n\t\t\t\t<\/h4>\n\t\t\t\n\t\t\t\t\t\t\t\t\n\t\t\n\t\t\t\t\t\t<a class=\"fusion-link-wrapper\" href=\"https:\/\/www.smarttravelers.de\/en\/sights\/belgium\/brussels\/european-parliament-in-brussels\/\" target=\"_blank\" aria-label=\"European Parliament in Brussels\"><\/a>\n\t<\/div>\n<\/div>\n\n\t\n<\/div>\n<\/div><\/article><article id=\"portfolio-1-post-71867\" class=\"fusion-portfolio-post all-in-brussels museums-galleries fusion-col-spacing post-71867 fusion-element-grid\"><div class=\"fusion-portfolio-content-wrapper\" style=\"border:none;\"><span class=\"entry-title rich-snippet-hidden\">Fin-de-Si\u00e8cle Museum<\/span><span class=\"vcard rich-snippet-hidden\"><span class=\"fn\"><a href=\"https:\/\/www.smarttravelers.de\/en\/author\/wp_admin\/\" title=\"Posts by wp_admin\" rel=\"author\">wp_admin<\/a><\/span><\/span><span class=\"updated rich-snippet-hidden\">2024-06-05T12:44:03+02:00<\/span>\n\n<div  class=\"fusion-masonry-element-container fusion-image-wrapper\" style=\"background-image:url(https:\/\/www.smarttravelers.de\/wp-content\/uploads\/2020\/01\/Mus\u00e9e-Fin-de-Si\u00e8cle1.jpg);padding-top:calc((100% + 20px) * 0.8 - 10px);\" aria-haspopup=\"true\">\n\t\n\t\n\t\n\t\t\n\t\t\t\t\t<img decoding=\"async\" width=\"1272\" height=\"1080\" src=\"https:\/\/www.smarttravelers.de\/wp-content\/uploads\/2020\/01\/Mus\u00e9e-Fin-de-Si\u00e8cle1.jpg\" class=\"attachment-full size-full wp-post-image\" alt=\"M\u00f6belst\u00fccke im Mus\u00e9e Fin-de-Si\u00e8cle\" srcset=\"https:\/\/www.smarttravelers.de\/wp-content\/uploads\/2020\/01\/Mus\u00e9e-Fin-de-Si\u00e8cle1-200x170.jpg 200w, https:\/\/www.smarttravelers.de\/wp-content\/uploads\/2020\/01\/Mus\u00e9e-Fin-de-Si\u00e8cle1-400x340.jpg 400w, https:\/\/www.smarttravelers.de\/wp-content\/uploads\/2020\/01\/Mus\u00e9e-Fin-de-Si\u00e8cle1-600x509.jpg 600w, https:\/\/www.smarttravelers.de\/wp-content\/uploads\/2020\/01\/Mus\u00e9e-Fin-de-Si\u00e8cle1-800x679.jpg 800w, https:\/\/www.smarttravelers.de\/wp-content\/uploads\/2020\/01\/Mus\u00e9e-Fin-de-Si\u00e8cle1-1200x1019.jpg 1200w, https:\/\/www.smarttravelers.de\/wp-content\/uploads\/2020\/01\/Mus\u00e9e-Fin-de-Si\u00e8cle1.jpg 1272w\" sizes=\"(min-width: 2200px) 100vw, (min-width: 284px) 356px, (min-width: 212px) 284px, (min-width: 140px) 212px, \" \/>\n\t\n\n\t\t<div class=\"fusion-rollover\">\n\t<div class=\"fusion-rollover-content\">\n\n\t\t\t\t\t\t\t\t\t\t\t\t\t\t<a class=\"fusion-rollover-link\" href=\"https:\/\/www.smarttravelers.de\/en\/sights\/belgium\/brussels\/fin-de-siecle-museum\/\" target=\"_blank\">Fin-de-Si\u00e8cle Museum<\/a>\n\t\t\t\n\t\t\t\t\t\t\t\t\t\t\t\t\t\t\n\t\t\t\t\t\t\t\t\n\t\t\t\t\t\t\t\t\t\t\t\t\t<div class=\"fusion-rollover-sep\"><\/div>\n\t\t\t\t\n\t\t\t\t\t\t\t\t\t\t\t\t\t\t\t\t\t\t<a class=\"fusion-rollover-gallery\" href=\"https:\/\/www.smarttravelers.de\/wp-content\/uploads\/2020\/01\/Mus\u00e9e-Fin-de-Si\u00e8cle1.jpg\" data-id=\"71867\" data-rel=\"iLightbox[gallery-rw-1]\" data-title=\"Mus\u00e9e Fin-de-Si\u00e8cle1\" data-caption=\"\">\n\t\t\t\t\t\tGallery\t\t\t\t\t<\/a>\n\t\t\t\t\t\t\t\t\t\t\t\t\t\t\n\t\t\n\t\t\t\t\t\t\t\t\t\t\t\t<h4 class=\"fusion-rollover-title\">\n\t\t\t\t\t<a class=\"fusion-rollover-title-link\" href=\"https:\/\/www.smarttravelers.de\/en\/sights\/belgium\/brussels\/fin-de-siecle-museum\/\" target=\"_blank\">\n\t\t\t\t\t\tFin-de-Si\u00e8cle Museum\t\t\t\t\t<\/a>\n\t\t\t\t<\/h4>\n\t\t\t\n\t\t\t\t\t\t\t\t\n\t\t\n\t\t\t\t\t\t<a class=\"fusion-link-wrapper\" href=\"https:\/\/www.smarttravelers.de\/en\/sights\/belgium\/brussels\/fin-de-siecle-museum\/\" target=\"_blank\" aria-label=\"Fin-de-Si\u00e8cle Museum\"><\/a>\n\t<\/div>\n<\/div>\n\n\t\n<\/div>\n<\/div><\/article><article id=\"portfolio-1-post-83596\" class=\"fusion-portfolio-post alle-in-stockholm-en natural-landscapes-national-parks fusion-col-spacing post-83596 fusion-element-grid\"><div class=\"fusion-portfolio-content-wrapper\" style=\"border:none;\"><span class=\"entry-title rich-snippet-hidden\">Fj\u00e4derholmarna<\/span><span class=\"vcard rich-snippet-hidden\"><span class=\"fn\"><a href=\"https:\/\/www.smarttravelers.de\/en\/author\/wp_admin\/\" title=\"Posts by wp_admin\" rel=\"author\">wp_admin<\/a><\/span><\/span><span class=\"updated rich-snippet-hidden\">2024-06-03T11:34:12+02:00<\/span>\n\n<div  class=\"fusion-masonry-element-container fusion-image-wrapper\" style=\"background-image:url(https:\/\/www.smarttravelers.de\/wp-content\/uploads\/2020\/03\/Fj\u00e4derholmarna1.jpg);padding-top:calc((100% + 20px) * 0.8 - 10px);\" aria-haspopup=\"true\">\n\t\n\t\n\t\n\t\t\n\t\t\t\t\t<img decoding=\"async\" width=\"1618\" height=\"1080\" src=\"https:\/\/www.smarttravelers.de\/wp-content\/uploads\/2020\/03\/Fj\u00e4derholmarna1.jpg\" class=\"attachment-full size-full wp-post-image\" alt=\"Luftbild Fj\u00e4derholmarna\" srcset=\"https:\/\/www.smarttravelers.de\/wp-content\/uploads\/2020\/03\/Fj\u00e4derholmarna1-200x133.jpg 200w, https:\/\/www.smarttravelers.de\/wp-content\/uploads\/2020\/03\/Fj\u00e4derholmarna1-400x267.jpg 400w, https:\/\/www.smarttravelers.de\/wp-content\/uploads\/2020\/03\/Fj\u00e4derholmarna1-600x400.jpg 600w, https:\/\/www.smarttravelers.de\/wp-content\/uploads\/2020\/03\/Fj\u00e4derholmarna1-800x534.jpg 800w, https:\/\/www.smarttravelers.de\/wp-content\/uploads\/2020\/03\/Fj\u00e4derholmarna1-1200x801.jpg 1200w, https:\/\/www.smarttravelers.de\/wp-content\/uploads\/2020\/03\/Fj\u00e4derholmarna1.jpg 1618w\" sizes=\"(min-width: 2200px) 100vw, (min-width: 284px) 356px, (min-width: 212px) 284px, (min-width: 140px) 212px, \" \/>\n\t\n\n\t\t<div class=\"fusion-rollover\">\n\t<div class=\"fusion-rollover-content\">\n\n\t\t\t\t\t\t\t\t\t\t\t\t\t\t<a class=\"fusion-rollover-link\" href=\"https:\/\/www.smarttravelers.de\/en\/sights\/schweden\/stockholm\/fjaederholmarna\/\" target=\"_blank\">Fj\u00e4derholmarna<\/a>\n\t\t\t\n\t\t\t\t\t\t\t\t\t\t\t\t\t\t\n\t\t\t\t\t\t\t\t\n\t\t\t\t\t\t\t\t\t\t\t\t\t<div class=\"fusion-rollover-sep\"><\/div>\n\t\t\t\t\n\t\t\t\t\t\t\t\t\t\t\t\t\t\t\t\t\t\t<a class=\"fusion-rollover-gallery\" href=\"https:\/\/www.smarttravelers.de\/wp-content\/uploads\/2020\/03\/Fj\u00e4derholmarna1.jpg\" data-id=\"83596\" data-rel=\"iLightbox[gallery-rw-1]\" data-title=\"Fj\u00e4derholmarna1\" data-caption=\"\">\n\t\t\t\t\t\tGallery\t\t\t\t\t<\/a>\n\t\t\t\t\t\t\t\t\t\t\t\t\t\t\n\t\t\n\t\t\t\t\t\t\t\t\t\t\t\t<h4 class=\"fusion-rollover-title\">\n\t\t\t\t\t<a class=\"fusion-rollover-title-link\" href=\"https:\/\/www.smarttravelers.de\/en\/sights\/schweden\/stockholm\/fjaederholmarna\/\" target=\"_blank\">\n\t\t\t\t\t\tFj\u00e4derholmarna\t\t\t\t\t<\/a>\n\t\t\t\t<\/h4>\n\t\t\t\n\t\t\t\t\t\t\t\t\n\t\t\n\t\t\t\t\t\t<a class=\"fusion-link-wrapper\" href=\"https:\/\/www.smarttravelers.de\/en\/sights\/schweden\/stockholm\/fjaederholmarna\/\" target=\"_blank\" aria-label=\"Fj\u00e4derholmarna\"><\/a>\n\t<\/div>\n<\/div>\n\n\t\n<\/div>\n<\/div><\/article><article id=\"portfolio-1-post-83591\" class=\"fusion-portfolio-post alle-in-stockholm-en museums-galleries fusion-col-spacing post-83591 fusion-element-grid\"><div class=\"fusion-portfolio-content-wrapper\" style=\"border:none;\"><span class=\"entry-title rich-snippet-hidden\">Fotografiska<\/span><span class=\"vcard rich-snippet-hidden\"><span class=\"fn\"><a href=\"https:\/\/www.smarttravelers.de\/en\/author\/wp_admin\/\" title=\"Posts by wp_admin\" rel=\"author\">wp_admin<\/a><\/span><\/span><span class=\"updated rich-snippet-hidden\">2024-06-03T11:32:29+02:00<\/span>\n\n<div  class=\"fusion-masonry-element-container fusion-image-wrapper\" style=\"background-image:url(https:\/\/www.smarttravelers.de\/wp-content\/uploads\/2020\/03\/Fotografiska2.jpg);padding-top:calc((100% + 20px) * 0.8 - 10px);\" aria-haspopup=\"true\">\n\t\n\t\n\t\n\t\t\n\t\t\t\t\t<img decoding=\"async\" width=\"1532\" height=\"1080\" src=\"https:\/\/www.smarttravelers.de\/wp-content\/uploads\/2020\/03\/Fotografiska2.jpg\" class=\"attachment-full size-full wp-post-image\" alt=\"Geb\u00e4ude des Fotografiska\" srcset=\"https:\/\/www.smarttravelers.de\/wp-content\/uploads\/2020\/03\/Fotografiska2-200x141.jpg 200w, https:\/\/www.smarttravelers.de\/wp-content\/uploads\/2020\/03\/Fotografiska2-400x282.jpg 400w, https:\/\/www.smarttravelers.de\/wp-content\/uploads\/2020\/03\/Fotografiska2-600x423.jpg 600w, https:\/\/www.smarttravelers.de\/wp-content\/uploads\/2020\/03\/Fotografiska2-800x564.jpg 800w, https:\/\/www.smarttravelers.de\/wp-content\/uploads\/2020\/03\/Fotografiska2-1200x846.jpg 1200w, https:\/\/www.smarttravelers.de\/wp-content\/uploads\/2020\/03\/Fotografiska2.jpg 1532w\" sizes=\"(min-width: 2200px) 100vw, (min-width: 284px) 356px, (min-width: 212px) 284px, (min-width: 140px) 212px, \" \/>\n\t\n\n\t\t<div class=\"fusion-rollover\">\n\t<div class=\"fusion-rollover-content\">\n\n\t\t\t\t\t\t\t\t\t\t\t\t\t\t<a class=\"fusion-rollover-link\" href=\"https:\/\/www.smarttravelers.de\/en\/sights\/schweden\/stockholm\/fotografiska\/\" target=\"_blank\">Fotografiska<\/a>\n\t\t\t\n\t\t\t\t\t\t\t\t\t\t\t\t\t\t\n\t\t\t\t\t\t\t\t\n\t\t\t\t\t\t\t\t\t\t\t\t\t<div class=\"fusion-rollover-sep\"><\/div>\n\t\t\t\t\n\t\t\t\t\t\t\t\t\t\t\t\t\t\t\t\t\t\t<a class=\"fusion-rollover-gallery\" href=\"https:\/\/www.smarttravelers.de\/wp-content\/uploads\/2020\/03\/Fotografiska2.jpg\" data-id=\"83591\" data-rel=\"iLightbox[gallery-rw-1]\" data-title=\"Fotografiska museet, Stockholm, Sweden.\" data-caption=\"Fotografiska museet, Stockholm, Sweden.\">\n\t\t\t\t\t\tGallery\t\t\t\t\t<\/a>\n\t\t\t\t\t\t\t\t\t\t\t\t\t\t\n\t\t\n\t\t\t\t\t\t\t\t\t\t\t\t<h4 class=\"fusion-rollover-title\">\n\t\t\t\t\t<a class=\"fusion-rollover-title-link\" href=\"https:\/\/www.smarttravelers.de\/en\/sights\/schweden\/stockholm\/fotografiska\/\" target=\"_blank\">\n\t\t\t\t\t\tFotografiska\t\t\t\t\t<\/a>\n\t\t\t\t<\/h4>\n\t\t\t\n\t\t\t\t\t\t\t\t\n\t\t\n\t\t\t\t\t\t<a class=\"fusion-link-wrapper\" href=\"https:\/\/www.smarttravelers.de\/en\/sights\/schweden\/stockholm\/fotografiska\/\" target=\"_blank\" aria-label=\"Fotografiska\"><\/a>\n\t<\/div>\n<\/div>\n\n\t\n<\/div>\n<\/div><\/article><article id=\"portfolio-1-post-83810\" class=\"fusion-portfolio-post alle-in-stockholm-en districts highlights-en fusion-col-spacing post-83810 fusion-element-grid\"><div class=\"fusion-portfolio-content-wrapper\" style=\"border:none;\"><span class=\"entry-title rich-snippet-hidden\">Gamla stan<\/span><span class=\"vcard rich-snippet-hidden\"><span class=\"fn\"><a href=\"https:\/\/www.smarttravelers.de\/en\/author\/wp_admin\/\" title=\"Posts by wp_admin\" rel=\"author\">wp_admin<\/a><\/span><\/span><span class=\"updated rich-snippet-hidden\">2024-06-04T14:35:58+02:00<\/span>\n\n<div  class=\"fusion-masonry-element-container fusion-image-wrapper\" style=\"background-image:url(https:\/\/www.smarttravelers.de\/wp-content\/uploads\/2020\/03\/Gamla-Stan1.jpg);padding-top:calc((100% + 20px) * 0.8 - 10px);\" aria-haspopup=\"true\">\n\t\n\t\n\t\n\t\t\n\t\t\t\t\t<img decoding=\"async\" width=\"1618\" height=\"1080\" src=\"https:\/\/www.smarttravelers.de\/wp-content\/uploads\/2020\/03\/Gamla-Stan1.jpg\" class=\"attachment-full size-full wp-post-image\" alt=\"Luftbild der Gamla stan\" srcset=\"https:\/\/www.smarttravelers.de\/wp-content\/uploads\/2020\/03\/Gamla-Stan1-200x133.jpg 200w, https:\/\/www.smarttravelers.de\/wp-content\/uploads\/2020\/03\/Gamla-Stan1-400x267.jpg 400w, https:\/\/www.smarttravelers.de\/wp-content\/uploads\/2020\/03\/Gamla-Stan1-600x400.jpg 600w, https:\/\/www.smarttravelers.de\/wp-content\/uploads\/2020\/03\/Gamla-Stan1-800x534.jpg 800w, https:\/\/www.smarttravelers.de\/wp-content\/uploads\/2020\/03\/Gamla-Stan1-1200x801.jpg 1200w, https:\/\/www.smarttravelers.de\/wp-content\/uploads\/2020\/03\/Gamla-Stan1.jpg 1618w\" sizes=\"(min-width: 2200px) 100vw, (min-width: 284px) 356px, (min-width: 212px) 284px, (min-width: 140px) 212px, \" \/>\n\t\n\n\t\t<div class=\"fusion-rollover\">\n\t<div class=\"fusion-rollover-content\">\n\n\t\t\t\t\t\t\t\t\t\t\t\t\t\t<a class=\"fusion-rollover-link\" href=\"https:\/\/www.smarttravelers.de\/en\/sights\/schweden\/stockholm\/gamla-stan\/\" target=\"_blank\">Gamla stan<\/a>\n\t\t\t\n\t\t\t\t\t\t\t\t\t\t\t\t\t\t\n\t\t\t\t\t\t\t\t\n\t\t\t\t\t\t\t\t\t\t\t\t\t<div class=\"fusion-rollover-sep\"><\/div>\n\t\t\t\t\n\t\t\t\t\t\t\t\t\t\t\t\t\t\t\t\t\t\t<a class=\"fusion-rollover-gallery\" href=\"https:\/\/www.smarttravelers.de\/wp-content\/uploads\/2020\/03\/Gamla-Stan1.jpg\" data-id=\"83810\" data-rel=\"iLightbox[gallery-rw-1]\" data-title=\"Gamla Stan1\" data-caption=\"\">\n\t\t\t\t\t\tGallery\t\t\t\t\t<\/a>\n\t\t\t\t\t\t\t\t\t\t\t\t\t\t\n\t\t\n\t\t\t\t\t\t\t\t\t\t\t\t<h4 class=\"fusion-rollover-title\">\n\t\t\t\t\t<a class=\"fusion-rollover-title-link\" href=\"https:\/\/www.smarttravelers.de\/en\/sights\/schweden\/stockholm\/gamla-stan\/\" target=\"_blank\">\n\t\t\t\t\t\tGamla stan\t\t\t\t\t<\/a>\n\t\t\t\t<\/h4>\n\t\t\t\n\t\t\t\t\t\t\t\t\n\t\t\n\t\t\t\t\t\t<a class=\"fusion-link-wrapper\" href=\"https:\/\/www.smarttravelers.de\/en\/sights\/schweden\/stockholm\/gamla-stan\/\" target=\"_blank\" aria-label=\"Gamla stan\"><\/a>\n\t<\/div>\n<\/div>\n\n\t\n<\/div>\n<\/div><\/article><article id=\"portfolio-1-post-83797\" class=\"fusion-portfolio-post alle-in-stockholm-en churches-monasteries fusion-col-spacing post-83797 fusion-element-grid\"><div class=\"fusion-portfolio-content-wrapper\" style=\"border:none;\"><span class=\"entry-title rich-snippet-hidden\">German Church<\/span><span class=\"vcard rich-snippet-hidden\"><span class=\"fn\"><a href=\"https:\/\/www.smarttravelers.de\/en\/author\/wp_admin\/\" title=\"Posts by wp_admin\" rel=\"author\">wp_admin<\/a><\/span><\/span><span class=\"updated rich-snippet-hidden\">2024-06-04T14:26:12+02:00<\/span>\n\n<div  class=\"fusion-masonry-element-container fusion-image-wrapper\" style=\"background-image:url(https:\/\/www.smarttravelers.de\/wp-content\/uploads\/2020\/03\/Tyska-kyrkan2.jpg);padding-top:calc((100% + 20px) * 0.8 - 10px);\" aria-haspopup=\"true\">\n\t\n\t\n\t\n\t\t\n\t\t\t\t\t<img decoding=\"async\" width=\"1623\" height=\"1080\" src=\"https:\/\/www.smarttravelers.de\/wp-content\/uploads\/2020\/03\/Tyska-kyrkan2.jpg\" class=\"attachment-full size-full wp-post-image\" alt=\"Luftbild der Tyska kyrkan\" srcset=\"https:\/\/www.smarttravelers.de\/wp-content\/uploads\/2020\/03\/Tyska-kyrkan2-200x133.jpg 200w, https:\/\/www.smarttravelers.de\/wp-content\/uploads\/2020\/03\/Tyska-kyrkan2-400x266.jpg 400w, https:\/\/www.smarttravelers.de\/wp-content\/uploads\/2020\/03\/Tyska-kyrkan2-600x399.jpg 600w, https:\/\/www.smarttravelers.de\/wp-content\/uploads\/2020\/03\/Tyska-kyrkan2-800x532.jpg 800w, https:\/\/www.smarttravelers.de\/wp-content\/uploads\/2020\/03\/Tyska-kyrkan2-1200x799.jpg 1200w, https:\/\/www.smarttravelers.de\/wp-content\/uploads\/2020\/03\/Tyska-kyrkan2.jpg 1623w\" sizes=\"(min-width: 2200px) 100vw, (min-width: 284px) 356px, (min-width: 212px) 284px, (min-width: 140px) 212px, \" \/>\n\t\n\n\t\t<div class=\"fusion-rollover\">\n\t<div class=\"fusion-rollover-content\">\n\n\t\t\t\t\t\t\t\t\t\t\t\t\t\t<a class=\"fusion-rollover-link\" href=\"https:\/\/www.smarttravelers.de\/en\/sights\/schweden\/stockholm\/tyska-kyrkan\/\" target=\"_blank\">German Church<\/a>\n\t\t\t\n\t\t\t\t\t\t\t\t\t\t\t\t\t\t\n\t\t\t\t\t\t\t\t\n\t\t\t\t\t\t\t\t\t\t\t\t\t<div class=\"fusion-rollover-sep\"><\/div>\n\t\t\t\t\n\t\t\t\t\t\t\t\t\t\t\t\t\t\t\t\t\t\t<a class=\"fusion-rollover-gallery\" href=\"https:\/\/www.smarttravelers.de\/wp-content\/uploads\/2020\/03\/Tyska-kyrkan2.jpg\" data-id=\"83797\" data-rel=\"iLightbox[gallery-rw-1]\" data-title=\"Tyska kyrkan2\" data-caption=\"\">\n\t\t\t\t\t\tGallery\t\t\t\t\t<\/a>\n\t\t\t\t\t\t\t\t\t\t\t\t\t\t\n\t\t\n\t\t\t\t\t\t\t\t\t\t\t\t<h4 class=\"fusion-rollover-title\">\n\t\t\t\t\t<a class=\"fusion-rollover-title-link\" href=\"https:\/\/www.smarttravelers.de\/en\/sights\/schweden\/stockholm\/tyska-kyrkan\/\" target=\"_blank\">\n\t\t\t\t\t\tGerman Church\t\t\t\t\t<\/a>\n\t\t\t\t<\/h4>\n\t\t\t\n\t\t\t\t\t\t\t\t\n\t\t\n\t\t\t\t\t\t<a class=\"fusion-link-wrapper\" href=\"https:\/\/www.smarttravelers.de\/en\/sights\/schweden\/stockholm\/tyska-kyrkan\/\" target=\"_blank\" aria-label=\"German Church\"><\/a>\n\t<\/div>\n<\/div>\n\n\t\n<\/div>\n<\/div><\/article><article id=\"portfolio-1-post-71924\" class=\"fusion-portfolio-post all-in-brussels highlights-en streets-squares world-heritage-sites fusion-col-spacing post-71924 fusion-element-landscape\"><div class=\"fusion-portfolio-content-wrapper\" style=\"border:none;\"><span class=\"entry-title rich-snippet-hidden\">Grand Place<\/span><span class=\"vcard rich-snippet-hidden\"><span class=\"fn\"><a href=\"https:\/\/www.smarttravelers.de\/en\/author\/wp_admin\/\" title=\"Posts by wp_admin\" rel=\"author\">wp_admin<\/a><\/span><\/span><span class=\"updated rich-snippet-hidden\">2024-06-06T13:38:44+02:00<\/span>\n\n<div  class=\"fusion-masonry-element-container fusion-image-wrapper\" style=\"background-image:url(https:\/\/www.smarttravelers.de\/wp-content\/uploads\/2020\/01\/Grand-Place3.jpg);padding-top:calc((100% + 20px) * 0.4 - 10px);\" aria-haspopup=\"true\">\n\t\n\t\n\t\n\t\t\n\t\t\t\t\t<img decoding=\"async\" width=\"1920\" height=\"1027\" src=\"https:\/\/www.smarttravelers.de\/wp-content\/uploads\/2020\/01\/Grand-Place3.jpg\" class=\"attachment-full size-full wp-post-image\" alt=\"Panoramaansicht der Grand-Place\" srcset=\"https:\/\/www.smarttravelers.de\/wp-content\/uploads\/2020\/01\/Grand-Place3-200x107.jpg 200w, https:\/\/www.smarttravelers.de\/wp-content\/uploads\/2020\/01\/Grand-Place3-400x214.jpg 400w, https:\/\/www.smarttravelers.de\/wp-content\/uploads\/2020\/01\/Grand-Place3-600x321.jpg 600w, https:\/\/www.smarttravelers.de\/wp-content\/uploads\/2020\/01\/Grand-Place3-800x428.jpg 800w, https:\/\/www.smarttravelers.de\/wp-content\/uploads\/2020\/01\/Grand-Place3-1200x642.jpg 1200w, https:\/\/www.smarttravelers.de\/wp-content\/uploads\/2020\/01\/Grand-Place3.jpg 1920w\" sizes=\"(min-width: 2200px) 100vw, (min-width: 140px) 1920px, \" \/>\n\t\n\n\t\t<div class=\"fusion-rollover\">\n\t<div class=\"fusion-rollover-content\">\n\n\t\t\t\t\t\t\t\t\t\t\t\t\t\t<a class=\"fusion-rollover-link\" href=\"https:\/\/www.smarttravelers.de\/en\/sights\/belgium\/brussels\/grand-place\/\" target=\"_blank\">Grand Place<\/a>\n\t\t\t\n\t\t\t\t\t\t\t\t\t\t\t\t\t\t\n\t\t\t\t\t\t\t\t\n\t\t\t\t\t\t\t\t\t\t\t\t\t<div class=\"fusion-rollover-sep\"><\/div>\n\t\t\t\t\n\t\t\t\t\t\t\t\t\t\t\t\t\t\t\t\t\t\t<a class=\"fusion-rollover-gallery\" href=\"https:\/\/www.smarttravelers.de\/wp-content\/uploads\/2020\/01\/Grand-Place3.jpg\" data-id=\"71924\" data-rel=\"iLightbox[gallery-rw-1]\" data-title=\"Grand-Place3\" data-caption=\"\">\n\t\t\t\t\t\tGallery\t\t\t\t\t<\/a>\n\t\t\t\t\t\t\t\t\t\t\t\t\t\t\n\t\t\n\t\t\t\t\t\t\t\t\t\t\t\t<h4 class=\"fusion-rollover-title\">\n\t\t\t\t\t<a class=\"fusion-rollover-title-link\" href=\"https:\/\/www.smarttravelers.de\/en\/sights\/belgium\/brussels\/grand-place\/\" target=\"_blank\">\n\t\t\t\t\t\tGrand Place\t\t\t\t\t<\/a>\n\t\t\t\t<\/h4>\n\t\t\t\n\t\t\t\t\t\t\t\t\n\t\t\n\t\t\t\t\t\t<a class=\"fusion-link-wrapper\" href=\"https:\/\/www.smarttravelers.de\/en\/sights\/belgium\/brussels\/grand-place\/\" target=\"_blank\" aria-label=\"Grand Place\"><\/a>\n\t<\/div>\n<\/div>\n\n\t\n<\/div>\n<\/div><\/article><article id=\"portfolio-1-post-83580\" class=\"fusion-portfolio-post alle-in-stockholm-en highlights-en theme-amusement-parks fusion-col-spacing post-83580 fusion-element-grid\"><div class=\"fusion-portfolio-content-wrapper\" style=\"border:none;\"><span class=\"entry-title rich-snippet-hidden\">Gr\u00f6na Lund<\/span><span class=\"vcard rich-snippet-hidden\"><span class=\"fn\"><a href=\"https:\/\/www.smarttravelers.de\/en\/author\/wp_admin\/\" title=\"Posts by wp_admin\" rel=\"author\">wp_admin<\/a><\/span><\/span><span class=\"updated rich-snippet-hidden\">2024-06-03T11:30:35+02:00<\/span>\n\n<div  class=\"fusion-masonry-element-container fusion-image-wrapper\" style=\"background-image:url(https:\/\/www.smarttravelers.de\/wp-content\/uploads\/2020\/03\/Gr\u00f6ne-Lund2.jpg);padding-top:calc((100% + 20px) * 0.8 - 10px);\" aria-haspopup=\"true\">\n\t\n\t\n\t\n\t\t\n\t\t\t\t\t<img decoding=\"async\" width=\"1526\" height=\"1080\" src=\"https:\/\/www.smarttravelers.de\/wp-content\/uploads\/2020\/03\/Gr\u00f6ne-Lund2.jpg\" class=\"attachment-full size-full wp-post-image\" alt=\"Blick auf Gr\u00f6na Lund vom Wasser\" srcset=\"https:\/\/www.smarttravelers.de\/wp-content\/uploads\/2020\/03\/Gr\u00f6ne-Lund2-200x142.jpg 200w, https:\/\/www.smarttravelers.de\/wp-content\/uploads\/2020\/03\/Gr\u00f6ne-Lund2-400x283.jpg 400w, https:\/\/www.smarttravelers.de\/wp-content\/uploads\/2020\/03\/Gr\u00f6ne-Lund2-600x425.jpg 600w, https:\/\/www.smarttravelers.de\/wp-content\/uploads\/2020\/03\/Gr\u00f6ne-Lund2-800x566.jpg 800w, https:\/\/www.smarttravelers.de\/wp-content\/uploads\/2020\/03\/Gr\u00f6ne-Lund2-1200x849.jpg 1200w, https:\/\/www.smarttravelers.de\/wp-content\/uploads\/2020\/03\/Gr\u00f6ne-Lund2.jpg 1526w\" sizes=\"(min-width: 2200px) 100vw, (min-width: 284px) 356px, (min-width: 212px) 284px, (min-width: 140px) 212px, \" \/>\n\t\n\n\t\t<div class=\"fusion-rollover\">\n\t<div class=\"fusion-rollover-content\">\n\n\t\t\t\t\t\t\t\t\t\t\t\t\t\t<a class=\"fusion-rollover-link\" href=\"https:\/\/www.smarttravelers.de\/en\/sights\/schweden\/stockholm\/groena-lund\/\" target=\"_blank\">Gr\u00f6na Lund<\/a>\n\t\t\t\n\t\t\t\t\t\t\t\t\t\t\t\t\t\t\n\t\t\t\t\t\t\t\t\n\t\t\t\t\t\t\t\t\t\t\t\t\t<div class=\"fusion-rollover-sep\"><\/div>\n\t\t\t\t\n\t\t\t\t\t\t\t\t\t\t\t\t\t\t\t\t\t\t<a class=\"fusion-rollover-gallery\" href=\"https:\/\/www.smarttravelers.de\/wp-content\/uploads\/2020\/03\/Gr\u00f6ne-Lund2.jpg\" data-id=\"83580\" data-rel=\"iLightbox[gallery-rw-1]\" data-title=\"Gr\u00f6ne Lund2\" data-caption=\"\">\n\t\t\t\t\t\tGallery\t\t\t\t\t<\/a>\n\t\t\t\t\t\t\t\t\t\t\t\t\t\t\n\t\t\n\t\t\t\t\t\t\t\t\t\t\t\t<h4 class=\"fusion-rollover-title\">\n\t\t\t\t\t<a class=\"fusion-rollover-title-link\" href=\"https:\/\/www.smarttravelers.de\/en\/sights\/schweden\/stockholm\/groena-lund\/\" target=\"_blank\">\n\t\t\t\t\t\tGr\u00f6na Lund\t\t\t\t\t<\/a>\n\t\t\t\t<\/h4>\n\t\t\t\n\t\t\t\t\t\t\t\t\n\t\t\n\t\t\t\t\t\t<a class=\"fusion-link-wrapper\" href=\"https:\/\/www.smarttravelers.de\/en\/sights\/schweden\/stockholm\/groena-lund\/\" target=\"_blank\" aria-label=\"Gr\u00f6na Lund\"><\/a>\n\t<\/div>\n<\/div>\n\n\t\n<\/div>\n<\/div><\/article><article id=\"portfolio-1-post-83610\" class=\"fusion-portfolio-post alle-in-stockholm-en gardens-parks fusion-col-spacing post-83610 fusion-element-grid\"><div class=\"fusion-portfolio-content-wrapper\" style=\"border:none;\"><span class=\"entry-title rich-snippet-hidden\">Hagaparken<\/span><span class=\"vcard rich-snippet-hidden\"><span class=\"fn\"><a href=\"https:\/\/www.smarttravelers.de\/en\/author\/wp_admin\/\" title=\"Posts by wp_admin\" rel=\"author\">wp_admin<\/a><\/span><\/span><span class=\"updated rich-snippet-hidden\">2024-06-03T11:50:10+02:00<\/span>\n\n<div  class=\"fusion-masonry-element-container fusion-image-wrapper\" style=\"background-image:url(https:\/\/www.smarttravelers.de\/wp-content\/uploads\/2020\/03\/Hagapark2.jpg);padding-top:calc((100% + 20px) * 0.8 - 10px);\" aria-haspopup=\"true\">\n\t\n\t\n\t\n\t\t\n\t\t\t\t\t<img decoding=\"async\" width=\"1643\" height=\"1080\" src=\"https:\/\/www.smarttravelers.de\/wp-content\/uploads\/2020\/03\/Hagapark2.jpg\" class=\"attachment-full size-full wp-post-image\" alt=\"Wiese im Hagapark\" srcset=\"https:\/\/www.smarttravelers.de\/wp-content\/uploads\/2020\/03\/Hagapark2-200x131.jpg 200w, https:\/\/www.smarttravelers.de\/wp-content\/uploads\/2020\/03\/Hagapark2-400x263.jpg 400w, https:\/\/www.smarttravelers.de\/wp-content\/uploads\/2020\/03\/Hagapark2-600x394.jpg 600w, https:\/\/www.smarttravelers.de\/wp-content\/uploads\/2020\/03\/Hagapark2-800x526.jpg 800w, https:\/\/www.smarttravelers.de\/wp-content\/uploads\/2020\/03\/Hagapark2-1200x789.jpg 1200w, https:\/\/www.smarttravelers.de\/wp-content\/uploads\/2020\/03\/Hagapark2.jpg 1643w\" sizes=\"(min-width: 2200px) 100vw, (min-width: 284px) 356px, (min-width: 212px) 284px, (min-width: 140px) 212px, \" \/>\n\t\n\n\t\t<div class=\"fusion-rollover\">\n\t<div class=\"fusion-rollover-content\">\n\n\t\t\t\t\t\t\t\t\t\t\t\t\t\t<a class=\"fusion-rollover-link\" href=\"https:\/\/www.smarttravelers.de\/en\/sights\/schweden\/stockholm\/hagapark\/\" target=\"_blank\">Hagaparken<\/a>\n\t\t\t\n\t\t\t\t\t\t\t\t\t\t\t\t\t\t\n\t\t\t\t\t\t\t\t\n\t\t\t\t\t\t\t\t\t\t\t\t\t<div class=\"fusion-rollover-sep\"><\/div>\n\t\t\t\t\n\t\t\t\t\t\t\t\t\t\t\t\t\t\t\t\t\t\t<a class=\"fusion-rollover-gallery\" href=\"https:\/\/www.smarttravelers.de\/wp-content\/uploads\/2020\/03\/Hagapark2.jpg\" data-id=\"83610\" data-rel=\"iLightbox[gallery-rw-1]\" data-title=\"Hagapark2\" data-caption=\"\">\n\t\t\t\t\t\tGallery\t\t\t\t\t<\/a>\n\t\t\t\t\t\t\t\t\t\t\t\t\t\t\n\t\t\n\t\t\t\t\t\t\t\t\t\t\t\t<h4 class=\"fusion-rollover-title\">\n\t\t\t\t\t<a class=\"fusion-rollover-title-link\" href=\"https:\/\/www.smarttravelers.de\/en\/sights\/schweden\/stockholm\/hagapark\/\" target=\"_blank\">\n\t\t\t\t\t\tHagaparken\t\t\t\t\t<\/a>\n\t\t\t\t<\/h4>\n\t\t\t\n\t\t\t\t\t\t\t\t\n\t\t\n\t\t\t\t\t\t<a class=\"fusion-link-wrapper\" href=\"https:\/\/www.smarttravelers.de\/en\/sights\/schweden\/stockholm\/hagapark\/\" target=\"_blank\" aria-label=\"Hagaparken\"><\/a>\n\t<\/div>\n<\/div>\n\n\t\n<\/div>\n<\/div><\/article><article id=\"portfolio-1-post-71826\" class=\"fusion-portfolio-post all-in-brussels historical-buildings fusion-col-spacing post-71826 fusion-element-portrait\"><div class=\"fusion-portfolio-content-wrapper\" style=\"border:none;\"><span class=\"entry-title rich-snippet-hidden\">Halle Gate<\/span><span class=\"vcard rich-snippet-hidden\"><span class=\"fn\"><a href=\"https:\/\/www.smarttravelers.de\/en\/author\/wp_admin\/\" title=\"Posts by wp_admin\" rel=\"author\">wp_admin<\/a><\/span><\/span><span class=\"updated rich-snippet-hidden\">2024-06-05T11:56:34+02:00<\/span>\n\n<div  class=\"fusion-masonry-element-container fusion-image-wrapper\" style=\"background-image:url(https:\/\/www.smarttravelers.de\/wp-content\/uploads\/2020\/01\/Porte-de-Hal1.jpg);padding-top:calc((100% + 20px) * 1.6);\" aria-haspopup=\"true\">\n\t\n\t\n\t\n\t\t\n\t\t\t\t\t<img decoding=\"async\" width=\"768\" height=\"1080\" src=\"https:\/\/www.smarttravelers.de\/wp-content\/uploads\/2020\/01\/Porte-de-Hal1.jpg\" class=\"attachment-full size-full wp-post-image\" alt=\"Die Hauptfassade der Porte de Hal\" srcset=\"https:\/\/www.smarttravelers.de\/wp-content\/uploads\/2020\/01\/Porte-de-Hal1-200x281.jpg 200w, https:\/\/www.smarttravelers.de\/wp-content\/uploads\/2020\/01\/Porte-de-Hal1-400x563.jpg 400w, https:\/\/www.smarttravelers.de\/wp-content\/uploads\/2020\/01\/Porte-de-Hal1-600x844.jpg 600w, https:\/\/www.smarttravelers.de\/wp-content\/uploads\/2020\/01\/Porte-de-Hal1.jpg 768w\" sizes=\"(min-width: 2200px) 100vw, (min-width: 284px) 356px, (min-width: 212px) 284px, (min-width: 140px) 212px, \" \/>\n\t\n\n\t\t<div class=\"fusion-rollover\">\n\t<div class=\"fusion-rollover-content\">\n\n\t\t\t\t\t\t\t\t\t\t\t\t\t\t<a class=\"fusion-rollover-link\" href=\"https:\/\/www.smarttravelers.de\/en\/sights\/belgium\/brussels\/halle-gate\/\" target=\"_blank\">Halle Gate<\/a>\n\t\t\t\n\t\t\t\t\t\t\t\t\t\t\t\t\t\t\n\t\t\t\t\t\t\t\t\n\t\t\t\t\t\t\t\t\t\t\t\t\t<div class=\"fusion-rollover-sep\"><\/div>\n\t\t\t\t\n\t\t\t\t\t\t\t\t\t\t\t\t\t\t\t\t\t\t<a class=\"fusion-rollover-gallery\" href=\"https:\/\/www.smarttravelers.de\/wp-content\/uploads\/2020\/01\/Porte-de-Hal1.jpg\" data-id=\"71826\" data-rel=\"iLightbox[gallery-rw-1]\" data-title=\"Porte de Hal1\" data-caption=\"\">\n\t\t\t\t\t\tGallery\t\t\t\t\t<\/a>\n\t\t\t\t\t\t\t\t\t\t\t\t\t\t\n\t\t\n\t\t\t\t\t\t\t\t\t\t\t\t<h4 class=\"fusion-rollover-title\">\n\t\t\t\t\t<a class=\"fusion-rollover-title-link\" href=\"https:\/\/www.smarttravelers.de\/en\/sights\/belgium\/brussels\/halle-gate\/\" target=\"_blank\">\n\t\t\t\t\t\tHalle Gate\t\t\t\t\t<\/a>\n\t\t\t\t<\/h4>\n\t\t\t\n\t\t\t\t\t\t\t\t\n\t\t\n\t\t\t\t\t\t<a class=\"fusion-link-wrapper\" href=\"https:\/\/www.smarttravelers.de\/en\/sights\/belgium\/brussels\/halle-gate\/\" target=\"_blank\" aria-label=\"Halle Gate\"><\/a>\n\t<\/div>\n<\/div>\n\n\t\n<\/div>\n<\/div><\/article><article id=\"portfolio-1-post-83627\" class=\"fusion-portfolio-post alle-in-stockholm-en museums-galleries fusion-col-spacing post-83627 fusion-element-grid\"><div class=\"fusion-portfolio-content-wrapper\" style=\"border:none;\"><span class=\"entry-title rich-snippet-hidden\">Hallwyl Museum<\/span><span class=\"vcard rich-snippet-hidden\"><span class=\"fn\"><a href=\"https:\/\/www.smarttravelers.de\/en\/author\/wp_admin\/\" title=\"Posts by wp_admin\" rel=\"author\">wp_admin<\/a><\/span><\/span><span class=\"updated rich-snippet-hidden\">2024-06-03T11:57:23+02:00<\/span>\n\n<div  class=\"fusion-masonry-element-container fusion-image-wrapper\" style=\"background-image:url(https:\/\/www.smarttravelers.de\/wp-content\/uploads\/2020\/03\/Hallwyl-Museum1.jpg);padding-top:calc((100% + 20px) * 0.8 - 10px);\" aria-haspopup=\"true\">\n\t\n\t\n\t\n\t\t\n\t\t\t\t\t<img decoding=\"async\" width=\"1620\" height=\"1080\" src=\"https:\/\/www.smarttravelers.de\/wp-content\/uploads\/2020\/03\/Hallwyl-Museum1.jpg\" class=\"attachment-full size-full wp-post-image\" alt=\"Hallwyl Museum Raum\" srcset=\"https:\/\/www.smarttravelers.de\/wp-content\/uploads\/2020\/03\/Hallwyl-Museum1-200x133.jpg 200w, https:\/\/www.smarttravelers.de\/wp-content\/uploads\/2020\/03\/Hallwyl-Museum1-400x267.jpg 400w, https:\/\/www.smarttravelers.de\/wp-content\/uploads\/2020\/03\/Hallwyl-Museum1-600x400.jpg 600w, https:\/\/www.smarttravelers.de\/wp-content\/uploads\/2020\/03\/Hallwyl-Museum1-800x533.jpg 800w, https:\/\/www.smarttravelers.de\/wp-content\/uploads\/2020\/03\/Hallwyl-Museum1-1200x800.jpg 1200w, https:\/\/www.smarttravelers.de\/wp-content\/uploads\/2020\/03\/Hallwyl-Museum1.jpg 1620w\" sizes=\"(min-width: 2200px) 100vw, (min-width: 284px) 356px, (min-width: 212px) 284px, (min-width: 140px) 212px, \" \/>\n\t\n\n\t\t<div class=\"fusion-rollover\">\n\t<div class=\"fusion-rollover-content\">\n\n\t\t\t\t\t\t\t\t\t\t\t\t\t\t<a class=\"fusion-rollover-link\" href=\"https:\/\/www.smarttravelers.de\/en\/sights\/schweden\/stockholm\/hallwyl-museum\/\" target=\"_blank\">Hallwyl Museum<\/a>\n\t\t\t\n\t\t\t\t\t\t\t\t\t\t\t\t\t\t\n\t\t\t\t\t\t\t\t\n\t\t\t\t\t\t\t\t\t\t\t\t\t<div class=\"fusion-rollover-sep\"><\/div>\n\t\t\t\t\n\t\t\t\t\t\t\t\t\t\t\t\t\t\t\t\t\t\t<a class=\"fusion-rollover-gallery\" href=\"https:\/\/www.smarttravelers.de\/wp-content\/uploads\/2020\/03\/Hallwyl-Museum1.jpg\" data-id=\"83627\" data-rel=\"iLightbox[gallery-rw-1]\" data-title=\"Hallwyl Museum1\" data-caption=\"\">\n\t\t\t\t\t\tGallery\t\t\t\t\t<\/a>\n\t\t\t\t\t\t\t\t\t\t\t\t\t\t\n\t\t\n\t\t\t\t\t\t\t\t\t\t\t\t<h4 class=\"fusion-rollover-title\">\n\t\t\t\t\t<a class=\"fusion-rollover-title-link\" href=\"https:\/\/www.smarttravelers.de\/en\/sights\/schweden\/stockholm\/hallwyl-museum\/\" target=\"_blank\">\n\t\t\t\t\t\tHallwyl Museum\t\t\t\t\t<\/a>\n\t\t\t\t<\/h4>\n\t\t\t\n\t\t\t\t\t\t\t\t\n\t\t\n\t\t\t\t\t\t<a class=\"fusion-link-wrapper\" href=\"https:\/\/www.smarttravelers.de\/en\/sights\/schweden\/stockholm\/hallwyl-museum\/\" target=\"_blank\" aria-label=\"Hallwyl Museum\"><\/a>\n\t<\/div>\n<\/div>\n\n\t\n<\/div>\n<\/div><\/article><article id=\"portfolio-1-post-71921\" class=\"fusion-portfolio-post all-in-brussels other-sights fusion-col-spacing post-71921 fusion-element-grid\"><div class=\"fusion-portfolio-content-wrapper\" style=\"border:none;\"><span class=\"entry-title rich-snippet-hidden\">Het Zinneke<\/span><span class=\"vcard rich-snippet-hidden\"><span class=\"fn\"><a href=\"https:\/\/www.smarttravelers.de\/en\/author\/wp_admin\/\" title=\"Posts by wp_admin\" rel=\"author\">wp_admin<\/a><\/span><\/span><span class=\"updated rich-snippet-hidden\">2024-06-06T13:36:32+02:00<\/span>\n\n<div  class=\"fusion-masonry-element-container fusion-image-wrapper\" style=\"background-image:url(https:\/\/www.smarttravelers.de\/wp-content\/uploads\/2020\/01\/Het-Zinneke2.jpg);padding-top:calc((100% + 20px) * 0.8 - 10px);\" aria-haspopup=\"true\">\n\t\n\t\n\t\n\t\t\n\t\t\t\t\t<img decoding=\"async\" width=\"1742\" height=\"1080\" src=\"https:\/\/www.smarttravelers.de\/wp-content\/uploads\/2020\/01\/Het-Zinneke2.jpg\" class=\"attachment-full size-full wp-post-image\" alt=\"Het Zinneke beim Pinkeln\" srcset=\"https:\/\/www.smarttravelers.de\/wp-content\/uploads\/2020\/01\/Het-Zinneke2-200x124.jpg 200w, https:\/\/www.smarttravelers.de\/wp-content\/uploads\/2020\/01\/Het-Zinneke2-400x248.jpg 400w, https:\/\/www.smarttravelers.de\/wp-content\/uploads\/2020\/01\/Het-Zinneke2-600x372.jpg 600w, https:\/\/www.smarttravelers.de\/wp-content\/uploads\/2020\/01\/Het-Zinneke2-800x496.jpg 800w, https:\/\/www.smarttravelers.de\/wp-content\/uploads\/2020\/01\/Het-Zinneke2-1200x744.jpg 1200w, https:\/\/www.smarttravelers.de\/wp-content\/uploads\/2020\/01\/Het-Zinneke2.jpg 1742w\" sizes=\"(min-width: 2200px) 100vw, (min-width: 284px) 356px, (min-width: 212px) 284px, (min-width: 140px) 212px, \" \/>\n\t\n\n\t\t<div class=\"fusion-rollover\">\n\t<div class=\"fusion-rollover-content\">\n\n\t\t\t\t\t\t\t\t\t\t\t\t\t\t<a class=\"fusion-rollover-link\" href=\"https:\/\/www.smarttravelers.de\/en\/sights\/belgium\/brussels\/het-zinneke\/\" target=\"_blank\">Het Zinneke<\/a>\n\t\t\t\n\t\t\t\t\t\t\t\t\t\t\t\t\t\t\n\t\t\t\t\t\t\t\t\n\t\t\t\t\t\t\t\t\t\t\t\t\t<div class=\"fusion-rollover-sep\"><\/div>\n\t\t\t\t\n\t\t\t\t\t\t\t\t\t\t\t\t\t\t\t\t\t\t<a class=\"fusion-rollover-gallery\" href=\"https:\/\/www.smarttravelers.de\/wp-content\/uploads\/2020\/01\/Het-Zinneke2.jpg\" data-id=\"71921\" data-rel=\"iLightbox[gallery-rw-1]\" data-title=\"Brussels, BE\" data-caption=\"Brussels, BE\">\n\t\t\t\t\t\tGallery\t\t\t\t\t<\/a>\n\t\t\t\t\t\t\t\t\t\t\t\t\t\t\n\t\t\n\t\t\t\t\t\t\t\t\t\t\t\t<h4 class=\"fusion-rollover-title\">\n\t\t\t\t\t<a class=\"fusion-rollover-title-link\" href=\"https:\/\/www.smarttravelers.de\/en\/sights\/belgium\/brussels\/het-zinneke\/\" target=\"_blank\">\n\t\t\t\t\t\tHet Zinneke\t\t\t\t\t<\/a>\n\t\t\t\t<\/h4>\n\t\t\t\n\t\t\t\t\t\t\t\t\n\t\t\n\t\t\t\t\t\t<a class=\"fusion-link-wrapper\" href=\"https:\/\/www.smarttravelers.de\/en\/sights\/belgium\/brussels\/het-zinneke\/\" target=\"_blank\" aria-label=\"Het Zinneke\"><\/a>\n\t<\/div>\n<\/div>\n\n\t\n<\/div>\n<\/div><\/article><article id=\"portfolio-1-post-71917\" class=\"fusion-portfolio-post all-in-brussels museums-galleries world-heritage-sites fusion-col-spacing post-71917 fusion-element-portrait\"><div class=\"fusion-portfolio-content-wrapper\" style=\"border:none;\"><span class=\"entry-title rich-snippet-hidden\">Horta Museum<\/span><span class=\"vcard rich-snippet-hidden\"><span class=\"fn\"><a href=\"https:\/\/www.smarttravelers.de\/en\/author\/wp_admin\/\" title=\"Posts by wp_admin\" rel=\"author\">wp_admin<\/a><\/span><\/span><span class=\"updated rich-snippet-hidden\">2024-06-06T13:33:45+02:00<\/span>\n\n<div  class=\"fusion-masonry-element-container fusion-image-wrapper\" style=\"background-image:url(https:\/\/www.smarttravelers.de\/wp-content\/uploads\/2020\/01\/Horta-Museum3.jpg);padding-top:calc((100% + 20px) * 1.6);\" aria-haspopup=\"true\">\n\t\n\t\n\t\n\t\t\n\t\t\t\t\t<img decoding=\"async\" width=\"873\" height=\"1080\" src=\"https:\/\/www.smarttravelers.de\/wp-content\/uploads\/2020\/01\/Horta-Museum3.jpg\" class=\"attachment-full size-full wp-post-image\" alt=\"Die Fassade des Horta-Museums\" srcset=\"https:\/\/www.smarttravelers.de\/wp-content\/uploads\/2020\/01\/Horta-Museum3-200x247.jpg 200w, https:\/\/www.smarttravelers.de\/wp-content\/uploads\/2020\/01\/Horta-Museum3-400x495.jpg 400w, https:\/\/www.smarttravelers.de\/wp-content\/uploads\/2020\/01\/Horta-Museum3-600x742.jpg 600w, https:\/\/www.smarttravelers.de\/wp-content\/uploads\/2020\/01\/Horta-Museum3-800x990.jpg 800w, https:\/\/www.smarttravelers.de\/wp-content\/uploads\/2020\/01\/Horta-Museum3.jpg 873w\" sizes=\"(min-width: 2200px) 100vw, (min-width: 284px) 356px, (min-width: 212px) 284px, (min-width: 140px) 212px, \" \/>\n\t\n\n\t\t<div class=\"fusion-rollover\">\n\t<div class=\"fusion-rollover-content\">\n\n\t\t\t\t\t\t\t\t\t\t\t\t\t\t<a class=\"fusion-rollover-link\" href=\"https:\/\/www.smarttravelers.de\/en\/sights\/belgium\/brussels\/horta-museum\/\" target=\"_blank\">Horta Museum<\/a>\n\t\t\t\n\t\t\t\t\t\t\t\t\t\t\t\t\t\t\n\t\t\t\t\t\t\t\t\n\t\t\t\t\t\t\t\t\t\t\t\t\t<div class=\"fusion-rollover-sep\"><\/div>\n\t\t\t\t\n\t\t\t\t\t\t\t\t\t\t\t\t\t\t\t\t\t\t<a class=\"fusion-rollover-gallery\" href=\"https:\/\/www.smarttravelers.de\/wp-content\/uploads\/2020\/01\/Horta-Museum3.jpg\" data-id=\"71917\" data-rel=\"iLightbox[gallery-rw-1]\" data-title=\"Horta-Museum3\" data-caption=\"\">\n\t\t\t\t\t\tGallery\t\t\t\t\t<\/a>\n\t\t\t\t\t\t\t\t\t\t\t\t\t\t\n\t\t\n\t\t\t\t\t\t\t\t\t\t\t\t<h4 class=\"fusion-rollover-title\">\n\t\t\t\t\t<a class=\"fusion-rollover-title-link\" href=\"https:\/\/www.smarttravelers.de\/en\/sights\/belgium\/brussels\/horta-museum\/\" target=\"_blank\">\n\t\t\t\t\t\tHorta Museum\t\t\t\t\t<\/a>\n\t\t\t\t<\/h4>\n\t\t\t\n\t\t\t\t\t\t\t\t\n\t\t\n\t\t\t\t\t\t<a class=\"fusion-link-wrapper\" href=\"https:\/\/www.smarttravelers.de\/en\/sights\/belgium\/brussels\/horta-museum\/\" target=\"_blank\" aria-label=\"Horta Museum\"><\/a>\n\t<\/div>\n<\/div>\n\n\t\n<\/div>\n<\/div><\/article><article id=\"portfolio-1-post-83650\" class=\"fusion-portfolio-post alle-in-stockholm-en other-sights theater-opera-houses fusion-col-spacing post-83650 fusion-element-grid\"><div class=\"fusion-portfolio-content-wrapper\" style=\"border:none;\"><span class=\"entry-title rich-snippet-hidden\">House of Culture<\/span><span class=\"vcard rich-snippet-hidden\"><span class=\"fn\"><a href=\"https:\/\/www.smarttravelers.de\/en\/author\/wp_admin\/\" title=\"Posts by wp_admin\" rel=\"author\">wp_admin<\/a><\/span><\/span><span class=\"updated rich-snippet-hidden\">2024-06-03T12:20:13+02:00<\/span>\n\n<div  class=\"fusion-masonry-element-container fusion-image-wrapper\" style=\"background-image:url(https:\/\/www.smarttravelers.de\/wp-content\/uploads\/2020\/03\/Kulturhuset2.jpg);padding-top:calc((100% + 20px) * 0.8 - 10px);\" aria-haspopup=\"true\">\n\t\n\t\n\t\n\t\t\n\t\t\t\t\t<img decoding=\"async\" width=\"1631\" height=\"1080\" src=\"https:\/\/www.smarttravelers.de\/wp-content\/uploads\/2020\/03\/Kulturhuset2.jpg\" class=\"attachment-full size-full wp-post-image\" alt=\"Au\u00dfenansicht Kulturhuset\" srcset=\"https:\/\/www.smarttravelers.de\/wp-content\/uploads\/2020\/03\/Kulturhuset2-200x132.jpg 200w, https:\/\/www.smarttravelers.de\/wp-content\/uploads\/2020\/03\/Kulturhuset2-400x265.jpg 400w, https:\/\/www.smarttravelers.de\/wp-content\/uploads\/2020\/03\/Kulturhuset2-600x397.jpg 600w, https:\/\/www.smarttravelers.de\/wp-content\/uploads\/2020\/03\/Kulturhuset2-800x530.jpg 800w, https:\/\/www.smarttravelers.de\/wp-content\/uploads\/2020\/03\/Kulturhuset2-1200x795.jpg 1200w, https:\/\/www.smarttravelers.de\/wp-content\/uploads\/2020\/03\/Kulturhuset2.jpg 1631w\" sizes=\"(min-width: 2200px) 100vw, (min-width: 284px) 356px, (min-width: 212px) 284px, (min-width: 140px) 212px, \" \/>\n\t\n\n\t\t<div class=\"fusion-rollover\">\n\t<div class=\"fusion-rollover-content\">\n\n\t\t\t\t\t\t\t\t\t\t\t\t\t\t<a class=\"fusion-rollover-link\" href=\"https:\/\/www.smarttravelers.de\/en\/sights\/schweden\/stockholm\/kulturhuset\/\" target=\"_blank\">House of Culture<\/a>\n\t\t\t\n\t\t\t\t\t\t\t\t\t\t\t\t\t\t\n\t\t\t\t\t\t\t\t\n\t\t\t\t\t\t\t\t\t\t\t\t\t<div class=\"fusion-rollover-sep\"><\/div>\n\t\t\t\t\n\t\t\t\t\t\t\t\t\t\t\t\t\t\t\t\t\t\t<a class=\"fusion-rollover-gallery\" href=\"https:\/\/www.smarttravelers.de\/wp-content\/uploads\/2020\/03\/Kulturhuset2.jpg\" data-id=\"83650\" data-rel=\"iLightbox[gallery-rw-1]\" data-title=\"Kulturhuset2\" data-caption=\"\">\n\t\t\t\t\t\tGallery\t\t\t\t\t<\/a>\n\t\t\t\t\t\t\t\t\t\t\t\t\t\t\n\t\t\n\t\t\t\t\t\t\t\t\t\t\t\t<h4 class=\"fusion-rollover-title\">\n\t\t\t\t\t<a class=\"fusion-rollover-title-link\" href=\"https:\/\/www.smarttravelers.de\/en\/sights\/schweden\/stockholm\/kulturhuset\/\" target=\"_blank\">\n\t\t\t\t\t\tHouse of Culture\t\t\t\t\t<\/a>\n\t\t\t\t<\/h4>\n\t\t\t\n\t\t\t\t\t\t\t\t\n\t\t\n\t\t\t\t\t\t<a class=\"fusion-link-wrapper\" href=\"https:\/\/www.smarttravelers.de\/en\/sights\/schweden\/stockholm\/kulturhuset\/\" target=\"_blank\" aria-label=\"House of Culture\"><\/a>\n\t<\/div>\n<\/div>\n\n\t\n<\/div>\n<\/div><\/article><article id=\"portfolio-1-post-71914\" class=\"fusion-portfolio-post all-in-brussels other-sights fusion-col-spacing post-71914 fusion-element-grid\"><div class=\"fusion-portfolio-content-wrapper\" style=\"border:none;\"><span class=\"entry-title rich-snippet-hidden\">Jeanneke Pis<\/span><span class=\"vcard rich-snippet-hidden\"><span class=\"fn\"><a href=\"https:\/\/www.smarttravelers.de\/en\/author\/wp_admin\/\" title=\"Posts by wp_admin\" rel=\"author\">wp_admin<\/a><\/span><\/span><span class=\"updated rich-snippet-hidden\">2024-06-06T13:29:07+02:00<\/span>\n\n<div  class=\"fusion-masonry-element-container fusion-image-wrapper\" style=\"background-image:url(https:\/\/www.smarttravelers.de\/wp-content\/uploads\/2020\/01\/Jeanneke-Pis1.jpg);padding-top:calc((100% + 20px) * 0.8 - 10px);\" aria-haspopup=\"true\">\n\t\n\t\n\t\n\t\t\n\t\t\t\t\t<img decoding=\"async\" width=\"1255\" height=\"1080\" src=\"https:\/\/www.smarttravelers.de\/wp-content\/uploads\/2020\/01\/Jeanneke-Pis1.jpg\" class=\"attachment-full size-full wp-post-image\" alt=\"Jeanneke Pis in Gro\u00dfaufnahme\" srcset=\"https:\/\/www.smarttravelers.de\/wp-content\/uploads\/2020\/01\/Jeanneke-Pis1-200x172.jpg 200w, https:\/\/www.smarttravelers.de\/wp-content\/uploads\/2020\/01\/Jeanneke-Pis1-400x344.jpg 400w, https:\/\/www.smarttravelers.de\/wp-content\/uploads\/2020\/01\/Jeanneke-Pis1-600x516.jpg 600w, https:\/\/www.smarttravelers.de\/wp-content\/uploads\/2020\/01\/Jeanneke-Pis1-800x688.jpg 800w, https:\/\/www.smarttravelers.de\/wp-content\/uploads\/2020\/01\/Jeanneke-Pis1-1200x1033.jpg 1200w, https:\/\/www.smarttravelers.de\/wp-content\/uploads\/2020\/01\/Jeanneke-Pis1.jpg 1255w\" sizes=\"(min-width: 2200px) 100vw, (min-width: 284px) 356px, (min-width: 212px) 284px, (min-width: 140px) 212px, \" \/>\n\t\n\n\t\t<div class=\"fusion-rollover\">\n\t<div class=\"fusion-rollover-content\">\n\n\t\t\t\t\t\t\t\t\t\t\t\t\t\t<a class=\"fusion-rollover-link\" href=\"https:\/\/www.smarttravelers.de\/en\/sights\/belgium\/brussels\/jeanneke-pis\/\" target=\"_blank\">Jeanneke Pis<\/a>\n\t\t\t\n\t\t\t\t\t\t\t\t\t\t\t\t\t\t\n\t\t\t\t\t\t\t\t\n\t\t\t\t\t\t\t\t\t\t\t\t\t<div class=\"fusion-rollover-sep\"><\/div>\n\t\t\t\t\n\t\t\t\t\t\t\t\t\t\t\t\t\t\t\t\t\t\t<a class=\"fusion-rollover-gallery\" href=\"https:\/\/www.smarttravelers.de\/wp-content\/uploads\/2020\/01\/Jeanneke-Pis1.jpg\" data-id=\"71914\" data-rel=\"iLightbox[gallery-rw-1]\" data-title=\"Jeanneke Pis1\" data-caption=\"\">\n\t\t\t\t\t\tGallery\t\t\t\t\t<\/a>\n\t\t\t\t\t\t\t\t\t\t\t\t\t\t\n\t\t\n\t\t\t\t\t\t\t\t\t\t\t\t<h4 class=\"fusion-rollover-title\">\n\t\t\t\t\t<a class=\"fusion-rollover-title-link\" href=\"https:\/\/www.smarttravelers.de\/en\/sights\/belgium\/brussels\/jeanneke-pis\/\" target=\"_blank\">\n\t\t\t\t\t\tJeanneke Pis\t\t\t\t\t<\/a>\n\t\t\t\t<\/h4>\n\t\t\t\n\t\t\t\t\t\t\t\t\n\t\t\n\t\t\t\t\t\t<a class=\"fusion-link-wrapper\" href=\"https:\/\/www.smarttravelers.de\/en\/sights\/belgium\/brussels\/jeanneke-pis\/\" target=\"_blank\" aria-label=\"Jeanneke Pis\"><\/a>\n\t<\/div>\n<\/div>\n\n\t\n<\/div>\n<\/div><\/article><article id=\"portfolio-1-post-83619\" class=\"fusion-portfolio-post alle-in-stockholm-en theme-amusement-parks fusion-col-spacing post-83619 fusion-element-grid\"><div class=\"fusion-portfolio-content-wrapper\" style=\"border:none;\"><span class=\"entry-title rich-snippet-hidden\">Junibacken<\/span><span class=\"vcard rich-snippet-hidden\"><span class=\"fn\"><a href=\"https:\/\/www.smarttravelers.de\/en\/author\/wp_admin\/\" title=\"Posts by wp_admin\" rel=\"author\">wp_admin<\/a><\/span><\/span><span class=\"updated rich-snippet-hidden\">2024-06-03T11:53:41+02:00<\/span>\n\n<div  class=\"fusion-masonry-element-container fusion-image-wrapper\" style=\"background-image:url(https:\/\/www.smarttravelers.de\/wp-content\/uploads\/2020\/03\/Junibacken2.jpg);padding-top:calc((100% + 20px) * 0.8 - 10px);\" aria-haspopup=\"true\">\n\t\n\t\n\t\n\t\t\n\t\t\t\t\t<img decoding=\"async\" width=\"1620\" height=\"1080\" src=\"https:\/\/www.smarttravelers.de\/wp-content\/uploads\/2020\/03\/Junibacken2.jpg\" class=\"attachment-full size-full wp-post-image\" alt=\"Junibacken Haus\" srcset=\"https:\/\/www.smarttravelers.de\/wp-content\/uploads\/2020\/03\/Junibacken2-200x133.jpg 200w, https:\/\/www.smarttravelers.de\/wp-content\/uploads\/2020\/03\/Junibacken2-400x267.jpg 400w, https:\/\/www.smarttravelers.de\/wp-content\/uploads\/2020\/03\/Junibacken2-600x400.jpg 600w, https:\/\/www.smarttravelers.de\/wp-content\/uploads\/2020\/03\/Junibacken2-800x533.jpg 800w, https:\/\/www.smarttravelers.de\/wp-content\/uploads\/2020\/03\/Junibacken2-1200x800.jpg 1200w, https:\/\/www.smarttravelers.de\/wp-content\/uploads\/2020\/03\/Junibacken2.jpg 1620w\" sizes=\"(min-width: 2200px) 100vw, (min-width: 284px) 356px, (min-width: 212px) 284px, (min-width: 140px) 212px, \" \/>\n\t\n\n\t\t<div class=\"fusion-rollover\">\n\t<div class=\"fusion-rollover-content\">\n\n\t\t\t\t\t\t\t\t\t\t\t\t\t\t<a class=\"fusion-rollover-link\" href=\"https:\/\/www.smarttravelers.de\/en\/sights\/schweden\/stockholm\/junibacken\/\" target=\"_blank\">Junibacken<\/a>\n\t\t\t\n\t\t\t\t\t\t\t\t\t\t\t\t\t\t\n\t\t\t\t\t\t\t\t\n\t\t\t\t\t\t\t\t\t\t\t\t\t<div class=\"fusion-rollover-sep\"><\/div>\n\t\t\t\t\n\t\t\t\t\t\t\t\t\t\t\t\t\t\t\t\t\t\t<a class=\"fusion-rollover-gallery\" href=\"https:\/\/www.smarttravelers.de\/wp-content\/uploads\/2020\/03\/Junibacken2.jpg\" data-id=\"83619\" data-rel=\"iLightbox[gallery-rw-1]\" data-title=\"Junibacken2\" data-caption=\"\">\n\t\t\t\t\t\tGallery\t\t\t\t\t<\/a>\n\t\t\t\t\t\t\t\t\t\t\t\t\t\t\n\t\t\n\t\t\t\t\t\t\t\t\t\t\t\t<h4 class=\"fusion-rollover-title\">\n\t\t\t\t\t<a class=\"fusion-rollover-title-link\" href=\"https:\/\/www.smarttravelers.de\/en\/sights\/schweden\/stockholm\/junibacken\/\" target=\"_blank\">\n\t\t\t\t\t\tJunibacken\t\t\t\t\t<\/a>\n\t\t\t\t<\/h4>\n\t\t\t\n\t\t\t\t\t\t\t\t\n\t\t\n\t\t\t\t\t\t<a class=\"fusion-link-wrapper\" href=\"https:\/\/www.smarttravelers.de\/en\/sights\/schweden\/stockholm\/junibacken\/\" target=\"_blank\" aria-label=\"Junibacken\"><\/a>\n\t<\/div>\n<\/div>\n\n\t\n<\/div>\n<\/div><\/article><article id=\"portfolio-1-post-83622\" class=\"fusion-portfolio-post alle-in-stockholm-en viewpoints fusion-col-spacing post-83622 fusion-element-portrait\"><div class=\"fusion-portfolio-content-wrapper\" style=\"border:none;\"><span class=\"entry-title rich-snippet-hidden\">Kakn\u00e4stornet<\/span><span class=\"vcard rich-snippet-hidden\"><span class=\"fn\"><a href=\"https:\/\/www.smarttravelers.de\/en\/author\/wp_admin\/\" title=\"Posts by wp_admin\" rel=\"author\">wp_admin<\/a><\/span><\/span><span class=\"updated rich-snippet-hidden\">2024-06-03T11:55:52+02:00<\/span>\n\n<div  class=\"fusion-masonry-element-container fusion-image-wrapper\" style=\"background-image:url(https:\/\/www.smarttravelers.de\/wp-content\/uploads\/2020\/03\/Kakn\u00e4sturm1.jpg);padding-top:calc((100% + 20px) * 1.6);\" aria-haspopup=\"true\">\n\t\n\t\n\t\n\t\t\n\t\t\t\t\t<img decoding=\"async\" width=\"810\" height=\"1080\" src=\"https:\/\/www.smarttravelers.de\/wp-content\/uploads\/2020\/03\/Kakn\u00e4sturm1.jpg\" class=\"attachment-full size-full wp-post-image\" alt=\"Kakn\u00e4sturm im Profil\" srcset=\"https:\/\/www.smarttravelers.de\/wp-content\/uploads\/2020\/03\/Kakn\u00e4sturm1-200x267.jpg 200w, https:\/\/www.smarttravelers.de\/wp-content\/uploads\/2020\/03\/Kakn\u00e4sturm1-400x533.jpg 400w, https:\/\/www.smarttravelers.de\/wp-content\/uploads\/2020\/03\/Kakn\u00e4sturm1-600x800.jpg 600w, https:\/\/www.smarttravelers.de\/wp-content\/uploads\/2020\/03\/Kakn\u00e4sturm1-800x1067.jpg 800w, https:\/\/www.smarttravelers.de\/wp-content\/uploads\/2020\/03\/Kakn\u00e4sturm1.jpg 810w\" sizes=\"(min-width: 2200px) 100vw, (min-width: 284px) 356px, (min-width: 212px) 284px, (min-width: 140px) 212px, \" \/>\n\t\n\n\t\t<div class=\"fusion-rollover\">\n\t<div class=\"fusion-rollover-content\">\n\n\t\t\t\t\t\t\t\t\t\t\t\t\t\t<a class=\"fusion-rollover-link\" href=\"https:\/\/www.smarttravelers.de\/en\/sights\/schweden\/stockholm\/kaknaesturm\/\" target=\"_blank\">Kakn\u00e4stornet<\/a>\n\t\t\t\n\t\t\t\t\t\t\t\t\t\t\t\t\t\t\n\t\t\t\t\t\t\t\t\n\t\t\t\t\t\t\t\t\t\t\t\t\t<div class=\"fusion-rollover-sep\"><\/div>\n\t\t\t\t\n\t\t\t\t\t\t\t\t\t\t\t\t\t\t\t\t\t\t<a class=\"fusion-rollover-gallery\" href=\"https:\/\/www.smarttravelers.de\/wp-content\/uploads\/2020\/03\/Kakn\u00e4sturm1.jpg\" data-id=\"83622\" data-rel=\"iLightbox[gallery-rw-1]\" data-title=\"Kakn\u00e4sturm1\" data-caption=\"\">\n\t\t\t\t\t\tGallery\t\t\t\t\t<\/a>\n\t\t\t\t\t\t\t\t\t\t\t\t\t\t\n\t\t\n\t\t\t\t\t\t\t\t\t\t\t\t<h4 class=\"fusion-rollover-title\">\n\t\t\t\t\t<a class=\"fusion-rollover-title-link\" href=\"https:\/\/www.smarttravelers.de\/en\/sights\/schweden\/stockholm\/kaknaesturm\/\" target=\"_blank\">\n\t\t\t\t\t\tKakn\u00e4stornet\t\t\t\t\t<\/a>\n\t\t\t\t<\/h4>\n\t\t\t\n\t\t\t\t\t\t\t\t\n\t\t\n\t\t\t\t\t\t<a class=\"fusion-link-wrapper\" href=\"https:\/\/www.smarttravelers.de\/en\/sights\/schweden\/stockholm\/kaknaesturm\/\" target=\"_blank\" aria-label=\"Kakn\u00e4stornet\"><\/a>\n\t<\/div>\n<\/div>\n\n\t\n<\/div>\n<\/div><\/article><article id=\"portfolio-1-post-83631\" class=\"fusion-portfolio-post alle-in-stockholm-en castles-palaces world-heritage-sites fusion-col-spacing post-83631 fusion-element-landscape\"><div class=\"fusion-portfolio-content-wrapper\" style=\"border:none;\"><span class=\"entry-title rich-snippet-hidden\">Kina Slott<\/span><span class=\"vcard rich-snippet-hidden\"><span class=\"fn\"><a href=\"https:\/\/www.smarttravelers.de\/en\/author\/wp_admin\/\" title=\"Posts by wp_admin\" rel=\"author\">wp_admin<\/a><\/span><\/span><span class=\"updated rich-snippet-hidden\">2024-06-03T11:59:55+02:00<\/span>\n\n<div  class=\"fusion-masonry-element-container fusion-image-wrapper\" style=\"background-image:url(https:\/\/www.smarttravelers.de\/wp-content\/uploads\/2020\/03\/Kina-slott3.jpg);padding-top:calc((100% + 20px) * 0.4 - 10px);\" aria-haspopup=\"true\">\n\t\n\t\n\t\n\t\t\n\t\t\t\t\t<img decoding=\"async\" width=\"1920\" height=\"1080\" src=\"https:\/\/www.smarttravelers.de\/wp-content\/uploads\/2020\/03\/Kina-slott3.jpg\" class=\"attachment-full size-full wp-post-image\" alt=\"Kina Slott Fassade\" srcset=\"https:\/\/www.smarttravelers.de\/wp-content\/uploads\/2020\/03\/Kina-slott3-200x113.jpg 200w, https:\/\/www.smarttravelers.de\/wp-content\/uploads\/2020\/03\/Kina-slott3-400x225.jpg 400w, https:\/\/www.smarttravelers.de\/wp-content\/uploads\/2020\/03\/Kina-slott3-600x338.jpg 600w, https:\/\/www.smarttravelers.de\/wp-content\/uploads\/2020\/03\/Kina-slott3-800x450.jpg 800w, https:\/\/www.smarttravelers.de\/wp-content\/uploads\/2020\/03\/Kina-slott3-1200x675.jpg 1200w, https:\/\/www.smarttravelers.de\/wp-content\/uploads\/2020\/03\/Kina-slott3.jpg 1920w\" sizes=\"(min-width: 2200px) 100vw, (min-width: 140px) 1920px, \" \/>\n\t\n\n\t\t<div class=\"fusion-rollover\">\n\t<div class=\"fusion-rollover-content\">\n\n\t\t\t\t\t\t\t\t\t\t\t\t\t\t<a class=\"fusion-rollover-link\" href=\"https:\/\/www.smarttravelers.de\/en\/sights\/schweden\/stockholm\/kina-slott\/\" target=\"_blank\">Kina Slott<\/a>\n\t\t\t\n\t\t\t\t\t\t\t\t\t\t\t\t\t\t\n\t\t\t\t\t\t\t\t\n\t\t\t\t\t\t\t\t\t\t\t\t\t<div class=\"fusion-rollover-sep\"><\/div>\n\t\t\t\t\n\t\t\t\t\t\t\t\t\t\t\t\t\t\t\t\t\t\t<a class=\"fusion-rollover-gallery\" href=\"https:\/\/www.smarttravelers.de\/wp-content\/uploads\/2020\/03\/Kina-slott3.jpg\" data-id=\"83631\" data-rel=\"iLightbox[gallery-rw-1]\" data-title=\"Kina slott3\" data-caption=\"\">\n\t\t\t\t\t\tGallery\t\t\t\t\t<\/a>\n\t\t\t\t\t\t\t\t\t\t\t\t\t\t\n\t\t\n\t\t\t\t\t\t\t\t\t\t\t\t<h4 class=\"fusion-rollover-title\">\n\t\t\t\t\t<a class=\"fusion-rollover-title-link\" href=\"https:\/\/www.smarttravelers.de\/en\/sights\/schweden\/stockholm\/kina-slott\/\" target=\"_blank\">\n\t\t\t\t\t\tKina Slott\t\t\t\t\t<\/a>\n\t\t\t\t<\/h4>\n\t\t\t\n\t\t\t\t\t\t\t\t\n\t\t\n\t\t\t\t\t\t<a class=\"fusion-link-wrapper\" href=\"https:\/\/www.smarttravelers.de\/en\/sights\/schweden\/stockholm\/kina-slott\/\" target=\"_blank\" aria-label=\"Kina Slott\"><\/a>\n\t<\/div>\n<\/div>\n\n\t\n<\/div>\n<\/div><\/article><article id=\"portfolio-1-post-83654\" class=\"fusion-portfolio-post alle-in-stockholm-en gardens-parks fusion-col-spacing post-83654 fusion-element-grid\"><div class=\"fusion-portfolio-content-wrapper\" style=\"border:none;\"><span class=\"entry-title rich-snippet-hidden\">Kungstr\u00e4dg\u00e5rden<\/span><span class=\"vcard rich-snippet-hidden\"><span class=\"fn\"><a href=\"https:\/\/www.smarttravelers.de\/en\/author\/wp_admin\/\" title=\"Posts by wp_admin\" rel=\"author\">wp_admin<\/a><\/span><\/span><span class=\"updated rich-snippet-hidden\">2024-06-03T12:24:13+02:00<\/span>\n\n<div  class=\"fusion-masonry-element-container fusion-image-wrapper\" style=\"background-image:url(https:\/\/www.smarttravelers.de\/wp-content\/uploads\/2020\/03\/Kungstr\u00e4dg\u00e5rden2.jpg);padding-top:calc((100% + 20px) * 0.8 - 10px);\" aria-haspopup=\"true\">\n\t\n\t\n\t\n\t\t\n\t\t\t\t\t<img decoding=\"async\" width=\"1618\" height=\"1080\" src=\"https:\/\/www.smarttravelers.de\/wp-content\/uploads\/2020\/03\/Kungstr\u00e4dg\u00e5rden2.jpg\" class=\"attachment-full size-full wp-post-image\" alt=\"Kungstr\u00e4dg\u00e5rden im Sommer\" srcset=\"https:\/\/www.smarttravelers.de\/wp-content\/uploads\/2020\/03\/Kungstr\u00e4dg\u00e5rden2-200x133.jpg 200w, https:\/\/www.smarttravelers.de\/wp-content\/uploads\/2020\/03\/Kungstr\u00e4dg\u00e5rden2-400x267.jpg 400w, https:\/\/www.smarttravelers.de\/wp-content\/uploads\/2020\/03\/Kungstr\u00e4dg\u00e5rden2-600x400.jpg 600w, https:\/\/www.smarttravelers.de\/wp-content\/uploads\/2020\/03\/Kungstr\u00e4dg\u00e5rden2-800x534.jpg 800w, https:\/\/www.smarttravelers.de\/wp-content\/uploads\/2020\/03\/Kungstr\u00e4dg\u00e5rden2-1200x801.jpg 1200w, https:\/\/www.smarttravelers.de\/wp-content\/uploads\/2020\/03\/Kungstr\u00e4dg\u00e5rden2.jpg 1618w\" sizes=\"(min-width: 2200px) 100vw, (min-width: 284px) 356px, (min-width: 212px) 284px, (min-width: 140px) 212px, \" \/>\n\t\n\n\t\t<div class=\"fusion-rollover\">\n\t<div class=\"fusion-rollover-content\">\n\n\t\t\t\t\t\t\t\t\t\t\t\t\t\t<a class=\"fusion-rollover-link\" href=\"https:\/\/www.smarttravelers.de\/en\/sights\/schweden\/stockholm\/kungstraedgaarden\/\" target=\"_blank\">Kungstr\u00e4dg\u00e5rden<\/a>\n\t\t\t\n\t\t\t\t\t\t\t\t\t\t\t\t\t\t\n\t\t\t\t\t\t\t\t\n\t\t\t\t\t\t\t\t\t\t\t\t\t<div class=\"fusion-rollover-sep\"><\/div>\n\t\t\t\t\n\t\t\t\t\t\t\t\t\t\t\t\t\t\t\t\t\t\t<a class=\"fusion-rollover-gallery\" href=\"https:\/\/www.smarttravelers.de\/wp-content\/uploads\/2020\/03\/Kungstr\u00e4dg\u00e5rden2.jpg\" data-id=\"83654\" data-rel=\"iLightbox[gallery-rw-1]\" data-title=\"Kungstr\u00e4dg\u00e5rden2\" data-caption=\"\">\n\t\t\t\t\t\tGallery\t\t\t\t\t<\/a>\n\t\t\t\t\t\t\t\t\t\t\t\t\t\t\n\t\t\n\t\t\t\t\t\t\t\t\t\t\t\t<h4 class=\"fusion-rollover-title\">\n\t\t\t\t\t<a class=\"fusion-rollover-title-link\" href=\"https:\/\/www.smarttravelers.de\/en\/sights\/schweden\/stockholm\/kungstraedgaarden\/\" target=\"_blank\">\n\t\t\t\t\t\tKungstr\u00e4dg\u00e5rden\t\t\t\t\t<\/a>\n\t\t\t\t<\/h4>\n\t\t\t\n\t\t\t\t\t\t\t\t\n\t\t\n\t\t\t\t\t\t<a class=\"fusion-link-wrapper\" href=\"https:\/\/www.smarttravelers.de\/en\/sights\/schweden\/stockholm\/kungstraedgaarden\/\" target=\"_blank\" aria-label=\"Kungstr\u00e4dg\u00e5rden\"><\/a>\n\t<\/div>\n<\/div>\n\n\t\n<\/div>\n<\/div><\/article><article id=\"portfolio-1-post-83657\" class=\"fusion-portfolio-post alle-in-stockholm-en districts fusion-col-spacing post-83657 fusion-element-grid\"><div class=\"fusion-portfolio-content-wrapper\" style=\"border:none;\"><span class=\"entry-title rich-snippet-hidden\">L\u00e5ngholmen<\/span><span class=\"vcard rich-snippet-hidden\"><span class=\"fn\"><a href=\"https:\/\/www.smarttravelers.de\/en\/author\/wp_admin\/\" title=\"Posts by wp_admin\" rel=\"author\">wp_admin<\/a><\/span><\/span><span class=\"updated rich-snippet-hidden\">2024-06-03T12:28:00+02:00<\/span>\n\n<div  class=\"fusion-masonry-element-container fusion-image-wrapper\" style=\"background-image:url(https:\/\/www.smarttravelers.de\/wp-content\/uploads\/2020\/03\/L\u00e5ngholmen1.jpg);padding-top:calc((100% + 20px) * 0.8 - 10px);\" aria-haspopup=\"true\">\n\t\n\t\n\t\n\t\t\n\t\t\t\t\t<img decoding=\"async\" width=\"1618\" height=\"1080\" src=\"https:\/\/www.smarttravelers.de\/wp-content\/uploads\/2020\/03\/L\u00e5ngholmen1.jpg\" class=\"attachment-full size-full wp-post-image\" alt=\"Booten auf Langholmen\" srcset=\"https:\/\/www.smarttravelers.de\/wp-content\/uploads\/2020\/03\/L\u00e5ngholmen1-200x133.jpg 200w, https:\/\/www.smarttravelers.de\/wp-content\/uploads\/2020\/03\/L\u00e5ngholmen1-400x267.jpg 400w, https:\/\/www.smarttravelers.de\/wp-content\/uploads\/2020\/03\/L\u00e5ngholmen1-600x400.jpg 600w, https:\/\/www.smarttravelers.de\/wp-content\/uploads\/2020\/03\/L\u00e5ngholmen1-800x534.jpg 800w, https:\/\/www.smarttravelers.de\/wp-content\/uploads\/2020\/03\/L\u00e5ngholmen1-1200x801.jpg 1200w, https:\/\/www.smarttravelers.de\/wp-content\/uploads\/2020\/03\/L\u00e5ngholmen1.jpg 1618w\" sizes=\"(min-width: 2200px) 100vw, (min-width: 284px) 356px, (min-width: 212px) 284px, (min-width: 140px) 212px, \" \/>\n\t\n\n\t\t<div class=\"fusion-rollover\">\n\t<div class=\"fusion-rollover-content\">\n\n\t\t\t\t\t\t\t\t\t\t\t\t\t\t<a class=\"fusion-rollover-link\" href=\"https:\/\/www.smarttravelers.de\/en\/sights\/schweden\/stockholm\/laangholmen\/\" target=\"_blank\">L\u00e5ngholmen<\/a>\n\t\t\t\n\t\t\t\t\t\t\t\t\t\t\t\t\t\t\n\t\t\t\t\t\t\t\t\n\t\t\t\t\t\t\t\t\t\t\t\t\t<div class=\"fusion-rollover-sep\"><\/div>\n\t\t\t\t\n\t\t\t\t\t\t\t\t\t\t\t\t\t\t\t\t\t\t<a class=\"fusion-rollover-gallery\" href=\"https:\/\/www.smarttravelers.de\/wp-content\/uploads\/2020\/03\/L\u00e5ngholmen1.jpg\" data-id=\"83657\" data-rel=\"iLightbox[gallery-rw-1]\" data-title=\"L\u00e5ngholmen1\" data-caption=\"\">\n\t\t\t\t\t\tGallery\t\t\t\t\t<\/a>\n\t\t\t\t\t\t\t\t\t\t\t\t\t\t\n\t\t\n\t\t\t\t\t\t\t\t\t\t\t\t<h4 class=\"fusion-rollover-title\">\n\t\t\t\t\t<a class=\"fusion-rollover-title-link\" href=\"https:\/\/www.smarttravelers.de\/en\/sights\/schweden\/stockholm\/laangholmen\/\" target=\"_blank\">\n\t\t\t\t\t\tL\u00e5ngholmen\t\t\t\t\t<\/a>\n\t\t\t\t<\/h4>\n\t\t\t\n\t\t\t\t\t\t\t\t\n\t\t\n\t\t\t\t\t\t<a class=\"fusion-link-wrapper\" href=\"https:\/\/www.smarttravelers.de\/en\/sights\/schweden\/stockholm\/laangholmen\/\" target=\"_blank\" aria-label=\"L\u00e5ngholmen\"><\/a>\n\t<\/div>\n<\/div>\n\n\t\n<\/div>\n<\/div><\/article><article id=\"portfolio-1-post-71894\" class=\"fusion-portfolio-post all-in-brussels gardens-parks fusion-col-spacing post-71894 fusion-element-grid\"><div class=\"fusion-portfolio-content-wrapper\" style=\"border:none;\"><span class=\"entry-title rich-snippet-hidden\">Leopold Park<\/span><span class=\"vcard rich-snippet-hidden\"><span class=\"fn\"><a href=\"https:\/\/www.smarttravelers.de\/en\/author\/wp_admin\/\" title=\"Posts by wp_admin\" rel=\"author\">wp_admin<\/a><\/span><\/span><span class=\"updated rich-snippet-hidden\">2024-06-06T12:23:07+02:00<\/span>\n\n<div  class=\"fusion-masonry-element-container fusion-image-wrapper\" style=\"background-image:url(https:\/\/www.smarttravelers.de\/wp-content\/uploads\/2020\/01\/Leopoldpark2.jpg);padding-top:calc((100% + 20px) * 0.8 - 10px);\" aria-haspopup=\"true\">\n\t\n\t\n\t\n\t\t\n\t\t\t\t\t<img decoding=\"async\" width=\"1440\" height=\"1080\" src=\"https:\/\/www.smarttravelers.de\/wp-content\/uploads\/2020\/01\/Leopoldpark2.jpg\" class=\"attachment-full size-full wp-post-image\" alt=\"Der Teich im Leopoldpark\" srcset=\"https:\/\/www.smarttravelers.de\/wp-content\/uploads\/2020\/01\/Leopoldpark2-200x150.jpg 200w, https:\/\/www.smarttravelers.de\/wp-content\/uploads\/2020\/01\/Leopoldpark2-400x300.jpg 400w, https:\/\/www.smarttravelers.de\/wp-content\/uploads\/2020\/01\/Leopoldpark2-600x450.jpg 600w, https:\/\/www.smarttravelers.de\/wp-content\/uploads\/2020\/01\/Leopoldpark2-800x600.jpg 800w, https:\/\/www.smarttravelers.de\/wp-content\/uploads\/2020\/01\/Leopoldpark2-1200x900.jpg 1200w, https:\/\/www.smarttravelers.de\/wp-content\/uploads\/2020\/01\/Leopoldpark2.jpg 1440w\" sizes=\"(min-width: 2200px) 100vw, (min-width: 284px) 356px, (min-width: 212px) 284px, (min-width: 140px) 212px, \" \/>\n\t\n\n\t\t<div class=\"fusion-rollover\">\n\t<div class=\"fusion-rollover-content\">\n\n\t\t\t\t\t\t\t\t\t\t\t\t\t\t<a class=\"fusion-rollover-link\" href=\"https:\/\/www.smarttravelers.de\/en\/sights\/belgium\/brussels\/leopold-park\/\" target=\"_blank\">Leopold Park<\/a>\n\t\t\t\n\t\t\t\t\t\t\t\t\t\t\t\t\t\t\n\t\t\t\t\t\t\t\t\n\t\t\t\t\t\t\t\t\t\t\t\t\t<div class=\"fusion-rollover-sep\"><\/div>\n\t\t\t\t\n\t\t\t\t\t\t\t\t\t\t\t\t\t\t\t\t\t\t<a class=\"fusion-rollover-gallery\" href=\"https:\/\/www.smarttravelers.de\/wp-content\/uploads\/2020\/01\/Leopoldpark2.jpg\" data-id=\"71894\" data-rel=\"iLightbox[gallery-rw-1]\" data-title=\"Leopoldpark2\" data-caption=\"\">\n\t\t\t\t\t\tGallery\t\t\t\t\t<\/a>\n\t\t\t\t\t\t\t\t\t\t\t\t\t\t\n\t\t\n\t\t\t\t\t\t\t\t\t\t\t\t<h4 class=\"fusion-rollover-title\">\n\t\t\t\t\t<a class=\"fusion-rollover-title-link\" href=\"https:\/\/www.smarttravelers.de\/en\/sights\/belgium\/brussels\/leopold-park\/\" target=\"_blank\">\n\t\t\t\t\t\tLeopold Park\t\t\t\t\t<\/a>\n\t\t\t\t<\/h4>\n\t\t\t\n\t\t\t\t\t\t\t\t\n\t\t\n\t\t\t\t\t\t<a class=\"fusion-link-wrapper\" href=\"https:\/\/www.smarttravelers.de\/en\/sights\/belgium\/brussels\/leopold-park\/\" target=\"_blank\" aria-label=\"Leopold Park\"><\/a>\n\t<\/div>\n<\/div>\n\n\t\n<\/div>\n<\/div><\/article><article id=\"portfolio-1-post-83661\" class=\"fusion-portfolio-post alle-in-stockholm-en museums-galleries fusion-col-spacing post-83661 fusion-element-portrait\"><div class=\"fusion-portfolio-content-wrapper\" style=\"border:none;\"><span class=\"entry-title rich-snippet-hidden\">Livrustkammaren<\/span><span class=\"vcard rich-snippet-hidden\"><span class=\"fn\"><a href=\"https:\/\/www.smarttravelers.de\/en\/author\/wp_admin\/\" title=\"Posts by wp_admin\" rel=\"author\">wp_admin<\/a><\/span><\/span><span class=\"updated rich-snippet-hidden\">2024-06-03T12:30:50+02:00<\/span>\n\n<div  class=\"fusion-masonry-element-container fusion-image-wrapper\" style=\"background-image:url(https:\/\/www.smarttravelers.de\/wp-content\/uploads\/2020\/03\/Livrustkammaren1.jpg);padding-top:calc((100% + 20px) * 1.6);\" aria-haspopup=\"true\">\n\t\n\t\n\t\n\t\t\n\t\t\t\t\t<img decoding=\"async\" width=\"833\" height=\"1080\" src=\"https:\/\/www.smarttravelers.de\/wp-content\/uploads\/2020\/03\/Livrustkammaren1.jpg\" class=\"attachment-full size-full wp-post-image\" alt=\"Pferd mit R\u00fcstung in Livrustkammaren\" srcset=\"https:\/\/www.smarttravelers.de\/wp-content\/uploads\/2020\/03\/Livrustkammaren1-200x259.jpg 200w, https:\/\/www.smarttravelers.de\/wp-content\/uploads\/2020\/03\/Livrustkammaren1-400x519.jpg 400w, https:\/\/www.smarttravelers.de\/wp-content\/uploads\/2020\/03\/Livrustkammaren1-600x778.jpg 600w, https:\/\/www.smarttravelers.de\/wp-content\/uploads\/2020\/03\/Livrustkammaren1-800x1037.jpg 800w, https:\/\/www.smarttravelers.de\/wp-content\/uploads\/2020\/03\/Livrustkammaren1.jpg 833w\" sizes=\"(min-width: 2200px) 100vw, (min-width: 284px) 356px, (min-width: 212px) 284px, (min-width: 140px) 212px, \" \/>\n\t\n\n\t\t<div class=\"fusion-rollover\">\n\t<div class=\"fusion-rollover-content\">\n\n\t\t\t\t\t\t\t\t\t\t\t\t\t\t<a class=\"fusion-rollover-link\" href=\"https:\/\/www.smarttravelers.de\/en\/sights\/schweden\/stockholm\/livrustkammaren\/\" target=\"_blank\">Livrustkammaren<\/a>\n\t\t\t\n\t\t\t\t\t\t\t\t\t\t\t\t\t\t\n\t\t\t\t\t\t\t\t\n\t\t\t\t\t\t\t\t\t\t\t\t\t<div class=\"fusion-rollover-sep\"><\/div>\n\t\t\t\t\n\t\t\t\t\t\t\t\t\t\t\t\t\t\t\t\t\t\t<a class=\"fusion-rollover-gallery\" href=\"https:\/\/www.smarttravelers.de\/wp-content\/uploads\/2020\/03\/Livrustkammaren1.jpg\" data-id=\"83661\" data-rel=\"iLightbox[gallery-rw-1]\" data-title=\"Livrustkammaren1\" data-caption=\"\">\n\t\t\t\t\t\tGallery\t\t\t\t\t<\/a>\n\t\t\t\t\t\t\t\t\t\t\t\t\t\t\n\t\t\n\t\t\t\t\t\t\t\t\t\t\t\t<h4 class=\"fusion-rollover-title\">\n\t\t\t\t\t<a class=\"fusion-rollover-title-link\" href=\"https:\/\/www.smarttravelers.de\/en\/sights\/schweden\/stockholm\/livrustkammaren\/\" target=\"_blank\">\n\t\t\t\t\t\tLivrustkammaren\t\t\t\t\t<\/a>\n\t\t\t\t<\/h4>\n\t\t\t\n\t\t\t\t\t\t\t\t\n\t\t\n\t\t\t\t\t\t<a class=\"fusion-link-wrapper\" href=\"https:\/\/www.smarttravelers.de\/en\/sights\/schweden\/stockholm\/livrustkammaren\/\" target=\"_blank\" aria-label=\"Livrustkammaren\"><\/a>\n\t<\/div>\n<\/div>\n\n\t\n<\/div>\n<\/div><\/article><article id=\"portfolio-1-post-71887\" class=\"fusion-portfolio-post all-in-brussels museums-galleries fusion-col-spacing post-71887 fusion-element-grid\"><div class=\"fusion-portfolio-content-wrapper\" style=\"border:none;\"><span class=\"entry-title rich-snippet-hidden\">Magritte Museum<\/span><span class=\"vcard rich-snippet-hidden\"><span class=\"fn\"><a href=\"https:\/\/www.smarttravelers.de\/en\/author\/wp_admin\/\" title=\"Posts by wp_admin\" rel=\"author\">wp_admin<\/a><\/span><\/span><span class=\"updated rich-snippet-hidden\">2024-06-06T12:18:24+02:00<\/span>\n\n<div  class=\"fusion-masonry-element-container fusion-image-wrapper\" style=\"background-image:url(https:\/\/www.smarttravelers.de\/wp-content\/uploads\/2020\/01\/Magritte-Museum1.jpg);padding-top:calc((100% + 20px) * 0.8 - 10px);\" aria-haspopup=\"true\">\n\t\n\t\n\t\n\t\t\n\t\t\t\t\t<img decoding=\"async\" width=\"1440\" height=\"1080\" src=\"https:\/\/www.smarttravelers.de\/wp-content\/uploads\/2020\/01\/Magritte-Museum1.jpg\" class=\"attachment-full size-full wp-post-image\" alt=\"Die Halle im Magritte Museum\" srcset=\"https:\/\/www.smarttravelers.de\/wp-content\/uploads\/2020\/01\/Magritte-Museum1-200x150.jpg 200w, https:\/\/www.smarttravelers.de\/wp-content\/uploads\/2020\/01\/Magritte-Museum1-400x300.jpg 400w, https:\/\/www.smarttravelers.de\/wp-content\/uploads\/2020\/01\/Magritte-Museum1-600x450.jpg 600w, https:\/\/www.smarttravelers.de\/wp-content\/uploads\/2020\/01\/Magritte-Museum1-800x600.jpg 800w, https:\/\/www.smarttravelers.de\/wp-content\/uploads\/2020\/01\/Magritte-Museum1-1200x900.jpg 1200w, https:\/\/www.smarttravelers.de\/wp-content\/uploads\/2020\/01\/Magritte-Museum1.jpg 1440w\" sizes=\"(min-width: 2200px) 100vw, (min-width: 284px) 356px, (min-width: 212px) 284px, (min-width: 140px) 212px, \" \/>\n\t\n\n\t\t<div class=\"fusion-rollover\">\n\t<div class=\"fusion-rollover-content\">\n\n\t\t\t\t\t\t\t\t\t\t\t\t\t\t<a class=\"fusion-rollover-link\" href=\"https:\/\/www.smarttravelers.de\/en\/sights\/belgium\/brussels\/magritte-museum\/\" target=\"_blank\">Magritte Museum<\/a>\n\t\t\t\n\t\t\t\t\t\t\t\t\t\t\t\t\t\t\n\t\t\t\t\t\t\t\t\n\t\t\t\t\t\t\t\t\t\t\t\t\t<div class=\"fusion-rollover-sep\"><\/div>\n\t\t\t\t\n\t\t\t\t\t\t\t\t\t\t\t\t\t\t\t\t\t\t<a class=\"fusion-rollover-gallery\" href=\"https:\/\/www.smarttravelers.de\/wp-content\/uploads\/2020\/01\/Magritte-Museum1.jpg\" data-id=\"71887\" data-rel=\"iLightbox[gallery-rw-1]\" data-title=\"Magritte Museum1\" data-caption=\"\">\n\t\t\t\t\t\tGallery\t\t\t\t\t<\/a>\n\t\t\t\t\t\t\t\t\t\t\t\t\t\t\n\t\t\n\t\t\t\t\t\t\t\t\t\t\t\t<h4 class=\"fusion-rollover-title\">\n\t\t\t\t\t<a class=\"fusion-rollover-title-link\" href=\"https:\/\/www.smarttravelers.de\/en\/sights\/belgium\/brussels\/magritte-museum\/\" target=\"_blank\">\n\t\t\t\t\t\tMagritte Museum\t\t\t\t\t<\/a>\n\t\t\t\t<\/h4>\n\t\t\t\n\t\t\t\t\t\t\t\t\n\t\t\n\t\t\t\t\t\t<a class=\"fusion-link-wrapper\" href=\"https:\/\/www.smarttravelers.de\/en\/sights\/belgium\/brussels\/magritte-museum\/\" target=\"_blank\" aria-label=\"Magritte Museum\"><\/a>\n\t<\/div>\n<\/div>\n\n\t\n<\/div>\n<\/div><\/article><article id=\"portfolio-1-post-71884\" class=\"fusion-portfolio-post all-in-brussels highlights-en other-sights fusion-col-spacing post-71884 fusion-element-portrait\"><div class=\"fusion-portfolio-content-wrapper\" style=\"border:none;\"><span class=\"entry-title rich-snippet-hidden\">Manneken Pis<\/span><span class=\"vcard rich-snippet-hidden\"><span class=\"fn\"><a href=\"https:\/\/www.smarttravelers.de\/en\/author\/wp_admin\/\" title=\"Posts by wp_admin\" rel=\"author\">wp_admin<\/a><\/span><\/span><span class=\"updated rich-snippet-hidden\">2024-06-06T12:14:04+02:00<\/span>\n\n<div  class=\"fusion-masonry-element-container fusion-image-wrapper\" style=\"background-image:url(https:\/\/www.smarttravelers.de\/wp-content\/uploads\/2020\/01\/Manneken-Pis2.jpg);padding-top:calc((100% + 20px) * 1.6);\" aria-haspopup=\"true\">\n\t\n\t\n\t\n\t\t\n\t\t\t\t\t<img decoding=\"async\" width=\"740\" height=\"1079\" src=\"https:\/\/www.smarttravelers.de\/wp-content\/uploads\/2020\/01\/Manneken-Pis2.jpg\" class=\"attachment-full size-full wp-post-image\" alt=\"Manneken Pis in Gro\u00dfaufnahme\" srcset=\"https:\/\/www.smarttravelers.de\/wp-content\/uploads\/2020\/01\/Manneken-Pis2-200x292.jpg 200w, https:\/\/www.smarttravelers.de\/wp-content\/uploads\/2020\/01\/Manneken-Pis2-400x583.jpg 400w, https:\/\/www.smarttravelers.de\/wp-content\/uploads\/2020\/01\/Manneken-Pis2-600x875.jpg 600w, https:\/\/www.smarttravelers.de\/wp-content\/uploads\/2020\/01\/Manneken-Pis2.jpg 740w\" sizes=\"(min-width: 2200px) 100vw, (min-width: 284px) 356px, (min-width: 212px) 284px, (min-width: 140px) 212px, \" \/>\n\t\n\n\t\t<div class=\"fusion-rollover\">\n\t<div class=\"fusion-rollover-content\">\n\n\t\t\t\t\t\t\t\t\t\t\t\t\t\t<a class=\"fusion-rollover-link\" href=\"https:\/\/www.smarttravelers.de\/en\/sights\/belgium\/brussels\/manneken-pis\/\" target=\"_blank\">Manneken Pis<\/a>\n\t\t\t\n\t\t\t\t\t\t\t\t\t\t\t\t\t\t\n\t\t\t\t\t\t\t\t\n\t\t\t\t\t\t\t\t\t\t\t\t\t<div class=\"fusion-rollover-sep\"><\/div>\n\t\t\t\t\n\t\t\t\t\t\t\t\t\t\t\t\t\t\t\t\t\t\t<a class=\"fusion-rollover-gallery\" href=\"https:\/\/www.smarttravelers.de\/wp-content\/uploads\/2020\/01\/Manneken-Pis2.jpg\" data-id=\"71884\" data-rel=\"iLightbox[gallery-rw-1]\" data-title=\"Manneken Pis2\" data-caption=\"\">\n\t\t\t\t\t\tGallery\t\t\t\t\t<\/a>\n\t\t\t\t\t\t\t\t\t\t\t\t\t\t\n\t\t\n\t\t\t\t\t\t\t\t\t\t\t\t<h4 class=\"fusion-rollover-title\">\n\t\t\t\t\t<a class=\"fusion-rollover-title-link\" href=\"https:\/\/www.smarttravelers.de\/en\/sights\/belgium\/brussels\/manneken-pis\/\" target=\"_blank\">\n\t\t\t\t\t\tManneken Pis\t\t\t\t\t<\/a>\n\t\t\t\t<\/h4>\n\t\t\t\n\t\t\t\t\t\t\t\t\n\t\t\n\t\t\t\t\t\t<a class=\"fusion-link-wrapper\" href=\"https:\/\/www.smarttravelers.de\/en\/sights\/belgium\/brussels\/manneken-pis\/\" target=\"_blank\" aria-label=\"Manneken Pis\"><\/a>\n\t<\/div>\n<\/div>\n\n\t\n<\/div>\n<\/div><\/article><article id=\"portfolio-1-post-83666\" class=\"fusion-portfolio-post alle-in-stockholm-en gardens-parks museums-galleries fusion-col-spacing post-83666 fusion-element-grid\"><div class=\"fusion-portfolio-content-wrapper\" style=\"border:none;\"><span class=\"entry-title rich-snippet-hidden\">Millesg\u00e5rden<\/span><span class=\"vcard rich-snippet-hidden\"><span class=\"fn\"><a href=\"https:\/\/www.smarttravelers.de\/en\/author\/wp_admin\/\" title=\"Posts by wp_admin\" rel=\"author\">wp_admin<\/a><\/span><\/span><span class=\"updated rich-snippet-hidden\">2024-06-03T12:33:00+02:00<\/span>\n\n<div  class=\"fusion-masonry-element-container fusion-image-wrapper\" style=\"background-image:url(https:\/\/www.smarttravelers.de\/wp-content\/uploads\/2020\/03\/Millesg\u00e5rden2.jpg);padding-top:calc((100% + 20px) * 0.8 - 10px);\" aria-haspopup=\"true\">\n\t\n\t\n\t\n\t\t\n\t\t\t\t\t<img decoding=\"async\" width=\"1440\" height=\"1080\" src=\"https:\/\/www.smarttravelers.de\/wp-content\/uploads\/2020\/03\/Millesg\u00e5rden2.jpg\" class=\"attachment-full size-full wp-post-image\" alt=\"Millesg\u00e5rden Skulpturenpark\" srcset=\"https:\/\/www.smarttravelers.de\/wp-content\/uploads\/2020\/03\/Millesg\u00e5rden2-200x150.jpg 200w, https:\/\/www.smarttravelers.de\/wp-content\/uploads\/2020\/03\/Millesg\u00e5rden2-400x300.jpg 400w, https:\/\/www.smarttravelers.de\/wp-content\/uploads\/2020\/03\/Millesg\u00e5rden2-600x450.jpg 600w, https:\/\/www.smarttravelers.de\/wp-content\/uploads\/2020\/03\/Millesg\u00e5rden2-800x600.jpg 800w, https:\/\/www.smarttravelers.de\/wp-content\/uploads\/2020\/03\/Millesg\u00e5rden2-1200x900.jpg 1200w, https:\/\/www.smarttravelers.de\/wp-content\/uploads\/2020\/03\/Millesg\u00e5rden2.jpg 1440w\" sizes=\"(min-width: 2200px) 100vw, (min-width: 284px) 356px, (min-width: 212px) 284px, (min-width: 140px) 212px, \" \/>\n\t\n\n\t\t<div class=\"fusion-rollover\">\n\t<div class=\"fusion-rollover-content\">\n\n\t\t\t\t\t\t\t\t\t\t\t\t\t\t<a class=\"fusion-rollover-link\" href=\"https:\/\/www.smarttravelers.de\/en\/sights\/schweden\/stockholm\/millesgaarden\/\" target=\"_blank\">Millesg\u00e5rden<\/a>\n\t\t\t\n\t\t\t\t\t\t\t\t\t\t\t\t\t\t\n\t\t\t\t\t\t\t\t\n\t\t\t\t\t\t\t\t\t\t\t\t\t<div class=\"fusion-rollover-sep\"><\/div>\n\t\t\t\t\n\t\t\t\t\t\t\t\t\t\t\t\t\t\t\t\t\t\t<a class=\"fusion-rollover-gallery\" href=\"https:\/\/www.smarttravelers.de\/wp-content\/uploads\/2020\/03\/Millesg\u00e5rden2.jpg\" data-id=\"83666\" data-rel=\"iLightbox[gallery-rw-1]\" data-title=\"Millesg\u00e5rden2\" data-caption=\"\">\n\t\t\t\t\t\tGallery\t\t\t\t\t<\/a>\n\t\t\t\t\t\t\t\t\t\t\t\t\t\t\n\t\t\n\t\t\t\t\t\t\t\t\t\t\t\t<h4 class=\"fusion-rollover-title\">\n\t\t\t\t\t<a class=\"fusion-rollover-title-link\" href=\"https:\/\/www.smarttravelers.de\/en\/sights\/schweden\/stockholm\/millesgaarden\/\" target=\"_blank\">\n\t\t\t\t\t\tMillesg\u00e5rden\t\t\t\t\t<\/a>\n\t\t\t\t<\/h4>\n\t\t\t\n\t\t\t\t\t\t\t\t\n\t\t\n\t\t\t\t\t\t<a class=\"fusion-link-wrapper\" href=\"https:\/\/www.smarttravelers.de\/en\/sights\/schweden\/stockholm\/millesgaarden\/\" target=\"_blank\" aria-label=\"Millesg\u00e5rden\"><\/a>\n\t<\/div>\n<\/div>\n\n\t\n<\/div>\n<\/div><\/article><article id=\"portfolio-1-post-71880\" class=\"fusion-portfolio-post all-in-brussels highlights-en other-sights fusion-col-spacing post-71880 fusion-element-grid\"><div class=\"fusion-portfolio-content-wrapper\" style=\"border:none;\"><span class=\"entry-title rich-snippet-hidden\">Mini-Europe<\/span><span class=\"vcard rich-snippet-hidden\"><span class=\"fn\"><a href=\"https:\/\/www.smarttravelers.de\/en\/author\/wp_admin\/\" title=\"Posts by wp_admin\" rel=\"author\">wp_admin<\/a><\/span><\/span><span class=\"updated rich-snippet-hidden\">2024-06-06T12:12:06+02:00<\/span>\n\n<div  class=\"fusion-masonry-element-container fusion-image-wrapper\" style=\"background-image:url(https:\/\/www.smarttravelers.de\/wp-content\/uploads\/2020\/01\/Mini-Europa2.jpg);padding-top:calc((100% + 20px) * 0.8 - 10px);\" aria-haspopup=\"true\">\n\t\n\t\n\t\n\t\t\n\t\t\t\t\t<img decoding=\"async\" width=\"1440\" height=\"1080\" src=\"https:\/\/www.smarttravelers.de\/wp-content\/uploads\/2020\/01\/Mini-Europa2.jpg\" class=\"attachment-full size-full wp-post-image\" alt=\"Die Grand-Place in Mini-Europa\" srcset=\"https:\/\/www.smarttravelers.de\/wp-content\/uploads\/2020\/01\/Mini-Europa2-200x150.jpg 200w, https:\/\/www.smarttravelers.de\/wp-content\/uploads\/2020\/01\/Mini-Europa2-400x300.jpg 400w, https:\/\/www.smarttravelers.de\/wp-content\/uploads\/2020\/01\/Mini-Europa2-600x450.jpg 600w, https:\/\/www.smarttravelers.de\/wp-content\/uploads\/2020\/01\/Mini-Europa2-800x600.jpg 800w, https:\/\/www.smarttravelers.de\/wp-content\/uploads\/2020\/01\/Mini-Europa2-1200x900.jpg 1200w, https:\/\/www.smarttravelers.de\/wp-content\/uploads\/2020\/01\/Mini-Europa2.jpg 1440w\" sizes=\"(min-width: 2200px) 100vw, (min-width: 284px) 356px, (min-width: 212px) 284px, (min-width: 140px) 212px, \" \/>\n\t\n\n\t\t<div class=\"fusion-rollover\">\n\t<div class=\"fusion-rollover-content\">\n\n\t\t\t\t\t\t\t\t\t\t\t\t\t\t<a class=\"fusion-rollover-link\" href=\"https:\/\/www.smarttravelers.de\/en\/sights\/belgium\/brussels\/mini-europe\/\" target=\"_blank\">Mini-Europe<\/a>\n\t\t\t\n\t\t\t\t\t\t\t\t\t\t\t\t\t\t\n\t\t\t\t\t\t\t\t\n\t\t\t\t\t\t\t\t\t\t\t\t\t<div class=\"fusion-rollover-sep\"><\/div>\n\t\t\t\t\n\t\t\t\t\t\t\t\t\t\t\t\t\t\t\t\t\t\t<a class=\"fusion-rollover-gallery\" href=\"https:\/\/www.smarttravelers.de\/wp-content\/uploads\/2020\/01\/Mini-Europa2.jpg\" data-id=\"71880\" data-rel=\"iLightbox[gallery-rw-1]\" data-title=\"Mini-Europa2\" data-caption=\"\">\n\t\t\t\t\t\tGallery\t\t\t\t\t<\/a>\n\t\t\t\t\t\t\t\t\t\t\t\t\t\t\n\t\t\n\t\t\t\t\t\t\t\t\t\t\t\t<h4 class=\"fusion-rollover-title\">\n\t\t\t\t\t<a class=\"fusion-rollover-title-link\" href=\"https:\/\/www.smarttravelers.de\/en\/sights\/belgium\/brussels\/mini-europe\/\" target=\"_blank\">\n\t\t\t\t\t\tMini-Europe\t\t\t\t\t<\/a>\n\t\t\t\t<\/h4>\n\t\t\t\n\t\t\t\t\t\t\t\t\n\t\t\n\t\t\t\t\t\t<a class=\"fusion-link-wrapper\" href=\"https:\/\/www.smarttravelers.de\/en\/sights\/belgium\/brussels\/mini-europe\/\" target=\"_blank\" aria-label=\"Mini-Europe\"><\/a>\n\t<\/div>\n<\/div>\n\n\t\n<\/div>\n<\/div><\/article><article id=\"portfolio-1-post-83669\" class=\"fusion-portfolio-post alle-in-stockholm-en museums-galleries fusion-col-spacing post-83669 fusion-element-grid\"><div class=\"fusion-portfolio-content-wrapper\" style=\"border:none;\"><span class=\"entry-title rich-snippet-hidden\">Moderna museet<\/span><span class=\"vcard rich-snippet-hidden\"><span class=\"fn\"><a href=\"https:\/\/www.smarttravelers.de\/en\/author\/wp_admin\/\" title=\"Posts by wp_admin\" rel=\"author\">wp_admin<\/a><\/span><\/span><span class=\"updated rich-snippet-hidden\">2024-06-03T12:35:24+02:00<\/span>\n\n<div  class=\"fusion-masonry-element-container fusion-image-wrapper\" style=\"background-image:url(https:\/\/www.smarttravelers.de\/wp-content\/uploads\/2020\/03\/Moderna-Museet1.jpg);padding-top:calc((100% + 20px) * 0.8 - 10px);\" aria-haspopup=\"true\">\n\t\n\t\n\t\n\t\t\n\t\t\t\t\t<img decoding=\"async\" width=\"1510\" height=\"1080\" src=\"https:\/\/www.smarttravelers.de\/wp-content\/uploads\/2020\/03\/Moderna-Museet1.jpg\" class=\"attachment-full size-full wp-post-image\" alt=\"Moderna museet Ausstellungsraum\" srcset=\"https:\/\/www.smarttravelers.de\/wp-content\/uploads\/2020\/03\/Moderna-Museet1-200x143.jpg 200w, https:\/\/www.smarttravelers.de\/wp-content\/uploads\/2020\/03\/Moderna-Museet1-400x286.jpg 400w, https:\/\/www.smarttravelers.de\/wp-content\/uploads\/2020\/03\/Moderna-Museet1-600x429.jpg 600w, https:\/\/www.smarttravelers.de\/wp-content\/uploads\/2020\/03\/Moderna-Museet1-800x572.jpg 800w, https:\/\/www.smarttravelers.de\/wp-content\/uploads\/2020\/03\/Moderna-Museet1-1200x858.jpg 1200w, https:\/\/www.smarttravelers.de\/wp-content\/uploads\/2020\/03\/Moderna-Museet1.jpg 1510w\" sizes=\"(min-width: 2200px) 100vw, (min-width: 284px) 356px, (min-width: 212px) 284px, (min-width: 140px) 212px, \" \/>\n\t\n\n\t\t<div class=\"fusion-rollover\">\n\t<div class=\"fusion-rollover-content\">\n\n\t\t\t\t\t\t\t\t\t\t\t\t\t\t<a class=\"fusion-rollover-link\" href=\"https:\/\/www.smarttravelers.de\/en\/sights\/schweden\/stockholm\/moderna-museet\/\" target=\"_blank\">Moderna museet<\/a>\n\t\t\t\n\t\t\t\t\t\t\t\t\t\t\t\t\t\t\n\t\t\t\t\t\t\t\t\n\t\t\t\t\t\t\t\t\t\t\t\t\t<div class=\"fusion-rollover-sep\"><\/div>\n\t\t\t\t\n\t\t\t\t\t\t\t\t\t\t\t\t\t\t\t\t\t\t<a class=\"fusion-rollover-gallery\" href=\"https:\/\/www.smarttravelers.de\/wp-content\/uploads\/2020\/03\/Moderna-Museet1.jpg\" data-id=\"83669\" data-rel=\"iLightbox[gallery-rw-1]\" data-title=\"Moderna Museet1\" data-caption=\"\">\n\t\t\t\t\t\tGallery\t\t\t\t\t<\/a>\n\t\t\t\t\t\t\t\t\t\t\t\t\t\t\n\t\t\n\t\t\t\t\t\t\t\t\t\t\t\t<h4 class=\"fusion-rollover-title\">\n\t\t\t\t\t<a class=\"fusion-rollover-title-link\" href=\"https:\/\/www.smarttravelers.de\/en\/sights\/schweden\/stockholm\/moderna-museet\/\" target=\"_blank\">\n\t\t\t\t\t\tModerna museet\t\t\t\t\t<\/a>\n\t\t\t\t<\/h4>\n\t\t\t\n\t\t\t\t\t\t\t\t\n\t\t\n\t\t\t\t\t\t<a class=\"fusion-link-wrapper\" href=\"https:\/\/www.smarttravelers.de\/en\/sights\/schweden\/stockholm\/moderna-museet\/\" target=\"_blank\" aria-label=\"Moderna museet\"><\/a>\n\t<\/div>\n<\/div>\n\n\t\n<\/div>\n<\/div><\/article><article id=\"portfolio-1-post-71877\" class=\"fusion-portfolio-post all-in-brussels streets-squares viewpoints fusion-col-spacing post-71877 fusion-element-grid\"><div class=\"fusion-portfolio-content-wrapper\" style=\"border:none;\"><span class=\"entry-title rich-snippet-hidden\">Mont des Arts<\/span><span class=\"vcard rich-snippet-hidden\"><span class=\"fn\"><a href=\"https:\/\/www.smarttravelers.de\/en\/author\/wp_admin\/\" title=\"Posts by wp_admin\" rel=\"author\">wp_admin<\/a><\/span><\/span><span class=\"updated rich-snippet-hidden\">2024-06-06T12:03:23+02:00<\/span>\n\n<div  class=\"fusion-masonry-element-container fusion-image-wrapper\" style=\"background-image:url(https:\/\/www.smarttravelers.de\/wp-content\/uploads\/2020\/01\/Mont-des-Arts1.jpg);padding-top:calc((100% + 20px) * 0.8 - 10px);\" aria-haspopup=\"true\">\n\t\n\t\n\t\n\t\t\n\t\t\t\t\t<img decoding=\"async\" width=\"1447\" height=\"1080\" src=\"https:\/\/www.smarttravelers.de\/wp-content\/uploads\/2020\/01\/Mont-des-Arts1.jpg\" class=\"attachment-full size-full wp-post-image\" alt=\"Die Aussicht vom Mont des Arts\" srcset=\"https:\/\/www.smarttravelers.de\/wp-content\/uploads\/2020\/01\/Mont-des-Arts1-200x149.jpg 200w, https:\/\/www.smarttravelers.de\/wp-content\/uploads\/2020\/01\/Mont-des-Arts1-400x299.jpg 400w, https:\/\/www.smarttravelers.de\/wp-content\/uploads\/2020\/01\/Mont-des-Arts1-600x448.jpg 600w, https:\/\/www.smarttravelers.de\/wp-content\/uploads\/2020\/01\/Mont-des-Arts1-800x597.jpg 800w, https:\/\/www.smarttravelers.de\/wp-content\/uploads\/2020\/01\/Mont-des-Arts1-1200x896.jpg 1200w, https:\/\/www.smarttravelers.de\/wp-content\/uploads\/2020\/01\/Mont-des-Arts1.jpg 1447w\" sizes=\"(min-width: 2200px) 100vw, (min-width: 284px) 356px, (min-width: 212px) 284px, (min-width: 140px) 212px, \" \/>\n\t\n\n\t\t<div class=\"fusion-rollover\">\n\t<div class=\"fusion-rollover-content\">\n\n\t\t\t\t\t\t\t\t\t\t\t\t\t\t<a class=\"fusion-rollover-link\" href=\"https:\/\/www.smarttravelers.de\/en\/sights\/belgium\/brussels\/mont-des-arts\/\" target=\"_blank\">Mont des Arts<\/a>\n\t\t\t\n\t\t\t\t\t\t\t\t\t\t\t\t\t\t\n\t\t\t\t\t\t\t\t\n\t\t\t\t\t\t\t\t\t\t\t\t\t<div class=\"fusion-rollover-sep\"><\/div>\n\t\t\t\t\n\t\t\t\t\t\t\t\t\t\t\t\t\t\t\t\t\t\t<a class=\"fusion-rollover-gallery\" href=\"https:\/\/www.smarttravelers.de\/wp-content\/uploads\/2020\/01\/Mont-des-Arts1.jpg\" data-id=\"71877\" data-rel=\"iLightbox[gallery-rw-1]\" data-title=\"Mont des Arts1\" data-caption=\"\">\n\t\t\t\t\t\tGallery\t\t\t\t\t<\/a>\n\t\t\t\t\t\t\t\t\t\t\t\t\t\t\n\t\t\n\t\t\t\t\t\t\t\t\t\t\t\t<h4 class=\"fusion-rollover-title\">\n\t\t\t\t\t<a class=\"fusion-rollover-title-link\" href=\"https:\/\/www.smarttravelers.de\/en\/sights\/belgium\/brussels\/mont-des-arts\/\" target=\"_blank\">\n\t\t\t\t\t\tMont des Arts\t\t\t\t\t<\/a>\n\t\t\t\t<\/h4>\n\t\t\t\n\t\t\t\t\t\t\t\t\n\t\t\n\t\t\t\t\t\t<a class=\"fusion-link-wrapper\" href=\"https:\/\/www.smarttravelers.de\/en\/sights\/belgium\/brussels\/mont-des-arts\/\" target=\"_blank\" aria-label=\"Mont des Arts\"><\/a>\n\t<\/div>\n<\/div>\n\n\t\n<\/div>\n<\/div><\/article><article id=\"portfolio-1-post-83677\" class=\"fusion-portfolio-post alle-in-stockholm-en streets-squares viewpoints fusion-col-spacing post-83677 fusion-element-grid\"><div class=\"fusion-portfolio-content-wrapper\" style=\"border:none;\"><span class=\"entry-title rich-snippet-hidden\">Monteliusv\u00e4gen<\/span><span class=\"vcard rich-snippet-hidden\"><span class=\"fn\"><a href=\"https:\/\/www.smarttravelers.de\/en\/author\/wp_admin\/\" title=\"Posts by wp_admin\" rel=\"author\">wp_admin<\/a><\/span><\/span><span class=\"updated rich-snippet-hidden\">2024-06-03T12:38:40+02:00<\/span>\n\n<div  class=\"fusion-masonry-element-container fusion-image-wrapper\" style=\"background-image:url(https:\/\/www.smarttravelers.de\/wp-content\/uploads\/2020\/03\/Monteliusv\u00e4gen2.jpg);padding-top:calc((100% + 20px) * 0.8 - 10px);\" aria-haspopup=\"true\">\n\t\n\t\n\t\n\t\t\n\t\t\t\t\t<img decoding=\"async\" width=\"1652\" height=\"1080\" src=\"https:\/\/www.smarttravelers.de\/wp-content\/uploads\/2020\/03\/Monteliusv\u00e4gen2.jpg\" class=\"attachment-full size-full wp-post-image\" alt=\"Aussicht vom Monteliusv\u00e4gen\" srcset=\"https:\/\/www.smarttravelers.de\/wp-content\/uploads\/2020\/03\/Monteliusv\u00e4gen2-200x131.jpg 200w, https:\/\/www.smarttravelers.de\/wp-content\/uploads\/2020\/03\/Monteliusv\u00e4gen2-400x262.jpg 400w, https:\/\/www.smarttravelers.de\/wp-content\/uploads\/2020\/03\/Monteliusv\u00e4gen2-600x392.jpg 600w, https:\/\/www.smarttravelers.de\/wp-content\/uploads\/2020\/03\/Monteliusv\u00e4gen2-800x523.jpg 800w, https:\/\/www.smarttravelers.de\/wp-content\/uploads\/2020\/03\/Monteliusv\u00e4gen2-1200x785.jpg 1200w, https:\/\/www.smarttravelers.de\/wp-content\/uploads\/2020\/03\/Monteliusv\u00e4gen2.jpg 1652w\" sizes=\"(min-width: 2200px) 100vw, (min-width: 284px) 356px, (min-width: 212px) 284px, (min-width: 140px) 212px, \" \/>\n\t\n\n\t\t<div class=\"fusion-rollover\">\n\t<div class=\"fusion-rollover-content\">\n\n\t\t\t\t\t\t\t\t\t\t\t\t\t\t<a class=\"fusion-rollover-link\" href=\"https:\/\/www.smarttravelers.de\/en\/sights\/schweden\/stockholm\/monteliusvaegen\/\" target=\"_blank\">Monteliusv\u00e4gen<\/a>\n\t\t\t\n\t\t\t\t\t\t\t\t\t\t\t\t\t\t\n\t\t\t\t\t\t\t\t\n\t\t\t\t\t\t\t\t\t\t\t\t\t<div class=\"fusion-rollover-sep\"><\/div>\n\t\t\t\t\n\t\t\t\t\t\t\t\t\t\t\t\t\t\t\t\t\t\t<a class=\"fusion-rollover-gallery\" href=\"https:\/\/www.smarttravelers.de\/wp-content\/uploads\/2020\/03\/Monteliusv\u00e4gen2.jpg\" data-id=\"83677\" data-rel=\"iLightbox[gallery-rw-1]\" data-title=\"Monteliusv\u00e4gen2\" data-caption=\"\">\n\t\t\t\t\t\tGallery\t\t\t\t\t<\/a>\n\t\t\t\t\t\t\t\t\t\t\t\t\t\t\n\t\t\n\t\t\t\t\t\t\t\t\t\t\t\t<h4 class=\"fusion-rollover-title\">\n\t\t\t\t\t<a class=\"fusion-rollover-title-link\" href=\"https:\/\/www.smarttravelers.de\/en\/sights\/schweden\/stockholm\/monteliusvaegen\/\" target=\"_blank\">\n\t\t\t\t\t\tMonteliusv\u00e4gen\t\t\t\t\t<\/a>\n\t\t\t\t<\/h4>\n\t\t\t\n\t\t\t\t\t\t\t\t\n\t\t\n\t\t\t\t\t\t<a class=\"fusion-link-wrapper\" href=\"https:\/\/www.smarttravelers.de\/en\/sights\/schweden\/stockholm\/monteliusvaegen\/\" target=\"_blank\" aria-label=\"Monteliusv\u00e4gen\"><\/a>\n\t<\/div>\n<\/div>\n\n\t\n<\/div>\n<\/div><\/article><article id=\"portfolio-1-post-83766\" class=\"fusion-portfolio-post alle-in-stockholm-en museums-galleries fusion-col-spacing post-83766 fusion-element-grid\"><div class=\"fusion-portfolio-content-wrapper\" style=\"border:none;\"><span class=\"entry-title rich-snippet-hidden\">Museum of Medieval Stockholm<\/span><span class=\"vcard rich-snippet-hidden\"><span class=\"fn\"><a href=\"https:\/\/www.smarttravelers.de\/en\/author\/wp_admin\/\" title=\"Posts by wp_admin\" rel=\"author\">wp_admin<\/a><\/span><\/span><span class=\"updated rich-snippet-hidden\">2024-06-04T14:03:28+02:00<\/span>\n\n<div  class=\"fusion-masonry-element-container fusion-image-wrapper\" style=\"background-image:url(https:\/\/www.smarttravelers.de\/wp-content\/uploads\/2020\/03\/Stockholms-medeltidsmuseum3.jpg);padding-top:calc((100% + 20px) * 0.8 - 10px);\" aria-haspopup=\"true\">\n\t\n\t\n\t\n\t\t\n\t\t\t\t\t<img decoding=\"async\" width=\"1620\" height=\"1080\" src=\"https:\/\/www.smarttravelers.de\/wp-content\/uploads\/2020\/03\/Stockholms-medeltidsmuseum3.jpg\" class=\"attachment-full size-full wp-post-image\" alt=\"Exponate in Stockholms Medeltidsmuseum\" srcset=\"https:\/\/www.smarttravelers.de\/wp-content\/uploads\/2020\/03\/Stockholms-medeltidsmuseum3-200x133.jpg 200w, https:\/\/www.smarttravelers.de\/wp-content\/uploads\/2020\/03\/Stockholms-medeltidsmuseum3-400x267.jpg 400w, https:\/\/www.smarttravelers.de\/wp-content\/uploads\/2020\/03\/Stockholms-medeltidsmuseum3-600x400.jpg 600w, https:\/\/www.smarttravelers.de\/wp-content\/uploads\/2020\/03\/Stockholms-medeltidsmuseum3-800x533.jpg 800w, https:\/\/www.smarttravelers.de\/wp-content\/uploads\/2020\/03\/Stockholms-medeltidsmuseum3-1200x800.jpg 1200w, https:\/\/www.smarttravelers.de\/wp-content\/uploads\/2020\/03\/Stockholms-medeltidsmuseum3.jpg 1620w\" sizes=\"(min-width: 2200px) 100vw, (min-width: 284px) 356px, (min-width: 212px) 284px, (min-width: 140px) 212px, \" \/>\n\t\n\n\t\t<div class=\"fusion-rollover\">\n\t<div class=\"fusion-rollover-content\">\n\n\t\t\t\t\t\t\t\t\t\t\t\t\t\t<a class=\"fusion-rollover-link\" href=\"https:\/\/www.smarttravelers.de\/en\/sights\/schweden\/stockholm\/stockholms-medeltidsmuseum\/\" target=\"_blank\">Museum of Medieval Stockholm<\/a>\n\t\t\t\n\t\t\t\t\t\t\t\t\t\t\t\t\t\t\n\t\t\t\t\t\t\t\t\n\t\t\t\t\t\t\t\t\t\t\t\t\t<div class=\"fusion-rollover-sep\"><\/div>\n\t\t\t\t\n\t\t\t\t\t\t\t\t\t\t\t\t\t\t\t\t\t\t<a class=\"fusion-rollover-gallery\" href=\"https:\/\/www.smarttravelers.de\/wp-content\/uploads\/2020\/03\/Stockholms-medeltidsmuseum3.jpg\" data-id=\"83766\" data-rel=\"iLightbox[gallery-rw-1]\" data-title=\"Stockholms medeltidsmuseum3\" data-caption=\"\">\n\t\t\t\t\t\tGallery\t\t\t\t\t<\/a>\n\t\t\t\t\t\t\t\t\t\t\t\t\t\t\n\t\t\n\t\t\t\t\t\t\t\t\t\t\t\t<h4 class=\"fusion-rollover-title\">\n\t\t\t\t\t<a class=\"fusion-rollover-title-link\" href=\"https:\/\/www.smarttravelers.de\/en\/sights\/schweden\/stockholm\/stockholms-medeltidsmuseum\/\" target=\"_blank\">\n\t\t\t\t\t\tMuseum of Medieval Stockholm\t\t\t\t\t<\/a>\n\t\t\t\t<\/h4>\n\t\t\t\n\t\t\t\t\t\t\t\t\n\t\t\n\t\t\t\t\t\t<a class=\"fusion-link-wrapper\" href=\"https:\/\/www.smarttravelers.de\/en\/sights\/schweden\/stockholm\/stockholms-medeltidsmuseum\/\" target=\"_blank\" aria-label=\"Museum of Medieval Stockholm\"><\/a>\n\t<\/div>\n<\/div>\n\n\t\n<\/div>\n<\/div><\/article><article id=\"portfolio-1-post-71856\" class=\"fusion-portfolio-post all-in-brussels highlights-en museums-galleries fusion-col-spacing post-71856 fusion-element-grid\"><div class=\"fusion-portfolio-content-wrapper\" style=\"border:none;\"><span class=\"entry-title rich-snippet-hidden\">Museum of Natural Sciences Brussels<\/span><span class=\"vcard rich-snippet-hidden\"><span class=\"fn\"><a href=\"https:\/\/www.smarttravelers.de\/en\/author\/wp_admin\/\" title=\"Posts by wp_admin\" rel=\"author\">wp_admin<\/a><\/span><\/span><span class=\"updated rich-snippet-hidden\">2024-06-05T12:29:34+02:00<\/span>\n\n<div  class=\"fusion-masonry-element-container fusion-image-wrapper\" style=\"background-image:url(https:\/\/www.smarttravelers.de\/wp-content\/uploads\/2020\/01\/Museum-f\u00fcr-Naturwissenschaften-Br\u00fcssel3.jpg);padding-top:calc((100% + 20px) * 0.8 - 10px);\" aria-haspopup=\"true\">\n\t\n\t\n\t\n\t\t\n\t\t\t\t\t<img decoding=\"async\" width=\"1440\" height=\"1080\" src=\"https:\/\/www.smarttravelers.de\/wp-content\/uploads\/2020\/01\/Museum-f\u00fcr-Naturwissenschaften-Br\u00fcssel3.jpg\" class=\"attachment-full size-full wp-post-image\" alt=\"Die Dinosaurierausstellung im Museum f\u00fcr Naturwissenschaften Br\u00fcssel\" srcset=\"https:\/\/www.smarttravelers.de\/wp-content\/uploads\/2020\/01\/Museum-f\u00fcr-Naturwissenschaften-Br\u00fcssel3-200x150.jpg 200w, https:\/\/www.smarttravelers.de\/wp-content\/uploads\/2020\/01\/Museum-f\u00fcr-Naturwissenschaften-Br\u00fcssel3-400x300.jpg 400w, https:\/\/www.smarttravelers.de\/wp-content\/uploads\/2020\/01\/Museum-f\u00fcr-Naturwissenschaften-Br\u00fcssel3-600x450.jpg 600w, https:\/\/www.smarttravelers.de\/wp-content\/uploads\/2020\/01\/Museum-f\u00fcr-Naturwissenschaften-Br\u00fcssel3-800x600.jpg 800w, https:\/\/www.smarttravelers.de\/wp-content\/uploads\/2020\/01\/Museum-f\u00fcr-Naturwissenschaften-Br\u00fcssel3-1200x900.jpg 1200w, https:\/\/www.smarttravelers.de\/wp-content\/uploads\/2020\/01\/Museum-f\u00fcr-Naturwissenschaften-Br\u00fcssel3.jpg 1440w\" sizes=\"(min-width: 2200px) 100vw, (min-width: 284px) 356px, (min-width: 212px) 284px, (min-width: 140px) 212px, \" \/>\n\t\n\n\t\t<div class=\"fusion-rollover\">\n\t<div class=\"fusion-rollover-content\">\n\n\t\t\t\t\t\t\t\t\t\t\t\t\t\t<a class=\"fusion-rollover-link\" href=\"https:\/\/www.smarttravelers.de\/en\/sights\/belgium\/brussels\/museum-of-natural-sciences-brussels\/\" target=\"_blank\">Museum of Natural Sciences Brussels<\/a>\n\t\t\t\n\t\t\t\t\t\t\t\t\t\t\t\t\t\t\n\t\t\t\t\t\t\t\t\n\t\t\t\t\t\t\t\t\t\t\t\t\t<div class=\"fusion-rollover-sep\"><\/div>\n\t\t\t\t\n\t\t\t\t\t\t\t\t\t\t\t\t\t\t\t\t\t\t<a class=\"fusion-rollover-gallery\" href=\"https:\/\/www.smarttravelers.de\/wp-content\/uploads\/2020\/01\/Museum-f\u00fcr-Naturwissenschaften-Br\u00fcssel3.jpg\" data-id=\"71856\" data-rel=\"iLightbox[gallery-rw-1]\" data-title=\"Museum f\u00fcr Naturwissenschaften Br\u00fcssel3\" data-caption=\"\">\n\t\t\t\t\t\tGallery\t\t\t\t\t<\/a>\n\t\t\t\t\t\t\t\t\t\t\t\t\t\t\n\t\t\n\t\t\t\t\t\t\t\t\t\t\t\t<h4 class=\"fusion-rollover-title\">\n\t\t\t\t\t<a class=\"fusion-rollover-title-link\" href=\"https:\/\/www.smarttravelers.de\/en\/sights\/belgium\/brussels\/museum-of-natural-sciences-brussels\/\" target=\"_blank\">\n\t\t\t\t\t\tMuseum of Natural Sciences Brussels\t\t\t\t\t<\/a>\n\t\t\t\t<\/h4>\n\t\t\t\n\t\t\t\t\t\t\t\t\n\t\t\n\t\t\t\t\t\t<a class=\"fusion-link-wrapper\" href=\"https:\/\/www.smarttravelers.de\/en\/sights\/belgium\/brussels\/museum-of-natural-sciences-brussels\/\" target=\"_blank\" aria-label=\"Museum of Natural Sciences Brussels\"><\/a>\n\t<\/div>\n<\/div>\n\n\t\n<\/div>\n<\/div><\/article><article id=\"portfolio-1-post-71852\" class=\"fusion-portfolio-post all-in-brussels highlights-en museums-galleries fusion-col-spacing post-71852 fusion-element-grid\"><div class=\"fusion-portfolio-content-wrapper\" style=\"border:none;\"><span class=\"entry-title rich-snippet-hidden\">Musical Instruments Museum Brussels<\/span><span class=\"vcard rich-snippet-hidden\"><span class=\"fn\"><a href=\"https:\/\/www.smarttravelers.de\/en\/author\/wp_admin\/\" title=\"Posts by wp_admin\" rel=\"author\">wp_admin<\/a><\/span><\/span><span class=\"updated rich-snippet-hidden\">2024-06-05T12:23:58+02:00<\/span>\n\n<div  class=\"fusion-masonry-element-container fusion-image-wrapper\" style=\"background-image:url(https:\/\/www.smarttravelers.de\/wp-content\/uploads\/2020\/01\/Musikinstrumentenmuseum-Br\u00fcssel3.jpg);padding-top:calc((100% + 20px) * 0.8 - 10px);\" aria-haspopup=\"true\">\n\t\n\t\n\t\n\t\t\n\t\t\t\t\t<img decoding=\"async\" width=\"1619\" height=\"1080\" src=\"https:\/\/www.smarttravelers.de\/wp-content\/uploads\/2020\/01\/Musikinstrumentenmuseum-Br\u00fcssel3.jpg\" class=\"attachment-full size-full wp-post-image\" alt=\"Blasinstrumente im\" srcset=\"https:\/\/www.smarttravelers.de\/wp-content\/uploads\/2020\/01\/Musikinstrumentenmuseum-Br\u00fcssel3-200x133.jpg 200w, https:\/\/www.smarttravelers.de\/wp-content\/uploads\/2020\/01\/Musikinstrumentenmuseum-Br\u00fcssel3-400x267.jpg 400w, https:\/\/www.smarttravelers.de\/wp-content\/uploads\/2020\/01\/Musikinstrumentenmuseum-Br\u00fcssel3-600x400.jpg 600w, https:\/\/www.smarttravelers.de\/wp-content\/uploads\/2020\/01\/Musikinstrumentenmuseum-Br\u00fcssel3-800x534.jpg 800w, https:\/\/www.smarttravelers.de\/wp-content\/uploads\/2020\/01\/Musikinstrumentenmuseum-Br\u00fcssel3-1200x800.jpg 1200w, https:\/\/www.smarttravelers.de\/wp-content\/uploads\/2020\/01\/Musikinstrumentenmuseum-Br\u00fcssel3.jpg 1619w\" sizes=\"(min-width: 2200px) 100vw, (min-width: 284px) 356px, (min-width: 212px) 284px, (min-width: 140px) 212px, \" \/>\n\t\n\n\t\t<div class=\"fusion-rollover\">\n\t<div class=\"fusion-rollover-content\">\n\n\t\t\t\t\t\t\t\t\t\t\t\t\t\t<a class=\"fusion-rollover-link\" href=\"https:\/\/www.smarttravelers.de\/en\/sights\/belgium\/brussels\/musical-instruments-museum-brussels\/\" target=\"_blank\">Musical Instruments Museum Brussels<\/a>\n\t\t\t\n\t\t\t\t\t\t\t\t\t\t\t\t\t\t\n\t\t\t\t\t\t\t\t\n\t\t\t\t\t\t\t\t\t\t\t\t\t<div class=\"fusion-rollover-sep\"><\/div>\n\t\t\t\t\n\t\t\t\t\t\t\t\t\t\t\t\t\t\t\t\t\t\t<a class=\"fusion-rollover-gallery\" href=\"https:\/\/www.smarttravelers.de\/wp-content\/uploads\/2020\/01\/Musikinstrumentenmuseum-Br\u00fcssel3.jpg\" data-id=\"71852\" data-rel=\"iLightbox[gallery-rw-1]\" data-title=\"Musikinstrumentenmuseum Br\u00fcssel3\" data-caption=\"\">\n\t\t\t\t\t\tGallery\t\t\t\t\t<\/a>\n\t\t\t\t\t\t\t\t\t\t\t\t\t\t\n\t\t\n\t\t\t\t\t\t\t\t\t\t\t\t<h4 class=\"fusion-rollover-title\">\n\t\t\t\t\t<a class=\"fusion-rollover-title-link\" href=\"https:\/\/www.smarttravelers.de\/en\/sights\/belgium\/brussels\/musical-instruments-museum-brussels\/\" target=\"_blank\">\n\t\t\t\t\t\tMusical Instruments Museum Brussels\t\t\t\t\t<\/a>\n\t\t\t\t<\/h4>\n\t\t\t\n\t\t\t\t\t\t\t\t\n\t\t\n\t\t\t\t\t\t<a class=\"fusion-link-wrapper\" href=\"https:\/\/www.smarttravelers.de\/en\/sights\/belgium\/brussels\/musical-instruments-museum-brussels\/\" target=\"_blank\" aria-label=\"Musical Instruments Museum Brussels\"><\/a>\n\t<\/div>\n<\/div>\n\n\t\n<\/div>\n<\/div><\/article><article id=\"portfolio-1-post-71847\" class=\"fusion-portfolio-post all-in-brussels churches-monasteries fusion-col-spacing post-71847 fusion-element-grid\"><div class=\"fusion-portfolio-content-wrapper\" style=\"border:none;\"><span class=\"entry-title rich-snippet-hidden\">National Basilica of the Sacred Heart<\/span><span class=\"vcard rich-snippet-hidden\"><span class=\"fn\"><a href=\"https:\/\/www.smarttravelers.de\/en\/author\/wp_admin\/\" title=\"Posts by wp_admin\" rel=\"author\">wp_admin<\/a><\/span><\/span><span class=\"updated rich-snippet-hidden\">2024-06-05T12:20:05+02:00<\/span>\n\n<div  class=\"fusion-masonry-element-container fusion-image-wrapper\" style=\"background-image:url(https:\/\/www.smarttravelers.de\/wp-content\/uploads\/2020\/01\/Nationalbasilika-des-Heiligen-Herzens3.jpg);padding-top:calc((100% + 20px) * 0.8 - 10px);\" aria-haspopup=\"true\">\n\t\n\t\n\t\n\t\t\n\t\t\t\t\t<img decoding=\"async\" width=\"1625\" height=\"1080\" src=\"https:\/\/www.smarttravelers.de\/wp-content\/uploads\/2020\/01\/Nationalbasilika-des-Heiligen-Herzens3.jpg\" class=\"attachment-full size-full wp-post-image\" alt=\"Die Nationalbasilika des Heiligen Herzens von au\u00dfen\" srcset=\"https:\/\/www.smarttravelers.de\/wp-content\/uploads\/2020\/01\/Nationalbasilika-des-Heiligen-Herzens3-200x133.jpg 200w, https:\/\/www.smarttravelers.de\/wp-content\/uploads\/2020\/01\/Nationalbasilika-des-Heiligen-Herzens3-400x266.jpg 400w, https:\/\/www.smarttravelers.de\/wp-content\/uploads\/2020\/01\/Nationalbasilika-des-Heiligen-Herzens3-600x399.jpg 600w, https:\/\/www.smarttravelers.de\/wp-content\/uploads\/2020\/01\/Nationalbasilika-des-Heiligen-Herzens3-800x532.jpg 800w, https:\/\/www.smarttravelers.de\/wp-content\/uploads\/2020\/01\/Nationalbasilika-des-Heiligen-Herzens3-1200x798.jpg 1200w, https:\/\/www.smarttravelers.de\/wp-content\/uploads\/2020\/01\/Nationalbasilika-des-Heiligen-Herzens3.jpg 1625w\" sizes=\"(min-width: 2200px) 100vw, (min-width: 284px) 356px, (min-width: 212px) 284px, (min-width: 140px) 212px, \" \/>\n\t\n\n\t\t<div class=\"fusion-rollover\">\n\t<div class=\"fusion-rollover-content\">\n\n\t\t\t\t\t\t\t\t\t\t\t\t\t\t<a class=\"fusion-rollover-link\" href=\"https:\/\/www.smarttravelers.de\/en\/sights\/belgium\/brussels\/national-basilica-of-the-sacred-heart\/\" target=\"_blank\">National Basilica of the Sacred Heart<\/a>\n\t\t\t\n\t\t\t\t\t\t\t\t\t\t\t\t\t\t\n\t\t\t\t\t\t\t\t\n\t\t\t\t\t\t\t\t\t\t\t\t\t<div class=\"fusion-rollover-sep\"><\/div>\n\t\t\t\t\n\t\t\t\t\t\t\t\t\t\t\t\t\t\t\t\t\t\t<a class=\"fusion-rollover-gallery\" href=\"https:\/\/www.smarttravelers.de\/wp-content\/uploads\/2020\/01\/Nationalbasilika-des-Heiligen-Herzens3.jpg\" data-id=\"71847\" data-rel=\"iLightbox[gallery-rw-1]\" data-title=\"Nationalbasilika des Heiligen Herzens3\" data-caption=\"\">\n\t\t\t\t\t\tGallery\t\t\t\t\t<\/a>\n\t\t\t\t\t\t\t\t\t\t\t\t\t\t\n\t\t\n\t\t\t\t\t\t\t\t\t\t\t\t<h4 class=\"fusion-rollover-title\">\n\t\t\t\t\t<a class=\"fusion-rollover-title-link\" href=\"https:\/\/www.smarttravelers.de\/en\/sights\/belgium\/brussels\/national-basilica-of-the-sacred-heart\/\" target=\"_blank\">\n\t\t\t\t\t\tNational Basilica of the Sacred Heart\t\t\t\t\t<\/a>\n\t\t\t\t<\/h4>\n\t\t\t\n\t\t\t\t\t\t\t\t\n\t\t\n\t\t\t\t\t\t<a class=\"fusion-link-wrapper\" href=\"https:\/\/www.smarttravelers.de\/en\/sights\/belgium\/brussels\/national-basilica-of-the-sacred-heart\/\" target=\"_blank\" aria-label=\"National Basilica of the Sacred Heart\"><\/a>\n\t<\/div>\n<\/div>\n\n\t\n<\/div>\n<\/div><\/article><article id=\"portfolio-1-post-83793\" class=\"fusion-portfolio-post alle-in-stockholm-en museums-galleries fusion-col-spacing post-83793 fusion-element-grid\"><div class=\"fusion-portfolio-content-wrapper\" style=\"border:none;\"><span class=\"entry-title rich-snippet-hidden\">National Museum of Science and Technology<\/span><span class=\"vcard rich-snippet-hidden\"><span class=\"fn\"><a href=\"https:\/\/www.smarttravelers.de\/en\/author\/wp_admin\/\" title=\"Posts by wp_admin\" rel=\"author\">wp_admin<\/a><\/span><\/span><span class=\"updated rich-snippet-hidden\">2024-06-04T14:22:12+02:00<\/span>\n\n<div  class=\"fusion-masonry-element-container fusion-image-wrapper\" style=\"background-image:url(https:\/\/www.smarttravelers.de\/wp-content\/uploads\/2020\/03\/Tekniska-museet1.jpg);padding-top:calc((100% + 20px) * 0.8 - 10px);\" aria-haspopup=\"true\">\n\t\n\t\n\t\n\t\t\n\t\t\t\t\t<img decoding=\"async\" width=\"1440\" height=\"1080\" src=\"https:\/\/www.smarttravelers.de\/wp-content\/uploads\/2020\/03\/Tekniska-museet1.jpg\" class=\"attachment-full size-full wp-post-image\" alt=\"Ausstellungshalle im Tekniska museet\" srcset=\"https:\/\/www.smarttravelers.de\/wp-content\/uploads\/2020\/03\/Tekniska-museet1-200x150.jpg 200w, https:\/\/www.smarttravelers.de\/wp-content\/uploads\/2020\/03\/Tekniska-museet1-400x300.jpg 400w, https:\/\/www.smarttravelers.de\/wp-content\/uploads\/2020\/03\/Tekniska-museet1-600x450.jpg 600w, https:\/\/www.smarttravelers.de\/wp-content\/uploads\/2020\/03\/Tekniska-museet1-800x600.jpg 800w, https:\/\/www.smarttravelers.de\/wp-content\/uploads\/2020\/03\/Tekniska-museet1-1200x900.jpg 1200w, https:\/\/www.smarttravelers.de\/wp-content\/uploads\/2020\/03\/Tekniska-museet1.jpg 1440w\" sizes=\"(min-width: 2200px) 100vw, (min-width: 284px) 356px, (min-width: 212px) 284px, (min-width: 140px) 212px, \" \/>\n\t\n\n\t\t<div class=\"fusion-rollover\">\n\t<div class=\"fusion-rollover-content\">\n\n\t\t\t\t\t\t\t\t\t\t\t\t\t\t<a class=\"fusion-rollover-link\" href=\"https:\/\/www.smarttravelers.de\/en\/sights\/schweden\/stockholm\/tekniska-museet\/\" target=\"_blank\">National Museum of Science and Technology<\/a>\n\t\t\t\n\t\t\t\t\t\t\t\t\t\t\t\t\t\t\n\t\t\t\t\t\t\t\t\n\t\t\t\t\t\t\t\t\t\t\t\t\t<div class=\"fusion-rollover-sep\"><\/div>\n\t\t\t\t\n\t\t\t\t\t\t\t\t\t\t\t\t\t\t\t\t\t\t<a class=\"fusion-rollover-gallery\" href=\"https:\/\/www.smarttravelers.de\/wp-content\/uploads\/2020\/03\/Tekniska-museet1.jpg\" data-id=\"83793\" data-rel=\"iLightbox[gallery-rw-1]\" data-title=\"Tekniska museet1\" data-caption=\"\">\n\t\t\t\t\t\tGallery\t\t\t\t\t<\/a>\n\t\t\t\t\t\t\t\t\t\t\t\t\t\t\n\t\t\n\t\t\t\t\t\t\t\t\t\t\t\t<h4 class=\"fusion-rollover-title\">\n\t\t\t\t\t<a class=\"fusion-rollover-title-link\" href=\"https:\/\/www.smarttravelers.de\/en\/sights\/schweden\/stockholm\/tekniska-museet\/\" target=\"_blank\">\n\t\t\t\t\t\tNational Museum of Science and Technology\t\t\t\t\t<\/a>\n\t\t\t\t<\/h4>\n\t\t\t\n\t\t\t\t\t\t\t\t\n\t\t\n\t\t\t\t\t\t<a class=\"fusion-link-wrapper\" href=\"https:\/\/www.smarttravelers.de\/en\/sights\/schweden\/stockholm\/tekniska-museet\/\" target=\"_blank\" aria-label=\"National Museum of Science and Technology\"><\/a>\n\t<\/div>\n<\/div>\n\n\t\n<\/div>\n<\/div><\/article><article id=\"portfolio-1-post-83695\" class=\"fusion-portfolio-post alle-in-stockholm-en highlights-en museums-galleries fusion-col-spacing post-83695 fusion-element-grid\"><div class=\"fusion-portfolio-content-wrapper\" style=\"border:none;\"><span class=\"entry-title rich-snippet-hidden\">Nobel Prize Museum<\/span><span class=\"vcard rich-snippet-hidden\"><span class=\"fn\"><a href=\"https:\/\/www.smarttravelers.de\/en\/author\/wp_admin\/\" title=\"Posts by wp_admin\" rel=\"author\">wp_admin<\/a><\/span><\/span><span class=\"updated rich-snippet-hidden\">2024-06-03T12:56:07+02:00<\/span>\n\n<div  class=\"fusion-masonry-element-container fusion-image-wrapper\" style=\"background-image:url(https:\/\/www.smarttravelers.de\/wp-content\/uploads\/2020\/03\/Nobelmuseum3.jpg);padding-top:calc((100% + 20px) * 0.8 - 10px);\" aria-haspopup=\"true\">\n\t\n\t\n\t\n\t\t\n\t\t\t\t\t<img decoding=\"async\" width=\"1440\" height=\"1080\" src=\"https:\/\/www.smarttravelers.de\/wp-content\/uploads\/2020\/03\/Nobelmuseum3.jpg\" class=\"attachment-full size-full wp-post-image\" alt=\"Ausstellungsraum im Nobelmuseum\" srcset=\"https:\/\/www.smarttravelers.de\/wp-content\/uploads\/2020\/03\/Nobelmuseum3-200x150.jpg 200w, https:\/\/www.smarttravelers.de\/wp-content\/uploads\/2020\/03\/Nobelmuseum3-400x300.jpg 400w, https:\/\/www.smarttravelers.de\/wp-content\/uploads\/2020\/03\/Nobelmuseum3-600x450.jpg 600w, https:\/\/www.smarttravelers.de\/wp-content\/uploads\/2020\/03\/Nobelmuseum3-800x600.jpg 800w, https:\/\/www.smarttravelers.de\/wp-content\/uploads\/2020\/03\/Nobelmuseum3-1200x900.jpg 1200w, https:\/\/www.smarttravelers.de\/wp-content\/uploads\/2020\/03\/Nobelmuseum3.jpg 1440w\" sizes=\"(min-width: 2200px) 100vw, (min-width: 284px) 356px, (min-width: 212px) 284px, (min-width: 140px) 212px, \" \/>\n\t\n\n\t\t<div class=\"fusion-rollover\">\n\t<div class=\"fusion-rollover-content\">\n\n\t\t\t\t\t\t\t\t\t\t\t\t\t\t<a class=\"fusion-rollover-link\" href=\"https:\/\/www.smarttravelers.de\/en\/sights\/schweden\/stockholm\/nobelmuseum\/\" target=\"_blank\">Nobel Prize Museum<\/a>\n\t\t\t\n\t\t\t\t\t\t\t\t\t\t\t\t\t\t\n\t\t\t\t\t\t\t\t\n\t\t\t\t\t\t\t\t\t\t\t\t\t<div class=\"fusion-rollover-sep\"><\/div>\n\t\t\t\t\n\t\t\t\t\t\t\t\t\t\t\t\t\t\t\t\t\t\t<a class=\"fusion-rollover-gallery\" href=\"https:\/\/www.smarttravelers.de\/wp-content\/uploads\/2020\/03\/Nobelmuseum3.jpg\" data-id=\"83695\" data-rel=\"iLightbox[gallery-rw-1]\" data-title=\"Nobelmuseum3\" data-caption=\"\">\n\t\t\t\t\t\tGallery\t\t\t\t\t<\/a>\n\t\t\t\t\t\t\t\t\t\t\t\t\t\t\n\t\t\n\t\t\t\t\t\t\t\t\t\t\t\t<h4 class=\"fusion-rollover-title\">\n\t\t\t\t\t<a class=\"fusion-rollover-title-link\" href=\"https:\/\/www.smarttravelers.de\/en\/sights\/schweden\/stockholm\/nobelmuseum\/\" target=\"_blank\">\n\t\t\t\t\t\tNobel Prize Museum\t\t\t\t\t<\/a>\n\t\t\t\t<\/h4>\n\t\t\t\n\t\t\t\t\t\t\t\t\n\t\t\n\t\t\t\t\t\t<a class=\"fusion-link-wrapper\" href=\"https:\/\/www.smarttravelers.de\/en\/sights\/schweden\/stockholm\/nobelmuseum\/\" target=\"_blank\" aria-label=\"Nobel Prize Museum\"><\/a>\n\t<\/div>\n<\/div>\n\n\t\n<\/div>\n<\/div><\/article><article id=\"portfolio-1-post-83699\" class=\"fusion-portfolio-post alle-in-stockholm-en highlights-en historical-buildings museums-galleries fusion-col-spacing post-83699 fusion-element-grid\"><div class=\"fusion-portfolio-content-wrapper\" style=\"border:none;\"><span class=\"entry-title rich-snippet-hidden\">Nordisches Museum<\/span><span class=\"vcard rich-snippet-hidden\"><span class=\"fn\"><a href=\"https:\/\/www.smarttravelers.de\/en\/author\/wp_admin\/\" title=\"Posts by wp_admin\" rel=\"author\">wp_admin<\/a><\/span><\/span><span class=\"updated rich-snippet-hidden\">2024-06-03T12:58:56+02:00<\/span>\n\n<div  class=\"fusion-masonry-element-container fusion-image-wrapper\" style=\"background-image:url(https:\/\/www.smarttravelers.de\/wp-content\/uploads\/2020\/03\/Nordisches-Museum1.jpg);padding-top:calc((100% + 20px) * 0.8 - 10px);\" aria-haspopup=\"true\">\n\t\n\t\n\t\n\t\t\n\t\t\t\t\t<img decoding=\"async\" width=\"1618\" height=\"1080\" src=\"https:\/\/www.smarttravelers.de\/wp-content\/uploads\/2020\/03\/Nordisches-Museum1.jpg\" class=\"attachment-full size-full wp-post-image\" alt=\"Innenansicht Nordisches Museum\" srcset=\"https:\/\/www.smarttravelers.de\/wp-content\/uploads\/2020\/03\/Nordisches-Museum1-200x133.jpg 200w, https:\/\/www.smarttravelers.de\/wp-content\/uploads\/2020\/03\/Nordisches-Museum1-400x267.jpg 400w, https:\/\/www.smarttravelers.de\/wp-content\/uploads\/2020\/03\/Nordisches-Museum1-600x400.jpg 600w, https:\/\/www.smarttravelers.de\/wp-content\/uploads\/2020\/03\/Nordisches-Museum1-800x534.jpg 800w, https:\/\/www.smarttravelers.de\/wp-content\/uploads\/2020\/03\/Nordisches-Museum1-1200x801.jpg 1200w, https:\/\/www.smarttravelers.de\/wp-content\/uploads\/2020\/03\/Nordisches-Museum1.jpg 1618w\" sizes=\"(min-width: 2200px) 100vw, (min-width: 284px) 356px, (min-width: 212px) 284px, (min-width: 140px) 212px, \" \/>\n\t\n\n\t\t<div class=\"fusion-rollover\">\n\t<div class=\"fusion-rollover-content\">\n\n\t\t\t\t\t\t\t\t\t\t\t\t\t\t<a class=\"fusion-rollover-link\" href=\"https:\/\/www.smarttravelers.de\/en\/sights\/schweden\/stockholm\/nordisches-museum\/\" target=\"_blank\">Nordisches Museum<\/a>\n\t\t\t\n\t\t\t\t\t\t\t\t\t\t\t\t\t\t\n\t\t\t\t\t\t\t\t\n\t\t\t\t\t\t\t\t\t\t\t\t\t<div class=\"fusion-rollover-sep\"><\/div>\n\t\t\t\t\n\t\t\t\t\t\t\t\t\t\t\t\t\t\t\t\t\t\t<a class=\"fusion-rollover-gallery\" href=\"https:\/\/www.smarttravelers.de\/wp-content\/uploads\/2020\/03\/Nordisches-Museum1.jpg\" data-id=\"83699\" data-rel=\"iLightbox[gallery-rw-1]\" data-title=\"Nordisches Museum1\" data-caption=\"\">\n\t\t\t\t\t\tGallery\t\t\t\t\t<\/a>\n\t\t\t\t\t\t\t\t\t\t\t\t\t\t\n\t\t\n\t\t\t\t\t\t\t\t\t\t\t\t<h4 class=\"fusion-rollover-title\">\n\t\t\t\t\t<a class=\"fusion-rollover-title-link\" href=\"https:\/\/www.smarttravelers.de\/en\/sights\/schweden\/stockholm\/nordisches-museum\/\" target=\"_blank\">\n\t\t\t\t\t\tNordisches Museum\t\t\t\t\t<\/a>\n\t\t\t\t<\/h4>\n\t\t\t\n\t\t\t\t\t\t\t\t\n\t\t\n\t\t\t\t\t\t<a class=\"fusion-link-wrapper\" href=\"https:\/\/www.smarttravelers.de\/en\/sights\/schweden\/stockholm\/nordisches-museum\/\" target=\"_blank\" aria-label=\"Nordisches Museum\"><\/a>\n\t<\/div>\n<\/div>\n\n\t\n<\/div>\n<\/div><\/article><article id=\"portfolio-1-post-71906\" class=\"fusion-portfolio-post all-in-brussels historical-buildings fusion-col-spacing post-71906 fusion-element-grid\"><div class=\"fusion-portfolio-content-wrapper\" style=\"border:none;\"><span class=\"entry-title rich-snippet-hidden\">Palace of Justice of Brussels<\/span><span class=\"vcard rich-snippet-hidden\"><span class=\"fn\"><a href=\"https:\/\/www.smarttravelers.de\/en\/author\/wp_admin\/\" title=\"Posts by wp_admin\" rel=\"author\">wp_admin<\/a><\/span><\/span><span class=\"updated rich-snippet-hidden\">2024-06-06T13:25:26+02:00<\/span>\n\n<div  class=\"fusion-masonry-element-container fusion-image-wrapper\" style=\"background-image:url(https:\/\/www.smarttravelers.de\/wp-content\/uploads\/2020\/01\/Justizpalast-Br\u00fcssel2.jpg);padding-top:calc((100% + 20px) * 0.8 - 10px);\" aria-haspopup=\"true\">\n\t\n\t\n\t\n\t\t\n\t\t\t\t\t<img decoding=\"async\" width=\"1620\" height=\"1080\" src=\"https:\/\/www.smarttravelers.de\/wp-content\/uploads\/2020\/01\/Justizpalast-Br\u00fcssel2.jpg\" class=\"attachment-full size-full wp-post-image\" alt=\"Der Justizpalast Br\u00fcssel von au\u00dfen\" srcset=\"https:\/\/www.smarttravelers.de\/wp-content\/uploads\/2020\/01\/Justizpalast-Br\u00fcssel2-200x133.jpg 200w, https:\/\/www.smarttravelers.de\/wp-content\/uploads\/2020\/01\/Justizpalast-Br\u00fcssel2-400x267.jpg 400w, https:\/\/www.smarttravelers.de\/wp-content\/uploads\/2020\/01\/Justizpalast-Br\u00fcssel2-600x400.jpg 600w, https:\/\/www.smarttravelers.de\/wp-content\/uploads\/2020\/01\/Justizpalast-Br\u00fcssel2-800x533.jpg 800w, https:\/\/www.smarttravelers.de\/wp-content\/uploads\/2020\/01\/Justizpalast-Br\u00fcssel2-1200x800.jpg 1200w, https:\/\/www.smarttravelers.de\/wp-content\/uploads\/2020\/01\/Justizpalast-Br\u00fcssel2.jpg 1620w\" sizes=\"(min-width: 2200px) 100vw, (min-width: 284px) 356px, (min-width: 212px) 284px, (min-width: 140px) 212px, \" \/>\n\t\n\n\t\t<div class=\"fusion-rollover\">\n\t<div class=\"fusion-rollover-content\">\n\n\t\t\t\t\t\t\t\t\t\t\t\t\t\t<a class=\"fusion-rollover-link\" href=\"https:\/\/www.smarttravelers.de\/en\/sights\/belgium\/brussels\/palace-of-justice-of-brussels\/\" target=\"_blank\">Palace of Justice of Brussels<\/a>\n\t\t\t\n\t\t\t\t\t\t\t\t\t\t\t\t\t\t\n\t\t\t\t\t\t\t\t\n\t\t\t\t\t\t\t\t\t\t\t\t\t<div class=\"fusion-rollover-sep\"><\/div>\n\t\t\t\t\n\t\t\t\t\t\t\t\t\t\t\t\t\t\t\t\t\t\t<a class=\"fusion-rollover-gallery\" href=\"https:\/\/www.smarttravelers.de\/wp-content\/uploads\/2020\/01\/Justizpalast-Br\u00fcssel2.jpg\" data-id=\"71906\" data-rel=\"iLightbox[gallery-rw-1]\" data-title=\"Justizpalast Br\u00fcssel2\" data-caption=\"\">\n\t\t\t\t\t\tGallery\t\t\t\t\t<\/a>\n\t\t\t\t\t\t\t\t\t\t\t\t\t\t\n\t\t\n\t\t\t\t\t\t\t\t\t\t\t\t<h4 class=\"fusion-rollover-title\">\n\t\t\t\t\t<a class=\"fusion-rollover-title-link\" href=\"https:\/\/www.smarttravelers.de\/en\/sights\/belgium\/brussels\/palace-of-justice-of-brussels\/\" target=\"_blank\">\n\t\t\t\t\t\tPalace of Justice of Brussels\t\t\t\t\t<\/a>\n\t\t\t\t<\/h4>\n\t\t\t\n\t\t\t\t\t\t\t\t\n\t\t\n\t\t\t\t\t\t<a class=\"fusion-link-wrapper\" href=\"https:\/\/www.smarttravelers.de\/en\/sights\/belgium\/brussels\/palace-of-justice-of-brussels\/\" target=\"_blank\" aria-label=\"Palace of Justice of Brussels\"><\/a>\n\t<\/div>\n<\/div>\n\n\t\n<\/div>\n<\/div><\/article><article id=\"portfolio-1-post-71910\" class=\"fusion-portfolio-post all-in-brussels gardens-parks fusion-col-spacing post-71910 fusion-element-grid\"><div class=\"fusion-portfolio-content-wrapper\" style=\"border:none;\"><span class=\"entry-title rich-snippet-hidden\">Parc du Cinquantenaire<\/span><span class=\"vcard rich-snippet-hidden\"><span class=\"fn\"><a href=\"https:\/\/www.smarttravelers.de\/en\/author\/wp_admin\/\" title=\"Posts by wp_admin\" rel=\"author\">wp_admin<\/a><\/span><\/span><span class=\"updated rich-snippet-hidden\">2024-06-06T13:27:21+02:00<\/span>\n\n<div  class=\"fusion-masonry-element-container fusion-image-wrapper\" style=\"background-image:url(https:\/\/www.smarttravelers.de\/wp-content\/uploads\/2020\/01\/Jubelpark1.jpg);padding-top:calc((100% + 20px) * 0.8 - 10px);\" aria-haspopup=\"true\">\n\t\n\t\n\t\n\t\t\n\t\t\t\t\t<img decoding=\"async\" width=\"1440\" height=\"1080\" src=\"https:\/\/www.smarttravelers.de\/wp-content\/uploads\/2020\/01\/Jubelpark1.jpg\" class=\"attachment-full size-full wp-post-image\" alt=\"Der Triumphbogen und die Ausstellungshallen im Jubelpark\" srcset=\"https:\/\/www.smarttravelers.de\/wp-content\/uploads\/2020\/01\/Jubelpark1-200x150.jpg 200w, https:\/\/www.smarttravelers.de\/wp-content\/uploads\/2020\/01\/Jubelpark1-400x300.jpg 400w, https:\/\/www.smarttravelers.de\/wp-content\/uploads\/2020\/01\/Jubelpark1-600x450.jpg 600w, https:\/\/www.smarttravelers.de\/wp-content\/uploads\/2020\/01\/Jubelpark1-800x600.jpg 800w, https:\/\/www.smarttravelers.de\/wp-content\/uploads\/2020\/01\/Jubelpark1-1200x900.jpg 1200w, https:\/\/www.smarttravelers.de\/wp-content\/uploads\/2020\/01\/Jubelpark1.jpg 1440w\" sizes=\"(min-width: 2200px) 100vw, (min-width: 284px) 356px, (min-width: 212px) 284px, (min-width: 140px) 212px, \" \/>\n\t\n\n\t\t<div class=\"fusion-rollover\">\n\t<div class=\"fusion-rollover-content\">\n\n\t\t\t\t\t\t\t\t\t\t\t\t\t\t<a class=\"fusion-rollover-link\" href=\"https:\/\/www.smarttravelers.de\/en\/sights\/belgium\/brussels\/parc-du-cinquantenaire\/\" target=\"_blank\">Parc du Cinquantenaire<\/a>\n\t\t\t\n\t\t\t\t\t\t\t\t\t\t\t\t\t\t\n\t\t\t\t\t\t\t\t\n\t\t\t\t\t\t\t\t\t\t\t\t\t<div class=\"fusion-rollover-sep\"><\/div>\n\t\t\t\t\n\t\t\t\t\t\t\t\t\t\t\t\t\t\t\t\t\t\t<a class=\"fusion-rollover-gallery\" href=\"https:\/\/www.smarttravelers.de\/wp-content\/uploads\/2020\/01\/Jubelpark1.jpg\" data-id=\"71910\" data-rel=\"iLightbox[gallery-rw-1]\" data-title=\"OLYMPUS DIGITAL CAMERA\" data-caption=\"OLYMPUS DIGITAL CAMERA\">\n\t\t\t\t\t\tGallery\t\t\t\t\t<\/a>\n\t\t\t\t\t\t\t\t\t\t\t\t\t\t\n\t\t\n\t\t\t\t\t\t\t\t\t\t\t\t<h4 class=\"fusion-rollover-title\">\n\t\t\t\t\t<a class=\"fusion-rollover-title-link\" href=\"https:\/\/www.smarttravelers.de\/en\/sights\/belgium\/brussels\/parc-du-cinquantenaire\/\" target=\"_blank\">\n\t\t\t\t\t\tParc du Cinquantenaire\t\t\t\t\t<\/a>\n\t\t\t\t<\/h4>\n\t\t\t\n\t\t\t\t\t\t\t\t\n\t\t\n\t\t\t\t\t\t<a class=\"fusion-link-wrapper\" href=\"https:\/\/www.smarttravelers.de\/en\/sights\/belgium\/brussels\/parc-du-cinquantenaire\/\" target=\"_blank\" aria-label=\"Parc du Cinquantenaire\"><\/a>\n\t<\/div>\n<\/div>\n\n\t\n<\/div>\n<\/div><\/article><article id=\"portfolio-1-post-71836\" class=\"fusion-portfolio-post all-in-brussels other-sights fusion-col-spacing post-71836 fusion-element-grid\"><div class=\"fusion-portfolio-content-wrapper\" style=\"border:none;\"><span class=\"entry-title rich-snippet-hidden\">Parlamentarium<\/span><span class=\"vcard rich-snippet-hidden\"><span class=\"fn\"><a href=\"https:\/\/www.smarttravelers.de\/en\/author\/wp_admin\/\" title=\"Posts by wp_admin\" rel=\"author\">wp_admin<\/a><\/span><\/span><span class=\"updated rich-snippet-hidden\">2024-06-05T12:04:49+02:00<\/span>\n\n<div  class=\"fusion-masonry-element-container fusion-image-wrapper\" style=\"background-image:url(https:\/\/www.smarttravelers.de\/wp-content\/uploads\/2020\/01\/Parlamentarium1.jpg);padding-top:calc((100% + 20px) * 0.8 - 10px);\" aria-haspopup=\"true\">\n\t\n\t\n\t\n\t\t\n\t\t\t\t\t<img decoding=\"async\" width=\"1618\" height=\"1080\" src=\"https:\/\/www.smarttravelers.de\/wp-content\/uploads\/2020\/01\/Parlamentarium1.jpg\" class=\"attachment-full size-full wp-post-image\" alt=\"Interaktiver Ausstellungsraum im Parlamentarium\" srcset=\"https:\/\/www.smarttravelers.de\/wp-content\/uploads\/2020\/01\/Parlamentarium1-200x133.jpg 200w, https:\/\/www.smarttravelers.de\/wp-content\/uploads\/2020\/01\/Parlamentarium1-400x267.jpg 400w, https:\/\/www.smarttravelers.de\/wp-content\/uploads\/2020\/01\/Parlamentarium1-600x400.jpg 600w, https:\/\/www.smarttravelers.de\/wp-content\/uploads\/2020\/01\/Parlamentarium1-800x534.jpg 800w, https:\/\/www.smarttravelers.de\/wp-content\/uploads\/2020\/01\/Parlamentarium1-1200x801.jpg 1200w, https:\/\/www.smarttravelers.de\/wp-content\/uploads\/2020\/01\/Parlamentarium1.jpg 1618w\" sizes=\"(min-width: 2200px) 100vw, (min-width: 284px) 356px, (min-width: 212px) 284px, (min-width: 140px) 212px, \" \/>\n\t\n\n\t\t<div class=\"fusion-rollover\">\n\t<div class=\"fusion-rollover-content\">\n\n\t\t\t\t\t\t\t\t\t\t\t\t\t\t<a class=\"fusion-rollover-link\" href=\"https:\/\/www.smarttravelers.de\/en\/sights\/belgium\/brussels\/parlamentarium\/\" target=\"_blank\">Parlamentarium<\/a>\n\t\t\t\n\t\t\t\t\t\t\t\t\t\t\t\t\t\t\n\t\t\t\t\t\t\t\t\n\t\t\t\t\t\t\t\t\t\t\t\t\t<div class=\"fusion-rollover-sep\"><\/div>\n\t\t\t\t\n\t\t\t\t\t\t\t\t\t\t\t\t\t\t\t\t\t\t<a class=\"fusion-rollover-gallery\" href=\"https:\/\/www.smarttravelers.de\/wp-content\/uploads\/2020\/01\/Parlamentarium1.jpg\" data-id=\"71836\" data-rel=\"iLightbox[gallery-rw-1]\" data-title=\"Parlamentarium1\" data-caption=\"\">\n\t\t\t\t\t\tGallery\t\t\t\t\t<\/a>\n\t\t\t\t\t\t\t\t\t\t\t\t\t\t\n\t\t\n\t\t\t\t\t\t\t\t\t\t\t\t<h4 class=\"fusion-rollover-title\">\n\t\t\t\t\t<a class=\"fusion-rollover-title-link\" href=\"https:\/\/www.smarttravelers.de\/en\/sights\/belgium\/brussels\/parlamentarium\/\" target=\"_blank\">\n\t\t\t\t\t\tParlamentarium\t\t\t\t\t<\/a>\n\t\t\t\t<\/h4>\n\t\t\t\n\t\t\t\t\t\t\t\t\n\t\t\n\t\t\t\t\t\t<a class=\"fusion-link-wrapper\" href=\"https:\/\/www.smarttravelers.de\/en\/sights\/belgium\/brussels\/parlamentarium\/\" target=\"_blank\" aria-label=\"Parlamentarium\"><\/a>\n\t<\/div>\n<\/div>\n\n\t\n<\/div>\n<\/div><\/article><article id=\"portfolio-1-post-71833\" class=\"fusion-portfolio-post all-in-brussels highlights-en streets-squares fusion-col-spacing post-71833 fusion-element-grid\"><div class=\"fusion-portfolio-content-wrapper\" style=\"border:none;\"><span class=\"entry-title rich-snippet-hidden\">Place Royale<\/span><span class=\"vcard rich-snippet-hidden\"><span class=\"fn\"><a href=\"https:\/\/www.smarttravelers.de\/en\/author\/wp_admin\/\" title=\"Posts by wp_admin\" rel=\"author\">wp_admin<\/a><\/span><\/span><span class=\"updated rich-snippet-hidden\">2024-06-05T12:01:00+02:00<\/span>\n\n<div  class=\"fusion-masonry-element-container fusion-image-wrapper\" style=\"background-image:url(https:\/\/www.smarttravelers.de\/wp-content\/uploads\/2020\/01\/Place-Royale1.jpg);padding-top:calc((100% + 20px) * 0.8 - 10px);\" aria-haspopup=\"true\">\n\t\n\t\n\t\n\t\t\n\t\t\t\t\t<img decoding=\"async\" width=\"1440\" height=\"1080\" src=\"https:\/\/www.smarttravelers.de\/wp-content\/uploads\/2020\/01\/Place-Royale1.jpg\" class=\"attachment-full size-full wp-post-image\" alt=\"Die \u00c9glise Saint-Jacques-sur-Coudenberg\" srcset=\"https:\/\/www.smarttravelers.de\/wp-content\/uploads\/2020\/01\/Place-Royale1-200x150.jpg 200w, https:\/\/www.smarttravelers.de\/wp-content\/uploads\/2020\/01\/Place-Royale1-400x300.jpg 400w, https:\/\/www.smarttravelers.de\/wp-content\/uploads\/2020\/01\/Place-Royale1-600x450.jpg 600w, https:\/\/www.smarttravelers.de\/wp-content\/uploads\/2020\/01\/Place-Royale1-800x600.jpg 800w, https:\/\/www.smarttravelers.de\/wp-content\/uploads\/2020\/01\/Place-Royale1-1200x900.jpg 1200w, https:\/\/www.smarttravelers.de\/wp-content\/uploads\/2020\/01\/Place-Royale1.jpg 1440w\" sizes=\"(min-width: 2200px) 100vw, (min-width: 284px) 356px, (min-width: 212px) 284px, (min-width: 140px) 212px, \" \/>\n\t\n\n\t\t<div class=\"fusion-rollover\">\n\t<div class=\"fusion-rollover-content\">\n\n\t\t\t\t\t\t\t\t\t\t\t\t\t\t<a class=\"fusion-rollover-link\" href=\"https:\/\/www.smarttravelers.de\/en\/sights\/belgium\/brussels\/place-royale\/\" target=\"_blank\">Place Royale<\/a>\n\t\t\t\n\t\t\t\t\t\t\t\t\t\t\t\t\t\t\n\t\t\t\t\t\t\t\t\n\t\t\t\t\t\t\t\t\t\t\t\t\t<div class=\"fusion-rollover-sep\"><\/div>\n\t\t\t\t\n\t\t\t\t\t\t\t\t\t\t\t\t\t\t\t\t\t\t<a class=\"fusion-rollover-gallery\" href=\"https:\/\/www.smarttravelers.de\/wp-content\/uploads\/2020\/01\/Place-Royale1.jpg\" data-id=\"71833\" data-rel=\"iLightbox[gallery-rw-1]\" data-title=\"Place Royale1\" data-caption=\"\">\n\t\t\t\t\t\tGallery\t\t\t\t\t<\/a>\n\t\t\t\t\t\t\t\t\t\t\t\t\t\t\n\t\t\n\t\t\t\t\t\t\t\t\t\t\t\t<h4 class=\"fusion-rollover-title\">\n\t\t\t\t\t<a class=\"fusion-rollover-title-link\" href=\"https:\/\/www.smarttravelers.de\/en\/sights\/belgium\/brussels\/place-royale\/\" target=\"_blank\">\n\t\t\t\t\t\tPlace Royale\t\t\t\t\t<\/a>\n\t\t\t\t<\/h4>\n\t\t\t\n\t\t\t\t\t\t\t\t\n\t\t\n\t\t\t\t\t\t<a class=\"fusion-link-wrapper\" href=\"https:\/\/www.smarttravelers.de\/en\/sights\/belgium\/brussels\/place-royale\/\" target=\"_blank\" aria-label=\"Place Royale\"><\/a>\n\t<\/div>\n<\/div>\n\n\t\n<\/div>\n<\/div><\/article><article id=\"portfolio-1-post-71830\" class=\"fusion-portfolio-post all-in-brussels streets-squares fusion-col-spacing post-71830 fusion-element-grid\"><div class=\"fusion-portfolio-content-wrapper\" style=\"border:none;\"><span class=\"entry-title rich-snippet-hidden\">Place Sainte-Catherine<\/span><span class=\"vcard rich-snippet-hidden\"><span class=\"fn\"><a href=\"https:\/\/www.smarttravelers.de\/en\/author\/wp_admin\/\" title=\"Posts by wp_admin\" rel=\"author\">wp_admin<\/a><\/span><\/span><span class=\"updated rich-snippet-hidden\">2024-06-05T11:58:28+02:00<\/span>\n\n<div  class=\"fusion-masonry-element-container fusion-image-wrapper\" style=\"background-image:url(https:\/\/www.smarttravelers.de\/wp-content\/uploads\/2020\/01\/Place-Sainte-Catherine2.jpg);padding-top:calc((100% + 20px) * 0.8 - 10px);\" aria-haspopup=\"true\">\n\t\n\t\n\t\n\t\t\n\t\t\t\t\t<img decoding=\"async\" width=\"1486\" height=\"1080\" src=\"https:\/\/www.smarttravelers.de\/wp-content\/uploads\/2020\/01\/Place-Sainte-Catherine2.jpg\" class=\"attachment-full size-full wp-post-image\" alt=\"Die \u00c9glise Sainte-Catherine\" srcset=\"https:\/\/www.smarttravelers.de\/wp-content\/uploads\/2020\/01\/Place-Sainte-Catherine2-200x145.jpg 200w, https:\/\/www.smarttravelers.de\/wp-content\/uploads\/2020\/01\/Place-Sainte-Catherine2-400x291.jpg 400w, https:\/\/www.smarttravelers.de\/wp-content\/uploads\/2020\/01\/Place-Sainte-Catherine2-600x436.jpg 600w, https:\/\/www.smarttravelers.de\/wp-content\/uploads\/2020\/01\/Place-Sainte-Catherine2-800x581.jpg 800w, https:\/\/www.smarttravelers.de\/wp-content\/uploads\/2020\/01\/Place-Sainte-Catherine2-1200x872.jpg 1200w, https:\/\/www.smarttravelers.de\/wp-content\/uploads\/2020\/01\/Place-Sainte-Catherine2.jpg 1486w\" sizes=\"(min-width: 2200px) 100vw, (min-width: 284px) 356px, (min-width: 212px) 284px, (min-width: 140px) 212px, \" \/>\n\t\n\n\t\t<div class=\"fusion-rollover\">\n\t<div class=\"fusion-rollover-content\">\n\n\t\t\t\t\t\t\t\t\t\t\t\t\t\t<a class=\"fusion-rollover-link\" href=\"https:\/\/www.smarttravelers.de\/en\/sights\/belgium\/brussels\/place-sainte-catherine\/\" target=\"_blank\">Place Sainte-Catherine<\/a>\n\t\t\t\n\t\t\t\t\t\t\t\t\t\t\t\t\t\t\n\t\t\t\t\t\t\t\t\n\t\t\t\t\t\t\t\t\t\t\t\t\t<div class=\"fusion-rollover-sep\"><\/div>\n\t\t\t\t\n\t\t\t\t\t\t\t\t\t\t\t\t\t\t\t\t\t\t<a class=\"fusion-rollover-gallery\" href=\"https:\/\/www.smarttravelers.de\/wp-content\/uploads\/2020\/01\/Place-Sainte-Catherine2.jpg\" data-id=\"71830\" data-rel=\"iLightbox[gallery-rw-1]\" data-title=\"Place Sainte-Catherine2\" data-caption=\"\">\n\t\t\t\t\t\tGallery\t\t\t\t\t<\/a>\n\t\t\t\t\t\t\t\t\t\t\t\t\t\t\n\t\t\n\t\t\t\t\t\t\t\t\t\t\t\t<h4 class=\"fusion-rollover-title\">\n\t\t\t\t\t<a class=\"fusion-rollover-title-link\" href=\"https:\/\/www.smarttravelers.de\/en\/sights\/belgium\/brussels\/place-sainte-catherine\/\" target=\"_blank\">\n\t\t\t\t\t\tPlace Sainte-Catherine\t\t\t\t\t<\/a>\n\t\t\t\t<\/h4>\n\t\t\t\n\t\t\t\t\t\t\t\t\n\t\t\n\t\t\t\t\t\t<a class=\"fusion-link-wrapper\" href=\"https:\/\/www.smarttravelers.de\/en\/sights\/belgium\/brussels\/place-sainte-catherine\/\" target=\"_blank\" aria-label=\"Place Sainte-Catherine\"><\/a>\n\t<\/div>\n<\/div>\n\n\t\n<\/div>\n<\/div><\/article><article id=\"portfolio-1-post-83708\" class=\"fusion-portfolio-post alle-in-stockholm-en districts fusion-col-spacing post-83708 fusion-element-grid\"><div class=\"fusion-portfolio-content-wrapper\" style=\"border:none;\"><span class=\"entry-title rich-snippet-hidden\">Riddarholmen<\/span><span class=\"vcard rich-snippet-hidden\"><span class=\"fn\"><a href=\"https:\/\/www.smarttravelers.de\/en\/author\/wp_admin\/\" title=\"Posts by wp_admin\" rel=\"author\">wp_admin<\/a><\/span><\/span><span class=\"updated rich-snippet-hidden\">2024-06-03T23:35:16+02:00<\/span>\n\n<div  class=\"fusion-masonry-element-container fusion-image-wrapper\" style=\"background-image:url(https:\/\/www.smarttravelers.de\/wp-content\/uploads\/2020\/03\/Riddarholmen2.jpg);padding-top:calc((100% + 20px) * 0.8 - 10px);\" aria-haspopup=\"true\">\n\t\n\t\n\t\n\t\t\n\t\t\t\t\t<img decoding=\"async\" width=\"1620\" height=\"1080\" src=\"https:\/\/www.smarttravelers.de\/wp-content\/uploads\/2020\/03\/Riddarholmen2.jpg\" class=\"attachment-full size-full wp-post-image\" alt=\"Ansicht von Riddarholmen\" srcset=\"https:\/\/www.smarttravelers.de\/wp-content\/uploads\/2020\/03\/Riddarholmen2-200x133.jpg 200w, https:\/\/www.smarttravelers.de\/wp-content\/uploads\/2020\/03\/Riddarholmen2-400x267.jpg 400w, https:\/\/www.smarttravelers.de\/wp-content\/uploads\/2020\/03\/Riddarholmen2-600x400.jpg 600w, https:\/\/www.smarttravelers.de\/wp-content\/uploads\/2020\/03\/Riddarholmen2-800x533.jpg 800w, https:\/\/www.smarttravelers.de\/wp-content\/uploads\/2020\/03\/Riddarholmen2-1200x800.jpg 1200w, https:\/\/www.smarttravelers.de\/wp-content\/uploads\/2020\/03\/Riddarholmen2.jpg 1620w\" sizes=\"(min-width: 2200px) 100vw, (min-width: 284px) 356px, (min-width: 212px) 284px, (min-width: 140px) 212px, \" \/>\n\t\n\n\t\t<div class=\"fusion-rollover\">\n\t<div class=\"fusion-rollover-content\">\n\n\t\t\t\t\t\t\t\t\t\t\t\t\t\t<a class=\"fusion-rollover-link\" href=\"https:\/\/www.smarttravelers.de\/en\/sights\/schweden\/stockholm\/riddarholmen\/\" target=\"_blank\">Riddarholmen<\/a>\n\t\t\t\n\t\t\t\t\t\t\t\t\t\t\t\t\t\t\n\t\t\t\t\t\t\t\t\n\t\t\t\t\t\t\t\t\t\t\t\t\t<div class=\"fusion-rollover-sep\"><\/div>\n\t\t\t\t\n\t\t\t\t\t\t\t\t\t\t\t\t\t\t\t\t\t\t<a class=\"fusion-rollover-gallery\" href=\"https:\/\/www.smarttravelers.de\/wp-content\/uploads\/2020\/03\/Riddarholmen2.jpg\" data-id=\"83708\" data-rel=\"iLightbox[gallery-rw-1]\" data-title=\"Riddarholmen2\" data-caption=\"\">\n\t\t\t\t\t\tGallery\t\t\t\t\t<\/a>\n\t\t\t\t\t\t\t\t\t\t\t\t\t\t\n\t\t\n\t\t\t\t\t\t\t\t\t\t\t\t<h4 class=\"fusion-rollover-title\">\n\t\t\t\t\t<a class=\"fusion-rollover-title-link\" href=\"https:\/\/www.smarttravelers.de\/en\/sights\/schweden\/stockholm\/riddarholmen\/\" target=\"_blank\">\n\t\t\t\t\t\tRiddarholmen\t\t\t\t\t<\/a>\n\t\t\t\t<\/h4>\n\t\t\t\n\t\t\t\t\t\t\t\t\n\t\t\n\t\t\t\t\t\t<a class=\"fusion-link-wrapper\" href=\"https:\/\/www.smarttravelers.de\/en\/sights\/schweden\/stockholm\/riddarholmen\/\" target=\"_blank\" aria-label=\"Riddarholmen\"><\/a>\n\t<\/div>\n<\/div>\n\n\t\n<\/div>\n<\/div><\/article><article id=\"portfolio-1-post-83711\" class=\"fusion-portfolio-post alle-in-stockholm-en churches-monasteries fusion-col-spacing post-83711 fusion-element-grid\"><div class=\"fusion-portfolio-content-wrapper\" style=\"border:none;\"><span class=\"entry-title rich-snippet-hidden\">Riddarholmen Church<\/span><span class=\"vcard rich-snippet-hidden\"><span class=\"fn\"><a href=\"https:\/\/www.smarttravelers.de\/en\/author\/wp_admin\/\" title=\"Posts by wp_admin\" rel=\"author\">wp_admin<\/a><\/span><\/span><span class=\"updated rich-snippet-hidden\">2024-06-03T23:38:33+02:00<\/span>\n\n<div  class=\"fusion-masonry-element-container fusion-image-wrapper\" style=\"background-image:url(https:\/\/www.smarttravelers.de\/wp-content\/uploads\/2020\/03\/Riddarholmskyrkan1.jpg);padding-top:calc((100% + 20px) * 0.8 - 10px);\" aria-haspopup=\"true\">\n\t\n\t\n\t\n\t\t\n\t\t\t\t\t<img decoding=\"async\" width=\"956\" height=\"1080\" src=\"https:\/\/www.smarttravelers.de\/wp-content\/uploads\/2020\/03\/Riddarholmskyrkan1.jpg\" class=\"attachment-full size-full wp-post-image\" alt=\"Au\u00dfenansicht der Riddarholmskyrkan\" srcset=\"https:\/\/www.smarttravelers.de\/wp-content\/uploads\/2020\/03\/Riddarholmskyrkan1-200x226.jpg 200w, https:\/\/www.smarttravelers.de\/wp-content\/uploads\/2020\/03\/Riddarholmskyrkan1-400x452.jpg 400w, https:\/\/www.smarttravelers.de\/wp-content\/uploads\/2020\/03\/Riddarholmskyrkan1-600x678.jpg 600w, https:\/\/www.smarttravelers.de\/wp-content\/uploads\/2020\/03\/Riddarholmskyrkan1-800x904.jpg 800w, https:\/\/www.smarttravelers.de\/wp-content\/uploads\/2020\/03\/Riddarholmskyrkan1.jpg 956w\" sizes=\"(min-width: 2200px) 100vw, (min-width: 284px) 356px, (min-width: 212px) 284px, (min-width: 140px) 212px, \" \/>\n\t\n\n\t\t<div class=\"fusion-rollover\">\n\t<div class=\"fusion-rollover-content\">\n\n\t\t\t\t\t\t\t\t\t\t\t\t\t\t<a class=\"fusion-rollover-link\" href=\"https:\/\/www.smarttravelers.de\/en\/sights\/schweden\/stockholm\/riddarholmskyrkan\/\" target=\"_blank\">Riddarholmen Church<\/a>\n\t\t\t\n\t\t\t\t\t\t\t\t\t\t\t\t\t\t\n\t\t\t\t\t\t\t\t\n\t\t\t\t\t\t\t\t\t\t\t\t\t<div class=\"fusion-rollover-sep\"><\/div>\n\t\t\t\t\n\t\t\t\t\t\t\t\t\t\t\t\t\t\t\t\t\t\t<a class=\"fusion-rollover-gallery\" href=\"https:\/\/www.smarttravelers.de\/wp-content\/uploads\/2020\/03\/Riddarholmskyrkan1.jpg\" data-id=\"83711\" data-rel=\"iLightbox[gallery-rw-1]\" data-title=\"Riddarholmskyrkan, Church, \u00d6\u00e5\u00f0\u00ea\u00ee\u00e2\u00fc\" data-caption=\"Riddarholmskyrkan, Church, \u00d6\u00e5\u00f0\u00ea\u00ee\u00e2\u00fc\">\n\t\t\t\t\t\tGallery\t\t\t\t\t<\/a>\n\t\t\t\t\t\t\t\t\t\t\t\t\t\t\n\t\t\n\t\t\t\t\t\t\t\t\t\t\t\t<h4 class=\"fusion-rollover-title\">\n\t\t\t\t\t<a class=\"fusion-rollover-title-link\" href=\"https:\/\/www.smarttravelers.de\/en\/sights\/schweden\/stockholm\/riddarholmskyrkan\/\" target=\"_blank\">\n\t\t\t\t\t\tRiddarholmen Church\t\t\t\t\t<\/a>\n\t\t\t\t<\/h4>\n\t\t\t\n\t\t\t\t\t\t\t\t\n\t\t\n\t\t\t\t\t\t<a class=\"fusion-link-wrapper\" href=\"https:\/\/www.smarttravelers.de\/en\/sights\/schweden\/stockholm\/riddarholmskyrkan\/\" target=\"_blank\" aria-label=\"Riddarholmen Church\"><\/a>\n\t<\/div>\n<\/div>\n\n\t\n<\/div>\n<\/div><\/article><article id=\"portfolio-1-post-83704\" class=\"fusion-portfolio-post alle-in-stockholm-en historical-buildings other-sights fusion-col-spacing post-83704 fusion-element-landscape\"><div class=\"fusion-portfolio-content-wrapper\" style=\"border:none;\"><span class=\"entry-title rich-snippet-hidden\">Riksdag<\/span><span class=\"vcard rich-snippet-hidden\"><span class=\"fn\"><a href=\"https:\/\/www.smarttravelers.de\/en\/author\/wp_admin\/\" title=\"Posts by wp_admin\" rel=\"author\">wp_admin<\/a><\/span><\/span><span class=\"updated rich-snippet-hidden\">2024-06-03T23:29:41+02:00<\/span>\n\n<div  class=\"fusion-masonry-element-container fusion-image-wrapper\" style=\"background-image:url(https:\/\/www.smarttravelers.de\/wp-content\/uploads\/2020\/03\/Reichstag-Stockholm3.jpg);padding-top:calc((100% + 20px) * 0.4 - 10px);\" aria-haspopup=\"true\">\n\t\n\t\n\t\n\t\t\n\t\t\t\t\t<img decoding=\"async\" width=\"1754\" height=\"1000\" src=\"https:\/\/www.smarttravelers.de\/wp-content\/uploads\/2020\/03\/Reichstag-Stockholm3.jpg\" class=\"attachment-full size-full wp-post-image\" alt=\"Au\u00dfenansicht Reichstag Stockholm\" srcset=\"https:\/\/www.smarttravelers.de\/wp-content\/uploads\/2020\/03\/Reichstag-Stockholm3-200x114.jpg 200w, https:\/\/www.smarttravelers.de\/wp-content\/uploads\/2020\/03\/Reichstag-Stockholm3-400x228.jpg 400w, https:\/\/www.smarttravelers.de\/wp-content\/uploads\/2020\/03\/Reichstag-Stockholm3-600x342.jpg 600w, https:\/\/www.smarttravelers.de\/wp-content\/uploads\/2020\/03\/Reichstag-Stockholm3-800x456.jpg 800w, https:\/\/www.smarttravelers.de\/wp-content\/uploads\/2020\/03\/Reichstag-Stockholm3-1200x684.jpg 1200w, https:\/\/www.smarttravelers.de\/wp-content\/uploads\/2020\/03\/Reichstag-Stockholm3.jpg 1754w\" sizes=\"(min-width: 2200px) 100vw, (min-width: 140px) 1920px, \" \/>\n\t\n\n\t\t<div class=\"fusion-rollover\">\n\t<div class=\"fusion-rollover-content\">\n\n\t\t\t\t\t\t\t\t\t\t\t\t\t\t<a class=\"fusion-rollover-link\" href=\"https:\/\/www.smarttravelers.de\/en\/sights\/schweden\/stockholm\/reichstag-stockholm\/\" target=\"_blank\">Riksdag<\/a>\n\t\t\t\n\t\t\t\t\t\t\t\t\t\t\t\t\t\t\n\t\t\t\t\t\t\t\t\n\t\t\t\t\t\t\t\t\t\t\t\t\t<div class=\"fusion-rollover-sep\"><\/div>\n\t\t\t\t\n\t\t\t\t\t\t\t\t\t\t\t\t\t\t\t\t\t\t<a class=\"fusion-rollover-gallery\" href=\"https:\/\/www.smarttravelers.de\/wp-content\/uploads\/2020\/03\/Reichstag-Stockholm3.jpg\" data-id=\"83704\" data-rel=\"iLightbox[gallery-rw-1]\" data-title=\"Reichstag Stockholm3\" data-caption=\"\">\n\t\t\t\t\t\tGallery\t\t\t\t\t<\/a>\n\t\t\t\t\t\t\t\t\t\t\t\t\t\t\n\t\t\n\t\t\t\t\t\t\t\t\t\t\t\t<h4 class=\"fusion-rollover-title\">\n\t\t\t\t\t<a class=\"fusion-rollover-title-link\" href=\"https:\/\/www.smarttravelers.de\/en\/sights\/schweden\/stockholm\/reichstag-stockholm\/\" target=\"_blank\">\n\t\t\t\t\t\tRiksdag\t\t\t\t\t<\/a>\n\t\t\t\t<\/h4>\n\t\t\t\n\t\t\t\t\t\t\t\t\n\t\t\n\t\t\t\t\t\t<a class=\"fusion-link-wrapper\" href=\"https:\/\/www.smarttravelers.de\/en\/sights\/schweden\/stockholm\/reichstag-stockholm\/\" target=\"_blank\" aria-label=\"Riksdag\"><\/a>\n\t<\/div>\n<\/div>\n\n\t\n<\/div>\n<\/div><\/article><article id=\"portfolio-1-post-83724\" class=\"fusion-portfolio-post alle-in-stockholm-en castles-palaces fusion-col-spacing post-83724 fusion-element-grid\"><div class=\"fusion-portfolio-content-wrapper\" style=\"border:none;\"><span class=\"entry-title rich-snippet-hidden\">Rosendal Palace<\/span><span class=\"vcard rich-snippet-hidden\"><span class=\"fn\"><a href=\"https:\/\/www.smarttravelers.de\/en\/author\/wp_admin\/\" title=\"Posts by wp_admin\" rel=\"author\">wp_admin<\/a><\/span><\/span><span class=\"updated rich-snippet-hidden\">2024-06-03T23:50:00+02:00<\/span>\n\n<div  class=\"fusion-masonry-element-container fusion-image-wrapper\" style=\"background-image:url(https:\/\/www.smarttravelers.de\/wp-content\/uploads\/2020\/03\/Schloss-Rosendal2.jpg);padding-top:calc((100% + 20px) * 0.8 - 10px);\" aria-haspopup=\"true\">\n\t\n\t\n\t\n\t\t\n\t\t\t\t\t<img decoding=\"async\" width=\"1631\" height=\"1080\" src=\"https:\/\/www.smarttravelers.de\/wp-content\/uploads\/2020\/03\/Schloss-Rosendal2.jpg\" class=\"attachment-full size-full wp-post-image\" alt=\"Au\u00dfenansicht Schloss Rosendal\" srcset=\"https:\/\/www.smarttravelers.de\/wp-content\/uploads\/2020\/03\/Schloss-Rosendal2-200x132.jpg 200w, https:\/\/www.smarttravelers.de\/wp-content\/uploads\/2020\/03\/Schloss-Rosendal2-400x265.jpg 400w, https:\/\/www.smarttravelers.de\/wp-content\/uploads\/2020\/03\/Schloss-Rosendal2-600x397.jpg 600w, https:\/\/www.smarttravelers.de\/wp-content\/uploads\/2020\/03\/Schloss-Rosendal2-800x530.jpg 800w, https:\/\/www.smarttravelers.de\/wp-content\/uploads\/2020\/03\/Schloss-Rosendal2-1200x795.jpg 1200w, https:\/\/www.smarttravelers.de\/wp-content\/uploads\/2020\/03\/Schloss-Rosendal2.jpg 1631w\" sizes=\"(min-width: 2200px) 100vw, (min-width: 284px) 356px, (min-width: 212px) 284px, (min-width: 140px) 212px, \" \/>\n\t\n\n\t\t<div class=\"fusion-rollover\">\n\t<div class=\"fusion-rollover-content\">\n\n\t\t\t\t\t\t\t\t\t\t\t\t\t\t<a class=\"fusion-rollover-link\" href=\"https:\/\/www.smarttravelers.de\/en\/sights\/schweden\/stockholm\/schloss-rosendal\/\" target=\"_blank\">Rosendal Palace<\/a>\n\t\t\t\n\t\t\t\t\t\t\t\t\t\t\t\t\t\t\n\t\t\t\t\t\t\t\t\n\t\t\t\t\t\t\t\t\t\t\t\t\t<div class=\"fusion-rollover-sep\"><\/div>\n\t\t\t\t\n\t\t\t\t\t\t\t\t\t\t\t\t\t\t\t\t\t\t<a class=\"fusion-rollover-gallery\" href=\"https:\/\/www.smarttravelers.de\/wp-content\/uploads\/2020\/03\/Schloss-Rosendal2.jpg\" data-id=\"83724\" data-rel=\"iLightbox[gallery-rw-1]\" data-title=\"Schloss Rosendal2\" data-caption=\"\">\n\t\t\t\t\t\tGallery\t\t\t\t\t<\/a>\n\t\t\t\t\t\t\t\t\t\t\t\t\t\t\n\t\t\n\t\t\t\t\t\t\t\t\t\t\t\t<h4 class=\"fusion-rollover-title\">\n\t\t\t\t\t<a class=\"fusion-rollover-title-link\" href=\"https:\/\/www.smarttravelers.de\/en\/sights\/schweden\/stockholm\/schloss-rosendal\/\" target=\"_blank\">\n\t\t\t\t\t\tRosendal Palace\t\t\t\t\t<\/a>\n\t\t\t\t<\/h4>\n\t\t\t\n\t\t\t\t\t\t\t\t\n\t\t\n\t\t\t\t\t\t<a class=\"fusion-link-wrapper\" href=\"https:\/\/www.smarttravelers.de\/en\/sights\/schweden\/stockholm\/schloss-rosendal\/\" target=\"_blank\" aria-label=\"Rosendal Palace\"><\/a>\n\t<\/div>\n<\/div>\n\n\t\n<\/div>\n<\/div><\/article><article id=\"portfolio-1-post-83715\" class=\"fusion-portfolio-post alle-in-stockholm-en gardens-parks fusion-col-spacing post-83715 fusion-element-grid\"><div class=\"fusion-portfolio-content-wrapper\" style=\"border:none;\"><span class=\"entry-title rich-snippet-hidden\">Rosendals Tr\u00e4dg\u00e5rd<\/span><span class=\"vcard rich-snippet-hidden\"><span class=\"fn\"><a href=\"https:\/\/www.smarttravelers.de\/en\/author\/wp_admin\/\" title=\"Posts by wp_admin\" rel=\"author\">wp_admin<\/a><\/span><\/span><span class=\"updated rich-snippet-hidden\">2024-06-03T23:42:41+02:00<\/span>\n\n<div  class=\"fusion-masonry-element-container fusion-image-wrapper\" style=\"background-image:url(https:\/\/www.smarttravelers.de\/wp-content\/uploads\/2020\/03\/Rosendals-Tr\u00e4dg\u00e5rd3.jpg);padding-top:calc((100% + 20px) * 0.8 - 10px);\" aria-haspopup=\"true\">\n\t\n\t\n\t\n\t\t\n\t\t\t\t\t<img decoding=\"async\" width=\"1620\" height=\"1080\" src=\"https:\/\/www.smarttravelers.de\/wp-content\/uploads\/2020\/03\/Rosendals-Tr\u00e4dg\u00e5rd3.jpg\" class=\"attachment-full size-full wp-post-image\" alt=\"Beete auf Rosendals Tr\u00e4dg\u00e5rd\" srcset=\"https:\/\/www.smarttravelers.de\/wp-content\/uploads\/2020\/03\/Rosendals-Tr\u00e4dg\u00e5rd3-200x133.jpg 200w, https:\/\/www.smarttravelers.de\/wp-content\/uploads\/2020\/03\/Rosendals-Tr\u00e4dg\u00e5rd3-400x267.jpg 400w, https:\/\/www.smarttravelers.de\/wp-content\/uploads\/2020\/03\/Rosendals-Tr\u00e4dg\u00e5rd3-600x400.jpg 600w, https:\/\/www.smarttravelers.de\/wp-content\/uploads\/2020\/03\/Rosendals-Tr\u00e4dg\u00e5rd3-800x533.jpg 800w, https:\/\/www.smarttravelers.de\/wp-content\/uploads\/2020\/03\/Rosendals-Tr\u00e4dg\u00e5rd3-1200x800.jpg 1200w, https:\/\/www.smarttravelers.de\/wp-content\/uploads\/2020\/03\/Rosendals-Tr\u00e4dg\u00e5rd3.jpg 1620w\" sizes=\"(min-width: 2200px) 100vw, (min-width: 284px) 356px, (min-width: 212px) 284px, (min-width: 140px) 212px, \" \/>\n\t\n\n\t\t<div class=\"fusion-rollover\">\n\t<div class=\"fusion-rollover-content\">\n\n\t\t\t\t\t\t\t\t\t\t\t\t\t\t<a class=\"fusion-rollover-link\" href=\"https:\/\/www.smarttravelers.de\/en\/sights\/schweden\/stockholm\/rosendals-traedgaard\/\" target=\"_blank\">Rosendals Tr\u00e4dg\u00e5rd<\/a>\n\t\t\t\n\t\t\t\t\t\t\t\t\t\t\t\t\t\t\n\t\t\t\t\t\t\t\t\n\t\t\t\t\t\t\t\t\t\t\t\t\t<div class=\"fusion-rollover-sep\"><\/div>\n\t\t\t\t\n\t\t\t\t\t\t\t\t\t\t\t\t\t\t\t\t\t\t<a class=\"fusion-rollover-gallery\" href=\"https:\/\/www.smarttravelers.de\/wp-content\/uploads\/2020\/03\/Rosendals-Tr\u00e4dg\u00e5rd3.jpg\" data-id=\"83715\" data-rel=\"iLightbox[gallery-rw-1]\" data-title=\"Rosendals Tr\u00e4dg\u00e5rd3\" data-caption=\"\">\n\t\t\t\t\t\tGallery\t\t\t\t\t<\/a>\n\t\t\t\t\t\t\t\t\t\t\t\t\t\t\n\t\t\n\t\t\t\t\t\t\t\t\t\t\t\t<h4 class=\"fusion-rollover-title\">\n\t\t\t\t\t<a class=\"fusion-rollover-title-link\" href=\"https:\/\/www.smarttravelers.de\/en\/sights\/schweden\/stockholm\/rosendals-traedgaard\/\" target=\"_blank\">\n\t\t\t\t\t\tRosendals Tr\u00e4dg\u00e5rd\t\t\t\t\t<\/a>\n\t\t\t\t<\/h4>\n\t\t\t\n\t\t\t\t\t\t\t\t\n\t\t\n\t\t\t\t\t\t<a class=\"fusion-link-wrapper\" href=\"https:\/\/www.smarttravelers.de\/en\/sights\/schweden\/stockholm\/rosendals-traedgaard\/\" target=\"_blank\" aria-label=\"Rosendals Tr\u00e4dg\u00e5rd\"><\/a>\n\t<\/div>\n<\/div>\n\n\t\n<\/div>\n<\/div><\/article><article id=\"portfolio-1-post-71863\" class=\"fusion-portfolio-post all-in-brussels museums-galleries fusion-col-spacing post-71863 fusion-element-grid\"><div class=\"fusion-portfolio-content-wrapper\" style=\"border:none;\"><span class=\"entry-title rich-snippet-hidden\">Royal Museum of the Armed Forces<\/span><span class=\"vcard rich-snippet-hidden\"><span class=\"fn\"><a href=\"https:\/\/www.smarttravelers.de\/en\/author\/wp_admin\/\" title=\"Posts by wp_admin\" rel=\"author\">wp_admin<\/a><\/span><\/span><span class=\"updated rich-snippet-hidden\">2024-06-05T12:35:58+02:00<\/span>\n\n<div  class=\"fusion-masonry-element-container fusion-image-wrapper\" style=\"background-image:url(https:\/\/www.smarttravelers.de\/wp-content\/uploads\/2020\/01\/Mus\u00e9e-Royal-de-lArm\u00e9e1.jpg);padding-top:calc((100% + 20px) * 0.8 - 10px);\" aria-haspopup=\"true\">\n\t\n\t\n\t\n\t\t\n\t\t\t\t\t<img decoding=\"async\" width=\"1439\" height=\"1080\" src=\"https:\/\/www.smarttravelers.de\/wp-content\/uploads\/2020\/01\/Mus\u00e9e-Royal-de-lArm\u00e9e1.jpg\" class=\"attachment-full size-full wp-post-image\" alt=\"Die Luftfahrthalle im Mus\u00e9e Royal de l&#039;Arm\u00e9e\" srcset=\"https:\/\/www.smarttravelers.de\/wp-content\/uploads\/2020\/01\/Mus\u00e9e-Royal-de-lArm\u00e9e1-200x150.jpg 200w, https:\/\/www.smarttravelers.de\/wp-content\/uploads\/2020\/01\/Mus\u00e9e-Royal-de-lArm\u00e9e1-400x300.jpg 400w, https:\/\/www.smarttravelers.de\/wp-content\/uploads\/2020\/01\/Mus\u00e9e-Royal-de-lArm\u00e9e1-600x450.jpg 600w, https:\/\/www.smarttravelers.de\/wp-content\/uploads\/2020\/01\/Mus\u00e9e-Royal-de-lArm\u00e9e1-800x600.jpg 800w, https:\/\/www.smarttravelers.de\/wp-content\/uploads\/2020\/01\/Mus\u00e9e-Royal-de-lArm\u00e9e1-1200x901.jpg 1200w, https:\/\/www.smarttravelers.de\/wp-content\/uploads\/2020\/01\/Mus\u00e9e-Royal-de-lArm\u00e9e1.jpg 1439w\" sizes=\"(min-width: 2200px) 100vw, (min-width: 284px) 356px, (min-width: 212px) 284px, (min-width: 140px) 212px, \" \/>\n\t\n\n\t\t<div class=\"fusion-rollover\">\n\t<div class=\"fusion-rollover-content\">\n\n\t\t\t\t\t\t\t\t\t\t\t\t\t\t<a class=\"fusion-rollover-link\" href=\"https:\/\/www.smarttravelers.de\/en\/sights\/belgium\/brussels\/royal-museum-of-the-armed-forces\/\" target=\"_blank\">Royal Museum of the Armed Forces<\/a>\n\t\t\t\n\t\t\t\t\t\t\t\t\t\t\t\t\t\t\n\t\t\t\t\t\t\t\t\n\t\t\t\t\t\t\t\t\t\t\t\t\t<div class=\"fusion-rollover-sep\"><\/div>\n\t\t\t\t\n\t\t\t\t\t\t\t\t\t\t\t\t\t\t\t\t\t\t<a class=\"fusion-rollover-gallery\" href=\"https:\/\/www.smarttravelers.de\/wp-content\/uploads\/2020\/01\/Mus\u00e9e-Royal-de-lArm\u00e9e1.jpg\" data-id=\"71863\" data-rel=\"iLightbox[gallery-rw-1]\" data-title=\"Mus\u00e9e Royal de l&#039;Arm\u00e9e1\" data-caption=\"\">\n\t\t\t\t\t\tGallery\t\t\t\t\t<\/a>\n\t\t\t\t\t\t\t\t\t\t\t\t\t\t\n\t\t\n\t\t\t\t\t\t\t\t\t\t\t\t<h4 class=\"fusion-rollover-title\">\n\t\t\t\t\t<a class=\"fusion-rollover-title-link\" href=\"https:\/\/www.smarttravelers.de\/en\/sights\/belgium\/brussels\/royal-museum-of-the-armed-forces\/\" target=\"_blank\">\n\t\t\t\t\t\tRoyal Museum of the Armed Forces\t\t\t\t\t<\/a>\n\t\t\t\t<\/h4>\n\t\t\t\n\t\t\t\t\t\t\t\t\n\t\t\n\t\t\t\t\t\t<a class=\"fusion-link-wrapper\" href=\"https:\/\/www.smarttravelers.de\/en\/sights\/belgium\/brussels\/royal-museum-of-the-armed-forces\/\" target=\"_blank\" aria-label=\"Royal Museum of the Armed Forces\"><\/a>\n\t<\/div>\n<\/div>\n\n\t\n<\/div>\n<\/div><\/article><article id=\"portfolio-1-post-83642\" class=\"fusion-portfolio-post alle-in-stockholm-en natural-landscapes-national-parks fusion-col-spacing post-83642 fusion-element-grid\"><div class=\"fusion-portfolio-content-wrapper\" style=\"border:none;\"><span class=\"entry-title rich-snippet-hidden\">Royal National City Park<\/span><span class=\"vcard rich-snippet-hidden\"><span class=\"fn\"><a href=\"https:\/\/www.smarttravelers.de\/en\/author\/wp_admin\/\" title=\"Posts by wp_admin\" rel=\"author\">wp_admin<\/a><\/span><\/span><span class=\"updated rich-snippet-hidden\">2024-06-03T12:06:18+02:00<\/span>\n\n<div  class=\"fusion-masonry-element-container fusion-image-wrapper\" style=\"background-image:url(https:\/\/www.smarttravelers.de\/wp-content\/uploads\/2020\/03\/K\u00f6niglicher-Nationalstadtpark3.jpg);padding-top:calc((100% + 20px) * 0.8 - 10px);\" aria-haspopup=\"true\">\n\t\n\t\n\t\n\t\t\n\t\t\t\t\t<img decoding=\"async\" width=\"1620\" height=\"1080\" src=\"https:\/\/www.smarttravelers.de\/wp-content\/uploads\/2020\/03\/K\u00f6niglicher-Nationalstadtpark3.jpg\" class=\"attachment-full size-full wp-post-image\" alt=\"K\u00f6niglicher Nationalstadtpark Gew\u00e4sser\" srcset=\"https:\/\/www.smarttravelers.de\/wp-content\/uploads\/2020\/03\/K\u00f6niglicher-Nationalstadtpark3-200x133.jpg 200w, https:\/\/www.smarttravelers.de\/wp-content\/uploads\/2020\/03\/K\u00f6niglicher-Nationalstadtpark3-400x267.jpg 400w, https:\/\/www.smarttravelers.de\/wp-content\/uploads\/2020\/03\/K\u00f6niglicher-Nationalstadtpark3-600x400.jpg 600w, https:\/\/www.smarttravelers.de\/wp-content\/uploads\/2020\/03\/K\u00f6niglicher-Nationalstadtpark3-800x533.jpg 800w, https:\/\/www.smarttravelers.de\/wp-content\/uploads\/2020\/03\/K\u00f6niglicher-Nationalstadtpark3-1200x800.jpg 1200w, https:\/\/www.smarttravelers.de\/wp-content\/uploads\/2020\/03\/K\u00f6niglicher-Nationalstadtpark3.jpg 1620w\" sizes=\"(min-width: 2200px) 100vw, (min-width: 284px) 356px, (min-width: 212px) 284px, (min-width: 140px) 212px, \" \/>\n\t\n\n\t\t<div class=\"fusion-rollover\">\n\t<div class=\"fusion-rollover-content\">\n\n\t\t\t\t\t\t\t\t\t\t\t\t\t\t<a class=\"fusion-rollover-link\" href=\"https:\/\/www.smarttravelers.de\/en\/sights\/schweden\/stockholm\/koeniglicher-nationalstadtpark\/\" target=\"_blank\">Royal National City Park<\/a>\n\t\t\t\n\t\t\t\t\t\t\t\t\t\t\t\t\t\t\n\t\t\t\t\t\t\t\t\n\t\t\t\t\t\t\t\t\t\t\t\t\t<div class=\"fusion-rollover-sep\"><\/div>\n\t\t\t\t\n\t\t\t\t\t\t\t\t\t\t\t\t\t\t\t\t\t\t<a class=\"fusion-rollover-gallery\" href=\"https:\/\/www.smarttravelers.de\/wp-content\/uploads\/2020\/03\/K\u00f6niglicher-Nationalstadtpark3.jpg\" data-id=\"83642\" data-rel=\"iLightbox[gallery-rw-1]\" data-title=\"K\u00f6niglicher Nationalstadtpark3\" data-caption=\"\">\n\t\t\t\t\t\tGallery\t\t\t\t\t<\/a>\n\t\t\t\t\t\t\t\t\t\t\t\t\t\t\n\t\t\n\t\t\t\t\t\t\t\t\t\t\t\t<h4 class=\"fusion-rollover-title\">\n\t\t\t\t\t<a class=\"fusion-rollover-title-link\" href=\"https:\/\/www.smarttravelers.de\/en\/sights\/schweden\/stockholm\/koeniglicher-nationalstadtpark\/\" target=\"_blank\">\n\t\t\t\t\t\tRoyal National City Park\t\t\t\t\t<\/a>\n\t\t\t\t<\/h4>\n\t\t\t\n\t\t\t\t\t\t\t\t\n\t\t\n\t\t\t\t\t\t<a class=\"fusion-link-wrapper\" href=\"https:\/\/www.smarttravelers.de\/en\/sights\/schweden\/stockholm\/koeniglicher-nationalstadtpark\/\" target=\"_blank\" aria-label=\"Royal National City Park\"><\/a>\n\t<\/div>\n<\/div>\n\n\t\n<\/div>\n<\/div><\/article><article id=\"portfolio-1-post-71898\" class=\"fusion-portfolio-post all-in-brussels castles-palaces fusion-col-spacing post-71898 fusion-element-grid\"><div class=\"fusion-portfolio-content-wrapper\" style=\"border:none;\"><span class=\"entry-title rich-snippet-hidden\">Royal Palace of Brussels<\/span><span class=\"vcard rich-snippet-hidden\"><span class=\"fn\"><a href=\"https:\/\/www.smarttravelers.de\/en\/author\/wp_admin\/\" title=\"Posts by wp_admin\" rel=\"author\">wp_admin<\/a><\/span><\/span><span class=\"updated rich-snippet-hidden\">2024-06-06T12:28:52+02:00<\/span>\n\n<div  class=\"fusion-masonry-element-container fusion-image-wrapper\" style=\"background-image:url(https:\/\/www.smarttravelers.de\/wp-content\/uploads\/2020\/01\/K\u00f6niglicher-Palast-Br\u00fcssel1.jpg);padding-top:calc((100% + 20px) * 0.8 - 10px);\" aria-haspopup=\"true\">\n\t\n\t\n\t\n\t\t\n\t\t\t\t\t<img decoding=\"async\" width=\"1415\" height=\"1080\" src=\"https:\/\/www.smarttravelers.de\/wp-content\/uploads\/2020\/01\/K\u00f6niglicher-Palast-Br\u00fcssel1.jpg\" class=\"attachment-full size-full wp-post-image\" alt=\"Der K\u00f6nigliche Palast Br\u00fcssel von au\u00dfen\" srcset=\"https:\/\/www.smarttravelers.de\/wp-content\/uploads\/2020\/01\/K\u00f6niglicher-Palast-Br\u00fcssel1-200x153.jpg 200w, https:\/\/www.smarttravelers.de\/wp-content\/uploads\/2020\/01\/K\u00f6niglicher-Palast-Br\u00fcssel1-400x305.jpg 400w, https:\/\/www.smarttravelers.de\/wp-content\/uploads\/2020\/01\/K\u00f6niglicher-Palast-Br\u00fcssel1-600x458.jpg 600w, https:\/\/www.smarttravelers.de\/wp-content\/uploads\/2020\/01\/K\u00f6niglicher-Palast-Br\u00fcssel1-800x611.jpg 800w, https:\/\/www.smarttravelers.de\/wp-content\/uploads\/2020\/01\/K\u00f6niglicher-Palast-Br\u00fcssel1-1200x916.jpg 1200w, https:\/\/www.smarttravelers.de\/wp-content\/uploads\/2020\/01\/K\u00f6niglicher-Palast-Br\u00fcssel1.jpg 1415w\" sizes=\"(min-width: 2200px) 100vw, (min-width: 284px) 356px, (min-width: 212px) 284px, (min-width: 140px) 212px, \" \/>\n\t\n\n\t\t<div class=\"fusion-rollover\">\n\t<div class=\"fusion-rollover-content\">\n\n\t\t\t\t\t\t\t\t\t\t\t\t\t\t<a class=\"fusion-rollover-link\" href=\"https:\/\/www.smarttravelers.de\/en\/sights\/belgium\/brussels\/royal-palace-of-brussels\/\" target=\"_blank\">Royal Palace of Brussels<\/a>\n\t\t\t\n\t\t\t\t\t\t\t\t\t\t\t\t\t\t\n\t\t\t\t\t\t\t\t\n\t\t\t\t\t\t\t\t\t\t\t\t\t<div class=\"fusion-rollover-sep\"><\/div>\n\t\t\t\t\n\t\t\t\t\t\t\t\t\t\t\t\t\t\t\t\t\t\t<a class=\"fusion-rollover-gallery\" href=\"https:\/\/www.smarttravelers.de\/wp-content\/uploads\/2020\/01\/K\u00f6niglicher-Palast-Br\u00fcssel1.jpg\" data-id=\"71898\" data-rel=\"iLightbox[gallery-rw-1]\" data-title=\"K\u00f6niglicher Palast Br\u00fcssel1\" data-caption=\"\">\n\t\t\t\t\t\tGallery\t\t\t\t\t<\/a>\n\t\t\t\t\t\t\t\t\t\t\t\t\t\t\n\t\t\n\t\t\t\t\t\t\t\t\t\t\t\t<h4 class=\"fusion-rollover-title\">\n\t\t\t\t\t<a class=\"fusion-rollover-title-link\" href=\"https:\/\/www.smarttravelers.de\/en\/sights\/belgium\/brussels\/royal-palace-of-brussels\/\" target=\"_blank\">\n\t\t\t\t\t\tRoyal Palace of Brussels\t\t\t\t\t<\/a>\n\t\t\t\t<\/h4>\n\t\t\t\n\t\t\t\t\t\t\t\t\n\t\t\n\t\t\t\t\t\t<a class=\"fusion-link-wrapper\" href=\"https:\/\/www.smarttravelers.de\/en\/sights\/belgium\/brussels\/royal-palace-of-brussels\/\" target=\"_blank\" aria-label=\"Royal Palace of Brussels\"><\/a>\n\t<\/div>\n<\/div>\n\n\t\n<\/div>\n<\/div><\/article><article id=\"portfolio-1-post-71929\" class=\"fusion-portfolio-post all-in-brussels highlights-en historical-buildings shopping fusion-col-spacing post-71929 fusion-element-landscape\"><div class=\"fusion-portfolio-content-wrapper\" style=\"border:none;\"><span class=\"entry-title rich-snippet-hidden\">Royal Saint-Hubert Galleries<\/span><span class=\"vcard rich-snippet-hidden\"><span class=\"fn\"><a href=\"https:\/\/www.smarttravelers.de\/en\/author\/wp_admin\/\" title=\"Posts by wp_admin\" rel=\"author\">wp_admin<\/a><\/span><\/span><span class=\"updated rich-snippet-hidden\">2024-06-06T13:41:45+02:00<\/span>\n\n<div  class=\"fusion-masonry-element-container fusion-image-wrapper\" style=\"background-image:url(https:\/\/www.smarttravelers.de\/wp-content\/uploads\/2020\/01\/Galeries-Royales-Saint-Hubert3.jpg);padding-top:calc((100% + 20px) * 0.4 - 10px);\" aria-haspopup=\"true\">\n\t\n\t\n\t\n\t\t\n\t\t\t\t\t<img decoding=\"async\" width=\"1920\" height=\"1080\" src=\"https:\/\/www.smarttravelers.de\/wp-content\/uploads\/2020\/01\/Galeries-Royales-Saint-Hubert3.jpg\" class=\"attachment-full size-full wp-post-image\" alt=\"Die Galeries Royales Saint-Hubert\" srcset=\"https:\/\/www.smarttravelers.de\/wp-content\/uploads\/2020\/01\/Galeries-Royales-Saint-Hubert3-200x113.jpg 200w, https:\/\/www.smarttravelers.de\/wp-content\/uploads\/2020\/01\/Galeries-Royales-Saint-Hubert3-400x225.jpg 400w, https:\/\/www.smarttravelers.de\/wp-content\/uploads\/2020\/01\/Galeries-Royales-Saint-Hubert3-600x338.jpg 600w, https:\/\/www.smarttravelers.de\/wp-content\/uploads\/2020\/01\/Galeries-Royales-Saint-Hubert3-800x450.jpg 800w, https:\/\/www.smarttravelers.de\/wp-content\/uploads\/2020\/01\/Galeries-Royales-Saint-Hubert3-1200x675.jpg 1200w, https:\/\/www.smarttravelers.de\/wp-content\/uploads\/2020\/01\/Galeries-Royales-Saint-Hubert3.jpg 1920w\" sizes=\"(min-width: 2200px) 100vw, (min-width: 140px) 1920px, \" \/>\n\t\n\n\t\t<div class=\"fusion-rollover\">\n\t<div class=\"fusion-rollover-content\">\n\n\t\t\t\t\t\t\t\t\t\t\t\t\t\t<a class=\"fusion-rollover-link\" href=\"https:\/\/www.smarttravelers.de\/en\/sights\/belgium\/brussels\/royal-saint-hubert-galleries\/\" target=\"_blank\">Royal Saint-Hubert Galleries<\/a>\n\t\t\t\n\t\t\t\t\t\t\t\t\t\t\t\t\t\t\n\t\t\t\t\t\t\t\t\n\t\t\t\t\t\t\t\t\t\t\t\t\t<div class=\"fusion-rollover-sep\"><\/div>\n\t\t\t\t\n\t\t\t\t\t\t\t\t\t\t\t\t\t\t\t\t\t\t<a class=\"fusion-rollover-gallery\" href=\"https:\/\/www.smarttravelers.de\/wp-content\/uploads\/2020\/01\/Galeries-Royales-Saint-Hubert3.jpg\" data-id=\"71929\" data-rel=\"iLightbox[gallery-rw-1]\" data-title=\"Galeries Royales Saint-Hubert3\" data-caption=\"\">\n\t\t\t\t\t\tGallery\t\t\t\t\t<\/a>\n\t\t\t\t\t\t\t\t\t\t\t\t\t\t\n\t\t\n\t\t\t\t\t\t\t\t\t\t\t\t<h4 class=\"fusion-rollover-title\">\n\t\t\t\t\t<a class=\"fusion-rollover-title-link\" href=\"https:\/\/www.smarttravelers.de\/en\/sights\/belgium\/brussels\/royal-saint-hubert-galleries\/\" target=\"_blank\">\n\t\t\t\t\t\tRoyal Saint-Hubert Galleries\t\t\t\t\t<\/a>\n\t\t\t\t<\/h4>\n\t\t\t\n\t\t\t\t\t\t\t\t\n\t\t\n\t\t\t\t\t\t<a class=\"fusion-link-wrapper\" href=\"https:\/\/www.smarttravelers.de\/en\/sights\/belgium\/brussels\/royal-saint-hubert-galleries\/\" target=\"_blank\" aria-label=\"Royal Saint-Hubert Galleries\"><\/a>\n\t<\/div>\n<\/div>\n\n\t\n<\/div>\n<\/div><\/article><article id=\"portfolio-1-post-83636\" class=\"fusion-portfolio-post alle-in-stockholm-en theater-opera-houses fusion-col-spacing post-83636 fusion-element-grid\"><div class=\"fusion-portfolio-content-wrapper\" style=\"border:none;\"><span class=\"entry-title rich-snippet-hidden\">Royal Swedish Opera<\/span><span class=\"vcard rich-snippet-hidden\"><span class=\"fn\"><a href=\"https:\/\/www.smarttravelers.de\/en\/author\/wp_admin\/\" title=\"Posts by wp_admin\" rel=\"author\">wp_admin<\/a><\/span><\/span><span class=\"updated rich-snippet-hidden\">2024-06-03T12:03:02+02:00<\/span>\n\n<div  class=\"fusion-masonry-element-container fusion-image-wrapper\" style=\"background-image:url(https:\/\/www.smarttravelers.de\/wp-content\/uploads\/2020\/03\/K\u00f6nigliche-Oper1.jpg);padding-top:calc((100% + 20px) * 0.8 - 10px);\" aria-haspopup=\"true\">\n\t\n\t\n\t\n\t\t\n\t\t\t\t\t<img decoding=\"async\" width=\"1524\" height=\"1080\" src=\"https:\/\/www.smarttravelers.de\/wp-content\/uploads\/2020\/03\/K\u00f6nigliche-Oper1.jpg\" class=\"attachment-full size-full wp-post-image\" alt=\"K\u00f6nigliche Oper Stockholm bei Nacht\" srcset=\"https:\/\/www.smarttravelers.de\/wp-content\/uploads\/2020\/03\/K\u00f6nigliche-Oper1-200x142.jpg 200w, https:\/\/www.smarttravelers.de\/wp-content\/uploads\/2020\/03\/K\u00f6nigliche-Oper1-400x283.jpg 400w, https:\/\/www.smarttravelers.de\/wp-content\/uploads\/2020\/03\/K\u00f6nigliche-Oper1-600x425.jpg 600w, https:\/\/www.smarttravelers.de\/wp-content\/uploads\/2020\/03\/K\u00f6nigliche-Oper1-800x567.jpg 800w, https:\/\/www.smarttravelers.de\/wp-content\/uploads\/2020\/03\/K\u00f6nigliche-Oper1-1200x850.jpg 1200w, https:\/\/www.smarttravelers.de\/wp-content\/uploads\/2020\/03\/K\u00f6nigliche-Oper1.jpg 1524w\" sizes=\"(min-width: 2200px) 100vw, (min-width: 284px) 356px, (min-width: 212px) 284px, (min-width: 140px) 212px, \" \/>\n\t\n\n\t\t<div class=\"fusion-rollover\">\n\t<div class=\"fusion-rollover-content\">\n\n\t\t\t\t\t\t\t\t\t\t\t\t\t\t<a class=\"fusion-rollover-link\" href=\"https:\/\/www.smarttravelers.de\/en\/sights\/schweden\/stockholm\/koenigliche-oper\/\" target=\"_blank\">Royal Swedish Opera<\/a>\n\t\t\t\n\t\t\t\t\t\t\t\t\t\t\t\t\t\t\n\t\t\t\t\t\t\t\t\n\t\t\t\t\t\t\t\t\t\t\t\t\t<div class=\"fusion-rollover-sep\"><\/div>\n\t\t\t\t\n\t\t\t\t\t\t\t\t\t\t\t\t\t\t\t\t\t\t<a class=\"fusion-rollover-gallery\" href=\"https:\/\/www.smarttravelers.de\/wp-content\/uploads\/2020\/03\/K\u00f6nigliche-Oper1.jpg\" data-id=\"83636\" data-rel=\"iLightbox[gallery-rw-1]\" data-title=\"OLYMPUS DIGITAL CAMERA\" data-caption=\"OLYMPUS DIGITAL CAMERA\">\n\t\t\t\t\t\tGallery\t\t\t\t\t<\/a>\n\t\t\t\t\t\t\t\t\t\t\t\t\t\t\n\t\t\n\t\t\t\t\t\t\t\t\t\t\t\t<h4 class=\"fusion-rollover-title\">\n\t\t\t\t\t<a class=\"fusion-rollover-title-link\" href=\"https:\/\/www.smarttravelers.de\/en\/sights\/schweden\/stockholm\/koenigliche-oper\/\" target=\"_blank\">\n\t\t\t\t\t\tRoyal Swedish Opera\t\t\t\t\t<\/a>\n\t\t\t\t<\/h4>\n\t\t\t\n\t\t\t\t\t\t\t\t\n\t\t\n\t\t\t\t\t\t<a class=\"fusion-link-wrapper\" href=\"https:\/\/www.smarttravelers.de\/en\/sights\/schweden\/stockholm\/koenigliche-oper\/\" target=\"_blank\" aria-label=\"Royal Swedish Opera\"><\/a>\n\t<\/div>\n<\/div>\n\n\t\n<\/div>\n<\/div><\/article><article id=\"portfolio-1-post-71818\" class=\"fusion-portfolio-post all-in-brussels streets-squares fusion-col-spacing post-71818 fusion-element-grid\"><div class=\"fusion-portfolio-content-wrapper\" style=\"border:none;\"><span class=\"entry-title rich-snippet-hidden\">Rue des Bouchers<\/span><span class=\"vcard rich-snippet-hidden\"><span class=\"fn\"><a href=\"https:\/\/www.smarttravelers.de\/en\/author\/wp_admin\/\" title=\"Posts by wp_admin\" rel=\"author\">wp_admin<\/a><\/span><\/span><span class=\"updated rich-snippet-hidden\">2024-06-05T11:40:24+02:00<\/span>\n\n<div  class=\"fusion-masonry-element-container fusion-image-wrapper\" style=\"background-image:url(https:\/\/www.smarttravelers.de\/wp-content\/uploads\/2020\/01\/Rue-des-Bouchers2.jpg);padding-top:calc((100% + 20px) * 0.8 - 10px);\" aria-haspopup=\"true\">\n\t\n\t\n\t\n\t\t\n\t\t\t\t\t<img decoding=\"async\" width=\"1624\" height=\"1080\" src=\"https:\/\/www.smarttravelers.de\/wp-content\/uploads\/2020\/01\/Rue-des-Bouchers2.jpg\" class=\"attachment-full size-full wp-post-image\" alt=\"Die Rue des Bouchers am Abend\" srcset=\"https:\/\/www.smarttravelers.de\/wp-content\/uploads\/2020\/01\/Rue-des-Bouchers2-200x133.jpg 200w, https:\/\/www.smarttravelers.de\/wp-content\/uploads\/2020\/01\/Rue-des-Bouchers2-400x266.jpg 400w, https:\/\/www.smarttravelers.de\/wp-content\/uploads\/2020\/01\/Rue-des-Bouchers2-600x399.jpg 600w, https:\/\/www.smarttravelers.de\/wp-content\/uploads\/2020\/01\/Rue-des-Bouchers2-800x532.jpg 800w, https:\/\/www.smarttravelers.de\/wp-content\/uploads\/2020\/01\/Rue-des-Bouchers2-1200x798.jpg 1200w, https:\/\/www.smarttravelers.de\/wp-content\/uploads\/2020\/01\/Rue-des-Bouchers2.jpg 1624w\" sizes=\"(min-width: 2200px) 100vw, (min-width: 284px) 356px, (min-width: 212px) 284px, (min-width: 140px) 212px, \" \/>\n\t\n\n\t\t<div class=\"fusion-rollover\">\n\t<div class=\"fusion-rollover-content\">\n\n\t\t\t\t\t\t\t\t\t\t\t\t\t\t<a class=\"fusion-rollover-link\" href=\"https:\/\/www.smarttravelers.de\/en\/sights\/belgium\/brussels\/rue-des-bouchers\/\" target=\"_blank\">Rue des Bouchers<\/a>\n\t\t\t\n\t\t\t\t\t\t\t\t\t\t\t\t\t\t\n\t\t\t\t\t\t\t\t\n\t\t\t\t\t\t\t\t\t\t\t\t\t<div class=\"fusion-rollover-sep\"><\/div>\n\t\t\t\t\n\t\t\t\t\t\t\t\t\t\t\t\t\t\t\t\t\t\t<a class=\"fusion-rollover-gallery\" href=\"https:\/\/www.smarttravelers.de\/wp-content\/uploads\/2020\/01\/Rue-des-Bouchers2.jpg\" data-id=\"71818\" data-rel=\"iLightbox[gallery-rw-1]\" data-title=\"Rue des Bouchers2\" data-caption=\"\">\n\t\t\t\t\t\tGallery\t\t\t\t\t<\/a>\n\t\t\t\t\t\t\t\t\t\t\t\t\t\t\n\t\t\n\t\t\t\t\t\t\t\t\t\t\t\t<h4 class=\"fusion-rollover-title\">\n\t\t\t\t\t<a class=\"fusion-rollover-title-link\" href=\"https:\/\/www.smarttravelers.de\/en\/sights\/belgium\/brussels\/rue-des-bouchers\/\" target=\"_blank\">\n\t\t\t\t\t\tRue des Bouchers\t\t\t\t\t<\/a>\n\t\t\t\t<\/h4>\n\t\t\t\n\t\t\t\t\t\t\t\t\n\t\t\n\t\t\t\t\t\t<a class=\"fusion-link-wrapper\" href=\"https:\/\/www.smarttravelers.de\/en\/sights\/belgium\/brussels\/rue-des-bouchers\/\" target=\"_blank\" aria-label=\"Rue des Bouchers\"><\/a>\n\t<\/div>\n<\/div>\n\n\t\n<\/div>\n<\/div><\/article><article id=\"portfolio-1-post-71815\" class=\"fusion-portfolio-post all-in-brussels districts fusion-col-spacing post-71815 fusion-element-grid\"><div class=\"fusion-portfolio-content-wrapper\" style=\"border:none;\"><span class=\"entry-title rich-snippet-hidden\">Saint-G\u00e9ry<\/span><span class=\"vcard rich-snippet-hidden\"><span class=\"fn\"><a href=\"https:\/\/www.smarttravelers.de\/en\/author\/wp_admin\/\" title=\"Posts by wp_admin\" rel=\"author\">wp_admin<\/a><\/span><\/span><span class=\"updated rich-snippet-hidden\">2024-06-05T11:38:08+02:00<\/span>\n\n<div  class=\"fusion-masonry-element-container fusion-image-wrapper\" style=\"background-image:url(https:\/\/www.smarttravelers.de\/wp-content\/uploads\/2020\/01\/Saint-G\u00e9ry3.jpg);padding-top:calc((100% + 20px) * 0.8 - 10px);\" aria-haspopup=\"true\">\n\t\n\t\n\t\n\t\t\n\t\t\t\t\t<img decoding=\"async\" width=\"1622\" height=\"1080\" src=\"https:\/\/www.smarttravelers.de\/wp-content\/uploads\/2020\/01\/Saint-G\u00e9ry3.jpg\" class=\"attachment-full size-full wp-post-image\" alt=\"Die Halles Saint-G\u00e9ry bei Nacht\" srcset=\"https:\/\/www.smarttravelers.de\/wp-content\/uploads\/2020\/01\/Saint-G\u00e9ry3-200x133.jpg 200w, https:\/\/www.smarttravelers.de\/wp-content\/uploads\/2020\/01\/Saint-G\u00e9ry3-400x266.jpg 400w, https:\/\/www.smarttravelers.de\/wp-content\/uploads\/2020\/01\/Saint-G\u00e9ry3-600x400.jpg 600w, https:\/\/www.smarttravelers.de\/wp-content\/uploads\/2020\/01\/Saint-G\u00e9ry3-800x533.jpg 800w, https:\/\/www.smarttravelers.de\/wp-content\/uploads\/2020\/01\/Saint-G\u00e9ry3-1200x799.jpg 1200w, https:\/\/www.smarttravelers.de\/wp-content\/uploads\/2020\/01\/Saint-G\u00e9ry3.jpg 1622w\" sizes=\"(min-width: 2200px) 100vw, (min-width: 284px) 356px, (min-width: 212px) 284px, (min-width: 140px) 212px, \" \/>\n\t\n\n\t\t<div class=\"fusion-rollover\">\n\t<div class=\"fusion-rollover-content\">\n\n\t\t\t\t\t\t\t\t\t\t\t\t\t\t<a class=\"fusion-rollover-link\" href=\"https:\/\/www.smarttravelers.de\/en\/sights\/belgium\/brussels\/saint-gery\/\" target=\"_blank\">Saint-G\u00e9ry<\/a>\n\t\t\t\n\t\t\t\t\t\t\t\t\t\t\t\t\t\t\n\t\t\t\t\t\t\t\t\n\t\t\t\t\t\t\t\t\t\t\t\t\t<div class=\"fusion-rollover-sep\"><\/div>\n\t\t\t\t\n\t\t\t\t\t\t\t\t\t\t\t\t\t\t\t\t\t\t<a class=\"fusion-rollover-gallery\" href=\"https:\/\/www.smarttravelers.de\/wp-content\/uploads\/2020\/01\/Saint-G\u00e9ry3.jpg\" data-id=\"71815\" data-rel=\"iLightbox[gallery-rw-1]\" data-title=\"Saint-G\u00e9ry3\" data-caption=\"\">\n\t\t\t\t\t\tGallery\t\t\t\t\t<\/a>\n\t\t\t\t\t\t\t\t\t\t\t\t\t\t\n\t\t\n\t\t\t\t\t\t\t\t\t\t\t\t<h4 class=\"fusion-rollover-title\">\n\t\t\t\t\t<a class=\"fusion-rollover-title-link\" href=\"https:\/\/www.smarttravelers.de\/en\/sights\/belgium\/brussels\/saint-gery\/\" target=\"_blank\">\n\t\t\t\t\t\tSaint-G\u00e9ry\t\t\t\t\t<\/a>\n\t\t\t\t<\/h4>\n\t\t\t\n\t\t\t\t\t\t\t\t\n\t\t\n\t\t\t\t\t\t<a class=\"fusion-link-wrapper\" href=\"https:\/\/www.smarttravelers.de\/en\/sights\/belgium\/brussels\/saint-gery\/\" target=\"_blank\" aria-label=\"Saint-G\u00e9ry\"><\/a>\n\t<\/div>\n<\/div>\n\n\t\n<\/div>\n<\/div><\/article><article id=\"portfolio-1-post-83733\" class=\"fusion-portfolio-post alle-in-stockholm-en streets-squares fusion-col-spacing post-83733 fusion-element-grid\"><div class=\"fusion-portfolio-content-wrapper\" style=\"border:none;\"><span class=\"entry-title rich-snippet-hidden\">Sergels torg<\/span><span class=\"vcard rich-snippet-hidden\"><span class=\"fn\"><a href=\"https:\/\/www.smarttravelers.de\/en\/author\/wp_admin\/\" title=\"Posts by wp_admin\" rel=\"author\">wp_admin<\/a><\/span><\/span><span class=\"updated rich-snippet-hidden\">2024-06-03T23:56:31+02:00<\/span>\n\n<div  class=\"fusion-masonry-element-container fusion-image-wrapper\" style=\"background-image:url(https:\/\/www.smarttravelers.de\/wp-content\/uploads\/2020\/03\/Sergels-torg1.jpg);padding-top:calc((100% + 20px) * 0.8 - 10px);\" aria-haspopup=\"true\">\n\t\n\t\n\t\n\t\t\n\t\t\t\t\t<img decoding=\"async\" width=\"1405\" height=\"1080\" src=\"https:\/\/www.smarttravelers.de\/wp-content\/uploads\/2020\/03\/Sergels-torg1.jpg\" class=\"attachment-full size-full wp-post-image\" alt=\"Glass\u00e4ule auf dem Sergels torg\" srcset=\"https:\/\/www.smarttravelers.de\/wp-content\/uploads\/2020\/03\/Sergels-torg1-200x154.jpg 200w, https:\/\/www.smarttravelers.de\/wp-content\/uploads\/2020\/03\/Sergels-torg1-400x307.jpg 400w, https:\/\/www.smarttravelers.de\/wp-content\/uploads\/2020\/03\/Sergels-torg1-600x461.jpg 600w, https:\/\/www.smarttravelers.de\/wp-content\/uploads\/2020\/03\/Sergels-torg1-800x615.jpg 800w, https:\/\/www.smarttravelers.de\/wp-content\/uploads\/2020\/03\/Sergels-torg1-1200x922.jpg 1200w, https:\/\/www.smarttravelers.de\/wp-content\/uploads\/2020\/03\/Sergels-torg1.jpg 1405w\" sizes=\"(min-width: 2200px) 100vw, (min-width: 284px) 356px, (min-width: 212px) 284px, (min-width: 140px) 212px, \" \/>\n\t\n\n\t\t<div class=\"fusion-rollover\">\n\t<div class=\"fusion-rollover-content\">\n\n\t\t\t\t\t\t\t\t\t\t\t\t\t\t<a class=\"fusion-rollover-link\" href=\"https:\/\/www.smarttravelers.de\/en\/sights\/stockholm-en\/sergels-torg\/\" target=\"_blank\">Sergels torg<\/a>\n\t\t\t\n\t\t\t\t\t\t\t\t\t\t\t\t\t\t\n\t\t\t\t\t\t\t\t\n\t\t\t\t\t\t\t\t\t\t\t\t\t<div class=\"fusion-rollover-sep\"><\/div>\n\t\t\t\t\n\t\t\t\t\t\t\t\t\t\t\t\t\t\t\t\t\t\t<a class=\"fusion-rollover-gallery\" href=\"https:\/\/www.smarttravelers.de\/wp-content\/uploads\/2020\/03\/Sergels-torg1.jpg\" data-id=\"83733\" data-rel=\"iLightbox[gallery-rw-1]\" data-title=\"\u00d1\u00f2\u00ee\u00ea\u00e3\u00ee\u00eb\u00fc\u00ec\" data-caption=\"\u00d1\u00f2\u00ee\u00ea\u00e3\u00ee\u00eb\u00fc\u00ec\">\n\t\t\t\t\t\tGallery\t\t\t\t\t<\/a>\n\t\t\t\t\t\t\t\t\t\t\t\t\t\t\n\t\t\n\t\t\t\t\t\t\t\t\t\t\t\t<h4 class=\"fusion-rollover-title\">\n\t\t\t\t\t<a class=\"fusion-rollover-title-link\" href=\"https:\/\/www.smarttravelers.de\/en\/sights\/stockholm-en\/sergels-torg\/\" target=\"_blank\">\n\t\t\t\t\t\tSergels torg\t\t\t\t\t<\/a>\n\t\t\t\t<\/h4>\n\t\t\t\n\t\t\t\t\t\t\t\t\n\t\t\n\t\t\t\t\t\t<a class=\"fusion-link-wrapper\" href=\"https:\/\/www.smarttravelers.de\/en\/sights\/stockholm-en\/sergels-torg\/\" target=\"_blank\" aria-label=\"Sergels torg\"><\/a>\n\t<\/div>\n<\/div>\n\n\t\n<\/div>\n<\/div><\/article><article id=\"portfolio-1-post-83737\" class=\"fusion-portfolio-post alle-in-stockholm-en highlights-en museums-galleries fusion-col-spacing post-83737 fusion-element-grid\"><div class=\"fusion-portfolio-content-wrapper\" style=\"border:none;\"><span class=\"entry-title rich-snippet-hidden\">Skansen<\/span><span class=\"vcard rich-snippet-hidden\"><span class=\"fn\"><a href=\"https:\/\/www.smarttravelers.de\/en\/author\/wp_admin\/\" title=\"Posts by wp_admin\" rel=\"author\">wp_admin<\/a><\/span><\/span><span class=\"updated rich-snippet-hidden\">2024-06-03T23:59:45+02:00<\/span>\n\n<div  class=\"fusion-masonry-element-container fusion-image-wrapper\" style=\"background-image:url(https:\/\/www.smarttravelers.de\/wp-content\/uploads\/2020\/03\/Skansen2.jpg);padding-top:calc((100% + 20px) * 0.8 - 10px);\" aria-haspopup=\"true\">\n\t\n\t\n\t\n\t\t\n\t\t\t\t\t<img decoding=\"async\" width=\"1620\" height=\"1080\" src=\"https:\/\/www.smarttravelers.de\/wp-content\/uploads\/2020\/03\/Skansen2.jpg\" class=\"attachment-full size-full wp-post-image\" alt=\"H\u00e4userzeile in Skansen\" srcset=\"https:\/\/www.smarttravelers.de\/wp-content\/uploads\/2020\/03\/Skansen2-200x133.jpg 200w, https:\/\/www.smarttravelers.de\/wp-content\/uploads\/2020\/03\/Skansen2-400x267.jpg 400w, https:\/\/www.smarttravelers.de\/wp-content\/uploads\/2020\/03\/Skansen2-600x400.jpg 600w, https:\/\/www.smarttravelers.de\/wp-content\/uploads\/2020\/03\/Skansen2-800x533.jpg 800w, https:\/\/www.smarttravelers.de\/wp-content\/uploads\/2020\/03\/Skansen2-1200x800.jpg 1200w, https:\/\/www.smarttravelers.de\/wp-content\/uploads\/2020\/03\/Skansen2.jpg 1620w\" sizes=\"(min-width: 2200px) 100vw, (min-width: 284px) 356px, (min-width: 212px) 284px, (min-width: 140px) 212px, \" \/>\n\t\n\n\t\t<div class=\"fusion-rollover\">\n\t<div class=\"fusion-rollover-content\">\n\n\t\t\t\t\t\t\t\t\t\t\t\t\t\t<a class=\"fusion-rollover-link\" href=\"https:\/\/www.smarttravelers.de\/en\/sights\/schweden\/stockholm\/skansen\/\" target=\"_blank\">Skansen<\/a>\n\t\t\t\n\t\t\t\t\t\t\t\t\t\t\t\t\t\t\n\t\t\t\t\t\t\t\t\n\t\t\t\t\t\t\t\t\t\t\t\t\t<div class=\"fusion-rollover-sep\"><\/div>\n\t\t\t\t\n\t\t\t\t\t\t\t\t\t\t\t\t\t\t\t\t\t\t<a class=\"fusion-rollover-gallery\" href=\"https:\/\/www.smarttravelers.de\/wp-content\/uploads\/2020\/03\/Skansen2.jpg\" data-id=\"83737\" data-rel=\"iLightbox[gallery-rw-1]\" data-title=\"Skansen2\" data-caption=\"\">\n\t\t\t\t\t\tGallery\t\t\t\t\t<\/a>\n\t\t\t\t\t\t\t\t\t\t\t\t\t\t\n\t\t\n\t\t\t\t\t\t\t\t\t\t\t\t<h4 class=\"fusion-rollover-title\">\n\t\t\t\t\t<a class=\"fusion-rollover-title-link\" href=\"https:\/\/www.smarttravelers.de\/en\/sights\/schweden\/stockholm\/skansen\/\" target=\"_blank\">\n\t\t\t\t\t\tSkansen\t\t\t\t\t<\/a>\n\t\t\t\t<\/h4>\n\t\t\t\n\t\t\t\t\t\t\t\t\n\t\t\n\t\t\t\t\t\t<a class=\"fusion-link-wrapper\" href=\"https:\/\/www.smarttravelers.de\/en\/sights\/schweden\/stockholm\/skansen\/\" target=\"_blank\" aria-label=\"Skansen\"><\/a>\n\t<\/div>\n<\/div>\n\n\t\n<\/div>\n<\/div><\/article><article id=\"portfolio-1-post-83741\" class=\"fusion-portfolio-post alle-in-stockholm-en zoos-aquariums fusion-col-spacing post-83741 fusion-element-grid\"><div class=\"fusion-portfolio-content-wrapper\" style=\"border:none;\"><span class=\"entry-title rich-snippet-hidden\">Skansen-Akvariet<\/span><span class=\"vcard rich-snippet-hidden\"><span class=\"fn\"><a href=\"https:\/\/www.smarttravelers.de\/en\/author\/wp_admin\/\" title=\"Posts by wp_admin\" rel=\"author\">wp_admin<\/a><\/span><\/span><span class=\"updated rich-snippet-hidden\">2024-06-04T00:01:34+02:00<\/span>\n\n<div  class=\"fusion-masonry-element-container fusion-image-wrapper\" style=\"background-image:url(https:\/\/www.smarttravelers.de\/wp-content\/uploads\/2020\/03\/Skansen-Akvariet1.jpg);padding-top:calc((100% + 20px) * 0.8 - 10px);\" aria-haspopup=\"true\">\n\t\n\t\n\t\n\t\t\n\t\t\t\t\t<img decoding=\"async\" width=\"1440\" height=\"1080\" src=\"https:\/\/www.smarttravelers.de\/wp-content\/uploads\/2020\/03\/Skansen-Akvariet1.jpg\" class=\"attachment-full size-full wp-post-image\" alt=\"Krokodil im Skansen-Akvariet\" srcset=\"https:\/\/www.smarttravelers.de\/wp-content\/uploads\/2020\/03\/Skansen-Akvariet1-200x150.jpg 200w, https:\/\/www.smarttravelers.de\/wp-content\/uploads\/2020\/03\/Skansen-Akvariet1-400x300.jpg 400w, https:\/\/www.smarttravelers.de\/wp-content\/uploads\/2020\/03\/Skansen-Akvariet1-600x450.jpg 600w, https:\/\/www.smarttravelers.de\/wp-content\/uploads\/2020\/03\/Skansen-Akvariet1-800x600.jpg 800w, https:\/\/www.smarttravelers.de\/wp-content\/uploads\/2020\/03\/Skansen-Akvariet1-1200x900.jpg 1200w, https:\/\/www.smarttravelers.de\/wp-content\/uploads\/2020\/03\/Skansen-Akvariet1.jpg 1440w\" sizes=\"(min-width: 2200px) 100vw, (min-width: 284px) 356px, (min-width: 212px) 284px, (min-width: 140px) 212px, \" \/>\n\t\n\n\t\t<div class=\"fusion-rollover\">\n\t<div class=\"fusion-rollover-content\">\n\n\t\t\t\t\t\t\t\t\t\t\t\t\t\t<a class=\"fusion-rollover-link\" href=\"https:\/\/www.smarttravelers.de\/en\/sights\/schweden\/stockholm\/skansen-akvariet\/\" target=\"_blank\">Skansen-Akvariet<\/a>\n\t\t\t\n\t\t\t\t\t\t\t\t\t\t\t\t\t\t\n\t\t\t\t\t\t\t\t\n\t\t\t\t\t\t\t\t\t\t\t\t\t<div class=\"fusion-rollover-sep\"><\/div>\n\t\t\t\t\n\t\t\t\t\t\t\t\t\t\t\t\t\t\t\t\t\t\t<a class=\"fusion-rollover-gallery\" href=\"https:\/\/www.smarttravelers.de\/wp-content\/uploads\/2020\/03\/Skansen-Akvariet1.jpg\" data-id=\"83741\" data-rel=\"iLightbox[gallery-rw-1]\" data-title=\"Animal pic\" data-caption=\"Animal pic\">\n\t\t\t\t\t\tGallery\t\t\t\t\t<\/a>\n\t\t\t\t\t\t\t\t\t\t\t\t\t\t\n\t\t\n\t\t\t\t\t\t\t\t\t\t\t\t<h4 class=\"fusion-rollover-title\">\n\t\t\t\t\t<a class=\"fusion-rollover-title-link\" href=\"https:\/\/www.smarttravelers.de\/en\/sights\/schweden\/stockholm\/skansen-akvariet\/\" target=\"_blank\">\n\t\t\t\t\t\tSkansen-Akvariet\t\t\t\t\t<\/a>\n\t\t\t\t<\/h4>\n\t\t\t\n\t\t\t\t\t\t\t\t\n\t\t\n\t\t\t\t\t\t<a class=\"fusion-link-wrapper\" href=\"https:\/\/www.smarttravelers.de\/en\/sights\/schweden\/stockholm\/skansen-akvariet\/\" target=\"_blank\" aria-label=\"Skansen-Akvariet\"><\/a>\n\t<\/div>\n<\/div>\n\n\t\n<\/div>\n<\/div><\/article><article id=\"portfolio-1-post-83745\" class=\"fusion-portfolio-post alle-in-stockholm-en districts viewpoints fusion-col-spacing post-83745 fusion-element-grid\"><div class=\"fusion-portfolio-content-wrapper\" style=\"border:none;\"><span class=\"entry-title rich-snippet-hidden\">Skeppsholmen<\/span><span class=\"vcard rich-snippet-hidden\"><span class=\"fn\"><a href=\"https:\/\/www.smarttravelers.de\/en\/author\/wp_admin\/\" title=\"Posts by wp_admin\" rel=\"author\">wp_admin<\/a><\/span><\/span><span class=\"updated rich-snippet-hidden\">2024-06-04T00:06:02+02:00<\/span>\n\n<div  class=\"fusion-masonry-element-container fusion-image-wrapper\" style=\"background-image:url(https:\/\/www.smarttravelers.de\/wp-content\/uploads\/2020\/03\/Skeppsholmen1.jpg);padding-top:calc((100% + 20px) * 0.8 - 10px);\" aria-haspopup=\"true\">\n\t\n\t\n\t\n\t\t\n\t\t\t\t\t<img decoding=\"async\" width=\"1618\" height=\"1080\" src=\"https:\/\/www.smarttravelers.de\/wp-content\/uploads\/2020\/03\/Skeppsholmen1.jpg\" class=\"attachment-full size-full wp-post-image\" alt=\"Luftbild von Skeppsholmen\" srcset=\"https:\/\/www.smarttravelers.de\/wp-content\/uploads\/2020\/03\/Skeppsholmen1-200x133.jpg 200w, https:\/\/www.smarttravelers.de\/wp-content\/uploads\/2020\/03\/Skeppsholmen1-400x267.jpg 400w, https:\/\/www.smarttravelers.de\/wp-content\/uploads\/2020\/03\/Skeppsholmen1-600x400.jpg 600w, https:\/\/www.smarttravelers.de\/wp-content\/uploads\/2020\/03\/Skeppsholmen1-800x534.jpg 800w, https:\/\/www.smarttravelers.de\/wp-content\/uploads\/2020\/03\/Skeppsholmen1-1200x801.jpg 1200w, https:\/\/www.smarttravelers.de\/wp-content\/uploads\/2020\/03\/Skeppsholmen1.jpg 1618w\" sizes=\"(min-width: 2200px) 100vw, (min-width: 284px) 356px, (min-width: 212px) 284px, (min-width: 140px) 212px, \" \/>\n\t\n\n\t\t<div class=\"fusion-rollover\">\n\t<div class=\"fusion-rollover-content\">\n\n\t\t\t\t\t\t\t\t\t\t\t\t\t\t<a class=\"fusion-rollover-link\" href=\"https:\/\/www.smarttravelers.de\/en\/sights\/schweden\/stockholm\/skeppsholmen\/\" target=\"_blank\">Skeppsholmen<\/a>\n\t\t\t\n\t\t\t\t\t\t\t\t\t\t\t\t\t\t\n\t\t\t\t\t\t\t\t\n\t\t\t\t\t\t\t\t\t\t\t\t\t<div class=\"fusion-rollover-sep\"><\/div>\n\t\t\t\t\n\t\t\t\t\t\t\t\t\t\t\t\t\t\t\t\t\t\t<a class=\"fusion-rollover-gallery\" href=\"https:\/\/www.smarttravelers.de\/wp-content\/uploads\/2020\/03\/Skeppsholmen1.jpg\" data-id=\"83745\" data-rel=\"iLightbox[gallery-rw-1]\" data-title=\"Skeppsholmen1\" data-caption=\"\">\n\t\t\t\t\t\tGallery\t\t\t\t\t<\/a>\n\t\t\t\t\t\t\t\t\t\t\t\t\t\t\n\t\t\n\t\t\t\t\t\t\t\t\t\t\t\t<h4 class=\"fusion-rollover-title\">\n\t\t\t\t\t<a class=\"fusion-rollover-title-link\" href=\"https:\/\/www.smarttravelers.de\/en\/sights\/schweden\/stockholm\/skeppsholmen\/\" target=\"_blank\">\n\t\t\t\t\t\tSkeppsholmen\t\t\t\t\t<\/a>\n\t\t\t\t<\/h4>\n\t\t\t\n\t\t\t\t\t\t\t\t\n\t\t\n\t\t\t\t\t\t<a class=\"fusion-link-wrapper\" href=\"https:\/\/www.smarttravelers.de\/en\/sights\/schweden\/stockholm\/skeppsholmen\/\" target=\"_blank\" aria-label=\"Skeppsholmen\"><\/a>\n\t<\/div>\n<\/div>\n\n\t\n<\/div>\n<\/div><\/article><article id=\"portfolio-1-post-83749\" class=\"fusion-portfolio-post alle-in-stockholm-en other-sights world-heritage-sites fusion-col-spacing post-83749 fusion-element-grid\"><div class=\"fusion-portfolio-content-wrapper\" style=\"border:none;\"><span class=\"entry-title rich-snippet-hidden\">Skogskyrkog\u00e5rden<\/span><span class=\"vcard rich-snippet-hidden\"><span class=\"fn\"><a href=\"https:\/\/www.smarttravelers.de\/en\/author\/wp_admin\/\" title=\"Posts by wp_admin\" rel=\"author\">wp_admin<\/a><\/span><\/span><span class=\"updated rich-snippet-hidden\">2024-06-04T00:10:23+02:00<\/span>\n\n<div  class=\"fusion-masonry-element-container fusion-image-wrapper\" style=\"background-image:url(https:\/\/www.smarttravelers.de\/wp-content\/uploads\/2020\/03\/Skogskyrkog\u00e5rden1.jpg);padding-top:calc((100% + 20px) * 0.8 - 10px);\" aria-haspopup=\"true\">\n\t\n\t\n\t\n\t\t\n\t\t\t\t\t<img decoding=\"async\" width=\"1440\" height=\"1080\" src=\"https:\/\/www.smarttravelers.de\/wp-content\/uploads\/2020\/03\/Skogskyrkog\u00e5rden1.jpg\" class=\"attachment-full size-full wp-post-image\" alt=\"Wals im\" srcset=\"https:\/\/www.smarttravelers.de\/wp-content\/uploads\/2020\/03\/Skogskyrkog\u00e5rden1-200x150.jpg 200w, https:\/\/www.smarttravelers.de\/wp-content\/uploads\/2020\/03\/Skogskyrkog\u00e5rden1-400x300.jpg 400w, https:\/\/www.smarttravelers.de\/wp-content\/uploads\/2020\/03\/Skogskyrkog\u00e5rden1-600x450.jpg 600w, https:\/\/www.smarttravelers.de\/wp-content\/uploads\/2020\/03\/Skogskyrkog\u00e5rden1-800x600.jpg 800w, https:\/\/www.smarttravelers.de\/wp-content\/uploads\/2020\/03\/Skogskyrkog\u00e5rden1-1200x900.jpg 1200w, https:\/\/www.smarttravelers.de\/wp-content\/uploads\/2020\/03\/Skogskyrkog\u00e5rden1.jpg 1440w\" sizes=\"(min-width: 2200px) 100vw, (min-width: 284px) 356px, (min-width: 212px) 284px, (min-width: 140px) 212px, \" \/>\n\t\n\n\t\t<div class=\"fusion-rollover\">\n\t<div class=\"fusion-rollover-content\">\n\n\t\t\t\t\t\t\t\t\t\t\t\t\t\t<a class=\"fusion-rollover-link\" href=\"https:\/\/www.smarttravelers.de\/en\/sights\/schweden\/stockholm\/skogskyrkogaarden\/\" target=\"_blank\">Skogskyrkog\u00e5rden<\/a>\n\t\t\t\n\t\t\t\t\t\t\t\t\t\t\t\t\t\t\n\t\t\t\t\t\t\t\t\n\t\t\t\t\t\t\t\t\t\t\t\t\t<div class=\"fusion-rollover-sep\"><\/div>\n\t\t\t\t\n\t\t\t\t\t\t\t\t\t\t\t\t\t\t\t\t\t\t<a class=\"fusion-rollover-gallery\" href=\"https:\/\/www.smarttravelers.de\/wp-content\/uploads\/2020\/03\/Skogskyrkog\u00e5rden1.jpg\" data-id=\"83749\" data-rel=\"iLightbox[gallery-rw-1]\" data-title=\"Skogskyrkog\u00e5rden1\" data-caption=\"\">\n\t\t\t\t\t\tGallery\t\t\t\t\t<\/a>\n\t\t\t\t\t\t\t\t\t\t\t\t\t\t\n\t\t\n\t\t\t\t\t\t\t\t\t\t\t\t<h4 class=\"fusion-rollover-title\">\n\t\t\t\t\t<a class=\"fusion-rollover-title-link\" href=\"https:\/\/www.smarttravelers.de\/en\/sights\/schweden\/stockholm\/skogskyrkogaarden\/\" target=\"_blank\">\n\t\t\t\t\t\tSkogskyrkog\u00e5rden\t\t\t\t\t<\/a>\n\t\t\t\t<\/h4>\n\t\t\t\n\t\t\t\t\t\t\t\t\n\t\t\n\t\t\t\t\t\t<a class=\"fusion-link-wrapper\" href=\"https:\/\/www.smarttravelers.de\/en\/sights\/schweden\/stockholm\/skogskyrkogaarden\/\" target=\"_blank\" aria-label=\"Skogskyrkog\u00e5rden\"><\/a>\n\t<\/div>\n<\/div>\n\n\t\n<\/div>\n<\/div><\/article><article id=\"portfolio-1-post-83753\" class=\"fusion-portfolio-post alle-in-stockholm-en districts fusion-col-spacing post-83753 fusion-element-grid\"><div class=\"fusion-portfolio-content-wrapper\" style=\"border:none;\"><span class=\"entry-title rich-snippet-hidden\">S\u00f6dermalm<\/span><span class=\"vcard rich-snippet-hidden\"><span class=\"fn\"><a href=\"https:\/\/www.smarttravelers.de\/en\/author\/wp_admin\/\" title=\"Posts by wp_admin\" rel=\"author\">wp_admin<\/a><\/span><\/span><span class=\"updated rich-snippet-hidden\">2024-06-04T13:51:17+02:00<\/span>\n\n<div  class=\"fusion-masonry-element-container fusion-image-wrapper\" style=\"background-image:url(https:\/\/www.smarttravelers.de\/wp-content\/uploads\/2020\/03\/S\u00f6dermalm1.jpg);padding-top:calc((100% + 20px) * 0.8 - 10px);\" aria-haspopup=\"true\">\n\t\n\t\n\t\n\t\t\n\t\t\t\t\t<img decoding=\"async\" width=\"1440\" height=\"1080\" src=\"https:\/\/www.smarttravelers.de\/wp-content\/uploads\/2020\/03\/S\u00f6dermalm1.jpg\" class=\"attachment-full size-full wp-post-image\" alt=\"H\u00e4user in S\u00f6dermalm\" srcset=\"https:\/\/www.smarttravelers.de\/wp-content\/uploads\/2020\/03\/S\u00f6dermalm1-200x150.jpg 200w, https:\/\/www.smarttravelers.de\/wp-content\/uploads\/2020\/03\/S\u00f6dermalm1-400x300.jpg 400w, https:\/\/www.smarttravelers.de\/wp-content\/uploads\/2020\/03\/S\u00f6dermalm1-600x450.jpg 600w, https:\/\/www.smarttravelers.de\/wp-content\/uploads\/2020\/03\/S\u00f6dermalm1-800x600.jpg 800w, https:\/\/www.smarttravelers.de\/wp-content\/uploads\/2020\/03\/S\u00f6dermalm1-1200x900.jpg 1200w, https:\/\/www.smarttravelers.de\/wp-content\/uploads\/2020\/03\/S\u00f6dermalm1.jpg 1440w\" sizes=\"(min-width: 2200px) 100vw, (min-width: 284px) 356px, (min-width: 212px) 284px, (min-width: 140px) 212px, \" \/>\n\t\n\n\t\t<div class=\"fusion-rollover\">\n\t<div class=\"fusion-rollover-content\">\n\n\t\t\t\t\t\t\t\t\t\t\t\t\t\t<a class=\"fusion-rollover-link\" href=\"https:\/\/www.smarttravelers.de\/en\/sights\/schweden\/stockholm\/soedermalm\/\" target=\"_blank\">S\u00f6dermalm<\/a>\n\t\t\t\n\t\t\t\t\t\t\t\t\t\t\t\t\t\t\n\t\t\t\t\t\t\t\t\n\t\t\t\t\t\t\t\t\t\t\t\t\t<div class=\"fusion-rollover-sep\"><\/div>\n\t\t\t\t\n\t\t\t\t\t\t\t\t\t\t\t\t\t\t\t\t\t\t<a class=\"fusion-rollover-gallery\" href=\"https:\/\/www.smarttravelers.de\/wp-content\/uploads\/2020\/03\/S\u00f6dermalm1.jpg\" data-id=\"83753\" data-rel=\"iLightbox[gallery-rw-1]\" data-title=\"S\u00f6dermalm1\" data-caption=\"\">\n\t\t\t\t\t\tGallery\t\t\t\t\t<\/a>\n\t\t\t\t\t\t\t\t\t\t\t\t\t\t\n\t\t\n\t\t\t\t\t\t\t\t\t\t\t\t<h4 class=\"fusion-rollover-title\">\n\t\t\t\t\t<a class=\"fusion-rollover-title-link\" href=\"https:\/\/www.smarttravelers.de\/en\/sights\/schweden\/stockholm\/soedermalm\/\" target=\"_blank\">\n\t\t\t\t\t\tS\u00f6dermalm\t\t\t\t\t<\/a>\n\t\t\t\t<\/h4>\n\t\t\t\n\t\t\t\t\t\t\t\t\n\t\t\n\t\t\t\t\t\t<a class=\"fusion-link-wrapper\" href=\"https:\/\/www.smarttravelers.de\/en\/sights\/schweden\/stockholm\/soedermalm\/\" target=\"_blank\" aria-label=\"S\u00f6dermalm\"><\/a>\n\t<\/div>\n<\/div>\n\n\t\n<\/div>\n<\/div><\/article><article id=\"portfolio-1-post-83776\" class=\"fusion-portfolio-post alle-in-stockholm-en highlights-en historical-buildings viewpoints fusion-col-spacing post-83776 fusion-element-grid\"><div class=\"fusion-portfolio-content-wrapper\" style=\"border:none;\"><span class=\"entry-title rich-snippet-hidden\">Stockholm City Hall<\/span><span class=\"vcard rich-snippet-hidden\"><span class=\"fn\"><a href=\"https:\/\/www.smarttravelers.de\/en\/author\/wp_admin\/\" title=\"Posts by wp_admin\" rel=\"author\">wp_admin<\/a><\/span><\/span><span class=\"updated rich-snippet-hidden\">2024-06-04T14:11:36+02:00<\/span>\n\n<div  class=\"fusion-masonry-element-container fusion-image-wrapper\" style=\"background-image:url(https:\/\/www.smarttravelers.de\/wp-content\/uploads\/2020\/03\/Stockholms-stadshus1.jpg);padding-top:calc((100% + 20px) * 0.8 - 10px);\" aria-haspopup=\"true\">\n\t\n\t\n\t\n\t\t\n\t\t\t\t\t<img decoding=\"async\" width=\"1183\" height=\"1080\" src=\"https:\/\/www.smarttravelers.de\/wp-content\/uploads\/2020\/03\/Stockholms-stadshus1.jpg\" class=\"attachment-full size-full wp-post-image\" alt=\"Au\u00dfenansicht von Stockholms stadshus\" srcset=\"https:\/\/www.smarttravelers.de\/wp-content\/uploads\/2020\/03\/Stockholms-stadshus1-200x183.jpg 200w, https:\/\/www.smarttravelers.de\/wp-content\/uploads\/2020\/03\/Stockholms-stadshus1-400x365.jpg 400w, https:\/\/www.smarttravelers.de\/wp-content\/uploads\/2020\/03\/Stockholms-stadshus1-600x548.jpg 600w, https:\/\/www.smarttravelers.de\/wp-content\/uploads\/2020\/03\/Stockholms-stadshus1-800x730.jpg 800w, https:\/\/www.smarttravelers.de\/wp-content\/uploads\/2020\/03\/Stockholms-stadshus1.jpg 1183w\" sizes=\"(min-width: 2200px) 100vw, (min-width: 284px) 356px, (min-width: 212px) 284px, (min-width: 140px) 212px, \" \/>\n\t\n\n\t\t<div class=\"fusion-rollover\">\n\t<div class=\"fusion-rollover-content\">\n\n\t\t\t\t\t\t\t\t\t\t\t\t\t\t<a class=\"fusion-rollover-link\" href=\"https:\/\/www.smarttravelers.de\/en\/sights\/schweden\/stockholm\/stockholms-stadshus\/\" target=\"_blank\">Stockholm City Hall<\/a>\n\t\t\t\n\t\t\t\t\t\t\t\t\t\t\t\t\t\t\n\t\t\t\t\t\t\t\t\n\t\t\t\t\t\t\t\t\t\t\t\t\t<div class=\"fusion-rollover-sep\"><\/div>\n\t\t\t\t\n\t\t\t\t\t\t\t\t\t\t\t\t\t\t\t\t\t\t<a class=\"fusion-rollover-gallery\" href=\"https:\/\/www.smarttravelers.de\/wp-content\/uploads\/2020\/03\/Stockholms-stadshus1.jpg\" data-id=\"83776\" data-rel=\"iLightbox[gallery-rw-1]\" data-title=\"Stockholms stadshus1\" data-caption=\"\">\n\t\t\t\t\t\tGallery\t\t\t\t\t<\/a>\n\t\t\t\t\t\t\t\t\t\t\t\t\t\t\n\t\t\n\t\t\t\t\t\t\t\t\t\t\t\t<h4 class=\"fusion-rollover-title\">\n\t\t\t\t\t<a class=\"fusion-rollover-title-link\" href=\"https:\/\/www.smarttravelers.de\/en\/sights\/schweden\/stockholm\/stockholms-stadshus\/\" target=\"_blank\">\n\t\t\t\t\t\tStockholm City Hall\t\t\t\t\t<\/a>\n\t\t\t\t<\/h4>\n\t\t\t\n\t\t\t\t\t\t\t\t\n\t\t\n\t\t\t\t\t\t<a class=\"fusion-link-wrapper\" href=\"https:\/\/www.smarttravelers.de\/en\/sights\/schweden\/stockholm\/stockholms-stadshus\/\" target=\"_blank\" aria-label=\"Stockholm City Hall\"><\/a>\n\t<\/div>\n<\/div>\n\n\t\n<\/div>\n<\/div><\/article><article id=\"portfolio-1-post-83762\" class=\"fusion-portfolio-post alle-in-stockholm-en museums-galleries fusion-col-spacing post-83762 fusion-element-grid\"><div class=\"fusion-portfolio-content-wrapper\" style=\"border:none;\"><span class=\"entry-title rich-snippet-hidden\">Stockholm City Museum<\/span><span class=\"vcard rich-snippet-hidden\"><span class=\"fn\"><a href=\"https:\/\/www.smarttravelers.de\/en\/author\/wp_admin\/\" title=\"Posts by wp_admin\" rel=\"author\">wp_admin<\/a><\/span><\/span><span class=\"updated rich-snippet-hidden\">2024-06-04T14:01:08+02:00<\/span>\n\n<div  class=\"fusion-masonry-element-container fusion-image-wrapper\" style=\"background-image:url(https:\/\/www.smarttravelers.de\/wp-content\/uploads\/2020\/03\/Stockholmer-Stadtmuseum1.jpg);padding-top:calc((100% + 20px) * 0.8 - 10px);\" aria-haspopup=\"true\">\n\t\n\t\n\t\n\t\t\n\t\t\t\t\t<img decoding=\"async\" width=\"1467\" height=\"1080\" src=\"https:\/\/www.smarttravelers.de\/wp-content\/uploads\/2020\/03\/Stockholmer-Stadtmuseum1.jpg\" class=\"attachment-full size-full wp-post-image\" alt=\"Ausstellungsraum Stockholmer Stadtmuseum\" srcset=\"https:\/\/www.smarttravelers.de\/wp-content\/uploads\/2020\/03\/Stockholmer-Stadtmuseum1-200x147.jpg 200w, https:\/\/www.smarttravelers.de\/wp-content\/uploads\/2020\/03\/Stockholmer-Stadtmuseum1-400x294.jpg 400w, https:\/\/www.smarttravelers.de\/wp-content\/uploads\/2020\/03\/Stockholmer-Stadtmuseum1-600x442.jpg 600w, https:\/\/www.smarttravelers.de\/wp-content\/uploads\/2020\/03\/Stockholmer-Stadtmuseum1-800x589.jpg 800w, https:\/\/www.smarttravelers.de\/wp-content\/uploads\/2020\/03\/Stockholmer-Stadtmuseum1-1200x883.jpg 1200w, https:\/\/www.smarttravelers.de\/wp-content\/uploads\/2020\/03\/Stockholmer-Stadtmuseum1.jpg 1467w\" sizes=\"(min-width: 2200px) 100vw, (min-width: 284px) 356px, (min-width: 212px) 284px, (min-width: 140px) 212px, \" \/>\n\t\n\n\t\t<div class=\"fusion-rollover\">\n\t<div class=\"fusion-rollover-content\">\n\n\t\t\t\t\t\t\t\t\t\t\t\t\t\t<a class=\"fusion-rollover-link\" href=\"https:\/\/www.smarttravelers.de\/en\/sights\/schweden\/stockholm\/stockholmer-stadtmuseum\/\" target=\"_blank\">Stockholm City Museum<\/a>\n\t\t\t\n\t\t\t\t\t\t\t\t\t\t\t\t\t\t\n\t\t\t\t\t\t\t\t\n\t\t\t\t\t\t\t\t\t\t\t\t\t<div class=\"fusion-rollover-sep\"><\/div>\n\t\t\t\t\n\t\t\t\t\t\t\t\t\t\t\t\t\t\t\t\t\t\t<a class=\"fusion-rollover-gallery\" href=\"https:\/\/www.smarttravelers.de\/wp-content\/uploads\/2020\/03\/Stockholmer-Stadtmuseum1.jpg\" data-id=\"83762\" data-rel=\"iLightbox[gallery-rw-1]\" data-title=\"Stockholmer Stadtmuseum1\" data-caption=\"\">\n\t\t\t\t\t\tGallery\t\t\t\t\t<\/a>\n\t\t\t\t\t\t\t\t\t\t\t\t\t\t\n\t\t\n\t\t\t\t\t\t\t\t\t\t\t\t<h4 class=\"fusion-rollover-title\">\n\t\t\t\t\t<a class=\"fusion-rollover-title-link\" href=\"https:\/\/www.smarttravelers.de\/en\/sights\/schweden\/stockholm\/stockholmer-stadtmuseum\/\" target=\"_blank\">\n\t\t\t\t\t\tStockholm City Museum\t\t\t\t\t<\/a>\n\t\t\t\t<\/h4>\n\t\t\t\n\t\t\t\t\t\t\t\t\n\t\t\n\t\t\t\t\t\t<a class=\"fusion-link-wrapper\" href=\"https:\/\/www.smarttravelers.de\/en\/sights\/schweden\/stockholm\/stockholmer-stadtmuseum\/\" target=\"_blank\" aria-label=\"Stockholm City Museum\"><\/a>\n\t<\/div>\n<\/div>\n\n\t\n<\/div>\n<\/div><\/article><article id=\"portfolio-1-post-83646\" class=\"fusion-portfolio-post alle-in-stockholm-en theater-opera-houses fusion-col-spacing post-83646 fusion-element-grid\"><div class=\"fusion-portfolio-content-wrapper\" style=\"border:none;\"><span class=\"entry-title rich-snippet-hidden\">Stockholm Concert Hall<\/span><span class=\"vcard rich-snippet-hidden\"><span class=\"fn\"><a href=\"https:\/\/www.smarttravelers.de\/en\/author\/wp_admin\/\" title=\"Posts by wp_admin\" rel=\"author\">wp_admin<\/a><\/span><\/span><span class=\"updated rich-snippet-hidden\">2024-06-03T12:17:24+02:00<\/span>\n\n<div  class=\"fusion-masonry-element-container fusion-image-wrapper\" style=\"background-image:url(https:\/\/www.smarttravelers.de\/wp-content\/uploads\/2020\/03\/Konserthuset2.jpg);padding-top:calc((100% + 20px) * 0.8 - 10px);\" aria-haspopup=\"true\">\n\t\n\t\n\t\n\t\t\n\t\t\t\t\t<img decoding=\"async\" width=\"1563\" height=\"1080\" src=\"https:\/\/www.smarttravelers.de\/wp-content\/uploads\/2020\/03\/Konserthuset2.jpg\" class=\"attachment-full size-full wp-post-image\" alt=\"Konserthuset Gro\u00dfer Saal\" srcset=\"https:\/\/www.smarttravelers.de\/wp-content\/uploads\/2020\/03\/Konserthuset2-200x138.jpg 200w, https:\/\/www.smarttravelers.de\/wp-content\/uploads\/2020\/03\/Konserthuset2-400x276.jpg 400w, https:\/\/www.smarttravelers.de\/wp-content\/uploads\/2020\/03\/Konserthuset2-600x415.jpg 600w, https:\/\/www.smarttravelers.de\/wp-content\/uploads\/2020\/03\/Konserthuset2-800x553.jpg 800w, https:\/\/www.smarttravelers.de\/wp-content\/uploads\/2020\/03\/Konserthuset2-1200x829.jpg 1200w, https:\/\/www.smarttravelers.de\/wp-content\/uploads\/2020\/03\/Konserthuset2.jpg 1563w\" sizes=\"(min-width: 2200px) 100vw, (min-width: 284px) 356px, (min-width: 212px) 284px, (min-width: 140px) 212px, \" \/>\n\t\n\n\t\t<div class=\"fusion-rollover\">\n\t<div class=\"fusion-rollover-content\">\n\n\t\t\t\t\t\t\t\t\t\t\t\t\t\t<a class=\"fusion-rollover-link\" href=\"https:\/\/www.smarttravelers.de\/en\/sights\/schweden\/stockholm\/konserthuset\/\" target=\"_blank\">Stockholm Concert Hall<\/a>\n\t\t\t\n\t\t\t\t\t\t\t\t\t\t\t\t\t\t\n\t\t\t\t\t\t\t\t\n\t\t\t\t\t\t\t\t\t\t\t\t\t<div class=\"fusion-rollover-sep\"><\/div>\n\t\t\t\t\n\t\t\t\t\t\t\t\t\t\t\t\t\t\t\t\t\t\t<a class=\"fusion-rollover-gallery\" href=\"https:\/\/www.smarttravelers.de\/wp-content\/uploads\/2020\/03\/Konserthuset2.jpg\" data-id=\"83646\" data-rel=\"iLightbox[gallery-rw-1]\" data-title=\"Konserthuset2\" data-caption=\"\">\n\t\t\t\t\t\tGallery\t\t\t\t\t<\/a>\n\t\t\t\t\t\t\t\t\t\t\t\t\t\t\n\t\t\n\t\t\t\t\t\t\t\t\t\t\t\t<h4 class=\"fusion-rollover-title\">\n\t\t\t\t\t<a class=\"fusion-rollover-title-link\" href=\"https:\/\/www.smarttravelers.de\/en\/sights\/schweden\/stockholm\/konserthuset\/\" target=\"_blank\">\n\t\t\t\t\t\tStockholm Concert Hall\t\t\t\t\t<\/a>\n\t\t\t\t<\/h4>\n\t\t\t\n\t\t\t\t\t\t\t\t\n\t\t\n\t\t\t\t\t\t<a class=\"fusion-link-wrapper\" href=\"https:\/\/www.smarttravelers.de\/en\/sights\/schweden\/stockholm\/konserthuset\/\" target=\"_blank\" aria-label=\"Stockholm Concert Hall\"><\/a>\n\t<\/div>\n<\/div>\n\n\t\n<\/div>\n<\/div><\/article><article id=\"portfolio-1-post-83770\" class=\"fusion-portfolio-post alle-in-stockholm-en castles-palaces highlights-en fusion-col-spacing post-83770 fusion-element-landscape\"><div class=\"fusion-portfolio-content-wrapper\" style=\"border:none;\"><span class=\"entry-title rich-snippet-hidden\">Stockholm Palace<\/span><span class=\"vcard rich-snippet-hidden\"><span class=\"fn\"><a href=\"https:\/\/www.smarttravelers.de\/en\/author\/wp_admin\/\" title=\"Posts by wp_admin\" rel=\"author\">wp_admin<\/a><\/span><\/span><span class=\"updated rich-snippet-hidden\">2024-06-04T14:07:46+02:00<\/span>\n\n<div  class=\"fusion-masonry-element-container fusion-image-wrapper\" style=\"background-image:url(https:\/\/www.smarttravelers.de\/wp-content\/uploads\/2020\/03\/Stockholmer-Schloss3.jpg);padding-top:calc((100% + 20px) * 0.4 - 10px);\" aria-haspopup=\"true\">\n\t\n\t\n\t\n\t\t\n\t\t\t\t\t<img decoding=\"async\" width=\"1920\" height=\"960\" src=\"https:\/\/www.smarttravelers.de\/wp-content\/uploads\/2020\/03\/Stockholmer-Schloss3.jpg\" class=\"attachment-full size-full wp-post-image\" alt=\"Au\u00dfenansicht Stockholmer Schloss\" srcset=\"https:\/\/www.smarttravelers.de\/wp-content\/uploads\/2020\/03\/Stockholmer-Schloss3-200x100.jpg 200w, https:\/\/www.smarttravelers.de\/wp-content\/uploads\/2020\/03\/Stockholmer-Schloss3-400x200.jpg 400w, https:\/\/www.smarttravelers.de\/wp-content\/uploads\/2020\/03\/Stockholmer-Schloss3-600x300.jpg 600w, https:\/\/www.smarttravelers.de\/wp-content\/uploads\/2020\/03\/Stockholmer-Schloss3-800x400.jpg 800w, https:\/\/www.smarttravelers.de\/wp-content\/uploads\/2020\/03\/Stockholmer-Schloss3-1200x600.jpg 1200w, https:\/\/www.smarttravelers.de\/wp-content\/uploads\/2020\/03\/Stockholmer-Schloss3.jpg 1920w\" sizes=\"(min-width: 2200px) 100vw, (min-width: 140px) 1920px, \" \/>\n\t\n\n\t\t<div class=\"fusion-rollover\">\n\t<div class=\"fusion-rollover-content\">\n\n\t\t\t\t\t\t\t\t\t\t\t\t\t\t<a class=\"fusion-rollover-link\" href=\"https:\/\/www.smarttravelers.de\/en\/sights\/stockholm-en\/stockholmer-schloss\/\" target=\"_blank\">Stockholm Palace<\/a>\n\t\t\t\n\t\t\t\t\t\t\t\t\t\t\t\t\t\t\n\t\t\t\t\t\t\t\t\n\t\t\t\t\t\t\t\t\t\t\t\t\t<div class=\"fusion-rollover-sep\"><\/div>\n\t\t\t\t\n\t\t\t\t\t\t\t\t\t\t\t\t\t\t\t\t\t\t<a class=\"fusion-rollover-gallery\" href=\"https:\/\/www.smarttravelers.de\/wp-content\/uploads\/2020\/03\/Stockholmer-Schloss3.jpg\" data-id=\"83770\" data-rel=\"iLightbox[gallery-rw-1]\" data-title=\"Stockholmer Schloss3\" data-caption=\"\">\n\t\t\t\t\t\tGallery\t\t\t\t\t<\/a>\n\t\t\t\t\t\t\t\t\t\t\t\t\t\t\n\t\t\n\t\t\t\t\t\t\t\t\t\t\t\t<h4 class=\"fusion-rollover-title\">\n\t\t\t\t\t<a class=\"fusion-rollover-title-link\" href=\"https:\/\/www.smarttravelers.de\/en\/sights\/stockholm-en\/stockholmer-schloss\/\" target=\"_blank\">\n\t\t\t\t\t\tStockholm Palace\t\t\t\t\t<\/a>\n\t\t\t\t<\/h4>\n\t\t\t\n\t\t\t\t\t\t\t\t\n\t\t\n\t\t\t\t\t\t<a class=\"fusion-link-wrapper\" href=\"https:\/\/www.smarttravelers.de\/en\/sights\/stockholm-en\/stockholmer-schloss\/\" target=\"_blank\" aria-label=\"Stockholm Palace\"><\/a>\n\t<\/div>\n<\/div>\n\n\t\n<\/div>\n<\/div><\/article><article id=\"portfolio-1-post-83780\" class=\"fusion-portfolio-post alle-in-stockholm-en other-sights fusion-col-spacing post-83780 fusion-element-grid\"><div class=\"fusion-portfolio-content-wrapper\" style=\"border:none;\"><span class=\"entry-title rich-snippet-hidden\">Stockholm Public Library<\/span><span class=\"vcard rich-snippet-hidden\"><span class=\"fn\"><a href=\"https:\/\/www.smarttravelers.de\/en\/author\/wp_admin\/\" title=\"Posts by wp_admin\" rel=\"author\">wp_admin<\/a><\/span><\/span><span class=\"updated rich-snippet-hidden\">2024-06-04T14:13:30+02:00<\/span>\n\n<div  class=\"fusion-masonry-element-container fusion-image-wrapper\" style=\"background-image:url(https:\/\/www.smarttravelers.de\/wp-content\/uploads\/2020\/03\/Stockholms-stadtsbibliotek2.jpg);padding-top:calc((100% + 20px) * 0.8 - 10px);\" aria-haspopup=\"true\">\n\t\n\t\n\t\n\t\t\n\t\t\t\t\t<img decoding=\"async\" width=\"1618\" height=\"1080\" src=\"https:\/\/www.smarttravelers.de\/wp-content\/uploads\/2020\/03\/Stockholms-stadtsbibliotek2.jpg\" class=\"attachment-full size-full wp-post-image\" alt=\"Au\u00dfenansicht von Stockholms stadsbibliothek\" srcset=\"https:\/\/www.smarttravelers.de\/wp-content\/uploads\/2020\/03\/Stockholms-stadtsbibliotek2-200x133.jpg 200w, https:\/\/www.smarttravelers.de\/wp-content\/uploads\/2020\/03\/Stockholms-stadtsbibliotek2-400x267.jpg 400w, https:\/\/www.smarttravelers.de\/wp-content\/uploads\/2020\/03\/Stockholms-stadtsbibliotek2-600x400.jpg 600w, https:\/\/www.smarttravelers.de\/wp-content\/uploads\/2020\/03\/Stockholms-stadtsbibliotek2-800x534.jpg 800w, https:\/\/www.smarttravelers.de\/wp-content\/uploads\/2020\/03\/Stockholms-stadtsbibliotek2-1200x801.jpg 1200w, https:\/\/www.smarttravelers.de\/wp-content\/uploads\/2020\/03\/Stockholms-stadtsbibliotek2.jpg 1618w\" sizes=\"(min-width: 2200px) 100vw, (min-width: 284px) 356px, (min-width: 212px) 284px, (min-width: 140px) 212px, \" \/>\n\t\n\n\t\t<div class=\"fusion-rollover\">\n\t<div class=\"fusion-rollover-content\">\n\n\t\t\t\t\t\t\t\t\t\t\t\t\t\t<a class=\"fusion-rollover-link\" href=\"https:\/\/www.smarttravelers.de\/en\/sights\/schweden\/stockholm\/stockholms-stadsbibliotek\/\" target=\"_blank\">Stockholm Public Library<\/a>\n\t\t\t\n\t\t\t\t\t\t\t\t\t\t\t\t\t\t\n\t\t\t\t\t\t\t\t\n\t\t\t\t\t\t\t\t\t\t\t\t\t<div class=\"fusion-rollover-sep\"><\/div>\n\t\t\t\t\n\t\t\t\t\t\t\t\t\t\t\t\t\t\t\t\t\t\t<a class=\"fusion-rollover-gallery\" href=\"https:\/\/www.smarttravelers.de\/wp-content\/uploads\/2020\/03\/Stockholms-stadtsbibliotek2.jpg\" data-id=\"83780\" data-rel=\"iLightbox[gallery-rw-1]\" data-title=\"Stockholms stadtsbibliotek2\" data-caption=\"\">\n\t\t\t\t\t\tGallery\t\t\t\t\t<\/a>\n\t\t\t\t\t\t\t\t\t\t\t\t\t\t\n\t\t\n\t\t\t\t\t\t\t\t\t\t\t\t<h4 class=\"fusion-rollover-title\">\n\t\t\t\t\t<a class=\"fusion-rollover-title-link\" href=\"https:\/\/www.smarttravelers.de\/en\/sights\/schweden\/stockholm\/stockholms-stadsbibliotek\/\" target=\"_blank\">\n\t\t\t\t\t\tStockholm Public Library\t\t\t\t\t<\/a>\n\t\t\t\t<\/h4>\n\t\t\t\n\t\t\t\t\t\t\t\t\n\t\t\n\t\t\t\t\t\t<a class=\"fusion-link-wrapper\" href=\"https:\/\/www.smarttravelers.de\/en\/sights\/schweden\/stockholm\/stockholms-stadsbibliotek\/\" target=\"_blank\" aria-label=\"Stockholm Public Library\"><\/a>\n\t<\/div>\n<\/div>\n\n\t\n<\/div>\n<\/div><\/article><article id=\"portfolio-1-post-83690\" class=\"fusion-portfolio-post alle-in-stockholm-en churches-monasteries fusion-col-spacing post-83690 fusion-element-grid\"><div class=\"fusion-portfolio-content-wrapper\" style=\"border:none;\"><span class=\"entry-title rich-snippet-hidden\">Storkyrkan<\/span><span class=\"vcard rich-snippet-hidden\"><span class=\"fn\"><a href=\"https:\/\/www.smarttravelers.de\/en\/author\/wp_admin\/\" title=\"Posts by wp_admin\" rel=\"author\">wp_admin<\/a><\/span><\/span><span class=\"updated rich-snippet-hidden\">2024-06-03T12:53:04+02:00<\/span>\n\n<div  class=\"fusion-masonry-element-container fusion-image-wrapper\" style=\"background-image:url(https:\/\/www.smarttravelers.de\/wp-content\/uploads\/2020\/03\/Nikolaikirche1.jpg);padding-top:calc((100% + 20px) * 0.8 - 10px);\" aria-haspopup=\"true\">\n\t\n\t\n\t\n\t\t\n\t\t\t\t\t<img decoding=\"async\" width=\"1252\" height=\"1080\" src=\"https:\/\/www.smarttravelers.de\/wp-content\/uploads\/2020\/03\/Nikolaikirche1.jpg\" class=\"attachment-full size-full wp-post-image\" alt=\"Au\u00dfenansicht der Nikolaikirche\" srcset=\"https:\/\/www.smarttravelers.de\/wp-content\/uploads\/2020\/03\/Nikolaikirche1-200x173.jpg 200w, https:\/\/www.smarttravelers.de\/wp-content\/uploads\/2020\/03\/Nikolaikirche1-400x345.jpg 400w, https:\/\/www.smarttravelers.de\/wp-content\/uploads\/2020\/03\/Nikolaikirche1-600x518.jpg 600w, https:\/\/www.smarttravelers.de\/wp-content\/uploads\/2020\/03\/Nikolaikirche1-800x690.jpg 800w, https:\/\/www.smarttravelers.de\/wp-content\/uploads\/2020\/03\/Nikolaikirche1-1200x1035.jpg 1200w, https:\/\/www.smarttravelers.de\/wp-content\/uploads\/2020\/03\/Nikolaikirche1.jpg 1252w\" sizes=\"(min-width: 2200px) 100vw, (min-width: 284px) 356px, (min-width: 212px) 284px, (min-width: 140px) 212px, \" \/>\n\t\n\n\t\t<div class=\"fusion-rollover\">\n\t<div class=\"fusion-rollover-content\">\n\n\t\t\t\t\t\t\t\t\t\t\t\t\t\t<a class=\"fusion-rollover-link\" href=\"https:\/\/www.smarttravelers.de\/en\/sights\/schweden\/stockholm\/nikolaikirche\/\" target=\"_blank\">Storkyrkan<\/a>\n\t\t\t\n\t\t\t\t\t\t\t\t\t\t\t\t\t\t\n\t\t\t\t\t\t\t\t\n\t\t\t\t\t\t\t\t\t\t\t\t\t<div class=\"fusion-rollover-sep\"><\/div>\n\t\t\t\t\n\t\t\t\t\t\t\t\t\t\t\t\t\t\t\t\t\t\t<a class=\"fusion-rollover-gallery\" href=\"https:\/\/www.smarttravelers.de\/wp-content\/uploads\/2020\/03\/Nikolaikirche1.jpg\" data-id=\"83690\" data-rel=\"iLightbox[gallery-rw-1]\" data-title=\"Nikolaikirche1\" data-caption=\"\">\n\t\t\t\t\t\tGallery\t\t\t\t\t<\/a>\n\t\t\t\t\t\t\t\t\t\t\t\t\t\t\n\t\t\n\t\t\t\t\t\t\t\t\t\t\t\t<h4 class=\"fusion-rollover-title\">\n\t\t\t\t\t<a class=\"fusion-rollover-title-link\" href=\"https:\/\/www.smarttravelers.de\/en\/sights\/schweden\/stockholm\/nikolaikirche\/\" target=\"_blank\">\n\t\t\t\t\t\tStorkyrkan\t\t\t\t\t<\/a>\n\t\t\t\t<\/h4>\n\t\t\t\n\t\t\t\t\t\t\t\t\n\t\t\n\t\t\t\t\t\t<a class=\"fusion-link-wrapper\" href=\"https:\/\/www.smarttravelers.de\/en\/sights\/schweden\/stockholm\/nikolaikirche\/\" target=\"_blank\" aria-label=\"Storkyrkan\"><\/a>\n\t<\/div>\n<\/div>\n\n\t\n<\/div>\n<\/div><\/article><article id=\"portfolio-1-post-83784\" class=\"fusion-portfolio-post alle-in-stockholm-en highlights-en streets-squares fusion-col-spacing post-83784 fusion-element-grid\"><div class=\"fusion-portfolio-content-wrapper\" style=\"border:none;\"><span class=\"entry-title rich-snippet-hidden\">Stortorget<\/span><span class=\"vcard rich-snippet-hidden\"><span class=\"fn\"><a href=\"https:\/\/www.smarttravelers.de\/en\/author\/wp_admin\/\" title=\"Posts by wp_admin\" rel=\"author\">wp_admin<\/a><\/span><\/span><span class=\"updated rich-snippet-hidden\">2024-06-04T14:17:32+02:00<\/span>\n\n<div  class=\"fusion-masonry-element-container fusion-image-wrapper\" style=\"background-image:url(https:\/\/www.smarttravelers.de\/wp-content\/uploads\/2020\/03\/Stortorget2.jpg);padding-top:calc((100% + 20px) * 0.8 - 10px);\" aria-haspopup=\"true\">\n\t\n\t\n\t\n\t\t\n\t\t\t\t\t<img decoding=\"async\" width=\"1620\" height=\"1080\" src=\"https:\/\/www.smarttravelers.de\/wp-content\/uploads\/2020\/03\/Stortorget2.jpg\" class=\"attachment-full size-full wp-post-image\" alt=\"H\u00e4userzeile am Stortorget\" srcset=\"https:\/\/www.smarttravelers.de\/wp-content\/uploads\/2020\/03\/Stortorget2-200x133.jpg 200w, https:\/\/www.smarttravelers.de\/wp-content\/uploads\/2020\/03\/Stortorget2-400x267.jpg 400w, https:\/\/www.smarttravelers.de\/wp-content\/uploads\/2020\/03\/Stortorget2-600x400.jpg 600w, https:\/\/www.smarttravelers.de\/wp-content\/uploads\/2020\/03\/Stortorget2-800x533.jpg 800w, https:\/\/www.smarttravelers.de\/wp-content\/uploads\/2020\/03\/Stortorget2-1200x800.jpg 1200w, https:\/\/www.smarttravelers.de\/wp-content\/uploads\/2020\/03\/Stortorget2.jpg 1620w\" sizes=\"(min-width: 2200px) 100vw, (min-width: 284px) 356px, (min-width: 212px) 284px, (min-width: 140px) 212px, \" \/>\n\t\n\n\t\t<div class=\"fusion-rollover\">\n\t<div class=\"fusion-rollover-content\">\n\n\t\t\t\t\t\t\t\t\t\t\t\t\t\t<a class=\"fusion-rollover-link\" href=\"https:\/\/www.smarttravelers.de\/en\/sights\/schweden\/stockholm\/stortorget\/\" target=\"_blank\">Stortorget<\/a>\n\t\t\t\n\t\t\t\t\t\t\t\t\t\t\t\t\t\t\n\t\t\t\t\t\t\t\t\n\t\t\t\t\t\t\t\t\t\t\t\t\t<div class=\"fusion-rollover-sep\"><\/div>\n\t\t\t\t\n\t\t\t\t\t\t\t\t\t\t\t\t\t\t\t\t\t\t<a class=\"fusion-rollover-gallery\" href=\"https:\/\/www.smarttravelers.de\/wp-content\/uploads\/2020\/03\/Stortorget2.jpg\" data-id=\"83784\" data-rel=\"iLightbox[gallery-rw-1]\" data-title=\"Stortorget2\" data-caption=\"\">\n\t\t\t\t\t\tGallery\t\t\t\t\t<\/a>\n\t\t\t\t\t\t\t\t\t\t\t\t\t\t\n\t\t\n\t\t\t\t\t\t\t\t\t\t\t\t<h4 class=\"fusion-rollover-title\">\n\t\t\t\t\t<a class=\"fusion-rollover-title-link\" href=\"https:\/\/www.smarttravelers.de\/en\/sights\/schweden\/stockholm\/stortorget\/\" target=\"_blank\">\n\t\t\t\t\t\tStortorget\t\t\t\t\t<\/a>\n\t\t\t\t<\/h4>\n\t\t\t\n\t\t\t\t\t\t\t\t\n\t\t\n\t\t\t\t\t\t<a class=\"fusion-link-wrapper\" href=\"https:\/\/www.smarttravelers.de\/en\/sights\/schweden\/stockholm\/stortorget\/\" target=\"_blank\" aria-label=\"Stortorget\"><\/a>\n\t<\/div>\n<\/div>\n\n\t\n<\/div>\n<\/div><\/article><article id=\"portfolio-1-post-83788\" class=\"fusion-portfolio-post alle-in-stockholm-en streets-squares fusion-col-spacing post-83788 fusion-element-landscape\"><div class=\"fusion-portfolio-content-wrapper\" style=\"border:none;\"><span class=\"entry-title rich-snippet-hidden\">Strandv\u00e4gen<\/span><span class=\"vcard rich-snippet-hidden\"><span class=\"fn\"><a href=\"https:\/\/www.smarttravelers.de\/en\/author\/wp_admin\/\" title=\"Posts by wp_admin\" rel=\"author\">wp_admin<\/a><\/span><\/span><span class=\"updated rich-snippet-hidden\">2024-06-04T14:20:43+02:00<\/span>\n\n<div  class=\"fusion-masonry-element-container fusion-image-wrapper\" style=\"background-image:url(https:\/\/www.smarttravelers.de\/wp-content\/uploads\/2020\/03\/Strandv\u00e4gen3.jpg);padding-top:calc((100% + 20px) * 0.4 - 10px);\" aria-haspopup=\"true\">\n\t\n\t\n\t\n\t\t\n\t\t\t\t\t<img decoding=\"async\" width=\"1920\" height=\"960\" src=\"https:\/\/www.smarttravelers.de\/wp-content\/uploads\/2020\/03\/Strandv\u00e4gen3.jpg\" class=\"attachment-full size-full wp-post-image\" alt=\"H\u00e4userzeile am Strandv\u00e4gen\" srcset=\"https:\/\/www.smarttravelers.de\/wp-content\/uploads\/2020\/03\/Strandv\u00e4gen3-200x100.jpg 200w, https:\/\/www.smarttravelers.de\/wp-content\/uploads\/2020\/03\/Strandv\u00e4gen3-400x200.jpg 400w, https:\/\/www.smarttravelers.de\/wp-content\/uploads\/2020\/03\/Strandv\u00e4gen3-600x300.jpg 600w, https:\/\/www.smarttravelers.de\/wp-content\/uploads\/2020\/03\/Strandv\u00e4gen3-800x400.jpg 800w, https:\/\/www.smarttravelers.de\/wp-content\/uploads\/2020\/03\/Strandv\u00e4gen3-1200x600.jpg 1200w, https:\/\/www.smarttravelers.de\/wp-content\/uploads\/2020\/03\/Strandv\u00e4gen3.jpg 1920w\" sizes=\"(min-width: 2200px) 100vw, (min-width: 140px) 1920px, \" \/>\n\t\n\n\t\t<div class=\"fusion-rollover\">\n\t<div class=\"fusion-rollover-content\">\n\n\t\t\t\t\t\t\t\t\t\t\t\t\t\t<a class=\"fusion-rollover-link\" href=\"https:\/\/www.smarttravelers.de\/en\/sights\/schweden\/stockholm\/strandvaegen\/\" target=\"_blank\">Strandv\u00e4gen<\/a>\n\t\t\t\n\t\t\t\t\t\t\t\t\t\t\t\t\t\t\n\t\t\t\t\t\t\t\t\n\t\t\t\t\t\t\t\t\t\t\t\t\t<div class=\"fusion-rollover-sep\"><\/div>\n\t\t\t\t\n\t\t\t\t\t\t\t\t\t\t\t\t\t\t\t\t\t\t<a class=\"fusion-rollover-gallery\" href=\"https:\/\/www.smarttravelers.de\/wp-content\/uploads\/2020\/03\/Strandv\u00e4gen3.jpg\" data-id=\"83788\" data-rel=\"iLightbox[gallery-rw-1]\" data-title=\"Strandv\u00e4gen3\" data-caption=\"\">\n\t\t\t\t\t\tGallery\t\t\t\t\t<\/a>\n\t\t\t\t\t\t\t\t\t\t\t\t\t\t\n\t\t\n\t\t\t\t\t\t\t\t\t\t\t\t<h4 class=\"fusion-rollover-title\">\n\t\t\t\t\t<a class=\"fusion-rollover-title-link\" href=\"https:\/\/www.smarttravelers.de\/en\/sights\/schweden\/stockholm\/strandvaegen\/\" target=\"_blank\">\n\t\t\t\t\t\tStrandv\u00e4gen\t\t\t\t\t<\/a>\n\t\t\t\t<\/h4>\n\t\t\t\n\t\t\t\t\t\t\t\t\n\t\t\n\t\t\t\t\t\t<a class=\"fusion-link-wrapper\" href=\"https:\/\/www.smarttravelers.de\/en\/sights\/schweden\/stockholm\/strandvaegen\/\" target=\"_blank\" aria-label=\"Strandv\u00e4gen\"><\/a>\n\t<\/div>\n<\/div>\n\n\t\n<\/div>\n<\/div><\/article><article id=\"portfolio-1-post-83758\" class=\"fusion-portfolio-post alle-in-stockholm-en museums-galleries fusion-col-spacing post-83758 fusion-element-grid\"><div class=\"fusion-portfolio-content-wrapper\" style=\"border:none;\"><span class=\"entry-title rich-snippet-hidden\">Swedish History Museum<\/span><span class=\"vcard rich-snippet-hidden\"><span class=\"fn\"><a href=\"https:\/\/www.smarttravelers.de\/en\/author\/wp_admin\/\" title=\"Posts by wp_admin\" rel=\"author\">wp_admin<\/a><\/span><\/span><span class=\"updated rich-snippet-hidden\">2024-06-04T13:58:59+02:00<\/span>\n\n<div  class=\"fusion-masonry-element-container fusion-image-wrapper\" style=\"background-image:url(https:\/\/www.smarttravelers.de\/wp-content\/uploads\/2020\/03\/Staatliches-historisches-Museum3.jpg);padding-top:calc((100% + 20px) * 0.8 - 10px);\" aria-haspopup=\"true\">\n\t\n\t\n\t\n\t\t\n\t\t\t\t\t<img decoding=\"async\" width=\"1620\" height=\"1080\" src=\"https:\/\/www.smarttravelers.de\/wp-content\/uploads\/2020\/03\/Staatliches-historisches-Museum3.jpg\" class=\"attachment-full size-full wp-post-image\" alt=\"Exponate im Staatlichen Historischen Museum Stockholm\" srcset=\"https:\/\/www.smarttravelers.de\/wp-content\/uploads\/2020\/03\/Staatliches-historisches-Museum3-200x133.jpg 200w, https:\/\/www.smarttravelers.de\/wp-content\/uploads\/2020\/03\/Staatliches-historisches-Museum3-400x267.jpg 400w, https:\/\/www.smarttravelers.de\/wp-content\/uploads\/2020\/03\/Staatliches-historisches-Museum3-600x400.jpg 600w, https:\/\/www.smarttravelers.de\/wp-content\/uploads\/2020\/03\/Staatliches-historisches-Museum3-800x533.jpg 800w, https:\/\/www.smarttravelers.de\/wp-content\/uploads\/2020\/03\/Staatliches-historisches-Museum3-1200x800.jpg 1200w, https:\/\/www.smarttravelers.de\/wp-content\/uploads\/2020\/03\/Staatliches-historisches-Museum3.jpg 1620w\" sizes=\"(min-width: 2200px) 100vw, (min-width: 284px) 356px, (min-width: 212px) 284px, (min-width: 140px) 212px, \" \/>\n\t\n\n\t\t<div class=\"fusion-rollover\">\n\t<div class=\"fusion-rollover-content\">\n\n\t\t\t\t\t\t\t\t\t\t\t\t\t\t<a class=\"fusion-rollover-link\" href=\"https:\/\/www.smarttravelers.de\/en\/sights\/stockholm-en\/staatliches-historisches-museum-stockholm\/\" target=\"_blank\">Swedish History Museum<\/a>\n\t\t\t\n\t\t\t\t\t\t\t\t\t\t\t\t\t\t\n\t\t\t\t\t\t\t\t\n\t\t\t\t\t\t\t\t\t\t\t\t\t<div class=\"fusion-rollover-sep\"><\/div>\n\t\t\t\t\n\t\t\t\t\t\t\t\t\t\t\t\t\t\t\t\t\t\t<a class=\"fusion-rollover-gallery\" href=\"https:\/\/www.smarttravelers.de\/wp-content\/uploads\/2020\/03\/Staatliches-historisches-Museum3.jpg\" data-id=\"83758\" data-rel=\"iLightbox[gallery-rw-1]\" data-title=\"Staatliches historisches Museum3\" data-caption=\"\">\n\t\t\t\t\t\tGallery\t\t\t\t\t<\/a>\n\t\t\t\t\t\t\t\t\t\t\t\t\t\t\n\t\t\n\t\t\t\t\t\t\t\t\t\t\t\t<h4 class=\"fusion-rollover-title\">\n\t\t\t\t\t<a class=\"fusion-rollover-title-link\" href=\"https:\/\/www.smarttravelers.de\/en\/sights\/stockholm-en\/staatliches-historisches-museum-stockholm\/\" target=\"_blank\">\n\t\t\t\t\t\tSwedish History Museum\t\t\t\t\t<\/a>\n\t\t\t\t<\/h4>\n\t\t\t\n\t\t\t\t\t\t\t\t\n\t\t\n\t\t\t\t\t\t<a class=\"fusion-link-wrapper\" href=\"https:\/\/www.smarttravelers.de\/en\/sights\/stockholm-en\/staatliches-historisches-museum-stockholm\/\" target=\"_blank\" aria-label=\"Swedish History Museum\"><\/a>\n\t<\/div>\n<\/div>\n\n\t\n<\/div>\n<\/div><\/article><article id=\"portfolio-1-post-83686\" class=\"fusion-portfolio-post alle-in-stockholm-en highlights-en museums-galleries fusion-col-spacing post-83686 fusion-element-grid\"><div class=\"fusion-portfolio-content-wrapper\" style=\"border:none;\"><span class=\"entry-title rich-snippet-hidden\">Swedish Museum of Natural History<\/span><span class=\"vcard rich-snippet-hidden\"><span class=\"fn\"><a href=\"https:\/\/www.smarttravelers.de\/en\/author\/wp_admin\/\" title=\"Posts by wp_admin\" rel=\"author\">wp_admin<\/a><\/span><\/span><span class=\"updated rich-snippet-hidden\">2024-06-03T12:47:29+02:00<\/span>\n\n<div  class=\"fusion-masonry-element-container fusion-image-wrapper\" style=\"background-image:url(https:\/\/www.smarttravelers.de\/wp-content\/uploads\/2020\/03\/Naturhistoriska-riksmusset2.jpg);padding-top:calc((100% + 20px) * 0.8 - 10px);\" aria-haspopup=\"true\">\n\t\n\t\n\t\n\t\t\n\t\t\t\t\t<img decoding=\"async\" width=\"1620\" height=\"1080\" src=\"https:\/\/www.smarttravelers.de\/wp-content\/uploads\/2020\/03\/Naturhistoriska-riksmusset2.jpg\" class=\"attachment-full size-full wp-post-image\" alt=\"Ausstellungsraum im Naturhistoriska riksmuseet\" srcset=\"https:\/\/www.smarttravelers.de\/wp-content\/uploads\/2020\/03\/Naturhistoriska-riksmusset2-200x133.jpg 200w, https:\/\/www.smarttravelers.de\/wp-content\/uploads\/2020\/03\/Naturhistoriska-riksmusset2-400x267.jpg 400w, https:\/\/www.smarttravelers.de\/wp-content\/uploads\/2020\/03\/Naturhistoriska-riksmusset2-600x400.jpg 600w, https:\/\/www.smarttravelers.de\/wp-content\/uploads\/2020\/03\/Naturhistoriska-riksmusset2-800x533.jpg 800w, https:\/\/www.smarttravelers.de\/wp-content\/uploads\/2020\/03\/Naturhistoriska-riksmusset2-1200x800.jpg 1200w, https:\/\/www.smarttravelers.de\/wp-content\/uploads\/2020\/03\/Naturhistoriska-riksmusset2.jpg 1620w\" sizes=\"(min-width: 2200px) 100vw, (min-width: 284px) 356px, (min-width: 212px) 284px, (min-width: 140px) 212px, \" \/>\n\t\n\n\t\t<div class=\"fusion-rollover\">\n\t<div class=\"fusion-rollover-content\">\n\n\t\t\t\t\t\t\t\t\t\t\t\t\t\t<a class=\"fusion-rollover-link\" href=\"https:\/\/www.smarttravelers.de\/en\/sights\/schweden\/stockholm\/naturhistoriska-riksmuseet\/\" target=\"_blank\">Swedish Museum of Natural History<\/a>\n\t\t\t\n\t\t\t\t\t\t\t\t\t\t\t\t\t\t\n\t\t\t\t\t\t\t\t\n\t\t\t\t\t\t\t\t\t\t\t\t\t<div class=\"fusion-rollover-sep\"><\/div>\n\t\t\t\t\n\t\t\t\t\t\t\t\t\t\t\t\t\t\t\t\t\t\t<a class=\"fusion-rollover-gallery\" href=\"https:\/\/www.smarttravelers.de\/wp-content\/uploads\/2020\/03\/Naturhistoriska-riksmusset2.jpg\" data-id=\"83686\" data-rel=\"iLightbox[gallery-rw-1]\" data-title=\"Naturhistoriska riksmusset2\" data-caption=\"\">\n\t\t\t\t\t\tGallery\t\t\t\t\t<\/a>\n\t\t\t\t\t\t\t\t\t\t\t\t\t\t\n\t\t\n\t\t\t\t\t\t\t\t\t\t\t\t<h4 class=\"fusion-rollover-title\">\n\t\t\t\t\t<a class=\"fusion-rollover-title-link\" href=\"https:\/\/www.smarttravelers.de\/en\/sights\/schweden\/stockholm\/naturhistoriska-riksmuseet\/\" target=\"_blank\">\n\t\t\t\t\t\tSwedish Museum of Natural History\t\t\t\t\t<\/a>\n\t\t\t\t<\/h4>\n\t\t\t\n\t\t\t\t\t\t\t\t\n\t\t\n\t\t\t\t\t\t<a class=\"fusion-link-wrapper\" href=\"https:\/\/www.smarttravelers.de\/en\/sights\/schweden\/stockholm\/naturhistoriska-riksmuseet\/\" target=\"_blank\" aria-label=\"Swedish Museum of Natural History\"><\/a>\n\t<\/div>\n<\/div>\n\n\t\n<\/div>\n<\/div><\/article><article id=\"portfolio-1-post-71890\" class=\"fusion-portfolio-post all-in-brussels streets-squares fusion-col-spacing post-71890 fusion-element-grid\"><div class=\"fusion-portfolio-content-wrapper\" style=\"border:none;\"><span class=\"entry-title rich-snippet-hidden\">The Sablon<\/span><span class=\"vcard rich-snippet-hidden\"><span class=\"fn\"><a href=\"https:\/\/www.smarttravelers.de\/en\/author\/wp_admin\/\" title=\"Posts by wp_admin\" rel=\"author\">wp_admin<\/a><\/span><\/span><span class=\"updated rich-snippet-hidden\">2024-06-06T12:21:00+02:00<\/span>\n\n<div  class=\"fusion-masonry-element-container fusion-image-wrapper\" style=\"background-image:url(https:\/\/www.smarttravelers.de\/wp-content\/uploads\/2020\/01\/Le-Sablon2.jpg);padding-top:calc((100% + 20px) * 0.8 - 10px);\" aria-haspopup=\"true\">\n\t\n\t\n\t\n\t\t\n\t\t\t\t\t<img decoding=\"async\" width=\"1618\" height=\"1080\" src=\"https:\/\/www.smarttravelers.de\/wp-content\/uploads\/2020\/01\/Le-Sablon2.jpg\" class=\"attachment-full size-full wp-post-image\" alt=\"Geb\u00e4ude am Sablon\" srcset=\"https:\/\/www.smarttravelers.de\/wp-content\/uploads\/2020\/01\/Le-Sablon2-200x133.jpg 200w, https:\/\/www.smarttravelers.de\/wp-content\/uploads\/2020\/01\/Le-Sablon2-400x267.jpg 400w, https:\/\/www.smarttravelers.de\/wp-content\/uploads\/2020\/01\/Le-Sablon2-600x400.jpg 600w, https:\/\/www.smarttravelers.de\/wp-content\/uploads\/2020\/01\/Le-Sablon2-800x534.jpg 800w, https:\/\/www.smarttravelers.de\/wp-content\/uploads\/2020\/01\/Le-Sablon2-1200x801.jpg 1200w, https:\/\/www.smarttravelers.de\/wp-content\/uploads\/2020\/01\/Le-Sablon2.jpg 1618w\" sizes=\"(min-width: 2200px) 100vw, (min-width: 284px) 356px, (min-width: 212px) 284px, (min-width: 140px) 212px, \" \/>\n\t\n\n\t\t<div class=\"fusion-rollover\">\n\t<div class=\"fusion-rollover-content\">\n\n\t\t\t\t\t\t\t\t\t\t\t\t\t\t<a class=\"fusion-rollover-link\" href=\"https:\/\/www.smarttravelers.de\/en\/sights\/belgium\/brussels\/the-sablon\/\" target=\"_blank\">The Sablon<\/a>\n\t\t\t\n\t\t\t\t\t\t\t\t\t\t\t\t\t\t\n\t\t\t\t\t\t\t\t\n\t\t\t\t\t\t\t\t\t\t\t\t\t<div class=\"fusion-rollover-sep\"><\/div>\n\t\t\t\t\n\t\t\t\t\t\t\t\t\t\t\t\t\t\t\t\t\t\t<a class=\"fusion-rollover-gallery\" href=\"https:\/\/www.smarttravelers.de\/wp-content\/uploads\/2020\/01\/Le-Sablon2.jpg\" data-id=\"71890\" data-rel=\"iLightbox[gallery-rw-1]\" data-title=\"Le Sablon2\" data-caption=\"\">\n\t\t\t\t\t\tGallery\t\t\t\t\t<\/a>\n\t\t\t\t\t\t\t\t\t\t\t\t\t\t\n\t\t\n\t\t\t\t\t\t\t\t\t\t\t\t<h4 class=\"fusion-rollover-title\">\n\t\t\t\t\t<a class=\"fusion-rollover-title-link\" href=\"https:\/\/www.smarttravelers.de\/en\/sights\/belgium\/brussels\/the-sablon\/\" target=\"_blank\">\n\t\t\t\t\t\tThe Sablon\t\t\t\t\t<\/a>\n\t\t\t\t<\/h4>\n\t\t\t\n\t\t\t\t\t\t\t\t\n\t\t\n\t\t\t\t\t\t<a class=\"fusion-link-wrapper\" href=\"https:\/\/www.smarttravelers.de\/en\/sights\/belgium\/brussels\/the-sablon\/\" target=\"_blank\" aria-label=\"The Sablon\"><\/a>\n\t<\/div>\n<\/div>\n\n\t\n<\/div>\n<\/div><\/article><article id=\"portfolio-1-post-71804\" class=\"fusion-portfolio-post all-in-brussels museums-galleries fusion-col-spacing post-71804 fusion-element-grid\"><div class=\"fusion-portfolio-content-wrapper\" style=\"border:none;\"><span class=\"entry-title rich-snippet-hidden\">Train World<\/span><span class=\"vcard rich-snippet-hidden\"><span class=\"fn\"><a href=\"https:\/\/www.smarttravelers.de\/en\/author\/wp_admin\/\" title=\"Posts by wp_admin\" rel=\"author\">wp_admin<\/a><\/span><\/span><span class=\"updated rich-snippet-hidden\">2024-06-04T23:56:28+02:00<\/span>\n\n<div  class=\"fusion-masonry-element-container fusion-image-wrapper\" style=\"background-image:url(https:\/\/www.smarttravelers.de\/wp-content\/uploads\/2020\/01\/Train-World2.jpg);padding-top:calc((100% + 20px) * 0.8 - 10px);\" aria-haspopup=\"true\">\n\t\n\t\n\t\n\t\t\n\t\t\t\t\t<img decoding=\"async\" width=\"1620\" height=\"1080\" src=\"https:\/\/www.smarttravelers.de\/wp-content\/uploads\/2020\/01\/Train-World2.jpg\" class=\"attachment-full size-full wp-post-image\" alt=\"Historische Dampfloks in der Train World\" srcset=\"https:\/\/www.smarttravelers.de\/wp-content\/uploads\/2020\/01\/Train-World2-200x133.jpg 200w, https:\/\/www.smarttravelers.de\/wp-content\/uploads\/2020\/01\/Train-World2-400x267.jpg 400w, https:\/\/www.smarttravelers.de\/wp-content\/uploads\/2020\/01\/Train-World2-600x400.jpg 600w, https:\/\/www.smarttravelers.de\/wp-content\/uploads\/2020\/01\/Train-World2-800x533.jpg 800w, https:\/\/www.smarttravelers.de\/wp-content\/uploads\/2020\/01\/Train-World2-1200x800.jpg 1200w, https:\/\/www.smarttravelers.de\/wp-content\/uploads\/2020\/01\/Train-World2.jpg 1620w\" sizes=\"(min-width: 2200px) 100vw, (min-width: 284px) 356px, (min-width: 212px) 284px, (min-width: 140px) 212px, \" \/>\n\t\n\n\t\t<div class=\"fusion-rollover\">\n\t<div class=\"fusion-rollover-content\">\n\n\t\t\t\t\t\t\t\t\t\t\t\t\t\t<a class=\"fusion-rollover-link\" href=\"https:\/\/www.smarttravelers.de\/en\/sights\/belgium\/brussels\/train-world\/\" target=\"_blank\">Train World<\/a>\n\t\t\t\n\t\t\t\t\t\t\t\t\t\t\t\t\t\t\n\t\t\t\t\t\t\t\t\n\t\t\t\t\t\t\t\t\t\t\t\t\t<div class=\"fusion-rollover-sep\"><\/div>\n\t\t\t\t\n\t\t\t\t\t\t\t\t\t\t\t\t\t\t\t\t\t\t<a class=\"fusion-rollover-gallery\" href=\"https:\/\/www.smarttravelers.de\/wp-content\/uploads\/2020\/01\/Train-World2.jpg\" data-id=\"71804\" data-rel=\"iLightbox[gallery-rw-1]\" data-title=\"Train World2\" data-caption=\"\">\n\t\t\t\t\t\tGallery\t\t\t\t\t<\/a>\n\t\t\t\t\t\t\t\t\t\t\t\t\t\t\n\t\t\n\t\t\t\t\t\t\t\t\t\t\t\t<h4 class=\"fusion-rollover-title\">\n\t\t\t\t\t<a class=\"fusion-rollover-title-link\" href=\"https:\/\/www.smarttravelers.de\/en\/sights\/belgium\/brussels\/train-world\/\" target=\"_blank\">\n\t\t\t\t\t\tTrain World\t\t\t\t\t<\/a>\n\t\t\t\t<\/h4>\n\t\t\t\n\t\t\t\t\t\t\t\t\n\t\t\n\t\t\t\t\t\t<a class=\"fusion-link-wrapper\" href=\"https:\/\/www.smarttravelers.de\/en\/sights\/belgium\/brussels\/train-world\/\" target=\"_blank\" aria-label=\"Train World\"><\/a>\n\t<\/div>\n<\/div>\n\n\t\n<\/div>\n<\/div><\/article><article id=\"portfolio-1-post-83681\" class=\"fusion-portfolio-post alle-in-stockholm-en natural-landscapes-national-parks fusion-col-spacing post-83681 fusion-element-grid\"><div class=\"fusion-portfolio-content-wrapper\" style=\"border:none;\"><span class=\"entry-title rich-snippet-hidden\">Tyresta National Park<\/span><span class=\"vcard rich-snippet-hidden\"><span class=\"fn\"><a href=\"https:\/\/www.smarttravelers.de\/en\/author\/wp_admin\/\" title=\"Posts by wp_admin\" rel=\"author\">wp_admin<\/a><\/span><\/span><span class=\"updated rich-snippet-hidden\">2024-06-03T12:41:14+02:00<\/span>\n\n<div  class=\"fusion-masonry-element-container fusion-image-wrapper\" style=\"background-image:url(https:\/\/www.smarttravelers.de\/wp-content\/uploads\/2020\/03\/Nationalpark-Tyresta1.jpg);padding-top:calc((100% + 20px) * 0.8 - 10px);\" aria-haspopup=\"true\">\n\t\n\t\n\t\n\t\t\n\t\t\t\t\t<img decoding=\"async\" width=\"1618\" height=\"1080\" src=\"https:\/\/www.smarttravelers.de\/wp-content\/uploads\/2020\/03\/Nationalpark-Tyresta1.jpg\" class=\"attachment-full size-full wp-post-image\" alt=\"Landschaft im Nationalpark Tyresta\" srcset=\"https:\/\/www.smarttravelers.de\/wp-content\/uploads\/2020\/03\/Nationalpark-Tyresta1-200x133.jpg 200w, https:\/\/www.smarttravelers.de\/wp-content\/uploads\/2020\/03\/Nationalpark-Tyresta1-400x267.jpg 400w, https:\/\/www.smarttravelers.de\/wp-content\/uploads\/2020\/03\/Nationalpark-Tyresta1-600x400.jpg 600w, https:\/\/www.smarttravelers.de\/wp-content\/uploads\/2020\/03\/Nationalpark-Tyresta1-800x534.jpg 800w, https:\/\/www.smarttravelers.de\/wp-content\/uploads\/2020\/03\/Nationalpark-Tyresta1-1200x801.jpg 1200w, https:\/\/www.smarttravelers.de\/wp-content\/uploads\/2020\/03\/Nationalpark-Tyresta1.jpg 1618w\" sizes=\"(min-width: 2200px) 100vw, (min-width: 284px) 356px, (min-width: 212px) 284px, (min-width: 140px) 212px, \" \/>\n\t\n\n\t\t<div class=\"fusion-rollover\">\n\t<div class=\"fusion-rollover-content\">\n\n\t\t\t\t\t\t\t\t\t\t\t\t\t\t<a class=\"fusion-rollover-link\" href=\"https:\/\/www.smarttravelers.de\/en\/sights\/schweden\/stockholm\/nationalpark-tyresta\/\" target=\"_blank\">Tyresta National Park<\/a>\n\t\t\t\n\t\t\t\t\t\t\t\t\t\t\t\t\t\t\n\t\t\t\t\t\t\t\t\n\t\t\t\t\t\t\t\t\t\t\t\t\t<div class=\"fusion-rollover-sep\"><\/div>\n\t\t\t\t\n\t\t\t\t\t\t\t\t\t\t\t\t\t\t\t\t\t\t<a class=\"fusion-rollover-gallery\" href=\"https:\/\/www.smarttravelers.de\/wp-content\/uploads\/2020\/03\/Nationalpark-Tyresta1.jpg\" data-id=\"83681\" data-rel=\"iLightbox[gallery-rw-1]\" data-title=\"Nationalpark Tyresta1\" data-caption=\"\">\n\t\t\t\t\t\tGallery\t\t\t\t\t<\/a>\n\t\t\t\t\t\t\t\t\t\t\t\t\t\t\n\t\t\n\t\t\t\t\t\t\t\t\t\t\t\t<h4 class=\"fusion-rollover-title\">\n\t\t\t\t\t<a class=\"fusion-rollover-title-link\" href=\"https:\/\/www.smarttravelers.de\/en\/sights\/schweden\/stockholm\/nationalpark-tyresta\/\" target=\"_blank\">\n\t\t\t\t\t\tTyresta National Park\t\t\t\t\t<\/a>\n\t\t\t\t<\/h4>\n\t\t\t\n\t\t\t\t\t\t\t\t\n\t\t\n\t\t\t\t\t\t<a class=\"fusion-link-wrapper\" href=\"https:\/\/www.smarttravelers.de\/en\/sights\/schweden\/stockholm\/nationalpark-tyresta\/\" target=\"_blank\" aria-label=\"Tyresta National Park\"><\/a>\n\t<\/div>\n<\/div>\n\n\t\n<\/div>\n<\/div><\/article><article id=\"portfolio-1-post-83728\" class=\"fusion-portfolio-post alle-in-stockholm-en castles-palaces gardens-parks fusion-col-spacing post-83728 fusion-element-grid\"><div class=\"fusion-portfolio-content-wrapper\" style=\"border:none;\"><span class=\"entry-title rich-snippet-hidden\">Ulriksdal Palace<\/span><span class=\"vcard rich-snippet-hidden\"><span class=\"fn\"><a href=\"https:\/\/www.smarttravelers.de\/en\/author\/wp_admin\/\" title=\"Posts by wp_admin\" rel=\"author\">wp_admin<\/a><\/span><\/span><span class=\"updated rich-snippet-hidden\">2024-06-03T23:52:28+02:00<\/span>\n\n<div  class=\"fusion-masonry-element-container fusion-image-wrapper\" style=\"background-image:url(https:\/\/www.smarttravelers.de\/wp-content\/uploads\/2020\/03\/Schloss-Ulriksdal3.jpg);padding-top:calc((100% + 20px) * 0.8 - 10px);\" aria-haspopup=\"true\">\n\t\n\t\n\t\n\t\t\n\t\t\t\t\t<img decoding=\"async\" width=\"1729\" height=\"1080\" src=\"https:\/\/www.smarttravelers.de\/wp-content\/uploads\/2020\/03\/Schloss-Ulriksdal3.jpg\" class=\"attachment-full size-full wp-post-image\" alt=\"Au\u00dfenansicht Schloss Ulriksdal\" srcset=\"https:\/\/www.smarttravelers.de\/wp-content\/uploads\/2020\/03\/Schloss-Ulriksdal3-200x125.jpg 200w, https:\/\/www.smarttravelers.de\/wp-content\/uploads\/2020\/03\/Schloss-Ulriksdal3-400x250.jpg 400w, https:\/\/www.smarttravelers.de\/wp-content\/uploads\/2020\/03\/Schloss-Ulriksdal3-600x375.jpg 600w, https:\/\/www.smarttravelers.de\/wp-content\/uploads\/2020\/03\/Schloss-Ulriksdal3-800x500.jpg 800w, https:\/\/www.smarttravelers.de\/wp-content\/uploads\/2020\/03\/Schloss-Ulriksdal3-1200x750.jpg 1200w, https:\/\/www.smarttravelers.de\/wp-content\/uploads\/2020\/03\/Schloss-Ulriksdal3.jpg 1729w\" sizes=\"(min-width: 2200px) 100vw, (min-width: 284px) 356px, (min-width: 212px) 284px, (min-width: 140px) 212px, \" \/>\n\t\n\n\t\t<div class=\"fusion-rollover\">\n\t<div class=\"fusion-rollover-content\">\n\n\t\t\t\t\t\t\t\t\t\t\t\t\t\t<a class=\"fusion-rollover-link\" href=\"https:\/\/www.smarttravelers.de\/en\/sights\/schweden\/stockholm\/schloss-ulriksdal\/\" target=\"_blank\">Ulriksdal Palace<\/a>\n\t\t\t\n\t\t\t\t\t\t\t\t\t\t\t\t\t\t\n\t\t\t\t\t\t\t\t\n\t\t\t\t\t\t\t\t\t\t\t\t\t<div class=\"fusion-rollover-sep\"><\/div>\n\t\t\t\t\n\t\t\t\t\t\t\t\t\t\t\t\t\t\t\t\t\t\t<a class=\"fusion-rollover-gallery\" href=\"https:\/\/www.smarttravelers.de\/wp-content\/uploads\/2020\/03\/Schloss-Ulriksdal3.jpg\" data-id=\"83728\" data-rel=\"iLightbox[gallery-rw-1]\" data-title=\"Schloss Ulriksdal3\" data-caption=\"\">\n\t\t\t\t\t\tGallery\t\t\t\t\t<\/a>\n\t\t\t\t\t\t\t\t\t\t\t\t\t\t\n\t\t\n\t\t\t\t\t\t\t\t\t\t\t\t<h4 class=\"fusion-rollover-title\">\n\t\t\t\t\t<a class=\"fusion-rollover-title-link\" href=\"https:\/\/www.smarttravelers.de\/en\/sights\/schweden\/stockholm\/schloss-ulriksdal\/\" target=\"_blank\">\n\t\t\t\t\t\tUlriksdal Palace\t\t\t\t\t<\/a>\n\t\t\t\t<\/h4>\n\t\t\t\n\t\t\t\t\t\t\t\t\n\t\t\n\t\t\t\t\t\t<a class=\"fusion-link-wrapper\" href=\"https:\/\/www.smarttravelers.de\/en\/sights\/schweden\/stockholm\/schloss-ulriksdal\/\" target=\"_blank\" aria-label=\"Ulriksdal Palace\"><\/a>\n\t<\/div>\n<\/div>\n\n\t\n<\/div>\n<\/div><\/article><article id=\"portfolio-1-post-83801\" class=\"fusion-portfolio-post alle-in-stockholm-en highlights-en museums-galleries fusion-col-spacing post-83801 fusion-element-grid\"><div class=\"fusion-portfolio-content-wrapper\" style=\"border:none;\"><span class=\"entry-title rich-snippet-hidden\">Vasa Museum<\/span><span class=\"vcard rich-snippet-hidden\"><span class=\"fn\"><a href=\"https:\/\/www.smarttravelers.de\/en\/author\/wp_admin\/\" title=\"Posts by wp_admin\" rel=\"author\">wp_admin<\/a><\/span><\/span><span class=\"updated rich-snippet-hidden\">2024-06-04T14:28:51+02:00<\/span>\n\n<div  class=\"fusion-masonry-element-container fusion-image-wrapper\" style=\"background-image:url(https:\/\/www.smarttravelers.de\/wp-content\/uploads\/2020\/03\/Vasa-Museum1.jpg);padding-top:calc((100% + 20px) * 0.8 - 10px);\" aria-haspopup=\"true\">\n\t\n\t\n\t\n\t\t\n\t\t\t\t\t<img decoding=\"async\" width=\"1620\" height=\"1080\" src=\"https:\/\/www.smarttravelers.de\/wp-content\/uploads\/2020\/03\/Vasa-Museum1.jpg\" class=\"attachment-full size-full wp-post-image\" alt=\"Au\u00dfenansicht der Vasa\" srcset=\"https:\/\/www.smarttravelers.de\/wp-content\/uploads\/2020\/03\/Vasa-Museum1-200x133.jpg 200w, https:\/\/www.smarttravelers.de\/wp-content\/uploads\/2020\/03\/Vasa-Museum1-400x267.jpg 400w, https:\/\/www.smarttravelers.de\/wp-content\/uploads\/2020\/03\/Vasa-Museum1-600x400.jpg 600w, https:\/\/www.smarttravelers.de\/wp-content\/uploads\/2020\/03\/Vasa-Museum1-800x533.jpg 800w, https:\/\/www.smarttravelers.de\/wp-content\/uploads\/2020\/03\/Vasa-Museum1-1200x800.jpg 1200w, https:\/\/www.smarttravelers.de\/wp-content\/uploads\/2020\/03\/Vasa-Museum1.jpg 1620w\" sizes=\"(min-width: 2200px) 100vw, (min-width: 284px) 356px, (min-width: 212px) 284px, (min-width: 140px) 212px, \" \/>\n\t\n\n\t\t<div class=\"fusion-rollover\">\n\t<div class=\"fusion-rollover-content\">\n\n\t\t\t\t\t\t\t\t\t\t\t\t\t\t<a class=\"fusion-rollover-link\" href=\"https:\/\/www.smarttravelers.de\/en\/sights\/schweden\/stockholm\/vasa-museum\/\" target=\"_blank\">Vasa Museum<\/a>\n\t\t\t\n\t\t\t\t\t\t\t\t\t\t\t\t\t\t\n\t\t\t\t\t\t\t\t\n\t\t\t\t\t\t\t\t\t\t\t\t\t<div class=\"fusion-rollover-sep\"><\/div>\n\t\t\t\t\n\t\t\t\t\t\t\t\t\t\t\t\t\t\t\t\t\t\t<a class=\"fusion-rollover-gallery\" href=\"https:\/\/www.smarttravelers.de\/wp-content\/uploads\/2020\/03\/Vasa-Museum1.jpg\" data-id=\"83801\" data-rel=\"iLightbox[gallery-rw-1]\" data-title=\"Vasa-Museum1\" data-caption=\"\">\n\t\t\t\t\t\tGallery\t\t\t\t\t<\/a>\n\t\t\t\t\t\t\t\t\t\t\t\t\t\t\n\t\t\n\t\t\t\t\t\t\t\t\t\t\t\t<h4 class=\"fusion-rollover-title\">\n\t\t\t\t\t<a class=\"fusion-rollover-title-link\" href=\"https:\/\/www.smarttravelers.de\/en\/sights\/schweden\/stockholm\/vasa-museum\/\" target=\"_blank\">\n\t\t\t\t\t\tVasa Museum\t\t\t\t\t<\/a>\n\t\t\t\t<\/h4>\n\t\t\t\n\t\t\t\t\t\t\t\t\n\t\t\n\t\t\t\t\t\t<a class=\"fusion-link-wrapper\" href=\"https:\/\/www.smarttravelers.de\/en\/sights\/schweden\/stockholm\/vasa-museum\/\" target=\"_blank\" aria-label=\"Vasa Museum\"><\/a>\n\t<\/div>\n<\/div>\n\n\t\n<\/div>\n<\/div><\/article><article id=\"portfolio-1-post-83806\" class=\"fusion-portfolio-post alle-in-stockholm-en gardens-parks museums-galleries fusion-col-spacing post-83806 fusion-element-grid\"><div class=\"fusion-portfolio-content-wrapper\" style=\"border:none;\"><span class=\"entry-title rich-snippet-hidden\">Waldemarsudde<\/span><span class=\"vcard rich-snippet-hidden\"><span class=\"fn\"><a href=\"https:\/\/www.smarttravelers.de\/en\/author\/wp_admin\/\" title=\"Posts by wp_admin\" rel=\"author\">wp_admin<\/a><\/span><\/span><span class=\"updated rich-snippet-hidden\">2024-06-04T14:30:26+02:00<\/span>\n\n<div  class=\"fusion-masonry-element-container fusion-image-wrapper\" style=\"background-image:url(https:\/\/www.smarttravelers.de\/wp-content\/uploads\/2020\/03\/Waldemarsudde1.jpg);padding-top:calc((100% + 20px) * 0.8 - 10px);\" aria-haspopup=\"true\">\n\t\n\t\n\t\n\t\t\n\t\t\t\t\t<img decoding=\"async\" width=\"1440\" height=\"1080\" src=\"https:\/\/www.smarttravelers.de\/wp-content\/uploads\/2020\/03\/Waldemarsudde1.jpg\" class=\"attachment-full size-full wp-post-image\" alt=\"Blick auf Waldemarsudde\" srcset=\"https:\/\/www.smarttravelers.de\/wp-content\/uploads\/2020\/03\/Waldemarsudde1-200x150.jpg 200w, https:\/\/www.smarttravelers.de\/wp-content\/uploads\/2020\/03\/Waldemarsudde1-400x300.jpg 400w, https:\/\/www.smarttravelers.de\/wp-content\/uploads\/2020\/03\/Waldemarsudde1-600x450.jpg 600w, https:\/\/www.smarttravelers.de\/wp-content\/uploads\/2020\/03\/Waldemarsudde1-800x600.jpg 800w, https:\/\/www.smarttravelers.de\/wp-content\/uploads\/2020\/03\/Waldemarsudde1-1200x900.jpg 1200w, https:\/\/www.smarttravelers.de\/wp-content\/uploads\/2020\/03\/Waldemarsudde1.jpg 1440w\" sizes=\"(min-width: 2200px) 100vw, (min-width: 284px) 356px, (min-width: 212px) 284px, (min-width: 140px) 212px, \" \/>\n\t\n\n\t\t<div class=\"fusion-rollover\">\n\t<div class=\"fusion-rollover-content\">\n\n\t\t\t\t\t\t\t\t\t\t\t\t\t\t<a class=\"fusion-rollover-link\" href=\"https:\/\/www.smarttravelers.de\/en\/sights\/schweden\/stockholm\/waldemarsudde\/\" target=\"_blank\">Waldemarsudde<\/a>\n\t\t\t\n\t\t\t\t\t\t\t\t\t\t\t\t\t\t\n\t\t\t\t\t\t\t\t\n\t\t\t\t\t\t\t\t\t\t\t\t\t<div class=\"fusion-rollover-sep\"><\/div>\n\t\t\t\t\n\t\t\t\t\t\t\t\t\t\t\t\t\t\t\t\t\t\t<a class=\"fusion-rollover-gallery\" href=\"https:\/\/www.smarttravelers.de\/wp-content\/uploads\/2020\/03\/Waldemarsudde1.jpg\" data-id=\"83806\" data-rel=\"iLightbox[gallery-rw-1]\" data-title=\"Waldemarsudde1\" data-caption=\"\">\n\t\t\t\t\t\tGallery\t\t\t\t\t<\/a>\n\t\t\t\t\t\t\t\t\t\t\t\t\t\t\n\t\t\n\t\t\t\t\t\t\t\t\t\t\t\t<h4 class=\"fusion-rollover-title\">\n\t\t\t\t\t<a class=\"fusion-rollover-title-link\" href=\"https:\/\/www.smarttravelers.de\/en\/sights\/schweden\/stockholm\/waldemarsudde\/\" target=\"_blank\">\n\t\t\t\t\t\tWaldemarsudde\t\t\t\t\t<\/a>\n\t\t\t\t<\/h4>\n\t\t\t\n\t\t\t\t\t\t\t\t\n\t\t\n\t\t\t\t\t\t<a class=\"fusion-link-wrapper\" href=\"https:\/\/www.smarttravelers.de\/en\/sights\/schweden\/stockholm\/waldemarsudde\/\" target=\"_blank\" aria-label=\"Waldemarsudde\"><\/a>\n\t<\/div>\n<\/div>\n\n\t\n<\/div>\n<\/div><\/article><\/div><\/div>\n<\/div><div class=\"fusion-clearfix\"><\/div><\/div><\/div><\/div><\/div><\/div><div id=\"tickets\"><div class=\"fusion-fullwidth fullwidth-box fusion-builder-row-14 nonhundred-percent-fullwidth non-hundred-percent-height-scrolling\" style=\"background-color: #ff3d00;background-position: center center;background-repeat: no-repeat;padding-top:0px;padding-right:10%;padding-bottom:0px;padding-left:10%;margin-bottom: -40px;margin-top: 0px;border-width: 0px 0px 0px 0px;border-color:rgba(255,255,255,0);border-style:solid;\" ><div class=\"fusion-builder-row fusion-row\"><div class=\"fusion-layout-column fusion_builder_column fusion-builder-column-18 fusion_builder_column_1_1 1_1 fusion-one-full fusion-column-first fusion-column-last\" style=\"margin-top:0px;margin-bottom:20px;\"><div class=\"fusion-column-wrapper fusion-flex-column-wrapper-legacy\" style=\"background-position:left top;background-repeat:no-repeat;-webkit-background-size:cover;-moz-background-size:cover;-o-background-size:cover;background-size:cover;padding: 0px 0px 0px 0px;\"><div class=\"fusion-sep-clear\"><\/div><div class=\"fusion-separator\" style=\"margin-left: auto;margin-right: auto;margin-top:5px;margin-bottom:30px;width:100%;max-width:150px;\"><div class=\"fusion-separator-border sep-single sep-solid\" style=\"border-color:rgba(255,252,252,0);border-top-width:1px;\"><\/div><\/div><div class=\"fusion-sep-clear\"><\/div><div class=\"imageframe-align-center\"><span class=\" fusion-imageframe imageframe-none imageframe-19 hover-type-none\" style=\"border-radius:30px;\"><img decoding=\"async\" width=\"68\" height=\"68\" title=\"icon_tickets-hell\" src=\"http:\/\/www.smarttravelers.de\/wp-content\/uploads\/2018\/03\/icon_tickets-hell.png\" class=\"img-responsive wp-image-59942\" srcset=\"https:\/\/www.smarttravelers.de\/wp-content\/uploads\/2018\/03\/icon_tickets-hell-66x66.png 66w, https:\/\/www.smarttravelers.de\/wp-content\/uploads\/2018\/03\/icon_tickets-hell.png 68w\" sizes=\"(max-width: 68px) 100vw, 68px\" \/><\/span><\/div><div class=\"fusion-sep-clear\"><\/div><div class=\"fusion-separator\" style=\"margin-left: auto;margin-right: auto;margin-top:5px;margin-bottom:30px;width:100%;max-width:150px;\"><div class=\"fusion-separator-border sep-single sep-solid\" style=\"border-color:rgba(255,252,252,0);border-top-width:1px;\"><\/div><\/div><div class=\"fusion-sep-clear\"><\/div><div class=\"imageframe-align-center\"><span class=\" fusion-imageframe imageframe-none imageframe-20 hover-type-none\"><img decoding=\"async\" width=\"150\" height=\"128\" title=\"Get Your Guide Logo\" src=\"https:\/\/www.smarttravelers.de\/wp-content\/uploads\/2018\/08\/GYG_Expressive_Logo_01_Red_RGB_HR-e1535485594735.jpg\" class=\"img-responsive wp-image-70242\"\/><\/span><\/div><div class=\"fusion-sep-clear\"><\/div><div class=\"fusion-separator\" style=\"margin-left: auto;margin-right: auto;margin-top:5px;margin-bottom:30px;width:100%;max-width:150px;\"><div class=\"fusion-separator-border sep-single sep-solid\" style=\"border-color:rgba(255,252,252,0);border-top-width:1px;\"><\/div><\/div><div class=\"fusion-sep-clear\"><\/div><div class=\"fusion-text fusion-text-20\"><div data-gyg-href=\"https:\/\/widget.getyourguide.com\/default\/activites.frame\" data-gyg-locale-code=\"en-US\" data-gyg-widget=\"activities\" data-gyg-number-of-items=\"8\" data-gyg-partner-id=\"JFUAQ39\" data-gyg-q=\"brussels\"><\/div>\n<p><script async defer src=\"https:\/\/widget.getyourguide.com\/v2\/widget.js\"><\/script><\/p>\n<\/div><div class=\"fusion-sep-clear\"><\/div><div class=\"fusion-separator\" style=\"margin-left: auto;margin-right: auto;margin-top:5px;margin-bottom:0px;width:100%;max-width:150px;\"><\/div><div class=\"fusion-sep-clear\"><\/div><div class=\"fusion-clearfix\"><\/div><\/div><\/div><\/div><\/div><\/div><div class=\"fusion-fullwidth fullwidth-box fusion-builder-row-15 nonhundred-percent-fullwidth non-hundred-percent-height-scrolling\" style=\"background-color: #f4f4f4;background-position: center center;background-repeat: no-repeat;padding-top:40px;padding-right:10%;padding-bottom:0px;padding-left:10%;margin-bottom: -40px;margin-top: 0px;border-width: 0px 0px 0px 0px;border-color:rgba(255,255,255,0);border-style:solid;\" ><div class=\"fusion-builder-row fusion-row\"><div class=\"fusion-layout-column fusion_builder_column fusion-builder-column-19 fusion_builder_column_1_1 1_1 fusion-one-full fusion-column-first fusion-column-last\" style=\"margin-top:0px;margin-bottom:20px;\"><div class=\"fusion-column-wrapper fusion-flex-column-wrapper-legacy\" style=\"background-position:left top;background-repeat:no-repeat;-webkit-background-size:cover;-moz-background-size:cover;-o-background-size:cover;background-size:cover;padding: 0px 0px 0px 0px;\"><div class=\"fusion-text fusion-text-21\"><p style=\"text-align: center;\">Photos:\u00a0Foto: <a href=\"https:\/\/de.wikipedia.org\/wiki\/Benutzer:Accountalive\">Accountalive<\/a>, Bauwerk: Ingenieur <a href=\"https:\/\/de.wikipedia.org\/wiki\/Andr%C3%A9_Waterkeyn\">Andr\u00e9 Waterkeyn<\/a> (1917\u20132005), Architekten <a href=\"https:\/\/de.wikipedia.org\/wiki\/Andr%C3%A9_und_Jean_Polak\">Andr\u00e9 und Jean Polak<\/a> (Andr\u00e9: 1914\u20131988, Jean: 1920\u20132012)., <a href=\"https:\/\/commons.wikimedia.org\/wiki\/File:Atomium 2011 sued.jpg\">Atomium 2011 sued<\/a>, <a href=\"https:\/\/creativecommons.org\/licenses\/by-sa\/3.0\/de\/legalcode\" rel=\"license\">CC BY-SA 3.0 DE<\/a> \/ <a href=\"https:\/\/commons.wikimedia.org\/wiki\/User:GVR\">Johan Bakker<\/a>, <a href=\"https:\/\/commons.wikimedia.org\/wiki\/File:2043-00091 stadhuis van brussel.jpg\">2043-00091 stadhuis van brussel<\/a>, <a href=\"https:\/\/creativecommons.org\/licenses\/by-sa\/3.0\/legalcode\" rel=\"license\">CC BY-SA 3.0<\/a> \/ <a href=\"https:\/\/commons.wikimedia.org\/wiki\/User:Francisco_Conde_S%C3%A1nchez\">Francisco Conde S\u00e1nchez<\/a>, <a href=\"https:\/\/commons.wikimedia.org\/wiki\/File:Grand Place Bruselas 2.jpg\">Grand Place Bruselas 2<\/a>, <a href=\"https:\/\/creativecommons.org\/licenses\/by-sa\/3.0\/legalcode\" rel=\"license\">CC BY-SA 3.0<\/a> \/ <a href=\"https:\/\/www.flickr.com\/people\/22490717@N02\">Dennis Jarvis<\/a> from Halifax, Canada, <a href=\"https:\/\/commons.wikimedia.org\/wiki\/File:Belgium-6450 - Manneken Pis (13934735107).jpg\">Belgium-6450 &#8211; Manneken Pis (13934735107)<\/a>, <a href=\"https:\/\/creativecommons.org\/licenses\/by-sa\/2.0\/legalcode\" rel=\"license\">CC BY-SA 2.0<\/a> \/ <a href=\"https:\/\/commons.wikimedia.org\/wiki\/User:Zairon\">Zairon<\/a>, <a href=\"https:\/\/commons.wikimedia.org\/wiki\/File:Bruxelles Mont des Arts 2.jpg\">Bruxelles Mont des Arts 2<\/a>, <a href=\"https:\/\/creativecommons.org\/licenses\/by-sa\/4.0\/legalcode\" rel=\"license\">CC BY-SA 4.0<\/a> \/ <a href=\"https:\/\/commons.wikimedia.org\/wiki\/User:Michielverbeek\">Michielverbeek<\/a>, <a href=\"https:\/\/commons.wikimedia.org\/wiki\/File:Brussels, straatzicht Place Royale met \u00e9glise Saint-Jacques-sur-Coudenberg oeg2043-01020 en standbeeld van Godefroid de Bouillon foto3 2015-06-07 13.53.jpg\">Brussels, straatzicht Place Royale met \u00e9glise Saint-Jacques-sur-Coudenberg oeg2043-01020 en standbeeld van Godefroid de Bouillon foto3 2015-06-07 13.53<\/a>, <a href=\"https:\/\/creativecommons.org\/licenses\/by-sa\/4.0\/legalcode\" rel=\"license\">CC BY-SA 4.0<\/a> \/ <a href=\"https:\/\/commons.wikimedia.org\/wiki\/User:Ben2\">User:Ben2<\/a>, <a href=\"https:\/\/commons.wikimedia.org\/wiki\/File:Parc du Cinquantenaire 30-05-06.JPG\">Parc du Cinquantenaire 30-05-06<\/a>, <a href=\"https:\/\/creativecommons.org\/licenses\/by-sa\/3.0\/legalcode\" rel=\"license\">CC BY-SA 3.0<\/a> \/ <a href=\"https:\/\/commons.wikimedia.org\/wiki\/User:Netha_Hussain\">Netha Hussain<\/a>, <a href=\"https:\/\/commons.wikimedia.org\/wiki\/File:Grand Place of Brussels at Mini Europe 02.jpg\">Grand Place of Brussels at Mini Europe 02<\/a>, <a href=\"https:\/\/creativecommons.org\/licenses\/by-sa\/4.0\/legalcode\" rel=\"license\">CC BY-SA 4.0<\/a> \/ Amio Cajander, <a href=\"https:\/\/commons.wikimedia.org\/wiki\/File:Banderas europeas en la Comisi\u00f3n Europea.jpg\">Banderas europeas en la Comisi\u00f3n Europea<\/a>, <a href=\"https:\/\/creativecommons.org\/licenses\/by-sa\/2.0\/legalcode\" rel=\"license\">CC BY-SA 2.0<\/a> \/ Martin Falbisoner creator QS:P170,Q30147473, <a href=\"https:\/\/commons.wikimedia.org\/wiki\/File:Royal Palace in Brussels.JPG\">Royal Palace in Brussels<\/a>, <a href=\"https:\/\/creativecommons.org\/licenses\/by-sa\/3.0\/legalcode\" rel=\"license\">CC BY-SA 3.0<\/a> \/ <a href=\"https:\/\/commons.wikimedia.org\/wiki\/User:Chemical_Engineer\">Chemical Engineer<\/a>, <a href=\"https:\/\/commons.wikimedia.org\/wiki\/File:Royal Palace Laeken from the Air.jpg\">Royal Palace Laeken from the Air<\/a>, <a href=\"https:\/\/creativecommons.org\/licenses\/by-sa\/4.0\/legalcode\" rel=\"license\">CC BY-SA 4.0<\/a> \/ I, <a href=\"https:\/\/commons.wikimedia.org\/wiki\/User:Lviatour\">Luc Viatour<\/a>, <a href=\"https:\/\/commons.wikimedia.org\/wiki\/File:Saints-Michel-et-Gudule Luc Viatour.jpg\">Saints-Michel-et-Gudule Luc Viatour<\/a>, <a href=\"https:\/\/creativecommons.org\/licenses\/by-sa\/3.0\/legalcode\" rel=\"license\">CC BY-SA 3.0<\/a> \/ <a href=\"https:\/\/www.flickr.com\/people\/129231073@N06\">Fred Romero<\/a> from Paris, France, <a href=\"https:\/\/commons.wikimedia.org\/wiki\/File:Bruxelles - Basilique Nationale du Sacr\u00e9-C\u0153ur \u00e0 Koekelberg (5).jpg\">Bruxelles &#8211; Basilique Nationale du Sacr\u00e9-C\u0153ur \u00e0 Koekelberg (5)<\/a>, <a href=\"https:\/\/creativecommons.org\/licenses\/by\/2.0\/legalcode\" rel=\"license\">CC BY 2.0<\/a> \/ <a href=\"https:\/\/commons.wikimedia.org\/wiki\/User:Desiderata12\"> desiderata12<\/a>, <a href=\"https:\/\/commons.wikimedia.org\/wiki\/File:Les Galeries Royales Saint-Hubert.jpg\">Les Galeries Royales Saint-Hubert<\/a>, <a href=\"https:\/\/creativecommons.org\/licenses\/by-sa\/4.0\/legalcode\" rel=\"license\">CC BY-SA 4.0<\/a> \/ User: (WT-shared) Jpatokal at wts wikivoyage, <a href=\"https:\/\/commons.wikimedia.org\/wiki\/File:RueDesBouchers.JPG\">RueDesBouchers<\/a>, <a href=\"https:\/\/creativecommons.org\/licenses\/by-sa\/4.0\/legalcode\" rel=\"license\">CC BY-SA 4.0<\/a> \/ <a href=\"https:\/\/www.flickr.com\/people\/45198836@N04\">European People&#8217;s Party<\/a>, <a href=\"https:\/\/commons.wikimedia.org\/wiki\/File:4th EPP St G\u00e9ry Dialogue; Jan. 2014 (12189925366).jpg\">4th EPP St G\u00e9ry Dialogue; Jan. 2014 (12189925366)<\/a>, <a href=\"https:\/\/creativecommons.org\/licenses\/by\/2.0\/legalcode\" rel=\"license\">CC BY 2.0<\/a> \/ <a href=\"https:\/\/commons.wikimedia.org\/wiki\/User:Trougnouf\">Trougnouf (Benoit Brummer)<\/a>, <a href=\"https:\/\/commons.wikimedia.org\/wiki\/File:Garden of Kunstberg viewed from Mont des Arts during nautical twilight (DSCF1028).jpg\">Garden of Kunstberg viewed from Mont des Arts during nautical twilight (DSCF1028)<\/a>, <a href=\"https:\/\/creativecommons.org\/licenses\/by-sa\/4.0\/legalcode\" rel=\"license\">CC BY-SA 4.0<\/a> \/ <a href=\"https:\/\/commons.wikimedia.org\/wiki\/User:Zzval\">Zzval<\/a>, <a href=\"https:\/\/commons.wikimedia.org\/wiki\/File:A night in Brussels.jpg\">A night in Brussels<\/a>, <a href=\"https:\/\/creativecommons.org\/licenses\/by-sa\/4.0\/legalcode\" rel=\"license\">CC BY-SA 4.0<\/a> \/ <a href=\"https:\/\/commons.wikimedia.org\/wiki\/User:Kemeter\">Kemeter<\/a>, <a href=\"https:\/\/commons.wikimedia.org\/wiki\/File:Atomium 2007.jpg\">Atomium 2007<\/a>, <a href=\"https:\/\/creativecommons.org\/licenses\/by-sa\/4.0\/legalcode\" rel=\"license\">CC BY-SA 4.0<\/a><\/p>\n<\/div><div class=\"fusion-clearfix\"><\/div><\/div><\/div><\/div><\/div>\n","protected":false},"excerpt":{"rendered":"","protected":false},"author":1,"featured_media":0,"parent":71964,"menu_order":0,"comment_status":"closed","ping_status":"closed","template":"","meta":{"_exactmetrics_skip_tracking":false,"_exactmetrics_sitenote_active":false,"_exactmetrics_sitenote_note":"","_exactmetrics_sitenote_category":0,"_monsterinsights_skip_tracking":false,"_monsterinsights_sitenote_active":false,"_monsterinsights_sitenote_note":"","_monsterinsights_sitenote_category":0,"footnotes":""},"yoast_head":"<!-- This site is optimized with the Yoast SEO plugin v24.5 - https:\/\/yoast.com\/wordpress\/plugins\/seo\/ -->\n<title>Brussels - SMARTTRAVELERS<\/title>\n<meta name=\"description\" content=\"Why and for whom is Brussels worth a visit, best time to travel, getting there, shopping, food and trink, nightlife and entertainment, sights\" \/>\n<meta name=\"robots\" content=\"index, follow, max-snippet:-1, max-image-preview:large, max-video-preview:-1\" \/>\n<link rel=\"canonical\" href=\"https:\/\/www.smarttravelers.de\/en\/belgium\/brussels\/\" \/>\n<meta property=\"og:locale\" content=\"en_US\" \/>\n<meta property=\"og:type\" content=\"article\" \/>\n<meta property=\"og:title\" content=\"Brussels - SMARTTRAVELERS\" \/>\n<meta property=\"og:description\" content=\"Why and for whom is Brussels worth a visit, best time to travel, getting there, shopping, food and trink, nightlife and entertainment, sights\" \/>\n<meta property=\"og:url\" content=\"https:\/\/www.smarttravelers.de\/en\/belgium\/brussels\/\" \/>\n<meta property=\"og:site_name\" content=\"SMARTTRAVELERS\" \/>\n<meta property=\"article:publisher\" content=\"https:\/\/www.facebook.com\/smarttravelers\/\" \/>\n<meta property=\"article:modified_time\" content=\"2020-12-21T23:08:51+00:00\" \/>\n<meta name=\"twitter:label1\" content=\"Est. reading time\" \/>\n\t<meta name=\"twitter:data1\" content=\"43 minutes\" \/>\n<script type=\"application\/ld+json\" class=\"yoast-schema-graph\">{\"@context\":\"https:\/\/schema.org\",\"@graph\":[{\"@type\":\"WebPage\",\"@id\":\"https:\/\/www.smarttravelers.de\/en\/belgium\/brussels\/\",\"url\":\"https:\/\/www.smarttravelers.de\/en\/belgium\/brussels\/\",\"name\":\"Brussels - SMARTTRAVELERS\",\"isPartOf\":{\"@id\":\"https:\/\/www.smarttravelers.de\/en\/#website\"},\"datePublished\":\"2020-01-23T08:40:05+00:00\",\"dateModified\":\"2020-12-21T23:08:51+00:00\",\"description\":\"Why and for whom is Brussels worth a visit, best time to travel, getting there, shopping, food and trink, nightlife and entertainment, sights\",\"breadcrumb\":{\"@id\":\"https:\/\/www.smarttravelers.de\/en\/belgium\/brussels\/#breadcrumb\"},\"inLanguage\":\"en-US\",\"potentialAction\":[{\"@type\":\"ReadAction\",\"target\":[\"https:\/\/www.smarttravelers.de\/en\/belgium\/brussels\/\"]}]},{\"@type\":\"BreadcrumbList\",\"@id\":\"https:\/\/www.smarttravelers.de\/en\/belgium\/brussels\/#breadcrumb\",\"itemListElement\":[{\"@type\":\"ListItem\",\"position\":1,\"name\":\"Home\",\"item\":\"https:\/\/www.smarttravelers.de\/en\/\"},{\"@type\":\"ListItem\",\"position\":2,\"name\":\"Belgium\",\"item\":\"https:\/\/www.smarttravelers.de\/en\/belgium\/\"},{\"@type\":\"ListItem\",\"position\":3,\"name\":\"Brussels\"}]},{\"@type\":\"WebSite\",\"@id\":\"https:\/\/www.smarttravelers.de\/en\/#website\",\"url\":\"https:\/\/www.smarttravelers.de\/en\/\",\"name\":\"SMARTTRAVELERS\",\"description\":\"Deine kostenlose Quelle f\u00fcr Reiseinformationen und Reiseinspirationen\",\"publisher\":{\"@id\":\"https:\/\/www.smarttravelers.de\/en\/#organization\"},\"potentialAction\":[{\"@type\":\"SearchAction\",\"target\":{\"@type\":\"EntryPoint\",\"urlTemplate\":\"https:\/\/www.smarttravelers.de\/en\/?s={search_term_string}\"},\"query-input\":{\"@type\":\"PropertyValueSpecification\",\"valueRequired\":true,\"valueName\":\"search_term_string\"}}],\"inLanguage\":\"en-US\"},{\"@type\":\"Organization\",\"@id\":\"https:\/\/www.smarttravelers.de\/en\/#organization\",\"name\":\"SMARTTRAVELERS\",\"url\":\"https:\/\/www.smarttravelers.de\/en\/\",\"logo\":{\"@type\":\"ImageObject\",\"inLanguage\":\"en-US\",\"@id\":\"https:\/\/www.smarttravelers.de\/en\/#\/schema\/logo\/image\/\",\"url\":\"https:\/\/www.smarttravelers.de\/wp-content\/uploads\/2022\/08\/Logo-smarttravelers.png\",\"contentUrl\":\"https:\/\/www.smarttravelers.de\/wp-content\/uploads\/2022\/08\/Logo-smarttravelers.png\",\"width\":192,\"height\":186,\"caption\":\"SMARTTRAVELERS\"},\"image\":{\"@id\":\"https:\/\/www.smarttravelers.de\/en\/#\/schema\/logo\/image\/\"},\"sameAs\":[\"https:\/\/www.facebook.com\/smarttravelers\/\"]}]}<\/script>\n<!-- \/ Yoast SEO plugin. -->","yoast_head_json":{"title":"Brussels - SMARTTRAVELERS","description":"Why and for whom is Brussels worth a visit, best time to travel, getting there, shopping, food and trink, nightlife and entertainment, sights","robots":{"index":"index","follow":"follow","max-snippet":"max-snippet:-1","max-image-preview":"max-image-preview:large","max-video-preview":"max-video-preview:-1"},"canonical":"https:\/\/www.smarttravelers.de\/en\/belgium\/brussels\/","og_locale":"en_US","og_type":"article","og_title":"Brussels - SMARTTRAVELERS","og_description":"Why and for whom is Brussels worth a visit, best time to travel, getting there, shopping, food and trink, nightlife and entertainment, sights","og_url":"https:\/\/www.smarttravelers.de\/en\/belgium\/brussels\/","og_site_name":"SMARTTRAVELERS","article_publisher":"https:\/\/www.facebook.com\/smarttravelers\/","article_modified_time":"2020-12-21T23:08:51+00:00","twitter_misc":{"Est. reading time":"43 minutes"},"schema":{"@context":"https:\/\/schema.org","@graph":[{"@type":"WebPage","@id":"https:\/\/www.smarttravelers.de\/en\/belgium\/brussels\/","url":"https:\/\/www.smarttravelers.de\/en\/belgium\/brussels\/","name":"Brussels - SMARTTRAVELERS","isPartOf":{"@id":"https:\/\/www.smarttravelers.de\/en\/#website"},"datePublished":"2020-01-23T08:40:05+00:00","dateModified":"2020-12-21T23:08:51+00:00","description":"Why and for whom is Brussels worth a visit, best time to travel, getting there, shopping, food and trink, nightlife and entertainment, sights","breadcrumb":{"@id":"https:\/\/www.smarttravelers.de\/en\/belgium\/brussels\/#breadcrumb"},"inLanguage":"en-US","potentialAction":[{"@type":"ReadAction","target":["https:\/\/www.smarttravelers.de\/en\/belgium\/brussels\/"]}]},{"@type":"BreadcrumbList","@id":"https:\/\/www.smarttravelers.de\/en\/belgium\/brussels\/#breadcrumb","itemListElement":[{"@type":"ListItem","position":1,"name":"Home","item":"https:\/\/www.smarttravelers.de\/en\/"},{"@type":"ListItem","position":2,"name":"Belgium","item":"https:\/\/www.smarttravelers.de\/en\/belgium\/"},{"@type":"ListItem","position":3,"name":"Brussels"}]},{"@type":"WebSite","@id":"https:\/\/www.smarttravelers.de\/en\/#website","url":"https:\/\/www.smarttravelers.de\/en\/","name":"SMARTTRAVELERS","description":"Deine kostenlose Quelle f\u00fcr Reiseinformationen und Reiseinspirationen","publisher":{"@id":"https:\/\/www.smarttravelers.de\/en\/#organization"},"potentialAction":[{"@type":"SearchAction","target":{"@type":"EntryPoint","urlTemplate":"https:\/\/www.smarttravelers.de\/en\/?s={search_term_string}"},"query-input":{"@type":"PropertyValueSpecification","valueRequired":true,"valueName":"search_term_string"}}],"inLanguage":"en-US"},{"@type":"Organization","@id":"https:\/\/www.smarttravelers.de\/en\/#organization","name":"SMARTTRAVELERS","url":"https:\/\/www.smarttravelers.de\/en\/","logo":{"@type":"ImageObject","inLanguage":"en-US","@id":"https:\/\/www.smarttravelers.de\/en\/#\/schema\/logo\/image\/","url":"https:\/\/www.smarttravelers.de\/wp-content\/uploads\/2022\/08\/Logo-smarttravelers.png","contentUrl":"https:\/\/www.smarttravelers.de\/wp-content\/uploads\/2022\/08\/Logo-smarttravelers.png","width":192,"height":186,"caption":"SMARTTRAVELERS"},"image":{"@id":"https:\/\/www.smarttravelers.de\/en\/#\/schema\/logo\/image\/"},"sameAs":["https:\/\/www.facebook.com\/smarttravelers\/"]}]}},"_links":{"self":[{"href":"https:\/\/www.smarttravelers.de\/en\/wp-json\/wp\/v2\/pages\/71970"}],"collection":[{"href":"https:\/\/www.smarttravelers.de\/en\/wp-json\/wp\/v2\/pages"}],"about":[{"href":"https:\/\/www.smarttravelers.de\/en\/wp-json\/wp\/v2\/types\/page"}],"author":[{"embeddable":true,"href":"https:\/\/www.smarttravelers.de\/en\/wp-json\/wp\/v2\/users\/1"}],"replies":[{"embeddable":true,"href":"https:\/\/www.smarttravelers.de\/en\/wp-json\/wp\/v2\/comments?post=71970"}],"version-history":[{"count":10,"href":"https:\/\/www.smarttravelers.de\/en\/wp-json\/wp\/v2\/pages\/71970\/revisions"}],"predecessor-version":[{"id":74246,"href":"https:\/\/www.smarttravelers.de\/en\/wp-json\/wp\/v2\/pages\/71970\/revisions\/74246"}],"up":[{"embeddable":true,"href":"https:\/\/www.smarttravelers.de\/en\/wp-json\/wp\/v2\/pages\/71964"}],"wp:attachment":[{"href":"https:\/\/www.smarttravelers.de\/en\/wp-json\/wp\/v2\/media?parent=71970"}],"curies":[{"name":"wp","href":"https:\/\/api.w.org\/{rel}","templated":true}]}}